{"id":9932,"date":"2019-08-06T13:58:40","date_gmt":"2019-08-06T11:58:40","guid":{"rendered":"https:\/\/arteconfort.com\/ventiladores-de-techo\/"},"modified":"2025-07-03T09:19:29","modified_gmt":"2025-07-03T07:19:29","slug":"ventiladores-de-techo","status":"publish","type":"page","link":"https:\/\/arteconfort.com\/en\/climatizacion\/ventiladores-de-techo\/","title":{"rendered":"Ceiling fans"},"content":{"rendered":"<div class=\"wpb-content-wrapper\"><p>[vc_row padding_size=&#8221;no-padding&#8221;][vc_column][vc_empty_space height=&#8221;20px&#8221;][wyde_heading title=&#8221;The most wanted ceiling fans&#8221;][vc_empty_space height=&#8221;20px&#8221;]<div class=\"woocommerce columns-5 \"><ul class=\"products w-grid-space clear columns-5\">\r\n<li class=\"product type-product post-10258 status-publish first instock product_cat-descatalogados-en has-post-thumbnail shipping-taxable product-type-simple w-item five-cols\">\n\t<figure><div class=\"image-wrapper\">\t\t<a href=\"https:\/\/arteconfort.com\/en\/producto\/edhea\/\" class=\"w-fadeslider\">\n\t<img loading=\"lazy\" decoding=\"async\" width=\"1024\" height=\"1024\" src=\"https:\/\/arteconfort.com\/wp-content\/uploads\/2023\/10\/EDHEA.webp\" class=\"attachment-shop_catalog size-shop_catalog wp-post-image\" alt=\"\" srcset=\"https:\/\/arteconfort.com\/wp-content\/uploads\/2023\/10\/EDHEA.webp 1024w, https:\/\/arteconfort.com\/wp-content\/uploads\/2023\/10\/EDHEA-768x768.webp 768w, https:\/\/arteconfort.com\/wp-content\/uploads\/2023\/10\/EDHEA-340x340.webp 340w, https:\/\/arteconfort.com\/wp-content\/uploads\/2023\/10\/EDHEA-640x640.webp 640w, https:\/\/arteconfort.com\/wp-content\/uploads\/2023\/10\/EDHEA-960x960.webp 960w, https:\/\/arteconfort.com\/wp-content\/uploads\/2023\/10\/EDHEA-300x300.webp 300w, https:\/\/arteconfort.com\/wp-content\/uploads\/2023\/10\/EDHEA-600x600.webp 600w, https:\/\/arteconfort.com\/wp-content\/uploads\/2023\/10\/EDHEA-100x100.webp 100w, https:\/\/arteconfort.com\/wp-content\/uploads\/2023\/10\/EDHEA-133x133.webp 133w\" sizes=\"auto, (max-width: 1024px) 100vw, 1024px\" \/>\t<img loading=\"lazy\" decoding=\"async\" width=\"1024\" height=\"1024\" src=\"https:\/\/arteconfort.com\/wp-content\/uploads\/2023\/10\/EDHEA-ambiente.webp\" class=\"attachment-shop_catalog size-shop_catalog\" alt=\"\" srcset=\"https:\/\/arteconfort.com\/wp-content\/uploads\/2023\/10\/EDHEA-ambiente.webp 1024w, https:\/\/arteconfort.com\/wp-content\/uploads\/2023\/10\/EDHEA-ambiente-768x768.webp 768w, https:\/\/arteconfort.com\/wp-content\/uploads\/2023\/10\/EDHEA-ambiente-340x340.webp 340w, https:\/\/arteconfort.com\/wp-content\/uploads\/2023\/10\/EDHEA-ambiente-640x640.webp 640w, https:\/\/arteconfort.com\/wp-content\/uploads\/2023\/10\/EDHEA-ambiente-960x960.webp 960w, https:\/\/arteconfort.com\/wp-content\/uploads\/2023\/10\/EDHEA-ambiente-133x133.webp 133w, https:\/\/arteconfort.com\/wp-content\/uploads\/2023\/10\/EDHEA-ambiente-300x300.webp 300w, https:\/\/arteconfort.com\/wp-content\/uploads\/2023\/10\/EDHEA-ambiente-600x600.webp 600w, https:\/\/arteconfort.com\/wp-content\/uploads\/2023\/10\/EDHEA-ambiente-100x100.webp 100w\" sizes=\"auto, (max-width: 1024px) 100vw, 1024px\" \/><img loading=\"lazy\" decoding=\"async\" width=\"1024\" height=\"1024\" src=\"https:\/\/arteconfort.com\/wp-content\/uploads\/2023\/10\/EDHEA-foco.webp\" class=\"attachment-shop_catalog size-shop_catalog\" alt=\"\" srcset=\"https:\/\/arteconfort.com\/wp-content\/uploads\/2023\/10\/EDHEA-foco.webp 1024w, https:\/\/arteconfort.com\/wp-content\/uploads\/2023\/10\/EDHEA-foco-768x768.webp 768w, https:\/\/arteconfort.com\/wp-content\/uploads\/2023\/10\/EDHEA-foco-340x340.webp 340w, https:\/\/arteconfort.com\/wp-content\/uploads\/2023\/10\/EDHEA-foco-640x640.webp 640w, https:\/\/arteconfort.com\/wp-content\/uploads\/2023\/10\/EDHEA-foco-960x960.webp 960w, https:\/\/arteconfort.com\/wp-content\/uploads\/2023\/10\/EDHEA-foco-133x133.webp 133w, https:\/\/arteconfort.com\/wp-content\/uploads\/2023\/10\/EDHEA-foco-300x300.webp 300w, https:\/\/arteconfort.com\/wp-content\/uploads\/2023\/10\/EDHEA-foco-600x600.webp 600w, https:\/\/arteconfort.com\/wp-content\/uploads\/2023\/10\/EDHEA-foco-100x100.webp 100w\" sizes=\"auto, (max-width: 1024px) 100vw, 1024px\" \/><img loading=\"lazy\" decoding=\"async\" width=\"1024\" height=\"1024\" src=\"https:\/\/arteconfort.com\/wp-content\/uploads\/2023\/10\/EDHEA-cuerpo.webp\" class=\"attachment-shop_catalog size-shop_catalog\" alt=\"\" srcset=\"https:\/\/arteconfort.com\/wp-content\/uploads\/2023\/10\/EDHEA-cuerpo.webp 1024w, https:\/\/arteconfort.com\/wp-content\/uploads\/2023\/10\/EDHEA-cuerpo-768x768.webp 768w, https:\/\/arteconfort.com\/wp-content\/uploads\/2023\/10\/EDHEA-cuerpo-340x340.webp 340w, https:\/\/arteconfort.com\/wp-content\/uploads\/2023\/10\/EDHEA-cuerpo-640x640.webp 640w, https:\/\/arteconfort.com\/wp-content\/uploads\/2023\/10\/EDHEA-cuerpo-960x960.webp 960w, https:\/\/arteconfort.com\/wp-content\/uploads\/2023\/10\/EDHEA-cuerpo-133x133.webp 133w, https:\/\/arteconfort.com\/wp-content\/uploads\/2023\/10\/EDHEA-cuerpo-300x300.webp 300w, https:\/\/arteconfort.com\/wp-content\/uploads\/2023\/10\/EDHEA-cuerpo-600x600.webp 600w, https:\/\/arteconfort.com\/wp-content\/uploads\/2023\/10\/EDHEA-cuerpo-100x100.webp 100w\" sizes=\"auto, (max-width: 1024px) 100vw, 1024px\" \/><img loading=\"lazy\" decoding=\"async\" width=\"1024\" height=\"1024\" src=\"https:\/\/arteconfort.com\/wp-content\/uploads\/2023\/10\/EDHEA-cuerpo-entero.webp\" class=\"attachment-shop_catalog size-shop_catalog\" alt=\"\" srcset=\"https:\/\/arteconfort.com\/wp-content\/uploads\/2023\/10\/EDHEA-cuerpo-entero.webp 1024w, https:\/\/arteconfort.com\/wp-content\/uploads\/2023\/10\/EDHEA-cuerpo-entero-768x768.webp 768w, https:\/\/arteconfort.com\/wp-content\/uploads\/2023\/10\/EDHEA-cuerpo-entero-340x340.webp 340w, https:\/\/arteconfort.com\/wp-content\/uploads\/2023\/10\/EDHEA-cuerpo-entero-640x640.webp 640w, https:\/\/arteconfort.com\/wp-content\/uploads\/2023\/10\/EDHEA-cuerpo-entero-960x960.webp 960w, https:\/\/arteconfort.com\/wp-content\/uploads\/2023\/10\/EDHEA-cuerpo-entero-133x133.webp 133w, https:\/\/arteconfort.com\/wp-content\/uploads\/2023\/10\/EDHEA-cuerpo-entero-300x300.webp 300w, https:\/\/arteconfort.com\/wp-content\/uploads\/2023\/10\/EDHEA-cuerpo-entero-600x600.webp 600w, https:\/\/arteconfort.com\/wp-content\/uploads\/2023\/10\/EDHEA-cuerpo-entero-100x100.webp 100w\" sizes=\"auto, (max-width: 1024px) 100vw, 1024px\" \/><img loading=\"lazy\" decoding=\"async\" width=\"1024\" height=\"1024\" src=\"https:\/\/arteconfort.com\/wp-content\/uploads\/2023\/10\/EDHEA-cabeza.webp\" class=\"attachment-shop_catalog size-shop_catalog\" alt=\"\" srcset=\"https:\/\/arteconfort.com\/wp-content\/uploads\/2023\/10\/EDHEA-cabeza.webp 1024w, https:\/\/arteconfort.com\/wp-content\/uploads\/2023\/10\/EDHEA-cabeza-768x768.webp 768w, https:\/\/arteconfort.com\/wp-content\/uploads\/2023\/10\/EDHEA-cabeza-340x340.webp 340w, https:\/\/arteconfort.com\/wp-content\/uploads\/2023\/10\/EDHEA-cabeza-640x640.webp 640w, https:\/\/arteconfort.com\/wp-content\/uploads\/2023\/10\/EDHEA-cabeza-960x960.webp 960w, https:\/\/arteconfort.com\/wp-content\/uploads\/2023\/10\/EDHEA-cabeza-133x133.webp 133w, https:\/\/arteconfort.com\/wp-content\/uploads\/2023\/10\/EDHEA-cabeza-300x300.webp 300w, https:\/\/arteconfort.com\/wp-content\/uploads\/2023\/10\/EDHEA-cabeza-600x600.webp 600w, https:\/\/arteconfort.com\/wp-content\/uploads\/2023\/10\/EDHEA-cabeza-100x100.webp 100w\" sizes=\"auto, (max-width: 1024px) 100vw, 1024px\" \/><img loading=\"lazy\" decoding=\"async\" width=\"1024\" height=\"1024\" src=\"https:\/\/arteconfort.com\/wp-content\/uploads\/2023\/10\/EDHEA-temperatura-CALIDO.webp\" class=\"attachment-shop_catalog size-shop_catalog\" alt=\"\" srcset=\"https:\/\/arteconfort.com\/wp-content\/uploads\/2023\/10\/EDHEA-temperatura-CALIDO.webp 1024w, https:\/\/arteconfort.com\/wp-content\/uploads\/2023\/10\/EDHEA-temperatura-CALIDO-768x768.webp 768w, https:\/\/arteconfort.com\/wp-content\/uploads\/2023\/10\/EDHEA-temperatura-CALIDO-340x340.webp 340w, https:\/\/arteconfort.com\/wp-content\/uploads\/2023\/10\/EDHEA-temperatura-CALIDO-640x640.webp 640w, https:\/\/arteconfort.com\/wp-content\/uploads\/2023\/10\/EDHEA-temperatura-CALIDO-960x960.webp 960w, https:\/\/arteconfort.com\/wp-content\/uploads\/2023\/10\/EDHEA-temperatura-CALIDO-133x133.webp 133w, https:\/\/arteconfort.com\/wp-content\/uploads\/2023\/10\/EDHEA-temperatura-CALIDO-300x300.webp 300w, https:\/\/arteconfort.com\/wp-content\/uploads\/2023\/10\/EDHEA-temperatura-CALIDO-600x600.webp 600w, https:\/\/arteconfort.com\/wp-content\/uploads\/2023\/10\/EDHEA-temperatura-CALIDO-100x100.webp 100w\" sizes=\"auto, (max-width: 1024px) 100vw, 1024px\" \/><img loading=\"lazy\" decoding=\"async\" width=\"1024\" height=\"1024\" src=\"https:\/\/arteconfort.com\/wp-content\/uploads\/2023\/10\/EDHEA-temperatura-FRIO.webp\" class=\"attachment-shop_catalog size-shop_catalog\" alt=\"\" srcset=\"https:\/\/arteconfort.com\/wp-content\/uploads\/2023\/10\/EDHEA-temperatura-FRIO.webp 1024w, https:\/\/arteconfort.com\/wp-content\/uploads\/2023\/10\/EDHEA-temperatura-FRIO-768x768.webp 768w, https:\/\/arteconfort.com\/wp-content\/uploads\/2023\/10\/EDHEA-temperatura-FRIO-340x340.webp 340w, https:\/\/arteconfort.com\/wp-content\/uploads\/2023\/10\/EDHEA-temperatura-FRIO-640x640.webp 640w, https:\/\/arteconfort.com\/wp-content\/uploads\/2023\/10\/EDHEA-temperatura-FRIO-960x960.webp 960w, https:\/\/arteconfort.com\/wp-content\/uploads\/2023\/10\/EDHEA-temperatura-FRIO-133x133.webp 133w, https:\/\/arteconfort.com\/wp-content\/uploads\/2023\/10\/EDHEA-temperatura-FRIO-300x300.webp 300w, https:\/\/arteconfort.com\/wp-content\/uploads\/2023\/10\/EDHEA-temperatura-FRIO-600x600.webp 600w, https:\/\/arteconfort.com\/wp-content\/uploads\/2023\/10\/EDHEA-temperatura-FRIO-100x100.webp 100w\" sizes=\"auto, (max-width: 1024px) 100vw, 1024px\" \/><img loading=\"lazy\" decoding=\"async\" width=\"1024\" height=\"1024\" src=\"https:\/\/arteconfort.com\/wp-content\/uploads\/2023\/10\/EDHEA-temperatura-NEUTRO.webp\" class=\"attachment-shop_catalog size-shop_catalog\" alt=\"\" srcset=\"https:\/\/arteconfort.com\/wp-content\/uploads\/2023\/10\/EDHEA-temperatura-NEUTRO.webp 1024w, https:\/\/arteconfort.com\/wp-content\/uploads\/2023\/10\/EDHEA-temperatura-NEUTRO-768x768.webp 768w, https:\/\/arteconfort.com\/wp-content\/uploads\/2023\/10\/EDHEA-temperatura-NEUTRO-340x340.webp 340w, https:\/\/arteconfort.com\/wp-content\/uploads\/2023\/10\/EDHEA-temperatura-NEUTRO-640x640.webp 640w, https:\/\/arteconfort.com\/wp-content\/uploads\/2023\/10\/EDHEA-temperatura-NEUTRO-960x960.webp 960w, https:\/\/arteconfort.com\/wp-content\/uploads\/2023\/10\/EDHEA-temperatura-NEUTRO-133x133.webp 133w, https:\/\/arteconfort.com\/wp-content\/uploads\/2023\/10\/EDHEA-temperatura-NEUTRO-300x300.webp 300w, https:\/\/arteconfort.com\/wp-content\/uploads\/2023\/10\/EDHEA-temperatura-NEUTRO-600x600.webp 600w, https:\/\/arteconfort.com\/wp-content\/uploads\/2023\/10\/EDHEA-temperatura-NEUTRO-100x100.webp 100w\" sizes=\"auto, (max-width: 1024px) 100vw, 1024px\" \/><img loading=\"lazy\" decoding=\"async\" width=\"1024\" height=\"1024\" src=\"https:\/\/arteconfort.com\/wp-content\/uploads\/2023\/10\/EDHEA-tija.webp\" class=\"attachment-shop_catalog size-shop_catalog\" alt=\"\" srcset=\"https:\/\/arteconfort.com\/wp-content\/uploads\/2023\/10\/EDHEA-tija.webp 1024w, https:\/\/arteconfort.com\/wp-content\/uploads\/2023\/10\/EDHEA-tija-768x768.webp 768w, https:\/\/arteconfort.com\/wp-content\/uploads\/2023\/10\/EDHEA-tija-340x340.webp 340w, https:\/\/arteconfort.com\/wp-content\/uploads\/2023\/10\/EDHEA-tija-640x640.webp 640w, https:\/\/arteconfort.com\/wp-content\/uploads\/2023\/10\/EDHEA-tija-960x960.webp 960w, https:\/\/arteconfort.com\/wp-content\/uploads\/2023\/10\/EDHEA-tija-133x133.webp 133w, https:\/\/arteconfort.com\/wp-content\/uploads\/2023\/10\/EDHEA-tija-300x300.webp 300w, https:\/\/arteconfort.com\/wp-content\/uploads\/2023\/10\/EDHEA-tija-600x600.webp 600w, https:\/\/arteconfort.com\/wp-content\/uploads\/2023\/10\/EDHEA-tija-100x100.webp 100w\" sizes=\"auto, (max-width: 1024px) 100vw, 1024px\" \/><img loading=\"lazy\" decoding=\"async\" width=\"1024\" height=\"1024\" src=\"https:\/\/arteconfort.com\/wp-content\/uploads\/2023\/10\/EDHEA-lateral.webp\" class=\"attachment-shop_catalog size-shop_catalog\" alt=\"\" srcset=\"https:\/\/arteconfort.com\/wp-content\/uploads\/2023\/10\/EDHEA-lateral.webp 1024w, https:\/\/arteconfort.com\/wp-content\/uploads\/2023\/10\/EDHEA-lateral-768x768.webp 768w, https:\/\/arteconfort.com\/wp-content\/uploads\/2023\/10\/EDHEA-lateral-340x340.webp 340w, https:\/\/arteconfort.com\/wp-content\/uploads\/2023\/10\/EDHEA-lateral-640x640.webp 640w, https:\/\/arteconfort.com\/wp-content\/uploads\/2023\/10\/EDHEA-lateral-960x960.webp 960w, https:\/\/arteconfort.com\/wp-content\/uploads\/2023\/10\/EDHEA-lateral-133x133.webp 133w, https:\/\/arteconfort.com\/wp-content\/uploads\/2023\/10\/EDHEA-lateral-300x300.webp 300w, https:\/\/arteconfort.com\/wp-content\/uploads\/2023\/10\/EDHEA-lateral-600x600.webp 600w, https:\/\/arteconfort.com\/wp-content\/uploads\/2023\/10\/EDHEA-lateral-100x100.webp 100w\" sizes=\"auto, (max-width: 1024px) 100vw, 1024px\" \/><img loading=\"lazy\" decoding=\"async\" width=\"1024\" height=\"1024\" src=\"https:\/\/arteconfort.com\/wp-content\/uploads\/2023\/10\/EDHEA-aspa.webp\" class=\"attachment-shop_catalog size-shop_catalog\" alt=\"\" srcset=\"https:\/\/arteconfort.com\/wp-content\/uploads\/2023\/10\/EDHEA-aspa.webp 1024w, https:\/\/arteconfort.com\/wp-content\/uploads\/2023\/10\/EDHEA-aspa-768x768.webp 768w, https:\/\/arteconfort.com\/wp-content\/uploads\/2023\/10\/EDHEA-aspa-340x340.webp 340w, https:\/\/arteconfort.com\/wp-content\/uploads\/2023\/10\/EDHEA-aspa-640x640.webp 640w, https:\/\/arteconfort.com\/wp-content\/uploads\/2023\/10\/EDHEA-aspa-960x960.webp 960w, https:\/\/arteconfort.com\/wp-content\/uploads\/2023\/10\/EDHEA-aspa-133x133.webp 133w, https:\/\/arteconfort.com\/wp-content\/uploads\/2023\/10\/EDHEA-aspa-300x300.webp 300w, https:\/\/arteconfort.com\/wp-content\/uploads\/2023\/10\/EDHEA-aspa-600x600.webp 600w, https:\/\/arteconfort.com\/wp-content\/uploads\/2023\/10\/EDHEA-aspa-100x100.webp 100w\" sizes=\"auto, (max-width: 1024px) 100vw, 1024px\" \/><img loading=\"lazy\" decoding=\"async\" width=\"1024\" height=\"1024\" src=\"https:\/\/arteconfort.com\/wp-content\/uploads\/2023\/10\/MANDO-EDHEA.webp\" class=\"attachment-shop_catalog size-shop_catalog\" alt=\"\" srcset=\"https:\/\/arteconfort.com\/wp-content\/uploads\/2023\/10\/MANDO-EDHEA.webp 1024w, https:\/\/arteconfort.com\/wp-content\/uploads\/2023\/10\/MANDO-EDHEA-768x768.webp 768w, https:\/\/arteconfort.com\/wp-content\/uploads\/2023\/10\/MANDO-EDHEA-340x340.webp 340w, https:\/\/arteconfort.com\/wp-content\/uploads\/2023\/10\/MANDO-EDHEA-640x640.webp 640w, https:\/\/arteconfort.com\/wp-content\/uploads\/2023\/10\/MANDO-EDHEA-960x960.webp 960w, https:\/\/arteconfort.com\/wp-content\/uploads\/2023\/10\/MANDO-EDHEA-133x133.webp 133w, https:\/\/arteconfort.com\/wp-content\/uploads\/2023\/10\/MANDO-EDHEA-300x300.webp 300w, https:\/\/arteconfort.com\/wp-content\/uploads\/2023\/10\/MANDO-EDHEA-600x600.webp 600w, https:\/\/arteconfort.com\/wp-content\/uploads\/2023\/10\/MANDO-EDHEA-100x100.webp 100w\" sizes=\"auto, (max-width: 1024px) 100vw, 1024px\" \/>\t<\/a>\n\t<div class=\"w-product-status\"><\/div>\t<span id=\"woocommerce_loop_add_to_cart_link_describedby_10258\" class=\"screen-reader-text\">\n\t\t\t<\/span>\n<\/div><figcaption><h2 class=\"woocommerce-loop-product__title\">EDHEA<\/h2><div class=\"woocommerce-product-details__short-description\">\n\t<p>Edhea ceiling fan with integrated LED light. It has a metal body and 3 white blades, it is<\/div>\n\n<\/figcaption><\/figure><\/li>\n<li class=\"product type-product post-10237 status-publish instock product_cat-climatizacion-en product_cat-collection-old-en product_cat-ventiladores-de-techo-en has-post-thumbnail shipping-taxable product-type-external w-item five-cols\">\n\t<figure><div class=\"image-wrapper\">\t\t<a href=\"https:\/\/arteconfort.com\/en\/producto\/bora-m-pro\/\" class=\"w-fadeslider\">\n\t<img loading=\"lazy\" decoding=\"async\" width=\"1024\" height=\"1024\" src=\"https:\/\/arteconfort.com\/wp-content\/uploads\/2024\/06\/ventilador-BORA-M-PRO-83860098-p-02.webp\" class=\"attachment-shop_catalog size-shop_catalog wp-post-image\" alt=\"Ventilador BORA M PRO madera con mando\" srcset=\"https:\/\/arteconfort.com\/wp-content\/uploads\/2024\/06\/ventilador-BORA-M-PRO-83860098-p-02.webp 1024w, https:\/\/arteconfort.com\/wp-content\/uploads\/2024\/06\/ventilador-BORA-M-PRO-83860098-p-02-768x768.webp 768w, https:\/\/arteconfort.com\/wp-content\/uploads\/2024\/06\/ventilador-BORA-M-PRO-83860098-p-02-340x340.webp 340w, https:\/\/arteconfort.com\/wp-content\/uploads\/2024\/06\/ventilador-BORA-M-PRO-83860098-p-02-640x640.webp 640w, https:\/\/arteconfort.com\/wp-content\/uploads\/2024\/06\/ventilador-BORA-M-PRO-83860098-p-02-960x960.webp 960w, https:\/\/arteconfort.com\/wp-content\/uploads\/2024\/06\/ventilador-BORA-M-PRO-83860098-p-02-300x300.webp 300w, https:\/\/arteconfort.com\/wp-content\/uploads\/2024\/06\/ventilador-BORA-M-PRO-83860098-p-02-600x600.webp 600w, https:\/\/arteconfort.com\/wp-content\/uploads\/2024\/06\/ventilador-BORA-M-PRO-83860098-p-02-100x100.webp 100w, https:\/\/arteconfort.com\/wp-content\/uploads\/2024\/06\/ventilador-BORA-M-PRO-83860098-p-02-133x133.webp 133w\" sizes=\"auto, (max-width: 1024px) 100vw, 1024px\" \/>\t<img loading=\"lazy\" decoding=\"async\" width=\"1024\" height=\"1024\" src=\"https:\/\/arteconfort.com\/wp-content\/uploads\/2024\/06\/ventilador-BORA-M-PRO-83860098-p-01.webp\" class=\"attachment-shop_catalog size-shop_catalog\" alt=\"Ventilador BORA M PRO gris con mando\" srcset=\"https:\/\/arteconfort.com\/wp-content\/uploads\/2024\/06\/ventilador-BORA-M-PRO-83860098-p-01.webp 1024w, https:\/\/arteconfort.com\/wp-content\/uploads\/2024\/06\/ventilador-BORA-M-PRO-83860098-p-01-768x768.webp 768w, https:\/\/arteconfort.com\/wp-content\/uploads\/2024\/06\/ventilador-BORA-M-PRO-83860098-p-01-340x340.webp 340w, https:\/\/arteconfort.com\/wp-content\/uploads\/2024\/06\/ventilador-BORA-M-PRO-83860098-p-01-640x640.webp 640w, https:\/\/arteconfort.com\/wp-content\/uploads\/2024\/06\/ventilador-BORA-M-PRO-83860098-p-01-960x960.webp 960w, https:\/\/arteconfort.com\/wp-content\/uploads\/2024\/06\/ventilador-BORA-M-PRO-83860098-p-01-133x133.webp 133w, https:\/\/arteconfort.com\/wp-content\/uploads\/2024\/06\/ventilador-BORA-M-PRO-83860098-p-01-300x300.webp 300w, https:\/\/arteconfort.com\/wp-content\/uploads\/2024\/06\/ventilador-BORA-M-PRO-83860098-p-01-600x600.webp 600w, https:\/\/arteconfort.com\/wp-content\/uploads\/2024\/06\/ventilador-BORA-M-PRO-83860098-p-01-100x100.webp 100w\" sizes=\"auto, (max-width: 1024px) 100vw, 1024px\" \/><img loading=\"lazy\" decoding=\"async\" width=\"1024\" height=\"1024\" src=\"https:\/\/arteconfort.com\/wp-content\/uploads\/2024\/06\/ventilador-BORA-M-PRO-83860098-0400.webp\" class=\"attachment-shop_catalog size-shop_catalog\" alt=\"Ventilador BORA M PRO ambiente dia\" srcset=\"https:\/\/arteconfort.com\/wp-content\/uploads\/2024\/06\/ventilador-BORA-M-PRO-83860098-0400.webp 1024w, https:\/\/arteconfort.com\/wp-content\/uploads\/2024\/06\/ventilador-BORA-M-PRO-83860098-0400-768x768.webp 768w, https:\/\/arteconfort.com\/wp-content\/uploads\/2024\/06\/ventilador-BORA-M-PRO-83860098-0400-340x340.webp 340w, https:\/\/arteconfort.com\/wp-content\/uploads\/2024\/06\/ventilador-BORA-M-PRO-83860098-0400-640x640.webp 640w, https:\/\/arteconfort.com\/wp-content\/uploads\/2024\/06\/ventilador-BORA-M-PRO-83860098-0400-960x960.webp 960w, https:\/\/arteconfort.com\/wp-content\/uploads\/2024\/06\/ventilador-BORA-M-PRO-83860098-0400-133x133.webp 133w, https:\/\/arteconfort.com\/wp-content\/uploads\/2024\/06\/ventilador-BORA-M-PRO-83860098-0400-300x300.webp 300w, https:\/\/arteconfort.com\/wp-content\/uploads\/2024\/06\/ventilador-BORA-M-PRO-83860098-0400-600x600.webp 600w, https:\/\/arteconfort.com\/wp-content\/uploads\/2024\/06\/ventilador-BORA-M-PRO-83860098-0400-100x100.webp 100w\" sizes=\"auto, (max-width: 1024px) 100vw, 1024px\" \/><img loading=\"lazy\" decoding=\"async\" width=\"1024\" height=\"1024\" src=\"https:\/\/arteconfort.com\/wp-content\/uploads\/2024\/06\/ventilador-BORA-M-PRO-83860098-0101.webp\" class=\"attachment-shop_catalog size-shop_catalog\" alt=\"Ventilador BORA M PRO perspectiva 2 madera\" srcset=\"https:\/\/arteconfort.com\/wp-content\/uploads\/2024\/06\/ventilador-BORA-M-PRO-83860098-0101.webp 1024w, https:\/\/arteconfort.com\/wp-content\/uploads\/2024\/06\/ventilador-BORA-M-PRO-83860098-0101-768x768.webp 768w, https:\/\/arteconfort.com\/wp-content\/uploads\/2024\/06\/ventilador-BORA-M-PRO-83860098-0101-340x340.webp 340w, https:\/\/arteconfort.com\/wp-content\/uploads\/2024\/06\/ventilador-BORA-M-PRO-83860098-0101-640x640.webp 640w, https:\/\/arteconfort.com\/wp-content\/uploads\/2024\/06\/ventilador-BORA-M-PRO-83860098-0101-960x960.webp 960w, https:\/\/arteconfort.com\/wp-content\/uploads\/2024\/06\/ventilador-BORA-M-PRO-83860098-0101-133x133.webp 133w, https:\/\/arteconfort.com\/wp-content\/uploads\/2024\/06\/ventilador-BORA-M-PRO-83860098-0101-300x300.webp 300w, https:\/\/arteconfort.com\/wp-content\/uploads\/2024\/06\/ventilador-BORA-M-PRO-83860098-0101-600x600.webp 600w, https:\/\/arteconfort.com\/wp-content\/uploads\/2024\/06\/ventilador-BORA-M-PRO-83860098-0101-100x100.webp 100w\" sizes=\"auto, (max-width: 1024px) 100vw, 1024px\" \/><img loading=\"lazy\" decoding=\"async\" width=\"1024\" height=\"1024\" src=\"https:\/\/arteconfort.com\/wp-content\/uploads\/2024\/06\/ventilador-BORA-M-PRO-83860098-0100.webp\" class=\"attachment-shop_catalog size-shop_catalog\" alt=\"Ventilador BORA M PRO perspectiva 2 gris\" srcset=\"https:\/\/arteconfort.com\/wp-content\/uploads\/2024\/06\/ventilador-BORA-M-PRO-83860098-0100.webp 1024w, https:\/\/arteconfort.com\/wp-content\/uploads\/2024\/06\/ventilador-BORA-M-PRO-83860098-0100-768x768.webp 768w, https:\/\/arteconfort.com\/wp-content\/uploads\/2024\/06\/ventilador-BORA-M-PRO-83860098-0100-340x340.webp 340w, https:\/\/arteconfort.com\/wp-content\/uploads\/2024\/06\/ventilador-BORA-M-PRO-83860098-0100-640x640.webp 640w, https:\/\/arteconfort.com\/wp-content\/uploads\/2024\/06\/ventilador-BORA-M-PRO-83860098-0100-960x960.webp 960w, https:\/\/arteconfort.com\/wp-content\/uploads\/2024\/06\/ventilador-BORA-M-PRO-83860098-0100-133x133.webp 133w, https:\/\/arteconfort.com\/wp-content\/uploads\/2024\/06\/ventilador-BORA-M-PRO-83860098-0100-300x300.webp 300w, https:\/\/arteconfort.com\/wp-content\/uploads\/2024\/06\/ventilador-BORA-M-PRO-83860098-0100-600x600.webp 600w, https:\/\/arteconfort.com\/wp-content\/uploads\/2024\/06\/ventilador-BORA-M-PRO-83860098-0100-100x100.webp 100w\" sizes=\"auto, (max-width: 1024px) 100vw, 1024px\" \/><img loading=\"lazy\" decoding=\"async\" width=\"1024\" height=\"1024\" src=\"https:\/\/arteconfort.com\/wp-content\/uploads\/2024\/06\/ventilador-BORA-M-PRO-83860098-0103.webp\" class=\"attachment-shop_catalog size-shop_catalog\" alt=\"Ventilador BORA M PRO perspectiva 1 madera\" srcset=\"https:\/\/arteconfort.com\/wp-content\/uploads\/2024\/06\/ventilador-BORA-M-PRO-83860098-0103.webp 1024w, https:\/\/arteconfort.com\/wp-content\/uploads\/2024\/06\/ventilador-BORA-M-PRO-83860098-0103-768x768.webp 768w, https:\/\/arteconfort.com\/wp-content\/uploads\/2024\/06\/ventilador-BORA-M-PRO-83860098-0103-340x340.webp 340w, https:\/\/arteconfort.com\/wp-content\/uploads\/2024\/06\/ventilador-BORA-M-PRO-83860098-0103-640x640.webp 640w, https:\/\/arteconfort.com\/wp-content\/uploads\/2024\/06\/ventilador-BORA-M-PRO-83860098-0103-960x960.webp 960w, https:\/\/arteconfort.com\/wp-content\/uploads\/2024\/06\/ventilador-BORA-M-PRO-83860098-0103-133x133.webp 133w, https:\/\/arteconfort.com\/wp-content\/uploads\/2024\/06\/ventilador-BORA-M-PRO-83860098-0103-300x300.webp 300w, https:\/\/arteconfort.com\/wp-content\/uploads\/2024\/06\/ventilador-BORA-M-PRO-83860098-0103-600x600.webp 600w, https:\/\/arteconfort.com\/wp-content\/uploads\/2024\/06\/ventilador-BORA-M-PRO-83860098-0103-100x100.webp 100w\" sizes=\"auto, (max-width: 1024px) 100vw, 1024px\" \/><img loading=\"lazy\" decoding=\"async\" width=\"1024\" height=\"1024\" src=\"https:\/\/arteconfort.com\/wp-content\/uploads\/2024\/06\/ventilador-BORA-M-PRO-83860098-0102.webp\" class=\"attachment-shop_catalog size-shop_catalog\" alt=\"Ventilador BORA M PRO perspectiva 1 gris\" srcset=\"https:\/\/arteconfort.com\/wp-content\/uploads\/2024\/06\/ventilador-BORA-M-PRO-83860098-0102.webp 1024w, https:\/\/arteconfort.com\/wp-content\/uploads\/2024\/06\/ventilador-BORA-M-PRO-83860098-0102-768x768.webp 768w, https:\/\/arteconfort.com\/wp-content\/uploads\/2024\/06\/ventilador-BORA-M-PRO-83860098-0102-340x340.webp 340w, https:\/\/arteconfort.com\/wp-content\/uploads\/2024\/06\/ventilador-BORA-M-PRO-83860098-0102-640x640.webp 640w, https:\/\/arteconfort.com\/wp-content\/uploads\/2024\/06\/ventilador-BORA-M-PRO-83860098-0102-960x960.webp 960w, https:\/\/arteconfort.com\/wp-content\/uploads\/2024\/06\/ventilador-BORA-M-PRO-83860098-0102-133x133.webp 133w, https:\/\/arteconfort.com\/wp-content\/uploads\/2024\/06\/ventilador-BORA-M-PRO-83860098-0102-300x300.webp 300w, https:\/\/arteconfort.com\/wp-content\/uploads\/2024\/06\/ventilador-BORA-M-PRO-83860098-0102-600x600.webp 600w, https:\/\/arteconfort.com\/wp-content\/uploads\/2024\/06\/ventilador-BORA-M-PRO-83860098-0102-100x100.webp 100w\" sizes=\"auto, (max-width: 1024px) 100vw, 1024px\" \/><img loading=\"lazy\" decoding=\"async\" width=\"1024\" height=\"1024\" src=\"https:\/\/arteconfort.com\/wp-content\/uploads\/2024\/06\/ventilador-BORA-M-PRO-83860098-0104.webp\" class=\"attachment-shop_catalog size-shop_catalog\" alt=\"Ventilador BORA M PRO planta gris\" srcset=\"https:\/\/arteconfort.com\/wp-content\/uploads\/2024\/06\/ventilador-BORA-M-PRO-83860098-0104.webp 1024w, https:\/\/arteconfort.com\/wp-content\/uploads\/2024\/06\/ventilador-BORA-M-PRO-83860098-0104-768x768.webp 768w, https:\/\/arteconfort.com\/wp-content\/uploads\/2024\/06\/ventilador-BORA-M-PRO-83860098-0104-340x340.webp 340w, https:\/\/arteconfort.com\/wp-content\/uploads\/2024\/06\/ventilador-BORA-M-PRO-83860098-0104-640x640.webp 640w, https:\/\/arteconfort.com\/wp-content\/uploads\/2024\/06\/ventilador-BORA-M-PRO-83860098-0104-960x960.webp 960w, https:\/\/arteconfort.com\/wp-content\/uploads\/2024\/06\/ventilador-BORA-M-PRO-83860098-0104-133x133.webp 133w, https:\/\/arteconfort.com\/wp-content\/uploads\/2024\/06\/ventilador-BORA-M-PRO-83860098-0104-300x300.webp 300w, https:\/\/arteconfort.com\/wp-content\/uploads\/2024\/06\/ventilador-BORA-M-PRO-83860098-0104-600x600.webp 600w, https:\/\/arteconfort.com\/wp-content\/uploads\/2024\/06\/ventilador-BORA-M-PRO-83860098-0104-100x100.webp 100w\" sizes=\"auto, (max-width: 1024px) 100vw, 1024px\" \/><img loading=\"lazy\" decoding=\"async\" width=\"1024\" height=\"1024\" src=\"https:\/\/arteconfort.com\/wp-content\/uploads\/2024\/06\/ventilador-BORA-M-PRO-83860098-0200.webp\" class=\"attachment-shop_catalog size-shop_catalog\" alt=\"Ventilador BORA M PRO detalle aspas reversibles\" srcset=\"https:\/\/arteconfort.com\/wp-content\/uploads\/2024\/06\/ventilador-BORA-M-PRO-83860098-0200.webp 1024w, https:\/\/arteconfort.com\/wp-content\/uploads\/2024\/06\/ventilador-BORA-M-PRO-83860098-0200-768x768.webp 768w, https:\/\/arteconfort.com\/wp-content\/uploads\/2024\/06\/ventilador-BORA-M-PRO-83860098-0200-340x340.webp 340w, https:\/\/arteconfort.com\/wp-content\/uploads\/2024\/06\/ventilador-BORA-M-PRO-83860098-0200-640x640.webp 640w, https:\/\/arteconfort.com\/wp-content\/uploads\/2024\/06\/ventilador-BORA-M-PRO-83860098-0200-960x960.webp 960w, https:\/\/arteconfort.com\/wp-content\/uploads\/2024\/06\/ventilador-BORA-M-PRO-83860098-0200-133x133.webp 133w, https:\/\/arteconfort.com\/wp-content\/uploads\/2024\/06\/ventilador-BORA-M-PRO-83860098-0200-300x300.webp 300w, https:\/\/arteconfort.com\/wp-content\/uploads\/2024\/06\/ventilador-BORA-M-PRO-83860098-0200-600x600.webp 600w, https:\/\/arteconfort.com\/wp-content\/uploads\/2024\/06\/ventilador-BORA-M-PRO-83860098-0200-100x100.webp 100w\" sizes=\"auto, (max-width: 1024px) 100vw, 1024px\" \/><img loading=\"lazy\" decoding=\"async\" width=\"1024\" height=\"1024\" src=\"https:\/\/arteconfort.com\/wp-content\/uploads\/2024\/06\/ventilador-BORA-M-PRO-83860098-0204.webp\" class=\"attachment-shop_catalog size-shop_catalog\" alt=\"Ventilador BORA M PRO detalle cuerpo madera\" srcset=\"https:\/\/arteconfort.com\/wp-content\/uploads\/2024\/06\/ventilador-BORA-M-PRO-83860098-0204.webp 1024w, https:\/\/arteconfort.com\/wp-content\/uploads\/2024\/06\/ventilador-BORA-M-PRO-83860098-0204-768x768.webp 768w, https:\/\/arteconfort.com\/wp-content\/uploads\/2024\/06\/ventilador-BORA-M-PRO-83860098-0204-340x340.webp 340w, https:\/\/arteconfort.com\/wp-content\/uploads\/2024\/06\/ventilador-BORA-M-PRO-83860098-0204-640x640.webp 640w, https:\/\/arteconfort.com\/wp-content\/uploads\/2024\/06\/ventilador-BORA-M-PRO-83860098-0204-960x960.webp 960w, https:\/\/arteconfort.com\/wp-content\/uploads\/2024\/06\/ventilador-BORA-M-PRO-83860098-0204-133x133.webp 133w, https:\/\/arteconfort.com\/wp-content\/uploads\/2024\/06\/ventilador-BORA-M-PRO-83860098-0204-300x300.webp 300w, https:\/\/arteconfort.com\/wp-content\/uploads\/2024\/06\/ventilador-BORA-M-PRO-83860098-0204-600x600.webp 600w, https:\/\/arteconfort.com\/wp-content\/uploads\/2024\/06\/ventilador-BORA-M-PRO-83860098-0204-100x100.webp 100w\" sizes=\"auto, (max-width: 1024px) 100vw, 1024px\" \/><img loading=\"lazy\" decoding=\"async\" width=\"1024\" height=\"1024\" src=\"https:\/\/arteconfort.com\/wp-content\/uploads\/2024\/06\/ventilador-BORA-M-PRO-83860098-0203.webp\" class=\"attachment-shop_catalog size-shop_catalog\" alt=\"Ventilador BORA M PRO detalle cuerpo madera\" srcset=\"https:\/\/arteconfort.com\/wp-content\/uploads\/2024\/06\/ventilador-BORA-M-PRO-83860098-0203.webp 1024w, https:\/\/arteconfort.com\/wp-content\/uploads\/2024\/06\/ventilador-BORA-M-PRO-83860098-0203-768x768.webp 768w, https:\/\/arteconfort.com\/wp-content\/uploads\/2024\/06\/ventilador-BORA-M-PRO-83860098-0203-340x340.webp 340w, https:\/\/arteconfort.com\/wp-content\/uploads\/2024\/06\/ventilador-BORA-M-PRO-83860098-0203-640x640.webp 640w, https:\/\/arteconfort.com\/wp-content\/uploads\/2024\/06\/ventilador-BORA-M-PRO-83860098-0203-960x960.webp 960w, https:\/\/arteconfort.com\/wp-content\/uploads\/2024\/06\/ventilador-BORA-M-PRO-83860098-0203-133x133.webp 133w, https:\/\/arteconfort.com\/wp-content\/uploads\/2024\/06\/ventilador-BORA-M-PRO-83860098-0203-300x300.webp 300w, https:\/\/arteconfort.com\/wp-content\/uploads\/2024\/06\/ventilador-BORA-M-PRO-83860098-0203-600x600.webp 600w, https:\/\/arteconfort.com\/wp-content\/uploads\/2024\/06\/ventilador-BORA-M-PRO-83860098-0203-100x100.webp 100w\" sizes=\"auto, (max-width: 1024px) 100vw, 1024px\" \/><img loading=\"lazy\" decoding=\"async\" width=\"1024\" height=\"1024\" src=\"https:\/\/arteconfort.com\/wp-content\/uploads\/2024\/06\/ventilador-BORA-M-PRO-83860098-0205.webp\" class=\"attachment-shop_catalog size-shop_catalog\" alt=\"Ventilador BORA M PRO floron\" srcset=\"https:\/\/arteconfort.com\/wp-content\/uploads\/2024\/06\/ventilador-BORA-M-PRO-83860098-0205.webp 1024w, https:\/\/arteconfort.com\/wp-content\/uploads\/2024\/06\/ventilador-BORA-M-PRO-83860098-0205-768x768.webp 768w, https:\/\/arteconfort.com\/wp-content\/uploads\/2024\/06\/ventilador-BORA-M-PRO-83860098-0205-340x340.webp 340w, https:\/\/arteconfort.com\/wp-content\/uploads\/2024\/06\/ventilador-BORA-M-PRO-83860098-0205-640x640.webp 640w, https:\/\/arteconfort.com\/wp-content\/uploads\/2024\/06\/ventilador-BORA-M-PRO-83860098-0205-960x960.webp 960w, https:\/\/arteconfort.com\/wp-content\/uploads\/2024\/06\/ventilador-BORA-M-PRO-83860098-0205-133x133.webp 133w, https:\/\/arteconfort.com\/wp-content\/uploads\/2024\/06\/ventilador-BORA-M-PRO-83860098-0205-300x300.webp 300w, https:\/\/arteconfort.com\/wp-content\/uploads\/2024\/06\/ventilador-BORA-M-PRO-83860098-0205-600x600.webp 600w, https:\/\/arteconfort.com\/wp-content\/uploads\/2024\/06\/ventilador-BORA-M-PRO-83860098-0205-100x100.webp 100w\" sizes=\"auto, (max-width: 1024px) 100vw, 1024px\" \/><img loading=\"lazy\" decoding=\"async\" width=\"1024\" height=\"1024\" src=\"https:\/\/arteconfort.com\/wp-content\/uploads\/2024\/06\/ventilador-BORA-M-PRO-83860098-0206.webp\" class=\"attachment-shop_catalog size-shop_catalog\" alt=\"Ventilador BORA M PRO mando\" srcset=\"https:\/\/arteconfort.com\/wp-content\/uploads\/2024\/06\/ventilador-BORA-M-PRO-83860098-0206.webp 1024w, https:\/\/arteconfort.com\/wp-content\/uploads\/2024\/06\/ventilador-BORA-M-PRO-83860098-0206-768x768.webp 768w, https:\/\/arteconfort.com\/wp-content\/uploads\/2024\/06\/ventilador-BORA-M-PRO-83860098-0206-340x340.webp 340w, https:\/\/arteconfort.com\/wp-content\/uploads\/2024\/06\/ventilador-BORA-M-PRO-83860098-0206-640x640.webp 640w, https:\/\/arteconfort.com\/wp-content\/uploads\/2024\/06\/ventilador-BORA-M-PRO-83860098-0206-960x960.webp 960w, https:\/\/arteconfort.com\/wp-content\/uploads\/2024\/06\/ventilador-BORA-M-PRO-83860098-0206-133x133.webp 133w, https:\/\/arteconfort.com\/wp-content\/uploads\/2024\/06\/ventilador-BORA-M-PRO-83860098-0206-300x300.webp 300w, https:\/\/arteconfort.com\/wp-content\/uploads\/2024\/06\/ventilador-BORA-M-PRO-83860098-0206-600x600.webp 600w, https:\/\/arteconfort.com\/wp-content\/uploads\/2024\/06\/ventilador-BORA-M-PRO-83860098-0206-100x100.webp 100w\" sizes=\"auto, (max-width: 1024px) 100vw, 1024px\" \/><img loading=\"lazy\" decoding=\"async\" width=\"1024\" height=\"1024\" src=\"https:\/\/arteconfort.com\/wp-content\/uploads\/2024\/06\/ventilador-BORA-M-PRO-83860098-0600.webp\" class=\"attachment-shop_catalog size-shop_catalog\" alt=\"Ventilador BORA M PRO grafico\" srcset=\"https:\/\/arteconfort.com\/wp-content\/uploads\/2024\/06\/ventilador-BORA-M-PRO-83860098-0600.webp 1024w, https:\/\/arteconfort.com\/wp-content\/uploads\/2024\/06\/ventilador-BORA-M-PRO-83860098-0600-768x768.webp 768w, https:\/\/arteconfort.com\/wp-content\/uploads\/2024\/06\/ventilador-BORA-M-PRO-83860098-0600-340x340.webp 340w, https:\/\/arteconfort.com\/wp-content\/uploads\/2024\/06\/ventilador-BORA-M-PRO-83860098-0600-640x640.webp 640w, https:\/\/arteconfort.com\/wp-content\/uploads\/2024\/06\/ventilador-BORA-M-PRO-83860098-0600-960x960.webp 960w, https:\/\/arteconfort.com\/wp-content\/uploads\/2024\/06\/ventilador-BORA-M-PRO-83860098-0600-133x133.webp 133w, https:\/\/arteconfort.com\/wp-content\/uploads\/2024\/06\/ventilador-BORA-M-PRO-83860098-0600-300x300.webp 300w, https:\/\/arteconfort.com\/wp-content\/uploads\/2024\/06\/ventilador-BORA-M-PRO-83860098-0600-600x600.webp 600w, https:\/\/arteconfort.com\/wp-content\/uploads\/2024\/06\/ventilador-BORA-M-PRO-83860098-0600-100x100.webp 100w\" sizes=\"auto, (max-width: 1024px) 100vw, 1024px\" \/><img loading=\"lazy\" decoding=\"async\" width=\"1024\" height=\"1024\" src=\"https:\/\/arteconfort.com\/wp-content\/uploads\/2024\/06\/ventilador-BORA-M-PRO-83860098-0202.webp\" class=\"attachment-shop_catalog size-shop_catalog\" alt=\"Ventilador BORA M PRO luz fria\" srcset=\"https:\/\/arteconfort.com\/wp-content\/uploads\/2024\/06\/ventilador-BORA-M-PRO-83860098-0202.webp 1024w, https:\/\/arteconfort.com\/wp-content\/uploads\/2024\/06\/ventilador-BORA-M-PRO-83860098-0202-768x768.webp 768w, https:\/\/arteconfort.com\/wp-content\/uploads\/2024\/06\/ventilador-BORA-M-PRO-83860098-0202-340x340.webp 340w, https:\/\/arteconfort.com\/wp-content\/uploads\/2024\/06\/ventilador-BORA-M-PRO-83860098-0202-640x640.webp 640w, https:\/\/arteconfort.com\/wp-content\/uploads\/2024\/06\/ventilador-BORA-M-PRO-83860098-0202-960x960.webp 960w, https:\/\/arteconfort.com\/wp-content\/uploads\/2024\/06\/ventilador-BORA-M-PRO-83860098-0202-133x133.webp 133w, https:\/\/arteconfort.com\/wp-content\/uploads\/2024\/06\/ventilador-BORA-M-PRO-83860098-0202-300x300.webp 300w, https:\/\/arteconfort.com\/wp-content\/uploads\/2024\/06\/ventilador-BORA-M-PRO-83860098-0202-600x600.webp 600w, https:\/\/arteconfort.com\/wp-content\/uploads\/2024\/06\/ventilador-BORA-M-PRO-83860098-0202-100x100.webp 100w\" sizes=\"auto, (max-width: 1024px) 100vw, 1024px\" \/><img loading=\"lazy\" decoding=\"async\" width=\"1024\" height=\"1024\" src=\"https:\/\/arteconfort.com\/wp-content\/uploads\/2024\/06\/ventilador-BORA-M-PRO-83860098-0201.webp\" class=\"attachment-shop_catalog size-shop_catalog\" alt=\"Ventilador BORA M PRO luz calida\" srcset=\"https:\/\/arteconfort.com\/wp-content\/uploads\/2024\/06\/ventilador-BORA-M-PRO-83860098-0201.webp 1024w, https:\/\/arteconfort.com\/wp-content\/uploads\/2024\/06\/ventilador-BORA-M-PRO-83860098-0201-768x768.webp 768w, https:\/\/arteconfort.com\/wp-content\/uploads\/2024\/06\/ventilador-BORA-M-PRO-83860098-0201-340x340.webp 340w, https:\/\/arteconfort.com\/wp-content\/uploads\/2024\/06\/ventilador-BORA-M-PRO-83860098-0201-640x640.webp 640w, https:\/\/arteconfort.com\/wp-content\/uploads\/2024\/06\/ventilador-BORA-M-PRO-83860098-0201-960x960.webp 960w, https:\/\/arteconfort.com\/wp-content\/uploads\/2024\/06\/ventilador-BORA-M-PRO-83860098-0201-133x133.webp 133w, https:\/\/arteconfort.com\/wp-content\/uploads\/2024\/06\/ventilador-BORA-M-PRO-83860098-0201-300x300.webp 300w, https:\/\/arteconfort.com\/wp-content\/uploads\/2024\/06\/ventilador-BORA-M-PRO-83860098-0201-600x600.webp 600w, https:\/\/arteconfort.com\/wp-content\/uploads\/2024\/06\/ventilador-BORA-M-PRO-83860098-0201-100x100.webp 100w\" sizes=\"auto, (max-width: 1024px) 100vw, 1024px\" \/>\t<\/a>\n\t<div class=\"w-product-status\"><\/div>\t<span id=\"woocommerce_loop_add_to_cart_link_describedby_10237\" class=\"screen-reader-text\">\n\t\t\t<\/span>\n<\/div><div class=\"berocket_better_labels berocket_better_labels_image\"><div class=\"berocket_better_labels_position berocket_better_labels_position_right\"><div class=\"berocket_better_labels_line berocket_better_labels_line_1\"><div class=\"berocket_better_labels_inline berocket_better_labels_inline_1\"><div class=\"br_alabel br_alabel_type_text br_alabel_template_type_css berocket_alabel_id_22611  br_alabel_better_compatibility\" style=\"\"><span  style=\"\"><i style=\"background-color: #000000; border-color: #000000;\" class=\"template-span-before \"><\/i><i style=\"background-color: #000000; border-color: #000000;\" class=\"template-i \"><\/i><i style=\"background-color: #000000; border-color: #000000;\" class=\"template-i-before \"><\/i><i style=\"background-color: #000000; border-color: #000000;\" class=\"template-i-after \"><\/i><b style=\"position: relative;z-index: 100;text-align: center;color: inherit;\">Old collection<\/b><\/span><\/div><\/div><\/div><\/div><\/div><figcaption><h2 class=\"woocommerce-loop-product__title\">BORA M PRO<\/h2><div class=\"woocommerce-product-details__short-description\">\n\t<p>Bora M Pro ceiling fan with integrated LED light and colour temperature memory. It has a metal body<\/div>\n\n<\/figcaption><\/figure><\/li>\n<li class=\"product type-product post-10251 status-publish instock product_cat-climatizacion-en product_cat-collection-old-en product_cat-ventiladores-de-techo-en has-post-thumbnail shipping-taxable product-type-external w-item five-cols\">\n\t<figure><div class=\"image-wrapper\">\t\t<a href=\"https:\/\/arteconfort.com\/en\/producto\/creta\/\" class=\"w-fadeslider\">\n\t<img loading=\"lazy\" decoding=\"async\" width=\"1024\" height=\"1024\" src=\"https:\/\/arteconfort.com\/wp-content\/uploads\/2024\/06\/ventilador-CRETA-foto-con-mando-a-distancia.webp\" class=\"attachment-shop_catalog size-shop_catalog wp-post-image\" alt=\"Ventilador CRETA foto con mando a distancia\" srcset=\"https:\/\/arteconfort.com\/wp-content\/uploads\/2024\/06\/ventilador-CRETA-foto-con-mando-a-distancia.webp 1024w, https:\/\/arteconfort.com\/wp-content\/uploads\/2024\/06\/ventilador-CRETA-foto-con-mando-a-distancia-768x768.webp 768w, https:\/\/arteconfort.com\/wp-content\/uploads\/2024\/06\/ventilador-CRETA-foto-con-mando-a-distancia-340x340.webp 340w, https:\/\/arteconfort.com\/wp-content\/uploads\/2024\/06\/ventilador-CRETA-foto-con-mando-a-distancia-640x640.webp 640w, https:\/\/arteconfort.com\/wp-content\/uploads\/2024\/06\/ventilador-CRETA-foto-con-mando-a-distancia-960x960.webp 960w, https:\/\/arteconfort.com\/wp-content\/uploads\/2024\/06\/ventilador-CRETA-foto-con-mando-a-distancia-300x300.webp 300w, https:\/\/arteconfort.com\/wp-content\/uploads\/2024\/06\/ventilador-CRETA-foto-con-mando-a-distancia-600x600.webp 600w, https:\/\/arteconfort.com\/wp-content\/uploads\/2024\/06\/ventilador-CRETA-foto-con-mando-a-distancia-100x100.webp 100w, https:\/\/arteconfort.com\/wp-content\/uploads\/2024\/06\/ventilador-CRETA-foto-con-mando-a-distancia-133x133.webp 133w\" sizes=\"auto, (max-width: 1024px) 100vw, 1024px\" \/>\t<img loading=\"lazy\" decoding=\"async\" width=\"1024\" height=\"1024\" src=\"https:\/\/arteconfort.com\/wp-content\/uploads\/2023\/10\/VENTILADOR-DE-TECHO-CRETA-detalle-inferior-2.webp\" class=\"attachment-shop_catalog size-shop_catalog\" alt=\"\" srcset=\"https:\/\/arteconfort.com\/wp-content\/uploads\/2023\/10\/VENTILADOR-DE-TECHO-CRETA-detalle-inferior-2.webp 1024w, https:\/\/arteconfort.com\/wp-content\/uploads\/2023\/10\/VENTILADOR-DE-TECHO-CRETA-detalle-inferior-2-768x768.webp 768w, https:\/\/arteconfort.com\/wp-content\/uploads\/2023\/10\/VENTILADOR-DE-TECHO-CRETA-detalle-inferior-2-340x340.webp 340w, https:\/\/arteconfort.com\/wp-content\/uploads\/2023\/10\/VENTILADOR-DE-TECHO-CRETA-detalle-inferior-2-640x640.webp 640w, https:\/\/arteconfort.com\/wp-content\/uploads\/2023\/10\/VENTILADOR-DE-TECHO-CRETA-detalle-inferior-2-960x960.webp 960w, https:\/\/arteconfort.com\/wp-content\/uploads\/2023\/10\/VENTILADOR-DE-TECHO-CRETA-detalle-inferior-2-133x133.webp 133w, https:\/\/arteconfort.com\/wp-content\/uploads\/2023\/10\/VENTILADOR-DE-TECHO-CRETA-detalle-inferior-2-300x300.webp 300w, https:\/\/arteconfort.com\/wp-content\/uploads\/2023\/10\/VENTILADOR-DE-TECHO-CRETA-detalle-inferior-2-600x600.webp 600w, https:\/\/arteconfort.com\/wp-content\/uploads\/2023\/10\/VENTILADOR-DE-TECHO-CRETA-detalle-inferior-2-100x100.webp 100w\" sizes=\"auto, (max-width: 1024px) 100vw, 1024px\" \/><img loading=\"lazy\" decoding=\"async\" width=\"1024\" height=\"1024\" src=\"https:\/\/arteconfort.com\/wp-content\/uploads\/2023\/10\/VENTILADOR-DE-TECHO-CRETA-detalle-inferior.webp\" class=\"attachment-shop_catalog size-shop_catalog\" alt=\"\" srcset=\"https:\/\/arteconfort.com\/wp-content\/uploads\/2023\/10\/VENTILADOR-DE-TECHO-CRETA-detalle-inferior.webp 1024w, https:\/\/arteconfort.com\/wp-content\/uploads\/2023\/10\/VENTILADOR-DE-TECHO-CRETA-detalle-inferior-768x768.webp 768w, https:\/\/arteconfort.com\/wp-content\/uploads\/2023\/10\/VENTILADOR-DE-TECHO-CRETA-detalle-inferior-340x340.webp 340w, https:\/\/arteconfort.com\/wp-content\/uploads\/2023\/10\/VENTILADOR-DE-TECHO-CRETA-detalle-inferior-640x640.webp 640w, https:\/\/arteconfort.com\/wp-content\/uploads\/2023\/10\/VENTILADOR-DE-TECHO-CRETA-detalle-inferior-960x960.webp 960w, https:\/\/arteconfort.com\/wp-content\/uploads\/2023\/10\/VENTILADOR-DE-TECHO-CRETA-detalle-inferior-133x133.webp 133w, https:\/\/arteconfort.com\/wp-content\/uploads\/2023\/10\/VENTILADOR-DE-TECHO-CRETA-detalle-inferior-300x300.webp 300w, https:\/\/arteconfort.com\/wp-content\/uploads\/2023\/10\/VENTILADOR-DE-TECHO-CRETA-detalle-inferior-600x600.webp 600w, https:\/\/arteconfort.com\/wp-content\/uploads\/2023\/10\/VENTILADOR-DE-TECHO-CRETA-detalle-inferior-100x100.webp 100w\" sizes=\"auto, (max-width: 1024px) 100vw, 1024px\" \/><img loading=\"lazy\" decoding=\"async\" width=\"1024\" height=\"1024\" src=\"https:\/\/arteconfort.com\/wp-content\/uploads\/2023\/10\/VENTILADOR-DE-TECHO-CRETA-detalle-3.webp\" class=\"attachment-shop_catalog size-shop_catalog\" alt=\"\" srcset=\"https:\/\/arteconfort.com\/wp-content\/uploads\/2023\/10\/VENTILADOR-DE-TECHO-CRETA-detalle-3.webp 1024w, https:\/\/arteconfort.com\/wp-content\/uploads\/2023\/10\/VENTILADOR-DE-TECHO-CRETA-detalle-3-768x768.webp 768w, https:\/\/arteconfort.com\/wp-content\/uploads\/2023\/10\/VENTILADOR-DE-TECHO-CRETA-detalle-3-340x340.webp 340w, https:\/\/arteconfort.com\/wp-content\/uploads\/2023\/10\/VENTILADOR-DE-TECHO-CRETA-detalle-3-640x640.webp 640w, https:\/\/arteconfort.com\/wp-content\/uploads\/2023\/10\/VENTILADOR-DE-TECHO-CRETA-detalle-3-960x960.webp 960w, https:\/\/arteconfort.com\/wp-content\/uploads\/2023\/10\/VENTILADOR-DE-TECHO-CRETA-detalle-3-133x133.webp 133w, https:\/\/arteconfort.com\/wp-content\/uploads\/2023\/10\/VENTILADOR-DE-TECHO-CRETA-detalle-3-300x300.webp 300w, https:\/\/arteconfort.com\/wp-content\/uploads\/2023\/10\/VENTILADOR-DE-TECHO-CRETA-detalle-3-600x600.webp 600w, https:\/\/arteconfort.com\/wp-content\/uploads\/2023\/10\/VENTILADOR-DE-TECHO-CRETA-detalle-3-100x100.webp 100w\" sizes=\"auto, (max-width: 1024px) 100vw, 1024px\" \/><img loading=\"lazy\" decoding=\"async\" width=\"1024\" height=\"1024\" src=\"https:\/\/arteconfort.com\/wp-content\/uploads\/2023\/10\/VENTILADOR-DE-TECHO-CRETA-detalle-2.webp\" class=\"attachment-shop_catalog size-shop_catalog\" alt=\"\" srcset=\"https:\/\/arteconfort.com\/wp-content\/uploads\/2023\/10\/VENTILADOR-DE-TECHO-CRETA-detalle-2.webp 1024w, https:\/\/arteconfort.com\/wp-content\/uploads\/2023\/10\/VENTILADOR-DE-TECHO-CRETA-detalle-2-768x768.webp 768w, https:\/\/arteconfort.com\/wp-content\/uploads\/2023\/10\/VENTILADOR-DE-TECHO-CRETA-detalle-2-340x340.webp 340w, https:\/\/arteconfort.com\/wp-content\/uploads\/2023\/10\/VENTILADOR-DE-TECHO-CRETA-detalle-2-640x640.webp 640w, https:\/\/arteconfort.com\/wp-content\/uploads\/2023\/10\/VENTILADOR-DE-TECHO-CRETA-detalle-2-960x960.webp 960w, https:\/\/arteconfort.com\/wp-content\/uploads\/2023\/10\/VENTILADOR-DE-TECHO-CRETA-detalle-2-133x133.webp 133w, https:\/\/arteconfort.com\/wp-content\/uploads\/2023\/10\/VENTILADOR-DE-TECHO-CRETA-detalle-2-300x300.webp 300w, https:\/\/arteconfort.com\/wp-content\/uploads\/2023\/10\/VENTILADOR-DE-TECHO-CRETA-detalle-2-600x600.webp 600w, https:\/\/arteconfort.com\/wp-content\/uploads\/2023\/10\/VENTILADOR-DE-TECHO-CRETA-detalle-2-100x100.webp 100w\" sizes=\"auto, (max-width: 1024px) 100vw, 1024px\" \/><img loading=\"lazy\" decoding=\"async\" width=\"1024\" height=\"1024\" src=\"https:\/\/arteconfort.com\/wp-content\/uploads\/2023\/10\/VENTILADOR-DE-TECHO-CRETA-detalle.webp\" class=\"attachment-shop_catalog size-shop_catalog\" alt=\"\" srcset=\"https:\/\/arteconfort.com\/wp-content\/uploads\/2023\/10\/VENTILADOR-DE-TECHO-CRETA-detalle.webp 1024w, https:\/\/arteconfort.com\/wp-content\/uploads\/2023\/10\/VENTILADOR-DE-TECHO-CRETA-detalle-768x768.webp 768w, https:\/\/arteconfort.com\/wp-content\/uploads\/2023\/10\/VENTILADOR-DE-TECHO-CRETA-detalle-340x340.webp 340w, https:\/\/arteconfort.com\/wp-content\/uploads\/2023\/10\/VENTILADOR-DE-TECHO-CRETA-detalle-640x640.webp 640w, https:\/\/arteconfort.com\/wp-content\/uploads\/2023\/10\/VENTILADOR-DE-TECHO-CRETA-detalle-960x960.webp 960w, https:\/\/arteconfort.com\/wp-content\/uploads\/2023\/10\/VENTILADOR-DE-TECHO-CRETA-detalle-133x133.webp 133w, https:\/\/arteconfort.com\/wp-content\/uploads\/2023\/10\/VENTILADOR-DE-TECHO-CRETA-detalle-300x300.webp 300w, https:\/\/arteconfort.com\/wp-content\/uploads\/2023\/10\/VENTILADOR-DE-TECHO-CRETA-detalle-600x600.webp 600w, https:\/\/arteconfort.com\/wp-content\/uploads\/2023\/10\/VENTILADOR-DE-TECHO-CRETA-detalle-100x100.webp 100w\" sizes=\"auto, (max-width: 1024px) 100vw, 1024px\" \/><img loading=\"lazy\" decoding=\"async\" width=\"1024\" height=\"1024\" src=\"https:\/\/arteconfort.com\/wp-content\/uploads\/2023\/10\/VENTILADOR-DE-TECHO-CRETA.webp\" class=\"attachment-shop_catalog size-shop_catalog\" alt=\"\" srcset=\"https:\/\/arteconfort.com\/wp-content\/uploads\/2023\/10\/VENTILADOR-DE-TECHO-CRETA.webp 1024w, https:\/\/arteconfort.com\/wp-content\/uploads\/2023\/10\/VENTILADOR-DE-TECHO-CRETA-768x768.webp 768w, https:\/\/arteconfort.com\/wp-content\/uploads\/2023\/10\/VENTILADOR-DE-TECHO-CRETA-340x340.webp 340w, https:\/\/arteconfort.com\/wp-content\/uploads\/2023\/10\/VENTILADOR-DE-TECHO-CRETA-640x640.webp 640w, https:\/\/arteconfort.com\/wp-content\/uploads\/2023\/10\/VENTILADOR-DE-TECHO-CRETA-960x960.webp 960w, https:\/\/arteconfort.com\/wp-content\/uploads\/2023\/10\/VENTILADOR-DE-TECHO-CRETA-133x133.webp 133w, https:\/\/arteconfort.com\/wp-content\/uploads\/2023\/10\/VENTILADOR-DE-TECHO-CRETA-300x300.webp 300w, https:\/\/arteconfort.com\/wp-content\/uploads\/2023\/10\/VENTILADOR-DE-TECHO-CRETA-600x600.webp 600w, https:\/\/arteconfort.com\/wp-content\/uploads\/2023\/10\/VENTILADOR-DE-TECHO-CRETA-100x100.webp 100w\" sizes=\"auto, (max-width: 1024px) 100vw, 1024px\" \/><img loading=\"lazy\" decoding=\"async\" width=\"1024\" height=\"1024\" src=\"https:\/\/arteconfort.com\/wp-content\/uploads\/2023\/10\/Mando-CRETA.webp\" class=\"attachment-shop_catalog size-shop_catalog\" alt=\"\" srcset=\"https:\/\/arteconfort.com\/wp-content\/uploads\/2023\/10\/Mando-CRETA.webp 1024w, https:\/\/arteconfort.com\/wp-content\/uploads\/2023\/10\/Mando-CRETA-768x768.webp 768w, https:\/\/arteconfort.com\/wp-content\/uploads\/2023\/10\/Mando-CRETA-340x340.webp 340w, https:\/\/arteconfort.com\/wp-content\/uploads\/2023\/10\/Mando-CRETA-640x640.webp 640w, https:\/\/arteconfort.com\/wp-content\/uploads\/2023\/10\/Mando-CRETA-960x960.webp 960w, https:\/\/arteconfort.com\/wp-content\/uploads\/2023\/10\/Mando-CRETA-133x133.webp 133w, https:\/\/arteconfort.com\/wp-content\/uploads\/2023\/10\/Mando-CRETA-300x300.webp 300w, https:\/\/arteconfort.com\/wp-content\/uploads\/2023\/10\/Mando-CRETA-600x600.webp 600w, https:\/\/arteconfort.com\/wp-content\/uploads\/2023\/10\/Mando-CRETA-100x100.webp 100w\" sizes=\"auto, (max-width: 1024px) 100vw, 1024px\" \/><img loading=\"lazy\" decoding=\"async\" width=\"1024\" height=\"1024\" src=\"https:\/\/arteconfort.com\/wp-content\/uploads\/2023\/10\/ambiente-VENTILADOR-DE-TECHO-CRETA.webp\" class=\"attachment-shop_catalog size-shop_catalog\" alt=\"\" srcset=\"https:\/\/arteconfort.com\/wp-content\/uploads\/2023\/10\/ambiente-VENTILADOR-DE-TECHO-CRETA.webp 1024w, https:\/\/arteconfort.com\/wp-content\/uploads\/2023\/10\/ambiente-VENTILADOR-DE-TECHO-CRETA-768x768.webp 768w, https:\/\/arteconfort.com\/wp-content\/uploads\/2023\/10\/ambiente-VENTILADOR-DE-TECHO-CRETA-340x340.webp 340w, https:\/\/arteconfort.com\/wp-content\/uploads\/2023\/10\/ambiente-VENTILADOR-DE-TECHO-CRETA-640x640.webp 640w, https:\/\/arteconfort.com\/wp-content\/uploads\/2023\/10\/ambiente-VENTILADOR-DE-TECHO-CRETA-960x960.webp 960w, https:\/\/arteconfort.com\/wp-content\/uploads\/2023\/10\/ambiente-VENTILADOR-DE-TECHO-CRETA-133x133.webp 133w, https:\/\/arteconfort.com\/wp-content\/uploads\/2023\/10\/ambiente-VENTILADOR-DE-TECHO-CRETA-300x300.webp 300w, https:\/\/arteconfort.com\/wp-content\/uploads\/2023\/10\/ambiente-VENTILADOR-DE-TECHO-CRETA-600x600.webp 600w, https:\/\/arteconfort.com\/wp-content\/uploads\/2023\/10\/ambiente-VENTILADOR-DE-TECHO-CRETA-100x100.webp 100w\" sizes=\"auto, (max-width: 1024px) 100vw, 1024px\" \/>\t<\/a>\n\t<div class=\"w-product-status\"><\/div>\t<span id=\"woocommerce_loop_add_to_cart_link_describedby_10251\" class=\"screen-reader-text\">\n\t\t\t<\/span>\n<\/div><div class=\"berocket_better_labels berocket_better_labels_image\"><div class=\"berocket_better_labels_position berocket_better_labels_position_right\"><div class=\"berocket_better_labels_line berocket_better_labels_line_1\"><div class=\"berocket_better_labels_inline berocket_better_labels_inline_1\"><div class=\"br_alabel br_alabel_type_text br_alabel_template_type_css berocket_alabel_id_22611  br_alabel_better_compatibility\" style=\"\"><span  style=\"\"><i style=\"background-color: #000000; border-color: #000000;\" class=\"template-span-before \"><\/i><i style=\"background-color: #000000; border-color: #000000;\" class=\"template-i \"><\/i><i style=\"background-color: #000000; border-color: #000000;\" class=\"template-i-before \"><\/i><i style=\"background-color: #000000; border-color: #000000;\" class=\"template-i-after \"><\/i><b style=\"position: relative;z-index: 100;text-align: center;color: inherit;\">Old collection<\/b><\/span><\/div><\/div><\/div><\/div><\/div><figcaption><h2 class=\"woocommerce-loop-product__title\">CRETA<\/h2><div class=\"woocommerce-product-details__short-description\">\n\t<p>Creta ceiling fan with integrated LED light and colour temperature memory. It has a metal body and 3<\/div>\n\n<\/figcaption><\/figure><\/li>\n<li class=\"product type-product post-25348 status-publish instock product_cat-climatizacion-en product_cat-collection-old-en product_cat-ventiladores-de-techo-en has-post-thumbnail shipping-taxable product-type-simple w-item five-cols\">\n\t<figure><div class=\"image-wrapper\">\t\t<a href=\"https:\/\/arteconfort.com\/en\/producto\/alma\/\" class=\"w-fadeslider\">\n\t<img loading=\"lazy\" decoding=\"async\" width=\"1024\" height=\"1024\" src=\"https:\/\/arteconfort.com\/wp-content\/uploads\/2024\/07\/ventilador-ALMA-86536529-p-01.webp\" class=\"attachment-shop_catalog size-shop_catalog wp-post-image\" alt=\"Ventilador ALMA con mando\" srcset=\"https:\/\/arteconfort.com\/wp-content\/uploads\/2024\/07\/ventilador-ALMA-86536529-p-01.webp 1024w, https:\/\/arteconfort.com\/wp-content\/uploads\/2024\/07\/ventilador-ALMA-86536529-p-01-768x768.webp 768w, https:\/\/arteconfort.com\/wp-content\/uploads\/2024\/07\/ventilador-ALMA-86536529-p-01-340x340.webp 340w, https:\/\/arteconfort.com\/wp-content\/uploads\/2024\/07\/ventilador-ALMA-86536529-p-01-640x640.webp 640w, https:\/\/arteconfort.com\/wp-content\/uploads\/2024\/07\/ventilador-ALMA-86536529-p-01-960x960.webp 960w, https:\/\/arteconfort.com\/wp-content\/uploads\/2024\/07\/ventilador-ALMA-86536529-p-01-300x300.webp 300w, https:\/\/arteconfort.com\/wp-content\/uploads\/2024\/07\/ventilador-ALMA-86536529-p-01-600x600.webp 600w, https:\/\/arteconfort.com\/wp-content\/uploads\/2024\/07\/ventilador-ALMA-86536529-p-01-100x100.webp 100w, https:\/\/arteconfort.com\/wp-content\/uploads\/2024\/07\/ventilador-ALMA-86536529-p-01-133x133.webp 133w\" sizes=\"auto, (max-width: 1024px) 100vw, 1024px\" \/>\t<img loading=\"lazy\" decoding=\"async\" width=\"1024\" height=\"1024\" src=\"https:\/\/arteconfort.com\/wp-content\/uploads\/2023\/10\/ALMA-ambiente.webp\" class=\"attachment-shop_catalog size-shop_catalog\" alt=\"Ventilador ALMA ambiente dia\" srcset=\"https:\/\/arteconfort.com\/wp-content\/uploads\/2023\/10\/ALMA-ambiente.webp 1024w, https:\/\/arteconfort.com\/wp-content\/uploads\/2023\/10\/ALMA-ambiente-768x768.webp 768w, https:\/\/arteconfort.com\/wp-content\/uploads\/2023\/10\/ALMA-ambiente-340x340.webp 340w, https:\/\/arteconfort.com\/wp-content\/uploads\/2023\/10\/ALMA-ambiente-640x640.webp 640w, https:\/\/arteconfort.com\/wp-content\/uploads\/2023\/10\/ALMA-ambiente-960x960.webp 960w, https:\/\/arteconfort.com\/wp-content\/uploads\/2023\/10\/ALMA-ambiente-133x133.webp 133w, https:\/\/arteconfort.com\/wp-content\/uploads\/2023\/10\/ALMA-ambiente-300x300.webp 300w, https:\/\/arteconfort.com\/wp-content\/uploads\/2023\/10\/ALMA-ambiente-600x600.webp 600w, https:\/\/arteconfort.com\/wp-content\/uploads\/2023\/10\/ALMA-ambiente-100x100.webp 100w\" sizes=\"auto, (max-width: 1024px) 100vw, 1024px\" \/><img loading=\"lazy\" decoding=\"async\" width=\"1024\" height=\"1024\" src=\"https:\/\/arteconfort.com\/wp-content\/uploads\/2024\/07\/ventilador-ALMA-86536529-p-04.webp\" class=\"attachment-shop_catalog size-shop_catalog\" alt=\"Ventilador ALMA perspectiva\" srcset=\"https:\/\/arteconfort.com\/wp-content\/uploads\/2024\/07\/ventilador-ALMA-86536529-p-04.webp 1024w, https:\/\/arteconfort.com\/wp-content\/uploads\/2024\/07\/ventilador-ALMA-86536529-p-04-768x768.webp 768w, https:\/\/arteconfort.com\/wp-content\/uploads\/2024\/07\/ventilador-ALMA-86536529-p-04-340x340.webp 340w, https:\/\/arteconfort.com\/wp-content\/uploads\/2024\/07\/ventilador-ALMA-86536529-p-04-640x640.webp 640w, https:\/\/arteconfort.com\/wp-content\/uploads\/2024\/07\/ventilador-ALMA-86536529-p-04-960x960.webp 960w, https:\/\/arteconfort.com\/wp-content\/uploads\/2024\/07\/ventilador-ALMA-86536529-p-04-133x133.webp 133w, https:\/\/arteconfort.com\/wp-content\/uploads\/2024\/07\/ventilador-ALMA-86536529-p-04-300x300.webp 300w, https:\/\/arteconfort.com\/wp-content\/uploads\/2024\/07\/ventilador-ALMA-86536529-p-04-600x600.webp 600w, https:\/\/arteconfort.com\/wp-content\/uploads\/2024\/07\/ventilador-ALMA-86536529-p-04-100x100.webp 100w\" sizes=\"auto, (max-width: 1024px) 100vw, 1024px\" \/><img loading=\"lazy\" decoding=\"async\" width=\"1024\" height=\"1024\" src=\"https:\/\/arteconfort.com\/wp-content\/uploads\/2024\/07\/ventilador-ALMA-86536529-p-03.webp\" class=\"attachment-shop_catalog size-shop_catalog\" alt=\"Ventilador ALMA lateral\" srcset=\"https:\/\/arteconfort.com\/wp-content\/uploads\/2024\/07\/ventilador-ALMA-86536529-p-03.webp 1024w, https:\/\/arteconfort.com\/wp-content\/uploads\/2024\/07\/ventilador-ALMA-86536529-p-03-768x768.webp 768w, https:\/\/arteconfort.com\/wp-content\/uploads\/2024\/07\/ventilador-ALMA-86536529-p-03-340x340.webp 340w, https:\/\/arteconfort.com\/wp-content\/uploads\/2024\/07\/ventilador-ALMA-86536529-p-03-640x640.webp 640w, https:\/\/arteconfort.com\/wp-content\/uploads\/2024\/07\/ventilador-ALMA-86536529-p-03-960x960.webp 960w, https:\/\/arteconfort.com\/wp-content\/uploads\/2024\/07\/ventilador-ALMA-86536529-p-03-133x133.webp 133w, https:\/\/arteconfort.com\/wp-content\/uploads\/2024\/07\/ventilador-ALMA-86536529-p-03-300x300.webp 300w, https:\/\/arteconfort.com\/wp-content\/uploads\/2024\/07\/ventilador-ALMA-86536529-p-03-600x600.webp 600w, https:\/\/arteconfort.com\/wp-content\/uploads\/2024\/07\/ventilador-ALMA-86536529-p-03-100x100.webp 100w\" sizes=\"auto, (max-width: 1024px) 100vw, 1024px\" \/><img loading=\"lazy\" decoding=\"async\" width=\"1024\" height=\"1024\" src=\"https:\/\/arteconfort.com\/wp-content\/uploads\/2024\/07\/ventilador-ALMA-86536529-p-02.webp\" class=\"attachment-shop_catalog size-shop_catalog\" alt=\"Ventilador ALMA planta\" srcset=\"https:\/\/arteconfort.com\/wp-content\/uploads\/2024\/07\/ventilador-ALMA-86536529-p-02.webp 1024w, https:\/\/arteconfort.com\/wp-content\/uploads\/2024\/07\/ventilador-ALMA-86536529-p-02-768x768.webp 768w, https:\/\/arteconfort.com\/wp-content\/uploads\/2024\/07\/ventilador-ALMA-86536529-p-02-340x340.webp 340w, https:\/\/arteconfort.com\/wp-content\/uploads\/2024\/07\/ventilador-ALMA-86536529-p-02-640x640.webp 640w, https:\/\/arteconfort.com\/wp-content\/uploads\/2024\/07\/ventilador-ALMA-86536529-p-02-960x960.webp 960w, https:\/\/arteconfort.com\/wp-content\/uploads\/2024\/07\/ventilador-ALMA-86536529-p-02-133x133.webp 133w, https:\/\/arteconfort.com\/wp-content\/uploads\/2024\/07\/ventilador-ALMA-86536529-p-02-300x300.webp 300w, https:\/\/arteconfort.com\/wp-content\/uploads\/2024\/07\/ventilador-ALMA-86536529-p-02-600x600.webp 600w, https:\/\/arteconfort.com\/wp-content\/uploads\/2024\/07\/ventilador-ALMA-86536529-p-02-100x100.webp 100w\" sizes=\"auto, (max-width: 1024px) 100vw, 1024px\" \/><img loading=\"lazy\" decoding=\"async\" width=\"1024\" height=\"1024\" src=\"https:\/\/arteconfort.com\/wp-content\/uploads\/2024\/07\/ventilador-ALMA-.webp\" class=\"attachment-shop_catalog size-shop_catalog\" alt=\"Ventilador ALMA mando\" srcset=\"https:\/\/arteconfort.com\/wp-content\/uploads\/2024\/07\/ventilador-ALMA-.webp 1024w, https:\/\/arteconfort.com\/wp-content\/uploads\/2024\/07\/ventilador-ALMA--768x768.webp 768w, https:\/\/arteconfort.com\/wp-content\/uploads\/2024\/07\/ventilador-ALMA--340x340.webp 340w, https:\/\/arteconfort.com\/wp-content\/uploads\/2024\/07\/ventilador-ALMA--640x640.webp 640w, https:\/\/arteconfort.com\/wp-content\/uploads\/2024\/07\/ventilador-ALMA--960x960.webp 960w, https:\/\/arteconfort.com\/wp-content\/uploads\/2024\/07\/ventilador-ALMA--133x133.webp 133w, https:\/\/arteconfort.com\/wp-content\/uploads\/2024\/07\/ventilador-ALMA--300x300.webp 300w, https:\/\/arteconfort.com\/wp-content\/uploads\/2024\/07\/ventilador-ALMA--600x600.webp 600w, https:\/\/arteconfort.com\/wp-content\/uploads\/2024\/07\/ventilador-ALMA--100x100.webp 100w\" sizes=\"auto, (max-width: 1024px) 100vw, 1024px\" \/><img loading=\"lazy\" decoding=\"async\" width=\"1024\" height=\"1024\" src=\"https:\/\/arteconfort.com\/wp-content\/uploads\/2023\/10\/ALMA-grafico.webp\" class=\"attachment-shop_catalog size-shop_catalog\" alt=\"Ventilador ALMA grafico\" srcset=\"https:\/\/arteconfort.com\/wp-content\/uploads\/2023\/10\/ALMA-grafico.webp 1024w, https:\/\/arteconfort.com\/wp-content\/uploads\/2023\/10\/ALMA-grafico-768x768.webp 768w, https:\/\/arteconfort.com\/wp-content\/uploads\/2023\/10\/ALMA-grafico-340x340.webp 340w, https:\/\/arteconfort.com\/wp-content\/uploads\/2023\/10\/ALMA-grafico-640x640.webp 640w, https:\/\/arteconfort.com\/wp-content\/uploads\/2023\/10\/ALMA-grafico-960x960.webp 960w, https:\/\/arteconfort.com\/wp-content\/uploads\/2023\/10\/ALMA-grafico-133x133.webp 133w, https:\/\/arteconfort.com\/wp-content\/uploads\/2023\/10\/ALMA-grafico-300x300.webp 300w, https:\/\/arteconfort.com\/wp-content\/uploads\/2023\/10\/ALMA-grafico-600x600.webp 600w, https:\/\/arteconfort.com\/wp-content\/uploads\/2023\/10\/ALMA-grafico-100x100.webp 100w\" sizes=\"auto, (max-width: 1024px) 100vw, 1024px\" \/><img loading=\"lazy\" decoding=\"async\" width=\"1024\" height=\"1024\" src=\"https:\/\/arteconfort.com\/wp-content\/uploads\/2024\/07\/ventilador-ALMA-86536529-tz-01.webp\" class=\"attachment-shop_catalog size-shop_catalog\" alt=\"Ventilador ALMA temperaturas luz\" srcset=\"https:\/\/arteconfort.com\/wp-content\/uploads\/2024\/07\/ventilador-ALMA-86536529-tz-01.webp 1024w, https:\/\/arteconfort.com\/wp-content\/uploads\/2024\/07\/ventilador-ALMA-86536529-tz-01-768x768.webp 768w, https:\/\/arteconfort.com\/wp-content\/uploads\/2024\/07\/ventilador-ALMA-86536529-tz-01-340x340.webp 340w, https:\/\/arteconfort.com\/wp-content\/uploads\/2024\/07\/ventilador-ALMA-86536529-tz-01-640x640.webp 640w, https:\/\/arteconfort.com\/wp-content\/uploads\/2024\/07\/ventilador-ALMA-86536529-tz-01-960x960.webp 960w, https:\/\/arteconfort.com\/wp-content\/uploads\/2024\/07\/ventilador-ALMA-86536529-tz-01-133x133.webp 133w, https:\/\/arteconfort.com\/wp-content\/uploads\/2024\/07\/ventilador-ALMA-86536529-tz-01-300x300.webp 300w, https:\/\/arteconfort.com\/wp-content\/uploads\/2024\/07\/ventilador-ALMA-86536529-tz-01-600x600.webp 600w, https:\/\/arteconfort.com\/wp-content\/uploads\/2024\/07\/ventilador-ALMA-86536529-tz-01-100x100.webp 100w\" sizes=\"auto, (max-width: 1024px) 100vw, 1024px\" \/><img loading=\"lazy\" decoding=\"async\" width=\"1024\" height=\"1024\" src=\"https:\/\/arteconfort.com\/wp-content\/uploads\/2023\/10\/ALMA-ambiente-2.webp\" class=\"attachment-shop_catalog size-shop_catalog\" alt=\"Ventilador ALMA ambiente luz calida 1\" srcset=\"https:\/\/arteconfort.com\/wp-content\/uploads\/2023\/10\/ALMA-ambiente-2.webp 1024w, https:\/\/arteconfort.com\/wp-content\/uploads\/2023\/10\/ALMA-ambiente-2-768x768.webp 768w, https:\/\/arteconfort.com\/wp-content\/uploads\/2023\/10\/ALMA-ambiente-2-340x340.webp 340w, https:\/\/arteconfort.com\/wp-content\/uploads\/2023\/10\/ALMA-ambiente-2-640x640.webp 640w, https:\/\/arteconfort.com\/wp-content\/uploads\/2023\/10\/ALMA-ambiente-2-960x960.webp 960w, https:\/\/arteconfort.com\/wp-content\/uploads\/2023\/10\/ALMA-ambiente-2-133x133.webp 133w, https:\/\/arteconfort.com\/wp-content\/uploads\/2023\/10\/ALMA-ambiente-2-300x300.webp 300w, https:\/\/arteconfort.com\/wp-content\/uploads\/2023\/10\/ALMA-ambiente-2-600x600.webp 600w, https:\/\/arteconfort.com\/wp-content\/uploads\/2023\/10\/ALMA-ambiente-2-100x100.webp 100w\" sizes=\"auto, (max-width: 1024px) 100vw, 1024px\" \/><img loading=\"lazy\" decoding=\"async\" width=\"1024\" height=\"1024\" src=\"https:\/\/arteconfort.com\/wp-content\/uploads\/2023\/10\/ALMA-ambiente-5.webp\" class=\"attachment-shop_catalog size-shop_catalog\" alt=\"Ventilador ALMA ambiente luz calida 2\" srcset=\"https:\/\/arteconfort.com\/wp-content\/uploads\/2023\/10\/ALMA-ambiente-5.webp 1024w, https:\/\/arteconfort.com\/wp-content\/uploads\/2023\/10\/ALMA-ambiente-5-768x768.webp 768w, https:\/\/arteconfort.com\/wp-content\/uploads\/2023\/10\/ALMA-ambiente-5-340x340.webp 340w, https:\/\/arteconfort.com\/wp-content\/uploads\/2023\/10\/ALMA-ambiente-5-640x640.webp 640w, https:\/\/arteconfort.com\/wp-content\/uploads\/2023\/10\/ALMA-ambiente-5-960x960.webp 960w, https:\/\/arteconfort.com\/wp-content\/uploads\/2023\/10\/ALMA-ambiente-5-133x133.webp 133w, https:\/\/arteconfort.com\/wp-content\/uploads\/2023\/10\/ALMA-ambiente-5-300x300.webp 300w, https:\/\/arteconfort.com\/wp-content\/uploads\/2023\/10\/ALMA-ambiente-5-600x600.webp 600w, https:\/\/arteconfort.com\/wp-content\/uploads\/2023\/10\/ALMA-ambiente-5-100x100.webp 100w\" sizes=\"auto, (max-width: 1024px) 100vw, 1024px\" \/><img loading=\"lazy\" decoding=\"async\" width=\"1024\" height=\"1024\" src=\"https:\/\/arteconfort.com\/wp-content\/uploads\/2023\/10\/ALMA-ambiente-3.webp\" class=\"attachment-shop_catalog size-shop_catalog\" alt=\"Ventilador ALMA ambiente luz neutra 1\" srcset=\"https:\/\/arteconfort.com\/wp-content\/uploads\/2023\/10\/ALMA-ambiente-3.webp 1024w, https:\/\/arteconfort.com\/wp-content\/uploads\/2023\/10\/ALMA-ambiente-3-768x768.webp 768w, https:\/\/arteconfort.com\/wp-content\/uploads\/2023\/10\/ALMA-ambiente-3-340x340.webp 340w, https:\/\/arteconfort.com\/wp-content\/uploads\/2023\/10\/ALMA-ambiente-3-640x640.webp 640w, https:\/\/arteconfort.com\/wp-content\/uploads\/2023\/10\/ALMA-ambiente-3-960x960.webp 960w, https:\/\/arteconfort.com\/wp-content\/uploads\/2023\/10\/ALMA-ambiente-3-133x133.webp 133w, https:\/\/arteconfort.com\/wp-content\/uploads\/2023\/10\/ALMA-ambiente-3-300x300.webp 300w, https:\/\/arteconfort.com\/wp-content\/uploads\/2023\/10\/ALMA-ambiente-3-600x600.webp 600w, https:\/\/arteconfort.com\/wp-content\/uploads\/2023\/10\/ALMA-ambiente-3-100x100.webp 100w\" sizes=\"auto, (max-width: 1024px) 100vw, 1024px\" \/><img loading=\"lazy\" decoding=\"async\" width=\"1024\" height=\"1024\" src=\"https:\/\/arteconfort.com\/wp-content\/uploads\/2023\/10\/ALMA-ambiente-6.webp\" class=\"attachment-shop_catalog size-shop_catalog\" alt=\"Ventilador ALMA ambiente luz neutra 2\" srcset=\"https:\/\/arteconfort.com\/wp-content\/uploads\/2023\/10\/ALMA-ambiente-6.webp 1024w, https:\/\/arteconfort.com\/wp-content\/uploads\/2023\/10\/ALMA-ambiente-6-768x768.webp 768w, https:\/\/arteconfort.com\/wp-content\/uploads\/2023\/10\/ALMA-ambiente-6-340x340.webp 340w, https:\/\/arteconfort.com\/wp-content\/uploads\/2023\/10\/ALMA-ambiente-6-640x640.webp 640w, https:\/\/arteconfort.com\/wp-content\/uploads\/2023\/10\/ALMA-ambiente-6-960x960.webp 960w, https:\/\/arteconfort.com\/wp-content\/uploads\/2023\/10\/ALMA-ambiente-6-133x133.webp 133w, https:\/\/arteconfort.com\/wp-content\/uploads\/2023\/10\/ALMA-ambiente-6-300x300.webp 300w, https:\/\/arteconfort.com\/wp-content\/uploads\/2023\/10\/ALMA-ambiente-6-600x600.webp 600w, https:\/\/arteconfort.com\/wp-content\/uploads\/2023\/10\/ALMA-ambiente-6-100x100.webp 100w\" sizes=\"auto, (max-width: 1024px) 100vw, 1024px\" \/><img loading=\"lazy\" decoding=\"async\" width=\"1024\" height=\"1024\" src=\"https:\/\/arteconfort.com\/wp-content\/uploads\/2023\/10\/ALMA-ambiente-4.webp\" class=\"attachment-shop_catalog size-shop_catalog\" alt=\"Ventilador ALMA ambiente luz fria 1\" srcset=\"https:\/\/arteconfort.com\/wp-content\/uploads\/2023\/10\/ALMA-ambiente-4.webp 1024w, https:\/\/arteconfort.com\/wp-content\/uploads\/2023\/10\/ALMA-ambiente-4-768x768.webp 768w, https:\/\/arteconfort.com\/wp-content\/uploads\/2023\/10\/ALMA-ambiente-4-340x340.webp 340w, https:\/\/arteconfort.com\/wp-content\/uploads\/2023\/10\/ALMA-ambiente-4-640x640.webp 640w, https:\/\/arteconfort.com\/wp-content\/uploads\/2023\/10\/ALMA-ambiente-4-960x960.webp 960w, https:\/\/arteconfort.com\/wp-content\/uploads\/2023\/10\/ALMA-ambiente-4-133x133.webp 133w, https:\/\/arteconfort.com\/wp-content\/uploads\/2023\/10\/ALMA-ambiente-4-300x300.webp 300w, https:\/\/arteconfort.com\/wp-content\/uploads\/2023\/10\/ALMA-ambiente-4-600x600.webp 600w, https:\/\/arteconfort.com\/wp-content\/uploads\/2023\/10\/ALMA-ambiente-4-100x100.webp 100w\" sizes=\"auto, (max-width: 1024px) 100vw, 1024px\" \/><img loading=\"lazy\" decoding=\"async\" width=\"1024\" height=\"1024\" src=\"https:\/\/arteconfort.com\/wp-content\/uploads\/2023\/10\/ALMA-ambiente-7.webp\" class=\"attachment-shop_catalog size-shop_catalog\" alt=\"Ventilador ALMA ambiente luz fria 2\" srcset=\"https:\/\/arteconfort.com\/wp-content\/uploads\/2023\/10\/ALMA-ambiente-7.webp 1024w, https:\/\/arteconfort.com\/wp-content\/uploads\/2023\/10\/ALMA-ambiente-7-768x768.webp 768w, https:\/\/arteconfort.com\/wp-content\/uploads\/2023\/10\/ALMA-ambiente-7-340x340.webp 340w, https:\/\/arteconfort.com\/wp-content\/uploads\/2023\/10\/ALMA-ambiente-7-640x640.webp 640w, https:\/\/arteconfort.com\/wp-content\/uploads\/2023\/10\/ALMA-ambiente-7-960x960.webp 960w, https:\/\/arteconfort.com\/wp-content\/uploads\/2023\/10\/ALMA-ambiente-7-133x133.webp 133w, https:\/\/arteconfort.com\/wp-content\/uploads\/2023\/10\/ALMA-ambiente-7-300x300.webp 300w, https:\/\/arteconfort.com\/wp-content\/uploads\/2023\/10\/ALMA-ambiente-7-600x600.webp 600w, https:\/\/arteconfort.com\/wp-content\/uploads\/2023\/10\/ALMA-ambiente-7-100x100.webp 100w\" sizes=\"auto, (max-width: 1024px) 100vw, 1024px\" \/>\t<\/a>\n\t<div class=\"w-product-status\"><\/div>\t<span id=\"woocommerce_loop_add_to_cart_link_describedby_25348\" class=\"screen-reader-text\">\n\t\t\t<\/span>\n<\/div><div class=\"berocket_better_labels berocket_better_labels_image\"><div class=\"berocket_better_labels_position berocket_better_labels_position_right\"><div class=\"berocket_better_labels_line berocket_better_labels_line_1\"><div class=\"berocket_better_labels_inline berocket_better_labels_inline_1\"><div class=\"br_alabel br_alabel_type_text br_alabel_template_type_css berocket_alabel_id_22611  br_alabel_better_compatibility\" style=\"\"><span  style=\"\"><i style=\"background-color: #000000; border-color: #000000;\" class=\"template-span-before \"><\/i><i style=\"background-color: #000000; border-color: #000000;\" class=\"template-i \"><\/i><i style=\"background-color: #000000; border-color: #000000;\" class=\"template-i-before \"><\/i><i style=\"background-color: #000000; border-color: #000000;\" class=\"template-i-after \"><\/i><b style=\"position: relative;z-index: 100;text-align: center;color: inherit;\">Old collection<\/b><\/span><\/div><\/div><\/div><\/div><\/div><figcaption><h2 class=\"woocommerce-loop-product__title\">ALMA<\/h2><div class=\"woocommerce-product-details__short-description\">\n\t<p>ALMA retractable fan with integrated LED light, high luminous flux and colour temperature memory. It has a white<\/div>\n\n<\/figcaption><\/figure><\/li>\n<li class=\"product type-product post-25429 status-publish last instock product_cat-climatizacion-en product_cat-collection-old-en product_cat-ventiladores-de-techo-en has-post-thumbnail shipping-taxable product-type-simple w-item five-cols\">\n\t<figure><div class=\"image-wrapper\">\t\t<a href=\"https:\/\/arteconfort.com\/en\/producto\/gala\/\" class=\"w-fadeslider\">\n\t<img loading=\"lazy\" decoding=\"async\" width=\"1024\" height=\"1024\" src=\"https:\/\/arteconfort.com\/wp-content\/uploads\/2023\/10\/GALA-mando.webp\" class=\"attachment-shop_catalog size-shop_catalog wp-post-image\" alt=\"\" srcset=\"https:\/\/arteconfort.com\/wp-content\/uploads\/2023\/10\/GALA-mando.webp 1024w, https:\/\/arteconfort.com\/wp-content\/uploads\/2023\/10\/GALA-mando-768x768.webp 768w, https:\/\/arteconfort.com\/wp-content\/uploads\/2023\/10\/GALA-mando-340x340.webp 340w, https:\/\/arteconfort.com\/wp-content\/uploads\/2023\/10\/GALA-mando-640x640.webp 640w, https:\/\/arteconfort.com\/wp-content\/uploads\/2023\/10\/GALA-mando-960x960.webp 960w, https:\/\/arteconfort.com\/wp-content\/uploads\/2023\/10\/GALA-mando-300x300.webp 300w, https:\/\/arteconfort.com\/wp-content\/uploads\/2023\/10\/GALA-mando-600x600.webp 600w, https:\/\/arteconfort.com\/wp-content\/uploads\/2023\/10\/GALA-mando-100x100.webp 100w, https:\/\/arteconfort.com\/wp-content\/uploads\/2023\/10\/GALA-mando-133x133.webp 133w\" sizes=\"auto, (max-width: 1024px) 100vw, 1024px\" \/>\t<img loading=\"lazy\" decoding=\"async\" width=\"1024\" height=\"1024\" src=\"https:\/\/arteconfort.com\/wp-content\/uploads\/2023\/10\/GALA-luces.webp\" class=\"attachment-shop_catalog size-shop_catalog\" alt=\"\" srcset=\"https:\/\/arteconfort.com\/wp-content\/uploads\/2023\/10\/GALA-luces.webp 1024w, https:\/\/arteconfort.com\/wp-content\/uploads\/2023\/10\/GALA-luces-768x768.webp 768w, https:\/\/arteconfort.com\/wp-content\/uploads\/2023\/10\/GALA-luces-340x340.webp 340w, https:\/\/arteconfort.com\/wp-content\/uploads\/2023\/10\/GALA-luces-640x640.webp 640w, https:\/\/arteconfort.com\/wp-content\/uploads\/2023\/10\/GALA-luces-960x960.webp 960w, https:\/\/arteconfort.com\/wp-content\/uploads\/2023\/10\/GALA-luces-133x133.webp 133w, https:\/\/arteconfort.com\/wp-content\/uploads\/2023\/10\/GALA-luces-300x300.webp 300w, https:\/\/arteconfort.com\/wp-content\/uploads\/2023\/10\/GALA-luces-600x600.webp 600w, https:\/\/arteconfort.com\/wp-content\/uploads\/2023\/10\/GALA-luces-100x100.webp 100w\" sizes=\"auto, (max-width: 1024px) 100vw, 1024px\" \/><img loading=\"lazy\" decoding=\"async\" width=\"1024\" height=\"1024\" src=\"https:\/\/arteconfort.com\/wp-content\/uploads\/2023\/10\/GALA-detalle-4.webp\" class=\"attachment-shop_catalog size-shop_catalog\" alt=\"\" srcset=\"https:\/\/arteconfort.com\/wp-content\/uploads\/2023\/10\/GALA-detalle-4.webp 1024w, https:\/\/arteconfort.com\/wp-content\/uploads\/2023\/10\/GALA-detalle-4-768x768.webp 768w, https:\/\/arteconfort.com\/wp-content\/uploads\/2023\/10\/GALA-detalle-4-340x340.webp 340w, https:\/\/arteconfort.com\/wp-content\/uploads\/2023\/10\/GALA-detalle-4-640x640.webp 640w, https:\/\/arteconfort.com\/wp-content\/uploads\/2023\/10\/GALA-detalle-4-960x960.webp 960w, https:\/\/arteconfort.com\/wp-content\/uploads\/2023\/10\/GALA-detalle-4-133x133.webp 133w, https:\/\/arteconfort.com\/wp-content\/uploads\/2023\/10\/GALA-detalle-4-300x300.webp 300w, https:\/\/arteconfort.com\/wp-content\/uploads\/2023\/10\/GALA-detalle-4-600x600.webp 600w, https:\/\/arteconfort.com\/wp-content\/uploads\/2023\/10\/GALA-detalle-4-100x100.webp 100w\" sizes=\"auto, (max-width: 1024px) 100vw, 1024px\" \/><img loading=\"lazy\" decoding=\"async\" width=\"1024\" height=\"1024\" src=\"https:\/\/arteconfort.com\/wp-content\/uploads\/2023\/10\/GALA-detalle-3.webp\" class=\"attachment-shop_catalog size-shop_catalog\" alt=\"\" srcset=\"https:\/\/arteconfort.com\/wp-content\/uploads\/2023\/10\/GALA-detalle-3.webp 1024w, https:\/\/arteconfort.com\/wp-content\/uploads\/2023\/10\/GALA-detalle-3-768x768.webp 768w, https:\/\/arteconfort.com\/wp-content\/uploads\/2023\/10\/GALA-detalle-3-340x340.webp 340w, https:\/\/arteconfort.com\/wp-content\/uploads\/2023\/10\/GALA-detalle-3-640x640.webp 640w, https:\/\/arteconfort.com\/wp-content\/uploads\/2023\/10\/GALA-detalle-3-960x960.webp 960w, https:\/\/arteconfort.com\/wp-content\/uploads\/2023\/10\/GALA-detalle-3-133x133.webp 133w, https:\/\/arteconfort.com\/wp-content\/uploads\/2023\/10\/GALA-detalle-3-300x300.webp 300w, https:\/\/arteconfort.com\/wp-content\/uploads\/2023\/10\/GALA-detalle-3-600x600.webp 600w, https:\/\/arteconfort.com\/wp-content\/uploads\/2023\/10\/GALA-detalle-3-100x100.webp 100w\" sizes=\"auto, (max-width: 1024px) 100vw, 1024px\" \/><img loading=\"lazy\" decoding=\"async\" width=\"1024\" height=\"1024\" src=\"https:\/\/arteconfort.com\/wp-content\/uploads\/2023\/10\/GALA-detalle-2.webp\" class=\"attachment-shop_catalog size-shop_catalog\" alt=\"\" srcset=\"https:\/\/arteconfort.com\/wp-content\/uploads\/2023\/10\/GALA-detalle-2.webp 1024w, https:\/\/arteconfort.com\/wp-content\/uploads\/2023\/10\/GALA-detalle-2-768x768.webp 768w, https:\/\/arteconfort.com\/wp-content\/uploads\/2023\/10\/GALA-detalle-2-340x340.webp 340w, https:\/\/arteconfort.com\/wp-content\/uploads\/2023\/10\/GALA-detalle-2-640x640.webp 640w, https:\/\/arteconfort.com\/wp-content\/uploads\/2023\/10\/GALA-detalle-2-960x960.webp 960w, https:\/\/arteconfort.com\/wp-content\/uploads\/2023\/10\/GALA-detalle-2-133x133.webp 133w, https:\/\/arteconfort.com\/wp-content\/uploads\/2023\/10\/GALA-detalle-2-300x300.webp 300w, https:\/\/arteconfort.com\/wp-content\/uploads\/2023\/10\/GALA-detalle-2-600x600.webp 600w, https:\/\/arteconfort.com\/wp-content\/uploads\/2023\/10\/GALA-detalle-2-100x100.webp 100w\" sizes=\"auto, (max-width: 1024px) 100vw, 1024px\" \/><img loading=\"lazy\" decoding=\"async\" width=\"1024\" height=\"1024\" src=\"https:\/\/arteconfort.com\/wp-content\/uploads\/2023\/10\/GALA-detalle.webp\" class=\"attachment-shop_catalog size-shop_catalog\" alt=\"\" srcset=\"https:\/\/arteconfort.com\/wp-content\/uploads\/2023\/10\/GALA-detalle.webp 1024w, https:\/\/arteconfort.com\/wp-content\/uploads\/2023\/10\/GALA-detalle-768x768.webp 768w, https:\/\/arteconfort.com\/wp-content\/uploads\/2023\/10\/GALA-detalle-340x340.webp 340w, https:\/\/arteconfort.com\/wp-content\/uploads\/2023\/10\/GALA-detalle-640x640.webp 640w, https:\/\/arteconfort.com\/wp-content\/uploads\/2023\/10\/GALA-detalle-960x960.webp 960w, https:\/\/arteconfort.com\/wp-content\/uploads\/2023\/10\/GALA-detalle-133x133.webp 133w, https:\/\/arteconfort.com\/wp-content\/uploads\/2023\/10\/GALA-detalle-300x300.webp 300w, https:\/\/arteconfort.com\/wp-content\/uploads\/2023\/10\/GALA-detalle-600x600.webp 600w, https:\/\/arteconfort.com\/wp-content\/uploads\/2023\/10\/GALA-detalle-100x100.webp 100w\" sizes=\"auto, (max-width: 1024px) 100vw, 1024px\" \/><img loading=\"lazy\" decoding=\"async\" width=\"1024\" height=\"1024\" src=\"https:\/\/arteconfort.com\/wp-content\/uploads\/2023\/10\/GALA-ambiente-6.webp\" class=\"attachment-shop_catalog size-shop_catalog\" alt=\"\" srcset=\"https:\/\/arteconfort.com\/wp-content\/uploads\/2023\/10\/GALA-ambiente-6.webp 1024w, https:\/\/arteconfort.com\/wp-content\/uploads\/2023\/10\/GALA-ambiente-6-768x768.webp 768w, https:\/\/arteconfort.com\/wp-content\/uploads\/2023\/10\/GALA-ambiente-6-340x340.webp 340w, https:\/\/arteconfort.com\/wp-content\/uploads\/2023\/10\/GALA-ambiente-6-640x640.webp 640w, https:\/\/arteconfort.com\/wp-content\/uploads\/2023\/10\/GALA-ambiente-6-960x960.webp 960w, https:\/\/arteconfort.com\/wp-content\/uploads\/2023\/10\/GALA-ambiente-6-133x133.webp 133w, https:\/\/arteconfort.com\/wp-content\/uploads\/2023\/10\/GALA-ambiente-6-300x300.webp 300w, https:\/\/arteconfort.com\/wp-content\/uploads\/2023\/10\/GALA-ambiente-6-600x600.webp 600w, https:\/\/arteconfort.com\/wp-content\/uploads\/2023\/10\/GALA-ambiente-6-100x100.webp 100w\" sizes=\"auto, (max-width: 1024px) 100vw, 1024px\" \/><img loading=\"lazy\" decoding=\"async\" width=\"1024\" height=\"1024\" src=\"https:\/\/arteconfort.com\/wp-content\/uploads\/2023\/10\/GALA-ambiente-5.webp\" class=\"attachment-shop_catalog size-shop_catalog\" alt=\"\" srcset=\"https:\/\/arteconfort.com\/wp-content\/uploads\/2023\/10\/GALA-ambiente-5.webp 1024w, https:\/\/arteconfort.com\/wp-content\/uploads\/2023\/10\/GALA-ambiente-5-768x768.webp 768w, https:\/\/arteconfort.com\/wp-content\/uploads\/2023\/10\/GALA-ambiente-5-340x340.webp 340w, https:\/\/arteconfort.com\/wp-content\/uploads\/2023\/10\/GALA-ambiente-5-640x640.webp 640w, https:\/\/arteconfort.com\/wp-content\/uploads\/2023\/10\/GALA-ambiente-5-960x960.webp 960w, https:\/\/arteconfort.com\/wp-content\/uploads\/2023\/10\/GALA-ambiente-5-133x133.webp 133w, https:\/\/arteconfort.com\/wp-content\/uploads\/2023\/10\/GALA-ambiente-5-300x300.webp 300w, https:\/\/arteconfort.com\/wp-content\/uploads\/2023\/10\/GALA-ambiente-5-600x600.webp 600w, https:\/\/arteconfort.com\/wp-content\/uploads\/2023\/10\/GALA-ambiente-5-100x100.webp 100w\" sizes=\"auto, (max-width: 1024px) 100vw, 1024px\" \/><img loading=\"lazy\" decoding=\"async\" width=\"1024\" height=\"1024\" src=\"https:\/\/arteconfort.com\/wp-content\/uploads\/2023\/10\/GALA-ambiente-4.webp\" class=\"attachment-shop_catalog size-shop_catalog\" alt=\"\" srcset=\"https:\/\/arteconfort.com\/wp-content\/uploads\/2023\/10\/GALA-ambiente-4.webp 1024w, https:\/\/arteconfort.com\/wp-content\/uploads\/2023\/10\/GALA-ambiente-4-768x768.webp 768w, https:\/\/arteconfort.com\/wp-content\/uploads\/2023\/10\/GALA-ambiente-4-340x340.webp 340w, https:\/\/arteconfort.com\/wp-content\/uploads\/2023\/10\/GALA-ambiente-4-640x640.webp 640w, https:\/\/arteconfort.com\/wp-content\/uploads\/2023\/10\/GALA-ambiente-4-960x960.webp 960w, https:\/\/arteconfort.com\/wp-content\/uploads\/2023\/10\/GALA-ambiente-4-133x133.webp 133w, https:\/\/arteconfort.com\/wp-content\/uploads\/2023\/10\/GALA-ambiente-4-300x300.webp 300w, https:\/\/arteconfort.com\/wp-content\/uploads\/2023\/10\/GALA-ambiente-4-600x600.webp 600w, https:\/\/arteconfort.com\/wp-content\/uploads\/2023\/10\/GALA-ambiente-4-100x100.webp 100w\" sizes=\"auto, (max-width: 1024px) 100vw, 1024px\" \/><img loading=\"lazy\" decoding=\"async\" width=\"1024\" height=\"1024\" src=\"https:\/\/arteconfort.com\/wp-content\/uploads\/2023\/10\/GALA-ambiente-3.webp\" class=\"attachment-shop_catalog size-shop_catalog\" alt=\"\" srcset=\"https:\/\/arteconfort.com\/wp-content\/uploads\/2023\/10\/GALA-ambiente-3.webp 1024w, https:\/\/arteconfort.com\/wp-content\/uploads\/2023\/10\/GALA-ambiente-3-768x768.webp 768w, https:\/\/arteconfort.com\/wp-content\/uploads\/2023\/10\/GALA-ambiente-3-340x340.webp 340w, https:\/\/arteconfort.com\/wp-content\/uploads\/2023\/10\/GALA-ambiente-3-640x640.webp 640w, https:\/\/arteconfort.com\/wp-content\/uploads\/2023\/10\/GALA-ambiente-3-960x960.webp 960w, https:\/\/arteconfort.com\/wp-content\/uploads\/2023\/10\/GALA-ambiente-3-133x133.webp 133w, https:\/\/arteconfort.com\/wp-content\/uploads\/2023\/10\/GALA-ambiente-3-300x300.webp 300w, https:\/\/arteconfort.com\/wp-content\/uploads\/2023\/10\/GALA-ambiente-3-600x600.webp 600w, https:\/\/arteconfort.com\/wp-content\/uploads\/2023\/10\/GALA-ambiente-3-100x100.webp 100w\" sizes=\"auto, (max-width: 1024px) 100vw, 1024px\" \/><img loading=\"lazy\" decoding=\"async\" width=\"1024\" height=\"1024\" src=\"https:\/\/arteconfort.com\/wp-content\/uploads\/2023\/10\/GALA-grafico.webp\" class=\"attachment-shop_catalog size-shop_catalog\" alt=\"\" srcset=\"https:\/\/arteconfort.com\/wp-content\/uploads\/2023\/10\/GALA-grafico.webp 1024w, https:\/\/arteconfort.com\/wp-content\/uploads\/2023\/10\/GALA-grafico-768x768.webp 768w, https:\/\/arteconfort.com\/wp-content\/uploads\/2023\/10\/GALA-grafico-340x340.webp 340w, https:\/\/arteconfort.com\/wp-content\/uploads\/2023\/10\/GALA-grafico-640x640.webp 640w, https:\/\/arteconfort.com\/wp-content\/uploads\/2023\/10\/GALA-grafico-960x960.webp 960w, https:\/\/arteconfort.com\/wp-content\/uploads\/2023\/10\/GALA-grafico-133x133.webp 133w, https:\/\/arteconfort.com\/wp-content\/uploads\/2023\/10\/GALA-grafico-300x300.webp 300w, https:\/\/arteconfort.com\/wp-content\/uploads\/2023\/10\/GALA-grafico-600x600.webp 600w, https:\/\/arteconfort.com\/wp-content\/uploads\/2023\/10\/GALA-grafico-100x100.webp 100w\" sizes=\"auto, (max-width: 1024px) 100vw, 1024px\" \/>\t<\/a>\n\t<div class=\"w-product-status\"><\/div>\t<span id=\"woocommerce_loop_add_to_cart_link_describedby_25429\" class=\"screen-reader-text\">\n\t\t\t<\/span>\n<\/div><div class=\"berocket_better_labels berocket_better_labels_image\"><div class=\"berocket_better_labels_position berocket_better_labels_position_right\"><div class=\"berocket_better_labels_line berocket_better_labels_line_1\"><div class=\"berocket_better_labels_inline berocket_better_labels_inline_1\"><div class=\"br_alabel br_alabel_type_text br_alabel_template_type_css berocket_alabel_id_22611  br_alabel_better_compatibility\" style=\"\"><span  style=\"\"><i style=\"background-color: #000000; border-color: #000000;\" class=\"template-span-before \"><\/i><i style=\"background-color: #000000; border-color: #000000;\" class=\"template-i \"><\/i><i style=\"background-color: #000000; border-color: #000000;\" class=\"template-i-before \"><\/i><i style=\"background-color: #000000; border-color: #000000;\" class=\"template-i-after \"><\/i><b style=\"position: relative;z-index: 100;text-align: center;color: inherit;\">Old collection<\/b><\/span><\/div><\/div><\/div><\/div><\/div><figcaption><h2 class=\"woocommerce-loop-product__title\">GALA<\/h2><div class=\"woocommerce-product-details__short-description\">\n\t<p>GALA IP44 outdoor ceiling fan with integrated LED light and colour temperature memory. It has a black body<\/div>\n\n<\/figcaption><\/figure><\/li>\n<\/ul>\n<\/div>[vc_empty_space height=&#8221;20px&#8221;][vc_row_inner][vc_column_inner text_align=&#8221;center&#8221;][vc_raw_html]JTNDYSUyMGhyZWYlM0QlMjIlMjN0b2Rvcy12ZW50aWxhZG9yZXMlMjIlM0VDb250aW51ZXMlMjB0byUyMHNlZSUyMGFsbCUyMGNlaWxpbmclMjBmYW5zJTNDJTJGYSUzRQ==[\/vc_raw_html][vc_empty_space height=&#8221;20px&#8221;][\/vc_column_inner][\/vc_row_inner][\/vc_column][\/vc_row][vc_row vertical_align=&#8221;middle&#8221; padding_size=&#8221;m-padding&#8221; background_mode=&#8221;color&#8221; background_color=&#8221;#f5f5f5&#8243;][vc_column][vc_row_inner][vc_column_inner width=&#8221;1\/3&#8243; offset=&#8221;vc_col-xs-12&#8243; el_class=&#8221;banner-home&#8221;][wyde_heading style=&#8221;3&#8243; title_tag=&#8221;h3&#8243; subheading_tag=&#8221;span&#8221; title=&#8221;Room size&#8221; subheading=&#8221;Choose your ceiling fan according to room size&#8221;][\/vc_column_inner][vc_column_inner width=&#8221;1\/6&#8243; el_class=&#8221;banner-home&#8221; offset=&#8221;vc_col-xs-6&#8243;][wyde_banner title_tag=&#8221;h5&#8243; banner_style=&#8221;2&#8243; title=&#8221;Ceiling fans for <strong>SMALL ROOMS<\/strong>&#8221; image=&#8221;28350&#8243; link=&#8221;url:https%3A%2F%2Farteconfort.com%2Fen%2Fclimatizacion%2Fventiladores-de-techo%2Fventiladores-de-techo-para-habitaciones-pequenas%2F|title:Pol%C3%ADtica%20de%20sostenibilidad||&#8221; heading_color=&#8221;#ffffff&#8221;][\/vc_column_inner][vc_column_inner width=&#8221;1\/6&#8243; el_class=&#8221;banner-home&#8221; offset=&#8221;vc_col-xs-6&#8243;][wyde_banner title_tag=&#8221;h5&#8243; banner_style=&#8221;2&#8243; title=&#8221;Ceiling fans for <strong>MEDIUM SIZED ROOMS<\/strong>&#8221; image=&#8221;28345&#8243; link=&#8221;url:https%3A%2F%2Farteconfort.com%2Fen%2Fclimatizacion%2Fventiladores-de-techo%2Fventiladores-de-techo-para-habitaciones-medianas%2F|title:Ventiladores%20de%20techo%20para%20habitaciones%20medianas||&#8221; heading_color=&#8221;#ffffff&#8221;][\/vc_column_inner][vc_column_inner width=&#8221;1\/6&#8243; offset=&#8221;vc_col-xs-6&#8243; el_class=&#8221;banner-home&#8221;][wyde_banner title_tag=&#8221;h5&#8243; banner_style=&#8221;2&#8243; title=&#8221;Ceiling fans for <strong>BIG ROOMS<\/strong>&#8221; image=&#8221;28340&#8243; link=&#8221;url:https%3A%2F%2Farteconfort.com%2Fen%2Fclimatizacion%2Fventiladores-de-techo%2Fventiladores-de-techo-para-habitaciones-grandes%2F|title:Ventiladores%20de%20techo%20para%20habitaciones%20grandes||&#8221; heading_color=&#8221;#ffffff&#8221;][\/vc_column_inner][vc_column_inner width=&#8221;1\/6&#8243; offset=&#8221;vc_col-xs-6&#8243; el_class=&#8221;banner-home&#8221;][wyde_banner title_tag=&#8221;h5&#8243; banner_style=&#8221;2&#8243; title=&#8221;Ceiling fans for <strong>OUTDOOR USE<\/strong>&#8221; image=&#8221;28355&#8243; link=&#8221;url:https%3A%2F%2Farteconfort.com%2Fen%2Fclimatizacion%2Fventiladores-de-techo%2Fventiladores-de-techo-para-uso-exterior%2F|title:Ventiladores%20de%20techo%20para%20uso%20exterior||&#8221; heading_color=&#8221;#ffffff&#8221;][\/vc_column_inner][\/vc_row_inner][vc_empty_space height=&#8221;40px&#8221;][vc_row_inner][vc_column_inner width=&#8221;1\/3&#8243; offset=&#8221;vc_col-xs-12&#8243; el_class=&#8221;banner-home&#8221;][wyde_heading style=&#8221;3&#8243; title_tag=&#8221;h3&#8243; subheading_tag=&#8221;span&#8221; title=&#8221;Power on mode&#8221; subheading=&#8221;There are different ways to operate your fan&#8221;][\/vc_column_inner][vc_column_inner width=&#8221;1\/6&#8243; el_class=&#8221;banner-home&#8221; offset=&#8221;vc_col-xs-6&#8243;][wyde_banner title_tag=&#8221;h5&#8243; banner_style=&#8221;2&#8243; title=&#8221;Ceiling fans with <strong>VOICE OR APP CONTROL<\/strong>&#8221; image=&#8221;28320&#8243; link=&#8221;url:https%3A%2F%2Farteconfort.com%2Fen%2Fclimatizacion%2Fventiladores-de-techo%2Fventiladores-de-techo-con-control-por-voz-o-app%2F|title:Pol%C3%ADtica%20de%20sostenibilidad||&#8221; heading_color=&#8221;#ffffff&#8221;][\/vc_column_inner][vc_column_inner width=&#8221;1\/6&#8243; el_class=&#8221;banner-home&#8221; offset=&#8221;vc_col-xs-6&#8243;][wyde_banner title_tag=&#8221;h5&#8243; banner_style=&#8221;2&#8243; title=&#8221;Ceiling fans with <strong>REMOTE CONTROL<\/strong>&#8221; image=&#8221;28330&#8243; link=&#8221;url:https%3A%2F%2Farteconfort.com%2Fen%2Fclimatizacion%2Fventiladores-de-techo%2Fventiladores-de-techo-con-mando-a-distancia%2F|title:Ventiladores%20de%20techo%20con%20mando%20a%20distancia||&#8221; heading_color=&#8221;#ffffff&#8221;][\/vc_column_inner][vc_column_inner width=&#8221;1\/6&#8243; offset=&#8221;vc_col-xs-6&#8243; el_class=&#8221;banner-home&#8221;][wyde_banner title_tag=&#8221;h5&#8243; banner_style=&#8221;2&#8243; title=&#8221;Ceiling fans with <strong>CHAIN<\/strong>&#8221; image=&#8221;28310&#8243; link=&#8221;url:https%3A%2F%2Farteconfort.com%2Fen%2Fclimatizacion%2Fventiladores-de-techo%2Fventiladores-de-techo-con-cadena%2F|title:Ventiladores%20de%20techo%20con%20cadena||&#8221; heading_color=&#8221;#ffffff&#8221;][\/vc_column_inner][vc_column_inner width=&#8221;1\/6&#8243; offset=&#8221;vc_col-xs-6&#8243; el_class=&#8221;banner-home&#8221;][\/vc_column_inner][\/vc_row_inner][vc_empty_space height=&#8221;40px&#8221;][vc_row_inner][vc_column_inner width=&#8221;1\/3&#8243; offset=&#8221;vc_col-xs-12&#8243; el_class=&#8221;banner-home&#8221;][wyde_heading style=&#8221;3&#8243; title_tag=&#8221;h3&#8243; subheading_tag=&#8221;span&#8221; title=&#8221;Type of lighting&#8221; subheading=&#8221;Your ceiling fan with or without light&#8221;][\/vc_column_inner][vc_column_inner width=&#8221;1\/6&#8243; el_class=&#8221;banner-home&#8221; offset=&#8221;vc_col-xs-6&#8243;][wyde_banner title_tag=&#8221;h5&#8243; banner_style=&#8221;2&#8243; title=&#8221;Ceiling fans with <strong>INTEGRATED LED LIGHT<\/strong>&#8221; image=&#8221;28325&#8243; link=&#8221;url:https%3A%2F%2Farteconfort.com%2Fen%2Fclimatizacion%2Fventiladores-de-techo%2Fventiladores-de-techo-con-luz-led-integrada%2F|title:Pol%C3%ADtica%20de%20sostenibilidad||&#8221; heading_color=&#8221;#ffffff&#8221;][\/vc_column_inner][vc_column_inner width=&#8221;1\/6&#8243; el_class=&#8221;banner-home&#8221; offset=&#8221;vc_col-xs-6&#8243;][wyde_banner title_tag=&#8221;h5&#8243; banner_style=&#8221;2&#8243; title=&#8221;Ceiling fans with <strong>BULB LIGHT<\/strong>&#8221; image=&#8221;28315&#8243; link=&#8221;url:https%3A%2F%2Farteconfort.com%2Fen%2Fclimatizacion%2Fventiladores-de-techo%2Fventiladores-de-techo-con-casquillo%2F|title:Ventiladores%20de%20techo%20con%20casquillo||&#8221; heading_color=&#8221;#ffffff&#8221;][\/vc_column_inner][vc_column_inner width=&#8221;1\/6&#8243; offset=&#8221;vc_col-xs-6&#8243; el_class=&#8221;banner-home&#8221;][wyde_banner title_tag=&#8221;h5&#8243; banner_style=&#8221;2&#8243; title=&#8221;Ceiling fans <strong>WITHOUT LIGHT<\/strong>&#8221; image=&#8221;28360&#8243; link=&#8221;url:https%3A%2F%2Farteconfort.com%2Fen%2Fclimatizacion%2Fventiladores-de-techo%2Fventiladores-de-techo-sin-luz%2F|title:Ventiladores%20de%20techo%20sin%20luz||&#8221; heading_color=&#8221;#ffffff&#8221;][\/vc_column_inner][vc_column_inner width=&#8221;1\/6&#8243; offset=&#8221;vc_col-xs-6&#8243; el_class=&#8221;banner-home&#8221;][\/vc_column_inner][\/vc_row_inner][vc_empty_space height=&#8221;40px&#8221;][vc_row_inner][vc_column_inner width=&#8221;1\/3&#8243; offset=&#8221;vc_col-xs-12&#8243; el_class=&#8221;banner-home&#8221;][wyde_heading style=&#8221;3&#8243; title_tag=&#8221;h3&#8243; subheading_tag=&#8221;span&#8221; title=&#8221;Special features&#8221; subheading=&#8221;An extra plus for your home&#8221;][\/vc_column_inner][vc_column_inner width=&#8221;1\/6&#8243; el_class=&#8221;banner-home&#8221; offset=&#8221;vc_col-xs-6&#8243;][wyde_banner title_tag=&#8221;h5&#8243; banner_style=&#8221;2&#8243; title=&#8221;Ceiling fans with <strong>INTEGRATED BLUETOOTH SPEAKER<\/strong>&#8221; image=&#8221;28295&#8243; link=&#8221;url:https%3A%2F%2Farteconfort.com%2Fen%2Fclimatizacion%2Fventiladores-de-techo%2Fventiladores-de-techo-con-altavoz-bluetooth-integrado%2F|title:Pol%C3%ADtica%20de%20sostenibilidad||&#8221; heading_color=&#8221;#ffffff&#8221;][\/vc_column_inner][vc_column_inner width=&#8221;1\/6&#8243; el_class=&#8221;banner-home&#8221; offset=&#8221;vc_col-xs-6&#8243;][wyde_banner title_tag=&#8221;h5&#8243; banner_style=&#8221;2&#8243; title=&#8221;Ceiling fans with <strong>REVERSIBLE BLADES<\/strong>&#8221; image=&#8221;28305&#8243; link=&#8221;url:https%3A%2F%2Farteconfort.com%2Fen%2Fclimatizacion%2Fventiladores-de-techo%2Fventiladores-de-techo-con-aspas-reversibles%2F|title:Ventiladores%20de%20techo%20con%20aspas%20reversibles||&#8221; heading_color=&#8221;#ffffff&#8221;][\/vc_column_inner][vc_column_inner width=&#8221;1\/6&#8243; offset=&#8221;vc_col-xs-6&#8243; el_class=&#8221;banner-home&#8221;][wyde_banner title_tag=&#8221;h5&#8243; banner_style=&#8221;2&#8243; title=&#8221;Ceiling fans with <strong>HIDDEN OR RETRACTABLE BLADES<\/strong>&#8221; image=&#8221;28300&#8243; link=&#8221;url:https%3A%2F%2Farteconfort.com%2Fen%2Fclimatizacion%2Fventiladores-de-techo%2Fventiladores-de-techo-con-aspas-ocultas-o-retractiles%2F|title:Ventiladores%20de%20techo%20con%20aspas%20ocultas||&#8221; heading_color=&#8221;#ffffff&#8221;][\/vc_column_inner][vc_column_inner width=&#8221;1\/6&#8243; offset=&#8221;vc_col-xs-6&#8243; el_class=&#8221;banner-home&#8221;][wyde_banner title_tag=&#8221;h5&#8243; banner_style=&#8221;2&#8243; title=&#8221;Ceiling fans with <strong>THERMOSTAT<\/strong>&#8221; image=&#8221;28335&#8243; link=&#8221;url:https%3A%2F%2Farteconfort.com%2Fen%2Fclimatizacion%2Fventiladores-de-techo%2Fventiladores-de-techo-con-termostato%2F|title:Ventiladores%20de%20techo%20con%20aspas%20ocultas||&#8221; heading_color=&#8221;#ffffff&#8221;][\/vc_column_inner][\/vc_row_inner][\/vc_column][\/vc_row][vc_row padding_size=&#8221;no-padding&#8221;][vc_column][vc_raw_html]JTNDYSUyMG5hbWUlM0QlMjJ0b2Rvcy12ZW50aWxhZG9yZXMlMjIlM0UlM0MlMkZhJTNF[\/vc_raw_html][vc_empty_space][wyde_heading title=&#8221;All our ceiling fans are quiet enough to sleep on&#8221;][vc_empty_space height=&#8221;20px&#8221;][vc_column_text]Ceiling fans are a <strong>perfect alternative for cooling down during the warmer months<\/strong> of the year without having to spend too much on electricity. This type of ventilation system will allow you to save on consumption, while maintaining a comfortable temperature in the rooms with the latest smart home IoT technology.<\/p>\n<p>At Arteconfort you can find your <strong>programmable ceiling fan<\/strong> from a wide range of fans for sloping ceilings, ceiling fans with wooden blades or fans for sloping ceilings.<\/p>\n<p>And choose your finish from <strong>wooden<\/strong> ceiling fans or ceiling fans in <strong>different colours<\/strong>, such as <strong>black<\/strong>, <strong>white<\/strong> or <strong>gold<\/strong>. In addition, ceiling fans include light in their performance, making them the ideal replacement for ceiling lights.[\/vc_column_text][vc_empty_space][\/vc_column][\/vc_row][vc_row padding_size=&#8221;no-padding&#8221;][vc_column][vc_column_text]<div class=\"woocommerce columns-4 \"><ul class=\"products w-grid-space clear columns-4\">\r\n<li class=\"product type-product post-47004 status-publish first instock product_cat-climatizacion-en product_cat-ventiladores-de-techo-en has-post-thumbnail shipping-taxable product-type-simple w-item col-3\">\n\t<figure><div class=\"image-wrapper\">\t\t<a href=\"https:\/\/arteconfort.com\/en\/producto\/acan-m\/\" class=\"w-fadeslider\">\n\t<img loading=\"lazy\" decoding=\"async\" width=\"1024\" height=\"1024\" src=\"https:\/\/arteconfort.com\/wp-content\/uploads\/2025\/04\/ACAN-M-mando.webp\" class=\"attachment-shop_catalog size-shop_catalog wp-post-image\" alt=\"\" srcset=\"https:\/\/arteconfort.com\/wp-content\/uploads\/2025\/04\/ACAN-M-mando.webp 1024w, https:\/\/arteconfort.com\/wp-content\/uploads\/2025\/04\/ACAN-M-mando-768x768.webp 768w, https:\/\/arteconfort.com\/wp-content\/uploads\/2025\/04\/ACAN-M-mando-340x340.webp 340w, https:\/\/arteconfort.com\/wp-content\/uploads\/2025\/04\/ACAN-M-mando-640x640.webp 640w, https:\/\/arteconfort.com\/wp-content\/uploads\/2025\/04\/ACAN-M-mando-960x960.webp 960w, https:\/\/arteconfort.com\/wp-content\/uploads\/2025\/04\/ACAN-M-mando-300x300.webp 300w, https:\/\/arteconfort.com\/wp-content\/uploads\/2025\/04\/ACAN-M-mando-600x600.webp 600w, https:\/\/arteconfort.com\/wp-content\/uploads\/2025\/04\/ACAN-M-mando-100x100.webp 100w\" sizes=\"auto, (max-width: 1024px) 100vw, 1024px\" \/>\t<img loading=\"lazy\" decoding=\"async\" width=\"1080\" height=\"1080\" src=\"https:\/\/arteconfort.com\/wp-content\/uploads\/2025\/04\/ACAN-M-ambiente-02.webp\" class=\"attachment-shop_catalog size-shop_catalog\" alt=\"\" srcset=\"https:\/\/arteconfort.com\/wp-content\/uploads\/2025\/04\/ACAN-M-ambiente-02.webp 1080w, https:\/\/arteconfort.com\/wp-content\/uploads\/2025\/04\/ACAN-M-ambiente-02-768x768.webp 768w, https:\/\/arteconfort.com\/wp-content\/uploads\/2025\/04\/ACAN-M-ambiente-02-340x340.webp 340w, https:\/\/arteconfort.com\/wp-content\/uploads\/2025\/04\/ACAN-M-ambiente-02-640x640.webp 640w, https:\/\/arteconfort.com\/wp-content\/uploads\/2025\/04\/ACAN-M-ambiente-02-960x960.webp 960w, https:\/\/arteconfort.com\/wp-content\/uploads\/2025\/04\/ACAN-M-ambiente-02-300x300.webp 300w, https:\/\/arteconfort.com\/wp-content\/uploads\/2025\/04\/ACAN-M-ambiente-02-600x600.webp 600w, https:\/\/arteconfort.com\/wp-content\/uploads\/2025\/04\/ACAN-M-ambiente-02-100x100.webp 100w\" sizes=\"auto, (max-width: 1080px) 100vw, 1080px\" \/><img loading=\"lazy\" decoding=\"async\" width=\"1024\" height=\"1024\" src=\"https:\/\/arteconfort.com\/wp-content\/uploads\/2025\/04\/ACAN-M-cerrado.webp\" class=\"attachment-shop_catalog size-shop_catalog\" alt=\"\" srcset=\"https:\/\/arteconfort.com\/wp-content\/uploads\/2025\/04\/ACAN-M-cerrado.webp 1024w, https:\/\/arteconfort.com\/wp-content\/uploads\/2025\/04\/ACAN-M-cerrado-768x768.webp 768w, https:\/\/arteconfort.com\/wp-content\/uploads\/2025\/04\/ACAN-M-cerrado-340x340.webp 340w, https:\/\/arteconfort.com\/wp-content\/uploads\/2025\/04\/ACAN-M-cerrado-640x640.webp 640w, https:\/\/arteconfort.com\/wp-content\/uploads\/2025\/04\/ACAN-M-cerrado-960x960.webp 960w, https:\/\/arteconfort.com\/wp-content\/uploads\/2025\/04\/ACAN-M-cerrado-300x300.webp 300w, https:\/\/arteconfort.com\/wp-content\/uploads\/2025\/04\/ACAN-M-cerrado-600x600.webp 600w, https:\/\/arteconfort.com\/wp-content\/uploads\/2025\/04\/ACAN-M-cerrado-100x100.webp 100w\" sizes=\"auto, (max-width: 1024px) 100vw, 1024px\" \/><img loading=\"lazy\" decoding=\"async\" width=\"2000\" height=\"2000\" src=\"https:\/\/arteconfort.com\/wp-content\/uploads\/2025\/04\/ACAN-M-grafico.webp\" class=\"attachment-shop_catalog size-shop_catalog\" alt=\"\" srcset=\"https:\/\/arteconfort.com\/wp-content\/uploads\/2025\/04\/ACAN-M-grafico.webp 2000w, https:\/\/arteconfort.com\/wp-content\/uploads\/2025\/04\/ACAN-M-grafico-768x768.webp 768w, https:\/\/arteconfort.com\/wp-content\/uploads\/2025\/04\/ACAN-M-grafico-1536x1536.webp 1536w, https:\/\/arteconfort.com\/wp-content\/uploads\/2025\/04\/ACAN-M-grafico-340x340.webp 340w, https:\/\/arteconfort.com\/wp-content\/uploads\/2025\/04\/ACAN-M-grafico-640x640.webp 640w, https:\/\/arteconfort.com\/wp-content\/uploads\/2025\/04\/ACAN-M-grafico-960x960.webp 960w, https:\/\/arteconfort.com\/wp-content\/uploads\/2025\/04\/ACAN-M-grafico-1280x1280.webp 1280w, https:\/\/arteconfort.com\/wp-content\/uploads\/2025\/04\/ACAN-M-grafico-300x300.webp 300w, https:\/\/arteconfort.com\/wp-content\/uploads\/2025\/04\/ACAN-M-grafico-600x600.webp 600w, https:\/\/arteconfort.com\/wp-content\/uploads\/2025\/04\/ACAN-M-grafico-100x100.webp 100w\" sizes=\"auto, (max-width: 2000px) 100vw, 2000px\" \/>\t<\/a>\n\t<div class=\"w-product-status\"><\/div>\t<span id=\"woocommerce_loop_add_to_cart_link_describedby_47004\" class=\"screen-reader-text\">\n\t\t\t<\/span>\n<\/div><figcaption><h2 class=\"woocommerce-loop-product__title\">ACAN M<\/h2><div class=\"woocommerce-product-details__short-description\">\n\t<p>The ACAN M concealed or retractable blades ceiling fan incorporates LED light, color temperature memory and a second<\/div>\n\n<\/figcaption><\/figure><\/li>\n<li class=\"product type-product post-47016 status-publish instock product_cat-climatizacion-en product_cat-ventiladores-de-techo-en has-post-thumbnail shipping-taxable product-type-simple w-item col-3\">\n\t<figure><div class=\"image-wrapper\">\t\t<a href=\"https:\/\/arteconfort.com\/en\/producto\/acan-s\/\" class=\"w-fadeslider\">\n\t<img loading=\"lazy\" decoding=\"async\" width=\"1024\" height=\"1024\" src=\"https:\/\/arteconfort.com\/wp-content\/uploads\/2025\/04\/ACAN-S-general-mando-1.webp\" class=\"attachment-shop_catalog size-shop_catalog wp-post-image\" alt=\"\" srcset=\"https:\/\/arteconfort.com\/wp-content\/uploads\/2025\/04\/ACAN-S-general-mando-1.webp 1024w, https:\/\/arteconfort.com\/wp-content\/uploads\/2025\/04\/ACAN-S-general-mando-1-768x768.webp 768w, https:\/\/arteconfort.com\/wp-content\/uploads\/2025\/04\/ACAN-S-general-mando-1-340x340.webp 340w, https:\/\/arteconfort.com\/wp-content\/uploads\/2025\/04\/ACAN-S-general-mando-1-640x640.webp 640w, https:\/\/arteconfort.com\/wp-content\/uploads\/2025\/04\/ACAN-S-general-mando-1-960x960.webp 960w, https:\/\/arteconfort.com\/wp-content\/uploads\/2025\/04\/ACAN-S-general-mando-1-300x300.webp 300w, https:\/\/arteconfort.com\/wp-content\/uploads\/2025\/04\/ACAN-S-general-mando-1-600x600.webp 600w, https:\/\/arteconfort.com\/wp-content\/uploads\/2025\/04\/ACAN-S-general-mando-1-100x100.webp 100w\" sizes=\"auto, (max-width: 1024px) 100vw, 1024px\" \/>\t<img loading=\"lazy\" decoding=\"async\" width=\"1024\" height=\"1024\" src=\"https:\/\/arteconfort.com\/wp-content\/uploads\/2025\/04\/ACAN-S-cerrado-2.webp\" class=\"attachment-shop_catalog size-shop_catalog\" alt=\"\" srcset=\"https:\/\/arteconfort.com\/wp-content\/uploads\/2025\/04\/ACAN-S-cerrado-2.webp 1024w, https:\/\/arteconfort.com\/wp-content\/uploads\/2025\/04\/ACAN-S-cerrado-2-768x768.webp 768w, https:\/\/arteconfort.com\/wp-content\/uploads\/2025\/04\/ACAN-S-cerrado-2-340x340.webp 340w, https:\/\/arteconfort.com\/wp-content\/uploads\/2025\/04\/ACAN-S-cerrado-2-640x640.webp 640w, https:\/\/arteconfort.com\/wp-content\/uploads\/2025\/04\/ACAN-S-cerrado-2-960x960.webp 960w, https:\/\/arteconfort.com\/wp-content\/uploads\/2025\/04\/ACAN-S-cerrado-2-300x300.webp 300w, https:\/\/arteconfort.com\/wp-content\/uploads\/2025\/04\/ACAN-S-cerrado-2-600x600.webp 600w, https:\/\/arteconfort.com\/wp-content\/uploads\/2025\/04\/ACAN-S-cerrado-2-100x100.webp 100w\" sizes=\"auto, (max-width: 1024px) 100vw, 1024px\" \/><img loading=\"lazy\" decoding=\"async\" width=\"1024\" height=\"1024\" src=\"https:\/\/arteconfort.com\/wp-content\/uploads\/2025\/04\/ACAN-S-temperaturas.webp\" class=\"attachment-shop_catalog size-shop_catalog\" alt=\"\" srcset=\"https:\/\/arteconfort.com\/wp-content\/uploads\/2025\/04\/ACAN-S-temperaturas.webp 1024w, https:\/\/arteconfort.com\/wp-content\/uploads\/2025\/04\/ACAN-S-temperaturas-768x768.webp 768w, https:\/\/arteconfort.com\/wp-content\/uploads\/2025\/04\/ACAN-S-temperaturas-340x340.webp 340w, https:\/\/arteconfort.com\/wp-content\/uploads\/2025\/04\/ACAN-S-temperaturas-640x640.webp 640w, https:\/\/arteconfort.com\/wp-content\/uploads\/2025\/04\/ACAN-S-temperaturas-960x960.webp 960w, https:\/\/arteconfort.com\/wp-content\/uploads\/2025\/04\/ACAN-S-temperaturas-300x300.webp 300w, https:\/\/arteconfort.com\/wp-content\/uploads\/2025\/04\/ACAN-S-temperaturas-600x600.webp 600w, https:\/\/arteconfort.com\/wp-content\/uploads\/2025\/04\/ACAN-S-temperaturas-100x100.webp 100w\" sizes=\"auto, (max-width: 1024px) 100vw, 1024px\" \/><img loading=\"lazy\" decoding=\"async\" width=\"2000\" height=\"2000\" src=\"https:\/\/arteconfort.com\/wp-content\/uploads\/2025\/04\/ACAN-S-grafico.webp\" class=\"attachment-shop_catalog size-shop_catalog\" alt=\"\" srcset=\"https:\/\/arteconfort.com\/wp-content\/uploads\/2025\/04\/ACAN-S-grafico.webp 2000w, https:\/\/arteconfort.com\/wp-content\/uploads\/2025\/04\/ACAN-S-grafico-768x768.webp 768w, https:\/\/arteconfort.com\/wp-content\/uploads\/2025\/04\/ACAN-S-grafico-1536x1536.webp 1536w, https:\/\/arteconfort.com\/wp-content\/uploads\/2025\/04\/ACAN-S-grafico-340x340.webp 340w, https:\/\/arteconfort.com\/wp-content\/uploads\/2025\/04\/ACAN-S-grafico-640x640.webp 640w, https:\/\/arteconfort.com\/wp-content\/uploads\/2025\/04\/ACAN-S-grafico-960x960.webp 960w, https:\/\/arteconfort.com\/wp-content\/uploads\/2025\/04\/ACAN-S-grafico-1280x1280.webp 1280w, https:\/\/arteconfort.com\/wp-content\/uploads\/2025\/04\/ACAN-S-grafico-300x300.webp 300w, https:\/\/arteconfort.com\/wp-content\/uploads\/2025\/04\/ACAN-S-grafico-600x600.webp 600w, https:\/\/arteconfort.com\/wp-content\/uploads\/2025\/04\/ACAN-S-grafico-100x100.webp 100w\" sizes=\"auto, (max-width: 2000px) 100vw, 2000px\" \/>\t<\/a>\n\t<div class=\"w-product-status\"><\/div>\t<span id=\"woocommerce_loop_add_to_cart_link_describedby_47016\" class=\"screen-reader-text\">\n\t\t\t<\/span>\n<\/div><figcaption><h2 class=\"woocommerce-loop-product__title\">ACAN S<\/h2><div class=\"woocommerce-product-details__short-description\">\n\t<p>El ventilador de techo de aspas ocultas o retr\u00e1ctiles ACAN S incorpora luz LED, memoria de temperatura de<\/div>\n\n<\/figcaption><\/figure><\/li>\n<li class=\"product type-product post-25311 status-publish instock product_cat-climatizacion-en product_cat-collection-old-en product_cat-ventiladores-de-techo-en has-post-thumbnail shipping-taxable product-type-simple w-item col-3\">\n\t<figure><div class=\"image-wrapper\">\t\t<a href=\"https:\/\/arteconfort.com\/en\/producto\/adriana\/\" class=\"w-fadeslider\">\n\t<img loading=\"lazy\" decoding=\"async\" width=\"1024\" height=\"1024\" src=\"https:\/\/arteconfort.com\/wp-content\/uploads\/2024\/06\/ventilador-ADRIANA-86536484-p-01.webp\" class=\"attachment-shop_catalog size-shop_catalog wp-post-image\" alt=\"Ventilador ADRIANA con mando\" srcset=\"https:\/\/arteconfort.com\/wp-content\/uploads\/2024\/06\/ventilador-ADRIANA-86536484-p-01.webp 1024w, https:\/\/arteconfort.com\/wp-content\/uploads\/2024\/06\/ventilador-ADRIANA-86536484-p-01-768x768.webp 768w, https:\/\/arteconfort.com\/wp-content\/uploads\/2024\/06\/ventilador-ADRIANA-86536484-p-01-340x340.webp 340w, https:\/\/arteconfort.com\/wp-content\/uploads\/2024\/06\/ventilador-ADRIANA-86536484-p-01-640x640.webp 640w, https:\/\/arteconfort.com\/wp-content\/uploads\/2024\/06\/ventilador-ADRIANA-86536484-p-01-960x960.webp 960w, https:\/\/arteconfort.com\/wp-content\/uploads\/2024\/06\/ventilador-ADRIANA-86536484-p-01-300x300.webp 300w, https:\/\/arteconfort.com\/wp-content\/uploads\/2024\/06\/ventilador-ADRIANA-86536484-p-01-600x600.webp 600w, https:\/\/arteconfort.com\/wp-content\/uploads\/2024\/06\/ventilador-ADRIANA-86536484-p-01-100x100.webp 100w, https:\/\/arteconfort.com\/wp-content\/uploads\/2024\/06\/ventilador-ADRIANA-86536484-p-01-133x133.webp 133w\" sizes=\"auto, (max-width: 1024px) 100vw, 1024px\" \/>\t<img loading=\"lazy\" decoding=\"async\" width=\"1024\" height=\"1024\" src=\"https:\/\/arteconfort.com\/wp-content\/uploads\/2023\/10\/ADRIANA-ambiente-2.webp\" class=\"attachment-shop_catalog size-shop_catalog\" alt=\"\" srcset=\"https:\/\/arteconfort.com\/wp-content\/uploads\/2023\/10\/ADRIANA-ambiente-2.webp 1024w, https:\/\/arteconfort.com\/wp-content\/uploads\/2023\/10\/ADRIANA-ambiente-2-768x768.webp 768w, https:\/\/arteconfort.com\/wp-content\/uploads\/2023\/10\/ADRIANA-ambiente-2-340x340.webp 340w, https:\/\/arteconfort.com\/wp-content\/uploads\/2023\/10\/ADRIANA-ambiente-2-640x640.webp 640w, https:\/\/arteconfort.com\/wp-content\/uploads\/2023\/10\/ADRIANA-ambiente-2-960x960.webp 960w, https:\/\/arteconfort.com\/wp-content\/uploads\/2023\/10\/ADRIANA-ambiente-2-133x133.webp 133w, https:\/\/arteconfort.com\/wp-content\/uploads\/2023\/10\/ADRIANA-ambiente-2-300x300.webp 300w, https:\/\/arteconfort.com\/wp-content\/uploads\/2023\/10\/ADRIANA-ambiente-2-600x600.webp 600w, https:\/\/arteconfort.com\/wp-content\/uploads\/2023\/10\/ADRIANA-ambiente-2-100x100.webp 100w\" sizes=\"auto, (max-width: 1024px) 100vw, 1024px\" \/><img loading=\"lazy\" decoding=\"async\" width=\"1024\" height=\"1024\" src=\"https:\/\/arteconfort.com\/wp-content\/uploads\/2024\/06\/ventilador-ADRIANA-86536484-tz-02.webp\" class=\"attachment-shop_catalog size-shop_catalog\" alt=\"Ventilador ADRIANA detalle tulipa\" srcset=\"https:\/\/arteconfort.com\/wp-content\/uploads\/2024\/06\/ventilador-ADRIANA-86536484-tz-02.webp 1024w, https:\/\/arteconfort.com\/wp-content\/uploads\/2024\/06\/ventilador-ADRIANA-86536484-tz-02-768x768.webp 768w, https:\/\/arteconfort.com\/wp-content\/uploads\/2024\/06\/ventilador-ADRIANA-86536484-tz-02-340x340.webp 340w, https:\/\/arteconfort.com\/wp-content\/uploads\/2024\/06\/ventilador-ADRIANA-86536484-tz-02-640x640.webp 640w, https:\/\/arteconfort.com\/wp-content\/uploads\/2024\/06\/ventilador-ADRIANA-86536484-tz-02-960x960.webp 960w, https:\/\/arteconfort.com\/wp-content\/uploads\/2024\/06\/ventilador-ADRIANA-86536484-tz-02-133x133.webp 133w, https:\/\/arteconfort.com\/wp-content\/uploads\/2024\/06\/ventilador-ADRIANA-86536484-tz-02-300x300.webp 300w, https:\/\/arteconfort.com\/wp-content\/uploads\/2024\/06\/ventilador-ADRIANA-86536484-tz-02-600x600.webp 600w, https:\/\/arteconfort.com\/wp-content\/uploads\/2024\/06\/ventilador-ADRIANA-86536484-tz-02-100x100.webp 100w\" sizes=\"auto, (max-width: 1024px) 100vw, 1024px\" \/><img loading=\"lazy\" decoding=\"async\" width=\"1024\" height=\"1024\" src=\"https:\/\/arteconfort.com\/wp-content\/uploads\/2024\/06\/ventilador-ADRIANA-86536484-p-02.webp\" class=\"attachment-shop_catalog size-shop_catalog\" alt=\"Ventilador ADRIANA planta\" srcset=\"https:\/\/arteconfort.com\/wp-content\/uploads\/2024\/06\/ventilador-ADRIANA-86536484-p-02.webp 1024w, https:\/\/arteconfort.com\/wp-content\/uploads\/2024\/06\/ventilador-ADRIANA-86536484-p-02-768x768.webp 768w, https:\/\/arteconfort.com\/wp-content\/uploads\/2024\/06\/ventilador-ADRIANA-86536484-p-02-340x340.webp 340w, https:\/\/arteconfort.com\/wp-content\/uploads\/2024\/06\/ventilador-ADRIANA-86536484-p-02-640x640.webp 640w, https:\/\/arteconfort.com\/wp-content\/uploads\/2024\/06\/ventilador-ADRIANA-86536484-p-02-960x960.webp 960w, https:\/\/arteconfort.com\/wp-content\/uploads\/2024\/06\/ventilador-ADRIANA-86536484-p-02-133x133.webp 133w, https:\/\/arteconfort.com\/wp-content\/uploads\/2024\/06\/ventilador-ADRIANA-86536484-p-02-300x300.webp 300w, https:\/\/arteconfort.com\/wp-content\/uploads\/2024\/06\/ventilador-ADRIANA-86536484-p-02-600x600.webp 600w, https:\/\/arteconfort.com\/wp-content\/uploads\/2024\/06\/ventilador-ADRIANA-86536484-p-02-100x100.webp 100w\" sizes=\"auto, (max-width: 1024px) 100vw, 1024px\" \/><img loading=\"lazy\" decoding=\"async\" width=\"1024\" height=\"1024\" src=\"https:\/\/arteconfort.com\/wp-content\/uploads\/2024\/06\/ventilador-ADRIANA-86536484-tz-01.webp\" class=\"attachment-shop_catalog size-shop_catalog\" alt=\"Ventilador ADRIANA detalle cuerpo\" srcset=\"https:\/\/arteconfort.com\/wp-content\/uploads\/2024\/06\/ventilador-ADRIANA-86536484-tz-01.webp 1024w, https:\/\/arteconfort.com\/wp-content\/uploads\/2024\/06\/ventilador-ADRIANA-86536484-tz-01-768x768.webp 768w, https:\/\/arteconfort.com\/wp-content\/uploads\/2024\/06\/ventilador-ADRIANA-86536484-tz-01-340x340.webp 340w, https:\/\/arteconfort.com\/wp-content\/uploads\/2024\/06\/ventilador-ADRIANA-86536484-tz-01-640x640.webp 640w, https:\/\/arteconfort.com\/wp-content\/uploads\/2024\/06\/ventilador-ADRIANA-86536484-tz-01-960x960.webp 960w, https:\/\/arteconfort.com\/wp-content\/uploads\/2024\/06\/ventilador-ADRIANA-86536484-tz-01-133x133.webp 133w, https:\/\/arteconfort.com\/wp-content\/uploads\/2024\/06\/ventilador-ADRIANA-86536484-tz-01-300x300.webp 300w, https:\/\/arteconfort.com\/wp-content\/uploads\/2024\/06\/ventilador-ADRIANA-86536484-tz-01-600x600.webp 600w, https:\/\/arteconfort.com\/wp-content\/uploads\/2024\/06\/ventilador-ADRIANA-86536484-tz-01-100x100.webp 100w\" sizes=\"auto, (max-width: 1024px) 100vw, 1024px\" \/><img loading=\"lazy\" decoding=\"async\" width=\"1024\" height=\"1024\" src=\"https:\/\/arteconfort.com\/wp-content\/uploads\/2024\/06\/ventilador-ADRIANA-mando.webp\" class=\"attachment-shop_catalog size-shop_catalog\" alt=\"Ventilador ADRIANA mando\" srcset=\"https:\/\/arteconfort.com\/wp-content\/uploads\/2024\/06\/ventilador-ADRIANA-mando.webp 1024w, https:\/\/arteconfort.com\/wp-content\/uploads\/2024\/06\/ventilador-ADRIANA-mando-768x768.webp 768w, https:\/\/arteconfort.com\/wp-content\/uploads\/2024\/06\/ventilador-ADRIANA-mando-340x340.webp 340w, https:\/\/arteconfort.com\/wp-content\/uploads\/2024\/06\/ventilador-ADRIANA-mando-640x640.webp 640w, https:\/\/arteconfort.com\/wp-content\/uploads\/2024\/06\/ventilador-ADRIANA-mando-960x960.webp 960w, https:\/\/arteconfort.com\/wp-content\/uploads\/2024\/06\/ventilador-ADRIANA-mando-133x133.webp 133w, https:\/\/arteconfort.com\/wp-content\/uploads\/2024\/06\/ventilador-ADRIANA-mando-300x300.webp 300w, https:\/\/arteconfort.com\/wp-content\/uploads\/2024\/06\/ventilador-ADRIANA-mando-600x600.webp 600w, https:\/\/arteconfort.com\/wp-content\/uploads\/2024\/06\/ventilador-ADRIANA-mando-100x100.webp 100w\" sizes=\"auto, (max-width: 1024px) 100vw, 1024px\" \/><img loading=\"lazy\" decoding=\"async\" width=\"1024\" height=\"1024\" src=\"https:\/\/arteconfort.com\/wp-content\/uploads\/2024\/06\/ventilador-ADRIANA-86536484-pat-01.webp\" class=\"attachment-shop_catalog size-shop_catalog\" alt=\"Ventilador ADRIANA grafico\" srcset=\"https:\/\/arteconfort.com\/wp-content\/uploads\/2024\/06\/ventilador-ADRIANA-86536484-pat-01.webp 1024w, https:\/\/arteconfort.com\/wp-content\/uploads\/2024\/06\/ventilador-ADRIANA-86536484-pat-01-768x768.webp 768w, https:\/\/arteconfort.com\/wp-content\/uploads\/2024\/06\/ventilador-ADRIANA-86536484-pat-01-340x340.webp 340w, https:\/\/arteconfort.com\/wp-content\/uploads\/2024\/06\/ventilador-ADRIANA-86536484-pat-01-640x640.webp 640w, https:\/\/arteconfort.com\/wp-content\/uploads\/2024\/06\/ventilador-ADRIANA-86536484-pat-01-960x960.webp 960w, https:\/\/arteconfort.com\/wp-content\/uploads\/2024\/06\/ventilador-ADRIANA-86536484-pat-01-133x133.webp 133w, https:\/\/arteconfort.com\/wp-content\/uploads\/2024\/06\/ventilador-ADRIANA-86536484-pat-01-300x300.webp 300w, https:\/\/arteconfort.com\/wp-content\/uploads\/2024\/06\/ventilador-ADRIANA-86536484-pat-01-600x600.webp 600w, https:\/\/arteconfort.com\/wp-content\/uploads\/2024\/06\/ventilador-ADRIANA-86536484-pat-01-100x100.webp 100w\" sizes=\"auto, (max-width: 1024px) 100vw, 1024px\" \/><img loading=\"lazy\" decoding=\"async\" width=\"1024\" height=\"1024\" src=\"https:\/\/arteconfort.com\/wp-content\/uploads\/2024\/06\/ventilador-ADRIANA-86536484-tz-03.webp\" class=\"attachment-shop_catalog size-shop_catalog\" alt=\"Ventilador ADRIANA temperatura luces\" srcset=\"https:\/\/arteconfort.com\/wp-content\/uploads\/2024\/06\/ventilador-ADRIANA-86536484-tz-03.webp 1024w, https:\/\/arteconfort.com\/wp-content\/uploads\/2024\/06\/ventilador-ADRIANA-86536484-tz-03-768x768.webp 768w, https:\/\/arteconfort.com\/wp-content\/uploads\/2024\/06\/ventilador-ADRIANA-86536484-tz-03-340x340.webp 340w, https:\/\/arteconfort.com\/wp-content\/uploads\/2024\/06\/ventilador-ADRIANA-86536484-tz-03-640x640.webp 640w, https:\/\/arteconfort.com\/wp-content\/uploads\/2024\/06\/ventilador-ADRIANA-86536484-tz-03-960x960.webp 960w, https:\/\/arteconfort.com\/wp-content\/uploads\/2024\/06\/ventilador-ADRIANA-86536484-tz-03-133x133.webp 133w, https:\/\/arteconfort.com\/wp-content\/uploads\/2024\/06\/ventilador-ADRIANA-86536484-tz-03-300x300.webp 300w, https:\/\/arteconfort.com\/wp-content\/uploads\/2024\/06\/ventilador-ADRIANA-86536484-tz-03-600x600.webp 600w, https:\/\/arteconfort.com\/wp-content\/uploads\/2024\/06\/ventilador-ADRIANA-86536484-tz-03-100x100.webp 100w\" sizes=\"auto, (max-width: 1024px) 100vw, 1024px\" \/><img loading=\"lazy\" decoding=\"async\" width=\"1024\" height=\"1024\" src=\"https:\/\/arteconfort.com\/wp-content\/uploads\/2023\/10\/ADRIANA-ambiente-3.webp\" class=\"attachment-shop_catalog size-shop_catalog\" alt=\"\" srcset=\"https:\/\/arteconfort.com\/wp-content\/uploads\/2023\/10\/ADRIANA-ambiente-3.webp 1024w, https:\/\/arteconfort.com\/wp-content\/uploads\/2023\/10\/ADRIANA-ambiente-3-768x768.webp 768w, https:\/\/arteconfort.com\/wp-content\/uploads\/2023\/10\/ADRIANA-ambiente-3-340x340.webp 340w, https:\/\/arteconfort.com\/wp-content\/uploads\/2023\/10\/ADRIANA-ambiente-3-640x640.webp 640w, https:\/\/arteconfort.com\/wp-content\/uploads\/2023\/10\/ADRIANA-ambiente-3-960x960.webp 960w, https:\/\/arteconfort.com\/wp-content\/uploads\/2023\/10\/ADRIANA-ambiente-3-133x133.webp 133w, https:\/\/arteconfort.com\/wp-content\/uploads\/2023\/10\/ADRIANA-ambiente-3-300x300.webp 300w, https:\/\/arteconfort.com\/wp-content\/uploads\/2023\/10\/ADRIANA-ambiente-3-600x600.webp 600w, https:\/\/arteconfort.com\/wp-content\/uploads\/2023\/10\/ADRIANA-ambiente-3-100x100.webp 100w\" sizes=\"auto, (max-width: 1024px) 100vw, 1024px\" \/><img loading=\"lazy\" decoding=\"async\" width=\"1024\" height=\"1024\" src=\"https:\/\/arteconfort.com\/wp-content\/uploads\/2023\/10\/ADRIANA-ambiente-4.webp\" class=\"attachment-shop_catalog size-shop_catalog\" alt=\"\" srcset=\"https:\/\/arteconfort.com\/wp-content\/uploads\/2023\/10\/ADRIANA-ambiente-4.webp 1024w, https:\/\/arteconfort.com\/wp-content\/uploads\/2023\/10\/ADRIANA-ambiente-4-768x768.webp 768w, https:\/\/arteconfort.com\/wp-content\/uploads\/2023\/10\/ADRIANA-ambiente-4-340x340.webp 340w, https:\/\/arteconfort.com\/wp-content\/uploads\/2023\/10\/ADRIANA-ambiente-4-640x640.webp 640w, https:\/\/arteconfort.com\/wp-content\/uploads\/2023\/10\/ADRIANA-ambiente-4-960x960.webp 960w, https:\/\/arteconfort.com\/wp-content\/uploads\/2023\/10\/ADRIANA-ambiente-4-133x133.webp 133w, https:\/\/arteconfort.com\/wp-content\/uploads\/2023\/10\/ADRIANA-ambiente-4-300x300.webp 300w, https:\/\/arteconfort.com\/wp-content\/uploads\/2023\/10\/ADRIANA-ambiente-4-600x600.webp 600w, https:\/\/arteconfort.com\/wp-content\/uploads\/2023\/10\/ADRIANA-ambiente-4-100x100.webp 100w\" sizes=\"auto, (max-width: 1024px) 100vw, 1024px\" \/><img loading=\"lazy\" decoding=\"async\" width=\"1024\" height=\"1024\" src=\"https:\/\/arteconfort.com\/wp-content\/uploads\/2023\/10\/ADRIANA-ambiente-5.webp\" class=\"attachment-shop_catalog size-shop_catalog\" alt=\"\" srcset=\"https:\/\/arteconfort.com\/wp-content\/uploads\/2023\/10\/ADRIANA-ambiente-5.webp 1024w, https:\/\/arteconfort.com\/wp-content\/uploads\/2023\/10\/ADRIANA-ambiente-5-768x768.webp 768w, https:\/\/arteconfort.com\/wp-content\/uploads\/2023\/10\/ADRIANA-ambiente-5-340x340.webp 340w, https:\/\/arteconfort.com\/wp-content\/uploads\/2023\/10\/ADRIANA-ambiente-5-640x640.webp 640w, https:\/\/arteconfort.com\/wp-content\/uploads\/2023\/10\/ADRIANA-ambiente-5-960x960.webp 960w, https:\/\/arteconfort.com\/wp-content\/uploads\/2023\/10\/ADRIANA-ambiente-5-133x133.webp 133w, https:\/\/arteconfort.com\/wp-content\/uploads\/2023\/10\/ADRIANA-ambiente-5-300x300.webp 300w, https:\/\/arteconfort.com\/wp-content\/uploads\/2023\/10\/ADRIANA-ambiente-5-600x600.webp 600w, https:\/\/arteconfort.com\/wp-content\/uploads\/2023\/10\/ADRIANA-ambiente-5-100x100.webp 100w\" sizes=\"auto, (max-width: 1024px) 100vw, 1024px\" \/>\t<\/a>\n\t<div class=\"w-product-status\"><\/div>\t<span id=\"woocommerce_loop_add_to_cart_link_describedby_25311\" class=\"screen-reader-text\">\n\t\t\t<\/span>\n<\/div><div class=\"berocket_better_labels berocket_better_labels_image\"><div class=\"berocket_better_labels_position berocket_better_labels_position_right\"><div class=\"berocket_better_labels_line berocket_better_labels_line_1\"><div class=\"berocket_better_labels_inline berocket_better_labels_inline_1\"><div class=\"br_alabel br_alabel_type_text br_alabel_template_type_css berocket_alabel_id_22611  br_alabel_better_compatibility\" style=\"\"><span  style=\"\"><i style=\"background-color: #000000; border-color: #000000;\" class=\"template-span-before \"><\/i><i style=\"background-color: #000000; border-color: #000000;\" class=\"template-i \"><\/i><i style=\"background-color: #000000; border-color: #000000;\" class=\"template-i-before \"><\/i><i style=\"background-color: #000000; border-color: #000000;\" class=\"template-i-after \"><\/i><b style=\"position: relative;z-index: 100;text-align: center;color: inherit;\">Old collection<\/b><\/span><\/div><\/div><\/div><\/div><\/div><figcaption><h2 class=\"woocommerce-loop-product__title\">ADRIANA<\/h2><div class=\"woocommerce-product-details__short-description\">\n\t<p>ADRIANA ceiling fan with integrated LED light and colour temperature memory. With a white body and 3 wooden<\/div>\n\n<\/figcaption><\/figure><\/li>\n<li class=\"product type-product post-25323 status-publish last instock product_cat-climatizacion-en product_cat-collection-old-en product_cat-ventiladores-de-techo-en has-post-thumbnail shipping-taxable product-type-simple w-item col-3\">\n\t<figure><div class=\"image-wrapper\">\t\t<a href=\"https:\/\/arteconfort.com\/en\/producto\/aitana\/\" class=\"w-fadeslider\">\n\t<img loading=\"lazy\" decoding=\"async\" width=\"2000\" height=\"2000\" src=\"https:\/\/arteconfort.com\/wp-content\/uploads\/2024\/06\/AITANA-ambiente-286536489-p-01.webp\" class=\"attachment-shop_catalog size-shop_catalog wp-post-image\" alt=\"Ventilador AITANA con mando\" srcset=\"https:\/\/arteconfort.com\/wp-content\/uploads\/2024\/06\/AITANA-ambiente-286536489-p-01.webp 2000w, https:\/\/arteconfort.com\/wp-content\/uploads\/2024\/06\/AITANA-ambiente-286536489-p-01-768x768.webp 768w, https:\/\/arteconfort.com\/wp-content\/uploads\/2024\/06\/AITANA-ambiente-286536489-p-01-1536x1536.webp 1536w, https:\/\/arteconfort.com\/wp-content\/uploads\/2024\/06\/AITANA-ambiente-286536489-p-01-340x340.webp 340w, https:\/\/arteconfort.com\/wp-content\/uploads\/2024\/06\/AITANA-ambiente-286536489-p-01-640x640.webp 640w, https:\/\/arteconfort.com\/wp-content\/uploads\/2024\/06\/AITANA-ambiente-286536489-p-01-960x960.webp 960w, https:\/\/arteconfort.com\/wp-content\/uploads\/2024\/06\/AITANA-ambiente-286536489-p-01-1280x1280.webp 1280w, https:\/\/arteconfort.com\/wp-content\/uploads\/2024\/06\/AITANA-ambiente-286536489-p-01-300x300.webp 300w, https:\/\/arteconfort.com\/wp-content\/uploads\/2024\/06\/AITANA-ambiente-286536489-p-01-600x600.webp 600w, https:\/\/arteconfort.com\/wp-content\/uploads\/2024\/06\/AITANA-ambiente-286536489-p-01-100x100.webp 100w, https:\/\/arteconfort.com\/wp-content\/uploads\/2024\/06\/AITANA-ambiente-286536489-p-01-133x133.webp 133w\" sizes=\"auto, (max-width: 2000px) 100vw, 2000px\" \/>\t<img loading=\"lazy\" decoding=\"async\" width=\"2000\" height=\"2000\" src=\"https:\/\/arteconfort.com\/wp-content\/uploads\/2024\/06\/AITANA-ambiente-286536489-a-01.webp\" class=\"attachment-shop_catalog size-shop_catalog\" alt=\"Ventilador AITANA ambiente dia\" srcset=\"https:\/\/arteconfort.com\/wp-content\/uploads\/2024\/06\/AITANA-ambiente-286536489-a-01.webp 2000w, https:\/\/arteconfort.com\/wp-content\/uploads\/2024\/06\/AITANA-ambiente-286536489-a-01-768x768.webp 768w, https:\/\/arteconfort.com\/wp-content\/uploads\/2024\/06\/AITANA-ambiente-286536489-a-01-1536x1536.webp 1536w, https:\/\/arteconfort.com\/wp-content\/uploads\/2024\/06\/AITANA-ambiente-286536489-a-01-340x340.webp 340w, https:\/\/arteconfort.com\/wp-content\/uploads\/2024\/06\/AITANA-ambiente-286536489-a-01-640x640.webp 640w, https:\/\/arteconfort.com\/wp-content\/uploads\/2024\/06\/AITANA-ambiente-286536489-a-01-960x960.webp 960w, https:\/\/arteconfort.com\/wp-content\/uploads\/2024\/06\/AITANA-ambiente-286536489-a-01-1280x1280.webp 1280w, https:\/\/arteconfort.com\/wp-content\/uploads\/2024\/06\/AITANA-ambiente-286536489-a-01-133x133.webp 133w, https:\/\/arteconfort.com\/wp-content\/uploads\/2024\/06\/AITANA-ambiente-286536489-a-01-300x300.webp 300w, https:\/\/arteconfort.com\/wp-content\/uploads\/2024\/06\/AITANA-ambiente-286536489-a-01-600x600.webp 600w, https:\/\/arteconfort.com\/wp-content\/uploads\/2024\/06\/AITANA-ambiente-286536489-a-01-100x100.webp 100w\" sizes=\"auto, (max-width: 2000px) 100vw, 2000px\" \/><img loading=\"lazy\" decoding=\"async\" width=\"2000\" height=\"2000\" src=\"https:\/\/arteconfort.com\/wp-content\/uploads\/2024\/06\/AITANA-ambiente-286536489-p-02.webp\" class=\"attachment-shop_catalog size-shop_catalog\" alt=\"Ventilador AITANA lateral\" srcset=\"https:\/\/arteconfort.com\/wp-content\/uploads\/2024\/06\/AITANA-ambiente-286536489-p-02.webp 2000w, https:\/\/arteconfort.com\/wp-content\/uploads\/2024\/06\/AITANA-ambiente-286536489-p-02-768x768.webp 768w, https:\/\/arteconfort.com\/wp-content\/uploads\/2024\/06\/AITANA-ambiente-286536489-p-02-1536x1536.webp 1536w, https:\/\/arteconfort.com\/wp-content\/uploads\/2024\/06\/AITANA-ambiente-286536489-p-02-340x340.webp 340w, https:\/\/arteconfort.com\/wp-content\/uploads\/2024\/06\/AITANA-ambiente-286536489-p-02-640x640.webp 640w, https:\/\/arteconfort.com\/wp-content\/uploads\/2024\/06\/AITANA-ambiente-286536489-p-02-960x960.webp 960w, https:\/\/arteconfort.com\/wp-content\/uploads\/2024\/06\/AITANA-ambiente-286536489-p-02-1280x1280.webp 1280w, https:\/\/arteconfort.com\/wp-content\/uploads\/2024\/06\/AITANA-ambiente-286536489-p-02-133x133.webp 133w, https:\/\/arteconfort.com\/wp-content\/uploads\/2024\/06\/AITANA-ambiente-286536489-p-02-300x300.webp 300w, https:\/\/arteconfort.com\/wp-content\/uploads\/2024\/06\/AITANA-ambiente-286536489-p-02-600x600.webp 600w, https:\/\/arteconfort.com\/wp-content\/uploads\/2024\/06\/AITANA-ambiente-286536489-p-02-100x100.webp 100w\" sizes=\"auto, (max-width: 2000px) 100vw, 2000px\" \/><img loading=\"lazy\" decoding=\"async\" width=\"2000\" height=\"2000\" src=\"https:\/\/arteconfort.com\/wp-content\/uploads\/2024\/06\/AITANA-ambiente-286536489-p-03.webp\" class=\"attachment-shop_catalog size-shop_catalog\" alt=\"Ventilador AITANA planta\" srcset=\"https:\/\/arteconfort.com\/wp-content\/uploads\/2024\/06\/AITANA-ambiente-286536489-p-03.webp 2000w, https:\/\/arteconfort.com\/wp-content\/uploads\/2024\/06\/AITANA-ambiente-286536489-p-03-768x768.webp 768w, https:\/\/arteconfort.com\/wp-content\/uploads\/2024\/06\/AITANA-ambiente-286536489-p-03-1536x1536.webp 1536w, https:\/\/arteconfort.com\/wp-content\/uploads\/2024\/06\/AITANA-ambiente-286536489-p-03-340x340.webp 340w, https:\/\/arteconfort.com\/wp-content\/uploads\/2024\/06\/AITANA-ambiente-286536489-p-03-640x640.webp 640w, https:\/\/arteconfort.com\/wp-content\/uploads\/2024\/06\/AITANA-ambiente-286536489-p-03-960x960.webp 960w, https:\/\/arteconfort.com\/wp-content\/uploads\/2024\/06\/AITANA-ambiente-286536489-p-03-1280x1280.webp 1280w, https:\/\/arteconfort.com\/wp-content\/uploads\/2024\/06\/AITANA-ambiente-286536489-p-03-133x133.webp 133w, https:\/\/arteconfort.com\/wp-content\/uploads\/2024\/06\/AITANA-ambiente-286536489-p-03-300x300.webp 300w, https:\/\/arteconfort.com\/wp-content\/uploads\/2024\/06\/AITANA-ambiente-286536489-p-03-600x600.webp 600w, https:\/\/arteconfort.com\/wp-content\/uploads\/2024\/06\/AITANA-ambiente-286536489-p-03-100x100.webp 100w\" sizes=\"auto, (max-width: 2000px) 100vw, 2000px\" \/><img loading=\"lazy\" decoding=\"async\" width=\"2000\" height=\"2000\" src=\"https:\/\/arteconfort.com\/wp-content\/uploads\/2024\/06\/AITANA-ambiente-286536489-tz-03.webp\" class=\"attachment-shop_catalog size-shop_catalog\" alt=\"Ventilador AITANA detalle tulipa\" srcset=\"https:\/\/arteconfort.com\/wp-content\/uploads\/2024\/06\/AITANA-ambiente-286536489-tz-03.webp 2000w, https:\/\/arteconfort.com\/wp-content\/uploads\/2024\/06\/AITANA-ambiente-286536489-tz-03-768x768.webp 768w, https:\/\/arteconfort.com\/wp-content\/uploads\/2024\/06\/AITANA-ambiente-286536489-tz-03-1536x1536.webp 1536w, https:\/\/arteconfort.com\/wp-content\/uploads\/2024\/06\/AITANA-ambiente-286536489-tz-03-340x340.webp 340w, https:\/\/arteconfort.com\/wp-content\/uploads\/2024\/06\/AITANA-ambiente-286536489-tz-03-640x640.webp 640w, https:\/\/arteconfort.com\/wp-content\/uploads\/2024\/06\/AITANA-ambiente-286536489-tz-03-960x960.webp 960w, https:\/\/arteconfort.com\/wp-content\/uploads\/2024\/06\/AITANA-ambiente-286536489-tz-03-1280x1280.webp 1280w, https:\/\/arteconfort.com\/wp-content\/uploads\/2024\/06\/AITANA-ambiente-286536489-tz-03-133x133.webp 133w, https:\/\/arteconfort.com\/wp-content\/uploads\/2024\/06\/AITANA-ambiente-286536489-tz-03-300x300.webp 300w, https:\/\/arteconfort.com\/wp-content\/uploads\/2024\/06\/AITANA-ambiente-286536489-tz-03-600x600.webp 600w, https:\/\/arteconfort.com\/wp-content\/uploads\/2024\/06\/AITANA-ambiente-286536489-tz-03-100x100.webp 100w\" sizes=\"auto, (max-width: 2000px) 100vw, 2000px\" \/><img loading=\"lazy\" decoding=\"async\" width=\"2000\" height=\"2000\" src=\"https:\/\/arteconfort.com\/wp-content\/uploads\/2024\/06\/AITANA-ambiente-286536489-tz-02.webp\" class=\"attachment-shop_catalog size-shop_catalog\" alt=\"Ventilador AITANA detalle cuerpo\" srcset=\"https:\/\/arteconfort.com\/wp-content\/uploads\/2024\/06\/AITANA-ambiente-286536489-tz-02.webp 2000w, https:\/\/arteconfort.com\/wp-content\/uploads\/2024\/06\/AITANA-ambiente-286536489-tz-02-768x768.webp 768w, https:\/\/arteconfort.com\/wp-content\/uploads\/2024\/06\/AITANA-ambiente-286536489-tz-02-1536x1536.webp 1536w, https:\/\/arteconfort.com\/wp-content\/uploads\/2024\/06\/AITANA-ambiente-286536489-tz-02-340x340.webp 340w, https:\/\/arteconfort.com\/wp-content\/uploads\/2024\/06\/AITANA-ambiente-286536489-tz-02-640x640.webp 640w, https:\/\/arteconfort.com\/wp-content\/uploads\/2024\/06\/AITANA-ambiente-286536489-tz-02-960x960.webp 960w, https:\/\/arteconfort.com\/wp-content\/uploads\/2024\/06\/AITANA-ambiente-286536489-tz-02-1280x1280.webp 1280w, https:\/\/arteconfort.com\/wp-content\/uploads\/2024\/06\/AITANA-ambiente-286536489-tz-02-133x133.webp 133w, https:\/\/arteconfort.com\/wp-content\/uploads\/2024\/06\/AITANA-ambiente-286536489-tz-02-300x300.webp 300w, https:\/\/arteconfort.com\/wp-content\/uploads\/2024\/06\/AITANA-ambiente-286536489-tz-02-600x600.webp 600w, https:\/\/arteconfort.com\/wp-content\/uploads\/2024\/06\/AITANA-ambiente-286536489-tz-02-100x100.webp 100w\" sizes=\"auto, (max-width: 2000px) 100vw, 2000px\" \/><img loading=\"lazy\" decoding=\"async\" width=\"2000\" height=\"2000\" src=\"https:\/\/arteconfort.com\/wp-content\/uploads\/2024\/06\/AITANA-ambiente-286536489-tz-01.webp\" class=\"attachment-shop_catalog size-shop_catalog\" alt=\"Ventilador AITANA detalle cuerpo 2\" srcset=\"https:\/\/arteconfort.com\/wp-content\/uploads\/2024\/06\/AITANA-ambiente-286536489-tz-01.webp 2000w, https:\/\/arteconfort.com\/wp-content\/uploads\/2024\/06\/AITANA-ambiente-286536489-tz-01-768x768.webp 768w, https:\/\/arteconfort.com\/wp-content\/uploads\/2024\/06\/AITANA-ambiente-286536489-tz-01-1536x1536.webp 1536w, https:\/\/arteconfort.com\/wp-content\/uploads\/2024\/06\/AITANA-ambiente-286536489-tz-01-340x340.webp 340w, https:\/\/arteconfort.com\/wp-content\/uploads\/2024\/06\/AITANA-ambiente-286536489-tz-01-640x640.webp 640w, https:\/\/arteconfort.com\/wp-content\/uploads\/2024\/06\/AITANA-ambiente-286536489-tz-01-960x960.webp 960w, https:\/\/arteconfort.com\/wp-content\/uploads\/2024\/06\/AITANA-ambiente-286536489-tz-01-1280x1280.webp 1280w, https:\/\/arteconfort.com\/wp-content\/uploads\/2024\/06\/AITANA-ambiente-286536489-tz-01-133x133.webp 133w, https:\/\/arteconfort.com\/wp-content\/uploads\/2024\/06\/AITANA-ambiente-286536489-tz-01-300x300.webp 300w, https:\/\/arteconfort.com\/wp-content\/uploads\/2024\/06\/AITANA-ambiente-286536489-tz-01-600x600.webp 600w, https:\/\/arteconfort.com\/wp-content\/uploads\/2024\/06\/AITANA-ambiente-286536489-tz-01-100x100.webp 100w\" sizes=\"auto, (max-width: 2000px) 100vw, 2000px\" \/><img loading=\"lazy\" decoding=\"async\" width=\"2560\" height=\"2560\" src=\"https:\/\/arteconfort.com\/wp-content\/uploads\/2024\/06\/AITANA-ambiente-286536489-pat-01-scaled.webp\" class=\"attachment-shop_catalog size-shop_catalog\" alt=\"Ventilador AITANA grafico\" srcset=\"https:\/\/arteconfort.com\/wp-content\/uploads\/2024\/06\/AITANA-ambiente-286536489-pat-01-scaled.webp 2560w, https:\/\/arteconfort.com\/wp-content\/uploads\/2024\/06\/AITANA-ambiente-286536489-pat-01-768x768.webp 768w, https:\/\/arteconfort.com\/wp-content\/uploads\/2024\/06\/AITANA-ambiente-286536489-pat-01-1536x1536.webp 1536w, https:\/\/arteconfort.com\/wp-content\/uploads\/2024\/06\/AITANA-ambiente-286536489-pat-01-2048x2048.webp 2048w, https:\/\/arteconfort.com\/wp-content\/uploads\/2024\/06\/AITANA-ambiente-286536489-pat-01-340x340.webp 340w, https:\/\/arteconfort.com\/wp-content\/uploads\/2024\/06\/AITANA-ambiente-286536489-pat-01-640x640.webp 640w, https:\/\/arteconfort.com\/wp-content\/uploads\/2024\/06\/AITANA-ambiente-286536489-pat-01-960x960.webp 960w, https:\/\/arteconfort.com\/wp-content\/uploads\/2024\/06\/AITANA-ambiente-286536489-pat-01-1280x1280.webp 1280w, https:\/\/arteconfort.com\/wp-content\/uploads\/2024\/06\/AITANA-ambiente-286536489-pat-01-133x133.webp 133w, https:\/\/arteconfort.com\/wp-content\/uploads\/2024\/06\/AITANA-ambiente-286536489-pat-01-300x300.webp 300w, https:\/\/arteconfort.com\/wp-content\/uploads\/2024\/06\/AITANA-ambiente-286536489-pat-01-600x600.webp 600w, https:\/\/arteconfort.com\/wp-content\/uploads\/2024\/06\/AITANA-ambiente-286536489-pat-01-100x100.webp 100w\" sizes=\"auto, (max-width: 2560px) 100vw, 2560px\" \/><img loading=\"lazy\" decoding=\"async\" width=\"2000\" height=\"2000\" src=\"https:\/\/arteconfort.com\/wp-content\/uploads\/2024\/06\/AITANA-ambiente-286536489-tz-04.webp\" class=\"attachment-shop_catalog size-shop_catalog\" alt=\"Ventilador AITANA temperatura luces\" srcset=\"https:\/\/arteconfort.com\/wp-content\/uploads\/2024\/06\/AITANA-ambiente-286536489-tz-04.webp 2000w, https:\/\/arteconfort.com\/wp-content\/uploads\/2024\/06\/AITANA-ambiente-286536489-tz-04-768x768.webp 768w, https:\/\/arteconfort.com\/wp-content\/uploads\/2024\/06\/AITANA-ambiente-286536489-tz-04-1536x1536.webp 1536w, https:\/\/arteconfort.com\/wp-content\/uploads\/2024\/06\/AITANA-ambiente-286536489-tz-04-340x340.webp 340w, https:\/\/arteconfort.com\/wp-content\/uploads\/2024\/06\/AITANA-ambiente-286536489-tz-04-640x640.webp 640w, https:\/\/arteconfort.com\/wp-content\/uploads\/2024\/06\/AITANA-ambiente-286536489-tz-04-960x960.webp 960w, https:\/\/arteconfort.com\/wp-content\/uploads\/2024\/06\/AITANA-ambiente-286536489-tz-04-1280x1280.webp 1280w, https:\/\/arteconfort.com\/wp-content\/uploads\/2024\/06\/AITANA-ambiente-286536489-tz-04-133x133.webp 133w, https:\/\/arteconfort.com\/wp-content\/uploads\/2024\/06\/AITANA-ambiente-286536489-tz-04-300x300.webp 300w, https:\/\/arteconfort.com\/wp-content\/uploads\/2024\/06\/AITANA-ambiente-286536489-tz-04-600x600.webp 600w, https:\/\/arteconfort.com\/wp-content\/uploads\/2024\/06\/AITANA-ambiente-286536489-tz-04-100x100.webp 100w\" sizes=\"auto, (max-width: 2000px) 100vw, 2000px\" \/><img loading=\"lazy\" decoding=\"async\" width=\"2000\" height=\"2000\" src=\"https:\/\/arteconfort.com\/wp-content\/uploads\/2024\/06\/AITANA-ambiente-286536489-a-05.webp\" class=\"attachment-shop_catalog size-shop_catalog\" alt=\"Ventilador AITANA ambiente luz calida\" srcset=\"https:\/\/arteconfort.com\/wp-content\/uploads\/2024\/06\/AITANA-ambiente-286536489-a-05.webp 2000w, https:\/\/arteconfort.com\/wp-content\/uploads\/2024\/06\/AITANA-ambiente-286536489-a-05-768x768.webp 768w, https:\/\/arteconfort.com\/wp-content\/uploads\/2024\/06\/AITANA-ambiente-286536489-a-05-1536x1536.webp 1536w, https:\/\/arteconfort.com\/wp-content\/uploads\/2024\/06\/AITANA-ambiente-286536489-a-05-340x340.webp 340w, https:\/\/arteconfort.com\/wp-content\/uploads\/2024\/06\/AITANA-ambiente-286536489-a-05-640x640.webp 640w, https:\/\/arteconfort.com\/wp-content\/uploads\/2024\/06\/AITANA-ambiente-286536489-a-05-960x960.webp 960w, https:\/\/arteconfort.com\/wp-content\/uploads\/2024\/06\/AITANA-ambiente-286536489-a-05-1280x1280.webp 1280w, https:\/\/arteconfort.com\/wp-content\/uploads\/2024\/06\/AITANA-ambiente-286536489-a-05-133x133.webp 133w, https:\/\/arteconfort.com\/wp-content\/uploads\/2024\/06\/AITANA-ambiente-286536489-a-05-300x300.webp 300w, https:\/\/arteconfort.com\/wp-content\/uploads\/2024\/06\/AITANA-ambiente-286536489-a-05-600x600.webp 600w, https:\/\/arteconfort.com\/wp-content\/uploads\/2024\/06\/AITANA-ambiente-286536489-a-05-100x100.webp 100w\" sizes=\"auto, (max-width: 2000px) 100vw, 2000px\" \/><img loading=\"lazy\" decoding=\"async\" width=\"2000\" height=\"2000\" src=\"https:\/\/arteconfort.com\/wp-content\/uploads\/2024\/06\/AITANA-ambiente-286536489-a-06.webp\" class=\"attachment-shop_catalog size-shop_catalog\" alt=\"Ventilador AITANA lateral\" srcset=\"https:\/\/arteconfort.com\/wp-content\/uploads\/2024\/06\/AITANA-ambiente-286536489-a-06.webp 2000w, https:\/\/arteconfort.com\/wp-content\/uploads\/2024\/06\/AITANA-ambiente-286536489-a-06-768x768.webp 768w, https:\/\/arteconfort.com\/wp-content\/uploads\/2024\/06\/AITANA-ambiente-286536489-a-06-1536x1536.webp 1536w, https:\/\/arteconfort.com\/wp-content\/uploads\/2024\/06\/AITANA-ambiente-286536489-a-06-340x340.webp 340w, https:\/\/arteconfort.com\/wp-content\/uploads\/2024\/06\/AITANA-ambiente-286536489-a-06-640x640.webp 640w, https:\/\/arteconfort.com\/wp-content\/uploads\/2024\/06\/AITANA-ambiente-286536489-a-06-960x960.webp 960w, https:\/\/arteconfort.com\/wp-content\/uploads\/2024\/06\/AITANA-ambiente-286536489-a-06-1280x1280.webp 1280w, https:\/\/arteconfort.com\/wp-content\/uploads\/2024\/06\/AITANA-ambiente-286536489-a-06-133x133.webp 133w, https:\/\/arteconfort.com\/wp-content\/uploads\/2024\/06\/AITANA-ambiente-286536489-a-06-300x300.webp 300w, https:\/\/arteconfort.com\/wp-content\/uploads\/2024\/06\/AITANA-ambiente-286536489-a-06-600x600.webp 600w, https:\/\/arteconfort.com\/wp-content\/uploads\/2024\/06\/AITANA-ambiente-286536489-a-06-100x100.webp 100w\" sizes=\"auto, (max-width: 2000px) 100vw, 2000px\" \/><img loading=\"lazy\" decoding=\"async\" width=\"2000\" height=\"2000\" src=\"https:\/\/arteconfort.com\/wp-content\/uploads\/2024\/06\/AITANA-ambiente-286536489-a-02.webp\" class=\"attachment-shop_catalog size-shop_catalog\" alt=\"Ventilador AITANA ambiente luz neutra tenue\" srcset=\"https:\/\/arteconfort.com\/wp-content\/uploads\/2024\/06\/AITANA-ambiente-286536489-a-02.webp 2000w, https:\/\/arteconfort.com\/wp-content\/uploads\/2024\/06\/AITANA-ambiente-286536489-a-02-768x768.webp 768w, https:\/\/arteconfort.com\/wp-content\/uploads\/2024\/06\/AITANA-ambiente-286536489-a-02-1536x1536.webp 1536w, https:\/\/arteconfort.com\/wp-content\/uploads\/2024\/06\/AITANA-ambiente-286536489-a-02-340x340.webp 340w, https:\/\/arteconfort.com\/wp-content\/uploads\/2024\/06\/AITANA-ambiente-286536489-a-02-640x640.webp 640w, https:\/\/arteconfort.com\/wp-content\/uploads\/2024\/06\/AITANA-ambiente-286536489-a-02-960x960.webp 960w, https:\/\/arteconfort.com\/wp-content\/uploads\/2024\/06\/AITANA-ambiente-286536489-a-02-1280x1280.webp 1280w, https:\/\/arteconfort.com\/wp-content\/uploads\/2024\/06\/AITANA-ambiente-286536489-a-02-133x133.webp 133w, https:\/\/arteconfort.com\/wp-content\/uploads\/2024\/06\/AITANA-ambiente-286536489-a-02-300x300.webp 300w, https:\/\/arteconfort.com\/wp-content\/uploads\/2024\/06\/AITANA-ambiente-286536489-a-02-600x600.webp 600w, https:\/\/arteconfort.com\/wp-content\/uploads\/2024\/06\/AITANA-ambiente-286536489-a-02-100x100.webp 100w\" sizes=\"auto, (max-width: 2000px) 100vw, 2000px\" \/><img loading=\"lazy\" decoding=\"async\" width=\"2000\" height=\"2000\" src=\"https:\/\/arteconfort.com\/wp-content\/uploads\/2024\/06\/AITANA-ambiente-286536489-a-04.webp\" class=\"attachment-shop_catalog size-shop_catalog\" alt=\"Ventilador AITANA ambiente luz fria\" srcset=\"https:\/\/arteconfort.com\/wp-content\/uploads\/2024\/06\/AITANA-ambiente-286536489-a-04.webp 2000w, https:\/\/arteconfort.com\/wp-content\/uploads\/2024\/06\/AITANA-ambiente-286536489-a-04-768x768.webp 768w, https:\/\/arteconfort.com\/wp-content\/uploads\/2024\/06\/AITANA-ambiente-286536489-a-04-1536x1536.webp 1536w, https:\/\/arteconfort.com\/wp-content\/uploads\/2024\/06\/AITANA-ambiente-286536489-a-04-340x340.webp 340w, https:\/\/arteconfort.com\/wp-content\/uploads\/2024\/06\/AITANA-ambiente-286536489-a-04-640x640.webp 640w, https:\/\/arteconfort.com\/wp-content\/uploads\/2024\/06\/AITANA-ambiente-286536489-a-04-960x960.webp 960w, https:\/\/arteconfort.com\/wp-content\/uploads\/2024\/06\/AITANA-ambiente-286536489-a-04-1280x1280.webp 1280w, https:\/\/arteconfort.com\/wp-content\/uploads\/2024\/06\/AITANA-ambiente-286536489-a-04-133x133.webp 133w, https:\/\/arteconfort.com\/wp-content\/uploads\/2024\/06\/AITANA-ambiente-286536489-a-04-300x300.webp 300w, https:\/\/arteconfort.com\/wp-content\/uploads\/2024\/06\/AITANA-ambiente-286536489-a-04-600x600.webp 600w, https:\/\/arteconfort.com\/wp-content\/uploads\/2024\/06\/AITANA-ambiente-286536489-a-04-100x100.webp 100w\" sizes=\"auto, (max-width: 2000px) 100vw, 2000px\" \/>\t<\/a>\n\t<div class=\"w-product-status\"><\/div>\t<span id=\"woocommerce_loop_add_to_cart_link_describedby_25323\" class=\"screen-reader-text\">\n\t\t\t<\/span>\n<\/div><div class=\"berocket_better_labels berocket_better_labels_image\"><div class=\"berocket_better_labels_position berocket_better_labels_position_right\"><div class=\"berocket_better_labels_line berocket_better_labels_line_1\"><div class=\"berocket_better_labels_inline berocket_better_labels_inline_1\"><div class=\"br_alabel br_alabel_type_text br_alabel_template_type_css berocket_alabel_id_22611  br_alabel_better_compatibility\" style=\"\"><span  style=\"\"><i style=\"background-color: #000000; border-color: #000000;\" class=\"template-span-before \"><\/i><i style=\"background-color: #000000; border-color: #000000;\" class=\"template-i \"><\/i><i style=\"background-color: #000000; border-color: #000000;\" class=\"template-i-before \"><\/i><i style=\"background-color: #000000; border-color: #000000;\" class=\"template-i-after \"><\/i><b style=\"position: relative;z-index: 100;text-align: center;color: inherit;\">Old collection<\/b><\/span><\/div><\/div><\/div><\/div><\/div><figcaption><h2 class=\"woocommerce-loop-product__title\">AITANA<\/h2><div class=\"woocommerce-product-details__short-description\">\n\t<p>AITANA ceiling fan with integrated LED light and colour temperature memory. It has a white body and 3<\/div>\n\n<\/figcaption><\/figure><\/li>\n<li class=\"product type-product post-25278 status-publish first instock product_cat-climatizacion-en product_cat-collection-old-en product_cat-ventiladores-de-techo-en has-post-thumbnail shipping-taxable product-type-simple w-item col-3\">\n\t<figure><div class=\"image-wrapper\">\t\t<a href=\"https:\/\/arteconfort.com\/en\/producto\/alicia\/\" class=\"w-fadeslider\">\n\t<img loading=\"lazy\" decoding=\"async\" width=\"1024\" height=\"1024\" src=\"https:\/\/arteconfort.com\/wp-content\/uploads\/2024\/06\/ventilador-ALICIA-86536469-p-01.webp\" class=\"attachment-shop_catalog size-shop_catalog wp-post-image\" alt=\"Ventilador ALICIA BLANCO con mando\" srcset=\"https:\/\/arteconfort.com\/wp-content\/uploads\/2024\/06\/ventilador-ALICIA-86536469-p-01.webp 1024w, https:\/\/arteconfort.com\/wp-content\/uploads\/2024\/06\/ventilador-ALICIA-86536469-p-01-768x768.webp 768w, https:\/\/arteconfort.com\/wp-content\/uploads\/2024\/06\/ventilador-ALICIA-86536469-p-01-340x340.webp 340w, https:\/\/arteconfort.com\/wp-content\/uploads\/2024\/06\/ventilador-ALICIA-86536469-p-01-640x640.webp 640w, https:\/\/arteconfort.com\/wp-content\/uploads\/2024\/06\/ventilador-ALICIA-86536469-p-01-960x960.webp 960w, https:\/\/arteconfort.com\/wp-content\/uploads\/2024\/06\/ventilador-ALICIA-86536469-p-01-300x300.webp 300w, https:\/\/arteconfort.com\/wp-content\/uploads\/2024\/06\/ventilador-ALICIA-86536469-p-01-600x600.webp 600w, https:\/\/arteconfort.com\/wp-content\/uploads\/2024\/06\/ventilador-ALICIA-86536469-p-01-100x100.webp 100w, https:\/\/arteconfort.com\/wp-content\/uploads\/2024\/06\/ventilador-ALICIA-86536469-p-01-133x133.webp 133w\" sizes=\"auto, (max-width: 1024px) 100vw, 1024px\" \/>\t<img loading=\"lazy\" decoding=\"async\" width=\"1024\" height=\"1024\" src=\"https:\/\/arteconfort.com\/wp-content\/uploads\/2023\/10\/ALICIA-blanco-ambiente-2.webp\" class=\"attachment-shop_catalog size-shop_catalog\" alt=\"\" srcset=\"https:\/\/arteconfort.com\/wp-content\/uploads\/2023\/10\/ALICIA-blanco-ambiente-2.webp 1024w, https:\/\/arteconfort.com\/wp-content\/uploads\/2023\/10\/ALICIA-blanco-ambiente-2-768x768.webp 768w, https:\/\/arteconfort.com\/wp-content\/uploads\/2023\/10\/ALICIA-blanco-ambiente-2-340x340.webp 340w, https:\/\/arteconfort.com\/wp-content\/uploads\/2023\/10\/ALICIA-blanco-ambiente-2-640x640.webp 640w, https:\/\/arteconfort.com\/wp-content\/uploads\/2023\/10\/ALICIA-blanco-ambiente-2-960x960.webp 960w, https:\/\/arteconfort.com\/wp-content\/uploads\/2023\/10\/ALICIA-blanco-ambiente-2-133x133.webp 133w, https:\/\/arteconfort.com\/wp-content\/uploads\/2023\/10\/ALICIA-blanco-ambiente-2-300x300.webp 300w, https:\/\/arteconfort.com\/wp-content\/uploads\/2023\/10\/ALICIA-blanco-ambiente-2-600x600.webp 600w, https:\/\/arteconfort.com\/wp-content\/uploads\/2023\/10\/ALICIA-blanco-ambiente-2-100x100.webp 100w\" sizes=\"auto, (max-width: 1024px) 100vw, 1024px\" \/><img loading=\"lazy\" decoding=\"async\" width=\"1024\" height=\"1024\" src=\"https:\/\/arteconfort.com\/wp-content\/uploads\/2023\/10\/ALICIA-negro-ambiente.webp\" class=\"attachment-shop_catalog size-shop_catalog\" alt=\"\" srcset=\"https:\/\/arteconfort.com\/wp-content\/uploads\/2023\/10\/ALICIA-negro-ambiente.webp 1024w, https:\/\/arteconfort.com\/wp-content\/uploads\/2023\/10\/ALICIA-negro-ambiente-768x768.webp 768w, https:\/\/arteconfort.com\/wp-content\/uploads\/2023\/10\/ALICIA-negro-ambiente-340x340.webp 340w, https:\/\/arteconfort.com\/wp-content\/uploads\/2023\/10\/ALICIA-negro-ambiente-640x640.webp 640w, https:\/\/arteconfort.com\/wp-content\/uploads\/2023\/10\/ALICIA-negro-ambiente-960x960.webp 960w, https:\/\/arteconfort.com\/wp-content\/uploads\/2023\/10\/ALICIA-negro-ambiente-133x133.webp 133w, https:\/\/arteconfort.com\/wp-content\/uploads\/2023\/10\/ALICIA-negro-ambiente-300x300.webp 300w, https:\/\/arteconfort.com\/wp-content\/uploads\/2023\/10\/ALICIA-negro-ambiente-600x600.webp 600w, https:\/\/arteconfort.com\/wp-content\/uploads\/2023\/10\/ALICIA-negro-ambiente-100x100.webp 100w\" sizes=\"auto, (max-width: 1024px) 100vw, 1024px\" \/><img loading=\"lazy\" decoding=\"async\" width=\"1024\" height=\"1024\" src=\"https:\/\/arteconfort.com\/wp-content\/uploads\/2023\/10\/ALICIA-blanco-ambiente.webp\" class=\"attachment-shop_catalog size-shop_catalog\" alt=\"\" srcset=\"https:\/\/arteconfort.com\/wp-content\/uploads\/2023\/10\/ALICIA-blanco-ambiente.webp 1024w, https:\/\/arteconfort.com\/wp-content\/uploads\/2023\/10\/ALICIA-blanco-ambiente-768x768.webp 768w, https:\/\/arteconfort.com\/wp-content\/uploads\/2023\/10\/ALICIA-blanco-ambiente-340x340.webp 340w, https:\/\/arteconfort.com\/wp-content\/uploads\/2023\/10\/ALICIA-blanco-ambiente-640x640.webp 640w, https:\/\/arteconfort.com\/wp-content\/uploads\/2023\/10\/ALICIA-blanco-ambiente-960x960.webp 960w, https:\/\/arteconfort.com\/wp-content\/uploads\/2023\/10\/ALICIA-blanco-ambiente-133x133.webp 133w, https:\/\/arteconfort.com\/wp-content\/uploads\/2023\/10\/ALICIA-blanco-ambiente-300x300.webp 300w, https:\/\/arteconfort.com\/wp-content\/uploads\/2023\/10\/ALICIA-blanco-ambiente-600x600.webp 600w, https:\/\/arteconfort.com\/wp-content\/uploads\/2023\/10\/ALICIA-blanco-ambiente-100x100.webp 100w\" sizes=\"auto, (max-width: 1024px) 100vw, 1024px\" \/><img loading=\"lazy\" decoding=\"async\" width=\"1024\" height=\"1024\" src=\"https:\/\/arteconfort.com\/wp-content\/uploads\/2023\/10\/ALICIA-negro-ambiente-4.webp\" class=\"attachment-shop_catalog size-shop_catalog\" alt=\"\" srcset=\"https:\/\/arteconfort.com\/wp-content\/uploads\/2023\/10\/ALICIA-negro-ambiente-4.webp 1024w, https:\/\/arteconfort.com\/wp-content\/uploads\/2023\/10\/ALICIA-negro-ambiente-4-768x768.webp 768w, https:\/\/arteconfort.com\/wp-content\/uploads\/2023\/10\/ALICIA-negro-ambiente-4-340x340.webp 340w, https:\/\/arteconfort.com\/wp-content\/uploads\/2023\/10\/ALICIA-negro-ambiente-4-640x640.webp 640w, https:\/\/arteconfort.com\/wp-content\/uploads\/2023\/10\/ALICIA-negro-ambiente-4-960x960.webp 960w, https:\/\/arteconfort.com\/wp-content\/uploads\/2023\/10\/ALICIA-negro-ambiente-4-133x133.webp 133w, https:\/\/arteconfort.com\/wp-content\/uploads\/2023\/10\/ALICIA-negro-ambiente-4-300x300.webp 300w, https:\/\/arteconfort.com\/wp-content\/uploads\/2023\/10\/ALICIA-negro-ambiente-4-600x600.webp 600w, https:\/\/arteconfort.com\/wp-content\/uploads\/2023\/10\/ALICIA-negro-ambiente-4-100x100.webp 100w\" sizes=\"auto, (max-width: 1024px) 100vw, 1024px\" \/><img loading=\"lazy\" decoding=\"async\" width=\"1024\" height=\"1024\" src=\"https:\/\/arteconfort.com\/wp-content\/uploads\/2024\/06\/ventilador-ALICIA-86536469-p-04.webp\" class=\"attachment-shop_catalog size-shop_catalog\" alt=\"Ventilador ALICIA BLANCO perspectiva\" srcset=\"https:\/\/arteconfort.com\/wp-content\/uploads\/2024\/06\/ventilador-ALICIA-86536469-p-04.webp 1024w, https:\/\/arteconfort.com\/wp-content\/uploads\/2024\/06\/ventilador-ALICIA-86536469-p-04-768x768.webp 768w, https:\/\/arteconfort.com\/wp-content\/uploads\/2024\/06\/ventilador-ALICIA-86536469-p-04-340x340.webp 340w, https:\/\/arteconfort.com\/wp-content\/uploads\/2024\/06\/ventilador-ALICIA-86536469-p-04-640x640.webp 640w, https:\/\/arteconfort.com\/wp-content\/uploads\/2024\/06\/ventilador-ALICIA-86536469-p-04-960x960.webp 960w, https:\/\/arteconfort.com\/wp-content\/uploads\/2024\/06\/ventilador-ALICIA-86536469-p-04-133x133.webp 133w, https:\/\/arteconfort.com\/wp-content\/uploads\/2024\/06\/ventilador-ALICIA-86536469-p-04-300x300.webp 300w, https:\/\/arteconfort.com\/wp-content\/uploads\/2024\/06\/ventilador-ALICIA-86536469-p-04-600x600.webp 600w, https:\/\/arteconfort.com\/wp-content\/uploads\/2024\/06\/ventilador-ALICIA-86536469-p-04-100x100.webp 100w\" sizes=\"auto, (max-width: 1024px) 100vw, 1024px\" \/><img loading=\"lazy\" decoding=\"async\" width=\"1024\" height=\"1024\" src=\"https:\/\/arteconfort.com\/wp-content\/uploads\/2024\/06\/ventilador-ALICIA-86536469-p-02.webp\" class=\"attachment-shop_catalog size-shop_catalog\" alt=\"Ventilador ALICIA BLANCO lateral\" srcset=\"https:\/\/arteconfort.com\/wp-content\/uploads\/2024\/06\/ventilador-ALICIA-86536469-p-02.webp 1024w, https:\/\/arteconfort.com\/wp-content\/uploads\/2024\/06\/ventilador-ALICIA-86536469-p-02-768x768.webp 768w, https:\/\/arteconfort.com\/wp-content\/uploads\/2024\/06\/ventilador-ALICIA-86536469-p-02-340x340.webp 340w, https:\/\/arteconfort.com\/wp-content\/uploads\/2024\/06\/ventilador-ALICIA-86536469-p-02-640x640.webp 640w, https:\/\/arteconfort.com\/wp-content\/uploads\/2024\/06\/ventilador-ALICIA-86536469-p-02-960x960.webp 960w, https:\/\/arteconfort.com\/wp-content\/uploads\/2024\/06\/ventilador-ALICIA-86536469-p-02-133x133.webp 133w, https:\/\/arteconfort.com\/wp-content\/uploads\/2024\/06\/ventilador-ALICIA-86536469-p-02-300x300.webp 300w, https:\/\/arteconfort.com\/wp-content\/uploads\/2024\/06\/ventilador-ALICIA-86536469-p-02-600x600.webp 600w, https:\/\/arteconfort.com\/wp-content\/uploads\/2024\/06\/ventilador-ALICIA-86536469-p-02-100x100.webp 100w\" sizes=\"auto, (max-width: 1024px) 100vw, 1024px\" \/><img loading=\"lazy\" decoding=\"async\" width=\"1024\" height=\"1024\" src=\"https:\/\/arteconfort.com\/wp-content\/uploads\/2024\/06\/ventilador-ALICIA-86536469-p-03.webp\" class=\"attachment-shop_catalog size-shop_catalog\" alt=\"Ventilador ALICIA BLANCO planta\" srcset=\"https:\/\/arteconfort.com\/wp-content\/uploads\/2024\/06\/ventilador-ALICIA-86536469-p-03.webp 1024w, https:\/\/arteconfort.com\/wp-content\/uploads\/2024\/06\/ventilador-ALICIA-86536469-p-03-768x768.webp 768w, https:\/\/arteconfort.com\/wp-content\/uploads\/2024\/06\/ventilador-ALICIA-86536469-p-03-340x340.webp 340w, https:\/\/arteconfort.com\/wp-content\/uploads\/2024\/06\/ventilador-ALICIA-86536469-p-03-640x640.webp 640w, https:\/\/arteconfort.com\/wp-content\/uploads\/2024\/06\/ventilador-ALICIA-86536469-p-03-960x960.webp 960w, https:\/\/arteconfort.com\/wp-content\/uploads\/2024\/06\/ventilador-ALICIA-86536469-p-03-133x133.webp 133w, https:\/\/arteconfort.com\/wp-content\/uploads\/2024\/06\/ventilador-ALICIA-86536469-p-03-300x300.webp 300w, https:\/\/arteconfort.com\/wp-content\/uploads\/2024\/06\/ventilador-ALICIA-86536469-p-03-600x600.webp 600w, https:\/\/arteconfort.com\/wp-content\/uploads\/2024\/06\/ventilador-ALICIA-86536469-p-03-100x100.webp 100w\" sizes=\"auto, (max-width: 1024px) 100vw, 1024px\" \/><img loading=\"lazy\" decoding=\"async\" width=\"1024\" height=\"1024\" src=\"https:\/\/arteconfort.com\/wp-content\/uploads\/2024\/06\/ventilador-ALICIA-86536469-tz-01.webp\" class=\"attachment-shop_catalog size-shop_catalog\" alt=\"Ventilador ALICIA BLANCO detalle aspas\" srcset=\"https:\/\/arteconfort.com\/wp-content\/uploads\/2024\/06\/ventilador-ALICIA-86536469-tz-01.webp 1024w, https:\/\/arteconfort.com\/wp-content\/uploads\/2024\/06\/ventilador-ALICIA-86536469-tz-01-768x768.webp 768w, https:\/\/arteconfort.com\/wp-content\/uploads\/2024\/06\/ventilador-ALICIA-86536469-tz-01-340x340.webp 340w, https:\/\/arteconfort.com\/wp-content\/uploads\/2024\/06\/ventilador-ALICIA-86536469-tz-01-640x640.webp 640w, https:\/\/arteconfort.com\/wp-content\/uploads\/2024\/06\/ventilador-ALICIA-86536469-tz-01-960x960.webp 960w, https:\/\/arteconfort.com\/wp-content\/uploads\/2024\/06\/ventilador-ALICIA-86536469-tz-01-133x133.webp 133w, https:\/\/arteconfort.com\/wp-content\/uploads\/2024\/06\/ventilador-ALICIA-86536469-tz-01-300x300.webp 300w, https:\/\/arteconfort.com\/wp-content\/uploads\/2024\/06\/ventilador-ALICIA-86536469-tz-01-600x600.webp 600w, https:\/\/arteconfort.com\/wp-content\/uploads\/2024\/06\/ventilador-ALICIA-86536469-tz-01-100x100.webp 100w\" sizes=\"auto, (max-width: 1024px) 100vw, 1024px\" \/><img loading=\"lazy\" decoding=\"async\" width=\"1024\" height=\"1024\" src=\"https:\/\/arteconfort.com\/wp-content\/uploads\/2024\/06\/ventilador-ALICIA-86536469-tz-02.webp\" class=\"attachment-shop_catalog size-shop_catalog\" alt=\"Ventilador ALICIA BLANCO detalle cuerpo\" srcset=\"https:\/\/arteconfort.com\/wp-content\/uploads\/2024\/06\/ventilador-ALICIA-86536469-tz-02.webp 1024w, https:\/\/arteconfort.com\/wp-content\/uploads\/2024\/06\/ventilador-ALICIA-86536469-tz-02-768x768.webp 768w, https:\/\/arteconfort.com\/wp-content\/uploads\/2024\/06\/ventilador-ALICIA-86536469-tz-02-340x340.webp 340w, https:\/\/arteconfort.com\/wp-content\/uploads\/2024\/06\/ventilador-ALICIA-86536469-tz-02-640x640.webp 640w, https:\/\/arteconfort.com\/wp-content\/uploads\/2024\/06\/ventilador-ALICIA-86536469-tz-02-960x960.webp 960w, https:\/\/arteconfort.com\/wp-content\/uploads\/2024\/06\/ventilador-ALICIA-86536469-tz-02-133x133.webp 133w, https:\/\/arteconfort.com\/wp-content\/uploads\/2024\/06\/ventilador-ALICIA-86536469-tz-02-300x300.webp 300w, https:\/\/arteconfort.com\/wp-content\/uploads\/2024\/06\/ventilador-ALICIA-86536469-tz-02-600x600.webp 600w, https:\/\/arteconfort.com\/wp-content\/uploads\/2024\/06\/ventilador-ALICIA-86536469-tz-02-100x100.webp 100w\" sizes=\"auto, (max-width: 1024px) 100vw, 1024px\" \/><img loading=\"lazy\" decoding=\"async\" width=\"1024\" height=\"1024\" src=\"https:\/\/arteconfort.com\/wp-content\/uploads\/2024\/06\/ventilador-ALICIA-negro-86536468-p-01.webp\" class=\"attachment-shop_catalog size-shop_catalog\" alt=\"Ventilador ALICIA NEGRO temperatura luces\" srcset=\"https:\/\/arteconfort.com\/wp-content\/uploads\/2024\/06\/ventilador-ALICIA-negro-86536468-p-01.webp 1024w, https:\/\/arteconfort.com\/wp-content\/uploads\/2024\/06\/ventilador-ALICIA-negro-86536468-p-01-768x768.webp 768w, https:\/\/arteconfort.com\/wp-content\/uploads\/2024\/06\/ventilador-ALICIA-negro-86536468-p-01-340x340.webp 340w, https:\/\/arteconfort.com\/wp-content\/uploads\/2024\/06\/ventilador-ALICIA-negro-86536468-p-01-640x640.webp 640w, https:\/\/arteconfort.com\/wp-content\/uploads\/2024\/06\/ventilador-ALICIA-negro-86536468-p-01-960x960.webp 960w, https:\/\/arteconfort.com\/wp-content\/uploads\/2024\/06\/ventilador-ALICIA-negro-86536468-p-01-133x133.webp 133w, https:\/\/arteconfort.com\/wp-content\/uploads\/2024\/06\/ventilador-ALICIA-negro-86536468-p-01-300x300.webp 300w, https:\/\/arteconfort.com\/wp-content\/uploads\/2024\/06\/ventilador-ALICIA-negro-86536468-p-01-600x600.webp 600w, https:\/\/arteconfort.com\/wp-content\/uploads\/2024\/06\/ventilador-ALICIA-negro-86536468-p-01-100x100.webp 100w\" sizes=\"auto, (max-width: 1024px) 100vw, 1024px\" \/><img loading=\"lazy\" decoding=\"async\" width=\"1024\" height=\"1024\" src=\"https:\/\/arteconfort.com\/wp-content\/uploads\/2024\/06\/ventilador-ALICIA-negro-86536468-p-02.webp\" class=\"attachment-shop_catalog size-shop_catalog\" alt=\"Ventilador ALICIA NEGRO lateral\" srcset=\"https:\/\/arteconfort.com\/wp-content\/uploads\/2024\/06\/ventilador-ALICIA-negro-86536468-p-02.webp 1024w, https:\/\/arteconfort.com\/wp-content\/uploads\/2024\/06\/ventilador-ALICIA-negro-86536468-p-02-768x768.webp 768w, https:\/\/arteconfort.com\/wp-content\/uploads\/2024\/06\/ventilador-ALICIA-negro-86536468-p-02-340x340.webp 340w, https:\/\/arteconfort.com\/wp-content\/uploads\/2024\/06\/ventilador-ALICIA-negro-86536468-p-02-640x640.webp 640w, https:\/\/arteconfort.com\/wp-content\/uploads\/2024\/06\/ventilador-ALICIA-negro-86536468-p-02-960x960.webp 960w, https:\/\/arteconfort.com\/wp-content\/uploads\/2024\/06\/ventilador-ALICIA-negro-86536468-p-02-133x133.webp 133w, https:\/\/arteconfort.com\/wp-content\/uploads\/2024\/06\/ventilador-ALICIA-negro-86536468-p-02-300x300.webp 300w, https:\/\/arteconfort.com\/wp-content\/uploads\/2024\/06\/ventilador-ALICIA-negro-86536468-p-02-600x600.webp 600w, https:\/\/arteconfort.com\/wp-content\/uploads\/2024\/06\/ventilador-ALICIA-negro-86536468-p-02-100x100.webp 100w\" sizes=\"auto, (max-width: 1024px) 100vw, 1024px\" \/><img loading=\"lazy\" decoding=\"async\" width=\"1024\" height=\"1024\" src=\"https:\/\/arteconfort.com\/wp-content\/uploads\/2024\/06\/ventilador-ALICIA-negro-86536468-p-03.webp\" class=\"attachment-shop_catalog size-shop_catalog\" alt=\"Ventilador ALICIA NEGRO planta\" srcset=\"https:\/\/arteconfort.com\/wp-content\/uploads\/2024\/06\/ventilador-ALICIA-negro-86536468-p-03.webp 1024w, https:\/\/arteconfort.com\/wp-content\/uploads\/2024\/06\/ventilador-ALICIA-negro-86536468-p-03-768x768.webp 768w, https:\/\/arteconfort.com\/wp-content\/uploads\/2024\/06\/ventilador-ALICIA-negro-86536468-p-03-340x340.webp 340w, https:\/\/arteconfort.com\/wp-content\/uploads\/2024\/06\/ventilador-ALICIA-negro-86536468-p-03-640x640.webp 640w, https:\/\/arteconfort.com\/wp-content\/uploads\/2024\/06\/ventilador-ALICIA-negro-86536468-p-03-960x960.webp 960w, https:\/\/arteconfort.com\/wp-content\/uploads\/2024\/06\/ventilador-ALICIA-negro-86536468-p-03-133x133.webp 133w, https:\/\/arteconfort.com\/wp-content\/uploads\/2024\/06\/ventilador-ALICIA-negro-86536468-p-03-300x300.webp 300w, https:\/\/arteconfort.com\/wp-content\/uploads\/2024\/06\/ventilador-ALICIA-negro-86536468-p-03-600x600.webp 600w, https:\/\/arteconfort.com\/wp-content\/uploads\/2024\/06\/ventilador-ALICIA-negro-86536468-p-03-100x100.webp 100w\" sizes=\"auto, (max-width: 1024px) 100vw, 1024px\" \/><img loading=\"lazy\" decoding=\"async\" width=\"1024\" height=\"1024\" src=\"https:\/\/arteconfort.com\/wp-content\/uploads\/2024\/06\/ventilador-ALICIA-negro-86536468-tz-03.webp\" class=\"attachment-shop_catalog size-shop_catalog\" alt=\"Ventilador ALICIA NEGRO detalle cuerpo\" srcset=\"https:\/\/arteconfort.com\/wp-content\/uploads\/2024\/06\/ventilador-ALICIA-negro-86536468-tz-03.webp 1024w, https:\/\/arteconfort.com\/wp-content\/uploads\/2024\/06\/ventilador-ALICIA-negro-86536468-tz-03-768x768.webp 768w, https:\/\/arteconfort.com\/wp-content\/uploads\/2024\/06\/ventilador-ALICIA-negro-86536468-tz-03-340x340.webp 340w, https:\/\/arteconfort.com\/wp-content\/uploads\/2024\/06\/ventilador-ALICIA-negro-86536468-tz-03-640x640.webp 640w, https:\/\/arteconfort.com\/wp-content\/uploads\/2024\/06\/ventilador-ALICIA-negro-86536468-tz-03-960x960.webp 960w, https:\/\/arteconfort.com\/wp-content\/uploads\/2024\/06\/ventilador-ALICIA-negro-86536468-tz-03-133x133.webp 133w, https:\/\/arteconfort.com\/wp-content\/uploads\/2024\/06\/ventilador-ALICIA-negro-86536468-tz-03-300x300.webp 300w, https:\/\/arteconfort.com\/wp-content\/uploads\/2024\/06\/ventilador-ALICIA-negro-86536468-tz-03-600x600.webp 600w, https:\/\/arteconfort.com\/wp-content\/uploads\/2024\/06\/ventilador-ALICIA-negro-86536468-tz-03-100x100.webp 100w\" sizes=\"auto, (max-width: 1024px) 100vw, 1024px\" \/><img loading=\"lazy\" decoding=\"async\" width=\"1024\" height=\"1024\" src=\"https:\/\/arteconfort.com\/wp-content\/uploads\/2024\/06\/ventilador-ALICIA-negro-86536468-tz-02.webp\" class=\"attachment-shop_catalog size-shop_catalog\" alt=\"Ventilador ALICIA NEGRO detalle plafon 1\" srcset=\"https:\/\/arteconfort.com\/wp-content\/uploads\/2024\/06\/ventilador-ALICIA-negro-86536468-tz-02.webp 1024w, https:\/\/arteconfort.com\/wp-content\/uploads\/2024\/06\/ventilador-ALICIA-negro-86536468-tz-02-768x768.webp 768w, https:\/\/arteconfort.com\/wp-content\/uploads\/2024\/06\/ventilador-ALICIA-negro-86536468-tz-02-340x340.webp 340w, https:\/\/arteconfort.com\/wp-content\/uploads\/2024\/06\/ventilador-ALICIA-negro-86536468-tz-02-640x640.webp 640w, https:\/\/arteconfort.com\/wp-content\/uploads\/2024\/06\/ventilador-ALICIA-negro-86536468-tz-02-960x960.webp 960w, https:\/\/arteconfort.com\/wp-content\/uploads\/2024\/06\/ventilador-ALICIA-negro-86536468-tz-02-133x133.webp 133w, https:\/\/arteconfort.com\/wp-content\/uploads\/2024\/06\/ventilador-ALICIA-negro-86536468-tz-02-300x300.webp 300w, https:\/\/arteconfort.com\/wp-content\/uploads\/2024\/06\/ventilador-ALICIA-negro-86536468-tz-02-600x600.webp 600w, https:\/\/arteconfort.com\/wp-content\/uploads\/2024\/06\/ventilador-ALICIA-negro-86536468-tz-02-100x100.webp 100w\" sizes=\"auto, (max-width: 1024px) 100vw, 1024px\" \/><img loading=\"lazy\" decoding=\"async\" width=\"1024\" height=\"1024\" src=\"https:\/\/arteconfort.com\/wp-content\/uploads\/2024\/06\/ventilador-ALICIA-mando.webp\" class=\"attachment-shop_catalog size-shop_catalog\" alt=\"Ventilador ALICIA mando\" srcset=\"https:\/\/arteconfort.com\/wp-content\/uploads\/2024\/06\/ventilador-ALICIA-mando.webp 1024w, https:\/\/arteconfort.com\/wp-content\/uploads\/2024\/06\/ventilador-ALICIA-mando-768x768.webp 768w, https:\/\/arteconfort.com\/wp-content\/uploads\/2024\/06\/ventilador-ALICIA-mando-340x340.webp 340w, https:\/\/arteconfort.com\/wp-content\/uploads\/2024\/06\/ventilador-ALICIA-mando-640x640.webp 640w, https:\/\/arteconfort.com\/wp-content\/uploads\/2024\/06\/ventilador-ALICIA-mando-960x960.webp 960w, https:\/\/arteconfort.com\/wp-content\/uploads\/2024\/06\/ventilador-ALICIA-mando-133x133.webp 133w, https:\/\/arteconfort.com\/wp-content\/uploads\/2024\/06\/ventilador-ALICIA-mando-300x300.webp 300w, https:\/\/arteconfort.com\/wp-content\/uploads\/2024\/06\/ventilador-ALICIA-mando-600x600.webp 600w, https:\/\/arteconfort.com\/wp-content\/uploads\/2024\/06\/ventilador-ALICIA-mando-100x100.webp 100w\" sizes=\"auto, (max-width: 1024px) 100vw, 1024px\" \/><img loading=\"lazy\" decoding=\"async\" width=\"1024\" height=\"1024\" src=\"https:\/\/arteconfort.com\/wp-content\/uploads\/2024\/06\/ventilador-ALICIA-86536469-pat-01.webp\" class=\"attachment-shop_catalog size-shop_catalog\" alt=\"Ventilador ALICIA grafico\" srcset=\"https:\/\/arteconfort.com\/wp-content\/uploads\/2024\/06\/ventilador-ALICIA-86536469-pat-01.webp 1024w, https:\/\/arteconfort.com\/wp-content\/uploads\/2024\/06\/ventilador-ALICIA-86536469-pat-01-768x768.webp 768w, https:\/\/arteconfort.com\/wp-content\/uploads\/2024\/06\/ventilador-ALICIA-86536469-pat-01-340x340.webp 340w, https:\/\/arteconfort.com\/wp-content\/uploads\/2024\/06\/ventilador-ALICIA-86536469-pat-01-640x640.webp 640w, https:\/\/arteconfort.com\/wp-content\/uploads\/2024\/06\/ventilador-ALICIA-86536469-pat-01-960x960.webp 960w, https:\/\/arteconfort.com\/wp-content\/uploads\/2024\/06\/ventilador-ALICIA-86536469-pat-01-133x133.webp 133w, https:\/\/arteconfort.com\/wp-content\/uploads\/2024\/06\/ventilador-ALICIA-86536469-pat-01-300x300.webp 300w, https:\/\/arteconfort.com\/wp-content\/uploads\/2024\/06\/ventilador-ALICIA-86536469-pat-01-600x600.webp 600w, https:\/\/arteconfort.com\/wp-content\/uploads\/2024\/06\/ventilador-ALICIA-86536469-pat-01-100x100.webp 100w\" sizes=\"auto, (max-width: 1024px) 100vw, 1024px\" \/><img loading=\"lazy\" decoding=\"async\" width=\"1024\" height=\"1024\" src=\"https:\/\/arteconfort.com\/wp-content\/uploads\/2024\/06\/ventilador-ALICIA-86536469-tz-03.webp\" class=\"attachment-shop_catalog size-shop_catalog\" alt=\"Ventilador ALICIA BLANCO temperatura luces\" srcset=\"https:\/\/arteconfort.com\/wp-content\/uploads\/2024\/06\/ventilador-ALICIA-86536469-tz-03.webp 1024w, https:\/\/arteconfort.com\/wp-content\/uploads\/2024\/06\/ventilador-ALICIA-86536469-tz-03-768x768.webp 768w, https:\/\/arteconfort.com\/wp-content\/uploads\/2024\/06\/ventilador-ALICIA-86536469-tz-03-340x340.webp 340w, https:\/\/arteconfort.com\/wp-content\/uploads\/2024\/06\/ventilador-ALICIA-86536469-tz-03-640x640.webp 640w, https:\/\/arteconfort.com\/wp-content\/uploads\/2024\/06\/ventilador-ALICIA-86536469-tz-03-960x960.webp 960w, https:\/\/arteconfort.com\/wp-content\/uploads\/2024\/06\/ventilador-ALICIA-86536469-tz-03-133x133.webp 133w, https:\/\/arteconfort.com\/wp-content\/uploads\/2024\/06\/ventilador-ALICIA-86536469-tz-03-300x300.webp 300w, https:\/\/arteconfort.com\/wp-content\/uploads\/2024\/06\/ventilador-ALICIA-86536469-tz-03-600x600.webp 600w, https:\/\/arteconfort.com\/wp-content\/uploads\/2024\/06\/ventilador-ALICIA-86536469-tz-03-100x100.webp 100w\" sizes=\"auto, (max-width: 1024px) 100vw, 1024px\" \/><img loading=\"lazy\" decoding=\"async\" width=\"1024\" height=\"1024\" src=\"https:\/\/arteconfort.com\/wp-content\/uploads\/2024\/06\/ventilador-ALICIA-negro-86536468-tz-04.webp\" class=\"attachment-shop_catalog size-shop_catalog\" alt=\"Ventilador ALICIA NEGRO temperatura luces\" srcset=\"https:\/\/arteconfort.com\/wp-content\/uploads\/2024\/06\/ventilador-ALICIA-negro-86536468-tz-04.webp 1024w, https:\/\/arteconfort.com\/wp-content\/uploads\/2024\/06\/ventilador-ALICIA-negro-86536468-tz-04-768x768.webp 768w, https:\/\/arteconfort.com\/wp-content\/uploads\/2024\/06\/ventilador-ALICIA-negro-86536468-tz-04-340x340.webp 340w, https:\/\/arteconfort.com\/wp-content\/uploads\/2024\/06\/ventilador-ALICIA-negro-86536468-tz-04-640x640.webp 640w, https:\/\/arteconfort.com\/wp-content\/uploads\/2024\/06\/ventilador-ALICIA-negro-86536468-tz-04-960x960.webp 960w, https:\/\/arteconfort.com\/wp-content\/uploads\/2024\/06\/ventilador-ALICIA-negro-86536468-tz-04-133x133.webp 133w, https:\/\/arteconfort.com\/wp-content\/uploads\/2024\/06\/ventilador-ALICIA-negro-86536468-tz-04-300x300.webp 300w, https:\/\/arteconfort.com\/wp-content\/uploads\/2024\/06\/ventilador-ALICIA-negro-86536468-tz-04-600x600.webp 600w, https:\/\/arteconfort.com\/wp-content\/uploads\/2024\/06\/ventilador-ALICIA-negro-86536468-tz-04-100x100.webp 100w\" sizes=\"auto, (max-width: 1024px) 100vw, 1024px\" \/><img loading=\"lazy\" decoding=\"async\" width=\"1024\" height=\"1024\" src=\"https:\/\/arteconfort.com\/wp-content\/uploads\/2023\/10\/ALICIA-blanco-ambiente-3.webp\" class=\"attachment-shop_catalog size-shop_catalog\" alt=\"\" srcset=\"https:\/\/arteconfort.com\/wp-content\/uploads\/2023\/10\/ALICIA-blanco-ambiente-3.webp 1024w, https:\/\/arteconfort.com\/wp-content\/uploads\/2023\/10\/ALICIA-blanco-ambiente-3-768x768.webp 768w, https:\/\/arteconfort.com\/wp-content\/uploads\/2023\/10\/ALICIA-blanco-ambiente-3-340x340.webp 340w, https:\/\/arteconfort.com\/wp-content\/uploads\/2023\/10\/ALICIA-blanco-ambiente-3-640x640.webp 640w, https:\/\/arteconfort.com\/wp-content\/uploads\/2023\/10\/ALICIA-blanco-ambiente-3-960x960.webp 960w, https:\/\/arteconfort.com\/wp-content\/uploads\/2023\/10\/ALICIA-blanco-ambiente-3-133x133.webp 133w, https:\/\/arteconfort.com\/wp-content\/uploads\/2023\/10\/ALICIA-blanco-ambiente-3-300x300.webp 300w, https:\/\/arteconfort.com\/wp-content\/uploads\/2023\/10\/ALICIA-blanco-ambiente-3-600x600.webp 600w, https:\/\/arteconfort.com\/wp-content\/uploads\/2023\/10\/ALICIA-blanco-ambiente-3-100x100.webp 100w\" sizes=\"auto, (max-width: 1024px) 100vw, 1024px\" \/><img loading=\"lazy\" decoding=\"async\" width=\"1024\" height=\"1024\" src=\"https:\/\/arteconfort.com\/wp-content\/uploads\/2023\/10\/ALICIA-blanco-ambiente-4.webp\" class=\"attachment-shop_catalog size-shop_catalog\" alt=\"\" srcset=\"https:\/\/arteconfort.com\/wp-content\/uploads\/2023\/10\/ALICIA-blanco-ambiente-4.webp 1024w, https:\/\/arteconfort.com\/wp-content\/uploads\/2023\/10\/ALICIA-blanco-ambiente-4-768x768.webp 768w, https:\/\/arteconfort.com\/wp-content\/uploads\/2023\/10\/ALICIA-blanco-ambiente-4-340x340.webp 340w, https:\/\/arteconfort.com\/wp-content\/uploads\/2023\/10\/ALICIA-blanco-ambiente-4-640x640.webp 640w, https:\/\/arteconfort.com\/wp-content\/uploads\/2023\/10\/ALICIA-blanco-ambiente-4-960x960.webp 960w, https:\/\/arteconfort.com\/wp-content\/uploads\/2023\/10\/ALICIA-blanco-ambiente-4-133x133.webp 133w, https:\/\/arteconfort.com\/wp-content\/uploads\/2023\/10\/ALICIA-blanco-ambiente-4-300x300.webp 300w, https:\/\/arteconfort.com\/wp-content\/uploads\/2023\/10\/ALICIA-blanco-ambiente-4-600x600.webp 600w, https:\/\/arteconfort.com\/wp-content\/uploads\/2023\/10\/ALICIA-blanco-ambiente-4-100x100.webp 100w\" sizes=\"auto, (max-width: 1024px) 100vw, 1024px\" \/><img loading=\"lazy\" decoding=\"async\" width=\"1024\" height=\"1024\" src=\"https:\/\/arteconfort.com\/wp-content\/uploads\/2023\/10\/ALICIA-blanco-ambiente-5.webp\" class=\"attachment-shop_catalog size-shop_catalog\" alt=\"\" srcset=\"https:\/\/arteconfort.com\/wp-content\/uploads\/2023\/10\/ALICIA-blanco-ambiente-5.webp 1024w, https:\/\/arteconfort.com\/wp-content\/uploads\/2023\/10\/ALICIA-blanco-ambiente-5-768x768.webp 768w, https:\/\/arteconfort.com\/wp-content\/uploads\/2023\/10\/ALICIA-blanco-ambiente-5-340x340.webp 340w, https:\/\/arteconfort.com\/wp-content\/uploads\/2023\/10\/ALICIA-blanco-ambiente-5-640x640.webp 640w, https:\/\/arteconfort.com\/wp-content\/uploads\/2023\/10\/ALICIA-blanco-ambiente-5-960x960.webp 960w, https:\/\/arteconfort.com\/wp-content\/uploads\/2023\/10\/ALICIA-blanco-ambiente-5-133x133.webp 133w, https:\/\/arteconfort.com\/wp-content\/uploads\/2023\/10\/ALICIA-blanco-ambiente-5-300x300.webp 300w, https:\/\/arteconfort.com\/wp-content\/uploads\/2023\/10\/ALICIA-blanco-ambiente-5-600x600.webp 600w, https:\/\/arteconfort.com\/wp-content\/uploads\/2023\/10\/ALICIA-blanco-ambiente-5-100x100.webp 100w\" sizes=\"auto, (max-width: 1024px) 100vw, 1024px\" \/>\t<\/a>\n\t<div class=\"w-product-status\"><\/div>\t<span id=\"woocommerce_loop_add_to_cart_link_describedby_25278\" class=\"screen-reader-text\">\n\t\t\t<\/span>\n<\/div><div class=\"berocket_better_labels berocket_better_labels_image\"><div class=\"berocket_better_labels_position berocket_better_labels_position_right\"><div class=\"berocket_better_labels_line berocket_better_labels_line_1\"><div class=\"berocket_better_labels_inline berocket_better_labels_inline_1\"><div class=\"br_alabel br_alabel_type_text br_alabel_template_type_css berocket_alabel_id_22611  br_alabel_better_compatibility\" style=\"\"><span  style=\"\"><i style=\"background-color: #000000; border-color: #000000;\" class=\"template-span-before \"><\/i><i style=\"background-color: #000000; border-color: #000000;\" class=\"template-i \"><\/i><i style=\"background-color: #000000; border-color: #000000;\" class=\"template-i-before \"><\/i><i style=\"background-color: #000000; border-color: #000000;\" class=\"template-i-after \"><\/i><b style=\"position: relative;z-index: 100;text-align: center;color: inherit;\">Old collection<\/b><\/span><\/div><\/div><\/div><\/div><\/div><figcaption><h2 class=\"woocommerce-loop-product__title\">ALICIA<\/h2><div class=\"woocommerce-product-details__short-description\">\n\t<p>ALICIA ceiling fan with integrated LED light and colour temperature memory. It has a white or black body<\/div>\n\n<\/figcaption><\/figure><\/li>\n<li class=\"product type-product post-44735 status-publish instock product_cat-climatizacion-en product_cat-ventiladores-de-techo-en has-post-thumbnail shipping-taxable product-type-simple w-item col-3\">\n\t<figure><div class=\"image-wrapper\">\t\t<a href=\"https:\/\/arteconfort.com\/en\/producto\/alio-l\/\" class=\"w-fadeslider\">\n\t<img loading=\"lazy\" decoding=\"async\" width=\"1024\" height=\"1024\" src=\"https:\/\/arteconfort.com\/wp-content\/uploads\/2025\/03\/ALIO-L-mando-01.webp\" class=\"attachment-shop_catalog size-shop_catalog wp-post-image\" alt=\"\" srcset=\"https:\/\/arteconfort.com\/wp-content\/uploads\/2025\/03\/ALIO-L-mando-01.webp 1024w, https:\/\/arteconfort.com\/wp-content\/uploads\/2025\/03\/ALIO-L-mando-01-768x768.webp 768w, https:\/\/arteconfort.com\/wp-content\/uploads\/2025\/03\/ALIO-L-mando-01-340x340.webp 340w, https:\/\/arteconfort.com\/wp-content\/uploads\/2025\/03\/ALIO-L-mando-01-640x640.webp 640w, https:\/\/arteconfort.com\/wp-content\/uploads\/2025\/03\/ALIO-L-mando-01-960x960.webp 960w, https:\/\/arteconfort.com\/wp-content\/uploads\/2025\/03\/ALIO-L-mando-01-300x300.webp 300w, https:\/\/arteconfort.com\/wp-content\/uploads\/2025\/03\/ALIO-L-mando-01-600x600.webp 600w, https:\/\/arteconfort.com\/wp-content\/uploads\/2025\/03\/ALIO-L-mando-01-100x100.webp 100w\" sizes=\"auto, (max-width: 1024px) 100vw, 1024px\" \/>\t<img loading=\"lazy\" decoding=\"async\" width=\"1024\" height=\"1024\" src=\"https:\/\/arteconfort.com\/wp-content\/uploads\/2025\/03\/ALIO-L-detalle-04-1.webp\" class=\"attachment-shop_catalog size-shop_catalog\" alt=\"\" srcset=\"https:\/\/arteconfort.com\/wp-content\/uploads\/2025\/03\/ALIO-L-detalle-04-1.webp 1024w, https:\/\/arteconfort.com\/wp-content\/uploads\/2025\/03\/ALIO-L-detalle-04-1-768x768.webp 768w, https:\/\/arteconfort.com\/wp-content\/uploads\/2025\/03\/ALIO-L-detalle-04-1-340x340.webp 340w, https:\/\/arteconfort.com\/wp-content\/uploads\/2025\/03\/ALIO-L-detalle-04-1-640x640.webp 640w, https:\/\/arteconfort.com\/wp-content\/uploads\/2025\/03\/ALIO-L-detalle-04-1-960x960.webp 960w, https:\/\/arteconfort.com\/wp-content\/uploads\/2025\/03\/ALIO-L-detalle-04-1-300x300.webp 300w, https:\/\/arteconfort.com\/wp-content\/uploads\/2025\/03\/ALIO-L-detalle-04-1-600x600.webp 600w, https:\/\/arteconfort.com\/wp-content\/uploads\/2025\/03\/ALIO-L-detalle-04-1-100x100.webp 100w\" sizes=\"auto, (max-width: 1024px) 100vw, 1024px\" \/><img loading=\"lazy\" decoding=\"async\" width=\"1024\" height=\"1024\" src=\"https:\/\/arteconfort.com\/wp-content\/uploads\/2025\/03\/ALIO-L-temperatura.webp\" class=\"attachment-shop_catalog size-shop_catalog\" alt=\"\" srcset=\"https:\/\/arteconfort.com\/wp-content\/uploads\/2025\/03\/ALIO-L-temperatura.webp 1024w, https:\/\/arteconfort.com\/wp-content\/uploads\/2025\/03\/ALIO-L-temperatura-768x768.webp 768w, https:\/\/arteconfort.com\/wp-content\/uploads\/2025\/03\/ALIO-L-temperatura-340x340.webp 340w, https:\/\/arteconfort.com\/wp-content\/uploads\/2025\/03\/ALIO-L-temperatura-640x640.webp 640w, https:\/\/arteconfort.com\/wp-content\/uploads\/2025\/03\/ALIO-L-temperatura-960x960.webp 960w, https:\/\/arteconfort.com\/wp-content\/uploads\/2025\/03\/ALIO-L-temperatura-300x300.webp 300w, https:\/\/arteconfort.com\/wp-content\/uploads\/2025\/03\/ALIO-L-temperatura-600x600.webp 600w, https:\/\/arteconfort.com\/wp-content\/uploads\/2025\/03\/ALIO-L-temperatura-100x100.webp 100w\" sizes=\"auto, (max-width: 1024px) 100vw, 1024px\" \/><img loading=\"lazy\" decoding=\"async\" width=\"1024\" height=\"1024\" src=\"https:\/\/arteconfort.com\/wp-content\/uploads\/2025\/03\/ALIO-L-grafico-05.webp\" class=\"attachment-shop_catalog size-shop_catalog\" alt=\"\" srcset=\"https:\/\/arteconfort.com\/wp-content\/uploads\/2025\/03\/ALIO-L-grafico-05.webp 1024w, https:\/\/arteconfort.com\/wp-content\/uploads\/2025\/03\/ALIO-L-grafico-05-768x768.webp 768w, https:\/\/arteconfort.com\/wp-content\/uploads\/2025\/03\/ALIO-L-grafico-05-340x340.webp 340w, https:\/\/arteconfort.com\/wp-content\/uploads\/2025\/03\/ALIO-L-grafico-05-640x640.webp 640w, https:\/\/arteconfort.com\/wp-content\/uploads\/2025\/03\/ALIO-L-grafico-05-960x960.webp 960w, https:\/\/arteconfort.com\/wp-content\/uploads\/2025\/03\/ALIO-L-grafico-05-300x300.webp 300w, https:\/\/arteconfort.com\/wp-content\/uploads\/2025\/03\/ALIO-L-grafico-05-600x600.webp 600w, https:\/\/arteconfort.com\/wp-content\/uploads\/2025\/03\/ALIO-L-grafico-05-100x100.webp 100w\" sizes=\"auto, (max-width: 1024px) 100vw, 1024px\" \/><img loading=\"lazy\" decoding=\"async\" width=\"1024\" height=\"1024\" src=\"https:\/\/arteconfort.com\/wp-content\/uploads\/2025\/06\/ALIO-L-facing-07.webp\" class=\"attachment-shop_catalog size-shop_catalog\" alt=\"\" srcset=\"https:\/\/arteconfort.com\/wp-content\/uploads\/2025\/06\/ALIO-L-facing-07.webp 1024w, https:\/\/arteconfort.com\/wp-content\/uploads\/2025\/06\/ALIO-L-facing-07-768x768.webp 768w, https:\/\/arteconfort.com\/wp-content\/uploads\/2025\/06\/ALIO-L-facing-07-340x340.webp 340w, https:\/\/arteconfort.com\/wp-content\/uploads\/2025\/06\/ALIO-L-facing-07-640x640.webp 640w, https:\/\/arteconfort.com\/wp-content\/uploads\/2025\/06\/ALIO-L-facing-07-960x960.webp 960w, https:\/\/arteconfort.com\/wp-content\/uploads\/2025\/06\/ALIO-L-facing-07-300x300.webp 300w, https:\/\/arteconfort.com\/wp-content\/uploads\/2025\/06\/ALIO-L-facing-07-600x600.webp 600w, https:\/\/arteconfort.com\/wp-content\/uploads\/2025\/06\/ALIO-L-facing-07-100x100.webp 100w\" sizes=\"auto, (max-width: 1024px) 100vw, 1024px\" \/>\t<\/a>\n\t<div class=\"w-product-status\"><\/div>\t<span id=\"woocommerce_loop_add_to_cart_link_describedby_44735\" class=\"screen-reader-text\">\n\t\t\t<\/span>\n<\/div><figcaption><h2 class=\"woocommerce-loop-product__title\">ALIO L<\/h2><div class=\"woocommerce-product-details__short-description\">\n\t<p>ALIO L retractable fan with integrated LED light, high luminous flux and color temperature memory. It has a<\/div>\n\n<\/figcaption><\/figure><\/li>\n<li class=\"product type-product post-44334 status-publish instock product_cat-climatizacion-en product_cat-ventiladores-de-techo-en has-post-thumbnail shipping-taxable product-type-simple w-item col-3\">\n\t<figure><div class=\"image-wrapper\">\t\t<a href=\"https:\/\/arteconfort.com\/en\/producto\/alio-m\/\" class=\"w-fadeslider\">\n\t<img loading=\"lazy\" decoding=\"async\" width=\"2000\" height=\"2000\" src=\"https:\/\/arteconfort.com\/wp-content\/uploads\/2025\/03\/ALIO-M-mando-01-1.webp\" class=\"attachment-shop_catalog size-shop_catalog wp-post-image\" alt=\"\" srcset=\"https:\/\/arteconfort.com\/wp-content\/uploads\/2025\/03\/ALIO-M-mando-01-1.webp 2000w, https:\/\/arteconfort.com\/wp-content\/uploads\/2025\/03\/ALIO-M-mando-01-1-768x768.webp 768w, https:\/\/arteconfort.com\/wp-content\/uploads\/2025\/03\/ALIO-M-mando-01-1-1536x1536.webp 1536w, https:\/\/arteconfort.com\/wp-content\/uploads\/2025\/03\/ALIO-M-mando-01-1-340x340.webp 340w, https:\/\/arteconfort.com\/wp-content\/uploads\/2025\/03\/ALIO-M-mando-01-1-640x640.webp 640w, https:\/\/arteconfort.com\/wp-content\/uploads\/2025\/03\/ALIO-M-mando-01-1-960x960.webp 960w, https:\/\/arteconfort.com\/wp-content\/uploads\/2025\/03\/ALIO-M-mando-01-1-1280x1280.webp 1280w, https:\/\/arteconfort.com\/wp-content\/uploads\/2025\/03\/ALIO-M-mando-01-1-300x300.webp 300w, https:\/\/arteconfort.com\/wp-content\/uploads\/2025\/03\/ALIO-M-mando-01-1-600x600.webp 600w, https:\/\/arteconfort.com\/wp-content\/uploads\/2025\/03\/ALIO-M-mando-01-1-100x100.webp 100w\" sizes=\"auto, (max-width: 2000px) 100vw, 2000px\" \/>\t<img loading=\"lazy\" decoding=\"async\" width=\"1024\" height=\"1024\" src=\"https:\/\/arteconfort.com\/wp-content\/uploads\/2025\/03\/ALIO-M-detalle-04.webp\" class=\"attachment-shop_catalog size-shop_catalog\" alt=\"\" srcset=\"https:\/\/arteconfort.com\/wp-content\/uploads\/2025\/03\/ALIO-M-detalle-04.webp 1024w, https:\/\/arteconfort.com\/wp-content\/uploads\/2025\/03\/ALIO-M-detalle-04-768x768.webp 768w, https:\/\/arteconfort.com\/wp-content\/uploads\/2025\/03\/ALIO-M-detalle-04-340x340.webp 340w, https:\/\/arteconfort.com\/wp-content\/uploads\/2025\/03\/ALIO-M-detalle-04-640x640.webp 640w, https:\/\/arteconfort.com\/wp-content\/uploads\/2025\/03\/ALIO-M-detalle-04-960x960.webp 960w, https:\/\/arteconfort.com\/wp-content\/uploads\/2025\/03\/ALIO-M-detalle-04-300x300.webp 300w, https:\/\/arteconfort.com\/wp-content\/uploads\/2025\/03\/ALIO-M-detalle-04-600x600.webp 600w, https:\/\/arteconfort.com\/wp-content\/uploads\/2025\/03\/ALIO-M-detalle-04-100x100.webp 100w\" sizes=\"auto, (max-width: 1024px) 100vw, 1024px\" \/><img loading=\"lazy\" decoding=\"async\" width=\"1024\" height=\"1024\" src=\"https:\/\/arteconfort.com\/wp-content\/uploads\/2025\/03\/ALIO-M-temperatura.webp\" class=\"attachment-shop_catalog size-shop_catalog\" alt=\"\" srcset=\"https:\/\/arteconfort.com\/wp-content\/uploads\/2025\/03\/ALIO-M-temperatura.webp 1024w, https:\/\/arteconfort.com\/wp-content\/uploads\/2025\/03\/ALIO-M-temperatura-768x768.webp 768w, https:\/\/arteconfort.com\/wp-content\/uploads\/2025\/03\/ALIO-M-temperatura-340x340.webp 340w, https:\/\/arteconfort.com\/wp-content\/uploads\/2025\/03\/ALIO-M-temperatura-640x640.webp 640w, https:\/\/arteconfort.com\/wp-content\/uploads\/2025\/03\/ALIO-M-temperatura-960x960.webp 960w, https:\/\/arteconfort.com\/wp-content\/uploads\/2025\/03\/ALIO-M-temperatura-300x300.webp 300w, https:\/\/arteconfort.com\/wp-content\/uploads\/2025\/03\/ALIO-M-temperatura-600x600.webp 600w, https:\/\/arteconfort.com\/wp-content\/uploads\/2025\/03\/ALIO-M-temperatura-100x100.webp 100w\" sizes=\"auto, (max-width: 1024px) 100vw, 1024px\" \/><img loading=\"lazy\" decoding=\"async\" width=\"1024\" height=\"1024\" src=\"https:\/\/arteconfort.com\/wp-content\/uploads\/2025\/03\/ALIO-M-grafico-05.webp\" class=\"attachment-shop_catalog size-shop_catalog\" alt=\"\" srcset=\"https:\/\/arteconfort.com\/wp-content\/uploads\/2025\/03\/ALIO-M-grafico-05.webp 1024w, https:\/\/arteconfort.com\/wp-content\/uploads\/2025\/03\/ALIO-M-grafico-05-768x768.webp 768w, https:\/\/arteconfort.com\/wp-content\/uploads\/2025\/03\/ALIO-M-grafico-05-340x340.webp 340w, https:\/\/arteconfort.com\/wp-content\/uploads\/2025\/03\/ALIO-M-grafico-05-640x640.webp 640w, https:\/\/arteconfort.com\/wp-content\/uploads\/2025\/03\/ALIO-M-grafico-05-960x960.webp 960w, https:\/\/arteconfort.com\/wp-content\/uploads\/2025\/03\/ALIO-M-grafico-05-300x300.webp 300w, https:\/\/arteconfort.com\/wp-content\/uploads\/2025\/03\/ALIO-M-grafico-05-600x600.webp 600w, https:\/\/arteconfort.com\/wp-content\/uploads\/2025\/03\/ALIO-M-grafico-05-100x100.webp 100w\" sizes=\"auto, (max-width: 1024px) 100vw, 1024px\" \/>\t<\/a>\n\t<div class=\"w-product-status\"><\/div>\t<span id=\"woocommerce_loop_add_to_cart_link_describedby_44334\" class=\"screen-reader-text\">\n\t\t\t<\/span>\n<\/div><figcaption><h2 class=\"woocommerce-loop-product__title\">ALIO M<\/h2><div class=\"woocommerce-product-details__short-description\">\n\t<p>ALIO M retractable fan with integrated LED light, high luminous flux and color temperature memory. It has a<\/div>\n\n<\/figcaption><\/figure><\/li>\n<li class=\"product type-product post-44375 status-publish last instock product_cat-climatizacion-en product_cat-ventiladores-de-techo-en has-post-thumbnail shipping-taxable product-type-simple w-item col-3\">\n\t<figure><div class=\"image-wrapper\">\t\t<a href=\"https:\/\/arteconfort.com\/en\/producto\/alio-s\/\" class=\"w-fadeslider\">\n\t<img loading=\"lazy\" decoding=\"async\" width=\"2000\" height=\"2000\" src=\"https:\/\/arteconfort.com\/wp-content\/uploads\/2025\/03\/ALIO-S-mando-01-1.webp\" class=\"attachment-shop_catalog size-shop_catalog wp-post-image\" alt=\"\" srcset=\"https:\/\/arteconfort.com\/wp-content\/uploads\/2025\/03\/ALIO-S-mando-01-1.webp 2000w, https:\/\/arteconfort.com\/wp-content\/uploads\/2025\/03\/ALIO-S-mando-01-1-768x768.webp 768w, https:\/\/arteconfort.com\/wp-content\/uploads\/2025\/03\/ALIO-S-mando-01-1-1536x1536.webp 1536w, https:\/\/arteconfort.com\/wp-content\/uploads\/2025\/03\/ALIO-S-mando-01-1-340x340.webp 340w, https:\/\/arteconfort.com\/wp-content\/uploads\/2025\/03\/ALIO-S-mando-01-1-640x640.webp 640w, https:\/\/arteconfort.com\/wp-content\/uploads\/2025\/03\/ALIO-S-mando-01-1-960x960.webp 960w, https:\/\/arteconfort.com\/wp-content\/uploads\/2025\/03\/ALIO-S-mando-01-1-1280x1280.webp 1280w, https:\/\/arteconfort.com\/wp-content\/uploads\/2025\/03\/ALIO-S-mando-01-1-300x300.webp 300w, https:\/\/arteconfort.com\/wp-content\/uploads\/2025\/03\/ALIO-S-mando-01-1-600x600.webp 600w, https:\/\/arteconfort.com\/wp-content\/uploads\/2025\/03\/ALIO-S-mando-01-1-100x100.webp 100w\" sizes=\"auto, (max-width: 2000px) 100vw, 2000px\" \/>\t<img loading=\"lazy\" decoding=\"async\" width=\"1024\" height=\"1024\" src=\"https:\/\/arteconfort.com\/wp-content\/uploads\/2025\/03\/ALIO-S-detalle-04.webp\" class=\"attachment-shop_catalog size-shop_catalog\" alt=\"\" srcset=\"https:\/\/arteconfort.com\/wp-content\/uploads\/2025\/03\/ALIO-S-detalle-04.webp 1024w, https:\/\/arteconfort.com\/wp-content\/uploads\/2025\/03\/ALIO-S-detalle-04-768x768.webp 768w, https:\/\/arteconfort.com\/wp-content\/uploads\/2025\/03\/ALIO-S-detalle-04-340x340.webp 340w, https:\/\/arteconfort.com\/wp-content\/uploads\/2025\/03\/ALIO-S-detalle-04-640x640.webp 640w, https:\/\/arteconfort.com\/wp-content\/uploads\/2025\/03\/ALIO-S-detalle-04-960x960.webp 960w, https:\/\/arteconfort.com\/wp-content\/uploads\/2025\/03\/ALIO-S-detalle-04-300x300.webp 300w, https:\/\/arteconfort.com\/wp-content\/uploads\/2025\/03\/ALIO-S-detalle-04-600x600.webp 600w, https:\/\/arteconfort.com\/wp-content\/uploads\/2025\/03\/ALIO-S-detalle-04-100x100.webp 100w\" sizes=\"auto, (max-width: 1024px) 100vw, 1024px\" \/><img loading=\"lazy\" decoding=\"async\" width=\"1024\" height=\"1024\" src=\"https:\/\/arteconfort.com\/wp-content\/uploads\/2025\/03\/ALIO-S-temperatura.webp\" class=\"attachment-shop_catalog size-shop_catalog\" alt=\"\" srcset=\"https:\/\/arteconfort.com\/wp-content\/uploads\/2025\/03\/ALIO-S-temperatura.webp 1024w, https:\/\/arteconfort.com\/wp-content\/uploads\/2025\/03\/ALIO-S-temperatura-768x768.webp 768w, https:\/\/arteconfort.com\/wp-content\/uploads\/2025\/03\/ALIO-S-temperatura-340x340.webp 340w, https:\/\/arteconfort.com\/wp-content\/uploads\/2025\/03\/ALIO-S-temperatura-640x640.webp 640w, https:\/\/arteconfort.com\/wp-content\/uploads\/2025\/03\/ALIO-S-temperatura-960x960.webp 960w, https:\/\/arteconfort.com\/wp-content\/uploads\/2025\/03\/ALIO-S-temperatura-300x300.webp 300w, https:\/\/arteconfort.com\/wp-content\/uploads\/2025\/03\/ALIO-S-temperatura-600x600.webp 600w, https:\/\/arteconfort.com\/wp-content\/uploads\/2025\/03\/ALIO-S-temperatura-100x100.webp 100w\" sizes=\"auto, (max-width: 1024px) 100vw, 1024px\" \/><img loading=\"lazy\" decoding=\"async\" width=\"1024\" height=\"1024\" src=\"https:\/\/arteconfort.com\/wp-content\/uploads\/2025\/03\/ALIO-S-grafico-05.webp\" class=\"attachment-shop_catalog size-shop_catalog\" alt=\"\" srcset=\"https:\/\/arteconfort.com\/wp-content\/uploads\/2025\/03\/ALIO-S-grafico-05.webp 1024w, https:\/\/arteconfort.com\/wp-content\/uploads\/2025\/03\/ALIO-S-grafico-05-768x768.webp 768w, https:\/\/arteconfort.com\/wp-content\/uploads\/2025\/03\/ALIO-S-grafico-05-340x340.webp 340w, https:\/\/arteconfort.com\/wp-content\/uploads\/2025\/03\/ALIO-S-grafico-05-640x640.webp 640w, https:\/\/arteconfort.com\/wp-content\/uploads\/2025\/03\/ALIO-S-grafico-05-960x960.webp 960w, https:\/\/arteconfort.com\/wp-content\/uploads\/2025\/03\/ALIO-S-grafico-05-300x300.webp 300w, https:\/\/arteconfort.com\/wp-content\/uploads\/2025\/03\/ALIO-S-grafico-05-600x600.webp 600w, https:\/\/arteconfort.com\/wp-content\/uploads\/2025\/03\/ALIO-S-grafico-05-100x100.webp 100w\" sizes=\"auto, (max-width: 1024px) 100vw, 1024px\" \/>\t<\/a>\n\t<div class=\"w-product-status\"><\/div>\t<span id=\"woocommerce_loop_add_to_cart_link_describedby_44375\" class=\"screen-reader-text\">\n\t\t\t<\/span>\n<\/div><figcaption><h2 class=\"woocommerce-loop-product__title\">ALIO S<\/h2><div class=\"woocommerce-product-details__short-description\">\n\t<p>ALIO S retractable fan with integrated LED light, high luminous flux and color temperature memory. It has a<\/div>\n\n<\/figcaption><\/figure><\/li>\n<li class=\"product type-product post-25348 status-publish first instock product_cat-climatizacion-en product_cat-collection-old-en product_cat-ventiladores-de-techo-en has-post-thumbnail shipping-taxable product-type-simple w-item col-3\">\n\t<figure><div class=\"image-wrapper\">\t\t<a href=\"https:\/\/arteconfort.com\/en\/producto\/alma\/\" class=\"w-fadeslider\">\n\t<img loading=\"lazy\" decoding=\"async\" width=\"1024\" height=\"1024\" src=\"https:\/\/arteconfort.com\/wp-content\/uploads\/2024\/07\/ventilador-ALMA-86536529-p-01.webp\" class=\"attachment-shop_catalog size-shop_catalog wp-post-image\" alt=\"Ventilador ALMA con mando\" srcset=\"https:\/\/arteconfort.com\/wp-content\/uploads\/2024\/07\/ventilador-ALMA-86536529-p-01.webp 1024w, https:\/\/arteconfort.com\/wp-content\/uploads\/2024\/07\/ventilador-ALMA-86536529-p-01-768x768.webp 768w, https:\/\/arteconfort.com\/wp-content\/uploads\/2024\/07\/ventilador-ALMA-86536529-p-01-340x340.webp 340w, https:\/\/arteconfort.com\/wp-content\/uploads\/2024\/07\/ventilador-ALMA-86536529-p-01-640x640.webp 640w, https:\/\/arteconfort.com\/wp-content\/uploads\/2024\/07\/ventilador-ALMA-86536529-p-01-960x960.webp 960w, https:\/\/arteconfort.com\/wp-content\/uploads\/2024\/07\/ventilador-ALMA-86536529-p-01-300x300.webp 300w, https:\/\/arteconfort.com\/wp-content\/uploads\/2024\/07\/ventilador-ALMA-86536529-p-01-600x600.webp 600w, https:\/\/arteconfort.com\/wp-content\/uploads\/2024\/07\/ventilador-ALMA-86536529-p-01-100x100.webp 100w, https:\/\/arteconfort.com\/wp-content\/uploads\/2024\/07\/ventilador-ALMA-86536529-p-01-133x133.webp 133w\" sizes=\"auto, (max-width: 1024px) 100vw, 1024px\" \/>\t<img loading=\"lazy\" decoding=\"async\" width=\"1024\" height=\"1024\" src=\"https:\/\/arteconfort.com\/wp-content\/uploads\/2023\/10\/ALMA-ambiente.webp\" class=\"attachment-shop_catalog size-shop_catalog\" alt=\"Ventilador ALMA ambiente dia\" srcset=\"https:\/\/arteconfort.com\/wp-content\/uploads\/2023\/10\/ALMA-ambiente.webp 1024w, https:\/\/arteconfort.com\/wp-content\/uploads\/2023\/10\/ALMA-ambiente-768x768.webp 768w, https:\/\/arteconfort.com\/wp-content\/uploads\/2023\/10\/ALMA-ambiente-340x340.webp 340w, https:\/\/arteconfort.com\/wp-content\/uploads\/2023\/10\/ALMA-ambiente-640x640.webp 640w, https:\/\/arteconfort.com\/wp-content\/uploads\/2023\/10\/ALMA-ambiente-960x960.webp 960w, https:\/\/arteconfort.com\/wp-content\/uploads\/2023\/10\/ALMA-ambiente-133x133.webp 133w, https:\/\/arteconfort.com\/wp-content\/uploads\/2023\/10\/ALMA-ambiente-300x300.webp 300w, https:\/\/arteconfort.com\/wp-content\/uploads\/2023\/10\/ALMA-ambiente-600x600.webp 600w, https:\/\/arteconfort.com\/wp-content\/uploads\/2023\/10\/ALMA-ambiente-100x100.webp 100w\" sizes=\"auto, (max-width: 1024px) 100vw, 1024px\" \/><img loading=\"lazy\" decoding=\"async\" width=\"1024\" height=\"1024\" src=\"https:\/\/arteconfort.com\/wp-content\/uploads\/2024\/07\/ventilador-ALMA-86536529-p-04.webp\" class=\"attachment-shop_catalog size-shop_catalog\" alt=\"Ventilador ALMA perspectiva\" srcset=\"https:\/\/arteconfort.com\/wp-content\/uploads\/2024\/07\/ventilador-ALMA-86536529-p-04.webp 1024w, https:\/\/arteconfort.com\/wp-content\/uploads\/2024\/07\/ventilador-ALMA-86536529-p-04-768x768.webp 768w, https:\/\/arteconfort.com\/wp-content\/uploads\/2024\/07\/ventilador-ALMA-86536529-p-04-340x340.webp 340w, https:\/\/arteconfort.com\/wp-content\/uploads\/2024\/07\/ventilador-ALMA-86536529-p-04-640x640.webp 640w, https:\/\/arteconfort.com\/wp-content\/uploads\/2024\/07\/ventilador-ALMA-86536529-p-04-960x960.webp 960w, https:\/\/arteconfort.com\/wp-content\/uploads\/2024\/07\/ventilador-ALMA-86536529-p-04-133x133.webp 133w, https:\/\/arteconfort.com\/wp-content\/uploads\/2024\/07\/ventilador-ALMA-86536529-p-04-300x300.webp 300w, https:\/\/arteconfort.com\/wp-content\/uploads\/2024\/07\/ventilador-ALMA-86536529-p-04-600x600.webp 600w, https:\/\/arteconfort.com\/wp-content\/uploads\/2024\/07\/ventilador-ALMA-86536529-p-04-100x100.webp 100w\" sizes=\"auto, (max-width: 1024px) 100vw, 1024px\" \/><img loading=\"lazy\" decoding=\"async\" width=\"1024\" height=\"1024\" src=\"https:\/\/arteconfort.com\/wp-content\/uploads\/2024\/07\/ventilador-ALMA-86536529-p-03.webp\" class=\"attachment-shop_catalog size-shop_catalog\" alt=\"Ventilador ALMA lateral\" srcset=\"https:\/\/arteconfort.com\/wp-content\/uploads\/2024\/07\/ventilador-ALMA-86536529-p-03.webp 1024w, https:\/\/arteconfort.com\/wp-content\/uploads\/2024\/07\/ventilador-ALMA-86536529-p-03-768x768.webp 768w, https:\/\/arteconfort.com\/wp-content\/uploads\/2024\/07\/ventilador-ALMA-86536529-p-03-340x340.webp 340w, https:\/\/arteconfort.com\/wp-content\/uploads\/2024\/07\/ventilador-ALMA-86536529-p-03-640x640.webp 640w, https:\/\/arteconfort.com\/wp-content\/uploads\/2024\/07\/ventilador-ALMA-86536529-p-03-960x960.webp 960w, https:\/\/arteconfort.com\/wp-content\/uploads\/2024\/07\/ventilador-ALMA-86536529-p-03-133x133.webp 133w, https:\/\/arteconfort.com\/wp-content\/uploads\/2024\/07\/ventilador-ALMA-86536529-p-03-300x300.webp 300w, https:\/\/arteconfort.com\/wp-content\/uploads\/2024\/07\/ventilador-ALMA-86536529-p-03-600x600.webp 600w, https:\/\/arteconfort.com\/wp-content\/uploads\/2024\/07\/ventilador-ALMA-86536529-p-03-100x100.webp 100w\" sizes=\"auto, (max-width: 1024px) 100vw, 1024px\" \/><img loading=\"lazy\" decoding=\"async\" width=\"1024\" height=\"1024\" src=\"https:\/\/arteconfort.com\/wp-content\/uploads\/2024\/07\/ventilador-ALMA-86536529-p-02.webp\" class=\"attachment-shop_catalog size-shop_catalog\" alt=\"Ventilador ALMA planta\" srcset=\"https:\/\/arteconfort.com\/wp-content\/uploads\/2024\/07\/ventilador-ALMA-86536529-p-02.webp 1024w, https:\/\/arteconfort.com\/wp-content\/uploads\/2024\/07\/ventilador-ALMA-86536529-p-02-768x768.webp 768w, https:\/\/arteconfort.com\/wp-content\/uploads\/2024\/07\/ventilador-ALMA-86536529-p-02-340x340.webp 340w, https:\/\/arteconfort.com\/wp-content\/uploads\/2024\/07\/ventilador-ALMA-86536529-p-02-640x640.webp 640w, https:\/\/arteconfort.com\/wp-content\/uploads\/2024\/07\/ventilador-ALMA-86536529-p-02-960x960.webp 960w, https:\/\/arteconfort.com\/wp-content\/uploads\/2024\/07\/ventilador-ALMA-86536529-p-02-133x133.webp 133w, https:\/\/arteconfort.com\/wp-content\/uploads\/2024\/07\/ventilador-ALMA-86536529-p-02-300x300.webp 300w, https:\/\/arteconfort.com\/wp-content\/uploads\/2024\/07\/ventilador-ALMA-86536529-p-02-600x600.webp 600w, https:\/\/arteconfort.com\/wp-content\/uploads\/2024\/07\/ventilador-ALMA-86536529-p-02-100x100.webp 100w\" sizes=\"auto, (max-width: 1024px) 100vw, 1024px\" \/><img loading=\"lazy\" decoding=\"async\" width=\"1024\" height=\"1024\" src=\"https:\/\/arteconfort.com\/wp-content\/uploads\/2024\/07\/ventilador-ALMA-.webp\" class=\"attachment-shop_catalog size-shop_catalog\" alt=\"Ventilador ALMA mando\" srcset=\"https:\/\/arteconfort.com\/wp-content\/uploads\/2024\/07\/ventilador-ALMA-.webp 1024w, https:\/\/arteconfort.com\/wp-content\/uploads\/2024\/07\/ventilador-ALMA--768x768.webp 768w, https:\/\/arteconfort.com\/wp-content\/uploads\/2024\/07\/ventilador-ALMA--340x340.webp 340w, https:\/\/arteconfort.com\/wp-content\/uploads\/2024\/07\/ventilador-ALMA--640x640.webp 640w, https:\/\/arteconfort.com\/wp-content\/uploads\/2024\/07\/ventilador-ALMA--960x960.webp 960w, https:\/\/arteconfort.com\/wp-content\/uploads\/2024\/07\/ventilador-ALMA--133x133.webp 133w, https:\/\/arteconfort.com\/wp-content\/uploads\/2024\/07\/ventilador-ALMA--300x300.webp 300w, https:\/\/arteconfort.com\/wp-content\/uploads\/2024\/07\/ventilador-ALMA--600x600.webp 600w, https:\/\/arteconfort.com\/wp-content\/uploads\/2024\/07\/ventilador-ALMA--100x100.webp 100w\" sizes=\"auto, (max-width: 1024px) 100vw, 1024px\" \/><img loading=\"lazy\" decoding=\"async\" width=\"1024\" height=\"1024\" src=\"https:\/\/arteconfort.com\/wp-content\/uploads\/2023\/10\/ALMA-grafico.webp\" class=\"attachment-shop_catalog size-shop_catalog\" alt=\"Ventilador ALMA grafico\" srcset=\"https:\/\/arteconfort.com\/wp-content\/uploads\/2023\/10\/ALMA-grafico.webp 1024w, https:\/\/arteconfort.com\/wp-content\/uploads\/2023\/10\/ALMA-grafico-768x768.webp 768w, https:\/\/arteconfort.com\/wp-content\/uploads\/2023\/10\/ALMA-grafico-340x340.webp 340w, https:\/\/arteconfort.com\/wp-content\/uploads\/2023\/10\/ALMA-grafico-640x640.webp 640w, https:\/\/arteconfort.com\/wp-content\/uploads\/2023\/10\/ALMA-grafico-960x960.webp 960w, https:\/\/arteconfort.com\/wp-content\/uploads\/2023\/10\/ALMA-grafico-133x133.webp 133w, https:\/\/arteconfort.com\/wp-content\/uploads\/2023\/10\/ALMA-grafico-300x300.webp 300w, https:\/\/arteconfort.com\/wp-content\/uploads\/2023\/10\/ALMA-grafico-600x600.webp 600w, https:\/\/arteconfort.com\/wp-content\/uploads\/2023\/10\/ALMA-grafico-100x100.webp 100w\" sizes=\"auto, (max-width: 1024px) 100vw, 1024px\" \/><img loading=\"lazy\" decoding=\"async\" width=\"1024\" height=\"1024\" src=\"https:\/\/arteconfort.com\/wp-content\/uploads\/2024\/07\/ventilador-ALMA-86536529-tz-01.webp\" class=\"attachment-shop_catalog size-shop_catalog\" alt=\"Ventilador ALMA temperaturas luz\" srcset=\"https:\/\/arteconfort.com\/wp-content\/uploads\/2024\/07\/ventilador-ALMA-86536529-tz-01.webp 1024w, https:\/\/arteconfort.com\/wp-content\/uploads\/2024\/07\/ventilador-ALMA-86536529-tz-01-768x768.webp 768w, https:\/\/arteconfort.com\/wp-content\/uploads\/2024\/07\/ventilador-ALMA-86536529-tz-01-340x340.webp 340w, https:\/\/arteconfort.com\/wp-content\/uploads\/2024\/07\/ventilador-ALMA-86536529-tz-01-640x640.webp 640w, https:\/\/arteconfort.com\/wp-content\/uploads\/2024\/07\/ventilador-ALMA-86536529-tz-01-960x960.webp 960w, https:\/\/arteconfort.com\/wp-content\/uploads\/2024\/07\/ventilador-ALMA-86536529-tz-01-133x133.webp 133w, https:\/\/arteconfort.com\/wp-content\/uploads\/2024\/07\/ventilador-ALMA-86536529-tz-01-300x300.webp 300w, https:\/\/arteconfort.com\/wp-content\/uploads\/2024\/07\/ventilador-ALMA-86536529-tz-01-600x600.webp 600w, https:\/\/arteconfort.com\/wp-content\/uploads\/2024\/07\/ventilador-ALMA-86536529-tz-01-100x100.webp 100w\" sizes=\"auto, (max-width: 1024px) 100vw, 1024px\" \/><img loading=\"lazy\" decoding=\"async\" width=\"1024\" height=\"1024\" src=\"https:\/\/arteconfort.com\/wp-content\/uploads\/2023\/10\/ALMA-ambiente-2.webp\" class=\"attachment-shop_catalog size-shop_catalog\" alt=\"Ventilador ALMA ambiente luz calida 1\" srcset=\"https:\/\/arteconfort.com\/wp-content\/uploads\/2023\/10\/ALMA-ambiente-2.webp 1024w, https:\/\/arteconfort.com\/wp-content\/uploads\/2023\/10\/ALMA-ambiente-2-768x768.webp 768w, https:\/\/arteconfort.com\/wp-content\/uploads\/2023\/10\/ALMA-ambiente-2-340x340.webp 340w, https:\/\/arteconfort.com\/wp-content\/uploads\/2023\/10\/ALMA-ambiente-2-640x640.webp 640w, https:\/\/arteconfort.com\/wp-content\/uploads\/2023\/10\/ALMA-ambiente-2-960x960.webp 960w, https:\/\/arteconfort.com\/wp-content\/uploads\/2023\/10\/ALMA-ambiente-2-133x133.webp 133w, https:\/\/arteconfort.com\/wp-content\/uploads\/2023\/10\/ALMA-ambiente-2-300x300.webp 300w, https:\/\/arteconfort.com\/wp-content\/uploads\/2023\/10\/ALMA-ambiente-2-600x600.webp 600w, https:\/\/arteconfort.com\/wp-content\/uploads\/2023\/10\/ALMA-ambiente-2-100x100.webp 100w\" sizes=\"auto, (max-width: 1024px) 100vw, 1024px\" \/><img loading=\"lazy\" decoding=\"async\" width=\"1024\" height=\"1024\" src=\"https:\/\/arteconfort.com\/wp-content\/uploads\/2023\/10\/ALMA-ambiente-5.webp\" class=\"attachment-shop_catalog size-shop_catalog\" alt=\"Ventilador ALMA ambiente luz calida 2\" srcset=\"https:\/\/arteconfort.com\/wp-content\/uploads\/2023\/10\/ALMA-ambiente-5.webp 1024w, https:\/\/arteconfort.com\/wp-content\/uploads\/2023\/10\/ALMA-ambiente-5-768x768.webp 768w, https:\/\/arteconfort.com\/wp-content\/uploads\/2023\/10\/ALMA-ambiente-5-340x340.webp 340w, https:\/\/arteconfort.com\/wp-content\/uploads\/2023\/10\/ALMA-ambiente-5-640x640.webp 640w, https:\/\/arteconfort.com\/wp-content\/uploads\/2023\/10\/ALMA-ambiente-5-960x960.webp 960w, https:\/\/arteconfort.com\/wp-content\/uploads\/2023\/10\/ALMA-ambiente-5-133x133.webp 133w, https:\/\/arteconfort.com\/wp-content\/uploads\/2023\/10\/ALMA-ambiente-5-300x300.webp 300w, https:\/\/arteconfort.com\/wp-content\/uploads\/2023\/10\/ALMA-ambiente-5-600x600.webp 600w, https:\/\/arteconfort.com\/wp-content\/uploads\/2023\/10\/ALMA-ambiente-5-100x100.webp 100w\" sizes=\"auto, (max-width: 1024px) 100vw, 1024px\" \/><img loading=\"lazy\" decoding=\"async\" width=\"1024\" height=\"1024\" src=\"https:\/\/arteconfort.com\/wp-content\/uploads\/2023\/10\/ALMA-ambiente-3.webp\" class=\"attachment-shop_catalog size-shop_catalog\" alt=\"Ventilador ALMA ambiente luz neutra 1\" srcset=\"https:\/\/arteconfort.com\/wp-content\/uploads\/2023\/10\/ALMA-ambiente-3.webp 1024w, https:\/\/arteconfort.com\/wp-content\/uploads\/2023\/10\/ALMA-ambiente-3-768x768.webp 768w, https:\/\/arteconfort.com\/wp-content\/uploads\/2023\/10\/ALMA-ambiente-3-340x340.webp 340w, https:\/\/arteconfort.com\/wp-content\/uploads\/2023\/10\/ALMA-ambiente-3-640x640.webp 640w, https:\/\/arteconfort.com\/wp-content\/uploads\/2023\/10\/ALMA-ambiente-3-960x960.webp 960w, https:\/\/arteconfort.com\/wp-content\/uploads\/2023\/10\/ALMA-ambiente-3-133x133.webp 133w, https:\/\/arteconfort.com\/wp-content\/uploads\/2023\/10\/ALMA-ambiente-3-300x300.webp 300w, https:\/\/arteconfort.com\/wp-content\/uploads\/2023\/10\/ALMA-ambiente-3-600x600.webp 600w, https:\/\/arteconfort.com\/wp-content\/uploads\/2023\/10\/ALMA-ambiente-3-100x100.webp 100w\" sizes=\"auto, (max-width: 1024px) 100vw, 1024px\" \/><img loading=\"lazy\" decoding=\"async\" width=\"1024\" height=\"1024\" src=\"https:\/\/arteconfort.com\/wp-content\/uploads\/2023\/10\/ALMA-ambiente-6.webp\" class=\"attachment-shop_catalog size-shop_catalog\" alt=\"Ventilador ALMA ambiente luz neutra 2\" srcset=\"https:\/\/arteconfort.com\/wp-content\/uploads\/2023\/10\/ALMA-ambiente-6.webp 1024w, https:\/\/arteconfort.com\/wp-content\/uploads\/2023\/10\/ALMA-ambiente-6-768x768.webp 768w, https:\/\/arteconfort.com\/wp-content\/uploads\/2023\/10\/ALMA-ambiente-6-340x340.webp 340w, https:\/\/arteconfort.com\/wp-content\/uploads\/2023\/10\/ALMA-ambiente-6-640x640.webp 640w, https:\/\/arteconfort.com\/wp-content\/uploads\/2023\/10\/ALMA-ambiente-6-960x960.webp 960w, https:\/\/arteconfort.com\/wp-content\/uploads\/2023\/10\/ALMA-ambiente-6-133x133.webp 133w, https:\/\/arteconfort.com\/wp-content\/uploads\/2023\/10\/ALMA-ambiente-6-300x300.webp 300w, https:\/\/arteconfort.com\/wp-content\/uploads\/2023\/10\/ALMA-ambiente-6-600x600.webp 600w, https:\/\/arteconfort.com\/wp-content\/uploads\/2023\/10\/ALMA-ambiente-6-100x100.webp 100w\" sizes=\"auto, (max-width: 1024px) 100vw, 1024px\" \/><img loading=\"lazy\" decoding=\"async\" width=\"1024\" height=\"1024\" src=\"https:\/\/arteconfort.com\/wp-content\/uploads\/2023\/10\/ALMA-ambiente-4.webp\" class=\"attachment-shop_catalog size-shop_catalog\" alt=\"Ventilador ALMA ambiente luz fria 1\" srcset=\"https:\/\/arteconfort.com\/wp-content\/uploads\/2023\/10\/ALMA-ambiente-4.webp 1024w, https:\/\/arteconfort.com\/wp-content\/uploads\/2023\/10\/ALMA-ambiente-4-768x768.webp 768w, https:\/\/arteconfort.com\/wp-content\/uploads\/2023\/10\/ALMA-ambiente-4-340x340.webp 340w, https:\/\/arteconfort.com\/wp-content\/uploads\/2023\/10\/ALMA-ambiente-4-640x640.webp 640w, https:\/\/arteconfort.com\/wp-content\/uploads\/2023\/10\/ALMA-ambiente-4-960x960.webp 960w, https:\/\/arteconfort.com\/wp-content\/uploads\/2023\/10\/ALMA-ambiente-4-133x133.webp 133w, https:\/\/arteconfort.com\/wp-content\/uploads\/2023\/10\/ALMA-ambiente-4-300x300.webp 300w, https:\/\/arteconfort.com\/wp-content\/uploads\/2023\/10\/ALMA-ambiente-4-600x600.webp 600w, https:\/\/arteconfort.com\/wp-content\/uploads\/2023\/10\/ALMA-ambiente-4-100x100.webp 100w\" sizes=\"auto, (max-width: 1024px) 100vw, 1024px\" \/><img loading=\"lazy\" decoding=\"async\" width=\"1024\" height=\"1024\" src=\"https:\/\/arteconfort.com\/wp-content\/uploads\/2023\/10\/ALMA-ambiente-7.webp\" class=\"attachment-shop_catalog size-shop_catalog\" alt=\"Ventilador ALMA ambiente luz fria 2\" srcset=\"https:\/\/arteconfort.com\/wp-content\/uploads\/2023\/10\/ALMA-ambiente-7.webp 1024w, https:\/\/arteconfort.com\/wp-content\/uploads\/2023\/10\/ALMA-ambiente-7-768x768.webp 768w, https:\/\/arteconfort.com\/wp-content\/uploads\/2023\/10\/ALMA-ambiente-7-340x340.webp 340w, https:\/\/arteconfort.com\/wp-content\/uploads\/2023\/10\/ALMA-ambiente-7-640x640.webp 640w, https:\/\/arteconfort.com\/wp-content\/uploads\/2023\/10\/ALMA-ambiente-7-960x960.webp 960w, https:\/\/arteconfort.com\/wp-content\/uploads\/2023\/10\/ALMA-ambiente-7-133x133.webp 133w, https:\/\/arteconfort.com\/wp-content\/uploads\/2023\/10\/ALMA-ambiente-7-300x300.webp 300w, https:\/\/arteconfort.com\/wp-content\/uploads\/2023\/10\/ALMA-ambiente-7-600x600.webp 600w, https:\/\/arteconfort.com\/wp-content\/uploads\/2023\/10\/ALMA-ambiente-7-100x100.webp 100w\" sizes=\"auto, (max-width: 1024px) 100vw, 1024px\" \/>\t<\/a>\n\t<div class=\"w-product-status\"><\/div>\t<span id=\"woocommerce_loop_add_to_cart_link_describedby_25348\" class=\"screen-reader-text\">\n\t\t\t<\/span>\n<\/div><div class=\"berocket_better_labels berocket_better_labels_image\"><div class=\"berocket_better_labels_position berocket_better_labels_position_right\"><div class=\"berocket_better_labels_line berocket_better_labels_line_1\"><div class=\"berocket_better_labels_inline berocket_better_labels_inline_1\"><div class=\"br_alabel br_alabel_type_text br_alabel_template_type_css berocket_alabel_id_22611  br_alabel_better_compatibility\" style=\"\"><span  style=\"\"><i style=\"background-color: #000000; border-color: #000000;\" class=\"template-span-before \"><\/i><i style=\"background-color: #000000; border-color: #000000;\" class=\"template-i \"><\/i><i style=\"background-color: #000000; border-color: #000000;\" class=\"template-i-before \"><\/i><i style=\"background-color: #000000; border-color: #000000;\" class=\"template-i-after \"><\/i><b style=\"position: relative;z-index: 100;text-align: center;color: inherit;\">Old collection<\/b><\/span><\/div><\/div><\/div><\/div><\/div><figcaption><h2 class=\"woocommerce-loop-product__title\">ALMA<\/h2><div class=\"woocommerce-product-details__short-description\">\n\t<p>ALMA retractable fan with integrated LED light, high luminous flux and colour temperature memory. It has a white<\/div>\n\n<\/figcaption><\/figure><\/li>\n<li class=\"product type-product post-20921 status-publish instock product_cat-climatizacion-en product_cat-collection-old-en product_cat-ventiladores-de-techo-en has-post-thumbnail shipping-taxable product-type-simple w-item col-3\">\n\t<figure><div class=\"image-wrapper\">\t\t<a href=\"https:\/\/arteconfort.com\/en\/producto\/altea\/\" class=\"w-fadeslider\">\n\t<img loading=\"lazy\" decoding=\"async\" width=\"1024\" height=\"1024\" src=\"https:\/\/arteconfort.com\/wp-content\/uploads\/2024\/06\/ventilador-ALTEA-mando.jpg\" class=\"attachment-shop_catalog size-shop_catalog wp-post-image\" alt=\"Ventilador ALTEA con mando\" srcset=\"https:\/\/arteconfort.com\/wp-content\/uploads\/2024\/06\/ventilador-ALTEA-mando.jpg 1024w, https:\/\/arteconfort.com\/wp-content\/uploads\/2024\/06\/ventilador-ALTEA-mando-768x768.jpg 768w, https:\/\/arteconfort.com\/wp-content\/uploads\/2024\/06\/ventilador-ALTEA-mando-340x340.jpg 340w, https:\/\/arteconfort.com\/wp-content\/uploads\/2024\/06\/ventilador-ALTEA-mando-640x640.jpg 640w, https:\/\/arteconfort.com\/wp-content\/uploads\/2024\/06\/ventilador-ALTEA-mando-960x960.jpg 960w, https:\/\/arteconfort.com\/wp-content\/uploads\/2024\/06\/ventilador-ALTEA-mando-300x300.jpg 300w, https:\/\/arteconfort.com\/wp-content\/uploads\/2024\/06\/ventilador-ALTEA-mando-600x600.jpg 600w, https:\/\/arteconfort.com\/wp-content\/uploads\/2024\/06\/ventilador-ALTEA-mando-100x100.jpg 100w, https:\/\/arteconfort.com\/wp-content\/uploads\/2024\/06\/ventilador-ALTEA-mando-133x133.jpg 133w\" sizes=\"auto, (max-width: 1024px) 100vw, 1024px\" \/>\t<img loading=\"lazy\" decoding=\"async\" width=\"1024\" height=\"1024\" src=\"https:\/\/arteconfort.com\/wp-content\/uploads\/2024\/06\/ventilador-ALTEA.jpg\" class=\"attachment-shop_catalog size-shop_catalog\" alt=\"Ventilador ALTEA perspectiva\" srcset=\"https:\/\/arteconfort.com\/wp-content\/uploads\/2024\/06\/ventilador-ALTEA.jpg 1024w, https:\/\/arteconfort.com\/wp-content\/uploads\/2024\/06\/ventilador-ALTEA-768x768.jpg 768w, https:\/\/arteconfort.com\/wp-content\/uploads\/2024\/06\/ventilador-ALTEA-340x340.jpg 340w, https:\/\/arteconfort.com\/wp-content\/uploads\/2024\/06\/ventilador-ALTEA-640x640.jpg 640w, https:\/\/arteconfort.com\/wp-content\/uploads\/2024\/06\/ventilador-ALTEA-960x960.jpg 960w, https:\/\/arteconfort.com\/wp-content\/uploads\/2024\/06\/ventilador-ALTEA-133x133.jpg 133w, https:\/\/arteconfort.com\/wp-content\/uploads\/2024\/06\/ventilador-ALTEA-300x300.jpg 300w, https:\/\/arteconfort.com\/wp-content\/uploads\/2024\/06\/ventilador-ALTEA-600x600.jpg 600w, https:\/\/arteconfort.com\/wp-content\/uploads\/2024\/06\/ventilador-ALTEA-100x100.jpg 100w\" sizes=\"auto, (max-width: 1024px) 100vw, 1024px\" \/><img loading=\"lazy\" decoding=\"async\" width=\"1024\" height=\"1024\" src=\"https:\/\/arteconfort.com\/wp-content\/uploads\/2024\/06\/ventilador-ALTEA-83738631-0100.webp\" class=\"attachment-shop_catalog size-shop_catalog\" alt=\"Ventilador ALTEA apagado\" srcset=\"https:\/\/arteconfort.com\/wp-content\/uploads\/2024\/06\/ventilador-ALTEA-83738631-0100.webp 1024w, https:\/\/arteconfort.com\/wp-content\/uploads\/2024\/06\/ventilador-ALTEA-83738631-0100-768x768.webp 768w, https:\/\/arteconfort.com\/wp-content\/uploads\/2024\/06\/ventilador-ALTEA-83738631-0100-340x340.webp 340w, https:\/\/arteconfort.com\/wp-content\/uploads\/2024\/06\/ventilador-ALTEA-83738631-0100-640x640.webp 640w, https:\/\/arteconfort.com\/wp-content\/uploads\/2024\/06\/ventilador-ALTEA-83738631-0100-960x960.webp 960w, https:\/\/arteconfort.com\/wp-content\/uploads\/2024\/06\/ventilador-ALTEA-83738631-0100-133x133.webp 133w, https:\/\/arteconfort.com\/wp-content\/uploads\/2024\/06\/ventilador-ALTEA-83738631-0100-300x300.webp 300w, https:\/\/arteconfort.com\/wp-content\/uploads\/2024\/06\/ventilador-ALTEA-83738631-0100-600x600.webp 600w, https:\/\/arteconfort.com\/wp-content\/uploads\/2024\/06\/ventilador-ALTEA-83738631-0100-100x100.webp 100w\" sizes=\"auto, (max-width: 1024px) 100vw, 1024px\" \/><img loading=\"lazy\" decoding=\"async\" width=\"1024\" height=\"1024\" src=\"https:\/\/arteconfort.com\/wp-content\/uploads\/2024\/06\/ventilador-ALTEA83738631-0106.webp\" class=\"attachment-shop_catalog size-shop_catalog\" alt=\"Ventilador ALTEA lateral\" srcset=\"https:\/\/arteconfort.com\/wp-content\/uploads\/2024\/06\/ventilador-ALTEA83738631-0106.webp 1024w, https:\/\/arteconfort.com\/wp-content\/uploads\/2024\/06\/ventilador-ALTEA83738631-0106-768x768.webp 768w, https:\/\/arteconfort.com\/wp-content\/uploads\/2024\/06\/ventilador-ALTEA83738631-0106-340x340.webp 340w, https:\/\/arteconfort.com\/wp-content\/uploads\/2024\/06\/ventilador-ALTEA83738631-0106-640x640.webp 640w, https:\/\/arteconfort.com\/wp-content\/uploads\/2024\/06\/ventilador-ALTEA83738631-0106-960x960.webp 960w, https:\/\/arteconfort.com\/wp-content\/uploads\/2024\/06\/ventilador-ALTEA83738631-0106-133x133.webp 133w, https:\/\/arteconfort.com\/wp-content\/uploads\/2024\/06\/ventilador-ALTEA83738631-0106-300x300.webp 300w, https:\/\/arteconfort.com\/wp-content\/uploads\/2024\/06\/ventilador-ALTEA83738631-0106-600x600.webp 600w, https:\/\/arteconfort.com\/wp-content\/uploads\/2024\/06\/ventilador-ALTEA83738631-0106-100x100.webp 100w\" sizes=\"auto, (max-width: 1024px) 100vw, 1024px\" \/><img loading=\"lazy\" decoding=\"async\" width=\"1024\" height=\"1024\" src=\"https:\/\/arteconfort.com\/wp-content\/uploads\/2024\/06\/ventilador-ALTEA83738631-0105.webp\" class=\"attachment-shop_catalog size-shop_catalog\" alt=\"Ventilador ALTEA planta\" srcset=\"https:\/\/arteconfort.com\/wp-content\/uploads\/2024\/06\/ventilador-ALTEA83738631-0105.webp 1024w, https:\/\/arteconfort.com\/wp-content\/uploads\/2024\/06\/ventilador-ALTEA83738631-0105-768x768.webp 768w, https:\/\/arteconfort.com\/wp-content\/uploads\/2024\/06\/ventilador-ALTEA83738631-0105-340x340.webp 340w, https:\/\/arteconfort.com\/wp-content\/uploads\/2024\/06\/ventilador-ALTEA83738631-0105-640x640.webp 640w, https:\/\/arteconfort.com\/wp-content\/uploads\/2024\/06\/ventilador-ALTEA83738631-0105-960x960.webp 960w, https:\/\/arteconfort.com\/wp-content\/uploads\/2024\/06\/ventilador-ALTEA83738631-0105-133x133.webp 133w, https:\/\/arteconfort.com\/wp-content\/uploads\/2024\/06\/ventilador-ALTEA83738631-0105-300x300.webp 300w, https:\/\/arteconfort.com\/wp-content\/uploads\/2024\/06\/ventilador-ALTEA83738631-0105-600x600.webp 600w, https:\/\/arteconfort.com\/wp-content\/uploads\/2024\/06\/ventilador-ALTEA83738631-0105-100x100.webp 100w\" sizes=\"auto, (max-width: 1024px) 100vw, 1024px\" \/><img loading=\"lazy\" decoding=\"async\" width=\"1024\" height=\"1024\" src=\"https:\/\/arteconfort.com\/wp-content\/uploads\/2024\/06\/ventilador-ALTEA83738631-0101.webp\" class=\"attachment-shop_catalog size-shop_catalog\" alt=\"Ventilador ALTEA luz calida\" srcset=\"https:\/\/arteconfort.com\/wp-content\/uploads\/2024\/06\/ventilador-ALTEA83738631-0101.webp 1024w, https:\/\/arteconfort.com\/wp-content\/uploads\/2024\/06\/ventilador-ALTEA83738631-0101-768x768.webp 768w, https:\/\/arteconfort.com\/wp-content\/uploads\/2024\/06\/ventilador-ALTEA83738631-0101-340x340.webp 340w, https:\/\/arteconfort.com\/wp-content\/uploads\/2024\/06\/ventilador-ALTEA83738631-0101-640x640.webp 640w, https:\/\/arteconfort.com\/wp-content\/uploads\/2024\/06\/ventilador-ALTEA83738631-0101-960x960.webp 960w, https:\/\/arteconfort.com\/wp-content\/uploads\/2024\/06\/ventilador-ALTEA83738631-0101-133x133.webp 133w, https:\/\/arteconfort.com\/wp-content\/uploads\/2024\/06\/ventilador-ALTEA83738631-0101-300x300.webp 300w, https:\/\/arteconfort.com\/wp-content\/uploads\/2024\/06\/ventilador-ALTEA83738631-0101-600x600.webp 600w, https:\/\/arteconfort.com\/wp-content\/uploads\/2024\/06\/ventilador-ALTEA83738631-0101-100x100.webp 100w\" sizes=\"auto, (max-width: 1024px) 100vw, 1024px\" \/><img loading=\"lazy\" decoding=\"async\" width=\"1024\" height=\"1024\" src=\"https:\/\/arteconfort.com\/wp-content\/uploads\/2024\/06\/ventilador-ALTEA83738631-0102.webp\" class=\"attachment-shop_catalog size-shop_catalog\" alt=\"Ventilador ALTEA luz fria\" srcset=\"https:\/\/arteconfort.com\/wp-content\/uploads\/2024\/06\/ventilador-ALTEA83738631-0102.webp 1024w, https:\/\/arteconfort.com\/wp-content\/uploads\/2024\/06\/ventilador-ALTEA83738631-0102-768x768.webp 768w, https:\/\/arteconfort.com\/wp-content\/uploads\/2024\/06\/ventilador-ALTEA83738631-0102-340x340.webp 340w, https:\/\/arteconfort.com\/wp-content\/uploads\/2024\/06\/ventilador-ALTEA83738631-0102-640x640.webp 640w, https:\/\/arteconfort.com\/wp-content\/uploads\/2024\/06\/ventilador-ALTEA83738631-0102-960x960.webp 960w, https:\/\/arteconfort.com\/wp-content\/uploads\/2024\/06\/ventilador-ALTEA83738631-0102-133x133.webp 133w, https:\/\/arteconfort.com\/wp-content\/uploads\/2024\/06\/ventilador-ALTEA83738631-0102-300x300.webp 300w, https:\/\/arteconfort.com\/wp-content\/uploads\/2024\/06\/ventilador-ALTEA83738631-0102-600x600.webp 600w, https:\/\/arteconfort.com\/wp-content\/uploads\/2024\/06\/ventilador-ALTEA83738631-0102-100x100.webp 100w\" sizes=\"auto, (max-width: 1024px) 100vw, 1024px\" \/><img loading=\"lazy\" decoding=\"async\" width=\"1024\" height=\"1024\" src=\"https:\/\/arteconfort.com\/wp-content\/uploads\/2024\/06\/ventilador-ALTEA83738631-0200.jpg\" class=\"attachment-shop_catalog size-shop_catalog\" alt=\"Ventilador ALTEA mando\" srcset=\"https:\/\/arteconfort.com\/wp-content\/uploads\/2024\/06\/ventilador-ALTEA83738631-0200.jpg 1024w, https:\/\/arteconfort.com\/wp-content\/uploads\/2024\/06\/ventilador-ALTEA83738631-0200-768x768.jpg 768w, https:\/\/arteconfort.com\/wp-content\/uploads\/2024\/06\/ventilador-ALTEA83738631-0200-340x340.jpg 340w, https:\/\/arteconfort.com\/wp-content\/uploads\/2024\/06\/ventilador-ALTEA83738631-0200-640x640.jpg 640w, https:\/\/arteconfort.com\/wp-content\/uploads\/2024\/06\/ventilador-ALTEA83738631-0200-960x960.jpg 960w, https:\/\/arteconfort.com\/wp-content\/uploads\/2024\/06\/ventilador-ALTEA83738631-0200-133x133.jpg 133w, https:\/\/arteconfort.com\/wp-content\/uploads\/2024\/06\/ventilador-ALTEA83738631-0200-300x300.jpg 300w, https:\/\/arteconfort.com\/wp-content\/uploads\/2024\/06\/ventilador-ALTEA83738631-0200-600x600.jpg 600w, https:\/\/arteconfort.com\/wp-content\/uploads\/2024\/06\/ventilador-ALTEA83738631-0200-100x100.jpg 100w\" sizes=\"auto, (max-width: 1024px) 100vw, 1024px\" \/><img loading=\"lazy\" decoding=\"async\" width=\"1024\" height=\"1024\" src=\"https:\/\/arteconfort.com\/wp-content\/uploads\/2024\/06\/ventilador-ALTEA83738631-0600.webp\" class=\"attachment-shop_catalog size-shop_catalog\" alt=\"Ventilador ALTEA gr\u00e1fico\" srcset=\"https:\/\/arteconfort.com\/wp-content\/uploads\/2024\/06\/ventilador-ALTEA83738631-0600.webp 1024w, https:\/\/arteconfort.com\/wp-content\/uploads\/2024\/06\/ventilador-ALTEA83738631-0600-768x768.webp 768w, https:\/\/arteconfort.com\/wp-content\/uploads\/2024\/06\/ventilador-ALTEA83738631-0600-340x340.webp 340w, https:\/\/arteconfort.com\/wp-content\/uploads\/2024\/06\/ventilador-ALTEA83738631-0600-640x640.webp 640w, https:\/\/arteconfort.com\/wp-content\/uploads\/2024\/06\/ventilador-ALTEA83738631-0600-960x960.webp 960w, https:\/\/arteconfort.com\/wp-content\/uploads\/2024\/06\/ventilador-ALTEA83738631-0600-133x133.webp 133w, https:\/\/arteconfort.com\/wp-content\/uploads\/2024\/06\/ventilador-ALTEA83738631-0600-300x300.webp 300w, https:\/\/arteconfort.com\/wp-content\/uploads\/2024\/06\/ventilador-ALTEA83738631-0600-600x600.webp 600w, https:\/\/arteconfort.com\/wp-content\/uploads\/2024\/06\/ventilador-ALTEA83738631-0600-100x100.webp 100w\" sizes=\"auto, (max-width: 1024px) 100vw, 1024px\" \/><img loading=\"lazy\" decoding=\"async\" width=\"1024\" height=\"1024\" src=\"https:\/\/arteconfort.com\/wp-content\/uploads\/2023\/10\/ALTEA-AMBIENTE-LUZNEUTRA.webp\" class=\"attachment-shop_catalog size-shop_catalog\" alt=\"\" srcset=\"https:\/\/arteconfort.com\/wp-content\/uploads\/2023\/10\/ALTEA-AMBIENTE-LUZNEUTRA.webp 1024w, https:\/\/arteconfort.com\/wp-content\/uploads\/2023\/10\/ALTEA-AMBIENTE-LUZNEUTRA-768x768.webp 768w, https:\/\/arteconfort.com\/wp-content\/uploads\/2023\/10\/ALTEA-AMBIENTE-LUZNEUTRA-340x340.webp 340w, https:\/\/arteconfort.com\/wp-content\/uploads\/2023\/10\/ALTEA-AMBIENTE-LUZNEUTRA-640x640.webp 640w, https:\/\/arteconfort.com\/wp-content\/uploads\/2023\/10\/ALTEA-AMBIENTE-LUZNEUTRA-960x960.webp 960w, https:\/\/arteconfort.com\/wp-content\/uploads\/2023\/10\/ALTEA-AMBIENTE-LUZNEUTRA-133x133.webp 133w, https:\/\/arteconfort.com\/wp-content\/uploads\/2023\/10\/ALTEA-AMBIENTE-LUZNEUTRA-300x300.webp 300w, https:\/\/arteconfort.com\/wp-content\/uploads\/2023\/10\/ALTEA-AMBIENTE-LUZNEUTRA-600x600.webp 600w, https:\/\/arteconfort.com\/wp-content\/uploads\/2023\/10\/ALTEA-AMBIENTE-LUZNEUTRA-100x100.webp 100w\" sizes=\"auto, (max-width: 1024px) 100vw, 1024px\" \/><img loading=\"lazy\" decoding=\"async\" width=\"1024\" height=\"1024\" src=\"https:\/\/arteconfort.com\/wp-content\/uploads\/2023\/10\/ALTEA-AMBIENTE-LUZCALIDA-NOCHE.webp\" class=\"attachment-shop_catalog size-shop_catalog\" alt=\"\" srcset=\"https:\/\/arteconfort.com\/wp-content\/uploads\/2023\/10\/ALTEA-AMBIENTE-LUZCALIDA-NOCHE.webp 1024w, https:\/\/arteconfort.com\/wp-content\/uploads\/2023\/10\/ALTEA-AMBIENTE-LUZCALIDA-NOCHE-768x768.webp 768w, https:\/\/arteconfort.com\/wp-content\/uploads\/2023\/10\/ALTEA-AMBIENTE-LUZCALIDA-NOCHE-340x340.webp 340w, https:\/\/arteconfort.com\/wp-content\/uploads\/2023\/10\/ALTEA-AMBIENTE-LUZCALIDA-NOCHE-640x640.webp 640w, https:\/\/arteconfort.com\/wp-content\/uploads\/2023\/10\/ALTEA-AMBIENTE-LUZCALIDA-NOCHE-960x960.webp 960w, https:\/\/arteconfort.com\/wp-content\/uploads\/2023\/10\/ALTEA-AMBIENTE-LUZCALIDA-NOCHE-133x133.webp 133w, https:\/\/arteconfort.com\/wp-content\/uploads\/2023\/10\/ALTEA-AMBIENTE-LUZCALIDA-NOCHE-300x300.webp 300w, https:\/\/arteconfort.com\/wp-content\/uploads\/2023\/10\/ALTEA-AMBIENTE-LUZCALIDA-NOCHE-600x600.webp 600w, https:\/\/arteconfort.com\/wp-content\/uploads\/2023\/10\/ALTEA-AMBIENTE-LUZCALIDA-NOCHE-100x100.webp 100w\" sizes=\"auto, (max-width: 1024px) 100vw, 1024px\" \/><img loading=\"lazy\" decoding=\"async\" width=\"1024\" height=\"1024\" src=\"https:\/\/arteconfort.com\/wp-content\/uploads\/2023\/10\/ALTEA-AMBIENTE-LUZ-CALIDA.webp\" class=\"attachment-shop_catalog size-shop_catalog\" alt=\"\" srcset=\"https:\/\/arteconfort.com\/wp-content\/uploads\/2023\/10\/ALTEA-AMBIENTE-LUZ-CALIDA.webp 1024w, https:\/\/arteconfort.com\/wp-content\/uploads\/2023\/10\/ALTEA-AMBIENTE-LUZ-CALIDA-768x768.webp 768w, https:\/\/arteconfort.com\/wp-content\/uploads\/2023\/10\/ALTEA-AMBIENTE-LUZ-CALIDA-340x340.webp 340w, https:\/\/arteconfort.com\/wp-content\/uploads\/2023\/10\/ALTEA-AMBIENTE-LUZ-CALIDA-640x640.webp 640w, https:\/\/arteconfort.com\/wp-content\/uploads\/2023\/10\/ALTEA-AMBIENTE-LUZ-CALIDA-960x960.webp 960w, https:\/\/arteconfort.com\/wp-content\/uploads\/2023\/10\/ALTEA-AMBIENTE-LUZ-CALIDA-133x133.webp 133w, https:\/\/arteconfort.com\/wp-content\/uploads\/2023\/10\/ALTEA-AMBIENTE-LUZ-CALIDA-300x300.webp 300w, https:\/\/arteconfort.com\/wp-content\/uploads\/2023\/10\/ALTEA-AMBIENTE-LUZ-CALIDA-600x600.webp 600w, https:\/\/arteconfort.com\/wp-content\/uploads\/2023\/10\/ALTEA-AMBIENTE-LUZ-CALIDA-100x100.webp 100w\" sizes=\"auto, (max-width: 1024px) 100vw, 1024px\" \/><img loading=\"lazy\" decoding=\"async\" width=\"1024\" height=\"1024\" src=\"https:\/\/arteconfort.com\/wp-content\/uploads\/2023\/10\/ALTEA-AMBIENTE-APAGADO-DIA.webp\" class=\"attachment-shop_catalog size-shop_catalog\" alt=\"\" srcset=\"https:\/\/arteconfort.com\/wp-content\/uploads\/2023\/10\/ALTEA-AMBIENTE-APAGADO-DIA.webp 1024w, https:\/\/arteconfort.com\/wp-content\/uploads\/2023\/10\/ALTEA-AMBIENTE-APAGADO-DIA-768x768.webp 768w, https:\/\/arteconfort.com\/wp-content\/uploads\/2023\/10\/ALTEA-AMBIENTE-APAGADO-DIA-340x340.webp 340w, https:\/\/arteconfort.com\/wp-content\/uploads\/2023\/10\/ALTEA-AMBIENTE-APAGADO-DIA-640x640.webp 640w, https:\/\/arteconfort.com\/wp-content\/uploads\/2023\/10\/ALTEA-AMBIENTE-APAGADO-DIA-960x960.webp 960w, https:\/\/arteconfort.com\/wp-content\/uploads\/2023\/10\/ALTEA-AMBIENTE-APAGADO-DIA-133x133.webp 133w, https:\/\/arteconfort.com\/wp-content\/uploads\/2023\/10\/ALTEA-AMBIENTE-APAGADO-DIA-300x300.webp 300w, https:\/\/arteconfort.com\/wp-content\/uploads\/2023\/10\/ALTEA-AMBIENTE-APAGADO-DIA-600x600.webp 600w, https:\/\/arteconfort.com\/wp-content\/uploads\/2023\/10\/ALTEA-AMBIENTE-APAGADO-DIA-100x100.webp 100w\" sizes=\"auto, (max-width: 1024px) 100vw, 1024px\" \/>\t<\/a>\n\t<div class=\"w-product-status\"><\/div>\t<span id=\"woocommerce_loop_add_to_cart_link_describedby_20921\" class=\"screen-reader-text\">\n\t\t\t<\/span>\n<\/div><div class=\"berocket_better_labels berocket_better_labels_image\"><div class=\"berocket_better_labels_position berocket_better_labels_position_right\"><div class=\"berocket_better_labels_line berocket_better_labels_line_1\"><div class=\"berocket_better_labels_inline berocket_better_labels_inline_1\"><div class=\"br_alabel br_alabel_type_text br_alabel_template_type_css berocket_alabel_id_22611  br_alabel_better_compatibility\" style=\"\"><span  style=\"\"><i style=\"background-color: #000000; border-color: #000000;\" class=\"template-span-before \"><\/i><i style=\"background-color: #000000; border-color: #000000;\" class=\"template-i \"><\/i><i style=\"background-color: #000000; border-color: #000000;\" class=\"template-i-before \"><\/i><i style=\"background-color: #000000; border-color: #000000;\" class=\"template-i-after \"><\/i><b style=\"position: relative;z-index: 100;text-align: center;color: inherit;\">Old collection<\/b><\/span><\/div><\/div><\/div><\/div><\/div><figcaption><h2 class=\"woocommerce-loop-product__title\">ALTEA<\/h2><div class=\"woocommerce-product-details__short-description\">\n\t<p>ALTEA ceiling fan with integrated LED light and colour temperature memory. It has a metal body, double light<\/div>\n\n<\/figcaption><\/figure><\/li>\n<li class=\"product type-product post-47018 status-publish instock product_cat-climatizacion-en product_cat-ventiladores-de-techo-en has-post-thumbnail shipping-taxable product-type-simple w-item col-3\">\n\t<figure><div class=\"image-wrapper\">\t\t<a href=\"https:\/\/arteconfort.com\/en\/producto\/alvus-m\/\" class=\"w-fadeslider\">\n\t<img loading=\"lazy\" decoding=\"async\" width=\"1024\" height=\"1024\" src=\"https:\/\/arteconfort.com\/wp-content\/uploads\/2025\/04\/Alvus-M-mando.webp\" class=\"attachment-shop_catalog size-shop_catalog wp-post-image\" alt=\"\" srcset=\"https:\/\/arteconfort.com\/wp-content\/uploads\/2025\/04\/Alvus-M-mando.webp 1024w, https:\/\/arteconfort.com\/wp-content\/uploads\/2025\/04\/Alvus-M-mando-768x768.webp 768w, https:\/\/arteconfort.com\/wp-content\/uploads\/2025\/04\/Alvus-M-mando-340x340.webp 340w, https:\/\/arteconfort.com\/wp-content\/uploads\/2025\/04\/Alvus-M-mando-640x640.webp 640w, https:\/\/arteconfort.com\/wp-content\/uploads\/2025\/04\/Alvus-M-mando-960x960.webp 960w, https:\/\/arteconfort.com\/wp-content\/uploads\/2025\/04\/Alvus-M-mando-300x300.webp 300w, https:\/\/arteconfort.com\/wp-content\/uploads\/2025\/04\/Alvus-M-mando-600x600.webp 600w, https:\/\/arteconfort.com\/wp-content\/uploads\/2025\/04\/Alvus-M-mando-100x100.webp 100w\" sizes=\"auto, (max-width: 1024px) 100vw, 1024px\" \/>\t<img loading=\"lazy\" decoding=\"async\" width=\"1024\" height=\"1024\" src=\"https:\/\/arteconfort.com\/wp-content\/uploads\/2025\/04\/Alvus-M-cerrado.webp\" class=\"attachment-shop_catalog size-shop_catalog\" alt=\"\" srcset=\"https:\/\/arteconfort.com\/wp-content\/uploads\/2025\/04\/Alvus-M-cerrado.webp 1024w, https:\/\/arteconfort.com\/wp-content\/uploads\/2025\/04\/Alvus-M-cerrado-768x768.webp 768w, https:\/\/arteconfort.com\/wp-content\/uploads\/2025\/04\/Alvus-M-cerrado-340x340.webp 340w, https:\/\/arteconfort.com\/wp-content\/uploads\/2025\/04\/Alvus-M-cerrado-640x640.webp 640w, https:\/\/arteconfort.com\/wp-content\/uploads\/2025\/04\/Alvus-M-cerrado-960x960.webp 960w, https:\/\/arteconfort.com\/wp-content\/uploads\/2025\/04\/Alvus-M-cerrado-300x300.webp 300w, https:\/\/arteconfort.com\/wp-content\/uploads\/2025\/04\/Alvus-M-cerrado-600x600.webp 600w, https:\/\/arteconfort.com\/wp-content\/uploads\/2025\/04\/Alvus-M-cerrado-100x100.webp 100w\" sizes=\"auto, (max-width: 1024px) 100vw, 1024px\" \/><img loading=\"lazy\" decoding=\"async\" width=\"1024\" height=\"1024\" src=\"https:\/\/arteconfort.com\/wp-content\/uploads\/2025\/04\/ALVUS-M-temperaturas.webp\" class=\"attachment-shop_catalog size-shop_catalog\" alt=\"\" srcset=\"https:\/\/arteconfort.com\/wp-content\/uploads\/2025\/04\/ALVUS-M-temperaturas.webp 1024w, https:\/\/arteconfort.com\/wp-content\/uploads\/2025\/04\/ALVUS-M-temperaturas-768x768.webp 768w, https:\/\/arteconfort.com\/wp-content\/uploads\/2025\/04\/ALVUS-M-temperaturas-340x340.webp 340w, https:\/\/arteconfort.com\/wp-content\/uploads\/2025\/04\/ALVUS-M-temperaturas-640x640.webp 640w, https:\/\/arteconfort.com\/wp-content\/uploads\/2025\/04\/ALVUS-M-temperaturas-960x960.webp 960w, https:\/\/arteconfort.com\/wp-content\/uploads\/2025\/04\/ALVUS-M-temperaturas-300x300.webp 300w, https:\/\/arteconfort.com\/wp-content\/uploads\/2025\/04\/ALVUS-M-temperaturas-600x600.webp 600w, https:\/\/arteconfort.com\/wp-content\/uploads\/2025\/04\/ALVUS-M-temperaturas-100x100.webp 100w\" sizes=\"auto, (max-width: 1024px) 100vw, 1024px\" \/><img loading=\"lazy\" decoding=\"async\" width=\"2000\" height=\"2000\" src=\"https:\/\/arteconfort.com\/wp-content\/uploads\/2025\/04\/ALVUS-M-grafico.webp\" class=\"attachment-shop_catalog size-shop_catalog\" alt=\"\" srcset=\"https:\/\/arteconfort.com\/wp-content\/uploads\/2025\/04\/ALVUS-M-grafico.webp 2000w, https:\/\/arteconfort.com\/wp-content\/uploads\/2025\/04\/ALVUS-M-grafico-768x768.webp 768w, https:\/\/arteconfort.com\/wp-content\/uploads\/2025\/04\/ALVUS-M-grafico-1536x1536.webp 1536w, https:\/\/arteconfort.com\/wp-content\/uploads\/2025\/04\/ALVUS-M-grafico-340x340.webp 340w, https:\/\/arteconfort.com\/wp-content\/uploads\/2025\/04\/ALVUS-M-grafico-640x640.webp 640w, https:\/\/arteconfort.com\/wp-content\/uploads\/2025\/04\/ALVUS-M-grafico-960x960.webp 960w, https:\/\/arteconfort.com\/wp-content\/uploads\/2025\/04\/ALVUS-M-grafico-1280x1280.webp 1280w, https:\/\/arteconfort.com\/wp-content\/uploads\/2025\/04\/ALVUS-M-grafico-300x300.webp 300w, https:\/\/arteconfort.com\/wp-content\/uploads\/2025\/04\/ALVUS-M-grafico-600x600.webp 600w, https:\/\/arteconfort.com\/wp-content\/uploads\/2025\/04\/ALVUS-M-grafico-100x100.webp 100w\" sizes=\"auto, (max-width: 2000px) 100vw, 2000px\" \/>\t<\/a>\n\t<div class=\"w-product-status\"><\/div>\t<span id=\"woocommerce_loop_add_to_cart_link_describedby_47018\" class=\"screen-reader-text\">\n\t\t\t<\/span>\n<\/div><figcaption><h2 class=\"woocommerce-loop-product__title\">ALVUS M<\/h2><div class=\"woocommerce-product-details__short-description\">\n\t<p>The ALVUS M ceiling fan with hidden or retractable blades incorporates LED light and color temperature memory. It<\/div>\n\n<\/figcaption><\/figure><\/li>\n<li class=\"product type-product post-47027 status-publish last instock product_cat-climatizacion-en product_cat-ventiladores-de-techo-en has-post-thumbnail shipping-taxable product-type-simple w-item col-3\">\n\t<figure><div class=\"image-wrapper\">\t\t<a href=\"https:\/\/arteconfort.com\/en\/producto\/alvus-s\/\" class=\"w-fadeslider\">\n\t<img loading=\"lazy\" decoding=\"async\" width=\"1024\" height=\"1024\" src=\"https:\/\/arteconfort.com\/wp-content\/uploads\/2025\/04\/Alvus-S-mando.webp\" class=\"attachment-shop_catalog size-shop_catalog wp-post-image\" alt=\"\" srcset=\"https:\/\/arteconfort.com\/wp-content\/uploads\/2025\/04\/Alvus-S-mando.webp 1024w, https:\/\/arteconfort.com\/wp-content\/uploads\/2025\/04\/Alvus-S-mando-768x768.webp 768w, https:\/\/arteconfort.com\/wp-content\/uploads\/2025\/04\/Alvus-S-mando-340x340.webp 340w, https:\/\/arteconfort.com\/wp-content\/uploads\/2025\/04\/Alvus-S-mando-640x640.webp 640w, https:\/\/arteconfort.com\/wp-content\/uploads\/2025\/04\/Alvus-S-mando-960x960.webp 960w, https:\/\/arteconfort.com\/wp-content\/uploads\/2025\/04\/Alvus-S-mando-300x300.webp 300w, https:\/\/arteconfort.com\/wp-content\/uploads\/2025\/04\/Alvus-S-mando-600x600.webp 600w, https:\/\/arteconfort.com\/wp-content\/uploads\/2025\/04\/Alvus-S-mando-100x100.webp 100w\" sizes=\"auto, (max-width: 1024px) 100vw, 1024px\" \/>\t<img loading=\"lazy\" decoding=\"async\" width=\"1024\" height=\"1024\" src=\"https:\/\/arteconfort.com\/wp-content\/uploads\/2025\/04\/Alvus-S-cerrado-1.webp\" class=\"attachment-shop_catalog size-shop_catalog\" alt=\"\" srcset=\"https:\/\/arteconfort.com\/wp-content\/uploads\/2025\/04\/Alvus-S-cerrado-1.webp 1024w, https:\/\/arteconfort.com\/wp-content\/uploads\/2025\/04\/Alvus-S-cerrado-1-768x768.webp 768w, https:\/\/arteconfort.com\/wp-content\/uploads\/2025\/04\/Alvus-S-cerrado-1-340x340.webp 340w, https:\/\/arteconfort.com\/wp-content\/uploads\/2025\/04\/Alvus-S-cerrado-1-640x640.webp 640w, https:\/\/arteconfort.com\/wp-content\/uploads\/2025\/04\/Alvus-S-cerrado-1-960x960.webp 960w, https:\/\/arteconfort.com\/wp-content\/uploads\/2025\/04\/Alvus-S-cerrado-1-300x300.webp 300w, https:\/\/arteconfort.com\/wp-content\/uploads\/2025\/04\/Alvus-S-cerrado-1-600x600.webp 600w, https:\/\/arteconfort.com\/wp-content\/uploads\/2025\/04\/Alvus-S-cerrado-1-100x100.webp 100w\" sizes=\"auto, (max-width: 1024px) 100vw, 1024px\" \/><img loading=\"lazy\" decoding=\"async\" width=\"1024\" height=\"1024\" src=\"https:\/\/arteconfort.com\/wp-content\/uploads\/2025\/04\/ALVUS-S-temperatura.webp\" class=\"attachment-shop_catalog size-shop_catalog\" alt=\"\" srcset=\"https:\/\/arteconfort.com\/wp-content\/uploads\/2025\/04\/ALVUS-S-temperatura.webp 1024w, https:\/\/arteconfort.com\/wp-content\/uploads\/2025\/04\/ALVUS-S-temperatura-768x768.webp 768w, https:\/\/arteconfort.com\/wp-content\/uploads\/2025\/04\/ALVUS-S-temperatura-340x340.webp 340w, https:\/\/arteconfort.com\/wp-content\/uploads\/2025\/04\/ALVUS-S-temperatura-640x640.webp 640w, https:\/\/arteconfort.com\/wp-content\/uploads\/2025\/04\/ALVUS-S-temperatura-960x960.webp 960w, https:\/\/arteconfort.com\/wp-content\/uploads\/2025\/04\/ALVUS-S-temperatura-300x300.webp 300w, https:\/\/arteconfort.com\/wp-content\/uploads\/2025\/04\/ALVUS-S-temperatura-600x600.webp 600w, https:\/\/arteconfort.com\/wp-content\/uploads\/2025\/04\/ALVUS-S-temperatura-100x100.webp 100w\" sizes=\"auto, (max-width: 1024px) 100vw, 1024px\" \/><img loading=\"lazy\" decoding=\"async\" width=\"2000\" height=\"2000\" src=\"https:\/\/arteconfort.com\/wp-content\/uploads\/2025\/04\/ALVUS-S-grafico-1.webp\" class=\"attachment-shop_catalog size-shop_catalog\" alt=\"\" srcset=\"https:\/\/arteconfort.com\/wp-content\/uploads\/2025\/04\/ALVUS-S-grafico-1.webp 2000w, https:\/\/arteconfort.com\/wp-content\/uploads\/2025\/04\/ALVUS-S-grafico-1-768x768.webp 768w, https:\/\/arteconfort.com\/wp-content\/uploads\/2025\/04\/ALVUS-S-grafico-1-1536x1536.webp 1536w, https:\/\/arteconfort.com\/wp-content\/uploads\/2025\/04\/ALVUS-S-grafico-1-340x340.webp 340w, https:\/\/arteconfort.com\/wp-content\/uploads\/2025\/04\/ALVUS-S-grafico-1-640x640.webp 640w, https:\/\/arteconfort.com\/wp-content\/uploads\/2025\/04\/ALVUS-S-grafico-1-960x960.webp 960w, https:\/\/arteconfort.com\/wp-content\/uploads\/2025\/04\/ALVUS-S-grafico-1-1280x1280.webp 1280w, https:\/\/arteconfort.com\/wp-content\/uploads\/2025\/04\/ALVUS-S-grafico-1-300x300.webp 300w, https:\/\/arteconfort.com\/wp-content\/uploads\/2025\/04\/ALVUS-S-grafico-1-600x600.webp 600w, https:\/\/arteconfort.com\/wp-content\/uploads\/2025\/04\/ALVUS-S-grafico-1-100x100.webp 100w\" sizes=\"auto, (max-width: 2000px) 100vw, 2000px\" \/>\t<\/a>\n\t<div class=\"w-product-status\"><\/div>\t<span id=\"woocommerce_loop_add_to_cart_link_describedby_47027\" class=\"screen-reader-text\">\n\t\t\t<\/span>\n<\/div><figcaption><h2 class=\"woocommerce-loop-product__title\">ALVUS S<\/h2><div class=\"woocommerce-product-details__short-description\">\n\t<p>The ALVUS S ceiling fan with hidden or retractable blades incorporates LED light and color temperature memory. It<\/div>\n\n<\/figcaption><\/figure><\/li>\n<li class=\"product type-product post-10233 status-publish first instock product_cat-climatizacion-en product_cat-collection-old-en product_cat-ventiladores-de-techo-en has-post-thumbnail shipping-taxable product-type-external w-item col-3\">\n\t<figure><div class=\"image-wrapper\">\t\t<a href=\"https:\/\/arteconfort.com\/en\/producto\/areia\/\" class=\"w-fadeslider\">\n\t<img loading=\"lazy\" decoding=\"async\" width=\"1024\" height=\"1024\" src=\"https:\/\/arteconfort.com\/wp-content\/uploads\/2024\/06\/ventilador-AREIA-foto-mando-distancia.webp\" class=\"attachment-shop_catalog size-shop_catalog wp-post-image\" alt=\"Ventilador AREIA foto mando distancia\" srcset=\"https:\/\/arteconfort.com\/wp-content\/uploads\/2024\/06\/ventilador-AREIA-foto-mando-distancia.webp 1024w, https:\/\/arteconfort.com\/wp-content\/uploads\/2024\/06\/ventilador-AREIA-foto-mando-distancia-768x768.webp 768w, https:\/\/arteconfort.com\/wp-content\/uploads\/2024\/06\/ventilador-AREIA-foto-mando-distancia-340x340.webp 340w, https:\/\/arteconfort.com\/wp-content\/uploads\/2024\/06\/ventilador-AREIA-foto-mando-distancia-640x640.webp 640w, https:\/\/arteconfort.com\/wp-content\/uploads\/2024\/06\/ventilador-AREIA-foto-mando-distancia-960x960.webp 960w, https:\/\/arteconfort.com\/wp-content\/uploads\/2024\/06\/ventilador-AREIA-foto-mando-distancia-300x300.webp 300w, https:\/\/arteconfort.com\/wp-content\/uploads\/2024\/06\/ventilador-AREIA-foto-mando-distancia-600x600.webp 600w, https:\/\/arteconfort.com\/wp-content\/uploads\/2024\/06\/ventilador-AREIA-foto-mando-distancia-100x100.webp 100w, https:\/\/arteconfort.com\/wp-content\/uploads\/2024\/06\/ventilador-AREIA-foto-mando-distancia-133x133.webp 133w\" sizes=\"auto, (max-width: 1024px) 100vw, 1024px\" \/>\t<img loading=\"lazy\" decoding=\"async\" width=\"1024\" height=\"1024\" src=\"https:\/\/arteconfort.com\/wp-content\/uploads\/2023\/10\/AREIA-AMBIENTE.webp\" class=\"attachment-shop_catalog size-shop_catalog\" alt=\"\" srcset=\"https:\/\/arteconfort.com\/wp-content\/uploads\/2023\/10\/AREIA-AMBIENTE.webp 1024w, https:\/\/arteconfort.com\/wp-content\/uploads\/2023\/10\/AREIA-AMBIENTE-768x768.webp 768w, https:\/\/arteconfort.com\/wp-content\/uploads\/2023\/10\/AREIA-AMBIENTE-340x340.webp 340w, https:\/\/arteconfort.com\/wp-content\/uploads\/2023\/10\/AREIA-AMBIENTE-640x640.webp 640w, https:\/\/arteconfort.com\/wp-content\/uploads\/2023\/10\/AREIA-AMBIENTE-960x960.webp 960w, https:\/\/arteconfort.com\/wp-content\/uploads\/2023\/10\/AREIA-AMBIENTE-133x133.webp 133w, https:\/\/arteconfort.com\/wp-content\/uploads\/2023\/10\/AREIA-AMBIENTE-300x300.webp 300w, https:\/\/arteconfort.com\/wp-content\/uploads\/2023\/10\/AREIA-AMBIENTE-600x600.webp 600w, https:\/\/arteconfort.com\/wp-content\/uploads\/2023\/10\/AREIA-AMBIENTE-100x100.webp 100w\" sizes=\"auto, (max-width: 1024px) 100vw, 1024px\" \/><img loading=\"lazy\" decoding=\"async\" width=\"1024\" height=\"1024\" src=\"https:\/\/arteconfort.com\/wp-content\/uploads\/2023\/10\/MANDO-AREIA.webp\" class=\"attachment-shop_catalog size-shop_catalog\" alt=\"\" srcset=\"https:\/\/arteconfort.com\/wp-content\/uploads\/2023\/10\/MANDO-AREIA.webp 1024w, https:\/\/arteconfort.com\/wp-content\/uploads\/2023\/10\/MANDO-AREIA-768x768.webp 768w, https:\/\/arteconfort.com\/wp-content\/uploads\/2023\/10\/MANDO-AREIA-340x340.webp 340w, https:\/\/arteconfort.com\/wp-content\/uploads\/2023\/10\/MANDO-AREIA-640x640.webp 640w, https:\/\/arteconfort.com\/wp-content\/uploads\/2023\/10\/MANDO-AREIA-960x960.webp 960w, https:\/\/arteconfort.com\/wp-content\/uploads\/2023\/10\/MANDO-AREIA-133x133.webp 133w, https:\/\/arteconfort.com\/wp-content\/uploads\/2023\/10\/MANDO-AREIA-300x300.webp 300w, https:\/\/arteconfort.com\/wp-content\/uploads\/2023\/10\/MANDO-AREIA-600x600.webp 600w, https:\/\/arteconfort.com\/wp-content\/uploads\/2023\/10\/MANDO-AREIA-100x100.webp 100w\" sizes=\"auto, (max-width: 1024px) 100vw, 1024px\" \/><img loading=\"lazy\" decoding=\"async\" width=\"1024\" height=\"1024\" src=\"https:\/\/arteconfort.com\/wp-content\/uploads\/2024\/06\/ventilador-AREIA-foto-medidas.webp\" class=\"attachment-shop_catalog size-shop_catalog\" alt=\"Ventilador AREIA foto medidas\" srcset=\"https:\/\/arteconfort.com\/wp-content\/uploads\/2024\/06\/ventilador-AREIA-foto-medidas.webp 1024w, https:\/\/arteconfort.com\/wp-content\/uploads\/2024\/06\/ventilador-AREIA-foto-medidas-768x768.webp 768w, https:\/\/arteconfort.com\/wp-content\/uploads\/2024\/06\/ventilador-AREIA-foto-medidas-340x340.webp 340w, https:\/\/arteconfort.com\/wp-content\/uploads\/2024\/06\/ventilador-AREIA-foto-medidas-640x640.webp 640w, https:\/\/arteconfort.com\/wp-content\/uploads\/2024\/06\/ventilador-AREIA-foto-medidas-960x960.webp 960w, https:\/\/arteconfort.com\/wp-content\/uploads\/2024\/06\/ventilador-AREIA-foto-medidas-133x133.webp 133w, https:\/\/arteconfort.com\/wp-content\/uploads\/2024\/06\/ventilador-AREIA-foto-medidas-300x300.webp 300w, https:\/\/arteconfort.com\/wp-content\/uploads\/2024\/06\/ventilador-AREIA-foto-medidas-600x600.webp 600w, https:\/\/arteconfort.com\/wp-content\/uploads\/2024\/06\/ventilador-AREIA-foto-medidas-100x100.webp 100w\" sizes=\"auto, (max-width: 1024px) 100vw, 1024px\" \/>\t<\/a>\n\t<div class=\"w-product-status\"><\/div>\t<span id=\"woocommerce_loop_add_to_cart_link_describedby_10233\" class=\"screen-reader-text\">\n\t\t\t<\/span>\n<\/div><div class=\"berocket_better_labels berocket_better_labels_image\"><div class=\"berocket_better_labels_position berocket_better_labels_position_right\"><div class=\"berocket_better_labels_line berocket_better_labels_line_1\"><div class=\"berocket_better_labels_inline berocket_better_labels_inline_1\"><div class=\"br_alabel br_alabel_type_text br_alabel_template_type_css berocket_alabel_id_22611  br_alabel_better_compatibility\" style=\"\"><span  style=\"\"><i style=\"background-color: #000000; border-color: #000000;\" class=\"template-span-before \"><\/i><i style=\"background-color: #000000; border-color: #000000;\" class=\"template-i \"><\/i><i style=\"background-color: #000000; border-color: #000000;\" class=\"template-i-before \"><\/i><i style=\"background-color: #000000; border-color: #000000;\" class=\"template-i-after \"><\/i><b style=\"position: relative;z-index: 100;text-align: center;color: inherit;\">Old collection<\/b><\/span><\/div><\/div><\/div><\/div><\/div><figcaption><h2 class=\"woocommerce-loop-product__title\">AREIA<\/h2><div class=\"woocommerce-product-details__short-description\">\n\t<p>Areia ceiling fan without light for outdoor use, black metal body and 3 wooden blades, it is easy<\/div>\n\n<\/figcaption><\/figure><\/li>\n<li class=\"product type-product post-42826 status-publish instock product_cat-climatizacion-en product_cat-collection-old-en product_cat-ventiladores-de-techo-en has-post-thumbnail shipping-taxable product-type-simple w-item col-3\">\n\t<figure><div class=\"image-wrapper\">\t\t<a href=\"https:\/\/arteconfort.com\/en\/producto\/atenea-l\/\" class=\"w-fadeslider\">\n\t<img loading=\"lazy\" decoding=\"async\" width=\"1024\" height=\"1024\" src=\"https:\/\/arteconfort.com\/wp-content\/uploads\/2024\/06\/ventilador-ATENEA-L-foto-con-mando.webp\" class=\"attachment-shop_catalog size-shop_catalog wp-post-image\" alt=\"Ventilador ATENEA L foto con mando\" srcset=\"https:\/\/arteconfort.com\/wp-content\/uploads\/2024\/06\/ventilador-ATENEA-L-foto-con-mando.webp 1024w, https:\/\/arteconfort.com\/wp-content\/uploads\/2024\/06\/ventilador-ATENEA-L-foto-con-mando-768x768.webp 768w, https:\/\/arteconfort.com\/wp-content\/uploads\/2024\/06\/ventilador-ATENEA-L-foto-con-mando-340x340.webp 340w, https:\/\/arteconfort.com\/wp-content\/uploads\/2024\/06\/ventilador-ATENEA-L-foto-con-mando-640x640.webp 640w, https:\/\/arteconfort.com\/wp-content\/uploads\/2024\/06\/ventilador-ATENEA-L-foto-con-mando-960x960.webp 960w, https:\/\/arteconfort.com\/wp-content\/uploads\/2024\/06\/ventilador-ATENEA-L-foto-con-mando-300x300.webp 300w, https:\/\/arteconfort.com\/wp-content\/uploads\/2024\/06\/ventilador-ATENEA-L-foto-con-mando-600x600.webp 600w, https:\/\/arteconfort.com\/wp-content\/uploads\/2024\/06\/ventilador-ATENEA-L-foto-con-mando-100x100.webp 100w, https:\/\/arteconfort.com\/wp-content\/uploads\/2024\/06\/ventilador-ATENEA-L-foto-con-mando-133x133.webp 133w\" sizes=\"auto, (max-width: 1024px) 100vw, 1024px\" \/>\t<img loading=\"lazy\" decoding=\"async\" width=\"1024\" height=\"1024\" src=\"https:\/\/arteconfort.com\/wp-content\/uploads\/2024\/06\/ventilador-ATENEA-L-foto-ambiente-dia.webp\" class=\"attachment-shop_catalog size-shop_catalog\" alt=\"Ventilador ATENEA L foto ambiente dia\" srcset=\"https:\/\/arteconfort.com\/wp-content\/uploads\/2024\/06\/ventilador-ATENEA-L-foto-ambiente-dia.webp 1024w, https:\/\/arteconfort.com\/wp-content\/uploads\/2024\/06\/ventilador-ATENEA-L-foto-ambiente-dia-768x768.webp 768w, https:\/\/arteconfort.com\/wp-content\/uploads\/2024\/06\/ventilador-ATENEA-L-foto-ambiente-dia-340x340.webp 340w, https:\/\/arteconfort.com\/wp-content\/uploads\/2024\/06\/ventilador-ATENEA-L-foto-ambiente-dia-640x640.webp 640w, https:\/\/arteconfort.com\/wp-content\/uploads\/2024\/06\/ventilador-ATENEA-L-foto-ambiente-dia-960x960.webp 960w, https:\/\/arteconfort.com\/wp-content\/uploads\/2024\/06\/ventilador-ATENEA-L-foto-ambiente-dia-133x133.webp 133w, https:\/\/arteconfort.com\/wp-content\/uploads\/2024\/06\/ventilador-ATENEA-L-foto-ambiente-dia-300x300.webp 300w, https:\/\/arteconfort.com\/wp-content\/uploads\/2024\/06\/ventilador-ATENEA-L-foto-ambiente-dia-600x600.webp 600w, https:\/\/arteconfort.com\/wp-content\/uploads\/2024\/06\/ventilador-ATENEA-L-foto-ambiente-dia-100x100.webp 100w\" sizes=\"auto, (max-width: 1024px) 100vw, 1024px\" \/><img loading=\"lazy\" decoding=\"async\" width=\"1024\" height=\"1024\" src=\"https:\/\/arteconfort.com\/wp-content\/uploads\/2024\/06\/ventilador-ATENEA-L-foto-lateral.webp\" class=\"attachment-shop_catalog size-shop_catalog\" alt=\"Ventilador ATENEA L foto lateral\" srcset=\"https:\/\/arteconfort.com\/wp-content\/uploads\/2024\/06\/ventilador-ATENEA-L-foto-lateral.webp 1024w, https:\/\/arteconfort.com\/wp-content\/uploads\/2024\/06\/ventilador-ATENEA-L-foto-lateral-768x768.webp 768w, https:\/\/arteconfort.com\/wp-content\/uploads\/2024\/06\/ventilador-ATENEA-L-foto-lateral-340x340.webp 340w, https:\/\/arteconfort.com\/wp-content\/uploads\/2024\/06\/ventilador-ATENEA-L-foto-lateral-640x640.webp 640w, https:\/\/arteconfort.com\/wp-content\/uploads\/2024\/06\/ventilador-ATENEA-L-foto-lateral-960x960.webp 960w, https:\/\/arteconfort.com\/wp-content\/uploads\/2024\/06\/ventilador-ATENEA-L-foto-lateral-133x133.webp 133w, https:\/\/arteconfort.com\/wp-content\/uploads\/2024\/06\/ventilador-ATENEA-L-foto-lateral-300x300.webp 300w, https:\/\/arteconfort.com\/wp-content\/uploads\/2024\/06\/ventilador-ATENEA-L-foto-lateral-600x600.webp 600w, https:\/\/arteconfort.com\/wp-content\/uploads\/2024\/06\/ventilador-ATENEA-L-foto-lateral-100x100.webp 100w\" sizes=\"auto, (max-width: 1024px) 100vw, 1024px\" \/><img loading=\"lazy\" decoding=\"async\" width=\"1024\" height=\"1024\" src=\"https:\/\/arteconfort.com\/wp-content\/uploads\/2024\/06\/ventilador-ATENEA-L-foto-cinco-aspas.webp\" class=\"attachment-shop_catalog size-shop_catalog\" alt=\"Ventilador ATENEA L foto cinco aspas\" srcset=\"https:\/\/arteconfort.com\/wp-content\/uploads\/2024\/06\/ventilador-ATENEA-L-foto-cinco-aspas.webp 1024w, https:\/\/arteconfort.com\/wp-content\/uploads\/2024\/06\/ventilador-ATENEA-L-foto-cinco-aspas-768x768.webp 768w, https:\/\/arteconfort.com\/wp-content\/uploads\/2024\/06\/ventilador-ATENEA-L-foto-cinco-aspas-340x340.webp 340w, https:\/\/arteconfort.com\/wp-content\/uploads\/2024\/06\/ventilador-ATENEA-L-foto-cinco-aspas-640x640.webp 640w, https:\/\/arteconfort.com\/wp-content\/uploads\/2024\/06\/ventilador-ATENEA-L-foto-cinco-aspas-960x960.webp 960w, https:\/\/arteconfort.com\/wp-content\/uploads\/2024\/06\/ventilador-ATENEA-L-foto-cinco-aspas-133x133.webp 133w, https:\/\/arteconfort.com\/wp-content\/uploads\/2024\/06\/ventilador-ATENEA-L-foto-cinco-aspas-300x300.webp 300w, https:\/\/arteconfort.com\/wp-content\/uploads\/2024\/06\/ventilador-ATENEA-L-foto-cinco-aspas-600x600.webp 600w, https:\/\/arteconfort.com\/wp-content\/uploads\/2024\/06\/ventilador-ATENEA-L-foto-cinco-aspas-100x100.webp 100w\" sizes=\"auto, (max-width: 1024px) 100vw, 1024px\" \/><img loading=\"lazy\" decoding=\"async\" width=\"1024\" height=\"1024\" src=\"https:\/\/arteconfort.com\/wp-content\/uploads\/2024\/06\/ventilador-ATENEA-L-foto-aspa-madera-oscura.webp\" class=\"attachment-shop_catalog size-shop_catalog\" alt=\"Ventilador ATENEA L foto aspa madera oscura\" srcset=\"https:\/\/arteconfort.com\/wp-content\/uploads\/2024\/06\/ventilador-ATENEA-L-foto-aspa-madera-oscura.webp 1024w, https:\/\/arteconfort.com\/wp-content\/uploads\/2024\/06\/ventilador-ATENEA-L-foto-aspa-madera-oscura-768x768.webp 768w, https:\/\/arteconfort.com\/wp-content\/uploads\/2024\/06\/ventilador-ATENEA-L-foto-aspa-madera-oscura-340x340.webp 340w, https:\/\/arteconfort.com\/wp-content\/uploads\/2024\/06\/ventilador-ATENEA-L-foto-aspa-madera-oscura-640x640.webp 640w, https:\/\/arteconfort.com\/wp-content\/uploads\/2024\/06\/ventilador-ATENEA-L-foto-aspa-madera-oscura-960x960.webp 960w, https:\/\/arteconfort.com\/wp-content\/uploads\/2024\/06\/ventilador-ATENEA-L-foto-aspa-madera-oscura-133x133.webp 133w, https:\/\/arteconfort.com\/wp-content\/uploads\/2024\/06\/ventilador-ATENEA-L-foto-aspa-madera-oscura-300x300.webp 300w, https:\/\/arteconfort.com\/wp-content\/uploads\/2024\/06\/ventilador-ATENEA-L-foto-aspa-madera-oscura-600x600.webp 600w, https:\/\/arteconfort.com\/wp-content\/uploads\/2024\/06\/ventilador-ATENEA-L-foto-aspa-madera-oscura-100x100.webp 100w\" sizes=\"auto, (max-width: 1024px) 100vw, 1024px\" \/><img loading=\"lazy\" decoding=\"async\" width=\"1024\" height=\"1024\" src=\"https:\/\/arteconfort.com\/wp-content\/uploads\/2024\/06\/ventilador-ATENEA-L-foto-mando-distancia.webp\" class=\"attachment-shop_catalog size-shop_catalog\" alt=\"Ventilador ATENEA L foto mando distancia\" srcset=\"https:\/\/arteconfort.com\/wp-content\/uploads\/2024\/06\/ventilador-ATENEA-L-foto-mando-distancia.webp 1024w, https:\/\/arteconfort.com\/wp-content\/uploads\/2024\/06\/ventilador-ATENEA-L-foto-mando-distancia-768x768.webp 768w, https:\/\/arteconfort.com\/wp-content\/uploads\/2024\/06\/ventilador-ATENEA-L-foto-mando-distancia-340x340.webp 340w, https:\/\/arteconfort.com\/wp-content\/uploads\/2024\/06\/ventilador-ATENEA-L-foto-mando-distancia-640x640.webp 640w, https:\/\/arteconfort.com\/wp-content\/uploads\/2024\/06\/ventilador-ATENEA-L-foto-mando-distancia-960x960.webp 960w, https:\/\/arteconfort.com\/wp-content\/uploads\/2024\/06\/ventilador-ATENEA-L-foto-mando-distancia-133x133.webp 133w, https:\/\/arteconfort.com\/wp-content\/uploads\/2024\/06\/ventilador-ATENEA-L-foto-mando-distancia-300x300.webp 300w, https:\/\/arteconfort.com\/wp-content\/uploads\/2024\/06\/ventilador-ATENEA-L-foto-mando-distancia-600x600.webp 600w, https:\/\/arteconfort.com\/wp-content\/uploads\/2024\/06\/ventilador-ATENEA-L-foto-mando-distancia-100x100.webp 100w\" sizes=\"auto, (max-width: 1024px) 100vw, 1024px\" \/><img loading=\"lazy\" decoding=\"async\" width=\"1024\" height=\"1024\" src=\"https:\/\/arteconfort.com\/wp-content\/uploads\/2024\/06\/ventilador-ATENEA-L-foto-medidas.webp\" class=\"attachment-shop_catalog size-shop_catalog\" alt=\"Ventilador ATENEA L foto medidas\" srcset=\"https:\/\/arteconfort.com\/wp-content\/uploads\/2024\/06\/ventilador-ATENEA-L-foto-medidas.webp 1024w, https:\/\/arteconfort.com\/wp-content\/uploads\/2024\/06\/ventilador-ATENEA-L-foto-medidas-768x768.webp 768w, https:\/\/arteconfort.com\/wp-content\/uploads\/2024\/06\/ventilador-ATENEA-L-foto-medidas-340x340.webp 340w, https:\/\/arteconfort.com\/wp-content\/uploads\/2024\/06\/ventilador-ATENEA-L-foto-medidas-640x640.webp 640w, https:\/\/arteconfort.com\/wp-content\/uploads\/2024\/06\/ventilador-ATENEA-L-foto-medidas-960x960.webp 960w, https:\/\/arteconfort.com\/wp-content\/uploads\/2024\/06\/ventilador-ATENEA-L-foto-medidas-133x133.webp 133w, https:\/\/arteconfort.com\/wp-content\/uploads\/2024\/06\/ventilador-ATENEA-L-foto-medidas-300x300.webp 300w, https:\/\/arteconfort.com\/wp-content\/uploads\/2024\/06\/ventilador-ATENEA-L-foto-medidas-600x600.webp 600w, https:\/\/arteconfort.com\/wp-content\/uploads\/2024\/06\/ventilador-ATENEA-L-foto-medidas-100x100.webp 100w\" sizes=\"auto, (max-width: 1024px) 100vw, 1024px\" \/><img loading=\"lazy\" decoding=\"async\" width=\"1024\" height=\"1024\" src=\"https:\/\/arteconfort.com\/wp-content\/uploads\/2024\/06\/ventilador-ATENEA-L-foto-temperaura-de-color.webp\" class=\"attachment-shop_catalog size-shop_catalog\" alt=\"Ventilador ATENEA L foto temperaura de color\" srcset=\"https:\/\/arteconfort.com\/wp-content\/uploads\/2024\/06\/ventilador-ATENEA-L-foto-temperaura-de-color.webp 1024w, https:\/\/arteconfort.com\/wp-content\/uploads\/2024\/06\/ventilador-ATENEA-L-foto-temperaura-de-color-768x768.webp 768w, https:\/\/arteconfort.com\/wp-content\/uploads\/2024\/06\/ventilador-ATENEA-L-foto-temperaura-de-color-340x340.webp 340w, https:\/\/arteconfort.com\/wp-content\/uploads\/2024\/06\/ventilador-ATENEA-L-foto-temperaura-de-color-640x640.webp 640w, https:\/\/arteconfort.com\/wp-content\/uploads\/2024\/06\/ventilador-ATENEA-L-foto-temperaura-de-color-960x960.webp 960w, https:\/\/arteconfort.com\/wp-content\/uploads\/2024\/06\/ventilador-ATENEA-L-foto-temperaura-de-color-133x133.webp 133w, https:\/\/arteconfort.com\/wp-content\/uploads\/2024\/06\/ventilador-ATENEA-L-foto-temperaura-de-color-300x300.webp 300w, https:\/\/arteconfort.com\/wp-content\/uploads\/2024\/06\/ventilador-ATENEA-L-foto-temperaura-de-color-600x600.webp 600w, https:\/\/arteconfort.com\/wp-content\/uploads\/2024\/06\/ventilador-ATENEA-L-foto-temperaura-de-color-100x100.webp 100w\" sizes=\"auto, (max-width: 1024px) 100vw, 1024px\" \/><img loading=\"lazy\" decoding=\"async\" width=\"1024\" height=\"1024\" src=\"https:\/\/arteconfort.com\/wp-content\/uploads\/2024\/06\/ventilador-ATENEA-L-foto-ambiente-calida.webp\" class=\"attachment-shop_catalog size-shop_catalog\" alt=\"Ventilador ATENEA L foto ambiente calida\" srcset=\"https:\/\/arteconfort.com\/wp-content\/uploads\/2024\/06\/ventilador-ATENEA-L-foto-ambiente-calida.webp 1024w, https:\/\/arteconfort.com\/wp-content\/uploads\/2024\/06\/ventilador-ATENEA-L-foto-ambiente-calida-768x768.webp 768w, https:\/\/arteconfort.com\/wp-content\/uploads\/2024\/06\/ventilador-ATENEA-L-foto-ambiente-calida-340x340.webp 340w, https:\/\/arteconfort.com\/wp-content\/uploads\/2024\/06\/ventilador-ATENEA-L-foto-ambiente-calida-640x640.webp 640w, https:\/\/arteconfort.com\/wp-content\/uploads\/2024\/06\/ventilador-ATENEA-L-foto-ambiente-calida-960x960.webp 960w, https:\/\/arteconfort.com\/wp-content\/uploads\/2024\/06\/ventilador-ATENEA-L-foto-ambiente-calida-133x133.webp 133w, https:\/\/arteconfort.com\/wp-content\/uploads\/2024\/06\/ventilador-ATENEA-L-foto-ambiente-calida-300x300.webp 300w, https:\/\/arteconfort.com\/wp-content\/uploads\/2024\/06\/ventilador-ATENEA-L-foto-ambiente-calida-600x600.webp 600w, https:\/\/arteconfort.com\/wp-content\/uploads\/2024\/06\/ventilador-ATENEA-L-foto-ambiente-calida-100x100.webp 100w\" sizes=\"auto, (max-width: 1024px) 100vw, 1024px\" \/><img loading=\"lazy\" decoding=\"async\" width=\"1024\" height=\"1024\" src=\"https:\/\/arteconfort.com\/wp-content\/uploads\/2024\/06\/ventilador-ATENEA-L-foto-ambiente-neutra.webp\" class=\"attachment-shop_catalog size-shop_catalog\" alt=\"Ventilador ATENEA L foto ambiente neutra\" srcset=\"https:\/\/arteconfort.com\/wp-content\/uploads\/2024\/06\/ventilador-ATENEA-L-foto-ambiente-neutra.webp 1024w, https:\/\/arteconfort.com\/wp-content\/uploads\/2024\/06\/ventilador-ATENEA-L-foto-ambiente-neutra-768x768.webp 768w, https:\/\/arteconfort.com\/wp-content\/uploads\/2024\/06\/ventilador-ATENEA-L-foto-ambiente-neutra-340x340.webp 340w, https:\/\/arteconfort.com\/wp-content\/uploads\/2024\/06\/ventilador-ATENEA-L-foto-ambiente-neutra-640x640.webp 640w, https:\/\/arteconfort.com\/wp-content\/uploads\/2024\/06\/ventilador-ATENEA-L-foto-ambiente-neutra-960x960.webp 960w, https:\/\/arteconfort.com\/wp-content\/uploads\/2024\/06\/ventilador-ATENEA-L-foto-ambiente-neutra-133x133.webp 133w, https:\/\/arteconfort.com\/wp-content\/uploads\/2024\/06\/ventilador-ATENEA-L-foto-ambiente-neutra-300x300.webp 300w, https:\/\/arteconfort.com\/wp-content\/uploads\/2024\/06\/ventilador-ATENEA-L-foto-ambiente-neutra-600x600.webp 600w, https:\/\/arteconfort.com\/wp-content\/uploads\/2024\/06\/ventilador-ATENEA-L-foto-ambiente-neutra-100x100.webp 100w\" sizes=\"auto, (max-width: 1024px) 100vw, 1024px\" \/><img loading=\"lazy\" decoding=\"async\" width=\"1024\" height=\"1024\" src=\"https:\/\/arteconfort.com\/wp-content\/uploads\/2024\/06\/ventilador-ATENEA-L-foto-ambiente-neutra-tenue.webp\" class=\"attachment-shop_catalog size-shop_catalog\" alt=\"Ventilador ATENEA L foto ambiente neutra tenue\" srcset=\"https:\/\/arteconfort.com\/wp-content\/uploads\/2024\/06\/ventilador-ATENEA-L-foto-ambiente-neutra-tenue.webp 1024w, https:\/\/arteconfort.com\/wp-content\/uploads\/2024\/06\/ventilador-ATENEA-L-foto-ambiente-neutra-tenue-768x768.webp 768w, https:\/\/arteconfort.com\/wp-content\/uploads\/2024\/06\/ventilador-ATENEA-L-foto-ambiente-neutra-tenue-340x340.webp 340w, https:\/\/arteconfort.com\/wp-content\/uploads\/2024\/06\/ventilador-ATENEA-L-foto-ambiente-neutra-tenue-640x640.webp 640w, https:\/\/arteconfort.com\/wp-content\/uploads\/2024\/06\/ventilador-ATENEA-L-foto-ambiente-neutra-tenue-960x960.webp 960w, https:\/\/arteconfort.com\/wp-content\/uploads\/2024\/06\/ventilador-ATENEA-L-foto-ambiente-neutra-tenue-133x133.webp 133w, https:\/\/arteconfort.com\/wp-content\/uploads\/2024\/06\/ventilador-ATENEA-L-foto-ambiente-neutra-tenue-300x300.webp 300w, https:\/\/arteconfort.com\/wp-content\/uploads\/2024\/06\/ventilador-ATENEA-L-foto-ambiente-neutra-tenue-600x600.webp 600w, https:\/\/arteconfort.com\/wp-content\/uploads\/2024\/06\/ventilador-ATENEA-L-foto-ambiente-neutra-tenue-100x100.webp 100w\" sizes=\"auto, (max-width: 1024px) 100vw, 1024px\" \/><img loading=\"lazy\" decoding=\"async\" width=\"1024\" height=\"1024\" src=\"https:\/\/arteconfort.com\/wp-content\/uploads\/2024\/06\/ventilador-ATENEA-L-foto-ambiente-fria.webp\" class=\"attachment-shop_catalog size-shop_catalog\" alt=\"Ventilador ATENEA L foto ambiente fria\" srcset=\"https:\/\/arteconfort.com\/wp-content\/uploads\/2024\/06\/ventilador-ATENEA-L-foto-ambiente-fria.webp 1024w, https:\/\/arteconfort.com\/wp-content\/uploads\/2024\/06\/ventilador-ATENEA-L-foto-ambiente-fria-768x768.webp 768w, https:\/\/arteconfort.com\/wp-content\/uploads\/2024\/06\/ventilador-ATENEA-L-foto-ambiente-fria-340x340.webp 340w, https:\/\/arteconfort.com\/wp-content\/uploads\/2024\/06\/ventilador-ATENEA-L-foto-ambiente-fria-640x640.webp 640w, https:\/\/arteconfort.com\/wp-content\/uploads\/2024\/06\/ventilador-ATENEA-L-foto-ambiente-fria-960x960.webp 960w, https:\/\/arteconfort.com\/wp-content\/uploads\/2024\/06\/ventilador-ATENEA-L-foto-ambiente-fria-133x133.webp 133w, https:\/\/arteconfort.com\/wp-content\/uploads\/2024\/06\/ventilador-ATENEA-L-foto-ambiente-fria-300x300.webp 300w, https:\/\/arteconfort.com\/wp-content\/uploads\/2024\/06\/ventilador-ATENEA-L-foto-ambiente-fria-600x600.webp 600w, https:\/\/arteconfort.com\/wp-content\/uploads\/2024\/06\/ventilador-ATENEA-L-foto-ambiente-fria-100x100.webp 100w\" sizes=\"auto, (max-width: 1024px) 100vw, 1024px\" \/>\t<\/a>\n\t<div class=\"w-product-status\"><\/div>\t<span id=\"woocommerce_loop_add_to_cart_link_describedby_42826\" class=\"screen-reader-text\">\n\t\t\t<\/span>\n<\/div><div class=\"berocket_better_labels berocket_better_labels_image\"><div class=\"berocket_better_labels_position berocket_better_labels_position_right\"><div class=\"berocket_better_labels_line berocket_better_labels_line_1\"><div class=\"berocket_better_labels_inline berocket_better_labels_inline_1\"><div class=\"br_alabel br_alabel_type_text br_alabel_template_type_css berocket_alabel_id_22611  br_alabel_better_compatibility\" style=\"\"><span  style=\"\"><i style=\"background-color: #000000; border-color: #000000;\" class=\"template-span-before \"><\/i><i style=\"background-color: #000000; border-color: #000000;\" class=\"template-i \"><\/i><i style=\"background-color: #000000; border-color: #000000;\" class=\"template-i-before \"><\/i><i style=\"background-color: #000000; border-color: #000000;\" class=\"template-i-after \"><\/i><b style=\"position: relative;z-index: 100;text-align: center;color: inherit;\">Old collection<\/b><\/span><\/div><\/div><\/div><\/div><\/div><figcaption><h2 class=\"woocommerce-loop-product__title\">ATENEA L<\/h2><div class=\"woocommerce-product-details__short-description\">\n\t<p>The ATENEA L ceiling fan incorporates LED light and color temperature memory. It has a metal body and<\/div>\n\n<\/figcaption><\/figure><\/li>\n<li class=\"product type-product post-42819 status-publish instock product_cat-climatizacion-en product_cat-collection-old-en product_cat-ventiladores-de-techo-en has-post-thumbnail shipping-taxable product-type-simple w-item col-3\">\n\t<figure><div class=\"image-wrapper\">\t\t<a href=\"https:\/\/arteconfort.com\/en\/producto\/atenea-m\/\" class=\"w-fadeslider\">\n\t<img loading=\"lazy\" decoding=\"async\" width=\"1024\" height=\"1024\" src=\"https:\/\/arteconfort.com\/wp-content\/uploads\/2024\/06\/ventilador-ATENEA-M-foto-con-mando.webp\" class=\"attachment-shop_catalog size-shop_catalog wp-post-image\" alt=\"Ventilador ATENEA M foto con mando\" srcset=\"https:\/\/arteconfort.com\/wp-content\/uploads\/2024\/06\/ventilador-ATENEA-M-foto-con-mando.webp 1024w, https:\/\/arteconfort.com\/wp-content\/uploads\/2024\/06\/ventilador-ATENEA-M-foto-con-mando-768x768.webp 768w, https:\/\/arteconfort.com\/wp-content\/uploads\/2024\/06\/ventilador-ATENEA-M-foto-con-mando-340x340.webp 340w, https:\/\/arteconfort.com\/wp-content\/uploads\/2024\/06\/ventilador-ATENEA-M-foto-con-mando-640x640.webp 640w, https:\/\/arteconfort.com\/wp-content\/uploads\/2024\/06\/ventilador-ATENEA-M-foto-con-mando-960x960.webp 960w, https:\/\/arteconfort.com\/wp-content\/uploads\/2024\/06\/ventilador-ATENEA-M-foto-con-mando-300x300.webp 300w, https:\/\/arteconfort.com\/wp-content\/uploads\/2024\/06\/ventilador-ATENEA-M-foto-con-mando-600x600.webp 600w, https:\/\/arteconfort.com\/wp-content\/uploads\/2024\/06\/ventilador-ATENEA-M-foto-con-mando-100x100.webp 100w, https:\/\/arteconfort.com\/wp-content\/uploads\/2024\/06\/ventilador-ATENEA-M-foto-con-mando-133x133.webp 133w\" sizes=\"auto, (max-width: 1024px) 100vw, 1024px\" \/>\t<img loading=\"lazy\" decoding=\"async\" width=\"1024\" height=\"1024\" src=\"https:\/\/arteconfort.com\/wp-content\/uploads\/2024\/06\/ventilador-ATENEA-M-foto-ambiente-dia.webp\" class=\"attachment-shop_catalog size-shop_catalog\" alt=\"Ventilador ATENEA M foto ambiente dia\" srcset=\"https:\/\/arteconfort.com\/wp-content\/uploads\/2024\/06\/ventilador-ATENEA-M-foto-ambiente-dia.webp 1024w, https:\/\/arteconfort.com\/wp-content\/uploads\/2024\/06\/ventilador-ATENEA-M-foto-ambiente-dia-768x768.webp 768w, https:\/\/arteconfort.com\/wp-content\/uploads\/2024\/06\/ventilador-ATENEA-M-foto-ambiente-dia-340x340.webp 340w, https:\/\/arteconfort.com\/wp-content\/uploads\/2024\/06\/ventilador-ATENEA-M-foto-ambiente-dia-640x640.webp 640w, https:\/\/arteconfort.com\/wp-content\/uploads\/2024\/06\/ventilador-ATENEA-M-foto-ambiente-dia-960x960.webp 960w, https:\/\/arteconfort.com\/wp-content\/uploads\/2024\/06\/ventilador-ATENEA-M-foto-ambiente-dia-133x133.webp 133w, https:\/\/arteconfort.com\/wp-content\/uploads\/2024\/06\/ventilador-ATENEA-M-foto-ambiente-dia-300x300.webp 300w, https:\/\/arteconfort.com\/wp-content\/uploads\/2024\/06\/ventilador-ATENEA-M-foto-ambiente-dia-600x600.webp 600w, https:\/\/arteconfort.com\/wp-content\/uploads\/2024\/06\/ventilador-ATENEA-M-foto-ambiente-dia-100x100.webp 100w\" sizes=\"auto, (max-width: 1024px) 100vw, 1024px\" \/><img loading=\"lazy\" decoding=\"async\" width=\"1024\" height=\"1024\" src=\"https:\/\/arteconfort.com\/wp-content\/uploads\/2024\/06\/ventilador-ATENEA-M-foto-lateral.webp\" class=\"attachment-shop_catalog size-shop_catalog\" alt=\"Ventilador ATENEA M foto lateral\" srcset=\"https:\/\/arteconfort.com\/wp-content\/uploads\/2024\/06\/ventilador-ATENEA-M-foto-lateral.webp 1024w, https:\/\/arteconfort.com\/wp-content\/uploads\/2024\/06\/ventilador-ATENEA-M-foto-lateral-768x768.webp 768w, https:\/\/arteconfort.com\/wp-content\/uploads\/2024\/06\/ventilador-ATENEA-M-foto-lateral-340x340.webp 340w, https:\/\/arteconfort.com\/wp-content\/uploads\/2024\/06\/ventilador-ATENEA-M-foto-lateral-640x640.webp 640w, https:\/\/arteconfort.com\/wp-content\/uploads\/2024\/06\/ventilador-ATENEA-M-foto-lateral-960x960.webp 960w, https:\/\/arteconfort.com\/wp-content\/uploads\/2024\/06\/ventilador-ATENEA-M-foto-lateral-133x133.webp 133w, https:\/\/arteconfort.com\/wp-content\/uploads\/2024\/06\/ventilador-ATENEA-M-foto-lateral-300x300.webp 300w, https:\/\/arteconfort.com\/wp-content\/uploads\/2024\/06\/ventilador-ATENEA-M-foto-lateral-600x600.webp 600w, https:\/\/arteconfort.com\/wp-content\/uploads\/2024\/06\/ventilador-ATENEA-M-foto-lateral-100x100.webp 100w\" sizes=\"auto, (max-width: 1024px) 100vw, 1024px\" \/><img loading=\"lazy\" decoding=\"async\" width=\"1024\" height=\"1024\" src=\"https:\/\/arteconfort.com\/wp-content\/uploads\/2024\/06\/ventilador-ATENEA-M-foto-color-marron-madera-oscura.webp\" class=\"attachment-shop_catalog size-shop_catalog\" alt=\"Ventilador ATENEA M foto color marron madera oscura\" srcset=\"https:\/\/arteconfort.com\/wp-content\/uploads\/2024\/06\/ventilador-ATENEA-M-foto-color-marron-madera-oscura.webp 1024w, https:\/\/arteconfort.com\/wp-content\/uploads\/2024\/06\/ventilador-ATENEA-M-foto-color-marron-madera-oscura-768x768.webp 768w, https:\/\/arteconfort.com\/wp-content\/uploads\/2024\/06\/ventilador-ATENEA-M-foto-color-marron-madera-oscura-340x340.webp 340w, https:\/\/arteconfort.com\/wp-content\/uploads\/2024\/06\/ventilador-ATENEA-M-foto-color-marron-madera-oscura-640x640.webp 640w, https:\/\/arteconfort.com\/wp-content\/uploads\/2024\/06\/ventilador-ATENEA-M-foto-color-marron-madera-oscura-960x960.webp 960w, https:\/\/arteconfort.com\/wp-content\/uploads\/2024\/06\/ventilador-ATENEA-M-foto-color-marron-madera-oscura-133x133.webp 133w, https:\/\/arteconfort.com\/wp-content\/uploads\/2024\/06\/ventilador-ATENEA-M-foto-color-marron-madera-oscura-300x300.webp 300w, https:\/\/arteconfort.com\/wp-content\/uploads\/2024\/06\/ventilador-ATENEA-M-foto-color-marron-madera-oscura-600x600.webp 600w, https:\/\/arteconfort.com\/wp-content\/uploads\/2024\/06\/ventilador-ATENEA-M-foto-color-marron-madera-oscura-100x100.webp 100w\" sizes=\"auto, (max-width: 1024px) 100vw, 1024px\" \/><img loading=\"lazy\" decoding=\"async\" width=\"1024\" height=\"1024\" src=\"https:\/\/arteconfort.com\/wp-content\/uploads\/2024\/06\/ventilador-ATENEA-M-foto-cinco-aspas-madera.webp\" class=\"attachment-shop_catalog size-shop_catalog\" alt=\"Ventilador ATENEA M foto cinco aspas madera\" srcset=\"https:\/\/arteconfort.com\/wp-content\/uploads\/2024\/06\/ventilador-ATENEA-M-foto-cinco-aspas-madera.webp 1024w, https:\/\/arteconfort.com\/wp-content\/uploads\/2024\/06\/ventilador-ATENEA-M-foto-cinco-aspas-madera-768x768.webp 768w, https:\/\/arteconfort.com\/wp-content\/uploads\/2024\/06\/ventilador-ATENEA-M-foto-cinco-aspas-madera-340x340.webp 340w, https:\/\/arteconfort.com\/wp-content\/uploads\/2024\/06\/ventilador-ATENEA-M-foto-cinco-aspas-madera-640x640.webp 640w, https:\/\/arteconfort.com\/wp-content\/uploads\/2024\/06\/ventilador-ATENEA-M-foto-cinco-aspas-madera-960x960.webp 960w, https:\/\/arteconfort.com\/wp-content\/uploads\/2024\/06\/ventilador-ATENEA-M-foto-cinco-aspas-madera-133x133.webp 133w, https:\/\/arteconfort.com\/wp-content\/uploads\/2024\/06\/ventilador-ATENEA-M-foto-cinco-aspas-madera-300x300.webp 300w, https:\/\/arteconfort.com\/wp-content\/uploads\/2024\/06\/ventilador-ATENEA-M-foto-cinco-aspas-madera-600x600.webp 600w, https:\/\/arteconfort.com\/wp-content\/uploads\/2024\/06\/ventilador-ATENEA-M-foto-cinco-aspas-madera-100x100.webp 100w\" sizes=\"auto, (max-width: 1024px) 100vw, 1024px\" \/><img loading=\"lazy\" decoding=\"async\" width=\"1024\" height=\"1024\" src=\"https:\/\/arteconfort.com\/wp-content\/uploads\/2024\/06\/ventilador-ATENEA-M-foto-aspas-madera-marron-oscuro.webp\" class=\"attachment-shop_catalog size-shop_catalog\" alt=\"Ventilador ATENEA M foto aspas madera marron oscuro\" srcset=\"https:\/\/arteconfort.com\/wp-content\/uploads\/2024\/06\/ventilador-ATENEA-M-foto-aspas-madera-marron-oscuro.webp 1024w, https:\/\/arteconfort.com\/wp-content\/uploads\/2024\/06\/ventilador-ATENEA-M-foto-aspas-madera-marron-oscuro-768x768.webp 768w, https:\/\/arteconfort.com\/wp-content\/uploads\/2024\/06\/ventilador-ATENEA-M-foto-aspas-madera-marron-oscuro-340x340.webp 340w, https:\/\/arteconfort.com\/wp-content\/uploads\/2024\/06\/ventilador-ATENEA-M-foto-aspas-madera-marron-oscuro-640x640.webp 640w, https:\/\/arteconfort.com\/wp-content\/uploads\/2024\/06\/ventilador-ATENEA-M-foto-aspas-madera-marron-oscuro-960x960.webp 960w, https:\/\/arteconfort.com\/wp-content\/uploads\/2024\/06\/ventilador-ATENEA-M-foto-aspas-madera-marron-oscuro-133x133.webp 133w, https:\/\/arteconfort.com\/wp-content\/uploads\/2024\/06\/ventilador-ATENEA-M-foto-aspas-madera-marron-oscuro-300x300.webp 300w, https:\/\/arteconfort.com\/wp-content\/uploads\/2024\/06\/ventilador-ATENEA-M-foto-aspas-madera-marron-oscuro-600x600.webp 600w, https:\/\/arteconfort.com\/wp-content\/uploads\/2024\/06\/ventilador-ATENEA-M-foto-aspas-madera-marron-oscuro-100x100.webp 100w\" sizes=\"auto, (max-width: 1024px) 100vw, 1024px\" \/><img loading=\"lazy\" decoding=\"async\" width=\"1024\" height=\"1024\" src=\"https:\/\/arteconfort.com\/wp-content\/uploads\/2024\/06\/ventilador-ATENEA-M-foto-mando-distancia.webp\" class=\"attachment-shop_catalog size-shop_catalog\" alt=\"Ventilador ATENEA M foto mando distancia\" srcset=\"https:\/\/arteconfort.com\/wp-content\/uploads\/2024\/06\/ventilador-ATENEA-M-foto-mando-distancia.webp 1024w, https:\/\/arteconfort.com\/wp-content\/uploads\/2024\/06\/ventilador-ATENEA-M-foto-mando-distancia-768x768.webp 768w, https:\/\/arteconfort.com\/wp-content\/uploads\/2024\/06\/ventilador-ATENEA-M-foto-mando-distancia-340x340.webp 340w, https:\/\/arteconfort.com\/wp-content\/uploads\/2024\/06\/ventilador-ATENEA-M-foto-mando-distancia-640x640.webp 640w, https:\/\/arteconfort.com\/wp-content\/uploads\/2024\/06\/ventilador-ATENEA-M-foto-mando-distancia-960x960.webp 960w, https:\/\/arteconfort.com\/wp-content\/uploads\/2024\/06\/ventilador-ATENEA-M-foto-mando-distancia-133x133.webp 133w, https:\/\/arteconfort.com\/wp-content\/uploads\/2024\/06\/ventilador-ATENEA-M-foto-mando-distancia-300x300.webp 300w, https:\/\/arteconfort.com\/wp-content\/uploads\/2024\/06\/ventilador-ATENEA-M-foto-mando-distancia-600x600.webp 600w, https:\/\/arteconfort.com\/wp-content\/uploads\/2024\/06\/ventilador-ATENEA-M-foto-mando-distancia-100x100.webp 100w\" sizes=\"auto, (max-width: 1024px) 100vw, 1024px\" \/><img loading=\"lazy\" decoding=\"async\" width=\"1024\" height=\"1024\" src=\"https:\/\/arteconfort.com\/wp-content\/uploads\/2024\/06\/ventilador-ATENEA-M-foto-acabado-madera-marron-oscuro.webp\" class=\"attachment-shop_catalog size-shop_catalog\" alt=\"Ventilador ATENEA M foto acabado madera marron oscuro\" srcset=\"https:\/\/arteconfort.com\/wp-content\/uploads\/2024\/06\/ventilador-ATENEA-M-foto-acabado-madera-marron-oscuro.webp 1024w, https:\/\/arteconfort.com\/wp-content\/uploads\/2024\/06\/ventilador-ATENEA-M-foto-acabado-madera-marron-oscuro-768x768.webp 768w, https:\/\/arteconfort.com\/wp-content\/uploads\/2024\/06\/ventilador-ATENEA-M-foto-acabado-madera-marron-oscuro-340x340.webp 340w, https:\/\/arteconfort.com\/wp-content\/uploads\/2024\/06\/ventilador-ATENEA-M-foto-acabado-madera-marron-oscuro-640x640.webp 640w, https:\/\/arteconfort.com\/wp-content\/uploads\/2024\/06\/ventilador-ATENEA-M-foto-acabado-madera-marron-oscuro-960x960.webp 960w, https:\/\/arteconfort.com\/wp-content\/uploads\/2024\/06\/ventilador-ATENEA-M-foto-acabado-madera-marron-oscuro-133x133.webp 133w, https:\/\/arteconfort.com\/wp-content\/uploads\/2024\/06\/ventilador-ATENEA-M-foto-acabado-madera-marron-oscuro-300x300.webp 300w, https:\/\/arteconfort.com\/wp-content\/uploads\/2024\/06\/ventilador-ATENEA-M-foto-acabado-madera-marron-oscuro-600x600.webp 600w, https:\/\/arteconfort.com\/wp-content\/uploads\/2024\/06\/ventilador-ATENEA-M-foto-acabado-madera-marron-oscuro-100x100.webp 100w\" sizes=\"auto, (max-width: 1024px) 100vw, 1024px\" \/><img loading=\"lazy\" decoding=\"async\" width=\"1024\" height=\"1024\" src=\"https:\/\/arteconfort.com\/wp-content\/uploads\/2024\/06\/ventilador-ATENEA-M-foto-medidas.webp\" class=\"attachment-shop_catalog size-shop_catalog\" alt=\"Ventilador ATENEA M foto medidas\" srcset=\"https:\/\/arteconfort.com\/wp-content\/uploads\/2024\/06\/ventilador-ATENEA-M-foto-medidas.webp 1024w, https:\/\/arteconfort.com\/wp-content\/uploads\/2024\/06\/ventilador-ATENEA-M-foto-medidas-768x768.webp 768w, https:\/\/arteconfort.com\/wp-content\/uploads\/2024\/06\/ventilador-ATENEA-M-foto-medidas-340x340.webp 340w, https:\/\/arteconfort.com\/wp-content\/uploads\/2024\/06\/ventilador-ATENEA-M-foto-medidas-640x640.webp 640w, https:\/\/arteconfort.com\/wp-content\/uploads\/2024\/06\/ventilador-ATENEA-M-foto-medidas-960x960.webp 960w, https:\/\/arteconfort.com\/wp-content\/uploads\/2024\/06\/ventilador-ATENEA-M-foto-medidas-133x133.webp 133w, https:\/\/arteconfort.com\/wp-content\/uploads\/2024\/06\/ventilador-ATENEA-M-foto-medidas-300x300.webp 300w, https:\/\/arteconfort.com\/wp-content\/uploads\/2024\/06\/ventilador-ATENEA-M-foto-medidas-600x600.webp 600w, https:\/\/arteconfort.com\/wp-content\/uploads\/2024\/06\/ventilador-ATENEA-M-foto-medidas-100x100.webp 100w\" sizes=\"auto, (max-width: 1024px) 100vw, 1024px\" \/><img loading=\"lazy\" decoding=\"async\" width=\"1024\" height=\"1024\" src=\"https:\/\/arteconfort.com\/wp-content\/uploads\/2024\/06\/ventilador-ATENEA-M-foto-temperaturas-de-color.webp\" class=\"attachment-shop_catalog size-shop_catalog\" alt=\"Ventilador ATENEA M foto temperaturas de color\" srcset=\"https:\/\/arteconfort.com\/wp-content\/uploads\/2024\/06\/ventilador-ATENEA-M-foto-temperaturas-de-color.webp 1024w, https:\/\/arteconfort.com\/wp-content\/uploads\/2024\/06\/ventilador-ATENEA-M-foto-temperaturas-de-color-768x768.webp 768w, https:\/\/arteconfort.com\/wp-content\/uploads\/2024\/06\/ventilador-ATENEA-M-foto-temperaturas-de-color-340x340.webp 340w, https:\/\/arteconfort.com\/wp-content\/uploads\/2024\/06\/ventilador-ATENEA-M-foto-temperaturas-de-color-640x640.webp 640w, https:\/\/arteconfort.com\/wp-content\/uploads\/2024\/06\/ventilador-ATENEA-M-foto-temperaturas-de-color-960x960.webp 960w, https:\/\/arteconfort.com\/wp-content\/uploads\/2024\/06\/ventilador-ATENEA-M-foto-temperaturas-de-color-133x133.webp 133w, https:\/\/arteconfort.com\/wp-content\/uploads\/2024\/06\/ventilador-ATENEA-M-foto-temperaturas-de-color-300x300.webp 300w, https:\/\/arteconfort.com\/wp-content\/uploads\/2024\/06\/ventilador-ATENEA-M-foto-temperaturas-de-color-600x600.webp 600w, https:\/\/arteconfort.com\/wp-content\/uploads\/2024\/06\/ventilador-ATENEA-M-foto-temperaturas-de-color-100x100.webp 100w\" sizes=\"auto, (max-width: 1024px) 100vw, 1024px\" \/><img loading=\"lazy\" decoding=\"async\" width=\"1024\" height=\"1024\" src=\"https:\/\/arteconfort.com\/wp-content\/uploads\/2024\/06\/ventilador-ATENEA-M-foto-ambiente-luz-calida.webp\" class=\"attachment-shop_catalog size-shop_catalog\" alt=\"Ventilador ATENEA M foto ambiente luz calida\" srcset=\"https:\/\/arteconfort.com\/wp-content\/uploads\/2024\/06\/ventilador-ATENEA-M-foto-ambiente-luz-calida.webp 1024w, https:\/\/arteconfort.com\/wp-content\/uploads\/2024\/06\/ventilador-ATENEA-M-foto-ambiente-luz-calida-768x768.webp 768w, https:\/\/arteconfort.com\/wp-content\/uploads\/2024\/06\/ventilador-ATENEA-M-foto-ambiente-luz-calida-340x340.webp 340w, https:\/\/arteconfort.com\/wp-content\/uploads\/2024\/06\/ventilador-ATENEA-M-foto-ambiente-luz-calida-640x640.webp 640w, https:\/\/arteconfort.com\/wp-content\/uploads\/2024\/06\/ventilador-ATENEA-M-foto-ambiente-luz-calida-960x960.webp 960w, https:\/\/arteconfort.com\/wp-content\/uploads\/2024\/06\/ventilador-ATENEA-M-foto-ambiente-luz-calida-133x133.webp 133w, https:\/\/arteconfort.com\/wp-content\/uploads\/2024\/06\/ventilador-ATENEA-M-foto-ambiente-luz-calida-300x300.webp 300w, https:\/\/arteconfort.com\/wp-content\/uploads\/2024\/06\/ventilador-ATENEA-M-foto-ambiente-luz-calida-600x600.webp 600w, https:\/\/arteconfort.com\/wp-content\/uploads\/2024\/06\/ventilador-ATENEA-M-foto-ambiente-luz-calida-100x100.webp 100w\" sizes=\"auto, (max-width: 1024px) 100vw, 1024px\" \/><img loading=\"lazy\" decoding=\"async\" width=\"1024\" height=\"1024\" src=\"https:\/\/arteconfort.com\/wp-content\/uploads\/2024\/06\/ventilador-ATENEA-M-foto-ambiente-luz-neutra.webp\" class=\"attachment-shop_catalog size-shop_catalog\" alt=\"Ventilador ATENEA M foto ambiente luz neutra\" srcset=\"https:\/\/arteconfort.com\/wp-content\/uploads\/2024\/06\/ventilador-ATENEA-M-foto-ambiente-luz-neutra.webp 1024w, https:\/\/arteconfort.com\/wp-content\/uploads\/2024\/06\/ventilador-ATENEA-M-foto-ambiente-luz-neutra-768x768.webp 768w, https:\/\/arteconfort.com\/wp-content\/uploads\/2024\/06\/ventilador-ATENEA-M-foto-ambiente-luz-neutra-340x340.webp 340w, https:\/\/arteconfort.com\/wp-content\/uploads\/2024\/06\/ventilador-ATENEA-M-foto-ambiente-luz-neutra-640x640.webp 640w, https:\/\/arteconfort.com\/wp-content\/uploads\/2024\/06\/ventilador-ATENEA-M-foto-ambiente-luz-neutra-960x960.webp 960w, https:\/\/arteconfort.com\/wp-content\/uploads\/2024\/06\/ventilador-ATENEA-M-foto-ambiente-luz-neutra-133x133.webp 133w, https:\/\/arteconfort.com\/wp-content\/uploads\/2024\/06\/ventilador-ATENEA-M-foto-ambiente-luz-neutra-300x300.webp 300w, https:\/\/arteconfort.com\/wp-content\/uploads\/2024\/06\/ventilador-ATENEA-M-foto-ambiente-luz-neutra-600x600.webp 600w, https:\/\/arteconfort.com\/wp-content\/uploads\/2024\/06\/ventilador-ATENEA-M-foto-ambiente-luz-neutra-100x100.webp 100w\" sizes=\"auto, (max-width: 1024px) 100vw, 1024px\" \/><img loading=\"lazy\" decoding=\"async\" width=\"1024\" height=\"1024\" src=\"https:\/\/arteconfort.com\/wp-content\/uploads\/2024\/06\/ventilador-ATENEA-M-foto-ambiente-luz-neutra-tenue.webp\" class=\"attachment-shop_catalog size-shop_catalog\" alt=\"Ventilador ATENEA M foto ambiente luz neutra tenue\" srcset=\"https:\/\/arteconfort.com\/wp-content\/uploads\/2024\/06\/ventilador-ATENEA-M-foto-ambiente-luz-neutra-tenue.webp 1024w, https:\/\/arteconfort.com\/wp-content\/uploads\/2024\/06\/ventilador-ATENEA-M-foto-ambiente-luz-neutra-tenue-768x768.webp 768w, https:\/\/arteconfort.com\/wp-content\/uploads\/2024\/06\/ventilador-ATENEA-M-foto-ambiente-luz-neutra-tenue-340x340.webp 340w, https:\/\/arteconfort.com\/wp-content\/uploads\/2024\/06\/ventilador-ATENEA-M-foto-ambiente-luz-neutra-tenue-640x640.webp 640w, https:\/\/arteconfort.com\/wp-content\/uploads\/2024\/06\/ventilador-ATENEA-M-foto-ambiente-luz-neutra-tenue-960x960.webp 960w, https:\/\/arteconfort.com\/wp-content\/uploads\/2024\/06\/ventilador-ATENEA-M-foto-ambiente-luz-neutra-tenue-133x133.webp 133w, https:\/\/arteconfort.com\/wp-content\/uploads\/2024\/06\/ventilador-ATENEA-M-foto-ambiente-luz-neutra-tenue-300x300.webp 300w, https:\/\/arteconfort.com\/wp-content\/uploads\/2024\/06\/ventilador-ATENEA-M-foto-ambiente-luz-neutra-tenue-600x600.webp 600w, https:\/\/arteconfort.com\/wp-content\/uploads\/2024\/06\/ventilador-ATENEA-M-foto-ambiente-luz-neutra-tenue-100x100.webp 100w\" sizes=\"auto, (max-width: 1024px) 100vw, 1024px\" \/><img loading=\"lazy\" decoding=\"async\" width=\"1024\" height=\"1024\" src=\"https:\/\/arteconfort.com\/wp-content\/uploads\/2024\/06\/ventilador-ATENEA-M-foto-ambiente-luz-fria.webp\" class=\"attachment-shop_catalog size-shop_catalog\" alt=\"Ventilador ATENEA M foto ambiente luz fria\" srcset=\"https:\/\/arteconfort.com\/wp-content\/uploads\/2024\/06\/ventilador-ATENEA-M-foto-ambiente-luz-fria.webp 1024w, https:\/\/arteconfort.com\/wp-content\/uploads\/2024\/06\/ventilador-ATENEA-M-foto-ambiente-luz-fria-768x768.webp 768w, https:\/\/arteconfort.com\/wp-content\/uploads\/2024\/06\/ventilador-ATENEA-M-foto-ambiente-luz-fria-340x340.webp 340w, https:\/\/arteconfort.com\/wp-content\/uploads\/2024\/06\/ventilador-ATENEA-M-foto-ambiente-luz-fria-640x640.webp 640w, https:\/\/arteconfort.com\/wp-content\/uploads\/2024\/06\/ventilador-ATENEA-M-foto-ambiente-luz-fria-960x960.webp 960w, https:\/\/arteconfort.com\/wp-content\/uploads\/2024\/06\/ventilador-ATENEA-M-foto-ambiente-luz-fria-133x133.webp 133w, https:\/\/arteconfort.com\/wp-content\/uploads\/2024\/06\/ventilador-ATENEA-M-foto-ambiente-luz-fria-300x300.webp 300w, https:\/\/arteconfort.com\/wp-content\/uploads\/2024\/06\/ventilador-ATENEA-M-foto-ambiente-luz-fria-600x600.webp 600w, https:\/\/arteconfort.com\/wp-content\/uploads\/2024\/06\/ventilador-ATENEA-M-foto-ambiente-luz-fria-100x100.webp 100w\" sizes=\"auto, (max-width: 1024px) 100vw, 1024px\" \/>\t<\/a>\n\t<div class=\"w-product-status\"><\/div>\t<span id=\"woocommerce_loop_add_to_cart_link_describedby_42819\" class=\"screen-reader-text\">\n\t\t\t<\/span>\n<\/div><div class=\"berocket_better_labels berocket_better_labels_image\"><div class=\"berocket_better_labels_position berocket_better_labels_position_right\"><div class=\"berocket_better_labels_line berocket_better_labels_line_1\"><div class=\"berocket_better_labels_inline berocket_better_labels_inline_1\"><div class=\"br_alabel br_alabel_type_text br_alabel_template_type_css berocket_alabel_id_22611  br_alabel_better_compatibility\" style=\"\"><span  style=\"\"><i style=\"background-color: #000000; border-color: #000000;\" class=\"template-span-before \"><\/i><i style=\"background-color: #000000; border-color: #000000;\" class=\"template-i \"><\/i><i style=\"background-color: #000000; border-color: #000000;\" class=\"template-i-before \"><\/i><i style=\"background-color: #000000; border-color: #000000;\" class=\"template-i-after \"><\/i><b style=\"position: relative;z-index: 100;text-align: center;color: inherit;\">Old collection<\/b><\/span><\/div><\/div><\/div><\/div><\/div><figcaption><h2 class=\"woocommerce-loop-product__title\">ATENEA M<\/h2><div class=\"woocommerce-product-details__short-description\">\n\t<p>The ATENEA M ceiling fan incorporates LED light and color temperature memory. It has a metal body and<\/div>\n\n<\/figcaption><\/figure><\/li>\n<li class=\"product type-product post-42816 status-publish last instock product_cat-climatizacion-en product_cat-collection-old-en product_cat-ventiladores-de-techo-en has-post-thumbnail shipping-taxable product-type-simple w-item col-3\">\n\t<figure><div class=\"image-wrapper\">\t\t<a href=\"https:\/\/arteconfort.com\/en\/producto\/atenea-s\/\" class=\"w-fadeslider\">\n\t<img loading=\"lazy\" decoding=\"async\" width=\"1024\" height=\"1024\" src=\"https:\/\/arteconfort.com\/wp-content\/uploads\/2024\/06\/ventilador-ATENEA-S-foto-con-mando.webp\" class=\"attachment-shop_catalog size-shop_catalog wp-post-image\" alt=\"Ventilador ATENEA S foto con mando\" srcset=\"https:\/\/arteconfort.com\/wp-content\/uploads\/2024\/06\/ventilador-ATENEA-S-foto-con-mando.webp 1024w, https:\/\/arteconfort.com\/wp-content\/uploads\/2024\/06\/ventilador-ATENEA-S-foto-con-mando-768x768.webp 768w, https:\/\/arteconfort.com\/wp-content\/uploads\/2024\/06\/ventilador-ATENEA-S-foto-con-mando-340x340.webp 340w, https:\/\/arteconfort.com\/wp-content\/uploads\/2024\/06\/ventilador-ATENEA-S-foto-con-mando-640x640.webp 640w, https:\/\/arteconfort.com\/wp-content\/uploads\/2024\/06\/ventilador-ATENEA-S-foto-con-mando-960x960.webp 960w, https:\/\/arteconfort.com\/wp-content\/uploads\/2024\/06\/ventilador-ATENEA-S-foto-con-mando-300x300.webp 300w, https:\/\/arteconfort.com\/wp-content\/uploads\/2024\/06\/ventilador-ATENEA-S-foto-con-mando-600x600.webp 600w, https:\/\/arteconfort.com\/wp-content\/uploads\/2024\/06\/ventilador-ATENEA-S-foto-con-mando-100x100.webp 100w, https:\/\/arteconfort.com\/wp-content\/uploads\/2024\/06\/ventilador-ATENEA-S-foto-con-mando-133x133.webp 133w\" sizes=\"auto, (max-width: 1024px) 100vw, 1024px\" \/>\t<img loading=\"lazy\" decoding=\"async\" width=\"1024\" height=\"1024\" src=\"https:\/\/arteconfort.com\/wp-content\/uploads\/2024\/06\/ventilador-ATENEA-S-foto-ambiente-dia.webp\" class=\"attachment-shop_catalog size-shop_catalog\" alt=\"Ventilador ATENEA S foto ambiente dia\" srcset=\"https:\/\/arteconfort.com\/wp-content\/uploads\/2024\/06\/ventilador-ATENEA-S-foto-ambiente-dia.webp 1024w, https:\/\/arteconfort.com\/wp-content\/uploads\/2024\/06\/ventilador-ATENEA-S-foto-ambiente-dia-768x768.webp 768w, https:\/\/arteconfort.com\/wp-content\/uploads\/2024\/06\/ventilador-ATENEA-S-foto-ambiente-dia-340x340.webp 340w, https:\/\/arteconfort.com\/wp-content\/uploads\/2024\/06\/ventilador-ATENEA-S-foto-ambiente-dia-640x640.webp 640w, https:\/\/arteconfort.com\/wp-content\/uploads\/2024\/06\/ventilador-ATENEA-S-foto-ambiente-dia-960x960.webp 960w, https:\/\/arteconfort.com\/wp-content\/uploads\/2024\/06\/ventilador-ATENEA-S-foto-ambiente-dia-133x133.webp 133w, https:\/\/arteconfort.com\/wp-content\/uploads\/2024\/06\/ventilador-ATENEA-S-foto-ambiente-dia-300x300.webp 300w, https:\/\/arteconfort.com\/wp-content\/uploads\/2024\/06\/ventilador-ATENEA-S-foto-ambiente-dia-600x600.webp 600w, https:\/\/arteconfort.com\/wp-content\/uploads\/2024\/06\/ventilador-ATENEA-S-foto-ambiente-dia-100x100.webp 100w\" sizes=\"auto, (max-width: 1024px) 100vw, 1024px\" \/><img loading=\"lazy\" decoding=\"async\" width=\"1024\" height=\"1024\" src=\"https:\/\/arteconfort.com\/wp-content\/uploads\/2024\/06\/ventilador-ATENEA-S-foto-perfil.webp\" class=\"attachment-shop_catalog size-shop_catalog\" alt=\"Ventilador ATENEA S foto perfil\" srcset=\"https:\/\/arteconfort.com\/wp-content\/uploads\/2024\/06\/ventilador-ATENEA-S-foto-perfil.webp 1024w, https:\/\/arteconfort.com\/wp-content\/uploads\/2024\/06\/ventilador-ATENEA-S-foto-perfil-768x768.webp 768w, https:\/\/arteconfort.com\/wp-content\/uploads\/2024\/06\/ventilador-ATENEA-S-foto-perfil-340x340.webp 340w, https:\/\/arteconfort.com\/wp-content\/uploads\/2024\/06\/ventilador-ATENEA-S-foto-perfil-640x640.webp 640w, https:\/\/arteconfort.com\/wp-content\/uploads\/2024\/06\/ventilador-ATENEA-S-foto-perfil-960x960.webp 960w, https:\/\/arteconfort.com\/wp-content\/uploads\/2024\/06\/ventilador-ATENEA-S-foto-perfil-133x133.webp 133w, https:\/\/arteconfort.com\/wp-content\/uploads\/2024\/06\/ventilador-ATENEA-S-foto-perfil-300x300.webp 300w, https:\/\/arteconfort.com\/wp-content\/uploads\/2024\/06\/ventilador-ATENEA-S-foto-perfil-600x600.webp 600w, https:\/\/arteconfort.com\/wp-content\/uploads\/2024\/06\/ventilador-ATENEA-S-foto-perfil-100x100.webp 100w\" sizes=\"auto, (max-width: 1024px) 100vw, 1024px\" \/><img loading=\"lazy\" decoding=\"async\" width=\"1024\" height=\"1024\" src=\"https:\/\/arteconfort.com\/wp-content\/uploads\/2024\/06\/ventilador-ATENEA-S-foto-color-marron-madera-oscura.webp\" class=\"attachment-shop_catalog size-shop_catalog\" alt=\"Ventilador ATENEA S foto color marron madera oscura\" srcset=\"https:\/\/arteconfort.com\/wp-content\/uploads\/2024\/06\/ventilador-ATENEA-S-foto-color-marron-madera-oscura.webp 1024w, https:\/\/arteconfort.com\/wp-content\/uploads\/2024\/06\/ventilador-ATENEA-S-foto-color-marron-madera-oscura-768x768.webp 768w, https:\/\/arteconfort.com\/wp-content\/uploads\/2024\/06\/ventilador-ATENEA-S-foto-color-marron-madera-oscura-340x340.webp 340w, https:\/\/arteconfort.com\/wp-content\/uploads\/2024\/06\/ventilador-ATENEA-S-foto-color-marron-madera-oscura-640x640.webp 640w, https:\/\/arteconfort.com\/wp-content\/uploads\/2024\/06\/ventilador-ATENEA-S-foto-color-marron-madera-oscura-960x960.webp 960w, https:\/\/arteconfort.com\/wp-content\/uploads\/2024\/06\/ventilador-ATENEA-S-foto-color-marron-madera-oscura-133x133.webp 133w, https:\/\/arteconfort.com\/wp-content\/uploads\/2024\/06\/ventilador-ATENEA-S-foto-color-marron-madera-oscura-300x300.webp 300w, https:\/\/arteconfort.com\/wp-content\/uploads\/2024\/06\/ventilador-ATENEA-S-foto-color-marron-madera-oscura-600x600.webp 600w, https:\/\/arteconfort.com\/wp-content\/uploads\/2024\/06\/ventilador-ATENEA-S-foto-color-marron-madera-oscura-100x100.webp 100w\" sizes=\"auto, (max-width: 1024px) 100vw, 1024px\" \/><img loading=\"lazy\" decoding=\"async\" width=\"1024\" height=\"1024\" src=\"https:\/\/arteconfort.com\/wp-content\/uploads\/2024\/06\/ventilador-ATENEA-S-foto-cinco-aspas-madera.webp\" class=\"attachment-shop_catalog size-shop_catalog\" alt=\"Ventilador ATENEA S foto cinco aspas madera\" srcset=\"https:\/\/arteconfort.com\/wp-content\/uploads\/2024\/06\/ventilador-ATENEA-S-foto-cinco-aspas-madera.webp 1024w, https:\/\/arteconfort.com\/wp-content\/uploads\/2024\/06\/ventilador-ATENEA-S-foto-cinco-aspas-madera-768x768.webp 768w, https:\/\/arteconfort.com\/wp-content\/uploads\/2024\/06\/ventilador-ATENEA-S-foto-cinco-aspas-madera-340x340.webp 340w, https:\/\/arteconfort.com\/wp-content\/uploads\/2024\/06\/ventilador-ATENEA-S-foto-cinco-aspas-madera-640x640.webp 640w, https:\/\/arteconfort.com\/wp-content\/uploads\/2024\/06\/ventilador-ATENEA-S-foto-cinco-aspas-madera-960x960.webp 960w, https:\/\/arteconfort.com\/wp-content\/uploads\/2024\/06\/ventilador-ATENEA-S-foto-cinco-aspas-madera-133x133.webp 133w, https:\/\/arteconfort.com\/wp-content\/uploads\/2024\/06\/ventilador-ATENEA-S-foto-cinco-aspas-madera-300x300.webp 300w, https:\/\/arteconfort.com\/wp-content\/uploads\/2024\/06\/ventilador-ATENEA-S-foto-cinco-aspas-madera-600x600.webp 600w, https:\/\/arteconfort.com\/wp-content\/uploads\/2024\/06\/ventilador-ATENEA-S-foto-cinco-aspas-madera-100x100.webp 100w\" sizes=\"auto, (max-width: 1024px) 100vw, 1024px\" \/><img loading=\"lazy\" decoding=\"async\" width=\"1024\" height=\"1024\" src=\"https:\/\/arteconfort.com\/wp-content\/uploads\/2024\/06\/ventilador-ATENEA-S-foto-aspas-de-madera-marron-oscuro.webp\" class=\"attachment-shop_catalog size-shop_catalog\" alt=\"Ventilador ATENEA S foto aspas de madera marron oscuro\" srcset=\"https:\/\/arteconfort.com\/wp-content\/uploads\/2024\/06\/ventilador-ATENEA-S-foto-aspas-de-madera-marron-oscuro.webp 1024w, https:\/\/arteconfort.com\/wp-content\/uploads\/2024\/06\/ventilador-ATENEA-S-foto-aspas-de-madera-marron-oscuro-768x768.webp 768w, https:\/\/arteconfort.com\/wp-content\/uploads\/2024\/06\/ventilador-ATENEA-S-foto-aspas-de-madera-marron-oscuro-340x340.webp 340w, https:\/\/arteconfort.com\/wp-content\/uploads\/2024\/06\/ventilador-ATENEA-S-foto-aspas-de-madera-marron-oscuro-640x640.webp 640w, https:\/\/arteconfort.com\/wp-content\/uploads\/2024\/06\/ventilador-ATENEA-S-foto-aspas-de-madera-marron-oscuro-960x960.webp 960w, https:\/\/arteconfort.com\/wp-content\/uploads\/2024\/06\/ventilador-ATENEA-S-foto-aspas-de-madera-marron-oscuro-133x133.webp 133w, https:\/\/arteconfort.com\/wp-content\/uploads\/2024\/06\/ventilador-ATENEA-S-foto-aspas-de-madera-marron-oscuro-300x300.webp 300w, https:\/\/arteconfort.com\/wp-content\/uploads\/2024\/06\/ventilador-ATENEA-S-foto-aspas-de-madera-marron-oscuro-600x600.webp 600w, https:\/\/arteconfort.com\/wp-content\/uploads\/2024\/06\/ventilador-ATENEA-S-foto-aspas-de-madera-marron-oscuro-100x100.webp 100w\" sizes=\"auto, (max-width: 1024px) 100vw, 1024px\" \/><img loading=\"lazy\" decoding=\"async\" width=\"1024\" height=\"1024\" src=\"https:\/\/arteconfort.com\/wp-content\/uploads\/2024\/06\/ventilador-ATENEA-S-foto-mando-distancia.webp\" class=\"attachment-shop_catalog size-shop_catalog\" alt=\"Ventilador ATENEA S foto mando distancia\" srcset=\"https:\/\/arteconfort.com\/wp-content\/uploads\/2024\/06\/ventilador-ATENEA-S-foto-mando-distancia.webp 1024w, https:\/\/arteconfort.com\/wp-content\/uploads\/2024\/06\/ventilador-ATENEA-S-foto-mando-distancia-768x768.webp 768w, https:\/\/arteconfort.com\/wp-content\/uploads\/2024\/06\/ventilador-ATENEA-S-foto-mando-distancia-340x340.webp 340w, https:\/\/arteconfort.com\/wp-content\/uploads\/2024\/06\/ventilador-ATENEA-S-foto-mando-distancia-640x640.webp 640w, https:\/\/arteconfort.com\/wp-content\/uploads\/2024\/06\/ventilador-ATENEA-S-foto-mando-distancia-960x960.webp 960w, https:\/\/arteconfort.com\/wp-content\/uploads\/2024\/06\/ventilador-ATENEA-S-foto-mando-distancia-133x133.webp 133w, https:\/\/arteconfort.com\/wp-content\/uploads\/2024\/06\/ventilador-ATENEA-S-foto-mando-distancia-300x300.webp 300w, https:\/\/arteconfort.com\/wp-content\/uploads\/2024\/06\/ventilador-ATENEA-S-foto-mando-distancia-600x600.webp 600w, https:\/\/arteconfort.com\/wp-content\/uploads\/2024\/06\/ventilador-ATENEA-S-foto-mando-distancia-100x100.webp 100w\" sizes=\"auto, (max-width: 1024px) 100vw, 1024px\" \/><img loading=\"lazy\" decoding=\"async\" width=\"1024\" height=\"1024\" src=\"https:\/\/arteconfort.com\/wp-content\/uploads\/2024\/06\/ventilador-ATENEA-S-foto-dimensiones.webp\" class=\"attachment-shop_catalog size-shop_catalog\" alt=\"Ventilador ATENEA S foto dimensiones\" srcset=\"https:\/\/arteconfort.com\/wp-content\/uploads\/2024\/06\/ventilador-ATENEA-S-foto-dimensiones.webp 1024w, https:\/\/arteconfort.com\/wp-content\/uploads\/2024\/06\/ventilador-ATENEA-S-foto-dimensiones-768x768.webp 768w, https:\/\/arteconfort.com\/wp-content\/uploads\/2024\/06\/ventilador-ATENEA-S-foto-dimensiones-340x340.webp 340w, https:\/\/arteconfort.com\/wp-content\/uploads\/2024\/06\/ventilador-ATENEA-S-foto-dimensiones-640x640.webp 640w, https:\/\/arteconfort.com\/wp-content\/uploads\/2024\/06\/ventilador-ATENEA-S-foto-dimensiones-960x960.webp 960w, https:\/\/arteconfort.com\/wp-content\/uploads\/2024\/06\/ventilador-ATENEA-S-foto-dimensiones-133x133.webp 133w, https:\/\/arteconfort.com\/wp-content\/uploads\/2024\/06\/ventilador-ATENEA-S-foto-dimensiones-300x300.webp 300w, https:\/\/arteconfort.com\/wp-content\/uploads\/2024\/06\/ventilador-ATENEA-S-foto-dimensiones-600x600.webp 600w, https:\/\/arteconfort.com\/wp-content\/uploads\/2024\/06\/ventilador-ATENEA-S-foto-dimensiones-100x100.webp 100w\" sizes=\"auto, (max-width: 1024px) 100vw, 1024px\" \/><img loading=\"lazy\" decoding=\"async\" width=\"1024\" height=\"1024\" src=\"https:\/\/arteconfort.com\/wp-content\/uploads\/2024\/06\/ventilador-ATENEA-S-foto-ambiente-luz-calida.webp\" class=\"attachment-shop_catalog size-shop_catalog\" alt=\"Ventilador ATENEA S foto ambiente luz calida\" srcset=\"https:\/\/arteconfort.com\/wp-content\/uploads\/2024\/06\/ventilador-ATENEA-S-foto-ambiente-luz-calida.webp 1024w, https:\/\/arteconfort.com\/wp-content\/uploads\/2024\/06\/ventilador-ATENEA-S-foto-ambiente-luz-calida-768x768.webp 768w, https:\/\/arteconfort.com\/wp-content\/uploads\/2024\/06\/ventilador-ATENEA-S-foto-ambiente-luz-calida-340x340.webp 340w, https:\/\/arteconfort.com\/wp-content\/uploads\/2024\/06\/ventilador-ATENEA-S-foto-ambiente-luz-calida-640x640.webp 640w, https:\/\/arteconfort.com\/wp-content\/uploads\/2024\/06\/ventilador-ATENEA-S-foto-ambiente-luz-calida-960x960.webp 960w, https:\/\/arteconfort.com\/wp-content\/uploads\/2024\/06\/ventilador-ATENEA-S-foto-ambiente-luz-calida-133x133.webp 133w, https:\/\/arteconfort.com\/wp-content\/uploads\/2024\/06\/ventilador-ATENEA-S-foto-ambiente-luz-calida-300x300.webp 300w, https:\/\/arteconfort.com\/wp-content\/uploads\/2024\/06\/ventilador-ATENEA-S-foto-ambiente-luz-calida-600x600.webp 600w, https:\/\/arteconfort.com\/wp-content\/uploads\/2024\/06\/ventilador-ATENEA-S-foto-ambiente-luz-calida-100x100.webp 100w\" sizes=\"auto, (max-width: 1024px) 100vw, 1024px\" \/><img loading=\"lazy\" decoding=\"async\" width=\"1024\" height=\"1024\" src=\"https:\/\/arteconfort.com\/wp-content\/uploads\/2024\/06\/ventilador-ATENEA-S-foto-ambiente-luz-neutra.webp\" class=\"attachment-shop_catalog size-shop_catalog\" alt=\"Ventilador ATENEA S foto ambiente luz neutra\" srcset=\"https:\/\/arteconfort.com\/wp-content\/uploads\/2024\/06\/ventilador-ATENEA-S-foto-ambiente-luz-neutra.webp 1024w, https:\/\/arteconfort.com\/wp-content\/uploads\/2024\/06\/ventilador-ATENEA-S-foto-ambiente-luz-neutra-768x768.webp 768w, https:\/\/arteconfort.com\/wp-content\/uploads\/2024\/06\/ventilador-ATENEA-S-foto-ambiente-luz-neutra-340x340.webp 340w, https:\/\/arteconfort.com\/wp-content\/uploads\/2024\/06\/ventilador-ATENEA-S-foto-ambiente-luz-neutra-640x640.webp 640w, https:\/\/arteconfort.com\/wp-content\/uploads\/2024\/06\/ventilador-ATENEA-S-foto-ambiente-luz-neutra-960x960.webp 960w, https:\/\/arteconfort.com\/wp-content\/uploads\/2024\/06\/ventilador-ATENEA-S-foto-ambiente-luz-neutra-133x133.webp 133w, https:\/\/arteconfort.com\/wp-content\/uploads\/2024\/06\/ventilador-ATENEA-S-foto-ambiente-luz-neutra-300x300.webp 300w, https:\/\/arteconfort.com\/wp-content\/uploads\/2024\/06\/ventilador-ATENEA-S-foto-ambiente-luz-neutra-600x600.webp 600w, https:\/\/arteconfort.com\/wp-content\/uploads\/2024\/06\/ventilador-ATENEA-S-foto-ambiente-luz-neutra-100x100.webp 100w\" sizes=\"auto, (max-width: 1024px) 100vw, 1024px\" \/><img loading=\"lazy\" decoding=\"async\" width=\"1024\" height=\"1024\" src=\"https:\/\/arteconfort.com\/wp-content\/uploads\/2024\/06\/ventilador-ATENEA-S-foto-ambiente-luz-neutra-tenue.webp\" class=\"attachment-shop_catalog size-shop_catalog\" alt=\"Ventilador ATENEA S foto ambiente luz neutra tenue\" srcset=\"https:\/\/arteconfort.com\/wp-content\/uploads\/2024\/06\/ventilador-ATENEA-S-foto-ambiente-luz-neutra-tenue.webp 1024w, https:\/\/arteconfort.com\/wp-content\/uploads\/2024\/06\/ventilador-ATENEA-S-foto-ambiente-luz-neutra-tenue-768x768.webp 768w, https:\/\/arteconfort.com\/wp-content\/uploads\/2024\/06\/ventilador-ATENEA-S-foto-ambiente-luz-neutra-tenue-340x340.webp 340w, https:\/\/arteconfort.com\/wp-content\/uploads\/2024\/06\/ventilador-ATENEA-S-foto-ambiente-luz-neutra-tenue-640x640.webp 640w, https:\/\/arteconfort.com\/wp-content\/uploads\/2024\/06\/ventilador-ATENEA-S-foto-ambiente-luz-neutra-tenue-960x960.webp 960w, https:\/\/arteconfort.com\/wp-content\/uploads\/2024\/06\/ventilador-ATENEA-S-foto-ambiente-luz-neutra-tenue-133x133.webp 133w, https:\/\/arteconfort.com\/wp-content\/uploads\/2024\/06\/ventilador-ATENEA-S-foto-ambiente-luz-neutra-tenue-300x300.webp 300w, https:\/\/arteconfort.com\/wp-content\/uploads\/2024\/06\/ventilador-ATENEA-S-foto-ambiente-luz-neutra-tenue-600x600.webp 600w, https:\/\/arteconfort.com\/wp-content\/uploads\/2024\/06\/ventilador-ATENEA-S-foto-ambiente-luz-neutra-tenue-100x100.webp 100w\" sizes=\"auto, (max-width: 1024px) 100vw, 1024px\" \/><img loading=\"lazy\" decoding=\"async\" width=\"1024\" height=\"1024\" src=\"https:\/\/arteconfort.com\/wp-content\/uploads\/2024\/06\/ventilador-ATENEA-S-foto-ambiente-luz-fria.webp\" class=\"attachment-shop_catalog size-shop_catalog\" alt=\"Ventilador ATENEA S foto ambiente luz fria\" srcset=\"https:\/\/arteconfort.com\/wp-content\/uploads\/2024\/06\/ventilador-ATENEA-S-foto-ambiente-luz-fria.webp 1024w, https:\/\/arteconfort.com\/wp-content\/uploads\/2024\/06\/ventilador-ATENEA-S-foto-ambiente-luz-fria-768x768.webp 768w, https:\/\/arteconfort.com\/wp-content\/uploads\/2024\/06\/ventilador-ATENEA-S-foto-ambiente-luz-fria-340x340.webp 340w, https:\/\/arteconfort.com\/wp-content\/uploads\/2024\/06\/ventilador-ATENEA-S-foto-ambiente-luz-fria-640x640.webp 640w, https:\/\/arteconfort.com\/wp-content\/uploads\/2024\/06\/ventilador-ATENEA-S-foto-ambiente-luz-fria-960x960.webp 960w, https:\/\/arteconfort.com\/wp-content\/uploads\/2024\/06\/ventilador-ATENEA-S-foto-ambiente-luz-fria-133x133.webp 133w, https:\/\/arteconfort.com\/wp-content\/uploads\/2024\/06\/ventilador-ATENEA-S-foto-ambiente-luz-fria-300x300.webp 300w, https:\/\/arteconfort.com\/wp-content\/uploads\/2024\/06\/ventilador-ATENEA-S-foto-ambiente-luz-fria-600x600.webp 600w, https:\/\/arteconfort.com\/wp-content\/uploads\/2024\/06\/ventilador-ATENEA-S-foto-ambiente-luz-fria-100x100.webp 100w\" sizes=\"auto, (max-width: 1024px) 100vw, 1024px\" \/>\t<\/a>\n\t<div class=\"w-product-status\"><\/div>\t<span id=\"woocommerce_loop_add_to_cart_link_describedby_42816\" class=\"screen-reader-text\">\n\t\t\t<\/span>\n<\/div><div class=\"berocket_better_labels berocket_better_labels_image\"><div class=\"berocket_better_labels_position berocket_better_labels_position_right\"><div class=\"berocket_better_labels_line berocket_better_labels_line_1\"><div class=\"berocket_better_labels_inline berocket_better_labels_inline_1\"><div class=\"br_alabel br_alabel_type_text br_alabel_template_type_css berocket_alabel_id_22611  br_alabel_better_compatibility\" style=\"\"><span  style=\"\"><i style=\"background-color: #000000; border-color: #000000;\" class=\"template-span-before \"><\/i><i style=\"background-color: #000000; border-color: #000000;\" class=\"template-i \"><\/i><i style=\"background-color: #000000; border-color: #000000;\" class=\"template-i-before \"><\/i><i style=\"background-color: #000000; border-color: #000000;\" class=\"template-i-after \"><\/i><b style=\"position: relative;z-index: 100;text-align: center;color: inherit;\">Old collection<\/b><\/span><\/div><\/div><\/div><\/div><\/div><figcaption><h2 class=\"woocommerce-loop-product__title\">ATENEA S<\/h2><div class=\"woocommerce-product-details__short-description\">\n\t<p>The ATENEA S ceiling fan incorporates LED light and color temperature memory. It has a metal body and<\/div>\n\n<\/figcaption><\/figure><\/li>\n<li class=\"product type-product post-42839 status-publish first instock product_cat-climatizacion-en product_cat-ventiladores-de-techo-en has-post-thumbnail shipping-taxable product-type-simple w-item col-3\">\n\t<figure><div class=\"image-wrapper\">\t\t<a href=\"https:\/\/arteconfort.com\/en\/producto\/bangok\/\" class=\"w-fadeslider\">\n\t<img loading=\"lazy\" decoding=\"async\" width=\"1024\" height=\"1024\" src=\"https:\/\/arteconfort.com\/wp-content\/uploads\/2024\/06\/BANGOK-mando-1.webp\" class=\"attachment-shop_catalog size-shop_catalog wp-post-image\" alt=\"BANGOK mando\" srcset=\"https:\/\/arteconfort.com\/wp-content\/uploads\/2024\/06\/BANGOK-mando-1.webp 1024w, https:\/\/arteconfort.com\/wp-content\/uploads\/2024\/06\/BANGOK-mando-1-768x768.webp 768w, https:\/\/arteconfort.com\/wp-content\/uploads\/2024\/06\/BANGOK-mando-1-340x340.webp 340w, https:\/\/arteconfort.com\/wp-content\/uploads\/2024\/06\/BANGOK-mando-1-640x640.webp 640w, https:\/\/arteconfort.com\/wp-content\/uploads\/2024\/06\/BANGOK-mando-1-960x960.webp 960w, https:\/\/arteconfort.com\/wp-content\/uploads\/2024\/06\/BANGOK-mando-1-300x300.webp 300w, https:\/\/arteconfort.com\/wp-content\/uploads\/2024\/06\/BANGOK-mando-1-600x600.webp 600w, https:\/\/arteconfort.com\/wp-content\/uploads\/2024\/06\/BANGOK-mando-1-100x100.webp 100w, https:\/\/arteconfort.com\/wp-content\/uploads\/2024\/06\/BANGOK-mando-1-133x133.webp 133w\" sizes=\"auto, (max-width: 1024px) 100vw, 1024px\" \/>\t<img loading=\"lazy\" decoding=\"async\" width=\"1024\" height=\"1024\" src=\"https:\/\/arteconfort.com\/wp-content\/uploads\/2024\/06\/ventilador-BANGOK-31549479-ambiente-1.webp\" class=\"attachment-shop_catalog size-shop_catalog\" alt=\"Ventilador BANGOK ambiente dia\" srcset=\"https:\/\/arteconfort.com\/wp-content\/uploads\/2024\/06\/ventilador-BANGOK-31549479-ambiente-1.webp 1024w, https:\/\/arteconfort.com\/wp-content\/uploads\/2024\/06\/ventilador-BANGOK-31549479-ambiente-1-768x768.webp 768w, https:\/\/arteconfort.com\/wp-content\/uploads\/2024\/06\/ventilador-BANGOK-31549479-ambiente-1-340x340.webp 340w, https:\/\/arteconfort.com\/wp-content\/uploads\/2024\/06\/ventilador-BANGOK-31549479-ambiente-1-640x640.webp 640w, https:\/\/arteconfort.com\/wp-content\/uploads\/2024\/06\/ventilador-BANGOK-31549479-ambiente-1-960x960.webp 960w, https:\/\/arteconfort.com\/wp-content\/uploads\/2024\/06\/ventilador-BANGOK-31549479-ambiente-1-133x133.webp 133w, https:\/\/arteconfort.com\/wp-content\/uploads\/2024\/06\/ventilador-BANGOK-31549479-ambiente-1-300x300.webp 300w, https:\/\/arteconfort.com\/wp-content\/uploads\/2024\/06\/ventilador-BANGOK-31549479-ambiente-1-600x600.webp 600w, https:\/\/arteconfort.com\/wp-content\/uploads\/2024\/06\/ventilador-BANGOK-31549479-ambiente-1-100x100.webp 100w\" sizes=\"auto, (max-width: 1024px) 100vw, 1024px\" \/><img loading=\"lazy\" decoding=\"async\" width=\"1024\" height=\"1024\" src=\"https:\/\/arteconfort.com\/wp-content\/uploads\/2024\/06\/ventilador-BANGOK-31549479-2.webp\" class=\"attachment-shop_catalog size-shop_catalog\" alt=\"Ventilador BANGOK vista perspectiva\" srcset=\"https:\/\/arteconfort.com\/wp-content\/uploads\/2024\/06\/ventilador-BANGOK-31549479-2.webp 1024w, https:\/\/arteconfort.com\/wp-content\/uploads\/2024\/06\/ventilador-BANGOK-31549479-2-768x768.webp 768w, https:\/\/arteconfort.com\/wp-content\/uploads\/2024\/06\/ventilador-BANGOK-31549479-2-340x340.webp 340w, https:\/\/arteconfort.com\/wp-content\/uploads\/2024\/06\/ventilador-BANGOK-31549479-2-640x640.webp 640w, https:\/\/arteconfort.com\/wp-content\/uploads\/2024\/06\/ventilador-BANGOK-31549479-2-960x960.webp 960w, https:\/\/arteconfort.com\/wp-content\/uploads\/2024\/06\/ventilador-BANGOK-31549479-2-133x133.webp 133w, https:\/\/arteconfort.com\/wp-content\/uploads\/2024\/06\/ventilador-BANGOK-31549479-2-300x300.webp 300w, https:\/\/arteconfort.com\/wp-content\/uploads\/2024\/06\/ventilador-BANGOK-31549479-2-600x600.webp 600w, https:\/\/arteconfort.com\/wp-content\/uploads\/2024\/06\/ventilador-BANGOK-31549479-2-100x100.webp 100w\" sizes=\"auto, (max-width: 1024px) 100vw, 1024px\" \/><img loading=\"lazy\" decoding=\"async\" width=\"1024\" height=\"1024\" src=\"https:\/\/arteconfort.com\/wp-content\/uploads\/2024\/06\/ventilador-BANGOK-31549479-4.webp\" class=\"attachment-shop_catalog size-shop_catalog\" alt=\"Ventilador BANGOK vista lateral\" srcset=\"https:\/\/arteconfort.com\/wp-content\/uploads\/2024\/06\/ventilador-BANGOK-31549479-4.webp 1024w, https:\/\/arteconfort.com\/wp-content\/uploads\/2024\/06\/ventilador-BANGOK-31549479-4-768x768.webp 768w, https:\/\/arteconfort.com\/wp-content\/uploads\/2024\/06\/ventilador-BANGOK-31549479-4-340x340.webp 340w, https:\/\/arteconfort.com\/wp-content\/uploads\/2024\/06\/ventilador-BANGOK-31549479-4-640x640.webp 640w, https:\/\/arteconfort.com\/wp-content\/uploads\/2024\/06\/ventilador-BANGOK-31549479-4-960x960.webp 960w, https:\/\/arteconfort.com\/wp-content\/uploads\/2024\/06\/ventilador-BANGOK-31549479-4-133x133.webp 133w, https:\/\/arteconfort.com\/wp-content\/uploads\/2024\/06\/ventilador-BANGOK-31549479-4-300x300.webp 300w, https:\/\/arteconfort.com\/wp-content\/uploads\/2024\/06\/ventilador-BANGOK-31549479-4-600x600.webp 600w, https:\/\/arteconfort.com\/wp-content\/uploads\/2024\/06\/ventilador-BANGOK-31549479-4-100x100.webp 100w\" sizes=\"auto, (max-width: 1024px) 100vw, 1024px\" \/><img loading=\"lazy\" decoding=\"async\" width=\"1024\" height=\"1025\" src=\"https:\/\/arteconfort.com\/wp-content\/uploads\/2024\/06\/BANGOK-planta.webp\" class=\"attachment-shop_catalog size-shop_catalog\" alt=\"BANGOK planta\" srcset=\"https:\/\/arteconfort.com\/wp-content\/uploads\/2024\/06\/BANGOK-planta.webp 1024w, https:\/\/arteconfort.com\/wp-content\/uploads\/2024\/06\/BANGOK-planta-768x769.webp 768w, https:\/\/arteconfort.com\/wp-content\/uploads\/2024\/06\/BANGOK-planta-340x340.webp 340w, https:\/\/arteconfort.com\/wp-content\/uploads\/2024\/06\/BANGOK-planta-640x641.webp 640w, https:\/\/arteconfort.com\/wp-content\/uploads\/2024\/06\/BANGOK-planta-960x960.webp 960w, https:\/\/arteconfort.com\/wp-content\/uploads\/2024\/06\/BANGOK-planta-133x133.webp 133w, https:\/\/arteconfort.com\/wp-content\/uploads\/2024\/06\/BANGOK-planta-300x300.webp 300w, https:\/\/arteconfort.com\/wp-content\/uploads\/2024\/06\/BANGOK-planta-600x601.webp 600w, https:\/\/arteconfort.com\/wp-content\/uploads\/2024\/06\/BANGOK-planta-100x100.webp 100w\" sizes=\"auto, (max-width: 1024px) 100vw, 1024px\" \/><img loading=\"lazy\" decoding=\"async\" width=\"1024\" height=\"1024\" src=\"https:\/\/arteconfort.com\/wp-content\/uploads\/2024\/06\/BANGOK-aspa.webp\" class=\"attachment-shop_catalog size-shop_catalog\" alt=\"BANGOK aspa\" srcset=\"https:\/\/arteconfort.com\/wp-content\/uploads\/2024\/06\/BANGOK-aspa.webp 1024w, https:\/\/arteconfort.com\/wp-content\/uploads\/2024\/06\/BANGOK-aspa-768x768.webp 768w, https:\/\/arteconfort.com\/wp-content\/uploads\/2024\/06\/BANGOK-aspa-340x340.webp 340w, https:\/\/arteconfort.com\/wp-content\/uploads\/2024\/06\/BANGOK-aspa-640x640.webp 640w, https:\/\/arteconfort.com\/wp-content\/uploads\/2024\/06\/BANGOK-aspa-960x960.webp 960w, https:\/\/arteconfort.com\/wp-content\/uploads\/2024\/06\/BANGOK-aspa-133x133.webp 133w, https:\/\/arteconfort.com\/wp-content\/uploads\/2024\/06\/BANGOK-aspa-300x300.webp 300w, https:\/\/arteconfort.com\/wp-content\/uploads\/2024\/06\/BANGOK-aspa-600x600.webp 600w, https:\/\/arteconfort.com\/wp-content\/uploads\/2024\/06\/BANGOK-aspa-100x100.webp 100w\" sizes=\"auto, (max-width: 1024px) 100vw, 1024px\" \/><img loading=\"lazy\" decoding=\"async\" width=\"1024\" height=\"1024\" src=\"https:\/\/arteconfort.com\/wp-content\/uploads\/2024\/06\/BANGOK-cuerpo.webp\" class=\"attachment-shop_catalog size-shop_catalog\" alt=\"BANGOK cuerpo\" srcset=\"https:\/\/arteconfort.com\/wp-content\/uploads\/2024\/06\/BANGOK-cuerpo.webp 1024w, https:\/\/arteconfort.com\/wp-content\/uploads\/2024\/06\/BANGOK-cuerpo-768x768.webp 768w, https:\/\/arteconfort.com\/wp-content\/uploads\/2024\/06\/BANGOK-cuerpo-340x340.webp 340w, https:\/\/arteconfort.com\/wp-content\/uploads\/2024\/06\/BANGOK-cuerpo-640x640.webp 640w, https:\/\/arteconfort.com\/wp-content\/uploads\/2024\/06\/BANGOK-cuerpo-960x960.webp 960w, https:\/\/arteconfort.com\/wp-content\/uploads\/2024\/06\/BANGOK-cuerpo-133x133.webp 133w, https:\/\/arteconfort.com\/wp-content\/uploads\/2024\/06\/BANGOK-cuerpo-300x300.webp 300w, https:\/\/arteconfort.com\/wp-content\/uploads\/2024\/06\/BANGOK-cuerpo-600x600.webp 600w, https:\/\/arteconfort.com\/wp-content\/uploads\/2024\/06\/BANGOK-cuerpo-100x100.webp 100w\" sizes=\"auto, (max-width: 1024px) 100vw, 1024px\" \/><img loading=\"lazy\" decoding=\"async\" width=\"1024\" height=\"1024\" src=\"https:\/\/arteconfort.com\/wp-content\/uploads\/2024\/06\/BANGOK-embellecedor.webp\" class=\"attachment-shop_catalog size-shop_catalog\" alt=\"BANGOK embellecedor\" srcset=\"https:\/\/arteconfort.com\/wp-content\/uploads\/2024\/06\/BANGOK-embellecedor.webp 1024w, https:\/\/arteconfort.com\/wp-content\/uploads\/2024\/06\/BANGOK-embellecedor-768x768.webp 768w, https:\/\/arteconfort.com\/wp-content\/uploads\/2024\/06\/BANGOK-embellecedor-340x340.webp 340w, https:\/\/arteconfort.com\/wp-content\/uploads\/2024\/06\/BANGOK-embellecedor-640x640.webp 640w, https:\/\/arteconfort.com\/wp-content\/uploads\/2024\/06\/BANGOK-embellecedor-960x960.webp 960w, https:\/\/arteconfort.com\/wp-content\/uploads\/2024\/06\/BANGOK-embellecedor-133x133.webp 133w, https:\/\/arteconfort.com\/wp-content\/uploads\/2024\/06\/BANGOK-embellecedor-300x300.webp 300w, https:\/\/arteconfort.com\/wp-content\/uploads\/2024\/06\/BANGOK-embellecedor-600x600.webp 600w, https:\/\/arteconfort.com\/wp-content\/uploads\/2024\/06\/BANGOK-embellecedor-100x100.webp 100w\" sizes=\"auto, (max-width: 1024px) 100vw, 1024px\" \/><img loading=\"lazy\" decoding=\"async\" width=\"1024\" height=\"1024\" src=\"https:\/\/arteconfort.com\/wp-content\/uploads\/2024\/06\/ventilador-BANGOK-31549479-mando.webp\" class=\"attachment-shop_catalog size-shop_catalog\" alt=\"Ventilador BANGOK mando\" srcset=\"https:\/\/arteconfort.com\/wp-content\/uploads\/2024\/06\/ventilador-BANGOK-31549479-mando.webp 1024w, https:\/\/arteconfort.com\/wp-content\/uploads\/2024\/06\/ventilador-BANGOK-31549479-mando-768x768.webp 768w, https:\/\/arteconfort.com\/wp-content\/uploads\/2024\/06\/ventilador-BANGOK-31549479-mando-340x340.webp 340w, https:\/\/arteconfort.com\/wp-content\/uploads\/2024\/06\/ventilador-BANGOK-31549479-mando-640x640.webp 640w, https:\/\/arteconfort.com\/wp-content\/uploads\/2024\/06\/ventilador-BANGOK-31549479-mando-960x960.webp 960w, https:\/\/arteconfort.com\/wp-content\/uploads\/2024\/06\/ventilador-BANGOK-31549479-mando-133x133.webp 133w, https:\/\/arteconfort.com\/wp-content\/uploads\/2024\/06\/ventilador-BANGOK-31549479-mando-300x300.webp 300w, https:\/\/arteconfort.com\/wp-content\/uploads\/2024\/06\/ventilador-BANGOK-31549479-mando-600x600.webp 600w, https:\/\/arteconfort.com\/wp-content\/uploads\/2024\/06\/ventilador-BANGOK-31549479-mando-100x100.webp 100w\" sizes=\"auto, (max-width: 1024px) 100vw, 1024px\" \/><img loading=\"lazy\" decoding=\"async\" width=\"1024\" height=\"1024\" src=\"https:\/\/arteconfort.com\/wp-content\/uploads\/2024\/06\/ventilador-BANGOK-31549479-grafico.webp\" class=\"attachment-shop_catalog size-shop_catalog\" alt=\"Ventilador BANGOK grafico\" srcset=\"https:\/\/arteconfort.com\/wp-content\/uploads\/2024\/06\/ventilador-BANGOK-31549479-grafico.webp 1024w, https:\/\/arteconfort.com\/wp-content\/uploads\/2024\/06\/ventilador-BANGOK-31549479-grafico-768x768.webp 768w, https:\/\/arteconfort.com\/wp-content\/uploads\/2024\/06\/ventilador-BANGOK-31549479-grafico-340x340.webp 340w, https:\/\/arteconfort.com\/wp-content\/uploads\/2024\/06\/ventilador-BANGOK-31549479-grafico-640x640.webp 640w, https:\/\/arteconfort.com\/wp-content\/uploads\/2024\/06\/ventilador-BANGOK-31549479-grafico-960x960.webp 960w, https:\/\/arteconfort.com\/wp-content\/uploads\/2024\/06\/ventilador-BANGOK-31549479-grafico-133x133.webp 133w, https:\/\/arteconfort.com\/wp-content\/uploads\/2024\/06\/ventilador-BANGOK-31549479-grafico-300x300.webp 300w, https:\/\/arteconfort.com\/wp-content\/uploads\/2024\/06\/ventilador-BANGOK-31549479-grafico-600x600.webp 600w, https:\/\/arteconfort.com\/wp-content\/uploads\/2024\/06\/ventilador-BANGOK-31549479-grafico-100x100.webp 100w\" sizes=\"auto, (max-width: 1024px) 100vw, 1024px\" \/><img loading=\"lazy\" decoding=\"async\" width=\"1024\" height=\"1024\" src=\"https:\/\/arteconfort.com\/wp-content\/uploads\/2024\/06\/BANGOK-luces.webp\" class=\"attachment-shop_catalog size-shop_catalog\" alt=\"BANGOK luces\" srcset=\"https:\/\/arteconfort.com\/wp-content\/uploads\/2024\/06\/BANGOK-luces.webp 1024w, https:\/\/arteconfort.com\/wp-content\/uploads\/2024\/06\/BANGOK-luces-768x768.webp 768w, https:\/\/arteconfort.com\/wp-content\/uploads\/2024\/06\/BANGOK-luces-340x340.webp 340w, https:\/\/arteconfort.com\/wp-content\/uploads\/2024\/06\/BANGOK-luces-640x640.webp 640w, https:\/\/arteconfort.com\/wp-content\/uploads\/2024\/06\/BANGOK-luces-960x960.webp 960w, https:\/\/arteconfort.com\/wp-content\/uploads\/2024\/06\/BANGOK-luces-133x133.webp 133w, https:\/\/arteconfort.com\/wp-content\/uploads\/2024\/06\/BANGOK-luces-300x300.webp 300w, https:\/\/arteconfort.com\/wp-content\/uploads\/2024\/06\/BANGOK-luces-600x600.webp 600w, https:\/\/arteconfort.com\/wp-content\/uploads\/2024\/06\/BANGOK-luces-100x100.webp 100w\" sizes=\"auto, (max-width: 1024px) 100vw, 1024px\" \/><img loading=\"lazy\" decoding=\"async\" width=\"1024\" height=\"1024\" src=\"https:\/\/arteconfort.com\/wp-content\/uploads\/2024\/06\/ventilador-BANGOK-31549479-ambiente-2.webp\" class=\"attachment-shop_catalog size-shop_catalog\" alt=\"Ventilador BANGOK ambiente luz calida\" srcset=\"https:\/\/arteconfort.com\/wp-content\/uploads\/2024\/06\/ventilador-BANGOK-31549479-ambiente-2.webp 1024w, https:\/\/arteconfort.com\/wp-content\/uploads\/2024\/06\/ventilador-BANGOK-31549479-ambiente-2-768x768.webp 768w, https:\/\/arteconfort.com\/wp-content\/uploads\/2024\/06\/ventilador-BANGOK-31549479-ambiente-2-340x340.webp 340w, https:\/\/arteconfort.com\/wp-content\/uploads\/2024\/06\/ventilador-BANGOK-31549479-ambiente-2-640x640.webp 640w, https:\/\/arteconfort.com\/wp-content\/uploads\/2024\/06\/ventilador-BANGOK-31549479-ambiente-2-960x960.webp 960w, https:\/\/arteconfort.com\/wp-content\/uploads\/2024\/06\/ventilador-BANGOK-31549479-ambiente-2-133x133.webp 133w, https:\/\/arteconfort.com\/wp-content\/uploads\/2024\/06\/ventilador-BANGOK-31549479-ambiente-2-300x300.webp 300w, https:\/\/arteconfort.com\/wp-content\/uploads\/2024\/06\/ventilador-BANGOK-31549479-ambiente-2-600x600.webp 600w, https:\/\/arteconfort.com\/wp-content\/uploads\/2024\/06\/ventilador-BANGOK-31549479-ambiente-2-100x100.webp 100w\" sizes=\"auto, (max-width: 1024px) 100vw, 1024px\" \/><img loading=\"lazy\" decoding=\"async\" width=\"1024\" height=\"1024\" src=\"https:\/\/arteconfort.com\/wp-content\/uploads\/2024\/06\/ventilador-BANGOK-31549479-ambiente-4.webp\" class=\"attachment-shop_catalog size-shop_catalog\" alt=\"Ventilador BANGOK ambiente luz neutra\" srcset=\"https:\/\/arteconfort.com\/wp-content\/uploads\/2024\/06\/ventilador-BANGOK-31549479-ambiente-4.webp 1024w, https:\/\/arteconfort.com\/wp-content\/uploads\/2024\/06\/ventilador-BANGOK-31549479-ambiente-4-768x768.webp 768w, https:\/\/arteconfort.com\/wp-content\/uploads\/2024\/06\/ventilador-BANGOK-31549479-ambiente-4-340x340.webp 340w, https:\/\/arteconfort.com\/wp-content\/uploads\/2024\/06\/ventilador-BANGOK-31549479-ambiente-4-640x640.webp 640w, https:\/\/arteconfort.com\/wp-content\/uploads\/2024\/06\/ventilador-BANGOK-31549479-ambiente-4-960x960.webp 960w, https:\/\/arteconfort.com\/wp-content\/uploads\/2024\/06\/ventilador-BANGOK-31549479-ambiente-4-133x133.webp 133w, https:\/\/arteconfort.com\/wp-content\/uploads\/2024\/06\/ventilador-BANGOK-31549479-ambiente-4-300x300.webp 300w, https:\/\/arteconfort.com\/wp-content\/uploads\/2024\/06\/ventilador-BANGOK-31549479-ambiente-4-600x600.webp 600w, https:\/\/arteconfort.com\/wp-content\/uploads\/2024\/06\/ventilador-BANGOK-31549479-ambiente-4-100x100.webp 100w\" sizes=\"auto, (max-width: 1024px) 100vw, 1024px\" \/><img loading=\"lazy\" decoding=\"async\" width=\"1024\" height=\"1024\" src=\"https:\/\/arteconfort.com\/wp-content\/uploads\/2024\/06\/ventilador-BANGOK-31549479-ambiente-3.webp\" class=\"attachment-shop_catalog size-shop_catalog\" alt=\"Ventilador BANGOK ambiente luz neutra tenue\" srcset=\"https:\/\/arteconfort.com\/wp-content\/uploads\/2024\/06\/ventilador-BANGOK-31549479-ambiente-3.webp 1024w, https:\/\/arteconfort.com\/wp-content\/uploads\/2024\/06\/ventilador-BANGOK-31549479-ambiente-3-768x768.webp 768w, https:\/\/arteconfort.com\/wp-content\/uploads\/2024\/06\/ventilador-BANGOK-31549479-ambiente-3-340x340.webp 340w, https:\/\/arteconfort.com\/wp-content\/uploads\/2024\/06\/ventilador-BANGOK-31549479-ambiente-3-640x640.webp 640w, https:\/\/arteconfort.com\/wp-content\/uploads\/2024\/06\/ventilador-BANGOK-31549479-ambiente-3-960x960.webp 960w, https:\/\/arteconfort.com\/wp-content\/uploads\/2024\/06\/ventilador-BANGOK-31549479-ambiente-3-133x133.webp 133w, https:\/\/arteconfort.com\/wp-content\/uploads\/2024\/06\/ventilador-BANGOK-31549479-ambiente-3-300x300.webp 300w, https:\/\/arteconfort.com\/wp-content\/uploads\/2024\/06\/ventilador-BANGOK-31549479-ambiente-3-600x600.webp 600w, https:\/\/arteconfort.com\/wp-content\/uploads\/2024\/06\/ventilador-BANGOK-31549479-ambiente-3-100x100.webp 100w\" sizes=\"auto, (max-width: 1024px) 100vw, 1024px\" \/><img loading=\"lazy\" decoding=\"async\" width=\"1024\" height=\"1024\" src=\"https:\/\/arteconfort.com\/wp-content\/uploads\/2024\/06\/ventilador-BANGOK-31549479-ambiente-5.webp\" class=\"attachment-shop_catalog size-shop_catalog\" alt=\"Ventilador BANGOK ambiente luz fria\" srcset=\"https:\/\/arteconfort.com\/wp-content\/uploads\/2024\/06\/ventilador-BANGOK-31549479-ambiente-5.webp 1024w, https:\/\/arteconfort.com\/wp-content\/uploads\/2024\/06\/ventilador-BANGOK-31549479-ambiente-5-768x768.webp 768w, https:\/\/arteconfort.com\/wp-content\/uploads\/2024\/06\/ventilador-BANGOK-31549479-ambiente-5-340x340.webp 340w, https:\/\/arteconfort.com\/wp-content\/uploads\/2024\/06\/ventilador-BANGOK-31549479-ambiente-5-640x640.webp 640w, https:\/\/arteconfort.com\/wp-content\/uploads\/2024\/06\/ventilador-BANGOK-31549479-ambiente-5-960x960.webp 960w, https:\/\/arteconfort.com\/wp-content\/uploads\/2024\/06\/ventilador-BANGOK-31549479-ambiente-5-133x133.webp 133w, https:\/\/arteconfort.com\/wp-content\/uploads\/2024\/06\/ventilador-BANGOK-31549479-ambiente-5-300x300.webp 300w, https:\/\/arteconfort.com\/wp-content\/uploads\/2024\/06\/ventilador-BANGOK-31549479-ambiente-5-600x600.webp 600w, https:\/\/arteconfort.com\/wp-content\/uploads\/2024\/06\/ventilador-BANGOK-31549479-ambiente-5-100x100.webp 100w\" sizes=\"auto, (max-width: 1024px) 100vw, 1024px\" \/>\t<\/a>\n\t<div class=\"w-product-status\"><\/div>\t<span id=\"woocommerce_loop_add_to_cart_link_describedby_42839\" class=\"screen-reader-text\">\n\t\t\t<\/span>\n<\/div><figcaption><h2 class=\"woocommerce-loop-product__title\">BANGOK<\/h2><div class=\"woocommerce-product-details__short-description\">\n\t<p>The BANGOK ceiling fan incorporates LED light and color temperature memory. It has a body made of ABS,<\/div>\n\n<\/figcaption><\/figure><\/li>\n<li class=\"product type-product post-21832 status-publish instock product_cat-climatizacion-en product_cat-ventiladores-de-techo-en has-post-thumbnail shipping-taxable product-type-external w-item col-3\">\n\t<figure><div class=\"image-wrapper\">\t\t<a href=\"https:\/\/arteconfort.com\/en\/producto\/baquio\/\" class=\"w-fadeslider\">\n\t<img loading=\"lazy\" decoding=\"async\" width=\"1024\" height=\"1024\" src=\"https:\/\/arteconfort.com\/wp-content\/uploads\/2023\/10\/BAQUIO.webp\" class=\"attachment-shop_catalog size-shop_catalog wp-post-image\" alt=\"\" srcset=\"https:\/\/arteconfort.com\/wp-content\/uploads\/2023\/10\/BAQUIO.webp 1024w, https:\/\/arteconfort.com\/wp-content\/uploads\/2023\/10\/BAQUIO-768x768.webp 768w, https:\/\/arteconfort.com\/wp-content\/uploads\/2023\/10\/BAQUIO-340x340.webp 340w, https:\/\/arteconfort.com\/wp-content\/uploads\/2023\/10\/BAQUIO-640x640.webp 640w, https:\/\/arteconfort.com\/wp-content\/uploads\/2023\/10\/BAQUIO-960x960.webp 960w, https:\/\/arteconfort.com\/wp-content\/uploads\/2023\/10\/BAQUIO-300x300.webp 300w, https:\/\/arteconfort.com\/wp-content\/uploads\/2023\/10\/BAQUIO-600x600.webp 600w, https:\/\/arteconfort.com\/wp-content\/uploads\/2023\/10\/BAQUIO-100x100.webp 100w, https:\/\/arteconfort.com\/wp-content\/uploads\/2023\/10\/BAQUIO-133x133.webp 133w\" sizes=\"auto, (max-width: 1024px) 100vw, 1024px\" \/>\t<img loading=\"lazy\" decoding=\"async\" width=\"1024\" height=\"1024\" src=\"https:\/\/arteconfort.com\/wp-content\/uploads\/2023\/10\/BAQUIO-MANDO.webp\" class=\"attachment-shop_catalog size-shop_catalog\" alt=\"\" srcset=\"https:\/\/arteconfort.com\/wp-content\/uploads\/2023\/10\/BAQUIO-MANDO.webp 1024w, https:\/\/arteconfort.com\/wp-content\/uploads\/2023\/10\/BAQUIO-MANDO-768x768.webp 768w, https:\/\/arteconfort.com\/wp-content\/uploads\/2023\/10\/BAQUIO-MANDO-340x340.webp 340w, https:\/\/arteconfort.com\/wp-content\/uploads\/2023\/10\/BAQUIO-MANDO-640x640.webp 640w, https:\/\/arteconfort.com\/wp-content\/uploads\/2023\/10\/BAQUIO-MANDO-960x960.webp 960w, https:\/\/arteconfort.com\/wp-content\/uploads\/2023\/10\/BAQUIO-MANDO-133x133.webp 133w, https:\/\/arteconfort.com\/wp-content\/uploads\/2023\/10\/BAQUIO-MANDO-300x300.webp 300w, https:\/\/arteconfort.com\/wp-content\/uploads\/2023\/10\/BAQUIO-MANDO-600x600.webp 600w, https:\/\/arteconfort.com\/wp-content\/uploads\/2023\/10\/BAQUIO-MANDO-100x100.webp 100w\" sizes=\"auto, (max-width: 1024px) 100vw, 1024px\" \/><img loading=\"lazy\" decoding=\"async\" width=\"1024\" height=\"1024\" src=\"https:\/\/arteconfort.com\/wp-content\/uploads\/2023\/10\/ambiente-BAQUIO.webp\" class=\"attachment-shop_catalog size-shop_catalog\" alt=\"\" srcset=\"https:\/\/arteconfort.com\/wp-content\/uploads\/2023\/10\/ambiente-BAQUIO.webp 1024w, https:\/\/arteconfort.com\/wp-content\/uploads\/2023\/10\/ambiente-BAQUIO-768x768.webp 768w, https:\/\/arteconfort.com\/wp-content\/uploads\/2023\/10\/ambiente-BAQUIO-340x340.webp 340w, https:\/\/arteconfort.com\/wp-content\/uploads\/2023\/10\/ambiente-BAQUIO-640x640.webp 640w, https:\/\/arteconfort.com\/wp-content\/uploads\/2023\/10\/ambiente-BAQUIO-960x960.webp 960w, https:\/\/arteconfort.com\/wp-content\/uploads\/2023\/10\/ambiente-BAQUIO-133x133.webp 133w, https:\/\/arteconfort.com\/wp-content\/uploads\/2023\/10\/ambiente-BAQUIO-300x300.webp 300w, https:\/\/arteconfort.com\/wp-content\/uploads\/2023\/10\/ambiente-BAQUIO-600x600.webp 600w, https:\/\/arteconfort.com\/wp-content\/uploads\/2023\/10\/ambiente-BAQUIO-100x100.webp 100w\" sizes=\"auto, (max-width: 1024px) 100vw, 1024px\" \/>\t<\/a>\n\t<div class=\"w-product-status\"><\/div>\t<span id=\"woocommerce_loop_add_to_cart_link_describedby_21832\" class=\"screen-reader-text\">\n\t\t\t<\/span>\n<\/div><figcaption><h2 class=\"woocommerce-loop-product__title\">BAQUIO<\/h2><div class=\"woocommerce-product-details__short-description\">\n\t<p>Baquio ceiling fan with integrated LED light and colour temperature memory. It has a metal body and 3<\/div>\n\n<\/figcaption><\/figure><\/li>\n<li class=\"product type-product post-47602 status-publish instock product_cat-climatizacion-en product_cat-ventiladores-de-techo-en has-post-thumbnail shipping-taxable product-type-simple w-item col-3\">\n\t<figure><div class=\"image-wrapper\">\t\t<a href=\"https:\/\/arteconfort.com\/en\/producto\/baran\/\" class=\"w-fadeslider\">\n\t<img loading=\"lazy\" decoding=\"async\" width=\"1024\" height=\"1024\" src=\"https:\/\/arteconfort.com\/wp-content\/uploads\/2025\/06\/BARAN-Producto-Mando-01.webp\" class=\"attachment-shop_catalog size-shop_catalog wp-post-image\" alt=\"\" srcset=\"https:\/\/arteconfort.com\/wp-content\/uploads\/2025\/06\/BARAN-Producto-Mando-01.webp 1024w, https:\/\/arteconfort.com\/wp-content\/uploads\/2025\/06\/BARAN-Producto-Mando-01-768x768.webp 768w, https:\/\/arteconfort.com\/wp-content\/uploads\/2025\/06\/BARAN-Producto-Mando-01-340x340.webp 340w, https:\/\/arteconfort.com\/wp-content\/uploads\/2025\/06\/BARAN-Producto-Mando-01-640x640.webp 640w, https:\/\/arteconfort.com\/wp-content\/uploads\/2025\/06\/BARAN-Producto-Mando-01-960x960.webp 960w, https:\/\/arteconfort.com\/wp-content\/uploads\/2025\/06\/BARAN-Producto-Mando-01-300x300.webp 300w, https:\/\/arteconfort.com\/wp-content\/uploads\/2025\/06\/BARAN-Producto-Mando-01-600x600.webp 600w, https:\/\/arteconfort.com\/wp-content\/uploads\/2025\/06\/BARAN-Producto-Mando-01-100x100.webp 100w\" sizes=\"auto, (max-width: 1024px) 100vw, 1024px\" \/>\t<img loading=\"lazy\" decoding=\"async\" width=\"1024\" height=\"1024\" src=\"https:\/\/arteconfort.com\/wp-content\/uploads\/2025\/06\/BARAN-Cerrado-04.webp\" class=\"attachment-shop_catalog size-shop_catalog\" alt=\"\" srcset=\"https:\/\/arteconfort.com\/wp-content\/uploads\/2025\/06\/BARAN-Cerrado-04.webp 1024w, https:\/\/arteconfort.com\/wp-content\/uploads\/2025\/06\/BARAN-Cerrado-04-768x768.webp 768w, https:\/\/arteconfort.com\/wp-content\/uploads\/2025\/06\/BARAN-Cerrado-04-340x340.webp 340w, https:\/\/arteconfort.com\/wp-content\/uploads\/2025\/06\/BARAN-Cerrado-04-640x640.webp 640w, https:\/\/arteconfort.com\/wp-content\/uploads\/2025\/06\/BARAN-Cerrado-04-960x960.webp 960w, https:\/\/arteconfort.com\/wp-content\/uploads\/2025\/06\/BARAN-Cerrado-04-300x300.webp 300w, https:\/\/arteconfort.com\/wp-content\/uploads\/2025\/06\/BARAN-Cerrado-04-600x600.webp 600w, https:\/\/arteconfort.com\/wp-content\/uploads\/2025\/06\/BARAN-Cerrado-04-100x100.webp 100w\" sizes=\"auto, (max-width: 1024px) 100vw, 1024px\" \/><img loading=\"lazy\" decoding=\"async\" width=\"1024\" height=\"1024\" src=\"https:\/\/arteconfort.com\/wp-content\/uploads\/2025\/06\/Baran_Abierto_Lateral.webp\" class=\"attachment-shop_catalog size-shop_catalog\" alt=\"\" srcset=\"https:\/\/arteconfort.com\/wp-content\/uploads\/2025\/06\/Baran_Abierto_Lateral.webp 1024w, https:\/\/arteconfort.com\/wp-content\/uploads\/2025\/06\/Baran_Abierto_Lateral-768x768.webp 768w, https:\/\/arteconfort.com\/wp-content\/uploads\/2025\/06\/Baran_Abierto_Lateral-340x340.webp 340w, https:\/\/arteconfort.com\/wp-content\/uploads\/2025\/06\/Baran_Abierto_Lateral-640x640.webp 640w, https:\/\/arteconfort.com\/wp-content\/uploads\/2025\/06\/Baran_Abierto_Lateral-960x960.webp 960w, https:\/\/arteconfort.com\/wp-content\/uploads\/2025\/06\/Baran_Abierto_Lateral-300x300.webp 300w, https:\/\/arteconfort.com\/wp-content\/uploads\/2025\/06\/Baran_Abierto_Lateral-600x600.webp 600w, https:\/\/arteconfort.com\/wp-content\/uploads\/2025\/06\/Baran_Abierto_Lateral-100x100.webp 100w\" sizes=\"auto, (max-width: 1024px) 100vw, 1024px\" \/><img loading=\"lazy\" decoding=\"async\" width=\"1024\" height=\"1024\" src=\"https:\/\/arteconfort.com\/wp-content\/uploads\/2025\/06\/Baran_Aspa.webp\" class=\"attachment-shop_catalog size-shop_catalog\" alt=\"\" srcset=\"https:\/\/arteconfort.com\/wp-content\/uploads\/2025\/06\/Baran_Aspa.webp 1024w, https:\/\/arteconfort.com\/wp-content\/uploads\/2025\/06\/Baran_Aspa-768x768.webp 768w, https:\/\/arteconfort.com\/wp-content\/uploads\/2025\/06\/Baran_Aspa-340x340.webp 340w, https:\/\/arteconfort.com\/wp-content\/uploads\/2025\/06\/Baran_Aspa-640x640.webp 640w, https:\/\/arteconfort.com\/wp-content\/uploads\/2025\/06\/Baran_Aspa-960x960.webp 960w, https:\/\/arteconfort.com\/wp-content\/uploads\/2025\/06\/Baran_Aspa-300x300.webp 300w, https:\/\/arteconfort.com\/wp-content\/uploads\/2025\/06\/Baran_Aspa-600x600.webp 600w, https:\/\/arteconfort.com\/wp-content\/uploads\/2025\/06\/Baran_Aspa-100x100.webp 100w\" sizes=\"auto, (max-width: 1024px) 100vw, 1024px\" \/><img loading=\"lazy\" decoding=\"async\" width=\"1024\" height=\"1024\" src=\"https:\/\/arteconfort.com\/wp-content\/uploads\/2025\/06\/Baran_Embellecedor.webp\" class=\"attachment-shop_catalog size-shop_catalog\" alt=\"\" srcset=\"https:\/\/arteconfort.com\/wp-content\/uploads\/2025\/06\/Baran_Embellecedor.webp 1024w, https:\/\/arteconfort.com\/wp-content\/uploads\/2025\/06\/Baran_Embellecedor-768x768.webp 768w, https:\/\/arteconfort.com\/wp-content\/uploads\/2025\/06\/Baran_Embellecedor-340x340.webp 340w, https:\/\/arteconfort.com\/wp-content\/uploads\/2025\/06\/Baran_Embellecedor-640x640.webp 640w, https:\/\/arteconfort.com\/wp-content\/uploads\/2025\/06\/Baran_Embellecedor-960x960.webp 960w, https:\/\/arteconfort.com\/wp-content\/uploads\/2025\/06\/Baran_Embellecedor-300x300.webp 300w, https:\/\/arteconfort.com\/wp-content\/uploads\/2025\/06\/Baran_Embellecedor-600x600.webp 600w, https:\/\/arteconfort.com\/wp-content\/uploads\/2025\/06\/Baran_Embellecedor-100x100.webp 100w\" sizes=\"auto, (max-width: 1024px) 100vw, 1024px\" \/><img loading=\"lazy\" decoding=\"async\" width=\"1024\" height=\"1024\" src=\"https:\/\/arteconfort.com\/wp-content\/uploads\/2025\/06\/BARAN-temperaturas-03.webp\" class=\"attachment-shop_catalog size-shop_catalog\" alt=\"\" srcset=\"https:\/\/arteconfort.com\/wp-content\/uploads\/2025\/06\/BARAN-temperaturas-03.webp 1024w, https:\/\/arteconfort.com\/wp-content\/uploads\/2025\/06\/BARAN-temperaturas-03-768x768.webp 768w, https:\/\/arteconfort.com\/wp-content\/uploads\/2025\/06\/BARAN-temperaturas-03-340x340.webp 340w, https:\/\/arteconfort.com\/wp-content\/uploads\/2025\/06\/BARAN-temperaturas-03-640x640.webp 640w, https:\/\/arteconfort.com\/wp-content\/uploads\/2025\/06\/BARAN-temperaturas-03-960x960.webp 960w, https:\/\/arteconfort.com\/wp-content\/uploads\/2025\/06\/BARAN-temperaturas-03-300x300.webp 300w, https:\/\/arteconfort.com\/wp-content\/uploads\/2025\/06\/BARAN-temperaturas-03-600x600.webp 600w, https:\/\/arteconfort.com\/wp-content\/uploads\/2025\/06\/BARAN-temperaturas-03-100x100.webp 100w\" sizes=\"auto, (max-width: 1024px) 100vw, 1024px\" \/><img loading=\"lazy\" decoding=\"async\" width=\"1024\" height=\"1024\" src=\"https:\/\/arteconfort.com\/wp-content\/uploads\/2025\/06\/BARAN-Grafico.webp\" class=\"attachment-shop_catalog size-shop_catalog\" alt=\"\" srcset=\"https:\/\/arteconfort.com\/wp-content\/uploads\/2025\/06\/BARAN-Grafico.webp 1024w, https:\/\/arteconfort.com\/wp-content\/uploads\/2025\/06\/BARAN-Grafico-768x768.webp 768w, https:\/\/arteconfort.com\/wp-content\/uploads\/2025\/06\/BARAN-Grafico-340x340.webp 340w, https:\/\/arteconfort.com\/wp-content\/uploads\/2025\/06\/BARAN-Grafico-640x640.webp 640w, https:\/\/arteconfort.com\/wp-content\/uploads\/2025\/06\/BARAN-Grafico-960x960.webp 960w, https:\/\/arteconfort.com\/wp-content\/uploads\/2025\/06\/BARAN-Grafico-300x300.webp 300w, https:\/\/arteconfort.com\/wp-content\/uploads\/2025\/06\/BARAN-Grafico-600x600.webp 600w, https:\/\/arteconfort.com\/wp-content\/uploads\/2025\/06\/BARAN-Grafico-100x100.webp 100w\" sizes=\"auto, (max-width: 1024px) 100vw, 1024px\" \/><img loading=\"lazy\" decoding=\"async\" width=\"1024\" height=\"1024\" src=\"https:\/\/arteconfort.com\/wp-content\/uploads\/2025\/06\/Baran_Tela.webp\" class=\"attachment-shop_catalog size-shop_catalog\" alt=\"\" srcset=\"https:\/\/arteconfort.com\/wp-content\/uploads\/2025\/06\/Baran_Tela.webp 1024w, https:\/\/arteconfort.com\/wp-content\/uploads\/2025\/06\/Baran_Tela-768x768.webp 768w, https:\/\/arteconfort.com\/wp-content\/uploads\/2025\/06\/Baran_Tela-340x340.webp 340w, https:\/\/arteconfort.com\/wp-content\/uploads\/2025\/06\/Baran_Tela-640x640.webp 640w, https:\/\/arteconfort.com\/wp-content\/uploads\/2025\/06\/Baran_Tela-960x960.webp 960w, https:\/\/arteconfort.com\/wp-content\/uploads\/2025\/06\/Baran_Tela-300x300.webp 300w, https:\/\/arteconfort.com\/wp-content\/uploads\/2025\/06\/Baran_Tela-600x600.webp 600w, https:\/\/arteconfort.com\/wp-content\/uploads\/2025\/06\/Baran_Tela-100x100.webp 100w\" sizes=\"auto, (max-width: 1024px) 100vw, 1024px\" \/>\t<\/a>\n\t<div class=\"w-product-status\"><\/div>\t<span id=\"woocommerce_loop_add_to_cart_link_describedby_47602\" class=\"screen-reader-text\">\n\t\t\t<\/span>\n<\/div><figcaption><h2 class=\"woocommerce-loop-product__title\">BARAN<\/h2><div class=\"woocommerce-product-details__short-description\">\n\t<p>The BARAN ceiling fan with hidden or retractable blades incorporates LED light and color temperature memory. It has<\/div>\n\n<\/figcaption><\/figure><\/li>\n<li class=\"product type-product post-42794 status-publish last instock product_cat-climatizacion-en product_cat-ventiladores-de-techo-en has-post-thumbnail shipping-taxable product-type-simple w-item col-3\">\n\t<figure><div class=\"image-wrapper\">\t\t<a href=\"https:\/\/arteconfort.com\/en\/producto\/beatriz-s\/\" class=\"w-fadeslider\">\n\t<img loading=\"lazy\" decoding=\"async\" width=\"1024\" height=\"1024\" src=\"https:\/\/arteconfort.com\/wp-content\/uploads\/2024\/06\/ventilador-BEATRIZ-S-foto-con-mando-a-distancia.webp\" class=\"attachment-shop_catalog size-shop_catalog wp-post-image\" alt=\"Ventilador BEATRIZ S foto con mando a distancia\" srcset=\"https:\/\/arteconfort.com\/wp-content\/uploads\/2024\/06\/ventilador-BEATRIZ-S-foto-con-mando-a-distancia.webp 1024w, https:\/\/arteconfort.com\/wp-content\/uploads\/2024\/06\/ventilador-BEATRIZ-S-foto-con-mando-a-distancia-768x768.webp 768w, https:\/\/arteconfort.com\/wp-content\/uploads\/2024\/06\/ventilador-BEATRIZ-S-foto-con-mando-a-distancia-340x340.webp 340w, https:\/\/arteconfort.com\/wp-content\/uploads\/2024\/06\/ventilador-BEATRIZ-S-foto-con-mando-a-distancia-640x640.webp 640w, https:\/\/arteconfort.com\/wp-content\/uploads\/2024\/06\/ventilador-BEATRIZ-S-foto-con-mando-a-distancia-960x960.webp 960w, https:\/\/arteconfort.com\/wp-content\/uploads\/2024\/06\/ventilador-BEATRIZ-S-foto-con-mando-a-distancia-300x300.webp 300w, https:\/\/arteconfort.com\/wp-content\/uploads\/2024\/06\/ventilador-BEATRIZ-S-foto-con-mando-a-distancia-600x600.webp 600w, https:\/\/arteconfort.com\/wp-content\/uploads\/2024\/06\/ventilador-BEATRIZ-S-foto-con-mando-a-distancia-100x100.webp 100w, https:\/\/arteconfort.com\/wp-content\/uploads\/2024\/06\/ventilador-BEATRIZ-S-foto-con-mando-a-distancia-133x133.webp 133w\" sizes=\"auto, (max-width: 1024px) 100vw, 1024px\" \/>\t<img loading=\"lazy\" decoding=\"async\" width=\"1024\" height=\"1024\" src=\"https:\/\/arteconfort.com\/wp-content\/uploads\/2024\/06\/ventilador-BEATRIZ-S-foto-ambiente-dia.webp\" class=\"attachment-shop_catalog size-shop_catalog\" alt=\"Ventilador BEATRIZ S foto ambiente dia\" srcset=\"https:\/\/arteconfort.com\/wp-content\/uploads\/2024\/06\/ventilador-BEATRIZ-S-foto-ambiente-dia.webp 1024w, https:\/\/arteconfort.com\/wp-content\/uploads\/2024\/06\/ventilador-BEATRIZ-S-foto-ambiente-dia-768x768.webp 768w, https:\/\/arteconfort.com\/wp-content\/uploads\/2024\/06\/ventilador-BEATRIZ-S-foto-ambiente-dia-340x340.webp 340w, https:\/\/arteconfort.com\/wp-content\/uploads\/2024\/06\/ventilador-BEATRIZ-S-foto-ambiente-dia-640x640.webp 640w, https:\/\/arteconfort.com\/wp-content\/uploads\/2024\/06\/ventilador-BEATRIZ-S-foto-ambiente-dia-960x960.webp 960w, https:\/\/arteconfort.com\/wp-content\/uploads\/2024\/06\/ventilador-BEATRIZ-S-foto-ambiente-dia-133x133.webp 133w, https:\/\/arteconfort.com\/wp-content\/uploads\/2024\/06\/ventilador-BEATRIZ-S-foto-ambiente-dia-300x300.webp 300w, https:\/\/arteconfort.com\/wp-content\/uploads\/2024\/06\/ventilador-BEATRIZ-S-foto-ambiente-dia-600x600.webp 600w, https:\/\/arteconfort.com\/wp-content\/uploads\/2024\/06\/ventilador-BEATRIZ-S-foto-ambiente-dia-100x100.webp 100w\" sizes=\"auto, (max-width: 1024px) 100vw, 1024px\" \/><img loading=\"lazy\" decoding=\"async\" width=\"1024\" height=\"1024\" src=\"https:\/\/arteconfort.com\/wp-content\/uploads\/2024\/06\/ventilador-BEATRIZ-S-foto-plafon.webp\" class=\"attachment-shop_catalog size-shop_catalog\" alt=\"Ventilador BEATRIZ S foto plafon\" srcset=\"https:\/\/arteconfort.com\/wp-content\/uploads\/2024\/06\/ventilador-BEATRIZ-S-foto-plafon.webp 1024w, https:\/\/arteconfort.com\/wp-content\/uploads\/2024\/06\/ventilador-BEATRIZ-S-foto-plafon-768x768.webp 768w, https:\/\/arteconfort.com\/wp-content\/uploads\/2024\/06\/ventilador-BEATRIZ-S-foto-plafon-340x340.webp 340w, https:\/\/arteconfort.com\/wp-content\/uploads\/2024\/06\/ventilador-BEATRIZ-S-foto-plafon-640x640.webp 640w, https:\/\/arteconfort.com\/wp-content\/uploads\/2024\/06\/ventilador-BEATRIZ-S-foto-plafon-960x960.webp 960w, https:\/\/arteconfort.com\/wp-content\/uploads\/2024\/06\/ventilador-BEATRIZ-S-foto-plafon-133x133.webp 133w, https:\/\/arteconfort.com\/wp-content\/uploads\/2024\/06\/ventilador-BEATRIZ-S-foto-plafon-300x300.webp 300w, https:\/\/arteconfort.com\/wp-content\/uploads\/2024\/06\/ventilador-BEATRIZ-S-foto-plafon-600x600.webp 600w, https:\/\/arteconfort.com\/wp-content\/uploads\/2024\/06\/ventilador-BEATRIZ-S-foto-plafon-100x100.webp 100w\" sizes=\"auto, (max-width: 1024px) 100vw, 1024px\" \/><img loading=\"lazy\" decoding=\"async\" width=\"1024\" height=\"1024\" src=\"https:\/\/arteconfort.com\/wp-content\/uploads\/2024\/06\/ventilador-BEATRIZ-S-foto-aspas-plafon.webp\" class=\"attachment-shop_catalog size-shop_catalog\" alt=\"Ventilador BEATRIZ S foto aspas plafon\" srcset=\"https:\/\/arteconfort.com\/wp-content\/uploads\/2024\/06\/ventilador-BEATRIZ-S-foto-aspas-plafon.webp 1024w, https:\/\/arteconfort.com\/wp-content\/uploads\/2024\/06\/ventilador-BEATRIZ-S-foto-aspas-plafon-768x768.webp 768w, https:\/\/arteconfort.com\/wp-content\/uploads\/2024\/06\/ventilador-BEATRIZ-S-foto-aspas-plafon-340x340.webp 340w, https:\/\/arteconfort.com\/wp-content\/uploads\/2024\/06\/ventilador-BEATRIZ-S-foto-aspas-plafon-640x640.webp 640w, https:\/\/arteconfort.com\/wp-content\/uploads\/2024\/06\/ventilador-BEATRIZ-S-foto-aspas-plafon-960x960.webp 960w, https:\/\/arteconfort.com\/wp-content\/uploads\/2024\/06\/ventilador-BEATRIZ-S-foto-aspas-plafon-133x133.webp 133w, https:\/\/arteconfort.com\/wp-content\/uploads\/2024\/06\/ventilador-BEATRIZ-S-foto-aspas-plafon-300x300.webp 300w, https:\/\/arteconfort.com\/wp-content\/uploads\/2024\/06\/ventilador-BEATRIZ-S-foto-aspas-plafon-600x600.webp 600w, https:\/\/arteconfort.com\/wp-content\/uploads\/2024\/06\/ventilador-BEATRIZ-S-foto-aspas-plafon-100x100.webp 100w\" sizes=\"auto, (max-width: 1024px) 100vw, 1024px\" \/><img loading=\"lazy\" decoding=\"async\" width=\"1024\" height=\"1024\" src=\"https:\/\/arteconfort.com\/wp-content\/uploads\/2024\/06\/ventilador-BEATRIZ-S-foto-aspas-retractiles-plegadas.webp\" class=\"attachment-shop_catalog size-shop_catalog\" alt=\"Ventilador BEATRIZ S foto aspas retractiles plegadas\" srcset=\"https:\/\/arteconfort.com\/wp-content\/uploads\/2024\/06\/ventilador-BEATRIZ-S-foto-aspas-retractiles-plegadas.webp 1024w, https:\/\/arteconfort.com\/wp-content\/uploads\/2024\/06\/ventilador-BEATRIZ-S-foto-aspas-retractiles-plegadas-768x768.webp 768w, https:\/\/arteconfort.com\/wp-content\/uploads\/2024\/06\/ventilador-BEATRIZ-S-foto-aspas-retractiles-plegadas-340x340.webp 340w, https:\/\/arteconfort.com\/wp-content\/uploads\/2024\/06\/ventilador-BEATRIZ-S-foto-aspas-retractiles-plegadas-640x640.webp 640w, https:\/\/arteconfort.com\/wp-content\/uploads\/2024\/06\/ventilador-BEATRIZ-S-foto-aspas-retractiles-plegadas-960x960.webp 960w, https:\/\/arteconfort.com\/wp-content\/uploads\/2024\/06\/ventilador-BEATRIZ-S-foto-aspas-retractiles-plegadas-133x133.webp 133w, https:\/\/arteconfort.com\/wp-content\/uploads\/2024\/06\/ventilador-BEATRIZ-S-foto-aspas-retractiles-plegadas-300x300.webp 300w, https:\/\/arteconfort.com\/wp-content\/uploads\/2024\/06\/ventilador-BEATRIZ-S-foto-aspas-retractiles-plegadas-600x600.webp 600w, https:\/\/arteconfort.com\/wp-content\/uploads\/2024\/06\/ventilador-BEATRIZ-S-foto-aspas-retractiles-plegadas-100x100.webp 100w\" sizes=\"auto, (max-width: 1024px) 100vw, 1024px\" \/><img loading=\"lazy\" decoding=\"async\" width=\"1024\" height=\"1024\" src=\"https:\/\/arteconfort.com\/wp-content\/uploads\/2024\/06\/ventilador-BEATRIZ-S-foto-aspas-retractiles-desplegadas.webp\" class=\"attachment-shop_catalog size-shop_catalog\" alt=\"Ventilador BEATRIZ S foto aspas retractiles desplegadas\" srcset=\"https:\/\/arteconfort.com\/wp-content\/uploads\/2024\/06\/ventilador-BEATRIZ-S-foto-aspas-retractiles-desplegadas.webp 1024w, https:\/\/arteconfort.com\/wp-content\/uploads\/2024\/06\/ventilador-BEATRIZ-S-foto-aspas-retractiles-desplegadas-768x768.webp 768w, https:\/\/arteconfort.com\/wp-content\/uploads\/2024\/06\/ventilador-BEATRIZ-S-foto-aspas-retractiles-desplegadas-340x340.webp 340w, https:\/\/arteconfort.com\/wp-content\/uploads\/2024\/06\/ventilador-BEATRIZ-S-foto-aspas-retractiles-desplegadas-640x640.webp 640w, https:\/\/arteconfort.com\/wp-content\/uploads\/2024\/06\/ventilador-BEATRIZ-S-foto-aspas-retractiles-desplegadas-960x960.webp 960w, https:\/\/arteconfort.com\/wp-content\/uploads\/2024\/06\/ventilador-BEATRIZ-S-foto-aspas-retractiles-desplegadas-133x133.webp 133w, https:\/\/arteconfort.com\/wp-content\/uploads\/2024\/06\/ventilador-BEATRIZ-S-foto-aspas-retractiles-desplegadas-300x300.webp 300w, https:\/\/arteconfort.com\/wp-content\/uploads\/2024\/06\/ventilador-BEATRIZ-S-foto-aspas-retractiles-desplegadas-600x600.webp 600w, https:\/\/arteconfort.com\/wp-content\/uploads\/2024\/06\/ventilador-BEATRIZ-S-foto-aspas-retractiles-desplegadas-100x100.webp 100w\" sizes=\"auto, (max-width: 1024px) 100vw, 1024px\" \/><img loading=\"lazy\" decoding=\"async\" width=\"1024\" height=\"1024\" src=\"https:\/\/arteconfort.com\/wp-content\/uploads\/2024\/06\/ventilador-BEATRIZ-S-foto-aspas-plegadas.webp\" class=\"attachment-shop_catalog size-shop_catalog\" alt=\"Ventilador BEATRIZ S foto aspas plegadas\" srcset=\"https:\/\/arteconfort.com\/wp-content\/uploads\/2024\/06\/ventilador-BEATRIZ-S-foto-aspas-plegadas.webp 1024w, https:\/\/arteconfort.com\/wp-content\/uploads\/2024\/06\/ventilador-BEATRIZ-S-foto-aspas-plegadas-768x768.webp 768w, https:\/\/arteconfort.com\/wp-content\/uploads\/2024\/06\/ventilador-BEATRIZ-S-foto-aspas-plegadas-340x340.webp 340w, https:\/\/arteconfort.com\/wp-content\/uploads\/2024\/06\/ventilador-BEATRIZ-S-foto-aspas-plegadas-640x640.webp 640w, https:\/\/arteconfort.com\/wp-content\/uploads\/2024\/06\/ventilador-BEATRIZ-S-foto-aspas-plegadas-960x960.webp 960w, https:\/\/arteconfort.com\/wp-content\/uploads\/2024\/06\/ventilador-BEATRIZ-S-foto-aspas-plegadas-133x133.webp 133w, https:\/\/arteconfort.com\/wp-content\/uploads\/2024\/06\/ventilador-BEATRIZ-S-foto-aspas-plegadas-300x300.webp 300w, https:\/\/arteconfort.com\/wp-content\/uploads\/2024\/06\/ventilador-BEATRIZ-S-foto-aspas-plegadas-600x600.webp 600w, https:\/\/arteconfort.com\/wp-content\/uploads\/2024\/06\/ventilador-BEATRIZ-S-foto-aspas-plegadas-100x100.webp 100w\" sizes=\"auto, (max-width: 1024px) 100vw, 1024px\" \/><img loading=\"lazy\" decoding=\"async\" width=\"1024\" height=\"1024\" src=\"https:\/\/arteconfort.com\/wp-content\/uploads\/2024\/06\/ventilador-BEATRIZ-S-foto-aspas-desplegadas.webp\" class=\"attachment-shop_catalog size-shop_catalog\" alt=\"Ventilador BEATRIZ S foto aspas desplegadas\" srcset=\"https:\/\/arteconfort.com\/wp-content\/uploads\/2024\/06\/ventilador-BEATRIZ-S-foto-aspas-desplegadas.webp 1024w, https:\/\/arteconfort.com\/wp-content\/uploads\/2024\/06\/ventilador-BEATRIZ-S-foto-aspas-desplegadas-768x768.webp 768w, https:\/\/arteconfort.com\/wp-content\/uploads\/2024\/06\/ventilador-BEATRIZ-S-foto-aspas-desplegadas-340x340.webp 340w, https:\/\/arteconfort.com\/wp-content\/uploads\/2024\/06\/ventilador-BEATRIZ-S-foto-aspas-desplegadas-640x640.webp 640w, https:\/\/arteconfort.com\/wp-content\/uploads\/2024\/06\/ventilador-BEATRIZ-S-foto-aspas-desplegadas-960x960.webp 960w, https:\/\/arteconfort.com\/wp-content\/uploads\/2024\/06\/ventilador-BEATRIZ-S-foto-aspas-desplegadas-133x133.webp 133w, https:\/\/arteconfort.com\/wp-content\/uploads\/2024\/06\/ventilador-BEATRIZ-S-foto-aspas-desplegadas-300x300.webp 300w, https:\/\/arteconfort.com\/wp-content\/uploads\/2024\/06\/ventilador-BEATRIZ-S-foto-aspas-desplegadas-600x600.webp 600w, https:\/\/arteconfort.com\/wp-content\/uploads\/2024\/06\/ventilador-BEATRIZ-S-foto-aspas-desplegadas-100x100.webp 100w\" sizes=\"auto, (max-width: 1024px) 100vw, 1024px\" \/><img loading=\"lazy\" decoding=\"async\" width=\"1024\" height=\"1024\" src=\"https:\/\/arteconfort.com\/wp-content\/uploads\/2024\/06\/ventilador-BEATRIZ-S-foto-aspas-transparentes.webp\" class=\"attachment-shop_catalog size-shop_catalog\" alt=\"Ventilador BEATRIZ S foto aspas transparentes\" srcset=\"https:\/\/arteconfort.com\/wp-content\/uploads\/2024\/06\/ventilador-BEATRIZ-S-foto-aspas-transparentes.webp 1024w, https:\/\/arteconfort.com\/wp-content\/uploads\/2024\/06\/ventilador-BEATRIZ-S-foto-aspas-transparentes-768x768.webp 768w, https:\/\/arteconfort.com\/wp-content\/uploads\/2024\/06\/ventilador-BEATRIZ-S-foto-aspas-transparentes-340x340.webp 340w, https:\/\/arteconfort.com\/wp-content\/uploads\/2024\/06\/ventilador-BEATRIZ-S-foto-aspas-transparentes-640x640.webp 640w, https:\/\/arteconfort.com\/wp-content\/uploads\/2024\/06\/ventilador-BEATRIZ-S-foto-aspas-transparentes-960x960.webp 960w, https:\/\/arteconfort.com\/wp-content\/uploads\/2024\/06\/ventilador-BEATRIZ-S-foto-aspas-transparentes-133x133.webp 133w, https:\/\/arteconfort.com\/wp-content\/uploads\/2024\/06\/ventilador-BEATRIZ-S-foto-aspas-transparentes-300x300.webp 300w, https:\/\/arteconfort.com\/wp-content\/uploads\/2024\/06\/ventilador-BEATRIZ-S-foto-aspas-transparentes-600x600.webp 600w, https:\/\/arteconfort.com\/wp-content\/uploads\/2024\/06\/ventilador-BEATRIZ-S-foto-aspas-transparentes-100x100.webp 100w\" sizes=\"auto, (max-width: 1024px) 100vw, 1024px\" \/><img loading=\"lazy\" decoding=\"async\" width=\"1024\" height=\"1024\" src=\"https:\/\/arteconfort.com\/wp-content\/uploads\/2024\/06\/ventilador-BEATRIZ-S-foto-floron-tija-embellecedor-blanco.webp\" class=\"attachment-shop_catalog size-shop_catalog\" alt=\"Ventilador BEATRIZ S foto floron tija embellecedor blanco\" srcset=\"https:\/\/arteconfort.com\/wp-content\/uploads\/2024\/06\/ventilador-BEATRIZ-S-foto-floron-tija-embellecedor-blanco.webp 1024w, https:\/\/arteconfort.com\/wp-content\/uploads\/2024\/06\/ventilador-BEATRIZ-S-foto-floron-tija-embellecedor-blanco-768x768.webp 768w, https:\/\/arteconfort.com\/wp-content\/uploads\/2024\/06\/ventilador-BEATRIZ-S-foto-floron-tija-embellecedor-blanco-340x340.webp 340w, https:\/\/arteconfort.com\/wp-content\/uploads\/2024\/06\/ventilador-BEATRIZ-S-foto-floron-tija-embellecedor-blanco-640x640.webp 640w, https:\/\/arteconfort.com\/wp-content\/uploads\/2024\/06\/ventilador-BEATRIZ-S-foto-floron-tija-embellecedor-blanco-960x960.webp 960w, https:\/\/arteconfort.com\/wp-content\/uploads\/2024\/06\/ventilador-BEATRIZ-S-foto-floron-tija-embellecedor-blanco-133x133.webp 133w, https:\/\/arteconfort.com\/wp-content\/uploads\/2024\/06\/ventilador-BEATRIZ-S-foto-floron-tija-embellecedor-blanco-300x300.webp 300w, https:\/\/arteconfort.com\/wp-content\/uploads\/2024\/06\/ventilador-BEATRIZ-S-foto-floron-tija-embellecedor-blanco-600x600.webp 600w, https:\/\/arteconfort.com\/wp-content\/uploads\/2024\/06\/ventilador-BEATRIZ-S-foto-floron-tija-embellecedor-blanco-100x100.webp 100w\" sizes=\"auto, (max-width: 1024px) 100vw, 1024px\" \/><img loading=\"lazy\" decoding=\"async\" width=\"1024\" height=\"1024\" src=\"https:\/\/arteconfort.com\/wp-content\/uploads\/2024\/06\/Ventilador-BEATRIZ-S-foto-mando-distancia.webp\" class=\"attachment-shop_catalog size-shop_catalog\" alt=\"Ventilador BEATRIZ S foto mando distancia\" srcset=\"https:\/\/arteconfort.com\/wp-content\/uploads\/2024\/06\/Ventilador-BEATRIZ-S-foto-mando-distancia.webp 1024w, https:\/\/arteconfort.com\/wp-content\/uploads\/2024\/06\/Ventilador-BEATRIZ-S-foto-mando-distancia-768x768.webp 768w, https:\/\/arteconfort.com\/wp-content\/uploads\/2024\/06\/Ventilador-BEATRIZ-S-foto-mando-distancia-340x340.webp 340w, https:\/\/arteconfort.com\/wp-content\/uploads\/2024\/06\/Ventilador-BEATRIZ-S-foto-mando-distancia-640x640.webp 640w, https:\/\/arteconfort.com\/wp-content\/uploads\/2024\/06\/Ventilador-BEATRIZ-S-foto-mando-distancia-960x960.webp 960w, https:\/\/arteconfort.com\/wp-content\/uploads\/2024\/06\/Ventilador-BEATRIZ-S-foto-mando-distancia-133x133.webp 133w, https:\/\/arteconfort.com\/wp-content\/uploads\/2024\/06\/Ventilador-BEATRIZ-S-foto-mando-distancia-300x300.webp 300w, https:\/\/arteconfort.com\/wp-content\/uploads\/2024\/06\/Ventilador-BEATRIZ-S-foto-mando-distancia-600x600.webp 600w, https:\/\/arteconfort.com\/wp-content\/uploads\/2024\/06\/Ventilador-BEATRIZ-S-foto-mando-distancia-100x100.webp 100w\" sizes=\"auto, (max-width: 1024px) 100vw, 1024px\" \/><img loading=\"lazy\" decoding=\"async\" width=\"1024\" height=\"1024\" src=\"https:\/\/arteconfort.com\/wp-content\/uploads\/2024\/06\/ventilador-BEATRIZ-S-foto-acabado-en-tela.webp\" class=\"attachment-shop_catalog size-shop_catalog\" alt=\"Ventilador BEATRIZ S foto acabado en tela\" srcset=\"https:\/\/arteconfort.com\/wp-content\/uploads\/2024\/06\/ventilador-BEATRIZ-S-foto-acabado-en-tela.webp 1024w, https:\/\/arteconfort.com\/wp-content\/uploads\/2024\/06\/ventilador-BEATRIZ-S-foto-acabado-en-tela-768x768.webp 768w, https:\/\/arteconfort.com\/wp-content\/uploads\/2024\/06\/ventilador-BEATRIZ-S-foto-acabado-en-tela-340x340.webp 340w, https:\/\/arteconfort.com\/wp-content\/uploads\/2024\/06\/ventilador-BEATRIZ-S-foto-acabado-en-tela-640x640.webp 640w, https:\/\/arteconfort.com\/wp-content\/uploads\/2024\/06\/ventilador-BEATRIZ-S-foto-acabado-en-tela-960x960.webp 960w, https:\/\/arteconfort.com\/wp-content\/uploads\/2024\/06\/ventilador-BEATRIZ-S-foto-acabado-en-tela-133x133.webp 133w, https:\/\/arteconfort.com\/wp-content\/uploads\/2024\/06\/ventilador-BEATRIZ-S-foto-acabado-en-tela-300x300.webp 300w, https:\/\/arteconfort.com\/wp-content\/uploads\/2024\/06\/ventilador-BEATRIZ-S-foto-acabado-en-tela-600x600.webp 600w, https:\/\/arteconfort.com\/wp-content\/uploads\/2024\/06\/ventilador-BEATRIZ-S-foto-acabado-en-tela-100x100.webp 100w\" sizes=\"auto, (max-width: 1024px) 100vw, 1024px\" \/><img loading=\"lazy\" decoding=\"async\" width=\"1024\" height=\"1024\" src=\"https:\/\/arteconfort.com\/wp-content\/uploads\/2024\/06\/ventilador-BEATRIZ-S-foto-dimensiones.webp\" class=\"attachment-shop_catalog size-shop_catalog\" alt=\"Ventilador BEATRIZ S foto dimensiones\" srcset=\"https:\/\/arteconfort.com\/wp-content\/uploads\/2024\/06\/ventilador-BEATRIZ-S-foto-dimensiones.webp 1024w, https:\/\/arteconfort.com\/wp-content\/uploads\/2024\/06\/ventilador-BEATRIZ-S-foto-dimensiones-768x768.webp 768w, https:\/\/arteconfort.com\/wp-content\/uploads\/2024\/06\/ventilador-BEATRIZ-S-foto-dimensiones-340x340.webp 340w, https:\/\/arteconfort.com\/wp-content\/uploads\/2024\/06\/ventilador-BEATRIZ-S-foto-dimensiones-640x640.webp 640w, https:\/\/arteconfort.com\/wp-content\/uploads\/2024\/06\/ventilador-BEATRIZ-S-foto-dimensiones-960x960.webp 960w, https:\/\/arteconfort.com\/wp-content\/uploads\/2024\/06\/ventilador-BEATRIZ-S-foto-dimensiones-133x133.webp 133w, https:\/\/arteconfort.com\/wp-content\/uploads\/2024\/06\/ventilador-BEATRIZ-S-foto-dimensiones-300x300.webp 300w, https:\/\/arteconfort.com\/wp-content\/uploads\/2024\/06\/ventilador-BEATRIZ-S-foto-dimensiones-600x600.webp 600w, https:\/\/arteconfort.com\/wp-content\/uploads\/2024\/06\/ventilador-BEATRIZ-S-foto-dimensiones-100x100.webp 100w\" sizes=\"auto, (max-width: 1024px) 100vw, 1024px\" \/><img loading=\"lazy\" decoding=\"async\" width=\"1024\" height=\"1024\" src=\"https:\/\/arteconfort.com\/wp-content\/uploads\/2024\/06\/ventilador-BEATRIZ-S-foto-temperaturas-de-color.webp\" class=\"attachment-shop_catalog size-shop_catalog\" alt=\"Ventilador BEATRIZ S foto temperaturas de color\" srcset=\"https:\/\/arteconfort.com\/wp-content\/uploads\/2024\/06\/ventilador-BEATRIZ-S-foto-temperaturas-de-color.webp 1024w, https:\/\/arteconfort.com\/wp-content\/uploads\/2024\/06\/ventilador-BEATRIZ-S-foto-temperaturas-de-color-768x768.webp 768w, https:\/\/arteconfort.com\/wp-content\/uploads\/2024\/06\/ventilador-BEATRIZ-S-foto-temperaturas-de-color-340x340.webp 340w, https:\/\/arteconfort.com\/wp-content\/uploads\/2024\/06\/ventilador-BEATRIZ-S-foto-temperaturas-de-color-640x640.webp 640w, https:\/\/arteconfort.com\/wp-content\/uploads\/2024\/06\/ventilador-BEATRIZ-S-foto-temperaturas-de-color-960x960.webp 960w, https:\/\/arteconfort.com\/wp-content\/uploads\/2024\/06\/ventilador-BEATRIZ-S-foto-temperaturas-de-color-133x133.webp 133w, https:\/\/arteconfort.com\/wp-content\/uploads\/2024\/06\/ventilador-BEATRIZ-S-foto-temperaturas-de-color-300x300.webp 300w, https:\/\/arteconfort.com\/wp-content\/uploads\/2024\/06\/ventilador-BEATRIZ-S-foto-temperaturas-de-color-600x600.webp 600w, https:\/\/arteconfort.com\/wp-content\/uploads\/2024\/06\/ventilador-BEATRIZ-S-foto-temperaturas-de-color-100x100.webp 100w\" sizes=\"auto, (max-width: 1024px) 100vw, 1024px\" \/><img loading=\"lazy\" decoding=\"async\" width=\"1024\" height=\"1024\" src=\"https:\/\/arteconfort.com\/wp-content\/uploads\/2024\/06\/ventilador-BEATRIZ-S-foto-ambiente-luz-calida.webp\" class=\"attachment-shop_catalog size-shop_catalog\" alt=\"Ventilador BEATRIZ S foto ambiente luz calida\" srcset=\"https:\/\/arteconfort.com\/wp-content\/uploads\/2024\/06\/ventilador-BEATRIZ-S-foto-ambiente-luz-calida.webp 1024w, https:\/\/arteconfort.com\/wp-content\/uploads\/2024\/06\/ventilador-BEATRIZ-S-foto-ambiente-luz-calida-768x768.webp 768w, https:\/\/arteconfort.com\/wp-content\/uploads\/2024\/06\/ventilador-BEATRIZ-S-foto-ambiente-luz-calida-340x340.webp 340w, https:\/\/arteconfort.com\/wp-content\/uploads\/2024\/06\/ventilador-BEATRIZ-S-foto-ambiente-luz-calida-640x640.webp 640w, https:\/\/arteconfort.com\/wp-content\/uploads\/2024\/06\/ventilador-BEATRIZ-S-foto-ambiente-luz-calida-960x960.webp 960w, https:\/\/arteconfort.com\/wp-content\/uploads\/2024\/06\/ventilador-BEATRIZ-S-foto-ambiente-luz-calida-133x133.webp 133w, https:\/\/arteconfort.com\/wp-content\/uploads\/2024\/06\/ventilador-BEATRIZ-S-foto-ambiente-luz-calida-300x300.webp 300w, https:\/\/arteconfort.com\/wp-content\/uploads\/2024\/06\/ventilador-BEATRIZ-S-foto-ambiente-luz-calida-600x600.webp 600w, https:\/\/arteconfort.com\/wp-content\/uploads\/2024\/06\/ventilador-BEATRIZ-S-foto-ambiente-luz-calida-100x100.webp 100w\" sizes=\"auto, (max-width: 1024px) 100vw, 1024px\" \/><img loading=\"lazy\" decoding=\"async\" width=\"1024\" height=\"1024\" src=\"https:\/\/arteconfort.com\/wp-content\/uploads\/2024\/06\/ventilador-BEATRIZ-S-foto-ambiente-luz-neutra-tenue.webp\" class=\"attachment-shop_catalog size-shop_catalog\" alt=\"Ventilador BEATRIZ S foto ambiente luz neutra tenue\" srcset=\"https:\/\/arteconfort.com\/wp-content\/uploads\/2024\/06\/ventilador-BEATRIZ-S-foto-ambiente-luz-neutra-tenue.webp 1024w, https:\/\/arteconfort.com\/wp-content\/uploads\/2024\/06\/ventilador-BEATRIZ-S-foto-ambiente-luz-neutra-tenue-768x768.webp 768w, https:\/\/arteconfort.com\/wp-content\/uploads\/2024\/06\/ventilador-BEATRIZ-S-foto-ambiente-luz-neutra-tenue-340x340.webp 340w, https:\/\/arteconfort.com\/wp-content\/uploads\/2024\/06\/ventilador-BEATRIZ-S-foto-ambiente-luz-neutra-tenue-640x640.webp 640w, https:\/\/arteconfort.com\/wp-content\/uploads\/2024\/06\/ventilador-BEATRIZ-S-foto-ambiente-luz-neutra-tenue-960x960.webp 960w, https:\/\/arteconfort.com\/wp-content\/uploads\/2024\/06\/ventilador-BEATRIZ-S-foto-ambiente-luz-neutra-tenue-133x133.webp 133w, https:\/\/arteconfort.com\/wp-content\/uploads\/2024\/06\/ventilador-BEATRIZ-S-foto-ambiente-luz-neutra-tenue-300x300.webp 300w, https:\/\/arteconfort.com\/wp-content\/uploads\/2024\/06\/ventilador-BEATRIZ-S-foto-ambiente-luz-neutra-tenue-600x600.webp 600w, https:\/\/arteconfort.com\/wp-content\/uploads\/2024\/06\/ventilador-BEATRIZ-S-foto-ambiente-luz-neutra-tenue-100x100.webp 100w\" sizes=\"auto, (max-width: 1024px) 100vw, 1024px\" \/><img loading=\"lazy\" decoding=\"async\" width=\"1024\" height=\"1024\" src=\"https:\/\/arteconfort.com\/wp-content\/uploads\/2024\/06\/ventilador-BEATRIZ-S-foto-ambiente-luz-fria.webp\" class=\"attachment-shop_catalog size-shop_catalog\" alt=\"Ventilador BEATRIZ S foto ambiente luz fria\" srcset=\"https:\/\/arteconfort.com\/wp-content\/uploads\/2024\/06\/ventilador-BEATRIZ-S-foto-ambiente-luz-fria.webp 1024w, https:\/\/arteconfort.com\/wp-content\/uploads\/2024\/06\/ventilador-BEATRIZ-S-foto-ambiente-luz-fria-768x768.webp 768w, https:\/\/arteconfort.com\/wp-content\/uploads\/2024\/06\/ventilador-BEATRIZ-S-foto-ambiente-luz-fria-340x340.webp 340w, https:\/\/arteconfort.com\/wp-content\/uploads\/2024\/06\/ventilador-BEATRIZ-S-foto-ambiente-luz-fria-640x640.webp 640w, https:\/\/arteconfort.com\/wp-content\/uploads\/2024\/06\/ventilador-BEATRIZ-S-foto-ambiente-luz-fria-960x960.webp 960w, https:\/\/arteconfort.com\/wp-content\/uploads\/2024\/06\/ventilador-BEATRIZ-S-foto-ambiente-luz-fria-133x133.webp 133w, https:\/\/arteconfort.com\/wp-content\/uploads\/2024\/06\/ventilador-BEATRIZ-S-foto-ambiente-luz-fria-300x300.webp 300w, https:\/\/arteconfort.com\/wp-content\/uploads\/2024\/06\/ventilador-BEATRIZ-S-foto-ambiente-luz-fria-600x600.webp 600w, https:\/\/arteconfort.com\/wp-content\/uploads\/2024\/06\/ventilador-BEATRIZ-S-foto-ambiente-luz-fria-100x100.webp 100w\" sizes=\"auto, (max-width: 1024px) 100vw, 1024px\" \/><img loading=\"lazy\" decoding=\"async\" width=\"1024\" height=\"1024\" src=\"https:\/\/arteconfort.com\/wp-content\/uploads\/2024\/06\/ventilador-BEATRIZ-S-foto-ambiente-luz-neutra.webp\" class=\"attachment-shop_catalog size-shop_catalog\" alt=\"Ventilador BEATRIZ S foto ambiente luz neutra\" srcset=\"https:\/\/arteconfort.com\/wp-content\/uploads\/2024\/06\/ventilador-BEATRIZ-S-foto-ambiente-luz-neutra.webp 1024w, https:\/\/arteconfort.com\/wp-content\/uploads\/2024\/06\/ventilador-BEATRIZ-S-foto-ambiente-luz-neutra-768x768.webp 768w, https:\/\/arteconfort.com\/wp-content\/uploads\/2024\/06\/ventilador-BEATRIZ-S-foto-ambiente-luz-neutra-340x340.webp 340w, https:\/\/arteconfort.com\/wp-content\/uploads\/2024\/06\/ventilador-BEATRIZ-S-foto-ambiente-luz-neutra-640x640.webp 640w, https:\/\/arteconfort.com\/wp-content\/uploads\/2024\/06\/ventilador-BEATRIZ-S-foto-ambiente-luz-neutra-960x960.webp 960w, https:\/\/arteconfort.com\/wp-content\/uploads\/2024\/06\/ventilador-BEATRIZ-S-foto-ambiente-luz-neutra-133x133.webp 133w, https:\/\/arteconfort.com\/wp-content\/uploads\/2024\/06\/ventilador-BEATRIZ-S-foto-ambiente-luz-neutra-300x300.webp 300w, https:\/\/arteconfort.com\/wp-content\/uploads\/2024\/06\/ventilador-BEATRIZ-S-foto-ambiente-luz-neutra-600x600.webp 600w, https:\/\/arteconfort.com\/wp-content\/uploads\/2024\/06\/ventilador-BEATRIZ-S-foto-ambiente-luz-neutra-100x100.webp 100w\" sizes=\"auto, (max-width: 1024px) 100vw, 1024px\" \/>\t<\/a>\n\t<div class=\"w-product-status\"><\/div>\t<span id=\"woocommerce_loop_add_to_cart_link_describedby_42794\" class=\"screen-reader-text\">\n\t\t\t<\/span>\n<\/div><figcaption><h2 class=\"woocommerce-loop-product__title\">BEATRIZ S<\/h2><div class=\"woocommerce-product-details__short-description\">\n\t<p>The BEATRIZ S ceiling fan incorporates LED light and color temperature memory. It has a metal body with<\/div>\n\n<\/figcaption><\/figure><\/li>\n<li class=\"product type-product post-44774 status-publish first instock product_cat-climatizacion-en product_cat-ventiladores-de-techo-en has-post-thumbnail shipping-taxable product-type-simple w-item col-3\">\n\t<figure><div class=\"image-wrapper\">\t\t<a href=\"https:\/\/arteconfort.com\/en\/producto\/betel-l\/\" class=\"w-fadeslider\">\n\t<img loading=\"lazy\" decoding=\"async\" width=\"1024\" height=\"1024\" src=\"https:\/\/arteconfort.com\/wp-content\/uploads\/2025\/03\/BETEL-L-mando-01.webp\" class=\"attachment-shop_catalog size-shop_catalog wp-post-image\" alt=\"\" srcset=\"https:\/\/arteconfort.com\/wp-content\/uploads\/2025\/03\/BETEL-L-mando-01.webp 1024w, https:\/\/arteconfort.com\/wp-content\/uploads\/2025\/03\/BETEL-L-mando-01-768x768.webp 768w, https:\/\/arteconfort.com\/wp-content\/uploads\/2025\/03\/BETEL-L-mando-01-340x340.webp 340w, https:\/\/arteconfort.com\/wp-content\/uploads\/2025\/03\/BETEL-L-mando-01-640x640.webp 640w, https:\/\/arteconfort.com\/wp-content\/uploads\/2025\/03\/BETEL-L-mando-01-960x960.webp 960w, https:\/\/arteconfort.com\/wp-content\/uploads\/2025\/03\/BETEL-L-mando-01-300x300.webp 300w, https:\/\/arteconfort.com\/wp-content\/uploads\/2025\/03\/BETEL-L-mando-01-600x600.webp 600w, https:\/\/arteconfort.com\/wp-content\/uploads\/2025\/03\/BETEL-L-mando-01-100x100.webp 100w\" sizes=\"auto, (max-width: 1024px) 100vw, 1024px\" \/>\t<img loading=\"lazy\" decoding=\"async\" width=\"1024\" height=\"1024\" src=\"https:\/\/arteconfort.com\/wp-content\/uploads\/2025\/03\/BETEL-L-detalle-04.webp\" class=\"attachment-shop_catalog size-shop_catalog\" alt=\"\" srcset=\"https:\/\/arteconfort.com\/wp-content\/uploads\/2025\/03\/BETEL-L-detalle-04.webp 1024w, https:\/\/arteconfort.com\/wp-content\/uploads\/2025\/03\/BETEL-L-detalle-04-768x768.webp 768w, https:\/\/arteconfort.com\/wp-content\/uploads\/2025\/03\/BETEL-L-detalle-04-340x340.webp 340w, https:\/\/arteconfort.com\/wp-content\/uploads\/2025\/03\/BETEL-L-detalle-04-640x640.webp 640w, https:\/\/arteconfort.com\/wp-content\/uploads\/2025\/03\/BETEL-L-detalle-04-960x960.webp 960w, https:\/\/arteconfort.com\/wp-content\/uploads\/2025\/03\/BETEL-L-detalle-04-300x300.webp 300w, https:\/\/arteconfort.com\/wp-content\/uploads\/2025\/03\/BETEL-L-detalle-04-600x600.webp 600w, https:\/\/arteconfort.com\/wp-content\/uploads\/2025\/03\/BETEL-L-detalle-04-100x100.webp 100w\" sizes=\"auto, (max-width: 1024px) 100vw, 1024px\" \/><img loading=\"lazy\" decoding=\"async\" width=\"1024\" height=\"1024\" src=\"https:\/\/arteconfort.com\/wp-content\/uploads\/2025\/03\/BETEL-L-temperatura.webp\" class=\"attachment-shop_catalog size-shop_catalog\" alt=\"\" srcset=\"https:\/\/arteconfort.com\/wp-content\/uploads\/2025\/03\/BETEL-L-temperatura.webp 1024w, https:\/\/arteconfort.com\/wp-content\/uploads\/2025\/03\/BETEL-L-temperatura-768x768.webp 768w, https:\/\/arteconfort.com\/wp-content\/uploads\/2025\/03\/BETEL-L-temperatura-340x340.webp 340w, https:\/\/arteconfort.com\/wp-content\/uploads\/2025\/03\/BETEL-L-temperatura-640x640.webp 640w, https:\/\/arteconfort.com\/wp-content\/uploads\/2025\/03\/BETEL-L-temperatura-960x960.webp 960w, https:\/\/arteconfort.com\/wp-content\/uploads\/2025\/03\/BETEL-L-temperatura-300x300.webp 300w, https:\/\/arteconfort.com\/wp-content\/uploads\/2025\/03\/BETEL-L-temperatura-600x600.webp 600w, https:\/\/arteconfort.com\/wp-content\/uploads\/2025\/03\/BETEL-L-temperatura-100x100.webp 100w\" sizes=\"auto, (max-width: 1024px) 100vw, 1024px\" \/><img loading=\"lazy\" decoding=\"async\" width=\"1024\" height=\"1024\" src=\"https:\/\/arteconfort.com\/wp-content\/uploads\/2025\/03\/BETEL-L-grafico.webp\" class=\"attachment-shop_catalog size-shop_catalog\" alt=\"\" srcset=\"https:\/\/arteconfort.com\/wp-content\/uploads\/2025\/03\/BETEL-L-grafico.webp 1024w, https:\/\/arteconfort.com\/wp-content\/uploads\/2025\/03\/BETEL-L-grafico-768x768.webp 768w, https:\/\/arteconfort.com\/wp-content\/uploads\/2025\/03\/BETEL-L-grafico-340x340.webp 340w, https:\/\/arteconfort.com\/wp-content\/uploads\/2025\/03\/BETEL-L-grafico-640x640.webp 640w, https:\/\/arteconfort.com\/wp-content\/uploads\/2025\/03\/BETEL-L-grafico-960x960.webp 960w, https:\/\/arteconfort.com\/wp-content\/uploads\/2025\/03\/BETEL-L-grafico-300x300.webp 300w, https:\/\/arteconfort.com\/wp-content\/uploads\/2025\/03\/BETEL-L-grafico-600x600.webp 600w, https:\/\/arteconfort.com\/wp-content\/uploads\/2025\/03\/BETEL-L-grafico-100x100.webp 100w\" sizes=\"auto, (max-width: 1024px) 100vw, 1024px\" \/>\t<\/a>\n\t<div class=\"w-product-status\"><\/div>\t<span id=\"woocommerce_loop_add_to_cart_link_describedby_44774\" class=\"screen-reader-text\">\n\t\t\t<\/span>\n<\/div><figcaption><h2 class=\"woocommerce-loop-product__title\">BETEL L<\/h2><div class=\"woocommerce-product-details__short-description\">\n\t<p>BETEL L retractable fan with integrated LED light, high luminous flux and color temperature memory. It has a<\/div>\n\n<\/figcaption><\/figure><\/li>\n<li class=\"product type-product post-44816 status-publish instock product_cat-climatizacion-en product_cat-ventiladores-de-techo-en has-post-thumbnail shipping-taxable product-type-simple w-item col-3\">\n\t<figure><div class=\"image-wrapper\">\t\t<a href=\"https:\/\/arteconfort.com\/en\/producto\/betel-m\/\" class=\"w-fadeslider\">\n\t<img loading=\"lazy\" decoding=\"async\" width=\"1024\" height=\"1024\" src=\"https:\/\/arteconfort.com\/wp-content\/uploads\/2025\/03\/BETEL-M-mando-01.webp\" class=\"attachment-shop_catalog size-shop_catalog wp-post-image\" alt=\"\" srcset=\"https:\/\/arteconfort.com\/wp-content\/uploads\/2025\/03\/BETEL-M-mando-01.webp 1024w, https:\/\/arteconfort.com\/wp-content\/uploads\/2025\/03\/BETEL-M-mando-01-768x768.webp 768w, https:\/\/arteconfort.com\/wp-content\/uploads\/2025\/03\/BETEL-M-mando-01-340x340.webp 340w, https:\/\/arteconfort.com\/wp-content\/uploads\/2025\/03\/BETEL-M-mando-01-640x640.webp 640w, https:\/\/arteconfort.com\/wp-content\/uploads\/2025\/03\/BETEL-M-mando-01-960x960.webp 960w, https:\/\/arteconfort.com\/wp-content\/uploads\/2025\/03\/BETEL-M-mando-01-300x300.webp 300w, https:\/\/arteconfort.com\/wp-content\/uploads\/2025\/03\/BETEL-M-mando-01-600x600.webp 600w, https:\/\/arteconfort.com\/wp-content\/uploads\/2025\/03\/BETEL-M-mando-01-100x100.webp 100w\" sizes=\"auto, (max-width: 1024px) 100vw, 1024px\" \/>\t<img loading=\"lazy\" decoding=\"async\" width=\"1024\" height=\"1024\" src=\"https:\/\/arteconfort.com\/wp-content\/uploads\/2025\/03\/BETEL-M-detalle-04.webp\" class=\"attachment-shop_catalog size-shop_catalog\" alt=\"\" srcset=\"https:\/\/arteconfort.com\/wp-content\/uploads\/2025\/03\/BETEL-M-detalle-04.webp 1024w, https:\/\/arteconfort.com\/wp-content\/uploads\/2025\/03\/BETEL-M-detalle-04-768x768.webp 768w, https:\/\/arteconfort.com\/wp-content\/uploads\/2025\/03\/BETEL-M-detalle-04-340x340.webp 340w, https:\/\/arteconfort.com\/wp-content\/uploads\/2025\/03\/BETEL-M-detalle-04-640x640.webp 640w, https:\/\/arteconfort.com\/wp-content\/uploads\/2025\/03\/BETEL-M-detalle-04-960x960.webp 960w, https:\/\/arteconfort.com\/wp-content\/uploads\/2025\/03\/BETEL-M-detalle-04-300x300.webp 300w, https:\/\/arteconfort.com\/wp-content\/uploads\/2025\/03\/BETEL-M-detalle-04-600x600.webp 600w, https:\/\/arteconfort.com\/wp-content\/uploads\/2025\/03\/BETEL-M-detalle-04-100x100.webp 100w\" sizes=\"auto, (max-width: 1024px) 100vw, 1024px\" \/><img loading=\"lazy\" decoding=\"async\" width=\"1024\" height=\"1024\" src=\"https:\/\/arteconfort.com\/wp-content\/uploads\/2025\/03\/BETEL-M-Temperaturas.webp\" class=\"attachment-shop_catalog size-shop_catalog\" alt=\"\" srcset=\"https:\/\/arteconfort.com\/wp-content\/uploads\/2025\/03\/BETEL-M-Temperaturas.webp 1024w, https:\/\/arteconfort.com\/wp-content\/uploads\/2025\/03\/BETEL-M-Temperaturas-768x768.webp 768w, https:\/\/arteconfort.com\/wp-content\/uploads\/2025\/03\/BETEL-M-Temperaturas-340x340.webp 340w, https:\/\/arteconfort.com\/wp-content\/uploads\/2025\/03\/BETEL-M-Temperaturas-640x640.webp 640w, https:\/\/arteconfort.com\/wp-content\/uploads\/2025\/03\/BETEL-M-Temperaturas-960x960.webp 960w, https:\/\/arteconfort.com\/wp-content\/uploads\/2025\/03\/BETEL-M-Temperaturas-300x300.webp 300w, https:\/\/arteconfort.com\/wp-content\/uploads\/2025\/03\/BETEL-M-Temperaturas-600x600.webp 600w, https:\/\/arteconfort.com\/wp-content\/uploads\/2025\/03\/BETEL-M-Temperaturas-100x100.webp 100w\" sizes=\"auto, (max-width: 1024px) 100vw, 1024px\" \/><img loading=\"lazy\" decoding=\"async\" width=\"1024\" height=\"1024\" src=\"https:\/\/arteconfort.com\/wp-content\/uploads\/2025\/03\/BETEL-M-grafico-05.webp\" class=\"attachment-shop_catalog size-shop_catalog\" alt=\"\" srcset=\"https:\/\/arteconfort.com\/wp-content\/uploads\/2025\/03\/BETEL-M-grafico-05.webp 1024w, https:\/\/arteconfort.com\/wp-content\/uploads\/2025\/03\/BETEL-M-grafico-05-768x768.webp 768w, https:\/\/arteconfort.com\/wp-content\/uploads\/2025\/03\/BETEL-M-grafico-05-340x340.webp 340w, https:\/\/arteconfort.com\/wp-content\/uploads\/2025\/03\/BETEL-M-grafico-05-640x640.webp 640w, https:\/\/arteconfort.com\/wp-content\/uploads\/2025\/03\/BETEL-M-grafico-05-960x960.webp 960w, https:\/\/arteconfort.com\/wp-content\/uploads\/2025\/03\/BETEL-M-grafico-05-300x300.webp 300w, https:\/\/arteconfort.com\/wp-content\/uploads\/2025\/03\/BETEL-M-grafico-05-600x600.webp 600w, https:\/\/arteconfort.com\/wp-content\/uploads\/2025\/03\/BETEL-M-grafico-05-100x100.webp 100w\" sizes=\"auto, (max-width: 1024px) 100vw, 1024px\" \/>\t<\/a>\n\t<div class=\"w-product-status\"><\/div>\t<span id=\"woocommerce_loop_add_to_cart_link_describedby_44816\" class=\"screen-reader-text\">\n\t\t\t<\/span>\n<\/div><figcaption><h2 class=\"woocommerce-loop-product__title\">BETEL M<\/h2><div class=\"woocommerce-product-details__short-description\">\n\t<p>BETEL M retractable fan with integrated LED light, high luminous flux and color temperature memory. Its body is<\/div>\n\n<\/figcaption><\/figure><\/li>\n<li class=\"product type-product post-44857 status-publish instock product_cat-climatizacion-en product_cat-ventiladores-de-techo-en has-post-thumbnail shipping-taxable product-type-simple w-item col-3\">\n\t<figure><div class=\"image-wrapper\">\t\t<a href=\"https:\/\/arteconfort.com\/en\/producto\/betel-s\/\" class=\"w-fadeslider\">\n\t<img loading=\"lazy\" decoding=\"async\" width=\"1024\" height=\"1024\" src=\"https:\/\/arteconfort.com\/wp-content\/uploads\/2025\/03\/BETEL-S-mando-01.webp\" class=\"attachment-shop_catalog size-shop_catalog wp-post-image\" alt=\"\" srcset=\"https:\/\/arteconfort.com\/wp-content\/uploads\/2025\/03\/BETEL-S-mando-01.webp 1024w, https:\/\/arteconfort.com\/wp-content\/uploads\/2025\/03\/BETEL-S-mando-01-768x768.webp 768w, https:\/\/arteconfort.com\/wp-content\/uploads\/2025\/03\/BETEL-S-mando-01-340x340.webp 340w, https:\/\/arteconfort.com\/wp-content\/uploads\/2025\/03\/BETEL-S-mando-01-640x640.webp 640w, https:\/\/arteconfort.com\/wp-content\/uploads\/2025\/03\/BETEL-S-mando-01-960x960.webp 960w, https:\/\/arteconfort.com\/wp-content\/uploads\/2025\/03\/BETEL-S-mando-01-300x300.webp 300w, https:\/\/arteconfort.com\/wp-content\/uploads\/2025\/03\/BETEL-S-mando-01-600x600.webp 600w, https:\/\/arteconfort.com\/wp-content\/uploads\/2025\/03\/BETEL-S-mando-01-100x100.webp 100w\" sizes=\"auto, (max-width: 1024px) 100vw, 1024px\" \/>\t<img loading=\"lazy\" decoding=\"async\" width=\"1024\" height=\"1024\" src=\"https:\/\/arteconfort.com\/wp-content\/uploads\/2025\/03\/Betel-S_Producto_cerrado.webp\" class=\"attachment-shop_catalog size-shop_catalog\" alt=\"\" srcset=\"https:\/\/arteconfort.com\/wp-content\/uploads\/2025\/03\/Betel-S_Producto_cerrado.webp 1024w, https:\/\/arteconfort.com\/wp-content\/uploads\/2025\/03\/Betel-S_Producto_cerrado-768x768.webp 768w, https:\/\/arteconfort.com\/wp-content\/uploads\/2025\/03\/Betel-S_Producto_cerrado-340x340.webp 340w, https:\/\/arteconfort.com\/wp-content\/uploads\/2025\/03\/Betel-S_Producto_cerrado-640x640.webp 640w, https:\/\/arteconfort.com\/wp-content\/uploads\/2025\/03\/Betel-S_Producto_cerrado-960x960.webp 960w, https:\/\/arteconfort.com\/wp-content\/uploads\/2025\/03\/Betel-S_Producto_cerrado-300x300.webp 300w, https:\/\/arteconfort.com\/wp-content\/uploads\/2025\/03\/Betel-S_Producto_cerrado-600x600.webp 600w, https:\/\/arteconfort.com\/wp-content\/uploads\/2025\/03\/Betel-S_Producto_cerrado-100x100.webp 100w\" sizes=\"auto, (max-width: 1024px) 100vw, 1024px\" \/><img loading=\"lazy\" decoding=\"async\" width=\"1024\" height=\"1024\" src=\"https:\/\/arteconfort.com\/wp-content\/uploads\/2025\/03\/BETEL-S-temperaturas.webp\" class=\"attachment-shop_catalog size-shop_catalog\" alt=\"\" srcset=\"https:\/\/arteconfort.com\/wp-content\/uploads\/2025\/03\/BETEL-S-temperaturas.webp 1024w, https:\/\/arteconfort.com\/wp-content\/uploads\/2025\/03\/BETEL-S-temperaturas-768x768.webp 768w, https:\/\/arteconfort.com\/wp-content\/uploads\/2025\/03\/BETEL-S-temperaturas-340x340.webp 340w, https:\/\/arteconfort.com\/wp-content\/uploads\/2025\/03\/BETEL-S-temperaturas-640x640.webp 640w, https:\/\/arteconfort.com\/wp-content\/uploads\/2025\/03\/BETEL-S-temperaturas-960x960.webp 960w, https:\/\/arteconfort.com\/wp-content\/uploads\/2025\/03\/BETEL-S-temperaturas-300x300.webp 300w, https:\/\/arteconfort.com\/wp-content\/uploads\/2025\/03\/BETEL-S-temperaturas-600x600.webp 600w, https:\/\/arteconfort.com\/wp-content\/uploads\/2025\/03\/BETEL-S-temperaturas-100x100.webp 100w\" sizes=\"auto, (max-width: 1024px) 100vw, 1024px\" \/><img loading=\"lazy\" decoding=\"async\" width=\"1024\" height=\"1024\" src=\"https:\/\/arteconfort.com\/wp-content\/uploads\/2025\/03\/BETEL-S-grafico-05.webp\" class=\"attachment-shop_catalog size-shop_catalog\" alt=\"\" srcset=\"https:\/\/arteconfort.com\/wp-content\/uploads\/2025\/03\/BETEL-S-grafico-05.webp 1024w, https:\/\/arteconfort.com\/wp-content\/uploads\/2025\/03\/BETEL-S-grafico-05-768x768.webp 768w, https:\/\/arteconfort.com\/wp-content\/uploads\/2025\/03\/BETEL-S-grafico-05-340x340.webp 340w, https:\/\/arteconfort.com\/wp-content\/uploads\/2025\/03\/BETEL-S-grafico-05-640x640.webp 640w, https:\/\/arteconfort.com\/wp-content\/uploads\/2025\/03\/BETEL-S-grafico-05-960x960.webp 960w, https:\/\/arteconfort.com\/wp-content\/uploads\/2025\/03\/BETEL-S-grafico-05-300x300.webp 300w, https:\/\/arteconfort.com\/wp-content\/uploads\/2025\/03\/BETEL-S-grafico-05-600x600.webp 600w, https:\/\/arteconfort.com\/wp-content\/uploads\/2025\/03\/BETEL-S-grafico-05-100x100.webp 100w\" sizes=\"auto, (max-width: 1024px) 100vw, 1024px\" \/>\t<\/a>\n\t<div class=\"w-product-status\"><\/div>\t<span id=\"woocommerce_loop_add_to_cart_link_describedby_44857\" class=\"screen-reader-text\">\n\t\t\t<\/span>\n<\/div><figcaption><h2 class=\"woocommerce-loop-product__title\">BETEL S<\/h2><div class=\"woocommerce-product-details__short-description\">\n\t<p>BETEL S retractable fan with integrated LED light, high luminous flux and color temperature memory. Its body is<\/div>\n\n<\/figcaption><\/figure><\/li>\n<li class=\"product type-product post-20974 status-publish last instock product_cat-climatizacion-en product_cat-collection-old-en product_cat-ventiladores-de-techo-en has-post-thumbnail shipping-taxable product-type-simple w-item col-3\">\n\t<figure><div class=\"image-wrapper\">\t\t<a href=\"https:\/\/arteconfort.com\/en\/producto\/blanes\/\" class=\"w-fadeslider\">\n\t<img loading=\"lazy\" decoding=\"async\" width=\"1024\" height=\"1024\" src=\"https:\/\/arteconfort.com\/wp-content\/uploads\/2024\/06\/ventilador-BLANES-83738628-p-01.webp\" class=\"attachment-shop_catalog size-shop_catalog wp-post-image\" alt=\"Ventilador BLANES con mando\" srcset=\"https:\/\/arteconfort.com\/wp-content\/uploads\/2024\/06\/ventilador-BLANES-83738628-p-01.webp 1024w, https:\/\/arteconfort.com\/wp-content\/uploads\/2024\/06\/ventilador-BLANES-83738628-p-01-768x768.webp 768w, https:\/\/arteconfort.com\/wp-content\/uploads\/2024\/06\/ventilador-BLANES-83738628-p-01-340x340.webp 340w, https:\/\/arteconfort.com\/wp-content\/uploads\/2024\/06\/ventilador-BLANES-83738628-p-01-640x640.webp 640w, https:\/\/arteconfort.com\/wp-content\/uploads\/2024\/06\/ventilador-BLANES-83738628-p-01-960x960.webp 960w, https:\/\/arteconfort.com\/wp-content\/uploads\/2024\/06\/ventilador-BLANES-83738628-p-01-300x300.webp 300w, https:\/\/arteconfort.com\/wp-content\/uploads\/2024\/06\/ventilador-BLANES-83738628-p-01-600x600.webp 600w, https:\/\/arteconfort.com\/wp-content\/uploads\/2024\/06\/ventilador-BLANES-83738628-p-01-100x100.webp 100w, https:\/\/arteconfort.com\/wp-content\/uploads\/2024\/06\/ventilador-BLANES-83738628-p-01-133x133.webp 133w\" sizes=\"auto, (max-width: 1024px) 100vw, 1024px\" \/>\t<img loading=\"lazy\" decoding=\"async\" width=\"1024\" height=\"1024\" src=\"https:\/\/arteconfort.com\/wp-content\/uploads\/2023\/10\/BLANES-AMBIENTE-APAGADO.webp\" class=\"attachment-shop_catalog size-shop_catalog\" alt=\"\" srcset=\"https:\/\/arteconfort.com\/wp-content\/uploads\/2023\/10\/BLANES-AMBIENTE-APAGADO.webp 1024w, https:\/\/arteconfort.com\/wp-content\/uploads\/2023\/10\/BLANES-AMBIENTE-APAGADO-768x768.webp 768w, https:\/\/arteconfort.com\/wp-content\/uploads\/2023\/10\/BLANES-AMBIENTE-APAGADO-340x340.webp 340w, https:\/\/arteconfort.com\/wp-content\/uploads\/2023\/10\/BLANES-AMBIENTE-APAGADO-640x640.webp 640w, https:\/\/arteconfort.com\/wp-content\/uploads\/2023\/10\/BLANES-AMBIENTE-APAGADO-960x960.webp 960w, https:\/\/arteconfort.com\/wp-content\/uploads\/2023\/10\/BLANES-AMBIENTE-APAGADO-133x133.webp 133w, https:\/\/arteconfort.com\/wp-content\/uploads\/2023\/10\/BLANES-AMBIENTE-APAGADO-300x300.webp 300w, https:\/\/arteconfort.com\/wp-content\/uploads\/2023\/10\/BLANES-AMBIENTE-APAGADO-600x600.webp 600w, https:\/\/arteconfort.com\/wp-content\/uploads\/2023\/10\/BLANES-AMBIENTE-APAGADO-100x100.webp 100w\" sizes=\"auto, (max-width: 1024px) 100vw, 1024px\" \/><img loading=\"lazy\" decoding=\"async\" width=\"1024\" height=\"1024\" src=\"https:\/\/arteconfort.com\/wp-content\/uploads\/2024\/06\/ventilador-BLANES-83738628-0106.webp\" class=\"attachment-shop_catalog size-shop_catalog\" alt=\"Ventilador BLANES perspectiva\" srcset=\"https:\/\/arteconfort.com\/wp-content\/uploads\/2024\/06\/ventilador-BLANES-83738628-0106.webp 1024w, https:\/\/arteconfort.com\/wp-content\/uploads\/2024\/06\/ventilador-BLANES-83738628-0106-768x768.webp 768w, https:\/\/arteconfort.com\/wp-content\/uploads\/2024\/06\/ventilador-BLANES-83738628-0106-340x340.webp 340w, https:\/\/arteconfort.com\/wp-content\/uploads\/2024\/06\/ventilador-BLANES-83738628-0106-640x640.webp 640w, https:\/\/arteconfort.com\/wp-content\/uploads\/2024\/06\/ventilador-BLANES-83738628-0106-960x960.webp 960w, https:\/\/arteconfort.com\/wp-content\/uploads\/2024\/06\/ventilador-BLANES-83738628-0106-133x133.webp 133w, https:\/\/arteconfort.com\/wp-content\/uploads\/2024\/06\/ventilador-BLANES-83738628-0106-300x300.webp 300w, https:\/\/arteconfort.com\/wp-content\/uploads\/2024\/06\/ventilador-BLANES-83738628-0106-600x600.webp 600w, https:\/\/arteconfort.com\/wp-content\/uploads\/2024\/06\/ventilador-BLANES-83738628-0106-100x100.webp 100w\" sizes=\"auto, (max-width: 1024px) 100vw, 1024px\" \/><img loading=\"lazy\" decoding=\"async\" width=\"1024\" height=\"1024\" src=\"https:\/\/arteconfort.com\/wp-content\/uploads\/2024\/06\/ventilador-BLANES-83738628-0103.webp\" class=\"attachment-shop_catalog size-shop_catalog\" alt=\"Ventilador BLANES luz apagado\" srcset=\"https:\/\/arteconfort.com\/wp-content\/uploads\/2024\/06\/ventilador-BLANES-83738628-0103.webp 1024w, https:\/\/arteconfort.com\/wp-content\/uploads\/2024\/06\/ventilador-BLANES-83738628-0103-768x768.webp 768w, https:\/\/arteconfort.com\/wp-content\/uploads\/2024\/06\/ventilador-BLANES-83738628-0103-340x340.webp 340w, https:\/\/arteconfort.com\/wp-content\/uploads\/2024\/06\/ventilador-BLANES-83738628-0103-640x640.webp 640w, https:\/\/arteconfort.com\/wp-content\/uploads\/2024\/06\/ventilador-BLANES-83738628-0103-960x960.webp 960w, https:\/\/arteconfort.com\/wp-content\/uploads\/2024\/06\/ventilador-BLANES-83738628-0103-133x133.webp 133w, https:\/\/arteconfort.com\/wp-content\/uploads\/2024\/06\/ventilador-BLANES-83738628-0103-300x300.webp 300w, https:\/\/arteconfort.com\/wp-content\/uploads\/2024\/06\/ventilador-BLANES-83738628-0103-600x600.webp 600w, https:\/\/arteconfort.com\/wp-content\/uploads\/2024\/06\/ventilador-BLANES-83738628-0103-100x100.webp 100w\" sizes=\"auto, (max-width: 1024px) 100vw, 1024px\" \/><img loading=\"lazy\" decoding=\"async\" width=\"1024\" height=\"1024\" src=\"https:\/\/arteconfort.com\/wp-content\/uploads\/2024\/06\/ventilador-BLANES-83738628-0105.webp\" class=\"attachment-shop_catalog size-shop_catalog\" alt=\"Ventilador BLANES lateral\" srcset=\"https:\/\/arteconfort.com\/wp-content\/uploads\/2024\/06\/ventilador-BLANES-83738628-0105.webp 1024w, https:\/\/arteconfort.com\/wp-content\/uploads\/2024\/06\/ventilador-BLANES-83738628-0105-768x768.webp 768w, https:\/\/arteconfort.com\/wp-content\/uploads\/2024\/06\/ventilador-BLANES-83738628-0105-340x340.webp 340w, https:\/\/arteconfort.com\/wp-content\/uploads\/2024\/06\/ventilador-BLANES-83738628-0105-640x640.webp 640w, https:\/\/arteconfort.com\/wp-content\/uploads\/2024\/06\/ventilador-BLANES-83738628-0105-960x960.webp 960w, https:\/\/arteconfort.com\/wp-content\/uploads\/2024\/06\/ventilador-BLANES-83738628-0105-133x133.webp 133w, https:\/\/arteconfort.com\/wp-content\/uploads\/2024\/06\/ventilador-BLANES-83738628-0105-300x300.webp 300w, https:\/\/arteconfort.com\/wp-content\/uploads\/2024\/06\/ventilador-BLANES-83738628-0105-600x600.webp 600w, https:\/\/arteconfort.com\/wp-content\/uploads\/2024\/06\/ventilador-BLANES-83738628-0105-100x100.webp 100w\" sizes=\"auto, (max-width: 1024px) 100vw, 1024px\" \/><img loading=\"lazy\" decoding=\"async\" width=\"1024\" height=\"1024\" src=\"https:\/\/arteconfort.com\/wp-content\/uploads\/2024\/06\/ventilador-BLANES-83738628-0104.webp\" class=\"attachment-shop_catalog size-shop_catalog\" alt=\"Ventilador BLANES planta\" srcset=\"https:\/\/arteconfort.com\/wp-content\/uploads\/2024\/06\/ventilador-BLANES-83738628-0104.webp 1024w, https:\/\/arteconfort.com\/wp-content\/uploads\/2024\/06\/ventilador-BLANES-83738628-0104-768x768.webp 768w, https:\/\/arteconfort.com\/wp-content\/uploads\/2024\/06\/ventilador-BLANES-83738628-0104-340x340.webp 340w, https:\/\/arteconfort.com\/wp-content\/uploads\/2024\/06\/ventilador-BLANES-83738628-0104-640x640.webp 640w, https:\/\/arteconfort.com\/wp-content\/uploads\/2024\/06\/ventilador-BLANES-83738628-0104-960x960.webp 960w, https:\/\/arteconfort.com\/wp-content\/uploads\/2024\/06\/ventilador-BLANES-83738628-0104-133x133.webp 133w, https:\/\/arteconfort.com\/wp-content\/uploads\/2024\/06\/ventilador-BLANES-83738628-0104-300x300.webp 300w, https:\/\/arteconfort.com\/wp-content\/uploads\/2024\/06\/ventilador-BLANES-83738628-0104-600x600.webp 600w, https:\/\/arteconfort.com\/wp-content\/uploads\/2024\/06\/ventilador-BLANES-83738628-0104-100x100.webp 100w\" sizes=\"auto, (max-width: 1024px) 100vw, 1024px\" \/><img loading=\"lazy\" decoding=\"async\" width=\"1024\" height=\"1024\" src=\"https:\/\/arteconfort.com\/wp-content\/uploads\/2024\/06\/ventilador-BLANES-83738628-0200.webp\" class=\"attachment-shop_catalog size-shop_catalog\" alt=\"Ventilador BLANES mando\" srcset=\"https:\/\/arteconfort.com\/wp-content\/uploads\/2024\/06\/ventilador-BLANES-83738628-0200.webp 1024w, https:\/\/arteconfort.com\/wp-content\/uploads\/2024\/06\/ventilador-BLANES-83738628-0200-768x768.webp 768w, https:\/\/arteconfort.com\/wp-content\/uploads\/2024\/06\/ventilador-BLANES-83738628-0200-340x340.webp 340w, https:\/\/arteconfort.com\/wp-content\/uploads\/2024\/06\/ventilador-BLANES-83738628-0200-640x640.webp 640w, https:\/\/arteconfort.com\/wp-content\/uploads\/2024\/06\/ventilador-BLANES-83738628-0200-960x960.webp 960w, https:\/\/arteconfort.com\/wp-content\/uploads\/2024\/06\/ventilador-BLANES-83738628-0200-133x133.webp 133w, https:\/\/arteconfort.com\/wp-content\/uploads\/2024\/06\/ventilador-BLANES-83738628-0200-300x300.webp 300w, https:\/\/arteconfort.com\/wp-content\/uploads\/2024\/06\/ventilador-BLANES-83738628-0200-600x600.webp 600w, https:\/\/arteconfort.com\/wp-content\/uploads\/2024\/06\/ventilador-BLANES-83738628-0200-100x100.webp 100w\" sizes=\"auto, (max-width: 1024px) 100vw, 1024px\" \/><img loading=\"lazy\" decoding=\"async\" width=\"1024\" height=\"1024\" src=\"https:\/\/arteconfort.com\/wp-content\/uploads\/2024\/06\/ventilador-BLANES-83738628-0600.webp\" class=\"attachment-shop_catalog size-shop_catalog\" alt=\"Ventilador BLANES grafico\" srcset=\"https:\/\/arteconfort.com\/wp-content\/uploads\/2024\/06\/ventilador-BLANES-83738628-0600.webp 1024w, https:\/\/arteconfort.com\/wp-content\/uploads\/2024\/06\/ventilador-BLANES-83738628-0600-768x768.webp 768w, https:\/\/arteconfort.com\/wp-content\/uploads\/2024\/06\/ventilador-BLANES-83738628-0600-340x340.webp 340w, https:\/\/arteconfort.com\/wp-content\/uploads\/2024\/06\/ventilador-BLANES-83738628-0600-640x640.webp 640w, https:\/\/arteconfort.com\/wp-content\/uploads\/2024\/06\/ventilador-BLANES-83738628-0600-960x960.webp 960w, https:\/\/arteconfort.com\/wp-content\/uploads\/2024\/06\/ventilador-BLANES-83738628-0600-133x133.webp 133w, https:\/\/arteconfort.com\/wp-content\/uploads\/2024\/06\/ventilador-BLANES-83738628-0600-300x300.webp 300w, https:\/\/arteconfort.com\/wp-content\/uploads\/2024\/06\/ventilador-BLANES-83738628-0600-600x600.webp 600w, https:\/\/arteconfort.com\/wp-content\/uploads\/2024\/06\/ventilador-BLANES-83738628-0600-100x100.webp 100w\" sizes=\"auto, (max-width: 1024px) 100vw, 1024px\" \/><img loading=\"lazy\" decoding=\"async\" width=\"1024\" height=\"1024\" src=\"https:\/\/arteconfort.com\/wp-content\/uploads\/2024\/06\/ventilador-BLANES-83738628-0101.webp\" class=\"attachment-shop_catalog size-shop_catalog\" alt=\"Ventilador BLANES luz neutra\" srcset=\"https:\/\/arteconfort.com\/wp-content\/uploads\/2024\/06\/ventilador-BLANES-83738628-0101.webp 1024w, https:\/\/arteconfort.com\/wp-content\/uploads\/2024\/06\/ventilador-BLANES-83738628-0101-768x768.webp 768w, https:\/\/arteconfort.com\/wp-content\/uploads\/2024\/06\/ventilador-BLANES-83738628-0101-340x340.webp 340w, https:\/\/arteconfort.com\/wp-content\/uploads\/2024\/06\/ventilador-BLANES-83738628-0101-640x640.webp 640w, https:\/\/arteconfort.com\/wp-content\/uploads\/2024\/06\/ventilador-BLANES-83738628-0101-960x960.webp 960w, https:\/\/arteconfort.com\/wp-content\/uploads\/2024\/06\/ventilador-BLANES-83738628-0101-133x133.webp 133w, https:\/\/arteconfort.com\/wp-content\/uploads\/2024\/06\/ventilador-BLANES-83738628-0101-300x300.webp 300w, https:\/\/arteconfort.com\/wp-content\/uploads\/2024\/06\/ventilador-BLANES-83738628-0101-600x600.webp 600w, https:\/\/arteconfort.com\/wp-content\/uploads\/2024\/06\/ventilador-BLANES-83738628-0101-100x100.webp 100w\" sizes=\"auto, (max-width: 1024px) 100vw, 1024px\" \/><img loading=\"lazy\" decoding=\"async\" width=\"1024\" height=\"1024\" src=\"https:\/\/arteconfort.com\/wp-content\/uploads\/2024\/06\/ventilador-BLANES-83738628-0102.webp\" class=\"attachment-shop_catalog size-shop_catalog\" alt=\"Ventilador BLANES luz fria\" srcset=\"https:\/\/arteconfort.com\/wp-content\/uploads\/2024\/06\/ventilador-BLANES-83738628-0102.webp 1024w, https:\/\/arteconfort.com\/wp-content\/uploads\/2024\/06\/ventilador-BLANES-83738628-0102-768x768.webp 768w, https:\/\/arteconfort.com\/wp-content\/uploads\/2024\/06\/ventilador-BLANES-83738628-0102-340x340.webp 340w, https:\/\/arteconfort.com\/wp-content\/uploads\/2024\/06\/ventilador-BLANES-83738628-0102-640x640.webp 640w, https:\/\/arteconfort.com\/wp-content\/uploads\/2024\/06\/ventilador-BLANES-83738628-0102-960x960.webp 960w, https:\/\/arteconfort.com\/wp-content\/uploads\/2024\/06\/ventilador-BLANES-83738628-0102-133x133.webp 133w, https:\/\/arteconfort.com\/wp-content\/uploads\/2024\/06\/ventilador-BLANES-83738628-0102-300x300.webp 300w, https:\/\/arteconfort.com\/wp-content\/uploads\/2024\/06\/ventilador-BLANES-83738628-0102-600x600.webp 600w, https:\/\/arteconfort.com\/wp-content\/uploads\/2024\/06\/ventilador-BLANES-83738628-0102-100x100.webp 100w\" sizes=\"auto, (max-width: 1024px) 100vw, 1024px\" \/><img loading=\"lazy\" decoding=\"async\" width=\"1024\" height=\"1024\" src=\"https:\/\/arteconfort.com\/wp-content\/uploads\/2023\/10\/BLANES-AMBIENTES-LUZNEUTRA100.webp\" class=\"attachment-shop_catalog size-shop_catalog\" alt=\"\" srcset=\"https:\/\/arteconfort.com\/wp-content\/uploads\/2023\/10\/BLANES-AMBIENTES-LUZNEUTRA100.webp 1024w, https:\/\/arteconfort.com\/wp-content\/uploads\/2023\/10\/BLANES-AMBIENTES-LUZNEUTRA100-768x768.webp 768w, https:\/\/arteconfort.com\/wp-content\/uploads\/2023\/10\/BLANES-AMBIENTES-LUZNEUTRA100-340x340.webp 340w, https:\/\/arteconfort.com\/wp-content\/uploads\/2023\/10\/BLANES-AMBIENTES-LUZNEUTRA100-640x640.webp 640w, https:\/\/arteconfort.com\/wp-content\/uploads\/2023\/10\/BLANES-AMBIENTES-LUZNEUTRA100-960x960.webp 960w, https:\/\/arteconfort.com\/wp-content\/uploads\/2023\/10\/BLANES-AMBIENTES-LUZNEUTRA100-133x133.webp 133w, https:\/\/arteconfort.com\/wp-content\/uploads\/2023\/10\/BLANES-AMBIENTES-LUZNEUTRA100-300x300.webp 300w, https:\/\/arteconfort.com\/wp-content\/uploads\/2023\/10\/BLANES-AMBIENTES-LUZNEUTRA100-600x600.webp 600w, https:\/\/arteconfort.com\/wp-content\/uploads\/2023\/10\/BLANES-AMBIENTES-LUZNEUTRA100-100x100.webp 100w\" sizes=\"auto, (max-width: 1024px) 100vw, 1024px\" \/><img loading=\"lazy\" decoding=\"async\" width=\"1024\" height=\"1024\" src=\"https:\/\/arteconfort.com\/wp-content\/uploads\/2023\/10\/BLANES-AMBIENTE-LUZNEUTRA20.webp\" class=\"attachment-shop_catalog size-shop_catalog\" alt=\"\" srcset=\"https:\/\/arteconfort.com\/wp-content\/uploads\/2023\/10\/BLANES-AMBIENTE-LUZNEUTRA20.webp 1024w, https:\/\/arteconfort.com\/wp-content\/uploads\/2023\/10\/BLANES-AMBIENTE-LUZNEUTRA20-768x768.webp 768w, https:\/\/arteconfort.com\/wp-content\/uploads\/2023\/10\/BLANES-AMBIENTE-LUZNEUTRA20-340x340.webp 340w, https:\/\/arteconfort.com\/wp-content\/uploads\/2023\/10\/BLANES-AMBIENTE-LUZNEUTRA20-640x640.webp 640w, https:\/\/arteconfort.com\/wp-content\/uploads\/2023\/10\/BLANES-AMBIENTE-LUZNEUTRA20-960x960.webp 960w, https:\/\/arteconfort.com\/wp-content\/uploads\/2023\/10\/BLANES-AMBIENTE-LUZNEUTRA20-133x133.webp 133w, https:\/\/arteconfort.com\/wp-content\/uploads\/2023\/10\/BLANES-AMBIENTE-LUZNEUTRA20-300x300.webp 300w, https:\/\/arteconfort.com\/wp-content\/uploads\/2023\/10\/BLANES-AMBIENTE-LUZNEUTRA20-600x600.webp 600w, https:\/\/arteconfort.com\/wp-content\/uploads\/2023\/10\/BLANES-AMBIENTE-LUZNEUTRA20-100x100.webp 100w\" sizes=\"auto, (max-width: 1024px) 100vw, 1024px\" \/><img loading=\"lazy\" decoding=\"async\" width=\"1024\" height=\"1024\" src=\"https:\/\/arteconfort.com\/wp-content\/uploads\/2023\/10\/BLANES-AMBIENTE-LUZFRIA.webp\" class=\"attachment-shop_catalog size-shop_catalog\" alt=\"\" srcset=\"https:\/\/arteconfort.com\/wp-content\/uploads\/2023\/10\/BLANES-AMBIENTE-LUZFRIA.webp 1024w, https:\/\/arteconfort.com\/wp-content\/uploads\/2023\/10\/BLANES-AMBIENTE-LUZFRIA-768x768.webp 768w, https:\/\/arteconfort.com\/wp-content\/uploads\/2023\/10\/BLANES-AMBIENTE-LUZFRIA-340x340.webp 340w, https:\/\/arteconfort.com\/wp-content\/uploads\/2023\/10\/BLANES-AMBIENTE-LUZFRIA-640x640.webp 640w, https:\/\/arteconfort.com\/wp-content\/uploads\/2023\/10\/BLANES-AMBIENTE-LUZFRIA-960x960.webp 960w, https:\/\/arteconfort.com\/wp-content\/uploads\/2023\/10\/BLANES-AMBIENTE-LUZFRIA-133x133.webp 133w, https:\/\/arteconfort.com\/wp-content\/uploads\/2023\/10\/BLANES-AMBIENTE-LUZFRIA-300x300.webp 300w, https:\/\/arteconfort.com\/wp-content\/uploads\/2023\/10\/BLANES-AMBIENTE-LUZFRIA-600x600.webp 600w, https:\/\/arteconfort.com\/wp-content\/uploads\/2023\/10\/BLANES-AMBIENTE-LUZFRIA-100x100.webp 100w\" sizes=\"auto, (max-width: 1024px) 100vw, 1024px\" \/><img loading=\"lazy\" decoding=\"async\" width=\"1024\" height=\"1024\" src=\"https:\/\/arteconfort.com\/wp-content\/uploads\/2023\/10\/BLANES-AMBIENTE-LUZCALIDA.webp\" class=\"attachment-shop_catalog size-shop_catalog\" alt=\"\" srcset=\"https:\/\/arteconfort.com\/wp-content\/uploads\/2023\/10\/BLANES-AMBIENTE-LUZCALIDA.webp 1024w, https:\/\/arteconfort.com\/wp-content\/uploads\/2023\/10\/BLANES-AMBIENTE-LUZCALIDA-768x768.webp 768w, https:\/\/arteconfort.com\/wp-content\/uploads\/2023\/10\/BLANES-AMBIENTE-LUZCALIDA-340x340.webp 340w, https:\/\/arteconfort.com\/wp-content\/uploads\/2023\/10\/BLANES-AMBIENTE-LUZCALIDA-640x640.webp 640w, https:\/\/arteconfort.com\/wp-content\/uploads\/2023\/10\/BLANES-AMBIENTE-LUZCALIDA-960x960.webp 960w, https:\/\/arteconfort.com\/wp-content\/uploads\/2023\/10\/BLANES-AMBIENTE-LUZCALIDA-133x133.webp 133w, https:\/\/arteconfort.com\/wp-content\/uploads\/2023\/10\/BLANES-AMBIENTE-LUZCALIDA-300x300.webp 300w, https:\/\/arteconfort.com\/wp-content\/uploads\/2023\/10\/BLANES-AMBIENTE-LUZCALIDA-600x600.webp 600w, https:\/\/arteconfort.com\/wp-content\/uploads\/2023\/10\/BLANES-AMBIENTE-LUZCALIDA-100x100.webp 100w\" sizes=\"auto, (max-width: 1024px) 100vw, 1024px\" \/>\t<\/a>\n\t<div class=\"w-product-status\"><\/div>\t<span id=\"woocommerce_loop_add_to_cart_link_describedby_20974\" class=\"screen-reader-text\">\n\t\t\t<\/span>\n<\/div><div class=\"berocket_better_labels berocket_better_labels_image\"><div class=\"berocket_better_labels_position berocket_better_labels_position_right\"><div class=\"berocket_better_labels_line berocket_better_labels_line_1\"><div class=\"berocket_better_labels_inline berocket_better_labels_inline_1\"><div class=\"br_alabel br_alabel_type_text br_alabel_template_type_css berocket_alabel_id_22611  br_alabel_better_compatibility\" style=\"\"><span  style=\"\"><i style=\"background-color: #000000; border-color: #000000;\" class=\"template-span-before \"><\/i><i style=\"background-color: #000000; border-color: #000000;\" class=\"template-i \"><\/i><i style=\"background-color: #000000; border-color: #000000;\" class=\"template-i-before \"><\/i><i style=\"background-color: #000000; border-color: #000000;\" class=\"template-i-after \"><\/i><b style=\"position: relative;z-index: 100;text-align: center;color: inherit;\">Old collection<\/b><\/span><\/div><\/div><\/div><\/div><\/div><figcaption><h2 class=\"woocommerce-loop-product__title\">BLANES<\/h2><div class=\"woocommerce-product-details__short-description\">\n\t<p>Blanes ceiling fan with integrated LED light and color temperature memory. It features a metal body, 5 wood-colored<\/div>\n\n<\/figcaption><\/figure><\/li>\n<li class=\"product type-product post-25417 status-publish first instock product_cat-climatizacion-en product_cat-collection-old-en product_cat-ventiladores-de-techo-en has-post-thumbnail shipping-taxable product-type-simple w-item col-3\">\n\t<figure><div class=\"image-wrapper\">\t\t<a href=\"https:\/\/arteconfort.com\/en\/producto\/bodeguero\/\" class=\"w-fadeslider\">\n\t<img loading=\"lazy\" decoding=\"async\" width=\"1024\" height=\"1024\" src=\"https:\/\/arteconfort.com\/wp-content\/uploads\/2024\/07\/ventilador-BODEGUERO-86536467-p-01.webp\" class=\"attachment-shop_catalog size-shop_catalog wp-post-image\" alt=\"Ventilador BODEGUERO con mando\" srcset=\"https:\/\/arteconfort.com\/wp-content\/uploads\/2024\/07\/ventilador-BODEGUERO-86536467-p-01.webp 1024w, https:\/\/arteconfort.com\/wp-content\/uploads\/2024\/07\/ventilador-BODEGUERO-86536467-p-01-768x768.webp 768w, https:\/\/arteconfort.com\/wp-content\/uploads\/2024\/07\/ventilador-BODEGUERO-86536467-p-01-340x340.webp 340w, https:\/\/arteconfort.com\/wp-content\/uploads\/2024\/07\/ventilador-BODEGUERO-86536467-p-01-640x640.webp 640w, https:\/\/arteconfort.com\/wp-content\/uploads\/2024\/07\/ventilador-BODEGUERO-86536467-p-01-960x960.webp 960w, https:\/\/arteconfort.com\/wp-content\/uploads\/2024\/07\/ventilador-BODEGUERO-86536467-p-01-300x300.webp 300w, https:\/\/arteconfort.com\/wp-content\/uploads\/2024\/07\/ventilador-BODEGUERO-86536467-p-01-600x600.webp 600w, https:\/\/arteconfort.com\/wp-content\/uploads\/2024\/07\/ventilador-BODEGUERO-86536467-p-01-100x100.webp 100w, https:\/\/arteconfort.com\/wp-content\/uploads\/2024\/07\/ventilador-BODEGUERO-86536467-p-01-133x133.webp 133w\" sizes=\"auto, (max-width: 1024px) 100vw, 1024px\" \/>\t<img loading=\"lazy\" decoding=\"async\" width=\"1024\" height=\"1024\" src=\"https:\/\/arteconfort.com\/wp-content\/uploads\/2023\/10\/BODEGUERO-ambiente.webp\" class=\"attachment-shop_catalog size-shop_catalog\" alt=\"\" srcset=\"https:\/\/arteconfort.com\/wp-content\/uploads\/2023\/10\/BODEGUERO-ambiente.webp 1024w, https:\/\/arteconfort.com\/wp-content\/uploads\/2023\/10\/BODEGUERO-ambiente-768x768.webp 768w, https:\/\/arteconfort.com\/wp-content\/uploads\/2023\/10\/BODEGUERO-ambiente-340x340.webp 340w, https:\/\/arteconfort.com\/wp-content\/uploads\/2023\/10\/BODEGUERO-ambiente-640x640.webp 640w, https:\/\/arteconfort.com\/wp-content\/uploads\/2023\/10\/BODEGUERO-ambiente-960x960.webp 960w, https:\/\/arteconfort.com\/wp-content\/uploads\/2023\/10\/BODEGUERO-ambiente-133x133.webp 133w, https:\/\/arteconfort.com\/wp-content\/uploads\/2023\/10\/BODEGUERO-ambiente-300x300.webp 300w, https:\/\/arteconfort.com\/wp-content\/uploads\/2023\/10\/BODEGUERO-ambiente-600x600.webp 600w, https:\/\/arteconfort.com\/wp-content\/uploads\/2023\/10\/BODEGUERO-ambiente-100x100.webp 100w\" sizes=\"auto, (max-width: 1024px) 100vw, 1024px\" \/><img loading=\"lazy\" decoding=\"async\" width=\"1024\" height=\"1024\" src=\"https:\/\/arteconfort.com\/wp-content\/uploads\/2024\/07\/ventilador-BODEGUERO-86536467-p-02.webp\" class=\"attachment-shop_catalog size-shop_catalog\" alt=\"Ventilador BODEGUERO perspectiva luz\" srcset=\"https:\/\/arteconfort.com\/wp-content\/uploads\/2024\/07\/ventilador-BODEGUERO-86536467-p-02.webp 1024w, https:\/\/arteconfort.com\/wp-content\/uploads\/2024\/07\/ventilador-BODEGUERO-86536467-p-02-768x768.webp 768w, https:\/\/arteconfort.com\/wp-content\/uploads\/2024\/07\/ventilador-BODEGUERO-86536467-p-02-340x340.webp 340w, https:\/\/arteconfort.com\/wp-content\/uploads\/2024\/07\/ventilador-BODEGUERO-86536467-p-02-640x640.webp 640w, https:\/\/arteconfort.com\/wp-content\/uploads\/2024\/07\/ventilador-BODEGUERO-86536467-p-02-960x960.webp 960w, https:\/\/arteconfort.com\/wp-content\/uploads\/2024\/07\/ventilador-BODEGUERO-86536467-p-02-133x133.webp 133w, https:\/\/arteconfort.com\/wp-content\/uploads\/2024\/07\/ventilador-BODEGUERO-86536467-p-02-300x300.webp 300w, https:\/\/arteconfort.com\/wp-content\/uploads\/2024\/07\/ventilador-BODEGUERO-86536467-p-02-600x600.webp 600w, https:\/\/arteconfort.com\/wp-content\/uploads\/2024\/07\/ventilador-BODEGUERO-86536467-p-02-100x100.webp 100w\" sizes=\"auto, (max-width: 1024px) 100vw, 1024px\" \/><img loading=\"lazy\" decoding=\"async\" width=\"1024\" height=\"1024\" src=\"https:\/\/arteconfort.com\/wp-content\/uploads\/2024\/07\/ventilador-BODEGUERO-86536467-p-03.webp\" class=\"attachment-shop_catalog size-shop_catalog\" alt=\"Ventilador BODEGUERO lateral cerrado\" srcset=\"https:\/\/arteconfort.com\/wp-content\/uploads\/2024\/07\/ventilador-BODEGUERO-86536467-p-03.webp 1024w, https:\/\/arteconfort.com\/wp-content\/uploads\/2024\/07\/ventilador-BODEGUERO-86536467-p-03-768x768.webp 768w, https:\/\/arteconfort.com\/wp-content\/uploads\/2024\/07\/ventilador-BODEGUERO-86536467-p-03-340x340.webp 340w, https:\/\/arteconfort.com\/wp-content\/uploads\/2024\/07\/ventilador-BODEGUERO-86536467-p-03-640x640.webp 640w, https:\/\/arteconfort.com\/wp-content\/uploads\/2024\/07\/ventilador-BODEGUERO-86536467-p-03-960x960.webp 960w, https:\/\/arteconfort.com\/wp-content\/uploads\/2024\/07\/ventilador-BODEGUERO-86536467-p-03-133x133.webp 133w, https:\/\/arteconfort.com\/wp-content\/uploads\/2024\/07\/ventilador-BODEGUERO-86536467-p-03-300x300.webp 300w, https:\/\/arteconfort.com\/wp-content\/uploads\/2024\/07\/ventilador-BODEGUERO-86536467-p-03-600x600.webp 600w, https:\/\/arteconfort.com\/wp-content\/uploads\/2024\/07\/ventilador-BODEGUERO-86536467-p-03-100x100.webp 100w\" sizes=\"auto, (max-width: 1024px) 100vw, 1024px\" \/><img loading=\"lazy\" decoding=\"async\" width=\"1024\" height=\"1024\" src=\"https:\/\/arteconfort.com\/wp-content\/uploads\/2024\/07\/ventilador-BODEGUERO-86536467-p-04.webp\" class=\"attachment-shop_catalog size-shop_catalog\" alt=\"Ventilador BODEGUERO aspas\" srcset=\"https:\/\/arteconfort.com\/wp-content\/uploads\/2024\/07\/ventilador-BODEGUERO-86536467-p-04.webp 1024w, https:\/\/arteconfort.com\/wp-content\/uploads\/2024\/07\/ventilador-BODEGUERO-86536467-p-04-768x768.webp 768w, https:\/\/arteconfort.com\/wp-content\/uploads\/2024\/07\/ventilador-BODEGUERO-86536467-p-04-340x340.webp 340w, https:\/\/arteconfort.com\/wp-content\/uploads\/2024\/07\/ventilador-BODEGUERO-86536467-p-04-640x640.webp 640w, https:\/\/arteconfort.com\/wp-content\/uploads\/2024\/07\/ventilador-BODEGUERO-86536467-p-04-960x960.webp 960w, https:\/\/arteconfort.com\/wp-content\/uploads\/2024\/07\/ventilador-BODEGUERO-86536467-p-04-133x133.webp 133w, https:\/\/arteconfort.com\/wp-content\/uploads\/2024\/07\/ventilador-BODEGUERO-86536467-p-04-300x300.webp 300w, https:\/\/arteconfort.com\/wp-content\/uploads\/2024\/07\/ventilador-BODEGUERO-86536467-p-04-600x600.webp 600w, https:\/\/arteconfort.com\/wp-content\/uploads\/2024\/07\/ventilador-BODEGUERO-86536467-p-04-100x100.webp 100w\" sizes=\"auto, (max-width: 1024px) 100vw, 1024px\" \/><img loading=\"lazy\" decoding=\"async\" width=\"1024\" height=\"1024\" src=\"https:\/\/arteconfort.com\/wp-content\/uploads\/2024\/07\/ventilador-BODEGUERO-mando.webp\" class=\"attachment-shop_catalog size-shop_catalog\" alt=\"Ventilador BODEGUERO mando\" srcset=\"https:\/\/arteconfort.com\/wp-content\/uploads\/2024\/07\/ventilador-BODEGUERO-mando.webp 1024w, https:\/\/arteconfort.com\/wp-content\/uploads\/2024\/07\/ventilador-BODEGUERO-mando-768x768.webp 768w, https:\/\/arteconfort.com\/wp-content\/uploads\/2024\/07\/ventilador-BODEGUERO-mando-340x340.webp 340w, https:\/\/arteconfort.com\/wp-content\/uploads\/2024\/07\/ventilador-BODEGUERO-mando-640x640.webp 640w, https:\/\/arteconfort.com\/wp-content\/uploads\/2024\/07\/ventilador-BODEGUERO-mando-960x960.webp 960w, https:\/\/arteconfort.com\/wp-content\/uploads\/2024\/07\/ventilador-BODEGUERO-mando-133x133.webp 133w, https:\/\/arteconfort.com\/wp-content\/uploads\/2024\/07\/ventilador-BODEGUERO-mando-300x300.webp 300w, https:\/\/arteconfort.com\/wp-content\/uploads\/2024\/07\/ventilador-BODEGUERO-mando-600x600.webp 600w, https:\/\/arteconfort.com\/wp-content\/uploads\/2024\/07\/ventilador-BODEGUERO-mando-100x100.webp 100w\" sizes=\"auto, (max-width: 1024px) 100vw, 1024px\" \/><img loading=\"lazy\" decoding=\"async\" width=\"1024\" height=\"1024\" src=\"https:\/\/arteconfort.com\/wp-content\/uploads\/2023\/10\/BODEGUERO-grafico.webp\" class=\"attachment-shop_catalog size-shop_catalog\" alt=\"\" srcset=\"https:\/\/arteconfort.com\/wp-content\/uploads\/2023\/10\/BODEGUERO-grafico.webp 1024w, https:\/\/arteconfort.com\/wp-content\/uploads\/2023\/10\/BODEGUERO-grafico-768x768.webp 768w, https:\/\/arteconfort.com\/wp-content\/uploads\/2023\/10\/BODEGUERO-grafico-340x340.webp 340w, https:\/\/arteconfort.com\/wp-content\/uploads\/2023\/10\/BODEGUERO-grafico-640x640.webp 640w, https:\/\/arteconfort.com\/wp-content\/uploads\/2023\/10\/BODEGUERO-grafico-960x960.webp 960w, https:\/\/arteconfort.com\/wp-content\/uploads\/2023\/10\/BODEGUERO-grafico-133x133.webp 133w, https:\/\/arteconfort.com\/wp-content\/uploads\/2023\/10\/BODEGUERO-grafico-300x300.webp 300w, https:\/\/arteconfort.com\/wp-content\/uploads\/2023\/10\/BODEGUERO-grafico-600x600.webp 600w, https:\/\/arteconfort.com\/wp-content\/uploads\/2023\/10\/BODEGUERO-grafico-100x100.webp 100w\" sizes=\"auto, (max-width: 1024px) 100vw, 1024px\" \/><img loading=\"lazy\" decoding=\"async\" width=\"1024\" height=\"1024\" src=\"https:\/\/arteconfort.com\/wp-content\/uploads\/2023\/10\/BODEGUERO-ambiente-3.webp\" class=\"attachment-shop_catalog size-shop_catalog\" alt=\"\" srcset=\"https:\/\/arteconfort.com\/wp-content\/uploads\/2023\/10\/BODEGUERO-ambiente-3.webp 1024w, https:\/\/arteconfort.com\/wp-content\/uploads\/2023\/10\/BODEGUERO-ambiente-3-768x768.webp 768w, https:\/\/arteconfort.com\/wp-content\/uploads\/2023\/10\/BODEGUERO-ambiente-3-340x340.webp 340w, https:\/\/arteconfort.com\/wp-content\/uploads\/2023\/10\/BODEGUERO-ambiente-3-640x640.webp 640w, https:\/\/arteconfort.com\/wp-content\/uploads\/2023\/10\/BODEGUERO-ambiente-3-960x960.webp 960w, https:\/\/arteconfort.com\/wp-content\/uploads\/2023\/10\/BODEGUERO-ambiente-3-133x133.webp 133w, https:\/\/arteconfort.com\/wp-content\/uploads\/2023\/10\/BODEGUERO-ambiente-3-300x300.webp 300w, https:\/\/arteconfort.com\/wp-content\/uploads\/2023\/10\/BODEGUERO-ambiente-3-600x600.webp 600w, https:\/\/arteconfort.com\/wp-content\/uploads\/2023\/10\/BODEGUERO-ambiente-3-100x100.webp 100w\" sizes=\"auto, (max-width: 1024px) 100vw, 1024px\" \/><img loading=\"lazy\" decoding=\"async\" width=\"1024\" height=\"1024\" src=\"https:\/\/arteconfort.com\/wp-content\/uploads\/2023\/10\/BODEGUERO-ambiente-2.webp\" class=\"attachment-shop_catalog size-shop_catalog\" alt=\"\" srcset=\"https:\/\/arteconfort.com\/wp-content\/uploads\/2023\/10\/BODEGUERO-ambiente-2.webp 1024w, https:\/\/arteconfort.com\/wp-content\/uploads\/2023\/10\/BODEGUERO-ambiente-2-768x768.webp 768w, https:\/\/arteconfort.com\/wp-content\/uploads\/2023\/10\/BODEGUERO-ambiente-2-340x340.webp 340w, https:\/\/arteconfort.com\/wp-content\/uploads\/2023\/10\/BODEGUERO-ambiente-2-640x640.webp 640w, https:\/\/arteconfort.com\/wp-content\/uploads\/2023\/10\/BODEGUERO-ambiente-2-960x960.webp 960w, https:\/\/arteconfort.com\/wp-content\/uploads\/2023\/10\/BODEGUERO-ambiente-2-133x133.webp 133w, https:\/\/arteconfort.com\/wp-content\/uploads\/2023\/10\/BODEGUERO-ambiente-2-300x300.webp 300w, https:\/\/arteconfort.com\/wp-content\/uploads\/2023\/10\/BODEGUERO-ambiente-2-600x600.webp 600w, https:\/\/arteconfort.com\/wp-content\/uploads\/2023\/10\/BODEGUERO-ambiente-2-100x100.webp 100w\" sizes=\"auto, (max-width: 1024px) 100vw, 1024px\" \/>\t<\/a>\n\t<div class=\"w-product-status\"><\/div>\t<span id=\"woocommerce_loop_add_to_cart_link_describedby_25417\" class=\"screen-reader-text\">\n\t\t\t<\/span>\n<\/div><div class=\"berocket_better_labels berocket_better_labels_image\"><div class=\"berocket_better_labels_position berocket_better_labels_position_right\"><div class=\"berocket_better_labels_line berocket_better_labels_line_1\"><div class=\"berocket_better_labels_inline berocket_better_labels_inline_1\"><div class=\"br_alabel br_alabel_type_text br_alabel_template_type_css berocket_alabel_id_22611  br_alabel_better_compatibility\" style=\"\"><span  style=\"\"><i style=\"background-color: #000000; border-color: #000000;\" class=\"template-span-before \"><\/i><i style=\"background-color: #000000; border-color: #000000;\" class=\"template-i \"><\/i><i style=\"background-color: #000000; border-color: #000000;\" class=\"template-i-before \"><\/i><i style=\"background-color: #000000; border-color: #000000;\" class=\"template-i-after \"><\/i><b style=\"position: relative;z-index: 100;text-align: center;color: inherit;\">Old collection<\/b><\/span><\/div><\/div><\/div><\/div><\/div><figcaption><h2 class=\"woocommerce-loop-product__title\">BODEGUERO<\/h2><div class=\"woocommerce-product-details__short-description\">\n\t<p>BODEGUERO folding or retractable blade fan with a black body and 3 transparent dark brown retractable blades, it<\/div>\n\n<\/figcaption><\/figure><\/li>\n<li class=\"product type-product post-10237 status-publish instock product_cat-climatizacion-en product_cat-collection-old-en product_cat-ventiladores-de-techo-en has-post-thumbnail shipping-taxable product-type-external w-item col-3\">\n\t<figure><div class=\"image-wrapper\">\t\t<a href=\"https:\/\/arteconfort.com\/en\/producto\/bora-m-pro\/\" class=\"w-fadeslider\">\n\t<img loading=\"lazy\" decoding=\"async\" width=\"1024\" height=\"1024\" src=\"https:\/\/arteconfort.com\/wp-content\/uploads\/2024\/06\/ventilador-BORA-M-PRO-83860098-p-02.webp\" class=\"attachment-shop_catalog size-shop_catalog wp-post-image\" alt=\"Ventilador BORA M PRO madera con mando\" srcset=\"https:\/\/arteconfort.com\/wp-content\/uploads\/2024\/06\/ventilador-BORA-M-PRO-83860098-p-02.webp 1024w, https:\/\/arteconfort.com\/wp-content\/uploads\/2024\/06\/ventilador-BORA-M-PRO-83860098-p-02-768x768.webp 768w, https:\/\/arteconfort.com\/wp-content\/uploads\/2024\/06\/ventilador-BORA-M-PRO-83860098-p-02-340x340.webp 340w, https:\/\/arteconfort.com\/wp-content\/uploads\/2024\/06\/ventilador-BORA-M-PRO-83860098-p-02-640x640.webp 640w, https:\/\/arteconfort.com\/wp-content\/uploads\/2024\/06\/ventilador-BORA-M-PRO-83860098-p-02-960x960.webp 960w, https:\/\/arteconfort.com\/wp-content\/uploads\/2024\/06\/ventilador-BORA-M-PRO-83860098-p-02-300x300.webp 300w, https:\/\/arteconfort.com\/wp-content\/uploads\/2024\/06\/ventilador-BORA-M-PRO-83860098-p-02-600x600.webp 600w, https:\/\/arteconfort.com\/wp-content\/uploads\/2024\/06\/ventilador-BORA-M-PRO-83860098-p-02-100x100.webp 100w, https:\/\/arteconfort.com\/wp-content\/uploads\/2024\/06\/ventilador-BORA-M-PRO-83860098-p-02-133x133.webp 133w\" sizes=\"auto, (max-width: 1024px) 100vw, 1024px\" \/>\t<img loading=\"lazy\" decoding=\"async\" width=\"1024\" height=\"1024\" src=\"https:\/\/arteconfort.com\/wp-content\/uploads\/2024\/06\/ventilador-BORA-M-PRO-83860098-p-01.webp\" class=\"attachment-shop_catalog size-shop_catalog\" alt=\"Ventilador BORA M PRO gris con mando\" srcset=\"https:\/\/arteconfort.com\/wp-content\/uploads\/2024\/06\/ventilador-BORA-M-PRO-83860098-p-01.webp 1024w, https:\/\/arteconfort.com\/wp-content\/uploads\/2024\/06\/ventilador-BORA-M-PRO-83860098-p-01-768x768.webp 768w, https:\/\/arteconfort.com\/wp-content\/uploads\/2024\/06\/ventilador-BORA-M-PRO-83860098-p-01-340x340.webp 340w, https:\/\/arteconfort.com\/wp-content\/uploads\/2024\/06\/ventilador-BORA-M-PRO-83860098-p-01-640x640.webp 640w, https:\/\/arteconfort.com\/wp-content\/uploads\/2024\/06\/ventilador-BORA-M-PRO-83860098-p-01-960x960.webp 960w, https:\/\/arteconfort.com\/wp-content\/uploads\/2024\/06\/ventilador-BORA-M-PRO-83860098-p-01-133x133.webp 133w, https:\/\/arteconfort.com\/wp-content\/uploads\/2024\/06\/ventilador-BORA-M-PRO-83860098-p-01-300x300.webp 300w, https:\/\/arteconfort.com\/wp-content\/uploads\/2024\/06\/ventilador-BORA-M-PRO-83860098-p-01-600x600.webp 600w, https:\/\/arteconfort.com\/wp-content\/uploads\/2024\/06\/ventilador-BORA-M-PRO-83860098-p-01-100x100.webp 100w\" sizes=\"auto, (max-width: 1024px) 100vw, 1024px\" \/><img loading=\"lazy\" decoding=\"async\" width=\"1024\" height=\"1024\" src=\"https:\/\/arteconfort.com\/wp-content\/uploads\/2024\/06\/ventilador-BORA-M-PRO-83860098-0400.webp\" class=\"attachment-shop_catalog size-shop_catalog\" alt=\"Ventilador BORA M PRO ambiente dia\" srcset=\"https:\/\/arteconfort.com\/wp-content\/uploads\/2024\/06\/ventilador-BORA-M-PRO-83860098-0400.webp 1024w, https:\/\/arteconfort.com\/wp-content\/uploads\/2024\/06\/ventilador-BORA-M-PRO-83860098-0400-768x768.webp 768w, https:\/\/arteconfort.com\/wp-content\/uploads\/2024\/06\/ventilador-BORA-M-PRO-83860098-0400-340x340.webp 340w, https:\/\/arteconfort.com\/wp-content\/uploads\/2024\/06\/ventilador-BORA-M-PRO-83860098-0400-640x640.webp 640w, https:\/\/arteconfort.com\/wp-content\/uploads\/2024\/06\/ventilador-BORA-M-PRO-83860098-0400-960x960.webp 960w, https:\/\/arteconfort.com\/wp-content\/uploads\/2024\/06\/ventilador-BORA-M-PRO-83860098-0400-133x133.webp 133w, https:\/\/arteconfort.com\/wp-content\/uploads\/2024\/06\/ventilador-BORA-M-PRO-83860098-0400-300x300.webp 300w, https:\/\/arteconfort.com\/wp-content\/uploads\/2024\/06\/ventilador-BORA-M-PRO-83860098-0400-600x600.webp 600w, https:\/\/arteconfort.com\/wp-content\/uploads\/2024\/06\/ventilador-BORA-M-PRO-83860098-0400-100x100.webp 100w\" sizes=\"auto, (max-width: 1024px) 100vw, 1024px\" \/><img loading=\"lazy\" decoding=\"async\" width=\"1024\" height=\"1024\" src=\"https:\/\/arteconfort.com\/wp-content\/uploads\/2024\/06\/ventilador-BORA-M-PRO-83860098-0101.webp\" class=\"attachment-shop_catalog size-shop_catalog\" alt=\"Ventilador BORA M PRO perspectiva 2 madera\" srcset=\"https:\/\/arteconfort.com\/wp-content\/uploads\/2024\/06\/ventilador-BORA-M-PRO-83860098-0101.webp 1024w, https:\/\/arteconfort.com\/wp-content\/uploads\/2024\/06\/ventilador-BORA-M-PRO-83860098-0101-768x768.webp 768w, https:\/\/arteconfort.com\/wp-content\/uploads\/2024\/06\/ventilador-BORA-M-PRO-83860098-0101-340x340.webp 340w, https:\/\/arteconfort.com\/wp-content\/uploads\/2024\/06\/ventilador-BORA-M-PRO-83860098-0101-640x640.webp 640w, https:\/\/arteconfort.com\/wp-content\/uploads\/2024\/06\/ventilador-BORA-M-PRO-83860098-0101-960x960.webp 960w, https:\/\/arteconfort.com\/wp-content\/uploads\/2024\/06\/ventilador-BORA-M-PRO-83860098-0101-133x133.webp 133w, https:\/\/arteconfort.com\/wp-content\/uploads\/2024\/06\/ventilador-BORA-M-PRO-83860098-0101-300x300.webp 300w, https:\/\/arteconfort.com\/wp-content\/uploads\/2024\/06\/ventilador-BORA-M-PRO-83860098-0101-600x600.webp 600w, https:\/\/arteconfort.com\/wp-content\/uploads\/2024\/06\/ventilador-BORA-M-PRO-83860098-0101-100x100.webp 100w\" sizes=\"auto, (max-width: 1024px) 100vw, 1024px\" \/><img loading=\"lazy\" decoding=\"async\" width=\"1024\" height=\"1024\" src=\"https:\/\/arteconfort.com\/wp-content\/uploads\/2024\/06\/ventilador-BORA-M-PRO-83860098-0100.webp\" class=\"attachment-shop_catalog size-shop_catalog\" alt=\"Ventilador BORA M PRO perspectiva 2 gris\" srcset=\"https:\/\/arteconfort.com\/wp-content\/uploads\/2024\/06\/ventilador-BORA-M-PRO-83860098-0100.webp 1024w, https:\/\/arteconfort.com\/wp-content\/uploads\/2024\/06\/ventilador-BORA-M-PRO-83860098-0100-768x768.webp 768w, https:\/\/arteconfort.com\/wp-content\/uploads\/2024\/06\/ventilador-BORA-M-PRO-83860098-0100-340x340.webp 340w, https:\/\/arteconfort.com\/wp-content\/uploads\/2024\/06\/ventilador-BORA-M-PRO-83860098-0100-640x640.webp 640w, https:\/\/arteconfort.com\/wp-content\/uploads\/2024\/06\/ventilador-BORA-M-PRO-83860098-0100-960x960.webp 960w, https:\/\/arteconfort.com\/wp-content\/uploads\/2024\/06\/ventilador-BORA-M-PRO-83860098-0100-133x133.webp 133w, https:\/\/arteconfort.com\/wp-content\/uploads\/2024\/06\/ventilador-BORA-M-PRO-83860098-0100-300x300.webp 300w, https:\/\/arteconfort.com\/wp-content\/uploads\/2024\/06\/ventilador-BORA-M-PRO-83860098-0100-600x600.webp 600w, https:\/\/arteconfort.com\/wp-content\/uploads\/2024\/06\/ventilador-BORA-M-PRO-83860098-0100-100x100.webp 100w\" sizes=\"auto, (max-width: 1024px) 100vw, 1024px\" \/><img loading=\"lazy\" decoding=\"async\" width=\"1024\" height=\"1024\" src=\"https:\/\/arteconfort.com\/wp-content\/uploads\/2024\/06\/ventilador-BORA-M-PRO-83860098-0103.webp\" class=\"attachment-shop_catalog size-shop_catalog\" alt=\"Ventilador BORA M PRO perspectiva 1 madera\" srcset=\"https:\/\/arteconfort.com\/wp-content\/uploads\/2024\/06\/ventilador-BORA-M-PRO-83860098-0103.webp 1024w, https:\/\/arteconfort.com\/wp-content\/uploads\/2024\/06\/ventilador-BORA-M-PRO-83860098-0103-768x768.webp 768w, https:\/\/arteconfort.com\/wp-content\/uploads\/2024\/06\/ventilador-BORA-M-PRO-83860098-0103-340x340.webp 340w, https:\/\/arteconfort.com\/wp-content\/uploads\/2024\/06\/ventilador-BORA-M-PRO-83860098-0103-640x640.webp 640w, https:\/\/arteconfort.com\/wp-content\/uploads\/2024\/06\/ventilador-BORA-M-PRO-83860098-0103-960x960.webp 960w, https:\/\/arteconfort.com\/wp-content\/uploads\/2024\/06\/ventilador-BORA-M-PRO-83860098-0103-133x133.webp 133w, https:\/\/arteconfort.com\/wp-content\/uploads\/2024\/06\/ventilador-BORA-M-PRO-83860098-0103-300x300.webp 300w, https:\/\/arteconfort.com\/wp-content\/uploads\/2024\/06\/ventilador-BORA-M-PRO-83860098-0103-600x600.webp 600w, https:\/\/arteconfort.com\/wp-content\/uploads\/2024\/06\/ventilador-BORA-M-PRO-83860098-0103-100x100.webp 100w\" sizes=\"auto, (max-width: 1024px) 100vw, 1024px\" \/><img loading=\"lazy\" decoding=\"async\" width=\"1024\" height=\"1024\" src=\"https:\/\/arteconfort.com\/wp-content\/uploads\/2024\/06\/ventilador-BORA-M-PRO-83860098-0102.webp\" class=\"attachment-shop_catalog size-shop_catalog\" alt=\"Ventilador BORA M PRO perspectiva 1 gris\" srcset=\"https:\/\/arteconfort.com\/wp-content\/uploads\/2024\/06\/ventilador-BORA-M-PRO-83860098-0102.webp 1024w, https:\/\/arteconfort.com\/wp-content\/uploads\/2024\/06\/ventilador-BORA-M-PRO-83860098-0102-768x768.webp 768w, https:\/\/arteconfort.com\/wp-content\/uploads\/2024\/06\/ventilador-BORA-M-PRO-83860098-0102-340x340.webp 340w, https:\/\/arteconfort.com\/wp-content\/uploads\/2024\/06\/ventilador-BORA-M-PRO-83860098-0102-640x640.webp 640w, https:\/\/arteconfort.com\/wp-content\/uploads\/2024\/06\/ventilador-BORA-M-PRO-83860098-0102-960x960.webp 960w, https:\/\/arteconfort.com\/wp-content\/uploads\/2024\/06\/ventilador-BORA-M-PRO-83860098-0102-133x133.webp 133w, https:\/\/arteconfort.com\/wp-content\/uploads\/2024\/06\/ventilador-BORA-M-PRO-83860098-0102-300x300.webp 300w, https:\/\/arteconfort.com\/wp-content\/uploads\/2024\/06\/ventilador-BORA-M-PRO-83860098-0102-600x600.webp 600w, https:\/\/arteconfort.com\/wp-content\/uploads\/2024\/06\/ventilador-BORA-M-PRO-83860098-0102-100x100.webp 100w\" sizes=\"auto, (max-width: 1024px) 100vw, 1024px\" \/><img loading=\"lazy\" decoding=\"async\" width=\"1024\" height=\"1024\" src=\"https:\/\/arteconfort.com\/wp-content\/uploads\/2024\/06\/ventilador-BORA-M-PRO-83860098-0104.webp\" class=\"attachment-shop_catalog size-shop_catalog\" alt=\"Ventilador BORA M PRO planta gris\" srcset=\"https:\/\/arteconfort.com\/wp-content\/uploads\/2024\/06\/ventilador-BORA-M-PRO-83860098-0104.webp 1024w, https:\/\/arteconfort.com\/wp-content\/uploads\/2024\/06\/ventilador-BORA-M-PRO-83860098-0104-768x768.webp 768w, https:\/\/arteconfort.com\/wp-content\/uploads\/2024\/06\/ventilador-BORA-M-PRO-83860098-0104-340x340.webp 340w, https:\/\/arteconfort.com\/wp-content\/uploads\/2024\/06\/ventilador-BORA-M-PRO-83860098-0104-640x640.webp 640w, https:\/\/arteconfort.com\/wp-content\/uploads\/2024\/06\/ventilador-BORA-M-PRO-83860098-0104-960x960.webp 960w, https:\/\/arteconfort.com\/wp-content\/uploads\/2024\/06\/ventilador-BORA-M-PRO-83860098-0104-133x133.webp 133w, https:\/\/arteconfort.com\/wp-content\/uploads\/2024\/06\/ventilador-BORA-M-PRO-83860098-0104-300x300.webp 300w, https:\/\/arteconfort.com\/wp-content\/uploads\/2024\/06\/ventilador-BORA-M-PRO-83860098-0104-600x600.webp 600w, https:\/\/arteconfort.com\/wp-content\/uploads\/2024\/06\/ventilador-BORA-M-PRO-83860098-0104-100x100.webp 100w\" sizes=\"auto, (max-width: 1024px) 100vw, 1024px\" \/><img loading=\"lazy\" decoding=\"async\" width=\"1024\" height=\"1024\" src=\"https:\/\/arteconfort.com\/wp-content\/uploads\/2024\/06\/ventilador-BORA-M-PRO-83860098-0200.webp\" class=\"attachment-shop_catalog size-shop_catalog\" alt=\"Ventilador BORA M PRO detalle aspas reversibles\" srcset=\"https:\/\/arteconfort.com\/wp-content\/uploads\/2024\/06\/ventilador-BORA-M-PRO-83860098-0200.webp 1024w, https:\/\/arteconfort.com\/wp-content\/uploads\/2024\/06\/ventilador-BORA-M-PRO-83860098-0200-768x768.webp 768w, https:\/\/arteconfort.com\/wp-content\/uploads\/2024\/06\/ventilador-BORA-M-PRO-83860098-0200-340x340.webp 340w, https:\/\/arteconfort.com\/wp-content\/uploads\/2024\/06\/ventilador-BORA-M-PRO-83860098-0200-640x640.webp 640w, https:\/\/arteconfort.com\/wp-content\/uploads\/2024\/06\/ventilador-BORA-M-PRO-83860098-0200-960x960.webp 960w, https:\/\/arteconfort.com\/wp-content\/uploads\/2024\/06\/ventilador-BORA-M-PRO-83860098-0200-133x133.webp 133w, https:\/\/arteconfort.com\/wp-content\/uploads\/2024\/06\/ventilador-BORA-M-PRO-83860098-0200-300x300.webp 300w, https:\/\/arteconfort.com\/wp-content\/uploads\/2024\/06\/ventilador-BORA-M-PRO-83860098-0200-600x600.webp 600w, https:\/\/arteconfort.com\/wp-content\/uploads\/2024\/06\/ventilador-BORA-M-PRO-83860098-0200-100x100.webp 100w\" sizes=\"auto, (max-width: 1024px) 100vw, 1024px\" \/><img loading=\"lazy\" decoding=\"async\" width=\"1024\" height=\"1024\" src=\"https:\/\/arteconfort.com\/wp-content\/uploads\/2024\/06\/ventilador-BORA-M-PRO-83860098-0204.webp\" class=\"attachment-shop_catalog size-shop_catalog\" alt=\"Ventilador BORA M PRO detalle cuerpo madera\" srcset=\"https:\/\/arteconfort.com\/wp-content\/uploads\/2024\/06\/ventilador-BORA-M-PRO-83860098-0204.webp 1024w, https:\/\/arteconfort.com\/wp-content\/uploads\/2024\/06\/ventilador-BORA-M-PRO-83860098-0204-768x768.webp 768w, https:\/\/arteconfort.com\/wp-content\/uploads\/2024\/06\/ventilador-BORA-M-PRO-83860098-0204-340x340.webp 340w, https:\/\/arteconfort.com\/wp-content\/uploads\/2024\/06\/ventilador-BORA-M-PRO-83860098-0204-640x640.webp 640w, https:\/\/arteconfort.com\/wp-content\/uploads\/2024\/06\/ventilador-BORA-M-PRO-83860098-0204-960x960.webp 960w, https:\/\/arteconfort.com\/wp-content\/uploads\/2024\/06\/ventilador-BORA-M-PRO-83860098-0204-133x133.webp 133w, https:\/\/arteconfort.com\/wp-content\/uploads\/2024\/06\/ventilador-BORA-M-PRO-83860098-0204-300x300.webp 300w, https:\/\/arteconfort.com\/wp-content\/uploads\/2024\/06\/ventilador-BORA-M-PRO-83860098-0204-600x600.webp 600w, https:\/\/arteconfort.com\/wp-content\/uploads\/2024\/06\/ventilador-BORA-M-PRO-83860098-0204-100x100.webp 100w\" sizes=\"auto, (max-width: 1024px) 100vw, 1024px\" \/><img loading=\"lazy\" decoding=\"async\" width=\"1024\" height=\"1024\" src=\"https:\/\/arteconfort.com\/wp-content\/uploads\/2024\/06\/ventilador-BORA-M-PRO-83860098-0203.webp\" class=\"attachment-shop_catalog size-shop_catalog\" alt=\"Ventilador BORA M PRO detalle cuerpo madera\" srcset=\"https:\/\/arteconfort.com\/wp-content\/uploads\/2024\/06\/ventilador-BORA-M-PRO-83860098-0203.webp 1024w, https:\/\/arteconfort.com\/wp-content\/uploads\/2024\/06\/ventilador-BORA-M-PRO-83860098-0203-768x768.webp 768w, https:\/\/arteconfort.com\/wp-content\/uploads\/2024\/06\/ventilador-BORA-M-PRO-83860098-0203-340x340.webp 340w, https:\/\/arteconfort.com\/wp-content\/uploads\/2024\/06\/ventilador-BORA-M-PRO-83860098-0203-640x640.webp 640w, https:\/\/arteconfort.com\/wp-content\/uploads\/2024\/06\/ventilador-BORA-M-PRO-83860098-0203-960x960.webp 960w, https:\/\/arteconfort.com\/wp-content\/uploads\/2024\/06\/ventilador-BORA-M-PRO-83860098-0203-133x133.webp 133w, https:\/\/arteconfort.com\/wp-content\/uploads\/2024\/06\/ventilador-BORA-M-PRO-83860098-0203-300x300.webp 300w, https:\/\/arteconfort.com\/wp-content\/uploads\/2024\/06\/ventilador-BORA-M-PRO-83860098-0203-600x600.webp 600w, https:\/\/arteconfort.com\/wp-content\/uploads\/2024\/06\/ventilador-BORA-M-PRO-83860098-0203-100x100.webp 100w\" sizes=\"auto, (max-width: 1024px) 100vw, 1024px\" \/><img loading=\"lazy\" decoding=\"async\" width=\"1024\" height=\"1024\" src=\"https:\/\/arteconfort.com\/wp-content\/uploads\/2024\/06\/ventilador-BORA-M-PRO-83860098-0205.webp\" class=\"attachment-shop_catalog size-shop_catalog\" alt=\"Ventilador BORA M PRO floron\" srcset=\"https:\/\/arteconfort.com\/wp-content\/uploads\/2024\/06\/ventilador-BORA-M-PRO-83860098-0205.webp 1024w, https:\/\/arteconfort.com\/wp-content\/uploads\/2024\/06\/ventilador-BORA-M-PRO-83860098-0205-768x768.webp 768w, https:\/\/arteconfort.com\/wp-content\/uploads\/2024\/06\/ventilador-BORA-M-PRO-83860098-0205-340x340.webp 340w, https:\/\/arteconfort.com\/wp-content\/uploads\/2024\/06\/ventilador-BORA-M-PRO-83860098-0205-640x640.webp 640w, https:\/\/arteconfort.com\/wp-content\/uploads\/2024\/06\/ventilador-BORA-M-PRO-83860098-0205-960x960.webp 960w, https:\/\/arteconfort.com\/wp-content\/uploads\/2024\/06\/ventilador-BORA-M-PRO-83860098-0205-133x133.webp 133w, https:\/\/arteconfort.com\/wp-content\/uploads\/2024\/06\/ventilador-BORA-M-PRO-83860098-0205-300x300.webp 300w, https:\/\/arteconfort.com\/wp-content\/uploads\/2024\/06\/ventilador-BORA-M-PRO-83860098-0205-600x600.webp 600w, https:\/\/arteconfort.com\/wp-content\/uploads\/2024\/06\/ventilador-BORA-M-PRO-83860098-0205-100x100.webp 100w\" sizes=\"auto, (max-width: 1024px) 100vw, 1024px\" \/><img loading=\"lazy\" decoding=\"async\" width=\"1024\" height=\"1024\" src=\"https:\/\/arteconfort.com\/wp-content\/uploads\/2024\/06\/ventilador-BORA-M-PRO-83860098-0206.webp\" class=\"attachment-shop_catalog size-shop_catalog\" alt=\"Ventilador BORA M PRO mando\" srcset=\"https:\/\/arteconfort.com\/wp-content\/uploads\/2024\/06\/ventilador-BORA-M-PRO-83860098-0206.webp 1024w, https:\/\/arteconfort.com\/wp-content\/uploads\/2024\/06\/ventilador-BORA-M-PRO-83860098-0206-768x768.webp 768w, https:\/\/arteconfort.com\/wp-content\/uploads\/2024\/06\/ventilador-BORA-M-PRO-83860098-0206-340x340.webp 340w, https:\/\/arteconfort.com\/wp-content\/uploads\/2024\/06\/ventilador-BORA-M-PRO-83860098-0206-640x640.webp 640w, https:\/\/arteconfort.com\/wp-content\/uploads\/2024\/06\/ventilador-BORA-M-PRO-83860098-0206-960x960.webp 960w, https:\/\/arteconfort.com\/wp-content\/uploads\/2024\/06\/ventilador-BORA-M-PRO-83860098-0206-133x133.webp 133w, https:\/\/arteconfort.com\/wp-content\/uploads\/2024\/06\/ventilador-BORA-M-PRO-83860098-0206-300x300.webp 300w, https:\/\/arteconfort.com\/wp-content\/uploads\/2024\/06\/ventilador-BORA-M-PRO-83860098-0206-600x600.webp 600w, https:\/\/arteconfort.com\/wp-content\/uploads\/2024\/06\/ventilador-BORA-M-PRO-83860098-0206-100x100.webp 100w\" sizes=\"auto, (max-width: 1024px) 100vw, 1024px\" \/><img loading=\"lazy\" decoding=\"async\" width=\"1024\" height=\"1024\" src=\"https:\/\/arteconfort.com\/wp-content\/uploads\/2024\/06\/ventilador-BORA-M-PRO-83860098-0600.webp\" class=\"attachment-shop_catalog size-shop_catalog\" alt=\"Ventilador BORA M PRO grafico\" srcset=\"https:\/\/arteconfort.com\/wp-content\/uploads\/2024\/06\/ventilador-BORA-M-PRO-83860098-0600.webp 1024w, https:\/\/arteconfort.com\/wp-content\/uploads\/2024\/06\/ventilador-BORA-M-PRO-83860098-0600-768x768.webp 768w, https:\/\/arteconfort.com\/wp-content\/uploads\/2024\/06\/ventilador-BORA-M-PRO-83860098-0600-340x340.webp 340w, https:\/\/arteconfort.com\/wp-content\/uploads\/2024\/06\/ventilador-BORA-M-PRO-83860098-0600-640x640.webp 640w, https:\/\/arteconfort.com\/wp-content\/uploads\/2024\/06\/ventilador-BORA-M-PRO-83860098-0600-960x960.webp 960w, https:\/\/arteconfort.com\/wp-content\/uploads\/2024\/06\/ventilador-BORA-M-PRO-83860098-0600-133x133.webp 133w, https:\/\/arteconfort.com\/wp-content\/uploads\/2024\/06\/ventilador-BORA-M-PRO-83860098-0600-300x300.webp 300w, https:\/\/arteconfort.com\/wp-content\/uploads\/2024\/06\/ventilador-BORA-M-PRO-83860098-0600-600x600.webp 600w, https:\/\/arteconfort.com\/wp-content\/uploads\/2024\/06\/ventilador-BORA-M-PRO-83860098-0600-100x100.webp 100w\" sizes=\"auto, (max-width: 1024px) 100vw, 1024px\" \/><img loading=\"lazy\" decoding=\"async\" width=\"1024\" height=\"1024\" src=\"https:\/\/arteconfort.com\/wp-content\/uploads\/2024\/06\/ventilador-BORA-M-PRO-83860098-0202.webp\" class=\"attachment-shop_catalog size-shop_catalog\" alt=\"Ventilador BORA M PRO luz fria\" srcset=\"https:\/\/arteconfort.com\/wp-content\/uploads\/2024\/06\/ventilador-BORA-M-PRO-83860098-0202.webp 1024w, https:\/\/arteconfort.com\/wp-content\/uploads\/2024\/06\/ventilador-BORA-M-PRO-83860098-0202-768x768.webp 768w, https:\/\/arteconfort.com\/wp-content\/uploads\/2024\/06\/ventilador-BORA-M-PRO-83860098-0202-340x340.webp 340w, https:\/\/arteconfort.com\/wp-content\/uploads\/2024\/06\/ventilador-BORA-M-PRO-83860098-0202-640x640.webp 640w, https:\/\/arteconfort.com\/wp-content\/uploads\/2024\/06\/ventilador-BORA-M-PRO-83860098-0202-960x960.webp 960w, https:\/\/arteconfort.com\/wp-content\/uploads\/2024\/06\/ventilador-BORA-M-PRO-83860098-0202-133x133.webp 133w, https:\/\/arteconfort.com\/wp-content\/uploads\/2024\/06\/ventilador-BORA-M-PRO-83860098-0202-300x300.webp 300w, https:\/\/arteconfort.com\/wp-content\/uploads\/2024\/06\/ventilador-BORA-M-PRO-83860098-0202-600x600.webp 600w, https:\/\/arteconfort.com\/wp-content\/uploads\/2024\/06\/ventilador-BORA-M-PRO-83860098-0202-100x100.webp 100w\" sizes=\"auto, (max-width: 1024px) 100vw, 1024px\" \/><img loading=\"lazy\" decoding=\"async\" width=\"1024\" height=\"1024\" src=\"https:\/\/arteconfort.com\/wp-content\/uploads\/2024\/06\/ventilador-BORA-M-PRO-83860098-0201.webp\" class=\"attachment-shop_catalog size-shop_catalog\" alt=\"Ventilador BORA M PRO luz calida\" srcset=\"https:\/\/arteconfort.com\/wp-content\/uploads\/2024\/06\/ventilador-BORA-M-PRO-83860098-0201.webp 1024w, https:\/\/arteconfort.com\/wp-content\/uploads\/2024\/06\/ventilador-BORA-M-PRO-83860098-0201-768x768.webp 768w, https:\/\/arteconfort.com\/wp-content\/uploads\/2024\/06\/ventilador-BORA-M-PRO-83860098-0201-340x340.webp 340w, https:\/\/arteconfort.com\/wp-content\/uploads\/2024\/06\/ventilador-BORA-M-PRO-83860098-0201-640x640.webp 640w, https:\/\/arteconfort.com\/wp-content\/uploads\/2024\/06\/ventilador-BORA-M-PRO-83860098-0201-960x960.webp 960w, https:\/\/arteconfort.com\/wp-content\/uploads\/2024\/06\/ventilador-BORA-M-PRO-83860098-0201-133x133.webp 133w, https:\/\/arteconfort.com\/wp-content\/uploads\/2024\/06\/ventilador-BORA-M-PRO-83860098-0201-300x300.webp 300w, https:\/\/arteconfort.com\/wp-content\/uploads\/2024\/06\/ventilador-BORA-M-PRO-83860098-0201-600x600.webp 600w, https:\/\/arteconfort.com\/wp-content\/uploads\/2024\/06\/ventilador-BORA-M-PRO-83860098-0201-100x100.webp 100w\" sizes=\"auto, (max-width: 1024px) 100vw, 1024px\" \/>\t<\/a>\n\t<div class=\"w-product-status\"><\/div>\t<span id=\"woocommerce_loop_add_to_cart_link_describedby_10237\" class=\"screen-reader-text\">\n\t\t\t<\/span>\n<\/div><div class=\"berocket_better_labels berocket_better_labels_image\"><div class=\"berocket_better_labels_position berocket_better_labels_position_right\"><div class=\"berocket_better_labels_line berocket_better_labels_line_1\"><div class=\"berocket_better_labels_inline berocket_better_labels_inline_1\"><div class=\"br_alabel br_alabel_type_text br_alabel_template_type_css berocket_alabel_id_22611  br_alabel_better_compatibility\" style=\"\"><span  style=\"\"><i style=\"background-color: #000000; border-color: #000000;\" class=\"template-span-before \"><\/i><i style=\"background-color: #000000; border-color: #000000;\" class=\"template-i \"><\/i><i style=\"background-color: #000000; border-color: #000000;\" class=\"template-i-before \"><\/i><i style=\"background-color: #000000; border-color: #000000;\" class=\"template-i-after \"><\/i><b style=\"position: relative;z-index: 100;text-align: center;color: inherit;\">Old collection<\/b><\/span><\/div><\/div><\/div><\/div><\/div><figcaption><h2 class=\"woocommerce-loop-product__title\">BORA M PRO<\/h2><div class=\"woocommerce-product-details__short-description\">\n\t<p>Bora M Pro ceiling fan with integrated LED light and colour temperature memory. It has a metal body<\/div>\n\n<\/figcaption><\/figure><\/li>\n<li class=\"product type-product post-21088 status-publish instock product_cat-climatizacion-en product_cat-collection-old-en product_cat-ventiladores-de-techo-en has-post-thumbnail shipping-taxable product-type-simple w-item col-3\">\n\t<figure><div class=\"image-wrapper\">\t\t<a href=\"https:\/\/arteconfort.com\/en\/producto\/cacela\/\" class=\"w-fadeslider\">\n\t<img loading=\"lazy\" decoding=\"async\" width=\"1024\" height=\"1024\" src=\"https:\/\/arteconfort.com\/wp-content\/uploads\/2024\/06\/ventilador-CACELA-foto-con-ventilador.webp\" class=\"attachment-shop_catalog size-shop_catalog wp-post-image\" alt=\"Ventilador CACELA foto con mando\" srcset=\"https:\/\/arteconfort.com\/wp-content\/uploads\/2024\/06\/ventilador-CACELA-foto-con-ventilador.webp 1024w, https:\/\/arteconfort.com\/wp-content\/uploads\/2024\/06\/ventilador-CACELA-foto-con-ventilador-768x768.webp 768w, https:\/\/arteconfort.com\/wp-content\/uploads\/2024\/06\/ventilador-CACELA-foto-con-ventilador-340x340.webp 340w, https:\/\/arteconfort.com\/wp-content\/uploads\/2024\/06\/ventilador-CACELA-foto-con-ventilador-640x640.webp 640w, https:\/\/arteconfort.com\/wp-content\/uploads\/2024\/06\/ventilador-CACELA-foto-con-ventilador-960x960.webp 960w, https:\/\/arteconfort.com\/wp-content\/uploads\/2024\/06\/ventilador-CACELA-foto-con-ventilador-300x300.webp 300w, https:\/\/arteconfort.com\/wp-content\/uploads\/2024\/06\/ventilador-CACELA-foto-con-ventilador-600x600.webp 600w, https:\/\/arteconfort.com\/wp-content\/uploads\/2024\/06\/ventilador-CACELA-foto-con-ventilador-100x100.webp 100w, https:\/\/arteconfort.com\/wp-content\/uploads\/2024\/06\/ventilador-CACELA-foto-con-ventilador-133x133.webp 133w\" sizes=\"auto, (max-width: 1024px) 100vw, 1024px\" \/>\t<img loading=\"lazy\" decoding=\"async\" width=\"1024\" height=\"1024\" src=\"https:\/\/arteconfort.com\/wp-content\/uploads\/2024\/06\/ventilador-CACELA-83738629-0103.webp\" class=\"attachment-shop_catalog size-shop_catalog\" alt=\"Ventilador CACELA perspectiva\" srcset=\"https:\/\/arteconfort.com\/wp-content\/uploads\/2024\/06\/ventilador-CACELA-83738629-0103.webp 1024w, https:\/\/arteconfort.com\/wp-content\/uploads\/2024\/06\/ventilador-CACELA-83738629-0103-768x768.webp 768w, https:\/\/arteconfort.com\/wp-content\/uploads\/2024\/06\/ventilador-CACELA-83738629-0103-340x340.webp 340w, https:\/\/arteconfort.com\/wp-content\/uploads\/2024\/06\/ventilador-CACELA-83738629-0103-640x640.webp 640w, https:\/\/arteconfort.com\/wp-content\/uploads\/2024\/06\/ventilador-CACELA-83738629-0103-960x960.webp 960w, https:\/\/arteconfort.com\/wp-content\/uploads\/2024\/06\/ventilador-CACELA-83738629-0103-133x133.webp 133w, https:\/\/arteconfort.com\/wp-content\/uploads\/2024\/06\/ventilador-CACELA-83738629-0103-300x300.webp 300w, https:\/\/arteconfort.com\/wp-content\/uploads\/2024\/06\/ventilador-CACELA-83738629-0103-600x600.webp 600w, https:\/\/arteconfort.com\/wp-content\/uploads\/2024\/06\/ventilador-CACELA-83738629-0103-100x100.webp 100w\" sizes=\"auto, (max-width: 1024px) 100vw, 1024px\" \/><img loading=\"lazy\" decoding=\"async\" width=\"1024\" height=\"1024\" src=\"https:\/\/arteconfort.com\/wp-content\/uploads\/2024\/06\/ventilador-CACELA-83738629-0105.webp\" class=\"attachment-shop_catalog size-shop_catalog\" alt=\"Ventilador CACELA lateral\" srcset=\"https:\/\/arteconfort.com\/wp-content\/uploads\/2024\/06\/ventilador-CACELA-83738629-0105.webp 1024w, https:\/\/arteconfort.com\/wp-content\/uploads\/2024\/06\/ventilador-CACELA-83738629-0105-768x768.webp 768w, https:\/\/arteconfort.com\/wp-content\/uploads\/2024\/06\/ventilador-CACELA-83738629-0105-340x340.webp 340w, https:\/\/arteconfort.com\/wp-content\/uploads\/2024\/06\/ventilador-CACELA-83738629-0105-640x640.webp 640w, https:\/\/arteconfort.com\/wp-content\/uploads\/2024\/06\/ventilador-CACELA-83738629-0105-960x960.webp 960w, https:\/\/arteconfort.com\/wp-content\/uploads\/2024\/06\/ventilador-CACELA-83738629-0105-133x133.webp 133w, https:\/\/arteconfort.com\/wp-content\/uploads\/2024\/06\/ventilador-CACELA-83738629-0105-300x300.webp 300w, https:\/\/arteconfort.com\/wp-content\/uploads\/2024\/06\/ventilador-CACELA-83738629-0105-600x600.webp 600w, https:\/\/arteconfort.com\/wp-content\/uploads\/2024\/06\/ventilador-CACELA-83738629-0105-100x100.webp 100w\" sizes=\"auto, (max-width: 1024px) 100vw, 1024px\" \/><img loading=\"lazy\" decoding=\"async\" width=\"1024\" height=\"1024\" src=\"https:\/\/arteconfort.com\/wp-content\/uploads\/2024\/06\/ventilador-CACELA-83738629-0104.webp\" class=\"attachment-shop_catalog size-shop_catalog\" alt=\"Ventilador CACELA planta\" srcset=\"https:\/\/arteconfort.com\/wp-content\/uploads\/2024\/06\/ventilador-CACELA-83738629-0104.webp 1024w, https:\/\/arteconfort.com\/wp-content\/uploads\/2024\/06\/ventilador-CACELA-83738629-0104-768x768.webp 768w, https:\/\/arteconfort.com\/wp-content\/uploads\/2024\/06\/ventilador-CACELA-83738629-0104-340x340.webp 340w, https:\/\/arteconfort.com\/wp-content\/uploads\/2024\/06\/ventilador-CACELA-83738629-0104-640x640.webp 640w, https:\/\/arteconfort.com\/wp-content\/uploads\/2024\/06\/ventilador-CACELA-83738629-0104-960x960.webp 960w, https:\/\/arteconfort.com\/wp-content\/uploads\/2024\/06\/ventilador-CACELA-83738629-0104-133x133.webp 133w, https:\/\/arteconfort.com\/wp-content\/uploads\/2024\/06\/ventilador-CACELA-83738629-0104-300x300.webp 300w, https:\/\/arteconfort.com\/wp-content\/uploads\/2024\/06\/ventilador-CACELA-83738629-0104-600x600.webp 600w, https:\/\/arteconfort.com\/wp-content\/uploads\/2024\/06\/ventilador-CACELA-83738629-0104-100x100.webp 100w\" sizes=\"auto, (max-width: 1024px) 100vw, 1024px\" \/><img loading=\"lazy\" decoding=\"async\" width=\"1024\" height=\"1024\" src=\"https:\/\/arteconfort.com\/wp-content\/uploads\/2024\/06\/ventilador-CACELA-83738629-0200.webp\" class=\"attachment-shop_catalog size-shop_catalog\" alt=\"Ventilador CACELA grafico\" srcset=\"https:\/\/arteconfort.com\/wp-content\/uploads\/2024\/06\/ventilador-CACELA-83738629-0200.webp 1024w, https:\/\/arteconfort.com\/wp-content\/uploads\/2024\/06\/ventilador-CACELA-83738629-0200-768x768.webp 768w, https:\/\/arteconfort.com\/wp-content\/uploads\/2024\/06\/ventilador-CACELA-83738629-0200-340x340.webp 340w, https:\/\/arteconfort.com\/wp-content\/uploads\/2024\/06\/ventilador-CACELA-83738629-0200-640x640.webp 640w, https:\/\/arteconfort.com\/wp-content\/uploads\/2024\/06\/ventilador-CACELA-83738629-0200-960x960.webp 960w, https:\/\/arteconfort.com\/wp-content\/uploads\/2024\/06\/ventilador-CACELA-83738629-0200-133x133.webp 133w, https:\/\/arteconfort.com\/wp-content\/uploads\/2024\/06\/ventilador-CACELA-83738629-0200-300x300.webp 300w, https:\/\/arteconfort.com\/wp-content\/uploads\/2024\/06\/ventilador-CACELA-83738629-0200-600x600.webp 600w, https:\/\/arteconfort.com\/wp-content\/uploads\/2024\/06\/ventilador-CACELA-83738629-0200-100x100.webp 100w\" sizes=\"auto, (max-width: 1024px) 100vw, 1024px\" \/><img loading=\"lazy\" decoding=\"async\" width=\"1024\" height=\"1024\" src=\"https:\/\/arteconfort.com\/wp-content\/uploads\/2024\/06\/ventilador-CACELA-83738629-0600.webp\" class=\"attachment-shop_catalog size-shop_catalog\" alt=\"Ventilador CACELA grafico\" srcset=\"https:\/\/arteconfort.com\/wp-content\/uploads\/2024\/06\/ventilador-CACELA-83738629-0600.webp 1024w, https:\/\/arteconfort.com\/wp-content\/uploads\/2024\/06\/ventilador-CACELA-83738629-0600-768x768.webp 768w, https:\/\/arteconfort.com\/wp-content\/uploads\/2024\/06\/ventilador-CACELA-83738629-0600-340x340.webp 340w, https:\/\/arteconfort.com\/wp-content\/uploads\/2024\/06\/ventilador-CACELA-83738629-0600-640x640.webp 640w, https:\/\/arteconfort.com\/wp-content\/uploads\/2024\/06\/ventilador-CACELA-83738629-0600-960x960.webp 960w, https:\/\/arteconfort.com\/wp-content\/uploads\/2024\/06\/ventilador-CACELA-83738629-0600-133x133.webp 133w, https:\/\/arteconfort.com\/wp-content\/uploads\/2024\/06\/ventilador-CACELA-83738629-0600-300x300.webp 300w, https:\/\/arteconfort.com\/wp-content\/uploads\/2024\/06\/ventilador-CACELA-83738629-0600-600x600.webp 600w, https:\/\/arteconfort.com\/wp-content\/uploads\/2024\/06\/ventilador-CACELA-83738629-0600-100x100.webp 100w\" sizes=\"auto, (max-width: 1024px) 100vw, 1024px\" \/><img loading=\"lazy\" decoding=\"async\" width=\"1024\" height=\"1024\" src=\"https:\/\/arteconfort.com\/wp-content\/uploads\/2024\/06\/ventilador-CACELA-83738629-0100.webp\" class=\"attachment-shop_catalog size-shop_catalog\" alt=\"Ventilador CACELA luz apagado\" srcset=\"https:\/\/arteconfort.com\/wp-content\/uploads\/2024\/06\/ventilador-CACELA-83738629-0100.webp 1024w, https:\/\/arteconfort.com\/wp-content\/uploads\/2024\/06\/ventilador-CACELA-83738629-0100-768x768.webp 768w, https:\/\/arteconfort.com\/wp-content\/uploads\/2024\/06\/ventilador-CACELA-83738629-0100-340x340.webp 340w, https:\/\/arteconfort.com\/wp-content\/uploads\/2024\/06\/ventilador-CACELA-83738629-0100-640x640.webp 640w, https:\/\/arteconfort.com\/wp-content\/uploads\/2024\/06\/ventilador-CACELA-83738629-0100-960x960.webp 960w, https:\/\/arteconfort.com\/wp-content\/uploads\/2024\/06\/ventilador-CACELA-83738629-0100-133x133.webp 133w, https:\/\/arteconfort.com\/wp-content\/uploads\/2024\/06\/ventilador-CACELA-83738629-0100-300x300.webp 300w, https:\/\/arteconfort.com\/wp-content\/uploads\/2024\/06\/ventilador-CACELA-83738629-0100-600x600.webp 600w, https:\/\/arteconfort.com\/wp-content\/uploads\/2024\/06\/ventilador-CACELA-83738629-0100-100x100.webp 100w\" sizes=\"auto, (max-width: 1024px) 100vw, 1024px\" \/><img loading=\"lazy\" decoding=\"async\" width=\"1024\" height=\"1024\" src=\"https:\/\/arteconfort.com\/wp-content\/uploads\/2024\/06\/ventilador-CACELA-83738629-0101.webp\" class=\"attachment-shop_catalog size-shop_catalog\" alt=\"Ventilador CACELA luz calida\" srcset=\"https:\/\/arteconfort.com\/wp-content\/uploads\/2024\/06\/ventilador-CACELA-83738629-0101.webp 1024w, https:\/\/arteconfort.com\/wp-content\/uploads\/2024\/06\/ventilador-CACELA-83738629-0101-768x768.webp 768w, https:\/\/arteconfort.com\/wp-content\/uploads\/2024\/06\/ventilador-CACELA-83738629-0101-340x340.webp 340w, https:\/\/arteconfort.com\/wp-content\/uploads\/2024\/06\/ventilador-CACELA-83738629-0101-640x640.webp 640w, https:\/\/arteconfort.com\/wp-content\/uploads\/2024\/06\/ventilador-CACELA-83738629-0101-960x960.webp 960w, https:\/\/arteconfort.com\/wp-content\/uploads\/2024\/06\/ventilador-CACELA-83738629-0101-133x133.webp 133w, https:\/\/arteconfort.com\/wp-content\/uploads\/2024\/06\/ventilador-CACELA-83738629-0101-300x300.webp 300w, https:\/\/arteconfort.com\/wp-content\/uploads\/2024\/06\/ventilador-CACELA-83738629-0101-600x600.webp 600w, https:\/\/arteconfort.com\/wp-content\/uploads\/2024\/06\/ventilador-CACELA-83738629-0101-100x100.webp 100w\" sizes=\"auto, (max-width: 1024px) 100vw, 1024px\" \/><img loading=\"lazy\" decoding=\"async\" width=\"1024\" height=\"1024\" src=\"https:\/\/arteconfort.com\/wp-content\/uploads\/2024\/06\/ventilador-CACELA-83738629-0102.webp\" class=\"attachment-shop_catalog size-shop_catalog\" alt=\"Ventilador CACELA luz fria\" srcset=\"https:\/\/arteconfort.com\/wp-content\/uploads\/2024\/06\/ventilador-CACELA-83738629-0102.webp 1024w, https:\/\/arteconfort.com\/wp-content\/uploads\/2024\/06\/ventilador-CACELA-83738629-0102-768x768.webp 768w, https:\/\/arteconfort.com\/wp-content\/uploads\/2024\/06\/ventilador-CACELA-83738629-0102-340x340.webp 340w, https:\/\/arteconfort.com\/wp-content\/uploads\/2024\/06\/ventilador-CACELA-83738629-0102-640x640.webp 640w, https:\/\/arteconfort.com\/wp-content\/uploads\/2024\/06\/ventilador-CACELA-83738629-0102-960x960.webp 960w, https:\/\/arteconfort.com\/wp-content\/uploads\/2024\/06\/ventilador-CACELA-83738629-0102-133x133.webp 133w, https:\/\/arteconfort.com\/wp-content\/uploads\/2024\/06\/ventilador-CACELA-83738629-0102-300x300.webp 300w, https:\/\/arteconfort.com\/wp-content\/uploads\/2024\/06\/ventilador-CACELA-83738629-0102-600x600.webp 600w, https:\/\/arteconfort.com\/wp-content\/uploads\/2024\/06\/ventilador-CACELA-83738629-0102-100x100.webp 100w\" sizes=\"auto, (max-width: 1024px) 100vw, 1024px\" \/><img loading=\"lazy\" decoding=\"async\" width=\"1024\" height=\"1024\" src=\"https:\/\/arteconfort.com\/wp-content\/uploads\/2023\/10\/CACELA-AMBIENTE-APAGADO.webp\" class=\"attachment-shop_catalog size-shop_catalog\" alt=\"\" srcset=\"https:\/\/arteconfort.com\/wp-content\/uploads\/2023\/10\/CACELA-AMBIENTE-APAGADO.webp 1024w, https:\/\/arteconfort.com\/wp-content\/uploads\/2023\/10\/CACELA-AMBIENTE-APAGADO-768x768.webp 768w, https:\/\/arteconfort.com\/wp-content\/uploads\/2023\/10\/CACELA-AMBIENTE-APAGADO-340x340.webp 340w, https:\/\/arteconfort.com\/wp-content\/uploads\/2023\/10\/CACELA-AMBIENTE-APAGADO-640x640.webp 640w, https:\/\/arteconfort.com\/wp-content\/uploads\/2023\/10\/CACELA-AMBIENTE-APAGADO-960x960.webp 960w, https:\/\/arteconfort.com\/wp-content\/uploads\/2023\/10\/CACELA-AMBIENTE-APAGADO-133x133.webp 133w, https:\/\/arteconfort.com\/wp-content\/uploads\/2023\/10\/CACELA-AMBIENTE-APAGADO-300x300.webp 300w, https:\/\/arteconfort.com\/wp-content\/uploads\/2023\/10\/CACELA-AMBIENTE-APAGADO-600x600.webp 600w, https:\/\/arteconfort.com\/wp-content\/uploads\/2023\/10\/CACELA-AMBIENTE-APAGADO-100x100.webp 100w\" sizes=\"auto, (max-width: 1024px) 100vw, 1024px\" \/><img loading=\"lazy\" decoding=\"async\" width=\"1024\" height=\"1024\" src=\"https:\/\/arteconfort.com\/wp-content\/uploads\/2023\/10\/CACELA-AMBIENTE-LUZ-NEUTRA-100.webp\" class=\"attachment-shop_catalog size-shop_catalog\" alt=\"\" srcset=\"https:\/\/arteconfort.com\/wp-content\/uploads\/2023\/10\/CACELA-AMBIENTE-LUZ-NEUTRA-100.webp 1024w, https:\/\/arteconfort.com\/wp-content\/uploads\/2023\/10\/CACELA-AMBIENTE-LUZ-NEUTRA-100-768x768.webp 768w, https:\/\/arteconfort.com\/wp-content\/uploads\/2023\/10\/CACELA-AMBIENTE-LUZ-NEUTRA-100-340x340.webp 340w, https:\/\/arteconfort.com\/wp-content\/uploads\/2023\/10\/CACELA-AMBIENTE-LUZ-NEUTRA-100-640x640.webp 640w, https:\/\/arteconfort.com\/wp-content\/uploads\/2023\/10\/CACELA-AMBIENTE-LUZ-NEUTRA-100-960x960.webp 960w, https:\/\/arteconfort.com\/wp-content\/uploads\/2023\/10\/CACELA-AMBIENTE-LUZ-NEUTRA-100-133x133.webp 133w, https:\/\/arteconfort.com\/wp-content\/uploads\/2023\/10\/CACELA-AMBIENTE-LUZ-NEUTRA-100-300x300.webp 300w, https:\/\/arteconfort.com\/wp-content\/uploads\/2023\/10\/CACELA-AMBIENTE-LUZ-NEUTRA-100-600x600.webp 600w, https:\/\/arteconfort.com\/wp-content\/uploads\/2023\/10\/CACELA-AMBIENTE-LUZ-NEUTRA-100-100x100.webp 100w\" sizes=\"auto, (max-width: 1024px) 100vw, 1024px\" \/><img loading=\"lazy\" decoding=\"async\" width=\"1024\" height=\"1024\" src=\"https:\/\/arteconfort.com\/wp-content\/uploads\/2023\/10\/CACELA-AMBIENTE-LUZ-NEUTRA-20.webp\" class=\"attachment-shop_catalog size-shop_catalog\" alt=\"\" srcset=\"https:\/\/arteconfort.com\/wp-content\/uploads\/2023\/10\/CACELA-AMBIENTE-LUZ-NEUTRA-20.webp 1024w, https:\/\/arteconfort.com\/wp-content\/uploads\/2023\/10\/CACELA-AMBIENTE-LUZ-NEUTRA-20-768x768.webp 768w, https:\/\/arteconfort.com\/wp-content\/uploads\/2023\/10\/CACELA-AMBIENTE-LUZ-NEUTRA-20-340x340.webp 340w, https:\/\/arteconfort.com\/wp-content\/uploads\/2023\/10\/CACELA-AMBIENTE-LUZ-NEUTRA-20-640x640.webp 640w, https:\/\/arteconfort.com\/wp-content\/uploads\/2023\/10\/CACELA-AMBIENTE-LUZ-NEUTRA-20-960x960.webp 960w, https:\/\/arteconfort.com\/wp-content\/uploads\/2023\/10\/CACELA-AMBIENTE-LUZ-NEUTRA-20-133x133.webp 133w, https:\/\/arteconfort.com\/wp-content\/uploads\/2023\/10\/CACELA-AMBIENTE-LUZ-NEUTRA-20-300x300.webp 300w, https:\/\/arteconfort.com\/wp-content\/uploads\/2023\/10\/CACELA-AMBIENTE-LUZ-NEUTRA-20-600x600.webp 600w, https:\/\/arteconfort.com\/wp-content\/uploads\/2023\/10\/CACELA-AMBIENTE-LUZ-NEUTRA-20-100x100.webp 100w\" sizes=\"auto, (max-width: 1024px) 100vw, 1024px\" \/><img loading=\"lazy\" decoding=\"async\" width=\"1024\" height=\"1024\" src=\"https:\/\/arteconfort.com\/wp-content\/uploads\/2023\/10\/CACELA-AMBIENTE-LUZ-FRIA.webp\" class=\"attachment-shop_catalog size-shop_catalog\" alt=\"\" srcset=\"https:\/\/arteconfort.com\/wp-content\/uploads\/2023\/10\/CACELA-AMBIENTE-LUZ-FRIA.webp 1024w, https:\/\/arteconfort.com\/wp-content\/uploads\/2023\/10\/CACELA-AMBIENTE-LUZ-FRIA-768x768.webp 768w, https:\/\/arteconfort.com\/wp-content\/uploads\/2023\/10\/CACELA-AMBIENTE-LUZ-FRIA-340x340.webp 340w, https:\/\/arteconfort.com\/wp-content\/uploads\/2023\/10\/CACELA-AMBIENTE-LUZ-FRIA-640x640.webp 640w, https:\/\/arteconfort.com\/wp-content\/uploads\/2023\/10\/CACELA-AMBIENTE-LUZ-FRIA-960x960.webp 960w, https:\/\/arteconfort.com\/wp-content\/uploads\/2023\/10\/CACELA-AMBIENTE-LUZ-FRIA-133x133.webp 133w, https:\/\/arteconfort.com\/wp-content\/uploads\/2023\/10\/CACELA-AMBIENTE-LUZ-FRIA-300x300.webp 300w, https:\/\/arteconfort.com\/wp-content\/uploads\/2023\/10\/CACELA-AMBIENTE-LUZ-FRIA-600x600.webp 600w, https:\/\/arteconfort.com\/wp-content\/uploads\/2023\/10\/CACELA-AMBIENTE-LUZ-FRIA-100x100.webp 100w\" sizes=\"auto, (max-width: 1024px) 100vw, 1024px\" \/><img loading=\"lazy\" decoding=\"async\" width=\"1024\" height=\"1024\" src=\"https:\/\/arteconfort.com\/wp-content\/uploads\/2023\/10\/CACELA-AMBIENTE-LUZ-CALIDA.webp\" class=\"attachment-shop_catalog size-shop_catalog\" alt=\"\" srcset=\"https:\/\/arteconfort.com\/wp-content\/uploads\/2023\/10\/CACELA-AMBIENTE-LUZ-CALIDA.webp 1024w, https:\/\/arteconfort.com\/wp-content\/uploads\/2023\/10\/CACELA-AMBIENTE-LUZ-CALIDA-768x768.webp 768w, https:\/\/arteconfort.com\/wp-content\/uploads\/2023\/10\/CACELA-AMBIENTE-LUZ-CALIDA-340x340.webp 340w, https:\/\/arteconfort.com\/wp-content\/uploads\/2023\/10\/CACELA-AMBIENTE-LUZ-CALIDA-640x640.webp 640w, https:\/\/arteconfort.com\/wp-content\/uploads\/2023\/10\/CACELA-AMBIENTE-LUZ-CALIDA-960x960.webp 960w, https:\/\/arteconfort.com\/wp-content\/uploads\/2023\/10\/CACELA-AMBIENTE-LUZ-CALIDA-133x133.webp 133w, https:\/\/arteconfort.com\/wp-content\/uploads\/2023\/10\/CACELA-AMBIENTE-LUZ-CALIDA-300x300.webp 300w, https:\/\/arteconfort.com\/wp-content\/uploads\/2023\/10\/CACELA-AMBIENTE-LUZ-CALIDA-600x600.webp 600w, https:\/\/arteconfort.com\/wp-content\/uploads\/2023\/10\/CACELA-AMBIENTE-LUZ-CALIDA-100x100.webp 100w\" sizes=\"auto, (max-width: 1024px) 100vw, 1024px\" \/>\t<\/a>\n\t<div class=\"w-product-status\"><\/div>\t<span id=\"woocommerce_loop_add_to_cart_link_describedby_21088\" class=\"screen-reader-text\">\n\t\t\t<\/span>\n<\/div><div class=\"berocket_better_labels berocket_better_labels_image\"><div class=\"berocket_better_labels_position berocket_better_labels_position_right\"><div class=\"berocket_better_labels_line berocket_better_labels_line_1\"><div class=\"berocket_better_labels_inline berocket_better_labels_inline_1\"><div class=\"br_alabel br_alabel_type_text br_alabel_template_type_css berocket_alabel_id_22611  br_alabel_better_compatibility\" style=\"\"><span  style=\"\"><i style=\"background-color: #000000; border-color: #000000;\" class=\"template-span-before \"><\/i><i style=\"background-color: #000000; border-color: #000000;\" class=\"template-i \"><\/i><i style=\"background-color: #000000; border-color: #000000;\" class=\"template-i-before \"><\/i><i style=\"background-color: #000000; border-color: #000000;\" class=\"template-i-after \"><\/i><b style=\"position: relative;z-index: 100;text-align: center;color: inherit;\">Old collection<\/b><\/span><\/div><\/div><\/div><\/div><\/div><figcaption><h2 class=\"woocommerce-loop-product__title\">CACELA<\/h2><div class=\"woocommerce-product-details__short-description\">\n\t<p>Cacela ceiling fan with integrated LED light and colour temperature memory. It has a metal body and 3<\/div>\n\n<\/figcaption><\/figure><\/li>\n<li class=\"product type-product post-42809 status-publish last instock product_cat-climatizacion-en product_cat-collection-old-en product_cat-ventiladores-de-techo-en has-post-thumbnail shipping-taxable product-type-simple w-item col-3\">\n\t<figure><div class=\"image-wrapper\">\t\t<a href=\"https:\/\/arteconfort.com\/en\/producto\/cali\/\" class=\"w-fadeslider\">\n\t<img loading=\"lazy\" decoding=\"async\" width=\"1024\" height=\"1024\" src=\"https:\/\/arteconfort.com\/wp-content\/uploads\/2024\/06\/CALI-mando.webp\" class=\"attachment-shop_catalog size-shop_catalog wp-post-image\" alt=\"Ventilador CALI mando\" srcset=\"https:\/\/arteconfort.com\/wp-content\/uploads\/2024\/06\/CALI-mando.webp 1024w, https:\/\/arteconfort.com\/wp-content\/uploads\/2024\/06\/CALI-mando-768x768.webp 768w, https:\/\/arteconfort.com\/wp-content\/uploads\/2024\/06\/CALI-mando-340x340.webp 340w, https:\/\/arteconfort.com\/wp-content\/uploads\/2024\/06\/CALI-mando-640x640.webp 640w, https:\/\/arteconfort.com\/wp-content\/uploads\/2024\/06\/CALI-mando-960x960.webp 960w, https:\/\/arteconfort.com\/wp-content\/uploads\/2024\/06\/CALI-mando-300x300.webp 300w, https:\/\/arteconfort.com\/wp-content\/uploads\/2024\/06\/CALI-mando-600x600.webp 600w, https:\/\/arteconfort.com\/wp-content\/uploads\/2024\/06\/CALI-mando-100x100.webp 100w, https:\/\/arteconfort.com\/wp-content\/uploads\/2024\/06\/CALI-mando-133x133.webp 133w\" sizes=\"auto, (max-width: 1024px) 100vw, 1024px\" \/>\t<img loading=\"lazy\" decoding=\"async\" width=\"1024\" height=\"1024\" src=\"https:\/\/arteconfort.com\/wp-content\/uploads\/2024\/06\/ventilador-CALI-31559308-ambiente-1.webp\" class=\"attachment-shop_catalog size-shop_catalog\" alt=\"Ventilador CALI ambiente dia\" srcset=\"https:\/\/arteconfort.com\/wp-content\/uploads\/2024\/06\/ventilador-CALI-31559308-ambiente-1.webp 1024w, https:\/\/arteconfort.com\/wp-content\/uploads\/2024\/06\/ventilador-CALI-31559308-ambiente-1-768x768.webp 768w, https:\/\/arteconfort.com\/wp-content\/uploads\/2024\/06\/ventilador-CALI-31559308-ambiente-1-340x340.webp 340w, https:\/\/arteconfort.com\/wp-content\/uploads\/2024\/06\/ventilador-CALI-31559308-ambiente-1-640x640.webp 640w, https:\/\/arteconfort.com\/wp-content\/uploads\/2024\/06\/ventilador-CALI-31559308-ambiente-1-960x960.webp 960w, https:\/\/arteconfort.com\/wp-content\/uploads\/2024\/06\/ventilador-CALI-31559308-ambiente-1-133x133.webp 133w, https:\/\/arteconfort.com\/wp-content\/uploads\/2024\/06\/ventilador-CALI-31559308-ambiente-1-300x300.webp 300w, https:\/\/arteconfort.com\/wp-content\/uploads\/2024\/06\/ventilador-CALI-31559308-ambiente-1-600x600.webp 600w, https:\/\/arteconfort.com\/wp-content\/uploads\/2024\/06\/ventilador-CALI-31559308-ambiente-1-100x100.webp 100w\" sizes=\"auto, (max-width: 1024px) 100vw, 1024px\" \/><img loading=\"lazy\" decoding=\"async\" width=\"1024\" height=\"1024\" src=\"https:\/\/arteconfort.com\/wp-content\/uploads\/2024\/06\/ventilador-CALI-31559308-2.webp\" class=\"attachment-shop_catalog size-shop_catalog\" alt=\"Ventilador CALI perspectiva\" srcset=\"https:\/\/arteconfort.com\/wp-content\/uploads\/2024\/06\/ventilador-CALI-31559308-2.webp 1024w, https:\/\/arteconfort.com\/wp-content\/uploads\/2024\/06\/ventilador-CALI-31559308-2-768x768.webp 768w, https:\/\/arteconfort.com\/wp-content\/uploads\/2024\/06\/ventilador-CALI-31559308-2-340x340.webp 340w, https:\/\/arteconfort.com\/wp-content\/uploads\/2024\/06\/ventilador-CALI-31559308-2-640x640.webp 640w, https:\/\/arteconfort.com\/wp-content\/uploads\/2024\/06\/ventilador-CALI-31559308-2-960x960.webp 960w, https:\/\/arteconfort.com\/wp-content\/uploads\/2024\/06\/ventilador-CALI-31559308-2-133x133.webp 133w, https:\/\/arteconfort.com\/wp-content\/uploads\/2024\/06\/ventilador-CALI-31559308-2-300x300.webp 300w, https:\/\/arteconfort.com\/wp-content\/uploads\/2024\/06\/ventilador-CALI-31559308-2-600x600.webp 600w, https:\/\/arteconfort.com\/wp-content\/uploads\/2024\/06\/ventilador-CALI-31559308-2-100x100.webp 100w\" sizes=\"auto, (max-width: 1024px) 100vw, 1024px\" \/><img loading=\"lazy\" decoding=\"async\" width=\"1024\" height=\"1024\" src=\"https:\/\/arteconfort.com\/wp-content\/uploads\/2024\/06\/ventilador-CALI-31559308-4.webp\" class=\"attachment-shop_catalog size-shop_catalog\" alt=\"Ventilador CALI lateral\" srcset=\"https:\/\/arteconfort.com\/wp-content\/uploads\/2024\/06\/ventilador-CALI-31559308-4.webp 1024w, https:\/\/arteconfort.com\/wp-content\/uploads\/2024\/06\/ventilador-CALI-31559308-4-768x768.webp 768w, https:\/\/arteconfort.com\/wp-content\/uploads\/2024\/06\/ventilador-CALI-31559308-4-340x340.webp 340w, https:\/\/arteconfort.com\/wp-content\/uploads\/2024\/06\/ventilador-CALI-31559308-4-640x640.webp 640w, https:\/\/arteconfort.com\/wp-content\/uploads\/2024\/06\/ventilador-CALI-31559308-4-960x960.webp 960w, https:\/\/arteconfort.com\/wp-content\/uploads\/2024\/06\/ventilador-CALI-31559308-4-133x133.webp 133w, https:\/\/arteconfort.com\/wp-content\/uploads\/2024\/06\/ventilador-CALI-31559308-4-300x300.webp 300w, https:\/\/arteconfort.com\/wp-content\/uploads\/2024\/06\/ventilador-CALI-31559308-4-600x600.webp 600w, https:\/\/arteconfort.com\/wp-content\/uploads\/2024\/06\/ventilador-CALI-31559308-4-100x100.webp 100w\" sizes=\"auto, (max-width: 1024px) 100vw, 1024px\" \/><img loading=\"lazy\" decoding=\"async\" width=\"1024\" height=\"1018\" src=\"https:\/\/arteconfort.com\/wp-content\/uploads\/2024\/06\/CALI-planta.webp\" class=\"attachment-shop_catalog size-shop_catalog\" alt=\"Ventilador CALI planta\" srcset=\"https:\/\/arteconfort.com\/wp-content\/uploads\/2024\/06\/CALI-planta.webp 1024w, https:\/\/arteconfort.com\/wp-content\/uploads\/2024\/06\/CALI-planta-768x764.webp 768w, https:\/\/arteconfort.com\/wp-content\/uploads\/2024\/06\/CALI-planta-640x636.webp 640w, https:\/\/arteconfort.com\/wp-content\/uploads\/2024\/06\/CALI-planta-133x133.webp 133w, https:\/\/arteconfort.com\/wp-content\/uploads\/2024\/06\/CALI-planta-600x596.webp 600w, https:\/\/arteconfort.com\/wp-content\/uploads\/2024\/06\/CALI-planta-100x100.webp 100w\" sizes=\"auto, (max-width: 1024px) 100vw, 1024px\" \/><img loading=\"lazy\" decoding=\"async\" width=\"1024\" height=\"1024\" src=\"https:\/\/arteconfort.com\/wp-content\/uploads\/2024\/06\/CALI-embellecedor.webp\" class=\"attachment-shop_catalog size-shop_catalog\" alt=\"Ventilador CALI embellecedor\" srcset=\"https:\/\/arteconfort.com\/wp-content\/uploads\/2024\/06\/CALI-embellecedor.webp 1024w, https:\/\/arteconfort.com\/wp-content\/uploads\/2024\/06\/CALI-embellecedor-768x768.webp 768w, https:\/\/arteconfort.com\/wp-content\/uploads\/2024\/06\/CALI-embellecedor-340x340.webp 340w, https:\/\/arteconfort.com\/wp-content\/uploads\/2024\/06\/CALI-embellecedor-640x640.webp 640w, https:\/\/arteconfort.com\/wp-content\/uploads\/2024\/06\/CALI-embellecedor-960x960.webp 960w, https:\/\/arteconfort.com\/wp-content\/uploads\/2024\/06\/CALI-embellecedor-133x133.webp 133w, https:\/\/arteconfort.com\/wp-content\/uploads\/2024\/06\/CALI-embellecedor-300x300.webp 300w, https:\/\/arteconfort.com\/wp-content\/uploads\/2024\/06\/CALI-embellecedor-600x600.webp 600w, https:\/\/arteconfort.com\/wp-content\/uploads\/2024\/06\/CALI-embellecedor-100x100.webp 100w\" sizes=\"auto, (max-width: 1024px) 100vw, 1024px\" \/><img loading=\"lazy\" decoding=\"async\" width=\"1024\" height=\"1024\" src=\"https:\/\/arteconfort.com\/wp-content\/uploads\/2024\/06\/CALI-aspa.webp\" class=\"attachment-shop_catalog size-shop_catalog\" alt=\"Ventilador CALI aspa\" srcset=\"https:\/\/arteconfort.com\/wp-content\/uploads\/2024\/06\/CALI-aspa.webp 1024w, https:\/\/arteconfort.com\/wp-content\/uploads\/2024\/06\/CALI-aspa-768x768.webp 768w, https:\/\/arteconfort.com\/wp-content\/uploads\/2024\/06\/CALI-aspa-340x340.webp 340w, https:\/\/arteconfort.com\/wp-content\/uploads\/2024\/06\/CALI-aspa-640x640.webp 640w, https:\/\/arteconfort.com\/wp-content\/uploads\/2024\/06\/CALI-aspa-960x960.webp 960w, https:\/\/arteconfort.com\/wp-content\/uploads\/2024\/06\/CALI-aspa-133x133.webp 133w, https:\/\/arteconfort.com\/wp-content\/uploads\/2024\/06\/CALI-aspa-300x300.webp 300w, https:\/\/arteconfort.com\/wp-content\/uploads\/2024\/06\/CALI-aspa-600x600.webp 600w, https:\/\/arteconfort.com\/wp-content\/uploads\/2024\/06\/CALI-aspa-100x100.webp 100w\" sizes=\"auto, (max-width: 1024px) 100vw, 1024px\" \/><img loading=\"lazy\" decoding=\"async\" width=\"1024\" height=\"1024\" src=\"https:\/\/arteconfort.com\/wp-content\/uploads\/2024\/06\/ventilador-CALI-31559308-mando.webp\" class=\"attachment-shop_catalog size-shop_catalog\" alt=\"Ventilador CALI mando\" srcset=\"https:\/\/arteconfort.com\/wp-content\/uploads\/2024\/06\/ventilador-CALI-31559308-mando.webp 1024w, https:\/\/arteconfort.com\/wp-content\/uploads\/2024\/06\/ventilador-CALI-31559308-mando-768x768.webp 768w, https:\/\/arteconfort.com\/wp-content\/uploads\/2024\/06\/ventilador-CALI-31559308-mando-340x340.webp 340w, https:\/\/arteconfort.com\/wp-content\/uploads\/2024\/06\/ventilador-CALI-31559308-mando-640x640.webp 640w, https:\/\/arteconfort.com\/wp-content\/uploads\/2024\/06\/ventilador-CALI-31559308-mando-960x960.webp 960w, https:\/\/arteconfort.com\/wp-content\/uploads\/2024\/06\/ventilador-CALI-31559308-mando-133x133.webp 133w, https:\/\/arteconfort.com\/wp-content\/uploads\/2024\/06\/ventilador-CALI-31559308-mando-300x300.webp 300w, https:\/\/arteconfort.com\/wp-content\/uploads\/2024\/06\/ventilador-CALI-31559308-mando-600x600.webp 600w, https:\/\/arteconfort.com\/wp-content\/uploads\/2024\/06\/ventilador-CALI-31559308-mando-100x100.webp 100w\" sizes=\"auto, (max-width: 1024px) 100vw, 1024px\" \/><img loading=\"lazy\" decoding=\"async\" width=\"1024\" height=\"1024\" src=\"https:\/\/arteconfort.com\/wp-content\/uploads\/2024\/06\/ventilador-CALI-31559308-grafico.webp\" class=\"attachment-shop_catalog size-shop_catalog\" alt=\"Ventilador CALI grafico\" srcset=\"https:\/\/arteconfort.com\/wp-content\/uploads\/2024\/06\/ventilador-CALI-31559308-grafico.webp 1024w, https:\/\/arteconfort.com\/wp-content\/uploads\/2024\/06\/ventilador-CALI-31559308-grafico-768x768.webp 768w, https:\/\/arteconfort.com\/wp-content\/uploads\/2024\/06\/ventilador-CALI-31559308-grafico-340x340.webp 340w, https:\/\/arteconfort.com\/wp-content\/uploads\/2024\/06\/ventilador-CALI-31559308-grafico-640x640.webp 640w, https:\/\/arteconfort.com\/wp-content\/uploads\/2024\/06\/ventilador-CALI-31559308-grafico-960x960.webp 960w, https:\/\/arteconfort.com\/wp-content\/uploads\/2024\/06\/ventilador-CALI-31559308-grafico-133x133.webp 133w, https:\/\/arteconfort.com\/wp-content\/uploads\/2024\/06\/ventilador-CALI-31559308-grafico-300x300.webp 300w, https:\/\/arteconfort.com\/wp-content\/uploads\/2024\/06\/ventilador-CALI-31559308-grafico-600x600.webp 600w, https:\/\/arteconfort.com\/wp-content\/uploads\/2024\/06\/ventilador-CALI-31559308-grafico-100x100.webp 100w\" sizes=\"auto, (max-width: 1024px) 100vw, 1024px\" \/><img loading=\"lazy\" decoding=\"async\" width=\"1024\" height=\"1024\" src=\"https:\/\/arteconfort.com\/wp-content\/uploads\/2024\/06\/CALI-luces.webp\" class=\"attachment-shop_catalog size-shop_catalog\" alt=\"Ventilador CALI luces\" srcset=\"https:\/\/arteconfort.com\/wp-content\/uploads\/2024\/06\/CALI-luces.webp 1024w, https:\/\/arteconfort.com\/wp-content\/uploads\/2024\/06\/CALI-luces-768x768.webp 768w, https:\/\/arteconfort.com\/wp-content\/uploads\/2024\/06\/CALI-luces-340x340.webp 340w, https:\/\/arteconfort.com\/wp-content\/uploads\/2024\/06\/CALI-luces-640x640.webp 640w, https:\/\/arteconfort.com\/wp-content\/uploads\/2024\/06\/CALI-luces-960x960.webp 960w, https:\/\/arteconfort.com\/wp-content\/uploads\/2024\/06\/CALI-luces-133x133.webp 133w, https:\/\/arteconfort.com\/wp-content\/uploads\/2024\/06\/CALI-luces-300x300.webp 300w, https:\/\/arteconfort.com\/wp-content\/uploads\/2024\/06\/CALI-luces-600x600.webp 600w, https:\/\/arteconfort.com\/wp-content\/uploads\/2024\/06\/CALI-luces-100x100.webp 100w\" sizes=\"auto, (max-width: 1024px) 100vw, 1024px\" \/><img loading=\"lazy\" decoding=\"async\" width=\"1024\" height=\"1024\" src=\"https:\/\/arteconfort.com\/wp-content\/uploads\/2024\/06\/ventilador-CALI-31559308-ambiente-2.webp\" class=\"attachment-shop_catalog size-shop_catalog\" alt=\"Ventilador CALI ambiente luz calida\" srcset=\"https:\/\/arteconfort.com\/wp-content\/uploads\/2024\/06\/ventilador-CALI-31559308-ambiente-2.webp 1024w, https:\/\/arteconfort.com\/wp-content\/uploads\/2024\/06\/ventilador-CALI-31559308-ambiente-2-768x768.webp 768w, https:\/\/arteconfort.com\/wp-content\/uploads\/2024\/06\/ventilador-CALI-31559308-ambiente-2-340x340.webp 340w, https:\/\/arteconfort.com\/wp-content\/uploads\/2024\/06\/ventilador-CALI-31559308-ambiente-2-640x640.webp 640w, https:\/\/arteconfort.com\/wp-content\/uploads\/2024\/06\/ventilador-CALI-31559308-ambiente-2-960x960.webp 960w, https:\/\/arteconfort.com\/wp-content\/uploads\/2024\/06\/ventilador-CALI-31559308-ambiente-2-133x133.webp 133w, https:\/\/arteconfort.com\/wp-content\/uploads\/2024\/06\/ventilador-CALI-31559308-ambiente-2-300x300.webp 300w, https:\/\/arteconfort.com\/wp-content\/uploads\/2024\/06\/ventilador-CALI-31559308-ambiente-2-600x600.webp 600w, https:\/\/arteconfort.com\/wp-content\/uploads\/2024\/06\/ventilador-CALI-31559308-ambiente-2-100x100.webp 100w\" sizes=\"auto, (max-width: 1024px) 100vw, 1024px\" \/><img loading=\"lazy\" decoding=\"async\" width=\"1024\" height=\"1024\" src=\"https:\/\/arteconfort.com\/wp-content\/uploads\/2024\/06\/ventilador-CALI-31559308-ambiente-4.webp\" class=\"attachment-shop_catalog size-shop_catalog\" alt=\"Ventilador CALI ambiente luz neutra\" srcset=\"https:\/\/arteconfort.com\/wp-content\/uploads\/2024\/06\/ventilador-CALI-31559308-ambiente-4.webp 1024w, https:\/\/arteconfort.com\/wp-content\/uploads\/2024\/06\/ventilador-CALI-31559308-ambiente-4-768x768.webp 768w, https:\/\/arteconfort.com\/wp-content\/uploads\/2024\/06\/ventilador-CALI-31559308-ambiente-4-340x340.webp 340w, https:\/\/arteconfort.com\/wp-content\/uploads\/2024\/06\/ventilador-CALI-31559308-ambiente-4-640x640.webp 640w, https:\/\/arteconfort.com\/wp-content\/uploads\/2024\/06\/ventilador-CALI-31559308-ambiente-4-960x960.webp 960w, https:\/\/arteconfort.com\/wp-content\/uploads\/2024\/06\/ventilador-CALI-31559308-ambiente-4-133x133.webp 133w, https:\/\/arteconfort.com\/wp-content\/uploads\/2024\/06\/ventilador-CALI-31559308-ambiente-4-300x300.webp 300w, https:\/\/arteconfort.com\/wp-content\/uploads\/2024\/06\/ventilador-CALI-31559308-ambiente-4-600x600.webp 600w, https:\/\/arteconfort.com\/wp-content\/uploads\/2024\/06\/ventilador-CALI-31559308-ambiente-4-100x100.webp 100w\" sizes=\"auto, (max-width: 1024px) 100vw, 1024px\" \/><img loading=\"lazy\" decoding=\"async\" width=\"1024\" height=\"1024\" src=\"https:\/\/arteconfort.com\/wp-content\/uploads\/2024\/06\/ventilador-CALI-31559308-ambiente-3.webp\" class=\"attachment-shop_catalog size-shop_catalog\" alt=\"Ventilador CALI ambiente luz neutra tenue\" srcset=\"https:\/\/arteconfort.com\/wp-content\/uploads\/2024\/06\/ventilador-CALI-31559308-ambiente-3.webp 1024w, https:\/\/arteconfort.com\/wp-content\/uploads\/2024\/06\/ventilador-CALI-31559308-ambiente-3-768x768.webp 768w, https:\/\/arteconfort.com\/wp-content\/uploads\/2024\/06\/ventilador-CALI-31559308-ambiente-3-340x340.webp 340w, https:\/\/arteconfort.com\/wp-content\/uploads\/2024\/06\/ventilador-CALI-31559308-ambiente-3-640x640.webp 640w, https:\/\/arteconfort.com\/wp-content\/uploads\/2024\/06\/ventilador-CALI-31559308-ambiente-3-960x960.webp 960w, https:\/\/arteconfort.com\/wp-content\/uploads\/2024\/06\/ventilador-CALI-31559308-ambiente-3-133x133.webp 133w, https:\/\/arteconfort.com\/wp-content\/uploads\/2024\/06\/ventilador-CALI-31559308-ambiente-3-300x300.webp 300w, https:\/\/arteconfort.com\/wp-content\/uploads\/2024\/06\/ventilador-CALI-31559308-ambiente-3-600x600.webp 600w, https:\/\/arteconfort.com\/wp-content\/uploads\/2024\/06\/ventilador-CALI-31559308-ambiente-3-100x100.webp 100w\" sizes=\"auto, (max-width: 1024px) 100vw, 1024px\" \/><img loading=\"lazy\" decoding=\"async\" width=\"1024\" height=\"1024\" src=\"https:\/\/arteconfort.com\/wp-content\/uploads\/2024\/06\/ventilador-CALI-31559308-ambiente-5.webp\" class=\"attachment-shop_catalog size-shop_catalog\" alt=\"Ventilador CALI ambiente luz fria\" srcset=\"https:\/\/arteconfort.com\/wp-content\/uploads\/2024\/06\/ventilador-CALI-31559308-ambiente-5.webp 1024w, https:\/\/arteconfort.com\/wp-content\/uploads\/2024\/06\/ventilador-CALI-31559308-ambiente-5-768x768.webp 768w, https:\/\/arteconfort.com\/wp-content\/uploads\/2024\/06\/ventilador-CALI-31559308-ambiente-5-340x340.webp 340w, https:\/\/arteconfort.com\/wp-content\/uploads\/2024\/06\/ventilador-CALI-31559308-ambiente-5-640x640.webp 640w, https:\/\/arteconfort.com\/wp-content\/uploads\/2024\/06\/ventilador-CALI-31559308-ambiente-5-960x960.webp 960w, https:\/\/arteconfort.com\/wp-content\/uploads\/2024\/06\/ventilador-CALI-31559308-ambiente-5-133x133.webp 133w, https:\/\/arteconfort.com\/wp-content\/uploads\/2024\/06\/ventilador-CALI-31559308-ambiente-5-300x300.webp 300w, https:\/\/arteconfort.com\/wp-content\/uploads\/2024\/06\/ventilador-CALI-31559308-ambiente-5-600x600.webp 600w, https:\/\/arteconfort.com\/wp-content\/uploads\/2024\/06\/ventilador-CALI-31559308-ambiente-5-100x100.webp 100w\" sizes=\"auto, (max-width: 1024px) 100vw, 1024px\" \/>\t<\/a>\n\t<div class=\"w-product-status\"><\/div>\t<span id=\"woocommerce_loop_add_to_cart_link_describedby_42809\" class=\"screen-reader-text\">\n\t\t\t<\/span>\n<\/div><div class=\"berocket_better_labels berocket_better_labels_image\"><div class=\"berocket_better_labels_position berocket_better_labels_position_right\"><div class=\"berocket_better_labels_line berocket_better_labels_line_1\"><div class=\"berocket_better_labels_inline berocket_better_labels_inline_1\"><div class=\"br_alabel br_alabel_type_text br_alabel_template_type_css berocket_alabel_id_22611  br_alabel_better_compatibility\" style=\"\"><span  style=\"\"><i style=\"background-color: #000000; border-color: #000000;\" class=\"template-span-before \"><\/i><i style=\"background-color: #000000; border-color: #000000;\" class=\"template-i \"><\/i><i style=\"background-color: #000000; border-color: #000000;\" class=\"template-i-before \"><\/i><i style=\"background-color: #000000; border-color: #000000;\" class=\"template-i-after \"><\/i><b style=\"position: relative;z-index: 100;text-align: center;color: inherit;\">Old collection<\/b><\/span><\/div><\/div><\/div><\/div><\/div><figcaption><h2 class=\"woocommerce-loop-product__title\">CALI<\/h2><div class=\"woocommerce-product-details__short-description\">\n\t<p>The CALI ceiling fan incorporates LED light and color temperature memory. It has a metal body and rope<\/div>\n\n<\/figcaption><\/figure><\/li>\n<li class=\"product type-product post-10243 status-publish first instock product_cat-climatizacion-en product_cat-collection-old-en product_cat-ventiladores-de-techo-en has-post-thumbnail shipping-taxable product-type-external w-item col-3\">\n\t<figure><div class=\"image-wrapper\">\t\t<a href=\"https:\/\/arteconfort.com\/en\/producto\/capri\/\" class=\"w-fadeslider\">\n\t<img loading=\"lazy\" decoding=\"async\" width=\"1024\" height=\"1024\" src=\"https:\/\/arteconfort.com\/wp-content\/uploads\/2023\/10\/VENTILADOR-DE-TECHO-CAPRI-.webp\" class=\"attachment-shop_catalog size-shop_catalog wp-post-image\" alt=\"\" srcset=\"https:\/\/arteconfort.com\/wp-content\/uploads\/2023\/10\/VENTILADOR-DE-TECHO-CAPRI-.webp 1024w, https:\/\/arteconfort.com\/wp-content\/uploads\/2023\/10\/VENTILADOR-DE-TECHO-CAPRI--768x768.webp 768w, https:\/\/arteconfort.com\/wp-content\/uploads\/2023\/10\/VENTILADOR-DE-TECHO-CAPRI--340x340.webp 340w, https:\/\/arteconfort.com\/wp-content\/uploads\/2023\/10\/VENTILADOR-DE-TECHO-CAPRI--640x640.webp 640w, https:\/\/arteconfort.com\/wp-content\/uploads\/2023\/10\/VENTILADOR-DE-TECHO-CAPRI--960x960.webp 960w, https:\/\/arteconfort.com\/wp-content\/uploads\/2023\/10\/VENTILADOR-DE-TECHO-CAPRI--300x300.webp 300w, https:\/\/arteconfort.com\/wp-content\/uploads\/2023\/10\/VENTILADOR-DE-TECHO-CAPRI--600x600.webp 600w, https:\/\/arteconfort.com\/wp-content\/uploads\/2023\/10\/VENTILADOR-DE-TECHO-CAPRI--100x100.webp 100w, https:\/\/arteconfort.com\/wp-content\/uploads\/2023\/10\/VENTILADOR-DE-TECHO-CAPRI--133x133.webp 133w\" sizes=\"auto, (max-width: 1024px) 100vw, 1024px\" \/>\t<img loading=\"lazy\" decoding=\"async\" width=\"1024\" height=\"1024\" src=\"https:\/\/arteconfort.com\/wp-content\/uploads\/2023\/10\/CAPRI-foto-ambiente.webp\" class=\"attachment-shop_catalog size-shop_catalog\" alt=\"\" srcset=\"https:\/\/arteconfort.com\/wp-content\/uploads\/2023\/10\/CAPRI-foto-ambiente.webp 1024w, https:\/\/arteconfort.com\/wp-content\/uploads\/2023\/10\/CAPRI-foto-ambiente-768x768.webp 768w, https:\/\/arteconfort.com\/wp-content\/uploads\/2023\/10\/CAPRI-foto-ambiente-340x340.webp 340w, https:\/\/arteconfort.com\/wp-content\/uploads\/2023\/10\/CAPRI-foto-ambiente-640x640.webp 640w, https:\/\/arteconfort.com\/wp-content\/uploads\/2023\/10\/CAPRI-foto-ambiente-960x960.webp 960w, https:\/\/arteconfort.com\/wp-content\/uploads\/2023\/10\/CAPRI-foto-ambiente-133x133.webp 133w, https:\/\/arteconfort.com\/wp-content\/uploads\/2023\/10\/CAPRI-foto-ambiente-300x300.webp 300w, https:\/\/arteconfort.com\/wp-content\/uploads\/2023\/10\/CAPRI-foto-ambiente-600x600.webp 600w, https:\/\/arteconfort.com\/wp-content\/uploads\/2023\/10\/CAPRI-foto-ambiente-100x100.webp 100w\" sizes=\"auto, (max-width: 1024px) 100vw, 1024px\" \/><img loading=\"lazy\" decoding=\"async\" width=\"1024\" height=\"1024\" src=\"https:\/\/arteconfort.com\/wp-content\/uploads\/2023\/10\/VENTILADOR-DE-TECHO-CAPRI-ASPA-GRIS.webp\" class=\"attachment-shop_catalog size-shop_catalog\" alt=\"\" srcset=\"https:\/\/arteconfort.com\/wp-content\/uploads\/2023\/10\/VENTILADOR-DE-TECHO-CAPRI-ASPA-GRIS.webp 1024w, https:\/\/arteconfort.com\/wp-content\/uploads\/2023\/10\/VENTILADOR-DE-TECHO-CAPRI-ASPA-GRIS-768x768.webp 768w, https:\/\/arteconfort.com\/wp-content\/uploads\/2023\/10\/VENTILADOR-DE-TECHO-CAPRI-ASPA-GRIS-340x340.webp 340w, https:\/\/arteconfort.com\/wp-content\/uploads\/2023\/10\/VENTILADOR-DE-TECHO-CAPRI-ASPA-GRIS-640x640.webp 640w, https:\/\/arteconfort.com\/wp-content\/uploads\/2023\/10\/VENTILADOR-DE-TECHO-CAPRI-ASPA-GRIS-960x960.webp 960w, https:\/\/arteconfort.com\/wp-content\/uploads\/2023\/10\/VENTILADOR-DE-TECHO-CAPRI-ASPA-GRIS-133x133.webp 133w, https:\/\/arteconfort.com\/wp-content\/uploads\/2023\/10\/VENTILADOR-DE-TECHO-CAPRI-ASPA-GRIS-300x300.webp 300w, https:\/\/arteconfort.com\/wp-content\/uploads\/2023\/10\/VENTILADOR-DE-TECHO-CAPRI-ASPA-GRIS-600x600.webp 600w, https:\/\/arteconfort.com\/wp-content\/uploads\/2023\/10\/VENTILADOR-DE-TECHO-CAPRI-ASPA-GRIS-100x100.webp 100w\" sizes=\"auto, (max-width: 1024px) 100vw, 1024px\" \/><img loading=\"lazy\" decoding=\"async\" width=\"1024\" height=\"1024\" src=\"https:\/\/arteconfort.com\/wp-content\/uploads\/2023\/10\/VENTILADOR-DE-TECHO-CAPRI-detalle.webp\" class=\"attachment-shop_catalog size-shop_catalog\" alt=\"\" srcset=\"https:\/\/arteconfort.com\/wp-content\/uploads\/2023\/10\/VENTILADOR-DE-TECHO-CAPRI-detalle.webp 1024w, https:\/\/arteconfort.com\/wp-content\/uploads\/2023\/10\/VENTILADOR-DE-TECHO-CAPRI-detalle-768x768.webp 768w, https:\/\/arteconfort.com\/wp-content\/uploads\/2023\/10\/VENTILADOR-DE-TECHO-CAPRI-detalle-340x340.webp 340w, https:\/\/arteconfort.com\/wp-content\/uploads\/2023\/10\/VENTILADOR-DE-TECHO-CAPRI-detalle-640x640.webp 640w, https:\/\/arteconfort.com\/wp-content\/uploads\/2023\/10\/VENTILADOR-DE-TECHO-CAPRI-detalle-960x960.webp 960w, https:\/\/arteconfort.com\/wp-content\/uploads\/2023\/10\/VENTILADOR-DE-TECHO-CAPRI-detalle-133x133.webp 133w, https:\/\/arteconfort.com\/wp-content\/uploads\/2023\/10\/VENTILADOR-DE-TECHO-CAPRI-detalle-300x300.webp 300w, https:\/\/arteconfort.com\/wp-content\/uploads\/2023\/10\/VENTILADOR-DE-TECHO-CAPRI-detalle-600x600.webp 600w, https:\/\/arteconfort.com\/wp-content\/uploads\/2023\/10\/VENTILADOR-DE-TECHO-CAPRI-detalle-100x100.webp 100w\" sizes=\"auto, (max-width: 1024px) 100vw, 1024px\" \/><img loading=\"lazy\" decoding=\"async\" width=\"1024\" height=\"1024\" src=\"https:\/\/arteconfort.com\/wp-content\/uploads\/2023\/10\/VENTILADOR-DE-TECHO-CAPRI-detalle-inferior-2.webp\" class=\"attachment-shop_catalog size-shop_catalog\" alt=\"\" srcset=\"https:\/\/arteconfort.com\/wp-content\/uploads\/2023\/10\/VENTILADOR-DE-TECHO-CAPRI-detalle-inferior-2.webp 1024w, https:\/\/arteconfort.com\/wp-content\/uploads\/2023\/10\/VENTILADOR-DE-TECHO-CAPRI-detalle-inferior-2-768x768.webp 768w, https:\/\/arteconfort.com\/wp-content\/uploads\/2023\/10\/VENTILADOR-DE-TECHO-CAPRI-detalle-inferior-2-340x340.webp 340w, https:\/\/arteconfort.com\/wp-content\/uploads\/2023\/10\/VENTILADOR-DE-TECHO-CAPRI-detalle-inferior-2-640x640.webp 640w, https:\/\/arteconfort.com\/wp-content\/uploads\/2023\/10\/VENTILADOR-DE-TECHO-CAPRI-detalle-inferior-2-960x960.webp 960w, https:\/\/arteconfort.com\/wp-content\/uploads\/2023\/10\/VENTILADOR-DE-TECHO-CAPRI-detalle-inferior-2-133x133.webp 133w, https:\/\/arteconfort.com\/wp-content\/uploads\/2023\/10\/VENTILADOR-DE-TECHO-CAPRI-detalle-inferior-2-300x300.webp 300w, https:\/\/arteconfort.com\/wp-content\/uploads\/2023\/10\/VENTILADOR-DE-TECHO-CAPRI-detalle-inferior-2-600x600.webp 600w, https:\/\/arteconfort.com\/wp-content\/uploads\/2023\/10\/VENTILADOR-DE-TECHO-CAPRI-detalle-inferior-2-100x100.webp 100w\" sizes=\"auto, (max-width: 1024px) 100vw, 1024px\" \/><img loading=\"lazy\" decoding=\"async\" width=\"1024\" height=\"1024\" src=\"https:\/\/arteconfort.com\/wp-content\/uploads\/2023\/10\/VENTILADOR-DE-TECHO-CAPRI-detalle-inferior.webp\" class=\"attachment-shop_catalog size-shop_catalog\" alt=\"\" srcset=\"https:\/\/arteconfort.com\/wp-content\/uploads\/2023\/10\/VENTILADOR-DE-TECHO-CAPRI-detalle-inferior.webp 1024w, https:\/\/arteconfort.com\/wp-content\/uploads\/2023\/10\/VENTILADOR-DE-TECHO-CAPRI-detalle-inferior-768x768.webp 768w, https:\/\/arteconfort.com\/wp-content\/uploads\/2023\/10\/VENTILADOR-DE-TECHO-CAPRI-detalle-inferior-340x340.webp 340w, https:\/\/arteconfort.com\/wp-content\/uploads\/2023\/10\/VENTILADOR-DE-TECHO-CAPRI-detalle-inferior-640x640.webp 640w, https:\/\/arteconfort.com\/wp-content\/uploads\/2023\/10\/VENTILADOR-DE-TECHO-CAPRI-detalle-inferior-960x960.webp 960w, https:\/\/arteconfort.com\/wp-content\/uploads\/2023\/10\/VENTILADOR-DE-TECHO-CAPRI-detalle-inferior-133x133.webp 133w, https:\/\/arteconfort.com\/wp-content\/uploads\/2023\/10\/VENTILADOR-DE-TECHO-CAPRI-detalle-inferior-300x300.webp 300w, https:\/\/arteconfort.com\/wp-content\/uploads\/2023\/10\/VENTILADOR-DE-TECHO-CAPRI-detalle-inferior-600x600.webp 600w, https:\/\/arteconfort.com\/wp-content\/uploads\/2023\/10\/VENTILADOR-DE-TECHO-CAPRI-detalle-inferior-100x100.webp 100w\" sizes=\"auto, (max-width: 1024px) 100vw, 1024px\" \/><img loading=\"lazy\" decoding=\"async\" width=\"1024\" height=\"1024\" src=\"https:\/\/arteconfort.com\/wp-content\/uploads\/2023\/10\/VENTILADOR-DE-TECHO-CAPRI-detalle-3.webp\" class=\"attachment-shop_catalog size-shop_catalog\" alt=\"\" srcset=\"https:\/\/arteconfort.com\/wp-content\/uploads\/2023\/10\/VENTILADOR-DE-TECHO-CAPRI-detalle-3.webp 1024w, https:\/\/arteconfort.com\/wp-content\/uploads\/2023\/10\/VENTILADOR-DE-TECHO-CAPRI-detalle-3-768x768.webp 768w, https:\/\/arteconfort.com\/wp-content\/uploads\/2023\/10\/VENTILADOR-DE-TECHO-CAPRI-detalle-3-340x340.webp 340w, https:\/\/arteconfort.com\/wp-content\/uploads\/2023\/10\/VENTILADOR-DE-TECHO-CAPRI-detalle-3-640x640.webp 640w, https:\/\/arteconfort.com\/wp-content\/uploads\/2023\/10\/VENTILADOR-DE-TECHO-CAPRI-detalle-3-960x960.webp 960w, https:\/\/arteconfort.com\/wp-content\/uploads\/2023\/10\/VENTILADOR-DE-TECHO-CAPRI-detalle-3-133x133.webp 133w, https:\/\/arteconfort.com\/wp-content\/uploads\/2023\/10\/VENTILADOR-DE-TECHO-CAPRI-detalle-3-300x300.webp 300w, https:\/\/arteconfort.com\/wp-content\/uploads\/2023\/10\/VENTILADOR-DE-TECHO-CAPRI-detalle-3-600x600.webp 600w, https:\/\/arteconfort.com\/wp-content\/uploads\/2023\/10\/VENTILADOR-DE-TECHO-CAPRI-detalle-3-100x100.webp 100w\" sizes=\"auto, (max-width: 1024px) 100vw, 1024px\" \/><img loading=\"lazy\" decoding=\"async\" width=\"1024\" height=\"1024\" src=\"https:\/\/arteconfort.com\/wp-content\/uploads\/2023\/10\/VENTILADOR-DE-TECHO-CAPRI-detalle-2.webp\" class=\"attachment-shop_catalog size-shop_catalog\" alt=\"\" srcset=\"https:\/\/arteconfort.com\/wp-content\/uploads\/2023\/10\/VENTILADOR-DE-TECHO-CAPRI-detalle-2.webp 1024w, https:\/\/arteconfort.com\/wp-content\/uploads\/2023\/10\/VENTILADOR-DE-TECHO-CAPRI-detalle-2-768x768.webp 768w, https:\/\/arteconfort.com\/wp-content\/uploads\/2023\/10\/VENTILADOR-DE-TECHO-CAPRI-detalle-2-340x340.webp 340w, https:\/\/arteconfort.com\/wp-content\/uploads\/2023\/10\/VENTILADOR-DE-TECHO-CAPRI-detalle-2-640x640.webp 640w, https:\/\/arteconfort.com\/wp-content\/uploads\/2023\/10\/VENTILADOR-DE-TECHO-CAPRI-detalle-2-960x960.webp 960w, https:\/\/arteconfort.com\/wp-content\/uploads\/2023\/10\/VENTILADOR-DE-TECHO-CAPRI-detalle-2-133x133.webp 133w, https:\/\/arteconfort.com\/wp-content\/uploads\/2023\/10\/VENTILADOR-DE-TECHO-CAPRI-detalle-2-300x300.webp 300w, https:\/\/arteconfort.com\/wp-content\/uploads\/2023\/10\/VENTILADOR-DE-TECHO-CAPRI-detalle-2-600x600.webp 600w, https:\/\/arteconfort.com\/wp-content\/uploads\/2023\/10\/VENTILADOR-DE-TECHO-CAPRI-detalle-2-100x100.webp 100w\" sizes=\"auto, (max-width: 1024px) 100vw, 1024px\" \/><img loading=\"lazy\" decoding=\"async\" width=\"1024\" height=\"1024\" src=\"https:\/\/arteconfort.com\/wp-content\/uploads\/2023\/10\/Mando-CAPRI.webp\" class=\"attachment-shop_catalog size-shop_catalog\" alt=\"\" srcset=\"https:\/\/arteconfort.com\/wp-content\/uploads\/2023\/10\/Mando-CAPRI.webp 1024w, https:\/\/arteconfort.com\/wp-content\/uploads\/2023\/10\/Mando-CAPRI-768x768.webp 768w, https:\/\/arteconfort.com\/wp-content\/uploads\/2023\/10\/Mando-CAPRI-340x340.webp 340w, https:\/\/arteconfort.com\/wp-content\/uploads\/2023\/10\/Mando-CAPRI-640x640.webp 640w, https:\/\/arteconfort.com\/wp-content\/uploads\/2023\/10\/Mando-CAPRI-960x960.webp 960w, https:\/\/arteconfort.com\/wp-content\/uploads\/2023\/10\/Mando-CAPRI-133x133.webp 133w, https:\/\/arteconfort.com\/wp-content\/uploads\/2023\/10\/Mando-CAPRI-300x300.webp 300w, https:\/\/arteconfort.com\/wp-content\/uploads\/2023\/10\/Mando-CAPRI-600x600.webp 600w, https:\/\/arteconfort.com\/wp-content\/uploads\/2023\/10\/Mando-CAPRI-100x100.webp 100w\" sizes=\"auto, (max-width: 1024px) 100vw, 1024px\" \/>\t<\/a>\n\t<div class=\"w-product-status\"><\/div>\t<span id=\"woocommerce_loop_add_to_cart_link_describedby_10243\" class=\"screen-reader-text\">\n\t\t\t<\/span>\n<\/div><div class=\"berocket_better_labels berocket_better_labels_image\"><div class=\"berocket_better_labels_position berocket_better_labels_position_right\"><div class=\"berocket_better_labels_line berocket_better_labels_line_1\"><div class=\"berocket_better_labels_inline berocket_better_labels_inline_1\"><div class=\"br_alabel br_alabel_type_text br_alabel_template_type_css berocket_alabel_id_22611  br_alabel_better_compatibility\" style=\"\"><span  style=\"\"><i style=\"background-color: #000000; border-color: #000000;\" class=\"template-span-before \"><\/i><i style=\"background-color: #000000; border-color: #000000;\" class=\"template-i \"><\/i><i style=\"background-color: #000000; border-color: #000000;\" class=\"template-i-before \"><\/i><i style=\"background-color: #000000; border-color: #000000;\" class=\"template-i-after \"><\/i><b style=\"position: relative;z-index: 100;text-align: center;color: inherit;\">Old collection<\/b><\/span><\/div><\/div><\/div><\/div><\/div><figcaption><h2 class=\"woocommerce-loop-product__title\">CAPRI<\/h2><div class=\"woocommerce-product-details__short-description\">\n\t<p>Capri ceiling fan with integrated LED light and colour temperature memory. It has a metal body and 3<\/div>\n\n<\/figcaption><\/figure><\/li>\n<li class=\"product type-product post-46064 status-publish instock product_cat-climatizacion-en product_cat-ventiladores-de-techo-en has-post-thumbnail shipping-taxable product-type-simple w-item col-3\">\n\t<figure><div class=\"image-wrapper\">\t\t<a href=\"https:\/\/arteconfort.com\/en\/producto\/cartagena\/\" class=\"w-fadeslider\">\n\t<img loading=\"lazy\" decoding=\"async\" width=\"1024\" height=\"1024\" src=\"https:\/\/arteconfort.com\/wp-content\/uploads\/2025\/04\/CARTAGENA-Blanco-mando.webp\" class=\"attachment-shop_catalog size-shop_catalog wp-post-image\" alt=\"\" srcset=\"https:\/\/arteconfort.com\/wp-content\/uploads\/2025\/04\/CARTAGENA-Blanco-mando.webp 1024w, https:\/\/arteconfort.com\/wp-content\/uploads\/2025\/04\/CARTAGENA-Blanco-mando-768x768.webp 768w, https:\/\/arteconfort.com\/wp-content\/uploads\/2025\/04\/CARTAGENA-Blanco-mando-340x340.webp 340w, https:\/\/arteconfort.com\/wp-content\/uploads\/2025\/04\/CARTAGENA-Blanco-mando-640x640.webp 640w, https:\/\/arteconfort.com\/wp-content\/uploads\/2025\/04\/CARTAGENA-Blanco-mando-960x960.webp 960w, https:\/\/arteconfort.com\/wp-content\/uploads\/2025\/04\/CARTAGENA-Blanco-mando-300x300.webp 300w, https:\/\/arteconfort.com\/wp-content\/uploads\/2025\/04\/CARTAGENA-Blanco-mando-600x600.webp 600w, https:\/\/arteconfort.com\/wp-content\/uploads\/2025\/04\/CARTAGENA-Blanco-mando-100x100.webp 100w\" sizes=\"auto, (max-width: 1024px) 100vw, 1024px\" \/>\t<img loading=\"lazy\" decoding=\"async\" width=\"1024\" height=\"1024\" src=\"https:\/\/arteconfort.com\/wp-content\/uploads\/2025\/04\/CARTAGENA_Blanco_Producto_Cerrado.webp\" class=\"attachment-shop_catalog size-shop_catalog\" alt=\"\" srcset=\"https:\/\/arteconfort.com\/wp-content\/uploads\/2025\/04\/CARTAGENA_Blanco_Producto_Cerrado.webp 1024w, https:\/\/arteconfort.com\/wp-content\/uploads\/2025\/04\/CARTAGENA_Blanco_Producto_Cerrado-768x768.webp 768w, https:\/\/arteconfort.com\/wp-content\/uploads\/2025\/04\/CARTAGENA_Blanco_Producto_Cerrado-340x340.webp 340w, https:\/\/arteconfort.com\/wp-content\/uploads\/2025\/04\/CARTAGENA_Blanco_Producto_Cerrado-640x640.webp 640w, https:\/\/arteconfort.com\/wp-content\/uploads\/2025\/04\/CARTAGENA_Blanco_Producto_Cerrado-960x960.webp 960w, https:\/\/arteconfort.com\/wp-content\/uploads\/2025\/04\/CARTAGENA_Blanco_Producto_Cerrado-300x300.webp 300w, https:\/\/arteconfort.com\/wp-content\/uploads\/2025\/04\/CARTAGENA_Blanco_Producto_Cerrado-600x600.webp 600w, https:\/\/arteconfort.com\/wp-content\/uploads\/2025\/04\/CARTAGENA_Blanco_Producto_Cerrado-100x100.webp 100w\" sizes=\"auto, (max-width: 1024px) 100vw, 1024px\" \/><img loading=\"lazy\" decoding=\"async\" width=\"1024\" height=\"1024\" src=\"https:\/\/arteconfort.com\/wp-content\/uploads\/2025\/04\/CARTAGENA_Blanco_RGB.webp\" class=\"attachment-shop_catalog size-shop_catalog\" alt=\"\" srcset=\"https:\/\/arteconfort.com\/wp-content\/uploads\/2025\/04\/CARTAGENA_Blanco_RGB.webp 1024w, https:\/\/arteconfort.com\/wp-content\/uploads\/2025\/04\/CARTAGENA_Blanco_RGB-768x768.webp 768w, https:\/\/arteconfort.com\/wp-content\/uploads\/2025\/04\/CARTAGENA_Blanco_RGB-340x340.webp 340w, https:\/\/arteconfort.com\/wp-content\/uploads\/2025\/04\/CARTAGENA_Blanco_RGB-640x640.webp 640w, https:\/\/arteconfort.com\/wp-content\/uploads\/2025\/04\/CARTAGENA_Blanco_RGB-960x960.webp 960w, https:\/\/arteconfort.com\/wp-content\/uploads\/2025\/04\/CARTAGENA_Blanco_RGB-300x300.webp 300w, https:\/\/arteconfort.com\/wp-content\/uploads\/2025\/04\/CARTAGENA_Blanco_RGB-600x600.webp 600w, https:\/\/arteconfort.com\/wp-content\/uploads\/2025\/04\/CARTAGENA_Blanco_RGB-100x100.webp 100w\" sizes=\"auto, (max-width: 1024px) 100vw, 1024px\" \/><img loading=\"lazy\" decoding=\"async\" width=\"1024\" height=\"1024\" src=\"https:\/\/arteconfort.com\/wp-content\/uploads\/2025\/04\/CARTAGENA-Temperaturas-03.webp\" class=\"attachment-shop_catalog size-shop_catalog\" alt=\"\" srcset=\"https:\/\/arteconfort.com\/wp-content\/uploads\/2025\/04\/CARTAGENA-Temperaturas-03.webp 1024w, https:\/\/arteconfort.com\/wp-content\/uploads\/2025\/04\/CARTAGENA-Temperaturas-03-768x768.webp 768w, https:\/\/arteconfort.com\/wp-content\/uploads\/2025\/04\/CARTAGENA-Temperaturas-03-340x340.webp 340w, https:\/\/arteconfort.com\/wp-content\/uploads\/2025\/04\/CARTAGENA-Temperaturas-03-640x640.webp 640w, https:\/\/arteconfort.com\/wp-content\/uploads\/2025\/04\/CARTAGENA-Temperaturas-03-960x960.webp 960w, https:\/\/arteconfort.com\/wp-content\/uploads\/2025\/04\/CARTAGENA-Temperaturas-03-300x300.webp 300w, https:\/\/arteconfort.com\/wp-content\/uploads\/2025\/04\/CARTAGENA-Temperaturas-03-600x600.webp 600w, https:\/\/arteconfort.com\/wp-content\/uploads\/2025\/04\/CARTAGENA-Temperaturas-03-100x100.webp 100w\" sizes=\"auto, (max-width: 1024px) 100vw, 1024px\" \/>\t<\/a>\n\t<div class=\"w-product-status\"><\/div>\t<span id=\"woocommerce_loop_add_to_cart_link_describedby_46064\" class=\"screen-reader-text\">\n\t\t\t<\/span>\n<\/div><figcaption><h2 class=\"woocommerce-loop-product__title\">CARTAGENA<\/h2><div class=\"woocommerce-product-details__short-description\">\n\t<p>The CARTAGENA ceiling fan incorporates LED light, an RGB light halo and color temperature memory. It has a<\/div>\n\n<\/figcaption><\/figure><\/li>\n<li class=\"product type-product post-25234 status-publish instock product_cat-climatizacion-en product_cat-collection-old-en product_cat-ventiladores-de-techo-en has-post-thumbnail shipping-taxable product-type-simple w-item col-3\">\n\t<figure><div class=\"image-wrapper\">\t\t<a href=\"https:\/\/arteconfort.com\/en\/producto\/celia\/\" class=\"w-fadeslider\">\n\t<img loading=\"lazy\" decoding=\"async\" width=\"1024\" height=\"1024\" src=\"https:\/\/arteconfort.com\/wp-content\/uploads\/2023\/10\/CELIA-mando.webp\" class=\"attachment-shop_catalog size-shop_catalog wp-post-image\" alt=\"\" srcset=\"https:\/\/arteconfort.com\/wp-content\/uploads\/2023\/10\/CELIA-mando.webp 1024w, https:\/\/arteconfort.com\/wp-content\/uploads\/2023\/10\/CELIA-mando-768x768.webp 768w, https:\/\/arteconfort.com\/wp-content\/uploads\/2023\/10\/CELIA-mando-340x340.webp 340w, https:\/\/arteconfort.com\/wp-content\/uploads\/2023\/10\/CELIA-mando-640x640.webp 640w, https:\/\/arteconfort.com\/wp-content\/uploads\/2023\/10\/CELIA-mando-960x960.webp 960w, https:\/\/arteconfort.com\/wp-content\/uploads\/2023\/10\/CELIA-mando-300x300.webp 300w, https:\/\/arteconfort.com\/wp-content\/uploads\/2023\/10\/CELIA-mando-600x600.webp 600w, https:\/\/arteconfort.com\/wp-content\/uploads\/2023\/10\/CELIA-mando-100x100.webp 100w, https:\/\/arteconfort.com\/wp-content\/uploads\/2023\/10\/CELIA-mando-133x133.webp 133w\" sizes=\"auto, (max-width: 1024px) 100vw, 1024px\" \/>\t<img loading=\"lazy\" decoding=\"async\" width=\"1024\" height=\"1024\" src=\"https:\/\/arteconfort.com\/wp-content\/uploads\/2023\/10\/CELIA-luces.webp\" class=\"attachment-shop_catalog size-shop_catalog\" alt=\"\" srcset=\"https:\/\/arteconfort.com\/wp-content\/uploads\/2023\/10\/CELIA-luces.webp 1024w, https:\/\/arteconfort.com\/wp-content\/uploads\/2023\/10\/CELIA-luces-768x768.webp 768w, https:\/\/arteconfort.com\/wp-content\/uploads\/2023\/10\/CELIA-luces-340x340.webp 340w, https:\/\/arteconfort.com\/wp-content\/uploads\/2023\/10\/CELIA-luces-640x640.webp 640w, https:\/\/arteconfort.com\/wp-content\/uploads\/2023\/10\/CELIA-luces-960x960.webp 960w, https:\/\/arteconfort.com\/wp-content\/uploads\/2023\/10\/CELIA-luces-133x133.webp 133w, https:\/\/arteconfort.com\/wp-content\/uploads\/2023\/10\/CELIA-luces-300x300.webp 300w, https:\/\/arteconfort.com\/wp-content\/uploads\/2023\/10\/CELIA-luces-600x600.webp 600w, https:\/\/arteconfort.com\/wp-content\/uploads\/2023\/10\/CELIA-luces-100x100.webp 100w\" sizes=\"auto, (max-width: 1024px) 100vw, 1024px\" \/><img loading=\"lazy\" decoding=\"async\" width=\"1024\" height=\"1024\" src=\"https:\/\/arteconfort.com\/wp-content\/uploads\/2023\/10\/CELIA-grafico.webp\" class=\"attachment-shop_catalog size-shop_catalog\" alt=\"\" srcset=\"https:\/\/arteconfort.com\/wp-content\/uploads\/2023\/10\/CELIA-grafico.webp 1024w, https:\/\/arteconfort.com\/wp-content\/uploads\/2023\/10\/CELIA-grafico-768x768.webp 768w, https:\/\/arteconfort.com\/wp-content\/uploads\/2023\/10\/CELIA-grafico-340x340.webp 340w, https:\/\/arteconfort.com\/wp-content\/uploads\/2023\/10\/CELIA-grafico-640x640.webp 640w, https:\/\/arteconfort.com\/wp-content\/uploads\/2023\/10\/CELIA-grafico-960x960.webp 960w, https:\/\/arteconfort.com\/wp-content\/uploads\/2023\/10\/CELIA-grafico-133x133.webp 133w, https:\/\/arteconfort.com\/wp-content\/uploads\/2023\/10\/CELIA-grafico-300x300.webp 300w, https:\/\/arteconfort.com\/wp-content\/uploads\/2023\/10\/CELIA-grafico-600x600.webp 600w, https:\/\/arteconfort.com\/wp-content\/uploads\/2023\/10\/CELIA-grafico-100x100.webp 100w\" sizes=\"auto, (max-width: 1024px) 100vw, 1024px\" \/><img loading=\"lazy\" decoding=\"async\" width=\"1024\" height=\"1024\" src=\"https:\/\/arteconfort.com\/wp-content\/uploads\/2023\/10\/CELIA-detalle-4.webp\" class=\"attachment-shop_catalog size-shop_catalog\" alt=\"\" srcset=\"https:\/\/arteconfort.com\/wp-content\/uploads\/2023\/10\/CELIA-detalle-4.webp 1024w, https:\/\/arteconfort.com\/wp-content\/uploads\/2023\/10\/CELIA-detalle-4-768x768.webp 768w, https:\/\/arteconfort.com\/wp-content\/uploads\/2023\/10\/CELIA-detalle-4-340x340.webp 340w, https:\/\/arteconfort.com\/wp-content\/uploads\/2023\/10\/CELIA-detalle-4-640x640.webp 640w, https:\/\/arteconfort.com\/wp-content\/uploads\/2023\/10\/CELIA-detalle-4-960x960.webp 960w, https:\/\/arteconfort.com\/wp-content\/uploads\/2023\/10\/CELIA-detalle-4-133x133.webp 133w, https:\/\/arteconfort.com\/wp-content\/uploads\/2023\/10\/CELIA-detalle-4-300x300.webp 300w, https:\/\/arteconfort.com\/wp-content\/uploads\/2023\/10\/CELIA-detalle-4-600x600.webp 600w, https:\/\/arteconfort.com\/wp-content\/uploads\/2023\/10\/CELIA-detalle-4-100x100.webp 100w\" sizes=\"auto, (max-width: 1024px) 100vw, 1024px\" \/><img loading=\"lazy\" decoding=\"async\" width=\"1024\" height=\"1024\" src=\"https:\/\/arteconfort.com\/wp-content\/uploads\/2023\/10\/CELIA-detalle-3.webp\" class=\"attachment-shop_catalog size-shop_catalog\" alt=\"\" srcset=\"https:\/\/arteconfort.com\/wp-content\/uploads\/2023\/10\/CELIA-detalle-3.webp 1024w, https:\/\/arteconfort.com\/wp-content\/uploads\/2023\/10\/CELIA-detalle-3-768x768.webp 768w, https:\/\/arteconfort.com\/wp-content\/uploads\/2023\/10\/CELIA-detalle-3-340x340.webp 340w, https:\/\/arteconfort.com\/wp-content\/uploads\/2023\/10\/CELIA-detalle-3-640x640.webp 640w, https:\/\/arteconfort.com\/wp-content\/uploads\/2023\/10\/CELIA-detalle-3-960x960.webp 960w, https:\/\/arteconfort.com\/wp-content\/uploads\/2023\/10\/CELIA-detalle-3-133x133.webp 133w, https:\/\/arteconfort.com\/wp-content\/uploads\/2023\/10\/CELIA-detalle-3-300x300.webp 300w, https:\/\/arteconfort.com\/wp-content\/uploads\/2023\/10\/CELIA-detalle-3-600x600.webp 600w, https:\/\/arteconfort.com\/wp-content\/uploads\/2023\/10\/CELIA-detalle-3-100x100.webp 100w\" sizes=\"auto, (max-width: 1024px) 100vw, 1024px\" \/><img loading=\"lazy\" decoding=\"async\" width=\"1024\" height=\"1024\" src=\"https:\/\/arteconfort.com\/wp-content\/uploads\/2023\/10\/CELIA-detalle-2.webp\" class=\"attachment-shop_catalog size-shop_catalog\" alt=\"\" srcset=\"https:\/\/arteconfort.com\/wp-content\/uploads\/2023\/10\/CELIA-detalle-2.webp 1024w, https:\/\/arteconfort.com\/wp-content\/uploads\/2023\/10\/CELIA-detalle-2-768x768.webp 768w, https:\/\/arteconfort.com\/wp-content\/uploads\/2023\/10\/CELIA-detalle-2-340x340.webp 340w, https:\/\/arteconfort.com\/wp-content\/uploads\/2023\/10\/CELIA-detalle-2-640x640.webp 640w, https:\/\/arteconfort.com\/wp-content\/uploads\/2023\/10\/CELIA-detalle-2-960x960.webp 960w, https:\/\/arteconfort.com\/wp-content\/uploads\/2023\/10\/CELIA-detalle-2-133x133.webp 133w, https:\/\/arteconfort.com\/wp-content\/uploads\/2023\/10\/CELIA-detalle-2-300x300.webp 300w, https:\/\/arteconfort.com\/wp-content\/uploads\/2023\/10\/CELIA-detalle-2-600x600.webp 600w, https:\/\/arteconfort.com\/wp-content\/uploads\/2023\/10\/CELIA-detalle-2-100x100.webp 100w\" sizes=\"auto, (max-width: 1024px) 100vw, 1024px\" \/><img loading=\"lazy\" decoding=\"async\" width=\"1024\" height=\"1024\" src=\"https:\/\/arteconfort.com\/wp-content\/uploads\/2023\/10\/CELIA-detalle.webp\" class=\"attachment-shop_catalog size-shop_catalog\" alt=\"\" srcset=\"https:\/\/arteconfort.com\/wp-content\/uploads\/2023\/10\/CELIA-detalle.webp 1024w, https:\/\/arteconfort.com\/wp-content\/uploads\/2023\/10\/CELIA-detalle-768x768.webp 768w, https:\/\/arteconfort.com\/wp-content\/uploads\/2023\/10\/CELIA-detalle-340x340.webp 340w, https:\/\/arteconfort.com\/wp-content\/uploads\/2023\/10\/CELIA-detalle-640x640.webp 640w, https:\/\/arteconfort.com\/wp-content\/uploads\/2023\/10\/CELIA-detalle-960x960.webp 960w, https:\/\/arteconfort.com\/wp-content\/uploads\/2023\/10\/CELIA-detalle-133x133.webp 133w, https:\/\/arteconfort.com\/wp-content\/uploads\/2023\/10\/CELIA-detalle-300x300.webp 300w, https:\/\/arteconfort.com\/wp-content\/uploads\/2023\/10\/CELIA-detalle-600x600.webp 600w, https:\/\/arteconfort.com\/wp-content\/uploads\/2023\/10\/CELIA-detalle-100x100.webp 100w\" sizes=\"auto, (max-width: 1024px) 100vw, 1024px\" \/><img loading=\"lazy\" decoding=\"async\" width=\"1024\" height=\"1024\" src=\"https:\/\/arteconfort.com\/wp-content\/uploads\/2023\/10\/CELIA-ambiente-4.webp\" class=\"attachment-shop_catalog size-shop_catalog\" alt=\"\" srcset=\"https:\/\/arteconfort.com\/wp-content\/uploads\/2023\/10\/CELIA-ambiente-4.webp 1024w, https:\/\/arteconfort.com\/wp-content\/uploads\/2023\/10\/CELIA-ambiente-4-768x768.webp 768w, https:\/\/arteconfort.com\/wp-content\/uploads\/2023\/10\/CELIA-ambiente-4-340x340.webp 340w, https:\/\/arteconfort.com\/wp-content\/uploads\/2023\/10\/CELIA-ambiente-4-640x640.webp 640w, https:\/\/arteconfort.com\/wp-content\/uploads\/2023\/10\/CELIA-ambiente-4-960x960.webp 960w, https:\/\/arteconfort.com\/wp-content\/uploads\/2023\/10\/CELIA-ambiente-4-133x133.webp 133w, https:\/\/arteconfort.com\/wp-content\/uploads\/2023\/10\/CELIA-ambiente-4-300x300.webp 300w, https:\/\/arteconfort.com\/wp-content\/uploads\/2023\/10\/CELIA-ambiente-4-600x600.webp 600w, https:\/\/arteconfort.com\/wp-content\/uploads\/2023\/10\/CELIA-ambiente-4-100x100.webp 100w\" sizes=\"auto, (max-width: 1024px) 100vw, 1024px\" \/><img loading=\"lazy\" decoding=\"async\" width=\"1024\" height=\"1024\" src=\"https:\/\/arteconfort.com\/wp-content\/uploads\/2023\/10\/CELIA-ambiente-3.webp\" class=\"attachment-shop_catalog size-shop_catalog\" alt=\"\" srcset=\"https:\/\/arteconfort.com\/wp-content\/uploads\/2023\/10\/CELIA-ambiente-3.webp 1024w, https:\/\/arteconfort.com\/wp-content\/uploads\/2023\/10\/CELIA-ambiente-3-768x768.webp 768w, https:\/\/arteconfort.com\/wp-content\/uploads\/2023\/10\/CELIA-ambiente-3-340x340.webp 340w, https:\/\/arteconfort.com\/wp-content\/uploads\/2023\/10\/CELIA-ambiente-3-640x640.webp 640w, https:\/\/arteconfort.com\/wp-content\/uploads\/2023\/10\/CELIA-ambiente-3-960x960.webp 960w, https:\/\/arteconfort.com\/wp-content\/uploads\/2023\/10\/CELIA-ambiente-3-133x133.webp 133w, https:\/\/arteconfort.com\/wp-content\/uploads\/2023\/10\/CELIA-ambiente-3-300x300.webp 300w, https:\/\/arteconfort.com\/wp-content\/uploads\/2023\/10\/CELIA-ambiente-3-600x600.webp 600w, https:\/\/arteconfort.com\/wp-content\/uploads\/2023\/10\/CELIA-ambiente-3-100x100.webp 100w\" sizes=\"auto, (max-width: 1024px) 100vw, 1024px\" \/><img loading=\"lazy\" decoding=\"async\" width=\"1024\" height=\"1024\" src=\"https:\/\/arteconfort.com\/wp-content\/uploads\/2023\/10\/CELIA-ambiente-2.webp\" class=\"attachment-shop_catalog size-shop_catalog\" alt=\"\" srcset=\"https:\/\/arteconfort.com\/wp-content\/uploads\/2023\/10\/CELIA-ambiente-2.webp 1024w, https:\/\/arteconfort.com\/wp-content\/uploads\/2023\/10\/CELIA-ambiente-2-768x768.webp 768w, https:\/\/arteconfort.com\/wp-content\/uploads\/2023\/10\/CELIA-ambiente-2-340x340.webp 340w, https:\/\/arteconfort.com\/wp-content\/uploads\/2023\/10\/CELIA-ambiente-2-640x640.webp 640w, https:\/\/arteconfort.com\/wp-content\/uploads\/2023\/10\/CELIA-ambiente-2-960x960.webp 960w, https:\/\/arteconfort.com\/wp-content\/uploads\/2023\/10\/CELIA-ambiente-2-133x133.webp 133w, https:\/\/arteconfort.com\/wp-content\/uploads\/2023\/10\/CELIA-ambiente-2-300x300.webp 300w, https:\/\/arteconfort.com\/wp-content\/uploads\/2023\/10\/CELIA-ambiente-2-600x600.webp 600w, https:\/\/arteconfort.com\/wp-content\/uploads\/2023\/10\/CELIA-ambiente-2-100x100.webp 100w\" sizes=\"auto, (max-width: 1024px) 100vw, 1024px\" \/><img loading=\"lazy\" decoding=\"async\" width=\"1024\" height=\"1024\" src=\"https:\/\/arteconfort.com\/wp-content\/uploads\/2023\/10\/CELIA-ambiente.webp\" class=\"attachment-shop_catalog size-shop_catalog\" alt=\"\" srcset=\"https:\/\/arteconfort.com\/wp-content\/uploads\/2023\/10\/CELIA-ambiente.webp 1024w, https:\/\/arteconfort.com\/wp-content\/uploads\/2023\/10\/CELIA-ambiente-768x768.webp 768w, https:\/\/arteconfort.com\/wp-content\/uploads\/2023\/10\/CELIA-ambiente-340x340.webp 340w, https:\/\/arteconfort.com\/wp-content\/uploads\/2023\/10\/CELIA-ambiente-640x640.webp 640w, https:\/\/arteconfort.com\/wp-content\/uploads\/2023\/10\/CELIA-ambiente-960x960.webp 960w, https:\/\/arteconfort.com\/wp-content\/uploads\/2023\/10\/CELIA-ambiente-133x133.webp 133w, https:\/\/arteconfort.com\/wp-content\/uploads\/2023\/10\/CELIA-ambiente-300x300.webp 300w, https:\/\/arteconfort.com\/wp-content\/uploads\/2023\/10\/CELIA-ambiente-600x600.webp 600w, https:\/\/arteconfort.com\/wp-content\/uploads\/2023\/10\/CELIA-ambiente-100x100.webp 100w\" sizes=\"auto, (max-width: 1024px) 100vw, 1024px\" \/>\t<\/a>\n\t<div class=\"w-product-status\"><\/div>\t<span id=\"woocommerce_loop_add_to_cart_link_describedby_25234\" class=\"screen-reader-text\">\n\t\t\t<\/span>\n<\/div><div class=\"berocket_better_labels berocket_better_labels_image\"><div class=\"berocket_better_labels_position berocket_better_labels_position_right\"><div class=\"berocket_better_labels_line berocket_better_labels_line_1\"><div class=\"berocket_better_labels_inline berocket_better_labels_inline_1\"><div class=\"br_alabel br_alabel_type_text br_alabel_template_type_css berocket_alabel_id_22611  br_alabel_better_compatibility\" style=\"\"><span  style=\"\"><i style=\"background-color: #000000; border-color: #000000;\" class=\"template-span-before \"><\/i><i style=\"background-color: #000000; border-color: #000000;\" class=\"template-i \"><\/i><i style=\"background-color: #000000; border-color: #000000;\" class=\"template-i-before \"><\/i><i style=\"background-color: #000000; border-color: #000000;\" class=\"template-i-after \"><\/i><b style=\"position: relative;z-index: 100;text-align: center;color: inherit;\">Old collection<\/b><\/span><\/div><\/div><\/div><\/div><\/div><figcaption><h2 class=\"woocommerce-loop-product__title\">CELIA<\/h2><div class=\"woocommerce-product-details__short-description\">\n\t<p>CELIA ceiling fan with integrated LED light and colour temperature memory. With a black body and 3 black<\/div>\n\n<\/figcaption><\/figure><\/li>\n<li class=\"product type-product post-10249 status-publish last instock product_cat-climatizacion-en product_cat-collection-old-en product_cat-ventiladores-de-techo-en has-post-thumbnail shipping-taxable product-type-external w-item col-3\">\n\t<figure><div class=\"image-wrapper\">\t\t<a href=\"https:\/\/arteconfort.com\/en\/producto\/conil\/\" class=\"w-fadeslider\">\n\t<img loading=\"lazy\" decoding=\"async\" width=\"1024\" height=\"1024\" src=\"https:\/\/arteconfort.com\/wp-content\/uploads\/2024\/06\/ventilador-CONIL-foto-con-mando.webp\" class=\"attachment-shop_catalog size-shop_catalog wp-post-image\" alt=\"Ventilador CONIL foto con mando\" srcset=\"https:\/\/arteconfort.com\/wp-content\/uploads\/2024\/06\/ventilador-CONIL-foto-con-mando.webp 1024w, https:\/\/arteconfort.com\/wp-content\/uploads\/2024\/06\/ventilador-CONIL-foto-con-mando-768x768.webp 768w, https:\/\/arteconfort.com\/wp-content\/uploads\/2024\/06\/ventilador-CONIL-foto-con-mando-340x340.webp 340w, https:\/\/arteconfort.com\/wp-content\/uploads\/2024\/06\/ventilador-CONIL-foto-con-mando-640x640.webp 640w, https:\/\/arteconfort.com\/wp-content\/uploads\/2024\/06\/ventilador-CONIL-foto-con-mando-960x960.webp 960w, https:\/\/arteconfort.com\/wp-content\/uploads\/2024\/06\/ventilador-CONIL-foto-con-mando-300x300.webp 300w, https:\/\/arteconfort.com\/wp-content\/uploads\/2024\/06\/ventilador-CONIL-foto-con-mando-600x600.webp 600w, https:\/\/arteconfort.com\/wp-content\/uploads\/2024\/06\/ventilador-CONIL-foto-con-mando-100x100.webp 100w, https:\/\/arteconfort.com\/wp-content\/uploads\/2024\/06\/ventilador-CONIL-foto-con-mando-133x133.webp 133w\" sizes=\"auto, (max-width: 1024px) 100vw, 1024px\" \/>\t<img loading=\"lazy\" decoding=\"async\" width=\"1024\" height=\"1024\" src=\"https:\/\/arteconfort.com\/wp-content\/uploads\/2024\/06\/ventilador-CONIL-foto-ambiente-dia.webp\" class=\"attachment-shop_catalog size-shop_catalog\" alt=\"\" srcset=\"https:\/\/arteconfort.com\/wp-content\/uploads\/2024\/06\/ventilador-CONIL-foto-ambiente-dia.webp 1024w, https:\/\/arteconfort.com\/wp-content\/uploads\/2024\/06\/ventilador-CONIL-foto-ambiente-dia-768x768.webp 768w, https:\/\/arteconfort.com\/wp-content\/uploads\/2024\/06\/ventilador-CONIL-foto-ambiente-dia-340x340.webp 340w, https:\/\/arteconfort.com\/wp-content\/uploads\/2024\/06\/ventilador-CONIL-foto-ambiente-dia-640x640.webp 640w, https:\/\/arteconfort.com\/wp-content\/uploads\/2024\/06\/ventilador-CONIL-foto-ambiente-dia-960x960.webp 960w, https:\/\/arteconfort.com\/wp-content\/uploads\/2024\/06\/ventilador-CONIL-foto-ambiente-dia-133x133.webp 133w, https:\/\/arteconfort.com\/wp-content\/uploads\/2024\/06\/ventilador-CONIL-foto-ambiente-dia-300x300.webp 300w, https:\/\/arteconfort.com\/wp-content\/uploads\/2024\/06\/ventilador-CONIL-foto-ambiente-dia-600x600.webp 600w, https:\/\/arteconfort.com\/wp-content\/uploads\/2024\/06\/ventilador-CONIL-foto-ambiente-dia-100x100.webp 100w\" sizes=\"auto, (max-width: 1024px) 100vw, 1024px\" \/><img loading=\"lazy\" decoding=\"async\" width=\"1024\" height=\"1024\" src=\"https:\/\/arteconfort.com\/wp-content\/uploads\/2024\/06\/ventilador-CONIL-foto-lateral.webp\" class=\"attachment-shop_catalog size-shop_catalog\" alt=\"Ventilador CONIL foto lateral\" srcset=\"https:\/\/arteconfort.com\/wp-content\/uploads\/2024\/06\/ventilador-CONIL-foto-lateral.webp 1024w, https:\/\/arteconfort.com\/wp-content\/uploads\/2024\/06\/ventilador-CONIL-foto-lateral-768x768.webp 768w, https:\/\/arteconfort.com\/wp-content\/uploads\/2024\/06\/ventilador-CONIL-foto-lateral-340x340.webp 340w, https:\/\/arteconfort.com\/wp-content\/uploads\/2024\/06\/ventilador-CONIL-foto-lateral-640x640.webp 640w, https:\/\/arteconfort.com\/wp-content\/uploads\/2024\/06\/ventilador-CONIL-foto-lateral-960x960.webp 960w, https:\/\/arteconfort.com\/wp-content\/uploads\/2024\/06\/ventilador-CONIL-foto-lateral-133x133.webp 133w, https:\/\/arteconfort.com\/wp-content\/uploads\/2024\/06\/ventilador-CONIL-foto-lateral-300x300.webp 300w, https:\/\/arteconfort.com\/wp-content\/uploads\/2024\/06\/ventilador-CONIL-foto-lateral-600x600.webp 600w, https:\/\/arteconfort.com\/wp-content\/uploads\/2024\/06\/ventilador-CONIL-foto-lateral-100x100.webp 100w\" sizes=\"auto, (max-width: 1024px) 100vw, 1024px\" \/><img loading=\"lazy\" decoding=\"async\" width=\"1024\" height=\"1024\" src=\"https:\/\/arteconfort.com\/wp-content\/uploads\/2024\/06\/ventilador-CONIL-foto.webp\" class=\"attachment-shop_catalog size-shop_catalog\" alt=\"\" srcset=\"https:\/\/arteconfort.com\/wp-content\/uploads\/2024\/06\/ventilador-CONIL-foto.webp 1024w, https:\/\/arteconfort.com\/wp-content\/uploads\/2024\/06\/ventilador-CONIL-foto-768x768.webp 768w, https:\/\/arteconfort.com\/wp-content\/uploads\/2024\/06\/ventilador-CONIL-foto-340x340.webp 340w, https:\/\/arteconfort.com\/wp-content\/uploads\/2024\/06\/ventilador-CONIL-foto-640x640.webp 640w, https:\/\/arteconfort.com\/wp-content\/uploads\/2024\/06\/ventilador-CONIL-foto-960x960.webp 960w, https:\/\/arteconfort.com\/wp-content\/uploads\/2024\/06\/ventilador-CONIL-foto-133x133.webp 133w, https:\/\/arteconfort.com\/wp-content\/uploads\/2024\/06\/ventilador-CONIL-foto-300x300.webp 300w, https:\/\/arteconfort.com\/wp-content\/uploads\/2024\/06\/ventilador-CONIL-foto-600x600.webp 600w, https:\/\/arteconfort.com\/wp-content\/uploads\/2024\/06\/ventilador-CONIL-foto-100x100.webp 100w\" sizes=\"auto, (max-width: 1024px) 100vw, 1024px\" \/><img loading=\"lazy\" decoding=\"async\" width=\"1024\" height=\"1024\" src=\"https:\/\/arteconfort.com\/wp-content\/uploads\/2024\/06\/ventilador-CONIL-foto-aspas-color-madera.webp\" class=\"attachment-shop_catalog size-shop_catalog\" alt=\"Ventilador CONIL foto aspas color madera\" srcset=\"https:\/\/arteconfort.com\/wp-content\/uploads\/2024\/06\/ventilador-CONIL-foto-aspas-color-madera.webp 1024w, https:\/\/arteconfort.com\/wp-content\/uploads\/2024\/06\/ventilador-CONIL-foto-aspas-color-madera-768x768.webp 768w, https:\/\/arteconfort.com\/wp-content\/uploads\/2024\/06\/ventilador-CONIL-foto-aspas-color-madera-340x340.webp 340w, https:\/\/arteconfort.com\/wp-content\/uploads\/2024\/06\/ventilador-CONIL-foto-aspas-color-madera-640x640.webp 640w, https:\/\/arteconfort.com\/wp-content\/uploads\/2024\/06\/ventilador-CONIL-foto-aspas-color-madera-960x960.webp 960w, https:\/\/arteconfort.com\/wp-content\/uploads\/2024\/06\/ventilador-CONIL-foto-aspas-color-madera-133x133.webp 133w, https:\/\/arteconfort.com\/wp-content\/uploads\/2024\/06\/ventilador-CONIL-foto-aspas-color-madera-300x300.webp 300w, https:\/\/arteconfort.com\/wp-content\/uploads\/2024\/06\/ventilador-CONIL-foto-aspas-color-madera-600x600.webp 600w, https:\/\/arteconfort.com\/wp-content\/uploads\/2024\/06\/ventilador-CONIL-foto-aspas-color-madera-100x100.webp 100w\" sizes=\"auto, (max-width: 1024px) 100vw, 1024px\" \/><img loading=\"lazy\" decoding=\"async\" width=\"1024\" height=\"1024\" src=\"https:\/\/arteconfort.com\/wp-content\/uploads\/2024\/06\/ventilador-CONIL-foto-aspa-abs.webp\" class=\"attachment-shop_catalog size-shop_catalog\" alt=\"Ventilador CONIL foto aspa abs\" srcset=\"https:\/\/arteconfort.com\/wp-content\/uploads\/2024\/06\/ventilador-CONIL-foto-aspa-abs.webp 1024w, https:\/\/arteconfort.com\/wp-content\/uploads\/2024\/06\/ventilador-CONIL-foto-aspa-abs-768x768.webp 768w, https:\/\/arteconfort.com\/wp-content\/uploads\/2024\/06\/ventilador-CONIL-foto-aspa-abs-340x340.webp 340w, https:\/\/arteconfort.com\/wp-content\/uploads\/2024\/06\/ventilador-CONIL-foto-aspa-abs-640x640.webp 640w, https:\/\/arteconfort.com\/wp-content\/uploads\/2024\/06\/ventilador-CONIL-foto-aspa-abs-960x960.webp 960w, https:\/\/arteconfort.com\/wp-content\/uploads\/2024\/06\/ventilador-CONIL-foto-aspa-abs-133x133.webp 133w, https:\/\/arteconfort.com\/wp-content\/uploads\/2024\/06\/ventilador-CONIL-foto-aspa-abs-300x300.webp 300w, https:\/\/arteconfort.com\/wp-content\/uploads\/2024\/06\/ventilador-CONIL-foto-aspa-abs-600x600.webp 600w, https:\/\/arteconfort.com\/wp-content\/uploads\/2024\/06\/ventilador-CONIL-foto-aspa-abs-100x100.webp 100w\" sizes=\"auto, (max-width: 1024px) 100vw, 1024px\" \/><img loading=\"lazy\" decoding=\"async\" width=\"1024\" height=\"1024\" src=\"https:\/\/arteconfort.com\/wp-content\/uploads\/2024\/06\/ventilador-CONIL-foto-acabado-color-madera.webp\" class=\"attachment-shop_catalog size-shop_catalog\" alt=\"Ventilador CONIL foto acabado color madera\" srcset=\"https:\/\/arteconfort.com\/wp-content\/uploads\/2024\/06\/ventilador-CONIL-foto-acabado-color-madera.webp 1024w, https:\/\/arteconfort.com\/wp-content\/uploads\/2024\/06\/ventilador-CONIL-foto-acabado-color-madera-768x768.webp 768w, https:\/\/arteconfort.com\/wp-content\/uploads\/2024\/06\/ventilador-CONIL-foto-acabado-color-madera-340x340.webp 340w, https:\/\/arteconfort.com\/wp-content\/uploads\/2024\/06\/ventilador-CONIL-foto-acabado-color-madera-640x640.webp 640w, https:\/\/arteconfort.com\/wp-content\/uploads\/2024\/06\/ventilador-CONIL-foto-acabado-color-madera-960x960.webp 960w, https:\/\/arteconfort.com\/wp-content\/uploads\/2024\/06\/ventilador-CONIL-foto-acabado-color-madera-133x133.webp 133w, https:\/\/arteconfort.com\/wp-content\/uploads\/2024\/06\/ventilador-CONIL-foto-acabado-color-madera-300x300.webp 300w, https:\/\/arteconfort.com\/wp-content\/uploads\/2024\/06\/ventilador-CONIL-foto-acabado-color-madera-600x600.webp 600w, https:\/\/arteconfort.com\/wp-content\/uploads\/2024\/06\/ventilador-CONIL-foto-acabado-color-madera-100x100.webp 100w\" sizes=\"auto, (max-width: 1024px) 100vw, 1024px\" \/><img loading=\"lazy\" decoding=\"async\" width=\"1024\" height=\"1024\" src=\"https:\/\/arteconfort.com\/wp-content\/uploads\/2024\/06\/ventilador-CONIL-foto-dimensiones.webp\" class=\"attachment-shop_catalog size-shop_catalog\" alt=\"Ventilador CONIL foto dimensiones\" srcset=\"https:\/\/arteconfort.com\/wp-content\/uploads\/2024\/06\/ventilador-CONIL-foto-dimensiones.webp 1024w, https:\/\/arteconfort.com\/wp-content\/uploads\/2024\/06\/ventilador-CONIL-foto-dimensiones-768x768.webp 768w, https:\/\/arteconfort.com\/wp-content\/uploads\/2024\/06\/ventilador-CONIL-foto-dimensiones-340x340.webp 340w, https:\/\/arteconfort.com\/wp-content\/uploads\/2024\/06\/ventilador-CONIL-foto-dimensiones-640x640.webp 640w, https:\/\/arteconfort.com\/wp-content\/uploads\/2024\/06\/ventilador-CONIL-foto-dimensiones-960x960.webp 960w, https:\/\/arteconfort.com\/wp-content\/uploads\/2024\/06\/ventilador-CONIL-foto-dimensiones-133x133.webp 133w, https:\/\/arteconfort.com\/wp-content\/uploads\/2024\/06\/ventilador-CONIL-foto-dimensiones-300x300.webp 300w, https:\/\/arteconfort.com\/wp-content\/uploads\/2024\/06\/ventilador-CONIL-foto-dimensiones-600x600.webp 600w, https:\/\/arteconfort.com\/wp-content\/uploads\/2024\/06\/ventilador-CONIL-foto-dimensiones-100x100.webp 100w\" sizes=\"auto, (max-width: 1024px) 100vw, 1024px\" \/><img loading=\"lazy\" decoding=\"async\" width=\"1024\" height=\"1024\" src=\"https:\/\/arteconfort.com\/wp-content\/uploads\/2024\/06\/ventilador-CONIL-foto-temperaturas-de-color.webp\" class=\"attachment-shop_catalog size-shop_catalog\" alt=\"Ventilador CONIL foto temperaturas de color\" srcset=\"https:\/\/arteconfort.com\/wp-content\/uploads\/2024\/06\/ventilador-CONIL-foto-temperaturas-de-color.webp 1024w, https:\/\/arteconfort.com\/wp-content\/uploads\/2024\/06\/ventilador-CONIL-foto-temperaturas-de-color-768x768.webp 768w, https:\/\/arteconfort.com\/wp-content\/uploads\/2024\/06\/ventilador-CONIL-foto-temperaturas-de-color-340x340.webp 340w, https:\/\/arteconfort.com\/wp-content\/uploads\/2024\/06\/ventilador-CONIL-foto-temperaturas-de-color-640x640.webp 640w, https:\/\/arteconfort.com\/wp-content\/uploads\/2024\/06\/ventilador-CONIL-foto-temperaturas-de-color-960x960.webp 960w, https:\/\/arteconfort.com\/wp-content\/uploads\/2024\/06\/ventilador-CONIL-foto-temperaturas-de-color-133x133.webp 133w, https:\/\/arteconfort.com\/wp-content\/uploads\/2024\/06\/ventilador-CONIL-foto-temperaturas-de-color-300x300.webp 300w, https:\/\/arteconfort.com\/wp-content\/uploads\/2024\/06\/ventilador-CONIL-foto-temperaturas-de-color-600x600.webp 600w, https:\/\/arteconfort.com\/wp-content\/uploads\/2024\/06\/ventilador-CONIL-foto-temperaturas-de-color-100x100.webp 100w\" sizes=\"auto, (max-width: 1024px) 100vw, 1024px\" \/><img loading=\"lazy\" decoding=\"async\" width=\"1024\" height=\"1024\" src=\"https:\/\/arteconfort.com\/wp-content\/uploads\/2024\/06\/ventilador-CONIL-foto-luz-calida.webp\" class=\"attachment-shop_catalog size-shop_catalog\" alt=\"Ventilador CONIL luz calida\" srcset=\"https:\/\/arteconfort.com\/wp-content\/uploads\/2024\/06\/ventilador-CONIL-foto-luz-calida.webp 1024w, https:\/\/arteconfort.com\/wp-content\/uploads\/2024\/06\/ventilador-CONIL-foto-luz-calida-768x768.webp 768w, https:\/\/arteconfort.com\/wp-content\/uploads\/2024\/06\/ventilador-CONIL-foto-luz-calida-340x340.webp 340w, https:\/\/arteconfort.com\/wp-content\/uploads\/2024\/06\/ventilador-CONIL-foto-luz-calida-640x640.webp 640w, https:\/\/arteconfort.com\/wp-content\/uploads\/2024\/06\/ventilador-CONIL-foto-luz-calida-960x960.webp 960w, https:\/\/arteconfort.com\/wp-content\/uploads\/2024\/06\/ventilador-CONIL-foto-luz-calida-133x133.webp 133w, https:\/\/arteconfort.com\/wp-content\/uploads\/2024\/06\/ventilador-CONIL-foto-luz-calida-300x300.webp 300w, https:\/\/arteconfort.com\/wp-content\/uploads\/2024\/06\/ventilador-CONIL-foto-luz-calida-600x600.webp 600w, https:\/\/arteconfort.com\/wp-content\/uploads\/2024\/06\/ventilador-CONIL-foto-luz-calida-100x100.webp 100w\" sizes=\"auto, (max-width: 1024px) 100vw, 1024px\" \/><img loading=\"lazy\" decoding=\"async\" width=\"1024\" height=\"1024\" src=\"https:\/\/arteconfort.com\/wp-content\/uploads\/2024\/06\/ventilador-CONIL-foto-luz-fria.webp\" class=\"attachment-shop_catalog size-shop_catalog\" alt=\"Ventilador CONIL luz fria\" srcset=\"https:\/\/arteconfort.com\/wp-content\/uploads\/2024\/06\/ventilador-CONIL-foto-luz-fria.webp 1024w, https:\/\/arteconfort.com\/wp-content\/uploads\/2024\/06\/ventilador-CONIL-foto-luz-fria-768x768.webp 768w, https:\/\/arteconfort.com\/wp-content\/uploads\/2024\/06\/ventilador-CONIL-foto-luz-fria-340x340.webp 340w, https:\/\/arteconfort.com\/wp-content\/uploads\/2024\/06\/ventilador-CONIL-foto-luz-fria-640x640.webp 640w, https:\/\/arteconfort.com\/wp-content\/uploads\/2024\/06\/ventilador-CONIL-foto-luz-fria-960x960.webp 960w, https:\/\/arteconfort.com\/wp-content\/uploads\/2024\/06\/ventilador-CONIL-foto-luz-fria-133x133.webp 133w, https:\/\/arteconfort.com\/wp-content\/uploads\/2024\/06\/ventilador-CONIL-foto-luz-fria-300x300.webp 300w, https:\/\/arteconfort.com\/wp-content\/uploads\/2024\/06\/ventilador-CONIL-foto-luz-fria-600x600.webp 600w, https:\/\/arteconfort.com\/wp-content\/uploads\/2024\/06\/ventilador-CONIL-foto-luz-fria-100x100.webp 100w\" sizes=\"auto, (max-width: 1024px) 100vw, 1024px\" \/><img loading=\"lazy\" decoding=\"async\" width=\"1024\" height=\"1024\" src=\"https:\/\/arteconfort.com\/wp-content\/uploads\/2024\/06\/ventilador-CONIL-foto-ambiente-luz-calida-1.webp\" class=\"attachment-shop_catalog size-shop_catalog\" alt=\"Ventilador CONIL ambiente luz calida\" srcset=\"https:\/\/arteconfort.com\/wp-content\/uploads\/2024\/06\/ventilador-CONIL-foto-ambiente-luz-calida-1.webp 1024w, https:\/\/arteconfort.com\/wp-content\/uploads\/2024\/06\/ventilador-CONIL-foto-ambiente-luz-calida-1-768x768.webp 768w, https:\/\/arteconfort.com\/wp-content\/uploads\/2024\/06\/ventilador-CONIL-foto-ambiente-luz-calida-1-340x340.webp 340w, https:\/\/arteconfort.com\/wp-content\/uploads\/2024\/06\/ventilador-CONIL-foto-ambiente-luz-calida-1-640x640.webp 640w, https:\/\/arteconfort.com\/wp-content\/uploads\/2024\/06\/ventilador-CONIL-foto-ambiente-luz-calida-1-960x960.webp 960w, https:\/\/arteconfort.com\/wp-content\/uploads\/2024\/06\/ventilador-CONIL-foto-ambiente-luz-calida-1-133x133.webp 133w, https:\/\/arteconfort.com\/wp-content\/uploads\/2024\/06\/ventilador-CONIL-foto-ambiente-luz-calida-1-300x300.webp 300w, https:\/\/arteconfort.com\/wp-content\/uploads\/2024\/06\/ventilador-CONIL-foto-ambiente-luz-calida-1-600x600.webp 600w, https:\/\/arteconfort.com\/wp-content\/uploads\/2024\/06\/ventilador-CONIL-foto-ambiente-luz-calida-1-100x100.webp 100w\" sizes=\"auto, (max-width: 1024px) 100vw, 1024px\" \/><img loading=\"lazy\" decoding=\"async\" width=\"1024\" height=\"1024\" src=\"https:\/\/arteconfort.com\/wp-content\/uploads\/2024\/06\/ventilador-CONIL-foto-ambiente-luz-neutra.webp\" class=\"attachment-shop_catalog size-shop_catalog\" alt=\"Ventilador CONIL foto ambiente luz neutra\" srcset=\"https:\/\/arteconfort.com\/wp-content\/uploads\/2024\/06\/ventilador-CONIL-foto-ambiente-luz-neutra.webp 1024w, https:\/\/arteconfort.com\/wp-content\/uploads\/2024\/06\/ventilador-CONIL-foto-ambiente-luz-neutra-768x768.webp 768w, https:\/\/arteconfort.com\/wp-content\/uploads\/2024\/06\/ventilador-CONIL-foto-ambiente-luz-neutra-340x340.webp 340w, https:\/\/arteconfort.com\/wp-content\/uploads\/2024\/06\/ventilador-CONIL-foto-ambiente-luz-neutra-640x640.webp 640w, https:\/\/arteconfort.com\/wp-content\/uploads\/2024\/06\/ventilador-CONIL-foto-ambiente-luz-neutra-960x960.webp 960w, https:\/\/arteconfort.com\/wp-content\/uploads\/2024\/06\/ventilador-CONIL-foto-ambiente-luz-neutra-133x133.webp 133w, https:\/\/arteconfort.com\/wp-content\/uploads\/2024\/06\/ventilador-CONIL-foto-ambiente-luz-neutra-300x300.webp 300w, https:\/\/arteconfort.com\/wp-content\/uploads\/2024\/06\/ventilador-CONIL-foto-ambiente-luz-neutra-600x600.webp 600w, https:\/\/arteconfort.com\/wp-content\/uploads\/2024\/06\/ventilador-CONIL-foto-ambiente-luz-neutra-100x100.webp 100w\" sizes=\"auto, (max-width: 1024px) 100vw, 1024px\" \/><img loading=\"lazy\" decoding=\"async\" width=\"1024\" height=\"1024\" src=\"https:\/\/arteconfort.com\/wp-content\/uploads\/2024\/06\/ventilador-CONIL-foto-ambiente-luz-calida.webp\" class=\"attachment-shop_catalog size-shop_catalog\" alt=\"Ventilador CONIL foto ambiente luz neutra tenue\" srcset=\"https:\/\/arteconfort.com\/wp-content\/uploads\/2024\/06\/ventilador-CONIL-foto-ambiente-luz-calida.webp 1024w, https:\/\/arteconfort.com\/wp-content\/uploads\/2024\/06\/ventilador-CONIL-foto-ambiente-luz-calida-768x768.webp 768w, https:\/\/arteconfort.com\/wp-content\/uploads\/2024\/06\/ventilador-CONIL-foto-ambiente-luz-calida-340x340.webp 340w, https:\/\/arteconfort.com\/wp-content\/uploads\/2024\/06\/ventilador-CONIL-foto-ambiente-luz-calida-640x640.webp 640w, https:\/\/arteconfort.com\/wp-content\/uploads\/2024\/06\/ventilador-CONIL-foto-ambiente-luz-calida-960x960.webp 960w, https:\/\/arteconfort.com\/wp-content\/uploads\/2024\/06\/ventilador-CONIL-foto-ambiente-luz-calida-133x133.webp 133w, https:\/\/arteconfort.com\/wp-content\/uploads\/2024\/06\/ventilador-CONIL-foto-ambiente-luz-calida-300x300.webp 300w, https:\/\/arteconfort.com\/wp-content\/uploads\/2024\/06\/ventilador-CONIL-foto-ambiente-luz-calida-600x600.webp 600w, https:\/\/arteconfort.com\/wp-content\/uploads\/2024\/06\/ventilador-CONIL-foto-ambiente-luz-calida-100x100.webp 100w\" sizes=\"auto, (max-width: 1024px) 100vw, 1024px\" \/><img loading=\"lazy\" decoding=\"async\" width=\"1024\" height=\"1024\" src=\"https:\/\/arteconfort.com\/wp-content\/uploads\/2024\/06\/ventilador-CONIL-foto-ambiente-luz-fria.webp\" class=\"attachment-shop_catalog size-shop_catalog\" alt=\"Ventilador CONIL foto ambiente luz fria\" srcset=\"https:\/\/arteconfort.com\/wp-content\/uploads\/2024\/06\/ventilador-CONIL-foto-ambiente-luz-fria.webp 1024w, https:\/\/arteconfort.com\/wp-content\/uploads\/2024\/06\/ventilador-CONIL-foto-ambiente-luz-fria-768x768.webp 768w, https:\/\/arteconfort.com\/wp-content\/uploads\/2024\/06\/ventilador-CONIL-foto-ambiente-luz-fria-340x340.webp 340w, https:\/\/arteconfort.com\/wp-content\/uploads\/2024\/06\/ventilador-CONIL-foto-ambiente-luz-fria-640x640.webp 640w, https:\/\/arteconfort.com\/wp-content\/uploads\/2024\/06\/ventilador-CONIL-foto-ambiente-luz-fria-960x960.webp 960w, https:\/\/arteconfort.com\/wp-content\/uploads\/2024\/06\/ventilador-CONIL-foto-ambiente-luz-fria-133x133.webp 133w, https:\/\/arteconfort.com\/wp-content\/uploads\/2024\/06\/ventilador-CONIL-foto-ambiente-luz-fria-300x300.webp 300w, https:\/\/arteconfort.com\/wp-content\/uploads\/2024\/06\/ventilador-CONIL-foto-ambiente-luz-fria-600x600.webp 600w, https:\/\/arteconfort.com\/wp-content\/uploads\/2024\/06\/ventilador-CONIL-foto-ambiente-luz-fria-100x100.webp 100w\" sizes=\"auto, (max-width: 1024px) 100vw, 1024px\" \/>\t<\/a>\n\t<div class=\"w-product-status\"><\/div>\t<span id=\"woocommerce_loop_add_to_cart_link_describedby_10249\" class=\"screen-reader-text\">\n\t\t\t<\/span>\n<\/div><div class=\"berocket_better_labels berocket_better_labels_image\"><div class=\"berocket_better_labels_position berocket_better_labels_position_right\"><div class=\"berocket_better_labels_line berocket_better_labels_line_1\"><div class=\"berocket_better_labels_inline berocket_better_labels_inline_1\"><div class=\"br_alabel br_alabel_type_text br_alabel_template_type_css berocket_alabel_id_22611  br_alabel_better_compatibility\" style=\"\"><span  style=\"\"><i style=\"background-color: #000000; border-color: #000000;\" class=\"template-span-before \"><\/i><i style=\"background-color: #000000; border-color: #000000;\" class=\"template-i \"><\/i><i style=\"background-color: #000000; border-color: #000000;\" class=\"template-i-before \"><\/i><i style=\"background-color: #000000; border-color: #000000;\" class=\"template-i-after \"><\/i><b style=\"position: relative;z-index: 100;text-align: center;color: inherit;\">Old collection<\/b><\/span><\/div><\/div><\/div><\/div><\/div><figcaption><h2 class=\"woocommerce-loop-product__title\">CONIL<\/h2><div class=\"woocommerce-product-details__short-description\">\n\t<p>Conil ceiling fan with integrated LED light and colour temperature memory. It has a metal body, 3 wooden<\/div>\n\n<\/figcaption><\/figure><\/li>\n<li class=\"product type-product post-25423 status-publish first instock product_cat-climatizacion-en product_cat-collection-old-en product_cat-ventiladores-de-techo-en has-post-thumbnail shipping-taxable product-type-simple w-item col-3\">\n\t<figure><div class=\"image-wrapper\">\t\t<a href=\"https:\/\/arteconfort.com\/en\/producto\/coral\/\" class=\"w-fadeslider\">\n\t<img loading=\"lazy\" decoding=\"async\" width=\"1024\" height=\"1024\" src=\"https:\/\/arteconfort.com\/wp-content\/uploads\/2023\/10\/CORAL-mando.webp\" class=\"attachment-shop_catalog size-shop_catalog wp-post-image\" alt=\"\" srcset=\"https:\/\/arteconfort.com\/wp-content\/uploads\/2023\/10\/CORAL-mando.webp 1024w, https:\/\/arteconfort.com\/wp-content\/uploads\/2023\/10\/CORAL-mando-768x768.webp 768w, https:\/\/arteconfort.com\/wp-content\/uploads\/2023\/10\/CORAL-mando-340x340.webp 340w, https:\/\/arteconfort.com\/wp-content\/uploads\/2023\/10\/CORAL-mando-640x640.webp 640w, https:\/\/arteconfort.com\/wp-content\/uploads\/2023\/10\/CORAL-mando-960x960.webp 960w, https:\/\/arteconfort.com\/wp-content\/uploads\/2023\/10\/CORAL-mando-300x300.webp 300w, https:\/\/arteconfort.com\/wp-content\/uploads\/2023\/10\/CORAL-mando-600x600.webp 600w, https:\/\/arteconfort.com\/wp-content\/uploads\/2023\/10\/CORAL-mando-100x100.webp 100w, https:\/\/arteconfort.com\/wp-content\/uploads\/2023\/10\/CORAL-mando-133x133.webp 133w\" sizes=\"auto, (max-width: 1024px) 100vw, 1024px\" \/>\t<img loading=\"lazy\" decoding=\"async\" width=\"1024\" height=\"1024\" src=\"https:\/\/arteconfort.com\/wp-content\/uploads\/2023\/10\/CORAL-luces.webp\" class=\"attachment-shop_catalog size-shop_catalog\" alt=\"\" srcset=\"https:\/\/arteconfort.com\/wp-content\/uploads\/2023\/10\/CORAL-luces.webp 1024w, https:\/\/arteconfort.com\/wp-content\/uploads\/2023\/10\/CORAL-luces-768x768.webp 768w, https:\/\/arteconfort.com\/wp-content\/uploads\/2023\/10\/CORAL-luces-340x340.webp 340w, https:\/\/arteconfort.com\/wp-content\/uploads\/2023\/10\/CORAL-luces-640x640.webp 640w, https:\/\/arteconfort.com\/wp-content\/uploads\/2023\/10\/CORAL-luces-960x960.webp 960w, https:\/\/arteconfort.com\/wp-content\/uploads\/2023\/10\/CORAL-luces-133x133.webp 133w, https:\/\/arteconfort.com\/wp-content\/uploads\/2023\/10\/CORAL-luces-300x300.webp 300w, https:\/\/arteconfort.com\/wp-content\/uploads\/2023\/10\/CORAL-luces-600x600.webp 600w, https:\/\/arteconfort.com\/wp-content\/uploads\/2023\/10\/CORAL-luces-100x100.webp 100w\" sizes=\"auto, (max-width: 1024px) 100vw, 1024px\" \/><img loading=\"lazy\" decoding=\"async\" width=\"1024\" height=\"1024\" src=\"https:\/\/arteconfort.com\/wp-content\/uploads\/2023\/10\/CORAL-grafico.webp\" class=\"attachment-shop_catalog size-shop_catalog\" alt=\"\" srcset=\"https:\/\/arteconfort.com\/wp-content\/uploads\/2023\/10\/CORAL-grafico.webp 1024w, https:\/\/arteconfort.com\/wp-content\/uploads\/2023\/10\/CORAL-grafico-768x768.webp 768w, https:\/\/arteconfort.com\/wp-content\/uploads\/2023\/10\/CORAL-grafico-340x340.webp 340w, https:\/\/arteconfort.com\/wp-content\/uploads\/2023\/10\/CORAL-grafico-640x640.webp 640w, https:\/\/arteconfort.com\/wp-content\/uploads\/2023\/10\/CORAL-grafico-960x960.webp 960w, https:\/\/arteconfort.com\/wp-content\/uploads\/2023\/10\/CORAL-grafico-133x133.webp 133w, https:\/\/arteconfort.com\/wp-content\/uploads\/2023\/10\/CORAL-grafico-300x300.webp 300w, https:\/\/arteconfort.com\/wp-content\/uploads\/2023\/10\/CORAL-grafico-600x600.webp 600w, https:\/\/arteconfort.com\/wp-content\/uploads\/2023\/10\/CORAL-grafico-100x100.webp 100w\" sizes=\"auto, (max-width: 1024px) 100vw, 1024px\" \/><img loading=\"lazy\" decoding=\"async\" width=\"1024\" height=\"1024\" src=\"https:\/\/arteconfort.com\/wp-content\/uploads\/2023\/10\/CORAL-detalle.webp\" class=\"attachment-shop_catalog size-shop_catalog\" alt=\"\" srcset=\"https:\/\/arteconfort.com\/wp-content\/uploads\/2023\/10\/CORAL-detalle.webp 1024w, https:\/\/arteconfort.com\/wp-content\/uploads\/2023\/10\/CORAL-detalle-768x768.webp 768w, https:\/\/arteconfort.com\/wp-content\/uploads\/2023\/10\/CORAL-detalle-340x340.webp 340w, https:\/\/arteconfort.com\/wp-content\/uploads\/2023\/10\/CORAL-detalle-640x640.webp 640w, https:\/\/arteconfort.com\/wp-content\/uploads\/2023\/10\/CORAL-detalle-960x960.webp 960w, https:\/\/arteconfort.com\/wp-content\/uploads\/2023\/10\/CORAL-detalle-133x133.webp 133w, https:\/\/arteconfort.com\/wp-content\/uploads\/2023\/10\/CORAL-detalle-300x300.webp 300w, https:\/\/arteconfort.com\/wp-content\/uploads\/2023\/10\/CORAL-detalle-600x600.webp 600w, https:\/\/arteconfort.com\/wp-content\/uploads\/2023\/10\/CORAL-detalle-100x100.webp 100w\" sizes=\"auto, (max-width: 1024px) 100vw, 1024px\" \/><img loading=\"lazy\" decoding=\"async\" width=\"1024\" height=\"1024\" src=\"https:\/\/arteconfort.com\/wp-content\/uploads\/2023\/10\/CORAL-ambiente-4.webp\" class=\"attachment-shop_catalog size-shop_catalog\" alt=\"\" srcset=\"https:\/\/arteconfort.com\/wp-content\/uploads\/2023\/10\/CORAL-ambiente-4.webp 1024w, https:\/\/arteconfort.com\/wp-content\/uploads\/2023\/10\/CORAL-ambiente-4-768x768.webp 768w, https:\/\/arteconfort.com\/wp-content\/uploads\/2023\/10\/CORAL-ambiente-4-340x340.webp 340w, https:\/\/arteconfort.com\/wp-content\/uploads\/2023\/10\/CORAL-ambiente-4-640x640.webp 640w, https:\/\/arteconfort.com\/wp-content\/uploads\/2023\/10\/CORAL-ambiente-4-960x960.webp 960w, https:\/\/arteconfort.com\/wp-content\/uploads\/2023\/10\/CORAL-ambiente-4-133x133.webp 133w, https:\/\/arteconfort.com\/wp-content\/uploads\/2023\/10\/CORAL-ambiente-4-300x300.webp 300w, https:\/\/arteconfort.com\/wp-content\/uploads\/2023\/10\/CORAL-ambiente-4-600x600.webp 600w, https:\/\/arteconfort.com\/wp-content\/uploads\/2023\/10\/CORAL-ambiente-4-100x100.webp 100w\" sizes=\"auto, (max-width: 1024px) 100vw, 1024px\" \/><img loading=\"lazy\" decoding=\"async\" width=\"1024\" height=\"1024\" src=\"https:\/\/arteconfort.com\/wp-content\/uploads\/2023\/10\/CORAL-ambiente-3.webp\" class=\"attachment-shop_catalog size-shop_catalog\" alt=\"\" srcset=\"https:\/\/arteconfort.com\/wp-content\/uploads\/2023\/10\/CORAL-ambiente-3.webp 1024w, https:\/\/arteconfort.com\/wp-content\/uploads\/2023\/10\/CORAL-ambiente-3-768x768.webp 768w, https:\/\/arteconfort.com\/wp-content\/uploads\/2023\/10\/CORAL-ambiente-3-340x340.webp 340w, https:\/\/arteconfort.com\/wp-content\/uploads\/2023\/10\/CORAL-ambiente-3-640x640.webp 640w, https:\/\/arteconfort.com\/wp-content\/uploads\/2023\/10\/CORAL-ambiente-3-960x960.webp 960w, https:\/\/arteconfort.com\/wp-content\/uploads\/2023\/10\/CORAL-ambiente-3-133x133.webp 133w, https:\/\/arteconfort.com\/wp-content\/uploads\/2023\/10\/CORAL-ambiente-3-300x300.webp 300w, https:\/\/arteconfort.com\/wp-content\/uploads\/2023\/10\/CORAL-ambiente-3-600x600.webp 600w, https:\/\/arteconfort.com\/wp-content\/uploads\/2023\/10\/CORAL-ambiente-3-100x100.webp 100w\" sizes=\"auto, (max-width: 1024px) 100vw, 1024px\" \/><img loading=\"lazy\" decoding=\"async\" width=\"1024\" height=\"1024\" src=\"https:\/\/arteconfort.com\/wp-content\/uploads\/2023\/10\/CORAL-ambiente-2.webp\" class=\"attachment-shop_catalog size-shop_catalog\" alt=\"\" srcset=\"https:\/\/arteconfort.com\/wp-content\/uploads\/2023\/10\/CORAL-ambiente-2.webp 1024w, https:\/\/arteconfort.com\/wp-content\/uploads\/2023\/10\/CORAL-ambiente-2-768x768.webp 768w, https:\/\/arteconfort.com\/wp-content\/uploads\/2023\/10\/CORAL-ambiente-2-340x340.webp 340w, https:\/\/arteconfort.com\/wp-content\/uploads\/2023\/10\/CORAL-ambiente-2-640x640.webp 640w, https:\/\/arteconfort.com\/wp-content\/uploads\/2023\/10\/CORAL-ambiente-2-960x960.webp 960w, https:\/\/arteconfort.com\/wp-content\/uploads\/2023\/10\/CORAL-ambiente-2-133x133.webp 133w, https:\/\/arteconfort.com\/wp-content\/uploads\/2023\/10\/CORAL-ambiente-2-300x300.webp 300w, https:\/\/arteconfort.com\/wp-content\/uploads\/2023\/10\/CORAL-ambiente-2-600x600.webp 600w, https:\/\/arteconfort.com\/wp-content\/uploads\/2023\/10\/CORAL-ambiente-2-100x100.webp 100w\" sizes=\"auto, (max-width: 1024px) 100vw, 1024px\" \/><img loading=\"lazy\" decoding=\"async\" width=\"1024\" height=\"1024\" src=\"https:\/\/arteconfort.com\/wp-content\/uploads\/2023\/10\/CORAL-AMBIENTE.webp\" class=\"attachment-shop_catalog size-shop_catalog\" alt=\"\" srcset=\"https:\/\/arteconfort.com\/wp-content\/uploads\/2023\/10\/CORAL-AMBIENTE.webp 1024w, https:\/\/arteconfort.com\/wp-content\/uploads\/2023\/10\/CORAL-AMBIENTE-768x768.webp 768w, https:\/\/arteconfort.com\/wp-content\/uploads\/2023\/10\/CORAL-AMBIENTE-340x340.webp 340w, https:\/\/arteconfort.com\/wp-content\/uploads\/2023\/10\/CORAL-AMBIENTE-640x640.webp 640w, https:\/\/arteconfort.com\/wp-content\/uploads\/2023\/10\/CORAL-AMBIENTE-960x960.webp 960w, https:\/\/arteconfort.com\/wp-content\/uploads\/2023\/10\/CORAL-AMBIENTE-133x133.webp 133w, https:\/\/arteconfort.com\/wp-content\/uploads\/2023\/10\/CORAL-AMBIENTE-300x300.webp 300w, https:\/\/arteconfort.com\/wp-content\/uploads\/2023\/10\/CORAL-AMBIENTE-600x600.webp 600w, https:\/\/arteconfort.com\/wp-content\/uploads\/2023\/10\/CORAL-AMBIENTE-100x100.webp 100w\" sizes=\"auto, (max-width: 1024px) 100vw, 1024px\" \/>\t<\/a>\n\t<div class=\"w-product-status\"><\/div>\t<span id=\"woocommerce_loop_add_to_cart_link_describedby_25423\" class=\"screen-reader-text\">\n\t\t\t<\/span>\n<\/div><div class=\"berocket_better_labels berocket_better_labels_image\"><div class=\"berocket_better_labels_position berocket_better_labels_position_right\"><div class=\"berocket_better_labels_line berocket_better_labels_line_1\"><div class=\"berocket_better_labels_inline berocket_better_labels_inline_1\"><div class=\"br_alabel br_alabel_type_text br_alabel_template_type_css berocket_alabel_id_22611  br_alabel_better_compatibility\" style=\"\"><span  style=\"\"><i style=\"background-color: #000000; border-color: #000000;\" class=\"template-span-before \"><\/i><i style=\"background-color: #000000; border-color: #000000;\" class=\"template-i \"><\/i><i style=\"background-color: #000000; border-color: #000000;\" class=\"template-i-before \"><\/i><i style=\"background-color: #000000; border-color: #000000;\" class=\"template-i-after \"><\/i><b style=\"position: relative;z-index: 100;text-align: center;color: inherit;\">Old collection<\/b><\/span><\/div><\/div><\/div><\/div><\/div><figcaption><h2 class=\"woocommerce-loop-product__title\">CORAL<\/h2><div class=\"woocommerce-product-details__short-description\">\n\t<p>Outdoor ceiling fan with IP44 and folding or retractable blades CORAL with integrated LED light and colour temperature<\/div>\n\n<\/figcaption><\/figure><\/li>\n<li class=\"product type-product post-10251 status-publish instock product_cat-climatizacion-en product_cat-collection-old-en product_cat-ventiladores-de-techo-en has-post-thumbnail shipping-taxable product-type-external w-item col-3\">\n\t<figure><div class=\"image-wrapper\">\t\t<a href=\"https:\/\/arteconfort.com\/en\/producto\/creta\/\" class=\"w-fadeslider\">\n\t<img loading=\"lazy\" decoding=\"async\" width=\"1024\" height=\"1024\" src=\"https:\/\/arteconfort.com\/wp-content\/uploads\/2024\/06\/ventilador-CRETA-foto-con-mando-a-distancia.webp\" class=\"attachment-shop_catalog size-shop_catalog wp-post-image\" alt=\"Ventilador CRETA foto con mando a distancia\" srcset=\"https:\/\/arteconfort.com\/wp-content\/uploads\/2024\/06\/ventilador-CRETA-foto-con-mando-a-distancia.webp 1024w, https:\/\/arteconfort.com\/wp-content\/uploads\/2024\/06\/ventilador-CRETA-foto-con-mando-a-distancia-768x768.webp 768w, https:\/\/arteconfort.com\/wp-content\/uploads\/2024\/06\/ventilador-CRETA-foto-con-mando-a-distancia-340x340.webp 340w, https:\/\/arteconfort.com\/wp-content\/uploads\/2024\/06\/ventilador-CRETA-foto-con-mando-a-distancia-640x640.webp 640w, https:\/\/arteconfort.com\/wp-content\/uploads\/2024\/06\/ventilador-CRETA-foto-con-mando-a-distancia-960x960.webp 960w, https:\/\/arteconfort.com\/wp-content\/uploads\/2024\/06\/ventilador-CRETA-foto-con-mando-a-distancia-300x300.webp 300w, https:\/\/arteconfort.com\/wp-content\/uploads\/2024\/06\/ventilador-CRETA-foto-con-mando-a-distancia-600x600.webp 600w, https:\/\/arteconfort.com\/wp-content\/uploads\/2024\/06\/ventilador-CRETA-foto-con-mando-a-distancia-100x100.webp 100w, https:\/\/arteconfort.com\/wp-content\/uploads\/2024\/06\/ventilador-CRETA-foto-con-mando-a-distancia-133x133.webp 133w\" sizes=\"auto, (max-width: 1024px) 100vw, 1024px\" \/>\t<img loading=\"lazy\" decoding=\"async\" width=\"1024\" height=\"1024\" src=\"https:\/\/arteconfort.com\/wp-content\/uploads\/2023\/10\/VENTILADOR-DE-TECHO-CRETA-detalle-inferior-2.webp\" class=\"attachment-shop_catalog size-shop_catalog\" alt=\"\" srcset=\"https:\/\/arteconfort.com\/wp-content\/uploads\/2023\/10\/VENTILADOR-DE-TECHO-CRETA-detalle-inferior-2.webp 1024w, https:\/\/arteconfort.com\/wp-content\/uploads\/2023\/10\/VENTILADOR-DE-TECHO-CRETA-detalle-inferior-2-768x768.webp 768w, https:\/\/arteconfort.com\/wp-content\/uploads\/2023\/10\/VENTILADOR-DE-TECHO-CRETA-detalle-inferior-2-340x340.webp 340w, https:\/\/arteconfort.com\/wp-content\/uploads\/2023\/10\/VENTILADOR-DE-TECHO-CRETA-detalle-inferior-2-640x640.webp 640w, https:\/\/arteconfort.com\/wp-content\/uploads\/2023\/10\/VENTILADOR-DE-TECHO-CRETA-detalle-inferior-2-960x960.webp 960w, https:\/\/arteconfort.com\/wp-content\/uploads\/2023\/10\/VENTILADOR-DE-TECHO-CRETA-detalle-inferior-2-133x133.webp 133w, https:\/\/arteconfort.com\/wp-content\/uploads\/2023\/10\/VENTILADOR-DE-TECHO-CRETA-detalle-inferior-2-300x300.webp 300w, https:\/\/arteconfort.com\/wp-content\/uploads\/2023\/10\/VENTILADOR-DE-TECHO-CRETA-detalle-inferior-2-600x600.webp 600w, https:\/\/arteconfort.com\/wp-content\/uploads\/2023\/10\/VENTILADOR-DE-TECHO-CRETA-detalle-inferior-2-100x100.webp 100w\" sizes=\"auto, (max-width: 1024px) 100vw, 1024px\" \/><img loading=\"lazy\" decoding=\"async\" width=\"1024\" height=\"1024\" src=\"https:\/\/arteconfort.com\/wp-content\/uploads\/2023\/10\/VENTILADOR-DE-TECHO-CRETA-detalle-inferior.webp\" class=\"attachment-shop_catalog size-shop_catalog\" alt=\"\" srcset=\"https:\/\/arteconfort.com\/wp-content\/uploads\/2023\/10\/VENTILADOR-DE-TECHO-CRETA-detalle-inferior.webp 1024w, https:\/\/arteconfort.com\/wp-content\/uploads\/2023\/10\/VENTILADOR-DE-TECHO-CRETA-detalle-inferior-768x768.webp 768w, https:\/\/arteconfort.com\/wp-content\/uploads\/2023\/10\/VENTILADOR-DE-TECHO-CRETA-detalle-inferior-340x340.webp 340w, https:\/\/arteconfort.com\/wp-content\/uploads\/2023\/10\/VENTILADOR-DE-TECHO-CRETA-detalle-inferior-640x640.webp 640w, https:\/\/arteconfort.com\/wp-content\/uploads\/2023\/10\/VENTILADOR-DE-TECHO-CRETA-detalle-inferior-960x960.webp 960w, https:\/\/arteconfort.com\/wp-content\/uploads\/2023\/10\/VENTILADOR-DE-TECHO-CRETA-detalle-inferior-133x133.webp 133w, https:\/\/arteconfort.com\/wp-content\/uploads\/2023\/10\/VENTILADOR-DE-TECHO-CRETA-detalle-inferior-300x300.webp 300w, https:\/\/arteconfort.com\/wp-content\/uploads\/2023\/10\/VENTILADOR-DE-TECHO-CRETA-detalle-inferior-600x600.webp 600w, https:\/\/arteconfort.com\/wp-content\/uploads\/2023\/10\/VENTILADOR-DE-TECHO-CRETA-detalle-inferior-100x100.webp 100w\" sizes=\"auto, (max-width: 1024px) 100vw, 1024px\" \/><img loading=\"lazy\" decoding=\"async\" width=\"1024\" height=\"1024\" src=\"https:\/\/arteconfort.com\/wp-content\/uploads\/2023\/10\/VENTILADOR-DE-TECHO-CRETA-detalle-3.webp\" class=\"attachment-shop_catalog size-shop_catalog\" alt=\"\" srcset=\"https:\/\/arteconfort.com\/wp-content\/uploads\/2023\/10\/VENTILADOR-DE-TECHO-CRETA-detalle-3.webp 1024w, https:\/\/arteconfort.com\/wp-content\/uploads\/2023\/10\/VENTILADOR-DE-TECHO-CRETA-detalle-3-768x768.webp 768w, https:\/\/arteconfort.com\/wp-content\/uploads\/2023\/10\/VENTILADOR-DE-TECHO-CRETA-detalle-3-340x340.webp 340w, https:\/\/arteconfort.com\/wp-content\/uploads\/2023\/10\/VENTILADOR-DE-TECHO-CRETA-detalle-3-640x640.webp 640w, https:\/\/arteconfort.com\/wp-content\/uploads\/2023\/10\/VENTILADOR-DE-TECHO-CRETA-detalle-3-960x960.webp 960w, https:\/\/arteconfort.com\/wp-content\/uploads\/2023\/10\/VENTILADOR-DE-TECHO-CRETA-detalle-3-133x133.webp 133w, https:\/\/arteconfort.com\/wp-content\/uploads\/2023\/10\/VENTILADOR-DE-TECHO-CRETA-detalle-3-300x300.webp 300w, https:\/\/arteconfort.com\/wp-content\/uploads\/2023\/10\/VENTILADOR-DE-TECHO-CRETA-detalle-3-600x600.webp 600w, https:\/\/arteconfort.com\/wp-content\/uploads\/2023\/10\/VENTILADOR-DE-TECHO-CRETA-detalle-3-100x100.webp 100w\" sizes=\"auto, (max-width: 1024px) 100vw, 1024px\" \/><img loading=\"lazy\" decoding=\"async\" width=\"1024\" height=\"1024\" src=\"https:\/\/arteconfort.com\/wp-content\/uploads\/2023\/10\/VENTILADOR-DE-TECHO-CRETA-detalle-2.webp\" class=\"attachment-shop_catalog size-shop_catalog\" alt=\"\" srcset=\"https:\/\/arteconfort.com\/wp-content\/uploads\/2023\/10\/VENTILADOR-DE-TECHO-CRETA-detalle-2.webp 1024w, https:\/\/arteconfort.com\/wp-content\/uploads\/2023\/10\/VENTILADOR-DE-TECHO-CRETA-detalle-2-768x768.webp 768w, https:\/\/arteconfort.com\/wp-content\/uploads\/2023\/10\/VENTILADOR-DE-TECHO-CRETA-detalle-2-340x340.webp 340w, https:\/\/arteconfort.com\/wp-content\/uploads\/2023\/10\/VENTILADOR-DE-TECHO-CRETA-detalle-2-640x640.webp 640w, https:\/\/arteconfort.com\/wp-content\/uploads\/2023\/10\/VENTILADOR-DE-TECHO-CRETA-detalle-2-960x960.webp 960w, https:\/\/arteconfort.com\/wp-content\/uploads\/2023\/10\/VENTILADOR-DE-TECHO-CRETA-detalle-2-133x133.webp 133w, https:\/\/arteconfort.com\/wp-content\/uploads\/2023\/10\/VENTILADOR-DE-TECHO-CRETA-detalle-2-300x300.webp 300w, https:\/\/arteconfort.com\/wp-content\/uploads\/2023\/10\/VENTILADOR-DE-TECHO-CRETA-detalle-2-600x600.webp 600w, https:\/\/arteconfort.com\/wp-content\/uploads\/2023\/10\/VENTILADOR-DE-TECHO-CRETA-detalle-2-100x100.webp 100w\" sizes=\"auto, (max-width: 1024px) 100vw, 1024px\" \/><img loading=\"lazy\" decoding=\"async\" width=\"1024\" height=\"1024\" src=\"https:\/\/arteconfort.com\/wp-content\/uploads\/2023\/10\/VENTILADOR-DE-TECHO-CRETA-detalle.webp\" class=\"attachment-shop_catalog size-shop_catalog\" alt=\"\" srcset=\"https:\/\/arteconfort.com\/wp-content\/uploads\/2023\/10\/VENTILADOR-DE-TECHO-CRETA-detalle.webp 1024w, https:\/\/arteconfort.com\/wp-content\/uploads\/2023\/10\/VENTILADOR-DE-TECHO-CRETA-detalle-768x768.webp 768w, https:\/\/arteconfort.com\/wp-content\/uploads\/2023\/10\/VENTILADOR-DE-TECHO-CRETA-detalle-340x340.webp 340w, https:\/\/arteconfort.com\/wp-content\/uploads\/2023\/10\/VENTILADOR-DE-TECHO-CRETA-detalle-640x640.webp 640w, https:\/\/arteconfort.com\/wp-content\/uploads\/2023\/10\/VENTILADOR-DE-TECHO-CRETA-detalle-960x960.webp 960w, https:\/\/arteconfort.com\/wp-content\/uploads\/2023\/10\/VENTILADOR-DE-TECHO-CRETA-detalle-133x133.webp 133w, https:\/\/arteconfort.com\/wp-content\/uploads\/2023\/10\/VENTILADOR-DE-TECHO-CRETA-detalle-300x300.webp 300w, https:\/\/arteconfort.com\/wp-content\/uploads\/2023\/10\/VENTILADOR-DE-TECHO-CRETA-detalle-600x600.webp 600w, https:\/\/arteconfort.com\/wp-content\/uploads\/2023\/10\/VENTILADOR-DE-TECHO-CRETA-detalle-100x100.webp 100w\" sizes=\"auto, (max-width: 1024px) 100vw, 1024px\" \/><img loading=\"lazy\" decoding=\"async\" width=\"1024\" height=\"1024\" src=\"https:\/\/arteconfort.com\/wp-content\/uploads\/2023\/10\/VENTILADOR-DE-TECHO-CRETA.webp\" class=\"attachment-shop_catalog size-shop_catalog\" alt=\"\" srcset=\"https:\/\/arteconfort.com\/wp-content\/uploads\/2023\/10\/VENTILADOR-DE-TECHO-CRETA.webp 1024w, https:\/\/arteconfort.com\/wp-content\/uploads\/2023\/10\/VENTILADOR-DE-TECHO-CRETA-768x768.webp 768w, https:\/\/arteconfort.com\/wp-content\/uploads\/2023\/10\/VENTILADOR-DE-TECHO-CRETA-340x340.webp 340w, https:\/\/arteconfort.com\/wp-content\/uploads\/2023\/10\/VENTILADOR-DE-TECHO-CRETA-640x640.webp 640w, https:\/\/arteconfort.com\/wp-content\/uploads\/2023\/10\/VENTILADOR-DE-TECHO-CRETA-960x960.webp 960w, https:\/\/arteconfort.com\/wp-content\/uploads\/2023\/10\/VENTILADOR-DE-TECHO-CRETA-133x133.webp 133w, https:\/\/arteconfort.com\/wp-content\/uploads\/2023\/10\/VENTILADOR-DE-TECHO-CRETA-300x300.webp 300w, https:\/\/arteconfort.com\/wp-content\/uploads\/2023\/10\/VENTILADOR-DE-TECHO-CRETA-600x600.webp 600w, https:\/\/arteconfort.com\/wp-content\/uploads\/2023\/10\/VENTILADOR-DE-TECHO-CRETA-100x100.webp 100w\" sizes=\"auto, (max-width: 1024px) 100vw, 1024px\" \/><img loading=\"lazy\" decoding=\"async\" width=\"1024\" height=\"1024\" src=\"https:\/\/arteconfort.com\/wp-content\/uploads\/2023\/10\/Mando-CRETA.webp\" class=\"attachment-shop_catalog size-shop_catalog\" alt=\"\" srcset=\"https:\/\/arteconfort.com\/wp-content\/uploads\/2023\/10\/Mando-CRETA.webp 1024w, https:\/\/arteconfort.com\/wp-content\/uploads\/2023\/10\/Mando-CRETA-768x768.webp 768w, https:\/\/arteconfort.com\/wp-content\/uploads\/2023\/10\/Mando-CRETA-340x340.webp 340w, https:\/\/arteconfort.com\/wp-content\/uploads\/2023\/10\/Mando-CRETA-640x640.webp 640w, https:\/\/arteconfort.com\/wp-content\/uploads\/2023\/10\/Mando-CRETA-960x960.webp 960w, https:\/\/arteconfort.com\/wp-content\/uploads\/2023\/10\/Mando-CRETA-133x133.webp 133w, https:\/\/arteconfort.com\/wp-content\/uploads\/2023\/10\/Mando-CRETA-300x300.webp 300w, https:\/\/arteconfort.com\/wp-content\/uploads\/2023\/10\/Mando-CRETA-600x600.webp 600w, https:\/\/arteconfort.com\/wp-content\/uploads\/2023\/10\/Mando-CRETA-100x100.webp 100w\" sizes=\"auto, (max-width: 1024px) 100vw, 1024px\" \/><img loading=\"lazy\" decoding=\"async\" width=\"1024\" height=\"1024\" src=\"https:\/\/arteconfort.com\/wp-content\/uploads\/2023\/10\/ambiente-VENTILADOR-DE-TECHO-CRETA.webp\" class=\"attachment-shop_catalog size-shop_catalog\" alt=\"\" srcset=\"https:\/\/arteconfort.com\/wp-content\/uploads\/2023\/10\/ambiente-VENTILADOR-DE-TECHO-CRETA.webp 1024w, https:\/\/arteconfort.com\/wp-content\/uploads\/2023\/10\/ambiente-VENTILADOR-DE-TECHO-CRETA-768x768.webp 768w, https:\/\/arteconfort.com\/wp-content\/uploads\/2023\/10\/ambiente-VENTILADOR-DE-TECHO-CRETA-340x340.webp 340w, https:\/\/arteconfort.com\/wp-content\/uploads\/2023\/10\/ambiente-VENTILADOR-DE-TECHO-CRETA-640x640.webp 640w, https:\/\/arteconfort.com\/wp-content\/uploads\/2023\/10\/ambiente-VENTILADOR-DE-TECHO-CRETA-960x960.webp 960w, https:\/\/arteconfort.com\/wp-content\/uploads\/2023\/10\/ambiente-VENTILADOR-DE-TECHO-CRETA-133x133.webp 133w, https:\/\/arteconfort.com\/wp-content\/uploads\/2023\/10\/ambiente-VENTILADOR-DE-TECHO-CRETA-300x300.webp 300w, https:\/\/arteconfort.com\/wp-content\/uploads\/2023\/10\/ambiente-VENTILADOR-DE-TECHO-CRETA-600x600.webp 600w, https:\/\/arteconfort.com\/wp-content\/uploads\/2023\/10\/ambiente-VENTILADOR-DE-TECHO-CRETA-100x100.webp 100w\" sizes=\"auto, (max-width: 1024px) 100vw, 1024px\" \/>\t<\/a>\n\t<div class=\"w-product-status\"><\/div>\t<span id=\"woocommerce_loop_add_to_cart_link_describedby_10251\" class=\"screen-reader-text\">\n\t\t\t<\/span>\n<\/div><div class=\"berocket_better_labels berocket_better_labels_image\"><div class=\"berocket_better_labels_position berocket_better_labels_position_right\"><div class=\"berocket_better_labels_line berocket_better_labels_line_1\"><div class=\"berocket_better_labels_inline berocket_better_labels_inline_1\"><div class=\"br_alabel br_alabel_type_text br_alabel_template_type_css berocket_alabel_id_22611  br_alabel_better_compatibility\" style=\"\"><span  style=\"\"><i style=\"background-color: #000000; border-color: #000000;\" class=\"template-span-before \"><\/i><i style=\"background-color: #000000; border-color: #000000;\" class=\"template-i \"><\/i><i style=\"background-color: #000000; border-color: #000000;\" class=\"template-i-before \"><\/i><i style=\"background-color: #000000; border-color: #000000;\" class=\"template-i-after \"><\/i><b style=\"position: relative;z-index: 100;text-align: center;color: inherit;\">Old collection<\/b><\/span><\/div><\/div><\/div><\/div><\/div><figcaption><h2 class=\"woocommerce-loop-product__title\">CRETA<\/h2><div class=\"woocommerce-product-details__short-description\">\n\t<p>Creta ceiling fan with integrated LED light and colour temperature memory. It has a metal body and 3<\/div>\n\n<\/figcaption><\/figure><\/li>\n<li class=\"product type-product post-39423 status-publish instock product_cat-climatizacion-en product_cat-collection-old-en product_cat-ventiladores-de-techo-en has-post-thumbnail shipping-taxable product-type-simple w-item col-3\">\n\t<figure><div class=\"image-wrapper\">\t\t<a href=\"https:\/\/arteconfort.com\/en\/producto\/cris-black\/\" class=\"w-fadeslider\">\n\t<img loading=\"lazy\" decoding=\"async\" width=\"1024\" height=\"1024\" src=\"https:\/\/arteconfort.com\/wp-content\/uploads\/2024\/06\/ventilador-31556530-1.webp\" class=\"attachment-shop_catalog size-shop_catalog wp-post-image\" alt=\"Ventilador CRIS NEGRO con mando\" srcset=\"https:\/\/arteconfort.com\/wp-content\/uploads\/2024\/06\/ventilador-31556530-1.webp 1024w, https:\/\/arteconfort.com\/wp-content\/uploads\/2024\/06\/ventilador-31556530-1-768x768.webp 768w, https:\/\/arteconfort.com\/wp-content\/uploads\/2024\/06\/ventilador-31556530-1-340x340.webp 340w, https:\/\/arteconfort.com\/wp-content\/uploads\/2024\/06\/ventilador-31556530-1-640x640.webp 640w, https:\/\/arteconfort.com\/wp-content\/uploads\/2024\/06\/ventilador-31556530-1-960x960.webp 960w, https:\/\/arteconfort.com\/wp-content\/uploads\/2024\/06\/ventilador-31556530-1-300x300.webp 300w, https:\/\/arteconfort.com\/wp-content\/uploads\/2024\/06\/ventilador-31556530-1-600x600.webp 600w, https:\/\/arteconfort.com\/wp-content\/uploads\/2024\/06\/ventilador-31556530-1-100x100.webp 100w, https:\/\/arteconfort.com\/wp-content\/uploads\/2024\/06\/ventilador-31556530-1-133x133.webp 133w\" sizes=\"auto, (max-width: 1024px) 100vw, 1024px\" \/>\t<img loading=\"lazy\" decoding=\"async\" width=\"1024\" height=\"1024\" src=\"https:\/\/arteconfort.com\/wp-content\/uploads\/2024\/06\/ventilador-31556530-ambiente-1.webp\" class=\"attachment-shop_catalog size-shop_catalog\" alt=\"Ventilador CRIS NEGRO ambiente dia\" srcset=\"https:\/\/arteconfort.com\/wp-content\/uploads\/2024\/06\/ventilador-31556530-ambiente-1.webp 1024w, https:\/\/arteconfort.com\/wp-content\/uploads\/2024\/06\/ventilador-31556530-ambiente-1-768x768.webp 768w, https:\/\/arteconfort.com\/wp-content\/uploads\/2024\/06\/ventilador-31556530-ambiente-1-340x340.webp 340w, https:\/\/arteconfort.com\/wp-content\/uploads\/2024\/06\/ventilador-31556530-ambiente-1-640x640.webp 640w, https:\/\/arteconfort.com\/wp-content\/uploads\/2024\/06\/ventilador-31556530-ambiente-1-960x960.webp 960w, https:\/\/arteconfort.com\/wp-content\/uploads\/2024\/06\/ventilador-31556530-ambiente-1-133x133.webp 133w, https:\/\/arteconfort.com\/wp-content\/uploads\/2024\/06\/ventilador-31556530-ambiente-1-300x300.webp 300w, https:\/\/arteconfort.com\/wp-content\/uploads\/2024\/06\/ventilador-31556530-ambiente-1-600x600.webp 600w, https:\/\/arteconfort.com\/wp-content\/uploads\/2024\/06\/ventilador-31556530-ambiente-1-100x100.webp 100w\" sizes=\"auto, (max-width: 1024px) 100vw, 1024px\" \/><img loading=\"lazy\" decoding=\"async\" width=\"1024\" height=\"1024\" src=\"https:\/\/arteconfort.com\/wp-content\/uploads\/2024\/06\/ventilador-31556530-2.webp\" class=\"attachment-shop_catalog size-shop_catalog\" alt=\"Ventilador CRIS NEGRO vista perspectiva\" srcset=\"https:\/\/arteconfort.com\/wp-content\/uploads\/2024\/06\/ventilador-31556530-2.webp 1024w, https:\/\/arteconfort.com\/wp-content\/uploads\/2024\/06\/ventilador-31556530-2-768x768.webp 768w, https:\/\/arteconfort.com\/wp-content\/uploads\/2024\/06\/ventilador-31556530-2-340x340.webp 340w, https:\/\/arteconfort.com\/wp-content\/uploads\/2024\/06\/ventilador-31556530-2-640x640.webp 640w, https:\/\/arteconfort.com\/wp-content\/uploads\/2024\/06\/ventilador-31556530-2-960x960.webp 960w, https:\/\/arteconfort.com\/wp-content\/uploads\/2024\/06\/ventilador-31556530-2-133x133.webp 133w, https:\/\/arteconfort.com\/wp-content\/uploads\/2024\/06\/ventilador-31556530-2-300x300.webp 300w, https:\/\/arteconfort.com\/wp-content\/uploads\/2024\/06\/ventilador-31556530-2-600x600.webp 600w, https:\/\/arteconfort.com\/wp-content\/uploads\/2024\/06\/ventilador-31556530-2-100x100.webp 100w\" sizes=\"auto, (max-width: 1024px) 100vw, 1024px\" \/><img loading=\"lazy\" decoding=\"async\" width=\"1024\" height=\"1024\" src=\"https:\/\/arteconfort.com\/wp-content\/uploads\/2024\/06\/ventilador-31556530-3.webp\" class=\"attachment-shop_catalog size-shop_catalog\" alt=\"Ventilador CRIS NEGRO vista planta\" srcset=\"https:\/\/arteconfort.com\/wp-content\/uploads\/2024\/06\/ventilador-31556530-3.webp 1024w, https:\/\/arteconfort.com\/wp-content\/uploads\/2024\/06\/ventilador-31556530-3-768x768.webp 768w, https:\/\/arteconfort.com\/wp-content\/uploads\/2024\/06\/ventilador-31556530-3-340x340.webp 340w, https:\/\/arteconfort.com\/wp-content\/uploads\/2024\/06\/ventilador-31556530-3-640x640.webp 640w, https:\/\/arteconfort.com\/wp-content\/uploads\/2024\/06\/ventilador-31556530-3-960x960.webp 960w, https:\/\/arteconfort.com\/wp-content\/uploads\/2024\/06\/ventilador-31556530-3-133x133.webp 133w, https:\/\/arteconfort.com\/wp-content\/uploads\/2024\/06\/ventilador-31556530-3-300x300.webp 300w, https:\/\/arteconfort.com\/wp-content\/uploads\/2024\/06\/ventilador-31556530-3-600x600.webp 600w, https:\/\/arteconfort.com\/wp-content\/uploads\/2024\/06\/ventilador-31556530-3-100x100.webp 100w\" sizes=\"auto, (max-width: 1024px) 100vw, 1024px\" \/><img loading=\"lazy\" decoding=\"async\" width=\"1024\" height=\"1024\" src=\"https:\/\/arteconfort.com\/wp-content\/uploads\/2024\/06\/ventilador-31556530-4.webp\" class=\"attachment-shop_catalog size-shop_catalog\" alt=\"Ventilador CRIS NEGRO vista 1\" srcset=\"https:\/\/arteconfort.com\/wp-content\/uploads\/2024\/06\/ventilador-31556530-4.webp 1024w, https:\/\/arteconfort.com\/wp-content\/uploads\/2024\/06\/ventilador-31556530-4-768x768.webp 768w, https:\/\/arteconfort.com\/wp-content\/uploads\/2024\/06\/ventilador-31556530-4-340x340.webp 340w, https:\/\/arteconfort.com\/wp-content\/uploads\/2024\/06\/ventilador-31556530-4-640x640.webp 640w, https:\/\/arteconfort.com\/wp-content\/uploads\/2024\/06\/ventilador-31556530-4-960x960.webp 960w, https:\/\/arteconfort.com\/wp-content\/uploads\/2024\/06\/ventilador-31556530-4-133x133.webp 133w, https:\/\/arteconfort.com\/wp-content\/uploads\/2024\/06\/ventilador-31556530-4-300x300.webp 300w, https:\/\/arteconfort.com\/wp-content\/uploads\/2024\/06\/ventilador-31556530-4-600x600.webp 600w, https:\/\/arteconfort.com\/wp-content\/uploads\/2024\/06\/ventilador-31556530-4-100x100.webp 100w\" sizes=\"auto, (max-width: 1024px) 100vw, 1024px\" \/><img loading=\"lazy\" decoding=\"async\" width=\"1024\" height=\"1024\" src=\"https:\/\/arteconfort.com\/wp-content\/uploads\/2024\/06\/ventilador-31556530-mando.webp\" class=\"attachment-shop_catalog size-shop_catalog\" alt=\"Ventilador CRIS NEGRO mando\" srcset=\"https:\/\/arteconfort.com\/wp-content\/uploads\/2024\/06\/ventilador-31556530-mando.webp 1024w, https:\/\/arteconfort.com\/wp-content\/uploads\/2024\/06\/ventilador-31556530-mando-768x768.webp 768w, https:\/\/arteconfort.com\/wp-content\/uploads\/2024\/06\/ventilador-31556530-mando-340x340.webp 340w, https:\/\/arteconfort.com\/wp-content\/uploads\/2024\/06\/ventilador-31556530-mando-640x640.webp 640w, https:\/\/arteconfort.com\/wp-content\/uploads\/2024\/06\/ventilador-31556530-mando-960x960.webp 960w, https:\/\/arteconfort.com\/wp-content\/uploads\/2024\/06\/ventilador-31556530-mando-133x133.webp 133w, https:\/\/arteconfort.com\/wp-content\/uploads\/2024\/06\/ventilador-31556530-mando-300x300.webp 300w, https:\/\/arteconfort.com\/wp-content\/uploads\/2024\/06\/ventilador-31556530-mando-600x600.webp 600w, https:\/\/arteconfort.com\/wp-content\/uploads\/2024\/06\/ventilador-31556530-mando-100x100.webp 100w\" sizes=\"auto, (max-width: 1024px) 100vw, 1024px\" \/><img loading=\"lazy\" decoding=\"async\" width=\"1024\" height=\"1024\" src=\"https:\/\/arteconfort.com\/wp-content\/uploads\/2024\/06\/ventilador-31556530-grafico.webp\" class=\"attachment-shop_catalog size-shop_catalog\" alt=\"Ventilador CRIS NEGRO grafico\" srcset=\"https:\/\/arteconfort.com\/wp-content\/uploads\/2024\/06\/ventilador-31556530-grafico.webp 1024w, https:\/\/arteconfort.com\/wp-content\/uploads\/2024\/06\/ventilador-31556530-grafico-768x768.webp 768w, https:\/\/arteconfort.com\/wp-content\/uploads\/2024\/06\/ventilador-31556530-grafico-340x340.webp 340w, https:\/\/arteconfort.com\/wp-content\/uploads\/2024\/06\/ventilador-31556530-grafico-640x640.webp 640w, https:\/\/arteconfort.com\/wp-content\/uploads\/2024\/06\/ventilador-31556530-grafico-960x960.webp 960w, https:\/\/arteconfort.com\/wp-content\/uploads\/2024\/06\/ventilador-31556530-grafico-133x133.webp 133w, https:\/\/arteconfort.com\/wp-content\/uploads\/2024\/06\/ventilador-31556530-grafico-300x300.webp 300w, https:\/\/arteconfort.com\/wp-content\/uploads\/2024\/06\/ventilador-31556530-grafico-600x600.webp 600w, https:\/\/arteconfort.com\/wp-content\/uploads\/2024\/06\/ventilador-31556530-grafico-100x100.webp 100w\" sizes=\"auto, (max-width: 1024px) 100vw, 1024px\" \/><img loading=\"lazy\" decoding=\"async\" width=\"1024\" height=\"1024\" src=\"https:\/\/arteconfort.com\/wp-content\/uploads\/2024\/06\/ventilador-31556530-luces.webp\" class=\"attachment-shop_catalog size-shop_catalog\" alt=\"Ventilador CRIS NEGRO tonos luz\" srcset=\"https:\/\/arteconfort.com\/wp-content\/uploads\/2024\/06\/ventilador-31556530-luces.webp 1024w, https:\/\/arteconfort.com\/wp-content\/uploads\/2024\/06\/ventilador-31556530-luces-768x768.webp 768w, https:\/\/arteconfort.com\/wp-content\/uploads\/2024\/06\/ventilador-31556530-luces-340x340.webp 340w, https:\/\/arteconfort.com\/wp-content\/uploads\/2024\/06\/ventilador-31556530-luces-640x640.webp 640w, https:\/\/arteconfort.com\/wp-content\/uploads\/2024\/06\/ventilador-31556530-luces-960x960.webp 960w, https:\/\/arteconfort.com\/wp-content\/uploads\/2024\/06\/ventilador-31556530-luces-133x133.webp 133w, https:\/\/arteconfort.com\/wp-content\/uploads\/2024\/06\/ventilador-31556530-luces-300x300.webp 300w, https:\/\/arteconfort.com\/wp-content\/uploads\/2024\/06\/ventilador-31556530-luces-600x600.webp 600w, https:\/\/arteconfort.com\/wp-content\/uploads\/2024\/06\/ventilador-31556530-luces-100x100.webp 100w\" sizes=\"auto, (max-width: 1024px) 100vw, 1024px\" \/><img loading=\"lazy\" decoding=\"async\" width=\"1024\" height=\"1024\" src=\"https:\/\/arteconfort.com\/wp-content\/uploads\/2024\/06\/ventilador-31556530-ambiente-2.webp\" class=\"attachment-shop_catalog size-shop_catalog\" alt=\"Ventilador CRIS NEGRO luz calida\" srcset=\"https:\/\/arteconfort.com\/wp-content\/uploads\/2024\/06\/ventilador-31556530-ambiente-2.webp 1024w, https:\/\/arteconfort.com\/wp-content\/uploads\/2024\/06\/ventilador-31556530-ambiente-2-768x768.webp 768w, https:\/\/arteconfort.com\/wp-content\/uploads\/2024\/06\/ventilador-31556530-ambiente-2-340x340.webp 340w, https:\/\/arteconfort.com\/wp-content\/uploads\/2024\/06\/ventilador-31556530-ambiente-2-640x640.webp 640w, https:\/\/arteconfort.com\/wp-content\/uploads\/2024\/06\/ventilador-31556530-ambiente-2-960x960.webp 960w, https:\/\/arteconfort.com\/wp-content\/uploads\/2024\/06\/ventilador-31556530-ambiente-2-133x133.webp 133w, https:\/\/arteconfort.com\/wp-content\/uploads\/2024\/06\/ventilador-31556530-ambiente-2-300x300.webp 300w, https:\/\/arteconfort.com\/wp-content\/uploads\/2024\/06\/ventilador-31556530-ambiente-2-600x600.webp 600w, https:\/\/arteconfort.com\/wp-content\/uploads\/2024\/06\/ventilador-31556530-ambiente-2-100x100.webp 100w\" sizes=\"auto, (max-width: 1024px) 100vw, 1024px\" \/><img loading=\"lazy\" decoding=\"async\" width=\"1024\" height=\"1024\" src=\"https:\/\/arteconfort.com\/wp-content\/uploads\/2024\/06\/ventilador-31556530-ambiente-4.webp\" class=\"attachment-shop_catalog size-shop_catalog\" alt=\"Ventilador CRIS NEGRO luz neutra\" srcset=\"https:\/\/arteconfort.com\/wp-content\/uploads\/2024\/06\/ventilador-31556530-ambiente-4.webp 1024w, https:\/\/arteconfort.com\/wp-content\/uploads\/2024\/06\/ventilador-31556530-ambiente-4-768x768.webp 768w, https:\/\/arteconfort.com\/wp-content\/uploads\/2024\/06\/ventilador-31556530-ambiente-4-340x340.webp 340w, https:\/\/arteconfort.com\/wp-content\/uploads\/2024\/06\/ventilador-31556530-ambiente-4-640x640.webp 640w, https:\/\/arteconfort.com\/wp-content\/uploads\/2024\/06\/ventilador-31556530-ambiente-4-960x960.webp 960w, https:\/\/arteconfort.com\/wp-content\/uploads\/2024\/06\/ventilador-31556530-ambiente-4-133x133.webp 133w, https:\/\/arteconfort.com\/wp-content\/uploads\/2024\/06\/ventilador-31556530-ambiente-4-300x300.webp 300w, https:\/\/arteconfort.com\/wp-content\/uploads\/2024\/06\/ventilador-31556530-ambiente-4-600x600.webp 600w, https:\/\/arteconfort.com\/wp-content\/uploads\/2024\/06\/ventilador-31556530-ambiente-4-100x100.webp 100w\" sizes=\"auto, (max-width: 1024px) 100vw, 1024px\" \/><img loading=\"lazy\" decoding=\"async\" width=\"1024\" height=\"1024\" src=\"https:\/\/arteconfort.com\/wp-content\/uploads\/2024\/06\/ventilador-31556530-ambiente-3.webp\" class=\"attachment-shop_catalog size-shop_catalog\" alt=\"Ventilador CRIS NEGRO luz neutra suave\" srcset=\"https:\/\/arteconfort.com\/wp-content\/uploads\/2024\/06\/ventilador-31556530-ambiente-3.webp 1024w, https:\/\/arteconfort.com\/wp-content\/uploads\/2024\/06\/ventilador-31556530-ambiente-3-768x768.webp 768w, https:\/\/arteconfort.com\/wp-content\/uploads\/2024\/06\/ventilador-31556530-ambiente-3-340x340.webp 340w, https:\/\/arteconfort.com\/wp-content\/uploads\/2024\/06\/ventilador-31556530-ambiente-3-640x640.webp 640w, https:\/\/arteconfort.com\/wp-content\/uploads\/2024\/06\/ventilador-31556530-ambiente-3-960x960.webp 960w, https:\/\/arteconfort.com\/wp-content\/uploads\/2024\/06\/ventilador-31556530-ambiente-3-133x133.webp 133w, https:\/\/arteconfort.com\/wp-content\/uploads\/2024\/06\/ventilador-31556530-ambiente-3-300x300.webp 300w, https:\/\/arteconfort.com\/wp-content\/uploads\/2024\/06\/ventilador-31556530-ambiente-3-600x600.webp 600w, https:\/\/arteconfort.com\/wp-content\/uploads\/2024\/06\/ventilador-31556530-ambiente-3-100x100.webp 100w\" sizes=\"auto, (max-width: 1024px) 100vw, 1024px\" \/><img loading=\"lazy\" decoding=\"async\" width=\"1024\" height=\"1024\" src=\"https:\/\/arteconfort.com\/wp-content\/uploads\/2024\/06\/ventilador-31556530-ambiente-5.webp\" class=\"attachment-shop_catalog size-shop_catalog\" alt=\"Ventilador CRIS NEGRO luz fria\" srcset=\"https:\/\/arteconfort.com\/wp-content\/uploads\/2024\/06\/ventilador-31556530-ambiente-5.webp 1024w, https:\/\/arteconfort.com\/wp-content\/uploads\/2024\/06\/ventilador-31556530-ambiente-5-768x768.webp 768w, https:\/\/arteconfort.com\/wp-content\/uploads\/2024\/06\/ventilador-31556530-ambiente-5-340x340.webp 340w, https:\/\/arteconfort.com\/wp-content\/uploads\/2024\/06\/ventilador-31556530-ambiente-5-640x640.webp 640w, https:\/\/arteconfort.com\/wp-content\/uploads\/2024\/06\/ventilador-31556530-ambiente-5-960x960.webp 960w, https:\/\/arteconfort.com\/wp-content\/uploads\/2024\/06\/ventilador-31556530-ambiente-5-133x133.webp 133w, https:\/\/arteconfort.com\/wp-content\/uploads\/2024\/06\/ventilador-31556530-ambiente-5-300x300.webp 300w, https:\/\/arteconfort.com\/wp-content\/uploads\/2024\/06\/ventilador-31556530-ambiente-5-600x600.webp 600w, https:\/\/arteconfort.com\/wp-content\/uploads\/2024\/06\/ventilador-31556530-ambiente-5-100x100.webp 100w\" sizes=\"auto, (max-width: 1024px) 100vw, 1024px\" \/>\t<\/a>\n\t<div class=\"w-product-status\"><\/div>\t<span id=\"woocommerce_loop_add_to_cart_link_describedby_39423\" class=\"screen-reader-text\">\n\t\t\t<\/span>\n<\/div><div class=\"berocket_better_labels berocket_better_labels_image\"><div class=\"berocket_better_labels_position berocket_better_labels_position_right\"><div class=\"berocket_better_labels_line berocket_better_labels_line_1\"><div class=\"berocket_better_labels_inline berocket_better_labels_inline_1\"><div class=\"br_alabel br_alabel_type_text br_alabel_template_type_css berocket_alabel_id_22611  br_alabel_better_compatibility\" style=\"\"><span  style=\"\"><i style=\"background-color: #000000; border-color: #000000;\" class=\"template-span-before \"><\/i><i style=\"background-color: #000000; border-color: #000000;\" class=\"template-i \"><\/i><i style=\"background-color: #000000; border-color: #000000;\" class=\"template-i-before \"><\/i><i style=\"background-color: #000000; border-color: #000000;\" class=\"template-i-after \"><\/i><b style=\"position: relative;z-index: 100;text-align: center;color: inherit;\">Old collection<\/b><\/span><\/div><\/div><\/div><\/div><\/div><figcaption><h2 class=\"woocommerce-loop-product__title\">CRIS BLACK<\/h2><div class=\"woocommerce-product-details__short-description\">\n\t<p>CRIS BLACK ceiling fan with two integrated LED lights, high luminous flux and colour temperature memory. It has<\/div>\n\n<\/figcaption><\/figure><\/li>\n<li class=\"product type-product post-47705 status-publish last instock product_cat-climatizacion-en product_cat-ventiladores-de-techo-en has-post-thumbnail shipping-taxable product-type-simple w-item col-3\">\n\t<figure><div class=\"image-wrapper\">\t\t<a href=\"https:\/\/arteconfort.com\/en\/producto\/dela-m\/\" class=\"w-fadeslider\">\n\t<img loading=\"lazy\" decoding=\"async\" width=\"1024\" height=\"1024\" src=\"https:\/\/arteconfort.com\/wp-content\/uploads\/2025\/06\/DELA-M-Producto-Mando-01.webp\" class=\"attachment-shop_catalog size-shop_catalog wp-post-image\" alt=\"\" srcset=\"https:\/\/arteconfort.com\/wp-content\/uploads\/2025\/06\/DELA-M-Producto-Mando-01.webp 1024w, https:\/\/arteconfort.com\/wp-content\/uploads\/2025\/06\/DELA-M-Producto-Mando-01-768x768.webp 768w, https:\/\/arteconfort.com\/wp-content\/uploads\/2025\/06\/DELA-M-Producto-Mando-01-340x340.webp 340w, https:\/\/arteconfort.com\/wp-content\/uploads\/2025\/06\/DELA-M-Producto-Mando-01-640x640.webp 640w, https:\/\/arteconfort.com\/wp-content\/uploads\/2025\/06\/DELA-M-Producto-Mando-01-960x960.webp 960w, https:\/\/arteconfort.com\/wp-content\/uploads\/2025\/06\/DELA-M-Producto-Mando-01-300x300.webp 300w, https:\/\/arteconfort.com\/wp-content\/uploads\/2025\/06\/DELA-M-Producto-Mando-01-600x600.webp 600w, https:\/\/arteconfort.com\/wp-content\/uploads\/2025\/06\/DELA-M-Producto-Mando-01-100x100.webp 100w\" sizes=\"auto, (max-width: 1024px) 100vw, 1024px\" \/>\t<img loading=\"lazy\" decoding=\"async\" width=\"1024\" height=\"1024\" src=\"https:\/\/arteconfort.com\/wp-content\/uploads\/2025\/06\/DELA-M-Cerrado-04.webp\" class=\"attachment-shop_catalog size-shop_catalog\" alt=\"\" srcset=\"https:\/\/arteconfort.com\/wp-content\/uploads\/2025\/06\/DELA-M-Cerrado-04.webp 1024w, https:\/\/arteconfort.com\/wp-content\/uploads\/2025\/06\/DELA-M-Cerrado-04-768x768.webp 768w, https:\/\/arteconfort.com\/wp-content\/uploads\/2025\/06\/DELA-M-Cerrado-04-340x340.webp 340w, https:\/\/arteconfort.com\/wp-content\/uploads\/2025\/06\/DELA-M-Cerrado-04-640x640.webp 640w, https:\/\/arteconfort.com\/wp-content\/uploads\/2025\/06\/DELA-M-Cerrado-04-960x960.webp 960w, https:\/\/arteconfort.com\/wp-content\/uploads\/2025\/06\/DELA-M-Cerrado-04-300x300.webp 300w, https:\/\/arteconfort.com\/wp-content\/uploads\/2025\/06\/DELA-M-Cerrado-04-600x600.webp 600w, https:\/\/arteconfort.com\/wp-content\/uploads\/2025\/06\/DELA-M-Cerrado-04-100x100.webp 100w\" sizes=\"auto, (max-width: 1024px) 100vw, 1024px\" \/><img loading=\"lazy\" decoding=\"async\" width=\"1024\" height=\"1024\" src=\"https:\/\/arteconfort.com\/wp-content\/uploads\/2025\/06\/DELA-M-Lateral.webp\" class=\"attachment-shop_catalog size-shop_catalog\" alt=\"\" srcset=\"https:\/\/arteconfort.com\/wp-content\/uploads\/2025\/06\/DELA-M-Lateral.webp 1024w, https:\/\/arteconfort.com\/wp-content\/uploads\/2025\/06\/DELA-M-Lateral-768x768.webp 768w, https:\/\/arteconfort.com\/wp-content\/uploads\/2025\/06\/DELA-M-Lateral-340x340.webp 340w, https:\/\/arteconfort.com\/wp-content\/uploads\/2025\/06\/DELA-M-Lateral-640x640.webp 640w, https:\/\/arteconfort.com\/wp-content\/uploads\/2025\/06\/DELA-M-Lateral-960x960.webp 960w, https:\/\/arteconfort.com\/wp-content\/uploads\/2025\/06\/DELA-M-Lateral-300x300.webp 300w, https:\/\/arteconfort.com\/wp-content\/uploads\/2025\/06\/DELA-M-Lateral-600x600.webp 600w, https:\/\/arteconfort.com\/wp-content\/uploads\/2025\/06\/DELA-M-Lateral-100x100.webp 100w\" sizes=\"auto, (max-width: 1024px) 100vw, 1024px\" \/><img loading=\"lazy\" decoding=\"async\" width=\"1024\" height=\"1024\" src=\"https:\/\/arteconfort.com\/wp-content\/uploads\/2025\/06\/DELA-M-Lateral-abierto.webp\" class=\"attachment-shop_catalog size-shop_catalog\" alt=\"\" srcset=\"https:\/\/arteconfort.com\/wp-content\/uploads\/2025\/06\/DELA-M-Lateral-abierto.webp 1024w, https:\/\/arteconfort.com\/wp-content\/uploads\/2025\/06\/DELA-M-Lateral-abierto-768x768.webp 768w, https:\/\/arteconfort.com\/wp-content\/uploads\/2025\/06\/DELA-M-Lateral-abierto-340x340.webp 340w, https:\/\/arteconfort.com\/wp-content\/uploads\/2025\/06\/DELA-M-Lateral-abierto-640x640.webp 640w, https:\/\/arteconfort.com\/wp-content\/uploads\/2025\/06\/DELA-M-Lateral-abierto-960x960.webp 960w, https:\/\/arteconfort.com\/wp-content\/uploads\/2025\/06\/DELA-M-Lateral-abierto-300x300.webp 300w, https:\/\/arteconfort.com\/wp-content\/uploads\/2025\/06\/DELA-M-Lateral-abierto-600x600.webp 600w, https:\/\/arteconfort.com\/wp-content\/uploads\/2025\/06\/DELA-M-Lateral-abierto-100x100.webp 100w\" sizes=\"auto, (max-width: 1024px) 100vw, 1024px\" \/><img loading=\"lazy\" decoding=\"async\" width=\"1024\" height=\"1024\" src=\"https:\/\/arteconfort.com\/wp-content\/uploads\/2025\/06\/DELA-M-Aspa.webp\" class=\"attachment-shop_catalog size-shop_catalog\" alt=\"\" srcset=\"https:\/\/arteconfort.com\/wp-content\/uploads\/2025\/06\/DELA-M-Aspa.webp 1024w, https:\/\/arteconfort.com\/wp-content\/uploads\/2025\/06\/DELA-M-Aspa-768x768.webp 768w, https:\/\/arteconfort.com\/wp-content\/uploads\/2025\/06\/DELA-M-Aspa-340x340.webp 340w, https:\/\/arteconfort.com\/wp-content\/uploads\/2025\/06\/DELA-M-Aspa-640x640.webp 640w, https:\/\/arteconfort.com\/wp-content\/uploads\/2025\/06\/DELA-M-Aspa-960x960.webp 960w, https:\/\/arteconfort.com\/wp-content\/uploads\/2025\/06\/DELA-M-Aspa-300x300.webp 300w, https:\/\/arteconfort.com\/wp-content\/uploads\/2025\/06\/DELA-M-Aspa-600x600.webp 600w, https:\/\/arteconfort.com\/wp-content\/uploads\/2025\/06\/DELA-M-Aspa-100x100.webp 100w\" sizes=\"auto, (max-width: 1024px) 100vw, 1024px\" \/><img loading=\"lazy\" decoding=\"async\" width=\"1024\" height=\"1024\" src=\"https:\/\/arteconfort.com\/wp-content\/uploads\/2025\/06\/DELA-M-Temperatura-03.webp\" class=\"attachment-shop_catalog size-shop_catalog\" alt=\"\" srcset=\"https:\/\/arteconfort.com\/wp-content\/uploads\/2025\/06\/DELA-M-Temperatura-03.webp 1024w, https:\/\/arteconfort.com\/wp-content\/uploads\/2025\/06\/DELA-M-Temperatura-03-768x768.webp 768w, https:\/\/arteconfort.com\/wp-content\/uploads\/2025\/06\/DELA-M-Temperatura-03-340x340.webp 340w, https:\/\/arteconfort.com\/wp-content\/uploads\/2025\/06\/DELA-M-Temperatura-03-640x640.webp 640w, https:\/\/arteconfort.com\/wp-content\/uploads\/2025\/06\/DELA-M-Temperatura-03-960x960.webp 960w, https:\/\/arteconfort.com\/wp-content\/uploads\/2025\/06\/DELA-M-Temperatura-03-300x300.webp 300w, https:\/\/arteconfort.com\/wp-content\/uploads\/2025\/06\/DELA-M-Temperatura-03-600x600.webp 600w, https:\/\/arteconfort.com\/wp-content\/uploads\/2025\/06\/DELA-M-Temperatura-03-100x100.webp 100w\" sizes=\"auto, (max-width: 1024px) 100vw, 1024px\" \/><img loading=\"lazy\" decoding=\"async\" width=\"1024\" height=\"1024\" src=\"https:\/\/arteconfort.com\/wp-content\/uploads\/2025\/06\/DELA-M-Grafico.jpg\" class=\"attachment-shop_catalog size-shop_catalog\" alt=\"\" srcset=\"https:\/\/arteconfort.com\/wp-content\/uploads\/2025\/06\/DELA-M-Grafico.jpg 1024w, https:\/\/arteconfort.com\/wp-content\/uploads\/2025\/06\/DELA-M-Grafico-768x768.jpg 768w, https:\/\/arteconfort.com\/wp-content\/uploads\/2025\/06\/DELA-M-Grafico-340x340.jpg 340w, https:\/\/arteconfort.com\/wp-content\/uploads\/2025\/06\/DELA-M-Grafico-640x640.jpg 640w, https:\/\/arteconfort.com\/wp-content\/uploads\/2025\/06\/DELA-M-Grafico-960x960.jpg 960w, https:\/\/arteconfort.com\/wp-content\/uploads\/2025\/06\/DELA-M-Grafico-300x300.jpg 300w, https:\/\/arteconfort.com\/wp-content\/uploads\/2025\/06\/DELA-M-Grafico-600x600.jpg 600w, https:\/\/arteconfort.com\/wp-content\/uploads\/2025\/06\/DELA-M-Grafico-100x100.jpg 100w\" sizes=\"auto, (max-width: 1024px) 100vw, 1024px\" \/>\t<\/a>\n\t<div class=\"w-product-status\"><\/div>\t<span id=\"woocommerce_loop_add_to_cart_link_describedby_47705\" class=\"screen-reader-text\">\n\t\t\t<\/span>\n<\/div><figcaption><h2 class=\"woocommerce-loop-product__title\">DELA M<\/h2><div class=\"woocommerce-product-details__short-description\">\n\t<p>The DELA M concealed or retractable blades ceiling fan incorporates LED light and color temperature memory. It has<\/div>\n\n<\/figcaption><\/figure><\/li>\n<li class=\"product type-product post-42835 status-publish first instock product_cat-climatizacion-en product_cat-collection-old-en product_cat-ventiladores-de-techo-en has-post-thumbnail shipping-taxable product-type-simple w-item col-3\">\n\t<figure><div class=\"image-wrapper\">\t\t<a href=\"https:\/\/arteconfort.com\/en\/producto\/doha\/\" class=\"w-fadeslider\">\n\t<img loading=\"lazy\" decoding=\"async\" width=\"1024\" height=\"1024\" src=\"https:\/\/arteconfort.com\/wp-content\/uploads\/2024\/06\/DOHA-mando.webp\" class=\"attachment-shop_catalog size-shop_catalog wp-post-image\" alt=\"Ventilador DOHA mando\" srcset=\"https:\/\/arteconfort.com\/wp-content\/uploads\/2024\/06\/DOHA-mando.webp 1024w, https:\/\/arteconfort.com\/wp-content\/uploads\/2024\/06\/DOHA-mando-768x768.webp 768w, https:\/\/arteconfort.com\/wp-content\/uploads\/2024\/06\/DOHA-mando-340x340.webp 340w, https:\/\/arteconfort.com\/wp-content\/uploads\/2024\/06\/DOHA-mando-640x640.webp 640w, https:\/\/arteconfort.com\/wp-content\/uploads\/2024\/06\/DOHA-mando-960x960.webp 960w, https:\/\/arteconfort.com\/wp-content\/uploads\/2024\/06\/DOHA-mando-300x300.webp 300w, https:\/\/arteconfort.com\/wp-content\/uploads\/2024\/06\/DOHA-mando-600x600.webp 600w, https:\/\/arteconfort.com\/wp-content\/uploads\/2024\/06\/DOHA-mando-100x100.webp 100w, https:\/\/arteconfort.com\/wp-content\/uploads\/2024\/06\/DOHA-mando-133x133.webp 133w\" sizes=\"auto, (max-width: 1024px) 100vw, 1024px\" \/>\t<img loading=\"lazy\" decoding=\"async\" width=\"1024\" height=\"1024\" src=\"https:\/\/arteconfort.com\/wp-content\/uploads\/2024\/06\/ventilador-DOHA-31546212-ambiente-1.webp\" class=\"attachment-shop_catalog size-shop_catalog\" alt=\"Ventilador DOHA ambiente dia\" srcset=\"https:\/\/arteconfort.com\/wp-content\/uploads\/2024\/06\/ventilador-DOHA-31546212-ambiente-1.webp 1024w, https:\/\/arteconfort.com\/wp-content\/uploads\/2024\/06\/ventilador-DOHA-31546212-ambiente-1-768x768.webp 768w, https:\/\/arteconfort.com\/wp-content\/uploads\/2024\/06\/ventilador-DOHA-31546212-ambiente-1-340x340.webp 340w, https:\/\/arteconfort.com\/wp-content\/uploads\/2024\/06\/ventilador-DOHA-31546212-ambiente-1-640x640.webp 640w, https:\/\/arteconfort.com\/wp-content\/uploads\/2024\/06\/ventilador-DOHA-31546212-ambiente-1-960x960.webp 960w, https:\/\/arteconfort.com\/wp-content\/uploads\/2024\/06\/ventilador-DOHA-31546212-ambiente-1-133x133.webp 133w, https:\/\/arteconfort.com\/wp-content\/uploads\/2024\/06\/ventilador-DOHA-31546212-ambiente-1-300x300.webp 300w, https:\/\/arteconfort.com\/wp-content\/uploads\/2024\/06\/ventilador-DOHA-31546212-ambiente-1-600x600.webp 600w, https:\/\/arteconfort.com\/wp-content\/uploads\/2024\/06\/ventilador-DOHA-31546212-ambiente-1-100x100.webp 100w\" sizes=\"auto, (max-width: 1024px) 100vw, 1024px\" \/><img loading=\"lazy\" decoding=\"async\" width=\"1024\" height=\"1024\" src=\"https:\/\/arteconfort.com\/wp-content\/uploads\/2024\/06\/ventilador-DOHA-31546212-2.webp\" class=\"attachment-shop_catalog size-shop_catalog\" alt=\"Ventilador DOHA vista perspectiva\" srcset=\"https:\/\/arteconfort.com\/wp-content\/uploads\/2024\/06\/ventilador-DOHA-31546212-2.webp 1024w, https:\/\/arteconfort.com\/wp-content\/uploads\/2024\/06\/ventilador-DOHA-31546212-2-768x768.webp 768w, https:\/\/arteconfort.com\/wp-content\/uploads\/2024\/06\/ventilador-DOHA-31546212-2-340x340.webp 340w, https:\/\/arteconfort.com\/wp-content\/uploads\/2024\/06\/ventilador-DOHA-31546212-2-640x640.webp 640w, https:\/\/arteconfort.com\/wp-content\/uploads\/2024\/06\/ventilador-DOHA-31546212-2-960x960.webp 960w, https:\/\/arteconfort.com\/wp-content\/uploads\/2024\/06\/ventilador-DOHA-31546212-2-133x133.webp 133w, https:\/\/arteconfort.com\/wp-content\/uploads\/2024\/06\/ventilador-DOHA-31546212-2-300x300.webp 300w, https:\/\/arteconfort.com\/wp-content\/uploads\/2024\/06\/ventilador-DOHA-31546212-2-600x600.webp 600w, https:\/\/arteconfort.com\/wp-content\/uploads\/2024\/06\/ventilador-DOHA-31546212-2-100x100.webp 100w\" sizes=\"auto, (max-width: 1024px) 100vw, 1024px\" \/><img loading=\"lazy\" decoding=\"async\" width=\"1024\" height=\"1024\" src=\"https:\/\/arteconfort.com\/wp-content\/uploads\/2024\/06\/ventilador-DOHA-31546212-4.webp\" class=\"attachment-shop_catalog size-shop_catalog\" alt=\"Ventilador DOHA vista lateral\" srcset=\"https:\/\/arteconfort.com\/wp-content\/uploads\/2024\/06\/ventilador-DOHA-31546212-4.webp 1024w, https:\/\/arteconfort.com\/wp-content\/uploads\/2024\/06\/ventilador-DOHA-31546212-4-768x768.webp 768w, https:\/\/arteconfort.com\/wp-content\/uploads\/2024\/06\/ventilador-DOHA-31546212-4-340x340.webp 340w, https:\/\/arteconfort.com\/wp-content\/uploads\/2024\/06\/ventilador-DOHA-31546212-4-640x640.webp 640w, https:\/\/arteconfort.com\/wp-content\/uploads\/2024\/06\/ventilador-DOHA-31546212-4-960x960.webp 960w, https:\/\/arteconfort.com\/wp-content\/uploads\/2024\/06\/ventilador-DOHA-31546212-4-133x133.webp 133w, https:\/\/arteconfort.com\/wp-content\/uploads\/2024\/06\/ventilador-DOHA-31546212-4-300x300.webp 300w, https:\/\/arteconfort.com\/wp-content\/uploads\/2024\/06\/ventilador-DOHA-31546212-4-600x600.webp 600w, https:\/\/arteconfort.com\/wp-content\/uploads\/2024\/06\/ventilador-DOHA-31546212-4-100x100.webp 100w\" sizes=\"auto, (max-width: 1024px) 100vw, 1024px\" \/><img loading=\"lazy\" decoding=\"async\" width=\"1024\" height=\"1027\" src=\"https:\/\/arteconfort.com\/wp-content\/uploads\/2024\/06\/DOHA-planta.webp\" class=\"attachment-shop_catalog size-shop_catalog\" alt=\"Ventilador DOHA planta\" srcset=\"https:\/\/arteconfort.com\/wp-content\/uploads\/2024\/06\/DOHA-planta.webp 1024w, https:\/\/arteconfort.com\/wp-content\/uploads\/2024\/06\/DOHA-planta-768x770.webp 768w, https:\/\/arteconfort.com\/wp-content\/uploads\/2024\/06\/DOHA-planta-340x340.webp 340w, https:\/\/arteconfort.com\/wp-content\/uploads\/2024\/06\/DOHA-planta-640x642.webp 640w, https:\/\/arteconfort.com\/wp-content\/uploads\/2024\/06\/DOHA-planta-133x133.webp 133w, https:\/\/arteconfort.com\/wp-content\/uploads\/2024\/06\/DOHA-planta-300x300.webp 300w, https:\/\/arteconfort.com\/wp-content\/uploads\/2024\/06\/DOHA-planta-600x602.webp 600w, https:\/\/arteconfort.com\/wp-content\/uploads\/2024\/06\/DOHA-planta-100x100.webp 100w\" sizes=\"auto, (max-width: 1024px) 100vw, 1024px\" \/><img loading=\"lazy\" decoding=\"async\" width=\"1024\" height=\"1024\" src=\"https:\/\/arteconfort.com\/wp-content\/uploads\/2024\/06\/ventilador-DOHA-31546212-detalle-3.webp\" class=\"attachment-shop_catalog size-shop_catalog\" alt=\"Ventilador DOHA aspa\" srcset=\"https:\/\/arteconfort.com\/wp-content\/uploads\/2024\/06\/ventilador-DOHA-31546212-detalle-3.webp 1024w, https:\/\/arteconfort.com\/wp-content\/uploads\/2024\/06\/ventilador-DOHA-31546212-detalle-3-768x768.webp 768w, https:\/\/arteconfort.com\/wp-content\/uploads\/2024\/06\/ventilador-DOHA-31546212-detalle-3-340x340.webp 340w, https:\/\/arteconfort.com\/wp-content\/uploads\/2024\/06\/ventilador-DOHA-31546212-detalle-3-640x640.webp 640w, https:\/\/arteconfort.com\/wp-content\/uploads\/2024\/06\/ventilador-DOHA-31546212-detalle-3-960x960.webp 960w, https:\/\/arteconfort.com\/wp-content\/uploads\/2024\/06\/ventilador-DOHA-31546212-detalle-3-133x133.webp 133w, https:\/\/arteconfort.com\/wp-content\/uploads\/2024\/06\/ventilador-DOHA-31546212-detalle-3-300x300.webp 300w, https:\/\/arteconfort.com\/wp-content\/uploads\/2024\/06\/ventilador-DOHA-31546212-detalle-3-600x600.webp 600w, https:\/\/arteconfort.com\/wp-content\/uploads\/2024\/06\/ventilador-DOHA-31546212-detalle-3-100x100.webp 100w\" sizes=\"auto, (max-width: 1024px) 100vw, 1024px\" \/><img loading=\"lazy\" decoding=\"async\" width=\"1024\" height=\"1024\" src=\"https:\/\/arteconfort.com\/wp-content\/uploads\/2024\/06\/DOHA-cuerpo.webp\" class=\"attachment-shop_catalog size-shop_catalog\" alt=\"Ventilador DOHA cuerpo\" srcset=\"https:\/\/arteconfort.com\/wp-content\/uploads\/2024\/06\/DOHA-cuerpo.webp 1024w, https:\/\/arteconfort.com\/wp-content\/uploads\/2024\/06\/DOHA-cuerpo-768x768.webp 768w, https:\/\/arteconfort.com\/wp-content\/uploads\/2024\/06\/DOHA-cuerpo-340x340.webp 340w, https:\/\/arteconfort.com\/wp-content\/uploads\/2024\/06\/DOHA-cuerpo-640x640.webp 640w, https:\/\/arteconfort.com\/wp-content\/uploads\/2024\/06\/DOHA-cuerpo-960x960.webp 960w, https:\/\/arteconfort.com\/wp-content\/uploads\/2024\/06\/DOHA-cuerpo-133x133.webp 133w, https:\/\/arteconfort.com\/wp-content\/uploads\/2024\/06\/DOHA-cuerpo-300x300.webp 300w, https:\/\/arteconfort.com\/wp-content\/uploads\/2024\/06\/DOHA-cuerpo-600x600.webp 600w, https:\/\/arteconfort.com\/wp-content\/uploads\/2024\/06\/DOHA-cuerpo-100x100.webp 100w\" sizes=\"auto, (max-width: 1024px) 100vw, 1024px\" \/><img loading=\"lazy\" decoding=\"async\" width=\"1024\" height=\"1024\" src=\"https:\/\/arteconfort.com\/wp-content\/uploads\/2024\/06\/DOHA-embellecedor.webp\" class=\"attachment-shop_catalog size-shop_catalog\" alt=\"Ventilador DOHA embellecedor\" srcset=\"https:\/\/arteconfort.com\/wp-content\/uploads\/2024\/06\/DOHA-embellecedor.webp 1024w, https:\/\/arteconfort.com\/wp-content\/uploads\/2024\/06\/DOHA-embellecedor-768x768.webp 768w, https:\/\/arteconfort.com\/wp-content\/uploads\/2024\/06\/DOHA-embellecedor-340x340.webp 340w, https:\/\/arteconfort.com\/wp-content\/uploads\/2024\/06\/DOHA-embellecedor-640x640.webp 640w, https:\/\/arteconfort.com\/wp-content\/uploads\/2024\/06\/DOHA-embellecedor-960x960.webp 960w, https:\/\/arteconfort.com\/wp-content\/uploads\/2024\/06\/DOHA-embellecedor-133x133.webp 133w, https:\/\/arteconfort.com\/wp-content\/uploads\/2024\/06\/DOHA-embellecedor-300x300.webp 300w, https:\/\/arteconfort.com\/wp-content\/uploads\/2024\/06\/DOHA-embellecedor-600x600.webp 600w, https:\/\/arteconfort.com\/wp-content\/uploads\/2024\/06\/DOHA-embellecedor-100x100.webp 100w\" sizes=\"auto, (max-width: 1024px) 100vw, 1024px\" \/><img loading=\"lazy\" decoding=\"async\" width=\"1024\" height=\"1024\" src=\"https:\/\/arteconfort.com\/wp-content\/uploads\/2024\/06\/ventilador-DOHA-31546212-mando.webp\" class=\"attachment-shop_catalog size-shop_catalog\" alt=\"Ventilador DOHA mando\" srcset=\"https:\/\/arteconfort.com\/wp-content\/uploads\/2024\/06\/ventilador-DOHA-31546212-mando.webp 1024w, https:\/\/arteconfort.com\/wp-content\/uploads\/2024\/06\/ventilador-DOHA-31546212-mando-768x768.webp 768w, https:\/\/arteconfort.com\/wp-content\/uploads\/2024\/06\/ventilador-DOHA-31546212-mando-340x340.webp 340w, https:\/\/arteconfort.com\/wp-content\/uploads\/2024\/06\/ventilador-DOHA-31546212-mando-640x640.webp 640w, https:\/\/arteconfort.com\/wp-content\/uploads\/2024\/06\/ventilador-DOHA-31546212-mando-960x960.webp 960w, https:\/\/arteconfort.com\/wp-content\/uploads\/2024\/06\/ventilador-DOHA-31546212-mando-133x133.webp 133w, https:\/\/arteconfort.com\/wp-content\/uploads\/2024\/06\/ventilador-DOHA-31546212-mando-300x300.webp 300w, https:\/\/arteconfort.com\/wp-content\/uploads\/2024\/06\/ventilador-DOHA-31546212-mando-600x600.webp 600w, https:\/\/arteconfort.com\/wp-content\/uploads\/2024\/06\/ventilador-DOHA-31546212-mando-100x100.webp 100w\" sizes=\"auto, (max-width: 1024px) 100vw, 1024px\" \/><img loading=\"lazy\" decoding=\"async\" width=\"1024\" height=\"1024\" src=\"https:\/\/arteconfort.com\/wp-content\/uploads\/2024\/06\/ventilador-DOHA-31546212-grafico.webp\" class=\"attachment-shop_catalog size-shop_catalog\" alt=\"Ventilador DOHA grafico\" srcset=\"https:\/\/arteconfort.com\/wp-content\/uploads\/2024\/06\/ventilador-DOHA-31546212-grafico.webp 1024w, https:\/\/arteconfort.com\/wp-content\/uploads\/2024\/06\/ventilador-DOHA-31546212-grafico-768x768.webp 768w, https:\/\/arteconfort.com\/wp-content\/uploads\/2024\/06\/ventilador-DOHA-31546212-grafico-340x340.webp 340w, https:\/\/arteconfort.com\/wp-content\/uploads\/2024\/06\/ventilador-DOHA-31546212-grafico-640x640.webp 640w, https:\/\/arteconfort.com\/wp-content\/uploads\/2024\/06\/ventilador-DOHA-31546212-grafico-960x960.webp 960w, https:\/\/arteconfort.com\/wp-content\/uploads\/2024\/06\/ventilador-DOHA-31546212-grafico-133x133.webp 133w, https:\/\/arteconfort.com\/wp-content\/uploads\/2024\/06\/ventilador-DOHA-31546212-grafico-300x300.webp 300w, https:\/\/arteconfort.com\/wp-content\/uploads\/2024\/06\/ventilador-DOHA-31546212-grafico-600x600.webp 600w, https:\/\/arteconfort.com\/wp-content\/uploads\/2024\/06\/ventilador-DOHA-31546212-grafico-100x100.webp 100w\" sizes=\"auto, (max-width: 1024px) 100vw, 1024px\" \/><img loading=\"lazy\" decoding=\"async\" width=\"1024\" height=\"1024\" src=\"https:\/\/arteconfort.com\/wp-content\/uploads\/2024\/06\/DOHA-luces.webp\" class=\"attachment-shop_catalog size-shop_catalog\" alt=\"Ventilador DOHA luces\" srcset=\"https:\/\/arteconfort.com\/wp-content\/uploads\/2024\/06\/DOHA-luces.webp 1024w, https:\/\/arteconfort.com\/wp-content\/uploads\/2024\/06\/DOHA-luces-768x768.webp 768w, https:\/\/arteconfort.com\/wp-content\/uploads\/2024\/06\/DOHA-luces-340x340.webp 340w, https:\/\/arteconfort.com\/wp-content\/uploads\/2024\/06\/DOHA-luces-640x640.webp 640w, https:\/\/arteconfort.com\/wp-content\/uploads\/2024\/06\/DOHA-luces-960x960.webp 960w, https:\/\/arteconfort.com\/wp-content\/uploads\/2024\/06\/DOHA-luces-133x133.webp 133w, https:\/\/arteconfort.com\/wp-content\/uploads\/2024\/06\/DOHA-luces-300x300.webp 300w, https:\/\/arteconfort.com\/wp-content\/uploads\/2024\/06\/DOHA-luces-600x600.webp 600w, https:\/\/arteconfort.com\/wp-content\/uploads\/2024\/06\/DOHA-luces-100x100.webp 100w\" sizes=\"auto, (max-width: 1024px) 100vw, 1024px\" \/><img loading=\"lazy\" decoding=\"async\" width=\"1024\" height=\"1024\" src=\"https:\/\/arteconfort.com\/wp-content\/uploads\/2024\/06\/ventilador-DOHA-31546212-ambiente-2.webp\" class=\"attachment-shop_catalog size-shop_catalog\" alt=\"Ventilador DOHA ambiente luz calida\" srcset=\"https:\/\/arteconfort.com\/wp-content\/uploads\/2024\/06\/ventilador-DOHA-31546212-ambiente-2.webp 1024w, https:\/\/arteconfort.com\/wp-content\/uploads\/2024\/06\/ventilador-DOHA-31546212-ambiente-2-768x768.webp 768w, https:\/\/arteconfort.com\/wp-content\/uploads\/2024\/06\/ventilador-DOHA-31546212-ambiente-2-340x340.webp 340w, https:\/\/arteconfort.com\/wp-content\/uploads\/2024\/06\/ventilador-DOHA-31546212-ambiente-2-640x640.webp 640w, https:\/\/arteconfort.com\/wp-content\/uploads\/2024\/06\/ventilador-DOHA-31546212-ambiente-2-960x960.webp 960w, https:\/\/arteconfort.com\/wp-content\/uploads\/2024\/06\/ventilador-DOHA-31546212-ambiente-2-133x133.webp 133w, https:\/\/arteconfort.com\/wp-content\/uploads\/2024\/06\/ventilador-DOHA-31546212-ambiente-2-300x300.webp 300w, https:\/\/arteconfort.com\/wp-content\/uploads\/2024\/06\/ventilador-DOHA-31546212-ambiente-2-600x600.webp 600w, https:\/\/arteconfort.com\/wp-content\/uploads\/2024\/06\/ventilador-DOHA-31546212-ambiente-2-100x100.webp 100w\" sizes=\"auto, (max-width: 1024px) 100vw, 1024px\" \/><img loading=\"lazy\" decoding=\"async\" width=\"1024\" height=\"1024\" src=\"https:\/\/arteconfort.com\/wp-content\/uploads\/2024\/06\/ventilador-DOHA-31546212-ambiente-4.webp\" class=\"attachment-shop_catalog size-shop_catalog\" alt=\"Ventilador DOHA ambiente luz neutra\" srcset=\"https:\/\/arteconfort.com\/wp-content\/uploads\/2024\/06\/ventilador-DOHA-31546212-ambiente-4.webp 1024w, https:\/\/arteconfort.com\/wp-content\/uploads\/2024\/06\/ventilador-DOHA-31546212-ambiente-4-768x768.webp 768w, https:\/\/arteconfort.com\/wp-content\/uploads\/2024\/06\/ventilador-DOHA-31546212-ambiente-4-340x340.webp 340w, https:\/\/arteconfort.com\/wp-content\/uploads\/2024\/06\/ventilador-DOHA-31546212-ambiente-4-640x640.webp 640w, https:\/\/arteconfort.com\/wp-content\/uploads\/2024\/06\/ventilador-DOHA-31546212-ambiente-4-960x960.webp 960w, https:\/\/arteconfort.com\/wp-content\/uploads\/2024\/06\/ventilador-DOHA-31546212-ambiente-4-133x133.webp 133w, https:\/\/arteconfort.com\/wp-content\/uploads\/2024\/06\/ventilador-DOHA-31546212-ambiente-4-300x300.webp 300w, https:\/\/arteconfort.com\/wp-content\/uploads\/2024\/06\/ventilador-DOHA-31546212-ambiente-4-600x600.webp 600w, https:\/\/arteconfort.com\/wp-content\/uploads\/2024\/06\/ventilador-DOHA-31546212-ambiente-4-100x100.webp 100w\" sizes=\"auto, (max-width: 1024px) 100vw, 1024px\" \/><img loading=\"lazy\" decoding=\"async\" width=\"1024\" height=\"1024\" src=\"https:\/\/arteconfort.com\/wp-content\/uploads\/2024\/06\/ventilador-DOHA-31546212-ambiente-3.webp\" class=\"attachment-shop_catalog size-shop_catalog\" alt=\"Ventilador DOHA ambiente luz neutra tenue\" srcset=\"https:\/\/arteconfort.com\/wp-content\/uploads\/2024\/06\/ventilador-DOHA-31546212-ambiente-3.webp 1024w, https:\/\/arteconfort.com\/wp-content\/uploads\/2024\/06\/ventilador-DOHA-31546212-ambiente-3-768x768.webp 768w, https:\/\/arteconfort.com\/wp-content\/uploads\/2024\/06\/ventilador-DOHA-31546212-ambiente-3-340x340.webp 340w, https:\/\/arteconfort.com\/wp-content\/uploads\/2024\/06\/ventilador-DOHA-31546212-ambiente-3-640x640.webp 640w, https:\/\/arteconfort.com\/wp-content\/uploads\/2024\/06\/ventilador-DOHA-31546212-ambiente-3-960x960.webp 960w, https:\/\/arteconfort.com\/wp-content\/uploads\/2024\/06\/ventilador-DOHA-31546212-ambiente-3-133x133.webp 133w, https:\/\/arteconfort.com\/wp-content\/uploads\/2024\/06\/ventilador-DOHA-31546212-ambiente-3-300x300.webp 300w, https:\/\/arteconfort.com\/wp-content\/uploads\/2024\/06\/ventilador-DOHA-31546212-ambiente-3-600x600.webp 600w, https:\/\/arteconfort.com\/wp-content\/uploads\/2024\/06\/ventilador-DOHA-31546212-ambiente-3-100x100.webp 100w\" sizes=\"auto, (max-width: 1024px) 100vw, 1024px\" \/><img loading=\"lazy\" decoding=\"async\" width=\"1024\" height=\"1024\" src=\"https:\/\/arteconfort.com\/wp-content\/uploads\/2024\/06\/ventilador-DOHA-31546212-ambiente-5.webp\" class=\"attachment-shop_catalog size-shop_catalog\" alt=\"Ventilador DOHA ambiente luz fria\" srcset=\"https:\/\/arteconfort.com\/wp-content\/uploads\/2024\/06\/ventilador-DOHA-31546212-ambiente-5.webp 1024w, https:\/\/arteconfort.com\/wp-content\/uploads\/2024\/06\/ventilador-DOHA-31546212-ambiente-5-768x768.webp 768w, https:\/\/arteconfort.com\/wp-content\/uploads\/2024\/06\/ventilador-DOHA-31546212-ambiente-5-340x340.webp 340w, https:\/\/arteconfort.com\/wp-content\/uploads\/2024\/06\/ventilador-DOHA-31546212-ambiente-5-640x640.webp 640w, https:\/\/arteconfort.com\/wp-content\/uploads\/2024\/06\/ventilador-DOHA-31546212-ambiente-5-960x960.webp 960w, https:\/\/arteconfort.com\/wp-content\/uploads\/2024\/06\/ventilador-DOHA-31546212-ambiente-5-133x133.webp 133w, https:\/\/arteconfort.com\/wp-content\/uploads\/2024\/06\/ventilador-DOHA-31546212-ambiente-5-300x300.webp 300w, https:\/\/arteconfort.com\/wp-content\/uploads\/2024\/06\/ventilador-DOHA-31546212-ambiente-5-600x600.webp 600w, https:\/\/arteconfort.com\/wp-content\/uploads\/2024\/06\/ventilador-DOHA-31546212-ambiente-5-100x100.webp 100w\" sizes=\"auto, (max-width: 1024px) 100vw, 1024px\" \/>\t<\/a>\n\t<div class=\"w-product-status\"><\/div>\t<span id=\"woocommerce_loop_add_to_cart_link_describedby_42835\" class=\"screen-reader-text\">\n\t\t\t<\/span>\n<\/div><div class=\"berocket_better_labels berocket_better_labels_image\"><div class=\"berocket_better_labels_position berocket_better_labels_position_right\"><div class=\"berocket_better_labels_line berocket_better_labels_line_1\"><div class=\"berocket_better_labels_inline berocket_better_labels_inline_1\"><div class=\"br_alabel br_alabel_type_text br_alabel_template_type_css berocket_alabel_id_22611  br_alabel_better_compatibility\" style=\"\"><span  style=\"\"><i style=\"background-color: #000000; border-color: #000000;\" class=\"template-span-before \"><\/i><i style=\"background-color: #000000; border-color: #000000;\" class=\"template-i \"><\/i><i style=\"background-color: #000000; border-color: #000000;\" class=\"template-i-before \"><\/i><i style=\"background-color: #000000; border-color: #000000;\" class=\"template-i-after \"><\/i><b style=\"position: relative;z-index: 100;text-align: center;color: inherit;\">Old collection<\/b><\/span><\/div><\/div><\/div><\/div><\/div><figcaption><h2 class=\"woocommerce-loop-product__title\">DOHA<\/h2><div class=\"woocommerce-product-details__short-description\">\n\t<p>The DOHA ceiling fan incorporates LED light and color temperature memory. It is easy to install and suitable<\/div>\n\n<\/figcaption><\/figure><\/li>\n<li class=\"product type-product post-44902 status-publish instock product_cat-climatizacion-en product_cat-ventiladores-de-techo-en has-post-thumbnail shipping-taxable product-type-simple w-item col-3\">\n\t<figure><div class=\"image-wrapper\">\t\t<a href=\"https:\/\/arteconfort.com\/en\/producto\/dube-l\/\" class=\"w-fadeslider\">\n\t<img loading=\"lazy\" decoding=\"async\" width=\"1024\" height=\"1024\" src=\"https:\/\/arteconfort.com\/wp-content\/uploads\/2025\/03\/DUBE-L-Plata-mando-01.webp\" class=\"attachment-shop_catalog size-shop_catalog wp-post-image\" alt=\"\" srcset=\"https:\/\/arteconfort.com\/wp-content\/uploads\/2025\/03\/DUBE-L-Plata-mando-01.webp 1024w, https:\/\/arteconfort.com\/wp-content\/uploads\/2025\/03\/DUBE-L-Plata-mando-01-768x768.webp 768w, https:\/\/arteconfort.com\/wp-content\/uploads\/2025\/03\/DUBE-L-Plata-mando-01-340x340.webp 340w, https:\/\/arteconfort.com\/wp-content\/uploads\/2025\/03\/DUBE-L-Plata-mando-01-640x640.webp 640w, https:\/\/arteconfort.com\/wp-content\/uploads\/2025\/03\/DUBE-L-Plata-mando-01-960x960.webp 960w, https:\/\/arteconfort.com\/wp-content\/uploads\/2025\/03\/DUBE-L-Plata-mando-01-300x300.webp 300w, https:\/\/arteconfort.com\/wp-content\/uploads\/2025\/03\/DUBE-L-Plata-mando-01-600x600.webp 600w, https:\/\/arteconfort.com\/wp-content\/uploads\/2025\/03\/DUBE-L-Plata-mando-01-100x100.webp 100w\" sizes=\"auto, (max-width: 1024px) 100vw, 1024px\" \/>\t<img loading=\"lazy\" decoding=\"async\" width=\"1024\" height=\"1024\" src=\"https:\/\/arteconfort.com\/wp-content\/uploads\/2025\/03\/DUBE-L-Plata-detalle-04.webp\" class=\"attachment-shop_catalog size-shop_catalog\" alt=\"\" srcset=\"https:\/\/arteconfort.com\/wp-content\/uploads\/2025\/03\/DUBE-L-Plata-detalle-04.webp 1024w, https:\/\/arteconfort.com\/wp-content\/uploads\/2025\/03\/DUBE-L-Plata-detalle-04-768x768.webp 768w, https:\/\/arteconfort.com\/wp-content\/uploads\/2025\/03\/DUBE-L-Plata-detalle-04-340x340.webp 340w, https:\/\/arteconfort.com\/wp-content\/uploads\/2025\/03\/DUBE-L-Plata-detalle-04-640x640.webp 640w, https:\/\/arteconfort.com\/wp-content\/uploads\/2025\/03\/DUBE-L-Plata-detalle-04-960x960.webp 960w, https:\/\/arteconfort.com\/wp-content\/uploads\/2025\/03\/DUBE-L-Plata-detalle-04-300x300.webp 300w, https:\/\/arteconfort.com\/wp-content\/uploads\/2025\/03\/DUBE-L-Plata-detalle-04-600x600.webp 600w, https:\/\/arteconfort.com\/wp-content\/uploads\/2025\/03\/DUBE-L-Plata-detalle-04-100x100.webp 100w\" sizes=\"auto, (max-width: 1024px) 100vw, 1024px\" \/><img loading=\"lazy\" decoding=\"async\" width=\"1024\" height=\"1024\" src=\"https:\/\/arteconfort.com\/wp-content\/uploads\/2025\/03\/DUBE-L-Negro-mando-01.webp\" class=\"attachment-shop_catalog size-shop_catalog\" alt=\"\" srcset=\"https:\/\/arteconfort.com\/wp-content\/uploads\/2025\/03\/DUBE-L-Negro-mando-01.webp 1024w, https:\/\/arteconfort.com\/wp-content\/uploads\/2025\/03\/DUBE-L-Negro-mando-01-768x768.webp 768w, https:\/\/arteconfort.com\/wp-content\/uploads\/2025\/03\/DUBE-L-Negro-mando-01-340x340.webp 340w, https:\/\/arteconfort.com\/wp-content\/uploads\/2025\/03\/DUBE-L-Negro-mando-01-640x640.webp 640w, https:\/\/arteconfort.com\/wp-content\/uploads\/2025\/03\/DUBE-L-Negro-mando-01-960x960.webp 960w, https:\/\/arteconfort.com\/wp-content\/uploads\/2025\/03\/DUBE-L-Negro-mando-01-300x300.webp 300w, https:\/\/arteconfort.com\/wp-content\/uploads\/2025\/03\/DUBE-L-Negro-mando-01-600x600.webp 600w, https:\/\/arteconfort.com\/wp-content\/uploads\/2025\/03\/DUBE-L-Negro-mando-01-100x100.webp 100w\" sizes=\"auto, (max-width: 1024px) 100vw, 1024px\" \/><img loading=\"lazy\" decoding=\"async\" width=\"1024\" height=\"1024\" src=\"https:\/\/arteconfort.com\/wp-content\/uploads\/2025\/03\/DUBE-L-Negro-detalle-04.webp\" class=\"attachment-shop_catalog size-shop_catalog\" alt=\"\" srcset=\"https:\/\/arteconfort.com\/wp-content\/uploads\/2025\/03\/DUBE-L-Negro-detalle-04.webp 1024w, https:\/\/arteconfort.com\/wp-content\/uploads\/2025\/03\/DUBE-L-Negro-detalle-04-768x768.webp 768w, https:\/\/arteconfort.com\/wp-content\/uploads\/2025\/03\/DUBE-L-Negro-detalle-04-340x340.webp 340w, https:\/\/arteconfort.com\/wp-content\/uploads\/2025\/03\/DUBE-L-Negro-detalle-04-640x640.webp 640w, https:\/\/arteconfort.com\/wp-content\/uploads\/2025\/03\/DUBE-L-Negro-detalle-04-960x960.webp 960w, https:\/\/arteconfort.com\/wp-content\/uploads\/2025\/03\/DUBE-L-Negro-detalle-04-300x300.webp 300w, https:\/\/arteconfort.com\/wp-content\/uploads\/2025\/03\/DUBE-L-Negro-detalle-04-600x600.webp 600w, https:\/\/arteconfort.com\/wp-content\/uploads\/2025\/03\/DUBE-L-Negro-detalle-04-100x100.webp 100w\" sizes=\"auto, (max-width: 1024px) 100vw, 1024px\" \/><img loading=\"lazy\" decoding=\"async\" width=\"1024\" height=\"1024\" src=\"https:\/\/arteconfort.com\/wp-content\/uploads\/2025\/03\/DUBE-L-Plata-temperaturas.webp\" class=\"attachment-shop_catalog size-shop_catalog\" alt=\"\" srcset=\"https:\/\/arteconfort.com\/wp-content\/uploads\/2025\/03\/DUBE-L-Plata-temperaturas.webp 1024w, https:\/\/arteconfort.com\/wp-content\/uploads\/2025\/03\/DUBE-L-Plata-temperaturas-768x768.webp 768w, https:\/\/arteconfort.com\/wp-content\/uploads\/2025\/03\/DUBE-L-Plata-temperaturas-340x340.webp 340w, https:\/\/arteconfort.com\/wp-content\/uploads\/2025\/03\/DUBE-L-Plata-temperaturas-640x640.webp 640w, https:\/\/arteconfort.com\/wp-content\/uploads\/2025\/03\/DUBE-L-Plata-temperaturas-960x960.webp 960w, https:\/\/arteconfort.com\/wp-content\/uploads\/2025\/03\/DUBE-L-Plata-temperaturas-300x300.webp 300w, https:\/\/arteconfort.com\/wp-content\/uploads\/2025\/03\/DUBE-L-Plata-temperaturas-600x600.webp 600w, https:\/\/arteconfort.com\/wp-content\/uploads\/2025\/03\/DUBE-L-Plata-temperaturas-100x100.webp 100w\" sizes=\"auto, (max-width: 1024px) 100vw, 1024px\" \/><img loading=\"lazy\" decoding=\"async\" width=\"1024\" height=\"1024\" src=\"https:\/\/arteconfort.com\/wp-content\/uploads\/2025\/03\/DUBE-L-Grafico-05-1.webp\" class=\"attachment-shop_catalog size-shop_catalog\" alt=\"\" srcset=\"https:\/\/arteconfort.com\/wp-content\/uploads\/2025\/03\/DUBE-L-Grafico-05-1.webp 1024w, https:\/\/arteconfort.com\/wp-content\/uploads\/2025\/03\/DUBE-L-Grafico-05-1-768x768.webp 768w, https:\/\/arteconfort.com\/wp-content\/uploads\/2025\/03\/DUBE-L-Grafico-05-1-340x340.webp 340w, https:\/\/arteconfort.com\/wp-content\/uploads\/2025\/03\/DUBE-L-Grafico-05-1-640x640.webp 640w, https:\/\/arteconfort.com\/wp-content\/uploads\/2025\/03\/DUBE-L-Grafico-05-1-960x960.webp 960w, https:\/\/arteconfort.com\/wp-content\/uploads\/2025\/03\/DUBE-L-Grafico-05-1-300x300.webp 300w, https:\/\/arteconfort.com\/wp-content\/uploads\/2025\/03\/DUBE-L-Grafico-05-1-600x600.webp 600w, https:\/\/arteconfort.com\/wp-content\/uploads\/2025\/03\/DUBE-L-Grafico-05-1-100x100.webp 100w\" sizes=\"auto, (max-width: 1024px) 100vw, 1024px\" \/>\t<\/a>\n\t<div class=\"w-product-status\"><\/div>\t<span id=\"woocommerce_loop_add_to_cart_link_describedby_44902\" class=\"screen-reader-text\">\n\t\t\t<\/span>\n<\/div><figcaption><h2 class=\"woocommerce-loop-product__title\">DUBE L<\/h2><div class=\"woocommerce-product-details__short-description\">\n\t<p>DUBE L retractable fan with integrated LED light, high luminous flux and color temperature memory. It has a<\/div>\n\n<\/figcaption><\/figure><\/li>\n<li class=\"product type-product post-44979 status-publish instock product_cat-climatizacion-en product_cat-ventiladores-de-techo-en has-post-thumbnail shipping-taxable product-type-simple w-item col-3\">\n\t<figure><div class=\"image-wrapper\">\t\t<a href=\"https:\/\/arteconfort.com\/en\/producto\/dube-m\/\" class=\"w-fadeslider\">\n\t<img loading=\"lazy\" decoding=\"async\" width=\"1024\" height=\"1024\" src=\"https:\/\/arteconfort.com\/wp-content\/uploads\/2025\/03\/DUBE-M-Plata-mando-01.webp\" class=\"attachment-shop_catalog size-shop_catalog wp-post-image\" alt=\"\" srcset=\"https:\/\/arteconfort.com\/wp-content\/uploads\/2025\/03\/DUBE-M-Plata-mando-01.webp 1024w, https:\/\/arteconfort.com\/wp-content\/uploads\/2025\/03\/DUBE-M-Plata-mando-01-768x768.webp 768w, https:\/\/arteconfort.com\/wp-content\/uploads\/2025\/03\/DUBE-M-Plata-mando-01-340x340.webp 340w, https:\/\/arteconfort.com\/wp-content\/uploads\/2025\/03\/DUBE-M-Plata-mando-01-640x640.webp 640w, https:\/\/arteconfort.com\/wp-content\/uploads\/2025\/03\/DUBE-M-Plata-mando-01-960x960.webp 960w, https:\/\/arteconfort.com\/wp-content\/uploads\/2025\/03\/DUBE-M-Plata-mando-01-300x300.webp 300w, https:\/\/arteconfort.com\/wp-content\/uploads\/2025\/03\/DUBE-M-Plata-mando-01-600x600.webp 600w, https:\/\/arteconfort.com\/wp-content\/uploads\/2025\/03\/DUBE-M-Plata-mando-01-100x100.webp 100w\" sizes=\"auto, (max-width: 1024px) 100vw, 1024px\" \/>\t<img loading=\"lazy\" decoding=\"async\" width=\"1024\" height=\"1024\" src=\"https:\/\/arteconfort.com\/wp-content\/uploads\/2025\/03\/DUBE-M-Plata-detalle-04.webp\" class=\"attachment-shop_catalog size-shop_catalog\" alt=\"\" srcset=\"https:\/\/arteconfort.com\/wp-content\/uploads\/2025\/03\/DUBE-M-Plata-detalle-04.webp 1024w, https:\/\/arteconfort.com\/wp-content\/uploads\/2025\/03\/DUBE-M-Plata-detalle-04-768x768.webp 768w, https:\/\/arteconfort.com\/wp-content\/uploads\/2025\/03\/DUBE-M-Plata-detalle-04-340x340.webp 340w, https:\/\/arteconfort.com\/wp-content\/uploads\/2025\/03\/DUBE-M-Plata-detalle-04-640x640.webp 640w, https:\/\/arteconfort.com\/wp-content\/uploads\/2025\/03\/DUBE-M-Plata-detalle-04-960x960.webp 960w, https:\/\/arteconfort.com\/wp-content\/uploads\/2025\/03\/DUBE-M-Plata-detalle-04-300x300.webp 300w, https:\/\/arteconfort.com\/wp-content\/uploads\/2025\/03\/DUBE-M-Plata-detalle-04-600x600.webp 600w, https:\/\/arteconfort.com\/wp-content\/uploads\/2025\/03\/DUBE-M-Plata-detalle-04-100x100.webp 100w\" sizes=\"auto, (max-width: 1024px) 100vw, 1024px\" \/><img loading=\"lazy\" decoding=\"async\" width=\"1024\" height=\"1024\" src=\"https:\/\/arteconfort.com\/wp-content\/uploads\/2025\/03\/DUBE-M-Negro-detalle-04.webp\" class=\"attachment-shop_catalog size-shop_catalog\" alt=\"\" srcset=\"https:\/\/arteconfort.com\/wp-content\/uploads\/2025\/03\/DUBE-M-Negro-detalle-04.webp 1024w, https:\/\/arteconfort.com\/wp-content\/uploads\/2025\/03\/DUBE-M-Negro-detalle-04-768x768.webp 768w, https:\/\/arteconfort.com\/wp-content\/uploads\/2025\/03\/DUBE-M-Negro-detalle-04-340x340.webp 340w, https:\/\/arteconfort.com\/wp-content\/uploads\/2025\/03\/DUBE-M-Negro-detalle-04-640x640.webp 640w, https:\/\/arteconfort.com\/wp-content\/uploads\/2025\/03\/DUBE-M-Negro-detalle-04-960x960.webp 960w, https:\/\/arteconfort.com\/wp-content\/uploads\/2025\/03\/DUBE-M-Negro-detalle-04-300x300.webp 300w, https:\/\/arteconfort.com\/wp-content\/uploads\/2025\/03\/DUBE-M-Negro-detalle-04-600x600.webp 600w, https:\/\/arteconfort.com\/wp-content\/uploads\/2025\/03\/DUBE-M-Negro-detalle-04-100x100.webp 100w\" sizes=\"auto, (max-width: 1024px) 100vw, 1024px\" \/><img loading=\"lazy\" decoding=\"async\" width=\"1024\" height=\"1024\" src=\"https:\/\/arteconfort.com\/wp-content\/uploads\/2025\/03\/DUBE-M-Negro-mando-01.webp\" class=\"attachment-shop_catalog size-shop_catalog\" alt=\"\" srcset=\"https:\/\/arteconfort.com\/wp-content\/uploads\/2025\/03\/DUBE-M-Negro-mando-01.webp 1024w, https:\/\/arteconfort.com\/wp-content\/uploads\/2025\/03\/DUBE-M-Negro-mando-01-768x768.webp 768w, https:\/\/arteconfort.com\/wp-content\/uploads\/2025\/03\/DUBE-M-Negro-mando-01-340x340.webp 340w, https:\/\/arteconfort.com\/wp-content\/uploads\/2025\/03\/DUBE-M-Negro-mando-01-640x640.webp 640w, https:\/\/arteconfort.com\/wp-content\/uploads\/2025\/03\/DUBE-M-Negro-mando-01-960x960.webp 960w, https:\/\/arteconfort.com\/wp-content\/uploads\/2025\/03\/DUBE-M-Negro-mando-01-300x300.webp 300w, https:\/\/arteconfort.com\/wp-content\/uploads\/2025\/03\/DUBE-M-Negro-mando-01-600x600.webp 600w, https:\/\/arteconfort.com\/wp-content\/uploads\/2025\/03\/DUBE-M-Negro-mando-01-100x100.webp 100w\" sizes=\"auto, (max-width: 1024px) 100vw, 1024px\" \/><img loading=\"lazy\" decoding=\"async\" width=\"1024\" height=\"1024\" src=\"https:\/\/arteconfort.com\/wp-content\/uploads\/2025\/03\/94051375-tz-01.webp\" class=\"attachment-shop_catalog size-shop_catalog\" alt=\"\" srcset=\"https:\/\/arteconfort.com\/wp-content\/uploads\/2025\/03\/94051375-tz-01.webp 1024w, https:\/\/arteconfort.com\/wp-content\/uploads\/2025\/03\/94051375-tz-01-768x768.webp 768w, https:\/\/arteconfort.com\/wp-content\/uploads\/2025\/03\/94051375-tz-01-340x340.webp 340w, https:\/\/arteconfort.com\/wp-content\/uploads\/2025\/03\/94051375-tz-01-640x640.webp 640w, https:\/\/arteconfort.com\/wp-content\/uploads\/2025\/03\/94051375-tz-01-960x960.webp 960w, https:\/\/arteconfort.com\/wp-content\/uploads\/2025\/03\/94051375-tz-01-300x300.webp 300w, https:\/\/arteconfort.com\/wp-content\/uploads\/2025\/03\/94051375-tz-01-600x600.webp 600w, https:\/\/arteconfort.com\/wp-content\/uploads\/2025\/03\/94051375-tz-01-100x100.webp 100w\" sizes=\"auto, (max-width: 1024px) 100vw, 1024px\" \/><img loading=\"lazy\" decoding=\"async\" width=\"1024\" height=\"1024\" src=\"https:\/\/arteconfort.com\/wp-content\/uploads\/2025\/03\/DUBE-M-Grafico-05-1.webp\" class=\"attachment-shop_catalog size-shop_catalog\" alt=\"\" srcset=\"https:\/\/arteconfort.com\/wp-content\/uploads\/2025\/03\/DUBE-M-Grafico-05-1.webp 1024w, https:\/\/arteconfort.com\/wp-content\/uploads\/2025\/03\/DUBE-M-Grafico-05-1-768x768.webp 768w, https:\/\/arteconfort.com\/wp-content\/uploads\/2025\/03\/DUBE-M-Grafico-05-1-340x340.webp 340w, https:\/\/arteconfort.com\/wp-content\/uploads\/2025\/03\/DUBE-M-Grafico-05-1-640x640.webp 640w, https:\/\/arteconfort.com\/wp-content\/uploads\/2025\/03\/DUBE-M-Grafico-05-1-960x960.webp 960w, https:\/\/arteconfort.com\/wp-content\/uploads\/2025\/03\/DUBE-M-Grafico-05-1-300x300.webp 300w, https:\/\/arteconfort.com\/wp-content\/uploads\/2025\/03\/DUBE-M-Grafico-05-1-600x600.webp 600w, https:\/\/arteconfort.com\/wp-content\/uploads\/2025\/03\/DUBE-M-Grafico-05-1-100x100.webp 100w\" sizes=\"auto, (max-width: 1024px) 100vw, 1024px\" \/>\t<\/a>\n\t<div class=\"w-product-status\"><\/div>\t<span id=\"woocommerce_loop_add_to_cart_link_describedby_44979\" class=\"screen-reader-text\">\n\t\t\t<\/span>\n<\/div><figcaption><h2 class=\"woocommerce-loop-product__title\">DUBE M<\/h2><div class=\"woocommerce-product-details__short-description\">\n\t<p>DUBE M retractable fan with integrated LED light, high luminous flux and color temperature memory. It has a<\/div>\n\n<\/figcaption><\/figure><\/li>\n<li class=\"product type-product post-46120 status-publish last instock product_cat-climatizacion-en product_cat-collection-old-en product_cat-ventiladores-de-techo-en has-post-thumbnail shipping-taxable product-type-simple w-item col-3\">\n\t<figure><div class=\"image-wrapper\">\t\t<a href=\"https:\/\/arteconfort.com\/en\/producto\/echo\/\" class=\"w-fadeslider\">\n\t<img loading=\"lazy\" decoding=\"async\" width=\"1024\" height=\"1024\" src=\"https:\/\/arteconfort.com\/wp-content\/uploads\/2025\/04\/ECHO-BlancoMaderaClara-mando.webp\" class=\"attachment-shop_catalog size-shop_catalog wp-post-image\" alt=\"\" srcset=\"https:\/\/arteconfort.com\/wp-content\/uploads\/2025\/04\/ECHO-BlancoMaderaClara-mando.webp 1024w, https:\/\/arteconfort.com\/wp-content\/uploads\/2025\/04\/ECHO-BlancoMaderaClara-mando-768x768.webp 768w, https:\/\/arteconfort.com\/wp-content\/uploads\/2025\/04\/ECHO-BlancoMaderaClara-mando-340x340.webp 340w, https:\/\/arteconfort.com\/wp-content\/uploads\/2025\/04\/ECHO-BlancoMaderaClara-mando-640x640.webp 640w, https:\/\/arteconfort.com\/wp-content\/uploads\/2025\/04\/ECHO-BlancoMaderaClara-mando-960x960.webp 960w, https:\/\/arteconfort.com\/wp-content\/uploads\/2025\/04\/ECHO-BlancoMaderaClara-mando-300x300.webp 300w, https:\/\/arteconfort.com\/wp-content\/uploads\/2025\/04\/ECHO-BlancoMaderaClara-mando-600x600.webp 600w, https:\/\/arteconfort.com\/wp-content\/uploads\/2025\/04\/ECHO-BlancoMaderaClara-mando-100x100.webp 100w\" sizes=\"auto, (max-width: 1024px) 100vw, 1024px\" \/>\t<img loading=\"lazy\" decoding=\"async\" width=\"1024\" height=\"1024\" src=\"https:\/\/arteconfort.com\/wp-content\/uploads\/2025\/04\/ECHO-NegroMaderaOscura-mando.webp\" class=\"attachment-shop_catalog size-shop_catalog\" alt=\"\" srcset=\"https:\/\/arteconfort.com\/wp-content\/uploads\/2025\/04\/ECHO-NegroMaderaOscura-mando.webp 1024w, https:\/\/arteconfort.com\/wp-content\/uploads\/2025\/04\/ECHO-NegroMaderaOscura-mando-768x768.webp 768w, https:\/\/arteconfort.com\/wp-content\/uploads\/2025\/04\/ECHO-NegroMaderaOscura-mando-340x340.webp 340w, https:\/\/arteconfort.com\/wp-content\/uploads\/2025\/04\/ECHO-NegroMaderaOscura-mando-640x640.webp 640w, https:\/\/arteconfort.com\/wp-content\/uploads\/2025\/04\/ECHO-NegroMaderaOscura-mando-960x960.webp 960w, https:\/\/arteconfort.com\/wp-content\/uploads\/2025\/04\/ECHO-NegroMaderaOscura-mando-300x300.webp 300w, https:\/\/arteconfort.com\/wp-content\/uploads\/2025\/04\/ECHO-NegroMaderaOscura-mando-600x600.webp 600w, https:\/\/arteconfort.com\/wp-content\/uploads\/2025\/04\/ECHO-NegroMaderaOscura-mando-100x100.webp 100w\" sizes=\"auto, (max-width: 1024px) 100vw, 1024px\" \/><img loading=\"lazy\" decoding=\"async\" width=\"1024\" height=\"1024\" src=\"https:\/\/arteconfort.com\/wp-content\/uploads\/2025\/04\/ECHO-BlancoMaderaClara_Aspa.webp\" class=\"attachment-shop_catalog size-shop_catalog\" alt=\"\" srcset=\"https:\/\/arteconfort.com\/wp-content\/uploads\/2025\/04\/ECHO-BlancoMaderaClara_Aspa.webp 1024w, https:\/\/arteconfort.com\/wp-content\/uploads\/2025\/04\/ECHO-BlancoMaderaClara_Aspa-768x768.webp 768w, https:\/\/arteconfort.com\/wp-content\/uploads\/2025\/04\/ECHO-BlancoMaderaClara_Aspa-340x340.webp 340w, https:\/\/arteconfort.com\/wp-content\/uploads\/2025\/04\/ECHO-BlancoMaderaClara_Aspa-640x640.webp 640w, https:\/\/arteconfort.com\/wp-content\/uploads\/2025\/04\/ECHO-BlancoMaderaClara_Aspa-960x960.webp 960w, https:\/\/arteconfort.com\/wp-content\/uploads\/2025\/04\/ECHO-BlancoMaderaClara_Aspa-300x300.webp 300w, https:\/\/arteconfort.com\/wp-content\/uploads\/2025\/04\/ECHO-BlancoMaderaClara_Aspa-600x600.webp 600w, https:\/\/arteconfort.com\/wp-content\/uploads\/2025\/04\/ECHO-BlancoMaderaClara_Aspa-100x100.webp 100w\" sizes=\"auto, (max-width: 1024px) 100vw, 1024px\" \/><img loading=\"lazy\" decoding=\"async\" width=\"1024\" height=\"1024\" src=\"https:\/\/arteconfort.com\/wp-content\/uploads\/2025\/04\/ECHO-NegroMaderaOscura_Aspa.webp\" class=\"attachment-shop_catalog size-shop_catalog\" alt=\"\" srcset=\"https:\/\/arteconfort.com\/wp-content\/uploads\/2025\/04\/ECHO-NegroMaderaOscura_Aspa.webp 1024w, https:\/\/arteconfort.com\/wp-content\/uploads\/2025\/04\/ECHO-NegroMaderaOscura_Aspa-768x768.webp 768w, https:\/\/arteconfort.com\/wp-content\/uploads\/2025\/04\/ECHO-NegroMaderaOscura_Aspa-340x340.webp 340w, https:\/\/arteconfort.com\/wp-content\/uploads\/2025\/04\/ECHO-NegroMaderaOscura_Aspa-640x640.webp 640w, https:\/\/arteconfort.com\/wp-content\/uploads\/2025\/04\/ECHO-NegroMaderaOscura_Aspa-960x960.webp 960w, https:\/\/arteconfort.com\/wp-content\/uploads\/2025\/04\/ECHO-NegroMaderaOscura_Aspa-300x300.webp 300w, https:\/\/arteconfort.com\/wp-content\/uploads\/2025\/04\/ECHO-NegroMaderaOscura_Aspa-600x600.webp 600w, https:\/\/arteconfort.com\/wp-content\/uploads\/2025\/04\/ECHO-NegroMaderaOscura_Aspa-100x100.webp 100w\" sizes=\"auto, (max-width: 1024px) 100vw, 1024px\" \/><img loading=\"lazy\" decoding=\"async\" width=\"1024\" height=\"1024\" src=\"https:\/\/arteconfort.com\/wp-content\/uploads\/2025\/04\/ECHO-BlancoMaderaClara-temperaturas-03.webp\" class=\"attachment-shop_catalog size-shop_catalog\" alt=\"\" srcset=\"https:\/\/arteconfort.com\/wp-content\/uploads\/2025\/04\/ECHO-BlancoMaderaClara-temperaturas-03.webp 1024w, https:\/\/arteconfort.com\/wp-content\/uploads\/2025\/04\/ECHO-BlancoMaderaClara-temperaturas-03-768x768.webp 768w, https:\/\/arteconfort.com\/wp-content\/uploads\/2025\/04\/ECHO-BlancoMaderaClara-temperaturas-03-340x340.webp 340w, https:\/\/arteconfort.com\/wp-content\/uploads\/2025\/04\/ECHO-BlancoMaderaClara-temperaturas-03-640x640.webp 640w, https:\/\/arteconfort.com\/wp-content\/uploads\/2025\/04\/ECHO-BlancoMaderaClara-temperaturas-03-960x960.webp 960w, https:\/\/arteconfort.com\/wp-content\/uploads\/2025\/04\/ECHO-BlancoMaderaClara-temperaturas-03-300x300.webp 300w, https:\/\/arteconfort.com\/wp-content\/uploads\/2025\/04\/ECHO-BlancoMaderaClara-temperaturas-03-600x600.webp 600w, https:\/\/arteconfort.com\/wp-content\/uploads\/2025\/04\/ECHO-BlancoMaderaClara-temperaturas-03-100x100.webp 100w\" sizes=\"auto, (max-width: 1024px) 100vw, 1024px\" \/><img loading=\"lazy\" decoding=\"async\" width=\"1024\" height=\"1024\" src=\"https:\/\/arteconfort.com\/wp-content\/uploads\/2025\/04\/ECHO-BlancoMaderaOscura-temperaturas-03.webp\" class=\"attachment-shop_catalog size-shop_catalog\" alt=\"\" srcset=\"https:\/\/arteconfort.com\/wp-content\/uploads\/2025\/04\/ECHO-BlancoMaderaOscura-temperaturas-03.webp 1024w, https:\/\/arteconfort.com\/wp-content\/uploads\/2025\/04\/ECHO-BlancoMaderaOscura-temperaturas-03-768x768.webp 768w, https:\/\/arteconfort.com\/wp-content\/uploads\/2025\/04\/ECHO-BlancoMaderaOscura-temperaturas-03-340x340.webp 340w, https:\/\/arteconfort.com\/wp-content\/uploads\/2025\/04\/ECHO-BlancoMaderaOscura-temperaturas-03-640x640.webp 640w, https:\/\/arteconfort.com\/wp-content\/uploads\/2025\/04\/ECHO-BlancoMaderaOscura-temperaturas-03-960x960.webp 960w, https:\/\/arteconfort.com\/wp-content\/uploads\/2025\/04\/ECHO-BlancoMaderaOscura-temperaturas-03-300x300.webp 300w, https:\/\/arteconfort.com\/wp-content\/uploads\/2025\/04\/ECHO-BlancoMaderaOscura-temperaturas-03-600x600.webp 600w, https:\/\/arteconfort.com\/wp-content\/uploads\/2025\/04\/ECHO-BlancoMaderaOscura-temperaturas-03-100x100.webp 100w\" sizes=\"auto, (max-width: 1024px) 100vw, 1024px\" \/>\t<\/a>\n\t<div class=\"w-product-status\"><\/div>\t<span id=\"woocommerce_loop_add_to_cart_link_describedby_46120\" class=\"screen-reader-text\">\n\t\t\t<\/span>\n<\/div><div class=\"berocket_better_labels berocket_better_labels_image\"><div class=\"berocket_better_labels_position berocket_better_labels_position_right\"><div class=\"berocket_better_labels_line berocket_better_labels_line_1\"><div class=\"berocket_better_labels_inline berocket_better_labels_inline_1\"><div class=\"br_alabel br_alabel_type_text br_alabel_template_type_css berocket_alabel_id_22611  br_alabel_better_compatibility\" style=\"\"><span  style=\"\"><i style=\"background-color: #000000; border-color: #000000;\" class=\"template-span-before \"><\/i><i style=\"background-color: #000000; border-color: #000000;\" class=\"template-i \"><\/i><i style=\"background-color: #000000; border-color: #000000;\" class=\"template-i-before \"><\/i><i style=\"background-color: #000000; border-color: #000000;\" class=\"template-i-after \"><\/i><b style=\"position: relative;z-index: 100;text-align: center;color: inherit;\">Old collection<\/b><\/span><\/div><\/div><\/div><\/div><\/div><figcaption><h2 class=\"woocommerce-loop-product__title\">ECHO<\/h2><div class=\"woocommerce-product-details__short-description\">\n\t<p>The ECHO ceiling fan incorporates LED light and color temperature memory. It has a body made of CRS,<\/div>\n\n<\/figcaption><\/figure><\/li>\n<li class=\"product type-product post-10253 status-publish first instock product_cat-climatizacion-en product_cat-collection-old-en product_cat-ventiladores-de-techo-en has-post-thumbnail shipping-taxable product-type-simple w-item col-3\">\n\t<figure><div class=\"image-wrapper\">\t\t<a href=\"https:\/\/arteconfort.com\/en\/producto\/eden\/\" class=\"w-fadeslider\">\n\t<img loading=\"lazy\" decoding=\"async\" width=\"1024\" height=\"1024\" src=\"https:\/\/arteconfort.com\/wp-content\/uploads\/2024\/06\/ventilador-EDEN-27492651-1.webp\" class=\"attachment-shop_catalog size-shop_catalog wp-post-image\" alt=\"Ventilador EDEN con mando\" srcset=\"https:\/\/arteconfort.com\/wp-content\/uploads\/2024\/06\/ventilador-EDEN-27492651-1.webp 1024w, https:\/\/arteconfort.com\/wp-content\/uploads\/2024\/06\/ventilador-EDEN-27492651-1-768x768.webp 768w, https:\/\/arteconfort.com\/wp-content\/uploads\/2024\/06\/ventilador-EDEN-27492651-1-340x340.webp 340w, https:\/\/arteconfort.com\/wp-content\/uploads\/2024\/06\/ventilador-EDEN-27492651-1-640x640.webp 640w, https:\/\/arteconfort.com\/wp-content\/uploads\/2024\/06\/ventilador-EDEN-27492651-1-960x960.webp 960w, https:\/\/arteconfort.com\/wp-content\/uploads\/2024\/06\/ventilador-EDEN-27492651-1-300x300.webp 300w, https:\/\/arteconfort.com\/wp-content\/uploads\/2024\/06\/ventilador-EDEN-27492651-1-600x600.webp 600w, https:\/\/arteconfort.com\/wp-content\/uploads\/2024\/06\/ventilador-EDEN-27492651-1-100x100.webp 100w, https:\/\/arteconfort.com\/wp-content\/uploads\/2024\/06\/ventilador-EDEN-27492651-1-133x133.webp 133w\" sizes=\"auto, (max-width: 1024px) 100vw, 1024px\" \/>\t<img loading=\"lazy\" decoding=\"async\" width=\"1024\" height=\"1024\" src=\"https:\/\/arteconfort.com\/wp-content\/uploads\/2024\/06\/ventilador-EDEN-27492651-ambiente.webp\" class=\"attachment-shop_catalog size-shop_catalog\" alt=\"Ventilador EDEN ambiente\" srcset=\"https:\/\/arteconfort.com\/wp-content\/uploads\/2024\/06\/ventilador-EDEN-27492651-ambiente.webp 1024w, https:\/\/arteconfort.com\/wp-content\/uploads\/2024\/06\/ventilador-EDEN-27492651-ambiente-768x768.webp 768w, https:\/\/arteconfort.com\/wp-content\/uploads\/2024\/06\/ventilador-EDEN-27492651-ambiente-340x340.webp 340w, https:\/\/arteconfort.com\/wp-content\/uploads\/2024\/06\/ventilador-EDEN-27492651-ambiente-640x640.webp 640w, https:\/\/arteconfort.com\/wp-content\/uploads\/2024\/06\/ventilador-EDEN-27492651-ambiente-960x960.webp 960w, https:\/\/arteconfort.com\/wp-content\/uploads\/2024\/06\/ventilador-EDEN-27492651-ambiente-133x133.webp 133w, https:\/\/arteconfort.com\/wp-content\/uploads\/2024\/06\/ventilador-EDEN-27492651-ambiente-300x300.webp 300w, https:\/\/arteconfort.com\/wp-content\/uploads\/2024\/06\/ventilador-EDEN-27492651-ambiente-600x600.webp 600w, https:\/\/arteconfort.com\/wp-content\/uploads\/2024\/06\/ventilador-EDEN-27492651-ambiente-100x100.webp 100w\" sizes=\"auto, (max-width: 1024px) 100vw, 1024px\" \/><img loading=\"lazy\" decoding=\"async\" width=\"1024\" height=\"1024\" src=\"https:\/\/arteconfort.com\/wp-content\/uploads\/2024\/06\/ventilador-EDEN-27492651-encendido.webp\" class=\"attachment-shop_catalog size-shop_catalog\" alt=\"Ventilador EDEN vista perspectiva color\" srcset=\"https:\/\/arteconfort.com\/wp-content\/uploads\/2024\/06\/ventilador-EDEN-27492651-encendido.webp 1024w, https:\/\/arteconfort.com\/wp-content\/uploads\/2024\/06\/ventilador-EDEN-27492651-encendido-768x768.webp 768w, https:\/\/arteconfort.com\/wp-content\/uploads\/2024\/06\/ventilador-EDEN-27492651-encendido-340x340.webp 340w, https:\/\/arteconfort.com\/wp-content\/uploads\/2024\/06\/ventilador-EDEN-27492651-encendido-640x640.webp 640w, https:\/\/arteconfort.com\/wp-content\/uploads\/2024\/06\/ventilador-EDEN-27492651-encendido-960x960.webp 960w, https:\/\/arteconfort.com\/wp-content\/uploads\/2024\/06\/ventilador-EDEN-27492651-encendido-133x133.webp 133w, https:\/\/arteconfort.com\/wp-content\/uploads\/2024\/06\/ventilador-EDEN-27492651-encendido-300x300.webp 300w, https:\/\/arteconfort.com\/wp-content\/uploads\/2024\/06\/ventilador-EDEN-27492651-encendido-600x600.webp 600w, https:\/\/arteconfort.com\/wp-content\/uploads\/2024\/06\/ventilador-EDEN-27492651-encendido-100x100.webp 100w\" sizes=\"auto, (max-width: 1024px) 100vw, 1024px\" \/><img loading=\"lazy\" decoding=\"async\" width=\"1024\" height=\"1024\" src=\"https:\/\/arteconfort.com\/wp-content\/uploads\/2024\/06\/ventilador-EDEN-27492651-aspas-blancas-encendido.webp\" class=\"attachment-shop_catalog size-shop_catalog\" alt=\"Ventilador EDEN vista perspectiva blanco encendido\" srcset=\"https:\/\/arteconfort.com\/wp-content\/uploads\/2024\/06\/ventilador-EDEN-27492651-aspas-blancas-encendido.webp 1024w, https:\/\/arteconfort.com\/wp-content\/uploads\/2024\/06\/ventilador-EDEN-27492651-aspas-blancas-encendido-768x768.webp 768w, https:\/\/arteconfort.com\/wp-content\/uploads\/2024\/06\/ventilador-EDEN-27492651-aspas-blancas-encendido-340x340.webp 340w, https:\/\/arteconfort.com\/wp-content\/uploads\/2024\/06\/ventilador-EDEN-27492651-aspas-blancas-encendido-640x640.webp 640w, https:\/\/arteconfort.com\/wp-content\/uploads\/2024\/06\/ventilador-EDEN-27492651-aspas-blancas-encendido-960x960.webp 960w, https:\/\/arteconfort.com\/wp-content\/uploads\/2024\/06\/ventilador-EDEN-27492651-aspas-blancas-encendido-133x133.webp 133w, https:\/\/arteconfort.com\/wp-content\/uploads\/2024\/06\/ventilador-EDEN-27492651-aspas-blancas-encendido-300x300.webp 300w, https:\/\/arteconfort.com\/wp-content\/uploads\/2024\/06\/ventilador-EDEN-27492651-aspas-blancas-encendido-600x600.webp 600w, https:\/\/arteconfort.com\/wp-content\/uploads\/2024\/06\/ventilador-EDEN-27492651-aspas-blancas-encendido-100x100.webp 100w\" sizes=\"auto, (max-width: 1024px) 100vw, 1024px\" \/><img loading=\"lazy\" decoding=\"async\" width=\"1024\" height=\"1024\" src=\"https:\/\/arteconfort.com\/wp-content\/uploads\/2024\/06\/ventilador-EDEN-27492651-aspas-blancas.webp\" class=\"attachment-shop_catalog size-shop_catalog\" alt=\"Ventilador EDEN vista perspectiva blanco\" srcset=\"https:\/\/arteconfort.com\/wp-content\/uploads\/2024\/06\/ventilador-EDEN-27492651-aspas-blancas.webp 1024w, https:\/\/arteconfort.com\/wp-content\/uploads\/2024\/06\/ventilador-EDEN-27492651-aspas-blancas-768x768.webp 768w, https:\/\/arteconfort.com\/wp-content\/uploads\/2024\/06\/ventilador-EDEN-27492651-aspas-blancas-340x340.webp 340w, https:\/\/arteconfort.com\/wp-content\/uploads\/2024\/06\/ventilador-EDEN-27492651-aspas-blancas-640x640.webp 640w, https:\/\/arteconfort.com\/wp-content\/uploads\/2024\/06\/ventilador-EDEN-27492651-aspas-blancas-960x960.webp 960w, https:\/\/arteconfort.com\/wp-content\/uploads\/2024\/06\/ventilador-EDEN-27492651-aspas-blancas-133x133.webp 133w, https:\/\/arteconfort.com\/wp-content\/uploads\/2024\/06\/ventilador-EDEN-27492651-aspas-blancas-300x300.webp 300w, https:\/\/arteconfort.com\/wp-content\/uploads\/2024\/06\/ventilador-EDEN-27492651-aspas-blancas-600x600.webp 600w, https:\/\/arteconfort.com\/wp-content\/uploads\/2024\/06\/ventilador-EDEN-27492651-aspas-blancas-100x100.webp 100w\" sizes=\"auto, (max-width: 1024px) 100vw, 1024px\" \/><img loading=\"lazy\" decoding=\"async\" width=\"1024\" height=\"1024\" src=\"https:\/\/arteconfort.com\/wp-content\/uploads\/2023\/10\/EDEN-MANDO.webp\" class=\"attachment-shop_catalog size-shop_catalog\" alt=\"\" srcset=\"https:\/\/arteconfort.com\/wp-content\/uploads\/2023\/10\/EDEN-MANDO.webp 1024w, https:\/\/arteconfort.com\/wp-content\/uploads\/2023\/10\/EDEN-MANDO-768x768.webp 768w, https:\/\/arteconfort.com\/wp-content\/uploads\/2023\/10\/EDEN-MANDO-340x340.webp 340w, https:\/\/arteconfort.com\/wp-content\/uploads\/2023\/10\/EDEN-MANDO-640x640.webp 640w, https:\/\/arteconfort.com\/wp-content\/uploads\/2023\/10\/EDEN-MANDO-960x960.webp 960w, https:\/\/arteconfort.com\/wp-content\/uploads\/2023\/10\/EDEN-MANDO-133x133.webp 133w, https:\/\/arteconfort.com\/wp-content\/uploads\/2023\/10\/EDEN-MANDO-300x300.webp 300w, https:\/\/arteconfort.com\/wp-content\/uploads\/2023\/10\/EDEN-MANDO-600x600.webp 600w, https:\/\/arteconfort.com\/wp-content\/uploads\/2023\/10\/EDEN-MANDO-100x100.webp 100w\" sizes=\"auto, (max-width: 1024px) 100vw, 1024px\" \/>\t<\/a>\n\t<div class=\"w-product-status\"><\/div>\t<span id=\"woocommerce_loop_add_to_cart_link_describedby_10253\" class=\"screen-reader-text\">\n\t\t\t<\/span>\n<\/div><div class=\"berocket_better_labels berocket_better_labels_image\"><div class=\"berocket_better_labels_position berocket_better_labels_position_right\"><div class=\"berocket_better_labels_line berocket_better_labels_line_1\"><div class=\"berocket_better_labels_inline berocket_better_labels_inline_1\"><div class=\"br_alabel br_alabel_type_text br_alabel_template_type_css berocket_alabel_id_22611  br_alabel_better_compatibility\" style=\"\"><span  style=\"\"><i style=\"background-color: #000000; border-color: #000000;\" class=\"template-span-before \"><\/i><i style=\"background-color: #000000; border-color: #000000;\" class=\"template-i \"><\/i><i style=\"background-color: #000000; border-color: #000000;\" class=\"template-i-before \"><\/i><i style=\"background-color: #000000; border-color: #000000;\" class=\"template-i-after \"><\/i><b style=\"position: relative;z-index: 100;text-align: center;color: inherit;\">Old collection<\/b><\/span><\/div><\/div><\/div><\/div><\/div><figcaption><h2 class=\"woocommerce-loop-product__title\">EDEN<\/h2><div class=\"woocommerce-product-details__short-description\">\n\t<p>Eden ceiling fan with integrated LED light and colour temperature memory. It has a metal body and 3<\/div>\n\n<\/figcaption><\/figure><\/li>\n<li class=\"product type-product post-25287 status-publish instock product_cat-climatizacion-en product_cat-collection-old-en product_cat-ventiladores-de-techo-en has-post-thumbnail shipping-taxable product-type-simple w-item col-3\">\n\t<figure><div class=\"image-wrapper\">\t\t<a href=\"https:\/\/arteconfort.com\/en\/producto\/eli\/\" class=\"w-fadeslider\">\n\t<img loading=\"lazy\" decoding=\"async\" width=\"1024\" height=\"1024\" src=\"https:\/\/arteconfort.com\/wp-content\/uploads\/2024\/06\/ELI-mando.jpg\" class=\"attachment-shop_catalog size-shop_catalog wp-post-image\" alt=\"\" srcset=\"https:\/\/arteconfort.com\/wp-content\/uploads\/2024\/06\/ELI-mando.jpg 1024w, https:\/\/arteconfort.com\/wp-content\/uploads\/2024\/06\/ELI-mando-768x768.jpg 768w, https:\/\/arteconfort.com\/wp-content\/uploads\/2024\/06\/ELI-mando-340x340.jpg 340w, https:\/\/arteconfort.com\/wp-content\/uploads\/2024\/06\/ELI-mando-640x640.jpg 640w, https:\/\/arteconfort.com\/wp-content\/uploads\/2024\/06\/ELI-mando-960x960.jpg 960w, https:\/\/arteconfort.com\/wp-content\/uploads\/2024\/06\/ELI-mando-300x300.jpg 300w, https:\/\/arteconfort.com\/wp-content\/uploads\/2024\/06\/ELI-mando-600x600.jpg 600w, https:\/\/arteconfort.com\/wp-content\/uploads\/2024\/06\/ELI-mando-100x100.jpg 100w, https:\/\/arteconfort.com\/wp-content\/uploads\/2024\/06\/ELI-mando-133x133.jpg 133w\" sizes=\"auto, (max-width: 1024px) 100vw, 1024px\" \/>\t<img loading=\"lazy\" decoding=\"async\" width=\"1024\" height=\"1024\" src=\"https:\/\/arteconfort.com\/wp-content\/uploads\/2024\/06\/ELI-detalle.webp\" class=\"attachment-shop_catalog size-shop_catalog\" alt=\"\" srcset=\"https:\/\/arteconfort.com\/wp-content\/uploads\/2024\/06\/ELI-detalle.webp 1024w, https:\/\/arteconfort.com\/wp-content\/uploads\/2024\/06\/ELI-detalle-768x768.webp 768w, https:\/\/arteconfort.com\/wp-content\/uploads\/2024\/06\/ELI-detalle-340x340.webp 340w, https:\/\/arteconfort.com\/wp-content\/uploads\/2024\/06\/ELI-detalle-640x640.webp 640w, https:\/\/arteconfort.com\/wp-content\/uploads\/2024\/06\/ELI-detalle-960x960.webp 960w, https:\/\/arteconfort.com\/wp-content\/uploads\/2024\/06\/ELI-detalle-133x133.webp 133w, https:\/\/arteconfort.com\/wp-content\/uploads\/2024\/06\/ELI-detalle-300x300.webp 300w, https:\/\/arteconfort.com\/wp-content\/uploads\/2024\/06\/ELI-detalle-600x600.webp 600w, https:\/\/arteconfort.com\/wp-content\/uploads\/2024\/06\/ELI-detalle-100x100.webp 100w\" sizes=\"auto, (max-width: 1024px) 100vw, 1024px\" \/><img loading=\"lazy\" decoding=\"async\" width=\"1024\" height=\"1024\" src=\"https:\/\/arteconfort.com\/wp-content\/uploads\/2024\/06\/ELI-detalle-2.jpg\" class=\"attachment-shop_catalog size-shop_catalog\" alt=\"\" srcset=\"https:\/\/arteconfort.com\/wp-content\/uploads\/2024\/06\/ELI-detalle-2.jpg 1024w, https:\/\/arteconfort.com\/wp-content\/uploads\/2024\/06\/ELI-detalle-2-768x768.jpg 768w, https:\/\/arteconfort.com\/wp-content\/uploads\/2024\/06\/ELI-detalle-2-340x340.jpg 340w, https:\/\/arteconfort.com\/wp-content\/uploads\/2024\/06\/ELI-detalle-2-640x640.jpg 640w, https:\/\/arteconfort.com\/wp-content\/uploads\/2024\/06\/ELI-detalle-2-960x960.jpg 960w, https:\/\/arteconfort.com\/wp-content\/uploads\/2024\/06\/ELI-detalle-2-133x133.jpg 133w, https:\/\/arteconfort.com\/wp-content\/uploads\/2024\/06\/ELI-detalle-2-300x300.jpg 300w, https:\/\/arteconfort.com\/wp-content\/uploads\/2024\/06\/ELI-detalle-2-600x600.jpg 600w, https:\/\/arteconfort.com\/wp-content\/uploads\/2024\/06\/ELI-detalle-2-100x100.jpg 100w\" sizes=\"auto, (max-width: 1024px) 100vw, 1024px\" \/><img loading=\"lazy\" decoding=\"async\" width=\"1024\" height=\"1024\" src=\"https:\/\/arteconfort.com\/wp-content\/uploads\/2024\/06\/ELI-grafico.webp\" class=\"attachment-shop_catalog size-shop_catalog\" alt=\"\" srcset=\"https:\/\/arteconfort.com\/wp-content\/uploads\/2024\/06\/ELI-grafico.webp 1024w, https:\/\/arteconfort.com\/wp-content\/uploads\/2024\/06\/ELI-grafico-768x768.webp 768w, https:\/\/arteconfort.com\/wp-content\/uploads\/2024\/06\/ELI-grafico-340x340.webp 340w, https:\/\/arteconfort.com\/wp-content\/uploads\/2024\/06\/ELI-grafico-640x640.webp 640w, https:\/\/arteconfort.com\/wp-content\/uploads\/2024\/06\/ELI-grafico-960x960.webp 960w, https:\/\/arteconfort.com\/wp-content\/uploads\/2024\/06\/ELI-grafico-133x133.webp 133w, https:\/\/arteconfort.com\/wp-content\/uploads\/2024\/06\/ELI-grafico-300x300.webp 300w, https:\/\/arteconfort.com\/wp-content\/uploads\/2024\/06\/ELI-grafico-600x600.webp 600w, https:\/\/arteconfort.com\/wp-content\/uploads\/2024\/06\/ELI-grafico-100x100.webp 100w\" sizes=\"auto, (max-width: 1024px) 100vw, 1024px\" \/><img loading=\"lazy\" decoding=\"async\" width=\"1024\" height=\"1024\" src=\"https:\/\/arteconfort.com\/wp-content\/uploads\/2024\/06\/ELI-luces.webp\" class=\"attachment-shop_catalog size-shop_catalog\" alt=\"\" srcset=\"https:\/\/arteconfort.com\/wp-content\/uploads\/2024\/06\/ELI-luces.webp 1024w, https:\/\/arteconfort.com\/wp-content\/uploads\/2024\/06\/ELI-luces-768x768.webp 768w, https:\/\/arteconfort.com\/wp-content\/uploads\/2024\/06\/ELI-luces-340x340.webp 340w, https:\/\/arteconfort.com\/wp-content\/uploads\/2024\/06\/ELI-luces-640x640.webp 640w, https:\/\/arteconfort.com\/wp-content\/uploads\/2024\/06\/ELI-luces-960x960.webp 960w, https:\/\/arteconfort.com\/wp-content\/uploads\/2024\/06\/ELI-luces-133x133.webp 133w, https:\/\/arteconfort.com\/wp-content\/uploads\/2024\/06\/ELI-luces-300x300.webp 300w, https:\/\/arteconfort.com\/wp-content\/uploads\/2024\/06\/ELI-luces-600x600.webp 600w, https:\/\/arteconfort.com\/wp-content\/uploads\/2024\/06\/ELI-luces-100x100.webp 100w\" sizes=\"auto, (max-width: 1024px) 100vw, 1024px\" \/><img loading=\"lazy\" decoding=\"async\" width=\"1024\" height=\"1024\" src=\"https:\/\/arteconfort.com\/wp-content\/uploads\/2023\/10\/ELI-ambiente-4.webp\" class=\"attachment-shop_catalog size-shop_catalog\" alt=\"\" srcset=\"https:\/\/arteconfort.com\/wp-content\/uploads\/2023\/10\/ELI-ambiente-4.webp 1024w, https:\/\/arteconfort.com\/wp-content\/uploads\/2023\/10\/ELI-ambiente-4-768x768.webp 768w, https:\/\/arteconfort.com\/wp-content\/uploads\/2023\/10\/ELI-ambiente-4-340x340.webp 340w, https:\/\/arteconfort.com\/wp-content\/uploads\/2023\/10\/ELI-ambiente-4-640x640.webp 640w, https:\/\/arteconfort.com\/wp-content\/uploads\/2023\/10\/ELI-ambiente-4-960x960.webp 960w, https:\/\/arteconfort.com\/wp-content\/uploads\/2023\/10\/ELI-ambiente-4-133x133.webp 133w, https:\/\/arteconfort.com\/wp-content\/uploads\/2023\/10\/ELI-ambiente-4-300x300.webp 300w, https:\/\/arteconfort.com\/wp-content\/uploads\/2023\/10\/ELI-ambiente-4-600x600.webp 600w, https:\/\/arteconfort.com\/wp-content\/uploads\/2023\/10\/ELI-ambiente-4-100x100.webp 100w\" sizes=\"auto, (max-width: 1024px) 100vw, 1024px\" \/><img loading=\"lazy\" decoding=\"async\" width=\"1024\" height=\"1024\" src=\"https:\/\/arteconfort.com\/wp-content\/uploads\/2023\/10\/ELI-ambiente-3.webp\" class=\"attachment-shop_catalog size-shop_catalog\" alt=\"\" srcset=\"https:\/\/arteconfort.com\/wp-content\/uploads\/2023\/10\/ELI-ambiente-3.webp 1024w, https:\/\/arteconfort.com\/wp-content\/uploads\/2023\/10\/ELI-ambiente-3-768x768.webp 768w, https:\/\/arteconfort.com\/wp-content\/uploads\/2023\/10\/ELI-ambiente-3-340x340.webp 340w, https:\/\/arteconfort.com\/wp-content\/uploads\/2023\/10\/ELI-ambiente-3-640x640.webp 640w, https:\/\/arteconfort.com\/wp-content\/uploads\/2023\/10\/ELI-ambiente-3-960x960.webp 960w, https:\/\/arteconfort.com\/wp-content\/uploads\/2023\/10\/ELI-ambiente-3-133x133.webp 133w, https:\/\/arteconfort.com\/wp-content\/uploads\/2023\/10\/ELI-ambiente-3-300x300.webp 300w, https:\/\/arteconfort.com\/wp-content\/uploads\/2023\/10\/ELI-ambiente-3-600x600.webp 600w, https:\/\/arteconfort.com\/wp-content\/uploads\/2023\/10\/ELI-ambiente-3-100x100.webp 100w\" sizes=\"auto, (max-width: 1024px) 100vw, 1024px\" \/><img loading=\"lazy\" decoding=\"async\" width=\"1024\" height=\"1024\" src=\"https:\/\/arteconfort.com\/wp-content\/uploads\/2023\/10\/ELI-ambiente-2.webp\" class=\"attachment-shop_catalog size-shop_catalog\" alt=\"\" srcset=\"https:\/\/arteconfort.com\/wp-content\/uploads\/2023\/10\/ELI-ambiente-2.webp 1024w, https:\/\/arteconfort.com\/wp-content\/uploads\/2023\/10\/ELI-ambiente-2-768x768.webp 768w, https:\/\/arteconfort.com\/wp-content\/uploads\/2023\/10\/ELI-ambiente-2-340x340.webp 340w, https:\/\/arteconfort.com\/wp-content\/uploads\/2023\/10\/ELI-ambiente-2-640x640.webp 640w, https:\/\/arteconfort.com\/wp-content\/uploads\/2023\/10\/ELI-ambiente-2-960x960.webp 960w, https:\/\/arteconfort.com\/wp-content\/uploads\/2023\/10\/ELI-ambiente-2-133x133.webp 133w, https:\/\/arteconfort.com\/wp-content\/uploads\/2023\/10\/ELI-ambiente-2-300x300.webp 300w, https:\/\/arteconfort.com\/wp-content\/uploads\/2023\/10\/ELI-ambiente-2-600x600.webp 600w, https:\/\/arteconfort.com\/wp-content\/uploads\/2023\/10\/ELI-ambiente-2-100x100.webp 100w\" sizes=\"auto, (max-width: 1024px) 100vw, 1024px\" \/><img loading=\"lazy\" decoding=\"async\" width=\"1024\" height=\"1024\" src=\"https:\/\/arteconfort.com\/wp-content\/uploads\/2023\/10\/ELI-ambiente.webp\" class=\"attachment-shop_catalog size-shop_catalog\" alt=\"\" srcset=\"https:\/\/arteconfort.com\/wp-content\/uploads\/2023\/10\/ELI-ambiente.webp 1024w, https:\/\/arteconfort.com\/wp-content\/uploads\/2023\/10\/ELI-ambiente-768x768.webp 768w, https:\/\/arteconfort.com\/wp-content\/uploads\/2023\/10\/ELI-ambiente-340x340.webp 340w, https:\/\/arteconfort.com\/wp-content\/uploads\/2023\/10\/ELI-ambiente-640x640.webp 640w, https:\/\/arteconfort.com\/wp-content\/uploads\/2023\/10\/ELI-ambiente-960x960.webp 960w, https:\/\/arteconfort.com\/wp-content\/uploads\/2023\/10\/ELI-ambiente-133x133.webp 133w, https:\/\/arteconfort.com\/wp-content\/uploads\/2023\/10\/ELI-ambiente-300x300.webp 300w, https:\/\/arteconfort.com\/wp-content\/uploads\/2023\/10\/ELI-ambiente-600x600.webp 600w, https:\/\/arteconfort.com\/wp-content\/uploads\/2023\/10\/ELI-ambiente-100x100.webp 100w\" sizes=\"auto, (max-width: 1024px) 100vw, 1024px\" \/>\t<\/a>\n\t<div class=\"w-product-status\"><\/div>\t<span id=\"woocommerce_loop_add_to_cart_link_describedby_25287\" class=\"screen-reader-text\">\n\t\t\t<\/span>\n<\/div><div class=\"berocket_better_labels berocket_better_labels_image\"><div class=\"berocket_better_labels_position berocket_better_labels_position_right\"><div class=\"berocket_better_labels_line berocket_better_labels_line_1\"><div class=\"berocket_better_labels_inline berocket_better_labels_inline_1\"><div class=\"br_alabel br_alabel_type_text br_alabel_template_type_css berocket_alabel_id_22611  br_alabel_better_compatibility\" style=\"\"><span  style=\"\"><i style=\"background-color: #000000; border-color: #000000;\" class=\"template-span-before \"><\/i><i style=\"background-color: #000000; border-color: #000000;\" class=\"template-i \"><\/i><i style=\"background-color: #000000; border-color: #000000;\" class=\"template-i-before \"><\/i><i style=\"background-color: #000000; border-color: #000000;\" class=\"template-i-after \"><\/i><b style=\"position: relative;z-index: 100;text-align: center;color: inherit;\">Old collection<\/b><\/span><\/div><\/div><\/div><\/div><\/div><figcaption><h2 class=\"woocommerce-loop-product__title\">ELI<\/h2><div class=\"woocommerce-product-details__short-description\">\n\t<p>ELI ceiling fan with integrated LED light and colour temperature memory. It has a body and 3 blades<\/div>\n\n<\/figcaption><\/figure><\/li>\n<li class=\"product type-product post-25266 status-publish instock product_cat-climatizacion-en product_cat-collection-old-en product_cat-ventiladores-de-techo-en has-post-thumbnail shipping-taxable product-type-simple w-item col-3\">\n\t<figure><div class=\"image-wrapper\">\t\t<a href=\"https:\/\/arteconfort.com\/en\/producto\/elisa\/\" class=\"w-fadeslider\">\n\t<img loading=\"lazy\" decoding=\"async\" width=\"1024\" height=\"1024\" src=\"https:\/\/arteconfort.com\/wp-content\/uploads\/2024\/06\/ventilador-ELISA-mando-86536471-p-01.webp\" class=\"attachment-shop_catalog size-shop_catalog wp-post-image\" alt=\"Ventilador ELISA con mando\" srcset=\"https:\/\/arteconfort.com\/wp-content\/uploads\/2024\/06\/ventilador-ELISA-mando-86536471-p-01.webp 1024w, https:\/\/arteconfort.com\/wp-content\/uploads\/2024\/06\/ventilador-ELISA-mando-86536471-p-01-768x768.webp 768w, https:\/\/arteconfort.com\/wp-content\/uploads\/2024\/06\/ventilador-ELISA-mando-86536471-p-01-340x340.webp 340w, https:\/\/arteconfort.com\/wp-content\/uploads\/2024\/06\/ventilador-ELISA-mando-86536471-p-01-640x640.webp 640w, https:\/\/arteconfort.com\/wp-content\/uploads\/2024\/06\/ventilador-ELISA-mando-86536471-p-01-960x960.webp 960w, https:\/\/arteconfort.com\/wp-content\/uploads\/2024\/06\/ventilador-ELISA-mando-86536471-p-01-300x300.webp 300w, https:\/\/arteconfort.com\/wp-content\/uploads\/2024\/06\/ventilador-ELISA-mando-86536471-p-01-600x600.webp 600w, https:\/\/arteconfort.com\/wp-content\/uploads\/2024\/06\/ventilador-ELISA-mando-86536471-p-01-100x100.webp 100w, https:\/\/arteconfort.com\/wp-content\/uploads\/2024\/06\/ventilador-ELISA-mando-86536471-p-01-133x133.webp 133w\" sizes=\"auto, (max-width: 1024px) 100vw, 1024px\" \/>\t<img loading=\"lazy\" decoding=\"async\" width=\"1024\" height=\"1024\" src=\"https:\/\/arteconfort.com\/wp-content\/uploads\/2023\/10\/ELISA-grafico.webp\" class=\"attachment-shop_catalog size-shop_catalog\" alt=\"\" srcset=\"https:\/\/arteconfort.com\/wp-content\/uploads\/2023\/10\/ELISA-grafico.webp 1024w, https:\/\/arteconfort.com\/wp-content\/uploads\/2023\/10\/ELISA-grafico-768x768.webp 768w, https:\/\/arteconfort.com\/wp-content\/uploads\/2023\/10\/ELISA-grafico-340x340.webp 340w, https:\/\/arteconfort.com\/wp-content\/uploads\/2023\/10\/ELISA-grafico-640x640.webp 640w, https:\/\/arteconfort.com\/wp-content\/uploads\/2023\/10\/ELISA-grafico-960x960.webp 960w, https:\/\/arteconfort.com\/wp-content\/uploads\/2023\/10\/ELISA-grafico-133x133.webp 133w, https:\/\/arteconfort.com\/wp-content\/uploads\/2023\/10\/ELISA-grafico-300x300.webp 300w, https:\/\/arteconfort.com\/wp-content\/uploads\/2023\/10\/ELISA-grafico-600x600.webp 600w, https:\/\/arteconfort.com\/wp-content\/uploads\/2023\/10\/ELISA-grafico-100x100.webp 100w\" sizes=\"auto, (max-width: 1024px) 100vw, 1024px\" \/><img loading=\"lazy\" decoding=\"async\" width=\"1024\" height=\"1024\" src=\"https:\/\/arteconfort.com\/wp-content\/uploads\/2023\/10\/ELISA-ambiente-3.webp\" class=\"attachment-shop_catalog size-shop_catalog\" alt=\"\" srcset=\"https:\/\/arteconfort.com\/wp-content\/uploads\/2023\/10\/ELISA-ambiente-3.webp 1024w, https:\/\/arteconfort.com\/wp-content\/uploads\/2023\/10\/ELISA-ambiente-3-768x768.webp 768w, https:\/\/arteconfort.com\/wp-content\/uploads\/2023\/10\/ELISA-ambiente-3-340x340.webp 340w, https:\/\/arteconfort.com\/wp-content\/uploads\/2023\/10\/ELISA-ambiente-3-640x640.webp 640w, https:\/\/arteconfort.com\/wp-content\/uploads\/2023\/10\/ELISA-ambiente-3-960x960.webp 960w, https:\/\/arteconfort.com\/wp-content\/uploads\/2023\/10\/ELISA-ambiente-3-133x133.webp 133w, https:\/\/arteconfort.com\/wp-content\/uploads\/2023\/10\/ELISA-ambiente-3-300x300.webp 300w, https:\/\/arteconfort.com\/wp-content\/uploads\/2023\/10\/ELISA-ambiente-3-600x600.webp 600w, https:\/\/arteconfort.com\/wp-content\/uploads\/2023\/10\/ELISA-ambiente-3-100x100.webp 100w\" sizes=\"auto, (max-width: 1024px) 100vw, 1024px\" \/><img loading=\"lazy\" decoding=\"async\" width=\"1024\" height=\"1024\" src=\"https:\/\/arteconfort.com\/wp-content\/uploads\/2023\/10\/ELISA-ambiente-2.webp\" class=\"attachment-shop_catalog size-shop_catalog\" alt=\"\" srcset=\"https:\/\/arteconfort.com\/wp-content\/uploads\/2023\/10\/ELISA-ambiente-2.webp 1024w, https:\/\/arteconfort.com\/wp-content\/uploads\/2023\/10\/ELISA-ambiente-2-768x768.webp 768w, https:\/\/arteconfort.com\/wp-content\/uploads\/2023\/10\/ELISA-ambiente-2-340x340.webp 340w, https:\/\/arteconfort.com\/wp-content\/uploads\/2023\/10\/ELISA-ambiente-2-640x640.webp 640w, https:\/\/arteconfort.com\/wp-content\/uploads\/2023\/10\/ELISA-ambiente-2-960x960.webp 960w, https:\/\/arteconfort.com\/wp-content\/uploads\/2023\/10\/ELISA-ambiente-2-133x133.webp 133w, https:\/\/arteconfort.com\/wp-content\/uploads\/2023\/10\/ELISA-ambiente-2-300x300.webp 300w, https:\/\/arteconfort.com\/wp-content\/uploads\/2023\/10\/ELISA-ambiente-2-600x600.webp 600w, https:\/\/arteconfort.com\/wp-content\/uploads\/2023\/10\/ELISA-ambiente-2-100x100.webp 100w\" sizes=\"auto, (max-width: 1024px) 100vw, 1024px\" \/><img loading=\"lazy\" decoding=\"async\" width=\"1024\" height=\"1024\" src=\"https:\/\/arteconfort.com\/wp-content\/uploads\/2023\/10\/ELISA-ambiente.webp\" class=\"attachment-shop_catalog size-shop_catalog\" alt=\"\" srcset=\"https:\/\/arteconfort.com\/wp-content\/uploads\/2023\/10\/ELISA-ambiente.webp 1024w, https:\/\/arteconfort.com\/wp-content\/uploads\/2023\/10\/ELISA-ambiente-768x768.webp 768w, https:\/\/arteconfort.com\/wp-content\/uploads\/2023\/10\/ELISA-ambiente-340x340.webp 340w, https:\/\/arteconfort.com\/wp-content\/uploads\/2023\/10\/ELISA-ambiente-640x640.webp 640w, https:\/\/arteconfort.com\/wp-content\/uploads\/2023\/10\/ELISA-ambiente-960x960.webp 960w, https:\/\/arteconfort.com\/wp-content\/uploads\/2023\/10\/ELISA-ambiente-133x133.webp 133w, https:\/\/arteconfort.com\/wp-content\/uploads\/2023\/10\/ELISA-ambiente-300x300.webp 300w, https:\/\/arteconfort.com\/wp-content\/uploads\/2023\/10\/ELISA-ambiente-600x600.webp 600w, https:\/\/arteconfort.com\/wp-content\/uploads\/2023\/10\/ELISA-ambiente-100x100.webp 100w\" sizes=\"auto, (max-width: 1024px) 100vw, 1024px\" \/>\t<\/a>\n\t<div class=\"w-product-status\"><\/div>\t<span id=\"woocommerce_loop_add_to_cart_link_describedby_25266\" class=\"screen-reader-text\">\n\t\t\t<\/span>\n<\/div><div class=\"berocket_better_labels berocket_better_labels_image\"><div class=\"berocket_better_labels_position berocket_better_labels_position_right\"><div class=\"berocket_better_labels_line berocket_better_labels_line_1\"><div class=\"berocket_better_labels_inline berocket_better_labels_inline_1\"><div class=\"br_alabel br_alabel_type_text br_alabel_template_type_css berocket_alabel_id_22611  br_alabel_better_compatibility\" style=\"\"><span  style=\"\"><i style=\"background-color: #000000; border-color: #000000;\" class=\"template-span-before \"><\/i><i style=\"background-color: #000000; border-color: #000000;\" class=\"template-i \"><\/i><i style=\"background-color: #000000; border-color: #000000;\" class=\"template-i-before \"><\/i><i style=\"background-color: #000000; border-color: #000000;\" class=\"template-i-after \"><\/i><b style=\"position: relative;z-index: 100;text-align: center;color: inherit;\">Old collection<\/b><\/span><\/div><\/div><\/div><\/div><\/div><figcaption><h2 class=\"woocommerce-loop-product__title\">ELISA<\/h2><div class=\"woocommerce-product-details__short-description\">\n\t<p>ELISA portable fan created with a compact and ultra-lightweight design, with integrated LED light. It has a white<\/div>\n\n<\/figcaption><\/figure><\/li>\n<li class=\"product type-product post-25299 status-publish last instock product_cat-climatizacion-en product_cat-collection-old-en product_cat-ventiladores-de-techo-en has-post-thumbnail shipping-taxable product-type-simple w-item col-3\">\n\t<figure><div class=\"image-wrapper\">\t\t<a href=\"https:\/\/arteconfort.com\/en\/producto\/espe\/\" class=\"w-fadeslider\">\n\t<img loading=\"lazy\" decoding=\"async\" width=\"1024\" height=\"1024\" src=\"https:\/\/arteconfort.com\/wp-content\/uploads\/2023\/10\/ESPE-blanco-mando.webp\" class=\"attachment-shop_catalog size-shop_catalog wp-post-image\" alt=\"\" srcset=\"https:\/\/arteconfort.com\/wp-content\/uploads\/2023\/10\/ESPE-blanco-mando.webp 1024w, https:\/\/arteconfort.com\/wp-content\/uploads\/2023\/10\/ESPE-blanco-mando-768x768.webp 768w, https:\/\/arteconfort.com\/wp-content\/uploads\/2023\/10\/ESPE-blanco-mando-340x340.webp 340w, https:\/\/arteconfort.com\/wp-content\/uploads\/2023\/10\/ESPE-blanco-mando-640x640.webp 640w, https:\/\/arteconfort.com\/wp-content\/uploads\/2023\/10\/ESPE-blanco-mando-960x960.webp 960w, https:\/\/arteconfort.com\/wp-content\/uploads\/2023\/10\/ESPE-blanco-mando-300x300.webp 300w, https:\/\/arteconfort.com\/wp-content\/uploads\/2023\/10\/ESPE-blanco-mando-600x600.webp 600w, https:\/\/arteconfort.com\/wp-content\/uploads\/2023\/10\/ESPE-blanco-mando-100x100.webp 100w, https:\/\/arteconfort.com\/wp-content\/uploads\/2023\/10\/ESPE-blanco-mando-133x133.webp 133w\" sizes=\"auto, (max-width: 1024px) 100vw, 1024px\" \/>\t<img loading=\"lazy\" decoding=\"async\" width=\"1024\" height=\"1024\" src=\"https:\/\/arteconfort.com\/wp-content\/uploads\/2023\/10\/ESPE-mando.webp\" class=\"attachment-shop_catalog size-shop_catalog\" alt=\"\" srcset=\"https:\/\/arteconfort.com\/wp-content\/uploads\/2023\/10\/ESPE-mando.webp 1024w, https:\/\/arteconfort.com\/wp-content\/uploads\/2023\/10\/ESPE-mando-768x768.webp 768w, https:\/\/arteconfort.com\/wp-content\/uploads\/2023\/10\/ESPE-mando-340x340.webp 340w, https:\/\/arteconfort.com\/wp-content\/uploads\/2023\/10\/ESPE-mando-640x640.webp 640w, https:\/\/arteconfort.com\/wp-content\/uploads\/2023\/10\/ESPE-mando-960x960.webp 960w, https:\/\/arteconfort.com\/wp-content\/uploads\/2023\/10\/ESPE-mando-133x133.webp 133w, https:\/\/arteconfort.com\/wp-content\/uploads\/2023\/10\/ESPE-mando-300x300.webp 300w, https:\/\/arteconfort.com\/wp-content\/uploads\/2023\/10\/ESPE-mando-600x600.webp 600w, https:\/\/arteconfort.com\/wp-content\/uploads\/2023\/10\/ESPE-mando-100x100.webp 100w\" sizes=\"auto, (max-width: 1024px) 100vw, 1024px\" \/><img loading=\"lazy\" decoding=\"async\" width=\"1024\" height=\"1024\" src=\"https:\/\/arteconfort.com\/wp-content\/uploads\/2023\/10\/ESPE-ambiente.webp\" class=\"attachment-shop_catalog size-shop_catalog\" alt=\"\" srcset=\"https:\/\/arteconfort.com\/wp-content\/uploads\/2023\/10\/ESPE-ambiente.webp 1024w, https:\/\/arteconfort.com\/wp-content\/uploads\/2023\/10\/ESPE-ambiente-768x768.webp 768w, https:\/\/arteconfort.com\/wp-content\/uploads\/2023\/10\/ESPE-ambiente-340x340.webp 340w, https:\/\/arteconfort.com\/wp-content\/uploads\/2023\/10\/ESPE-ambiente-640x640.webp 640w, https:\/\/arteconfort.com\/wp-content\/uploads\/2023\/10\/ESPE-ambiente-960x960.webp 960w, https:\/\/arteconfort.com\/wp-content\/uploads\/2023\/10\/ESPE-ambiente-133x133.webp 133w, https:\/\/arteconfort.com\/wp-content\/uploads\/2023\/10\/ESPE-ambiente-300x300.webp 300w, https:\/\/arteconfort.com\/wp-content\/uploads\/2023\/10\/ESPE-ambiente-600x600.webp 600w, https:\/\/arteconfort.com\/wp-content\/uploads\/2023\/10\/ESPE-ambiente-100x100.webp 100w\" sizes=\"auto, (max-width: 1024px) 100vw, 1024px\" \/><img loading=\"lazy\" decoding=\"async\" width=\"1024\" height=\"1024\" src=\"https:\/\/arteconfort.com\/wp-content\/uploads\/2023\/10\/ESPE-detalle-2.webp\" class=\"attachment-shop_catalog size-shop_catalog\" alt=\"\" srcset=\"https:\/\/arteconfort.com\/wp-content\/uploads\/2023\/10\/ESPE-detalle-2.webp 1024w, https:\/\/arteconfort.com\/wp-content\/uploads\/2023\/10\/ESPE-detalle-2-768x768.webp 768w, https:\/\/arteconfort.com\/wp-content\/uploads\/2023\/10\/ESPE-detalle-2-340x340.webp 340w, https:\/\/arteconfort.com\/wp-content\/uploads\/2023\/10\/ESPE-detalle-2-640x640.webp 640w, https:\/\/arteconfort.com\/wp-content\/uploads\/2023\/10\/ESPE-detalle-2-960x960.webp 960w, https:\/\/arteconfort.com\/wp-content\/uploads\/2023\/10\/ESPE-detalle-2-133x133.webp 133w, https:\/\/arteconfort.com\/wp-content\/uploads\/2023\/10\/ESPE-detalle-2-300x300.webp 300w, https:\/\/arteconfort.com\/wp-content\/uploads\/2023\/10\/ESPE-detalle-2-600x600.webp 600w, https:\/\/arteconfort.com\/wp-content\/uploads\/2023\/10\/ESPE-detalle-2-100x100.webp 100w\" sizes=\"auto, (max-width: 1024px) 100vw, 1024px\" \/><img loading=\"lazy\" decoding=\"async\" width=\"1024\" height=\"1024\" src=\"https:\/\/arteconfort.com\/wp-content\/uploads\/2023\/10\/ESPE-detalle-5.webp\" class=\"attachment-shop_catalog size-shop_catalog\" alt=\"\" srcset=\"https:\/\/arteconfort.com\/wp-content\/uploads\/2023\/10\/ESPE-detalle-5.webp 1024w, https:\/\/arteconfort.com\/wp-content\/uploads\/2023\/10\/ESPE-detalle-5-768x768.webp 768w, https:\/\/arteconfort.com\/wp-content\/uploads\/2023\/10\/ESPE-detalle-5-340x340.webp 340w, https:\/\/arteconfort.com\/wp-content\/uploads\/2023\/10\/ESPE-detalle-5-640x640.webp 640w, https:\/\/arteconfort.com\/wp-content\/uploads\/2023\/10\/ESPE-detalle-5-960x960.webp 960w, https:\/\/arteconfort.com\/wp-content\/uploads\/2023\/10\/ESPE-detalle-5-133x133.webp 133w, https:\/\/arteconfort.com\/wp-content\/uploads\/2023\/10\/ESPE-detalle-5-300x300.webp 300w, https:\/\/arteconfort.com\/wp-content\/uploads\/2023\/10\/ESPE-detalle-5-600x600.webp 600w, https:\/\/arteconfort.com\/wp-content\/uploads\/2023\/10\/ESPE-detalle-5-100x100.webp 100w\" sizes=\"auto, (max-width: 1024px) 100vw, 1024px\" \/><img loading=\"lazy\" decoding=\"async\" width=\"1024\" height=\"1024\" src=\"https:\/\/arteconfort.com\/wp-content\/uploads\/2023\/10\/ESPE-detalle-4.webp\" class=\"attachment-shop_catalog size-shop_catalog\" alt=\"\" srcset=\"https:\/\/arteconfort.com\/wp-content\/uploads\/2023\/10\/ESPE-detalle-4.webp 1024w, https:\/\/arteconfort.com\/wp-content\/uploads\/2023\/10\/ESPE-detalle-4-768x768.webp 768w, https:\/\/arteconfort.com\/wp-content\/uploads\/2023\/10\/ESPE-detalle-4-340x340.webp 340w, https:\/\/arteconfort.com\/wp-content\/uploads\/2023\/10\/ESPE-detalle-4-640x640.webp 640w, https:\/\/arteconfort.com\/wp-content\/uploads\/2023\/10\/ESPE-detalle-4-960x960.webp 960w, https:\/\/arteconfort.com\/wp-content\/uploads\/2023\/10\/ESPE-detalle-4-133x133.webp 133w, https:\/\/arteconfort.com\/wp-content\/uploads\/2023\/10\/ESPE-detalle-4-300x300.webp 300w, https:\/\/arteconfort.com\/wp-content\/uploads\/2023\/10\/ESPE-detalle-4-600x600.webp 600w, https:\/\/arteconfort.com\/wp-content\/uploads\/2023\/10\/ESPE-detalle-4-100x100.webp 100w\" sizes=\"auto, (max-width: 1024px) 100vw, 1024px\" \/><img loading=\"lazy\" decoding=\"async\" width=\"1024\" height=\"1024\" src=\"https:\/\/arteconfort.com\/wp-content\/uploads\/2023\/10\/ESPE-detalle-3.webp\" class=\"attachment-shop_catalog size-shop_catalog\" alt=\"\" srcset=\"https:\/\/arteconfort.com\/wp-content\/uploads\/2023\/10\/ESPE-detalle-3.webp 1024w, https:\/\/arteconfort.com\/wp-content\/uploads\/2023\/10\/ESPE-detalle-3-768x768.webp 768w, https:\/\/arteconfort.com\/wp-content\/uploads\/2023\/10\/ESPE-detalle-3-340x340.webp 340w, https:\/\/arteconfort.com\/wp-content\/uploads\/2023\/10\/ESPE-detalle-3-640x640.webp 640w, https:\/\/arteconfort.com\/wp-content\/uploads\/2023\/10\/ESPE-detalle-3-960x960.webp 960w, https:\/\/arteconfort.com\/wp-content\/uploads\/2023\/10\/ESPE-detalle-3-133x133.webp 133w, https:\/\/arteconfort.com\/wp-content\/uploads\/2023\/10\/ESPE-detalle-3-300x300.webp 300w, https:\/\/arteconfort.com\/wp-content\/uploads\/2023\/10\/ESPE-detalle-3-600x600.webp 600w, https:\/\/arteconfort.com\/wp-content\/uploads\/2023\/10\/ESPE-detalle-3-100x100.webp 100w\" sizes=\"auto, (max-width: 1024px) 100vw, 1024px\" \/><img loading=\"lazy\" decoding=\"async\" width=\"1024\" height=\"1024\" src=\"https:\/\/arteconfort.com\/wp-content\/uploads\/2023\/10\/ESPE-detalle.webp\" class=\"attachment-shop_catalog size-shop_catalog\" alt=\"\" srcset=\"https:\/\/arteconfort.com\/wp-content\/uploads\/2023\/10\/ESPE-detalle.webp 1024w, https:\/\/arteconfort.com\/wp-content\/uploads\/2023\/10\/ESPE-detalle-768x768.webp 768w, https:\/\/arteconfort.com\/wp-content\/uploads\/2023\/10\/ESPE-detalle-340x340.webp 340w, https:\/\/arteconfort.com\/wp-content\/uploads\/2023\/10\/ESPE-detalle-640x640.webp 640w, https:\/\/arteconfort.com\/wp-content\/uploads\/2023\/10\/ESPE-detalle-960x960.webp 960w, https:\/\/arteconfort.com\/wp-content\/uploads\/2023\/10\/ESPE-detalle-133x133.webp 133w, https:\/\/arteconfort.com\/wp-content\/uploads\/2023\/10\/ESPE-detalle-300x300.webp 300w, https:\/\/arteconfort.com\/wp-content\/uploads\/2023\/10\/ESPE-detalle-600x600.webp 600w, https:\/\/arteconfort.com\/wp-content\/uploads\/2023\/10\/ESPE-detalle-100x100.webp 100w\" sizes=\"auto, (max-width: 1024px) 100vw, 1024px\" \/><img loading=\"lazy\" decoding=\"async\" width=\"1024\" height=\"1024\" src=\"https:\/\/arteconfort.com\/wp-content\/uploads\/2024\/06\/ventilador-ESPE-foto-mando-a-distancia-1.webp\" class=\"attachment-shop_catalog size-shop_catalog\" alt=\"Ventilador ESPE mando\" srcset=\"https:\/\/arteconfort.com\/wp-content\/uploads\/2024\/06\/ventilador-ESPE-foto-mando-a-distancia-1.webp 1024w, https:\/\/arteconfort.com\/wp-content\/uploads\/2024\/06\/ventilador-ESPE-foto-mando-a-distancia-1-768x768.webp 768w, https:\/\/arteconfort.com\/wp-content\/uploads\/2024\/06\/ventilador-ESPE-foto-mando-a-distancia-1-340x340.webp 340w, https:\/\/arteconfort.com\/wp-content\/uploads\/2024\/06\/ventilador-ESPE-foto-mando-a-distancia-1-640x640.webp 640w, https:\/\/arteconfort.com\/wp-content\/uploads\/2024\/06\/ventilador-ESPE-foto-mando-a-distancia-1-960x960.webp 960w, https:\/\/arteconfort.com\/wp-content\/uploads\/2024\/06\/ventilador-ESPE-foto-mando-a-distancia-1-133x133.webp 133w, https:\/\/arteconfort.com\/wp-content\/uploads\/2024\/06\/ventilador-ESPE-foto-mando-a-distancia-1-300x300.webp 300w, https:\/\/arteconfort.com\/wp-content\/uploads\/2024\/06\/ventilador-ESPE-foto-mando-a-distancia-1-600x600.webp 600w, https:\/\/arteconfort.com\/wp-content\/uploads\/2024\/06\/ventilador-ESPE-foto-mando-a-distancia-1-100x100.webp 100w\" sizes=\"auto, (max-width: 1024px) 100vw, 1024px\" \/><img loading=\"lazy\" decoding=\"async\" width=\"1024\" height=\"1024\" src=\"https:\/\/arteconfort.com\/wp-content\/uploads\/2023\/10\/ESPE-grafico.webp\" class=\"attachment-shop_catalog size-shop_catalog\" alt=\"\" srcset=\"https:\/\/arteconfort.com\/wp-content\/uploads\/2023\/10\/ESPE-grafico.webp 1024w, https:\/\/arteconfort.com\/wp-content\/uploads\/2023\/10\/ESPE-grafico-768x768.webp 768w, https:\/\/arteconfort.com\/wp-content\/uploads\/2023\/10\/ESPE-grafico-340x340.webp 340w, https:\/\/arteconfort.com\/wp-content\/uploads\/2023\/10\/ESPE-grafico-640x640.webp 640w, https:\/\/arteconfort.com\/wp-content\/uploads\/2023\/10\/ESPE-grafico-960x960.webp 960w, https:\/\/arteconfort.com\/wp-content\/uploads\/2023\/10\/ESPE-grafico-133x133.webp 133w, https:\/\/arteconfort.com\/wp-content\/uploads\/2023\/10\/ESPE-grafico-300x300.webp 300w, https:\/\/arteconfort.com\/wp-content\/uploads\/2023\/10\/ESPE-grafico-600x600.webp 600w, https:\/\/arteconfort.com\/wp-content\/uploads\/2023\/10\/ESPE-grafico-100x100.webp 100w\" sizes=\"auto, (max-width: 1024px) 100vw, 1024px\" \/><img loading=\"lazy\" decoding=\"async\" width=\"1024\" height=\"1024\" src=\"https:\/\/arteconfort.com\/wp-content\/uploads\/2023\/10\/ESPE-luces.webp\" class=\"attachment-shop_catalog size-shop_catalog\" alt=\"\" srcset=\"https:\/\/arteconfort.com\/wp-content\/uploads\/2023\/10\/ESPE-luces.webp 1024w, https:\/\/arteconfort.com\/wp-content\/uploads\/2023\/10\/ESPE-luces-768x768.webp 768w, https:\/\/arteconfort.com\/wp-content\/uploads\/2023\/10\/ESPE-luces-340x340.webp 340w, https:\/\/arteconfort.com\/wp-content\/uploads\/2023\/10\/ESPE-luces-640x640.webp 640w, https:\/\/arteconfort.com\/wp-content\/uploads\/2023\/10\/ESPE-luces-960x960.webp 960w, https:\/\/arteconfort.com\/wp-content\/uploads\/2023\/10\/ESPE-luces-133x133.webp 133w, https:\/\/arteconfort.com\/wp-content\/uploads\/2023\/10\/ESPE-luces-300x300.webp 300w, https:\/\/arteconfort.com\/wp-content\/uploads\/2023\/10\/ESPE-luces-600x600.webp 600w, https:\/\/arteconfort.com\/wp-content\/uploads\/2023\/10\/ESPE-luces-100x100.webp 100w\" sizes=\"auto, (max-width: 1024px) 100vw, 1024px\" \/><img loading=\"lazy\" decoding=\"async\" width=\"1024\" height=\"1024\" src=\"https:\/\/arteconfort.com\/wp-content\/uploads\/2023\/10\/ESPE-ambiente-4.webp\" class=\"attachment-shop_catalog size-shop_catalog\" alt=\"\" srcset=\"https:\/\/arteconfort.com\/wp-content\/uploads\/2023\/10\/ESPE-ambiente-4.webp 1024w, https:\/\/arteconfort.com\/wp-content\/uploads\/2023\/10\/ESPE-ambiente-4-768x768.webp 768w, https:\/\/arteconfort.com\/wp-content\/uploads\/2023\/10\/ESPE-ambiente-4-340x340.webp 340w, https:\/\/arteconfort.com\/wp-content\/uploads\/2023\/10\/ESPE-ambiente-4-640x640.webp 640w, https:\/\/arteconfort.com\/wp-content\/uploads\/2023\/10\/ESPE-ambiente-4-960x960.webp 960w, https:\/\/arteconfort.com\/wp-content\/uploads\/2023\/10\/ESPE-ambiente-4-133x133.webp 133w, https:\/\/arteconfort.com\/wp-content\/uploads\/2023\/10\/ESPE-ambiente-4-300x300.webp 300w, https:\/\/arteconfort.com\/wp-content\/uploads\/2023\/10\/ESPE-ambiente-4-600x600.webp 600w, https:\/\/arteconfort.com\/wp-content\/uploads\/2023\/10\/ESPE-ambiente-4-100x100.webp 100w\" sizes=\"auto, (max-width: 1024px) 100vw, 1024px\" \/><img loading=\"lazy\" decoding=\"async\" width=\"1024\" height=\"1024\" src=\"https:\/\/arteconfort.com\/wp-content\/uploads\/2023\/10\/ESPE-ambiente-3.webp\" class=\"attachment-shop_catalog size-shop_catalog\" alt=\"\" srcset=\"https:\/\/arteconfort.com\/wp-content\/uploads\/2023\/10\/ESPE-ambiente-3.webp 1024w, https:\/\/arteconfort.com\/wp-content\/uploads\/2023\/10\/ESPE-ambiente-3-768x768.webp 768w, https:\/\/arteconfort.com\/wp-content\/uploads\/2023\/10\/ESPE-ambiente-3-340x340.webp 340w, https:\/\/arteconfort.com\/wp-content\/uploads\/2023\/10\/ESPE-ambiente-3-640x640.webp 640w, https:\/\/arteconfort.com\/wp-content\/uploads\/2023\/10\/ESPE-ambiente-3-960x960.webp 960w, https:\/\/arteconfort.com\/wp-content\/uploads\/2023\/10\/ESPE-ambiente-3-133x133.webp 133w, https:\/\/arteconfort.com\/wp-content\/uploads\/2023\/10\/ESPE-ambiente-3-300x300.webp 300w, https:\/\/arteconfort.com\/wp-content\/uploads\/2023\/10\/ESPE-ambiente-3-600x600.webp 600w, https:\/\/arteconfort.com\/wp-content\/uploads\/2023\/10\/ESPE-ambiente-3-100x100.webp 100w\" sizes=\"auto, (max-width: 1024px) 100vw, 1024px\" \/><img loading=\"lazy\" decoding=\"async\" width=\"1024\" height=\"1024\" src=\"https:\/\/arteconfort.com\/wp-content\/uploads\/2023\/10\/ESPE-ambiente-2.webp\" class=\"attachment-shop_catalog size-shop_catalog\" alt=\"\" srcset=\"https:\/\/arteconfort.com\/wp-content\/uploads\/2023\/10\/ESPE-ambiente-2.webp 1024w, https:\/\/arteconfort.com\/wp-content\/uploads\/2023\/10\/ESPE-ambiente-2-768x768.webp 768w, https:\/\/arteconfort.com\/wp-content\/uploads\/2023\/10\/ESPE-ambiente-2-340x340.webp 340w, https:\/\/arteconfort.com\/wp-content\/uploads\/2023\/10\/ESPE-ambiente-2-640x640.webp 640w, https:\/\/arteconfort.com\/wp-content\/uploads\/2023\/10\/ESPE-ambiente-2-960x960.webp 960w, https:\/\/arteconfort.com\/wp-content\/uploads\/2023\/10\/ESPE-ambiente-2-133x133.webp 133w, https:\/\/arteconfort.com\/wp-content\/uploads\/2023\/10\/ESPE-ambiente-2-300x300.webp 300w, https:\/\/arteconfort.com\/wp-content\/uploads\/2023\/10\/ESPE-ambiente-2-600x600.webp 600w, https:\/\/arteconfort.com\/wp-content\/uploads\/2023\/10\/ESPE-ambiente-2-100x100.webp 100w\" sizes=\"auto, (max-width: 1024px) 100vw, 1024px\" \/>\t<\/a>\n\t<div class=\"w-product-status\"><\/div>\t<span id=\"woocommerce_loop_add_to_cart_link_describedby_25299\" class=\"screen-reader-text\">\n\t\t\t<\/span>\n<\/div><div class=\"berocket_better_labels berocket_better_labels_image\"><div class=\"berocket_better_labels_position berocket_better_labels_position_right\"><div class=\"berocket_better_labels_line berocket_better_labels_line_1\"><div class=\"berocket_better_labels_inline berocket_better_labels_inline_1\"><div class=\"br_alabel br_alabel_type_text br_alabel_template_type_css berocket_alabel_id_22611  br_alabel_better_compatibility\" style=\"\"><span  style=\"\"><i style=\"background-color: #000000; border-color: #000000;\" class=\"template-span-before \"><\/i><i style=\"background-color: #000000; border-color: #000000;\" class=\"template-i \"><\/i><i style=\"background-color: #000000; border-color: #000000;\" class=\"template-i-before \"><\/i><i style=\"background-color: #000000; border-color: #000000;\" class=\"template-i-after \"><\/i><b style=\"position: relative;z-index: 100;text-align: center;color: inherit;\">Old collection<\/b><\/span><\/div><\/div><\/div><\/div><\/div><figcaption><h2 class=\"woocommerce-loop-product__title\">ESPE<\/h2><div class=\"woocommerce-product-details__short-description\">\n\t<p>ESPE ceiling fan with integrated LED light and colour temperature memory. With a white body and 3 reversible<\/div>\n\n<\/figcaption><\/figure><\/li>\n<li class=\"product type-product post-45091 status-publish first instock product_cat-climatizacion-en product_cat-ventiladores-de-techo-en has-post-thumbnail shipping-taxable product-type-simple w-item col-3\">\n\t<figure><div class=\"image-wrapper\">\t\t<a href=\"https:\/\/arteconfort.com\/en\/producto\/euria-l\/\" class=\"w-fadeslider\">\n\t<img loading=\"lazy\" decoding=\"async\" width=\"1024\" height=\"1024\" src=\"https:\/\/arteconfort.com\/wp-content\/uploads\/2025\/03\/EURIA-L-mando-01.webp\" class=\"attachment-shop_catalog size-shop_catalog wp-post-image\" alt=\"\" srcset=\"https:\/\/arteconfort.com\/wp-content\/uploads\/2025\/03\/EURIA-L-mando-01.webp 1024w, https:\/\/arteconfort.com\/wp-content\/uploads\/2025\/03\/EURIA-L-mando-01-768x768.webp 768w, https:\/\/arteconfort.com\/wp-content\/uploads\/2025\/03\/EURIA-L-mando-01-340x340.webp 340w, https:\/\/arteconfort.com\/wp-content\/uploads\/2025\/03\/EURIA-L-mando-01-640x640.webp 640w, https:\/\/arteconfort.com\/wp-content\/uploads\/2025\/03\/EURIA-L-mando-01-960x960.webp 960w, https:\/\/arteconfort.com\/wp-content\/uploads\/2025\/03\/EURIA-L-mando-01-300x300.webp 300w, https:\/\/arteconfort.com\/wp-content\/uploads\/2025\/03\/EURIA-L-mando-01-600x600.webp 600w, https:\/\/arteconfort.com\/wp-content\/uploads\/2025\/03\/EURIA-L-mando-01-100x100.webp 100w\" sizes=\"auto, (max-width: 1024px) 100vw, 1024px\" \/>\t<img loading=\"lazy\" decoding=\"async\" width=\"1024\" height=\"1024\" src=\"https:\/\/arteconfort.com\/wp-content\/uploads\/2025\/03\/EURIA-L-detalle-04.webp\" class=\"attachment-shop_catalog size-shop_catalog\" alt=\"\" srcset=\"https:\/\/arteconfort.com\/wp-content\/uploads\/2025\/03\/EURIA-L-detalle-04.webp 1024w, https:\/\/arteconfort.com\/wp-content\/uploads\/2025\/03\/EURIA-L-detalle-04-768x768.webp 768w, https:\/\/arteconfort.com\/wp-content\/uploads\/2025\/03\/EURIA-L-detalle-04-340x340.webp 340w, https:\/\/arteconfort.com\/wp-content\/uploads\/2025\/03\/EURIA-L-detalle-04-640x640.webp 640w, https:\/\/arteconfort.com\/wp-content\/uploads\/2025\/03\/EURIA-L-detalle-04-960x960.webp 960w, https:\/\/arteconfort.com\/wp-content\/uploads\/2025\/03\/EURIA-L-detalle-04-300x300.webp 300w, https:\/\/arteconfort.com\/wp-content\/uploads\/2025\/03\/EURIA-L-detalle-04-600x600.webp 600w, https:\/\/arteconfort.com\/wp-content\/uploads\/2025\/03\/EURIA-L-detalle-04-100x100.webp 100w\" sizes=\"auto, (max-width: 1024px) 100vw, 1024px\" \/><img loading=\"lazy\" decoding=\"async\" width=\"1024\" height=\"1024\" src=\"https:\/\/arteconfort.com\/wp-content\/uploads\/2025\/03\/EURIA-L-Temperaturas.webp\" class=\"attachment-shop_catalog size-shop_catalog\" alt=\"\" srcset=\"https:\/\/arteconfort.com\/wp-content\/uploads\/2025\/03\/EURIA-L-Temperaturas.webp 1024w, https:\/\/arteconfort.com\/wp-content\/uploads\/2025\/03\/EURIA-L-Temperaturas-768x768.webp 768w, https:\/\/arteconfort.com\/wp-content\/uploads\/2025\/03\/EURIA-L-Temperaturas-340x340.webp 340w, https:\/\/arteconfort.com\/wp-content\/uploads\/2025\/03\/EURIA-L-Temperaturas-640x640.webp 640w, https:\/\/arteconfort.com\/wp-content\/uploads\/2025\/03\/EURIA-L-Temperaturas-960x960.webp 960w, https:\/\/arteconfort.com\/wp-content\/uploads\/2025\/03\/EURIA-L-Temperaturas-300x300.webp 300w, https:\/\/arteconfort.com\/wp-content\/uploads\/2025\/03\/EURIA-L-Temperaturas-600x600.webp 600w, https:\/\/arteconfort.com\/wp-content\/uploads\/2025\/03\/EURIA-L-Temperaturas-100x100.webp 100w\" sizes=\"auto, (max-width: 1024px) 100vw, 1024px\" \/><img loading=\"lazy\" decoding=\"async\" width=\"1024\" height=\"1024\" src=\"https:\/\/arteconfort.com\/wp-content\/uploads\/2025\/03\/EURIA-L-grafico-05.webp\" class=\"attachment-shop_catalog size-shop_catalog\" alt=\"\" srcset=\"https:\/\/arteconfort.com\/wp-content\/uploads\/2025\/03\/EURIA-L-grafico-05.webp 1024w, https:\/\/arteconfort.com\/wp-content\/uploads\/2025\/03\/EURIA-L-grafico-05-768x768.webp 768w, https:\/\/arteconfort.com\/wp-content\/uploads\/2025\/03\/EURIA-L-grafico-05-340x340.webp 340w, https:\/\/arteconfort.com\/wp-content\/uploads\/2025\/03\/EURIA-L-grafico-05-640x640.webp 640w, https:\/\/arteconfort.com\/wp-content\/uploads\/2025\/03\/EURIA-L-grafico-05-960x960.webp 960w, https:\/\/arteconfort.com\/wp-content\/uploads\/2025\/03\/EURIA-L-grafico-05-300x300.webp 300w, https:\/\/arteconfort.com\/wp-content\/uploads\/2025\/03\/EURIA-L-grafico-05-600x600.webp 600w, https:\/\/arteconfort.com\/wp-content\/uploads\/2025\/03\/EURIA-L-grafico-05-100x100.webp 100w\" sizes=\"auto, (max-width: 1024px) 100vw, 1024px\" \/>\t<\/a>\n\t<div class=\"w-product-status\"><\/div>\t<span id=\"woocommerce_loop_add_to_cart_link_describedby_45091\" class=\"screen-reader-text\">\n\t\t\t<\/span>\n<\/div><figcaption><h2 class=\"woocommerce-loop-product__title\">EURIA L<\/h2><div class=\"woocommerce-product-details__short-description\">\n\t<p>EURIA L retractable fan with integrated LED light, high luminous flux and color temperature memory. It has a<\/div>\n\n<\/figcaption><\/figure><\/li>\n<li class=\"product type-product post-45098 status-publish instock product_cat-climatizacion-en product_cat-ventiladores-de-techo-en has-post-thumbnail shipping-taxable product-type-simple w-item col-3\">\n\t<figure><div class=\"image-wrapper\">\t\t<a href=\"https:\/\/arteconfort.com\/en\/producto\/euria-m\/\" class=\"w-fadeslider\">\n\t<img loading=\"lazy\" decoding=\"async\" width=\"1024\" height=\"1024\" src=\"https:\/\/arteconfort.com\/wp-content\/uploads\/2025\/03\/EURIA-M-mando-01.webp\" class=\"attachment-shop_catalog size-shop_catalog wp-post-image\" alt=\"\" srcset=\"https:\/\/arteconfort.com\/wp-content\/uploads\/2025\/03\/EURIA-M-mando-01.webp 1024w, https:\/\/arteconfort.com\/wp-content\/uploads\/2025\/03\/EURIA-M-mando-01-768x768.webp 768w, https:\/\/arteconfort.com\/wp-content\/uploads\/2025\/03\/EURIA-M-mando-01-340x340.webp 340w, https:\/\/arteconfort.com\/wp-content\/uploads\/2025\/03\/EURIA-M-mando-01-640x640.webp 640w, https:\/\/arteconfort.com\/wp-content\/uploads\/2025\/03\/EURIA-M-mando-01-960x960.webp 960w, https:\/\/arteconfort.com\/wp-content\/uploads\/2025\/03\/EURIA-M-mando-01-300x300.webp 300w, https:\/\/arteconfort.com\/wp-content\/uploads\/2025\/03\/EURIA-M-mando-01-600x600.webp 600w, https:\/\/arteconfort.com\/wp-content\/uploads\/2025\/03\/EURIA-M-mando-01-100x100.webp 100w\" sizes=\"auto, (max-width: 1024px) 100vw, 1024px\" \/>\t<img loading=\"lazy\" decoding=\"async\" width=\"1024\" height=\"1024\" src=\"https:\/\/arteconfort.com\/wp-content\/uploads\/2025\/03\/EURIA-M-detalle-04.webp\" class=\"attachment-shop_catalog size-shop_catalog\" alt=\"\" srcset=\"https:\/\/arteconfort.com\/wp-content\/uploads\/2025\/03\/EURIA-M-detalle-04.webp 1024w, https:\/\/arteconfort.com\/wp-content\/uploads\/2025\/03\/EURIA-M-detalle-04-768x768.webp 768w, https:\/\/arteconfort.com\/wp-content\/uploads\/2025\/03\/EURIA-M-detalle-04-340x340.webp 340w, https:\/\/arteconfort.com\/wp-content\/uploads\/2025\/03\/EURIA-M-detalle-04-640x640.webp 640w, https:\/\/arteconfort.com\/wp-content\/uploads\/2025\/03\/EURIA-M-detalle-04-960x960.webp 960w, https:\/\/arteconfort.com\/wp-content\/uploads\/2025\/03\/EURIA-M-detalle-04-300x300.webp 300w, https:\/\/arteconfort.com\/wp-content\/uploads\/2025\/03\/EURIA-M-detalle-04-600x600.webp 600w, https:\/\/arteconfort.com\/wp-content\/uploads\/2025\/03\/EURIA-M-detalle-04-100x100.webp 100w\" sizes=\"auto, (max-width: 1024px) 100vw, 1024px\" \/><img loading=\"lazy\" decoding=\"async\" width=\"1024\" height=\"1024\" src=\"https:\/\/arteconfort.com\/wp-content\/uploads\/2025\/03\/94051362-tz-01.webp\" class=\"attachment-shop_catalog size-shop_catalog\" alt=\"\" srcset=\"https:\/\/arteconfort.com\/wp-content\/uploads\/2025\/03\/94051362-tz-01.webp 1024w, https:\/\/arteconfort.com\/wp-content\/uploads\/2025\/03\/94051362-tz-01-768x768.webp 768w, https:\/\/arteconfort.com\/wp-content\/uploads\/2025\/03\/94051362-tz-01-340x340.webp 340w, https:\/\/arteconfort.com\/wp-content\/uploads\/2025\/03\/94051362-tz-01-640x640.webp 640w, https:\/\/arteconfort.com\/wp-content\/uploads\/2025\/03\/94051362-tz-01-960x960.webp 960w, https:\/\/arteconfort.com\/wp-content\/uploads\/2025\/03\/94051362-tz-01-300x300.webp 300w, https:\/\/arteconfort.com\/wp-content\/uploads\/2025\/03\/94051362-tz-01-600x600.webp 600w, https:\/\/arteconfort.com\/wp-content\/uploads\/2025\/03\/94051362-tz-01-100x100.webp 100w\" sizes=\"auto, (max-width: 1024px) 100vw, 1024px\" \/><img loading=\"lazy\" decoding=\"async\" width=\"1024\" height=\"1024\" src=\"https:\/\/arteconfort.com\/wp-content\/uploads\/2025\/03\/EURIA-M-grafico-05.webp\" class=\"attachment-shop_catalog size-shop_catalog\" alt=\"\" srcset=\"https:\/\/arteconfort.com\/wp-content\/uploads\/2025\/03\/EURIA-M-grafico-05.webp 1024w, https:\/\/arteconfort.com\/wp-content\/uploads\/2025\/03\/EURIA-M-grafico-05-768x768.webp 768w, https:\/\/arteconfort.com\/wp-content\/uploads\/2025\/03\/EURIA-M-grafico-05-340x340.webp 340w, https:\/\/arteconfort.com\/wp-content\/uploads\/2025\/03\/EURIA-M-grafico-05-640x640.webp 640w, https:\/\/arteconfort.com\/wp-content\/uploads\/2025\/03\/EURIA-M-grafico-05-960x960.webp 960w, https:\/\/arteconfort.com\/wp-content\/uploads\/2025\/03\/EURIA-M-grafico-05-300x300.webp 300w, https:\/\/arteconfort.com\/wp-content\/uploads\/2025\/03\/EURIA-M-grafico-05-600x600.webp 600w, https:\/\/arteconfort.com\/wp-content\/uploads\/2025\/03\/EURIA-M-grafico-05-100x100.webp 100w\" sizes=\"auto, (max-width: 1024px) 100vw, 1024px\" \/>\t<\/a>\n\t<div class=\"w-product-status\"><\/div>\t<span id=\"woocommerce_loop_add_to_cart_link_describedby_45098\" class=\"screen-reader-text\">\n\t\t\t<\/span>\n<\/div><figcaption><h2 class=\"woocommerce-loop-product__title\">EURIA M<\/h2><div class=\"woocommerce-product-details__short-description\">\n\t<p>EURIA M retractable fan with integrated LED light, high luminous flux and color temperature memory. It has a<\/div>\n\n<\/figcaption><\/figure><\/li>\n<li class=\"product type-product post-21230 status-publish instock product_cat-climatizacion-en product_cat-collection-old-en product_cat-ventiladores-de-techo-en has-post-thumbnail shipping-taxable product-type-simple w-item col-3\">\n\t<figure><div class=\"image-wrapper\">\t\t<a href=\"https:\/\/arteconfort.com\/en\/producto\/ferrol-183\/\" class=\"w-fadeslider\">\n\t<img loading=\"lazy\" decoding=\"async\" width=\"1024\" height=\"1024\" src=\"https:\/\/arteconfort.com\/wp-content\/uploads\/2023\/10\/FERROL-183.webp\" class=\"attachment-shop_catalog size-shop_catalog wp-post-image\" alt=\"\" srcset=\"https:\/\/arteconfort.com\/wp-content\/uploads\/2023\/10\/FERROL-183.webp 1024w, https:\/\/arteconfort.com\/wp-content\/uploads\/2023\/10\/FERROL-183-768x768.webp 768w, https:\/\/arteconfort.com\/wp-content\/uploads\/2023\/10\/FERROL-183-340x340.webp 340w, https:\/\/arteconfort.com\/wp-content\/uploads\/2023\/10\/FERROL-183-640x640.webp 640w, https:\/\/arteconfort.com\/wp-content\/uploads\/2023\/10\/FERROL-183-960x960.webp 960w, https:\/\/arteconfort.com\/wp-content\/uploads\/2023\/10\/FERROL-183-300x300.webp 300w, https:\/\/arteconfort.com\/wp-content\/uploads\/2023\/10\/FERROL-183-600x600.webp 600w, https:\/\/arteconfort.com\/wp-content\/uploads\/2023\/10\/FERROL-183-100x100.webp 100w, https:\/\/arteconfort.com\/wp-content\/uploads\/2023\/10\/FERROL-183-133x133.webp 133w\" sizes=\"auto, (max-width: 1024px) 100vw, 1024px\" \/>\t<img loading=\"lazy\" decoding=\"async\" width=\"1024\" height=\"1024\" src=\"https:\/\/arteconfort.com\/wp-content\/uploads\/2025\/03\/ambiente-FERROL-183.webp\" class=\"attachment-shop_catalog size-shop_catalog\" alt=\"\" srcset=\"https:\/\/arteconfort.com\/wp-content\/uploads\/2025\/03\/ambiente-FERROL-183.webp 1024w, https:\/\/arteconfort.com\/wp-content\/uploads\/2025\/03\/ambiente-FERROL-183-768x768.webp 768w, https:\/\/arteconfort.com\/wp-content\/uploads\/2025\/03\/ambiente-FERROL-183-340x340.webp 340w, https:\/\/arteconfort.com\/wp-content\/uploads\/2025\/03\/ambiente-FERROL-183-640x640.webp 640w, https:\/\/arteconfort.com\/wp-content\/uploads\/2025\/03\/ambiente-FERROL-183-960x960.webp 960w, https:\/\/arteconfort.com\/wp-content\/uploads\/2025\/03\/ambiente-FERROL-183-300x300.webp 300w, https:\/\/arteconfort.com\/wp-content\/uploads\/2025\/03\/ambiente-FERROL-183-600x600.webp 600w, https:\/\/arteconfort.com\/wp-content\/uploads\/2025\/03\/ambiente-FERROL-183-100x100.webp 100w\" sizes=\"auto, (max-width: 1024px) 100vw, 1024px\" \/><img loading=\"lazy\" decoding=\"async\" width=\"1024\" height=\"1024\" src=\"https:\/\/arteconfort.com\/wp-content\/uploads\/2023\/10\/mando-FERROL-183.webp\" class=\"attachment-shop_catalog size-shop_catalog\" alt=\"\" srcset=\"https:\/\/arteconfort.com\/wp-content\/uploads\/2023\/10\/mando-FERROL-183.webp 1024w, https:\/\/arteconfort.com\/wp-content\/uploads\/2023\/10\/mando-FERROL-183-768x768.webp 768w, https:\/\/arteconfort.com\/wp-content\/uploads\/2023\/10\/mando-FERROL-183-340x340.webp 340w, https:\/\/arteconfort.com\/wp-content\/uploads\/2023\/10\/mando-FERROL-183-640x640.webp 640w, https:\/\/arteconfort.com\/wp-content\/uploads\/2023\/10\/mando-FERROL-183-960x960.webp 960w, https:\/\/arteconfort.com\/wp-content\/uploads\/2023\/10\/mando-FERROL-183-133x133.webp 133w, https:\/\/arteconfort.com\/wp-content\/uploads\/2023\/10\/mando-FERROL-183-300x300.webp 300w, https:\/\/arteconfort.com\/wp-content\/uploads\/2023\/10\/mando-FERROL-183-600x600.webp 600w, https:\/\/arteconfort.com\/wp-content\/uploads\/2023\/10\/mando-FERROL-183-100x100.webp 100w\" sizes=\"auto, (max-width: 1024px) 100vw, 1024px\" \/><img loading=\"lazy\" decoding=\"async\" width=\"1024\" height=\"1024\" src=\"https:\/\/arteconfort.com\/wp-content\/uploads\/2023\/10\/FERROL-DETALLE.webp\" class=\"attachment-shop_catalog size-shop_catalog\" alt=\"\" srcset=\"https:\/\/arteconfort.com\/wp-content\/uploads\/2023\/10\/FERROL-DETALLE.webp 1024w, https:\/\/arteconfort.com\/wp-content\/uploads\/2023\/10\/FERROL-DETALLE-768x768.webp 768w, https:\/\/arteconfort.com\/wp-content\/uploads\/2023\/10\/FERROL-DETALLE-340x340.webp 340w, https:\/\/arteconfort.com\/wp-content\/uploads\/2023\/10\/FERROL-DETALLE-640x640.webp 640w, https:\/\/arteconfort.com\/wp-content\/uploads\/2023\/10\/FERROL-DETALLE-960x960.webp 960w, https:\/\/arteconfort.com\/wp-content\/uploads\/2023\/10\/FERROL-DETALLE-133x133.webp 133w, https:\/\/arteconfort.com\/wp-content\/uploads\/2023\/10\/FERROL-DETALLE-300x300.webp 300w, https:\/\/arteconfort.com\/wp-content\/uploads\/2023\/10\/FERROL-DETALLE-600x600.webp 600w, https:\/\/arteconfort.com\/wp-content\/uploads\/2023\/10\/FERROL-DETALLE-100x100.webp 100w\" sizes=\"auto, (max-width: 1024px) 100vw, 1024px\" \/><img loading=\"lazy\" decoding=\"async\" width=\"1024\" height=\"1024\" src=\"https:\/\/arteconfort.com\/wp-content\/uploads\/2023\/10\/FERROL-DESDE-ABAJO.webp\" class=\"attachment-shop_catalog size-shop_catalog\" alt=\"\" srcset=\"https:\/\/arteconfort.com\/wp-content\/uploads\/2023\/10\/FERROL-DESDE-ABAJO.webp 1024w, https:\/\/arteconfort.com\/wp-content\/uploads\/2023\/10\/FERROL-DESDE-ABAJO-768x768.webp 768w, https:\/\/arteconfort.com\/wp-content\/uploads\/2023\/10\/FERROL-DESDE-ABAJO-340x340.webp 340w, https:\/\/arteconfort.com\/wp-content\/uploads\/2023\/10\/FERROL-DESDE-ABAJO-640x640.webp 640w, https:\/\/arteconfort.com\/wp-content\/uploads\/2023\/10\/FERROL-DESDE-ABAJO-960x960.webp 960w, https:\/\/arteconfort.com\/wp-content\/uploads\/2023\/10\/FERROL-DESDE-ABAJO-133x133.webp 133w, https:\/\/arteconfort.com\/wp-content\/uploads\/2023\/10\/FERROL-DESDE-ABAJO-300x300.webp 300w, https:\/\/arteconfort.com\/wp-content\/uploads\/2023\/10\/FERROL-DESDE-ABAJO-600x600.webp 600w, https:\/\/arteconfort.com\/wp-content\/uploads\/2023\/10\/FERROL-DESDE-ABAJO-100x100.webp 100w\" sizes=\"auto, (max-width: 1024px) 100vw, 1024px\" \/><img loading=\"lazy\" decoding=\"async\" width=\"1024\" height=\"1024\" src=\"https:\/\/arteconfort.com\/wp-content\/uploads\/2023\/10\/FERROL-183-DETALLE.webp\" class=\"attachment-shop_catalog size-shop_catalog\" alt=\"\" srcset=\"https:\/\/arteconfort.com\/wp-content\/uploads\/2023\/10\/FERROL-183-DETALLE.webp 1024w, https:\/\/arteconfort.com\/wp-content\/uploads\/2023\/10\/FERROL-183-DETALLE-768x768.webp 768w, https:\/\/arteconfort.com\/wp-content\/uploads\/2023\/10\/FERROL-183-DETALLE-340x340.webp 340w, https:\/\/arteconfort.com\/wp-content\/uploads\/2023\/10\/FERROL-183-DETALLE-640x640.webp 640w, https:\/\/arteconfort.com\/wp-content\/uploads\/2023\/10\/FERROL-183-DETALLE-960x960.webp 960w, https:\/\/arteconfort.com\/wp-content\/uploads\/2023\/10\/FERROL-183-DETALLE-133x133.webp 133w, https:\/\/arteconfort.com\/wp-content\/uploads\/2023\/10\/FERROL-183-DETALLE-300x300.webp 300w, https:\/\/arteconfort.com\/wp-content\/uploads\/2023\/10\/FERROL-183-DETALLE-600x600.webp 600w, https:\/\/arteconfort.com\/wp-content\/uploads\/2023\/10\/FERROL-183-DETALLE-100x100.webp 100w\" sizes=\"auto, (max-width: 1024px) 100vw, 1024px\" \/>\t<\/a>\n\t<div class=\"w-product-status\"><\/div>\t<span id=\"woocommerce_loop_add_to_cart_link_describedby_21230\" class=\"screen-reader-text\">\n\t\t\t<\/span>\n<\/div><div class=\"berocket_better_labels berocket_better_labels_image\"><div class=\"berocket_better_labels_position berocket_better_labels_position_right\"><div class=\"berocket_better_labels_line berocket_better_labels_line_1\"><div class=\"berocket_better_labels_inline berocket_better_labels_inline_1\"><div class=\"br_alabel br_alabel_type_text br_alabel_template_type_css berocket_alabel_id_22611  br_alabel_better_compatibility\" style=\"\"><span  style=\"\"><i style=\"background-color: #000000; border-color: #000000;\" class=\"template-span-before \"><\/i><i style=\"background-color: #000000; border-color: #000000;\" class=\"template-i \"><\/i><i style=\"background-color: #000000; border-color: #000000;\" class=\"template-i-before \"><\/i><i style=\"background-color: #000000; border-color: #000000;\" class=\"template-i-after \"><\/i><b style=\"position: relative;z-index: 100;text-align: center;color: inherit;\">Old collection<\/b><\/span><\/div><\/div><\/div><\/div><\/div><figcaption><h2 class=\"woocommerce-loop-product__title\">FERROL 183<\/h2><div class=\"woocommerce-product-details__short-description\">\n\t<p>The Ferrol 183 ceiling fan has a metal body and 9 black blades. It is easy to install<\/div>\n\n<\/figcaption><\/figure><\/li>\n<li class=\"product type-product post-21854 status-publish last instock product_cat-climatizacion-en product_cat-collection-old-en product_cat-ventiladores-de-techo-en has-post-thumbnail shipping-taxable product-type-simple w-item col-3\">\n\t<figure><div class=\"image-wrapper\">\t\t<a href=\"https:\/\/arteconfort.com\/en\/producto\/ferrol-254\/\" class=\"w-fadeslider\">\n\t<img loading=\"lazy\" decoding=\"async\" width=\"1024\" height=\"1024\" src=\"https:\/\/arteconfort.com\/wp-content\/uploads\/2023\/10\/FERROL-254-1.webp\" class=\"attachment-shop_catalog size-shop_catalog wp-post-image\" alt=\"\" srcset=\"https:\/\/arteconfort.com\/wp-content\/uploads\/2023\/10\/FERROL-254-1.webp 1024w, https:\/\/arteconfort.com\/wp-content\/uploads\/2023\/10\/FERROL-254-1-768x768.webp 768w, https:\/\/arteconfort.com\/wp-content\/uploads\/2023\/10\/FERROL-254-1-340x340.webp 340w, https:\/\/arteconfort.com\/wp-content\/uploads\/2023\/10\/FERROL-254-1-640x640.webp 640w, https:\/\/arteconfort.com\/wp-content\/uploads\/2023\/10\/FERROL-254-1-960x960.webp 960w, https:\/\/arteconfort.com\/wp-content\/uploads\/2023\/10\/FERROL-254-1-300x300.webp 300w, https:\/\/arteconfort.com\/wp-content\/uploads\/2023\/10\/FERROL-254-1-600x600.webp 600w, https:\/\/arteconfort.com\/wp-content\/uploads\/2023\/10\/FERROL-254-1-100x100.webp 100w, https:\/\/arteconfort.com\/wp-content\/uploads\/2023\/10\/FERROL-254-1-133x133.webp 133w\" sizes=\"auto, (max-width: 1024px) 100vw, 1024px\" \/>\t<img loading=\"lazy\" decoding=\"async\" width=\"1024\" height=\"1024\" src=\"https:\/\/arteconfort.com\/wp-content\/uploads\/2023\/10\/mando-FERROL-254.webp\" class=\"attachment-shop_catalog size-shop_catalog\" alt=\"\" srcset=\"https:\/\/arteconfort.com\/wp-content\/uploads\/2023\/10\/mando-FERROL-254.webp 1024w, https:\/\/arteconfort.com\/wp-content\/uploads\/2023\/10\/mando-FERROL-254-768x768.webp 768w, https:\/\/arteconfort.com\/wp-content\/uploads\/2023\/10\/mando-FERROL-254-340x340.webp 340w, https:\/\/arteconfort.com\/wp-content\/uploads\/2023\/10\/mando-FERROL-254-640x640.webp 640w, https:\/\/arteconfort.com\/wp-content\/uploads\/2023\/10\/mando-FERROL-254-960x960.webp 960w, https:\/\/arteconfort.com\/wp-content\/uploads\/2023\/10\/mando-FERROL-254-133x133.webp 133w, https:\/\/arteconfort.com\/wp-content\/uploads\/2023\/10\/mando-FERROL-254-300x300.webp 300w, https:\/\/arteconfort.com\/wp-content\/uploads\/2023\/10\/mando-FERROL-254-600x600.webp 600w, https:\/\/arteconfort.com\/wp-content\/uploads\/2023\/10\/mando-FERROL-254-100x100.webp 100w\" sizes=\"auto, (max-width: 1024px) 100vw, 1024px\" \/><img loading=\"lazy\" decoding=\"async\" width=\"1024\" height=\"1024\" src=\"https:\/\/arteconfort.com\/wp-content\/uploads\/2023\/10\/FERROL-254-PERSPECTIVA.webp\" class=\"attachment-shop_catalog size-shop_catalog\" alt=\"\" srcset=\"https:\/\/arteconfort.com\/wp-content\/uploads\/2023\/10\/FERROL-254-PERSPECTIVA.webp 1024w, https:\/\/arteconfort.com\/wp-content\/uploads\/2023\/10\/FERROL-254-PERSPECTIVA-768x768.webp 768w, https:\/\/arteconfort.com\/wp-content\/uploads\/2023\/10\/FERROL-254-PERSPECTIVA-340x340.webp 340w, https:\/\/arteconfort.com\/wp-content\/uploads\/2023\/10\/FERROL-254-PERSPECTIVA-640x640.webp 640w, https:\/\/arteconfort.com\/wp-content\/uploads\/2023\/10\/FERROL-254-PERSPECTIVA-960x960.webp 960w, https:\/\/arteconfort.com\/wp-content\/uploads\/2023\/10\/FERROL-254-PERSPECTIVA-133x133.webp 133w, https:\/\/arteconfort.com\/wp-content\/uploads\/2023\/10\/FERROL-254-PERSPECTIVA-300x300.webp 300w, https:\/\/arteconfort.com\/wp-content\/uploads\/2023\/10\/FERROL-254-PERSPECTIVA-600x600.webp 600w, https:\/\/arteconfort.com\/wp-content\/uploads\/2023\/10\/FERROL-254-PERSPECTIVA-100x100.webp 100w\" sizes=\"auto, (max-width: 1024px) 100vw, 1024px\" \/><img loading=\"lazy\" decoding=\"async\" width=\"1024\" height=\"1024\" src=\"https:\/\/arteconfort.com\/wp-content\/uploads\/2023\/10\/FERROL-254-DETALLE.webp\" class=\"attachment-shop_catalog size-shop_catalog\" alt=\"\" srcset=\"https:\/\/arteconfort.com\/wp-content\/uploads\/2023\/10\/FERROL-254-DETALLE.webp 1024w, https:\/\/arteconfort.com\/wp-content\/uploads\/2023\/10\/FERROL-254-DETALLE-768x768.webp 768w, https:\/\/arteconfort.com\/wp-content\/uploads\/2023\/10\/FERROL-254-DETALLE-340x340.webp 340w, https:\/\/arteconfort.com\/wp-content\/uploads\/2023\/10\/FERROL-254-DETALLE-640x640.webp 640w, https:\/\/arteconfort.com\/wp-content\/uploads\/2023\/10\/FERROL-254-DETALLE-960x960.webp 960w, https:\/\/arteconfort.com\/wp-content\/uploads\/2023\/10\/FERROL-254-DETALLE-133x133.webp 133w, https:\/\/arteconfort.com\/wp-content\/uploads\/2023\/10\/FERROL-254-DETALLE-300x300.webp 300w, https:\/\/arteconfort.com\/wp-content\/uploads\/2023\/10\/FERROL-254-DETALLE-600x600.webp 600w, https:\/\/arteconfort.com\/wp-content\/uploads\/2023\/10\/FERROL-254-DETALLE-100x100.webp 100w\" sizes=\"auto, (max-width: 1024px) 100vw, 1024px\" \/><img loading=\"lazy\" decoding=\"async\" width=\"1024\" height=\"1024\" src=\"https:\/\/arteconfort.com\/wp-content\/uploads\/2023\/10\/FERROL-254-DESDE-ARRIBA.webp\" class=\"attachment-shop_catalog size-shop_catalog\" alt=\"\" srcset=\"https:\/\/arteconfort.com\/wp-content\/uploads\/2023\/10\/FERROL-254-DESDE-ARRIBA.webp 1024w, https:\/\/arteconfort.com\/wp-content\/uploads\/2023\/10\/FERROL-254-DESDE-ARRIBA-768x768.webp 768w, https:\/\/arteconfort.com\/wp-content\/uploads\/2023\/10\/FERROL-254-DESDE-ARRIBA-340x340.webp 340w, https:\/\/arteconfort.com\/wp-content\/uploads\/2023\/10\/FERROL-254-DESDE-ARRIBA-640x640.webp 640w, https:\/\/arteconfort.com\/wp-content\/uploads\/2023\/10\/FERROL-254-DESDE-ARRIBA-960x960.webp 960w, https:\/\/arteconfort.com\/wp-content\/uploads\/2023\/10\/FERROL-254-DESDE-ARRIBA-133x133.webp 133w, https:\/\/arteconfort.com\/wp-content\/uploads\/2023\/10\/FERROL-254-DESDE-ARRIBA-300x300.webp 300w, https:\/\/arteconfort.com\/wp-content\/uploads\/2023\/10\/FERROL-254-DESDE-ARRIBA-600x600.webp 600w, https:\/\/arteconfort.com\/wp-content\/uploads\/2023\/10\/FERROL-254-DESDE-ARRIBA-100x100.webp 100w\" sizes=\"auto, (max-width: 1024px) 100vw, 1024px\" \/><img loading=\"lazy\" decoding=\"async\" width=\"1024\" height=\"1024\" src=\"https:\/\/arteconfort.com\/wp-content\/uploads\/2023\/10\/FERROL-254-DESDE-ABAJO.webp\" class=\"attachment-shop_catalog size-shop_catalog\" alt=\"\" srcset=\"https:\/\/arteconfort.com\/wp-content\/uploads\/2023\/10\/FERROL-254-DESDE-ABAJO.webp 1024w, https:\/\/arteconfort.com\/wp-content\/uploads\/2023\/10\/FERROL-254-DESDE-ABAJO-768x768.webp 768w, https:\/\/arteconfort.com\/wp-content\/uploads\/2023\/10\/FERROL-254-DESDE-ABAJO-340x340.webp 340w, https:\/\/arteconfort.com\/wp-content\/uploads\/2023\/10\/FERROL-254-DESDE-ABAJO-640x640.webp 640w, https:\/\/arteconfort.com\/wp-content\/uploads\/2023\/10\/FERROL-254-DESDE-ABAJO-960x960.webp 960w, https:\/\/arteconfort.com\/wp-content\/uploads\/2023\/10\/FERROL-254-DESDE-ABAJO-133x133.webp 133w, https:\/\/arteconfort.com\/wp-content\/uploads\/2023\/10\/FERROL-254-DESDE-ABAJO-300x300.webp 300w, https:\/\/arteconfort.com\/wp-content\/uploads\/2023\/10\/FERROL-254-DESDE-ABAJO-600x600.webp 600w, https:\/\/arteconfort.com\/wp-content\/uploads\/2023\/10\/FERROL-254-DESDE-ABAJO-100x100.webp 100w\" sizes=\"auto, (max-width: 1024px) 100vw, 1024px\" \/><img loading=\"lazy\" decoding=\"async\" width=\"1024\" height=\"1024\" src=\"https:\/\/arteconfort.com\/wp-content\/uploads\/2023\/10\/FERROL-254-AMBIENTE.webp\" class=\"attachment-shop_catalog size-shop_catalog\" alt=\"\" srcset=\"https:\/\/arteconfort.com\/wp-content\/uploads\/2023\/10\/FERROL-254-AMBIENTE.webp 1024w, https:\/\/arteconfort.com\/wp-content\/uploads\/2023\/10\/FERROL-254-AMBIENTE-768x768.webp 768w, https:\/\/arteconfort.com\/wp-content\/uploads\/2023\/10\/FERROL-254-AMBIENTE-340x340.webp 340w, https:\/\/arteconfort.com\/wp-content\/uploads\/2023\/10\/FERROL-254-AMBIENTE-640x640.webp 640w, https:\/\/arteconfort.com\/wp-content\/uploads\/2023\/10\/FERROL-254-AMBIENTE-960x960.webp 960w, https:\/\/arteconfort.com\/wp-content\/uploads\/2023\/10\/FERROL-254-AMBIENTE-133x133.webp 133w, https:\/\/arteconfort.com\/wp-content\/uploads\/2023\/10\/FERROL-254-AMBIENTE-300x300.webp 300w, https:\/\/arteconfort.com\/wp-content\/uploads\/2023\/10\/FERROL-254-AMBIENTE-600x600.webp 600w, https:\/\/arteconfort.com\/wp-content\/uploads\/2023\/10\/FERROL-254-AMBIENTE-100x100.webp 100w\" sizes=\"auto, (max-width: 1024px) 100vw, 1024px\" \/>\t<\/a>\n\t<div class=\"w-product-status\"><\/div>\t<span id=\"woocommerce_loop_add_to_cart_link_describedby_21854\" class=\"screen-reader-text\">\n\t\t\t<\/span>\n<\/div><div class=\"berocket_better_labels berocket_better_labels_image\"><div class=\"berocket_better_labels_position berocket_better_labels_position_right\"><div class=\"berocket_better_labels_line berocket_better_labels_line_1\"><div class=\"berocket_better_labels_inline berocket_better_labels_inline_1\"><div class=\"br_alabel br_alabel_type_text br_alabel_template_type_css berocket_alabel_id_22611  br_alabel_better_compatibility\" style=\"\"><span  style=\"\"><i style=\"background-color: #000000; border-color: #000000;\" class=\"template-span-before \"><\/i><i style=\"background-color: #000000; border-color: #000000;\" class=\"template-i \"><\/i><i style=\"background-color: #000000; border-color: #000000;\" class=\"template-i-before \"><\/i><i style=\"background-color: #000000; border-color: #000000;\" class=\"template-i-after \"><\/i><b style=\"position: relative;z-index: 100;text-align: center;color: inherit;\">Old collection<\/b><\/span><\/div><\/div><\/div><\/div><\/div><figcaption><h2 class=\"woocommerce-loop-product__title\">FERROL 254<\/h2><div class=\"woocommerce-product-details__short-description\">\n\t<p>The Ferrol 183 ceiling fan has a metal body and 9 black blades. It is easy to install<\/div>\n\n<\/figcaption><\/figure><\/li>\n<li class=\"product type-product post-25429 status-publish first instock product_cat-climatizacion-en product_cat-collection-old-en product_cat-ventiladores-de-techo-en has-post-thumbnail shipping-taxable product-type-simple w-item col-3\">\n\t<figure><div class=\"image-wrapper\">\t\t<a href=\"https:\/\/arteconfort.com\/en\/producto\/gala\/\" class=\"w-fadeslider\">\n\t<img loading=\"lazy\" decoding=\"async\" width=\"1024\" height=\"1024\" src=\"https:\/\/arteconfort.com\/wp-content\/uploads\/2023\/10\/GALA-mando.webp\" class=\"attachment-shop_catalog size-shop_catalog wp-post-image\" alt=\"\" srcset=\"https:\/\/arteconfort.com\/wp-content\/uploads\/2023\/10\/GALA-mando.webp 1024w, https:\/\/arteconfort.com\/wp-content\/uploads\/2023\/10\/GALA-mando-768x768.webp 768w, https:\/\/arteconfort.com\/wp-content\/uploads\/2023\/10\/GALA-mando-340x340.webp 340w, https:\/\/arteconfort.com\/wp-content\/uploads\/2023\/10\/GALA-mando-640x640.webp 640w, https:\/\/arteconfort.com\/wp-content\/uploads\/2023\/10\/GALA-mando-960x960.webp 960w, https:\/\/arteconfort.com\/wp-content\/uploads\/2023\/10\/GALA-mando-300x300.webp 300w, https:\/\/arteconfort.com\/wp-content\/uploads\/2023\/10\/GALA-mando-600x600.webp 600w, https:\/\/arteconfort.com\/wp-content\/uploads\/2023\/10\/GALA-mando-100x100.webp 100w, https:\/\/arteconfort.com\/wp-content\/uploads\/2023\/10\/GALA-mando-133x133.webp 133w\" sizes=\"auto, (max-width: 1024px) 100vw, 1024px\" \/>\t<img loading=\"lazy\" decoding=\"async\" width=\"1024\" height=\"1024\" src=\"https:\/\/arteconfort.com\/wp-content\/uploads\/2023\/10\/GALA-luces.webp\" class=\"attachment-shop_catalog size-shop_catalog\" alt=\"\" srcset=\"https:\/\/arteconfort.com\/wp-content\/uploads\/2023\/10\/GALA-luces.webp 1024w, https:\/\/arteconfort.com\/wp-content\/uploads\/2023\/10\/GALA-luces-768x768.webp 768w, https:\/\/arteconfort.com\/wp-content\/uploads\/2023\/10\/GALA-luces-340x340.webp 340w, https:\/\/arteconfort.com\/wp-content\/uploads\/2023\/10\/GALA-luces-640x640.webp 640w, https:\/\/arteconfort.com\/wp-content\/uploads\/2023\/10\/GALA-luces-960x960.webp 960w, https:\/\/arteconfort.com\/wp-content\/uploads\/2023\/10\/GALA-luces-133x133.webp 133w, https:\/\/arteconfort.com\/wp-content\/uploads\/2023\/10\/GALA-luces-300x300.webp 300w, https:\/\/arteconfort.com\/wp-content\/uploads\/2023\/10\/GALA-luces-600x600.webp 600w, https:\/\/arteconfort.com\/wp-content\/uploads\/2023\/10\/GALA-luces-100x100.webp 100w\" sizes=\"auto, (max-width: 1024px) 100vw, 1024px\" \/><img loading=\"lazy\" decoding=\"async\" width=\"1024\" height=\"1024\" src=\"https:\/\/arteconfort.com\/wp-content\/uploads\/2023\/10\/GALA-detalle-4.webp\" class=\"attachment-shop_catalog size-shop_catalog\" alt=\"\" srcset=\"https:\/\/arteconfort.com\/wp-content\/uploads\/2023\/10\/GALA-detalle-4.webp 1024w, https:\/\/arteconfort.com\/wp-content\/uploads\/2023\/10\/GALA-detalle-4-768x768.webp 768w, https:\/\/arteconfort.com\/wp-content\/uploads\/2023\/10\/GALA-detalle-4-340x340.webp 340w, https:\/\/arteconfort.com\/wp-content\/uploads\/2023\/10\/GALA-detalle-4-640x640.webp 640w, https:\/\/arteconfort.com\/wp-content\/uploads\/2023\/10\/GALA-detalle-4-960x960.webp 960w, https:\/\/arteconfort.com\/wp-content\/uploads\/2023\/10\/GALA-detalle-4-133x133.webp 133w, https:\/\/arteconfort.com\/wp-content\/uploads\/2023\/10\/GALA-detalle-4-300x300.webp 300w, https:\/\/arteconfort.com\/wp-content\/uploads\/2023\/10\/GALA-detalle-4-600x600.webp 600w, https:\/\/arteconfort.com\/wp-content\/uploads\/2023\/10\/GALA-detalle-4-100x100.webp 100w\" sizes=\"auto, (max-width: 1024px) 100vw, 1024px\" \/><img loading=\"lazy\" decoding=\"async\" width=\"1024\" height=\"1024\" src=\"https:\/\/arteconfort.com\/wp-content\/uploads\/2023\/10\/GALA-detalle-3.webp\" class=\"attachment-shop_catalog size-shop_catalog\" alt=\"\" srcset=\"https:\/\/arteconfort.com\/wp-content\/uploads\/2023\/10\/GALA-detalle-3.webp 1024w, https:\/\/arteconfort.com\/wp-content\/uploads\/2023\/10\/GALA-detalle-3-768x768.webp 768w, https:\/\/arteconfort.com\/wp-content\/uploads\/2023\/10\/GALA-detalle-3-340x340.webp 340w, https:\/\/arteconfort.com\/wp-content\/uploads\/2023\/10\/GALA-detalle-3-640x640.webp 640w, https:\/\/arteconfort.com\/wp-content\/uploads\/2023\/10\/GALA-detalle-3-960x960.webp 960w, https:\/\/arteconfort.com\/wp-content\/uploads\/2023\/10\/GALA-detalle-3-133x133.webp 133w, https:\/\/arteconfort.com\/wp-content\/uploads\/2023\/10\/GALA-detalle-3-300x300.webp 300w, https:\/\/arteconfort.com\/wp-content\/uploads\/2023\/10\/GALA-detalle-3-600x600.webp 600w, https:\/\/arteconfort.com\/wp-content\/uploads\/2023\/10\/GALA-detalle-3-100x100.webp 100w\" sizes=\"auto, (max-width: 1024px) 100vw, 1024px\" \/><img loading=\"lazy\" decoding=\"async\" width=\"1024\" height=\"1024\" src=\"https:\/\/arteconfort.com\/wp-content\/uploads\/2023\/10\/GALA-detalle-2.webp\" class=\"attachment-shop_catalog size-shop_catalog\" alt=\"\" srcset=\"https:\/\/arteconfort.com\/wp-content\/uploads\/2023\/10\/GALA-detalle-2.webp 1024w, https:\/\/arteconfort.com\/wp-content\/uploads\/2023\/10\/GALA-detalle-2-768x768.webp 768w, https:\/\/arteconfort.com\/wp-content\/uploads\/2023\/10\/GALA-detalle-2-340x340.webp 340w, https:\/\/arteconfort.com\/wp-content\/uploads\/2023\/10\/GALA-detalle-2-640x640.webp 640w, https:\/\/arteconfort.com\/wp-content\/uploads\/2023\/10\/GALA-detalle-2-960x960.webp 960w, https:\/\/arteconfort.com\/wp-content\/uploads\/2023\/10\/GALA-detalle-2-133x133.webp 133w, https:\/\/arteconfort.com\/wp-content\/uploads\/2023\/10\/GALA-detalle-2-300x300.webp 300w, https:\/\/arteconfort.com\/wp-content\/uploads\/2023\/10\/GALA-detalle-2-600x600.webp 600w, https:\/\/arteconfort.com\/wp-content\/uploads\/2023\/10\/GALA-detalle-2-100x100.webp 100w\" sizes=\"auto, (max-width: 1024px) 100vw, 1024px\" \/><img loading=\"lazy\" decoding=\"async\" width=\"1024\" height=\"1024\" src=\"https:\/\/arteconfort.com\/wp-content\/uploads\/2023\/10\/GALA-detalle.webp\" class=\"attachment-shop_catalog size-shop_catalog\" alt=\"\" srcset=\"https:\/\/arteconfort.com\/wp-content\/uploads\/2023\/10\/GALA-detalle.webp 1024w, https:\/\/arteconfort.com\/wp-content\/uploads\/2023\/10\/GALA-detalle-768x768.webp 768w, https:\/\/arteconfort.com\/wp-content\/uploads\/2023\/10\/GALA-detalle-340x340.webp 340w, https:\/\/arteconfort.com\/wp-content\/uploads\/2023\/10\/GALA-detalle-640x640.webp 640w, https:\/\/arteconfort.com\/wp-content\/uploads\/2023\/10\/GALA-detalle-960x960.webp 960w, https:\/\/arteconfort.com\/wp-content\/uploads\/2023\/10\/GALA-detalle-133x133.webp 133w, https:\/\/arteconfort.com\/wp-content\/uploads\/2023\/10\/GALA-detalle-300x300.webp 300w, https:\/\/arteconfort.com\/wp-content\/uploads\/2023\/10\/GALA-detalle-600x600.webp 600w, https:\/\/arteconfort.com\/wp-content\/uploads\/2023\/10\/GALA-detalle-100x100.webp 100w\" sizes=\"auto, (max-width: 1024px) 100vw, 1024px\" \/><img loading=\"lazy\" decoding=\"async\" width=\"1024\" height=\"1024\" src=\"https:\/\/arteconfort.com\/wp-content\/uploads\/2023\/10\/GALA-ambiente-6.webp\" class=\"attachment-shop_catalog size-shop_catalog\" alt=\"\" srcset=\"https:\/\/arteconfort.com\/wp-content\/uploads\/2023\/10\/GALA-ambiente-6.webp 1024w, https:\/\/arteconfort.com\/wp-content\/uploads\/2023\/10\/GALA-ambiente-6-768x768.webp 768w, https:\/\/arteconfort.com\/wp-content\/uploads\/2023\/10\/GALA-ambiente-6-340x340.webp 340w, https:\/\/arteconfort.com\/wp-content\/uploads\/2023\/10\/GALA-ambiente-6-640x640.webp 640w, https:\/\/arteconfort.com\/wp-content\/uploads\/2023\/10\/GALA-ambiente-6-960x960.webp 960w, https:\/\/arteconfort.com\/wp-content\/uploads\/2023\/10\/GALA-ambiente-6-133x133.webp 133w, https:\/\/arteconfort.com\/wp-content\/uploads\/2023\/10\/GALA-ambiente-6-300x300.webp 300w, https:\/\/arteconfort.com\/wp-content\/uploads\/2023\/10\/GALA-ambiente-6-600x600.webp 600w, https:\/\/arteconfort.com\/wp-content\/uploads\/2023\/10\/GALA-ambiente-6-100x100.webp 100w\" sizes=\"auto, (max-width: 1024px) 100vw, 1024px\" \/><img loading=\"lazy\" decoding=\"async\" width=\"1024\" height=\"1024\" src=\"https:\/\/arteconfort.com\/wp-content\/uploads\/2023\/10\/GALA-ambiente-5.webp\" class=\"attachment-shop_catalog size-shop_catalog\" alt=\"\" srcset=\"https:\/\/arteconfort.com\/wp-content\/uploads\/2023\/10\/GALA-ambiente-5.webp 1024w, https:\/\/arteconfort.com\/wp-content\/uploads\/2023\/10\/GALA-ambiente-5-768x768.webp 768w, https:\/\/arteconfort.com\/wp-content\/uploads\/2023\/10\/GALA-ambiente-5-340x340.webp 340w, https:\/\/arteconfort.com\/wp-content\/uploads\/2023\/10\/GALA-ambiente-5-640x640.webp 640w, https:\/\/arteconfort.com\/wp-content\/uploads\/2023\/10\/GALA-ambiente-5-960x960.webp 960w, https:\/\/arteconfort.com\/wp-content\/uploads\/2023\/10\/GALA-ambiente-5-133x133.webp 133w, https:\/\/arteconfort.com\/wp-content\/uploads\/2023\/10\/GALA-ambiente-5-300x300.webp 300w, https:\/\/arteconfort.com\/wp-content\/uploads\/2023\/10\/GALA-ambiente-5-600x600.webp 600w, https:\/\/arteconfort.com\/wp-content\/uploads\/2023\/10\/GALA-ambiente-5-100x100.webp 100w\" sizes=\"auto, (max-width: 1024px) 100vw, 1024px\" \/><img loading=\"lazy\" decoding=\"async\" width=\"1024\" height=\"1024\" src=\"https:\/\/arteconfort.com\/wp-content\/uploads\/2023\/10\/GALA-ambiente-4.webp\" class=\"attachment-shop_catalog size-shop_catalog\" alt=\"\" srcset=\"https:\/\/arteconfort.com\/wp-content\/uploads\/2023\/10\/GALA-ambiente-4.webp 1024w, https:\/\/arteconfort.com\/wp-content\/uploads\/2023\/10\/GALA-ambiente-4-768x768.webp 768w, https:\/\/arteconfort.com\/wp-content\/uploads\/2023\/10\/GALA-ambiente-4-340x340.webp 340w, https:\/\/arteconfort.com\/wp-content\/uploads\/2023\/10\/GALA-ambiente-4-640x640.webp 640w, https:\/\/arteconfort.com\/wp-content\/uploads\/2023\/10\/GALA-ambiente-4-960x960.webp 960w, https:\/\/arteconfort.com\/wp-content\/uploads\/2023\/10\/GALA-ambiente-4-133x133.webp 133w, https:\/\/arteconfort.com\/wp-content\/uploads\/2023\/10\/GALA-ambiente-4-300x300.webp 300w, https:\/\/arteconfort.com\/wp-content\/uploads\/2023\/10\/GALA-ambiente-4-600x600.webp 600w, https:\/\/arteconfort.com\/wp-content\/uploads\/2023\/10\/GALA-ambiente-4-100x100.webp 100w\" sizes=\"auto, (max-width: 1024px) 100vw, 1024px\" \/><img loading=\"lazy\" decoding=\"async\" width=\"1024\" height=\"1024\" src=\"https:\/\/arteconfort.com\/wp-content\/uploads\/2023\/10\/GALA-ambiente-3.webp\" class=\"attachment-shop_catalog size-shop_catalog\" alt=\"\" srcset=\"https:\/\/arteconfort.com\/wp-content\/uploads\/2023\/10\/GALA-ambiente-3.webp 1024w, https:\/\/arteconfort.com\/wp-content\/uploads\/2023\/10\/GALA-ambiente-3-768x768.webp 768w, https:\/\/arteconfort.com\/wp-content\/uploads\/2023\/10\/GALA-ambiente-3-340x340.webp 340w, https:\/\/arteconfort.com\/wp-content\/uploads\/2023\/10\/GALA-ambiente-3-640x640.webp 640w, https:\/\/arteconfort.com\/wp-content\/uploads\/2023\/10\/GALA-ambiente-3-960x960.webp 960w, https:\/\/arteconfort.com\/wp-content\/uploads\/2023\/10\/GALA-ambiente-3-133x133.webp 133w, https:\/\/arteconfort.com\/wp-content\/uploads\/2023\/10\/GALA-ambiente-3-300x300.webp 300w, https:\/\/arteconfort.com\/wp-content\/uploads\/2023\/10\/GALA-ambiente-3-600x600.webp 600w, https:\/\/arteconfort.com\/wp-content\/uploads\/2023\/10\/GALA-ambiente-3-100x100.webp 100w\" sizes=\"auto, (max-width: 1024px) 100vw, 1024px\" \/><img loading=\"lazy\" decoding=\"async\" width=\"1024\" height=\"1024\" src=\"https:\/\/arteconfort.com\/wp-content\/uploads\/2023\/10\/GALA-grafico.webp\" class=\"attachment-shop_catalog size-shop_catalog\" alt=\"\" srcset=\"https:\/\/arteconfort.com\/wp-content\/uploads\/2023\/10\/GALA-grafico.webp 1024w, https:\/\/arteconfort.com\/wp-content\/uploads\/2023\/10\/GALA-grafico-768x768.webp 768w, https:\/\/arteconfort.com\/wp-content\/uploads\/2023\/10\/GALA-grafico-340x340.webp 340w, https:\/\/arteconfort.com\/wp-content\/uploads\/2023\/10\/GALA-grafico-640x640.webp 640w, https:\/\/arteconfort.com\/wp-content\/uploads\/2023\/10\/GALA-grafico-960x960.webp 960w, https:\/\/arteconfort.com\/wp-content\/uploads\/2023\/10\/GALA-grafico-133x133.webp 133w, https:\/\/arteconfort.com\/wp-content\/uploads\/2023\/10\/GALA-grafico-300x300.webp 300w, https:\/\/arteconfort.com\/wp-content\/uploads\/2023\/10\/GALA-grafico-600x600.webp 600w, https:\/\/arteconfort.com\/wp-content\/uploads\/2023\/10\/GALA-grafico-100x100.webp 100w\" sizes=\"auto, (max-width: 1024px) 100vw, 1024px\" \/>\t<\/a>\n\t<div class=\"w-product-status\"><\/div>\t<span id=\"woocommerce_loop_add_to_cart_link_describedby_25429\" class=\"screen-reader-text\">\n\t\t\t<\/span>\n<\/div><div class=\"berocket_better_labels berocket_better_labels_image\"><div class=\"berocket_better_labels_position berocket_better_labels_position_right\"><div class=\"berocket_better_labels_line berocket_better_labels_line_1\"><div class=\"berocket_better_labels_inline berocket_better_labels_inline_1\"><div class=\"br_alabel br_alabel_type_text br_alabel_template_type_css berocket_alabel_id_22611  br_alabel_better_compatibility\" style=\"\"><span  style=\"\"><i style=\"background-color: #000000; border-color: #000000;\" class=\"template-span-before \"><\/i><i style=\"background-color: #000000; border-color: #000000;\" class=\"template-i \"><\/i><i style=\"background-color: #000000; border-color: #000000;\" class=\"template-i-before \"><\/i><i style=\"background-color: #000000; border-color: #000000;\" class=\"template-i-after \"><\/i><b style=\"position: relative;z-index: 100;text-align: center;color: inherit;\">Old collection<\/b><\/span><\/div><\/div><\/div><\/div><\/div><figcaption><h2 class=\"woocommerce-loop-product__title\">GALA<\/h2><div class=\"woocommerce-product-details__short-description\">\n\t<p>GALA IP44 outdoor ceiling fan with integrated LED light and colour temperature memory. It has a black body<\/div>\n\n<\/figcaption><\/figure><\/li>\n<li class=\"product type-product post-46180 status-publish instock product_cat-climatizacion-en product_cat-ventiladores-de-techo-en has-post-thumbnail shipping-taxable product-type-simple w-item col-3\">\n\t<figure><div class=\"image-wrapper\">\t\t<a href=\"https:\/\/arteconfort.com\/en\/producto\/ginebra\/\" class=\"w-fadeslider\">\n\t<img loading=\"lazy\" decoding=\"async\" width=\"1024\" height=\"1024\" src=\"https:\/\/arteconfort.com\/wp-content\/uploads\/2025\/04\/GINEBRA-BLANCO-mando.webp\" class=\"attachment-shop_catalog size-shop_catalog wp-post-image\" alt=\"\" srcset=\"https:\/\/arteconfort.com\/wp-content\/uploads\/2025\/04\/GINEBRA-BLANCO-mando.webp 1024w, https:\/\/arteconfort.com\/wp-content\/uploads\/2025\/04\/GINEBRA-BLANCO-mando-768x768.webp 768w, https:\/\/arteconfort.com\/wp-content\/uploads\/2025\/04\/GINEBRA-BLANCO-mando-340x340.webp 340w, https:\/\/arteconfort.com\/wp-content\/uploads\/2025\/04\/GINEBRA-BLANCO-mando-640x640.webp 640w, https:\/\/arteconfort.com\/wp-content\/uploads\/2025\/04\/GINEBRA-BLANCO-mando-960x960.webp 960w, https:\/\/arteconfort.com\/wp-content\/uploads\/2025\/04\/GINEBRA-BLANCO-mando-300x300.webp 300w, https:\/\/arteconfort.com\/wp-content\/uploads\/2025\/04\/GINEBRA-BLANCO-mando-600x600.webp 600w, https:\/\/arteconfort.com\/wp-content\/uploads\/2025\/04\/GINEBRA-BLANCO-mando-100x100.webp 100w\" sizes=\"auto, (max-width: 1024px) 100vw, 1024px\" \/>\t<img loading=\"lazy\" decoding=\"async\" width=\"1024\" height=\"1024\" src=\"https:\/\/arteconfort.com\/wp-content\/uploads\/2025\/04\/GINEBRA-NEGRO-mando.webp\" class=\"attachment-shop_catalog size-shop_catalog\" alt=\"\" srcset=\"https:\/\/arteconfort.com\/wp-content\/uploads\/2025\/04\/GINEBRA-NEGRO-mando.webp 1024w, https:\/\/arteconfort.com\/wp-content\/uploads\/2025\/04\/GINEBRA-NEGRO-mando-768x768.webp 768w, https:\/\/arteconfort.com\/wp-content\/uploads\/2025\/04\/GINEBRA-NEGRO-mando-340x340.webp 340w, https:\/\/arteconfort.com\/wp-content\/uploads\/2025\/04\/GINEBRA-NEGRO-mando-640x640.webp 640w, https:\/\/arteconfort.com\/wp-content\/uploads\/2025\/04\/GINEBRA-NEGRO-mando-960x960.webp 960w, https:\/\/arteconfort.com\/wp-content\/uploads\/2025\/04\/GINEBRA-NEGRO-mando-300x300.webp 300w, https:\/\/arteconfort.com\/wp-content\/uploads\/2025\/04\/GINEBRA-NEGRO-mando-600x600.webp 600w, https:\/\/arteconfort.com\/wp-content\/uploads\/2025\/04\/GINEBRA-NEGRO-mando-100x100.webp 100w\" sizes=\"auto, (max-width: 1024px) 100vw, 1024px\" \/><img loading=\"lazy\" decoding=\"async\" width=\"1024\" height=\"1024\" src=\"https:\/\/arteconfort.com\/wp-content\/uploads\/2025\/04\/GINEBRA-BLANCO-cerrado.webp\" class=\"attachment-shop_catalog size-shop_catalog\" alt=\"\" srcset=\"https:\/\/arteconfort.com\/wp-content\/uploads\/2025\/04\/GINEBRA-BLANCO-cerrado.webp 1024w, https:\/\/arteconfort.com\/wp-content\/uploads\/2025\/04\/GINEBRA-BLANCO-cerrado-768x768.webp 768w, https:\/\/arteconfort.com\/wp-content\/uploads\/2025\/04\/GINEBRA-BLANCO-cerrado-340x340.webp 340w, https:\/\/arteconfort.com\/wp-content\/uploads\/2025\/04\/GINEBRA-BLANCO-cerrado-640x640.webp 640w, https:\/\/arteconfort.com\/wp-content\/uploads\/2025\/04\/GINEBRA-BLANCO-cerrado-960x960.webp 960w, https:\/\/arteconfort.com\/wp-content\/uploads\/2025\/04\/GINEBRA-BLANCO-cerrado-300x300.webp 300w, https:\/\/arteconfort.com\/wp-content\/uploads\/2025\/04\/GINEBRA-BLANCO-cerrado-600x600.webp 600w, https:\/\/arteconfort.com\/wp-content\/uploads\/2025\/04\/GINEBRA-BLANCO-cerrado-100x100.webp 100w\" sizes=\"auto, (max-width: 1024px) 100vw, 1024px\" \/><img loading=\"lazy\" decoding=\"async\" width=\"1024\" height=\"1024\" src=\"https:\/\/arteconfort.com\/wp-content\/uploads\/2025\/04\/GINEBRA-NEGRO-cerrado.webp\" class=\"attachment-shop_catalog size-shop_catalog\" alt=\"\" srcset=\"https:\/\/arteconfort.com\/wp-content\/uploads\/2025\/04\/GINEBRA-NEGRO-cerrado.webp 1024w, https:\/\/arteconfort.com\/wp-content\/uploads\/2025\/04\/GINEBRA-NEGRO-cerrado-768x768.webp 768w, https:\/\/arteconfort.com\/wp-content\/uploads\/2025\/04\/GINEBRA-NEGRO-cerrado-340x340.webp 340w, https:\/\/arteconfort.com\/wp-content\/uploads\/2025\/04\/GINEBRA-NEGRO-cerrado-640x640.webp 640w, https:\/\/arteconfort.com\/wp-content\/uploads\/2025\/04\/GINEBRA-NEGRO-cerrado-960x960.webp 960w, https:\/\/arteconfort.com\/wp-content\/uploads\/2025\/04\/GINEBRA-NEGRO-cerrado-300x300.webp 300w, https:\/\/arteconfort.com\/wp-content\/uploads\/2025\/04\/GINEBRA-NEGRO-cerrado-600x600.webp 600w, https:\/\/arteconfort.com\/wp-content\/uploads\/2025\/04\/GINEBRA-NEGRO-cerrado-100x100.webp 100w\" sizes=\"auto, (max-width: 1024px) 100vw, 1024px\" \/><img loading=\"lazy\" decoding=\"async\" width=\"1024\" height=\"1024\" src=\"https:\/\/arteconfort.com\/wp-content\/uploads\/2025\/04\/GINEBRA-Blanco-Temperaturas-03.webp\" class=\"attachment-shop_catalog size-shop_catalog\" alt=\"\" srcset=\"https:\/\/arteconfort.com\/wp-content\/uploads\/2025\/04\/GINEBRA-Blanco-Temperaturas-03.webp 1024w, https:\/\/arteconfort.com\/wp-content\/uploads\/2025\/04\/GINEBRA-Blanco-Temperaturas-03-768x768.webp 768w, https:\/\/arteconfort.com\/wp-content\/uploads\/2025\/04\/GINEBRA-Blanco-Temperaturas-03-340x340.webp 340w, https:\/\/arteconfort.com\/wp-content\/uploads\/2025\/04\/GINEBRA-Blanco-Temperaturas-03-640x640.webp 640w, https:\/\/arteconfort.com\/wp-content\/uploads\/2025\/04\/GINEBRA-Blanco-Temperaturas-03-960x960.webp 960w, https:\/\/arteconfort.com\/wp-content\/uploads\/2025\/04\/GINEBRA-Blanco-Temperaturas-03-300x300.webp 300w, https:\/\/arteconfort.com\/wp-content\/uploads\/2025\/04\/GINEBRA-Blanco-Temperaturas-03-600x600.webp 600w, https:\/\/arteconfort.com\/wp-content\/uploads\/2025\/04\/GINEBRA-Blanco-Temperaturas-03-100x100.webp 100w\" sizes=\"auto, (max-width: 1024px) 100vw, 1024px\" \/><img loading=\"lazy\" decoding=\"async\" width=\"1024\" height=\"1024\" src=\"https:\/\/arteconfort.com\/wp-content\/uploads\/2025\/04\/GINEBRA-Negro-Temperaturas-03.webp\" class=\"attachment-shop_catalog size-shop_catalog\" alt=\"\" srcset=\"https:\/\/arteconfort.com\/wp-content\/uploads\/2025\/04\/GINEBRA-Negro-Temperaturas-03.webp 1024w, https:\/\/arteconfort.com\/wp-content\/uploads\/2025\/04\/GINEBRA-Negro-Temperaturas-03-768x768.webp 768w, https:\/\/arteconfort.com\/wp-content\/uploads\/2025\/04\/GINEBRA-Negro-Temperaturas-03-340x340.webp 340w, https:\/\/arteconfort.com\/wp-content\/uploads\/2025\/04\/GINEBRA-Negro-Temperaturas-03-640x640.webp 640w, https:\/\/arteconfort.com\/wp-content\/uploads\/2025\/04\/GINEBRA-Negro-Temperaturas-03-960x960.webp 960w, https:\/\/arteconfort.com\/wp-content\/uploads\/2025\/04\/GINEBRA-Negro-Temperaturas-03-300x300.webp 300w, https:\/\/arteconfort.com\/wp-content\/uploads\/2025\/04\/GINEBRA-Negro-Temperaturas-03-600x600.webp 600w, https:\/\/arteconfort.com\/wp-content\/uploads\/2025\/04\/GINEBRA-Negro-Temperaturas-03-100x100.webp 100w\" sizes=\"auto, (max-width: 1024px) 100vw, 1024px\" \/>\t<\/a>\n\t<div class=\"w-product-status\"><\/div>\t<span id=\"woocommerce_loop_add_to_cart_link_describedby_46180\" class=\"screen-reader-text\">\n\t\t\t<\/span>\n<\/div><figcaption><h2 class=\"woocommerce-loop-product__title\">GINEBRA<\/h2><div class=\"woocommerce-product-details__short-description\">\n\t<p>The GINEBRA ceiling fan with retractable or concealed blades incorporates LED light and color temperature memory. It has<\/div>\n\n<\/figcaption><\/figure><\/li>\n<li class=\"product type-product post-42813 status-publish instock product_cat-climatizacion-en product_cat-collection-old-en product_cat-ventiladores-de-techo-en has-post-thumbnail shipping-taxable product-type-simple w-item col-3\">\n\t<figure><div class=\"image-wrapper\">\t\t<a href=\"https:\/\/arteconfort.com\/en\/producto\/hanoi\/\" class=\"w-fadeslider\">\n\t<img loading=\"lazy\" decoding=\"async\" width=\"1024\" height=\"1024\" src=\"https:\/\/arteconfort.com\/wp-content\/uploads\/2024\/06\/HANOI-mando.webp\" class=\"attachment-shop_catalog size-shop_catalog wp-post-image\" alt=\"Ventilador HANOI mando\" srcset=\"https:\/\/arteconfort.com\/wp-content\/uploads\/2024\/06\/HANOI-mando.webp 1024w, https:\/\/arteconfort.com\/wp-content\/uploads\/2024\/06\/HANOI-mando-768x768.webp 768w, https:\/\/arteconfort.com\/wp-content\/uploads\/2024\/06\/HANOI-mando-340x340.webp 340w, https:\/\/arteconfort.com\/wp-content\/uploads\/2024\/06\/HANOI-mando-640x640.webp 640w, https:\/\/arteconfort.com\/wp-content\/uploads\/2024\/06\/HANOI-mando-960x960.webp 960w, https:\/\/arteconfort.com\/wp-content\/uploads\/2024\/06\/HANOI-mando-300x300.webp 300w, https:\/\/arteconfort.com\/wp-content\/uploads\/2024\/06\/HANOI-mando-600x600.webp 600w, https:\/\/arteconfort.com\/wp-content\/uploads\/2024\/06\/HANOI-mando-100x100.webp 100w, https:\/\/arteconfort.com\/wp-content\/uploads\/2024\/06\/HANOI-mando-133x133.webp 133w\" sizes=\"auto, (max-width: 1024px) 100vw, 1024px\" \/>\t<img loading=\"lazy\" decoding=\"async\" width=\"1024\" height=\"1024\" src=\"https:\/\/arteconfort.com\/wp-content\/uploads\/2024\/06\/ventilador-HANOI-31531078-ambiente-1.webp\" class=\"attachment-shop_catalog size-shop_catalog\" alt=\"Ventilador HANOI ambiente dia\" srcset=\"https:\/\/arteconfort.com\/wp-content\/uploads\/2024\/06\/ventilador-HANOI-31531078-ambiente-1.webp 1024w, https:\/\/arteconfort.com\/wp-content\/uploads\/2024\/06\/ventilador-HANOI-31531078-ambiente-1-768x768.webp 768w, https:\/\/arteconfort.com\/wp-content\/uploads\/2024\/06\/ventilador-HANOI-31531078-ambiente-1-340x340.webp 340w, https:\/\/arteconfort.com\/wp-content\/uploads\/2024\/06\/ventilador-HANOI-31531078-ambiente-1-640x640.webp 640w, https:\/\/arteconfort.com\/wp-content\/uploads\/2024\/06\/ventilador-HANOI-31531078-ambiente-1-960x960.webp 960w, https:\/\/arteconfort.com\/wp-content\/uploads\/2024\/06\/ventilador-HANOI-31531078-ambiente-1-133x133.webp 133w, https:\/\/arteconfort.com\/wp-content\/uploads\/2024\/06\/ventilador-HANOI-31531078-ambiente-1-300x300.webp 300w, https:\/\/arteconfort.com\/wp-content\/uploads\/2024\/06\/ventilador-HANOI-31531078-ambiente-1-600x600.webp 600w, https:\/\/arteconfort.com\/wp-content\/uploads\/2024\/06\/ventilador-HANOI-31531078-ambiente-1-100x100.webp 100w\" sizes=\"auto, (max-width: 1024px) 100vw, 1024px\" \/><img loading=\"lazy\" decoding=\"async\" width=\"1024\" height=\"1024\" src=\"https:\/\/arteconfort.com\/wp-content\/uploads\/2024\/06\/ventilador-HANOI-31531078-2.webp\" class=\"attachment-shop_catalog size-shop_catalog\" alt=\"Ventilador HANOI vista perspectiva\" srcset=\"https:\/\/arteconfort.com\/wp-content\/uploads\/2024\/06\/ventilador-HANOI-31531078-2.webp 1024w, https:\/\/arteconfort.com\/wp-content\/uploads\/2024\/06\/ventilador-HANOI-31531078-2-768x768.webp 768w, https:\/\/arteconfort.com\/wp-content\/uploads\/2024\/06\/ventilador-HANOI-31531078-2-340x340.webp 340w, https:\/\/arteconfort.com\/wp-content\/uploads\/2024\/06\/ventilador-HANOI-31531078-2-640x640.webp 640w, https:\/\/arteconfort.com\/wp-content\/uploads\/2024\/06\/ventilador-HANOI-31531078-2-960x960.webp 960w, https:\/\/arteconfort.com\/wp-content\/uploads\/2024\/06\/ventilador-HANOI-31531078-2-133x133.webp 133w, https:\/\/arteconfort.com\/wp-content\/uploads\/2024\/06\/ventilador-HANOI-31531078-2-300x300.webp 300w, https:\/\/arteconfort.com\/wp-content\/uploads\/2024\/06\/ventilador-HANOI-31531078-2-600x600.webp 600w, https:\/\/arteconfort.com\/wp-content\/uploads\/2024\/06\/ventilador-HANOI-31531078-2-100x100.webp 100w\" sizes=\"auto, (max-width: 1024px) 100vw, 1024px\" \/><img loading=\"lazy\" decoding=\"async\" width=\"1024\" height=\"1024\" src=\"https:\/\/arteconfort.com\/wp-content\/uploads\/2024\/06\/ventilador-HANOI-31531078-4.webp\" class=\"attachment-shop_catalog size-shop_catalog\" alt=\"Ventilador HANOI vista lateral\" srcset=\"https:\/\/arteconfort.com\/wp-content\/uploads\/2024\/06\/ventilador-HANOI-31531078-4.webp 1024w, https:\/\/arteconfort.com\/wp-content\/uploads\/2024\/06\/ventilador-HANOI-31531078-4-768x768.webp 768w, https:\/\/arteconfort.com\/wp-content\/uploads\/2024\/06\/ventilador-HANOI-31531078-4-340x340.webp 340w, https:\/\/arteconfort.com\/wp-content\/uploads\/2024\/06\/ventilador-HANOI-31531078-4-640x640.webp 640w, https:\/\/arteconfort.com\/wp-content\/uploads\/2024\/06\/ventilador-HANOI-31531078-4-960x960.webp 960w, https:\/\/arteconfort.com\/wp-content\/uploads\/2024\/06\/ventilador-HANOI-31531078-4-133x133.webp 133w, https:\/\/arteconfort.com\/wp-content\/uploads\/2024\/06\/ventilador-HANOI-31531078-4-300x300.webp 300w, https:\/\/arteconfort.com\/wp-content\/uploads\/2024\/06\/ventilador-HANOI-31531078-4-600x600.webp 600w, https:\/\/arteconfort.com\/wp-content\/uploads\/2024\/06\/ventilador-HANOI-31531078-4-100x100.webp 100w\" sizes=\"auto, (max-width: 1024px) 100vw, 1024px\" \/><img loading=\"lazy\" decoding=\"async\" width=\"1024\" height=\"1055\" src=\"https:\/\/arteconfort.com\/wp-content\/uploads\/2024\/06\/HANOI-planta.webp\" class=\"attachment-shop_catalog size-shop_catalog\" alt=\"Ventilador HANOI planta\" srcset=\"https:\/\/arteconfort.com\/wp-content\/uploads\/2024\/06\/HANOI-planta.webp 1024w, https:\/\/arteconfort.com\/wp-content\/uploads\/2024\/06\/HANOI-planta-768x791.webp 768w, https:\/\/arteconfort.com\/wp-content\/uploads\/2024\/06\/HANOI-planta-640x659.webp 640w, https:\/\/arteconfort.com\/wp-content\/uploads\/2024\/06\/HANOI-planta-600x618.webp 600w\" sizes=\"auto, (max-width: 1024px) 100vw, 1024px\" \/><img loading=\"lazy\" decoding=\"async\" width=\"1024\" height=\"1024\" src=\"https:\/\/arteconfort.com\/wp-content\/uploads\/2024\/06\/HANOI-embellecedor.webp\" class=\"attachment-shop_catalog size-shop_catalog\" alt=\"Ventilador HANOI embellecedor\" srcset=\"https:\/\/arteconfort.com\/wp-content\/uploads\/2024\/06\/HANOI-embellecedor.webp 1024w, https:\/\/arteconfort.com\/wp-content\/uploads\/2024\/06\/HANOI-embellecedor-768x768.webp 768w, https:\/\/arteconfort.com\/wp-content\/uploads\/2024\/06\/HANOI-embellecedor-340x340.webp 340w, https:\/\/arteconfort.com\/wp-content\/uploads\/2024\/06\/HANOI-embellecedor-640x640.webp 640w, https:\/\/arteconfort.com\/wp-content\/uploads\/2024\/06\/HANOI-embellecedor-960x960.webp 960w, https:\/\/arteconfort.com\/wp-content\/uploads\/2024\/06\/HANOI-embellecedor-133x133.webp 133w, https:\/\/arteconfort.com\/wp-content\/uploads\/2024\/06\/HANOI-embellecedor-300x300.webp 300w, https:\/\/arteconfort.com\/wp-content\/uploads\/2024\/06\/HANOI-embellecedor-600x600.webp 600w, https:\/\/arteconfort.com\/wp-content\/uploads\/2024\/06\/HANOI-embellecedor-100x100.webp 100w\" sizes=\"auto, (max-width: 1024px) 100vw, 1024px\" \/><img loading=\"lazy\" decoding=\"async\" width=\"1024\" height=\"1024\" src=\"https:\/\/arteconfort.com\/wp-content\/uploads\/2024\/06\/ventilador-HANOI-31531078-detalle-2.webp\" class=\"attachment-shop_catalog size-shop_catalog\" alt=\"Ventilador HANOI aspa\" srcset=\"https:\/\/arteconfort.com\/wp-content\/uploads\/2024\/06\/ventilador-HANOI-31531078-detalle-2.webp 1024w, https:\/\/arteconfort.com\/wp-content\/uploads\/2024\/06\/ventilador-HANOI-31531078-detalle-2-768x768.webp 768w, https:\/\/arteconfort.com\/wp-content\/uploads\/2024\/06\/ventilador-HANOI-31531078-detalle-2-340x340.webp 340w, https:\/\/arteconfort.com\/wp-content\/uploads\/2024\/06\/ventilador-HANOI-31531078-detalle-2-640x640.webp 640w, https:\/\/arteconfort.com\/wp-content\/uploads\/2024\/06\/ventilador-HANOI-31531078-detalle-2-960x960.webp 960w, https:\/\/arteconfort.com\/wp-content\/uploads\/2024\/06\/ventilador-HANOI-31531078-detalle-2-133x133.webp 133w, https:\/\/arteconfort.com\/wp-content\/uploads\/2024\/06\/ventilador-HANOI-31531078-detalle-2-300x300.webp 300w, https:\/\/arteconfort.com\/wp-content\/uploads\/2024\/06\/ventilador-HANOI-31531078-detalle-2-600x600.webp 600w, https:\/\/arteconfort.com\/wp-content\/uploads\/2024\/06\/ventilador-HANOI-31531078-detalle-2-100x100.webp 100w\" sizes=\"auto, (max-width: 1024px) 100vw, 1024px\" \/><img loading=\"lazy\" decoding=\"async\" width=\"1024\" height=\"1024\" src=\"https:\/\/arteconfort.com\/wp-content\/uploads\/2024\/06\/ventilador-HANOI-31531078-mando.webp\" class=\"attachment-shop_catalog size-shop_catalog\" alt=\"Ventilador HANOI mando\" srcset=\"https:\/\/arteconfort.com\/wp-content\/uploads\/2024\/06\/ventilador-HANOI-31531078-mando.webp 1024w, https:\/\/arteconfort.com\/wp-content\/uploads\/2024\/06\/ventilador-HANOI-31531078-mando-768x768.webp 768w, https:\/\/arteconfort.com\/wp-content\/uploads\/2024\/06\/ventilador-HANOI-31531078-mando-340x340.webp 340w, https:\/\/arteconfort.com\/wp-content\/uploads\/2024\/06\/ventilador-HANOI-31531078-mando-640x640.webp 640w, https:\/\/arteconfort.com\/wp-content\/uploads\/2024\/06\/ventilador-HANOI-31531078-mando-960x960.webp 960w, https:\/\/arteconfort.com\/wp-content\/uploads\/2024\/06\/ventilador-HANOI-31531078-mando-133x133.webp 133w, https:\/\/arteconfort.com\/wp-content\/uploads\/2024\/06\/ventilador-HANOI-31531078-mando-300x300.webp 300w, https:\/\/arteconfort.com\/wp-content\/uploads\/2024\/06\/ventilador-HANOI-31531078-mando-600x600.webp 600w, https:\/\/arteconfort.com\/wp-content\/uploads\/2024\/06\/ventilador-HANOI-31531078-mando-100x100.webp 100w\" sizes=\"auto, (max-width: 1024px) 100vw, 1024px\" \/><img loading=\"lazy\" decoding=\"async\" width=\"1024\" height=\"1024\" src=\"https:\/\/arteconfort.com\/wp-content\/uploads\/2024\/06\/ventilador-HANOI-31531078-grafico.webp\" class=\"attachment-shop_catalog size-shop_catalog\" alt=\"Ventilador HANOI grafico\" srcset=\"https:\/\/arteconfort.com\/wp-content\/uploads\/2024\/06\/ventilador-HANOI-31531078-grafico.webp 1024w, https:\/\/arteconfort.com\/wp-content\/uploads\/2024\/06\/ventilador-HANOI-31531078-grafico-768x768.webp 768w, https:\/\/arteconfort.com\/wp-content\/uploads\/2024\/06\/ventilador-HANOI-31531078-grafico-340x340.webp 340w, https:\/\/arteconfort.com\/wp-content\/uploads\/2024\/06\/ventilador-HANOI-31531078-grafico-640x640.webp 640w, https:\/\/arteconfort.com\/wp-content\/uploads\/2024\/06\/ventilador-HANOI-31531078-grafico-960x960.webp 960w, https:\/\/arteconfort.com\/wp-content\/uploads\/2024\/06\/ventilador-HANOI-31531078-grafico-133x133.webp 133w, https:\/\/arteconfort.com\/wp-content\/uploads\/2024\/06\/ventilador-HANOI-31531078-grafico-300x300.webp 300w, https:\/\/arteconfort.com\/wp-content\/uploads\/2024\/06\/ventilador-HANOI-31531078-grafico-600x600.webp 600w, https:\/\/arteconfort.com\/wp-content\/uploads\/2024\/06\/ventilador-HANOI-31531078-grafico-100x100.webp 100w\" sizes=\"auto, (max-width: 1024px) 100vw, 1024px\" \/><img loading=\"lazy\" decoding=\"async\" width=\"1024\" height=\"1024\" src=\"https:\/\/arteconfort.com\/wp-content\/uploads\/2024\/06\/HANOI-luces.webp\" class=\"attachment-shop_catalog size-shop_catalog\" alt=\"Ventilador HANOI embellecedor\" srcset=\"https:\/\/arteconfort.com\/wp-content\/uploads\/2024\/06\/HANOI-luces.webp 1024w, https:\/\/arteconfort.com\/wp-content\/uploads\/2024\/06\/HANOI-luces-768x768.webp 768w, https:\/\/arteconfort.com\/wp-content\/uploads\/2024\/06\/HANOI-luces-340x340.webp 340w, https:\/\/arteconfort.com\/wp-content\/uploads\/2024\/06\/HANOI-luces-640x640.webp 640w, https:\/\/arteconfort.com\/wp-content\/uploads\/2024\/06\/HANOI-luces-960x960.webp 960w, https:\/\/arteconfort.com\/wp-content\/uploads\/2024\/06\/HANOI-luces-133x133.webp 133w, https:\/\/arteconfort.com\/wp-content\/uploads\/2024\/06\/HANOI-luces-300x300.webp 300w, https:\/\/arteconfort.com\/wp-content\/uploads\/2024\/06\/HANOI-luces-600x600.webp 600w, https:\/\/arteconfort.com\/wp-content\/uploads\/2024\/06\/HANOI-luces-100x100.webp 100w\" sizes=\"auto, (max-width: 1024px) 100vw, 1024px\" \/><img loading=\"lazy\" decoding=\"async\" width=\"1024\" height=\"1024\" src=\"https:\/\/arteconfort.com\/wp-content\/uploads\/2024\/06\/ventilador-HANOI-31531078-ambiente-2.webp\" class=\"attachment-shop_catalog size-shop_catalog\" alt=\"Ventilador HANOI ambiente luz calida\" srcset=\"https:\/\/arteconfort.com\/wp-content\/uploads\/2024\/06\/ventilador-HANOI-31531078-ambiente-2.webp 1024w, https:\/\/arteconfort.com\/wp-content\/uploads\/2024\/06\/ventilador-HANOI-31531078-ambiente-2-768x768.webp 768w, https:\/\/arteconfort.com\/wp-content\/uploads\/2024\/06\/ventilador-HANOI-31531078-ambiente-2-340x340.webp 340w, https:\/\/arteconfort.com\/wp-content\/uploads\/2024\/06\/ventilador-HANOI-31531078-ambiente-2-640x640.webp 640w, https:\/\/arteconfort.com\/wp-content\/uploads\/2024\/06\/ventilador-HANOI-31531078-ambiente-2-960x960.webp 960w, https:\/\/arteconfort.com\/wp-content\/uploads\/2024\/06\/ventilador-HANOI-31531078-ambiente-2-133x133.webp 133w, https:\/\/arteconfort.com\/wp-content\/uploads\/2024\/06\/ventilador-HANOI-31531078-ambiente-2-300x300.webp 300w, https:\/\/arteconfort.com\/wp-content\/uploads\/2024\/06\/ventilador-HANOI-31531078-ambiente-2-600x600.webp 600w, https:\/\/arteconfort.com\/wp-content\/uploads\/2024\/06\/ventilador-HANOI-31531078-ambiente-2-100x100.webp 100w\" sizes=\"auto, (max-width: 1024px) 100vw, 1024px\" \/><img loading=\"lazy\" decoding=\"async\" width=\"1024\" height=\"1024\" src=\"https:\/\/arteconfort.com\/wp-content\/uploads\/2024\/06\/ventilador-HANOI-31531078-ambiente-4.webp\" class=\"attachment-shop_catalog size-shop_catalog\" alt=\"Ventilador HANOI ambiente luz neutra\" srcset=\"https:\/\/arteconfort.com\/wp-content\/uploads\/2024\/06\/ventilador-HANOI-31531078-ambiente-4.webp 1024w, https:\/\/arteconfort.com\/wp-content\/uploads\/2024\/06\/ventilador-HANOI-31531078-ambiente-4-768x768.webp 768w, https:\/\/arteconfort.com\/wp-content\/uploads\/2024\/06\/ventilador-HANOI-31531078-ambiente-4-340x340.webp 340w, https:\/\/arteconfort.com\/wp-content\/uploads\/2024\/06\/ventilador-HANOI-31531078-ambiente-4-640x640.webp 640w, https:\/\/arteconfort.com\/wp-content\/uploads\/2024\/06\/ventilador-HANOI-31531078-ambiente-4-960x960.webp 960w, https:\/\/arteconfort.com\/wp-content\/uploads\/2024\/06\/ventilador-HANOI-31531078-ambiente-4-133x133.webp 133w, https:\/\/arteconfort.com\/wp-content\/uploads\/2024\/06\/ventilador-HANOI-31531078-ambiente-4-300x300.webp 300w, https:\/\/arteconfort.com\/wp-content\/uploads\/2024\/06\/ventilador-HANOI-31531078-ambiente-4-600x600.webp 600w, https:\/\/arteconfort.com\/wp-content\/uploads\/2024\/06\/ventilador-HANOI-31531078-ambiente-4-100x100.webp 100w\" sizes=\"auto, (max-width: 1024px) 100vw, 1024px\" \/><img loading=\"lazy\" decoding=\"async\" width=\"1024\" height=\"1024\" src=\"https:\/\/arteconfort.com\/wp-content\/uploads\/2024\/06\/ventilador-HANOI-31531078-ambiente-3.webp\" class=\"attachment-shop_catalog size-shop_catalog\" alt=\"Ventilador HANOI ambiente luz neutra tenue\" srcset=\"https:\/\/arteconfort.com\/wp-content\/uploads\/2024\/06\/ventilador-HANOI-31531078-ambiente-3.webp 1024w, https:\/\/arteconfort.com\/wp-content\/uploads\/2024\/06\/ventilador-HANOI-31531078-ambiente-3-768x768.webp 768w, https:\/\/arteconfort.com\/wp-content\/uploads\/2024\/06\/ventilador-HANOI-31531078-ambiente-3-340x340.webp 340w, https:\/\/arteconfort.com\/wp-content\/uploads\/2024\/06\/ventilador-HANOI-31531078-ambiente-3-640x640.webp 640w, https:\/\/arteconfort.com\/wp-content\/uploads\/2024\/06\/ventilador-HANOI-31531078-ambiente-3-960x960.webp 960w, https:\/\/arteconfort.com\/wp-content\/uploads\/2024\/06\/ventilador-HANOI-31531078-ambiente-3-133x133.webp 133w, https:\/\/arteconfort.com\/wp-content\/uploads\/2024\/06\/ventilador-HANOI-31531078-ambiente-3-300x300.webp 300w, https:\/\/arteconfort.com\/wp-content\/uploads\/2024\/06\/ventilador-HANOI-31531078-ambiente-3-600x600.webp 600w, https:\/\/arteconfort.com\/wp-content\/uploads\/2024\/06\/ventilador-HANOI-31531078-ambiente-3-100x100.webp 100w\" sizes=\"auto, (max-width: 1024px) 100vw, 1024px\" \/><img loading=\"lazy\" decoding=\"async\" width=\"1024\" height=\"1024\" src=\"https:\/\/arteconfort.com\/wp-content\/uploads\/2024\/06\/ventilador-HANOI-31531078-ambiente-5.webp\" class=\"attachment-shop_catalog size-shop_catalog\" alt=\"Ventilador HANOI ambiente luz fria\" srcset=\"https:\/\/arteconfort.com\/wp-content\/uploads\/2024\/06\/ventilador-HANOI-31531078-ambiente-5.webp 1024w, https:\/\/arteconfort.com\/wp-content\/uploads\/2024\/06\/ventilador-HANOI-31531078-ambiente-5-768x768.webp 768w, https:\/\/arteconfort.com\/wp-content\/uploads\/2024\/06\/ventilador-HANOI-31531078-ambiente-5-340x340.webp 340w, https:\/\/arteconfort.com\/wp-content\/uploads\/2024\/06\/ventilador-HANOI-31531078-ambiente-5-640x640.webp 640w, https:\/\/arteconfort.com\/wp-content\/uploads\/2024\/06\/ventilador-HANOI-31531078-ambiente-5-960x960.webp 960w, https:\/\/arteconfort.com\/wp-content\/uploads\/2024\/06\/ventilador-HANOI-31531078-ambiente-5-133x133.webp 133w, https:\/\/arteconfort.com\/wp-content\/uploads\/2024\/06\/ventilador-HANOI-31531078-ambiente-5-300x300.webp 300w, https:\/\/arteconfort.com\/wp-content\/uploads\/2024\/06\/ventilador-HANOI-31531078-ambiente-5-600x600.webp 600w, https:\/\/arteconfort.com\/wp-content\/uploads\/2024\/06\/ventilador-HANOI-31531078-ambiente-5-100x100.webp 100w\" sizes=\"auto, (max-width: 1024px) 100vw, 1024px\" \/>\t<\/a>\n\t<div class=\"w-product-status\"><\/div>\t<span id=\"woocommerce_loop_add_to_cart_link_describedby_42813\" class=\"screen-reader-text\">\n\t\t\t<\/span>\n<\/div><div class=\"berocket_better_labels berocket_better_labels_image\"><div class=\"berocket_better_labels_position berocket_better_labels_position_right\"><div class=\"berocket_better_labels_line berocket_better_labels_line_1\"><div class=\"berocket_better_labels_inline berocket_better_labels_inline_1\"><div class=\"br_alabel br_alabel_type_text br_alabel_template_type_css berocket_alabel_id_22611  br_alabel_better_compatibility\" style=\"\"><span  style=\"\"><i style=\"background-color: #000000; border-color: #000000;\" class=\"template-span-before \"><\/i><i style=\"background-color: #000000; border-color: #000000;\" class=\"template-i \"><\/i><i style=\"background-color: #000000; border-color: #000000;\" class=\"template-i-before \"><\/i><i style=\"background-color: #000000; border-color: #000000;\" class=\"template-i-after \"><\/i><b style=\"position: relative;z-index: 100;text-align: center;color: inherit;\">Old collection<\/b><\/span><\/div><\/div><\/div><\/div><\/div><figcaption><h2 class=\"woocommerce-loop-product__title\">HANOI<\/h2><div class=\"woocommerce-product-details__short-description\">\n\t<p>The HANOI ceiling fan features LED light and color temperature memory. It has a metal body, is easy<\/div>\n\n<\/figcaption><\/figure><\/li>\n<li class=\"product type-product post-47788 status-publish last instock product_cat-climatizacion-en product_cat-ventiladores-de-techo-en has-post-thumbnail shipping-taxable product-type-simple w-item col-3\">\n\t<figure><div class=\"image-wrapper\">\t\t<a href=\"https:\/\/arteconfort.com\/en\/producto\/helios\/\" class=\"w-fadeslider\">\n\t<img loading=\"lazy\" decoding=\"async\" width=\"1024\" height=\"1024\" src=\"https:\/\/arteconfort.com\/wp-content\/uploads\/2025\/06\/HELIOS-Producto-Mando.webp\" class=\"attachment-shop_catalog size-shop_catalog wp-post-image\" alt=\"\" srcset=\"https:\/\/arteconfort.com\/wp-content\/uploads\/2025\/06\/HELIOS-Producto-Mando.webp 1024w, https:\/\/arteconfort.com\/wp-content\/uploads\/2025\/06\/HELIOS-Producto-Mando-768x768.webp 768w, https:\/\/arteconfort.com\/wp-content\/uploads\/2025\/06\/HELIOS-Producto-Mando-340x340.webp 340w, https:\/\/arteconfort.com\/wp-content\/uploads\/2025\/06\/HELIOS-Producto-Mando-640x640.webp 640w, https:\/\/arteconfort.com\/wp-content\/uploads\/2025\/06\/HELIOS-Producto-Mando-960x960.webp 960w, https:\/\/arteconfort.com\/wp-content\/uploads\/2025\/06\/HELIOS-Producto-Mando-300x300.webp 300w, https:\/\/arteconfort.com\/wp-content\/uploads\/2025\/06\/HELIOS-Producto-Mando-600x600.webp 600w, https:\/\/arteconfort.com\/wp-content\/uploads\/2025\/06\/HELIOS-Producto-Mando-100x100.webp 100w\" sizes=\"auto, (max-width: 1024px) 100vw, 1024px\" \/>\t<img loading=\"lazy\" decoding=\"async\" width=\"1024\" height=\"1024\" src=\"https:\/\/arteconfort.com\/wp-content\/uploads\/2025\/06\/HELIOS-Cerrado.webp\" class=\"attachment-shop_catalog size-shop_catalog\" alt=\"\" srcset=\"https:\/\/arteconfort.com\/wp-content\/uploads\/2025\/06\/HELIOS-Cerrado.webp 1024w, https:\/\/arteconfort.com\/wp-content\/uploads\/2025\/06\/HELIOS-Cerrado-768x768.webp 768w, https:\/\/arteconfort.com\/wp-content\/uploads\/2025\/06\/HELIOS-Cerrado-340x340.webp 340w, https:\/\/arteconfort.com\/wp-content\/uploads\/2025\/06\/HELIOS-Cerrado-640x640.webp 640w, https:\/\/arteconfort.com\/wp-content\/uploads\/2025\/06\/HELIOS-Cerrado-960x960.webp 960w, https:\/\/arteconfort.com\/wp-content\/uploads\/2025\/06\/HELIOS-Cerrado-300x300.webp 300w, https:\/\/arteconfort.com\/wp-content\/uploads\/2025\/06\/HELIOS-Cerrado-600x600.webp 600w, https:\/\/arteconfort.com\/wp-content\/uploads\/2025\/06\/HELIOS-Cerrado-100x100.webp 100w\" sizes=\"auto, (max-width: 1024px) 100vw, 1024px\" \/><img loading=\"lazy\" decoding=\"async\" width=\"1024\" height=\"1024\" src=\"https:\/\/arteconfort.com\/wp-content\/uploads\/2025\/06\/HELIOS-ALateral.webp\" class=\"attachment-shop_catalog size-shop_catalog\" alt=\"\" srcset=\"https:\/\/arteconfort.com\/wp-content\/uploads\/2025\/06\/HELIOS-ALateral.webp 1024w, https:\/\/arteconfort.com\/wp-content\/uploads\/2025\/06\/HELIOS-ALateral-768x768.webp 768w, https:\/\/arteconfort.com\/wp-content\/uploads\/2025\/06\/HELIOS-ALateral-340x340.webp 340w, https:\/\/arteconfort.com\/wp-content\/uploads\/2025\/06\/HELIOS-ALateral-640x640.webp 640w, https:\/\/arteconfort.com\/wp-content\/uploads\/2025\/06\/HELIOS-ALateral-960x960.webp 960w, https:\/\/arteconfort.com\/wp-content\/uploads\/2025\/06\/HELIOS-ALateral-300x300.webp 300w, https:\/\/arteconfort.com\/wp-content\/uploads\/2025\/06\/HELIOS-ALateral-600x600.webp 600w, https:\/\/arteconfort.com\/wp-content\/uploads\/2025\/06\/HELIOS-ALateral-100x100.webp 100w\" sizes=\"auto, (max-width: 1024px) 100vw, 1024px\" \/><img loading=\"lazy\" decoding=\"async\" width=\"1024\" height=\"1024\" src=\"https:\/\/arteconfort.com\/wp-content\/uploads\/2025\/06\/HELIOS-Lateral-cerrado.webp\" class=\"attachment-shop_catalog size-shop_catalog\" alt=\"\" srcset=\"https:\/\/arteconfort.com\/wp-content\/uploads\/2025\/06\/HELIOS-Lateral-cerrado.webp 1024w, https:\/\/arteconfort.com\/wp-content\/uploads\/2025\/06\/HELIOS-Lateral-cerrado-768x768.webp 768w, https:\/\/arteconfort.com\/wp-content\/uploads\/2025\/06\/HELIOS-Lateral-cerrado-340x340.webp 340w, https:\/\/arteconfort.com\/wp-content\/uploads\/2025\/06\/HELIOS-Lateral-cerrado-640x640.webp 640w, https:\/\/arteconfort.com\/wp-content\/uploads\/2025\/06\/HELIOS-Lateral-cerrado-960x960.webp 960w, https:\/\/arteconfort.com\/wp-content\/uploads\/2025\/06\/HELIOS-Lateral-cerrado-300x300.webp 300w, https:\/\/arteconfort.com\/wp-content\/uploads\/2025\/06\/HELIOS-Lateral-cerrado-600x600.webp 600w, https:\/\/arteconfort.com\/wp-content\/uploads\/2025\/06\/HELIOS-Lateral-cerrado-100x100.webp 100w\" sizes=\"auto, (max-width: 1024px) 100vw, 1024px\" \/><img loading=\"lazy\" decoding=\"async\" width=\"1024\" height=\"1024\" src=\"https:\/\/arteconfort.com\/wp-content\/uploads\/2025\/06\/HELIOS-Aspa.webp\" class=\"attachment-shop_catalog size-shop_catalog\" alt=\"\" srcset=\"https:\/\/arteconfort.com\/wp-content\/uploads\/2025\/06\/HELIOS-Aspa.webp 1024w, https:\/\/arteconfort.com\/wp-content\/uploads\/2025\/06\/HELIOS-Aspa-768x768.webp 768w, https:\/\/arteconfort.com\/wp-content\/uploads\/2025\/06\/HELIOS-Aspa-340x340.webp 340w, https:\/\/arteconfort.com\/wp-content\/uploads\/2025\/06\/HELIOS-Aspa-640x640.webp 640w, https:\/\/arteconfort.com\/wp-content\/uploads\/2025\/06\/HELIOS-Aspa-960x960.webp 960w, https:\/\/arteconfort.com\/wp-content\/uploads\/2025\/06\/HELIOS-Aspa-300x300.webp 300w, https:\/\/arteconfort.com\/wp-content\/uploads\/2025\/06\/HELIOS-Aspa-600x600.webp 600w, https:\/\/arteconfort.com\/wp-content\/uploads\/2025\/06\/HELIOS-Aspa-100x100.webp 100w\" sizes=\"auto, (max-width: 1024px) 100vw, 1024px\" \/><img loading=\"lazy\" decoding=\"async\" width=\"1024\" height=\"1024\" src=\"https:\/\/arteconfort.com\/wp-content\/uploads\/2025\/06\/HELIOS-Embellecedor.webp\" class=\"attachment-shop_catalog size-shop_catalog\" alt=\"\" srcset=\"https:\/\/arteconfort.com\/wp-content\/uploads\/2025\/06\/HELIOS-Embellecedor.webp 1024w, https:\/\/arteconfort.com\/wp-content\/uploads\/2025\/06\/HELIOS-Embellecedor-768x768.webp 768w, https:\/\/arteconfort.com\/wp-content\/uploads\/2025\/06\/HELIOS-Embellecedor-340x340.webp 340w, https:\/\/arteconfort.com\/wp-content\/uploads\/2025\/06\/HELIOS-Embellecedor-640x640.webp 640w, https:\/\/arteconfort.com\/wp-content\/uploads\/2025\/06\/HELIOS-Embellecedor-960x960.webp 960w, https:\/\/arteconfort.com\/wp-content\/uploads\/2025\/06\/HELIOS-Embellecedor-300x300.webp 300w, https:\/\/arteconfort.com\/wp-content\/uploads\/2025\/06\/HELIOS-Embellecedor-600x600.webp 600w, https:\/\/arteconfort.com\/wp-content\/uploads\/2025\/06\/HELIOS-Embellecedor-100x100.webp 100w\" sizes=\"auto, (max-width: 1024px) 100vw, 1024px\" \/><img loading=\"lazy\" decoding=\"async\" width=\"1024\" height=\"1024\" src=\"https:\/\/arteconfort.com\/wp-content\/uploads\/2025\/06\/Helios_Temperatura.webp\" class=\"attachment-shop_catalog size-shop_catalog\" alt=\"\" srcset=\"https:\/\/arteconfort.com\/wp-content\/uploads\/2025\/06\/Helios_Temperatura.webp 1024w, https:\/\/arteconfort.com\/wp-content\/uploads\/2025\/06\/Helios_Temperatura-768x768.webp 768w, https:\/\/arteconfort.com\/wp-content\/uploads\/2025\/06\/Helios_Temperatura-340x340.webp 340w, https:\/\/arteconfort.com\/wp-content\/uploads\/2025\/06\/Helios_Temperatura-640x640.webp 640w, https:\/\/arteconfort.com\/wp-content\/uploads\/2025\/06\/Helios_Temperatura-960x960.webp 960w, https:\/\/arteconfort.com\/wp-content\/uploads\/2025\/06\/Helios_Temperatura-300x300.webp 300w, https:\/\/arteconfort.com\/wp-content\/uploads\/2025\/06\/Helios_Temperatura-600x600.webp 600w, https:\/\/arteconfort.com\/wp-content\/uploads\/2025\/06\/Helios_Temperatura-100x100.webp 100w\" sizes=\"auto, (max-width: 1024px) 100vw, 1024px\" \/><img loading=\"lazy\" decoding=\"async\" width=\"1024\" height=\"1024\" src=\"https:\/\/arteconfort.com\/wp-content\/uploads\/2025\/06\/HELIOS-Grafico.webp\" class=\"attachment-shop_catalog size-shop_catalog\" alt=\"\" srcset=\"https:\/\/arteconfort.com\/wp-content\/uploads\/2025\/06\/HELIOS-Grafico.webp 1024w, https:\/\/arteconfort.com\/wp-content\/uploads\/2025\/06\/HELIOS-Grafico-768x768.webp 768w, https:\/\/arteconfort.com\/wp-content\/uploads\/2025\/06\/HELIOS-Grafico-340x340.webp 340w, https:\/\/arteconfort.com\/wp-content\/uploads\/2025\/06\/HELIOS-Grafico-640x640.webp 640w, https:\/\/arteconfort.com\/wp-content\/uploads\/2025\/06\/HELIOS-Grafico-960x960.webp 960w, https:\/\/arteconfort.com\/wp-content\/uploads\/2025\/06\/HELIOS-Grafico-300x300.webp 300w, https:\/\/arteconfort.com\/wp-content\/uploads\/2025\/06\/HELIOS-Grafico-600x600.webp 600w, https:\/\/arteconfort.com\/wp-content\/uploads\/2025\/06\/HELIOS-Grafico-100x100.webp 100w\" sizes=\"auto, (max-width: 1024px) 100vw, 1024px\" \/><img loading=\"lazy\" decoding=\"async\" width=\"1024\" height=\"1024\" src=\"https:\/\/arteconfort.com\/wp-content\/uploads\/2025\/06\/HELIOS-Planta.webp\" class=\"attachment-shop_catalog size-shop_catalog\" alt=\"\" srcset=\"https:\/\/arteconfort.com\/wp-content\/uploads\/2025\/06\/HELIOS-Planta.webp 1024w, https:\/\/arteconfort.com\/wp-content\/uploads\/2025\/06\/HELIOS-Planta-768x768.webp 768w, https:\/\/arteconfort.com\/wp-content\/uploads\/2025\/06\/HELIOS-Planta-340x340.webp 340w, https:\/\/arteconfort.com\/wp-content\/uploads\/2025\/06\/HELIOS-Planta-640x640.webp 640w, https:\/\/arteconfort.com\/wp-content\/uploads\/2025\/06\/HELIOS-Planta-960x960.webp 960w, https:\/\/arteconfort.com\/wp-content\/uploads\/2025\/06\/HELIOS-Planta-300x300.webp 300w, https:\/\/arteconfort.com\/wp-content\/uploads\/2025\/06\/HELIOS-Planta-600x600.webp 600w, https:\/\/arteconfort.com\/wp-content\/uploads\/2025\/06\/HELIOS-Planta-100x100.webp 100w\" sizes=\"auto, (max-width: 1024px) 100vw, 1024px\" \/><img loading=\"lazy\" decoding=\"async\" width=\"1024\" height=\"1024\" src=\"https:\/\/arteconfort.com\/wp-content\/uploads\/2025\/06\/HELIOS-Planta-abierto.webp\" class=\"attachment-shop_catalog size-shop_catalog\" alt=\"\" srcset=\"https:\/\/arteconfort.com\/wp-content\/uploads\/2025\/06\/HELIOS-Planta-abierto.webp 1024w, https:\/\/arteconfort.com\/wp-content\/uploads\/2025\/06\/HELIOS-Planta-abierto-768x768.webp 768w, https:\/\/arteconfort.com\/wp-content\/uploads\/2025\/06\/HELIOS-Planta-abierto-340x340.webp 340w, https:\/\/arteconfort.com\/wp-content\/uploads\/2025\/06\/HELIOS-Planta-abierto-640x640.webp 640w, https:\/\/arteconfort.com\/wp-content\/uploads\/2025\/06\/HELIOS-Planta-abierto-960x960.webp 960w, https:\/\/arteconfort.com\/wp-content\/uploads\/2025\/06\/HELIOS-Planta-abierto-300x300.webp 300w, https:\/\/arteconfort.com\/wp-content\/uploads\/2025\/06\/HELIOS-Planta-abierto-600x600.webp 600w, https:\/\/arteconfort.com\/wp-content\/uploads\/2025\/06\/HELIOS-Planta-abierto-100x100.webp 100w\" sizes=\"auto, (max-width: 1024px) 100vw, 1024px\" \/>\t<\/a>\n\t<div class=\"w-product-status\"><\/div>\t<span id=\"woocommerce_loop_add_to_cart_link_describedby_47788\" class=\"screen-reader-text\">\n\t\t\t<\/span>\n<\/div><figcaption><h2 class=\"woocommerce-loop-product__title\">HELIOS<\/h2><div class=\"woocommerce-product-details__short-description\">\n\t<p>The HELIOS concealed or retractable blades ceiling fan incorporates LED light and color temperature memory, as well as<\/div>\n\n<\/figcaption><\/figure><\/li>\n<li class=\"product type-product post-44420 status-publish first instock product_cat-climatizacion-en product_cat-ventiladores-de-techo-en has-post-thumbnail shipping-taxable product-type-simple w-item col-3\">\n\t<figure><div class=\"image-wrapper\">\t\t<a href=\"https:\/\/arteconfort.com\/en\/producto\/hera-m\/\" class=\"w-fadeslider\">\n\t<img loading=\"lazy\" decoding=\"async\" width=\"1024\" height=\"1024\" src=\"https:\/\/arteconfort.com\/wp-content\/uploads\/2025\/03\/HERA-M-Mando-01.webp\" class=\"attachment-shop_catalog size-shop_catalog wp-post-image\" alt=\"\" srcset=\"https:\/\/arteconfort.com\/wp-content\/uploads\/2025\/03\/HERA-M-Mando-01.webp 1024w, https:\/\/arteconfort.com\/wp-content\/uploads\/2025\/03\/HERA-M-Mando-01-768x768.webp 768w, https:\/\/arteconfort.com\/wp-content\/uploads\/2025\/03\/HERA-M-Mando-01-340x340.webp 340w, https:\/\/arteconfort.com\/wp-content\/uploads\/2025\/03\/HERA-M-Mando-01-640x640.webp 640w, https:\/\/arteconfort.com\/wp-content\/uploads\/2025\/03\/HERA-M-Mando-01-960x960.webp 960w, https:\/\/arteconfort.com\/wp-content\/uploads\/2025\/03\/HERA-M-Mando-01-300x300.webp 300w, https:\/\/arteconfort.com\/wp-content\/uploads\/2025\/03\/HERA-M-Mando-01-600x600.webp 600w, https:\/\/arteconfort.com\/wp-content\/uploads\/2025\/03\/HERA-M-Mando-01-100x100.webp 100w\" sizes=\"auto, (max-width: 1024px) 100vw, 1024px\" \/>\t<img loading=\"lazy\" decoding=\"async\" width=\"1024\" height=\"1024\" src=\"https:\/\/arteconfort.com\/wp-content\/uploads\/2025\/03\/HeraM_Producto_Cerrado.webp\" class=\"attachment-shop_catalog size-shop_catalog\" alt=\"\" srcset=\"https:\/\/arteconfort.com\/wp-content\/uploads\/2025\/03\/HeraM_Producto_Cerrado.webp 1024w, https:\/\/arteconfort.com\/wp-content\/uploads\/2025\/03\/HeraM_Producto_Cerrado-768x768.webp 768w, https:\/\/arteconfort.com\/wp-content\/uploads\/2025\/03\/HeraM_Producto_Cerrado-340x340.webp 340w, https:\/\/arteconfort.com\/wp-content\/uploads\/2025\/03\/HeraM_Producto_Cerrado-640x640.webp 640w, https:\/\/arteconfort.com\/wp-content\/uploads\/2025\/03\/HeraM_Producto_Cerrado-960x960.webp 960w, https:\/\/arteconfort.com\/wp-content\/uploads\/2025\/03\/HeraM_Producto_Cerrado-300x300.webp 300w, https:\/\/arteconfort.com\/wp-content\/uploads\/2025\/03\/HeraM_Producto_Cerrado-600x600.webp 600w, https:\/\/arteconfort.com\/wp-content\/uploads\/2025\/03\/HeraM_Producto_Cerrado-100x100.webp 100w\" sizes=\"auto, (max-width: 1024px) 100vw, 1024px\" \/><img loading=\"lazy\" decoding=\"async\" width=\"1024\" height=\"1024\" src=\"https:\/\/arteconfort.com\/wp-content\/uploads\/2025\/03\/94051384-tz-01.webp\" class=\"attachment-shop_catalog size-shop_catalog\" alt=\"\" srcset=\"https:\/\/arteconfort.com\/wp-content\/uploads\/2025\/03\/94051384-tz-01.webp 1024w, https:\/\/arteconfort.com\/wp-content\/uploads\/2025\/03\/94051384-tz-01-768x768.webp 768w, https:\/\/arteconfort.com\/wp-content\/uploads\/2025\/03\/94051384-tz-01-340x340.webp 340w, https:\/\/arteconfort.com\/wp-content\/uploads\/2025\/03\/94051384-tz-01-640x640.webp 640w, https:\/\/arteconfort.com\/wp-content\/uploads\/2025\/03\/94051384-tz-01-960x960.webp 960w, https:\/\/arteconfort.com\/wp-content\/uploads\/2025\/03\/94051384-tz-01-300x300.webp 300w, https:\/\/arteconfort.com\/wp-content\/uploads\/2025\/03\/94051384-tz-01-600x600.webp 600w, https:\/\/arteconfort.com\/wp-content\/uploads\/2025\/03\/94051384-tz-01-100x100.webp 100w\" sizes=\"auto, (max-width: 1024px) 100vw, 1024px\" \/><img loading=\"lazy\" decoding=\"async\" width=\"2000\" height=\"2000\" src=\"https:\/\/arteconfort.com\/wp-content\/uploads\/2025\/03\/HERA-M-grafico.webp\" class=\"attachment-shop_catalog size-shop_catalog\" alt=\"\" srcset=\"https:\/\/arteconfort.com\/wp-content\/uploads\/2025\/03\/HERA-M-grafico.webp 2000w, https:\/\/arteconfort.com\/wp-content\/uploads\/2025\/03\/HERA-M-grafico-768x768.webp 768w, https:\/\/arteconfort.com\/wp-content\/uploads\/2025\/03\/HERA-M-grafico-1536x1536.webp 1536w, https:\/\/arteconfort.com\/wp-content\/uploads\/2025\/03\/HERA-M-grafico-340x340.webp 340w, https:\/\/arteconfort.com\/wp-content\/uploads\/2025\/03\/HERA-M-grafico-640x640.webp 640w, https:\/\/arteconfort.com\/wp-content\/uploads\/2025\/03\/HERA-M-grafico-960x960.webp 960w, https:\/\/arteconfort.com\/wp-content\/uploads\/2025\/03\/HERA-M-grafico-1280x1280.webp 1280w, https:\/\/arteconfort.com\/wp-content\/uploads\/2025\/03\/HERA-M-grafico-300x300.webp 300w, https:\/\/arteconfort.com\/wp-content\/uploads\/2025\/03\/HERA-M-grafico-600x600.webp 600w, https:\/\/arteconfort.com\/wp-content\/uploads\/2025\/03\/HERA-M-grafico-100x100.webp 100w\" sizes=\"auto, (max-width: 2000px) 100vw, 2000px\" \/>\t<\/a>\n\t<div class=\"w-product-status\"><\/div>\t<span id=\"woocommerce_loop_add_to_cart_link_describedby_44420\" class=\"screen-reader-text\">\n\t\t\t<\/span>\n<\/div><figcaption><h2 class=\"woocommerce-loop-product__title\">HERA M<\/h2><div class=\"woocommerce-product-details__short-description\">\n\t<p>HERA M retractable fan with integrated LED light, high luminous flux and color temperature memory. It has a<\/div>\n\n<\/figcaption><\/figure><\/li>\n<li class=\"product type-product post-44476 status-publish instock product_cat-climatizacion-en product_cat-ventiladores-de-techo-en has-post-thumbnail shipping-taxable product-type-simple w-item col-3\">\n\t<figure><div class=\"image-wrapper\">\t\t<a href=\"https:\/\/arteconfort.com\/en\/producto\/hera-s\/\" class=\"w-fadeslider\">\n\t<img loading=\"lazy\" decoding=\"async\" width=\"1024\" height=\"1024\" src=\"https:\/\/arteconfort.com\/wp-content\/uploads\/2025\/03\/HERA-S-mando.webp\" class=\"attachment-shop_catalog size-shop_catalog wp-post-image\" alt=\"\" srcset=\"https:\/\/arteconfort.com\/wp-content\/uploads\/2025\/03\/HERA-S-mando.webp 1024w, https:\/\/arteconfort.com\/wp-content\/uploads\/2025\/03\/HERA-S-mando-768x768.webp 768w, https:\/\/arteconfort.com\/wp-content\/uploads\/2025\/03\/HERA-S-mando-340x340.webp 340w, https:\/\/arteconfort.com\/wp-content\/uploads\/2025\/03\/HERA-S-mando-640x640.webp 640w, https:\/\/arteconfort.com\/wp-content\/uploads\/2025\/03\/HERA-S-mando-960x960.webp 960w, https:\/\/arteconfort.com\/wp-content\/uploads\/2025\/03\/HERA-S-mando-300x300.webp 300w, https:\/\/arteconfort.com\/wp-content\/uploads\/2025\/03\/HERA-S-mando-600x600.webp 600w, https:\/\/arteconfort.com\/wp-content\/uploads\/2025\/03\/HERA-S-mando-100x100.webp 100w\" sizes=\"auto, (max-width: 1024px) 100vw, 1024px\" \/>\t<img loading=\"lazy\" decoding=\"async\" width=\"1024\" height=\"1024\" src=\"https:\/\/arteconfort.com\/wp-content\/uploads\/2025\/03\/Hera-S-Cerrado.webp\" class=\"attachment-shop_catalog size-shop_catalog\" alt=\"\" srcset=\"https:\/\/arteconfort.com\/wp-content\/uploads\/2025\/03\/Hera-S-Cerrado.webp 1024w, https:\/\/arteconfort.com\/wp-content\/uploads\/2025\/03\/Hera-S-Cerrado-768x768.webp 768w, https:\/\/arteconfort.com\/wp-content\/uploads\/2025\/03\/Hera-S-Cerrado-340x340.webp 340w, https:\/\/arteconfort.com\/wp-content\/uploads\/2025\/03\/Hera-S-Cerrado-640x640.webp 640w, https:\/\/arteconfort.com\/wp-content\/uploads\/2025\/03\/Hera-S-Cerrado-960x960.webp 960w, https:\/\/arteconfort.com\/wp-content\/uploads\/2025\/03\/Hera-S-Cerrado-300x300.webp 300w, https:\/\/arteconfort.com\/wp-content\/uploads\/2025\/03\/Hera-S-Cerrado-600x600.webp 600w, https:\/\/arteconfort.com\/wp-content\/uploads\/2025\/03\/Hera-S-Cerrado-100x100.webp 100w\" sizes=\"auto, (max-width: 1024px) 100vw, 1024px\" \/><img loading=\"lazy\" decoding=\"async\" width=\"1024\" height=\"1024\" src=\"https:\/\/arteconfort.com\/wp-content\/uploads\/2025\/03\/94051385-tz-01.webp\" class=\"attachment-shop_catalog size-shop_catalog\" alt=\"\" srcset=\"https:\/\/arteconfort.com\/wp-content\/uploads\/2025\/03\/94051385-tz-01.webp 1024w, https:\/\/arteconfort.com\/wp-content\/uploads\/2025\/03\/94051385-tz-01-768x768.webp 768w, https:\/\/arteconfort.com\/wp-content\/uploads\/2025\/03\/94051385-tz-01-340x340.webp 340w, https:\/\/arteconfort.com\/wp-content\/uploads\/2025\/03\/94051385-tz-01-640x640.webp 640w, https:\/\/arteconfort.com\/wp-content\/uploads\/2025\/03\/94051385-tz-01-960x960.webp 960w, https:\/\/arteconfort.com\/wp-content\/uploads\/2025\/03\/94051385-tz-01-300x300.webp 300w, https:\/\/arteconfort.com\/wp-content\/uploads\/2025\/03\/94051385-tz-01-600x600.webp 600w, https:\/\/arteconfort.com\/wp-content\/uploads\/2025\/03\/94051385-tz-01-100x100.webp 100w\" sizes=\"auto, (max-width: 1024px) 100vw, 1024px\" \/><img loading=\"lazy\" decoding=\"async\" width=\"2000\" height=\"2000\" src=\"https:\/\/arteconfort.com\/wp-content\/uploads\/2025\/03\/HERA-S-grafico.webp\" class=\"attachment-shop_catalog size-shop_catalog\" alt=\"\" srcset=\"https:\/\/arteconfort.com\/wp-content\/uploads\/2025\/03\/HERA-S-grafico.webp 2000w, https:\/\/arteconfort.com\/wp-content\/uploads\/2025\/03\/HERA-S-grafico-768x768.webp 768w, https:\/\/arteconfort.com\/wp-content\/uploads\/2025\/03\/HERA-S-grafico-1536x1536.webp 1536w, https:\/\/arteconfort.com\/wp-content\/uploads\/2025\/03\/HERA-S-grafico-340x340.webp 340w, https:\/\/arteconfort.com\/wp-content\/uploads\/2025\/03\/HERA-S-grafico-640x640.webp 640w, https:\/\/arteconfort.com\/wp-content\/uploads\/2025\/03\/HERA-S-grafico-960x960.webp 960w, https:\/\/arteconfort.com\/wp-content\/uploads\/2025\/03\/HERA-S-grafico-1280x1280.webp 1280w, https:\/\/arteconfort.com\/wp-content\/uploads\/2025\/03\/HERA-S-grafico-300x300.webp 300w, https:\/\/arteconfort.com\/wp-content\/uploads\/2025\/03\/HERA-S-grafico-600x600.webp 600w, https:\/\/arteconfort.com\/wp-content\/uploads\/2025\/03\/HERA-S-grafico-100x100.webp 100w\" sizes=\"auto, (max-width: 2000px) 100vw, 2000px\" \/>\t<\/a>\n\t<div class=\"w-product-status\"><\/div>\t<span id=\"woocommerce_loop_add_to_cart_link_describedby_44476\" class=\"screen-reader-text\">\n\t\t\t<\/span>\n<\/div><figcaption><h2 class=\"woocommerce-loop-product__title\">HERA S<\/h2><div class=\"woocommerce-product-details__short-description\">\n\t<p>HERA S retractable fan with integrated LED light, high luminous flux and color temperature memory. It has a<\/div>\n\n<\/figcaption><\/figure><\/li>\n<li class=\"product type-product post-45180 status-publish instock product_cat-climatizacion-en product_cat-ventiladores-de-techo-en has-post-thumbnail shipping-taxable product-type-simple w-item col-3\">\n\t<figure><div class=\"image-wrapper\">\t\t<a href=\"https:\/\/arteconfort.com\/en\/producto\/hyla-l\/\" class=\"w-fadeslider\">\n\t<img loading=\"lazy\" decoding=\"async\" width=\"1024\" height=\"1024\" src=\"https:\/\/arteconfort.com\/wp-content\/uploads\/2025\/03\/HYLA-L-mando-01-1.webp\" class=\"attachment-shop_catalog size-shop_catalog wp-post-image\" alt=\"\" srcset=\"https:\/\/arteconfort.com\/wp-content\/uploads\/2025\/03\/HYLA-L-mando-01-1.webp 1024w, https:\/\/arteconfort.com\/wp-content\/uploads\/2025\/03\/HYLA-L-mando-01-1-768x768.webp 768w, https:\/\/arteconfort.com\/wp-content\/uploads\/2025\/03\/HYLA-L-mando-01-1-340x340.webp 340w, https:\/\/arteconfort.com\/wp-content\/uploads\/2025\/03\/HYLA-L-mando-01-1-640x640.webp 640w, https:\/\/arteconfort.com\/wp-content\/uploads\/2025\/03\/HYLA-L-mando-01-1-960x960.webp 960w, https:\/\/arteconfort.com\/wp-content\/uploads\/2025\/03\/HYLA-L-mando-01-1-300x300.webp 300w, https:\/\/arteconfort.com\/wp-content\/uploads\/2025\/03\/HYLA-L-mando-01-1-600x600.webp 600w, https:\/\/arteconfort.com\/wp-content\/uploads\/2025\/03\/HYLA-L-mando-01-1-100x100.webp 100w\" sizes=\"auto, (max-width: 1024px) 100vw, 1024px\" \/>\t<img loading=\"lazy\" decoding=\"async\" width=\"1024\" height=\"1024\" src=\"https:\/\/arteconfort.com\/wp-content\/uploads\/2025\/03\/HYLA-L-detalle-04.webp\" class=\"attachment-shop_catalog size-shop_catalog\" alt=\"\" srcset=\"https:\/\/arteconfort.com\/wp-content\/uploads\/2025\/03\/HYLA-L-detalle-04.webp 1024w, https:\/\/arteconfort.com\/wp-content\/uploads\/2025\/03\/HYLA-L-detalle-04-768x768.webp 768w, https:\/\/arteconfort.com\/wp-content\/uploads\/2025\/03\/HYLA-L-detalle-04-340x340.webp 340w, https:\/\/arteconfort.com\/wp-content\/uploads\/2025\/03\/HYLA-L-detalle-04-640x640.webp 640w, https:\/\/arteconfort.com\/wp-content\/uploads\/2025\/03\/HYLA-L-detalle-04-960x960.webp 960w, https:\/\/arteconfort.com\/wp-content\/uploads\/2025\/03\/HYLA-L-detalle-04-300x300.webp 300w, https:\/\/arteconfort.com\/wp-content\/uploads\/2025\/03\/HYLA-L-detalle-04-600x600.webp 600w, https:\/\/arteconfort.com\/wp-content\/uploads\/2025\/03\/HYLA-L-detalle-04-100x100.webp 100w\" sizes=\"auto, (max-width: 1024px) 100vw, 1024px\" \/><img loading=\"lazy\" decoding=\"async\" width=\"1024\" height=\"1024\" src=\"https:\/\/arteconfort.com\/wp-content\/uploads\/2025\/03\/94051348-tz-01.webp\" class=\"attachment-shop_catalog size-shop_catalog\" alt=\"\" srcset=\"https:\/\/arteconfort.com\/wp-content\/uploads\/2025\/03\/94051348-tz-01.webp 1024w, https:\/\/arteconfort.com\/wp-content\/uploads\/2025\/03\/94051348-tz-01-768x768.webp 768w, https:\/\/arteconfort.com\/wp-content\/uploads\/2025\/03\/94051348-tz-01-340x340.webp 340w, https:\/\/arteconfort.com\/wp-content\/uploads\/2025\/03\/94051348-tz-01-640x640.webp 640w, https:\/\/arteconfort.com\/wp-content\/uploads\/2025\/03\/94051348-tz-01-960x960.webp 960w, https:\/\/arteconfort.com\/wp-content\/uploads\/2025\/03\/94051348-tz-01-300x300.webp 300w, https:\/\/arteconfort.com\/wp-content\/uploads\/2025\/03\/94051348-tz-01-600x600.webp 600w, https:\/\/arteconfort.com\/wp-content\/uploads\/2025\/03\/94051348-tz-01-100x100.webp 100w\" sizes=\"auto, (max-width: 1024px) 100vw, 1024px\" \/><img loading=\"lazy\" decoding=\"async\" width=\"1024\" height=\"1024\" src=\"https:\/\/arteconfort.com\/wp-content\/uploads\/2025\/03\/HYLA-L-grafico-05.webp\" class=\"attachment-shop_catalog size-shop_catalog\" alt=\"\" srcset=\"https:\/\/arteconfort.com\/wp-content\/uploads\/2025\/03\/HYLA-L-grafico-05.webp 1024w, https:\/\/arteconfort.com\/wp-content\/uploads\/2025\/03\/HYLA-L-grafico-05-768x768.webp 768w, https:\/\/arteconfort.com\/wp-content\/uploads\/2025\/03\/HYLA-L-grafico-05-340x340.webp 340w, https:\/\/arteconfort.com\/wp-content\/uploads\/2025\/03\/HYLA-L-grafico-05-640x640.webp 640w, https:\/\/arteconfort.com\/wp-content\/uploads\/2025\/03\/HYLA-L-grafico-05-960x960.webp 960w, https:\/\/arteconfort.com\/wp-content\/uploads\/2025\/03\/HYLA-L-grafico-05-300x300.webp 300w, https:\/\/arteconfort.com\/wp-content\/uploads\/2025\/03\/HYLA-L-grafico-05-600x600.webp 600w, https:\/\/arteconfort.com\/wp-content\/uploads\/2025\/03\/HYLA-L-grafico-05-100x100.webp 100w\" sizes=\"auto, (max-width: 1024px) 100vw, 1024px\" \/>\t<\/a>\n\t<div class=\"w-product-status\"><\/div>\t<span id=\"woocommerce_loop_add_to_cart_link_describedby_45180\" class=\"screen-reader-text\">\n\t\t\t<\/span>\n<\/div><figcaption><h2 class=\"woocommerce-loop-product__title\">HYLA L<\/h2><div class=\"woocommerce-product-details__short-description\">\n\t<p>HYLA L retractable fan with integrated LED light, high luminous flux and color temperature memory. It has a<\/div>\n\n<\/figcaption><\/figure><\/li>\n<li class=\"product type-product post-45230 status-publish last instock product_cat-climatizacion-en product_cat-ventiladores-de-techo-en has-post-thumbnail shipping-taxable product-type-simple w-item col-3\">\n\t<figure><div class=\"image-wrapper\">\t\t<a href=\"https:\/\/arteconfort.com\/en\/producto\/hyla-m\/\" class=\"w-fadeslider\">\n\t<img loading=\"lazy\" decoding=\"async\" width=\"1024\" height=\"1024\" src=\"https:\/\/arteconfort.com\/wp-content\/uploads\/2025\/03\/HYLA-M-mando-01.webp\" class=\"attachment-shop_catalog size-shop_catalog wp-post-image\" alt=\"\" srcset=\"https:\/\/arteconfort.com\/wp-content\/uploads\/2025\/03\/HYLA-M-mando-01.webp 1024w, https:\/\/arteconfort.com\/wp-content\/uploads\/2025\/03\/HYLA-M-mando-01-768x768.webp 768w, https:\/\/arteconfort.com\/wp-content\/uploads\/2025\/03\/HYLA-M-mando-01-340x340.webp 340w, https:\/\/arteconfort.com\/wp-content\/uploads\/2025\/03\/HYLA-M-mando-01-640x640.webp 640w, https:\/\/arteconfort.com\/wp-content\/uploads\/2025\/03\/HYLA-M-mando-01-960x960.webp 960w, https:\/\/arteconfort.com\/wp-content\/uploads\/2025\/03\/HYLA-M-mando-01-300x300.webp 300w, https:\/\/arteconfort.com\/wp-content\/uploads\/2025\/03\/HYLA-M-mando-01-600x600.webp 600w, https:\/\/arteconfort.com\/wp-content\/uploads\/2025\/03\/HYLA-M-mando-01-100x100.webp 100w\" sizes=\"auto, (max-width: 1024px) 100vw, 1024px\" \/>\t<img loading=\"lazy\" decoding=\"async\" width=\"1024\" height=\"1024\" src=\"https:\/\/arteconfort.com\/wp-content\/uploads\/2025\/03\/HYLA-M-detalle-04.webp\" class=\"attachment-shop_catalog size-shop_catalog\" alt=\"\" srcset=\"https:\/\/arteconfort.com\/wp-content\/uploads\/2025\/03\/HYLA-M-detalle-04.webp 1024w, https:\/\/arteconfort.com\/wp-content\/uploads\/2025\/03\/HYLA-M-detalle-04-768x768.webp 768w, https:\/\/arteconfort.com\/wp-content\/uploads\/2025\/03\/HYLA-M-detalle-04-340x340.webp 340w, https:\/\/arteconfort.com\/wp-content\/uploads\/2025\/03\/HYLA-M-detalle-04-640x640.webp 640w, https:\/\/arteconfort.com\/wp-content\/uploads\/2025\/03\/HYLA-M-detalle-04-960x960.webp 960w, https:\/\/arteconfort.com\/wp-content\/uploads\/2025\/03\/HYLA-M-detalle-04-300x300.webp 300w, https:\/\/arteconfort.com\/wp-content\/uploads\/2025\/03\/HYLA-M-detalle-04-600x600.webp 600w, https:\/\/arteconfort.com\/wp-content\/uploads\/2025\/03\/HYLA-M-detalle-04-100x100.webp 100w\" sizes=\"auto, (max-width: 1024px) 100vw, 1024px\" \/><img loading=\"lazy\" decoding=\"async\" width=\"1024\" height=\"1024\" src=\"https:\/\/arteconfort.com\/wp-content\/uploads\/2025\/03\/94051349-tz-01.webp\" class=\"attachment-shop_catalog size-shop_catalog\" alt=\"\" srcset=\"https:\/\/arteconfort.com\/wp-content\/uploads\/2025\/03\/94051349-tz-01.webp 1024w, https:\/\/arteconfort.com\/wp-content\/uploads\/2025\/03\/94051349-tz-01-768x768.webp 768w, https:\/\/arteconfort.com\/wp-content\/uploads\/2025\/03\/94051349-tz-01-340x340.webp 340w, https:\/\/arteconfort.com\/wp-content\/uploads\/2025\/03\/94051349-tz-01-640x640.webp 640w, https:\/\/arteconfort.com\/wp-content\/uploads\/2025\/03\/94051349-tz-01-960x960.webp 960w, https:\/\/arteconfort.com\/wp-content\/uploads\/2025\/03\/94051349-tz-01-300x300.webp 300w, https:\/\/arteconfort.com\/wp-content\/uploads\/2025\/03\/94051349-tz-01-600x600.webp 600w, https:\/\/arteconfort.com\/wp-content\/uploads\/2025\/03\/94051349-tz-01-100x100.webp 100w\" sizes=\"auto, (max-width: 1024px) 100vw, 1024px\" \/><img loading=\"lazy\" decoding=\"async\" width=\"1024\" height=\"1024\" src=\"https:\/\/arteconfort.com\/wp-content\/uploads\/2025\/03\/HYLA-M-grafico-05.webp\" class=\"attachment-shop_catalog size-shop_catalog\" alt=\"\" srcset=\"https:\/\/arteconfort.com\/wp-content\/uploads\/2025\/03\/HYLA-M-grafico-05.webp 1024w, https:\/\/arteconfort.com\/wp-content\/uploads\/2025\/03\/HYLA-M-grafico-05-768x768.webp 768w, https:\/\/arteconfort.com\/wp-content\/uploads\/2025\/03\/HYLA-M-grafico-05-340x340.webp 340w, https:\/\/arteconfort.com\/wp-content\/uploads\/2025\/03\/HYLA-M-grafico-05-640x640.webp 640w, https:\/\/arteconfort.com\/wp-content\/uploads\/2025\/03\/HYLA-M-grafico-05-960x960.webp 960w, https:\/\/arteconfort.com\/wp-content\/uploads\/2025\/03\/HYLA-M-grafico-05-300x300.webp 300w, https:\/\/arteconfort.com\/wp-content\/uploads\/2025\/03\/HYLA-M-grafico-05-600x600.webp 600w, https:\/\/arteconfort.com\/wp-content\/uploads\/2025\/03\/HYLA-M-grafico-05-100x100.webp 100w\" sizes=\"auto, (max-width: 1024px) 100vw, 1024px\" \/>\t<\/a>\n\t<div class=\"w-product-status\"><\/div>\t<span id=\"woocommerce_loop_add_to_cart_link_describedby_45230\" class=\"screen-reader-text\">\n\t\t\t<\/span>\n<\/div><figcaption><h2 class=\"woocommerce-loop-product__title\">HYLA M<\/h2><div class=\"woocommerce-product-details__short-description\">\n\t<p>HYLA M retractable fan with integrated LED light, high luminous flux and color temperature memory. It has a<\/div>\n\n<\/figcaption><\/figure><\/li>\n<li class=\"product type-product post-44523 status-publish first instock product_cat-climatizacion-en product_cat-ventiladores-de-techo-en has-post-thumbnail shipping-taxable product-type-simple w-item col-3\">\n\t<figure><div class=\"image-wrapper\">\t\t<a href=\"https:\/\/arteconfort.com\/en\/producto\/hyla-s\/\" class=\"w-fadeslider\">\n\t<img loading=\"lazy\" decoding=\"async\" width=\"1024\" height=\"1024\" src=\"https:\/\/arteconfort.com\/wp-content\/uploads\/2025\/03\/HYLA-S-mando-01.webp\" class=\"attachment-shop_catalog size-shop_catalog wp-post-image\" alt=\"\" srcset=\"https:\/\/arteconfort.com\/wp-content\/uploads\/2025\/03\/HYLA-S-mando-01.webp 1024w, https:\/\/arteconfort.com\/wp-content\/uploads\/2025\/03\/HYLA-S-mando-01-768x768.webp 768w, https:\/\/arteconfort.com\/wp-content\/uploads\/2025\/03\/HYLA-S-mando-01-340x340.webp 340w, https:\/\/arteconfort.com\/wp-content\/uploads\/2025\/03\/HYLA-S-mando-01-640x640.webp 640w, https:\/\/arteconfort.com\/wp-content\/uploads\/2025\/03\/HYLA-S-mando-01-960x960.webp 960w, https:\/\/arteconfort.com\/wp-content\/uploads\/2025\/03\/HYLA-S-mando-01-300x300.webp 300w, https:\/\/arteconfort.com\/wp-content\/uploads\/2025\/03\/HYLA-S-mando-01-600x600.webp 600w, https:\/\/arteconfort.com\/wp-content\/uploads\/2025\/03\/HYLA-S-mando-01-100x100.webp 100w\" sizes=\"auto, (max-width: 1024px) 100vw, 1024px\" \/>\t<img loading=\"lazy\" decoding=\"async\" width=\"1024\" height=\"1024\" src=\"https:\/\/arteconfort.com\/wp-content\/uploads\/2025\/03\/HYLA-S-detalle-04.webp\" class=\"attachment-shop_catalog size-shop_catalog\" alt=\"\" srcset=\"https:\/\/arteconfort.com\/wp-content\/uploads\/2025\/03\/HYLA-S-detalle-04.webp 1024w, https:\/\/arteconfort.com\/wp-content\/uploads\/2025\/03\/HYLA-S-detalle-04-768x768.webp 768w, https:\/\/arteconfort.com\/wp-content\/uploads\/2025\/03\/HYLA-S-detalle-04-340x340.webp 340w, https:\/\/arteconfort.com\/wp-content\/uploads\/2025\/03\/HYLA-S-detalle-04-640x640.webp 640w, https:\/\/arteconfort.com\/wp-content\/uploads\/2025\/03\/HYLA-S-detalle-04-960x960.webp 960w, https:\/\/arteconfort.com\/wp-content\/uploads\/2025\/03\/HYLA-S-detalle-04-300x300.webp 300w, https:\/\/arteconfort.com\/wp-content\/uploads\/2025\/03\/HYLA-S-detalle-04-600x600.webp 600w, https:\/\/arteconfort.com\/wp-content\/uploads\/2025\/03\/HYLA-S-detalle-04-100x100.webp 100w\" sizes=\"auto, (max-width: 1024px) 100vw, 1024px\" \/><img loading=\"lazy\" decoding=\"async\" width=\"1024\" height=\"1024\" src=\"https:\/\/arteconfort.com\/wp-content\/uploads\/2025\/03\/94051347-tz-01.webp\" class=\"attachment-shop_catalog size-shop_catalog\" alt=\"\" srcset=\"https:\/\/arteconfort.com\/wp-content\/uploads\/2025\/03\/94051347-tz-01.webp 1024w, https:\/\/arteconfort.com\/wp-content\/uploads\/2025\/03\/94051347-tz-01-768x768.webp 768w, https:\/\/arteconfort.com\/wp-content\/uploads\/2025\/03\/94051347-tz-01-340x340.webp 340w, https:\/\/arteconfort.com\/wp-content\/uploads\/2025\/03\/94051347-tz-01-640x640.webp 640w, https:\/\/arteconfort.com\/wp-content\/uploads\/2025\/03\/94051347-tz-01-960x960.webp 960w, https:\/\/arteconfort.com\/wp-content\/uploads\/2025\/03\/94051347-tz-01-300x300.webp 300w, https:\/\/arteconfort.com\/wp-content\/uploads\/2025\/03\/94051347-tz-01-600x600.webp 600w, https:\/\/arteconfort.com\/wp-content\/uploads\/2025\/03\/94051347-tz-01-100x100.webp 100w\" sizes=\"auto, (max-width: 1024px) 100vw, 1024px\" \/><img loading=\"lazy\" decoding=\"async\" width=\"1024\" height=\"1024\" src=\"https:\/\/arteconfort.com\/wp-content\/uploads\/2025\/03\/HYLA-S-grafico-05.webp\" class=\"attachment-shop_catalog size-shop_catalog\" alt=\"\" srcset=\"https:\/\/arteconfort.com\/wp-content\/uploads\/2025\/03\/HYLA-S-grafico-05.webp 1024w, https:\/\/arteconfort.com\/wp-content\/uploads\/2025\/03\/HYLA-S-grafico-05-768x768.webp 768w, https:\/\/arteconfort.com\/wp-content\/uploads\/2025\/03\/HYLA-S-grafico-05-340x340.webp 340w, https:\/\/arteconfort.com\/wp-content\/uploads\/2025\/03\/HYLA-S-grafico-05-640x640.webp 640w, https:\/\/arteconfort.com\/wp-content\/uploads\/2025\/03\/HYLA-S-grafico-05-960x960.webp 960w, https:\/\/arteconfort.com\/wp-content\/uploads\/2025\/03\/HYLA-S-grafico-05-300x300.webp 300w, https:\/\/arteconfort.com\/wp-content\/uploads\/2025\/03\/HYLA-S-grafico-05-600x600.webp 600w, https:\/\/arteconfort.com\/wp-content\/uploads\/2025\/03\/HYLA-S-grafico-05-100x100.webp 100w\" sizes=\"auto, (max-width: 1024px) 100vw, 1024px\" \/>\t<\/a>\n\t<div class=\"w-product-status\"><\/div>\t<span id=\"woocommerce_loop_add_to_cart_link_describedby_44523\" class=\"screen-reader-text\">\n\t\t\t<\/span>\n<\/div><figcaption><h2 class=\"woocommerce-loop-product__title\">HYLA S<\/h2><div class=\"woocommerce-product-details__short-description\">\n\t<p>HYLA S retractable or hinged blade fan with integrated LED light, high luminous flux and color temperature memory.<\/div>\n\n<\/figcaption><\/figure><\/li>\n<li class=\"product type-product post-25259 status-publish instock product_cat-climatizacion-en product_cat-collection-old-en product_cat-ventiladores-de-techo-en has-post-thumbnail shipping-taxable product-type-simple w-item col-3\">\n\t<figure><div class=\"image-wrapper\">\t\t<a href=\"https:\/\/arteconfort.com\/en\/producto\/ini\/\" class=\"w-fadeslider\">\n\t<img loading=\"lazy\" decoding=\"async\" width=\"1024\" height=\"1024\" src=\"https:\/\/arteconfort.com\/wp-content\/uploads\/2023\/10\/INI-mando.webp\" class=\"attachment-shop_catalog size-shop_catalog wp-post-image\" alt=\"\" srcset=\"https:\/\/arteconfort.com\/wp-content\/uploads\/2023\/10\/INI-mando.webp 1024w, https:\/\/arteconfort.com\/wp-content\/uploads\/2023\/10\/INI-mando-768x768.webp 768w, https:\/\/arteconfort.com\/wp-content\/uploads\/2023\/10\/INI-mando-340x340.webp 340w, https:\/\/arteconfort.com\/wp-content\/uploads\/2023\/10\/INI-mando-640x640.webp 640w, https:\/\/arteconfort.com\/wp-content\/uploads\/2023\/10\/INI-mando-960x960.webp 960w, https:\/\/arteconfort.com\/wp-content\/uploads\/2023\/10\/INI-mando-300x300.webp 300w, https:\/\/arteconfort.com\/wp-content\/uploads\/2023\/10\/INI-mando-600x600.webp 600w, https:\/\/arteconfort.com\/wp-content\/uploads\/2023\/10\/INI-mando-100x100.webp 100w, https:\/\/arteconfort.com\/wp-content\/uploads\/2023\/10\/INI-mando-133x133.webp 133w\" sizes=\"auto, (max-width: 1024px) 100vw, 1024px\" \/>\t<img loading=\"lazy\" decoding=\"async\" width=\"1024\" height=\"1024\" src=\"https:\/\/arteconfort.com\/wp-content\/uploads\/2023\/10\/INI-ambiente-3.webp\" class=\"attachment-shop_catalog size-shop_catalog\" alt=\"\" srcset=\"https:\/\/arteconfort.com\/wp-content\/uploads\/2023\/10\/INI-ambiente-3.webp 1024w, https:\/\/arteconfort.com\/wp-content\/uploads\/2023\/10\/INI-ambiente-3-768x768.webp 768w, https:\/\/arteconfort.com\/wp-content\/uploads\/2023\/10\/INI-ambiente-3-340x340.webp 340w, https:\/\/arteconfort.com\/wp-content\/uploads\/2023\/10\/INI-ambiente-3-640x640.webp 640w, https:\/\/arteconfort.com\/wp-content\/uploads\/2023\/10\/INI-ambiente-3-960x960.webp 960w, https:\/\/arteconfort.com\/wp-content\/uploads\/2023\/10\/INI-ambiente-3-133x133.webp 133w, https:\/\/arteconfort.com\/wp-content\/uploads\/2023\/10\/INI-ambiente-3-300x300.webp 300w, https:\/\/arteconfort.com\/wp-content\/uploads\/2023\/10\/INI-ambiente-3-600x600.webp 600w, https:\/\/arteconfort.com\/wp-content\/uploads\/2023\/10\/INI-ambiente-3-100x100.webp 100w\" sizes=\"auto, (max-width: 1024px) 100vw, 1024px\" \/><img loading=\"lazy\" decoding=\"async\" width=\"1024\" height=\"1024\" src=\"https:\/\/arteconfort.com\/wp-content\/uploads\/2023\/10\/INI-grafico.webp\" class=\"attachment-shop_catalog size-shop_catalog\" alt=\"\" srcset=\"https:\/\/arteconfort.com\/wp-content\/uploads\/2023\/10\/INI-grafico.webp 1024w, https:\/\/arteconfort.com\/wp-content\/uploads\/2023\/10\/INI-grafico-768x768.webp 768w, https:\/\/arteconfort.com\/wp-content\/uploads\/2023\/10\/INI-grafico-340x340.webp 340w, https:\/\/arteconfort.com\/wp-content\/uploads\/2023\/10\/INI-grafico-640x640.webp 640w, https:\/\/arteconfort.com\/wp-content\/uploads\/2023\/10\/INI-grafico-960x960.webp 960w, https:\/\/arteconfort.com\/wp-content\/uploads\/2023\/10\/INI-grafico-133x133.webp 133w, https:\/\/arteconfort.com\/wp-content\/uploads\/2023\/10\/INI-grafico-300x300.webp 300w, https:\/\/arteconfort.com\/wp-content\/uploads\/2023\/10\/INI-grafico-600x600.webp 600w, https:\/\/arteconfort.com\/wp-content\/uploads\/2023\/10\/INI-grafico-100x100.webp 100w\" sizes=\"auto, (max-width: 1024px) 100vw, 1024px\" \/>\t<\/a>\n\t<div class=\"w-product-status\"><\/div>\t<span id=\"woocommerce_loop_add_to_cart_link_describedby_25259\" class=\"screen-reader-text\">\n\t\t\t<\/span>\n<\/div><div class=\"berocket_better_labels berocket_better_labels_image\"><div class=\"berocket_better_labels_position berocket_better_labels_position_right\"><div class=\"berocket_better_labels_line berocket_better_labels_line_1\"><div class=\"berocket_better_labels_inline berocket_better_labels_inline_1\"><div class=\"br_alabel br_alabel_type_text br_alabel_template_type_css berocket_alabel_id_22611  br_alabel_better_compatibility\" style=\"\"><span  style=\"\"><i style=\"background-color: #000000; border-color: #000000;\" class=\"template-span-before \"><\/i><i style=\"background-color: #000000; border-color: #000000;\" class=\"template-i \"><\/i><i style=\"background-color: #000000; border-color: #000000;\" class=\"template-i-before \"><\/i><i style=\"background-color: #000000; border-color: #000000;\" class=\"template-i-after \"><\/i><b style=\"position: relative;z-index: 100;text-align: center;color: inherit;\">Old collection<\/b><\/span><\/div><\/div><\/div><\/div><\/div><figcaption><h2 class=\"woocommerce-loop-product__title\">INI<\/h2><div class=\"woocommerce-product-details__short-description\">\n\t<p>INI portable fan created with a compact and ultra-lightweight design, with integrated LED light. It has a white<\/div>\n\n<\/figcaption><\/figure><\/li>\n<li class=\"product type-product post-42833 status-publish instock product_cat-climatizacion-en product_cat-ventiladores-de-techo-en has-post-thumbnail shipping-taxable product-type-simple w-item col-3\">\n\t<figure><div class=\"image-wrapper\">\t\t<a href=\"https:\/\/arteconfort.com\/en\/producto\/kenia-black\/\" class=\"w-fadeslider\">\n\t<img loading=\"lazy\" decoding=\"async\" width=\"1024\" height=\"1024\" src=\"https:\/\/arteconfort.com\/wp-content\/uploads\/2024\/06\/KENIA-NEGRO-mando.webp\" class=\"attachment-shop_catalog size-shop_catalog wp-post-image\" alt=\"Ventilador KENIA NEGRO mando\" srcset=\"https:\/\/arteconfort.com\/wp-content\/uploads\/2024\/06\/KENIA-NEGRO-mando.webp 1024w, https:\/\/arteconfort.com\/wp-content\/uploads\/2024\/06\/KENIA-NEGRO-mando-768x768.webp 768w, https:\/\/arteconfort.com\/wp-content\/uploads\/2024\/06\/KENIA-NEGRO-mando-340x340.webp 340w, https:\/\/arteconfort.com\/wp-content\/uploads\/2024\/06\/KENIA-NEGRO-mando-640x640.webp 640w, https:\/\/arteconfort.com\/wp-content\/uploads\/2024\/06\/KENIA-NEGRO-mando-960x960.webp 960w, https:\/\/arteconfort.com\/wp-content\/uploads\/2024\/06\/KENIA-NEGRO-mando-300x300.webp 300w, https:\/\/arteconfort.com\/wp-content\/uploads\/2024\/06\/KENIA-NEGRO-mando-600x600.webp 600w, https:\/\/arteconfort.com\/wp-content\/uploads\/2024\/06\/KENIA-NEGRO-mando-100x100.webp 100w, https:\/\/arteconfort.com\/wp-content\/uploads\/2024\/06\/KENIA-NEGRO-mando-133x133.webp 133w\" sizes=\"auto, (max-width: 1024px) 100vw, 1024px\" \/>\t<img loading=\"lazy\" decoding=\"async\" width=\"1024\" height=\"1024\" src=\"https:\/\/arteconfort.com\/wp-content\/uploads\/2024\/06\/ventilador-KENIA-NEGRO-31556549-ambiente-1.webp\" class=\"attachment-shop_catalog size-shop_catalog\" alt=\"Ventilador KENIA NEGRO ambiente dia\" srcset=\"https:\/\/arteconfort.com\/wp-content\/uploads\/2024\/06\/ventilador-KENIA-NEGRO-31556549-ambiente-1.webp 1024w, https:\/\/arteconfort.com\/wp-content\/uploads\/2024\/06\/ventilador-KENIA-NEGRO-31556549-ambiente-1-768x768.webp 768w, https:\/\/arteconfort.com\/wp-content\/uploads\/2024\/06\/ventilador-KENIA-NEGRO-31556549-ambiente-1-340x340.webp 340w, https:\/\/arteconfort.com\/wp-content\/uploads\/2024\/06\/ventilador-KENIA-NEGRO-31556549-ambiente-1-640x640.webp 640w, https:\/\/arteconfort.com\/wp-content\/uploads\/2024\/06\/ventilador-KENIA-NEGRO-31556549-ambiente-1-960x960.webp 960w, https:\/\/arteconfort.com\/wp-content\/uploads\/2024\/06\/ventilador-KENIA-NEGRO-31556549-ambiente-1-133x133.webp 133w, https:\/\/arteconfort.com\/wp-content\/uploads\/2024\/06\/ventilador-KENIA-NEGRO-31556549-ambiente-1-300x300.webp 300w, https:\/\/arteconfort.com\/wp-content\/uploads\/2024\/06\/ventilador-KENIA-NEGRO-31556549-ambiente-1-600x600.webp 600w, https:\/\/arteconfort.com\/wp-content\/uploads\/2024\/06\/ventilador-KENIA-NEGRO-31556549-ambiente-1-100x100.webp 100w\" sizes=\"auto, (max-width: 1024px) 100vw, 1024px\" \/><img loading=\"lazy\" decoding=\"async\" width=\"1024\" height=\"1024\" src=\"https:\/\/arteconfort.com\/wp-content\/uploads\/2024\/06\/ventilador-KENIA-NEGRO-31556549-2.webp\" class=\"attachment-shop_catalog size-shop_catalog\" alt=\"Ventilador KENIA NEGRO vista perspectiva\" srcset=\"https:\/\/arteconfort.com\/wp-content\/uploads\/2024\/06\/ventilador-KENIA-NEGRO-31556549-2.webp 1024w, https:\/\/arteconfort.com\/wp-content\/uploads\/2024\/06\/ventilador-KENIA-NEGRO-31556549-2-768x768.webp 768w, https:\/\/arteconfort.com\/wp-content\/uploads\/2024\/06\/ventilador-KENIA-NEGRO-31556549-2-340x340.webp 340w, https:\/\/arteconfort.com\/wp-content\/uploads\/2024\/06\/ventilador-KENIA-NEGRO-31556549-2-640x640.webp 640w, https:\/\/arteconfort.com\/wp-content\/uploads\/2024\/06\/ventilador-KENIA-NEGRO-31556549-2-960x960.webp 960w, https:\/\/arteconfort.com\/wp-content\/uploads\/2024\/06\/ventilador-KENIA-NEGRO-31556549-2-133x133.webp 133w, https:\/\/arteconfort.com\/wp-content\/uploads\/2024\/06\/ventilador-KENIA-NEGRO-31556549-2-300x300.webp 300w, https:\/\/arteconfort.com\/wp-content\/uploads\/2024\/06\/ventilador-KENIA-NEGRO-31556549-2-600x600.webp 600w, https:\/\/arteconfort.com\/wp-content\/uploads\/2024\/06\/ventilador-KENIA-NEGRO-31556549-2-100x100.webp 100w\" sizes=\"auto, (max-width: 1024px) 100vw, 1024px\" \/><img loading=\"lazy\" decoding=\"async\" width=\"1024\" height=\"1024\" src=\"https:\/\/arteconfort.com\/wp-content\/uploads\/2024\/06\/ventilador-KENIA-NEGRO-31556549-4.webp\" class=\"attachment-shop_catalog size-shop_catalog\" alt=\"Ventilador KENIA NEGRO vista lateral\" srcset=\"https:\/\/arteconfort.com\/wp-content\/uploads\/2024\/06\/ventilador-KENIA-NEGRO-31556549-4.webp 1024w, https:\/\/arteconfort.com\/wp-content\/uploads\/2024\/06\/ventilador-KENIA-NEGRO-31556549-4-768x768.webp 768w, https:\/\/arteconfort.com\/wp-content\/uploads\/2024\/06\/ventilador-KENIA-NEGRO-31556549-4-340x340.webp 340w, https:\/\/arteconfort.com\/wp-content\/uploads\/2024\/06\/ventilador-KENIA-NEGRO-31556549-4-640x640.webp 640w, https:\/\/arteconfort.com\/wp-content\/uploads\/2024\/06\/ventilador-KENIA-NEGRO-31556549-4-960x960.webp 960w, https:\/\/arteconfort.com\/wp-content\/uploads\/2024\/06\/ventilador-KENIA-NEGRO-31556549-4-133x133.webp 133w, https:\/\/arteconfort.com\/wp-content\/uploads\/2024\/06\/ventilador-KENIA-NEGRO-31556549-4-300x300.webp 300w, https:\/\/arteconfort.com\/wp-content\/uploads\/2024\/06\/ventilador-KENIA-NEGRO-31556549-4-600x600.webp 600w, https:\/\/arteconfort.com\/wp-content\/uploads\/2024\/06\/ventilador-KENIA-NEGRO-31556549-4-100x100.webp 100w\" sizes=\"auto, (max-width: 1024px) 100vw, 1024px\" \/><img loading=\"lazy\" decoding=\"async\" width=\"1024\" height=\"1008\" src=\"https:\/\/arteconfort.com\/wp-content\/uploads\/2024\/06\/KENIA-NEGRO-planta.webp\" class=\"attachment-shop_catalog size-shop_catalog\" alt=\"Ventilador KENIA NEGRO planta\" srcset=\"https:\/\/arteconfort.com\/wp-content\/uploads\/2024\/06\/KENIA-NEGRO-planta.webp 1024w, https:\/\/arteconfort.com\/wp-content\/uploads\/2024\/06\/KENIA-NEGRO-planta-768x756.webp 768w, https:\/\/arteconfort.com\/wp-content\/uploads\/2024\/06\/KENIA-NEGRO-planta-640x630.webp 640w, https:\/\/arteconfort.com\/wp-content\/uploads\/2024\/06\/KENIA-NEGRO-planta-600x591.webp 600w\" sizes=\"auto, (max-width: 1024px) 100vw, 1024px\" \/><img loading=\"lazy\" decoding=\"async\" width=\"1024\" height=\"1024\" src=\"https:\/\/arteconfort.com\/wp-content\/uploads\/2024\/06\/KENIA-NEGRO-cuerpo.webp\" class=\"attachment-shop_catalog size-shop_catalog\" alt=\"Ventilador KENIA NEGRO cuerpo\" srcset=\"https:\/\/arteconfort.com\/wp-content\/uploads\/2024\/06\/KENIA-NEGRO-cuerpo.webp 1024w, https:\/\/arteconfort.com\/wp-content\/uploads\/2024\/06\/KENIA-NEGRO-cuerpo-768x768.webp 768w, https:\/\/arteconfort.com\/wp-content\/uploads\/2024\/06\/KENIA-NEGRO-cuerpo-340x340.webp 340w, https:\/\/arteconfort.com\/wp-content\/uploads\/2024\/06\/KENIA-NEGRO-cuerpo-640x640.webp 640w, https:\/\/arteconfort.com\/wp-content\/uploads\/2024\/06\/KENIA-NEGRO-cuerpo-960x960.webp 960w, https:\/\/arteconfort.com\/wp-content\/uploads\/2024\/06\/KENIA-NEGRO-cuerpo-133x133.webp 133w, https:\/\/arteconfort.com\/wp-content\/uploads\/2024\/06\/KENIA-NEGRO-cuerpo-300x300.webp 300w, https:\/\/arteconfort.com\/wp-content\/uploads\/2024\/06\/KENIA-NEGRO-cuerpo-600x600.webp 600w, https:\/\/arteconfort.com\/wp-content\/uploads\/2024\/06\/KENIA-NEGRO-cuerpo-100x100.webp 100w\" sizes=\"auto, (max-width: 1024px) 100vw, 1024px\" \/><img loading=\"lazy\" decoding=\"async\" width=\"1024\" height=\"1088\" src=\"https:\/\/arteconfort.com\/wp-content\/uploads\/2024\/06\/KENIA-NEGRO-embellecedor.webp\" class=\"attachment-shop_catalog size-shop_catalog\" alt=\"Ventilador KENIA NEGRO embellecedor\" srcset=\"https:\/\/arteconfort.com\/wp-content\/uploads\/2024\/06\/KENIA-NEGRO-embellecedor.webp 1024w, https:\/\/arteconfort.com\/wp-content\/uploads\/2024\/06\/KENIA-NEGRO-embellecedor-768x816.webp 768w, https:\/\/arteconfort.com\/wp-content\/uploads\/2024\/06\/KENIA-NEGRO-embellecedor-640x680.webp 640w, https:\/\/arteconfort.com\/wp-content\/uploads\/2024\/06\/KENIA-NEGRO-embellecedor-600x638.webp 600w\" sizes=\"auto, (max-width: 1024px) 100vw, 1024px\" \/><img loading=\"lazy\" decoding=\"async\" width=\"1024\" height=\"1024\" src=\"https:\/\/arteconfort.com\/wp-content\/uploads\/2024\/06\/ventilador-KENIA-NEGRO-31556549-detalle-3.webp\" class=\"attachment-shop_catalog size-shop_catalog\" alt=\"Ventilador KENIA NEGRO aspa\" srcset=\"https:\/\/arteconfort.com\/wp-content\/uploads\/2024\/06\/ventilador-KENIA-NEGRO-31556549-detalle-3.webp 1024w, https:\/\/arteconfort.com\/wp-content\/uploads\/2024\/06\/ventilador-KENIA-NEGRO-31556549-detalle-3-768x768.webp 768w, https:\/\/arteconfort.com\/wp-content\/uploads\/2024\/06\/ventilador-KENIA-NEGRO-31556549-detalle-3-340x340.webp 340w, https:\/\/arteconfort.com\/wp-content\/uploads\/2024\/06\/ventilador-KENIA-NEGRO-31556549-detalle-3-640x640.webp 640w, https:\/\/arteconfort.com\/wp-content\/uploads\/2024\/06\/ventilador-KENIA-NEGRO-31556549-detalle-3-960x960.webp 960w, https:\/\/arteconfort.com\/wp-content\/uploads\/2024\/06\/ventilador-KENIA-NEGRO-31556549-detalle-3-133x133.webp 133w, https:\/\/arteconfort.com\/wp-content\/uploads\/2024\/06\/ventilador-KENIA-NEGRO-31556549-detalle-3-300x300.webp 300w, https:\/\/arteconfort.com\/wp-content\/uploads\/2024\/06\/ventilador-KENIA-NEGRO-31556549-detalle-3-600x600.webp 600w, https:\/\/arteconfort.com\/wp-content\/uploads\/2024\/06\/ventilador-KENIA-NEGRO-31556549-detalle-3-100x100.webp 100w\" sizes=\"auto, (max-width: 1024px) 100vw, 1024px\" \/><img loading=\"lazy\" decoding=\"async\" width=\"1024\" height=\"1024\" src=\"https:\/\/arteconfort.com\/wp-content\/uploads\/2024\/06\/ventilador-KENIA-NEGRO-31556549-mando.webp\" class=\"attachment-shop_catalog size-shop_catalog\" alt=\"Ventilador KENIA NEGRO mando\" srcset=\"https:\/\/arteconfort.com\/wp-content\/uploads\/2024\/06\/ventilador-KENIA-NEGRO-31556549-mando.webp 1024w, https:\/\/arteconfort.com\/wp-content\/uploads\/2024\/06\/ventilador-KENIA-NEGRO-31556549-mando-768x768.webp 768w, https:\/\/arteconfort.com\/wp-content\/uploads\/2024\/06\/ventilador-KENIA-NEGRO-31556549-mando-340x340.webp 340w, https:\/\/arteconfort.com\/wp-content\/uploads\/2024\/06\/ventilador-KENIA-NEGRO-31556549-mando-640x640.webp 640w, https:\/\/arteconfort.com\/wp-content\/uploads\/2024\/06\/ventilador-KENIA-NEGRO-31556549-mando-960x960.webp 960w, https:\/\/arteconfort.com\/wp-content\/uploads\/2024\/06\/ventilador-KENIA-NEGRO-31556549-mando-133x133.webp 133w, https:\/\/arteconfort.com\/wp-content\/uploads\/2024\/06\/ventilador-KENIA-NEGRO-31556549-mando-300x300.webp 300w, https:\/\/arteconfort.com\/wp-content\/uploads\/2024\/06\/ventilador-KENIA-NEGRO-31556549-mando-600x600.webp 600w, https:\/\/arteconfort.com\/wp-content\/uploads\/2024\/06\/ventilador-KENIA-NEGRO-31556549-mando-100x100.webp 100w\" sizes=\"auto, (max-width: 1024px) 100vw, 1024px\" \/><img loading=\"lazy\" decoding=\"async\" width=\"1024\" height=\"1024\" src=\"https:\/\/arteconfort.com\/wp-content\/uploads\/2024\/06\/ventilador-KENIA-NEGRO-31556549-grafico.webp\" class=\"attachment-shop_catalog size-shop_catalog\" alt=\"Ventilador KENIA NEGRO grafico\" srcset=\"https:\/\/arteconfort.com\/wp-content\/uploads\/2024\/06\/ventilador-KENIA-NEGRO-31556549-grafico.webp 1024w, https:\/\/arteconfort.com\/wp-content\/uploads\/2024\/06\/ventilador-KENIA-NEGRO-31556549-grafico-768x768.webp 768w, https:\/\/arteconfort.com\/wp-content\/uploads\/2024\/06\/ventilador-KENIA-NEGRO-31556549-grafico-340x340.webp 340w, https:\/\/arteconfort.com\/wp-content\/uploads\/2024\/06\/ventilador-KENIA-NEGRO-31556549-grafico-640x640.webp 640w, https:\/\/arteconfort.com\/wp-content\/uploads\/2024\/06\/ventilador-KENIA-NEGRO-31556549-grafico-960x960.webp 960w, https:\/\/arteconfort.com\/wp-content\/uploads\/2024\/06\/ventilador-KENIA-NEGRO-31556549-grafico-133x133.webp 133w, https:\/\/arteconfort.com\/wp-content\/uploads\/2024\/06\/ventilador-KENIA-NEGRO-31556549-grafico-300x300.webp 300w, https:\/\/arteconfort.com\/wp-content\/uploads\/2024\/06\/ventilador-KENIA-NEGRO-31556549-grafico-600x600.webp 600w, https:\/\/arteconfort.com\/wp-content\/uploads\/2024\/06\/ventilador-KENIA-NEGRO-31556549-grafico-100x100.webp 100w\" sizes=\"auto, (max-width: 1024px) 100vw, 1024px\" \/><img loading=\"lazy\" decoding=\"async\" width=\"1024\" height=\"1024\" src=\"https:\/\/arteconfort.com\/wp-content\/uploads\/2024\/06\/KENIA-NEGRO-madera.webp\" class=\"attachment-shop_catalog size-shop_catalog\" alt=\"Ventilador KENIA NEGRO madera\" srcset=\"https:\/\/arteconfort.com\/wp-content\/uploads\/2024\/06\/KENIA-NEGRO-madera.webp 1024w, https:\/\/arteconfort.com\/wp-content\/uploads\/2024\/06\/KENIA-NEGRO-madera-768x768.webp 768w, https:\/\/arteconfort.com\/wp-content\/uploads\/2024\/06\/KENIA-NEGRO-madera-340x340.webp 340w, https:\/\/arteconfort.com\/wp-content\/uploads\/2024\/06\/KENIA-NEGRO-madera-640x640.webp 640w, https:\/\/arteconfort.com\/wp-content\/uploads\/2024\/06\/KENIA-NEGRO-madera-960x960.webp 960w, https:\/\/arteconfort.com\/wp-content\/uploads\/2024\/06\/KENIA-NEGRO-madera-133x133.webp 133w, https:\/\/arteconfort.com\/wp-content\/uploads\/2024\/06\/KENIA-NEGRO-madera-300x300.webp 300w, https:\/\/arteconfort.com\/wp-content\/uploads\/2024\/06\/KENIA-NEGRO-madera-600x600.webp 600w, https:\/\/arteconfort.com\/wp-content\/uploads\/2024\/06\/KENIA-NEGRO-madera-100x100.webp 100w\" sizes=\"auto, (max-width: 1024px) 100vw, 1024px\" \/><img loading=\"lazy\" decoding=\"async\" width=\"1024\" height=\"1024\" src=\"https:\/\/arteconfort.com\/wp-content\/uploads\/2024\/06\/KENIA-NEGRO-luces.webp\" class=\"attachment-shop_catalog size-shop_catalog\" alt=\"Ventilador KENIA NEGRO luces\" srcset=\"https:\/\/arteconfort.com\/wp-content\/uploads\/2024\/06\/KENIA-NEGRO-luces.webp 1024w, https:\/\/arteconfort.com\/wp-content\/uploads\/2024\/06\/KENIA-NEGRO-luces-768x768.webp 768w, https:\/\/arteconfort.com\/wp-content\/uploads\/2024\/06\/KENIA-NEGRO-luces-340x340.webp 340w, https:\/\/arteconfort.com\/wp-content\/uploads\/2024\/06\/KENIA-NEGRO-luces-640x640.webp 640w, https:\/\/arteconfort.com\/wp-content\/uploads\/2024\/06\/KENIA-NEGRO-luces-960x960.webp 960w, https:\/\/arteconfort.com\/wp-content\/uploads\/2024\/06\/KENIA-NEGRO-luces-133x133.webp 133w, https:\/\/arteconfort.com\/wp-content\/uploads\/2024\/06\/KENIA-NEGRO-luces-300x300.webp 300w, https:\/\/arteconfort.com\/wp-content\/uploads\/2024\/06\/KENIA-NEGRO-luces-600x600.webp 600w, https:\/\/arteconfort.com\/wp-content\/uploads\/2024\/06\/KENIA-NEGRO-luces-100x100.webp 100w\" sizes=\"auto, (max-width: 1024px) 100vw, 1024px\" \/><img loading=\"lazy\" decoding=\"async\" width=\"1024\" height=\"1024\" src=\"https:\/\/arteconfort.com\/wp-content\/uploads\/2024\/06\/ventilador-KENIA-NEGRO-31556549-ambiente-2.webp\" class=\"attachment-shop_catalog size-shop_catalog\" alt=\"Ventilador KENIA NEGRO ambiente luz calida\" srcset=\"https:\/\/arteconfort.com\/wp-content\/uploads\/2024\/06\/ventilador-KENIA-NEGRO-31556549-ambiente-2.webp 1024w, https:\/\/arteconfort.com\/wp-content\/uploads\/2024\/06\/ventilador-KENIA-NEGRO-31556549-ambiente-2-768x768.webp 768w, https:\/\/arteconfort.com\/wp-content\/uploads\/2024\/06\/ventilador-KENIA-NEGRO-31556549-ambiente-2-340x340.webp 340w, https:\/\/arteconfort.com\/wp-content\/uploads\/2024\/06\/ventilador-KENIA-NEGRO-31556549-ambiente-2-640x640.webp 640w, https:\/\/arteconfort.com\/wp-content\/uploads\/2024\/06\/ventilador-KENIA-NEGRO-31556549-ambiente-2-960x960.webp 960w, https:\/\/arteconfort.com\/wp-content\/uploads\/2024\/06\/ventilador-KENIA-NEGRO-31556549-ambiente-2-133x133.webp 133w, https:\/\/arteconfort.com\/wp-content\/uploads\/2024\/06\/ventilador-KENIA-NEGRO-31556549-ambiente-2-300x300.webp 300w, https:\/\/arteconfort.com\/wp-content\/uploads\/2024\/06\/ventilador-KENIA-NEGRO-31556549-ambiente-2-600x600.webp 600w, https:\/\/arteconfort.com\/wp-content\/uploads\/2024\/06\/ventilador-KENIA-NEGRO-31556549-ambiente-2-100x100.webp 100w\" sizes=\"auto, (max-width: 1024px) 100vw, 1024px\" \/><img loading=\"lazy\" decoding=\"async\" width=\"1024\" height=\"1024\" src=\"https:\/\/arteconfort.com\/wp-content\/uploads\/2024\/06\/ventilador-KENIA-NEGRO-31556549-ambiente-4.webp\" class=\"attachment-shop_catalog size-shop_catalog\" alt=\"Ventilador KENIA NEGRO ambiente luz neutra\" srcset=\"https:\/\/arteconfort.com\/wp-content\/uploads\/2024\/06\/ventilador-KENIA-NEGRO-31556549-ambiente-4.webp 1024w, https:\/\/arteconfort.com\/wp-content\/uploads\/2024\/06\/ventilador-KENIA-NEGRO-31556549-ambiente-4-768x768.webp 768w, https:\/\/arteconfort.com\/wp-content\/uploads\/2024\/06\/ventilador-KENIA-NEGRO-31556549-ambiente-4-340x340.webp 340w, https:\/\/arteconfort.com\/wp-content\/uploads\/2024\/06\/ventilador-KENIA-NEGRO-31556549-ambiente-4-640x640.webp 640w, https:\/\/arteconfort.com\/wp-content\/uploads\/2024\/06\/ventilador-KENIA-NEGRO-31556549-ambiente-4-960x960.webp 960w, https:\/\/arteconfort.com\/wp-content\/uploads\/2024\/06\/ventilador-KENIA-NEGRO-31556549-ambiente-4-133x133.webp 133w, https:\/\/arteconfort.com\/wp-content\/uploads\/2024\/06\/ventilador-KENIA-NEGRO-31556549-ambiente-4-300x300.webp 300w, https:\/\/arteconfort.com\/wp-content\/uploads\/2024\/06\/ventilador-KENIA-NEGRO-31556549-ambiente-4-600x600.webp 600w, https:\/\/arteconfort.com\/wp-content\/uploads\/2024\/06\/ventilador-KENIA-NEGRO-31556549-ambiente-4-100x100.webp 100w\" sizes=\"auto, (max-width: 1024px) 100vw, 1024px\" \/><img loading=\"lazy\" decoding=\"async\" width=\"1024\" height=\"1024\" src=\"https:\/\/arteconfort.com\/wp-content\/uploads\/2024\/06\/ventilador-KENIA-NEGRO-31556549-ambiente-3.webp\" class=\"attachment-shop_catalog size-shop_catalog\" alt=\"Ventilador KENIA NEGRO ambiente luz neutra tenue\" srcset=\"https:\/\/arteconfort.com\/wp-content\/uploads\/2024\/06\/ventilador-KENIA-NEGRO-31556549-ambiente-3.webp 1024w, https:\/\/arteconfort.com\/wp-content\/uploads\/2024\/06\/ventilador-KENIA-NEGRO-31556549-ambiente-3-768x768.webp 768w, https:\/\/arteconfort.com\/wp-content\/uploads\/2024\/06\/ventilador-KENIA-NEGRO-31556549-ambiente-3-340x340.webp 340w, https:\/\/arteconfort.com\/wp-content\/uploads\/2024\/06\/ventilador-KENIA-NEGRO-31556549-ambiente-3-640x640.webp 640w, https:\/\/arteconfort.com\/wp-content\/uploads\/2024\/06\/ventilador-KENIA-NEGRO-31556549-ambiente-3-960x960.webp 960w, https:\/\/arteconfort.com\/wp-content\/uploads\/2024\/06\/ventilador-KENIA-NEGRO-31556549-ambiente-3-133x133.webp 133w, https:\/\/arteconfort.com\/wp-content\/uploads\/2024\/06\/ventilador-KENIA-NEGRO-31556549-ambiente-3-300x300.webp 300w, https:\/\/arteconfort.com\/wp-content\/uploads\/2024\/06\/ventilador-KENIA-NEGRO-31556549-ambiente-3-600x600.webp 600w, https:\/\/arteconfort.com\/wp-content\/uploads\/2024\/06\/ventilador-KENIA-NEGRO-31556549-ambiente-3-100x100.webp 100w\" sizes=\"auto, (max-width: 1024px) 100vw, 1024px\" \/><img loading=\"lazy\" decoding=\"async\" width=\"1024\" height=\"1024\" src=\"https:\/\/arteconfort.com\/wp-content\/uploads\/2024\/06\/ventilador-KENIA-NEGRO-31556549-ambiente-5.webp\" class=\"attachment-shop_catalog size-shop_catalog\" alt=\"Ventilador KENIA NEGRO ambiente luz fria\" srcset=\"https:\/\/arteconfort.com\/wp-content\/uploads\/2024\/06\/ventilador-KENIA-NEGRO-31556549-ambiente-5.webp 1024w, https:\/\/arteconfort.com\/wp-content\/uploads\/2024\/06\/ventilador-KENIA-NEGRO-31556549-ambiente-5-768x768.webp 768w, https:\/\/arteconfort.com\/wp-content\/uploads\/2024\/06\/ventilador-KENIA-NEGRO-31556549-ambiente-5-340x340.webp 340w, https:\/\/arteconfort.com\/wp-content\/uploads\/2024\/06\/ventilador-KENIA-NEGRO-31556549-ambiente-5-640x640.webp 640w, https:\/\/arteconfort.com\/wp-content\/uploads\/2024\/06\/ventilador-KENIA-NEGRO-31556549-ambiente-5-960x960.webp 960w, https:\/\/arteconfort.com\/wp-content\/uploads\/2024\/06\/ventilador-KENIA-NEGRO-31556549-ambiente-5-133x133.webp 133w, https:\/\/arteconfort.com\/wp-content\/uploads\/2024\/06\/ventilador-KENIA-NEGRO-31556549-ambiente-5-300x300.webp 300w, https:\/\/arteconfort.com\/wp-content\/uploads\/2024\/06\/ventilador-KENIA-NEGRO-31556549-ambiente-5-600x600.webp 600w, https:\/\/arteconfort.com\/wp-content\/uploads\/2024\/06\/ventilador-KENIA-NEGRO-31556549-ambiente-5-100x100.webp 100w\" sizes=\"auto, (max-width: 1024px) 100vw, 1024px\" \/>\t<\/a>\n\t<div class=\"w-product-status\"><\/div>\t<span id=\"woocommerce_loop_add_to_cart_link_describedby_42833\" class=\"screen-reader-text\">\n\t\t\t<\/span>\n<\/div><figcaption><h2 class=\"woocommerce-loop-product__title\">KENIA BLACK<\/h2><div class=\"woocommerce-product-details__short-description\">\n\t<p>The KENIA BLACK ceiling fan incorporates LED light and color temperature memory. It has a metal body, is<\/div>\n\n<\/figcaption><\/figure><\/li>\n<li class=\"product type-product post-42831 status-publish last instock product_cat-climatizacion-en product_cat-ventiladores-de-techo-en has-post-thumbnail shipping-taxable product-type-simple w-item col-3\">\n\t<figure><div class=\"image-wrapper\">\t\t<a href=\"https:\/\/arteconfort.com\/en\/producto\/kenia-white\/\" class=\"w-fadeslider\">\n\t<img loading=\"lazy\" decoding=\"async\" width=\"1024\" height=\"1024\" src=\"https:\/\/arteconfort.com\/wp-content\/uploads\/2024\/06\/KENIA-BLANCO-mando.webp\" class=\"attachment-shop_catalog size-shop_catalog wp-post-image\" alt=\"Ventilador KENIA BLANCO mando\" srcset=\"https:\/\/arteconfort.com\/wp-content\/uploads\/2024\/06\/KENIA-BLANCO-mando.webp 1024w, https:\/\/arteconfort.com\/wp-content\/uploads\/2024\/06\/KENIA-BLANCO-mando-768x768.webp 768w, https:\/\/arteconfort.com\/wp-content\/uploads\/2024\/06\/KENIA-BLANCO-mando-340x340.webp 340w, https:\/\/arteconfort.com\/wp-content\/uploads\/2024\/06\/KENIA-BLANCO-mando-640x640.webp 640w, https:\/\/arteconfort.com\/wp-content\/uploads\/2024\/06\/KENIA-BLANCO-mando-960x960.webp 960w, https:\/\/arteconfort.com\/wp-content\/uploads\/2024\/06\/KENIA-BLANCO-mando-300x300.webp 300w, https:\/\/arteconfort.com\/wp-content\/uploads\/2024\/06\/KENIA-BLANCO-mando-600x600.webp 600w, https:\/\/arteconfort.com\/wp-content\/uploads\/2024\/06\/KENIA-BLANCO-mando-100x100.webp 100w, https:\/\/arteconfort.com\/wp-content\/uploads\/2024\/06\/KENIA-BLANCO-mando-133x133.webp 133w\" sizes=\"auto, (max-width: 1024px) 100vw, 1024px\" \/>\t<img loading=\"lazy\" decoding=\"async\" width=\"1024\" height=\"1024\" src=\"https:\/\/arteconfort.com\/wp-content\/uploads\/2024\/06\/ventilador-KENIA-BLANCO-31549460-ambiente-1.webp\" class=\"attachment-shop_catalog size-shop_catalog\" alt=\"Ventilador KENIA BLANCO ambiente dia\" srcset=\"https:\/\/arteconfort.com\/wp-content\/uploads\/2024\/06\/ventilador-KENIA-BLANCO-31549460-ambiente-1.webp 1024w, https:\/\/arteconfort.com\/wp-content\/uploads\/2024\/06\/ventilador-KENIA-BLANCO-31549460-ambiente-1-768x768.webp 768w, https:\/\/arteconfort.com\/wp-content\/uploads\/2024\/06\/ventilador-KENIA-BLANCO-31549460-ambiente-1-340x340.webp 340w, https:\/\/arteconfort.com\/wp-content\/uploads\/2024\/06\/ventilador-KENIA-BLANCO-31549460-ambiente-1-640x640.webp 640w, https:\/\/arteconfort.com\/wp-content\/uploads\/2024\/06\/ventilador-KENIA-BLANCO-31549460-ambiente-1-960x960.webp 960w, https:\/\/arteconfort.com\/wp-content\/uploads\/2024\/06\/ventilador-KENIA-BLANCO-31549460-ambiente-1-133x133.webp 133w, https:\/\/arteconfort.com\/wp-content\/uploads\/2024\/06\/ventilador-KENIA-BLANCO-31549460-ambiente-1-300x300.webp 300w, https:\/\/arteconfort.com\/wp-content\/uploads\/2024\/06\/ventilador-KENIA-BLANCO-31549460-ambiente-1-600x600.webp 600w, https:\/\/arteconfort.com\/wp-content\/uploads\/2024\/06\/ventilador-KENIA-BLANCO-31549460-ambiente-1-100x100.webp 100w\" sizes=\"auto, (max-width: 1024px) 100vw, 1024px\" \/><img loading=\"lazy\" decoding=\"async\" width=\"1024\" height=\"1024\" src=\"https:\/\/arteconfort.com\/wp-content\/uploads\/2024\/06\/ventilador-KENIA-BLANCO-31549460-2.webp\" class=\"attachment-shop_catalog size-shop_catalog\" alt=\"Ventilador KENIA BLANCO vista perspectiva\" srcset=\"https:\/\/arteconfort.com\/wp-content\/uploads\/2024\/06\/ventilador-KENIA-BLANCO-31549460-2.webp 1024w, https:\/\/arteconfort.com\/wp-content\/uploads\/2024\/06\/ventilador-KENIA-BLANCO-31549460-2-768x768.webp 768w, https:\/\/arteconfort.com\/wp-content\/uploads\/2024\/06\/ventilador-KENIA-BLANCO-31549460-2-340x340.webp 340w, https:\/\/arteconfort.com\/wp-content\/uploads\/2024\/06\/ventilador-KENIA-BLANCO-31549460-2-640x640.webp 640w, https:\/\/arteconfort.com\/wp-content\/uploads\/2024\/06\/ventilador-KENIA-BLANCO-31549460-2-960x960.webp 960w, https:\/\/arteconfort.com\/wp-content\/uploads\/2024\/06\/ventilador-KENIA-BLANCO-31549460-2-133x133.webp 133w, https:\/\/arteconfort.com\/wp-content\/uploads\/2024\/06\/ventilador-KENIA-BLANCO-31549460-2-300x300.webp 300w, https:\/\/arteconfort.com\/wp-content\/uploads\/2024\/06\/ventilador-KENIA-BLANCO-31549460-2-600x600.webp 600w, https:\/\/arteconfort.com\/wp-content\/uploads\/2024\/06\/ventilador-KENIA-BLANCO-31549460-2-100x100.webp 100w\" sizes=\"auto, (max-width: 1024px) 100vw, 1024px\" \/><img loading=\"lazy\" decoding=\"async\" width=\"1024\" height=\"1024\" src=\"https:\/\/arteconfort.com\/wp-content\/uploads\/2024\/06\/ventilador-KENIA-BLANCO-31549460-4.webp\" class=\"attachment-shop_catalog size-shop_catalog\" alt=\"Ventilador KENIA BLANCO vista lateral\" srcset=\"https:\/\/arteconfort.com\/wp-content\/uploads\/2024\/06\/ventilador-KENIA-BLANCO-31549460-4.webp 1024w, https:\/\/arteconfort.com\/wp-content\/uploads\/2024\/06\/ventilador-KENIA-BLANCO-31549460-4-768x768.webp 768w, https:\/\/arteconfort.com\/wp-content\/uploads\/2024\/06\/ventilador-KENIA-BLANCO-31549460-4-340x340.webp 340w, https:\/\/arteconfort.com\/wp-content\/uploads\/2024\/06\/ventilador-KENIA-BLANCO-31549460-4-640x640.webp 640w, https:\/\/arteconfort.com\/wp-content\/uploads\/2024\/06\/ventilador-KENIA-BLANCO-31549460-4-960x960.webp 960w, https:\/\/arteconfort.com\/wp-content\/uploads\/2024\/06\/ventilador-KENIA-BLANCO-31549460-4-133x133.webp 133w, https:\/\/arteconfort.com\/wp-content\/uploads\/2024\/06\/ventilador-KENIA-BLANCO-31549460-4-300x300.webp 300w, https:\/\/arteconfort.com\/wp-content\/uploads\/2024\/06\/ventilador-KENIA-BLANCO-31549460-4-600x600.webp 600w, https:\/\/arteconfort.com\/wp-content\/uploads\/2024\/06\/ventilador-KENIA-BLANCO-31549460-4-100x100.webp 100w\" sizes=\"auto, (max-width: 1024px) 100vw, 1024px\" \/><img loading=\"lazy\" decoding=\"async\" width=\"1024\" height=\"983\" src=\"https:\/\/arteconfort.com\/wp-content\/uploads\/2024\/06\/KENIA-BLANCO-planta.webp\" class=\"attachment-shop_catalog size-shop_catalog\" alt=\"Ventilador KENIA BLANCO planta\" srcset=\"https:\/\/arteconfort.com\/wp-content\/uploads\/2024\/06\/KENIA-BLANCO-planta.webp 1024w, https:\/\/arteconfort.com\/wp-content\/uploads\/2024\/06\/KENIA-BLANCO-planta-768x737.webp 768w, https:\/\/arteconfort.com\/wp-content\/uploads\/2024\/06\/KENIA-BLANCO-planta-640x614.webp 640w, https:\/\/arteconfort.com\/wp-content\/uploads\/2024\/06\/KENIA-BLANCO-planta-600x576.webp 600w\" sizes=\"auto, (max-width: 1024px) 100vw, 1024px\" \/><img loading=\"lazy\" decoding=\"async\" width=\"1024\" height=\"1024\" src=\"https:\/\/arteconfort.com\/wp-content\/uploads\/2024\/06\/ventilador-KENIA-BLANCO-31549460-detalle-3.webp\" class=\"attachment-shop_catalog size-shop_catalog\" alt=\"Ventilador KENIA BLANCO aspa\" srcset=\"https:\/\/arteconfort.com\/wp-content\/uploads\/2024\/06\/ventilador-KENIA-BLANCO-31549460-detalle-3.webp 1024w, https:\/\/arteconfort.com\/wp-content\/uploads\/2024\/06\/ventilador-KENIA-BLANCO-31549460-detalle-3-768x768.webp 768w, https:\/\/arteconfort.com\/wp-content\/uploads\/2024\/06\/ventilador-KENIA-BLANCO-31549460-detalle-3-340x340.webp 340w, https:\/\/arteconfort.com\/wp-content\/uploads\/2024\/06\/ventilador-KENIA-BLANCO-31549460-detalle-3-640x640.webp 640w, https:\/\/arteconfort.com\/wp-content\/uploads\/2024\/06\/ventilador-KENIA-BLANCO-31549460-detalle-3-960x960.webp 960w, https:\/\/arteconfort.com\/wp-content\/uploads\/2024\/06\/ventilador-KENIA-BLANCO-31549460-detalle-3-133x133.webp 133w, https:\/\/arteconfort.com\/wp-content\/uploads\/2024\/06\/ventilador-KENIA-BLANCO-31549460-detalle-3-300x300.webp 300w, https:\/\/arteconfort.com\/wp-content\/uploads\/2024\/06\/ventilador-KENIA-BLANCO-31549460-detalle-3-600x600.webp 600w, https:\/\/arteconfort.com\/wp-content\/uploads\/2024\/06\/ventilador-KENIA-BLANCO-31549460-detalle-3-100x100.webp 100w\" sizes=\"auto, (max-width: 1024px) 100vw, 1024px\" \/><img loading=\"lazy\" decoding=\"async\" width=\"1024\" height=\"1024\" src=\"https:\/\/arteconfort.com\/wp-content\/uploads\/2024\/06\/KENIA-BLANCO-cuerpo.webp\" class=\"attachment-shop_catalog size-shop_catalog\" alt=\"Ventilador KENIA BLANCO cuerpo\" srcset=\"https:\/\/arteconfort.com\/wp-content\/uploads\/2024\/06\/KENIA-BLANCO-cuerpo.webp 1024w, https:\/\/arteconfort.com\/wp-content\/uploads\/2024\/06\/KENIA-BLANCO-cuerpo-768x768.webp 768w, https:\/\/arteconfort.com\/wp-content\/uploads\/2024\/06\/KENIA-BLANCO-cuerpo-340x340.webp 340w, https:\/\/arteconfort.com\/wp-content\/uploads\/2024\/06\/KENIA-BLANCO-cuerpo-640x640.webp 640w, https:\/\/arteconfort.com\/wp-content\/uploads\/2024\/06\/KENIA-BLANCO-cuerpo-960x960.webp 960w, https:\/\/arteconfort.com\/wp-content\/uploads\/2024\/06\/KENIA-BLANCO-cuerpo-133x133.webp 133w, https:\/\/arteconfort.com\/wp-content\/uploads\/2024\/06\/KENIA-BLANCO-cuerpo-300x300.webp 300w, https:\/\/arteconfort.com\/wp-content\/uploads\/2024\/06\/KENIA-BLANCO-cuerpo-600x600.webp 600w, https:\/\/arteconfort.com\/wp-content\/uploads\/2024\/06\/KENIA-BLANCO-cuerpo-100x100.webp 100w\" sizes=\"auto, (max-width: 1024px) 100vw, 1024px\" \/><img loading=\"lazy\" decoding=\"async\" width=\"1024\" height=\"1088\" src=\"https:\/\/arteconfort.com\/wp-content\/uploads\/2024\/06\/KENIA-BLANCO-embellecedor.webp\" class=\"attachment-shop_catalog size-shop_catalog\" alt=\"Ventilador KENIA BLANCO embellecedor\" srcset=\"https:\/\/arteconfort.com\/wp-content\/uploads\/2024\/06\/KENIA-BLANCO-embellecedor.webp 1024w, https:\/\/arteconfort.com\/wp-content\/uploads\/2024\/06\/KENIA-BLANCO-embellecedor-768x816.webp 768w, https:\/\/arteconfort.com\/wp-content\/uploads\/2024\/06\/KENIA-BLANCO-embellecedor-640x680.webp 640w, https:\/\/arteconfort.com\/wp-content\/uploads\/2024\/06\/KENIA-BLANCO-embellecedor-600x638.webp 600w\" sizes=\"auto, (max-width: 1024px) 100vw, 1024px\" \/><img loading=\"lazy\" decoding=\"async\" width=\"1024\" height=\"1024\" src=\"https:\/\/arteconfort.com\/wp-content\/uploads\/2024\/06\/KENIA-BLANCO-madera.webp\" class=\"attachment-shop_catalog size-shop_catalog\" alt=\"Ventilador KENIA BLANCO madera\" srcset=\"https:\/\/arteconfort.com\/wp-content\/uploads\/2024\/06\/KENIA-BLANCO-madera.webp 1024w, https:\/\/arteconfort.com\/wp-content\/uploads\/2024\/06\/KENIA-BLANCO-madera-768x768.webp 768w, https:\/\/arteconfort.com\/wp-content\/uploads\/2024\/06\/KENIA-BLANCO-madera-340x340.webp 340w, https:\/\/arteconfort.com\/wp-content\/uploads\/2024\/06\/KENIA-BLANCO-madera-640x640.webp 640w, https:\/\/arteconfort.com\/wp-content\/uploads\/2024\/06\/KENIA-BLANCO-madera-960x960.webp 960w, https:\/\/arteconfort.com\/wp-content\/uploads\/2024\/06\/KENIA-BLANCO-madera-133x133.webp 133w, https:\/\/arteconfort.com\/wp-content\/uploads\/2024\/06\/KENIA-BLANCO-madera-300x300.webp 300w, https:\/\/arteconfort.com\/wp-content\/uploads\/2024\/06\/KENIA-BLANCO-madera-600x600.webp 600w, https:\/\/arteconfort.com\/wp-content\/uploads\/2024\/06\/KENIA-BLANCO-madera-100x100.webp 100w\" sizes=\"auto, (max-width: 1024px) 100vw, 1024px\" \/><img loading=\"lazy\" decoding=\"async\" width=\"1024\" height=\"1024\" src=\"https:\/\/arteconfort.com\/wp-content\/uploads\/2024\/06\/ventilador-KENIA-BLANCO-31549460-mando.webp\" class=\"attachment-shop_catalog size-shop_catalog\" alt=\"Ventilador KENIA BLANCO mando\" srcset=\"https:\/\/arteconfort.com\/wp-content\/uploads\/2024\/06\/ventilador-KENIA-BLANCO-31549460-mando.webp 1024w, https:\/\/arteconfort.com\/wp-content\/uploads\/2024\/06\/ventilador-KENIA-BLANCO-31549460-mando-768x768.webp 768w, https:\/\/arteconfort.com\/wp-content\/uploads\/2024\/06\/ventilador-KENIA-BLANCO-31549460-mando-340x340.webp 340w, https:\/\/arteconfort.com\/wp-content\/uploads\/2024\/06\/ventilador-KENIA-BLANCO-31549460-mando-640x640.webp 640w, https:\/\/arteconfort.com\/wp-content\/uploads\/2024\/06\/ventilador-KENIA-BLANCO-31549460-mando-960x960.webp 960w, https:\/\/arteconfort.com\/wp-content\/uploads\/2024\/06\/ventilador-KENIA-BLANCO-31549460-mando-133x133.webp 133w, https:\/\/arteconfort.com\/wp-content\/uploads\/2024\/06\/ventilador-KENIA-BLANCO-31549460-mando-300x300.webp 300w, https:\/\/arteconfort.com\/wp-content\/uploads\/2024\/06\/ventilador-KENIA-BLANCO-31549460-mando-600x600.webp 600w, https:\/\/arteconfort.com\/wp-content\/uploads\/2024\/06\/ventilador-KENIA-BLANCO-31549460-mando-100x100.webp 100w\" sizes=\"auto, (max-width: 1024px) 100vw, 1024px\" \/><img loading=\"lazy\" decoding=\"async\" width=\"1024\" height=\"1024\" src=\"https:\/\/arteconfort.com\/wp-content\/uploads\/2024\/06\/ventilador-KENIA-BLANCO-31549460-grafico.webp\" class=\"attachment-shop_catalog size-shop_catalog\" alt=\"Ventilador KENIA BLANCO grafico\" srcset=\"https:\/\/arteconfort.com\/wp-content\/uploads\/2024\/06\/ventilador-KENIA-BLANCO-31549460-grafico.webp 1024w, https:\/\/arteconfort.com\/wp-content\/uploads\/2024\/06\/ventilador-KENIA-BLANCO-31549460-grafico-768x768.webp 768w, https:\/\/arteconfort.com\/wp-content\/uploads\/2024\/06\/ventilador-KENIA-BLANCO-31549460-grafico-340x340.webp 340w, https:\/\/arteconfort.com\/wp-content\/uploads\/2024\/06\/ventilador-KENIA-BLANCO-31549460-grafico-640x640.webp 640w, https:\/\/arteconfort.com\/wp-content\/uploads\/2024\/06\/ventilador-KENIA-BLANCO-31549460-grafico-960x960.webp 960w, https:\/\/arteconfort.com\/wp-content\/uploads\/2024\/06\/ventilador-KENIA-BLANCO-31549460-grafico-133x133.webp 133w, https:\/\/arteconfort.com\/wp-content\/uploads\/2024\/06\/ventilador-KENIA-BLANCO-31549460-grafico-300x300.webp 300w, https:\/\/arteconfort.com\/wp-content\/uploads\/2024\/06\/ventilador-KENIA-BLANCO-31549460-grafico-600x600.webp 600w, https:\/\/arteconfort.com\/wp-content\/uploads\/2024\/06\/ventilador-KENIA-BLANCO-31549460-grafico-100x100.webp 100w\" sizes=\"auto, (max-width: 1024px) 100vw, 1024px\" \/><img loading=\"lazy\" decoding=\"async\" width=\"1024\" height=\"1024\" src=\"https:\/\/arteconfort.com\/wp-content\/uploads\/2024\/06\/KENIA-BLANCO-luces.webp\" class=\"attachment-shop_catalog size-shop_catalog\" alt=\"Ventilador KENIA BLANCO luces\" srcset=\"https:\/\/arteconfort.com\/wp-content\/uploads\/2024\/06\/KENIA-BLANCO-luces.webp 1024w, https:\/\/arteconfort.com\/wp-content\/uploads\/2024\/06\/KENIA-BLANCO-luces-768x768.webp 768w, https:\/\/arteconfort.com\/wp-content\/uploads\/2024\/06\/KENIA-BLANCO-luces-340x340.webp 340w, https:\/\/arteconfort.com\/wp-content\/uploads\/2024\/06\/KENIA-BLANCO-luces-640x640.webp 640w, https:\/\/arteconfort.com\/wp-content\/uploads\/2024\/06\/KENIA-BLANCO-luces-960x960.webp 960w, https:\/\/arteconfort.com\/wp-content\/uploads\/2024\/06\/KENIA-BLANCO-luces-133x133.webp 133w, https:\/\/arteconfort.com\/wp-content\/uploads\/2024\/06\/KENIA-BLANCO-luces-300x300.webp 300w, https:\/\/arteconfort.com\/wp-content\/uploads\/2024\/06\/KENIA-BLANCO-luces-600x600.webp 600w, https:\/\/arteconfort.com\/wp-content\/uploads\/2024\/06\/KENIA-BLANCO-luces-100x100.webp 100w\" sizes=\"auto, (max-width: 1024px) 100vw, 1024px\" \/><img loading=\"lazy\" decoding=\"async\" width=\"1024\" height=\"1024\" src=\"https:\/\/arteconfort.com\/wp-content\/uploads\/2024\/06\/ventilador-KENIA-BLANCO-31549460-ambiente-2.webp\" class=\"attachment-shop_catalog size-shop_catalog\" alt=\"Ventilador KENIA BLANCO ambiente luz calida\" srcset=\"https:\/\/arteconfort.com\/wp-content\/uploads\/2024\/06\/ventilador-KENIA-BLANCO-31549460-ambiente-2.webp 1024w, https:\/\/arteconfort.com\/wp-content\/uploads\/2024\/06\/ventilador-KENIA-BLANCO-31549460-ambiente-2-768x768.webp 768w, https:\/\/arteconfort.com\/wp-content\/uploads\/2024\/06\/ventilador-KENIA-BLANCO-31549460-ambiente-2-340x340.webp 340w, https:\/\/arteconfort.com\/wp-content\/uploads\/2024\/06\/ventilador-KENIA-BLANCO-31549460-ambiente-2-640x640.webp 640w, https:\/\/arteconfort.com\/wp-content\/uploads\/2024\/06\/ventilador-KENIA-BLANCO-31549460-ambiente-2-960x960.webp 960w, https:\/\/arteconfort.com\/wp-content\/uploads\/2024\/06\/ventilador-KENIA-BLANCO-31549460-ambiente-2-133x133.webp 133w, https:\/\/arteconfort.com\/wp-content\/uploads\/2024\/06\/ventilador-KENIA-BLANCO-31549460-ambiente-2-300x300.webp 300w, https:\/\/arteconfort.com\/wp-content\/uploads\/2024\/06\/ventilador-KENIA-BLANCO-31549460-ambiente-2-600x600.webp 600w, https:\/\/arteconfort.com\/wp-content\/uploads\/2024\/06\/ventilador-KENIA-BLANCO-31549460-ambiente-2-100x100.webp 100w\" sizes=\"auto, (max-width: 1024px) 100vw, 1024px\" \/><img loading=\"lazy\" decoding=\"async\" width=\"1024\" height=\"1024\" src=\"https:\/\/arteconfort.com\/wp-content\/uploads\/2024\/06\/ventilador-KENIA-BLANCO-31549460-ambiente-4.webp\" class=\"attachment-shop_catalog size-shop_catalog\" alt=\"Ventilador KENIA BLANCO ambiente luz neutra\" srcset=\"https:\/\/arteconfort.com\/wp-content\/uploads\/2024\/06\/ventilador-KENIA-BLANCO-31549460-ambiente-4.webp 1024w, https:\/\/arteconfort.com\/wp-content\/uploads\/2024\/06\/ventilador-KENIA-BLANCO-31549460-ambiente-4-768x768.webp 768w, https:\/\/arteconfort.com\/wp-content\/uploads\/2024\/06\/ventilador-KENIA-BLANCO-31549460-ambiente-4-340x340.webp 340w, https:\/\/arteconfort.com\/wp-content\/uploads\/2024\/06\/ventilador-KENIA-BLANCO-31549460-ambiente-4-640x640.webp 640w, https:\/\/arteconfort.com\/wp-content\/uploads\/2024\/06\/ventilador-KENIA-BLANCO-31549460-ambiente-4-960x960.webp 960w, https:\/\/arteconfort.com\/wp-content\/uploads\/2024\/06\/ventilador-KENIA-BLANCO-31549460-ambiente-4-133x133.webp 133w, https:\/\/arteconfort.com\/wp-content\/uploads\/2024\/06\/ventilador-KENIA-BLANCO-31549460-ambiente-4-300x300.webp 300w, https:\/\/arteconfort.com\/wp-content\/uploads\/2024\/06\/ventilador-KENIA-BLANCO-31549460-ambiente-4-600x600.webp 600w, https:\/\/arteconfort.com\/wp-content\/uploads\/2024\/06\/ventilador-KENIA-BLANCO-31549460-ambiente-4-100x100.webp 100w\" sizes=\"auto, (max-width: 1024px) 100vw, 1024px\" \/><img loading=\"lazy\" decoding=\"async\" width=\"1024\" height=\"1024\" src=\"https:\/\/arteconfort.com\/wp-content\/uploads\/2024\/06\/ventilador-KENIA-BLANCO-31549460-ambiente-3.webp\" class=\"attachment-shop_catalog size-shop_catalog\" alt=\"Ventilador KENIA BLANCO ambiente luz neutra tenue\" srcset=\"https:\/\/arteconfort.com\/wp-content\/uploads\/2024\/06\/ventilador-KENIA-BLANCO-31549460-ambiente-3.webp 1024w, https:\/\/arteconfort.com\/wp-content\/uploads\/2024\/06\/ventilador-KENIA-BLANCO-31549460-ambiente-3-768x768.webp 768w, https:\/\/arteconfort.com\/wp-content\/uploads\/2024\/06\/ventilador-KENIA-BLANCO-31549460-ambiente-3-340x340.webp 340w, https:\/\/arteconfort.com\/wp-content\/uploads\/2024\/06\/ventilador-KENIA-BLANCO-31549460-ambiente-3-640x640.webp 640w, https:\/\/arteconfort.com\/wp-content\/uploads\/2024\/06\/ventilador-KENIA-BLANCO-31549460-ambiente-3-960x960.webp 960w, https:\/\/arteconfort.com\/wp-content\/uploads\/2024\/06\/ventilador-KENIA-BLANCO-31549460-ambiente-3-133x133.webp 133w, https:\/\/arteconfort.com\/wp-content\/uploads\/2024\/06\/ventilador-KENIA-BLANCO-31549460-ambiente-3-300x300.webp 300w, https:\/\/arteconfort.com\/wp-content\/uploads\/2024\/06\/ventilador-KENIA-BLANCO-31549460-ambiente-3-600x600.webp 600w, https:\/\/arteconfort.com\/wp-content\/uploads\/2024\/06\/ventilador-KENIA-BLANCO-31549460-ambiente-3-100x100.webp 100w\" sizes=\"auto, (max-width: 1024px) 100vw, 1024px\" \/><img loading=\"lazy\" decoding=\"async\" width=\"1024\" height=\"1024\" src=\"https:\/\/arteconfort.com\/wp-content\/uploads\/2024\/06\/ventilador-KENIA-BLANCO-31549460-ambiente-5.webp\" class=\"attachment-shop_catalog size-shop_catalog\" alt=\"Ventilador KENIA BLANCO ambiente luz fria\" srcset=\"https:\/\/arteconfort.com\/wp-content\/uploads\/2024\/06\/ventilador-KENIA-BLANCO-31549460-ambiente-5.webp 1024w, https:\/\/arteconfort.com\/wp-content\/uploads\/2024\/06\/ventilador-KENIA-BLANCO-31549460-ambiente-5-768x768.webp 768w, https:\/\/arteconfort.com\/wp-content\/uploads\/2024\/06\/ventilador-KENIA-BLANCO-31549460-ambiente-5-340x340.webp 340w, https:\/\/arteconfort.com\/wp-content\/uploads\/2024\/06\/ventilador-KENIA-BLANCO-31549460-ambiente-5-640x640.webp 640w, https:\/\/arteconfort.com\/wp-content\/uploads\/2024\/06\/ventilador-KENIA-BLANCO-31549460-ambiente-5-960x960.webp 960w, https:\/\/arteconfort.com\/wp-content\/uploads\/2024\/06\/ventilador-KENIA-BLANCO-31549460-ambiente-5-133x133.webp 133w, https:\/\/arteconfort.com\/wp-content\/uploads\/2024\/06\/ventilador-KENIA-BLANCO-31549460-ambiente-5-300x300.webp 300w, https:\/\/arteconfort.com\/wp-content\/uploads\/2024\/06\/ventilador-KENIA-BLANCO-31549460-ambiente-5-600x600.webp 600w, https:\/\/arteconfort.com\/wp-content\/uploads\/2024\/06\/ventilador-KENIA-BLANCO-31549460-ambiente-5-100x100.webp 100w\" sizes=\"auto, (max-width: 1024px) 100vw, 1024px\" \/>\t<\/a>\n\t<div class=\"w-product-status\"><\/div>\t<span id=\"woocommerce_loop_add_to_cart_link_describedby_42831\" class=\"screen-reader-text\">\n\t\t\t<\/span>\n<\/div><figcaption><h2 class=\"woocommerce-loop-product__title\">KENIA WHITE<\/h2><div class=\"woocommerce-product-details__short-description\">\n\t<p>The KENIA WHITE ceiling fan incorporates LED light and color temperature memory. It has a metal body, is<\/div>\n\n<\/figcaption><\/figure><\/li>\n<li class=\"product type-product post-46246 status-publish first instock product_cat-climatizacion-en product_cat-ventiladores-de-techo-en has-post-thumbnail shipping-taxable product-type-simple w-item col-3\">\n\t<figure><div class=\"image-wrapper\">\t\t<a href=\"https:\/\/arteconfort.com\/en\/producto\/laos\/\" class=\"w-fadeslider\">\n\t<img loading=\"lazy\" decoding=\"async\" width=\"1024\" height=\"1024\" src=\"https:\/\/arteconfort.com\/wp-content\/uploads\/2025\/04\/LAOS-mando.webp\" class=\"attachment-shop_catalog size-shop_catalog wp-post-image\" alt=\"\" srcset=\"https:\/\/arteconfort.com\/wp-content\/uploads\/2025\/04\/LAOS-mando.webp 1024w, https:\/\/arteconfort.com\/wp-content\/uploads\/2025\/04\/LAOS-mando-768x768.webp 768w, https:\/\/arteconfort.com\/wp-content\/uploads\/2025\/04\/LAOS-mando-340x340.webp 340w, https:\/\/arteconfort.com\/wp-content\/uploads\/2025\/04\/LAOS-mando-640x640.webp 640w, https:\/\/arteconfort.com\/wp-content\/uploads\/2025\/04\/LAOS-mando-960x960.webp 960w, https:\/\/arteconfort.com\/wp-content\/uploads\/2025\/04\/LAOS-mando-300x300.webp 300w, https:\/\/arteconfort.com\/wp-content\/uploads\/2025\/04\/LAOS-mando-600x600.webp 600w, https:\/\/arteconfort.com\/wp-content\/uploads\/2025\/04\/LAOS-mando-100x100.webp 100w\" sizes=\"auto, (max-width: 1024px) 100vw, 1024px\" \/>\t<img loading=\"lazy\" decoding=\"async\" width=\"1024\" height=\"1024\" src=\"https:\/\/arteconfort.com\/wp-content\/uploads\/2025\/04\/LAOS-RGB.webp\" class=\"attachment-shop_catalog size-shop_catalog\" alt=\"\" srcset=\"https:\/\/arteconfort.com\/wp-content\/uploads\/2025\/04\/LAOS-RGB.webp 1024w, https:\/\/arteconfort.com\/wp-content\/uploads\/2025\/04\/LAOS-RGB-768x768.webp 768w, https:\/\/arteconfort.com\/wp-content\/uploads\/2025\/04\/LAOS-RGB-340x340.webp 340w, https:\/\/arteconfort.com\/wp-content\/uploads\/2025\/04\/LAOS-RGB-640x640.webp 640w, https:\/\/arteconfort.com\/wp-content\/uploads\/2025\/04\/LAOS-RGB-960x960.webp 960w, https:\/\/arteconfort.com\/wp-content\/uploads\/2025\/04\/LAOS-RGB-300x300.webp 300w, https:\/\/arteconfort.com\/wp-content\/uploads\/2025\/04\/LAOS-RGB-600x600.webp 600w, https:\/\/arteconfort.com\/wp-content\/uploads\/2025\/04\/LAOS-RGB-100x100.webp 100w\" sizes=\"auto, (max-width: 1024px) 100vw, 1024px\" \/><img loading=\"lazy\" decoding=\"async\" width=\"1024\" height=\"1024\" src=\"https:\/\/arteconfort.com\/wp-content\/uploads\/2025\/04\/LAOS-Temperaturas.webp\" class=\"attachment-shop_catalog size-shop_catalog\" alt=\"\" srcset=\"https:\/\/arteconfort.com\/wp-content\/uploads\/2025\/04\/LAOS-Temperaturas.webp 1024w, https:\/\/arteconfort.com\/wp-content\/uploads\/2025\/04\/LAOS-Temperaturas-768x768.webp 768w, https:\/\/arteconfort.com\/wp-content\/uploads\/2025\/04\/LAOS-Temperaturas-340x340.webp 340w, https:\/\/arteconfort.com\/wp-content\/uploads\/2025\/04\/LAOS-Temperaturas-640x640.webp 640w, https:\/\/arteconfort.com\/wp-content\/uploads\/2025\/04\/LAOS-Temperaturas-960x960.webp 960w, https:\/\/arteconfort.com\/wp-content\/uploads\/2025\/04\/LAOS-Temperaturas-300x300.webp 300w, https:\/\/arteconfort.com\/wp-content\/uploads\/2025\/04\/LAOS-Temperaturas-600x600.webp 600w, https:\/\/arteconfort.com\/wp-content\/uploads\/2025\/04\/LAOS-Temperaturas-100x100.webp 100w\" sizes=\"auto, (max-width: 1024px) 100vw, 1024px\" \/><img loading=\"lazy\" decoding=\"async\" width=\"1024\" height=\"1024\" src=\"https:\/\/arteconfort.com\/wp-content\/uploads\/2025\/04\/LAOS-RGB-temperatura.webp\" class=\"attachment-shop_catalog size-shop_catalog\" alt=\"\" srcset=\"https:\/\/arteconfort.com\/wp-content\/uploads\/2025\/04\/LAOS-RGB-temperatura.webp 1024w, https:\/\/arteconfort.com\/wp-content\/uploads\/2025\/04\/LAOS-RGB-temperatura-768x768.webp 768w, https:\/\/arteconfort.com\/wp-content\/uploads\/2025\/04\/LAOS-RGB-temperatura-340x340.webp 340w, https:\/\/arteconfort.com\/wp-content\/uploads\/2025\/04\/LAOS-RGB-temperatura-640x640.webp 640w, https:\/\/arteconfort.com\/wp-content\/uploads\/2025\/04\/LAOS-RGB-temperatura-960x960.webp 960w, https:\/\/arteconfort.com\/wp-content\/uploads\/2025\/04\/LAOS-RGB-temperatura-300x300.webp 300w, https:\/\/arteconfort.com\/wp-content\/uploads\/2025\/04\/LAOS-RGB-temperatura-600x600.webp 600w, https:\/\/arteconfort.com\/wp-content\/uploads\/2025\/04\/LAOS-RGB-temperatura-100x100.webp 100w\" sizes=\"auto, (max-width: 1024px) 100vw, 1024px\" \/>\t<\/a>\n\t<div class=\"w-product-status\"><\/div>\t<span id=\"woocommerce_loop_add_to_cart_link_describedby_46246\" class=\"screen-reader-text\">\n\t\t\t<\/span>\n<\/div><figcaption><h2 class=\"woocommerce-loop-product__title\">LAOS<\/h2><div class=\"woocommerce-product-details__short-description\">\n\t<p>The LAOS ceiling fan incorporates LED light, an integrated RGB halo light and color temperature memory. It has<\/div>\n\n<\/figcaption><\/figure><\/li>\n<li class=\"product type-product post-25317 status-publish instock product_cat-climatizacion-en product_cat-collection-old-en product_cat-ventiladores-de-techo-en has-post-thumbnail shipping-taxable product-type-simple w-item col-3\">\n\t<figure><div class=\"image-wrapper\">\t\t<a href=\"https:\/\/arteconfort.com\/en\/producto\/lau\/\" class=\"w-fadeslider\">\n\t<img loading=\"lazy\" decoding=\"async\" width=\"1024\" height=\"1024\" src=\"https:\/\/arteconfort.com\/wp-content\/uploads\/2024\/06\/ventilador-LAU-86536490-p-01.webp\" class=\"attachment-shop_catalog size-shop_catalog wp-post-image\" alt=\"Ventilador LAU con mando\" srcset=\"https:\/\/arteconfort.com\/wp-content\/uploads\/2024\/06\/ventilador-LAU-86536490-p-01.webp 1024w, https:\/\/arteconfort.com\/wp-content\/uploads\/2024\/06\/ventilador-LAU-86536490-p-01-768x768.webp 768w, https:\/\/arteconfort.com\/wp-content\/uploads\/2024\/06\/ventilador-LAU-86536490-p-01-340x340.webp 340w, https:\/\/arteconfort.com\/wp-content\/uploads\/2024\/06\/ventilador-LAU-86536490-p-01-640x640.webp 640w, https:\/\/arteconfort.com\/wp-content\/uploads\/2024\/06\/ventilador-LAU-86536490-p-01-960x960.webp 960w, https:\/\/arteconfort.com\/wp-content\/uploads\/2024\/06\/ventilador-LAU-86536490-p-01-300x300.webp 300w, https:\/\/arteconfort.com\/wp-content\/uploads\/2024\/06\/ventilador-LAU-86536490-p-01-600x600.webp 600w, https:\/\/arteconfort.com\/wp-content\/uploads\/2024\/06\/ventilador-LAU-86536490-p-01-100x100.webp 100w, https:\/\/arteconfort.com\/wp-content\/uploads\/2024\/06\/ventilador-LAU-86536490-p-01-133x133.webp 133w\" sizes=\"auto, (max-width: 1024px) 100vw, 1024px\" \/>\t<img loading=\"lazy\" decoding=\"async\" width=\"1024\" height=\"1024\" src=\"https:\/\/arteconfort.com\/wp-content\/uploads\/2023\/10\/LAU-ambiente.webp\" class=\"attachment-shop_catalog size-shop_catalog\" alt=\"Ventilador LAU ambiente dia\" srcset=\"https:\/\/arteconfort.com\/wp-content\/uploads\/2023\/10\/LAU-ambiente.webp 1024w, https:\/\/arteconfort.com\/wp-content\/uploads\/2023\/10\/LAU-ambiente-768x768.webp 768w, https:\/\/arteconfort.com\/wp-content\/uploads\/2023\/10\/LAU-ambiente-340x340.webp 340w, https:\/\/arteconfort.com\/wp-content\/uploads\/2023\/10\/LAU-ambiente-640x640.webp 640w, https:\/\/arteconfort.com\/wp-content\/uploads\/2023\/10\/LAU-ambiente-960x960.webp 960w, https:\/\/arteconfort.com\/wp-content\/uploads\/2023\/10\/LAU-ambiente-133x133.webp 133w, https:\/\/arteconfort.com\/wp-content\/uploads\/2023\/10\/LAU-ambiente-300x300.webp 300w, https:\/\/arteconfort.com\/wp-content\/uploads\/2023\/10\/LAU-ambiente-600x600.webp 600w, https:\/\/arteconfort.com\/wp-content\/uploads\/2023\/10\/LAU-ambiente-100x100.webp 100w\" sizes=\"auto, (max-width: 1024px) 100vw, 1024px\" \/><img loading=\"lazy\" decoding=\"async\" width=\"1024\" height=\"1024\" src=\"https:\/\/arteconfort.com\/wp-content\/uploads\/2024\/06\/ventilador-LAU-86536490-p-02.webp\" class=\"attachment-shop_catalog size-shop_catalog\" alt=\"Ventilador LAU perspectiva\" srcset=\"https:\/\/arteconfort.com\/wp-content\/uploads\/2024\/06\/ventilador-LAU-86536490-p-02.webp 1024w, https:\/\/arteconfort.com\/wp-content\/uploads\/2024\/06\/ventilador-LAU-86536490-p-02-768x768.webp 768w, https:\/\/arteconfort.com\/wp-content\/uploads\/2024\/06\/ventilador-LAU-86536490-p-02-340x340.webp 340w, https:\/\/arteconfort.com\/wp-content\/uploads\/2024\/06\/ventilador-LAU-86536490-p-02-640x640.webp 640w, https:\/\/arteconfort.com\/wp-content\/uploads\/2024\/06\/ventilador-LAU-86536490-p-02-960x960.webp 960w, https:\/\/arteconfort.com\/wp-content\/uploads\/2024\/06\/ventilador-LAU-86536490-p-02-133x133.webp 133w, https:\/\/arteconfort.com\/wp-content\/uploads\/2024\/06\/ventilador-LAU-86536490-p-02-300x300.webp 300w, https:\/\/arteconfort.com\/wp-content\/uploads\/2024\/06\/ventilador-LAU-86536490-p-02-600x600.webp 600w, https:\/\/arteconfort.com\/wp-content\/uploads\/2024\/06\/ventilador-LAU-86536490-p-02-100x100.webp 100w\" sizes=\"auto, (max-width: 1024px) 100vw, 1024px\" \/><img loading=\"lazy\" decoding=\"async\" width=\"1024\" height=\"1024\" src=\"https:\/\/arteconfort.com\/wp-content\/uploads\/2024\/06\/ventilador-LAU-86536490-tz-03.webp\" class=\"attachment-shop_catalog size-shop_catalog\" alt=\"Ventilador LAU detalle tulipa\" srcset=\"https:\/\/arteconfort.com\/wp-content\/uploads\/2024\/06\/ventilador-LAU-86536490-tz-03.webp 1024w, https:\/\/arteconfort.com\/wp-content\/uploads\/2024\/06\/ventilador-LAU-86536490-tz-03-768x768.webp 768w, https:\/\/arteconfort.com\/wp-content\/uploads\/2024\/06\/ventilador-LAU-86536490-tz-03-340x340.webp 340w, https:\/\/arteconfort.com\/wp-content\/uploads\/2024\/06\/ventilador-LAU-86536490-tz-03-640x640.webp 640w, https:\/\/arteconfort.com\/wp-content\/uploads\/2024\/06\/ventilador-LAU-86536490-tz-03-960x960.webp 960w, https:\/\/arteconfort.com\/wp-content\/uploads\/2024\/06\/ventilador-LAU-86536490-tz-03-133x133.webp 133w, https:\/\/arteconfort.com\/wp-content\/uploads\/2024\/06\/ventilador-LAU-86536490-tz-03-300x300.webp 300w, https:\/\/arteconfort.com\/wp-content\/uploads\/2024\/06\/ventilador-LAU-86536490-tz-03-600x600.webp 600w, https:\/\/arteconfort.com\/wp-content\/uploads\/2024\/06\/ventilador-LAU-86536490-tz-03-100x100.webp 100w\" sizes=\"auto, (max-width: 1024px) 100vw, 1024px\" \/><img loading=\"lazy\" decoding=\"async\" width=\"1024\" height=\"1024\" src=\"https:\/\/arteconfort.com\/wp-content\/uploads\/2024\/06\/ventilador-LAU-86536490-tz-02.webp\" class=\"attachment-shop_catalog size-shop_catalog\" alt=\"Ventilador LAU detalle cuerpo\" srcset=\"https:\/\/arteconfort.com\/wp-content\/uploads\/2024\/06\/ventilador-LAU-86536490-tz-02.webp 1024w, https:\/\/arteconfort.com\/wp-content\/uploads\/2024\/06\/ventilador-LAU-86536490-tz-02-768x768.webp 768w, https:\/\/arteconfort.com\/wp-content\/uploads\/2024\/06\/ventilador-LAU-86536490-tz-02-340x340.webp 340w, https:\/\/arteconfort.com\/wp-content\/uploads\/2024\/06\/ventilador-LAU-86536490-tz-02-640x640.webp 640w, https:\/\/arteconfort.com\/wp-content\/uploads\/2024\/06\/ventilador-LAU-86536490-tz-02-960x960.webp 960w, https:\/\/arteconfort.com\/wp-content\/uploads\/2024\/06\/ventilador-LAU-86536490-tz-02-133x133.webp 133w, https:\/\/arteconfort.com\/wp-content\/uploads\/2024\/06\/ventilador-LAU-86536490-tz-02-300x300.webp 300w, https:\/\/arteconfort.com\/wp-content\/uploads\/2024\/06\/ventilador-LAU-86536490-tz-02-600x600.webp 600w, https:\/\/arteconfort.com\/wp-content\/uploads\/2024\/06\/ventilador-LAU-86536490-tz-02-100x100.webp 100w\" sizes=\"auto, (max-width: 1024px) 100vw, 1024px\" \/><img loading=\"lazy\" decoding=\"async\" width=\"1024\" height=\"1024\" src=\"https:\/\/arteconfort.com\/wp-content\/uploads\/2024\/06\/ventilador-LAU-mando.webp\" class=\"attachment-shop_catalog size-shop_catalog\" alt=\"Ventilador LAU mando\" srcset=\"https:\/\/arteconfort.com\/wp-content\/uploads\/2024\/06\/ventilador-LAU-mando.webp 1024w, https:\/\/arteconfort.com\/wp-content\/uploads\/2024\/06\/ventilador-LAU-mando-768x768.webp 768w, https:\/\/arteconfort.com\/wp-content\/uploads\/2024\/06\/ventilador-LAU-mando-340x340.webp 340w, https:\/\/arteconfort.com\/wp-content\/uploads\/2024\/06\/ventilador-LAU-mando-640x640.webp 640w, https:\/\/arteconfort.com\/wp-content\/uploads\/2024\/06\/ventilador-LAU-mando-960x960.webp 960w, https:\/\/arteconfort.com\/wp-content\/uploads\/2024\/06\/ventilador-LAU-mando-133x133.webp 133w, https:\/\/arteconfort.com\/wp-content\/uploads\/2024\/06\/ventilador-LAU-mando-300x300.webp 300w, https:\/\/arteconfort.com\/wp-content\/uploads\/2024\/06\/ventilador-LAU-mando-600x600.webp 600w, https:\/\/arteconfort.com\/wp-content\/uploads\/2024\/06\/ventilador-LAU-mando-100x100.webp 100w\" sizes=\"auto, (max-width: 1024px) 100vw, 1024px\" \/><img loading=\"lazy\" decoding=\"async\" width=\"1024\" height=\"1024\" src=\"https:\/\/arteconfort.com\/wp-content\/uploads\/2024\/06\/ventilador-LAU-86536490-pat-01.webp\" class=\"attachment-shop_catalog size-shop_catalog\" alt=\"Ventilador LAU grafico\" srcset=\"https:\/\/arteconfort.com\/wp-content\/uploads\/2024\/06\/ventilador-LAU-86536490-pat-01.webp 1024w, https:\/\/arteconfort.com\/wp-content\/uploads\/2024\/06\/ventilador-LAU-86536490-pat-01-768x768.webp 768w, https:\/\/arteconfort.com\/wp-content\/uploads\/2024\/06\/ventilador-LAU-86536490-pat-01-340x340.webp 340w, https:\/\/arteconfort.com\/wp-content\/uploads\/2024\/06\/ventilador-LAU-86536490-pat-01-640x640.webp 640w, https:\/\/arteconfort.com\/wp-content\/uploads\/2024\/06\/ventilador-LAU-86536490-pat-01-960x960.webp 960w, https:\/\/arteconfort.com\/wp-content\/uploads\/2024\/06\/ventilador-LAU-86536490-pat-01-133x133.webp 133w, https:\/\/arteconfort.com\/wp-content\/uploads\/2024\/06\/ventilador-LAU-86536490-pat-01-300x300.webp 300w, https:\/\/arteconfort.com\/wp-content\/uploads\/2024\/06\/ventilador-LAU-86536490-pat-01-600x600.webp 600w, https:\/\/arteconfort.com\/wp-content\/uploads\/2024\/06\/ventilador-LAU-86536490-pat-01-100x100.webp 100w\" sizes=\"auto, (max-width: 1024px) 100vw, 1024px\" \/><img loading=\"lazy\" decoding=\"async\" width=\"1024\" height=\"1024\" src=\"https:\/\/arteconfort.com\/wp-content\/uploads\/2024\/06\/ventilador-LAU-86536490-tz-04.webp\" class=\"attachment-shop_catalog size-shop_catalog\" alt=\"Ventilador LAU temperaturas luz\" srcset=\"https:\/\/arteconfort.com\/wp-content\/uploads\/2024\/06\/ventilador-LAU-86536490-tz-04.webp 1024w, https:\/\/arteconfort.com\/wp-content\/uploads\/2024\/06\/ventilador-LAU-86536490-tz-04-768x768.webp 768w, https:\/\/arteconfort.com\/wp-content\/uploads\/2024\/06\/ventilador-LAU-86536490-tz-04-340x340.webp 340w, https:\/\/arteconfort.com\/wp-content\/uploads\/2024\/06\/ventilador-LAU-86536490-tz-04-640x640.webp 640w, https:\/\/arteconfort.com\/wp-content\/uploads\/2024\/06\/ventilador-LAU-86536490-tz-04-960x960.webp 960w, https:\/\/arteconfort.com\/wp-content\/uploads\/2024\/06\/ventilador-LAU-86536490-tz-04-133x133.webp 133w, https:\/\/arteconfort.com\/wp-content\/uploads\/2024\/06\/ventilador-LAU-86536490-tz-04-300x300.webp 300w, https:\/\/arteconfort.com\/wp-content\/uploads\/2024\/06\/ventilador-LAU-86536490-tz-04-600x600.webp 600w, https:\/\/arteconfort.com\/wp-content\/uploads\/2024\/06\/ventilador-LAU-86536490-tz-04-100x100.webp 100w\" sizes=\"auto, (max-width: 1024px) 100vw, 1024px\" \/><img loading=\"lazy\" decoding=\"async\" width=\"1024\" height=\"1024\" src=\"https:\/\/arteconfort.com\/wp-content\/uploads\/2023\/10\/LAU-ambiente-3.webp\" class=\"attachment-shop_catalog size-shop_catalog\" alt=\"Ventilador LAU ambiente luz calida\" srcset=\"https:\/\/arteconfort.com\/wp-content\/uploads\/2023\/10\/LAU-ambiente-3.webp 1024w, https:\/\/arteconfort.com\/wp-content\/uploads\/2023\/10\/LAU-ambiente-3-768x768.webp 768w, https:\/\/arteconfort.com\/wp-content\/uploads\/2023\/10\/LAU-ambiente-3-340x340.webp 340w, https:\/\/arteconfort.com\/wp-content\/uploads\/2023\/10\/LAU-ambiente-3-640x640.webp 640w, https:\/\/arteconfort.com\/wp-content\/uploads\/2023\/10\/LAU-ambiente-3-960x960.webp 960w, https:\/\/arteconfort.com\/wp-content\/uploads\/2023\/10\/LAU-ambiente-3-133x133.webp 133w, https:\/\/arteconfort.com\/wp-content\/uploads\/2023\/10\/LAU-ambiente-3-300x300.webp 300w, https:\/\/arteconfort.com\/wp-content\/uploads\/2023\/10\/LAU-ambiente-3-600x600.webp 600w, https:\/\/arteconfort.com\/wp-content\/uploads\/2023\/10\/LAU-ambiente-3-100x100.webp 100w\" sizes=\"auto, (max-width: 1024px) 100vw, 1024px\" \/><img loading=\"lazy\" decoding=\"async\" width=\"1024\" height=\"1024\" src=\"https:\/\/arteconfort.com\/wp-content\/uploads\/2023\/10\/LAU-ambiente-2.webp\" class=\"attachment-shop_catalog size-shop_catalog\" alt=\"Ventilador LAU ambiente luz neutra\" srcset=\"https:\/\/arteconfort.com\/wp-content\/uploads\/2023\/10\/LAU-ambiente-2.webp 1024w, https:\/\/arteconfort.com\/wp-content\/uploads\/2023\/10\/LAU-ambiente-2-768x768.webp 768w, https:\/\/arteconfort.com\/wp-content\/uploads\/2023\/10\/LAU-ambiente-2-340x340.webp 340w, https:\/\/arteconfort.com\/wp-content\/uploads\/2023\/10\/LAU-ambiente-2-640x640.webp 640w, https:\/\/arteconfort.com\/wp-content\/uploads\/2023\/10\/LAU-ambiente-2-960x960.webp 960w, https:\/\/arteconfort.com\/wp-content\/uploads\/2023\/10\/LAU-ambiente-2-133x133.webp 133w, https:\/\/arteconfort.com\/wp-content\/uploads\/2023\/10\/LAU-ambiente-2-300x300.webp 300w, https:\/\/arteconfort.com\/wp-content\/uploads\/2023\/10\/LAU-ambiente-2-600x600.webp 600w, https:\/\/arteconfort.com\/wp-content\/uploads\/2023\/10\/LAU-ambiente-2-100x100.webp 100w\" sizes=\"auto, (max-width: 1024px) 100vw, 1024px\" \/><img loading=\"lazy\" decoding=\"async\" width=\"1024\" height=\"1024\" src=\"https:\/\/arteconfort.com\/wp-content\/uploads\/2023\/10\/LAU-ambiente-4.webp\" class=\"attachment-shop_catalog size-shop_catalog\" alt=\"Ventilador LAU ambiente luz fria\" srcset=\"https:\/\/arteconfort.com\/wp-content\/uploads\/2023\/10\/LAU-ambiente-4.webp 1024w, https:\/\/arteconfort.com\/wp-content\/uploads\/2023\/10\/LAU-ambiente-4-768x768.webp 768w, https:\/\/arteconfort.com\/wp-content\/uploads\/2023\/10\/LAU-ambiente-4-340x340.webp 340w, https:\/\/arteconfort.com\/wp-content\/uploads\/2023\/10\/LAU-ambiente-4-640x640.webp 640w, https:\/\/arteconfort.com\/wp-content\/uploads\/2023\/10\/LAU-ambiente-4-960x960.webp 960w, https:\/\/arteconfort.com\/wp-content\/uploads\/2023\/10\/LAU-ambiente-4-133x133.webp 133w, https:\/\/arteconfort.com\/wp-content\/uploads\/2023\/10\/LAU-ambiente-4-300x300.webp 300w, https:\/\/arteconfort.com\/wp-content\/uploads\/2023\/10\/LAU-ambiente-4-600x600.webp 600w, https:\/\/arteconfort.com\/wp-content\/uploads\/2023\/10\/LAU-ambiente-4-100x100.webp 100w\" sizes=\"auto, (max-width: 1024px) 100vw, 1024px\" \/>\t<\/a>\n\t<div class=\"w-product-status\"><\/div>\t<span id=\"woocommerce_loop_add_to_cart_link_describedby_25317\" class=\"screen-reader-text\">\n\t\t\t<\/span>\n<\/div><div class=\"berocket_better_labels berocket_better_labels_image\"><div class=\"berocket_better_labels_position berocket_better_labels_position_right\"><div class=\"berocket_better_labels_line berocket_better_labels_line_1\"><div class=\"berocket_better_labels_inline berocket_better_labels_inline_1\"><div class=\"br_alabel br_alabel_type_text br_alabel_template_type_css berocket_alabel_id_22611  br_alabel_better_compatibility\" style=\"\"><span  style=\"\"><i style=\"background-color: #000000; border-color: #000000;\" class=\"template-span-before \"><\/i><i style=\"background-color: #000000; border-color: #000000;\" class=\"template-i \"><\/i><i style=\"background-color: #000000; border-color: #000000;\" class=\"template-i-before \"><\/i><i style=\"background-color: #000000; border-color: #000000;\" class=\"template-i-after \"><\/i><b style=\"position: relative;z-index: 100;text-align: center;color: inherit;\">Old collection<\/b><\/span><\/div><\/div><\/div><\/div><\/div><figcaption><h2 class=\"woocommerce-loop-product__title\">LAU<\/h2><div class=\"woocommerce-product-details__short-description\">\n\t<p>LAU ceiling fan with integrated LED light and colour temperature memory. With a white body and 3 white<\/div>\n\n<\/figcaption><\/figure><\/li>\n<li class=\"product type-product post-25386 status-publish instock product_cat-climatizacion-en product_cat-collection-old-en product_cat-ventiladores-de-techo-en has-post-thumbnail shipping-taxable product-type-simple w-item col-3\">\n\t<figure><div class=\"image-wrapper\">\t\t<a href=\"https:\/\/arteconfort.com\/en\/producto\/lidia-altavoz\/\" class=\"w-fadeslider\">\n\t<img loading=\"lazy\" decoding=\"async\" width=\"1024\" height=\"1024\" src=\"https:\/\/arteconfort.com\/wp-content\/uploads\/2024\/07\/ventilador-LIDIA-ALTAVOZ-86536532-p-01.webp\" class=\"attachment-shop_catalog size-shop_catalog wp-post-image\" alt=\"Ventilador LIDIA ALTAVOZ con mando\" srcset=\"https:\/\/arteconfort.com\/wp-content\/uploads\/2024\/07\/ventilador-LIDIA-ALTAVOZ-86536532-p-01.webp 1024w, https:\/\/arteconfort.com\/wp-content\/uploads\/2024\/07\/ventilador-LIDIA-ALTAVOZ-86536532-p-01-768x768.webp 768w, https:\/\/arteconfort.com\/wp-content\/uploads\/2024\/07\/ventilador-LIDIA-ALTAVOZ-86536532-p-01-340x340.webp 340w, https:\/\/arteconfort.com\/wp-content\/uploads\/2024\/07\/ventilador-LIDIA-ALTAVOZ-86536532-p-01-640x640.webp 640w, https:\/\/arteconfort.com\/wp-content\/uploads\/2024\/07\/ventilador-LIDIA-ALTAVOZ-86536532-p-01-960x960.webp 960w, https:\/\/arteconfort.com\/wp-content\/uploads\/2024\/07\/ventilador-LIDIA-ALTAVOZ-86536532-p-01-300x300.webp 300w, https:\/\/arteconfort.com\/wp-content\/uploads\/2024\/07\/ventilador-LIDIA-ALTAVOZ-86536532-p-01-600x600.webp 600w, https:\/\/arteconfort.com\/wp-content\/uploads\/2024\/07\/ventilador-LIDIA-ALTAVOZ-86536532-p-01-100x100.webp 100w, https:\/\/arteconfort.com\/wp-content\/uploads\/2024\/07\/ventilador-LIDIA-ALTAVOZ-86536532-p-01-133x133.webp 133w\" sizes=\"auto, (max-width: 1024px) 100vw, 1024px\" \/>\t<img loading=\"lazy\" decoding=\"async\" width=\"1024\" height=\"1024\" src=\"https:\/\/arteconfort.com\/wp-content\/uploads\/2023\/10\/LIDIA-ALTAVOZ-ambiente.webp\" class=\"attachment-shop_catalog size-shop_catalog\" alt=\"Ventilador LIDIA ALTAVOZ ambiente dia\" srcset=\"https:\/\/arteconfort.com\/wp-content\/uploads\/2023\/10\/LIDIA-ALTAVOZ-ambiente.webp 1024w, https:\/\/arteconfort.com\/wp-content\/uploads\/2023\/10\/LIDIA-ALTAVOZ-ambiente-768x768.webp 768w, https:\/\/arteconfort.com\/wp-content\/uploads\/2023\/10\/LIDIA-ALTAVOZ-ambiente-340x340.webp 340w, https:\/\/arteconfort.com\/wp-content\/uploads\/2023\/10\/LIDIA-ALTAVOZ-ambiente-640x640.webp 640w, https:\/\/arteconfort.com\/wp-content\/uploads\/2023\/10\/LIDIA-ALTAVOZ-ambiente-960x960.webp 960w, https:\/\/arteconfort.com\/wp-content\/uploads\/2023\/10\/LIDIA-ALTAVOZ-ambiente-133x133.webp 133w, https:\/\/arteconfort.com\/wp-content\/uploads\/2023\/10\/LIDIA-ALTAVOZ-ambiente-300x300.webp 300w, https:\/\/arteconfort.com\/wp-content\/uploads\/2023\/10\/LIDIA-ALTAVOZ-ambiente-600x600.webp 600w, https:\/\/arteconfort.com\/wp-content\/uploads\/2023\/10\/LIDIA-ALTAVOZ-ambiente-100x100.webp 100w\" sizes=\"auto, (max-width: 1024px) 100vw, 1024px\" \/><img loading=\"lazy\" decoding=\"async\" width=\"1024\" height=\"1024\" src=\"https:\/\/arteconfort.com\/wp-content\/uploads\/2024\/07\/ventilador-LIDIA-ALTAVOZ-86536532-p-02.webp\" class=\"attachment-shop_catalog size-shop_catalog\" alt=\"Ventilador LIDIA ALTAVOZ cerrado\" srcset=\"https:\/\/arteconfort.com\/wp-content\/uploads\/2024\/07\/ventilador-LIDIA-ALTAVOZ-86536532-p-02.webp 1024w, https:\/\/arteconfort.com\/wp-content\/uploads\/2024\/07\/ventilador-LIDIA-ALTAVOZ-86536532-p-02-768x768.webp 768w, https:\/\/arteconfort.com\/wp-content\/uploads\/2024\/07\/ventilador-LIDIA-ALTAVOZ-86536532-p-02-340x340.webp 340w, https:\/\/arteconfort.com\/wp-content\/uploads\/2024\/07\/ventilador-LIDIA-ALTAVOZ-86536532-p-02-640x640.webp 640w, https:\/\/arteconfort.com\/wp-content\/uploads\/2024\/07\/ventilador-LIDIA-ALTAVOZ-86536532-p-02-960x960.webp 960w, https:\/\/arteconfort.com\/wp-content\/uploads\/2024\/07\/ventilador-LIDIA-ALTAVOZ-86536532-p-02-133x133.webp 133w, https:\/\/arteconfort.com\/wp-content\/uploads\/2024\/07\/ventilador-LIDIA-ALTAVOZ-86536532-p-02-300x300.webp 300w, https:\/\/arteconfort.com\/wp-content\/uploads\/2024\/07\/ventilador-LIDIA-ALTAVOZ-86536532-p-02-600x600.webp 600w, https:\/\/arteconfort.com\/wp-content\/uploads\/2024\/07\/ventilador-LIDIA-ALTAVOZ-86536532-p-02-100x100.webp 100w\" sizes=\"auto, (max-width: 1024px) 100vw, 1024px\" \/><img loading=\"lazy\" decoding=\"async\" width=\"1024\" height=\"1024\" src=\"https:\/\/arteconfort.com\/wp-content\/uploads\/2024\/07\/ventilador-LIDIA-ALTAVOZ-foto.webp\" class=\"attachment-shop_catalog size-shop_catalog\" alt=\"Ventilador LIDIA ALTAVOZ altavoz\" srcset=\"https:\/\/arteconfort.com\/wp-content\/uploads\/2024\/07\/ventilador-LIDIA-ALTAVOZ-foto.webp 1024w, https:\/\/arteconfort.com\/wp-content\/uploads\/2024\/07\/ventilador-LIDIA-ALTAVOZ-foto-768x768.webp 768w, https:\/\/arteconfort.com\/wp-content\/uploads\/2024\/07\/ventilador-LIDIA-ALTAVOZ-foto-340x340.webp 340w, https:\/\/arteconfort.com\/wp-content\/uploads\/2024\/07\/ventilador-LIDIA-ALTAVOZ-foto-640x640.webp 640w, https:\/\/arteconfort.com\/wp-content\/uploads\/2024\/07\/ventilador-LIDIA-ALTAVOZ-foto-960x960.webp 960w, https:\/\/arteconfort.com\/wp-content\/uploads\/2024\/07\/ventilador-LIDIA-ALTAVOZ-foto-133x133.webp 133w, https:\/\/arteconfort.com\/wp-content\/uploads\/2024\/07\/ventilador-LIDIA-ALTAVOZ-foto-300x300.webp 300w, https:\/\/arteconfort.com\/wp-content\/uploads\/2024\/07\/ventilador-LIDIA-ALTAVOZ-foto-600x600.webp 600w, https:\/\/arteconfort.com\/wp-content\/uploads\/2024\/07\/ventilador-LIDIA-ALTAVOZ-foto-100x100.webp 100w\" sizes=\"auto, (max-width: 1024px) 100vw, 1024px\" \/><img loading=\"lazy\" decoding=\"async\" width=\"1024\" height=\"1024\" src=\"https:\/\/arteconfort.com\/wp-content\/uploads\/2024\/07\/ventilador-LIDIA-ALTAVOZ-86536532-tz-02.webp\" class=\"attachment-shop_catalog size-shop_catalog\" alt=\"Ventilador LIDIA ALTAVOZ temperaturas luaz\" srcset=\"https:\/\/arteconfort.com\/wp-content\/uploads\/2024\/07\/ventilador-LIDIA-ALTAVOZ-86536532-tz-02.webp 1024w, https:\/\/arteconfort.com\/wp-content\/uploads\/2024\/07\/ventilador-LIDIA-ALTAVOZ-86536532-tz-02-768x768.webp 768w, https:\/\/arteconfort.com\/wp-content\/uploads\/2024\/07\/ventilador-LIDIA-ALTAVOZ-86536532-tz-02-340x340.webp 340w, https:\/\/arteconfort.com\/wp-content\/uploads\/2024\/07\/ventilador-LIDIA-ALTAVOZ-86536532-tz-02-640x640.webp 640w, https:\/\/arteconfort.com\/wp-content\/uploads\/2024\/07\/ventilador-LIDIA-ALTAVOZ-86536532-tz-02-960x960.webp 960w, https:\/\/arteconfort.com\/wp-content\/uploads\/2024\/07\/ventilador-LIDIA-ALTAVOZ-86536532-tz-02-133x133.webp 133w, https:\/\/arteconfort.com\/wp-content\/uploads\/2024\/07\/ventilador-LIDIA-ALTAVOZ-86536532-tz-02-300x300.webp 300w, https:\/\/arteconfort.com\/wp-content\/uploads\/2024\/07\/ventilador-LIDIA-ALTAVOZ-86536532-tz-02-600x600.webp 600w, https:\/\/arteconfort.com\/wp-content\/uploads\/2024\/07\/ventilador-LIDIA-ALTAVOZ-86536532-tz-02-100x100.webp 100w\" sizes=\"auto, (max-width: 1024px) 100vw, 1024px\" \/><img loading=\"lazy\" decoding=\"async\" width=\"1024\" height=\"1024\" src=\"https:\/\/arteconfort.com\/wp-content\/uploads\/2024\/07\/ventilador-LIDIA-ALTAVOZ-mando.webp\" class=\"attachment-shop_catalog size-shop_catalog\" alt=\"Ventilador LIDIA ALTAVOZ mando\" srcset=\"https:\/\/arteconfort.com\/wp-content\/uploads\/2024\/07\/ventilador-LIDIA-ALTAVOZ-mando.webp 1024w, https:\/\/arteconfort.com\/wp-content\/uploads\/2024\/07\/ventilador-LIDIA-ALTAVOZ-mando-768x768.webp 768w, https:\/\/arteconfort.com\/wp-content\/uploads\/2024\/07\/ventilador-LIDIA-ALTAVOZ-mando-340x340.webp 340w, https:\/\/arteconfort.com\/wp-content\/uploads\/2024\/07\/ventilador-LIDIA-ALTAVOZ-mando-640x640.webp 640w, https:\/\/arteconfort.com\/wp-content\/uploads\/2024\/07\/ventilador-LIDIA-ALTAVOZ-mando-960x960.webp 960w, https:\/\/arteconfort.com\/wp-content\/uploads\/2024\/07\/ventilador-LIDIA-ALTAVOZ-mando-133x133.webp 133w, https:\/\/arteconfort.com\/wp-content\/uploads\/2024\/07\/ventilador-LIDIA-ALTAVOZ-mando-300x300.webp 300w, https:\/\/arteconfort.com\/wp-content\/uploads\/2024\/07\/ventilador-LIDIA-ALTAVOZ-mando-600x600.webp 600w, https:\/\/arteconfort.com\/wp-content\/uploads\/2024\/07\/ventilador-LIDIA-ALTAVOZ-mando-100x100.webp 100w\" sizes=\"auto, (max-width: 1024px) 100vw, 1024px\" \/><img loading=\"lazy\" decoding=\"async\" width=\"1024\" height=\"1024\" src=\"https:\/\/arteconfort.com\/wp-content\/uploads\/2023\/10\/LIDIA-ALTAVOZ-grafico.webp\" class=\"attachment-shop_catalog size-shop_catalog\" alt=\"Ventilador LIDIA ALTAVOZ grafico\" srcset=\"https:\/\/arteconfort.com\/wp-content\/uploads\/2023\/10\/LIDIA-ALTAVOZ-grafico.webp 1024w, https:\/\/arteconfort.com\/wp-content\/uploads\/2023\/10\/LIDIA-ALTAVOZ-grafico-768x768.webp 768w, https:\/\/arteconfort.com\/wp-content\/uploads\/2023\/10\/LIDIA-ALTAVOZ-grafico-340x340.webp 340w, https:\/\/arteconfort.com\/wp-content\/uploads\/2023\/10\/LIDIA-ALTAVOZ-grafico-640x640.webp 640w, https:\/\/arteconfort.com\/wp-content\/uploads\/2023\/10\/LIDIA-ALTAVOZ-grafico-960x960.webp 960w, https:\/\/arteconfort.com\/wp-content\/uploads\/2023\/10\/LIDIA-ALTAVOZ-grafico-133x133.webp 133w, https:\/\/arteconfort.com\/wp-content\/uploads\/2023\/10\/LIDIA-ALTAVOZ-grafico-300x300.webp 300w, https:\/\/arteconfort.com\/wp-content\/uploads\/2023\/10\/LIDIA-ALTAVOZ-grafico-600x600.webp 600w, https:\/\/arteconfort.com\/wp-content\/uploads\/2023\/10\/LIDIA-ALTAVOZ-grafico-100x100.webp 100w\" sizes=\"auto, (max-width: 1024px) 100vw, 1024px\" \/><img loading=\"lazy\" decoding=\"async\" width=\"1024\" height=\"1024\" src=\"https:\/\/arteconfort.com\/wp-content\/uploads\/2024\/07\/ventilador-LIDIA-ALTAVOZ-86536532-tz-03.webp\" class=\"attachment-shop_catalog size-shop_catalog\" alt=\"Ventilador LIDIA ALTAVOZ temperaturas luaz\" srcset=\"https:\/\/arteconfort.com\/wp-content\/uploads\/2024\/07\/ventilador-LIDIA-ALTAVOZ-86536532-tz-03.webp 1024w, https:\/\/arteconfort.com\/wp-content\/uploads\/2024\/07\/ventilador-LIDIA-ALTAVOZ-86536532-tz-03-768x768.webp 768w, https:\/\/arteconfort.com\/wp-content\/uploads\/2024\/07\/ventilador-LIDIA-ALTAVOZ-86536532-tz-03-340x340.webp 340w, https:\/\/arteconfort.com\/wp-content\/uploads\/2024\/07\/ventilador-LIDIA-ALTAVOZ-86536532-tz-03-640x640.webp 640w, https:\/\/arteconfort.com\/wp-content\/uploads\/2024\/07\/ventilador-LIDIA-ALTAVOZ-86536532-tz-03-960x960.webp 960w, https:\/\/arteconfort.com\/wp-content\/uploads\/2024\/07\/ventilador-LIDIA-ALTAVOZ-86536532-tz-03-133x133.webp 133w, https:\/\/arteconfort.com\/wp-content\/uploads\/2024\/07\/ventilador-LIDIA-ALTAVOZ-86536532-tz-03-300x300.webp 300w, https:\/\/arteconfort.com\/wp-content\/uploads\/2024\/07\/ventilador-LIDIA-ALTAVOZ-86536532-tz-03-600x600.webp 600w, https:\/\/arteconfort.com\/wp-content\/uploads\/2024\/07\/ventilador-LIDIA-ALTAVOZ-86536532-tz-03-100x100.webp 100w\" sizes=\"auto, (max-width: 1024px) 100vw, 1024px\" \/><img loading=\"lazy\" decoding=\"async\" width=\"1024\" height=\"1024\" src=\"https:\/\/arteconfort.com\/wp-content\/uploads\/2023\/10\/LIDIA-ALTAVOZ-ambiente-2.webp\" class=\"attachment-shop_catalog size-shop_catalog\" alt=\"Ventilador LIDIA ALTAVOZ ambiente luz calida\" srcset=\"https:\/\/arteconfort.com\/wp-content\/uploads\/2023\/10\/LIDIA-ALTAVOZ-ambiente-2.webp 1024w, https:\/\/arteconfort.com\/wp-content\/uploads\/2023\/10\/LIDIA-ALTAVOZ-ambiente-2-768x768.webp 768w, https:\/\/arteconfort.com\/wp-content\/uploads\/2023\/10\/LIDIA-ALTAVOZ-ambiente-2-340x340.webp 340w, https:\/\/arteconfort.com\/wp-content\/uploads\/2023\/10\/LIDIA-ALTAVOZ-ambiente-2-640x640.webp 640w, https:\/\/arteconfort.com\/wp-content\/uploads\/2023\/10\/LIDIA-ALTAVOZ-ambiente-2-960x960.webp 960w, https:\/\/arteconfort.com\/wp-content\/uploads\/2023\/10\/LIDIA-ALTAVOZ-ambiente-2-133x133.webp 133w, https:\/\/arteconfort.com\/wp-content\/uploads\/2023\/10\/LIDIA-ALTAVOZ-ambiente-2-300x300.webp 300w, https:\/\/arteconfort.com\/wp-content\/uploads\/2023\/10\/LIDIA-ALTAVOZ-ambiente-2-600x600.webp 600w, https:\/\/arteconfort.com\/wp-content\/uploads\/2023\/10\/LIDIA-ALTAVOZ-ambiente-2-100x100.webp 100w\" sizes=\"auto, (max-width: 1024px) 100vw, 1024px\" \/><img loading=\"lazy\" decoding=\"async\" width=\"1024\" height=\"1024\" src=\"https:\/\/arteconfort.com\/wp-content\/uploads\/2023\/10\/LIDIA-ALTAVOZ-ambiente-3.webp\" class=\"attachment-shop_catalog size-shop_catalog\" alt=\"Ventilador LIDIA ALTAVOZ ambiente luz neutra\" srcset=\"https:\/\/arteconfort.com\/wp-content\/uploads\/2023\/10\/LIDIA-ALTAVOZ-ambiente-3.webp 1024w, https:\/\/arteconfort.com\/wp-content\/uploads\/2023\/10\/LIDIA-ALTAVOZ-ambiente-3-768x768.webp 768w, https:\/\/arteconfort.com\/wp-content\/uploads\/2023\/10\/LIDIA-ALTAVOZ-ambiente-3-340x340.webp 340w, https:\/\/arteconfort.com\/wp-content\/uploads\/2023\/10\/LIDIA-ALTAVOZ-ambiente-3-640x640.webp 640w, https:\/\/arteconfort.com\/wp-content\/uploads\/2023\/10\/LIDIA-ALTAVOZ-ambiente-3-960x960.webp 960w, https:\/\/arteconfort.com\/wp-content\/uploads\/2023\/10\/LIDIA-ALTAVOZ-ambiente-3-133x133.webp 133w, https:\/\/arteconfort.com\/wp-content\/uploads\/2023\/10\/LIDIA-ALTAVOZ-ambiente-3-300x300.webp 300w, https:\/\/arteconfort.com\/wp-content\/uploads\/2023\/10\/LIDIA-ALTAVOZ-ambiente-3-600x600.webp 600w, https:\/\/arteconfort.com\/wp-content\/uploads\/2023\/10\/LIDIA-ALTAVOZ-ambiente-3-100x100.webp 100w\" sizes=\"auto, (max-width: 1024px) 100vw, 1024px\" \/><img loading=\"lazy\" decoding=\"async\" width=\"1024\" height=\"1024\" src=\"https:\/\/arteconfort.com\/wp-content\/uploads\/2023\/10\/LIDIA-ALTAVOZ-ambiente-4.webp\" class=\"attachment-shop_catalog size-shop_catalog\" alt=\"Ventilador LIDIA ALTAVOZ ambiente luz fria\" srcset=\"https:\/\/arteconfort.com\/wp-content\/uploads\/2023\/10\/LIDIA-ALTAVOZ-ambiente-4.webp 1024w, https:\/\/arteconfort.com\/wp-content\/uploads\/2023\/10\/LIDIA-ALTAVOZ-ambiente-4-768x768.webp 768w, https:\/\/arteconfort.com\/wp-content\/uploads\/2023\/10\/LIDIA-ALTAVOZ-ambiente-4-340x340.webp 340w, https:\/\/arteconfort.com\/wp-content\/uploads\/2023\/10\/LIDIA-ALTAVOZ-ambiente-4-640x640.webp 640w, https:\/\/arteconfort.com\/wp-content\/uploads\/2023\/10\/LIDIA-ALTAVOZ-ambiente-4-960x960.webp 960w, https:\/\/arteconfort.com\/wp-content\/uploads\/2023\/10\/LIDIA-ALTAVOZ-ambiente-4-133x133.webp 133w, https:\/\/arteconfort.com\/wp-content\/uploads\/2023\/10\/LIDIA-ALTAVOZ-ambiente-4-300x300.webp 300w, https:\/\/arteconfort.com\/wp-content\/uploads\/2023\/10\/LIDIA-ALTAVOZ-ambiente-4-600x600.webp 600w, https:\/\/arteconfort.com\/wp-content\/uploads\/2023\/10\/LIDIA-ALTAVOZ-ambiente-4-100x100.webp 100w\" sizes=\"auto, (max-width: 1024px) 100vw, 1024px\" \/>\t<\/a>\n\t<div class=\"w-product-status\"><\/div>\t<span id=\"woocommerce_loop_add_to_cart_link_describedby_25386\" class=\"screen-reader-text\">\n\t\t\t<\/span>\n<\/div><div class=\"berocket_better_labels berocket_better_labels_image\"><div class=\"berocket_better_labels_position berocket_better_labels_position_right\"><div class=\"berocket_better_labels_line berocket_better_labels_line_1\"><div class=\"berocket_better_labels_inline berocket_better_labels_inline_1\"><div class=\"br_alabel br_alabel_type_text br_alabel_template_type_css berocket_alabel_id_22611  br_alabel_better_compatibility\" style=\"\"><span  style=\"\"><i style=\"background-color: #000000; border-color: #000000;\" class=\"template-span-before \"><\/i><i style=\"background-color: #000000; border-color: #000000;\" class=\"template-i \"><\/i><i style=\"background-color: #000000; border-color: #000000;\" class=\"template-i-before \"><\/i><i style=\"background-color: #000000; border-color: #000000;\" class=\"template-i-after \"><\/i><b style=\"position: relative;z-index: 100;text-align: center;color: inherit;\">Old collection<\/b><\/span><\/div><\/div><\/div><\/div><\/div><figcaption><h2 class=\"woocommerce-loop-product__title\">LIDIA ALTAVOZ<\/h2><div class=\"woocommerce-product-details__short-description\">\n\t<p>LIDIA ALTAVOZ retractable fan with integrated LED light module, high luminous flux and colour temperature memory. It has<\/div>\n\n<\/figcaption><\/figure><\/li>\n<li class=\"product type-product post-45139 status-publish last instock product_cat-climatizacion-en product_cat-ventiladores-de-techo-en has-post-thumbnail shipping-taxable product-type-simple w-item col-3\">\n\t<figure><div class=\"image-wrapper\">\t\t<a href=\"https:\/\/arteconfort.com\/en\/producto\/lily-l\/\" class=\"w-fadeslider\">\n\t<img loading=\"lazy\" decoding=\"async\" width=\"1024\" height=\"1024\" src=\"https:\/\/arteconfort.com\/wp-content\/uploads\/2025\/03\/LILY-L-mando-01.webp\" class=\"attachment-shop_catalog size-shop_catalog wp-post-image\" alt=\"\" srcset=\"https:\/\/arteconfort.com\/wp-content\/uploads\/2025\/03\/LILY-L-mando-01.webp 1024w, https:\/\/arteconfort.com\/wp-content\/uploads\/2025\/03\/LILY-L-mando-01-768x768.webp 768w, https:\/\/arteconfort.com\/wp-content\/uploads\/2025\/03\/LILY-L-mando-01-340x340.webp 340w, https:\/\/arteconfort.com\/wp-content\/uploads\/2025\/03\/LILY-L-mando-01-640x640.webp 640w, https:\/\/arteconfort.com\/wp-content\/uploads\/2025\/03\/LILY-L-mando-01-960x960.webp 960w, https:\/\/arteconfort.com\/wp-content\/uploads\/2025\/03\/LILY-L-mando-01-300x300.webp 300w, https:\/\/arteconfort.com\/wp-content\/uploads\/2025\/03\/LILY-L-mando-01-600x600.webp 600w, https:\/\/arteconfort.com\/wp-content\/uploads\/2025\/03\/LILY-L-mando-01-100x100.webp 100w\" sizes=\"auto, (max-width: 1024px) 100vw, 1024px\" \/>\t<img loading=\"lazy\" decoding=\"async\" width=\"1024\" height=\"1024\" src=\"https:\/\/arteconfort.com\/wp-content\/uploads\/2025\/03\/LILY-L-detalle-04.webp\" class=\"attachment-shop_catalog size-shop_catalog\" alt=\"\" srcset=\"https:\/\/arteconfort.com\/wp-content\/uploads\/2025\/03\/LILY-L-detalle-04.webp 1024w, https:\/\/arteconfort.com\/wp-content\/uploads\/2025\/03\/LILY-L-detalle-04-768x768.webp 768w, https:\/\/arteconfort.com\/wp-content\/uploads\/2025\/03\/LILY-L-detalle-04-340x340.webp 340w, https:\/\/arteconfort.com\/wp-content\/uploads\/2025\/03\/LILY-L-detalle-04-640x640.webp 640w, https:\/\/arteconfort.com\/wp-content\/uploads\/2025\/03\/LILY-L-detalle-04-960x960.webp 960w, https:\/\/arteconfort.com\/wp-content\/uploads\/2025\/03\/LILY-L-detalle-04-300x300.webp 300w, https:\/\/arteconfort.com\/wp-content\/uploads\/2025\/03\/LILY-L-detalle-04-600x600.webp 600w, https:\/\/arteconfort.com\/wp-content\/uploads\/2025\/03\/LILY-L-detalle-04-100x100.webp 100w\" sizes=\"auto, (max-width: 1024px) 100vw, 1024px\" \/><img loading=\"lazy\" decoding=\"async\" width=\"1024\" height=\"1024\" src=\"https:\/\/arteconfort.com\/wp-content\/uploads\/2025\/03\/LILY-L-temperatura.webp\" class=\"attachment-shop_catalog size-shop_catalog\" alt=\"\" srcset=\"https:\/\/arteconfort.com\/wp-content\/uploads\/2025\/03\/LILY-L-temperatura.webp 1024w, https:\/\/arteconfort.com\/wp-content\/uploads\/2025\/03\/LILY-L-temperatura-768x768.webp 768w, https:\/\/arteconfort.com\/wp-content\/uploads\/2025\/03\/LILY-L-temperatura-340x340.webp 340w, https:\/\/arteconfort.com\/wp-content\/uploads\/2025\/03\/LILY-L-temperatura-640x640.webp 640w, https:\/\/arteconfort.com\/wp-content\/uploads\/2025\/03\/LILY-L-temperatura-960x960.webp 960w, https:\/\/arteconfort.com\/wp-content\/uploads\/2025\/03\/LILY-L-temperatura-300x300.webp 300w, https:\/\/arteconfort.com\/wp-content\/uploads\/2025\/03\/LILY-L-temperatura-600x600.webp 600w, https:\/\/arteconfort.com\/wp-content\/uploads\/2025\/03\/LILY-L-temperatura-100x100.webp 100w\" sizes=\"auto, (max-width: 1024px) 100vw, 1024px\" \/><img loading=\"lazy\" decoding=\"async\" width=\"1024\" height=\"1024\" src=\"https:\/\/arteconfort.com\/wp-content\/uploads\/2025\/03\/LILY-L-grafico-05.webp\" class=\"attachment-shop_catalog size-shop_catalog\" alt=\"\" srcset=\"https:\/\/arteconfort.com\/wp-content\/uploads\/2025\/03\/LILY-L-grafico-05.webp 1024w, https:\/\/arteconfort.com\/wp-content\/uploads\/2025\/03\/LILY-L-grafico-05-768x768.webp 768w, https:\/\/arteconfort.com\/wp-content\/uploads\/2025\/03\/LILY-L-grafico-05-340x340.webp 340w, https:\/\/arteconfort.com\/wp-content\/uploads\/2025\/03\/LILY-L-grafico-05-640x640.webp 640w, https:\/\/arteconfort.com\/wp-content\/uploads\/2025\/03\/LILY-L-grafico-05-960x960.webp 960w, https:\/\/arteconfort.com\/wp-content\/uploads\/2025\/03\/LILY-L-grafico-05-300x300.webp 300w, https:\/\/arteconfort.com\/wp-content\/uploads\/2025\/03\/LILY-L-grafico-05-600x600.webp 600w, https:\/\/arteconfort.com\/wp-content\/uploads\/2025\/03\/LILY-L-grafico-05-100x100.webp 100w\" sizes=\"auto, (max-width: 1024px) 100vw, 1024px\" \/>\t<\/a>\n\t<div class=\"w-product-status\"><\/div>\t<span id=\"woocommerce_loop_add_to_cart_link_describedby_45139\" class=\"screen-reader-text\">\n\t\t\t<\/span>\n<\/div><figcaption><h2 class=\"woocommerce-loop-product__title\">LILY L<\/h2><div class=\"woocommerce-product-details__short-description\">\n\t<p>LILY L retractable fan with integrated LED light, high luminous flux and color temperature memory. It has a<\/div>\n\n<\/figcaption><\/figure><\/li>\n<li class=\"product type-product post-25342 status-publish first instock product_cat-climatizacion-en product_cat-collection-old-en product_cat-ventiladores-de-techo-en has-post-thumbnail shipping-taxable product-type-simple w-item col-3\">\n\t<figure><div class=\"image-wrapper\">\t\t<a href=\"https:\/\/arteconfort.com\/en\/producto\/lily-m\/\" class=\"w-fadeslider\">\n\t<img loading=\"lazy\" decoding=\"async\" width=\"1024\" height=\"1024\" src=\"https:\/\/arteconfort.com\/wp-content\/uploads\/2024\/07\/ventilador-LILY-M-86536527-p-01.webp\" class=\"attachment-shop_catalog size-shop_catalog wp-post-image\" alt=\"Ventilador LILY M con mando\" srcset=\"https:\/\/arteconfort.com\/wp-content\/uploads\/2024\/07\/ventilador-LILY-M-86536527-p-01.webp 1024w, https:\/\/arteconfort.com\/wp-content\/uploads\/2024\/07\/ventilador-LILY-M-86536527-p-01-768x768.webp 768w, https:\/\/arteconfort.com\/wp-content\/uploads\/2024\/07\/ventilador-LILY-M-86536527-p-01-340x340.webp 340w, https:\/\/arteconfort.com\/wp-content\/uploads\/2024\/07\/ventilador-LILY-M-86536527-p-01-640x640.webp 640w, https:\/\/arteconfort.com\/wp-content\/uploads\/2024\/07\/ventilador-LILY-M-86536527-p-01-960x960.webp 960w, https:\/\/arteconfort.com\/wp-content\/uploads\/2024\/07\/ventilador-LILY-M-86536527-p-01-300x300.webp 300w, https:\/\/arteconfort.com\/wp-content\/uploads\/2024\/07\/ventilador-LILY-M-86536527-p-01-600x600.webp 600w, https:\/\/arteconfort.com\/wp-content\/uploads\/2024\/07\/ventilador-LILY-M-86536527-p-01-100x100.webp 100w, https:\/\/arteconfort.com\/wp-content\/uploads\/2024\/07\/ventilador-LILY-M-86536527-p-01-133x133.webp 133w\" sizes=\"auto, (max-width: 1024px) 100vw, 1024px\" \/>\t<img loading=\"lazy\" decoding=\"async\" width=\"1024\" height=\"1024\" src=\"https:\/\/arteconfort.com\/wp-content\/uploads\/2023\/10\/LILY-M-AMBIENTE.webp\" class=\"attachment-shop_catalog size-shop_catalog\" alt=\"\" srcset=\"https:\/\/arteconfort.com\/wp-content\/uploads\/2023\/10\/LILY-M-AMBIENTE.webp 1024w, https:\/\/arteconfort.com\/wp-content\/uploads\/2023\/10\/LILY-M-AMBIENTE-768x768.webp 768w, https:\/\/arteconfort.com\/wp-content\/uploads\/2023\/10\/LILY-M-AMBIENTE-340x340.webp 340w, https:\/\/arteconfort.com\/wp-content\/uploads\/2023\/10\/LILY-M-AMBIENTE-640x640.webp 640w, https:\/\/arteconfort.com\/wp-content\/uploads\/2023\/10\/LILY-M-AMBIENTE-960x960.webp 960w, https:\/\/arteconfort.com\/wp-content\/uploads\/2023\/10\/LILY-M-AMBIENTE-133x133.webp 133w, https:\/\/arteconfort.com\/wp-content\/uploads\/2023\/10\/LILY-M-AMBIENTE-300x300.webp 300w, https:\/\/arteconfort.com\/wp-content\/uploads\/2023\/10\/LILY-M-AMBIENTE-600x600.webp 600w, https:\/\/arteconfort.com\/wp-content\/uploads\/2023\/10\/LILY-M-AMBIENTE-100x100.webp 100w\" sizes=\"auto, (max-width: 1024px) 100vw, 1024px\" \/><img loading=\"lazy\" decoding=\"async\" width=\"1024\" height=\"1024\" src=\"https:\/\/arteconfort.com\/wp-content\/uploads\/2024\/07\/ventilador-LILY-M-86536527-p-02.webp\" class=\"attachment-shop_catalog size-shop_catalog\" alt=\"Ventilador LILY M lateral\" srcset=\"https:\/\/arteconfort.com\/wp-content\/uploads\/2024\/07\/ventilador-LILY-M-86536527-p-02.webp 1024w, https:\/\/arteconfort.com\/wp-content\/uploads\/2024\/07\/ventilador-LILY-M-86536527-p-02-768x768.webp 768w, https:\/\/arteconfort.com\/wp-content\/uploads\/2024\/07\/ventilador-LILY-M-86536527-p-02-340x340.webp 340w, https:\/\/arteconfort.com\/wp-content\/uploads\/2024\/07\/ventilador-LILY-M-86536527-p-02-640x640.webp 640w, https:\/\/arteconfort.com\/wp-content\/uploads\/2024\/07\/ventilador-LILY-M-86536527-p-02-960x960.webp 960w, https:\/\/arteconfort.com\/wp-content\/uploads\/2024\/07\/ventilador-LILY-M-86536527-p-02-133x133.webp 133w, https:\/\/arteconfort.com\/wp-content\/uploads\/2024\/07\/ventilador-LILY-M-86536527-p-02-300x300.webp 300w, https:\/\/arteconfort.com\/wp-content\/uploads\/2024\/07\/ventilador-LILY-M-86536527-p-02-600x600.webp 600w, https:\/\/arteconfort.com\/wp-content\/uploads\/2024\/07\/ventilador-LILY-M-86536527-p-02-100x100.webp 100w\" sizes=\"auto, (max-width: 1024px) 100vw, 1024px\" \/><img loading=\"lazy\" decoding=\"async\" width=\"1024\" height=\"1024\" src=\"https:\/\/arteconfort.com\/wp-content\/uploads\/2024\/07\/ventilador-LILY-M-86536527-p-03.webp\" class=\"attachment-shop_catalog size-shop_catalog\" alt=\"Ventilador LILY M superior aspas\" srcset=\"https:\/\/arteconfort.com\/wp-content\/uploads\/2024\/07\/ventilador-LILY-M-86536527-p-03.webp 1024w, https:\/\/arteconfort.com\/wp-content\/uploads\/2024\/07\/ventilador-LILY-M-86536527-p-03-768x768.webp 768w, https:\/\/arteconfort.com\/wp-content\/uploads\/2024\/07\/ventilador-LILY-M-86536527-p-03-340x340.webp 340w, https:\/\/arteconfort.com\/wp-content\/uploads\/2024\/07\/ventilador-LILY-M-86536527-p-03-640x640.webp 640w, https:\/\/arteconfort.com\/wp-content\/uploads\/2024\/07\/ventilador-LILY-M-86536527-p-03-960x960.webp 960w, https:\/\/arteconfort.com\/wp-content\/uploads\/2024\/07\/ventilador-LILY-M-86536527-p-03-133x133.webp 133w, https:\/\/arteconfort.com\/wp-content\/uploads\/2024\/07\/ventilador-LILY-M-86536527-p-03-300x300.webp 300w, https:\/\/arteconfort.com\/wp-content\/uploads\/2024\/07\/ventilador-LILY-M-86536527-p-03-600x600.webp 600w, https:\/\/arteconfort.com\/wp-content\/uploads\/2024\/07\/ventilador-LILY-M-86536527-p-03-100x100.webp 100w\" sizes=\"auto, (max-width: 1024px) 100vw, 1024px\" \/><img loading=\"lazy\" decoding=\"async\" width=\"1024\" height=\"1024\" src=\"https:\/\/arteconfort.com\/wp-content\/uploads\/2024\/07\/ventilador-LILY-M-mando.webp\" class=\"attachment-shop_catalog size-shop_catalog\" alt=\"Ventilador LILY S mando\" srcset=\"https:\/\/arteconfort.com\/wp-content\/uploads\/2024\/07\/ventilador-LILY-M-mando.webp 1024w, https:\/\/arteconfort.com\/wp-content\/uploads\/2024\/07\/ventilador-LILY-M-mando-768x768.webp 768w, https:\/\/arteconfort.com\/wp-content\/uploads\/2024\/07\/ventilador-LILY-M-mando-340x340.webp 340w, https:\/\/arteconfort.com\/wp-content\/uploads\/2024\/07\/ventilador-LILY-M-mando-640x640.webp 640w, https:\/\/arteconfort.com\/wp-content\/uploads\/2024\/07\/ventilador-LILY-M-mando-960x960.webp 960w, https:\/\/arteconfort.com\/wp-content\/uploads\/2024\/07\/ventilador-LILY-M-mando-133x133.webp 133w, https:\/\/arteconfort.com\/wp-content\/uploads\/2024\/07\/ventilador-LILY-M-mando-300x300.webp 300w, https:\/\/arteconfort.com\/wp-content\/uploads\/2024\/07\/ventilador-LILY-M-mando-600x600.webp 600w, https:\/\/arteconfort.com\/wp-content\/uploads\/2024\/07\/ventilador-LILY-M-mando-100x100.webp 100w\" sizes=\"auto, (max-width: 1024px) 100vw, 1024px\" \/><img loading=\"lazy\" decoding=\"async\" width=\"1024\" height=\"1024\" src=\"https:\/\/arteconfort.com\/wp-content\/uploads\/2023\/10\/LILY-M-grafico.webp\" class=\"attachment-shop_catalog size-shop_catalog\" alt=\"\" srcset=\"https:\/\/arteconfort.com\/wp-content\/uploads\/2023\/10\/LILY-M-grafico.webp 1024w, https:\/\/arteconfort.com\/wp-content\/uploads\/2023\/10\/LILY-M-grafico-768x768.webp 768w, https:\/\/arteconfort.com\/wp-content\/uploads\/2023\/10\/LILY-M-grafico-340x340.webp 340w, https:\/\/arteconfort.com\/wp-content\/uploads\/2023\/10\/LILY-M-grafico-640x640.webp 640w, https:\/\/arteconfort.com\/wp-content\/uploads\/2023\/10\/LILY-M-grafico-960x960.webp 960w, https:\/\/arteconfort.com\/wp-content\/uploads\/2023\/10\/LILY-M-grafico-133x133.webp 133w, https:\/\/arteconfort.com\/wp-content\/uploads\/2023\/10\/LILY-M-grafico-300x300.webp 300w, https:\/\/arteconfort.com\/wp-content\/uploads\/2023\/10\/LILY-M-grafico-600x600.webp 600w, https:\/\/arteconfort.com\/wp-content\/uploads\/2023\/10\/LILY-M-grafico-100x100.webp 100w\" sizes=\"auto, (max-width: 1024px) 100vw, 1024px\" \/><img loading=\"lazy\" decoding=\"async\" width=\"1024\" height=\"1024\" src=\"https:\/\/arteconfort.com\/wp-content\/uploads\/2024\/07\/ventilador-LILY-M-86536527-tz-01.webp\" class=\"attachment-shop_catalog size-shop_catalog\" alt=\"Ventilador LILY M temperatura luz\" srcset=\"https:\/\/arteconfort.com\/wp-content\/uploads\/2024\/07\/ventilador-LILY-M-86536527-tz-01.webp 1024w, https:\/\/arteconfort.com\/wp-content\/uploads\/2024\/07\/ventilador-LILY-M-86536527-tz-01-768x768.webp 768w, https:\/\/arteconfort.com\/wp-content\/uploads\/2024\/07\/ventilador-LILY-M-86536527-tz-01-340x340.webp 340w, https:\/\/arteconfort.com\/wp-content\/uploads\/2024\/07\/ventilador-LILY-M-86536527-tz-01-640x640.webp 640w, https:\/\/arteconfort.com\/wp-content\/uploads\/2024\/07\/ventilador-LILY-M-86536527-tz-01-960x960.webp 960w, https:\/\/arteconfort.com\/wp-content\/uploads\/2024\/07\/ventilador-LILY-M-86536527-tz-01-133x133.webp 133w, https:\/\/arteconfort.com\/wp-content\/uploads\/2024\/07\/ventilador-LILY-M-86536527-tz-01-300x300.webp 300w, https:\/\/arteconfort.com\/wp-content\/uploads\/2024\/07\/ventilador-LILY-M-86536527-tz-01-600x600.webp 600w, https:\/\/arteconfort.com\/wp-content\/uploads\/2024\/07\/ventilador-LILY-M-86536527-tz-01-100x100.webp 100w\" sizes=\"auto, (max-width: 1024px) 100vw, 1024px\" \/><img loading=\"lazy\" decoding=\"async\" width=\"1024\" height=\"1024\" src=\"https:\/\/arteconfort.com\/wp-content\/uploads\/2023\/10\/LILY-M-ambiente-2.webp\" class=\"attachment-shop_catalog size-shop_catalog\" alt=\"\" srcset=\"https:\/\/arteconfort.com\/wp-content\/uploads\/2023\/10\/LILY-M-ambiente-2.webp 1024w, https:\/\/arteconfort.com\/wp-content\/uploads\/2023\/10\/LILY-M-ambiente-2-768x768.webp 768w, https:\/\/arteconfort.com\/wp-content\/uploads\/2023\/10\/LILY-M-ambiente-2-340x340.webp 340w, https:\/\/arteconfort.com\/wp-content\/uploads\/2023\/10\/LILY-M-ambiente-2-640x640.webp 640w, https:\/\/arteconfort.com\/wp-content\/uploads\/2023\/10\/LILY-M-ambiente-2-960x960.webp 960w, https:\/\/arteconfort.com\/wp-content\/uploads\/2023\/10\/LILY-M-ambiente-2-133x133.webp 133w, https:\/\/arteconfort.com\/wp-content\/uploads\/2023\/10\/LILY-M-ambiente-2-300x300.webp 300w, https:\/\/arteconfort.com\/wp-content\/uploads\/2023\/10\/LILY-M-ambiente-2-600x600.webp 600w, https:\/\/arteconfort.com\/wp-content\/uploads\/2023\/10\/LILY-M-ambiente-2-100x100.webp 100w\" sizes=\"auto, (max-width: 1024px) 100vw, 1024px\" \/><img loading=\"lazy\" decoding=\"async\" width=\"1024\" height=\"1024\" src=\"https:\/\/arteconfort.com\/wp-content\/uploads\/2023\/10\/LILY-M-ambiente-3.webp\" class=\"attachment-shop_catalog size-shop_catalog\" alt=\"\" srcset=\"https:\/\/arteconfort.com\/wp-content\/uploads\/2023\/10\/LILY-M-ambiente-3.webp 1024w, https:\/\/arteconfort.com\/wp-content\/uploads\/2023\/10\/LILY-M-ambiente-3-768x768.webp 768w, https:\/\/arteconfort.com\/wp-content\/uploads\/2023\/10\/LILY-M-ambiente-3-340x340.webp 340w, https:\/\/arteconfort.com\/wp-content\/uploads\/2023\/10\/LILY-M-ambiente-3-640x640.webp 640w, https:\/\/arteconfort.com\/wp-content\/uploads\/2023\/10\/LILY-M-ambiente-3-960x960.webp 960w, https:\/\/arteconfort.com\/wp-content\/uploads\/2023\/10\/LILY-M-ambiente-3-133x133.webp 133w, https:\/\/arteconfort.com\/wp-content\/uploads\/2023\/10\/LILY-M-ambiente-3-300x300.webp 300w, https:\/\/arteconfort.com\/wp-content\/uploads\/2023\/10\/LILY-M-ambiente-3-600x600.webp 600w, https:\/\/arteconfort.com\/wp-content\/uploads\/2023\/10\/LILY-M-ambiente-3-100x100.webp 100w\" sizes=\"auto, (max-width: 1024px) 100vw, 1024px\" \/><img loading=\"lazy\" decoding=\"async\" width=\"1024\" height=\"1024\" src=\"https:\/\/arteconfort.com\/wp-content\/uploads\/2023\/10\/LILY-M-ambiente-4.webp\" class=\"attachment-shop_catalog size-shop_catalog\" alt=\"\" srcset=\"https:\/\/arteconfort.com\/wp-content\/uploads\/2023\/10\/LILY-M-ambiente-4.webp 1024w, https:\/\/arteconfort.com\/wp-content\/uploads\/2023\/10\/LILY-M-ambiente-4-768x768.webp 768w, https:\/\/arteconfort.com\/wp-content\/uploads\/2023\/10\/LILY-M-ambiente-4-340x340.webp 340w, https:\/\/arteconfort.com\/wp-content\/uploads\/2023\/10\/LILY-M-ambiente-4-640x640.webp 640w, https:\/\/arteconfort.com\/wp-content\/uploads\/2023\/10\/LILY-M-ambiente-4-960x960.webp 960w, https:\/\/arteconfort.com\/wp-content\/uploads\/2023\/10\/LILY-M-ambiente-4-133x133.webp 133w, https:\/\/arteconfort.com\/wp-content\/uploads\/2023\/10\/LILY-M-ambiente-4-300x300.webp 300w, https:\/\/arteconfort.com\/wp-content\/uploads\/2023\/10\/LILY-M-ambiente-4-600x600.webp 600w, https:\/\/arteconfort.com\/wp-content\/uploads\/2023\/10\/LILY-M-ambiente-4-100x100.webp 100w\" sizes=\"auto, (max-width: 1024px) 100vw, 1024px\" \/>\t<\/a>\n\t<div class=\"w-product-status\"><\/div>\t<span id=\"woocommerce_loop_add_to_cart_link_describedby_25342\" class=\"screen-reader-text\">\n\t\t\t<\/span>\n<\/div><div class=\"berocket_better_labels berocket_better_labels_image\"><div class=\"berocket_better_labels_position berocket_better_labels_position_right\"><div class=\"berocket_better_labels_line berocket_better_labels_line_1\"><div class=\"berocket_better_labels_inline berocket_better_labels_inline_1\"><div class=\"br_alabel br_alabel_type_text br_alabel_template_type_css berocket_alabel_id_22611  br_alabel_better_compatibility\" style=\"\"><span  style=\"\"><i style=\"background-color: #000000; border-color: #000000;\" class=\"template-span-before \"><\/i><i style=\"background-color: #000000; border-color: #000000;\" class=\"template-i \"><\/i><i style=\"background-color: #000000; border-color: #000000;\" class=\"template-i-before \"><\/i><i style=\"background-color: #000000; border-color: #000000;\" class=\"template-i-after \"><\/i><b style=\"position: relative;z-index: 100;text-align: center;color: inherit;\">Old collection<\/b><\/span><\/div><\/div><\/div><\/div><\/div><figcaption><h2 class=\"woocommerce-loop-product__title\">LILY M<\/h2><div class=\"woocommerce-product-details__short-description\">\n\t<p>LILY M retractable fan with integrated LED light, high luminous flux and colour temperature memory. It has a<\/div>\n\n<\/figcaption><\/figure><\/li>\n<li class=\"product type-product post-25335 status-publish instock product_cat-climatizacion-en product_cat-collection-old-en product_cat-ventiladores-de-techo-en has-post-thumbnail shipping-taxable product-type-simple w-item col-3\">\n\t<figure><div class=\"image-wrapper\">\t\t<a href=\"https:\/\/arteconfort.com\/en\/producto\/lily-s\/\" class=\"w-fadeslider\">\n\t<img loading=\"lazy\" decoding=\"async\" width=\"1024\" height=\"1024\" src=\"https:\/\/arteconfort.com\/wp-content\/uploads\/2024\/07\/ventilador-LILY-S-86536515-p-01.webp\" class=\"attachment-shop_catalog size-shop_catalog wp-post-image\" alt=\"Ventilador LILY S con mando\" srcset=\"https:\/\/arteconfort.com\/wp-content\/uploads\/2024\/07\/ventilador-LILY-S-86536515-p-01.webp 1024w, https:\/\/arteconfort.com\/wp-content\/uploads\/2024\/07\/ventilador-LILY-S-86536515-p-01-768x768.webp 768w, https:\/\/arteconfort.com\/wp-content\/uploads\/2024\/07\/ventilador-LILY-S-86536515-p-01-340x340.webp 340w, https:\/\/arteconfort.com\/wp-content\/uploads\/2024\/07\/ventilador-LILY-S-86536515-p-01-640x640.webp 640w, https:\/\/arteconfort.com\/wp-content\/uploads\/2024\/07\/ventilador-LILY-S-86536515-p-01-960x960.webp 960w, https:\/\/arteconfort.com\/wp-content\/uploads\/2024\/07\/ventilador-LILY-S-86536515-p-01-300x300.webp 300w, https:\/\/arteconfort.com\/wp-content\/uploads\/2024\/07\/ventilador-LILY-S-86536515-p-01-600x600.webp 600w, https:\/\/arteconfort.com\/wp-content\/uploads\/2024\/07\/ventilador-LILY-S-86536515-p-01-100x100.webp 100w, https:\/\/arteconfort.com\/wp-content\/uploads\/2024\/07\/ventilador-LILY-S-86536515-p-01-133x133.webp 133w\" sizes=\"auto, (max-width: 1024px) 100vw, 1024px\" \/>\t<img loading=\"lazy\" decoding=\"async\" width=\"1024\" height=\"1024\" src=\"https:\/\/arteconfort.com\/wp-content\/uploads\/2023\/10\/LILY-S-ambiente.webp\" class=\"attachment-shop_catalog size-shop_catalog\" alt=\"\" srcset=\"https:\/\/arteconfort.com\/wp-content\/uploads\/2023\/10\/LILY-S-ambiente.webp 1024w, https:\/\/arteconfort.com\/wp-content\/uploads\/2023\/10\/LILY-S-ambiente-768x768.webp 768w, https:\/\/arteconfort.com\/wp-content\/uploads\/2023\/10\/LILY-S-ambiente-340x340.webp 340w, https:\/\/arteconfort.com\/wp-content\/uploads\/2023\/10\/LILY-S-ambiente-640x640.webp 640w, https:\/\/arteconfort.com\/wp-content\/uploads\/2023\/10\/LILY-S-ambiente-960x960.webp 960w, https:\/\/arteconfort.com\/wp-content\/uploads\/2023\/10\/LILY-S-ambiente-133x133.webp 133w, https:\/\/arteconfort.com\/wp-content\/uploads\/2023\/10\/LILY-S-ambiente-300x300.webp 300w, https:\/\/arteconfort.com\/wp-content\/uploads\/2023\/10\/LILY-S-ambiente-600x600.webp 600w, https:\/\/arteconfort.com\/wp-content\/uploads\/2023\/10\/LILY-S-ambiente-100x100.webp 100w\" sizes=\"auto, (max-width: 1024px) 100vw, 1024px\" \/><img loading=\"lazy\" decoding=\"async\" width=\"1024\" height=\"1024\" src=\"https:\/\/arteconfort.com\/wp-content\/uploads\/2024\/07\/ventilador-LILY-S-mando.webp\" class=\"attachment-shop_catalog size-shop_catalog\" alt=\"Ventilador LILY S mando\" srcset=\"https:\/\/arteconfort.com\/wp-content\/uploads\/2024\/07\/ventilador-LILY-S-mando.webp 1024w, https:\/\/arteconfort.com\/wp-content\/uploads\/2024\/07\/ventilador-LILY-S-mando-768x768.webp 768w, https:\/\/arteconfort.com\/wp-content\/uploads\/2024\/07\/ventilador-LILY-S-mando-340x340.webp 340w, https:\/\/arteconfort.com\/wp-content\/uploads\/2024\/07\/ventilador-LILY-S-mando-640x640.webp 640w, https:\/\/arteconfort.com\/wp-content\/uploads\/2024\/07\/ventilador-LILY-S-mando-960x960.webp 960w, https:\/\/arteconfort.com\/wp-content\/uploads\/2024\/07\/ventilador-LILY-S-mando-133x133.webp 133w, https:\/\/arteconfort.com\/wp-content\/uploads\/2024\/07\/ventilador-LILY-S-mando-300x300.webp 300w, https:\/\/arteconfort.com\/wp-content\/uploads\/2024\/07\/ventilador-LILY-S-mando-600x600.webp 600w, https:\/\/arteconfort.com\/wp-content\/uploads\/2024\/07\/ventilador-LILY-S-mando-100x100.webp 100w\" sizes=\"auto, (max-width: 1024px) 100vw, 1024px\" \/><img loading=\"lazy\" decoding=\"async\" width=\"1024\" height=\"1024\" src=\"https:\/\/arteconfort.com\/wp-content\/uploads\/2023\/10\/LILY-S-grafico.webp\" class=\"attachment-shop_catalog size-shop_catalog\" alt=\"\" srcset=\"https:\/\/arteconfort.com\/wp-content\/uploads\/2023\/10\/LILY-S-grafico.webp 1024w, https:\/\/arteconfort.com\/wp-content\/uploads\/2023\/10\/LILY-S-grafico-768x768.webp 768w, https:\/\/arteconfort.com\/wp-content\/uploads\/2023\/10\/LILY-S-grafico-340x340.webp 340w, https:\/\/arteconfort.com\/wp-content\/uploads\/2023\/10\/LILY-S-grafico-640x640.webp 640w, https:\/\/arteconfort.com\/wp-content\/uploads\/2023\/10\/LILY-S-grafico-960x960.webp 960w, https:\/\/arteconfort.com\/wp-content\/uploads\/2023\/10\/LILY-S-grafico-133x133.webp 133w, https:\/\/arteconfort.com\/wp-content\/uploads\/2023\/10\/LILY-S-grafico-300x300.webp 300w, https:\/\/arteconfort.com\/wp-content\/uploads\/2023\/10\/LILY-S-grafico-600x600.webp 600w, https:\/\/arteconfort.com\/wp-content\/uploads\/2023\/10\/LILY-S-grafico-100x100.webp 100w\" sizes=\"auto, (max-width: 1024px) 100vw, 1024px\" \/><img loading=\"lazy\" decoding=\"async\" width=\"1024\" height=\"1024\" src=\"https:\/\/arteconfort.com\/wp-content\/uploads\/2024\/07\/ventilador-LILY-S-86536515-tz-01.webp\" class=\"attachment-shop_catalog size-shop_catalog\" alt=\"Ventilador LILY S temperaturas luz\" srcset=\"https:\/\/arteconfort.com\/wp-content\/uploads\/2024\/07\/ventilador-LILY-S-86536515-tz-01.webp 1024w, https:\/\/arteconfort.com\/wp-content\/uploads\/2024\/07\/ventilador-LILY-S-86536515-tz-01-768x768.webp 768w, https:\/\/arteconfort.com\/wp-content\/uploads\/2024\/07\/ventilador-LILY-S-86536515-tz-01-340x340.webp 340w, https:\/\/arteconfort.com\/wp-content\/uploads\/2024\/07\/ventilador-LILY-S-86536515-tz-01-640x640.webp 640w, https:\/\/arteconfort.com\/wp-content\/uploads\/2024\/07\/ventilador-LILY-S-86536515-tz-01-960x960.webp 960w, https:\/\/arteconfort.com\/wp-content\/uploads\/2024\/07\/ventilador-LILY-S-86536515-tz-01-133x133.webp 133w, https:\/\/arteconfort.com\/wp-content\/uploads\/2024\/07\/ventilador-LILY-S-86536515-tz-01-300x300.webp 300w, https:\/\/arteconfort.com\/wp-content\/uploads\/2024\/07\/ventilador-LILY-S-86536515-tz-01-600x600.webp 600w, https:\/\/arteconfort.com\/wp-content\/uploads\/2024\/07\/ventilador-LILY-S-86536515-tz-01-100x100.webp 100w\" sizes=\"auto, (max-width: 1024px) 100vw, 1024px\" \/><img loading=\"lazy\" decoding=\"async\" width=\"1024\" height=\"1024\" src=\"https:\/\/arteconfort.com\/wp-content\/uploads\/2023\/10\/LILY-S-ambiente-3.webp\" class=\"attachment-shop_catalog size-shop_catalog\" alt=\"\" srcset=\"https:\/\/arteconfort.com\/wp-content\/uploads\/2023\/10\/LILY-S-ambiente-3.webp 1024w, https:\/\/arteconfort.com\/wp-content\/uploads\/2023\/10\/LILY-S-ambiente-3-768x768.webp 768w, https:\/\/arteconfort.com\/wp-content\/uploads\/2023\/10\/LILY-S-ambiente-3-340x340.webp 340w, https:\/\/arteconfort.com\/wp-content\/uploads\/2023\/10\/LILY-S-ambiente-3-640x640.webp 640w, https:\/\/arteconfort.com\/wp-content\/uploads\/2023\/10\/LILY-S-ambiente-3-960x960.webp 960w, https:\/\/arteconfort.com\/wp-content\/uploads\/2023\/10\/LILY-S-ambiente-3-133x133.webp 133w, https:\/\/arteconfort.com\/wp-content\/uploads\/2023\/10\/LILY-S-ambiente-3-300x300.webp 300w, https:\/\/arteconfort.com\/wp-content\/uploads\/2023\/10\/LILY-S-ambiente-3-600x600.webp 600w, https:\/\/arteconfort.com\/wp-content\/uploads\/2023\/10\/LILY-S-ambiente-3-100x100.webp 100w\" sizes=\"auto, (max-width: 1024px) 100vw, 1024px\" \/><img loading=\"lazy\" decoding=\"async\" width=\"1024\" height=\"1024\" src=\"https:\/\/arteconfort.com\/wp-content\/uploads\/2023\/10\/LILY-S-ambiente-2.webp\" class=\"attachment-shop_catalog size-shop_catalog\" alt=\"\" srcset=\"https:\/\/arteconfort.com\/wp-content\/uploads\/2023\/10\/LILY-S-ambiente-2.webp 1024w, https:\/\/arteconfort.com\/wp-content\/uploads\/2023\/10\/LILY-S-ambiente-2-768x768.webp 768w, https:\/\/arteconfort.com\/wp-content\/uploads\/2023\/10\/LILY-S-ambiente-2-340x340.webp 340w, https:\/\/arteconfort.com\/wp-content\/uploads\/2023\/10\/LILY-S-ambiente-2-640x640.webp 640w, https:\/\/arteconfort.com\/wp-content\/uploads\/2023\/10\/LILY-S-ambiente-2-960x960.webp 960w, https:\/\/arteconfort.com\/wp-content\/uploads\/2023\/10\/LILY-S-ambiente-2-133x133.webp 133w, https:\/\/arteconfort.com\/wp-content\/uploads\/2023\/10\/LILY-S-ambiente-2-300x300.webp 300w, https:\/\/arteconfort.com\/wp-content\/uploads\/2023\/10\/LILY-S-ambiente-2-600x600.webp 600w, https:\/\/arteconfort.com\/wp-content\/uploads\/2023\/10\/LILY-S-ambiente-2-100x100.webp 100w\" sizes=\"auto, (max-width: 1024px) 100vw, 1024px\" \/><img loading=\"lazy\" decoding=\"async\" width=\"1024\" height=\"1024\" src=\"https:\/\/arteconfort.com\/wp-content\/uploads\/2023\/10\/LILY-S-ambiente-4.webp\" class=\"attachment-shop_catalog size-shop_catalog\" alt=\"\" srcset=\"https:\/\/arteconfort.com\/wp-content\/uploads\/2023\/10\/LILY-S-ambiente-4.webp 1024w, https:\/\/arteconfort.com\/wp-content\/uploads\/2023\/10\/LILY-S-ambiente-4-768x768.webp 768w, https:\/\/arteconfort.com\/wp-content\/uploads\/2023\/10\/LILY-S-ambiente-4-340x340.webp 340w, https:\/\/arteconfort.com\/wp-content\/uploads\/2023\/10\/LILY-S-ambiente-4-640x640.webp 640w, https:\/\/arteconfort.com\/wp-content\/uploads\/2023\/10\/LILY-S-ambiente-4-960x960.webp 960w, https:\/\/arteconfort.com\/wp-content\/uploads\/2023\/10\/LILY-S-ambiente-4-133x133.webp 133w, https:\/\/arteconfort.com\/wp-content\/uploads\/2023\/10\/LILY-S-ambiente-4-300x300.webp 300w, https:\/\/arteconfort.com\/wp-content\/uploads\/2023\/10\/LILY-S-ambiente-4-600x600.webp 600w, https:\/\/arteconfort.com\/wp-content\/uploads\/2023\/10\/LILY-S-ambiente-4-100x100.webp 100w\" sizes=\"auto, (max-width: 1024px) 100vw, 1024px\" \/>\t<\/a>\n\t<div class=\"w-product-status\"><\/div>\t<span id=\"woocommerce_loop_add_to_cart_link_describedby_25335\" class=\"screen-reader-text\">\n\t\t\t<\/span>\n<\/div><div class=\"berocket_better_labels berocket_better_labels_image\"><div class=\"berocket_better_labels_position berocket_better_labels_position_right\"><div class=\"berocket_better_labels_line berocket_better_labels_line_1\"><div class=\"berocket_better_labels_inline berocket_better_labels_inline_1\"><div class=\"br_alabel br_alabel_type_text br_alabel_template_type_css berocket_alabel_id_22611  br_alabel_better_compatibility\" style=\"\"><span  style=\"\"><i style=\"background-color: #000000; border-color: #000000;\" class=\"template-span-before \"><\/i><i style=\"background-color: #000000; border-color: #000000;\" class=\"template-i \"><\/i><i style=\"background-color: #000000; border-color: #000000;\" class=\"template-i-before \"><\/i><i style=\"background-color: #000000; border-color: #000000;\" class=\"template-i-after \"><\/i><b style=\"position: relative;z-index: 100;text-align: center;color: inherit;\">Old collection<\/b><\/span><\/div><\/div><\/div><\/div><\/div><figcaption><h2 class=\"woocommerce-loop-product__title\">LILY S<\/h2><div class=\"woocommerce-product-details__short-description\">\n\t<p>LILY S retractable fan with integrated LED light, high luminous flux and colour temperature memory. It has a<\/div>\n\n<\/figcaption><\/figure><\/li>\n<li class=\"product type-product post-25240 status-publish instock product_cat-climatizacion-en product_cat-ventiladores-de-techo-en has-post-thumbnail shipping-taxable product-type-simple w-item col-3\">\n\t<figure><div class=\"image-wrapper\">\t\t<a href=\"https:\/\/arteconfort.com\/en\/producto\/lola\/\" class=\"w-fadeslider\">\n\t<img loading=\"lazy\" decoding=\"async\" width=\"1024\" height=\"1024\" src=\"https:\/\/arteconfort.com\/wp-content\/uploads\/2023\/10\/LOLA-mando.webp\" class=\"attachment-shop_catalog size-shop_catalog wp-post-image\" alt=\"\" srcset=\"https:\/\/arteconfort.com\/wp-content\/uploads\/2023\/10\/LOLA-mando.webp 1024w, https:\/\/arteconfort.com\/wp-content\/uploads\/2023\/10\/LOLA-mando-768x768.webp 768w, https:\/\/arteconfort.com\/wp-content\/uploads\/2023\/10\/LOLA-mando-340x340.webp 340w, https:\/\/arteconfort.com\/wp-content\/uploads\/2023\/10\/LOLA-mando-640x640.webp 640w, https:\/\/arteconfort.com\/wp-content\/uploads\/2023\/10\/LOLA-mando-960x960.webp 960w, https:\/\/arteconfort.com\/wp-content\/uploads\/2023\/10\/LOLA-mando-300x300.webp 300w, https:\/\/arteconfort.com\/wp-content\/uploads\/2023\/10\/LOLA-mando-600x600.webp 600w, https:\/\/arteconfort.com\/wp-content\/uploads\/2023\/10\/LOLA-mando-100x100.webp 100w, https:\/\/arteconfort.com\/wp-content\/uploads\/2023\/10\/LOLA-mando-133x133.webp 133w\" sizes=\"auto, (max-width: 1024px) 100vw, 1024px\" \/>\t<img loading=\"lazy\" decoding=\"async\" width=\"1024\" height=\"1024\" src=\"https:\/\/arteconfort.com\/wp-content\/uploads\/2023\/10\/LOLA-ambiente.webp\" class=\"attachment-shop_catalog size-shop_catalog\" alt=\"\" srcset=\"https:\/\/arteconfort.com\/wp-content\/uploads\/2023\/10\/LOLA-ambiente.webp 1024w, https:\/\/arteconfort.com\/wp-content\/uploads\/2023\/10\/LOLA-ambiente-768x768.webp 768w, https:\/\/arteconfort.com\/wp-content\/uploads\/2023\/10\/LOLA-ambiente-340x340.webp 340w, https:\/\/arteconfort.com\/wp-content\/uploads\/2023\/10\/LOLA-ambiente-640x640.webp 640w, https:\/\/arteconfort.com\/wp-content\/uploads\/2023\/10\/LOLA-ambiente-960x960.webp 960w, https:\/\/arteconfort.com\/wp-content\/uploads\/2023\/10\/LOLA-ambiente-133x133.webp 133w, https:\/\/arteconfort.com\/wp-content\/uploads\/2023\/10\/LOLA-ambiente-300x300.webp 300w, https:\/\/arteconfort.com\/wp-content\/uploads\/2023\/10\/LOLA-ambiente-600x600.webp 600w, https:\/\/arteconfort.com\/wp-content\/uploads\/2023\/10\/LOLA-ambiente-100x100.webp 100w\" sizes=\"auto, (max-width: 1024px) 100vw, 1024px\" \/><img loading=\"lazy\" decoding=\"async\" width=\"1024\" height=\"1024\" src=\"https:\/\/arteconfort.com\/wp-content\/uploads\/2023\/10\/LOLA-luces.webp\" class=\"attachment-shop_catalog size-shop_catalog\" alt=\"\" srcset=\"https:\/\/arteconfort.com\/wp-content\/uploads\/2023\/10\/LOLA-luces.webp 1024w, https:\/\/arteconfort.com\/wp-content\/uploads\/2023\/10\/LOLA-luces-768x768.webp 768w, https:\/\/arteconfort.com\/wp-content\/uploads\/2023\/10\/LOLA-luces-340x340.webp 340w, https:\/\/arteconfort.com\/wp-content\/uploads\/2023\/10\/LOLA-luces-640x640.webp 640w, https:\/\/arteconfort.com\/wp-content\/uploads\/2023\/10\/LOLA-luces-960x960.webp 960w, https:\/\/arteconfort.com\/wp-content\/uploads\/2023\/10\/LOLA-luces-133x133.webp 133w, https:\/\/arteconfort.com\/wp-content\/uploads\/2023\/10\/LOLA-luces-300x300.webp 300w, https:\/\/arteconfort.com\/wp-content\/uploads\/2023\/10\/LOLA-luces-600x600.webp 600w, https:\/\/arteconfort.com\/wp-content\/uploads\/2023\/10\/LOLA-luces-100x100.webp 100w\" sizes=\"auto, (max-width: 1024px) 100vw, 1024px\" \/><img loading=\"lazy\" decoding=\"async\" width=\"1024\" height=\"1024\" src=\"https:\/\/arteconfort.com\/wp-content\/uploads\/2023\/10\/LOLA-detalle-6.webp\" class=\"attachment-shop_catalog size-shop_catalog\" alt=\"\" srcset=\"https:\/\/arteconfort.com\/wp-content\/uploads\/2023\/10\/LOLA-detalle-6.webp 1024w, https:\/\/arteconfort.com\/wp-content\/uploads\/2023\/10\/LOLA-detalle-6-768x768.webp 768w, https:\/\/arteconfort.com\/wp-content\/uploads\/2023\/10\/LOLA-detalle-6-340x340.webp 340w, https:\/\/arteconfort.com\/wp-content\/uploads\/2023\/10\/LOLA-detalle-6-640x640.webp 640w, https:\/\/arteconfort.com\/wp-content\/uploads\/2023\/10\/LOLA-detalle-6-960x960.webp 960w, https:\/\/arteconfort.com\/wp-content\/uploads\/2023\/10\/LOLA-detalle-6-133x133.webp 133w, https:\/\/arteconfort.com\/wp-content\/uploads\/2023\/10\/LOLA-detalle-6-300x300.webp 300w, https:\/\/arteconfort.com\/wp-content\/uploads\/2023\/10\/LOLA-detalle-6-600x600.webp 600w, https:\/\/arteconfort.com\/wp-content\/uploads\/2023\/10\/LOLA-detalle-6-100x100.webp 100w\" sizes=\"auto, (max-width: 1024px) 100vw, 1024px\" \/><img loading=\"lazy\" decoding=\"async\" width=\"1024\" height=\"1024\" src=\"https:\/\/arteconfort.com\/wp-content\/uploads\/2023\/10\/LOLA-detalle-5.webp\" class=\"attachment-shop_catalog size-shop_catalog\" alt=\"\" srcset=\"https:\/\/arteconfort.com\/wp-content\/uploads\/2023\/10\/LOLA-detalle-5.webp 1024w, https:\/\/arteconfort.com\/wp-content\/uploads\/2023\/10\/LOLA-detalle-5-768x768.webp 768w, https:\/\/arteconfort.com\/wp-content\/uploads\/2023\/10\/LOLA-detalle-5-340x340.webp 340w, https:\/\/arteconfort.com\/wp-content\/uploads\/2023\/10\/LOLA-detalle-5-640x640.webp 640w, https:\/\/arteconfort.com\/wp-content\/uploads\/2023\/10\/LOLA-detalle-5-960x960.webp 960w, https:\/\/arteconfort.com\/wp-content\/uploads\/2023\/10\/LOLA-detalle-5-133x133.webp 133w, https:\/\/arteconfort.com\/wp-content\/uploads\/2023\/10\/LOLA-detalle-5-300x300.webp 300w, https:\/\/arteconfort.com\/wp-content\/uploads\/2023\/10\/LOLA-detalle-5-600x600.webp 600w, https:\/\/arteconfort.com\/wp-content\/uploads\/2023\/10\/LOLA-detalle-5-100x100.webp 100w\" sizes=\"auto, (max-width: 1024px) 100vw, 1024px\" \/><img loading=\"lazy\" decoding=\"async\" width=\"1024\" height=\"1024\" src=\"https:\/\/arteconfort.com\/wp-content\/uploads\/2023\/10\/LOLA-detalle-4.webp\" class=\"attachment-shop_catalog size-shop_catalog\" alt=\"\" srcset=\"https:\/\/arteconfort.com\/wp-content\/uploads\/2023\/10\/LOLA-detalle-4.webp 1024w, https:\/\/arteconfort.com\/wp-content\/uploads\/2023\/10\/LOLA-detalle-4-768x768.webp 768w, https:\/\/arteconfort.com\/wp-content\/uploads\/2023\/10\/LOLA-detalle-4-340x340.webp 340w, https:\/\/arteconfort.com\/wp-content\/uploads\/2023\/10\/LOLA-detalle-4-640x640.webp 640w, https:\/\/arteconfort.com\/wp-content\/uploads\/2023\/10\/LOLA-detalle-4-960x960.webp 960w, https:\/\/arteconfort.com\/wp-content\/uploads\/2023\/10\/LOLA-detalle-4-133x133.webp 133w, https:\/\/arteconfort.com\/wp-content\/uploads\/2023\/10\/LOLA-detalle-4-300x300.webp 300w, https:\/\/arteconfort.com\/wp-content\/uploads\/2023\/10\/LOLA-detalle-4-600x600.webp 600w, https:\/\/arteconfort.com\/wp-content\/uploads\/2023\/10\/LOLA-detalle-4-100x100.webp 100w\" sizes=\"auto, (max-width: 1024px) 100vw, 1024px\" \/><img loading=\"lazy\" decoding=\"async\" width=\"1024\" height=\"1024\" src=\"https:\/\/arteconfort.com\/wp-content\/uploads\/2023\/10\/LOLA-detalle-3.webp\" class=\"attachment-shop_catalog size-shop_catalog\" alt=\"\" srcset=\"https:\/\/arteconfort.com\/wp-content\/uploads\/2023\/10\/LOLA-detalle-3.webp 1024w, https:\/\/arteconfort.com\/wp-content\/uploads\/2023\/10\/LOLA-detalle-3-768x768.webp 768w, https:\/\/arteconfort.com\/wp-content\/uploads\/2023\/10\/LOLA-detalle-3-340x340.webp 340w, https:\/\/arteconfort.com\/wp-content\/uploads\/2023\/10\/LOLA-detalle-3-640x640.webp 640w, https:\/\/arteconfort.com\/wp-content\/uploads\/2023\/10\/LOLA-detalle-3-960x960.webp 960w, https:\/\/arteconfort.com\/wp-content\/uploads\/2023\/10\/LOLA-detalle-3-133x133.webp 133w, https:\/\/arteconfort.com\/wp-content\/uploads\/2023\/10\/LOLA-detalle-3-300x300.webp 300w, https:\/\/arteconfort.com\/wp-content\/uploads\/2023\/10\/LOLA-detalle-3-600x600.webp 600w, https:\/\/arteconfort.com\/wp-content\/uploads\/2023\/10\/LOLA-detalle-3-100x100.webp 100w\" sizes=\"auto, (max-width: 1024px) 100vw, 1024px\" \/><img loading=\"lazy\" decoding=\"async\" width=\"1024\" height=\"1024\" src=\"https:\/\/arteconfort.com\/wp-content\/uploads\/2023\/10\/LOLA-detalle.webp\" class=\"attachment-shop_catalog size-shop_catalog\" alt=\"\" srcset=\"https:\/\/arteconfort.com\/wp-content\/uploads\/2023\/10\/LOLA-detalle.webp 1024w, https:\/\/arteconfort.com\/wp-content\/uploads\/2023\/10\/LOLA-detalle-768x768.webp 768w, https:\/\/arteconfort.com\/wp-content\/uploads\/2023\/10\/LOLA-detalle-340x340.webp 340w, https:\/\/arteconfort.com\/wp-content\/uploads\/2023\/10\/LOLA-detalle-640x640.webp 640w, https:\/\/arteconfort.com\/wp-content\/uploads\/2023\/10\/LOLA-detalle-960x960.webp 960w, https:\/\/arteconfort.com\/wp-content\/uploads\/2023\/10\/LOLA-detalle-133x133.webp 133w, https:\/\/arteconfort.com\/wp-content\/uploads\/2023\/10\/LOLA-detalle-300x300.webp 300w, https:\/\/arteconfort.com\/wp-content\/uploads\/2023\/10\/LOLA-detalle-600x600.webp 600w, https:\/\/arteconfort.com\/wp-content\/uploads\/2023\/10\/LOLA-detalle-100x100.webp 100w\" sizes=\"auto, (max-width: 1024px) 100vw, 1024px\" \/><img loading=\"lazy\" decoding=\"async\" width=\"1024\" height=\"1024\" src=\"https:\/\/arteconfort.com\/wp-content\/uploads\/2023\/10\/LOLA-ambiente-4.webp\" class=\"attachment-shop_catalog size-shop_catalog\" alt=\"\" srcset=\"https:\/\/arteconfort.com\/wp-content\/uploads\/2023\/10\/LOLA-ambiente-4.webp 1024w, https:\/\/arteconfort.com\/wp-content\/uploads\/2023\/10\/LOLA-ambiente-4-768x768.webp 768w, https:\/\/arteconfort.com\/wp-content\/uploads\/2023\/10\/LOLA-ambiente-4-340x340.webp 340w, https:\/\/arteconfort.com\/wp-content\/uploads\/2023\/10\/LOLA-ambiente-4-640x640.webp 640w, https:\/\/arteconfort.com\/wp-content\/uploads\/2023\/10\/LOLA-ambiente-4-960x960.webp 960w, https:\/\/arteconfort.com\/wp-content\/uploads\/2023\/10\/LOLA-ambiente-4-133x133.webp 133w, https:\/\/arteconfort.com\/wp-content\/uploads\/2023\/10\/LOLA-ambiente-4-300x300.webp 300w, https:\/\/arteconfort.com\/wp-content\/uploads\/2023\/10\/LOLA-ambiente-4-600x600.webp 600w, https:\/\/arteconfort.com\/wp-content\/uploads\/2023\/10\/LOLA-ambiente-4-100x100.webp 100w\" sizes=\"auto, (max-width: 1024px) 100vw, 1024px\" \/><img loading=\"lazy\" decoding=\"async\" width=\"1024\" height=\"1024\" src=\"https:\/\/arteconfort.com\/wp-content\/uploads\/2023\/10\/LOLA-ambiente-3.webp\" class=\"attachment-shop_catalog size-shop_catalog\" alt=\"\" srcset=\"https:\/\/arteconfort.com\/wp-content\/uploads\/2023\/10\/LOLA-ambiente-3.webp 1024w, https:\/\/arteconfort.com\/wp-content\/uploads\/2023\/10\/LOLA-ambiente-3-768x768.webp 768w, https:\/\/arteconfort.com\/wp-content\/uploads\/2023\/10\/LOLA-ambiente-3-340x340.webp 340w, https:\/\/arteconfort.com\/wp-content\/uploads\/2023\/10\/LOLA-ambiente-3-640x640.webp 640w, https:\/\/arteconfort.com\/wp-content\/uploads\/2023\/10\/LOLA-ambiente-3-960x960.webp 960w, https:\/\/arteconfort.com\/wp-content\/uploads\/2023\/10\/LOLA-ambiente-3-133x133.webp 133w, https:\/\/arteconfort.com\/wp-content\/uploads\/2023\/10\/LOLA-ambiente-3-300x300.webp 300w, https:\/\/arteconfort.com\/wp-content\/uploads\/2023\/10\/LOLA-ambiente-3-600x600.webp 600w, https:\/\/arteconfort.com\/wp-content\/uploads\/2023\/10\/LOLA-ambiente-3-100x100.webp 100w\" sizes=\"auto, (max-width: 1024px) 100vw, 1024px\" \/><img loading=\"lazy\" decoding=\"async\" width=\"1024\" height=\"1024\" src=\"https:\/\/arteconfort.com\/wp-content\/uploads\/2023\/10\/LOLA-ambiente-2.webp\" class=\"attachment-shop_catalog size-shop_catalog\" alt=\"\" srcset=\"https:\/\/arteconfort.com\/wp-content\/uploads\/2023\/10\/LOLA-ambiente-2.webp 1024w, https:\/\/arteconfort.com\/wp-content\/uploads\/2023\/10\/LOLA-ambiente-2-768x768.webp 768w, https:\/\/arteconfort.com\/wp-content\/uploads\/2023\/10\/LOLA-ambiente-2-340x340.webp 340w, https:\/\/arteconfort.com\/wp-content\/uploads\/2023\/10\/LOLA-ambiente-2-640x640.webp 640w, https:\/\/arteconfort.com\/wp-content\/uploads\/2023\/10\/LOLA-ambiente-2-960x960.webp 960w, https:\/\/arteconfort.com\/wp-content\/uploads\/2023\/10\/LOLA-ambiente-2-133x133.webp 133w, https:\/\/arteconfort.com\/wp-content\/uploads\/2023\/10\/LOLA-ambiente-2-300x300.webp 300w, https:\/\/arteconfort.com\/wp-content\/uploads\/2023\/10\/LOLA-ambiente-2-600x600.webp 600w, https:\/\/arteconfort.com\/wp-content\/uploads\/2023\/10\/LOLA-ambiente-2-100x100.webp 100w\" sizes=\"auto, (max-width: 1024px) 100vw, 1024px\" \/><img loading=\"lazy\" decoding=\"async\" width=\"1024\" height=\"1024\" src=\"https:\/\/arteconfort.com\/wp-content\/uploads\/2023\/10\/LOLA-grafico.webp\" class=\"attachment-shop_catalog size-shop_catalog\" alt=\"\" srcset=\"https:\/\/arteconfort.com\/wp-content\/uploads\/2023\/10\/LOLA-grafico.webp 1024w, https:\/\/arteconfort.com\/wp-content\/uploads\/2023\/10\/LOLA-grafico-768x768.webp 768w, https:\/\/arteconfort.com\/wp-content\/uploads\/2023\/10\/LOLA-grafico-340x340.webp 340w, https:\/\/arteconfort.com\/wp-content\/uploads\/2023\/10\/LOLA-grafico-640x640.webp 640w, https:\/\/arteconfort.com\/wp-content\/uploads\/2023\/10\/LOLA-grafico-960x960.webp 960w, https:\/\/arteconfort.com\/wp-content\/uploads\/2023\/10\/LOLA-grafico-133x133.webp 133w, https:\/\/arteconfort.com\/wp-content\/uploads\/2023\/10\/LOLA-grafico-300x300.webp 300w, https:\/\/arteconfort.com\/wp-content\/uploads\/2023\/10\/LOLA-grafico-600x600.webp 600w, https:\/\/arteconfort.com\/wp-content\/uploads\/2023\/10\/LOLA-grafico-100x100.webp 100w\" sizes=\"auto, (max-width: 1024px) 100vw, 1024px\" \/>\t<\/a>\n\t<div class=\"w-product-status\"><\/div>\t<span id=\"woocommerce_loop_add_to_cart_link_describedby_25240\" class=\"screen-reader-text\">\n\t\t\t<\/span>\n<\/div><figcaption><h2 class=\"woocommerce-loop-product__title\">LOLA<\/h2><div class=\"woocommerce-product-details__short-description\">\n\t<p>LOLA ceiling fan with integrated LED light and colour temperature memory. With a white body and 3 white<\/div>\n\n<\/figcaption><\/figure><\/li>\n<li class=\"product type-product post-25305 status-publish last instock product_cat-climatizacion-en product_cat-collection-old-en product_cat-ventiladores-de-techo-en has-post-thumbnail shipping-taxable product-type-simple w-item col-3\">\n\t<figure><div class=\"image-wrapper\">\t\t<a href=\"https:\/\/arteconfort.com\/en\/producto\/lorena\/\" class=\"w-fadeslider\">\n\t<img loading=\"lazy\" decoding=\"async\" width=\"1024\" height=\"1024\" src=\"https:\/\/arteconfort.com\/wp-content\/uploads\/2024\/06\/ventilador-LORENA-86536534-p-01.webp\" class=\"attachment-shop_catalog size-shop_catalog wp-post-image\" alt=\"Ventilador LORENA con mando\" srcset=\"https:\/\/arteconfort.com\/wp-content\/uploads\/2024\/06\/ventilador-LORENA-86536534-p-01.webp 1024w, https:\/\/arteconfort.com\/wp-content\/uploads\/2024\/06\/ventilador-LORENA-86536534-p-01-768x768.webp 768w, https:\/\/arteconfort.com\/wp-content\/uploads\/2024\/06\/ventilador-LORENA-86536534-p-01-340x340.webp 340w, https:\/\/arteconfort.com\/wp-content\/uploads\/2024\/06\/ventilador-LORENA-86536534-p-01-640x640.webp 640w, https:\/\/arteconfort.com\/wp-content\/uploads\/2024\/06\/ventilador-LORENA-86536534-p-01-960x960.webp 960w, https:\/\/arteconfort.com\/wp-content\/uploads\/2024\/06\/ventilador-LORENA-86536534-p-01-300x300.webp 300w, https:\/\/arteconfort.com\/wp-content\/uploads\/2024\/06\/ventilador-LORENA-86536534-p-01-600x600.webp 600w, https:\/\/arteconfort.com\/wp-content\/uploads\/2024\/06\/ventilador-LORENA-86536534-p-01-100x100.webp 100w, https:\/\/arteconfort.com\/wp-content\/uploads\/2024\/06\/ventilador-LORENA-86536534-p-01-133x133.webp 133w\" sizes=\"auto, (max-width: 1024px) 100vw, 1024px\" \/>\t<img loading=\"lazy\" decoding=\"async\" width=\"1024\" height=\"1024\" src=\"https:\/\/arteconfort.com\/wp-content\/uploads\/2024\/06\/ventilador-LORENA-86536534-a-01.webp\" class=\"attachment-shop_catalog size-shop_catalog\" alt=\"Ventilador LORENA ambiente dia\" srcset=\"https:\/\/arteconfort.com\/wp-content\/uploads\/2024\/06\/ventilador-LORENA-86536534-a-01.webp 1024w, https:\/\/arteconfort.com\/wp-content\/uploads\/2024\/06\/ventilador-LORENA-86536534-a-01-768x768.webp 768w, https:\/\/arteconfort.com\/wp-content\/uploads\/2024\/06\/ventilador-LORENA-86536534-a-01-340x340.webp 340w, https:\/\/arteconfort.com\/wp-content\/uploads\/2024\/06\/ventilador-LORENA-86536534-a-01-640x640.webp 640w, https:\/\/arteconfort.com\/wp-content\/uploads\/2024\/06\/ventilador-LORENA-86536534-a-01-960x960.webp 960w, https:\/\/arteconfort.com\/wp-content\/uploads\/2024\/06\/ventilador-LORENA-86536534-a-01-133x133.webp 133w, https:\/\/arteconfort.com\/wp-content\/uploads\/2024\/06\/ventilador-LORENA-86536534-a-01-300x300.webp 300w, https:\/\/arteconfort.com\/wp-content\/uploads\/2024\/06\/ventilador-LORENA-86536534-a-01-600x600.webp 600w, https:\/\/arteconfort.com\/wp-content\/uploads\/2024\/06\/ventilador-LORENA-86536534-a-01-100x100.webp 100w\" sizes=\"auto, (max-width: 1024px) 100vw, 1024px\" \/><img loading=\"lazy\" decoding=\"async\" width=\"1024\" height=\"1024\" src=\"https:\/\/arteconfort.com\/wp-content\/uploads\/2024\/06\/ventilador-LORENA-86536534-p-04.webp\" class=\"attachment-shop_catalog size-shop_catalog\" alt=\"Ventilador LORENA perspectiva\" srcset=\"https:\/\/arteconfort.com\/wp-content\/uploads\/2024\/06\/ventilador-LORENA-86536534-p-04.webp 1024w, https:\/\/arteconfort.com\/wp-content\/uploads\/2024\/06\/ventilador-LORENA-86536534-p-04-768x768.webp 768w, https:\/\/arteconfort.com\/wp-content\/uploads\/2024\/06\/ventilador-LORENA-86536534-p-04-340x340.webp 340w, https:\/\/arteconfort.com\/wp-content\/uploads\/2024\/06\/ventilador-LORENA-86536534-p-04-640x640.webp 640w, https:\/\/arteconfort.com\/wp-content\/uploads\/2024\/06\/ventilador-LORENA-86536534-p-04-960x960.webp 960w, https:\/\/arteconfort.com\/wp-content\/uploads\/2024\/06\/ventilador-LORENA-86536534-p-04-133x133.webp 133w, https:\/\/arteconfort.com\/wp-content\/uploads\/2024\/06\/ventilador-LORENA-86536534-p-04-300x300.webp 300w, https:\/\/arteconfort.com\/wp-content\/uploads\/2024\/06\/ventilador-LORENA-86536534-p-04-600x600.webp 600w, https:\/\/arteconfort.com\/wp-content\/uploads\/2024\/06\/ventilador-LORENA-86536534-p-04-100x100.webp 100w\" sizes=\"auto, (max-width: 1024px) 100vw, 1024px\" \/><img loading=\"lazy\" decoding=\"async\" width=\"1024\" height=\"1024\" src=\"https:\/\/arteconfort.com\/wp-content\/uploads\/2024\/06\/ventilador-LORENA-86536534-p-03.webp\" class=\"attachment-shop_catalog size-shop_catalog\" alt=\"Ventilador LORENA perspectiva\" srcset=\"https:\/\/arteconfort.com\/wp-content\/uploads\/2024\/06\/ventilador-LORENA-86536534-p-03.webp 1024w, https:\/\/arteconfort.com\/wp-content\/uploads\/2024\/06\/ventilador-LORENA-86536534-p-03-768x768.webp 768w, https:\/\/arteconfort.com\/wp-content\/uploads\/2024\/06\/ventilador-LORENA-86536534-p-03-340x340.webp 340w, https:\/\/arteconfort.com\/wp-content\/uploads\/2024\/06\/ventilador-LORENA-86536534-p-03-640x640.webp 640w, https:\/\/arteconfort.com\/wp-content\/uploads\/2024\/06\/ventilador-LORENA-86536534-p-03-960x960.webp 960w, https:\/\/arteconfort.com\/wp-content\/uploads\/2024\/06\/ventilador-LORENA-86536534-p-03-133x133.webp 133w, https:\/\/arteconfort.com\/wp-content\/uploads\/2024\/06\/ventilador-LORENA-86536534-p-03-300x300.webp 300w, https:\/\/arteconfort.com\/wp-content\/uploads\/2024\/06\/ventilador-LORENA-86536534-p-03-600x600.webp 600w, https:\/\/arteconfort.com\/wp-content\/uploads\/2024\/06\/ventilador-LORENA-86536534-p-03-100x100.webp 100w\" sizes=\"auto, (max-width: 1024px) 100vw, 1024px\" \/><img loading=\"lazy\" decoding=\"async\" width=\"1024\" height=\"1024\" src=\"https:\/\/arteconfort.com\/wp-content\/uploads\/2024\/06\/ventilador-LORENA-86536534-tz-02.webp\" class=\"attachment-shop_catalog size-shop_catalog\" alt=\"Ventilador LORENA lateral detalle\" srcset=\"https:\/\/arteconfort.com\/wp-content\/uploads\/2024\/06\/ventilador-LORENA-86536534-tz-02.webp 1024w, https:\/\/arteconfort.com\/wp-content\/uploads\/2024\/06\/ventilador-LORENA-86536534-tz-02-768x768.webp 768w, https:\/\/arteconfort.com\/wp-content\/uploads\/2024\/06\/ventilador-LORENA-86536534-tz-02-340x340.webp 340w, https:\/\/arteconfort.com\/wp-content\/uploads\/2024\/06\/ventilador-LORENA-86536534-tz-02-640x640.webp 640w, https:\/\/arteconfort.com\/wp-content\/uploads\/2024\/06\/ventilador-LORENA-86536534-tz-02-960x960.webp 960w, https:\/\/arteconfort.com\/wp-content\/uploads\/2024\/06\/ventilador-LORENA-86536534-tz-02-133x133.webp 133w, https:\/\/arteconfort.com\/wp-content\/uploads\/2024\/06\/ventilador-LORENA-86536534-tz-02-300x300.webp 300w, https:\/\/arteconfort.com\/wp-content\/uploads\/2024\/06\/ventilador-LORENA-86536534-tz-02-600x600.webp 600w, https:\/\/arteconfort.com\/wp-content\/uploads\/2024\/06\/ventilador-LORENA-86536534-tz-02-100x100.webp 100w\" sizes=\"auto, (max-width: 1024px) 100vw, 1024px\" \/><img loading=\"lazy\" decoding=\"async\" width=\"1024\" height=\"1024\" src=\"https:\/\/arteconfort.com\/wp-content\/uploads\/2024\/06\/ventilador-LORENA-86536534-tz-01.webp\" class=\"attachment-shop_catalog size-shop_catalog\" alt=\"Ventilador LORENA cuerpo detalle\" srcset=\"https:\/\/arteconfort.com\/wp-content\/uploads\/2024\/06\/ventilador-LORENA-86536534-tz-01.webp 1024w, https:\/\/arteconfort.com\/wp-content\/uploads\/2024\/06\/ventilador-LORENA-86536534-tz-01-768x768.webp 768w, https:\/\/arteconfort.com\/wp-content\/uploads\/2024\/06\/ventilador-LORENA-86536534-tz-01-340x340.webp 340w, https:\/\/arteconfort.com\/wp-content\/uploads\/2024\/06\/ventilador-LORENA-86536534-tz-01-640x640.webp 640w, https:\/\/arteconfort.com\/wp-content\/uploads\/2024\/06\/ventilador-LORENA-86536534-tz-01-960x960.webp 960w, https:\/\/arteconfort.com\/wp-content\/uploads\/2024\/06\/ventilador-LORENA-86536534-tz-01-133x133.webp 133w, https:\/\/arteconfort.com\/wp-content\/uploads\/2024\/06\/ventilador-LORENA-86536534-tz-01-300x300.webp 300w, https:\/\/arteconfort.com\/wp-content\/uploads\/2024\/06\/ventilador-LORENA-86536534-tz-01-600x600.webp 600w, https:\/\/arteconfort.com\/wp-content\/uploads\/2024\/06\/ventilador-LORENA-86536534-tz-01-100x100.webp 100w\" sizes=\"auto, (max-width: 1024px) 100vw, 1024px\" \/><img loading=\"lazy\" decoding=\"async\" width=\"1024\" height=\"1024\" src=\"https:\/\/arteconfort.com\/wp-content\/uploads\/2024\/06\/ventilador-LORENA-86536534-p-02.webp\" class=\"attachment-shop_catalog size-shop_catalog\" alt=\"Ventilador LORENA planta\" srcset=\"https:\/\/arteconfort.com\/wp-content\/uploads\/2024\/06\/ventilador-LORENA-86536534-p-02.webp 1024w, https:\/\/arteconfort.com\/wp-content\/uploads\/2024\/06\/ventilador-LORENA-86536534-p-02-768x768.webp 768w, https:\/\/arteconfort.com\/wp-content\/uploads\/2024\/06\/ventilador-LORENA-86536534-p-02-340x340.webp 340w, https:\/\/arteconfort.com\/wp-content\/uploads\/2024\/06\/ventilador-LORENA-86536534-p-02-640x640.webp 640w, https:\/\/arteconfort.com\/wp-content\/uploads\/2024\/06\/ventilador-LORENA-86536534-p-02-960x960.webp 960w, https:\/\/arteconfort.com\/wp-content\/uploads\/2024\/06\/ventilador-LORENA-86536534-p-02-133x133.webp 133w, https:\/\/arteconfort.com\/wp-content\/uploads\/2024\/06\/ventilador-LORENA-86536534-p-02-300x300.webp 300w, https:\/\/arteconfort.com\/wp-content\/uploads\/2024\/06\/ventilador-LORENA-86536534-p-02-600x600.webp 600w, https:\/\/arteconfort.com\/wp-content\/uploads\/2024\/06\/ventilador-LORENA-86536534-p-02-100x100.webp 100w\" sizes=\"auto, (max-width: 1024px) 100vw, 1024px\" \/><img loading=\"lazy\" decoding=\"async\" width=\"1024\" height=\"1024\" src=\"https:\/\/arteconfort.com\/wp-content\/uploads\/2024\/06\/ventilador-LORENA-mando.webp\" class=\"attachment-shop_catalog size-shop_catalog\" alt=\"Ventilador LORENA mando\" srcset=\"https:\/\/arteconfort.com\/wp-content\/uploads\/2024\/06\/ventilador-LORENA-mando.webp 1024w, https:\/\/arteconfort.com\/wp-content\/uploads\/2024\/06\/ventilador-LORENA-mando-768x768.webp 768w, https:\/\/arteconfort.com\/wp-content\/uploads\/2024\/06\/ventilador-LORENA-mando-340x340.webp 340w, https:\/\/arteconfort.com\/wp-content\/uploads\/2024\/06\/ventilador-LORENA-mando-640x640.webp 640w, https:\/\/arteconfort.com\/wp-content\/uploads\/2024\/06\/ventilador-LORENA-mando-960x960.webp 960w, https:\/\/arteconfort.com\/wp-content\/uploads\/2024\/06\/ventilador-LORENA-mando-133x133.webp 133w, https:\/\/arteconfort.com\/wp-content\/uploads\/2024\/06\/ventilador-LORENA-mando-300x300.webp 300w, https:\/\/arteconfort.com\/wp-content\/uploads\/2024\/06\/ventilador-LORENA-mando-600x600.webp 600w, https:\/\/arteconfort.com\/wp-content\/uploads\/2024\/06\/ventilador-LORENA-mando-100x100.webp 100w\" sizes=\"auto, (max-width: 1024px) 100vw, 1024px\" \/><img loading=\"lazy\" decoding=\"async\" width=\"1024\" height=\"1024\" src=\"https:\/\/arteconfort.com\/wp-content\/uploads\/2024\/06\/ventilador-LORENA-86536534-pat-01.webp\" class=\"attachment-shop_catalog size-shop_catalog\" alt=\"Ventilador LORENA grafico\" srcset=\"https:\/\/arteconfort.com\/wp-content\/uploads\/2024\/06\/ventilador-LORENA-86536534-pat-01.webp 1024w, https:\/\/arteconfort.com\/wp-content\/uploads\/2024\/06\/ventilador-LORENA-86536534-pat-01-768x768.webp 768w, https:\/\/arteconfort.com\/wp-content\/uploads\/2024\/06\/ventilador-LORENA-86536534-pat-01-340x340.webp 340w, https:\/\/arteconfort.com\/wp-content\/uploads\/2024\/06\/ventilador-LORENA-86536534-pat-01-640x640.webp 640w, https:\/\/arteconfort.com\/wp-content\/uploads\/2024\/06\/ventilador-LORENA-86536534-pat-01-960x960.webp 960w, https:\/\/arteconfort.com\/wp-content\/uploads\/2024\/06\/ventilador-LORENA-86536534-pat-01-133x133.webp 133w, https:\/\/arteconfort.com\/wp-content\/uploads\/2024\/06\/ventilador-LORENA-86536534-pat-01-300x300.webp 300w, https:\/\/arteconfort.com\/wp-content\/uploads\/2024\/06\/ventilador-LORENA-86536534-pat-01-600x600.webp 600w, https:\/\/arteconfort.com\/wp-content\/uploads\/2024\/06\/ventilador-LORENA-86536534-pat-01-100x100.webp 100w\" sizes=\"auto, (max-width: 1024px) 100vw, 1024px\" \/><img loading=\"lazy\" decoding=\"async\" width=\"1024\" height=\"1024\" src=\"https:\/\/arteconfort.com\/wp-content\/uploads\/2024\/06\/ventilador-LORENA-86536534-tz-03.webp\" class=\"attachment-shop_catalog size-shop_catalog\" alt=\"Ventilador LORENA temperatura luz\" srcset=\"https:\/\/arteconfort.com\/wp-content\/uploads\/2024\/06\/ventilador-LORENA-86536534-tz-03.webp 1024w, https:\/\/arteconfort.com\/wp-content\/uploads\/2024\/06\/ventilador-LORENA-86536534-tz-03-768x768.webp 768w, https:\/\/arteconfort.com\/wp-content\/uploads\/2024\/06\/ventilador-LORENA-86536534-tz-03-340x340.webp 340w, https:\/\/arteconfort.com\/wp-content\/uploads\/2024\/06\/ventilador-LORENA-86536534-tz-03-640x640.webp 640w, https:\/\/arteconfort.com\/wp-content\/uploads\/2024\/06\/ventilador-LORENA-86536534-tz-03-960x960.webp 960w, https:\/\/arteconfort.com\/wp-content\/uploads\/2024\/06\/ventilador-LORENA-86536534-tz-03-133x133.webp 133w, https:\/\/arteconfort.com\/wp-content\/uploads\/2024\/06\/ventilador-LORENA-86536534-tz-03-300x300.webp 300w, https:\/\/arteconfort.com\/wp-content\/uploads\/2024\/06\/ventilador-LORENA-86536534-tz-03-600x600.webp 600w, https:\/\/arteconfort.com\/wp-content\/uploads\/2024\/06\/ventilador-LORENA-86536534-tz-03-100x100.webp 100w\" sizes=\"auto, (max-width: 1024px) 100vw, 1024px\" \/><img loading=\"lazy\" decoding=\"async\" width=\"1024\" height=\"1024\" src=\"https:\/\/arteconfort.com\/wp-content\/uploads\/2024\/06\/ventilador-LORENA-86536534-a-02.webp\" class=\"attachment-shop_catalog size-shop_catalog\" alt=\"Ventilador LORENA ambiente luz calida\" srcset=\"https:\/\/arteconfort.com\/wp-content\/uploads\/2024\/06\/ventilador-LORENA-86536534-a-02.webp 1024w, https:\/\/arteconfort.com\/wp-content\/uploads\/2024\/06\/ventilador-LORENA-86536534-a-02-768x768.webp 768w, https:\/\/arteconfort.com\/wp-content\/uploads\/2024\/06\/ventilador-LORENA-86536534-a-02-340x340.webp 340w, https:\/\/arteconfort.com\/wp-content\/uploads\/2024\/06\/ventilador-LORENA-86536534-a-02-640x640.webp 640w, https:\/\/arteconfort.com\/wp-content\/uploads\/2024\/06\/ventilador-LORENA-86536534-a-02-960x960.webp 960w, https:\/\/arteconfort.com\/wp-content\/uploads\/2024\/06\/ventilador-LORENA-86536534-a-02-133x133.webp 133w, https:\/\/arteconfort.com\/wp-content\/uploads\/2024\/06\/ventilador-LORENA-86536534-a-02-300x300.webp 300w, https:\/\/arteconfort.com\/wp-content\/uploads\/2024\/06\/ventilador-LORENA-86536534-a-02-600x600.webp 600w, https:\/\/arteconfort.com\/wp-content\/uploads\/2024\/06\/ventilador-LORENA-86536534-a-02-100x100.webp 100w\" sizes=\"auto, (max-width: 1024px) 100vw, 1024px\" \/><img loading=\"lazy\" decoding=\"async\" width=\"1024\" height=\"1024\" src=\"https:\/\/arteconfort.com\/wp-content\/uploads\/2024\/06\/ventilador-LORENA-86536534-a-04.webp\" class=\"attachment-shop_catalog size-shop_catalog\" alt=\"Ventilador LORENA ambiente luz neutra\" srcset=\"https:\/\/arteconfort.com\/wp-content\/uploads\/2024\/06\/ventilador-LORENA-86536534-a-04.webp 1024w, https:\/\/arteconfort.com\/wp-content\/uploads\/2024\/06\/ventilador-LORENA-86536534-a-04-768x768.webp 768w, https:\/\/arteconfort.com\/wp-content\/uploads\/2024\/06\/ventilador-LORENA-86536534-a-04-340x340.webp 340w, https:\/\/arteconfort.com\/wp-content\/uploads\/2024\/06\/ventilador-LORENA-86536534-a-04-640x640.webp 640w, https:\/\/arteconfort.com\/wp-content\/uploads\/2024\/06\/ventilador-LORENA-86536534-a-04-960x960.webp 960w, https:\/\/arteconfort.com\/wp-content\/uploads\/2024\/06\/ventilador-LORENA-86536534-a-04-133x133.webp 133w, https:\/\/arteconfort.com\/wp-content\/uploads\/2024\/06\/ventilador-LORENA-86536534-a-04-300x300.webp 300w, https:\/\/arteconfort.com\/wp-content\/uploads\/2024\/06\/ventilador-LORENA-86536534-a-04-600x600.webp 600w, https:\/\/arteconfort.com\/wp-content\/uploads\/2024\/06\/ventilador-LORENA-86536534-a-04-100x100.webp 100w\" sizes=\"auto, (max-width: 1024px) 100vw, 1024px\" \/><img loading=\"lazy\" decoding=\"async\" width=\"1024\" height=\"1024\" src=\"https:\/\/arteconfort.com\/wp-content\/uploads\/2024\/06\/ventilador-LORENA-86536534-a-03.webp\" class=\"attachment-shop_catalog size-shop_catalog\" alt=\"Ventilador LORENA ambiente luz fria\" srcset=\"https:\/\/arteconfort.com\/wp-content\/uploads\/2024\/06\/ventilador-LORENA-86536534-a-03.webp 1024w, https:\/\/arteconfort.com\/wp-content\/uploads\/2024\/06\/ventilador-LORENA-86536534-a-03-768x768.webp 768w, https:\/\/arteconfort.com\/wp-content\/uploads\/2024\/06\/ventilador-LORENA-86536534-a-03-340x340.webp 340w, https:\/\/arteconfort.com\/wp-content\/uploads\/2024\/06\/ventilador-LORENA-86536534-a-03-640x640.webp 640w, https:\/\/arteconfort.com\/wp-content\/uploads\/2024\/06\/ventilador-LORENA-86536534-a-03-960x960.webp 960w, https:\/\/arteconfort.com\/wp-content\/uploads\/2024\/06\/ventilador-LORENA-86536534-a-03-133x133.webp 133w, https:\/\/arteconfort.com\/wp-content\/uploads\/2024\/06\/ventilador-LORENA-86536534-a-03-300x300.webp 300w, https:\/\/arteconfort.com\/wp-content\/uploads\/2024\/06\/ventilador-LORENA-86536534-a-03-600x600.webp 600w, https:\/\/arteconfort.com\/wp-content\/uploads\/2024\/06\/ventilador-LORENA-86536534-a-03-100x100.webp 100w\" sizes=\"auto, (max-width: 1024px) 100vw, 1024px\" \/>\t<\/a>\n\t<div class=\"w-product-status\"><\/div>\t<span id=\"woocommerce_loop_add_to_cart_link_describedby_25305\" class=\"screen-reader-text\">\n\t\t\t<\/span>\n<\/div><div class=\"berocket_better_labels berocket_better_labels_image\"><div class=\"berocket_better_labels_position berocket_better_labels_position_right\"><div class=\"berocket_better_labels_line berocket_better_labels_line_1\"><div class=\"berocket_better_labels_inline berocket_better_labels_inline_1\"><div class=\"br_alabel br_alabel_type_text br_alabel_template_type_css berocket_alabel_id_22611  br_alabel_better_compatibility\" style=\"\"><span  style=\"\"><i style=\"background-color: #000000; border-color: #000000;\" class=\"template-span-before \"><\/i><i style=\"background-color: #000000; border-color: #000000;\" class=\"template-i \"><\/i><i style=\"background-color: #000000; border-color: #000000;\" class=\"template-i-before \"><\/i><i style=\"background-color: #000000; border-color: #000000;\" class=\"template-i-after \"><\/i><b style=\"position: relative;z-index: 100;text-align: center;color: inherit;\">Old collection<\/b><\/span><\/div><\/div><\/div><\/div><\/div><figcaption><h2 class=\"woocommerce-loop-product__title\">LORENA<\/h2><div class=\"woocommerce-product-details__short-description\">\n\t<p>LORENA ceiling fan with integrated LED light and colour temperature memory. With a white body and 3 reversible<\/div>\n\n<\/figcaption><\/figure><\/li>\n<li class=\"product type-product post-47029 status-publish first instock product_cat-climatizacion-en product_cat-ventiladores-de-techo-en has-post-thumbnail shipping-taxable product-type-simple w-item col-3\">\n\t<figure><div class=\"image-wrapper\">\t\t<a href=\"https:\/\/arteconfort.com\/en\/producto\/luni-m\/\" class=\"w-fadeslider\">\n\t<img loading=\"lazy\" decoding=\"async\" width=\"1024\" height=\"1024\" src=\"https:\/\/arteconfort.com\/wp-content\/uploads\/2025\/04\/LUNI-M-mando.webp\" class=\"attachment-shop_catalog size-shop_catalog wp-post-image\" alt=\"\" srcset=\"https:\/\/arteconfort.com\/wp-content\/uploads\/2025\/04\/LUNI-M-mando.webp 1024w, https:\/\/arteconfort.com\/wp-content\/uploads\/2025\/04\/LUNI-M-mando-768x768.webp 768w, https:\/\/arteconfort.com\/wp-content\/uploads\/2025\/04\/LUNI-M-mando-340x340.webp 340w, https:\/\/arteconfort.com\/wp-content\/uploads\/2025\/04\/LUNI-M-mando-640x640.webp 640w, https:\/\/arteconfort.com\/wp-content\/uploads\/2025\/04\/LUNI-M-mando-960x960.webp 960w, https:\/\/arteconfort.com\/wp-content\/uploads\/2025\/04\/LUNI-M-mando-300x300.webp 300w, https:\/\/arteconfort.com\/wp-content\/uploads\/2025\/04\/LUNI-M-mando-600x600.webp 600w, https:\/\/arteconfort.com\/wp-content\/uploads\/2025\/04\/LUNI-M-mando-100x100.webp 100w\" sizes=\"auto, (max-width: 1024px) 100vw, 1024px\" \/>\t<img loading=\"lazy\" decoding=\"async\" width=\"1024\" height=\"1024\" src=\"https:\/\/arteconfort.com\/wp-content\/uploads\/2025\/04\/LUNI-M-cerrado.webp\" class=\"attachment-shop_catalog size-shop_catalog\" alt=\"\" srcset=\"https:\/\/arteconfort.com\/wp-content\/uploads\/2025\/04\/LUNI-M-cerrado.webp 1024w, https:\/\/arteconfort.com\/wp-content\/uploads\/2025\/04\/LUNI-M-cerrado-768x768.webp 768w, https:\/\/arteconfort.com\/wp-content\/uploads\/2025\/04\/LUNI-M-cerrado-340x340.webp 340w, https:\/\/arteconfort.com\/wp-content\/uploads\/2025\/04\/LUNI-M-cerrado-640x640.webp 640w, https:\/\/arteconfort.com\/wp-content\/uploads\/2025\/04\/LUNI-M-cerrado-960x960.webp 960w, https:\/\/arteconfort.com\/wp-content\/uploads\/2025\/04\/LUNI-M-cerrado-300x300.webp 300w, https:\/\/arteconfort.com\/wp-content\/uploads\/2025\/04\/LUNI-M-cerrado-600x600.webp 600w, https:\/\/arteconfort.com\/wp-content\/uploads\/2025\/04\/LUNI-M-cerrado-100x100.webp 100w\" sizes=\"auto, (max-width: 1024px) 100vw, 1024px\" \/><img loading=\"lazy\" decoding=\"async\" width=\"1024\" height=\"1024\" src=\"https:\/\/arteconfort.com\/wp-content\/uploads\/2025\/04\/LUNI-M-temperatura.webp\" class=\"attachment-shop_catalog size-shop_catalog\" alt=\"\" srcset=\"https:\/\/arteconfort.com\/wp-content\/uploads\/2025\/04\/LUNI-M-temperatura.webp 1024w, https:\/\/arteconfort.com\/wp-content\/uploads\/2025\/04\/LUNI-M-temperatura-768x768.webp 768w, https:\/\/arteconfort.com\/wp-content\/uploads\/2025\/04\/LUNI-M-temperatura-340x340.webp 340w, https:\/\/arteconfort.com\/wp-content\/uploads\/2025\/04\/LUNI-M-temperatura-640x640.webp 640w, https:\/\/arteconfort.com\/wp-content\/uploads\/2025\/04\/LUNI-M-temperatura-960x960.webp 960w, https:\/\/arteconfort.com\/wp-content\/uploads\/2025\/04\/LUNI-M-temperatura-300x300.webp 300w, https:\/\/arteconfort.com\/wp-content\/uploads\/2025\/04\/LUNI-M-temperatura-600x600.webp 600w, https:\/\/arteconfort.com\/wp-content\/uploads\/2025\/04\/LUNI-M-temperatura-100x100.webp 100w\" sizes=\"auto, (max-width: 1024px) 100vw, 1024px\" \/><img loading=\"lazy\" decoding=\"async\" width=\"2000\" height=\"2000\" src=\"https:\/\/arteconfort.com\/wp-content\/uploads\/2025\/04\/LUNI-M-grafico.webp\" class=\"attachment-shop_catalog size-shop_catalog\" alt=\"\" srcset=\"https:\/\/arteconfort.com\/wp-content\/uploads\/2025\/04\/LUNI-M-grafico.webp 2000w, https:\/\/arteconfort.com\/wp-content\/uploads\/2025\/04\/LUNI-M-grafico-768x768.webp 768w, https:\/\/arteconfort.com\/wp-content\/uploads\/2025\/04\/LUNI-M-grafico-1536x1536.webp 1536w, https:\/\/arteconfort.com\/wp-content\/uploads\/2025\/04\/LUNI-M-grafico-340x340.webp 340w, https:\/\/arteconfort.com\/wp-content\/uploads\/2025\/04\/LUNI-M-grafico-640x640.webp 640w, https:\/\/arteconfort.com\/wp-content\/uploads\/2025\/04\/LUNI-M-grafico-960x960.webp 960w, https:\/\/arteconfort.com\/wp-content\/uploads\/2025\/04\/LUNI-M-grafico-1280x1280.webp 1280w, https:\/\/arteconfort.com\/wp-content\/uploads\/2025\/04\/LUNI-M-grafico-300x300.webp 300w, https:\/\/arteconfort.com\/wp-content\/uploads\/2025\/04\/LUNI-M-grafico-600x600.webp 600w, https:\/\/arteconfort.com\/wp-content\/uploads\/2025\/04\/LUNI-M-grafico-100x100.webp 100w\" sizes=\"auto, (max-width: 2000px) 100vw, 2000px\" \/>\t<\/a>\n\t<div class=\"w-product-status\"><\/div>\t<span id=\"woocommerce_loop_add_to_cart_link_describedby_47029\" class=\"screen-reader-text\">\n\t\t\t<\/span>\n<\/div><figcaption><h2 class=\"woocommerce-loop-product__title\">LUNI M<\/h2><div class=\"woocommerce-product-details__short-description\">\n\t<p>The LUNI M ceiling fan with hidden or retractable blades incorporates LED light and color temperature memory. It<\/div>\n\n<\/figcaption><\/figure><\/li>\n<li class=\"product type-product post-47040 status-publish instock product_cat-climatizacion-en product_cat-ventiladores-de-techo-en has-post-thumbnail shipping-taxable product-type-simple w-item col-3\">\n\t<figure><div class=\"image-wrapper\">\t\t<a href=\"https:\/\/arteconfort.com\/en\/producto\/luni-s\/\" class=\"w-fadeslider\">\n\t<img loading=\"lazy\" decoding=\"async\" width=\"1024\" height=\"1024\" src=\"https:\/\/arteconfort.com\/wp-content\/uploads\/2025\/04\/LUNI-S-mando-1.webp\" class=\"attachment-shop_catalog size-shop_catalog wp-post-image\" alt=\"\" srcset=\"https:\/\/arteconfort.com\/wp-content\/uploads\/2025\/04\/LUNI-S-mando-1.webp 1024w, https:\/\/arteconfort.com\/wp-content\/uploads\/2025\/04\/LUNI-S-mando-1-768x768.webp 768w, https:\/\/arteconfort.com\/wp-content\/uploads\/2025\/04\/LUNI-S-mando-1-340x340.webp 340w, https:\/\/arteconfort.com\/wp-content\/uploads\/2025\/04\/LUNI-S-mando-1-640x640.webp 640w, https:\/\/arteconfort.com\/wp-content\/uploads\/2025\/04\/LUNI-S-mando-1-960x960.webp 960w, https:\/\/arteconfort.com\/wp-content\/uploads\/2025\/04\/LUNI-S-mando-1-300x300.webp 300w, https:\/\/arteconfort.com\/wp-content\/uploads\/2025\/04\/LUNI-S-mando-1-600x600.webp 600w, https:\/\/arteconfort.com\/wp-content\/uploads\/2025\/04\/LUNI-S-mando-1-100x100.webp 100w\" sizes=\"auto, (max-width: 1024px) 100vw, 1024px\" \/>\t<img loading=\"lazy\" decoding=\"async\" width=\"1024\" height=\"1024\" src=\"https:\/\/arteconfort.com\/wp-content\/uploads\/2025\/04\/LUNI-S-cerrado-1.webp\" class=\"attachment-shop_catalog size-shop_catalog\" alt=\"\" srcset=\"https:\/\/arteconfort.com\/wp-content\/uploads\/2025\/04\/LUNI-S-cerrado-1.webp 1024w, https:\/\/arteconfort.com\/wp-content\/uploads\/2025\/04\/LUNI-S-cerrado-1-768x768.webp 768w, https:\/\/arteconfort.com\/wp-content\/uploads\/2025\/04\/LUNI-S-cerrado-1-340x340.webp 340w, https:\/\/arteconfort.com\/wp-content\/uploads\/2025\/04\/LUNI-S-cerrado-1-640x640.webp 640w, https:\/\/arteconfort.com\/wp-content\/uploads\/2025\/04\/LUNI-S-cerrado-1-960x960.webp 960w, https:\/\/arteconfort.com\/wp-content\/uploads\/2025\/04\/LUNI-S-cerrado-1-300x300.webp 300w, https:\/\/arteconfort.com\/wp-content\/uploads\/2025\/04\/LUNI-S-cerrado-1-600x600.webp 600w, https:\/\/arteconfort.com\/wp-content\/uploads\/2025\/04\/LUNI-S-cerrado-1-100x100.webp 100w\" sizes=\"auto, (max-width: 1024px) 100vw, 1024px\" \/><img loading=\"lazy\" decoding=\"async\" width=\"1024\" height=\"1024\" src=\"https:\/\/arteconfort.com\/wp-content\/uploads\/2025\/04\/LUNI-S-temperatura.webp\" class=\"attachment-shop_catalog size-shop_catalog\" alt=\"\" srcset=\"https:\/\/arteconfort.com\/wp-content\/uploads\/2025\/04\/LUNI-S-temperatura.webp 1024w, https:\/\/arteconfort.com\/wp-content\/uploads\/2025\/04\/LUNI-S-temperatura-768x768.webp 768w, https:\/\/arteconfort.com\/wp-content\/uploads\/2025\/04\/LUNI-S-temperatura-340x340.webp 340w, https:\/\/arteconfort.com\/wp-content\/uploads\/2025\/04\/LUNI-S-temperatura-640x640.webp 640w, https:\/\/arteconfort.com\/wp-content\/uploads\/2025\/04\/LUNI-S-temperatura-960x960.webp 960w, https:\/\/arteconfort.com\/wp-content\/uploads\/2025\/04\/LUNI-S-temperatura-300x300.webp 300w, https:\/\/arteconfort.com\/wp-content\/uploads\/2025\/04\/LUNI-S-temperatura-600x600.webp 600w, https:\/\/arteconfort.com\/wp-content\/uploads\/2025\/04\/LUNI-S-temperatura-100x100.webp 100w\" sizes=\"auto, (max-width: 1024px) 100vw, 1024px\" \/><img loading=\"lazy\" decoding=\"async\" width=\"2000\" height=\"2000\" src=\"https:\/\/arteconfort.com\/wp-content\/uploads\/2025\/04\/LUNI-S-grafico-1.webp\" class=\"attachment-shop_catalog size-shop_catalog\" alt=\"\" srcset=\"https:\/\/arteconfort.com\/wp-content\/uploads\/2025\/04\/LUNI-S-grafico-1.webp 2000w, https:\/\/arteconfort.com\/wp-content\/uploads\/2025\/04\/LUNI-S-grafico-1-768x768.webp 768w, https:\/\/arteconfort.com\/wp-content\/uploads\/2025\/04\/LUNI-S-grafico-1-1536x1536.webp 1536w, https:\/\/arteconfort.com\/wp-content\/uploads\/2025\/04\/LUNI-S-grafico-1-340x340.webp 340w, https:\/\/arteconfort.com\/wp-content\/uploads\/2025\/04\/LUNI-S-grafico-1-640x640.webp 640w, https:\/\/arteconfort.com\/wp-content\/uploads\/2025\/04\/LUNI-S-grafico-1-960x960.webp 960w, https:\/\/arteconfort.com\/wp-content\/uploads\/2025\/04\/LUNI-S-grafico-1-1280x1280.webp 1280w, https:\/\/arteconfort.com\/wp-content\/uploads\/2025\/04\/LUNI-S-grafico-1-300x300.webp 300w, https:\/\/arteconfort.com\/wp-content\/uploads\/2025\/04\/LUNI-S-grafico-1-600x600.webp 600w, https:\/\/arteconfort.com\/wp-content\/uploads\/2025\/04\/LUNI-S-grafico-1-100x100.webp 100w\" sizes=\"auto, (max-width: 2000px) 100vw, 2000px\" \/>\t<\/a>\n\t<div class=\"w-product-status\"><\/div>\t<span id=\"woocommerce_loop_add_to_cart_link_describedby_47040\" class=\"screen-reader-text\">\n\t\t\t<\/span>\n<\/div><figcaption><h2 class=\"woocommerce-loop-product__title\">LUNI S<\/h2><div class=\"woocommerce-product-details__short-description\">\n\t<p>The LUNI S ceiling fan with hidden or retractable blades incorporates LED light and color temperature memory. It<\/div>\n\n<\/figcaption><\/figure><\/li>\n<li class=\"product type-product post-25411 status-publish instock product_cat-climatizacion-en product_cat-collection-old-en product_cat-ventiladores-de-techo-en has-post-thumbnail shipping-taxable product-type-simple w-item col-3\">\n\t<figure><div class=\"image-wrapper\">\t\t<a href=\"https:\/\/arteconfort.com\/en\/producto\/maca\/\" class=\"w-fadeslider\">\n\t<img loading=\"lazy\" decoding=\"async\" width=\"1024\" height=\"1024\" src=\"https:\/\/arteconfort.com\/wp-content\/uploads\/2024\/07\/ventilador-MACA-M-90209464-p-01.webp\" class=\"attachment-shop_catalog size-shop_catalog wp-post-image\" alt=\"Ventilador MACA con mando\" srcset=\"https:\/\/arteconfort.com\/wp-content\/uploads\/2024\/07\/ventilador-MACA-M-90209464-p-01.webp 1024w, https:\/\/arteconfort.com\/wp-content\/uploads\/2024\/07\/ventilador-MACA-M-90209464-p-01-768x768.webp 768w, https:\/\/arteconfort.com\/wp-content\/uploads\/2024\/07\/ventilador-MACA-M-90209464-p-01-340x340.webp 340w, https:\/\/arteconfort.com\/wp-content\/uploads\/2024\/07\/ventilador-MACA-M-90209464-p-01-640x640.webp 640w, https:\/\/arteconfort.com\/wp-content\/uploads\/2024\/07\/ventilador-MACA-M-90209464-p-01-960x960.webp 960w, https:\/\/arteconfort.com\/wp-content\/uploads\/2024\/07\/ventilador-MACA-M-90209464-p-01-300x300.webp 300w, https:\/\/arteconfort.com\/wp-content\/uploads\/2024\/07\/ventilador-MACA-M-90209464-p-01-600x600.webp 600w, https:\/\/arteconfort.com\/wp-content\/uploads\/2024\/07\/ventilador-MACA-M-90209464-p-01-100x100.webp 100w, https:\/\/arteconfort.com\/wp-content\/uploads\/2024\/07\/ventilador-MACA-M-90209464-p-01-133x133.webp 133w\" sizes=\"auto, (max-width: 1024px) 100vw, 1024px\" \/>\t<img loading=\"lazy\" decoding=\"async\" width=\"1024\" height=\"1024\" src=\"https:\/\/arteconfort.com\/wp-content\/uploads\/2023\/10\/MACA-ambiente.webp\" class=\"attachment-shop_catalog size-shop_catalog\" alt=\"\" srcset=\"https:\/\/arteconfort.com\/wp-content\/uploads\/2023\/10\/MACA-ambiente.webp 1024w, https:\/\/arteconfort.com\/wp-content\/uploads\/2023\/10\/MACA-ambiente-768x768.webp 768w, https:\/\/arteconfort.com\/wp-content\/uploads\/2023\/10\/MACA-ambiente-340x340.webp 340w, https:\/\/arteconfort.com\/wp-content\/uploads\/2023\/10\/MACA-ambiente-640x640.webp 640w, https:\/\/arteconfort.com\/wp-content\/uploads\/2023\/10\/MACA-ambiente-960x960.webp 960w, https:\/\/arteconfort.com\/wp-content\/uploads\/2023\/10\/MACA-ambiente-133x133.webp 133w, https:\/\/arteconfort.com\/wp-content\/uploads\/2023\/10\/MACA-ambiente-300x300.webp 300w, https:\/\/arteconfort.com\/wp-content\/uploads\/2023\/10\/MACA-ambiente-600x600.webp 600w, https:\/\/arteconfort.com\/wp-content\/uploads\/2023\/10\/MACA-ambiente-100x100.webp 100w\" sizes=\"auto, (max-width: 1024px) 100vw, 1024px\" \/><img loading=\"lazy\" decoding=\"async\" width=\"1024\" height=\"1024\" src=\"https:\/\/arteconfort.com\/wp-content\/uploads\/2024\/07\/ventilador-MACA-M-.webp\" class=\"attachment-shop_catalog size-shop_catalog\" alt=\"Ventilador MACA mando\" srcset=\"https:\/\/arteconfort.com\/wp-content\/uploads\/2024\/07\/ventilador-MACA-M-.webp 1024w, https:\/\/arteconfort.com\/wp-content\/uploads\/2024\/07\/ventilador-MACA-M--768x768.webp 768w, https:\/\/arteconfort.com\/wp-content\/uploads\/2024\/07\/ventilador-MACA-M--340x340.webp 340w, https:\/\/arteconfort.com\/wp-content\/uploads\/2024\/07\/ventilador-MACA-M--640x640.webp 640w, https:\/\/arteconfort.com\/wp-content\/uploads\/2024\/07\/ventilador-MACA-M--960x960.webp 960w, https:\/\/arteconfort.com\/wp-content\/uploads\/2024\/07\/ventilador-MACA-M--133x133.webp 133w, https:\/\/arteconfort.com\/wp-content\/uploads\/2024\/07\/ventilador-MACA-M--300x300.webp 300w, https:\/\/arteconfort.com\/wp-content\/uploads\/2024\/07\/ventilador-MACA-M--600x600.webp 600w, https:\/\/arteconfort.com\/wp-content\/uploads\/2024\/07\/ventilador-MACA-M--100x100.webp 100w\" sizes=\"auto, (max-width: 1024px) 100vw, 1024px\" \/><img loading=\"lazy\" decoding=\"async\" width=\"1024\" height=\"1024\" src=\"https:\/\/arteconfort.com\/wp-content\/uploads\/2023\/10\/MACA-grafico.webp\" class=\"attachment-shop_catalog size-shop_catalog\" alt=\"\" srcset=\"https:\/\/arteconfort.com\/wp-content\/uploads\/2023\/10\/MACA-grafico.webp 1024w, https:\/\/arteconfort.com\/wp-content\/uploads\/2023\/10\/MACA-grafico-768x768.webp 768w, https:\/\/arteconfort.com\/wp-content\/uploads\/2023\/10\/MACA-grafico-340x340.webp 340w, https:\/\/arteconfort.com\/wp-content\/uploads\/2023\/10\/MACA-grafico-640x640.webp 640w, https:\/\/arteconfort.com\/wp-content\/uploads\/2023\/10\/MACA-grafico-960x960.webp 960w, https:\/\/arteconfort.com\/wp-content\/uploads\/2023\/10\/MACA-grafico-133x133.webp 133w, https:\/\/arteconfort.com\/wp-content\/uploads\/2023\/10\/MACA-grafico-300x300.webp 300w, https:\/\/arteconfort.com\/wp-content\/uploads\/2023\/10\/MACA-grafico-600x600.webp 600w, https:\/\/arteconfort.com\/wp-content\/uploads\/2023\/10\/MACA-grafico-100x100.webp 100w\" sizes=\"auto, (max-width: 1024px) 100vw, 1024px\" \/><img loading=\"lazy\" decoding=\"async\" width=\"1024\" height=\"1024\" src=\"https:\/\/arteconfort.com\/wp-content\/uploads\/2024\/07\/ventilador-MACA-M-90209464-tz-01.webp\" class=\"attachment-shop_catalog size-shop_catalog\" alt=\"Ventilador MACA temperaturas luz\" srcset=\"https:\/\/arteconfort.com\/wp-content\/uploads\/2024\/07\/ventilador-MACA-M-90209464-tz-01.webp 1024w, https:\/\/arteconfort.com\/wp-content\/uploads\/2024\/07\/ventilador-MACA-M-90209464-tz-01-768x768.webp 768w, https:\/\/arteconfort.com\/wp-content\/uploads\/2024\/07\/ventilador-MACA-M-90209464-tz-01-340x340.webp 340w, https:\/\/arteconfort.com\/wp-content\/uploads\/2024\/07\/ventilador-MACA-M-90209464-tz-01-640x640.webp 640w, https:\/\/arteconfort.com\/wp-content\/uploads\/2024\/07\/ventilador-MACA-M-90209464-tz-01-960x960.webp 960w, https:\/\/arteconfort.com\/wp-content\/uploads\/2024\/07\/ventilador-MACA-M-90209464-tz-01-133x133.webp 133w, https:\/\/arteconfort.com\/wp-content\/uploads\/2024\/07\/ventilador-MACA-M-90209464-tz-01-300x300.webp 300w, https:\/\/arteconfort.com\/wp-content\/uploads\/2024\/07\/ventilador-MACA-M-90209464-tz-01-600x600.webp 600w, https:\/\/arteconfort.com\/wp-content\/uploads\/2024\/07\/ventilador-MACA-M-90209464-tz-01-100x100.webp 100w\" sizes=\"auto, (max-width: 1024px) 100vw, 1024px\" \/><img loading=\"lazy\" decoding=\"async\" width=\"1024\" height=\"1024\" src=\"https:\/\/arteconfort.com\/wp-content\/uploads\/2023\/10\/MACA-ambiente-4.webp\" class=\"attachment-shop_catalog size-shop_catalog\" alt=\"\" srcset=\"https:\/\/arteconfort.com\/wp-content\/uploads\/2023\/10\/MACA-ambiente-4.webp 1024w, https:\/\/arteconfort.com\/wp-content\/uploads\/2023\/10\/MACA-ambiente-4-768x768.webp 768w, https:\/\/arteconfort.com\/wp-content\/uploads\/2023\/10\/MACA-ambiente-4-340x340.webp 340w, https:\/\/arteconfort.com\/wp-content\/uploads\/2023\/10\/MACA-ambiente-4-640x640.webp 640w, https:\/\/arteconfort.com\/wp-content\/uploads\/2023\/10\/MACA-ambiente-4-960x960.webp 960w, https:\/\/arteconfort.com\/wp-content\/uploads\/2023\/10\/MACA-ambiente-4-133x133.webp 133w, https:\/\/arteconfort.com\/wp-content\/uploads\/2023\/10\/MACA-ambiente-4-300x300.webp 300w, https:\/\/arteconfort.com\/wp-content\/uploads\/2023\/10\/MACA-ambiente-4-600x600.webp 600w, https:\/\/arteconfort.com\/wp-content\/uploads\/2023\/10\/MACA-ambiente-4-100x100.webp 100w\" sizes=\"auto, (max-width: 1024px) 100vw, 1024px\" \/><img loading=\"lazy\" decoding=\"async\" width=\"1024\" height=\"1024\" src=\"https:\/\/arteconfort.com\/wp-content\/uploads\/2023\/10\/MACA-ambiente-3.webp\" class=\"attachment-shop_catalog size-shop_catalog\" alt=\"\" srcset=\"https:\/\/arteconfort.com\/wp-content\/uploads\/2023\/10\/MACA-ambiente-3.webp 1024w, https:\/\/arteconfort.com\/wp-content\/uploads\/2023\/10\/MACA-ambiente-3-768x768.webp 768w, https:\/\/arteconfort.com\/wp-content\/uploads\/2023\/10\/MACA-ambiente-3-340x340.webp 340w, https:\/\/arteconfort.com\/wp-content\/uploads\/2023\/10\/MACA-ambiente-3-640x640.webp 640w, https:\/\/arteconfort.com\/wp-content\/uploads\/2023\/10\/MACA-ambiente-3-960x960.webp 960w, https:\/\/arteconfort.com\/wp-content\/uploads\/2023\/10\/MACA-ambiente-3-133x133.webp 133w, https:\/\/arteconfort.com\/wp-content\/uploads\/2023\/10\/MACA-ambiente-3-300x300.webp 300w, https:\/\/arteconfort.com\/wp-content\/uploads\/2023\/10\/MACA-ambiente-3-600x600.webp 600w, https:\/\/arteconfort.com\/wp-content\/uploads\/2023\/10\/MACA-ambiente-3-100x100.webp 100w\" sizes=\"auto, (max-width: 1024px) 100vw, 1024px\" \/><img loading=\"lazy\" decoding=\"async\" width=\"1024\" height=\"1024\" src=\"https:\/\/arteconfort.com\/wp-content\/uploads\/2023\/10\/MACA-ambiente-2.webp\" class=\"attachment-shop_catalog size-shop_catalog\" alt=\"\" srcset=\"https:\/\/arteconfort.com\/wp-content\/uploads\/2023\/10\/MACA-ambiente-2.webp 1024w, https:\/\/arteconfort.com\/wp-content\/uploads\/2023\/10\/MACA-ambiente-2-768x768.webp 768w, https:\/\/arteconfort.com\/wp-content\/uploads\/2023\/10\/MACA-ambiente-2-340x340.webp 340w, https:\/\/arteconfort.com\/wp-content\/uploads\/2023\/10\/MACA-ambiente-2-640x640.webp 640w, https:\/\/arteconfort.com\/wp-content\/uploads\/2023\/10\/MACA-ambiente-2-960x960.webp 960w, https:\/\/arteconfort.com\/wp-content\/uploads\/2023\/10\/MACA-ambiente-2-133x133.webp 133w, https:\/\/arteconfort.com\/wp-content\/uploads\/2023\/10\/MACA-ambiente-2-300x300.webp 300w, https:\/\/arteconfort.com\/wp-content\/uploads\/2023\/10\/MACA-ambiente-2-600x600.webp 600w, https:\/\/arteconfort.com\/wp-content\/uploads\/2023\/10\/MACA-ambiente-2-100x100.webp 100w\" sizes=\"auto, (max-width: 1024px) 100vw, 1024px\" \/>\t<\/a>\n\t<div class=\"w-product-status\"><\/div>\t<span id=\"woocommerce_loop_add_to_cart_link_describedby_25411\" class=\"screen-reader-text\">\n\t\t\t<\/span>\n<\/div><div class=\"berocket_better_labels berocket_better_labels_image\"><div class=\"berocket_better_labels_position berocket_better_labels_position_right\"><div class=\"berocket_better_labels_line berocket_better_labels_line_1\"><div class=\"berocket_better_labels_inline berocket_better_labels_inline_1\"><div class=\"br_alabel br_alabel_type_text br_alabel_template_type_css berocket_alabel_id_22611  br_alabel_better_compatibility\" style=\"\"><span  style=\"\"><i style=\"background-color: #000000; border-color: #000000;\" class=\"template-span-before \"><\/i><i style=\"background-color: #000000; border-color: #000000;\" class=\"template-i \"><\/i><i style=\"background-color: #000000; border-color: #000000;\" class=\"template-i-before \"><\/i><i style=\"background-color: #000000; border-color: #000000;\" class=\"template-i-after \"><\/i><b style=\"position: relative;z-index: 100;text-align: center;color: inherit;\">Old collection<\/b><\/span><\/div><\/div><\/div><\/div><\/div><figcaption><h2 class=\"woocommerce-loop-product__title\">MACA<\/h2><div class=\"woocommerce-product-details__short-description\">\n\t<p>MACA ceiling fan with retractable or folding blades, its light source is an integrated LED module, with a<\/div>\n\n<\/figcaption><\/figure><\/li>\n<li class=\"product type-product post-45261 status-publish last instock product_cat-climatizacion-en product_cat-ventiladores-de-techo-en has-post-thumbnail shipping-taxable product-type-simple w-item col-3\">\n\t<figure><div class=\"image-wrapper\">\t\t<a href=\"https:\/\/arteconfort.com\/en\/producto\/maca-l\/\" class=\"w-fadeslider\">\n\t<img loading=\"lazy\" decoding=\"async\" width=\"1024\" height=\"1024\" src=\"https:\/\/arteconfort.com\/wp-content\/uploads\/2025\/03\/MACA-L-mando-2025-01.webp\" class=\"attachment-shop_catalog size-shop_catalog wp-post-image\" alt=\"\" srcset=\"https:\/\/arteconfort.com\/wp-content\/uploads\/2025\/03\/MACA-L-mando-2025-01.webp 1024w, https:\/\/arteconfort.com\/wp-content\/uploads\/2025\/03\/MACA-L-mando-2025-01-768x768.webp 768w, https:\/\/arteconfort.com\/wp-content\/uploads\/2025\/03\/MACA-L-mando-2025-01-340x340.webp 340w, https:\/\/arteconfort.com\/wp-content\/uploads\/2025\/03\/MACA-L-mando-2025-01-640x640.webp 640w, https:\/\/arteconfort.com\/wp-content\/uploads\/2025\/03\/MACA-L-mando-2025-01-960x960.webp 960w, https:\/\/arteconfort.com\/wp-content\/uploads\/2025\/03\/MACA-L-mando-2025-01-300x300.webp 300w, https:\/\/arteconfort.com\/wp-content\/uploads\/2025\/03\/MACA-L-mando-2025-01-600x600.webp 600w, https:\/\/arteconfort.com\/wp-content\/uploads\/2025\/03\/MACA-L-mando-2025-01-100x100.webp 100w\" sizes=\"auto, (max-width: 1024px) 100vw, 1024px\" \/>\t<img loading=\"lazy\" decoding=\"async\" width=\"1024\" height=\"1024\" src=\"https:\/\/arteconfort.com\/wp-content\/uploads\/2025\/03\/MACA-L-p-02.webp\" class=\"attachment-shop_catalog size-shop_catalog\" alt=\"\" srcset=\"https:\/\/arteconfort.com\/wp-content\/uploads\/2025\/03\/MACA-L-p-02.webp 1024w, https:\/\/arteconfort.com\/wp-content\/uploads\/2025\/03\/MACA-L-p-02-768x768.webp 768w, https:\/\/arteconfort.com\/wp-content\/uploads\/2025\/03\/MACA-L-p-02-340x340.webp 340w, https:\/\/arteconfort.com\/wp-content\/uploads\/2025\/03\/MACA-L-p-02-640x640.webp 640w, https:\/\/arteconfort.com\/wp-content\/uploads\/2025\/03\/MACA-L-p-02-960x960.webp 960w, https:\/\/arteconfort.com\/wp-content\/uploads\/2025\/03\/MACA-L-p-02-300x300.webp 300w, https:\/\/arteconfort.com\/wp-content\/uploads\/2025\/03\/MACA-L-p-02-600x600.webp 600w, https:\/\/arteconfort.com\/wp-content\/uploads\/2025\/03\/MACA-L-p-02-100x100.webp 100w\" sizes=\"auto, (max-width: 1024px) 100vw, 1024px\" \/><img loading=\"lazy\" decoding=\"async\" width=\"1024\" height=\"1024\" src=\"https:\/\/arteconfort.com\/wp-content\/uploads\/2025\/03\/MACA-L-temperatura.webp\" class=\"attachment-shop_catalog size-shop_catalog\" alt=\"\" srcset=\"https:\/\/arteconfort.com\/wp-content\/uploads\/2025\/03\/MACA-L-temperatura.webp 1024w, https:\/\/arteconfort.com\/wp-content\/uploads\/2025\/03\/MACA-L-temperatura-768x768.webp 768w, https:\/\/arteconfort.com\/wp-content\/uploads\/2025\/03\/MACA-L-temperatura-340x340.webp 340w, https:\/\/arteconfort.com\/wp-content\/uploads\/2025\/03\/MACA-L-temperatura-640x640.webp 640w, https:\/\/arteconfort.com\/wp-content\/uploads\/2025\/03\/MACA-L-temperatura-960x960.webp 960w, https:\/\/arteconfort.com\/wp-content\/uploads\/2025\/03\/MACA-L-temperatura-300x300.webp 300w, https:\/\/arteconfort.com\/wp-content\/uploads\/2025\/03\/MACA-L-temperatura-600x600.webp 600w, https:\/\/arteconfort.com\/wp-content\/uploads\/2025\/03\/MACA-L-temperatura-100x100.webp 100w\" sizes=\"auto, (max-width: 1024px) 100vw, 1024px\" \/><img loading=\"lazy\" decoding=\"async\" width=\"1024\" height=\"1024\" src=\"https:\/\/arteconfort.com\/wp-content\/uploads\/2025\/03\/MACA-L-grafico-2025-05.webp\" class=\"attachment-shop_catalog size-shop_catalog\" alt=\"\" srcset=\"https:\/\/arteconfort.com\/wp-content\/uploads\/2025\/03\/MACA-L-grafico-2025-05.webp 1024w, https:\/\/arteconfort.com\/wp-content\/uploads\/2025\/03\/MACA-L-grafico-2025-05-768x768.webp 768w, https:\/\/arteconfort.com\/wp-content\/uploads\/2025\/03\/MACA-L-grafico-2025-05-340x340.webp 340w, https:\/\/arteconfort.com\/wp-content\/uploads\/2025\/03\/MACA-L-grafico-2025-05-640x640.webp 640w, https:\/\/arteconfort.com\/wp-content\/uploads\/2025\/03\/MACA-L-grafico-2025-05-960x960.webp 960w, https:\/\/arteconfort.com\/wp-content\/uploads\/2025\/03\/MACA-L-grafico-2025-05-300x300.webp 300w, https:\/\/arteconfort.com\/wp-content\/uploads\/2025\/03\/MACA-L-grafico-2025-05-600x600.webp 600w, https:\/\/arteconfort.com\/wp-content\/uploads\/2025\/03\/MACA-L-grafico-2025-05-100x100.webp 100w\" sizes=\"auto, (max-width: 1024px) 100vw, 1024px\" \/>\t<\/a>\n\t<div class=\"w-product-status\"><\/div>\t<span id=\"woocommerce_loop_add_to_cart_link_describedby_45261\" class=\"screen-reader-text\">\n\t\t\t<\/span>\n<\/div><figcaption><h2 class=\"woocommerce-loop-product__title\">MACA L<\/h2><div class=\"woocommerce-product-details__short-description\">\n\t<p>MACA L retractable fan with integrated LED light, high luminous flux and color temperature memory. It has a<\/div>\n\n<\/figcaption><\/figure><\/li>\n<li class=\"product type-product post-46288 status-publish first instock product_cat-climatizacion-en product_cat-ventiladores-de-techo-en has-post-thumbnail shipping-taxable product-type-simple w-item col-3\">\n\t<figure><div class=\"image-wrapper\">\t\t<a href=\"https:\/\/arteconfort.com\/en\/producto\/mallorca\/\" class=\"w-fadeslider\">\n\t<img loading=\"lazy\" decoding=\"async\" width=\"1024\" height=\"1024\" src=\"https:\/\/arteconfort.com\/wp-content\/uploads\/2025\/04\/MALLORCA-mando.webp\" class=\"attachment-shop_catalog size-shop_catalog wp-post-image\" alt=\"\" srcset=\"https:\/\/arteconfort.com\/wp-content\/uploads\/2025\/04\/MALLORCA-mando.webp 1024w, https:\/\/arteconfort.com\/wp-content\/uploads\/2025\/04\/MALLORCA-mando-768x768.webp 768w, https:\/\/arteconfort.com\/wp-content\/uploads\/2025\/04\/MALLORCA-mando-340x340.webp 340w, https:\/\/arteconfort.com\/wp-content\/uploads\/2025\/04\/MALLORCA-mando-640x640.webp 640w, https:\/\/arteconfort.com\/wp-content\/uploads\/2025\/04\/MALLORCA-mando-960x960.webp 960w, https:\/\/arteconfort.com\/wp-content\/uploads\/2025\/04\/MALLORCA-mando-300x300.webp 300w, https:\/\/arteconfort.com\/wp-content\/uploads\/2025\/04\/MALLORCA-mando-600x600.webp 600w, https:\/\/arteconfort.com\/wp-content\/uploads\/2025\/04\/MALLORCA-mando-100x100.webp 100w\" sizes=\"auto, (max-width: 1024px) 100vw, 1024px\" \/>\t<img loading=\"lazy\" decoding=\"async\" width=\"1024\" height=\"1024\" src=\"https:\/\/arteconfort.com\/wp-content\/uploads\/2025\/04\/Mallorca_BlancoMaderaClara_Lateral.webp\" class=\"attachment-shop_catalog size-shop_catalog\" alt=\"\" srcset=\"https:\/\/arteconfort.com\/wp-content\/uploads\/2025\/04\/Mallorca_BlancoMaderaClara_Lateral.webp 1024w, https:\/\/arteconfort.com\/wp-content\/uploads\/2025\/04\/Mallorca_BlancoMaderaClara_Lateral-768x768.webp 768w, https:\/\/arteconfort.com\/wp-content\/uploads\/2025\/04\/Mallorca_BlancoMaderaClara_Lateral-340x340.webp 340w, https:\/\/arteconfort.com\/wp-content\/uploads\/2025\/04\/Mallorca_BlancoMaderaClara_Lateral-640x640.webp 640w, https:\/\/arteconfort.com\/wp-content\/uploads\/2025\/04\/Mallorca_BlancoMaderaClara_Lateral-960x960.webp 960w, https:\/\/arteconfort.com\/wp-content\/uploads\/2025\/04\/Mallorca_BlancoMaderaClara_Lateral-300x300.webp 300w, https:\/\/arteconfort.com\/wp-content\/uploads\/2025\/04\/Mallorca_BlancoMaderaClara_Lateral-600x600.webp 600w, https:\/\/arteconfort.com\/wp-content\/uploads\/2025\/04\/Mallorca_BlancoMaderaClara_Lateral-100x100.webp 100w\" sizes=\"auto, (max-width: 1024px) 100vw, 1024px\" \/><img loading=\"lazy\" decoding=\"async\" width=\"1024\" height=\"1024\" src=\"https:\/\/arteconfort.com\/wp-content\/uploads\/2025\/04\/Mallorca_BlancoMaderaClara_Embellecedor.webp\" class=\"attachment-shop_catalog size-shop_catalog\" alt=\"\" srcset=\"https:\/\/arteconfort.com\/wp-content\/uploads\/2025\/04\/Mallorca_BlancoMaderaClara_Embellecedor.webp 1024w, https:\/\/arteconfort.com\/wp-content\/uploads\/2025\/04\/Mallorca_BlancoMaderaClara_Embellecedor-768x768.webp 768w, https:\/\/arteconfort.com\/wp-content\/uploads\/2025\/04\/Mallorca_BlancoMaderaClara_Embellecedor-340x340.webp 340w, https:\/\/arteconfort.com\/wp-content\/uploads\/2025\/04\/Mallorca_BlancoMaderaClara_Embellecedor-640x640.webp 640w, https:\/\/arteconfort.com\/wp-content\/uploads\/2025\/04\/Mallorca_BlancoMaderaClara_Embellecedor-960x960.webp 960w, https:\/\/arteconfort.com\/wp-content\/uploads\/2025\/04\/Mallorca_BlancoMaderaClara_Embellecedor-300x300.webp 300w, https:\/\/arteconfort.com\/wp-content\/uploads\/2025\/04\/Mallorca_BlancoMaderaClara_Embellecedor-600x600.webp 600w, https:\/\/arteconfort.com\/wp-content\/uploads\/2025\/04\/Mallorca_BlancoMaderaClara_Embellecedor-100x100.webp 100w\" sizes=\"auto, (max-width: 1024px) 100vw, 1024px\" \/><img loading=\"lazy\" decoding=\"async\" width=\"1024\" height=\"1024\" src=\"https:\/\/arteconfort.com\/wp-content\/uploads\/2025\/04\/Mallorca_BlancoMaderaClara_Aspa.webp\" class=\"attachment-shop_catalog size-shop_catalog\" alt=\"\" srcset=\"https:\/\/arteconfort.com\/wp-content\/uploads\/2025\/04\/Mallorca_BlancoMaderaClara_Aspa.webp 1024w, https:\/\/arteconfort.com\/wp-content\/uploads\/2025\/04\/Mallorca_BlancoMaderaClara_Aspa-768x768.webp 768w, https:\/\/arteconfort.com\/wp-content\/uploads\/2025\/04\/Mallorca_BlancoMaderaClara_Aspa-340x340.webp 340w, https:\/\/arteconfort.com\/wp-content\/uploads\/2025\/04\/Mallorca_BlancoMaderaClara_Aspa-640x640.webp 640w, https:\/\/arteconfort.com\/wp-content\/uploads\/2025\/04\/Mallorca_BlancoMaderaClara_Aspa-960x960.webp 960w, https:\/\/arteconfort.com\/wp-content\/uploads\/2025\/04\/Mallorca_BlancoMaderaClara_Aspa-300x300.webp 300w, https:\/\/arteconfort.com\/wp-content\/uploads\/2025\/04\/Mallorca_BlancoMaderaClara_Aspa-600x600.webp 600w, https:\/\/arteconfort.com\/wp-content\/uploads\/2025\/04\/Mallorca_BlancoMaderaClara_Aspa-100x100.webp 100w\" sizes=\"auto, (max-width: 1024px) 100vw, 1024px\" \/><img loading=\"lazy\" decoding=\"async\" width=\"1024\" height=\"1024\" src=\"https:\/\/arteconfort.com\/wp-content\/uploads\/2025\/04\/Mallorca_BlancoMaderaClara_Abajo.webp\" class=\"attachment-shop_catalog size-shop_catalog\" alt=\"\" srcset=\"https:\/\/arteconfort.com\/wp-content\/uploads\/2025\/04\/Mallorca_BlancoMaderaClara_Abajo.webp 1024w, https:\/\/arteconfort.com\/wp-content\/uploads\/2025\/04\/Mallorca_BlancoMaderaClara_Abajo-768x768.webp 768w, https:\/\/arteconfort.com\/wp-content\/uploads\/2025\/04\/Mallorca_BlancoMaderaClara_Abajo-340x340.webp 340w, https:\/\/arteconfort.com\/wp-content\/uploads\/2025\/04\/Mallorca_BlancoMaderaClara_Abajo-640x640.webp 640w, https:\/\/arteconfort.com\/wp-content\/uploads\/2025\/04\/Mallorca_BlancoMaderaClara_Abajo-960x960.webp 960w, https:\/\/arteconfort.com\/wp-content\/uploads\/2025\/04\/Mallorca_BlancoMaderaClara_Abajo-300x300.webp 300w, https:\/\/arteconfort.com\/wp-content\/uploads\/2025\/04\/Mallorca_BlancoMaderaClara_Abajo-600x600.webp 600w, https:\/\/arteconfort.com\/wp-content\/uploads\/2025\/04\/Mallorca_BlancoMaderaClara_Abajo-100x100.webp 100w\" sizes=\"auto, (max-width: 1024px) 100vw, 1024px\" \/><img loading=\"lazy\" decoding=\"async\" width=\"1024\" height=\"1024\" src=\"https:\/\/arteconfort.com\/wp-content\/uploads\/2025\/04\/MALLORCA-temperaturas-03.webp\" class=\"attachment-shop_catalog size-shop_catalog\" alt=\"\" srcset=\"https:\/\/arteconfort.com\/wp-content\/uploads\/2025\/04\/MALLORCA-temperaturas-03.webp 1024w, https:\/\/arteconfort.com\/wp-content\/uploads\/2025\/04\/MALLORCA-temperaturas-03-768x768.webp 768w, https:\/\/arteconfort.com\/wp-content\/uploads\/2025\/04\/MALLORCA-temperaturas-03-340x340.webp 340w, https:\/\/arteconfort.com\/wp-content\/uploads\/2025\/04\/MALLORCA-temperaturas-03-640x640.webp 640w, https:\/\/arteconfort.com\/wp-content\/uploads\/2025\/04\/MALLORCA-temperaturas-03-960x960.webp 960w, https:\/\/arteconfort.com\/wp-content\/uploads\/2025\/04\/MALLORCA-temperaturas-03-300x300.webp 300w, https:\/\/arteconfort.com\/wp-content\/uploads\/2025\/04\/MALLORCA-temperaturas-03-600x600.webp 600w, https:\/\/arteconfort.com\/wp-content\/uploads\/2025\/04\/MALLORCA-temperaturas-03-100x100.webp 100w\" sizes=\"auto, (max-width: 1024px) 100vw, 1024px\" \/><img loading=\"lazy\" decoding=\"async\" width=\"2000\" height=\"2000\" src=\"https:\/\/arteconfort.com\/wp-content\/uploads\/2025\/04\/MALLORCA-grafico.webp\" class=\"attachment-shop_catalog size-shop_catalog\" alt=\"\" srcset=\"https:\/\/arteconfort.com\/wp-content\/uploads\/2025\/04\/MALLORCA-grafico.webp 2000w, https:\/\/arteconfort.com\/wp-content\/uploads\/2025\/04\/MALLORCA-grafico-768x768.webp 768w, https:\/\/arteconfort.com\/wp-content\/uploads\/2025\/04\/MALLORCA-grafico-1536x1536.webp 1536w, https:\/\/arteconfort.com\/wp-content\/uploads\/2025\/04\/MALLORCA-grafico-340x340.webp 340w, https:\/\/arteconfort.com\/wp-content\/uploads\/2025\/04\/MALLORCA-grafico-640x640.webp 640w, https:\/\/arteconfort.com\/wp-content\/uploads\/2025\/04\/MALLORCA-grafico-960x960.webp 960w, https:\/\/arteconfort.com\/wp-content\/uploads\/2025\/04\/MALLORCA-grafico-1280x1280.webp 1280w, https:\/\/arteconfort.com\/wp-content\/uploads\/2025\/04\/MALLORCA-grafico-300x300.webp 300w, https:\/\/arteconfort.com\/wp-content\/uploads\/2025\/04\/MALLORCA-grafico-600x600.webp 600w, https:\/\/arteconfort.com\/wp-content\/uploads\/2025\/04\/MALLORCA-grafico-100x100.webp 100w\" sizes=\"auto, (max-width: 2000px) 100vw, 2000px\" \/>\t<\/a>\n\t<div class=\"w-product-status\"><\/div>\t<span id=\"woocommerce_loop_add_to_cart_link_describedby_46288\" class=\"screen-reader-text\">\n\t\t\t<\/span>\n<\/div><figcaption><h2 class=\"woocommerce-loop-product__title\">MALLORCA<\/h2><div class=\"woocommerce-product-details__short-description\">\n\t<p>The MALLORCA ceiling fan incorporates LED light and color temperature memory. It has a body made of CRS<\/div>\n\n<\/figcaption><\/figure><\/li>\n<li class=\"product type-product post-10298 status-publish instock product_cat-climatizacion-en product_cat-collection-old-en product_cat-ventiladores-de-techo-en has-post-thumbnail shipping-taxable product-type-simple w-item col-3\">\n\t<figure><div class=\"image-wrapper\">\t\t<a href=\"https:\/\/arteconfort.com\/en\/producto\/manila\/\" class=\"w-fadeslider\">\n\t<img loading=\"lazy\" decoding=\"async\" width=\"1024\" height=\"1024\" src=\"https:\/\/arteconfort.com\/wp-content\/uploads\/2023\/10\/MANILA.webp\" class=\"attachment-shop_catalog size-shop_catalog wp-post-image\" alt=\"\" srcset=\"https:\/\/arteconfort.com\/wp-content\/uploads\/2023\/10\/MANILA.webp 1024w, https:\/\/arteconfort.com\/wp-content\/uploads\/2023\/10\/MANILA-768x768.webp 768w, https:\/\/arteconfort.com\/wp-content\/uploads\/2023\/10\/MANILA-340x340.webp 340w, https:\/\/arteconfort.com\/wp-content\/uploads\/2023\/10\/MANILA-640x640.webp 640w, https:\/\/arteconfort.com\/wp-content\/uploads\/2023\/10\/MANILA-960x960.webp 960w, https:\/\/arteconfort.com\/wp-content\/uploads\/2023\/10\/MANILA-300x300.webp 300w, https:\/\/arteconfort.com\/wp-content\/uploads\/2023\/10\/MANILA-600x600.webp 600w, https:\/\/arteconfort.com\/wp-content\/uploads\/2023\/10\/MANILA-100x100.webp 100w, https:\/\/arteconfort.com\/wp-content\/uploads\/2023\/10\/MANILA-133x133.webp 133w\" sizes=\"auto, (max-width: 1024px) 100vw, 1024px\" \/>\t<img loading=\"lazy\" decoding=\"async\" width=\"1024\" height=\"1024\" src=\"https:\/\/arteconfort.com\/wp-content\/uploads\/2023\/10\/MANILA-ambiente.webp\" class=\"attachment-shop_catalog size-shop_catalog\" alt=\"\" srcset=\"https:\/\/arteconfort.com\/wp-content\/uploads\/2023\/10\/MANILA-ambiente.webp 1024w, https:\/\/arteconfort.com\/wp-content\/uploads\/2023\/10\/MANILA-ambiente-768x768.webp 768w, https:\/\/arteconfort.com\/wp-content\/uploads\/2023\/10\/MANILA-ambiente-340x340.webp 340w, https:\/\/arteconfort.com\/wp-content\/uploads\/2023\/10\/MANILA-ambiente-640x640.webp 640w, https:\/\/arteconfort.com\/wp-content\/uploads\/2023\/10\/MANILA-ambiente-960x960.webp 960w, https:\/\/arteconfort.com\/wp-content\/uploads\/2023\/10\/MANILA-ambiente-133x133.webp 133w, https:\/\/arteconfort.com\/wp-content\/uploads\/2023\/10\/MANILA-ambiente-300x300.webp 300w, https:\/\/arteconfort.com\/wp-content\/uploads\/2023\/10\/MANILA-ambiente-600x600.webp 600w, https:\/\/arteconfort.com\/wp-content\/uploads\/2023\/10\/MANILA-ambiente-100x100.webp 100w\" sizes=\"auto, (max-width: 1024px) 100vw, 1024px\" \/><img loading=\"lazy\" decoding=\"async\" width=\"1024\" height=\"1024\" src=\"https:\/\/arteconfort.com\/wp-content\/uploads\/2023\/10\/Mando-MANILA.webp\" class=\"attachment-shop_catalog size-shop_catalog\" alt=\"\" srcset=\"https:\/\/arteconfort.com\/wp-content\/uploads\/2023\/10\/Mando-MANILA.webp 1024w, https:\/\/arteconfort.com\/wp-content\/uploads\/2023\/10\/Mando-MANILA-768x768.webp 768w, https:\/\/arteconfort.com\/wp-content\/uploads\/2023\/10\/Mando-MANILA-340x340.webp 340w, https:\/\/arteconfort.com\/wp-content\/uploads\/2023\/10\/Mando-MANILA-640x640.webp 640w, https:\/\/arteconfort.com\/wp-content\/uploads\/2023\/10\/Mando-MANILA-960x960.webp 960w, https:\/\/arteconfort.com\/wp-content\/uploads\/2023\/10\/Mando-MANILA-133x133.webp 133w, https:\/\/arteconfort.com\/wp-content\/uploads\/2023\/10\/Mando-MANILA-300x300.webp 300w, https:\/\/arteconfort.com\/wp-content\/uploads\/2023\/10\/Mando-MANILA-600x600.webp 600w, https:\/\/arteconfort.com\/wp-content\/uploads\/2023\/10\/Mando-MANILA-100x100.webp 100w\" sizes=\"auto, (max-width: 1024px) 100vw, 1024px\" \/>\t<\/a>\n\t<div class=\"w-product-status\"><\/div>\t<span id=\"woocommerce_loop_add_to_cart_link_describedby_10298\" class=\"screen-reader-text\">\n\t\t\t<\/span>\n<\/div><div class=\"berocket_better_labels berocket_better_labels_image\"><div class=\"berocket_better_labels_position berocket_better_labels_position_right\"><div class=\"berocket_better_labels_line berocket_better_labels_line_1\"><div class=\"berocket_better_labels_inline berocket_better_labels_inline_1\"><div class=\"br_alabel br_alabel_type_text br_alabel_template_type_css berocket_alabel_id_22611  br_alabel_better_compatibility\" style=\"\"><span  style=\"\"><i style=\"background-color: #000000; border-color: #000000;\" class=\"template-span-before \"><\/i><i style=\"background-color: #000000; border-color: #000000;\" class=\"template-i \"><\/i><i style=\"background-color: #000000; border-color: #000000;\" class=\"template-i-before \"><\/i><i style=\"background-color: #000000; border-color: #000000;\" class=\"template-i-after \"><\/i><b style=\"position: relative;z-index: 100;text-align: center;color: inherit;\">Old collection<\/b><\/span><\/div><\/div><\/div><\/div><\/div><figcaption><h2 class=\"woocommerce-loop-product__title\">MANILA<\/h2><div class=\"woocommerce-product-details__short-description\">\n\t<p>The MANILA ceiling fan is a real wood model with an elegant combination of the red walnut colour<\/div>\n\n<\/figcaption><\/figure><\/li>\n<li class=\"product type-product post-21222 status-publish instock product_cat-climatizacion-en product_cat-collection-old-en product_cat-ventiladores-de-techo-en has-post-thumbnail shipping-taxable product-type-simple w-item col-3\">\n\t<figure><div class=\"image-wrapper\">\t\t<a href=\"https:\/\/arteconfort.com\/en\/producto\/megia\/\" class=\"w-fadeslider\">\n\t<img loading=\"lazy\" decoding=\"async\" width=\"1024\" height=\"1024\" src=\"https:\/\/arteconfort.com\/wp-content\/uploads\/2024\/06\/ventilador-MEGIA-83738632-p-01.webp\" class=\"attachment-shop_catalog size-shop_catalog wp-post-image\" alt=\"Ventilador MEGIA aspa madera con mando\" srcset=\"https:\/\/arteconfort.com\/wp-content\/uploads\/2024\/06\/ventilador-MEGIA-83738632-p-01.webp 1024w, https:\/\/arteconfort.com\/wp-content\/uploads\/2024\/06\/ventilador-MEGIA-83738632-p-01-768x768.webp 768w, https:\/\/arteconfort.com\/wp-content\/uploads\/2024\/06\/ventilador-MEGIA-83738632-p-01-340x340.webp 340w, https:\/\/arteconfort.com\/wp-content\/uploads\/2024\/06\/ventilador-MEGIA-83738632-p-01-640x640.webp 640w, https:\/\/arteconfort.com\/wp-content\/uploads\/2024\/06\/ventilador-MEGIA-83738632-p-01-960x960.webp 960w, https:\/\/arteconfort.com\/wp-content\/uploads\/2024\/06\/ventilador-MEGIA-83738632-p-01-300x300.webp 300w, https:\/\/arteconfort.com\/wp-content\/uploads\/2024\/06\/ventilador-MEGIA-83738632-p-01-600x600.webp 600w, https:\/\/arteconfort.com\/wp-content\/uploads\/2024\/06\/ventilador-MEGIA-83738632-p-01-100x100.webp 100w, https:\/\/arteconfort.com\/wp-content\/uploads\/2024\/06\/ventilador-MEGIA-83738632-p-01-133x133.webp 133w\" sizes=\"auto, (max-width: 1024px) 100vw, 1024px\" \/>\t<img loading=\"lazy\" decoding=\"async\" width=\"1024\" height=\"1024\" src=\"https:\/\/arteconfort.com\/wp-content\/uploads\/2024\/06\/ventilador-MEGIA-83738632-p-02.webp\" class=\"attachment-shop_catalog size-shop_catalog\" alt=\"Ventilador MEGIA aspa negra con mando\" srcset=\"https:\/\/arteconfort.com\/wp-content\/uploads\/2024\/06\/ventilador-MEGIA-83738632-p-02.webp 1024w, https:\/\/arteconfort.com\/wp-content\/uploads\/2024\/06\/ventilador-MEGIA-83738632-p-02-768x768.webp 768w, https:\/\/arteconfort.com\/wp-content\/uploads\/2024\/06\/ventilador-MEGIA-83738632-p-02-340x340.webp 340w, https:\/\/arteconfort.com\/wp-content\/uploads\/2024\/06\/ventilador-MEGIA-83738632-p-02-640x640.webp 640w, https:\/\/arteconfort.com\/wp-content\/uploads\/2024\/06\/ventilador-MEGIA-83738632-p-02-960x960.webp 960w, https:\/\/arteconfort.com\/wp-content\/uploads\/2024\/06\/ventilador-MEGIA-83738632-p-02-133x133.webp 133w, https:\/\/arteconfort.com\/wp-content\/uploads\/2024\/06\/ventilador-MEGIA-83738632-p-02-300x300.webp 300w, https:\/\/arteconfort.com\/wp-content\/uploads\/2024\/06\/ventilador-MEGIA-83738632-p-02-600x600.webp 600w, https:\/\/arteconfort.com\/wp-content\/uploads\/2024\/06\/ventilador-MEGIA-83738632-p-02-100x100.webp 100w\" sizes=\"auto, (max-width: 1024px) 100vw, 1024px\" \/><img loading=\"lazy\" decoding=\"async\" width=\"1024\" height=\"1024\" src=\"https:\/\/arteconfort.com\/wp-content\/uploads\/2023\/10\/AMBIENTE-MEGIA-APAGADO.webp\" class=\"attachment-shop_catalog size-shop_catalog\" alt=\"\" srcset=\"https:\/\/arteconfort.com\/wp-content\/uploads\/2023\/10\/AMBIENTE-MEGIA-APAGADO.webp 1024w, https:\/\/arteconfort.com\/wp-content\/uploads\/2023\/10\/AMBIENTE-MEGIA-APAGADO-768x768.webp 768w, https:\/\/arteconfort.com\/wp-content\/uploads\/2023\/10\/AMBIENTE-MEGIA-APAGADO-340x340.webp 340w, https:\/\/arteconfort.com\/wp-content\/uploads\/2023\/10\/AMBIENTE-MEGIA-APAGADO-640x640.webp 640w, https:\/\/arteconfort.com\/wp-content\/uploads\/2023\/10\/AMBIENTE-MEGIA-APAGADO-960x960.webp 960w, https:\/\/arteconfort.com\/wp-content\/uploads\/2023\/10\/AMBIENTE-MEGIA-APAGADO-133x133.webp 133w, https:\/\/arteconfort.com\/wp-content\/uploads\/2023\/10\/AMBIENTE-MEGIA-APAGADO-300x300.webp 300w, https:\/\/arteconfort.com\/wp-content\/uploads\/2023\/10\/AMBIENTE-MEGIA-APAGADO-600x600.webp 600w, https:\/\/arteconfort.com\/wp-content\/uploads\/2023\/10\/AMBIENTE-MEGIA-APAGADO-100x100.webp 100w\" sizes=\"auto, (max-width: 1024px) 100vw, 1024px\" \/><img loading=\"lazy\" decoding=\"async\" width=\"1024\" height=\"1024\" src=\"https:\/\/arteconfort.com\/wp-content\/uploads\/2024\/06\/ventilador-MEGIA-83738632-0100.webp\" class=\"attachment-shop_catalog size-shop_catalog\" alt=\"Ventilador MEGIA aspa madera perspectiva\" srcset=\"https:\/\/arteconfort.com\/wp-content\/uploads\/2024\/06\/ventilador-MEGIA-83738632-0100.webp 1024w, https:\/\/arteconfort.com\/wp-content\/uploads\/2024\/06\/ventilador-MEGIA-83738632-0100-768x768.webp 768w, https:\/\/arteconfort.com\/wp-content\/uploads\/2024\/06\/ventilador-MEGIA-83738632-0100-340x340.webp 340w, https:\/\/arteconfort.com\/wp-content\/uploads\/2024\/06\/ventilador-MEGIA-83738632-0100-640x640.webp 640w, https:\/\/arteconfort.com\/wp-content\/uploads\/2024\/06\/ventilador-MEGIA-83738632-0100-960x960.webp 960w, https:\/\/arteconfort.com\/wp-content\/uploads\/2024\/06\/ventilador-MEGIA-83738632-0100-133x133.webp 133w, https:\/\/arteconfort.com\/wp-content\/uploads\/2024\/06\/ventilador-MEGIA-83738632-0100-300x300.webp 300w, https:\/\/arteconfort.com\/wp-content\/uploads\/2024\/06\/ventilador-MEGIA-83738632-0100-600x600.webp 600w, https:\/\/arteconfort.com\/wp-content\/uploads\/2024\/06\/ventilador-MEGIA-83738632-0100-100x100.webp 100w\" sizes=\"auto, (max-width: 1024px) 100vw, 1024px\" \/><img loading=\"lazy\" decoding=\"async\" width=\"1024\" height=\"1024\" src=\"https:\/\/arteconfort.com\/wp-content\/uploads\/2024\/06\/ventilador-MEGIA-83738632-0101.webp\" class=\"attachment-shop_catalog size-shop_catalog\" alt=\"Ventilador MEGIA aspa negra perspectiva\" srcset=\"https:\/\/arteconfort.com\/wp-content\/uploads\/2024\/06\/ventilador-MEGIA-83738632-0101.webp 1024w, https:\/\/arteconfort.com\/wp-content\/uploads\/2024\/06\/ventilador-MEGIA-83738632-0101-768x768.webp 768w, https:\/\/arteconfort.com\/wp-content\/uploads\/2024\/06\/ventilador-MEGIA-83738632-0101-340x340.webp 340w, https:\/\/arteconfort.com\/wp-content\/uploads\/2024\/06\/ventilador-MEGIA-83738632-0101-640x640.webp 640w, https:\/\/arteconfort.com\/wp-content\/uploads\/2024\/06\/ventilador-MEGIA-83738632-0101-960x960.webp 960w, https:\/\/arteconfort.com\/wp-content\/uploads\/2024\/06\/ventilador-MEGIA-83738632-0101-133x133.webp 133w, https:\/\/arteconfort.com\/wp-content\/uploads\/2024\/06\/ventilador-MEGIA-83738632-0101-300x300.webp 300w, https:\/\/arteconfort.com\/wp-content\/uploads\/2024\/06\/ventilador-MEGIA-83738632-0101-600x600.webp 600w, https:\/\/arteconfort.com\/wp-content\/uploads\/2024\/06\/ventilador-MEGIA-83738632-0101-100x100.webp 100w\" sizes=\"auto, (max-width: 1024px) 100vw, 1024px\" \/><img loading=\"lazy\" decoding=\"async\" width=\"1024\" height=\"1024\" src=\"https:\/\/arteconfort.com\/wp-content\/uploads\/2024\/06\/ventilador-MEGIA-83738632-0105.webp\" class=\"attachment-shop_catalog size-shop_catalog\" alt=\"Ventilador MEGIA lateral\" srcset=\"https:\/\/arteconfort.com\/wp-content\/uploads\/2024\/06\/ventilador-MEGIA-83738632-0105.webp 1024w, https:\/\/arteconfort.com\/wp-content\/uploads\/2024\/06\/ventilador-MEGIA-83738632-0105-768x768.webp 768w, https:\/\/arteconfort.com\/wp-content\/uploads\/2024\/06\/ventilador-MEGIA-83738632-0105-340x340.webp 340w, https:\/\/arteconfort.com\/wp-content\/uploads\/2024\/06\/ventilador-MEGIA-83738632-0105-640x640.webp 640w, https:\/\/arteconfort.com\/wp-content\/uploads\/2024\/06\/ventilador-MEGIA-83738632-0105-960x960.webp 960w, https:\/\/arteconfort.com\/wp-content\/uploads\/2024\/06\/ventilador-MEGIA-83738632-0105-133x133.webp 133w, https:\/\/arteconfort.com\/wp-content\/uploads\/2024\/06\/ventilador-MEGIA-83738632-0105-300x300.webp 300w, https:\/\/arteconfort.com\/wp-content\/uploads\/2024\/06\/ventilador-MEGIA-83738632-0105-600x600.webp 600w, https:\/\/arteconfort.com\/wp-content\/uploads\/2024\/06\/ventilador-MEGIA-83738632-0105-100x100.webp 100w\" sizes=\"auto, (max-width: 1024px) 100vw, 1024px\" \/><img loading=\"lazy\" decoding=\"async\" width=\"1024\" height=\"1024\" src=\"https:\/\/arteconfort.com\/wp-content\/uploads\/2024\/06\/ventilador-MEGIA-83738632-0104.webp\" class=\"attachment-shop_catalog size-shop_catalog\" alt=\"Ventilador MEGIA aspa madera planta\" srcset=\"https:\/\/arteconfort.com\/wp-content\/uploads\/2024\/06\/ventilador-MEGIA-83738632-0104.webp 1024w, https:\/\/arteconfort.com\/wp-content\/uploads\/2024\/06\/ventilador-MEGIA-83738632-0104-768x768.webp 768w, https:\/\/arteconfort.com\/wp-content\/uploads\/2024\/06\/ventilador-MEGIA-83738632-0104-340x340.webp 340w, https:\/\/arteconfort.com\/wp-content\/uploads\/2024\/06\/ventilador-MEGIA-83738632-0104-640x640.webp 640w, https:\/\/arteconfort.com\/wp-content\/uploads\/2024\/06\/ventilador-MEGIA-83738632-0104-960x960.webp 960w, https:\/\/arteconfort.com\/wp-content\/uploads\/2024\/06\/ventilador-MEGIA-83738632-0104-133x133.webp 133w, https:\/\/arteconfort.com\/wp-content\/uploads\/2024\/06\/ventilador-MEGIA-83738632-0104-300x300.webp 300w, https:\/\/arteconfort.com\/wp-content\/uploads\/2024\/06\/ventilador-MEGIA-83738632-0104-600x600.webp 600w, https:\/\/arteconfort.com\/wp-content\/uploads\/2024\/06\/ventilador-MEGIA-83738632-0104-100x100.webp 100w\" sizes=\"auto, (max-width: 1024px) 100vw, 1024px\" \/><img loading=\"lazy\" decoding=\"async\" width=\"1024\" height=\"1024\" src=\"https:\/\/arteconfort.com\/wp-content\/uploads\/2024\/06\/ventilador-MEGIA-83738632-0200.webp\" class=\"attachment-shop_catalog size-shop_catalog\" alt=\"Ventilador MEGIA cuerpo\" srcset=\"https:\/\/arteconfort.com\/wp-content\/uploads\/2024\/06\/ventilador-MEGIA-83738632-0200.webp 1024w, https:\/\/arteconfort.com\/wp-content\/uploads\/2024\/06\/ventilador-MEGIA-83738632-0200-768x768.webp 768w, https:\/\/arteconfort.com\/wp-content\/uploads\/2024\/06\/ventilador-MEGIA-83738632-0200-340x340.webp 340w, https:\/\/arteconfort.com\/wp-content\/uploads\/2024\/06\/ventilador-MEGIA-83738632-0200-640x640.webp 640w, https:\/\/arteconfort.com\/wp-content\/uploads\/2024\/06\/ventilador-MEGIA-83738632-0200-960x960.webp 960w, https:\/\/arteconfort.com\/wp-content\/uploads\/2024\/06\/ventilador-MEGIA-83738632-0200-133x133.webp 133w, https:\/\/arteconfort.com\/wp-content\/uploads\/2024\/06\/ventilador-MEGIA-83738632-0200-300x300.webp 300w, https:\/\/arteconfort.com\/wp-content\/uploads\/2024\/06\/ventilador-MEGIA-83738632-0200-600x600.webp 600w, https:\/\/arteconfort.com\/wp-content\/uploads\/2024\/06\/ventilador-MEGIA-83738632-0200-100x100.webp 100w\" sizes=\"auto, (max-width: 1024px) 100vw, 1024px\" \/><img loading=\"lazy\" decoding=\"async\" width=\"1024\" height=\"1024\" src=\"https:\/\/arteconfort.com\/wp-content\/uploads\/2024\/06\/ventilador-MEGIA-83738632-0201.webp\" class=\"attachment-shop_catalog size-shop_catalog\" alt=\"Ventilador MEGIA mando\" srcset=\"https:\/\/arteconfort.com\/wp-content\/uploads\/2024\/06\/ventilador-MEGIA-83738632-0201.webp 1024w, https:\/\/arteconfort.com\/wp-content\/uploads\/2024\/06\/ventilador-MEGIA-83738632-0201-768x768.webp 768w, https:\/\/arteconfort.com\/wp-content\/uploads\/2024\/06\/ventilador-MEGIA-83738632-0201-340x340.webp 340w, https:\/\/arteconfort.com\/wp-content\/uploads\/2024\/06\/ventilador-MEGIA-83738632-0201-640x640.webp 640w, https:\/\/arteconfort.com\/wp-content\/uploads\/2024\/06\/ventilador-MEGIA-83738632-0201-960x960.webp 960w, https:\/\/arteconfort.com\/wp-content\/uploads\/2024\/06\/ventilador-MEGIA-83738632-0201-133x133.webp 133w, https:\/\/arteconfort.com\/wp-content\/uploads\/2024\/06\/ventilador-MEGIA-83738632-0201-300x300.webp 300w, https:\/\/arteconfort.com\/wp-content\/uploads\/2024\/06\/ventilador-MEGIA-83738632-0201-600x600.webp 600w, https:\/\/arteconfort.com\/wp-content\/uploads\/2024\/06\/ventilador-MEGIA-83738632-0201-100x100.webp 100w\" sizes=\"auto, (max-width: 1024px) 100vw, 1024px\" \/><img loading=\"lazy\" decoding=\"async\" width=\"1024\" height=\"1024\" src=\"https:\/\/arteconfort.com\/wp-content\/uploads\/2024\/06\/ventilador-MEGIA-83738632-0600.webp\" class=\"attachment-shop_catalog size-shop_catalog\" alt=\"Ventilador MEGIA grafico\" srcset=\"https:\/\/arteconfort.com\/wp-content\/uploads\/2024\/06\/ventilador-MEGIA-83738632-0600.webp 1024w, https:\/\/arteconfort.com\/wp-content\/uploads\/2024\/06\/ventilador-MEGIA-83738632-0600-768x768.webp 768w, https:\/\/arteconfort.com\/wp-content\/uploads\/2024\/06\/ventilador-MEGIA-83738632-0600-340x340.webp 340w, https:\/\/arteconfort.com\/wp-content\/uploads\/2024\/06\/ventilador-MEGIA-83738632-0600-640x640.webp 640w, https:\/\/arteconfort.com\/wp-content\/uploads\/2024\/06\/ventilador-MEGIA-83738632-0600-960x960.webp 960w, https:\/\/arteconfort.com\/wp-content\/uploads\/2024\/06\/ventilador-MEGIA-83738632-0600-133x133.webp 133w, https:\/\/arteconfort.com\/wp-content\/uploads\/2024\/06\/ventilador-MEGIA-83738632-0600-300x300.webp 300w, https:\/\/arteconfort.com\/wp-content\/uploads\/2024\/06\/ventilador-MEGIA-83738632-0600-600x600.webp 600w, https:\/\/arteconfort.com\/wp-content\/uploads\/2024\/06\/ventilador-MEGIA-83738632-0600-100x100.webp 100w\" sizes=\"auto, (max-width: 1024px) 100vw, 1024px\" \/><img loading=\"lazy\" decoding=\"async\" width=\"1024\" height=\"1024\" src=\"https:\/\/arteconfort.com\/wp-content\/uploads\/2024\/06\/ventilador-MEGIA-83738632-0102.webp\" class=\"attachment-shop_catalog size-shop_catalog\" alt=\"Ventilador MEGIA luz calida\" srcset=\"https:\/\/arteconfort.com\/wp-content\/uploads\/2024\/06\/ventilador-MEGIA-83738632-0102.webp 1024w, https:\/\/arteconfort.com\/wp-content\/uploads\/2024\/06\/ventilador-MEGIA-83738632-0102-768x768.webp 768w, https:\/\/arteconfort.com\/wp-content\/uploads\/2024\/06\/ventilador-MEGIA-83738632-0102-340x340.webp 340w, https:\/\/arteconfort.com\/wp-content\/uploads\/2024\/06\/ventilador-MEGIA-83738632-0102-640x640.webp 640w, https:\/\/arteconfort.com\/wp-content\/uploads\/2024\/06\/ventilador-MEGIA-83738632-0102-960x960.webp 960w, https:\/\/arteconfort.com\/wp-content\/uploads\/2024\/06\/ventilador-MEGIA-83738632-0102-133x133.webp 133w, https:\/\/arteconfort.com\/wp-content\/uploads\/2024\/06\/ventilador-MEGIA-83738632-0102-300x300.webp 300w, https:\/\/arteconfort.com\/wp-content\/uploads\/2024\/06\/ventilador-MEGIA-83738632-0102-600x600.webp 600w, https:\/\/arteconfort.com\/wp-content\/uploads\/2024\/06\/ventilador-MEGIA-83738632-0102-100x100.webp 100w\" sizes=\"auto, (max-width: 1024px) 100vw, 1024px\" \/><img loading=\"lazy\" decoding=\"async\" width=\"1024\" height=\"1024\" src=\"https:\/\/arteconfort.com\/wp-content\/uploads\/2024\/06\/ventilador-MEGIA-83738632-0103.webp\" class=\"attachment-shop_catalog size-shop_catalog\" alt=\"Ventilador MEGIA luz fria\" srcset=\"https:\/\/arteconfort.com\/wp-content\/uploads\/2024\/06\/ventilador-MEGIA-83738632-0103.webp 1024w, https:\/\/arteconfort.com\/wp-content\/uploads\/2024\/06\/ventilador-MEGIA-83738632-0103-768x768.webp 768w, https:\/\/arteconfort.com\/wp-content\/uploads\/2024\/06\/ventilador-MEGIA-83738632-0103-340x340.webp 340w, https:\/\/arteconfort.com\/wp-content\/uploads\/2024\/06\/ventilador-MEGIA-83738632-0103-640x640.webp 640w, https:\/\/arteconfort.com\/wp-content\/uploads\/2024\/06\/ventilador-MEGIA-83738632-0103-960x960.webp 960w, https:\/\/arteconfort.com\/wp-content\/uploads\/2024\/06\/ventilador-MEGIA-83738632-0103-133x133.webp 133w, https:\/\/arteconfort.com\/wp-content\/uploads\/2024\/06\/ventilador-MEGIA-83738632-0103-300x300.webp 300w, https:\/\/arteconfort.com\/wp-content\/uploads\/2024\/06\/ventilador-MEGIA-83738632-0103-600x600.webp 600w, https:\/\/arteconfort.com\/wp-content\/uploads\/2024\/06\/ventilador-MEGIA-83738632-0103-100x100.webp 100w\" sizes=\"auto, (max-width: 1024px) 100vw, 1024px\" \/><img loading=\"lazy\" decoding=\"async\" width=\"1024\" height=\"1024\" src=\"https:\/\/arteconfort.com\/wp-content\/uploads\/2023\/10\/AMBIENTE-MEGIA-LUZNEUTRA.webp\" class=\"attachment-shop_catalog size-shop_catalog\" alt=\"\" srcset=\"https:\/\/arteconfort.com\/wp-content\/uploads\/2023\/10\/AMBIENTE-MEGIA-LUZNEUTRA.webp 1024w, https:\/\/arteconfort.com\/wp-content\/uploads\/2023\/10\/AMBIENTE-MEGIA-LUZNEUTRA-768x768.webp 768w, https:\/\/arteconfort.com\/wp-content\/uploads\/2023\/10\/AMBIENTE-MEGIA-LUZNEUTRA-340x340.webp 340w, https:\/\/arteconfort.com\/wp-content\/uploads\/2023\/10\/AMBIENTE-MEGIA-LUZNEUTRA-640x640.webp 640w, https:\/\/arteconfort.com\/wp-content\/uploads\/2023\/10\/AMBIENTE-MEGIA-LUZNEUTRA-960x960.webp 960w, https:\/\/arteconfort.com\/wp-content\/uploads\/2023\/10\/AMBIENTE-MEGIA-LUZNEUTRA-133x133.webp 133w, https:\/\/arteconfort.com\/wp-content\/uploads\/2023\/10\/AMBIENTE-MEGIA-LUZNEUTRA-300x300.webp 300w, https:\/\/arteconfort.com\/wp-content\/uploads\/2023\/10\/AMBIENTE-MEGIA-LUZNEUTRA-600x600.webp 600w, https:\/\/arteconfort.com\/wp-content\/uploads\/2023\/10\/AMBIENTE-MEGIA-LUZNEUTRA-100x100.webp 100w\" sizes=\"auto, (max-width: 1024px) 100vw, 1024px\" \/><img loading=\"lazy\" decoding=\"async\" width=\"1024\" height=\"1024\" src=\"https:\/\/arteconfort.com\/wp-content\/uploads\/2023\/10\/AMBIENTE-MEGIA-LUZCALIDA-2.webp\" class=\"attachment-shop_catalog size-shop_catalog\" alt=\"\" srcset=\"https:\/\/arteconfort.com\/wp-content\/uploads\/2023\/10\/AMBIENTE-MEGIA-LUZCALIDA-2.webp 1024w, https:\/\/arteconfort.com\/wp-content\/uploads\/2023\/10\/AMBIENTE-MEGIA-LUZCALIDA-2-768x768.webp 768w, https:\/\/arteconfort.com\/wp-content\/uploads\/2023\/10\/AMBIENTE-MEGIA-LUZCALIDA-2-340x340.webp 340w, https:\/\/arteconfort.com\/wp-content\/uploads\/2023\/10\/AMBIENTE-MEGIA-LUZCALIDA-2-640x640.webp 640w, https:\/\/arteconfort.com\/wp-content\/uploads\/2023\/10\/AMBIENTE-MEGIA-LUZCALIDA-2-960x960.webp 960w, https:\/\/arteconfort.com\/wp-content\/uploads\/2023\/10\/AMBIENTE-MEGIA-LUZCALIDA-2-133x133.webp 133w, https:\/\/arteconfort.com\/wp-content\/uploads\/2023\/10\/AMBIENTE-MEGIA-LUZCALIDA-2-300x300.webp 300w, https:\/\/arteconfort.com\/wp-content\/uploads\/2023\/10\/AMBIENTE-MEGIA-LUZCALIDA-2-600x600.webp 600w, https:\/\/arteconfort.com\/wp-content\/uploads\/2023\/10\/AMBIENTE-MEGIA-LUZCALIDA-2-100x100.webp 100w\" sizes=\"auto, (max-width: 1024px) 100vw, 1024px\" \/><img loading=\"lazy\" decoding=\"async\" width=\"1024\" height=\"1024\" src=\"https:\/\/arteconfort.com\/wp-content\/uploads\/2023\/10\/AMBIENTE-MEGIA-LUZCALIDA.webp\" class=\"attachment-shop_catalog size-shop_catalog\" alt=\"\" srcset=\"https:\/\/arteconfort.com\/wp-content\/uploads\/2023\/10\/AMBIENTE-MEGIA-LUZCALIDA.webp 1024w, https:\/\/arteconfort.com\/wp-content\/uploads\/2023\/10\/AMBIENTE-MEGIA-LUZCALIDA-768x768.webp 768w, https:\/\/arteconfort.com\/wp-content\/uploads\/2023\/10\/AMBIENTE-MEGIA-LUZCALIDA-340x340.webp 340w, https:\/\/arteconfort.com\/wp-content\/uploads\/2023\/10\/AMBIENTE-MEGIA-LUZCALIDA-640x640.webp 640w, https:\/\/arteconfort.com\/wp-content\/uploads\/2023\/10\/AMBIENTE-MEGIA-LUZCALIDA-960x960.webp 960w, https:\/\/arteconfort.com\/wp-content\/uploads\/2023\/10\/AMBIENTE-MEGIA-LUZCALIDA-133x133.webp 133w, https:\/\/arteconfort.com\/wp-content\/uploads\/2023\/10\/AMBIENTE-MEGIA-LUZCALIDA-300x300.webp 300w, https:\/\/arteconfort.com\/wp-content\/uploads\/2023\/10\/AMBIENTE-MEGIA-LUZCALIDA-600x600.webp 600w, https:\/\/arteconfort.com\/wp-content\/uploads\/2023\/10\/AMBIENTE-MEGIA-LUZCALIDA-100x100.webp 100w\" sizes=\"auto, (max-width: 1024px) 100vw, 1024px\" \/><img loading=\"lazy\" decoding=\"async\" width=\"1024\" height=\"1024\" src=\"https:\/\/arteconfort.com\/wp-content\/uploads\/2023\/10\/AMBIENTE-MEGIA-LUZFRIA.webp\" class=\"attachment-shop_catalog size-shop_catalog\" alt=\"\" srcset=\"https:\/\/arteconfort.com\/wp-content\/uploads\/2023\/10\/AMBIENTE-MEGIA-LUZFRIA.webp 1024w, https:\/\/arteconfort.com\/wp-content\/uploads\/2023\/10\/AMBIENTE-MEGIA-LUZFRIA-768x768.webp 768w, https:\/\/arteconfort.com\/wp-content\/uploads\/2023\/10\/AMBIENTE-MEGIA-LUZFRIA-340x340.webp 340w, https:\/\/arteconfort.com\/wp-content\/uploads\/2023\/10\/AMBIENTE-MEGIA-LUZFRIA-640x640.webp 640w, https:\/\/arteconfort.com\/wp-content\/uploads\/2023\/10\/AMBIENTE-MEGIA-LUZFRIA-960x960.webp 960w, https:\/\/arteconfort.com\/wp-content\/uploads\/2023\/10\/AMBIENTE-MEGIA-LUZFRIA-133x133.webp 133w, https:\/\/arteconfort.com\/wp-content\/uploads\/2023\/10\/AMBIENTE-MEGIA-LUZFRIA-300x300.webp 300w, https:\/\/arteconfort.com\/wp-content\/uploads\/2023\/10\/AMBIENTE-MEGIA-LUZFRIA-600x600.webp 600w, https:\/\/arteconfort.com\/wp-content\/uploads\/2023\/10\/AMBIENTE-MEGIA-LUZFRIA-100x100.webp 100w\" sizes=\"auto, (max-width: 1024px) 100vw, 1024px\" \/>\t<\/a>\n\t<div class=\"w-product-status\"><\/div>\t<span id=\"woocommerce_loop_add_to_cart_link_describedby_21222\" class=\"screen-reader-text\">\n\t\t\t<\/span>\n<\/div><div class=\"berocket_better_labels berocket_better_labels_image\"><div class=\"berocket_better_labels_position berocket_better_labels_position_right\"><div class=\"berocket_better_labels_line berocket_better_labels_line_1\"><div class=\"berocket_better_labels_inline berocket_better_labels_inline_1\"><div class=\"br_alabel br_alabel_type_text br_alabel_template_type_css berocket_alabel_id_22611  br_alabel_better_compatibility\" style=\"\"><span  style=\"\"><i style=\"background-color: #000000; border-color: #000000;\" class=\"template-span-before \"><\/i><i style=\"background-color: #000000; border-color: #000000;\" class=\"template-i \"><\/i><i style=\"background-color: #000000; border-color: #000000;\" class=\"template-i-before \"><\/i><i style=\"background-color: #000000; border-color: #000000;\" class=\"template-i-after \"><\/i><b style=\"position: relative;z-index: 100;text-align: center;color: inherit;\">Old collection<\/b><\/span><\/div><\/div><\/div><\/div><\/div><figcaption><h2 class=\"woocommerce-loop-product__title\">MEG\u00cdA<\/h2><div class=\"woocommerce-product-details__short-description\">\n\t<p>Lesna ceiling fan with integrated LED light and colour temperature memory. It has a metal body and 3<\/div>\n\n<\/figcaption><\/figure><\/li>\n<li class=\"product type-product post-45297 status-publish last instock product_cat-climatizacion-en product_cat-ventiladores-de-techo-en has-post-thumbnail shipping-taxable product-type-simple w-item col-3\">\n\t<figure><div class=\"image-wrapper\">\t\t<a href=\"https:\/\/arteconfort.com\/en\/producto\/melos-l\/\" class=\"w-fadeslider\">\n\t<img loading=\"lazy\" decoding=\"async\" width=\"1024\" height=\"1024\" src=\"https:\/\/arteconfort.com\/wp-content\/uploads\/2025\/03\/MELOS-L-mando-01.webp\" class=\"attachment-shop_catalog size-shop_catalog wp-post-image\" alt=\"\" srcset=\"https:\/\/arteconfort.com\/wp-content\/uploads\/2025\/03\/MELOS-L-mando-01.webp 1024w, https:\/\/arteconfort.com\/wp-content\/uploads\/2025\/03\/MELOS-L-mando-01-768x768.webp 768w, https:\/\/arteconfort.com\/wp-content\/uploads\/2025\/03\/MELOS-L-mando-01-340x340.webp 340w, https:\/\/arteconfort.com\/wp-content\/uploads\/2025\/03\/MELOS-L-mando-01-640x640.webp 640w, https:\/\/arteconfort.com\/wp-content\/uploads\/2025\/03\/MELOS-L-mando-01-960x960.webp 960w, https:\/\/arteconfort.com\/wp-content\/uploads\/2025\/03\/MELOS-L-mando-01-300x300.webp 300w, https:\/\/arteconfort.com\/wp-content\/uploads\/2025\/03\/MELOS-L-mando-01-600x600.webp 600w, https:\/\/arteconfort.com\/wp-content\/uploads\/2025\/03\/MELOS-L-mando-01-100x100.webp 100w\" sizes=\"auto, (max-width: 1024px) 100vw, 1024px\" \/>\t<img loading=\"lazy\" decoding=\"async\" width=\"1024\" height=\"1024\" src=\"https:\/\/arteconfort.com\/wp-content\/uploads\/2025\/03\/MELOS-L-detalle-04.webp\" class=\"attachment-shop_catalog size-shop_catalog\" alt=\"\" srcset=\"https:\/\/arteconfort.com\/wp-content\/uploads\/2025\/03\/MELOS-L-detalle-04.webp 1024w, https:\/\/arteconfort.com\/wp-content\/uploads\/2025\/03\/MELOS-L-detalle-04-768x768.webp 768w, https:\/\/arteconfort.com\/wp-content\/uploads\/2025\/03\/MELOS-L-detalle-04-340x340.webp 340w, https:\/\/arteconfort.com\/wp-content\/uploads\/2025\/03\/MELOS-L-detalle-04-640x640.webp 640w, https:\/\/arteconfort.com\/wp-content\/uploads\/2025\/03\/MELOS-L-detalle-04-960x960.webp 960w, https:\/\/arteconfort.com\/wp-content\/uploads\/2025\/03\/MELOS-L-detalle-04-300x300.webp 300w, https:\/\/arteconfort.com\/wp-content\/uploads\/2025\/03\/MELOS-L-detalle-04-600x600.webp 600w, https:\/\/arteconfort.com\/wp-content\/uploads\/2025\/03\/MELOS-L-detalle-04-100x100.webp 100w\" sizes=\"auto, (max-width: 1024px) 100vw, 1024px\" \/><img loading=\"lazy\" decoding=\"async\" width=\"1024\" height=\"1024\" src=\"https:\/\/arteconfort.com\/wp-content\/uploads\/2025\/03\/94051358-tz-01.webp\" class=\"attachment-shop_catalog size-shop_catalog\" alt=\"\" srcset=\"https:\/\/arteconfort.com\/wp-content\/uploads\/2025\/03\/94051358-tz-01.webp 1024w, https:\/\/arteconfort.com\/wp-content\/uploads\/2025\/03\/94051358-tz-01-768x768.webp 768w, https:\/\/arteconfort.com\/wp-content\/uploads\/2025\/03\/94051358-tz-01-340x340.webp 340w, https:\/\/arteconfort.com\/wp-content\/uploads\/2025\/03\/94051358-tz-01-640x640.webp 640w, https:\/\/arteconfort.com\/wp-content\/uploads\/2025\/03\/94051358-tz-01-960x960.webp 960w, https:\/\/arteconfort.com\/wp-content\/uploads\/2025\/03\/94051358-tz-01-300x300.webp 300w, https:\/\/arteconfort.com\/wp-content\/uploads\/2025\/03\/94051358-tz-01-600x600.webp 600w, https:\/\/arteconfort.com\/wp-content\/uploads\/2025\/03\/94051358-tz-01-100x100.webp 100w\" sizes=\"auto, (max-width: 1024px) 100vw, 1024px\" \/><img loading=\"lazy\" decoding=\"async\" width=\"1024\" height=\"1024\" src=\"https:\/\/arteconfort.com\/wp-content\/uploads\/2025\/03\/MELOS-L-grafico-05.webp\" class=\"attachment-shop_catalog size-shop_catalog\" alt=\"\" srcset=\"https:\/\/arteconfort.com\/wp-content\/uploads\/2025\/03\/MELOS-L-grafico-05.webp 1024w, https:\/\/arteconfort.com\/wp-content\/uploads\/2025\/03\/MELOS-L-grafico-05-768x768.webp 768w, https:\/\/arteconfort.com\/wp-content\/uploads\/2025\/03\/MELOS-L-grafico-05-340x340.webp 340w, https:\/\/arteconfort.com\/wp-content\/uploads\/2025\/03\/MELOS-L-grafico-05-640x640.webp 640w, https:\/\/arteconfort.com\/wp-content\/uploads\/2025\/03\/MELOS-L-grafico-05-960x960.webp 960w, https:\/\/arteconfort.com\/wp-content\/uploads\/2025\/03\/MELOS-L-grafico-05-300x300.webp 300w, https:\/\/arteconfort.com\/wp-content\/uploads\/2025\/03\/MELOS-L-grafico-05-600x600.webp 600w, https:\/\/arteconfort.com\/wp-content\/uploads\/2025\/03\/MELOS-L-grafico-05-100x100.webp 100w\" sizes=\"auto, (max-width: 1024px) 100vw, 1024px\" \/>\t<\/a>\n\t<div class=\"w-product-status\"><\/div>\t<span id=\"woocommerce_loop_add_to_cart_link_describedby_45297\" class=\"screen-reader-text\">\n\t\t\t<\/span>\n<\/div><figcaption><h2 class=\"woocommerce-loop-product__title\">MELOS L<\/h2><div class=\"woocommerce-product-details__short-description\">\n\t<p>MELOS L retractable fan with integrated LED light, high luminous flux and color temperature memory. It has a<\/div>\n\n<\/figcaption><\/figure><\/li>\n<li class=\"product type-product post-45339 status-publish first instock product_cat-climatizacion-en product_cat-ventiladores-de-techo-en has-post-thumbnail shipping-taxable product-type-simple w-item col-3\">\n\t<figure><div class=\"image-wrapper\">\t\t<a href=\"https:\/\/arteconfort.com\/en\/producto\/melos-m\/\" class=\"w-fadeslider\">\n\t<img loading=\"lazy\" decoding=\"async\" width=\"1024\" height=\"1024\" src=\"https:\/\/arteconfort.com\/wp-content\/uploads\/2025\/03\/MELOS-M-mando-01.webp\" class=\"attachment-shop_catalog size-shop_catalog wp-post-image\" alt=\"\" srcset=\"https:\/\/arteconfort.com\/wp-content\/uploads\/2025\/03\/MELOS-M-mando-01.webp 1024w, https:\/\/arteconfort.com\/wp-content\/uploads\/2025\/03\/MELOS-M-mando-01-768x768.webp 768w, https:\/\/arteconfort.com\/wp-content\/uploads\/2025\/03\/MELOS-M-mando-01-340x340.webp 340w, https:\/\/arteconfort.com\/wp-content\/uploads\/2025\/03\/MELOS-M-mando-01-640x640.webp 640w, https:\/\/arteconfort.com\/wp-content\/uploads\/2025\/03\/MELOS-M-mando-01-960x960.webp 960w, https:\/\/arteconfort.com\/wp-content\/uploads\/2025\/03\/MELOS-M-mando-01-300x300.webp 300w, https:\/\/arteconfort.com\/wp-content\/uploads\/2025\/03\/MELOS-M-mando-01-600x600.webp 600w, https:\/\/arteconfort.com\/wp-content\/uploads\/2025\/03\/MELOS-M-mando-01-100x100.webp 100w\" sizes=\"auto, (max-width: 1024px) 100vw, 1024px\" \/>\t<img loading=\"lazy\" decoding=\"async\" width=\"1024\" height=\"1024\" src=\"https:\/\/arteconfort.com\/wp-content\/uploads\/2025\/03\/MELOS-M-detalle-04.webp\" class=\"attachment-shop_catalog size-shop_catalog\" alt=\"\" srcset=\"https:\/\/arteconfort.com\/wp-content\/uploads\/2025\/03\/MELOS-M-detalle-04.webp 1024w, https:\/\/arteconfort.com\/wp-content\/uploads\/2025\/03\/MELOS-M-detalle-04-768x768.webp 768w, https:\/\/arteconfort.com\/wp-content\/uploads\/2025\/03\/MELOS-M-detalle-04-340x340.webp 340w, https:\/\/arteconfort.com\/wp-content\/uploads\/2025\/03\/MELOS-M-detalle-04-640x640.webp 640w, https:\/\/arteconfort.com\/wp-content\/uploads\/2025\/03\/MELOS-M-detalle-04-960x960.webp 960w, https:\/\/arteconfort.com\/wp-content\/uploads\/2025\/03\/MELOS-M-detalle-04-300x300.webp 300w, https:\/\/arteconfort.com\/wp-content\/uploads\/2025\/03\/MELOS-M-detalle-04-600x600.webp 600w, https:\/\/arteconfort.com\/wp-content\/uploads\/2025\/03\/MELOS-M-detalle-04-100x100.webp 100w\" sizes=\"auto, (max-width: 1024px) 100vw, 1024px\" \/><img loading=\"lazy\" decoding=\"async\" width=\"1024\" height=\"1024\" src=\"https:\/\/arteconfort.com\/wp-content\/uploads\/2025\/03\/94051357-tz-01.webp\" class=\"attachment-shop_catalog size-shop_catalog\" alt=\"\" srcset=\"https:\/\/arteconfort.com\/wp-content\/uploads\/2025\/03\/94051357-tz-01.webp 1024w, https:\/\/arteconfort.com\/wp-content\/uploads\/2025\/03\/94051357-tz-01-768x768.webp 768w, https:\/\/arteconfort.com\/wp-content\/uploads\/2025\/03\/94051357-tz-01-340x340.webp 340w, https:\/\/arteconfort.com\/wp-content\/uploads\/2025\/03\/94051357-tz-01-640x640.webp 640w, https:\/\/arteconfort.com\/wp-content\/uploads\/2025\/03\/94051357-tz-01-960x960.webp 960w, https:\/\/arteconfort.com\/wp-content\/uploads\/2025\/03\/94051357-tz-01-300x300.webp 300w, https:\/\/arteconfort.com\/wp-content\/uploads\/2025\/03\/94051357-tz-01-600x600.webp 600w, https:\/\/arteconfort.com\/wp-content\/uploads\/2025\/03\/94051357-tz-01-100x100.webp 100w\" sizes=\"auto, (max-width: 1024px) 100vw, 1024px\" \/><img loading=\"lazy\" decoding=\"async\" width=\"1024\" height=\"1024\" src=\"https:\/\/arteconfort.com\/wp-content\/uploads\/2025\/03\/MELOS-M-grafico-05.webp\" class=\"attachment-shop_catalog size-shop_catalog\" alt=\"\" srcset=\"https:\/\/arteconfort.com\/wp-content\/uploads\/2025\/03\/MELOS-M-grafico-05.webp 1024w, https:\/\/arteconfort.com\/wp-content\/uploads\/2025\/03\/MELOS-M-grafico-05-768x768.webp 768w, https:\/\/arteconfort.com\/wp-content\/uploads\/2025\/03\/MELOS-M-grafico-05-340x340.webp 340w, https:\/\/arteconfort.com\/wp-content\/uploads\/2025\/03\/MELOS-M-grafico-05-640x640.webp 640w, https:\/\/arteconfort.com\/wp-content\/uploads\/2025\/03\/MELOS-M-grafico-05-960x960.webp 960w, https:\/\/arteconfort.com\/wp-content\/uploads\/2025\/03\/MELOS-M-grafico-05-300x300.webp 300w, https:\/\/arteconfort.com\/wp-content\/uploads\/2025\/03\/MELOS-M-grafico-05-600x600.webp 600w, https:\/\/arteconfort.com\/wp-content\/uploads\/2025\/03\/MELOS-M-grafico-05-100x100.webp 100w\" sizes=\"auto, (max-width: 1024px) 100vw, 1024px\" \/>\t<\/a>\n\t<div class=\"w-product-status\"><\/div>\t<span id=\"woocommerce_loop_add_to_cart_link_describedby_45339\" class=\"screen-reader-text\">\n\t\t\t<\/span>\n<\/div><figcaption><h2 class=\"woocommerce-loop-product__title\">MELOS M<\/h2><div class=\"woocommerce-product-details__short-description\">\n\t<p>MELOS M retractable fan with integrated LED light, high luminous flux and color temperature memory. It has a<\/div>\n\n<\/figcaption><\/figure><\/li>\n<li class=\"product type-product post-45380 status-publish instock product_cat-climatizacion-en product_cat-ventiladores-de-techo-en has-post-thumbnail shipping-taxable product-type-simple w-item col-3\">\n\t<figure><div class=\"image-wrapper\">\t\t<a href=\"https:\/\/arteconfort.com\/en\/producto\/melos-s\/\" class=\"w-fadeslider\">\n\t<img loading=\"lazy\" decoding=\"async\" width=\"1024\" height=\"1024\" src=\"https:\/\/arteconfort.com\/wp-content\/uploads\/2025\/03\/MELOS-S-mando-01.webp\" class=\"attachment-shop_catalog size-shop_catalog wp-post-image\" alt=\"\" srcset=\"https:\/\/arteconfort.com\/wp-content\/uploads\/2025\/03\/MELOS-S-mando-01.webp 1024w, https:\/\/arteconfort.com\/wp-content\/uploads\/2025\/03\/MELOS-S-mando-01-768x768.webp 768w, https:\/\/arteconfort.com\/wp-content\/uploads\/2025\/03\/MELOS-S-mando-01-340x340.webp 340w, https:\/\/arteconfort.com\/wp-content\/uploads\/2025\/03\/MELOS-S-mando-01-640x640.webp 640w, https:\/\/arteconfort.com\/wp-content\/uploads\/2025\/03\/MELOS-S-mando-01-960x960.webp 960w, https:\/\/arteconfort.com\/wp-content\/uploads\/2025\/03\/MELOS-S-mando-01-300x300.webp 300w, https:\/\/arteconfort.com\/wp-content\/uploads\/2025\/03\/MELOS-S-mando-01-600x600.webp 600w, https:\/\/arteconfort.com\/wp-content\/uploads\/2025\/03\/MELOS-S-mando-01-100x100.webp 100w\" sizes=\"auto, (max-width: 1024px) 100vw, 1024px\" \/>\t<img loading=\"lazy\" decoding=\"async\" width=\"1024\" height=\"1024\" src=\"https:\/\/arteconfort.com\/wp-content\/uploads\/2025\/03\/MELOS-S-detalle-04.webp\" class=\"attachment-shop_catalog size-shop_catalog\" alt=\"\" srcset=\"https:\/\/arteconfort.com\/wp-content\/uploads\/2025\/03\/MELOS-S-detalle-04.webp 1024w, https:\/\/arteconfort.com\/wp-content\/uploads\/2025\/03\/MELOS-S-detalle-04-768x768.webp 768w, https:\/\/arteconfort.com\/wp-content\/uploads\/2025\/03\/MELOS-S-detalle-04-340x340.webp 340w, https:\/\/arteconfort.com\/wp-content\/uploads\/2025\/03\/MELOS-S-detalle-04-640x640.webp 640w, https:\/\/arteconfort.com\/wp-content\/uploads\/2025\/03\/MELOS-S-detalle-04-960x960.webp 960w, https:\/\/arteconfort.com\/wp-content\/uploads\/2025\/03\/MELOS-S-detalle-04-300x300.webp 300w, https:\/\/arteconfort.com\/wp-content\/uploads\/2025\/03\/MELOS-S-detalle-04-600x600.webp 600w, https:\/\/arteconfort.com\/wp-content\/uploads\/2025\/03\/MELOS-S-detalle-04-100x100.webp 100w\" sizes=\"auto, (max-width: 1024px) 100vw, 1024px\" \/><img loading=\"lazy\" decoding=\"async\" width=\"1024\" height=\"1024\" src=\"https:\/\/arteconfort.com\/wp-content\/uploads\/2025\/03\/MELOS-S-grafico-05.webp\" class=\"attachment-shop_catalog size-shop_catalog\" alt=\"\" srcset=\"https:\/\/arteconfort.com\/wp-content\/uploads\/2025\/03\/MELOS-S-grafico-05.webp 1024w, https:\/\/arteconfort.com\/wp-content\/uploads\/2025\/03\/MELOS-S-grafico-05-768x768.webp 768w, https:\/\/arteconfort.com\/wp-content\/uploads\/2025\/03\/MELOS-S-grafico-05-340x340.webp 340w, https:\/\/arteconfort.com\/wp-content\/uploads\/2025\/03\/MELOS-S-grafico-05-640x640.webp 640w, https:\/\/arteconfort.com\/wp-content\/uploads\/2025\/03\/MELOS-S-grafico-05-960x960.webp 960w, https:\/\/arteconfort.com\/wp-content\/uploads\/2025\/03\/MELOS-S-grafico-05-300x300.webp 300w, https:\/\/arteconfort.com\/wp-content\/uploads\/2025\/03\/MELOS-S-grafico-05-600x600.webp 600w, https:\/\/arteconfort.com\/wp-content\/uploads\/2025\/03\/MELOS-S-grafico-05-100x100.webp 100w\" sizes=\"auto, (max-width: 1024px) 100vw, 1024px\" \/>\t<\/a>\n\t<div class=\"w-product-status\"><\/div>\t<span id=\"woocommerce_loop_add_to_cart_link_describedby_45380\" class=\"screen-reader-text\">\n\t\t\t<\/span>\n<\/div><figcaption><h2 class=\"woocommerce-loop-product__title\">MELOS S<\/h2><div class=\"woocommerce-product-details__short-description\">\n\t<p>MELOS S retractable fan with integrated LED light, high luminous flux and color temperature memory. Its body is<\/div>\n\n<\/figcaption><\/figure><\/li>\n<li class=\"product type-product post-47042 status-publish instock product_cat-climatizacion-en product_cat-ventiladores-de-techo-en has-post-thumbnail shipping-taxable product-type-simple w-item col-3\">\n\t<figure><div class=\"image-wrapper\">\t\t<a href=\"https:\/\/arteconfort.com\/en\/producto\/mera-m\/\" class=\"w-fadeslider\">\n\t<img loading=\"lazy\" decoding=\"async\" width=\"1024\" height=\"1024\" src=\"https:\/\/arteconfort.com\/wp-content\/uploads\/2025\/04\/Mera-M-mando.webp\" class=\"attachment-shop_catalog size-shop_catalog wp-post-image\" alt=\"\" srcset=\"https:\/\/arteconfort.com\/wp-content\/uploads\/2025\/04\/Mera-M-mando.webp 1024w, https:\/\/arteconfort.com\/wp-content\/uploads\/2025\/04\/Mera-M-mando-768x768.webp 768w, https:\/\/arteconfort.com\/wp-content\/uploads\/2025\/04\/Mera-M-mando-340x340.webp 340w, https:\/\/arteconfort.com\/wp-content\/uploads\/2025\/04\/Mera-M-mando-640x640.webp 640w, https:\/\/arteconfort.com\/wp-content\/uploads\/2025\/04\/Mera-M-mando-960x960.webp 960w, https:\/\/arteconfort.com\/wp-content\/uploads\/2025\/04\/Mera-M-mando-300x300.webp 300w, https:\/\/arteconfort.com\/wp-content\/uploads\/2025\/04\/Mera-M-mando-600x600.webp 600w, https:\/\/arteconfort.com\/wp-content\/uploads\/2025\/04\/Mera-M-mando-100x100.webp 100w\" sizes=\"auto, (max-width: 1024px) 100vw, 1024px\" \/>\t<img loading=\"lazy\" decoding=\"async\" width=\"1024\" height=\"1024\" src=\"https:\/\/arteconfort.com\/wp-content\/uploads\/2025\/04\/MERA-M-cerrado.webp\" class=\"attachment-shop_catalog size-shop_catalog\" alt=\"\" srcset=\"https:\/\/arteconfort.com\/wp-content\/uploads\/2025\/04\/MERA-M-cerrado.webp 1024w, https:\/\/arteconfort.com\/wp-content\/uploads\/2025\/04\/MERA-M-cerrado-768x768.webp 768w, https:\/\/arteconfort.com\/wp-content\/uploads\/2025\/04\/MERA-M-cerrado-340x340.webp 340w, https:\/\/arteconfort.com\/wp-content\/uploads\/2025\/04\/MERA-M-cerrado-640x640.webp 640w, https:\/\/arteconfort.com\/wp-content\/uploads\/2025\/04\/MERA-M-cerrado-960x960.webp 960w, https:\/\/arteconfort.com\/wp-content\/uploads\/2025\/04\/MERA-M-cerrado-300x300.webp 300w, https:\/\/arteconfort.com\/wp-content\/uploads\/2025\/04\/MERA-M-cerrado-600x600.webp 600w, https:\/\/arteconfort.com\/wp-content\/uploads\/2025\/04\/MERA-M-cerrado-100x100.webp 100w\" sizes=\"auto, (max-width: 1024px) 100vw, 1024px\" \/><img loading=\"lazy\" decoding=\"async\" width=\"1024\" height=\"1024\" src=\"https:\/\/arteconfort.com\/wp-content\/uploads\/2025\/04\/MERA-M-temperatura.webp\" class=\"attachment-shop_catalog size-shop_catalog\" alt=\"\" srcset=\"https:\/\/arteconfort.com\/wp-content\/uploads\/2025\/04\/MERA-M-temperatura.webp 1024w, https:\/\/arteconfort.com\/wp-content\/uploads\/2025\/04\/MERA-M-temperatura-768x768.webp 768w, https:\/\/arteconfort.com\/wp-content\/uploads\/2025\/04\/MERA-M-temperatura-340x340.webp 340w, https:\/\/arteconfort.com\/wp-content\/uploads\/2025\/04\/MERA-M-temperatura-640x640.webp 640w, https:\/\/arteconfort.com\/wp-content\/uploads\/2025\/04\/MERA-M-temperatura-960x960.webp 960w, https:\/\/arteconfort.com\/wp-content\/uploads\/2025\/04\/MERA-M-temperatura-300x300.webp 300w, https:\/\/arteconfort.com\/wp-content\/uploads\/2025\/04\/MERA-M-temperatura-600x600.webp 600w, https:\/\/arteconfort.com\/wp-content\/uploads\/2025\/04\/MERA-M-temperatura-100x100.webp 100w\" sizes=\"auto, (max-width: 1024px) 100vw, 1024px\" \/><img loading=\"lazy\" decoding=\"async\" width=\"2000\" height=\"2000\" src=\"https:\/\/arteconfort.com\/wp-content\/uploads\/2025\/04\/MERA-M-grafico.webp\" class=\"attachment-shop_catalog size-shop_catalog\" alt=\"\" srcset=\"https:\/\/arteconfort.com\/wp-content\/uploads\/2025\/04\/MERA-M-grafico.webp 2000w, https:\/\/arteconfort.com\/wp-content\/uploads\/2025\/04\/MERA-M-grafico-768x768.webp 768w, https:\/\/arteconfort.com\/wp-content\/uploads\/2025\/04\/MERA-M-grafico-1536x1536.webp 1536w, https:\/\/arteconfort.com\/wp-content\/uploads\/2025\/04\/MERA-M-grafico-340x340.webp 340w, https:\/\/arteconfort.com\/wp-content\/uploads\/2025\/04\/MERA-M-grafico-640x640.webp 640w, https:\/\/arteconfort.com\/wp-content\/uploads\/2025\/04\/MERA-M-grafico-960x960.webp 960w, https:\/\/arteconfort.com\/wp-content\/uploads\/2025\/04\/MERA-M-grafico-1280x1280.webp 1280w, https:\/\/arteconfort.com\/wp-content\/uploads\/2025\/04\/MERA-M-grafico-300x300.webp 300w, https:\/\/arteconfort.com\/wp-content\/uploads\/2025\/04\/MERA-M-grafico-600x600.webp 600w, https:\/\/arteconfort.com\/wp-content\/uploads\/2025\/04\/MERA-M-grafico-100x100.webp 100w\" sizes=\"auto, (max-width: 2000px) 100vw, 2000px\" \/>\t<\/a>\n\t<div class=\"w-product-status\"><\/div>\t<span id=\"woocommerce_loop_add_to_cart_link_describedby_47042\" class=\"screen-reader-text\">\n\t\t\t<\/span>\n<\/div><figcaption><h2 class=\"woocommerce-loop-product__title\">MERA M<\/h2><div class=\"woocommerce-product-details__short-description\">\n\t<p>The MERA M retractable or concealed blades ceiling fan incorporates LED light and color temperature memory. It has<\/div>\n\n<\/figcaption><\/figure><\/li>\n<li class=\"product type-product post-47062 status-publish last instock product_cat-climatizacion-en product_cat-ventiladores-de-techo-en has-post-thumbnail shipping-taxable product-type-simple w-item col-3\">\n\t<figure><div class=\"image-wrapper\">\t\t<a href=\"https:\/\/arteconfort.com\/en\/producto\/mera-s\/\" class=\"w-fadeslider\">\n\t<img loading=\"lazy\" decoding=\"async\" width=\"1024\" height=\"1024\" src=\"https:\/\/arteconfort.com\/wp-content\/uploads\/2025\/04\/MERA-S-mando.webp\" class=\"attachment-shop_catalog size-shop_catalog wp-post-image\" alt=\"\" srcset=\"https:\/\/arteconfort.com\/wp-content\/uploads\/2025\/04\/MERA-S-mando.webp 1024w, https:\/\/arteconfort.com\/wp-content\/uploads\/2025\/04\/MERA-S-mando-768x768.webp 768w, https:\/\/arteconfort.com\/wp-content\/uploads\/2025\/04\/MERA-S-mando-340x340.webp 340w, https:\/\/arteconfort.com\/wp-content\/uploads\/2025\/04\/MERA-S-mando-640x640.webp 640w, https:\/\/arteconfort.com\/wp-content\/uploads\/2025\/04\/MERA-S-mando-960x960.webp 960w, https:\/\/arteconfort.com\/wp-content\/uploads\/2025\/04\/MERA-S-mando-300x300.webp 300w, https:\/\/arteconfort.com\/wp-content\/uploads\/2025\/04\/MERA-S-mando-600x600.webp 600w, https:\/\/arteconfort.com\/wp-content\/uploads\/2025\/04\/MERA-S-mando-100x100.webp 100w\" sizes=\"auto, (max-width: 1024px) 100vw, 1024px\" \/>\t<img loading=\"lazy\" decoding=\"async\" width=\"1024\" height=\"1024\" src=\"https:\/\/arteconfort.com\/wp-content\/uploads\/2025\/04\/MERA-S-cerrado-1.webp\" class=\"attachment-shop_catalog size-shop_catalog\" alt=\"\" srcset=\"https:\/\/arteconfort.com\/wp-content\/uploads\/2025\/04\/MERA-S-cerrado-1.webp 1024w, https:\/\/arteconfort.com\/wp-content\/uploads\/2025\/04\/MERA-S-cerrado-1-768x768.webp 768w, https:\/\/arteconfort.com\/wp-content\/uploads\/2025\/04\/MERA-S-cerrado-1-340x340.webp 340w, https:\/\/arteconfort.com\/wp-content\/uploads\/2025\/04\/MERA-S-cerrado-1-640x640.webp 640w, https:\/\/arteconfort.com\/wp-content\/uploads\/2025\/04\/MERA-S-cerrado-1-960x960.webp 960w, https:\/\/arteconfort.com\/wp-content\/uploads\/2025\/04\/MERA-S-cerrado-1-300x300.webp 300w, https:\/\/arteconfort.com\/wp-content\/uploads\/2025\/04\/MERA-S-cerrado-1-600x600.webp 600w, https:\/\/arteconfort.com\/wp-content\/uploads\/2025\/04\/MERA-S-cerrado-1-100x100.webp 100w\" sizes=\"auto, (max-width: 1024px) 100vw, 1024px\" \/><img loading=\"lazy\" decoding=\"async\" width=\"1024\" height=\"1024\" src=\"https:\/\/arteconfort.com\/wp-content\/uploads\/2025\/04\/MERA-S-temperatura.webp\" class=\"attachment-shop_catalog size-shop_catalog\" alt=\"\" srcset=\"https:\/\/arteconfort.com\/wp-content\/uploads\/2025\/04\/MERA-S-temperatura.webp 1024w, https:\/\/arteconfort.com\/wp-content\/uploads\/2025\/04\/MERA-S-temperatura-768x768.webp 768w, https:\/\/arteconfort.com\/wp-content\/uploads\/2025\/04\/MERA-S-temperatura-340x340.webp 340w, https:\/\/arteconfort.com\/wp-content\/uploads\/2025\/04\/MERA-S-temperatura-640x640.webp 640w, https:\/\/arteconfort.com\/wp-content\/uploads\/2025\/04\/MERA-S-temperatura-960x960.webp 960w, https:\/\/arteconfort.com\/wp-content\/uploads\/2025\/04\/MERA-S-temperatura-300x300.webp 300w, https:\/\/arteconfort.com\/wp-content\/uploads\/2025\/04\/MERA-S-temperatura-600x600.webp 600w, https:\/\/arteconfort.com\/wp-content\/uploads\/2025\/04\/MERA-S-temperatura-100x100.webp 100w\" sizes=\"auto, (max-width: 1024px) 100vw, 1024px\" \/><img loading=\"lazy\" decoding=\"async\" width=\"2000\" height=\"2000\" src=\"https:\/\/arteconfort.com\/wp-content\/uploads\/2025\/04\/MERA-S-grafico.webp\" class=\"attachment-shop_catalog size-shop_catalog\" alt=\"\" srcset=\"https:\/\/arteconfort.com\/wp-content\/uploads\/2025\/04\/MERA-S-grafico.webp 2000w, https:\/\/arteconfort.com\/wp-content\/uploads\/2025\/04\/MERA-S-grafico-768x768.webp 768w, https:\/\/arteconfort.com\/wp-content\/uploads\/2025\/04\/MERA-S-grafico-1536x1536.webp 1536w, https:\/\/arteconfort.com\/wp-content\/uploads\/2025\/04\/MERA-S-grafico-340x340.webp 340w, https:\/\/arteconfort.com\/wp-content\/uploads\/2025\/04\/MERA-S-grafico-640x640.webp 640w, https:\/\/arteconfort.com\/wp-content\/uploads\/2025\/04\/MERA-S-grafico-960x960.webp 960w, https:\/\/arteconfort.com\/wp-content\/uploads\/2025\/04\/MERA-S-grafico-1280x1280.webp 1280w, https:\/\/arteconfort.com\/wp-content\/uploads\/2025\/04\/MERA-S-grafico-300x300.webp 300w, https:\/\/arteconfort.com\/wp-content\/uploads\/2025\/04\/MERA-S-grafico-600x600.webp 600w, https:\/\/arteconfort.com\/wp-content\/uploads\/2025\/04\/MERA-S-grafico-100x100.webp 100w\" sizes=\"auto, (max-width: 2000px) 100vw, 2000px\" \/>\t<\/a>\n\t<div class=\"w-product-status\"><\/div>\t<span id=\"woocommerce_loop_add_to_cart_link_describedby_47062\" class=\"screen-reader-text\">\n\t\t\t<\/span>\n<\/div><figcaption><h2 class=\"woocommerce-loop-product__title\">MERA S<\/h2><div class=\"woocommerce-product-details__short-description\">\n\t<p>The MERA S retractable or concealed blades ceiling fan incorporates LED light and color temperature memory. It has<\/div>\n\n<\/figcaption><\/figure><\/li>\n<li class=\"product type-product post-44565 status-publish first instock product_cat-climatizacion-en product_cat-ventiladores-de-techo-en has-post-thumbnail shipping-taxable product-type-simple w-item col-3\">\n\t<figure><div class=\"image-wrapper\">\t\t<a href=\"https:\/\/arteconfort.com\/en\/producto\/mifa-l\/\" class=\"w-fadeslider\">\n\t<img loading=\"lazy\" decoding=\"async\" width=\"1024\" height=\"1024\" src=\"https:\/\/arteconfort.com\/wp-content\/uploads\/2025\/03\/MIFA-L-mando-01.webp\" class=\"attachment-shop_catalog size-shop_catalog wp-post-image\" alt=\"\" srcset=\"https:\/\/arteconfort.com\/wp-content\/uploads\/2025\/03\/MIFA-L-mando-01.webp 1024w, https:\/\/arteconfort.com\/wp-content\/uploads\/2025\/03\/MIFA-L-mando-01-768x768.webp 768w, https:\/\/arteconfort.com\/wp-content\/uploads\/2025\/03\/MIFA-L-mando-01-340x340.webp 340w, https:\/\/arteconfort.com\/wp-content\/uploads\/2025\/03\/MIFA-L-mando-01-640x640.webp 640w, https:\/\/arteconfort.com\/wp-content\/uploads\/2025\/03\/MIFA-L-mando-01-960x960.webp 960w, https:\/\/arteconfort.com\/wp-content\/uploads\/2025\/03\/MIFA-L-mando-01-300x300.webp 300w, https:\/\/arteconfort.com\/wp-content\/uploads\/2025\/03\/MIFA-L-mando-01-600x600.webp 600w, https:\/\/arteconfort.com\/wp-content\/uploads\/2025\/03\/MIFA-L-mando-01-100x100.webp 100w\" sizes=\"auto, (max-width: 1024px) 100vw, 1024px\" \/>\t<img loading=\"lazy\" decoding=\"async\" width=\"1024\" height=\"1024\" src=\"https:\/\/arteconfort.com\/wp-content\/uploads\/2025\/03\/MIFA-L-detalle-04.webp\" class=\"attachment-shop_catalog size-shop_catalog\" alt=\"\" srcset=\"https:\/\/arteconfort.com\/wp-content\/uploads\/2025\/03\/MIFA-L-detalle-04.webp 1024w, https:\/\/arteconfort.com\/wp-content\/uploads\/2025\/03\/MIFA-L-detalle-04-768x768.webp 768w, https:\/\/arteconfort.com\/wp-content\/uploads\/2025\/03\/MIFA-L-detalle-04-340x340.webp 340w, https:\/\/arteconfort.com\/wp-content\/uploads\/2025\/03\/MIFA-L-detalle-04-640x640.webp 640w, https:\/\/arteconfort.com\/wp-content\/uploads\/2025\/03\/MIFA-L-detalle-04-960x960.webp 960w, https:\/\/arteconfort.com\/wp-content\/uploads\/2025\/03\/MIFA-L-detalle-04-300x300.webp 300w, https:\/\/arteconfort.com\/wp-content\/uploads\/2025\/03\/MIFA-L-detalle-04-600x600.webp 600w, https:\/\/arteconfort.com\/wp-content\/uploads\/2025\/03\/MIFA-L-detalle-04-100x100.webp 100w\" sizes=\"auto, (max-width: 1024px) 100vw, 1024px\" \/><img loading=\"lazy\" decoding=\"async\" width=\"1024\" height=\"1024\" src=\"https:\/\/arteconfort.com\/wp-content\/uploads\/2025\/03\/94051383-tz-01.webp\" class=\"attachment-shop_catalog size-shop_catalog\" alt=\"\" srcset=\"https:\/\/arteconfort.com\/wp-content\/uploads\/2025\/03\/94051383-tz-01.webp 1024w, https:\/\/arteconfort.com\/wp-content\/uploads\/2025\/03\/94051383-tz-01-768x768.webp 768w, https:\/\/arteconfort.com\/wp-content\/uploads\/2025\/03\/94051383-tz-01-340x340.webp 340w, https:\/\/arteconfort.com\/wp-content\/uploads\/2025\/03\/94051383-tz-01-640x640.webp 640w, https:\/\/arteconfort.com\/wp-content\/uploads\/2025\/03\/94051383-tz-01-960x960.webp 960w, https:\/\/arteconfort.com\/wp-content\/uploads\/2025\/03\/94051383-tz-01-300x300.webp 300w, https:\/\/arteconfort.com\/wp-content\/uploads\/2025\/03\/94051383-tz-01-600x600.webp 600w, https:\/\/arteconfort.com\/wp-content\/uploads\/2025\/03\/94051383-tz-01-100x100.webp 100w\" sizes=\"auto, (max-width: 1024px) 100vw, 1024px\" \/><img loading=\"lazy\" decoding=\"async\" width=\"1024\" height=\"1024\" src=\"https:\/\/arteconfort.com\/wp-content\/uploads\/2025\/03\/MIFA-L-grafico-05.webp\" class=\"attachment-shop_catalog size-shop_catalog\" alt=\"\" srcset=\"https:\/\/arteconfort.com\/wp-content\/uploads\/2025\/03\/MIFA-L-grafico-05.webp 1024w, https:\/\/arteconfort.com\/wp-content\/uploads\/2025\/03\/MIFA-L-grafico-05-768x768.webp 768w, https:\/\/arteconfort.com\/wp-content\/uploads\/2025\/03\/MIFA-L-grafico-05-340x340.webp 340w, https:\/\/arteconfort.com\/wp-content\/uploads\/2025\/03\/MIFA-L-grafico-05-640x640.webp 640w, https:\/\/arteconfort.com\/wp-content\/uploads\/2025\/03\/MIFA-L-grafico-05-960x960.webp 960w, https:\/\/arteconfort.com\/wp-content\/uploads\/2025\/03\/MIFA-L-grafico-05-300x300.webp 300w, https:\/\/arteconfort.com\/wp-content\/uploads\/2025\/03\/MIFA-L-grafico-05-600x600.webp 600w, https:\/\/arteconfort.com\/wp-content\/uploads\/2025\/03\/MIFA-L-grafico-05-100x100.webp 100w\" sizes=\"auto, (max-width: 1024px) 100vw, 1024px\" \/>\t<\/a>\n\t<div class=\"w-product-status\"><\/div>\t<span id=\"woocommerce_loop_add_to_cart_link_describedby_44565\" class=\"screen-reader-text\">\n\t\t\t<\/span>\n<\/div><figcaption><h2 class=\"woocommerce-loop-product__title\">MIFA L<\/h2><div class=\"woocommerce-product-details__short-description\">\n\t<p>MIFA L retractable fan with integrated LED light, high luminous flux and color temperature memory. It has a<\/div>\n\n<\/figcaption><\/figure><\/li>\n<li class=\"product type-product post-10302 status-publish instock product_cat-climatizacion-en product_cat-collection-old-en product_cat-ventiladores-de-techo-en has-post-thumbnail shipping-taxable product-type-external w-item col-3\">\n\t<figure><div class=\"image-wrapper\">\t\t<a href=\"https:\/\/arteconfort.com\/en\/producto\/milano\/\" class=\"w-fadeslider\">\n\t<img loading=\"lazy\" decoding=\"async\" width=\"1024\" height=\"1024\" src=\"https:\/\/arteconfort.com\/wp-content\/uploads\/2025\/06\/ventilador-MILANO-foto-con-mando-distancia.webp\" class=\"attachment-shop_catalog size-shop_catalog wp-post-image\" alt=\"\" srcset=\"https:\/\/arteconfort.com\/wp-content\/uploads\/2025\/06\/ventilador-MILANO-foto-con-mando-distancia.webp 1024w, https:\/\/arteconfort.com\/wp-content\/uploads\/2025\/06\/ventilador-MILANO-foto-con-mando-distancia-768x768.webp 768w, https:\/\/arteconfort.com\/wp-content\/uploads\/2025\/06\/ventilador-MILANO-foto-con-mando-distancia-340x340.webp 340w, https:\/\/arteconfort.com\/wp-content\/uploads\/2025\/06\/ventilador-MILANO-foto-con-mando-distancia-640x640.webp 640w, https:\/\/arteconfort.com\/wp-content\/uploads\/2025\/06\/ventilador-MILANO-foto-con-mando-distancia-960x960.webp 960w, https:\/\/arteconfort.com\/wp-content\/uploads\/2025\/06\/ventilador-MILANO-foto-con-mando-distancia-300x300.webp 300w, https:\/\/arteconfort.com\/wp-content\/uploads\/2025\/06\/ventilador-MILANO-foto-con-mando-distancia-600x600.webp 600w, https:\/\/arteconfort.com\/wp-content\/uploads\/2025\/06\/ventilador-MILANO-foto-con-mando-distancia-100x100.webp 100w\" sizes=\"auto, (max-width: 1024px) 100vw, 1024px\" \/>\t<img loading=\"lazy\" decoding=\"async\" width=\"1024\" height=\"1024\" src=\"https:\/\/arteconfort.com\/wp-content\/uploads\/2025\/06\/MILANO-AMBIENTE.webp\" class=\"attachment-shop_catalog size-shop_catalog\" alt=\"\" srcset=\"https:\/\/arteconfort.com\/wp-content\/uploads\/2025\/06\/MILANO-AMBIENTE.webp 1024w, https:\/\/arteconfort.com\/wp-content\/uploads\/2025\/06\/MILANO-AMBIENTE-768x768.webp 768w, https:\/\/arteconfort.com\/wp-content\/uploads\/2025\/06\/MILANO-AMBIENTE-340x340.webp 340w, https:\/\/arteconfort.com\/wp-content\/uploads\/2025\/06\/MILANO-AMBIENTE-640x640.webp 640w, https:\/\/arteconfort.com\/wp-content\/uploads\/2025\/06\/MILANO-AMBIENTE-960x960.webp 960w, https:\/\/arteconfort.com\/wp-content\/uploads\/2025\/06\/MILANO-AMBIENTE-300x300.webp 300w, https:\/\/arteconfort.com\/wp-content\/uploads\/2025\/06\/MILANO-AMBIENTE-600x600.webp 600w, https:\/\/arteconfort.com\/wp-content\/uploads\/2025\/06\/MILANO-AMBIENTE-100x100.webp 100w\" sizes=\"auto, (max-width: 1024px) 100vw, 1024px\" \/><img loading=\"lazy\" decoding=\"async\" width=\"1024\" height=\"953\" src=\"https:\/\/arteconfort.com\/wp-content\/uploads\/2025\/06\/ventilador-MILANO-foto-cuerpo-metal.webp\" class=\"attachment-shop_catalog size-shop_catalog\" alt=\"\" srcset=\"https:\/\/arteconfort.com\/wp-content\/uploads\/2025\/06\/ventilador-MILANO-foto-cuerpo-metal.webp 1024w, https:\/\/arteconfort.com\/wp-content\/uploads\/2025\/06\/ventilador-MILANO-foto-cuerpo-metal-768x715.webp 768w, https:\/\/arteconfort.com\/wp-content\/uploads\/2025\/06\/ventilador-MILANO-foto-cuerpo-metal-640x596.webp 640w, https:\/\/arteconfort.com\/wp-content\/uploads\/2025\/06\/ventilador-MILANO-foto-cuerpo-metal-600x558.webp 600w\" sizes=\"auto, (max-width: 1024px) 100vw, 1024px\" \/><img loading=\"lazy\" decoding=\"async\" width=\"1024\" height=\"1024\" src=\"https:\/\/arteconfort.com\/wp-content\/uploads\/2025\/06\/ventilador-MILANO-aspa.webp\" class=\"attachment-shop_catalog size-shop_catalog\" alt=\"\" srcset=\"https:\/\/arteconfort.com\/wp-content\/uploads\/2025\/06\/ventilador-MILANO-aspa.webp 1024w, https:\/\/arteconfort.com\/wp-content\/uploads\/2025\/06\/ventilador-MILANO-aspa-768x768.webp 768w, https:\/\/arteconfort.com\/wp-content\/uploads\/2025\/06\/ventilador-MILANO-aspa-340x340.webp 340w, https:\/\/arteconfort.com\/wp-content\/uploads\/2025\/06\/ventilador-MILANO-aspa-640x640.webp 640w, https:\/\/arteconfort.com\/wp-content\/uploads\/2025\/06\/ventilador-MILANO-aspa-960x960.webp 960w, https:\/\/arteconfort.com\/wp-content\/uploads\/2025\/06\/ventilador-MILANO-aspa-300x300.webp 300w, https:\/\/arteconfort.com\/wp-content\/uploads\/2025\/06\/ventilador-MILANO-aspa-600x600.webp 600w, https:\/\/arteconfort.com\/wp-content\/uploads\/2025\/06\/ventilador-MILANO-aspa-100x100.webp 100w\" sizes=\"auto, (max-width: 1024px) 100vw, 1024px\" \/>\t<\/a>\n\t<div class=\"w-product-status\"><\/div>\t<span id=\"woocommerce_loop_add_to_cart_link_describedby_10302\" class=\"screen-reader-text\">\n\t\t\t<\/span>\n<\/div><div class=\"berocket_better_labels berocket_better_labels_image\"><div class=\"berocket_better_labels_position berocket_better_labels_position_right\"><div class=\"berocket_better_labels_line berocket_better_labels_line_1\"><div class=\"berocket_better_labels_inline berocket_better_labels_inline_1\"><div class=\"br_alabel br_alabel_type_text br_alabel_template_type_css berocket_alabel_id_22611  br_alabel_better_compatibility\" style=\"\"><span  style=\"\"><i style=\"background-color: #000000; border-color: #000000;\" class=\"template-span-before \"><\/i><i style=\"background-color: #000000; border-color: #000000;\" class=\"template-i \"><\/i><i style=\"background-color: #000000; border-color: #000000;\" class=\"template-i-before \"><\/i><i style=\"background-color: #000000; border-color: #000000;\" class=\"template-i-after \"><\/i><b style=\"position: relative;z-index: 100;text-align: center;color: inherit;\">Old collection<\/b><\/span><\/div><\/div><\/div><\/div><\/div><figcaption><h2 class=\"woocommerce-loop-product__title\">MILANO<\/h2><div class=\"woocommerce-product-details__short-description\">\n\t<p>Milano ceiling fan without light, nickel metal body and 3 blades made of natural cherry and beech wood,<\/div>\n\n<\/figcaption><\/figure><\/li>\n<li class=\"product type-product post-10304 status-publish instock product_cat-climatizacion-en product_cat-collection-old-en product_cat-ventiladores-de-techo-en has-post-thumbnail shipping-taxable product-type-external w-item col-3\">\n\t<figure><div class=\"image-wrapper\">\t\t<a href=\"https:\/\/arteconfort.com\/en\/producto\/milano-p\/\" class=\"w-fadeslider\">\n\t<img loading=\"lazy\" decoding=\"async\" width=\"1024\" height=\"1024\" src=\"https:\/\/arteconfort.com\/wp-content\/uploads\/2024\/06\/ventilador-MILANO-P-83860107-p-01.webp\" class=\"attachment-shop_catalog size-shop_catalog wp-post-image\" alt=\"Ventilador MILANO con mando\" srcset=\"https:\/\/arteconfort.com\/wp-content\/uploads\/2024\/06\/ventilador-MILANO-P-83860107-p-01.webp 1024w, https:\/\/arteconfort.com\/wp-content\/uploads\/2024\/06\/ventilador-MILANO-P-83860107-p-01-768x768.webp 768w, https:\/\/arteconfort.com\/wp-content\/uploads\/2024\/06\/ventilador-MILANO-P-83860107-p-01-340x340.webp 340w, https:\/\/arteconfort.com\/wp-content\/uploads\/2024\/06\/ventilador-MILANO-P-83860107-p-01-640x640.webp 640w, https:\/\/arteconfort.com\/wp-content\/uploads\/2024\/06\/ventilador-MILANO-P-83860107-p-01-960x960.webp 960w, https:\/\/arteconfort.com\/wp-content\/uploads\/2024\/06\/ventilador-MILANO-P-83860107-p-01-300x300.webp 300w, https:\/\/arteconfort.com\/wp-content\/uploads\/2024\/06\/ventilador-MILANO-P-83860107-p-01-600x600.webp 600w, https:\/\/arteconfort.com\/wp-content\/uploads\/2024\/06\/ventilador-MILANO-P-83860107-p-01-100x100.webp 100w, https:\/\/arteconfort.com\/wp-content\/uploads\/2024\/06\/ventilador-MILANO-P-83860107-p-01-133x133.webp 133w\" sizes=\"auto, (max-width: 1024px) 100vw, 1024px\" \/>\t<img loading=\"lazy\" decoding=\"async\" width=\"1024\" height=\"1024\" src=\"https:\/\/arteconfort.com\/wp-content\/uploads\/2023\/10\/MILANO-P-ambiente.webp\" class=\"attachment-shop_catalog size-shop_catalog\" alt=\"\" srcset=\"https:\/\/arteconfort.com\/wp-content\/uploads\/2023\/10\/MILANO-P-ambiente.webp 1024w, https:\/\/arteconfort.com\/wp-content\/uploads\/2023\/10\/MILANO-P-ambiente-768x768.webp 768w, https:\/\/arteconfort.com\/wp-content\/uploads\/2023\/10\/MILANO-P-ambiente-340x340.webp 340w, https:\/\/arteconfort.com\/wp-content\/uploads\/2023\/10\/MILANO-P-ambiente-640x640.webp 640w, https:\/\/arteconfort.com\/wp-content\/uploads\/2023\/10\/MILANO-P-ambiente-960x960.webp 960w, https:\/\/arteconfort.com\/wp-content\/uploads\/2023\/10\/MILANO-P-ambiente-133x133.webp 133w, https:\/\/arteconfort.com\/wp-content\/uploads\/2023\/10\/MILANO-P-ambiente-300x300.webp 300w, https:\/\/arteconfort.com\/wp-content\/uploads\/2023\/10\/MILANO-P-ambiente-600x600.webp 600w, https:\/\/arteconfort.com\/wp-content\/uploads\/2023\/10\/MILANO-P-ambiente-100x100.webp 100w\" sizes=\"auto, (max-width: 1024px) 100vw, 1024px\" \/><img loading=\"lazy\" decoding=\"async\" width=\"1024\" height=\"1024\" src=\"https:\/\/arteconfort.com\/wp-content\/uploads\/2024\/06\/ventilador-MILANO-P-83860107-0100.webp\" class=\"attachment-shop_catalog size-shop_catalog\" alt=\"Ventilador MILANO perspectiva 2\" srcset=\"https:\/\/arteconfort.com\/wp-content\/uploads\/2024\/06\/ventilador-MILANO-P-83860107-0100.webp 1024w, https:\/\/arteconfort.com\/wp-content\/uploads\/2024\/06\/ventilador-MILANO-P-83860107-0100-768x768.webp 768w, https:\/\/arteconfort.com\/wp-content\/uploads\/2024\/06\/ventilador-MILANO-P-83860107-0100-340x340.webp 340w, https:\/\/arteconfort.com\/wp-content\/uploads\/2024\/06\/ventilador-MILANO-P-83860107-0100-640x640.webp 640w, https:\/\/arteconfort.com\/wp-content\/uploads\/2024\/06\/ventilador-MILANO-P-83860107-0100-960x960.webp 960w, https:\/\/arteconfort.com\/wp-content\/uploads\/2024\/06\/ventilador-MILANO-P-83860107-0100-133x133.webp 133w, https:\/\/arteconfort.com\/wp-content\/uploads\/2024\/06\/ventilador-MILANO-P-83860107-0100-300x300.webp 300w, https:\/\/arteconfort.com\/wp-content\/uploads\/2024\/06\/ventilador-MILANO-P-83860107-0100-600x600.webp 600w, https:\/\/arteconfort.com\/wp-content\/uploads\/2024\/06\/ventilador-MILANO-P-83860107-0100-100x100.webp 100w\" sizes=\"auto, (max-width: 1024px) 100vw, 1024px\" \/><img loading=\"lazy\" decoding=\"async\" width=\"1024\" height=\"1024\" src=\"https:\/\/arteconfort.com\/wp-content\/uploads\/2024\/06\/ventilador-MILANO-P-83860107-0101.webp\" class=\"attachment-shop_catalog size-shop_catalog\" alt=\"Ventilador MILANO perspectiva\" srcset=\"https:\/\/arteconfort.com\/wp-content\/uploads\/2024\/06\/ventilador-MILANO-P-83860107-0101.webp 1024w, https:\/\/arteconfort.com\/wp-content\/uploads\/2024\/06\/ventilador-MILANO-P-83860107-0101-768x768.webp 768w, https:\/\/arteconfort.com\/wp-content\/uploads\/2024\/06\/ventilador-MILANO-P-83860107-0101-340x340.webp 340w, https:\/\/arteconfort.com\/wp-content\/uploads\/2024\/06\/ventilador-MILANO-P-83860107-0101-640x640.webp 640w, https:\/\/arteconfort.com\/wp-content\/uploads\/2024\/06\/ventilador-MILANO-P-83860107-0101-960x960.webp 960w, https:\/\/arteconfort.com\/wp-content\/uploads\/2024\/06\/ventilador-MILANO-P-83860107-0101-133x133.webp 133w, https:\/\/arteconfort.com\/wp-content\/uploads\/2024\/06\/ventilador-MILANO-P-83860107-0101-300x300.webp 300w, https:\/\/arteconfort.com\/wp-content\/uploads\/2024\/06\/ventilador-MILANO-P-83860107-0101-600x600.webp 600w, https:\/\/arteconfort.com\/wp-content\/uploads\/2024\/06\/ventilador-MILANO-P-83860107-0101-100x100.webp 100w\" sizes=\"auto, (max-width: 1024px) 100vw, 1024px\" \/><img loading=\"lazy\" decoding=\"async\" width=\"1024\" height=\"1024\" src=\"https:\/\/arteconfort.com\/wp-content\/uploads\/2024\/06\/ventilador-MILANO-P-83860107-0104.webp\" class=\"attachment-shop_catalog size-shop_catalog\" alt=\"Ventilador MILANO cenital\" srcset=\"https:\/\/arteconfort.com\/wp-content\/uploads\/2024\/06\/ventilador-MILANO-P-83860107-0104.webp 1024w, https:\/\/arteconfort.com\/wp-content\/uploads\/2024\/06\/ventilador-MILANO-P-83860107-0104-768x768.webp 768w, https:\/\/arteconfort.com\/wp-content\/uploads\/2024\/06\/ventilador-MILANO-P-83860107-0104-340x340.webp 340w, https:\/\/arteconfort.com\/wp-content\/uploads\/2024\/06\/ventilador-MILANO-P-83860107-0104-640x640.webp 640w, https:\/\/arteconfort.com\/wp-content\/uploads\/2024\/06\/ventilador-MILANO-P-83860107-0104-960x960.webp 960w, https:\/\/arteconfort.com\/wp-content\/uploads\/2024\/06\/ventilador-MILANO-P-83860107-0104-133x133.webp 133w, https:\/\/arteconfort.com\/wp-content\/uploads\/2024\/06\/ventilador-MILANO-P-83860107-0104-300x300.webp 300w, https:\/\/arteconfort.com\/wp-content\/uploads\/2024\/06\/ventilador-MILANO-P-83860107-0104-600x600.webp 600w, https:\/\/arteconfort.com\/wp-content\/uploads\/2024\/06\/ventilador-MILANO-P-83860107-0104-100x100.webp 100w\" sizes=\"auto, (max-width: 1024px) 100vw, 1024px\" \/><img loading=\"lazy\" decoding=\"async\" width=\"1024\" height=\"1024\" src=\"https:\/\/arteconfort.com\/wp-content\/uploads\/2024\/06\/ventilador-MILANO-P-83860107-0103.webp\" class=\"attachment-shop_catalog size-shop_catalog\" alt=\"Ventilador MILANO planta\" srcset=\"https:\/\/arteconfort.com\/wp-content\/uploads\/2024\/06\/ventilador-MILANO-P-83860107-0103.webp 1024w, https:\/\/arteconfort.com\/wp-content\/uploads\/2024\/06\/ventilador-MILANO-P-83860107-0103-768x768.webp 768w, https:\/\/arteconfort.com\/wp-content\/uploads\/2024\/06\/ventilador-MILANO-P-83860107-0103-340x340.webp 340w, https:\/\/arteconfort.com\/wp-content\/uploads\/2024\/06\/ventilador-MILANO-P-83860107-0103-640x640.webp 640w, https:\/\/arteconfort.com\/wp-content\/uploads\/2024\/06\/ventilador-MILANO-P-83860107-0103-960x960.webp 960w, https:\/\/arteconfort.com\/wp-content\/uploads\/2024\/06\/ventilador-MILANO-P-83860107-0103-133x133.webp 133w, https:\/\/arteconfort.com\/wp-content\/uploads\/2024\/06\/ventilador-MILANO-P-83860107-0103-300x300.webp 300w, https:\/\/arteconfort.com\/wp-content\/uploads\/2024\/06\/ventilador-MILANO-P-83860107-0103-600x600.webp 600w, https:\/\/arteconfort.com\/wp-content\/uploads\/2024\/06\/ventilador-MILANO-P-83860107-0103-100x100.webp 100w\" sizes=\"auto, (max-width: 1024px) 100vw, 1024px\" \/><img loading=\"lazy\" decoding=\"async\" width=\"1024\" height=\"1024\" src=\"https:\/\/arteconfort.com\/wp-content\/uploads\/2024\/06\/ventilador-MILANO-P-83860107-0102.webp\" class=\"attachment-shop_catalog size-shop_catalog\" alt=\"Ventilador MILANO lateral\" srcset=\"https:\/\/arteconfort.com\/wp-content\/uploads\/2024\/06\/ventilador-MILANO-P-83860107-0102.webp 1024w, https:\/\/arteconfort.com\/wp-content\/uploads\/2024\/06\/ventilador-MILANO-P-83860107-0102-768x768.webp 768w, https:\/\/arteconfort.com\/wp-content\/uploads\/2024\/06\/ventilador-MILANO-P-83860107-0102-340x340.webp 340w, https:\/\/arteconfort.com\/wp-content\/uploads\/2024\/06\/ventilador-MILANO-P-83860107-0102-640x640.webp 640w, https:\/\/arteconfort.com\/wp-content\/uploads\/2024\/06\/ventilador-MILANO-P-83860107-0102-960x960.webp 960w, https:\/\/arteconfort.com\/wp-content\/uploads\/2024\/06\/ventilador-MILANO-P-83860107-0102-133x133.webp 133w, https:\/\/arteconfort.com\/wp-content\/uploads\/2024\/06\/ventilador-MILANO-P-83860107-0102-300x300.webp 300w, https:\/\/arteconfort.com\/wp-content\/uploads\/2024\/06\/ventilador-MILANO-P-83860107-0102-600x600.webp 600w, https:\/\/arteconfort.com\/wp-content\/uploads\/2024\/06\/ventilador-MILANO-P-83860107-0102-100x100.webp 100w\" sizes=\"auto, (max-width: 1024px) 100vw, 1024px\" \/><img loading=\"lazy\" decoding=\"async\" width=\"1024\" height=\"1024\" src=\"https:\/\/arteconfort.com\/wp-content\/uploads\/2024\/06\/ventilador-MILANO-P-83860107-0600.webp\" class=\"attachment-shop_catalog size-shop_catalog\" alt=\"Ventilador MILANO grafico\" srcset=\"https:\/\/arteconfort.com\/wp-content\/uploads\/2024\/06\/ventilador-MILANO-P-83860107-0600.webp 1024w, https:\/\/arteconfort.com\/wp-content\/uploads\/2024\/06\/ventilador-MILANO-P-83860107-0600-768x768.webp 768w, https:\/\/arteconfort.com\/wp-content\/uploads\/2024\/06\/ventilador-MILANO-P-83860107-0600-340x340.webp 340w, https:\/\/arteconfort.com\/wp-content\/uploads\/2024\/06\/ventilador-MILANO-P-83860107-0600-640x640.webp 640w, https:\/\/arteconfort.com\/wp-content\/uploads\/2024\/06\/ventilador-MILANO-P-83860107-0600-960x960.webp 960w, https:\/\/arteconfort.com\/wp-content\/uploads\/2024\/06\/ventilador-MILANO-P-83860107-0600-133x133.webp 133w, https:\/\/arteconfort.com\/wp-content\/uploads\/2024\/06\/ventilador-MILANO-P-83860107-0600-300x300.webp 300w, https:\/\/arteconfort.com\/wp-content\/uploads\/2024\/06\/ventilador-MILANO-P-83860107-0600-600x600.webp 600w, https:\/\/arteconfort.com\/wp-content\/uploads\/2024\/06\/ventilador-MILANO-P-83860107-0600-100x100.webp 100w\" sizes=\"auto, (max-width: 1024px) 100vw, 1024px\" \/><img loading=\"lazy\" decoding=\"async\" width=\"1024\" height=\"1024\" src=\"https:\/\/arteconfort.com\/wp-content\/uploads\/2024\/06\/ventilador-MILANO-P-83860107-0200.webp\" class=\"attachment-shop_catalog size-shop_catalog\" alt=\"Ventilador MILANO mando\" srcset=\"https:\/\/arteconfort.com\/wp-content\/uploads\/2024\/06\/ventilador-MILANO-P-83860107-0200.webp 1024w, https:\/\/arteconfort.com\/wp-content\/uploads\/2024\/06\/ventilador-MILANO-P-83860107-0200-768x768.webp 768w, https:\/\/arteconfort.com\/wp-content\/uploads\/2024\/06\/ventilador-MILANO-P-83860107-0200-340x340.webp 340w, https:\/\/arteconfort.com\/wp-content\/uploads\/2024\/06\/ventilador-MILANO-P-83860107-0200-640x640.webp 640w, https:\/\/arteconfort.com\/wp-content\/uploads\/2024\/06\/ventilador-MILANO-P-83860107-0200-960x960.webp 960w, https:\/\/arteconfort.com\/wp-content\/uploads\/2024\/06\/ventilador-MILANO-P-83860107-0200-133x133.webp 133w, https:\/\/arteconfort.com\/wp-content\/uploads\/2024\/06\/ventilador-MILANO-P-83860107-0200-300x300.webp 300w, https:\/\/arteconfort.com\/wp-content\/uploads\/2024\/06\/ventilador-MILANO-P-83860107-0200-600x600.webp 600w, https:\/\/arteconfort.com\/wp-content\/uploads\/2024\/06\/ventilador-MILANO-P-83860107-0200-100x100.webp 100w\" sizes=\"auto, (max-width: 1024px) 100vw, 1024px\" \/>\t<\/a>\n\t<div class=\"w-product-status\"><\/div>\t<span id=\"woocommerce_loop_add_to_cart_link_describedby_10304\" class=\"screen-reader-text\">\n\t\t\t<\/span>\n<\/div><div class=\"berocket_better_labels berocket_better_labels_image\"><div class=\"berocket_better_labels_position berocket_better_labels_position_right\"><div class=\"berocket_better_labels_line berocket_better_labels_line_1\"><div class=\"berocket_better_labels_inline berocket_better_labels_inline_1\"><div class=\"br_alabel br_alabel_type_text br_alabel_template_type_css berocket_alabel_id_22611  br_alabel_better_compatibility\" style=\"\"><span  style=\"\"><i style=\"background-color: #000000; border-color: #000000;\" class=\"template-span-before \"><\/i><i style=\"background-color: #000000; border-color: #000000;\" class=\"template-i \"><\/i><i style=\"background-color: #000000; border-color: #000000;\" class=\"template-i-before \"><\/i><i style=\"background-color: #000000; border-color: #000000;\" class=\"template-i-after \"><\/i><b style=\"position: relative;z-index: 100;text-align: center;color: inherit;\">Old collection<\/b><\/span><\/div><\/div><\/div><\/div><\/div><figcaption><h2 class=\"woocommerce-loop-product__title\">MILANO P<\/h2><div class=\"woocommerce-product-details__short-description\">\n\t<p>Ventilador de techo Milano P sin luz, cuerpo met\u00e1lico de n\u00edquel y 3 aspas de madera natural de<\/div>\n\n<\/figcaption><\/figure><\/li>\n<li class=\"product type-product post-25216 status-publish last instock product_cat-climatizacion-en product_cat-collection-old-en product_cat-ventiladores-de-techo-en has-post-thumbnail shipping-taxable product-type-simple w-item col-3\">\n\t<figure><div class=\"image-wrapper\">\t\t<a href=\"https:\/\/arteconfort.com\/en\/producto\/mireia\/\" class=\"w-fadeslider\">\n\t<img loading=\"lazy\" decoding=\"async\" width=\"1024\" height=\"1024\" src=\"https:\/\/arteconfort.com\/wp-content\/uploads\/2023\/10\/MIREIA-mando.webp\" class=\"attachment-shop_catalog size-shop_catalog wp-post-image\" alt=\"\" srcset=\"https:\/\/arteconfort.com\/wp-content\/uploads\/2023\/10\/MIREIA-mando.webp 1024w, https:\/\/arteconfort.com\/wp-content\/uploads\/2023\/10\/MIREIA-mando-768x768.webp 768w, https:\/\/arteconfort.com\/wp-content\/uploads\/2023\/10\/MIREIA-mando-340x340.webp 340w, https:\/\/arteconfort.com\/wp-content\/uploads\/2023\/10\/MIREIA-mando-640x640.webp 640w, https:\/\/arteconfort.com\/wp-content\/uploads\/2023\/10\/MIREIA-mando-960x960.webp 960w, https:\/\/arteconfort.com\/wp-content\/uploads\/2023\/10\/MIREIA-mando-300x300.webp 300w, https:\/\/arteconfort.com\/wp-content\/uploads\/2023\/10\/MIREIA-mando-600x600.webp 600w, https:\/\/arteconfort.com\/wp-content\/uploads\/2023\/10\/MIREIA-mando-100x100.webp 100w, https:\/\/arteconfort.com\/wp-content\/uploads\/2023\/10\/MIREIA-mando-133x133.webp 133w\" sizes=\"auto, (max-width: 1024px) 100vw, 1024px\" \/>\t<img loading=\"lazy\" decoding=\"async\" width=\"1024\" height=\"1024\" src=\"https:\/\/arteconfort.com\/wp-content\/uploads\/2023\/10\/MIREIA-ambiente-4.webp\" class=\"attachment-shop_catalog size-shop_catalog\" alt=\"\" srcset=\"https:\/\/arteconfort.com\/wp-content\/uploads\/2023\/10\/MIREIA-ambiente-4.webp 1024w, https:\/\/arteconfort.com\/wp-content\/uploads\/2023\/10\/MIREIA-ambiente-4-768x768.webp 768w, https:\/\/arteconfort.com\/wp-content\/uploads\/2023\/10\/MIREIA-ambiente-4-340x340.webp 340w, https:\/\/arteconfort.com\/wp-content\/uploads\/2023\/10\/MIREIA-ambiente-4-640x640.webp 640w, https:\/\/arteconfort.com\/wp-content\/uploads\/2023\/10\/MIREIA-ambiente-4-960x960.webp 960w, https:\/\/arteconfort.com\/wp-content\/uploads\/2023\/10\/MIREIA-ambiente-4-133x133.webp 133w, https:\/\/arteconfort.com\/wp-content\/uploads\/2023\/10\/MIREIA-ambiente-4-300x300.webp 300w, https:\/\/arteconfort.com\/wp-content\/uploads\/2023\/10\/MIREIA-ambiente-4-600x600.webp 600w, https:\/\/arteconfort.com\/wp-content\/uploads\/2023\/10\/MIREIA-ambiente-4-100x100.webp 100w\" sizes=\"auto, (max-width: 1024px) 100vw, 1024px\" \/><img loading=\"lazy\" decoding=\"async\" width=\"1024\" height=\"1024\" src=\"https:\/\/arteconfort.com\/wp-content\/uploads\/2023\/10\/MIREIA-luces.webp\" class=\"attachment-shop_catalog size-shop_catalog\" alt=\"\" srcset=\"https:\/\/arteconfort.com\/wp-content\/uploads\/2023\/10\/MIREIA-luces.webp 1024w, https:\/\/arteconfort.com\/wp-content\/uploads\/2023\/10\/MIREIA-luces-768x768.webp 768w, https:\/\/arteconfort.com\/wp-content\/uploads\/2023\/10\/MIREIA-luces-340x340.webp 340w, https:\/\/arteconfort.com\/wp-content\/uploads\/2023\/10\/MIREIA-luces-640x640.webp 640w, https:\/\/arteconfort.com\/wp-content\/uploads\/2023\/10\/MIREIA-luces-960x960.webp 960w, https:\/\/arteconfort.com\/wp-content\/uploads\/2023\/10\/MIREIA-luces-133x133.webp 133w, https:\/\/arteconfort.com\/wp-content\/uploads\/2023\/10\/MIREIA-luces-300x300.webp 300w, https:\/\/arteconfort.com\/wp-content\/uploads\/2023\/10\/MIREIA-luces-600x600.webp 600w, https:\/\/arteconfort.com\/wp-content\/uploads\/2023\/10\/MIREIA-luces-100x100.webp 100w\" sizes=\"auto, (max-width: 1024px) 100vw, 1024px\" \/><img loading=\"lazy\" decoding=\"async\" width=\"1024\" height=\"1024\" src=\"https:\/\/arteconfort.com\/wp-content\/uploads\/2023\/10\/MIREIA-detalle-2.webp\" class=\"attachment-shop_catalog size-shop_catalog\" alt=\"\" srcset=\"https:\/\/arteconfort.com\/wp-content\/uploads\/2023\/10\/MIREIA-detalle-2.webp 1024w, https:\/\/arteconfort.com\/wp-content\/uploads\/2023\/10\/MIREIA-detalle-2-768x768.webp 768w, https:\/\/arteconfort.com\/wp-content\/uploads\/2023\/10\/MIREIA-detalle-2-340x340.webp 340w, https:\/\/arteconfort.com\/wp-content\/uploads\/2023\/10\/MIREIA-detalle-2-640x640.webp 640w, https:\/\/arteconfort.com\/wp-content\/uploads\/2023\/10\/MIREIA-detalle-2-960x960.webp 960w, https:\/\/arteconfort.com\/wp-content\/uploads\/2023\/10\/MIREIA-detalle-2-133x133.webp 133w, https:\/\/arteconfort.com\/wp-content\/uploads\/2023\/10\/MIREIA-detalle-2-300x300.webp 300w, https:\/\/arteconfort.com\/wp-content\/uploads\/2023\/10\/MIREIA-detalle-2-600x600.webp 600w, https:\/\/arteconfort.com\/wp-content\/uploads\/2023\/10\/MIREIA-detalle-2-100x100.webp 100w\" sizes=\"auto, (max-width: 1024px) 100vw, 1024px\" \/><img loading=\"lazy\" decoding=\"async\" width=\"1024\" height=\"1024\" src=\"https:\/\/arteconfort.com\/wp-content\/uploads\/2023\/10\/MIREIA-detalle.webp\" class=\"attachment-shop_catalog size-shop_catalog\" alt=\"\" srcset=\"https:\/\/arteconfort.com\/wp-content\/uploads\/2023\/10\/MIREIA-detalle.webp 1024w, https:\/\/arteconfort.com\/wp-content\/uploads\/2023\/10\/MIREIA-detalle-768x768.webp 768w, https:\/\/arteconfort.com\/wp-content\/uploads\/2023\/10\/MIREIA-detalle-340x340.webp 340w, https:\/\/arteconfort.com\/wp-content\/uploads\/2023\/10\/MIREIA-detalle-640x640.webp 640w, https:\/\/arteconfort.com\/wp-content\/uploads\/2023\/10\/MIREIA-detalle-960x960.webp 960w, https:\/\/arteconfort.com\/wp-content\/uploads\/2023\/10\/MIREIA-detalle-133x133.webp 133w, https:\/\/arteconfort.com\/wp-content\/uploads\/2023\/10\/MIREIA-detalle-300x300.webp 300w, https:\/\/arteconfort.com\/wp-content\/uploads\/2023\/10\/MIREIA-detalle-600x600.webp 600w, https:\/\/arteconfort.com\/wp-content\/uploads\/2023\/10\/MIREIA-detalle-100x100.webp 100w\" sizes=\"auto, (max-width: 1024px) 100vw, 1024px\" \/><img loading=\"lazy\" decoding=\"async\" width=\"1024\" height=\"1024\" src=\"https:\/\/arteconfort.com\/wp-content\/uploads\/2023\/10\/MIREIA-ambiente.webp\" class=\"attachment-shop_catalog size-shop_catalog\" alt=\"\" srcset=\"https:\/\/arteconfort.com\/wp-content\/uploads\/2023\/10\/MIREIA-ambiente.webp 1024w, https:\/\/arteconfort.com\/wp-content\/uploads\/2023\/10\/MIREIA-ambiente-768x768.webp 768w, https:\/\/arteconfort.com\/wp-content\/uploads\/2023\/10\/MIREIA-ambiente-340x340.webp 340w, https:\/\/arteconfort.com\/wp-content\/uploads\/2023\/10\/MIREIA-ambiente-640x640.webp 640w, https:\/\/arteconfort.com\/wp-content\/uploads\/2023\/10\/MIREIA-ambiente-960x960.webp 960w, https:\/\/arteconfort.com\/wp-content\/uploads\/2023\/10\/MIREIA-ambiente-133x133.webp 133w, https:\/\/arteconfort.com\/wp-content\/uploads\/2023\/10\/MIREIA-ambiente-300x300.webp 300w, https:\/\/arteconfort.com\/wp-content\/uploads\/2023\/10\/MIREIA-ambiente-600x600.webp 600w, https:\/\/arteconfort.com\/wp-content\/uploads\/2023\/10\/MIREIA-ambiente-100x100.webp 100w\" sizes=\"auto, (max-width: 1024px) 100vw, 1024px\" \/><img loading=\"lazy\" decoding=\"async\" width=\"1024\" height=\"1024\" src=\"https:\/\/arteconfort.com\/wp-content\/uploads\/2023\/10\/MIREIA-ambiente-3.webp\" class=\"attachment-shop_catalog size-shop_catalog\" alt=\"\" srcset=\"https:\/\/arteconfort.com\/wp-content\/uploads\/2023\/10\/MIREIA-ambiente-3.webp 1024w, https:\/\/arteconfort.com\/wp-content\/uploads\/2023\/10\/MIREIA-ambiente-3-768x768.webp 768w, https:\/\/arteconfort.com\/wp-content\/uploads\/2023\/10\/MIREIA-ambiente-3-340x340.webp 340w, https:\/\/arteconfort.com\/wp-content\/uploads\/2023\/10\/MIREIA-ambiente-3-640x640.webp 640w, https:\/\/arteconfort.com\/wp-content\/uploads\/2023\/10\/MIREIA-ambiente-3-960x960.webp 960w, https:\/\/arteconfort.com\/wp-content\/uploads\/2023\/10\/MIREIA-ambiente-3-133x133.webp 133w, https:\/\/arteconfort.com\/wp-content\/uploads\/2023\/10\/MIREIA-ambiente-3-300x300.webp 300w, https:\/\/arteconfort.com\/wp-content\/uploads\/2023\/10\/MIREIA-ambiente-3-600x600.webp 600w, https:\/\/arteconfort.com\/wp-content\/uploads\/2023\/10\/MIREIA-ambiente-3-100x100.webp 100w\" sizes=\"auto, (max-width: 1024px) 100vw, 1024px\" \/><img loading=\"lazy\" decoding=\"async\" width=\"1024\" height=\"1024\" src=\"https:\/\/arteconfort.com\/wp-content\/uploads\/2023\/10\/MIREIA-ambiente-2.webp\" class=\"attachment-shop_catalog size-shop_catalog\" alt=\"\" srcset=\"https:\/\/arteconfort.com\/wp-content\/uploads\/2023\/10\/MIREIA-ambiente-2.webp 1024w, https:\/\/arteconfort.com\/wp-content\/uploads\/2023\/10\/MIREIA-ambiente-2-768x768.webp 768w, https:\/\/arteconfort.com\/wp-content\/uploads\/2023\/10\/MIREIA-ambiente-2-340x340.webp 340w, https:\/\/arteconfort.com\/wp-content\/uploads\/2023\/10\/MIREIA-ambiente-2-640x640.webp 640w, https:\/\/arteconfort.com\/wp-content\/uploads\/2023\/10\/MIREIA-ambiente-2-960x960.webp 960w, https:\/\/arteconfort.com\/wp-content\/uploads\/2023\/10\/MIREIA-ambiente-2-133x133.webp 133w, https:\/\/arteconfort.com\/wp-content\/uploads\/2023\/10\/MIREIA-ambiente-2-300x300.webp 300w, https:\/\/arteconfort.com\/wp-content\/uploads\/2023\/10\/MIREIA-ambiente-2-600x600.webp 600w, https:\/\/arteconfort.com\/wp-content\/uploads\/2023\/10\/MIREIA-ambiente-2-100x100.webp 100w\" sizes=\"auto, (max-width: 1024px) 100vw, 1024px\" \/><img loading=\"lazy\" decoding=\"async\" width=\"1024\" height=\"1024\" src=\"https:\/\/arteconfort.com\/wp-content\/uploads\/2023\/10\/MIREIA-grafico.webp\" class=\"attachment-shop_catalog size-shop_catalog\" alt=\"\" srcset=\"https:\/\/arteconfort.com\/wp-content\/uploads\/2023\/10\/MIREIA-grafico.webp 1024w, https:\/\/arteconfort.com\/wp-content\/uploads\/2023\/10\/MIREIA-grafico-768x768.webp 768w, https:\/\/arteconfort.com\/wp-content\/uploads\/2023\/10\/MIREIA-grafico-340x340.webp 340w, https:\/\/arteconfort.com\/wp-content\/uploads\/2023\/10\/MIREIA-grafico-640x640.webp 640w, https:\/\/arteconfort.com\/wp-content\/uploads\/2023\/10\/MIREIA-grafico-960x960.webp 960w, https:\/\/arteconfort.com\/wp-content\/uploads\/2023\/10\/MIREIA-grafico-133x133.webp 133w, https:\/\/arteconfort.com\/wp-content\/uploads\/2023\/10\/MIREIA-grafico-300x300.webp 300w, https:\/\/arteconfort.com\/wp-content\/uploads\/2023\/10\/MIREIA-grafico-600x600.webp 600w, https:\/\/arteconfort.com\/wp-content\/uploads\/2023\/10\/MIREIA-grafico-100x100.webp 100w\" sizes=\"auto, (max-width: 1024px) 100vw, 1024px\" \/>\t<\/a>\n\t<div class=\"w-product-status\"><\/div>\t<span id=\"woocommerce_loop_add_to_cart_link_describedby_25216\" class=\"screen-reader-text\">\n\t\t\t<\/span>\n<\/div><div class=\"berocket_better_labels berocket_better_labels_image\"><div class=\"berocket_better_labels_position berocket_better_labels_position_right\"><div class=\"berocket_better_labels_line berocket_better_labels_line_1\"><div class=\"berocket_better_labels_inline berocket_better_labels_inline_1\"><div class=\"br_alabel br_alabel_type_text br_alabel_template_type_css berocket_alabel_id_22611  br_alabel_better_compatibility\" style=\"\"><span  style=\"\"><i style=\"background-color: #000000; border-color: #000000;\" class=\"template-span-before \"><\/i><i style=\"background-color: #000000; border-color: #000000;\" class=\"template-i \"><\/i><i style=\"background-color: #000000; border-color: #000000;\" class=\"template-i-before \"><\/i><i style=\"background-color: #000000; border-color: #000000;\" class=\"template-i-after \"><\/i><b style=\"position: relative;z-index: 100;text-align: center;color: inherit;\">Old collection<\/b><\/span><\/div><\/div><\/div><\/div><\/div><figcaption><h2 class=\"woocommerce-loop-product__title\">MIREIA<\/h2><div class=\"woocommerce-product-details__short-description\">\n\t<p>MIREIA outdoor fan with integrated LED light and colour temperature memory. With a white body and 5 wooden<\/div>\n\n<\/figcaption><\/figure><\/li>\n<li class=\"product type-product post-21059 status-publish first instock product_cat-climatizacion-en product_cat-collection-old-en product_cat-ventiladores-de-techo-en has-post-thumbnail shipping-taxable product-type-simple w-item col-3\">\n\t<figure><div class=\"image-wrapper\">\t\t<a href=\"https:\/\/arteconfort.com\/en\/producto\/misi\/\" class=\"w-fadeslider\">\n\t<img loading=\"lazy\" decoding=\"async\" width=\"1024\" height=\"1024\" src=\"https:\/\/arteconfort.com\/wp-content\/uploads\/2024\/06\/ventilador-MISI-foto-mando-a-distancia.webp\" class=\"attachment-shop_catalog size-shop_catalog wp-post-image\" alt=\"Ventilador MISI BLANCO con mando\" srcset=\"https:\/\/arteconfort.com\/wp-content\/uploads\/2024\/06\/ventilador-MISI-foto-mando-a-distancia.webp 1024w, https:\/\/arteconfort.com\/wp-content\/uploads\/2024\/06\/ventilador-MISI-foto-mando-a-distancia-768x768.webp 768w, https:\/\/arteconfort.com\/wp-content\/uploads\/2024\/06\/ventilador-MISI-foto-mando-a-distancia-340x340.webp 340w, https:\/\/arteconfort.com\/wp-content\/uploads\/2024\/06\/ventilador-MISI-foto-mando-a-distancia-640x640.webp 640w, https:\/\/arteconfort.com\/wp-content\/uploads\/2024\/06\/ventilador-MISI-foto-mando-a-distancia-960x960.webp 960w, https:\/\/arteconfort.com\/wp-content\/uploads\/2024\/06\/ventilador-MISI-foto-mando-a-distancia-300x300.webp 300w, https:\/\/arteconfort.com\/wp-content\/uploads\/2024\/06\/ventilador-MISI-foto-mando-a-distancia-600x600.webp 600w, https:\/\/arteconfort.com\/wp-content\/uploads\/2024\/06\/ventilador-MISI-foto-mando-a-distancia-100x100.webp 100w, https:\/\/arteconfort.com\/wp-content\/uploads\/2024\/06\/ventilador-MISI-foto-mando-a-distancia-133x133.webp 133w\" sizes=\"auto, (max-width: 1024px) 100vw, 1024px\" \/>\t<img loading=\"lazy\" decoding=\"async\" width=\"1024\" height=\"1024\" src=\"https:\/\/arteconfort.com\/wp-content\/uploads\/2024\/06\/ventilador-MISI-foto-83738648-p-01.webp\" class=\"attachment-shop_catalog size-shop_catalog\" alt=\"Ventilador MISI MARRON con mando\" srcset=\"https:\/\/arteconfort.com\/wp-content\/uploads\/2024\/06\/ventilador-MISI-foto-83738648-p-01.webp 1024w, https:\/\/arteconfort.com\/wp-content\/uploads\/2024\/06\/ventilador-MISI-foto-83738648-p-01-768x768.webp 768w, https:\/\/arteconfort.com\/wp-content\/uploads\/2024\/06\/ventilador-MISI-foto-83738648-p-01-340x340.webp 340w, https:\/\/arteconfort.com\/wp-content\/uploads\/2024\/06\/ventilador-MISI-foto-83738648-p-01-640x640.webp 640w, https:\/\/arteconfort.com\/wp-content\/uploads\/2024\/06\/ventilador-MISI-foto-83738648-p-01-960x960.webp 960w, https:\/\/arteconfort.com\/wp-content\/uploads\/2024\/06\/ventilador-MISI-foto-83738648-p-01-133x133.webp 133w, https:\/\/arteconfort.com\/wp-content\/uploads\/2024\/06\/ventilador-MISI-foto-83738648-p-01-300x300.webp 300w, https:\/\/arteconfort.com\/wp-content\/uploads\/2024\/06\/ventilador-MISI-foto-83738648-p-01-600x600.webp 600w, https:\/\/arteconfort.com\/wp-content\/uploads\/2024\/06\/ventilador-MISI-foto-83738648-p-01-100x100.webp 100w\" sizes=\"auto, (max-width: 1024px) 100vw, 1024px\" \/><img loading=\"lazy\" decoding=\"async\" width=\"1024\" height=\"1024\" src=\"https:\/\/arteconfort.com\/wp-content\/uploads\/2024\/06\/ventilador-MISI-foto-83738649-0400.webp\" class=\"attachment-shop_catalog size-shop_catalog\" alt=\"Ventilador MISI BLANCO ambiente dia\" srcset=\"https:\/\/arteconfort.com\/wp-content\/uploads\/2024\/06\/ventilador-MISI-foto-83738649-0400.webp 1024w, https:\/\/arteconfort.com\/wp-content\/uploads\/2024\/06\/ventilador-MISI-foto-83738649-0400-768x768.webp 768w, https:\/\/arteconfort.com\/wp-content\/uploads\/2024\/06\/ventilador-MISI-foto-83738649-0400-340x340.webp 340w, https:\/\/arteconfort.com\/wp-content\/uploads\/2024\/06\/ventilador-MISI-foto-83738649-0400-640x640.webp 640w, https:\/\/arteconfort.com\/wp-content\/uploads\/2024\/06\/ventilador-MISI-foto-83738649-0400-960x960.webp 960w, https:\/\/arteconfort.com\/wp-content\/uploads\/2024\/06\/ventilador-MISI-foto-83738649-0400-133x133.webp 133w, https:\/\/arteconfort.com\/wp-content\/uploads\/2024\/06\/ventilador-MISI-foto-83738649-0400-300x300.webp 300w, https:\/\/arteconfort.com\/wp-content\/uploads\/2024\/06\/ventilador-MISI-foto-83738649-0400-600x600.webp 600w, https:\/\/arteconfort.com\/wp-content\/uploads\/2024\/06\/ventilador-MISI-foto-83738649-0400-100x100.webp 100w\" sizes=\"auto, (max-width: 1024px) 100vw, 1024px\" \/><img loading=\"lazy\" decoding=\"async\" width=\"1024\" height=\"1024\" src=\"https:\/\/arteconfort.com\/wp-content\/uploads\/2024\/06\/ventilador-MISI-foto-83738648-0400.webp\" class=\"attachment-shop_catalog size-shop_catalog\" alt=\"Ventilador MISI MARRON ambiente dia\" srcset=\"https:\/\/arteconfort.com\/wp-content\/uploads\/2024\/06\/ventilador-MISI-foto-83738648-0400.webp 1024w, https:\/\/arteconfort.com\/wp-content\/uploads\/2024\/06\/ventilador-MISI-foto-83738648-0400-768x768.webp 768w, https:\/\/arteconfort.com\/wp-content\/uploads\/2024\/06\/ventilador-MISI-foto-83738648-0400-340x340.webp 340w, https:\/\/arteconfort.com\/wp-content\/uploads\/2024\/06\/ventilador-MISI-foto-83738648-0400-640x640.webp 640w, https:\/\/arteconfort.com\/wp-content\/uploads\/2024\/06\/ventilador-MISI-foto-83738648-0400-960x960.webp 960w, https:\/\/arteconfort.com\/wp-content\/uploads\/2024\/06\/ventilador-MISI-foto-83738648-0400-133x133.webp 133w, https:\/\/arteconfort.com\/wp-content\/uploads\/2024\/06\/ventilador-MISI-foto-83738648-0400-300x300.webp 300w, https:\/\/arteconfort.com\/wp-content\/uploads\/2024\/06\/ventilador-MISI-foto-83738648-0400-600x600.webp 600w, https:\/\/arteconfort.com\/wp-content\/uploads\/2024\/06\/ventilador-MISI-foto-83738648-0400-100x100.webp 100w\" sizes=\"auto, (max-width: 1024px) 100vw, 1024px\" \/><img loading=\"lazy\" decoding=\"async\" width=\"1024\" height=\"1024\" src=\"https:\/\/arteconfort.com\/wp-content\/uploads\/2024\/06\/ventilador-MISI-foto-83738649-0100.webp\" class=\"attachment-shop_catalog size-shop_catalog\" alt=\"Ventilador MISI BLANCO perspectiva\" srcset=\"https:\/\/arteconfort.com\/wp-content\/uploads\/2024\/06\/ventilador-MISI-foto-83738649-0100.webp 1024w, https:\/\/arteconfort.com\/wp-content\/uploads\/2024\/06\/ventilador-MISI-foto-83738649-0100-768x768.webp 768w, https:\/\/arteconfort.com\/wp-content\/uploads\/2024\/06\/ventilador-MISI-foto-83738649-0100-340x340.webp 340w, https:\/\/arteconfort.com\/wp-content\/uploads\/2024\/06\/ventilador-MISI-foto-83738649-0100-640x640.webp 640w, https:\/\/arteconfort.com\/wp-content\/uploads\/2024\/06\/ventilador-MISI-foto-83738649-0100-960x960.webp 960w, https:\/\/arteconfort.com\/wp-content\/uploads\/2024\/06\/ventilador-MISI-foto-83738649-0100-133x133.webp 133w, https:\/\/arteconfort.com\/wp-content\/uploads\/2024\/06\/ventilador-MISI-foto-83738649-0100-300x300.webp 300w, https:\/\/arteconfort.com\/wp-content\/uploads\/2024\/06\/ventilador-MISI-foto-83738649-0100-600x600.webp 600w, https:\/\/arteconfort.com\/wp-content\/uploads\/2024\/06\/ventilador-MISI-foto-83738649-0100-100x100.webp 100w\" sizes=\"auto, (max-width: 1024px) 100vw, 1024px\" \/><img loading=\"lazy\" decoding=\"async\" width=\"1024\" height=\"1024\" src=\"https:\/\/arteconfort.com\/wp-content\/uploads\/2024\/06\/ventilador-MISI-foto-aspas.webp\" class=\"attachment-shop_catalog size-shop_catalog\" alt=\"Ventilador MISI BLANCO planta\" srcset=\"https:\/\/arteconfort.com\/wp-content\/uploads\/2024\/06\/ventilador-MISI-foto-aspas.webp 1024w, https:\/\/arteconfort.com\/wp-content\/uploads\/2024\/06\/ventilador-MISI-foto-aspas-768x768.webp 768w, https:\/\/arteconfort.com\/wp-content\/uploads\/2024\/06\/ventilador-MISI-foto-aspas-340x340.webp 340w, https:\/\/arteconfort.com\/wp-content\/uploads\/2024\/06\/ventilador-MISI-foto-aspas-640x640.webp 640w, https:\/\/arteconfort.com\/wp-content\/uploads\/2024\/06\/ventilador-MISI-foto-aspas-960x960.webp 960w, https:\/\/arteconfort.com\/wp-content\/uploads\/2024\/06\/ventilador-MISI-foto-aspas-133x133.webp 133w, https:\/\/arteconfort.com\/wp-content\/uploads\/2024\/06\/ventilador-MISI-foto-aspas-300x300.webp 300w, https:\/\/arteconfort.com\/wp-content\/uploads\/2024\/06\/ventilador-MISI-foto-aspas-600x600.webp 600w, https:\/\/arteconfort.com\/wp-content\/uploads\/2024\/06\/ventilador-MISI-foto-aspas-100x100.webp 100w\" sizes=\"auto, (max-width: 1024px) 100vw, 1024px\" \/><img loading=\"lazy\" decoding=\"async\" width=\"1024\" height=\"1024\" src=\"https:\/\/arteconfort.com\/wp-content\/uploads\/2024\/06\/ventilador-MISI-foto-83738649-0103.webp\" class=\"attachment-shop_catalog size-shop_catalog\" alt=\"\" srcset=\"https:\/\/arteconfort.com\/wp-content\/uploads\/2024\/06\/ventilador-MISI-foto-83738649-0103.webp 1024w, https:\/\/arteconfort.com\/wp-content\/uploads\/2024\/06\/ventilador-MISI-foto-83738649-0103-768x768.webp 768w, https:\/\/arteconfort.com\/wp-content\/uploads\/2024\/06\/ventilador-MISI-foto-83738649-0103-340x340.webp 340w, https:\/\/arteconfort.com\/wp-content\/uploads\/2024\/06\/ventilador-MISI-foto-83738649-0103-640x640.webp 640w, https:\/\/arteconfort.com\/wp-content\/uploads\/2024\/06\/ventilador-MISI-foto-83738649-0103-960x960.webp 960w, https:\/\/arteconfort.com\/wp-content\/uploads\/2024\/06\/ventilador-MISI-foto-83738649-0103-133x133.webp 133w, https:\/\/arteconfort.com\/wp-content\/uploads\/2024\/06\/ventilador-MISI-foto-83738649-0103-300x300.webp 300w, https:\/\/arteconfort.com\/wp-content\/uploads\/2024\/06\/ventilador-MISI-foto-83738649-0103-600x600.webp 600w, https:\/\/arteconfort.com\/wp-content\/uploads\/2024\/06\/ventilador-MISI-foto-83738649-0103-100x100.webp 100w\" sizes=\"auto, (max-width: 1024px) 100vw, 1024px\" \/><img loading=\"lazy\" decoding=\"async\" width=\"1024\" height=\"1024\" src=\"https:\/\/arteconfort.com\/wp-content\/uploads\/2024\/06\/ventilador-MISI-foto-aspas-marrones.webp\" class=\"attachment-shop_catalog size-shop_catalog\" alt=\"Ventilador MISI MARRON perspectiva\" srcset=\"https:\/\/arteconfort.com\/wp-content\/uploads\/2024\/06\/ventilador-MISI-foto-aspas-marrones.webp 1024w, https:\/\/arteconfort.com\/wp-content\/uploads\/2024\/06\/ventilador-MISI-foto-aspas-marrones-768x768.webp 768w, https:\/\/arteconfort.com\/wp-content\/uploads\/2024\/06\/ventilador-MISI-foto-aspas-marrones-340x340.webp 340w, https:\/\/arteconfort.com\/wp-content\/uploads\/2024\/06\/ventilador-MISI-foto-aspas-marrones-640x640.webp 640w, https:\/\/arteconfort.com\/wp-content\/uploads\/2024\/06\/ventilador-MISI-foto-aspas-marrones-960x960.webp 960w, https:\/\/arteconfort.com\/wp-content\/uploads\/2024\/06\/ventilador-MISI-foto-aspas-marrones-133x133.webp 133w, https:\/\/arteconfort.com\/wp-content\/uploads\/2024\/06\/ventilador-MISI-foto-aspas-marrones-300x300.webp 300w, https:\/\/arteconfort.com\/wp-content\/uploads\/2024\/06\/ventilador-MISI-foto-aspas-marrones-600x600.webp 600w, https:\/\/arteconfort.com\/wp-content\/uploads\/2024\/06\/ventilador-MISI-foto-aspas-marrones-100x100.webp 100w\" sizes=\"auto, (max-width: 1024px) 100vw, 1024px\" \/><img loading=\"lazy\" decoding=\"async\" width=\"1024\" height=\"1024\" src=\"https:\/\/arteconfort.com\/wp-content\/uploads\/2024\/06\/ventilador-MISI-foto-lateral.webp\" class=\"attachment-shop_catalog size-shop_catalog\" alt=\"Ventilador MISI MARRON lateral\" srcset=\"https:\/\/arteconfort.com\/wp-content\/uploads\/2024\/06\/ventilador-MISI-foto-lateral.webp 1024w, https:\/\/arteconfort.com\/wp-content\/uploads\/2024\/06\/ventilador-MISI-foto-lateral-768x768.webp 768w, https:\/\/arteconfort.com\/wp-content\/uploads\/2024\/06\/ventilador-MISI-foto-lateral-340x340.webp 340w, https:\/\/arteconfort.com\/wp-content\/uploads\/2024\/06\/ventilador-MISI-foto-lateral-640x640.webp 640w, https:\/\/arteconfort.com\/wp-content\/uploads\/2024\/06\/ventilador-MISI-foto-lateral-960x960.webp 960w, https:\/\/arteconfort.com\/wp-content\/uploads\/2024\/06\/ventilador-MISI-foto-lateral-133x133.webp 133w, https:\/\/arteconfort.com\/wp-content\/uploads\/2024\/06\/ventilador-MISI-foto-lateral-300x300.webp 300w, https:\/\/arteconfort.com\/wp-content\/uploads\/2024\/06\/ventilador-MISI-foto-lateral-600x600.webp 600w, https:\/\/arteconfort.com\/wp-content\/uploads\/2024\/06\/ventilador-MISI-foto-lateral-100x100.webp 100w\" sizes=\"auto, (max-width: 1024px) 100vw, 1024px\" \/><img loading=\"lazy\" decoding=\"async\" width=\"1024\" height=\"1024\" src=\"https:\/\/arteconfort.com\/wp-content\/uploads\/2024\/06\/ventilador-MISI-foto-83738648-0105.webp\" class=\"attachment-shop_catalog size-shop_catalog\" alt=\"Ventilador MISI MARRON planta\" srcset=\"https:\/\/arteconfort.com\/wp-content\/uploads\/2024\/06\/ventilador-MISI-foto-83738648-0105.webp 1024w, https:\/\/arteconfort.com\/wp-content\/uploads\/2024\/06\/ventilador-MISI-foto-83738648-0105-768x768.webp 768w, https:\/\/arteconfort.com\/wp-content\/uploads\/2024\/06\/ventilador-MISI-foto-83738648-0105-340x340.webp 340w, https:\/\/arteconfort.com\/wp-content\/uploads\/2024\/06\/ventilador-MISI-foto-83738648-0105-640x640.webp 640w, https:\/\/arteconfort.com\/wp-content\/uploads\/2024\/06\/ventilador-MISI-foto-83738648-0105-960x960.webp 960w, https:\/\/arteconfort.com\/wp-content\/uploads\/2024\/06\/ventilador-MISI-foto-83738648-0105-133x133.webp 133w, https:\/\/arteconfort.com\/wp-content\/uploads\/2024\/06\/ventilador-MISI-foto-83738648-0105-300x300.webp 300w, https:\/\/arteconfort.com\/wp-content\/uploads\/2024\/06\/ventilador-MISI-foto-83738648-0105-600x600.webp 600w, https:\/\/arteconfort.com\/wp-content\/uploads\/2024\/06\/ventilador-MISI-foto-83738648-0105-100x100.webp 100w\" sizes=\"auto, (max-width: 1024px) 100vw, 1024px\" \/><img loading=\"lazy\" decoding=\"async\" width=\"1024\" height=\"1024\" src=\"https:\/\/arteconfort.com\/wp-content\/uploads\/2024\/06\/ventilador-MISI-foto-plafon-cuerpo.webp\" class=\"attachment-shop_catalog size-shop_catalog\" alt=\"Ventilador MISI BLANCO lateral\" srcset=\"https:\/\/arteconfort.com\/wp-content\/uploads\/2024\/06\/ventilador-MISI-foto-plafon-cuerpo.webp 1024w, https:\/\/arteconfort.com\/wp-content\/uploads\/2024\/06\/ventilador-MISI-foto-plafon-cuerpo-768x768.webp 768w, https:\/\/arteconfort.com\/wp-content\/uploads\/2024\/06\/ventilador-MISI-foto-plafon-cuerpo-340x340.webp 340w, https:\/\/arteconfort.com\/wp-content\/uploads\/2024\/06\/ventilador-MISI-foto-plafon-cuerpo-640x640.webp 640w, https:\/\/arteconfort.com\/wp-content\/uploads\/2024\/06\/ventilador-MISI-foto-plafon-cuerpo-960x960.webp 960w, https:\/\/arteconfort.com\/wp-content\/uploads\/2024\/06\/ventilador-MISI-foto-plafon-cuerpo-133x133.webp 133w, https:\/\/arteconfort.com\/wp-content\/uploads\/2024\/06\/ventilador-MISI-foto-plafon-cuerpo-300x300.webp 300w, https:\/\/arteconfort.com\/wp-content\/uploads\/2024\/06\/ventilador-MISI-foto-plafon-cuerpo-600x600.webp 600w, https:\/\/arteconfort.com\/wp-content\/uploads\/2024\/06\/ventilador-MISI-foto-plafon-cuerpo-100x100.webp 100w\" sizes=\"auto, (max-width: 1024px) 100vw, 1024px\" \/><img loading=\"lazy\" decoding=\"async\" width=\"1024\" height=\"1024\" src=\"https:\/\/arteconfort.com\/wp-content\/uploads\/2024\/06\/ventilador-MISI-foto-83738649-0200.webp\" class=\"attachment-shop_catalog size-shop_catalog\" alt=\"Ventilador MISI mando\" srcset=\"https:\/\/arteconfort.com\/wp-content\/uploads\/2024\/06\/ventilador-MISI-foto-83738649-0200.webp 1024w, https:\/\/arteconfort.com\/wp-content\/uploads\/2024\/06\/ventilador-MISI-foto-83738649-0200-768x768.webp 768w, https:\/\/arteconfort.com\/wp-content\/uploads\/2024\/06\/ventilador-MISI-foto-83738649-0200-340x340.webp 340w, https:\/\/arteconfort.com\/wp-content\/uploads\/2024\/06\/ventilador-MISI-foto-83738649-0200-640x640.webp 640w, https:\/\/arteconfort.com\/wp-content\/uploads\/2024\/06\/ventilador-MISI-foto-83738649-0200-960x960.webp 960w, https:\/\/arteconfort.com\/wp-content\/uploads\/2024\/06\/ventilador-MISI-foto-83738649-0200-133x133.webp 133w, https:\/\/arteconfort.com\/wp-content\/uploads\/2024\/06\/ventilador-MISI-foto-83738649-0200-300x300.webp 300w, https:\/\/arteconfort.com\/wp-content\/uploads\/2024\/06\/ventilador-MISI-foto-83738649-0200-600x600.webp 600w, https:\/\/arteconfort.com\/wp-content\/uploads\/2024\/06\/ventilador-MISI-foto-83738649-0200-100x100.webp 100w\" sizes=\"auto, (max-width: 1024px) 100vw, 1024px\" \/><img loading=\"lazy\" decoding=\"async\" width=\"1024\" height=\"1024\" src=\"https:\/\/arteconfort.com\/wp-content\/uploads\/2024\/06\/ventilador-MISI-foto-medidas.webp\" class=\"attachment-shop_catalog size-shop_catalog\" alt=\"Ventilador MISI grafico\" srcset=\"https:\/\/arteconfort.com\/wp-content\/uploads\/2024\/06\/ventilador-MISI-foto-medidas.webp 1024w, https:\/\/arteconfort.com\/wp-content\/uploads\/2024\/06\/ventilador-MISI-foto-medidas-768x768.webp 768w, https:\/\/arteconfort.com\/wp-content\/uploads\/2024\/06\/ventilador-MISI-foto-medidas-340x340.webp 340w, https:\/\/arteconfort.com\/wp-content\/uploads\/2024\/06\/ventilador-MISI-foto-medidas-640x640.webp 640w, https:\/\/arteconfort.com\/wp-content\/uploads\/2024\/06\/ventilador-MISI-foto-medidas-960x960.webp 960w, https:\/\/arteconfort.com\/wp-content\/uploads\/2024\/06\/ventilador-MISI-foto-medidas-133x133.webp 133w, https:\/\/arteconfort.com\/wp-content\/uploads\/2024\/06\/ventilador-MISI-foto-medidas-300x300.webp 300w, https:\/\/arteconfort.com\/wp-content\/uploads\/2024\/06\/ventilador-MISI-foto-medidas-600x600.webp 600w, https:\/\/arteconfort.com\/wp-content\/uploads\/2024\/06\/ventilador-MISI-foto-medidas-100x100.webp 100w\" sizes=\"auto, (max-width: 1024px) 100vw, 1024px\" \/><img loading=\"lazy\" decoding=\"async\" width=\"1024\" height=\"1024\" src=\"https:\/\/arteconfort.com\/wp-content\/uploads\/2024\/06\/ventilador-MISI-foto-83738649-0401.webp\" class=\"attachment-shop_catalog size-shop_catalog\" alt=\"Ventilador MISI BLANCO ambiente luz calida\" srcset=\"https:\/\/arteconfort.com\/wp-content\/uploads\/2024\/06\/ventilador-MISI-foto-83738649-0401.webp 1024w, https:\/\/arteconfort.com\/wp-content\/uploads\/2024\/06\/ventilador-MISI-foto-83738649-0401-768x768.webp 768w, https:\/\/arteconfort.com\/wp-content\/uploads\/2024\/06\/ventilador-MISI-foto-83738649-0401-340x340.webp 340w, https:\/\/arteconfort.com\/wp-content\/uploads\/2024\/06\/ventilador-MISI-foto-83738649-0401-640x640.webp 640w, https:\/\/arteconfort.com\/wp-content\/uploads\/2024\/06\/ventilador-MISI-foto-83738649-0401-960x960.webp 960w, https:\/\/arteconfort.com\/wp-content\/uploads\/2024\/06\/ventilador-MISI-foto-83738649-0401-133x133.webp 133w, https:\/\/arteconfort.com\/wp-content\/uploads\/2024\/06\/ventilador-MISI-foto-83738649-0401-300x300.webp 300w, https:\/\/arteconfort.com\/wp-content\/uploads\/2024\/06\/ventilador-MISI-foto-83738649-0401-600x600.webp 600w, https:\/\/arteconfort.com\/wp-content\/uploads\/2024\/06\/ventilador-MISI-foto-83738649-0401-100x100.webp 100w\" sizes=\"auto, (max-width: 1024px) 100vw, 1024px\" \/><img loading=\"lazy\" decoding=\"async\" width=\"1024\" height=\"1024\" src=\"https:\/\/arteconfort.com\/wp-content\/uploads\/2024\/06\/ventilador-MISI-foto-83738649-0403.webp\" class=\"attachment-shop_catalog size-shop_catalog\" alt=\"Ventilador MISI BLANCO ambiente luz neutra\" srcset=\"https:\/\/arteconfort.com\/wp-content\/uploads\/2024\/06\/ventilador-MISI-foto-83738649-0403.webp 1024w, https:\/\/arteconfort.com\/wp-content\/uploads\/2024\/06\/ventilador-MISI-foto-83738649-0403-768x768.webp 768w, https:\/\/arteconfort.com\/wp-content\/uploads\/2024\/06\/ventilador-MISI-foto-83738649-0403-340x340.webp 340w, https:\/\/arteconfort.com\/wp-content\/uploads\/2024\/06\/ventilador-MISI-foto-83738649-0403-640x640.webp 640w, https:\/\/arteconfort.com\/wp-content\/uploads\/2024\/06\/ventilador-MISI-foto-83738649-0403-960x960.webp 960w, https:\/\/arteconfort.com\/wp-content\/uploads\/2024\/06\/ventilador-MISI-foto-83738649-0403-133x133.webp 133w, https:\/\/arteconfort.com\/wp-content\/uploads\/2024\/06\/ventilador-MISI-foto-83738649-0403-300x300.webp 300w, https:\/\/arteconfort.com\/wp-content\/uploads\/2024\/06\/ventilador-MISI-foto-83738649-0403-600x600.webp 600w, https:\/\/arteconfort.com\/wp-content\/uploads\/2024\/06\/ventilador-MISI-foto-83738649-0403-100x100.webp 100w\" sizes=\"auto, (max-width: 1024px) 100vw, 1024px\" \/><img loading=\"lazy\" decoding=\"async\" width=\"1024\" height=\"1024\" src=\"https:\/\/arteconfort.com\/wp-content\/uploads\/2024\/06\/ventilador-MISI-foto-83738649-0402.webp\" class=\"attachment-shop_catalog size-shop_catalog\" alt=\"Ventilador MISI BLANCO ambiente luz neutra tenue\" srcset=\"https:\/\/arteconfort.com\/wp-content\/uploads\/2024\/06\/ventilador-MISI-foto-83738649-0402.webp 1024w, https:\/\/arteconfort.com\/wp-content\/uploads\/2024\/06\/ventilador-MISI-foto-83738649-0402-768x768.webp 768w, https:\/\/arteconfort.com\/wp-content\/uploads\/2024\/06\/ventilador-MISI-foto-83738649-0402-340x340.webp 340w, https:\/\/arteconfort.com\/wp-content\/uploads\/2024\/06\/ventilador-MISI-foto-83738649-0402-640x640.webp 640w, https:\/\/arteconfort.com\/wp-content\/uploads\/2024\/06\/ventilador-MISI-foto-83738649-0402-960x960.webp 960w, https:\/\/arteconfort.com\/wp-content\/uploads\/2024\/06\/ventilador-MISI-foto-83738649-0402-133x133.webp 133w, https:\/\/arteconfort.com\/wp-content\/uploads\/2024\/06\/ventilador-MISI-foto-83738649-0402-300x300.webp 300w, https:\/\/arteconfort.com\/wp-content\/uploads\/2024\/06\/ventilador-MISI-foto-83738649-0402-600x600.webp 600w, https:\/\/arteconfort.com\/wp-content\/uploads\/2024\/06\/ventilador-MISI-foto-83738649-0402-100x100.webp 100w\" sizes=\"auto, (max-width: 1024px) 100vw, 1024px\" \/><img loading=\"lazy\" decoding=\"async\" width=\"1024\" height=\"1024\" src=\"https:\/\/arteconfort.com\/wp-content\/uploads\/2024\/06\/ventilador-MISI-foto-83738649-0404.webp\" class=\"attachment-shop_catalog size-shop_catalog\" alt=\"Ventilador MISI BLANCO ambiente luz fria\" srcset=\"https:\/\/arteconfort.com\/wp-content\/uploads\/2024\/06\/ventilador-MISI-foto-83738649-0404.webp 1024w, https:\/\/arteconfort.com\/wp-content\/uploads\/2024\/06\/ventilador-MISI-foto-83738649-0404-768x768.webp 768w, https:\/\/arteconfort.com\/wp-content\/uploads\/2024\/06\/ventilador-MISI-foto-83738649-0404-340x340.webp 340w, https:\/\/arteconfort.com\/wp-content\/uploads\/2024\/06\/ventilador-MISI-foto-83738649-0404-640x640.webp 640w, https:\/\/arteconfort.com\/wp-content\/uploads\/2024\/06\/ventilador-MISI-foto-83738649-0404-960x960.webp 960w, https:\/\/arteconfort.com\/wp-content\/uploads\/2024\/06\/ventilador-MISI-foto-83738649-0404-133x133.webp 133w, https:\/\/arteconfort.com\/wp-content\/uploads\/2024\/06\/ventilador-MISI-foto-83738649-0404-300x300.webp 300w, https:\/\/arteconfort.com\/wp-content\/uploads\/2024\/06\/ventilador-MISI-foto-83738649-0404-600x600.webp 600w, https:\/\/arteconfort.com\/wp-content\/uploads\/2024\/06\/ventilador-MISI-foto-83738649-0404-100x100.webp 100w\" sizes=\"auto, (max-width: 1024px) 100vw, 1024px\" \/><img loading=\"lazy\" decoding=\"async\" width=\"1024\" height=\"1024\" src=\"https:\/\/arteconfort.com\/wp-content\/uploads\/2024\/06\/ventilador-MISI-foto-83738648-0401.webp\" class=\"attachment-shop_catalog size-shop_catalog\" alt=\"Ventilador MISI MARRON ambiente luz calida\" srcset=\"https:\/\/arteconfort.com\/wp-content\/uploads\/2024\/06\/ventilador-MISI-foto-83738648-0401.webp 1024w, https:\/\/arteconfort.com\/wp-content\/uploads\/2024\/06\/ventilador-MISI-foto-83738648-0401-768x768.webp 768w, https:\/\/arteconfort.com\/wp-content\/uploads\/2024\/06\/ventilador-MISI-foto-83738648-0401-340x340.webp 340w, https:\/\/arteconfort.com\/wp-content\/uploads\/2024\/06\/ventilador-MISI-foto-83738648-0401-640x640.webp 640w, https:\/\/arteconfort.com\/wp-content\/uploads\/2024\/06\/ventilador-MISI-foto-83738648-0401-960x960.webp 960w, https:\/\/arteconfort.com\/wp-content\/uploads\/2024\/06\/ventilador-MISI-foto-83738648-0401-133x133.webp 133w, https:\/\/arteconfort.com\/wp-content\/uploads\/2024\/06\/ventilador-MISI-foto-83738648-0401-300x300.webp 300w, https:\/\/arteconfort.com\/wp-content\/uploads\/2024\/06\/ventilador-MISI-foto-83738648-0401-600x600.webp 600w, https:\/\/arteconfort.com\/wp-content\/uploads\/2024\/06\/ventilador-MISI-foto-83738648-0401-100x100.webp 100w\" sizes=\"auto, (max-width: 1024px) 100vw, 1024px\" \/><img loading=\"lazy\" decoding=\"async\" width=\"1024\" height=\"1024\" src=\"https:\/\/arteconfort.com\/wp-content\/uploads\/2024\/06\/ventilador-MISI-foto-83738648-0403.webp\" class=\"attachment-shop_catalog size-shop_catalog\" alt=\"Ventilador MISI MARRON ambiente luz neutra\" srcset=\"https:\/\/arteconfort.com\/wp-content\/uploads\/2024\/06\/ventilador-MISI-foto-83738648-0403.webp 1024w, https:\/\/arteconfort.com\/wp-content\/uploads\/2024\/06\/ventilador-MISI-foto-83738648-0403-768x768.webp 768w, https:\/\/arteconfort.com\/wp-content\/uploads\/2024\/06\/ventilador-MISI-foto-83738648-0403-340x340.webp 340w, https:\/\/arteconfort.com\/wp-content\/uploads\/2024\/06\/ventilador-MISI-foto-83738648-0403-640x640.webp 640w, https:\/\/arteconfort.com\/wp-content\/uploads\/2024\/06\/ventilador-MISI-foto-83738648-0403-960x960.webp 960w, https:\/\/arteconfort.com\/wp-content\/uploads\/2024\/06\/ventilador-MISI-foto-83738648-0403-133x133.webp 133w, https:\/\/arteconfort.com\/wp-content\/uploads\/2024\/06\/ventilador-MISI-foto-83738648-0403-300x300.webp 300w, https:\/\/arteconfort.com\/wp-content\/uploads\/2024\/06\/ventilador-MISI-foto-83738648-0403-600x600.webp 600w, https:\/\/arteconfort.com\/wp-content\/uploads\/2024\/06\/ventilador-MISI-foto-83738648-0403-100x100.webp 100w\" sizes=\"auto, (max-width: 1024px) 100vw, 1024px\" \/><img loading=\"lazy\" decoding=\"async\" width=\"1024\" height=\"1024\" src=\"https:\/\/arteconfort.com\/wp-content\/uploads\/2024\/06\/ventilador-MISI-foto-83738648-0402.webp\" class=\"attachment-shop_catalog size-shop_catalog\" alt=\"Ventilador MISI MARRON ambiente luz neutra tenue\" srcset=\"https:\/\/arteconfort.com\/wp-content\/uploads\/2024\/06\/ventilador-MISI-foto-83738648-0402.webp 1024w, https:\/\/arteconfort.com\/wp-content\/uploads\/2024\/06\/ventilador-MISI-foto-83738648-0402-768x768.webp 768w, https:\/\/arteconfort.com\/wp-content\/uploads\/2024\/06\/ventilador-MISI-foto-83738648-0402-340x340.webp 340w, https:\/\/arteconfort.com\/wp-content\/uploads\/2024\/06\/ventilador-MISI-foto-83738648-0402-640x640.webp 640w, https:\/\/arteconfort.com\/wp-content\/uploads\/2024\/06\/ventilador-MISI-foto-83738648-0402-960x960.webp 960w, https:\/\/arteconfort.com\/wp-content\/uploads\/2024\/06\/ventilador-MISI-foto-83738648-0402-133x133.webp 133w, https:\/\/arteconfort.com\/wp-content\/uploads\/2024\/06\/ventilador-MISI-foto-83738648-0402-300x300.webp 300w, https:\/\/arteconfort.com\/wp-content\/uploads\/2024\/06\/ventilador-MISI-foto-83738648-0402-600x600.webp 600w, https:\/\/arteconfort.com\/wp-content\/uploads\/2024\/06\/ventilador-MISI-foto-83738648-0402-100x100.webp 100w\" sizes=\"auto, (max-width: 1024px) 100vw, 1024px\" \/><img loading=\"lazy\" decoding=\"async\" width=\"1024\" height=\"1024\" src=\"https:\/\/arteconfort.com\/wp-content\/uploads\/2024\/06\/ventilador-MISI-foto-83738648-0404.webp\" class=\"attachment-shop_catalog size-shop_catalog\" alt=\"Ventilador MISI MARRON ambiente luz fria\" srcset=\"https:\/\/arteconfort.com\/wp-content\/uploads\/2024\/06\/ventilador-MISI-foto-83738648-0404.webp 1024w, https:\/\/arteconfort.com\/wp-content\/uploads\/2024\/06\/ventilador-MISI-foto-83738648-0404-768x768.webp 768w, https:\/\/arteconfort.com\/wp-content\/uploads\/2024\/06\/ventilador-MISI-foto-83738648-0404-340x340.webp 340w, https:\/\/arteconfort.com\/wp-content\/uploads\/2024\/06\/ventilador-MISI-foto-83738648-0404-640x640.webp 640w, https:\/\/arteconfort.com\/wp-content\/uploads\/2024\/06\/ventilador-MISI-foto-83738648-0404-960x960.webp 960w, https:\/\/arteconfort.com\/wp-content\/uploads\/2024\/06\/ventilador-MISI-foto-83738648-0404-133x133.webp 133w, https:\/\/arteconfort.com\/wp-content\/uploads\/2024\/06\/ventilador-MISI-foto-83738648-0404-300x300.webp 300w, https:\/\/arteconfort.com\/wp-content\/uploads\/2024\/06\/ventilador-MISI-foto-83738648-0404-600x600.webp 600w, https:\/\/arteconfort.com\/wp-content\/uploads\/2024\/06\/ventilador-MISI-foto-83738648-0404-100x100.webp 100w\" sizes=\"auto, (max-width: 1024px) 100vw, 1024px\" \/>\t<\/a>\n\t<div class=\"w-product-status\"><\/div>\t<span id=\"woocommerce_loop_add_to_cart_link_describedby_21059\" class=\"screen-reader-text\">\n\t\t\t<\/span>\n<\/div><div class=\"berocket_better_labels berocket_better_labels_image\"><div class=\"berocket_better_labels_position berocket_better_labels_position_right\"><div class=\"berocket_better_labels_line berocket_better_labels_line_1\"><div class=\"berocket_better_labels_inline berocket_better_labels_inline_1\"><div class=\"br_alabel br_alabel_type_text br_alabel_template_type_css berocket_alabel_id_22611  br_alabel_better_compatibility\" style=\"\"><span  style=\"\"><i style=\"background-color: #000000; border-color: #000000;\" class=\"template-span-before \"><\/i><i style=\"background-color: #000000; border-color: #000000;\" class=\"template-i \"><\/i><i style=\"background-color: #000000; border-color: #000000;\" class=\"template-i-before \"><\/i><i style=\"background-color: #000000; border-color: #000000;\" class=\"template-i-after \"><\/i><b style=\"position: relative;z-index: 100;text-align: center;color: inherit;\">Old collection<\/b><\/span><\/div><\/div><\/div><\/div><\/div><figcaption><h2 class=\"woocommerce-loop-product__title\">MISI<\/h2><div class=\"woocommerce-product-details__short-description\">\n\t<p>Misi ceiling fan with integrated LED light and colour temperature memory. It has a metal body and 3<\/div>\n\n<\/figcaption><\/figure><\/li>\n<li class=\"product type-product post-21773 status-publish instock product_cat-climatizacion-en product_cat-collection-old-en product_cat-ventiladores-de-techo-en has-post-thumbnail shipping-taxable product-type-external w-item col-3\">\n\t<figure><div class=\"image-wrapper\">\t\t<a href=\"https:\/\/arteconfort.com\/en\/producto\/nairobi\/\" class=\"w-fadeslider\">\n\t<img loading=\"lazy\" decoding=\"async\" width=\"1024\" height=\"1024\" src=\"https:\/\/arteconfort.com\/wp-content\/uploads\/2023\/10\/NAIROBI.webp\" class=\"attachment-shop_catalog size-shop_catalog wp-post-image\" alt=\"\" srcset=\"https:\/\/arteconfort.com\/wp-content\/uploads\/2023\/10\/NAIROBI.webp 1024w, https:\/\/arteconfort.com\/wp-content\/uploads\/2023\/10\/NAIROBI-768x768.webp 768w, https:\/\/arteconfort.com\/wp-content\/uploads\/2023\/10\/NAIROBI-340x340.webp 340w, https:\/\/arteconfort.com\/wp-content\/uploads\/2023\/10\/NAIROBI-640x640.webp 640w, https:\/\/arteconfort.com\/wp-content\/uploads\/2023\/10\/NAIROBI-960x960.webp 960w, https:\/\/arteconfort.com\/wp-content\/uploads\/2023\/10\/NAIROBI-300x300.webp 300w, https:\/\/arteconfort.com\/wp-content\/uploads\/2023\/10\/NAIROBI-600x600.webp 600w, https:\/\/arteconfort.com\/wp-content\/uploads\/2023\/10\/NAIROBI-100x100.webp 100w, https:\/\/arteconfort.com\/wp-content\/uploads\/2023\/10\/NAIROBI-133x133.webp 133w\" sizes=\"auto, (max-width: 1024px) 100vw, 1024px\" \/>\t<img loading=\"lazy\" decoding=\"async\" width=\"1024\" height=\"1024\" src=\"https:\/\/arteconfort.com\/wp-content\/uploads\/2023\/10\/NAIROBI-AMBIENTE-DIA.webp\" class=\"attachment-shop_catalog size-shop_catalog\" alt=\"\" srcset=\"https:\/\/arteconfort.com\/wp-content\/uploads\/2023\/10\/NAIROBI-AMBIENTE-DIA.webp 1024w, https:\/\/arteconfort.com\/wp-content\/uploads\/2023\/10\/NAIROBI-AMBIENTE-DIA-768x768.webp 768w, https:\/\/arteconfort.com\/wp-content\/uploads\/2023\/10\/NAIROBI-AMBIENTE-DIA-340x340.webp 340w, https:\/\/arteconfort.com\/wp-content\/uploads\/2023\/10\/NAIROBI-AMBIENTE-DIA-640x640.webp 640w, https:\/\/arteconfort.com\/wp-content\/uploads\/2023\/10\/NAIROBI-AMBIENTE-DIA-960x960.webp 960w, https:\/\/arteconfort.com\/wp-content\/uploads\/2023\/10\/NAIROBI-AMBIENTE-DIA-133x133.webp 133w, https:\/\/arteconfort.com\/wp-content\/uploads\/2023\/10\/NAIROBI-AMBIENTE-DIA-300x300.webp 300w, https:\/\/arteconfort.com\/wp-content\/uploads\/2023\/10\/NAIROBI-AMBIENTE-DIA-600x600.webp 600w, https:\/\/arteconfort.com\/wp-content\/uploads\/2023\/10\/NAIROBI-AMBIENTE-DIA-100x100.webp 100w\" sizes=\"auto, (max-width: 1024px) 100vw, 1024px\" \/><img loading=\"lazy\" decoding=\"async\" width=\"1024\" height=\"1024\" src=\"https:\/\/arteconfort.com\/wp-content\/uploads\/2023\/10\/NAIROBI-MANDO.webp\" class=\"attachment-shop_catalog size-shop_catalog\" alt=\"\" srcset=\"https:\/\/arteconfort.com\/wp-content\/uploads\/2023\/10\/NAIROBI-MANDO.webp 1024w, https:\/\/arteconfort.com\/wp-content\/uploads\/2023\/10\/NAIROBI-MANDO-768x768.webp 768w, https:\/\/arteconfort.com\/wp-content\/uploads\/2023\/10\/NAIROBI-MANDO-340x340.webp 340w, https:\/\/arteconfort.com\/wp-content\/uploads\/2023\/10\/NAIROBI-MANDO-640x640.webp 640w, https:\/\/arteconfort.com\/wp-content\/uploads\/2023\/10\/NAIROBI-MANDO-960x960.webp 960w, https:\/\/arteconfort.com\/wp-content\/uploads\/2023\/10\/NAIROBI-MANDO-133x133.webp 133w, https:\/\/arteconfort.com\/wp-content\/uploads\/2023\/10\/NAIROBI-MANDO-300x300.webp 300w, https:\/\/arteconfort.com\/wp-content\/uploads\/2023\/10\/NAIROBI-MANDO-600x600.webp 600w, https:\/\/arteconfort.com\/wp-content\/uploads\/2023\/10\/NAIROBI-MANDO-100x100.webp 100w\" sizes=\"auto, (max-width: 1024px) 100vw, 1024px\" \/>\t<\/a>\n\t<div class=\"w-product-status\"><\/div>\t<span id=\"woocommerce_loop_add_to_cart_link_describedby_21773\" class=\"screen-reader-text\">\n\t\t\t<\/span>\n<\/div><div class=\"berocket_better_labels berocket_better_labels_image\"><div class=\"berocket_better_labels_position berocket_better_labels_position_right\"><div class=\"berocket_better_labels_line berocket_better_labels_line_1\"><div class=\"berocket_better_labels_inline berocket_better_labels_inline_1\"><div class=\"br_alabel br_alabel_type_text br_alabel_template_type_css berocket_alabel_id_22611  br_alabel_better_compatibility\" style=\"\"><span  style=\"\"><i style=\"background-color: #000000; border-color: #000000;\" class=\"template-span-before \"><\/i><i style=\"background-color: #000000; border-color: #000000;\" class=\"template-i \"><\/i><i style=\"background-color: #000000; border-color: #000000;\" class=\"template-i-before \"><\/i><i style=\"background-color: #000000; border-color: #000000;\" class=\"template-i-after \"><\/i><b style=\"position: relative;z-index: 100;text-align: center;color: inherit;\">Old collection<\/b><\/span><\/div><\/div><\/div><\/div><\/div><figcaption><h2 class=\"woocommerce-loop-product__title\">NAIROBI<\/h2><div class=\"woocommerce-product-details__short-description\">\n\t<p>NAIROBI ceiling fan with integrated LED light and colour temperature memory. It has a metal body, 7 transparent<\/div>\n\n<\/figcaption><\/figure><\/li>\n<li class=\"product type-product post-25222 status-publish instock product_cat-climatizacion-en product_cat-collection-old-en product_cat-ventiladores-de-techo-en has-post-thumbnail shipping-taxable product-type-simple w-item col-3\">\n\t<figure><div class=\"image-wrapper\">\t\t<a href=\"https:\/\/arteconfort.com\/en\/producto\/nata\/\" class=\"w-fadeslider\">\n\t<img loading=\"lazy\" decoding=\"async\" width=\"1024\" height=\"1024\" src=\"https:\/\/arteconfort.com\/wp-content\/uploads\/2023\/10\/NATA-mando.webp\" class=\"attachment-shop_catalog size-shop_catalog wp-post-image\" alt=\"\" srcset=\"https:\/\/arteconfort.com\/wp-content\/uploads\/2023\/10\/NATA-mando.webp 1024w, https:\/\/arteconfort.com\/wp-content\/uploads\/2023\/10\/NATA-mando-768x768.webp 768w, https:\/\/arteconfort.com\/wp-content\/uploads\/2023\/10\/NATA-mando-340x340.webp 340w, https:\/\/arteconfort.com\/wp-content\/uploads\/2023\/10\/NATA-mando-640x640.webp 640w, https:\/\/arteconfort.com\/wp-content\/uploads\/2023\/10\/NATA-mando-960x960.webp 960w, https:\/\/arteconfort.com\/wp-content\/uploads\/2023\/10\/NATA-mando-300x300.webp 300w, https:\/\/arteconfort.com\/wp-content\/uploads\/2023\/10\/NATA-mando-600x600.webp 600w, https:\/\/arteconfort.com\/wp-content\/uploads\/2023\/10\/NATA-mando-100x100.webp 100w, https:\/\/arteconfort.com\/wp-content\/uploads\/2023\/10\/NATA-mando-133x133.webp 133w\" sizes=\"auto, (max-width: 1024px) 100vw, 1024px\" \/>\t<img loading=\"lazy\" decoding=\"async\" width=\"1024\" height=\"1024\" src=\"https:\/\/arteconfort.com\/wp-content\/uploads\/2023\/10\/NATA-ambiente.webp\" class=\"attachment-shop_catalog size-shop_catalog\" alt=\"\" srcset=\"https:\/\/arteconfort.com\/wp-content\/uploads\/2023\/10\/NATA-ambiente.webp 1024w, https:\/\/arteconfort.com\/wp-content\/uploads\/2023\/10\/NATA-ambiente-768x768.webp 768w, https:\/\/arteconfort.com\/wp-content\/uploads\/2023\/10\/NATA-ambiente-340x340.webp 340w, https:\/\/arteconfort.com\/wp-content\/uploads\/2023\/10\/NATA-ambiente-640x640.webp 640w, https:\/\/arteconfort.com\/wp-content\/uploads\/2023\/10\/NATA-ambiente-960x960.webp 960w, https:\/\/arteconfort.com\/wp-content\/uploads\/2023\/10\/NATA-ambiente-133x133.webp 133w, https:\/\/arteconfort.com\/wp-content\/uploads\/2023\/10\/NATA-ambiente-300x300.webp 300w, https:\/\/arteconfort.com\/wp-content\/uploads\/2023\/10\/NATA-ambiente-600x600.webp 600w, https:\/\/arteconfort.com\/wp-content\/uploads\/2023\/10\/NATA-ambiente-100x100.webp 100w\" sizes=\"auto, (max-width: 1024px) 100vw, 1024px\" \/><img loading=\"lazy\" decoding=\"async\" width=\"1024\" height=\"1024\" src=\"https:\/\/arteconfort.com\/wp-content\/uploads\/2023\/10\/NATA-luces.webp\" class=\"attachment-shop_catalog size-shop_catalog\" alt=\"\" srcset=\"https:\/\/arteconfort.com\/wp-content\/uploads\/2023\/10\/NATA-luces.webp 1024w, https:\/\/arteconfort.com\/wp-content\/uploads\/2023\/10\/NATA-luces-768x768.webp 768w, https:\/\/arteconfort.com\/wp-content\/uploads\/2023\/10\/NATA-luces-340x340.webp 340w, https:\/\/arteconfort.com\/wp-content\/uploads\/2023\/10\/NATA-luces-640x640.webp 640w, https:\/\/arteconfort.com\/wp-content\/uploads\/2023\/10\/NATA-luces-960x960.webp 960w, https:\/\/arteconfort.com\/wp-content\/uploads\/2023\/10\/NATA-luces-133x133.webp 133w, https:\/\/arteconfort.com\/wp-content\/uploads\/2023\/10\/NATA-luces-300x300.webp 300w, https:\/\/arteconfort.com\/wp-content\/uploads\/2023\/10\/NATA-luces-600x600.webp 600w, https:\/\/arteconfort.com\/wp-content\/uploads\/2023\/10\/NATA-luces-100x100.webp 100w\" sizes=\"auto, (max-width: 1024px) 100vw, 1024px\" \/><img loading=\"lazy\" decoding=\"async\" width=\"1024\" height=\"1024\" src=\"https:\/\/arteconfort.com\/wp-content\/uploads\/2023\/10\/NATA-detalle-9.webp\" class=\"attachment-shop_catalog size-shop_catalog\" alt=\"\" srcset=\"https:\/\/arteconfort.com\/wp-content\/uploads\/2023\/10\/NATA-detalle-9.webp 1024w, https:\/\/arteconfort.com\/wp-content\/uploads\/2023\/10\/NATA-detalle-9-768x768.webp 768w, https:\/\/arteconfort.com\/wp-content\/uploads\/2023\/10\/NATA-detalle-9-340x340.webp 340w, https:\/\/arteconfort.com\/wp-content\/uploads\/2023\/10\/NATA-detalle-9-640x640.webp 640w, https:\/\/arteconfort.com\/wp-content\/uploads\/2023\/10\/NATA-detalle-9-960x960.webp 960w, https:\/\/arteconfort.com\/wp-content\/uploads\/2023\/10\/NATA-detalle-9-133x133.webp 133w, https:\/\/arteconfort.com\/wp-content\/uploads\/2023\/10\/NATA-detalle-9-300x300.webp 300w, https:\/\/arteconfort.com\/wp-content\/uploads\/2023\/10\/NATA-detalle-9-600x600.webp 600w, https:\/\/arteconfort.com\/wp-content\/uploads\/2023\/10\/NATA-detalle-9-100x100.webp 100w\" sizes=\"auto, (max-width: 1024px) 100vw, 1024px\" \/><img loading=\"lazy\" decoding=\"async\" width=\"1024\" height=\"1024\" src=\"https:\/\/arteconfort.com\/wp-content\/uploads\/2023\/10\/NATA-detalle-8.webp\" class=\"attachment-shop_catalog size-shop_catalog\" alt=\"\" srcset=\"https:\/\/arteconfort.com\/wp-content\/uploads\/2023\/10\/NATA-detalle-8.webp 1024w, https:\/\/arteconfort.com\/wp-content\/uploads\/2023\/10\/NATA-detalle-8-768x768.webp 768w, https:\/\/arteconfort.com\/wp-content\/uploads\/2023\/10\/NATA-detalle-8-340x340.webp 340w, https:\/\/arteconfort.com\/wp-content\/uploads\/2023\/10\/NATA-detalle-8-640x640.webp 640w, https:\/\/arteconfort.com\/wp-content\/uploads\/2023\/10\/NATA-detalle-8-960x960.webp 960w, https:\/\/arteconfort.com\/wp-content\/uploads\/2023\/10\/NATA-detalle-8-133x133.webp 133w, https:\/\/arteconfort.com\/wp-content\/uploads\/2023\/10\/NATA-detalle-8-300x300.webp 300w, https:\/\/arteconfort.com\/wp-content\/uploads\/2023\/10\/NATA-detalle-8-600x600.webp 600w, https:\/\/arteconfort.com\/wp-content\/uploads\/2023\/10\/NATA-detalle-8-100x100.webp 100w\" sizes=\"auto, (max-width: 1024px) 100vw, 1024px\" \/><img loading=\"lazy\" decoding=\"async\" width=\"1024\" height=\"1024\" src=\"https:\/\/arteconfort.com\/wp-content\/uploads\/2023\/10\/NATA-detalle-7.webp\" class=\"attachment-shop_catalog size-shop_catalog\" alt=\"\" srcset=\"https:\/\/arteconfort.com\/wp-content\/uploads\/2023\/10\/NATA-detalle-7.webp 1024w, https:\/\/arteconfort.com\/wp-content\/uploads\/2023\/10\/NATA-detalle-7-768x768.webp 768w, https:\/\/arteconfort.com\/wp-content\/uploads\/2023\/10\/NATA-detalle-7-340x340.webp 340w, https:\/\/arteconfort.com\/wp-content\/uploads\/2023\/10\/NATA-detalle-7-640x640.webp 640w, https:\/\/arteconfort.com\/wp-content\/uploads\/2023\/10\/NATA-detalle-7-960x960.webp 960w, https:\/\/arteconfort.com\/wp-content\/uploads\/2023\/10\/NATA-detalle-7-133x133.webp 133w, https:\/\/arteconfort.com\/wp-content\/uploads\/2023\/10\/NATA-detalle-7-300x300.webp 300w, https:\/\/arteconfort.com\/wp-content\/uploads\/2023\/10\/NATA-detalle-7-600x600.webp 600w, https:\/\/arteconfort.com\/wp-content\/uploads\/2023\/10\/NATA-detalle-7-100x100.webp 100w\" sizes=\"auto, (max-width: 1024px) 100vw, 1024px\" \/><img loading=\"lazy\" decoding=\"async\" width=\"1024\" height=\"1024\" src=\"https:\/\/arteconfort.com\/wp-content\/uploads\/2023\/10\/NATA-detalle-6.webp\" class=\"attachment-shop_catalog size-shop_catalog\" alt=\"\" srcset=\"https:\/\/arteconfort.com\/wp-content\/uploads\/2023\/10\/NATA-detalle-6.webp 1024w, https:\/\/arteconfort.com\/wp-content\/uploads\/2023\/10\/NATA-detalle-6-768x768.webp 768w, https:\/\/arteconfort.com\/wp-content\/uploads\/2023\/10\/NATA-detalle-6-340x340.webp 340w, https:\/\/arteconfort.com\/wp-content\/uploads\/2023\/10\/NATA-detalle-6-640x640.webp 640w, https:\/\/arteconfort.com\/wp-content\/uploads\/2023\/10\/NATA-detalle-6-960x960.webp 960w, https:\/\/arteconfort.com\/wp-content\/uploads\/2023\/10\/NATA-detalle-6-133x133.webp 133w, https:\/\/arteconfort.com\/wp-content\/uploads\/2023\/10\/NATA-detalle-6-300x300.webp 300w, https:\/\/arteconfort.com\/wp-content\/uploads\/2023\/10\/NATA-detalle-6-600x600.webp 600w, https:\/\/arteconfort.com\/wp-content\/uploads\/2023\/10\/NATA-detalle-6-100x100.webp 100w\" sizes=\"auto, (max-width: 1024px) 100vw, 1024px\" \/><img loading=\"lazy\" decoding=\"async\" width=\"1024\" height=\"1024\" src=\"https:\/\/arteconfort.com\/wp-content\/uploads\/2023\/10\/NATA-detalle-5.webp\" class=\"attachment-shop_catalog size-shop_catalog\" alt=\"\" srcset=\"https:\/\/arteconfort.com\/wp-content\/uploads\/2023\/10\/NATA-detalle-5.webp 1024w, https:\/\/arteconfort.com\/wp-content\/uploads\/2023\/10\/NATA-detalle-5-768x768.webp 768w, https:\/\/arteconfort.com\/wp-content\/uploads\/2023\/10\/NATA-detalle-5-340x340.webp 340w, https:\/\/arteconfort.com\/wp-content\/uploads\/2023\/10\/NATA-detalle-5-640x640.webp 640w, https:\/\/arteconfort.com\/wp-content\/uploads\/2023\/10\/NATA-detalle-5-960x960.webp 960w, https:\/\/arteconfort.com\/wp-content\/uploads\/2023\/10\/NATA-detalle-5-133x133.webp 133w, https:\/\/arteconfort.com\/wp-content\/uploads\/2023\/10\/NATA-detalle-5-300x300.webp 300w, https:\/\/arteconfort.com\/wp-content\/uploads\/2023\/10\/NATA-detalle-5-600x600.webp 600w, https:\/\/arteconfort.com\/wp-content\/uploads\/2023\/10\/NATA-detalle-5-100x100.webp 100w\" sizes=\"auto, (max-width: 1024px) 100vw, 1024px\" \/><img loading=\"lazy\" decoding=\"async\" width=\"1024\" height=\"1024\" src=\"https:\/\/arteconfort.com\/wp-content\/uploads\/2023\/10\/NATA-detalle-4.webp\" class=\"attachment-shop_catalog size-shop_catalog\" alt=\"\" srcset=\"https:\/\/arteconfort.com\/wp-content\/uploads\/2023\/10\/NATA-detalle-4.webp 1024w, https:\/\/arteconfort.com\/wp-content\/uploads\/2023\/10\/NATA-detalle-4-768x768.webp 768w, https:\/\/arteconfort.com\/wp-content\/uploads\/2023\/10\/NATA-detalle-4-340x340.webp 340w, https:\/\/arteconfort.com\/wp-content\/uploads\/2023\/10\/NATA-detalle-4-640x640.webp 640w, https:\/\/arteconfort.com\/wp-content\/uploads\/2023\/10\/NATA-detalle-4-960x960.webp 960w, https:\/\/arteconfort.com\/wp-content\/uploads\/2023\/10\/NATA-detalle-4-133x133.webp 133w, https:\/\/arteconfort.com\/wp-content\/uploads\/2023\/10\/NATA-detalle-4-300x300.webp 300w, https:\/\/arteconfort.com\/wp-content\/uploads\/2023\/10\/NATA-detalle-4-600x600.webp 600w, https:\/\/arteconfort.com\/wp-content\/uploads\/2023\/10\/NATA-detalle-4-100x100.webp 100w\" sizes=\"auto, (max-width: 1024px) 100vw, 1024px\" \/><img loading=\"lazy\" decoding=\"async\" width=\"1024\" height=\"1024\" src=\"https:\/\/arteconfort.com\/wp-content\/uploads\/2023\/10\/NATA-detalle-3.webp\" class=\"attachment-shop_catalog size-shop_catalog\" alt=\"\" srcset=\"https:\/\/arteconfort.com\/wp-content\/uploads\/2023\/10\/NATA-detalle-3.webp 1024w, https:\/\/arteconfort.com\/wp-content\/uploads\/2023\/10\/NATA-detalle-3-768x768.webp 768w, https:\/\/arteconfort.com\/wp-content\/uploads\/2023\/10\/NATA-detalle-3-340x340.webp 340w, https:\/\/arteconfort.com\/wp-content\/uploads\/2023\/10\/NATA-detalle-3-640x640.webp 640w, https:\/\/arteconfort.com\/wp-content\/uploads\/2023\/10\/NATA-detalle-3-960x960.webp 960w, https:\/\/arteconfort.com\/wp-content\/uploads\/2023\/10\/NATA-detalle-3-133x133.webp 133w, https:\/\/arteconfort.com\/wp-content\/uploads\/2023\/10\/NATA-detalle-3-300x300.webp 300w, https:\/\/arteconfort.com\/wp-content\/uploads\/2023\/10\/NATA-detalle-3-600x600.webp 600w, https:\/\/arteconfort.com\/wp-content\/uploads\/2023\/10\/NATA-detalle-3-100x100.webp 100w\" sizes=\"auto, (max-width: 1024px) 100vw, 1024px\" \/><img loading=\"lazy\" decoding=\"async\" width=\"1024\" height=\"1024\" src=\"https:\/\/arteconfort.com\/wp-content\/uploads\/2023\/10\/NATA-detalle-2.webp\" class=\"attachment-shop_catalog size-shop_catalog\" alt=\"\" srcset=\"https:\/\/arteconfort.com\/wp-content\/uploads\/2023\/10\/NATA-detalle-2.webp 1024w, https:\/\/arteconfort.com\/wp-content\/uploads\/2023\/10\/NATA-detalle-2-768x768.webp 768w, https:\/\/arteconfort.com\/wp-content\/uploads\/2023\/10\/NATA-detalle-2-340x340.webp 340w, https:\/\/arteconfort.com\/wp-content\/uploads\/2023\/10\/NATA-detalle-2-640x640.webp 640w, https:\/\/arteconfort.com\/wp-content\/uploads\/2023\/10\/NATA-detalle-2-960x960.webp 960w, https:\/\/arteconfort.com\/wp-content\/uploads\/2023\/10\/NATA-detalle-2-133x133.webp 133w, https:\/\/arteconfort.com\/wp-content\/uploads\/2023\/10\/NATA-detalle-2-300x300.webp 300w, https:\/\/arteconfort.com\/wp-content\/uploads\/2023\/10\/NATA-detalle-2-600x600.webp 600w, https:\/\/arteconfort.com\/wp-content\/uploads\/2023\/10\/NATA-detalle-2-100x100.webp 100w\" sizes=\"auto, (max-width: 1024px) 100vw, 1024px\" \/><img loading=\"lazy\" decoding=\"async\" width=\"1024\" height=\"1024\" src=\"https:\/\/arteconfort.com\/wp-content\/uploads\/2023\/10\/NATA-detalle.webp\" class=\"attachment-shop_catalog size-shop_catalog\" alt=\"\" srcset=\"https:\/\/arteconfort.com\/wp-content\/uploads\/2023\/10\/NATA-detalle.webp 1024w, https:\/\/arteconfort.com\/wp-content\/uploads\/2023\/10\/NATA-detalle-768x768.webp 768w, https:\/\/arteconfort.com\/wp-content\/uploads\/2023\/10\/NATA-detalle-340x340.webp 340w, https:\/\/arteconfort.com\/wp-content\/uploads\/2023\/10\/NATA-detalle-640x640.webp 640w, https:\/\/arteconfort.com\/wp-content\/uploads\/2023\/10\/NATA-detalle-960x960.webp 960w, https:\/\/arteconfort.com\/wp-content\/uploads\/2023\/10\/NATA-detalle-133x133.webp 133w, https:\/\/arteconfort.com\/wp-content\/uploads\/2023\/10\/NATA-detalle-300x300.webp 300w, https:\/\/arteconfort.com\/wp-content\/uploads\/2023\/10\/NATA-detalle-600x600.webp 600w, https:\/\/arteconfort.com\/wp-content\/uploads\/2023\/10\/NATA-detalle-100x100.webp 100w\" sizes=\"auto, (max-width: 1024px) 100vw, 1024px\" \/><img loading=\"lazy\" decoding=\"async\" width=\"1024\" height=\"1024\" src=\"https:\/\/arteconfort.com\/wp-content\/uploads\/2023\/10\/NATA-ambiente-4.webp\" class=\"attachment-shop_catalog size-shop_catalog\" alt=\"\" srcset=\"https:\/\/arteconfort.com\/wp-content\/uploads\/2023\/10\/NATA-ambiente-4.webp 1024w, https:\/\/arteconfort.com\/wp-content\/uploads\/2023\/10\/NATA-ambiente-4-768x768.webp 768w, https:\/\/arteconfort.com\/wp-content\/uploads\/2023\/10\/NATA-ambiente-4-340x340.webp 340w, https:\/\/arteconfort.com\/wp-content\/uploads\/2023\/10\/NATA-ambiente-4-640x640.webp 640w, https:\/\/arteconfort.com\/wp-content\/uploads\/2023\/10\/NATA-ambiente-4-960x960.webp 960w, https:\/\/arteconfort.com\/wp-content\/uploads\/2023\/10\/NATA-ambiente-4-133x133.webp 133w, https:\/\/arteconfort.com\/wp-content\/uploads\/2023\/10\/NATA-ambiente-4-300x300.webp 300w, https:\/\/arteconfort.com\/wp-content\/uploads\/2023\/10\/NATA-ambiente-4-600x600.webp 600w, https:\/\/arteconfort.com\/wp-content\/uploads\/2023\/10\/NATA-ambiente-4-100x100.webp 100w\" sizes=\"auto, (max-width: 1024px) 100vw, 1024px\" \/><img loading=\"lazy\" decoding=\"async\" width=\"1024\" height=\"1024\" src=\"https:\/\/arteconfort.com\/wp-content\/uploads\/2023\/10\/NATA-ambiente-3.webp\" class=\"attachment-shop_catalog size-shop_catalog\" alt=\"\" srcset=\"https:\/\/arteconfort.com\/wp-content\/uploads\/2023\/10\/NATA-ambiente-3.webp 1024w, https:\/\/arteconfort.com\/wp-content\/uploads\/2023\/10\/NATA-ambiente-3-768x768.webp 768w, https:\/\/arteconfort.com\/wp-content\/uploads\/2023\/10\/NATA-ambiente-3-340x340.webp 340w, https:\/\/arteconfort.com\/wp-content\/uploads\/2023\/10\/NATA-ambiente-3-640x640.webp 640w, https:\/\/arteconfort.com\/wp-content\/uploads\/2023\/10\/NATA-ambiente-3-960x960.webp 960w, https:\/\/arteconfort.com\/wp-content\/uploads\/2023\/10\/NATA-ambiente-3-133x133.webp 133w, https:\/\/arteconfort.com\/wp-content\/uploads\/2023\/10\/NATA-ambiente-3-300x300.webp 300w, https:\/\/arteconfort.com\/wp-content\/uploads\/2023\/10\/NATA-ambiente-3-600x600.webp 600w, https:\/\/arteconfort.com\/wp-content\/uploads\/2023\/10\/NATA-ambiente-3-100x100.webp 100w\" sizes=\"auto, (max-width: 1024px) 100vw, 1024px\" \/><img loading=\"lazy\" decoding=\"async\" width=\"1024\" height=\"1024\" src=\"https:\/\/arteconfort.com\/wp-content\/uploads\/2023\/10\/NATA-ambiente-2.webp\" class=\"attachment-shop_catalog size-shop_catalog\" alt=\"\" srcset=\"https:\/\/arteconfort.com\/wp-content\/uploads\/2023\/10\/NATA-ambiente-2.webp 1024w, https:\/\/arteconfort.com\/wp-content\/uploads\/2023\/10\/NATA-ambiente-2-768x768.webp 768w, https:\/\/arteconfort.com\/wp-content\/uploads\/2023\/10\/NATA-ambiente-2-340x340.webp 340w, https:\/\/arteconfort.com\/wp-content\/uploads\/2023\/10\/NATA-ambiente-2-640x640.webp 640w, https:\/\/arteconfort.com\/wp-content\/uploads\/2023\/10\/NATA-ambiente-2-960x960.webp 960w, https:\/\/arteconfort.com\/wp-content\/uploads\/2023\/10\/NATA-ambiente-2-133x133.webp 133w, https:\/\/arteconfort.com\/wp-content\/uploads\/2023\/10\/NATA-ambiente-2-300x300.webp 300w, https:\/\/arteconfort.com\/wp-content\/uploads\/2023\/10\/NATA-ambiente-2-600x600.webp 600w, https:\/\/arteconfort.com\/wp-content\/uploads\/2023\/10\/NATA-ambiente-2-100x100.webp 100w\" sizes=\"auto, (max-width: 1024px) 100vw, 1024px\" \/><img loading=\"lazy\" decoding=\"async\" width=\"1024\" height=\"1024\" src=\"https:\/\/arteconfort.com\/wp-content\/uploads\/2023\/10\/NATA-grafico.webp\" class=\"attachment-shop_catalog size-shop_catalog\" alt=\"\" srcset=\"https:\/\/arteconfort.com\/wp-content\/uploads\/2023\/10\/NATA-grafico.webp 1024w, https:\/\/arteconfort.com\/wp-content\/uploads\/2023\/10\/NATA-grafico-768x768.webp 768w, https:\/\/arteconfort.com\/wp-content\/uploads\/2023\/10\/NATA-grafico-340x340.webp 340w, https:\/\/arteconfort.com\/wp-content\/uploads\/2023\/10\/NATA-grafico-640x640.webp 640w, https:\/\/arteconfort.com\/wp-content\/uploads\/2023\/10\/NATA-grafico-960x960.webp 960w, https:\/\/arteconfort.com\/wp-content\/uploads\/2023\/10\/NATA-grafico-133x133.webp 133w, https:\/\/arteconfort.com\/wp-content\/uploads\/2023\/10\/NATA-grafico-300x300.webp 300w, https:\/\/arteconfort.com\/wp-content\/uploads\/2023\/10\/NATA-grafico-600x600.webp 600w, https:\/\/arteconfort.com\/wp-content\/uploads\/2023\/10\/NATA-grafico-100x100.webp 100w\" sizes=\"auto, (max-width: 1024px) 100vw, 1024px\" \/>\t<\/a>\n\t<div class=\"w-product-status\"><\/div>\t<span id=\"woocommerce_loop_add_to_cart_link_describedby_25222\" class=\"screen-reader-text\">\n\t\t\t<\/span>\n<\/div><div class=\"berocket_better_labels berocket_better_labels_image\"><div class=\"berocket_better_labels_position berocket_better_labels_position_right\"><div class=\"berocket_better_labels_line berocket_better_labels_line_1\"><div class=\"berocket_better_labels_inline berocket_better_labels_inline_1\"><div class=\"br_alabel br_alabel_type_text br_alabel_template_type_css berocket_alabel_id_22611  br_alabel_better_compatibility\" style=\"\"><span  style=\"\"><i style=\"background-color: #000000; border-color: #000000;\" class=\"template-span-before \"><\/i><i style=\"background-color: #000000; border-color: #000000;\" class=\"template-i \"><\/i><i style=\"background-color: #000000; border-color: #000000;\" class=\"template-i-before \"><\/i><i style=\"background-color: #000000; border-color: #000000;\" class=\"template-i-after \"><\/i><b style=\"position: relative;z-index: 100;text-align: center;color: inherit;\">Old collection<\/b><\/span><\/div><\/div><\/div><\/div><\/div><figcaption><h2 class=\"woocommerce-loop-product__title\">NATA<\/h2><div class=\"woocommerce-product-details__short-description\">\n\t<p>NATA ceiling fan with integrated LED light and colour temperature memory. With a white body and 3 real<\/div>\n\n<\/figcaption><\/figure><\/li>\n<li class=\"product type-product post-25392 status-publish last instock product_cat-climatizacion-en product_cat-collection-old-en product_cat-ventiladores-de-techo-en has-post-thumbnail shipping-taxable product-type-simple w-item col-3\">\n\t<figure><div class=\"image-wrapper\">\t\t<a href=\"https:\/\/arteconfort.com\/en\/producto\/nerea\/\" class=\"w-fadeslider\">\n\t<img loading=\"lazy\" decoding=\"async\" width=\"1024\" height=\"1024\" src=\"https:\/\/arteconfort.com\/wp-content\/uploads\/2023\/10\/NEREA-mando.webp\" class=\"attachment-shop_catalog size-shop_catalog wp-post-image\" alt=\"\" srcset=\"https:\/\/arteconfort.com\/wp-content\/uploads\/2023\/10\/NEREA-mando.webp 1024w, https:\/\/arteconfort.com\/wp-content\/uploads\/2023\/10\/NEREA-mando-768x768.webp 768w, https:\/\/arteconfort.com\/wp-content\/uploads\/2023\/10\/NEREA-mando-340x340.webp 340w, https:\/\/arteconfort.com\/wp-content\/uploads\/2023\/10\/NEREA-mando-640x640.webp 640w, https:\/\/arteconfort.com\/wp-content\/uploads\/2023\/10\/NEREA-mando-960x960.webp 960w, https:\/\/arteconfort.com\/wp-content\/uploads\/2023\/10\/NEREA-mando-300x300.webp 300w, https:\/\/arteconfort.com\/wp-content\/uploads\/2023\/10\/NEREA-mando-600x600.webp 600w, https:\/\/arteconfort.com\/wp-content\/uploads\/2023\/10\/NEREA-mando-100x100.webp 100w, https:\/\/arteconfort.com\/wp-content\/uploads\/2023\/10\/NEREA-mando-133x133.webp 133w\" sizes=\"auto, (max-width: 1024px) 100vw, 1024px\" \/>\t<img loading=\"lazy\" decoding=\"async\" width=\"1024\" height=\"1024\" src=\"https:\/\/arteconfort.com\/wp-content\/uploads\/2023\/10\/NEREA-ambiente.webp\" class=\"attachment-shop_catalog size-shop_catalog\" alt=\"\" srcset=\"https:\/\/arteconfort.com\/wp-content\/uploads\/2023\/10\/NEREA-ambiente.webp 1024w, https:\/\/arteconfort.com\/wp-content\/uploads\/2023\/10\/NEREA-ambiente-768x768.webp 768w, https:\/\/arteconfort.com\/wp-content\/uploads\/2023\/10\/NEREA-ambiente-340x340.webp 340w, https:\/\/arteconfort.com\/wp-content\/uploads\/2023\/10\/NEREA-ambiente-640x640.webp 640w, https:\/\/arteconfort.com\/wp-content\/uploads\/2023\/10\/NEREA-ambiente-960x960.webp 960w, https:\/\/arteconfort.com\/wp-content\/uploads\/2023\/10\/NEREA-ambiente-133x133.webp 133w, https:\/\/arteconfort.com\/wp-content\/uploads\/2023\/10\/NEREA-ambiente-300x300.webp 300w, https:\/\/arteconfort.com\/wp-content\/uploads\/2023\/10\/NEREA-ambiente-600x600.webp 600w, https:\/\/arteconfort.com\/wp-content\/uploads\/2023\/10\/NEREA-ambiente-100x100.webp 100w\" sizes=\"auto, (max-width: 1024px) 100vw, 1024px\" \/><img loading=\"lazy\" decoding=\"async\" width=\"1024\" height=\"1024\" src=\"https:\/\/arteconfort.com\/wp-content\/uploads\/2023\/10\/NEREA-luces.webp\" class=\"attachment-shop_catalog size-shop_catalog\" alt=\"\" srcset=\"https:\/\/arteconfort.com\/wp-content\/uploads\/2023\/10\/NEREA-luces.webp 1024w, https:\/\/arteconfort.com\/wp-content\/uploads\/2023\/10\/NEREA-luces-768x768.webp 768w, https:\/\/arteconfort.com\/wp-content\/uploads\/2023\/10\/NEREA-luces-340x340.webp 340w, https:\/\/arteconfort.com\/wp-content\/uploads\/2023\/10\/NEREA-luces-640x640.webp 640w, https:\/\/arteconfort.com\/wp-content\/uploads\/2023\/10\/NEREA-luces-960x960.webp 960w, https:\/\/arteconfort.com\/wp-content\/uploads\/2023\/10\/NEREA-luces-133x133.webp 133w, https:\/\/arteconfort.com\/wp-content\/uploads\/2023\/10\/NEREA-luces-300x300.webp 300w, https:\/\/arteconfort.com\/wp-content\/uploads\/2023\/10\/NEREA-luces-600x600.webp 600w, https:\/\/arteconfort.com\/wp-content\/uploads\/2023\/10\/NEREA-luces-100x100.webp 100w\" sizes=\"auto, (max-width: 1024px) 100vw, 1024px\" \/><img loading=\"lazy\" decoding=\"async\" width=\"1024\" height=\"1024\" src=\"https:\/\/arteconfort.com\/wp-content\/uploads\/2023\/10\/NEREA-ambiente-4.webp\" class=\"attachment-shop_catalog size-shop_catalog\" alt=\"\" srcset=\"https:\/\/arteconfort.com\/wp-content\/uploads\/2023\/10\/NEREA-ambiente-4.webp 1024w, https:\/\/arteconfort.com\/wp-content\/uploads\/2023\/10\/NEREA-ambiente-4-768x768.webp 768w, https:\/\/arteconfort.com\/wp-content\/uploads\/2023\/10\/NEREA-ambiente-4-340x340.webp 340w, https:\/\/arteconfort.com\/wp-content\/uploads\/2023\/10\/NEREA-ambiente-4-640x640.webp 640w, https:\/\/arteconfort.com\/wp-content\/uploads\/2023\/10\/NEREA-ambiente-4-960x960.webp 960w, https:\/\/arteconfort.com\/wp-content\/uploads\/2023\/10\/NEREA-ambiente-4-133x133.webp 133w, https:\/\/arteconfort.com\/wp-content\/uploads\/2023\/10\/NEREA-ambiente-4-300x300.webp 300w, https:\/\/arteconfort.com\/wp-content\/uploads\/2023\/10\/NEREA-ambiente-4-600x600.webp 600w, https:\/\/arteconfort.com\/wp-content\/uploads\/2023\/10\/NEREA-ambiente-4-100x100.webp 100w\" sizes=\"auto, (max-width: 1024px) 100vw, 1024px\" \/><img loading=\"lazy\" decoding=\"async\" width=\"1024\" height=\"1024\" src=\"https:\/\/arteconfort.com\/wp-content\/uploads\/2023\/10\/NEREA-ambiente-3.webp\" class=\"attachment-shop_catalog size-shop_catalog\" alt=\"\" srcset=\"https:\/\/arteconfort.com\/wp-content\/uploads\/2023\/10\/NEREA-ambiente-3.webp 1024w, https:\/\/arteconfort.com\/wp-content\/uploads\/2023\/10\/NEREA-ambiente-3-768x768.webp 768w, https:\/\/arteconfort.com\/wp-content\/uploads\/2023\/10\/NEREA-ambiente-3-340x340.webp 340w, https:\/\/arteconfort.com\/wp-content\/uploads\/2023\/10\/NEREA-ambiente-3-640x640.webp 640w, https:\/\/arteconfort.com\/wp-content\/uploads\/2023\/10\/NEREA-ambiente-3-960x960.webp 960w, https:\/\/arteconfort.com\/wp-content\/uploads\/2023\/10\/NEREA-ambiente-3-133x133.webp 133w, https:\/\/arteconfort.com\/wp-content\/uploads\/2023\/10\/NEREA-ambiente-3-300x300.webp 300w, https:\/\/arteconfort.com\/wp-content\/uploads\/2023\/10\/NEREA-ambiente-3-600x600.webp 600w, https:\/\/arteconfort.com\/wp-content\/uploads\/2023\/10\/NEREA-ambiente-3-100x100.webp 100w\" sizes=\"auto, (max-width: 1024px) 100vw, 1024px\" \/><img loading=\"lazy\" decoding=\"async\" width=\"1024\" height=\"1024\" src=\"https:\/\/arteconfort.com\/wp-content\/uploads\/2023\/10\/NEREA-ambiente-2.webp\" class=\"attachment-shop_catalog size-shop_catalog\" alt=\"\" srcset=\"https:\/\/arteconfort.com\/wp-content\/uploads\/2023\/10\/NEREA-ambiente-2.webp 1024w, https:\/\/arteconfort.com\/wp-content\/uploads\/2023\/10\/NEREA-ambiente-2-768x768.webp 768w, https:\/\/arteconfort.com\/wp-content\/uploads\/2023\/10\/NEREA-ambiente-2-340x340.webp 340w, https:\/\/arteconfort.com\/wp-content\/uploads\/2023\/10\/NEREA-ambiente-2-640x640.webp 640w, https:\/\/arteconfort.com\/wp-content\/uploads\/2023\/10\/NEREA-ambiente-2-960x960.webp 960w, https:\/\/arteconfort.com\/wp-content\/uploads\/2023\/10\/NEREA-ambiente-2-133x133.webp 133w, https:\/\/arteconfort.com\/wp-content\/uploads\/2023\/10\/NEREA-ambiente-2-300x300.webp 300w, https:\/\/arteconfort.com\/wp-content\/uploads\/2023\/10\/NEREA-ambiente-2-600x600.webp 600w, https:\/\/arteconfort.com\/wp-content\/uploads\/2023\/10\/NEREA-ambiente-2-100x100.webp 100w\" sizes=\"auto, (max-width: 1024px) 100vw, 1024px\" \/><img loading=\"lazy\" decoding=\"async\" width=\"1024\" height=\"1024\" src=\"https:\/\/arteconfort.com\/wp-content\/uploads\/2023\/10\/NEREA-grafico.webp\" class=\"attachment-shop_catalog size-shop_catalog\" alt=\"\" srcset=\"https:\/\/arteconfort.com\/wp-content\/uploads\/2023\/10\/NEREA-grafico.webp 1024w, https:\/\/arteconfort.com\/wp-content\/uploads\/2023\/10\/NEREA-grafico-768x768.webp 768w, https:\/\/arteconfort.com\/wp-content\/uploads\/2023\/10\/NEREA-grafico-340x340.webp 340w, https:\/\/arteconfort.com\/wp-content\/uploads\/2023\/10\/NEREA-grafico-640x640.webp 640w, https:\/\/arteconfort.com\/wp-content\/uploads\/2023\/10\/NEREA-grafico-960x960.webp 960w, https:\/\/arteconfort.com\/wp-content\/uploads\/2023\/10\/NEREA-grafico-133x133.webp 133w, https:\/\/arteconfort.com\/wp-content\/uploads\/2023\/10\/NEREA-grafico-300x300.webp 300w, https:\/\/arteconfort.com\/wp-content\/uploads\/2023\/10\/NEREA-grafico-600x600.webp 600w, https:\/\/arteconfort.com\/wp-content\/uploads\/2023\/10\/NEREA-grafico-100x100.webp 100w\" sizes=\"auto, (max-width: 1024px) 100vw, 1024px\" \/><img loading=\"lazy\" decoding=\"async\" width=\"1024\" height=\"1024\" src=\"https:\/\/arteconfort.com\/wp-content\/uploads\/2024\/06\/ventilador-NEREA-.webp\" class=\"attachment-shop_catalog size-shop_catalog\" alt=\"Ventilador NEREA mando\" srcset=\"https:\/\/arteconfort.com\/wp-content\/uploads\/2024\/06\/ventilador-NEREA-.webp 1024w, https:\/\/arteconfort.com\/wp-content\/uploads\/2024\/06\/ventilador-NEREA--768x768.webp 768w, https:\/\/arteconfort.com\/wp-content\/uploads\/2024\/06\/ventilador-NEREA--340x340.webp 340w, https:\/\/arteconfort.com\/wp-content\/uploads\/2024\/06\/ventilador-NEREA--640x640.webp 640w, https:\/\/arteconfort.com\/wp-content\/uploads\/2024\/06\/ventilador-NEREA--960x960.webp 960w, https:\/\/arteconfort.com\/wp-content\/uploads\/2024\/06\/ventilador-NEREA--133x133.webp 133w, https:\/\/arteconfort.com\/wp-content\/uploads\/2024\/06\/ventilador-NEREA--300x300.webp 300w, https:\/\/arteconfort.com\/wp-content\/uploads\/2024\/06\/ventilador-NEREA--600x600.webp 600w, https:\/\/arteconfort.com\/wp-content\/uploads\/2024\/06\/ventilador-NEREA--100x100.webp 100w\" sizes=\"auto, (max-width: 1024px) 100vw, 1024px\" \/>\t<\/a>\n\t<div class=\"w-product-status\"><\/div>\t<span id=\"woocommerce_loop_add_to_cart_link_describedby_25392\" class=\"screen-reader-text\">\n\t\t\t<\/span>\n<\/div><div class=\"berocket_better_labels berocket_better_labels_image\"><div class=\"berocket_better_labels_position berocket_better_labels_position_right\"><div class=\"berocket_better_labels_line berocket_better_labels_line_1\"><div class=\"berocket_better_labels_inline berocket_better_labels_inline_1\"><div class=\"br_alabel br_alabel_type_text br_alabel_template_type_css berocket_alabel_id_22611  br_alabel_better_compatibility\" style=\"\"><span  style=\"\"><i style=\"background-color: #000000; border-color: #000000;\" class=\"template-span-before \"><\/i><i style=\"background-color: #000000; border-color: #000000;\" class=\"template-i \"><\/i><i style=\"background-color: #000000; border-color: #000000;\" class=\"template-i-before \"><\/i><i style=\"background-color: #000000; border-color: #000000;\" class=\"template-i-after \"><\/i><b style=\"position: relative;z-index: 100;text-align: center;color: inherit;\">Old collection<\/b><\/span><\/div><\/div><\/div><\/div><\/div><figcaption><h2 class=\"woocommerce-loop-product__title\">NEREA<\/h2><div class=\"woocommerce-product-details__short-description\">\n\t<p>NEREA fan with retractable or folding blades with double light, with integrated LED module and colour temperature memory.<\/div>\n\n<\/figcaption><\/figure><\/li>\n<li class=\"product type-product post-20892 status-publish first instock product_cat-climatizacion-en product_cat-collection-old-en product_cat-ventiladores-de-techo-en has-post-thumbnail shipping-taxable product-type-simple w-item col-3\">\n\t<figure><div class=\"image-wrapper\">\t\t<a href=\"https:\/\/arteconfort.com\/en\/producto\/nerja\/\" class=\"w-fadeslider\">\n\t<img loading=\"lazy\" decoding=\"async\" width=\"1024\" height=\"1024\" src=\"https:\/\/arteconfort.com\/wp-content\/uploads\/2024\/06\/ventilador-NERJA-83738630-.webp\" class=\"attachment-shop_catalog size-shop_catalog wp-post-image\" alt=\"Ventilador NERJA con mando\" srcset=\"https:\/\/arteconfort.com\/wp-content\/uploads\/2024\/06\/ventilador-NERJA-83738630-.webp 1024w, https:\/\/arteconfort.com\/wp-content\/uploads\/2024\/06\/ventilador-NERJA-83738630--768x768.webp 768w, https:\/\/arteconfort.com\/wp-content\/uploads\/2024\/06\/ventilador-NERJA-83738630--340x340.webp 340w, https:\/\/arteconfort.com\/wp-content\/uploads\/2024\/06\/ventilador-NERJA-83738630--640x640.webp 640w, https:\/\/arteconfort.com\/wp-content\/uploads\/2024\/06\/ventilador-NERJA-83738630--960x960.webp 960w, https:\/\/arteconfort.com\/wp-content\/uploads\/2024\/06\/ventilador-NERJA-83738630--300x300.webp 300w, https:\/\/arteconfort.com\/wp-content\/uploads\/2024\/06\/ventilador-NERJA-83738630--600x600.webp 600w, https:\/\/arteconfort.com\/wp-content\/uploads\/2024\/06\/ventilador-NERJA-83738630--100x100.webp 100w, https:\/\/arteconfort.com\/wp-content\/uploads\/2024\/06\/ventilador-NERJA-83738630--133x133.webp 133w\" sizes=\"auto, (max-width: 1024px) 100vw, 1024px\" \/>\t<img loading=\"lazy\" decoding=\"async\" width=\"1024\" height=\"1024\" src=\"https:\/\/arteconfort.com\/wp-content\/uploads\/2024\/06\/ventilador-NERJA-83738630-0100.webp\" class=\"attachment-shop_catalog size-shop_catalog\" alt=\"Ventilador NERJA apagado\" srcset=\"https:\/\/arteconfort.com\/wp-content\/uploads\/2024\/06\/ventilador-NERJA-83738630-0100.webp 1024w, https:\/\/arteconfort.com\/wp-content\/uploads\/2024\/06\/ventilador-NERJA-83738630-0100-768x768.webp 768w, https:\/\/arteconfort.com\/wp-content\/uploads\/2024\/06\/ventilador-NERJA-83738630-0100-340x340.webp 340w, https:\/\/arteconfort.com\/wp-content\/uploads\/2024\/06\/ventilador-NERJA-83738630-0100-640x640.webp 640w, https:\/\/arteconfort.com\/wp-content\/uploads\/2024\/06\/ventilador-NERJA-83738630-0100-960x960.webp 960w, https:\/\/arteconfort.com\/wp-content\/uploads\/2024\/06\/ventilador-NERJA-83738630-0100-133x133.webp 133w, https:\/\/arteconfort.com\/wp-content\/uploads\/2024\/06\/ventilador-NERJA-83738630-0100-300x300.webp 300w, https:\/\/arteconfort.com\/wp-content\/uploads\/2024\/06\/ventilador-NERJA-83738630-0100-600x600.webp 600w, https:\/\/arteconfort.com\/wp-content\/uploads\/2024\/06\/ventilador-NERJA-83738630-0100-100x100.webp 100w\" sizes=\"auto, (max-width: 1024px) 100vw, 1024px\" \/><img loading=\"lazy\" decoding=\"async\" width=\"1024\" height=\"1024\" src=\"https:\/\/arteconfort.com\/wp-content\/uploads\/2024\/06\/ventilador-NERJA-83738630-0105.webp\" class=\"attachment-shop_catalog size-shop_catalog\" alt=\"Ventilador NERJA planta\" srcset=\"https:\/\/arteconfort.com\/wp-content\/uploads\/2024\/06\/ventilador-NERJA-83738630-0105.webp 1024w, https:\/\/arteconfort.com\/wp-content\/uploads\/2024\/06\/ventilador-NERJA-83738630-0105-768x768.webp 768w, https:\/\/arteconfort.com\/wp-content\/uploads\/2024\/06\/ventilador-NERJA-83738630-0105-340x340.webp 340w, https:\/\/arteconfort.com\/wp-content\/uploads\/2024\/06\/ventilador-NERJA-83738630-0105-640x640.webp 640w, https:\/\/arteconfort.com\/wp-content\/uploads\/2024\/06\/ventilador-NERJA-83738630-0105-960x960.webp 960w, https:\/\/arteconfort.com\/wp-content\/uploads\/2024\/06\/ventilador-NERJA-83738630-0105-133x133.webp 133w, https:\/\/arteconfort.com\/wp-content\/uploads\/2024\/06\/ventilador-NERJA-83738630-0105-300x300.webp 300w, https:\/\/arteconfort.com\/wp-content\/uploads\/2024\/06\/ventilador-NERJA-83738630-0105-600x600.webp 600w, https:\/\/arteconfort.com\/wp-content\/uploads\/2024\/06\/ventilador-NERJA-83738630-0105-100x100.webp 100w\" sizes=\"auto, (max-width: 1024px) 100vw, 1024px\" \/><img loading=\"lazy\" decoding=\"async\" width=\"1024\" height=\"1024\" src=\"https:\/\/arteconfort.com\/wp-content\/uploads\/2024\/06\/ventilador-NERJA-83738630-0106.webp\" class=\"attachment-shop_catalog size-shop_catalog\" alt=\"Ventilador NERJA lateral\" srcset=\"https:\/\/arteconfort.com\/wp-content\/uploads\/2024\/06\/ventilador-NERJA-83738630-0106.webp 1024w, https:\/\/arteconfort.com\/wp-content\/uploads\/2024\/06\/ventilador-NERJA-83738630-0106-768x768.webp 768w, https:\/\/arteconfort.com\/wp-content\/uploads\/2024\/06\/ventilador-NERJA-83738630-0106-340x340.webp 340w, https:\/\/arteconfort.com\/wp-content\/uploads\/2024\/06\/ventilador-NERJA-83738630-0106-640x640.webp 640w, https:\/\/arteconfort.com\/wp-content\/uploads\/2024\/06\/ventilador-NERJA-83738630-0106-960x960.webp 960w, https:\/\/arteconfort.com\/wp-content\/uploads\/2024\/06\/ventilador-NERJA-83738630-0106-133x133.webp 133w, https:\/\/arteconfort.com\/wp-content\/uploads\/2024\/06\/ventilador-NERJA-83738630-0106-300x300.webp 300w, https:\/\/arteconfort.com\/wp-content\/uploads\/2024\/06\/ventilador-NERJA-83738630-0106-600x600.webp 600w, https:\/\/arteconfort.com\/wp-content\/uploads\/2024\/06\/ventilador-NERJA-83738630-0106-100x100.webp 100w\" sizes=\"auto, (max-width: 1024px) 100vw, 1024px\" \/><img loading=\"lazy\" decoding=\"async\" width=\"1024\" height=\"1024\" src=\"https:\/\/arteconfort.com\/wp-content\/uploads\/2024\/06\/ventilador-NERJA-83738630-0200.webp\" class=\"attachment-shop_catalog size-shop_catalog\" alt=\"Ventilador NERJA mando\" srcset=\"https:\/\/arteconfort.com\/wp-content\/uploads\/2024\/06\/ventilador-NERJA-83738630-0200.webp 1024w, https:\/\/arteconfort.com\/wp-content\/uploads\/2024\/06\/ventilador-NERJA-83738630-0200-768x768.webp 768w, https:\/\/arteconfort.com\/wp-content\/uploads\/2024\/06\/ventilador-NERJA-83738630-0200-340x340.webp 340w, https:\/\/arteconfort.com\/wp-content\/uploads\/2024\/06\/ventilador-NERJA-83738630-0200-640x640.webp 640w, https:\/\/arteconfort.com\/wp-content\/uploads\/2024\/06\/ventilador-NERJA-83738630-0200-960x960.webp 960w, https:\/\/arteconfort.com\/wp-content\/uploads\/2024\/06\/ventilador-NERJA-83738630-0200-133x133.webp 133w, https:\/\/arteconfort.com\/wp-content\/uploads\/2024\/06\/ventilador-NERJA-83738630-0200-300x300.webp 300w, https:\/\/arteconfort.com\/wp-content\/uploads\/2024\/06\/ventilador-NERJA-83738630-0200-600x600.webp 600w, https:\/\/arteconfort.com\/wp-content\/uploads\/2024\/06\/ventilador-NERJA-83738630-0200-100x100.webp 100w\" sizes=\"auto, (max-width: 1024px) 100vw, 1024px\" \/><img loading=\"lazy\" decoding=\"async\" width=\"1024\" height=\"1024\" src=\"https:\/\/arteconfort.com\/wp-content\/uploads\/2024\/06\/ventilador-NERJA-83738630-0600.webp\" class=\"attachment-shop_catalog size-shop_catalog\" alt=\"Ventilador NERJA grafico\" srcset=\"https:\/\/arteconfort.com\/wp-content\/uploads\/2024\/06\/ventilador-NERJA-83738630-0600.webp 1024w, https:\/\/arteconfort.com\/wp-content\/uploads\/2024\/06\/ventilador-NERJA-83738630-0600-768x768.webp 768w, https:\/\/arteconfort.com\/wp-content\/uploads\/2024\/06\/ventilador-NERJA-83738630-0600-340x340.webp 340w, https:\/\/arteconfort.com\/wp-content\/uploads\/2024\/06\/ventilador-NERJA-83738630-0600-640x640.webp 640w, https:\/\/arteconfort.com\/wp-content\/uploads\/2024\/06\/ventilador-NERJA-83738630-0600-960x960.webp 960w, https:\/\/arteconfort.com\/wp-content\/uploads\/2024\/06\/ventilador-NERJA-83738630-0600-133x133.webp 133w, https:\/\/arteconfort.com\/wp-content\/uploads\/2024\/06\/ventilador-NERJA-83738630-0600-300x300.webp 300w, https:\/\/arteconfort.com\/wp-content\/uploads\/2024\/06\/ventilador-NERJA-83738630-0600-600x600.webp 600w, https:\/\/arteconfort.com\/wp-content\/uploads\/2024\/06\/ventilador-NERJA-83738630-0600-100x100.webp 100w\" sizes=\"auto, (max-width: 1024px) 100vw, 1024px\" \/><img loading=\"lazy\" decoding=\"async\" width=\"1024\" height=\"1024\" src=\"https:\/\/arteconfort.com\/wp-content\/uploads\/2024\/06\/ventilador-NERJA-83738630-0103.webp\" class=\"attachment-shop_catalog size-shop_catalog\" alt=\"Ventilador NERJA luz doble\" srcset=\"https:\/\/arteconfort.com\/wp-content\/uploads\/2024\/06\/ventilador-NERJA-83738630-0103.webp 1024w, https:\/\/arteconfort.com\/wp-content\/uploads\/2024\/06\/ventilador-NERJA-83738630-0103-768x768.webp 768w, https:\/\/arteconfort.com\/wp-content\/uploads\/2024\/06\/ventilador-NERJA-83738630-0103-340x340.webp 340w, https:\/\/arteconfort.com\/wp-content\/uploads\/2024\/06\/ventilador-NERJA-83738630-0103-640x640.webp 640w, https:\/\/arteconfort.com\/wp-content\/uploads\/2024\/06\/ventilador-NERJA-83738630-0103-960x960.webp 960w, https:\/\/arteconfort.com\/wp-content\/uploads\/2024\/06\/ventilador-NERJA-83738630-0103-133x133.webp 133w, https:\/\/arteconfort.com\/wp-content\/uploads\/2024\/06\/ventilador-NERJA-83738630-0103-300x300.webp 300w, https:\/\/arteconfort.com\/wp-content\/uploads\/2024\/06\/ventilador-NERJA-83738630-0103-600x600.webp 600w, https:\/\/arteconfort.com\/wp-content\/uploads\/2024\/06\/ventilador-NERJA-83738630-0103-100x100.webp 100w\" sizes=\"auto, (max-width: 1024px) 100vw, 1024px\" \/><img loading=\"lazy\" decoding=\"async\" width=\"1024\" height=\"1024\" src=\"https:\/\/arteconfort.com\/wp-content\/uploads\/2024\/06\/ventilador-NERJA-83738630-0101.webp\" class=\"attachment-shop_catalog size-shop_catalog\" alt=\"Ventilador NERJA luz calida\" srcset=\"https:\/\/arteconfort.com\/wp-content\/uploads\/2024\/06\/ventilador-NERJA-83738630-0101.webp 1024w, https:\/\/arteconfort.com\/wp-content\/uploads\/2024\/06\/ventilador-NERJA-83738630-0101-768x768.webp 768w, https:\/\/arteconfort.com\/wp-content\/uploads\/2024\/06\/ventilador-NERJA-83738630-0101-340x340.webp 340w, https:\/\/arteconfort.com\/wp-content\/uploads\/2024\/06\/ventilador-NERJA-83738630-0101-640x640.webp 640w, https:\/\/arteconfort.com\/wp-content\/uploads\/2024\/06\/ventilador-NERJA-83738630-0101-960x960.webp 960w, https:\/\/arteconfort.com\/wp-content\/uploads\/2024\/06\/ventilador-NERJA-83738630-0101-133x133.webp 133w, https:\/\/arteconfort.com\/wp-content\/uploads\/2024\/06\/ventilador-NERJA-83738630-0101-300x300.webp 300w, https:\/\/arteconfort.com\/wp-content\/uploads\/2024\/06\/ventilador-NERJA-83738630-0101-600x600.webp 600w, https:\/\/arteconfort.com\/wp-content\/uploads\/2024\/06\/ventilador-NERJA-83738630-0101-100x100.webp 100w\" sizes=\"auto, (max-width: 1024px) 100vw, 1024px\" \/><img loading=\"lazy\" decoding=\"async\" width=\"1024\" height=\"1024\" src=\"https:\/\/arteconfort.com\/wp-content\/uploads\/2024\/06\/ventilador-NERJA-83738630-0102.webp\" class=\"attachment-shop_catalog size-shop_catalog\" alt=\"Ventilador NERJA luz fria\" srcset=\"https:\/\/arteconfort.com\/wp-content\/uploads\/2024\/06\/ventilador-NERJA-83738630-0102.webp 1024w, https:\/\/arteconfort.com\/wp-content\/uploads\/2024\/06\/ventilador-NERJA-83738630-0102-768x768.webp 768w, https:\/\/arteconfort.com\/wp-content\/uploads\/2024\/06\/ventilador-NERJA-83738630-0102-340x340.webp 340w, https:\/\/arteconfort.com\/wp-content\/uploads\/2024\/06\/ventilador-NERJA-83738630-0102-640x640.webp 640w, https:\/\/arteconfort.com\/wp-content\/uploads\/2024\/06\/ventilador-NERJA-83738630-0102-960x960.webp 960w, https:\/\/arteconfort.com\/wp-content\/uploads\/2024\/06\/ventilador-NERJA-83738630-0102-133x133.webp 133w, https:\/\/arteconfort.com\/wp-content\/uploads\/2024\/06\/ventilador-NERJA-83738630-0102-300x300.webp 300w, https:\/\/arteconfort.com\/wp-content\/uploads\/2024\/06\/ventilador-NERJA-83738630-0102-600x600.webp 600w, https:\/\/arteconfort.com\/wp-content\/uploads\/2024\/06\/ventilador-NERJA-83738630-0102-100x100.webp 100w\" sizes=\"auto, (max-width: 1024px) 100vw, 1024px\" \/><img loading=\"lazy\" decoding=\"async\" width=\"1024\" height=\"1024\" src=\"https:\/\/arteconfort.com\/wp-content\/uploads\/2023\/10\/NERJA-AMBIENTE-ENCENDIDO-LUZCALIDA.webp\" class=\"attachment-shop_catalog size-shop_catalog\" alt=\"\" srcset=\"https:\/\/arteconfort.com\/wp-content\/uploads\/2023\/10\/NERJA-AMBIENTE-ENCENDIDO-LUZCALIDA.webp 1024w, https:\/\/arteconfort.com\/wp-content\/uploads\/2023\/10\/NERJA-AMBIENTE-ENCENDIDO-LUZCALIDA-768x768.webp 768w, https:\/\/arteconfort.com\/wp-content\/uploads\/2023\/10\/NERJA-AMBIENTE-ENCENDIDO-LUZCALIDA-340x340.webp 340w, https:\/\/arteconfort.com\/wp-content\/uploads\/2023\/10\/NERJA-AMBIENTE-ENCENDIDO-LUZCALIDA-640x640.webp 640w, https:\/\/arteconfort.com\/wp-content\/uploads\/2023\/10\/NERJA-AMBIENTE-ENCENDIDO-LUZCALIDA-960x960.webp 960w, https:\/\/arteconfort.com\/wp-content\/uploads\/2023\/10\/NERJA-AMBIENTE-ENCENDIDO-LUZCALIDA-133x133.webp 133w, https:\/\/arteconfort.com\/wp-content\/uploads\/2023\/10\/NERJA-AMBIENTE-ENCENDIDO-LUZCALIDA-300x300.webp 300w, https:\/\/arteconfort.com\/wp-content\/uploads\/2023\/10\/NERJA-AMBIENTE-ENCENDIDO-LUZCALIDA-600x600.webp 600w, https:\/\/arteconfort.com\/wp-content\/uploads\/2023\/10\/NERJA-AMBIENTE-ENCENDIDO-LUZCALIDA-100x100.webp 100w\" sizes=\"auto, (max-width: 1024px) 100vw, 1024px\" \/><img loading=\"lazy\" decoding=\"async\" width=\"1024\" height=\"1024\" src=\"https:\/\/arteconfort.com\/wp-content\/uploads\/2023\/10\/NERJA-AMBIENTE-ENCENDIDO-NEUTRA.webp\" class=\"attachment-shop_catalog size-shop_catalog\" alt=\"\" srcset=\"https:\/\/arteconfort.com\/wp-content\/uploads\/2023\/10\/NERJA-AMBIENTE-ENCENDIDO-NEUTRA.webp 1024w, https:\/\/arteconfort.com\/wp-content\/uploads\/2023\/10\/NERJA-AMBIENTE-ENCENDIDO-NEUTRA-768x768.webp 768w, https:\/\/arteconfort.com\/wp-content\/uploads\/2023\/10\/NERJA-AMBIENTE-ENCENDIDO-NEUTRA-340x340.webp 340w, https:\/\/arteconfort.com\/wp-content\/uploads\/2023\/10\/NERJA-AMBIENTE-ENCENDIDO-NEUTRA-640x640.webp 640w, https:\/\/arteconfort.com\/wp-content\/uploads\/2023\/10\/NERJA-AMBIENTE-ENCENDIDO-NEUTRA-960x960.webp 960w, https:\/\/arteconfort.com\/wp-content\/uploads\/2023\/10\/NERJA-AMBIENTE-ENCENDIDO-NEUTRA-133x133.webp 133w, https:\/\/arteconfort.com\/wp-content\/uploads\/2023\/10\/NERJA-AMBIENTE-ENCENDIDO-NEUTRA-300x300.webp 300w, https:\/\/arteconfort.com\/wp-content\/uploads\/2023\/10\/NERJA-AMBIENTE-ENCENDIDO-NEUTRA-600x600.webp 600w, https:\/\/arteconfort.com\/wp-content\/uploads\/2023\/10\/NERJA-AMBIENTE-ENCENDIDO-NEUTRA-100x100.webp 100w\" sizes=\"auto, (max-width: 1024px) 100vw, 1024px\" \/><img loading=\"lazy\" decoding=\"async\" width=\"1024\" height=\"1024\" src=\"https:\/\/arteconfort.com\/wp-content\/uploads\/2023\/10\/NERJA-AMBIENTE-ENCENDIDO-LUZFRIA.webp\" class=\"attachment-shop_catalog size-shop_catalog\" alt=\"\" srcset=\"https:\/\/arteconfort.com\/wp-content\/uploads\/2023\/10\/NERJA-AMBIENTE-ENCENDIDO-LUZFRIA.webp 1024w, https:\/\/arteconfort.com\/wp-content\/uploads\/2023\/10\/NERJA-AMBIENTE-ENCENDIDO-LUZFRIA-768x768.webp 768w, https:\/\/arteconfort.com\/wp-content\/uploads\/2023\/10\/NERJA-AMBIENTE-ENCENDIDO-LUZFRIA-340x340.webp 340w, https:\/\/arteconfort.com\/wp-content\/uploads\/2023\/10\/NERJA-AMBIENTE-ENCENDIDO-LUZFRIA-640x640.webp 640w, https:\/\/arteconfort.com\/wp-content\/uploads\/2023\/10\/NERJA-AMBIENTE-ENCENDIDO-LUZFRIA-960x960.webp 960w, https:\/\/arteconfort.com\/wp-content\/uploads\/2023\/10\/NERJA-AMBIENTE-ENCENDIDO-LUZFRIA-133x133.webp 133w, https:\/\/arteconfort.com\/wp-content\/uploads\/2023\/10\/NERJA-AMBIENTE-ENCENDIDO-LUZFRIA-300x300.webp 300w, https:\/\/arteconfort.com\/wp-content\/uploads\/2023\/10\/NERJA-AMBIENTE-ENCENDIDO-LUZFRIA-600x600.webp 600w, https:\/\/arteconfort.com\/wp-content\/uploads\/2023\/10\/NERJA-AMBIENTE-ENCENDIDO-LUZFRIA-100x100.webp 100w\" sizes=\"auto, (max-width: 1024px) 100vw, 1024px\" \/>\t<\/a>\n\t<div class=\"w-product-status\"><\/div>\t<span id=\"woocommerce_loop_add_to_cart_link_describedby_20892\" class=\"screen-reader-text\">\n\t\t\t<\/span>\n<\/div><div class=\"berocket_better_labels berocket_better_labels_image\"><div class=\"berocket_better_labels_position berocket_better_labels_position_right\"><div class=\"berocket_better_labels_line berocket_better_labels_line_1\"><div class=\"berocket_better_labels_inline berocket_better_labels_inline_1\"><div class=\"br_alabel br_alabel_type_text br_alabel_template_type_css berocket_alabel_id_22611  br_alabel_better_compatibility\" style=\"\"><span  style=\"\"><i style=\"background-color: #000000; border-color: #000000;\" class=\"template-span-before \"><\/i><i style=\"background-color: #000000; border-color: #000000;\" class=\"template-i \"><\/i><i style=\"background-color: #000000; border-color: #000000;\" class=\"template-i-before \"><\/i><i style=\"background-color: #000000; border-color: #000000;\" class=\"template-i-after \"><\/i><b style=\"position: relative;z-index: 100;text-align: center;color: inherit;\">Old collection<\/b><\/span><\/div><\/div><\/div><\/div><\/div><figcaption><h2 class=\"woocommerce-loop-product__title\">NERJA<\/h2><div class=\"woocommerce-product-details__short-description\">\n\t<p>NERJA ceiling fan with integrated LED light and colour temperature memory. It has a metal body, double light<\/div>\n\n<\/figcaption><\/figure><\/li>\n<li class=\"product type-product post-42847 status-publish instock product_cat-climatizacion-en product_cat-ventiladores-de-techo-en has-post-thumbnail shipping-taxable product-type-simple w-item col-3\">\n\t<figure><div class=\"image-wrapper\">\t\t<a href=\"https:\/\/arteconfort.com\/en\/producto\/noa-s\/\" class=\"w-fadeslider\">\n\t<img loading=\"lazy\" decoding=\"async\" width=\"1024\" height=\"1024\" src=\"https:\/\/arteconfort.com\/wp-content\/uploads\/2024\/06\/ventilador-NOA-foto-con-mando.jpg\" class=\"attachment-shop_catalog size-shop_catalog wp-post-image\" alt=\"Ventilador NOA foto con mando\" srcset=\"https:\/\/arteconfort.com\/wp-content\/uploads\/2024\/06\/ventilador-NOA-foto-con-mando.jpg 1024w, https:\/\/arteconfort.com\/wp-content\/uploads\/2024\/06\/ventilador-NOA-foto-con-mando-768x768.jpg 768w, https:\/\/arteconfort.com\/wp-content\/uploads\/2024\/06\/ventilador-NOA-foto-con-mando-340x340.jpg 340w, https:\/\/arteconfort.com\/wp-content\/uploads\/2024\/06\/ventilador-NOA-foto-con-mando-640x640.jpg 640w, https:\/\/arteconfort.com\/wp-content\/uploads\/2024\/06\/ventilador-NOA-foto-con-mando-960x960.jpg 960w, https:\/\/arteconfort.com\/wp-content\/uploads\/2024\/06\/ventilador-NOA-foto-con-mando-300x300.jpg 300w, https:\/\/arteconfort.com\/wp-content\/uploads\/2024\/06\/ventilador-NOA-foto-con-mando-600x600.jpg 600w, https:\/\/arteconfort.com\/wp-content\/uploads\/2024\/06\/ventilador-NOA-foto-con-mando-100x100.jpg 100w, https:\/\/arteconfort.com\/wp-content\/uploads\/2024\/06\/ventilador-NOA-foto-con-mando-133x133.jpg 133w\" sizes=\"auto, (max-width: 1024px) 100vw, 1024px\" \/>\t<img loading=\"lazy\" decoding=\"async\" width=\"1024\" height=\"1024\" src=\"https:\/\/arteconfort.com\/wp-content\/uploads\/2024\/06\/ventilador-NOA-foto-ambiente-dia.jpg\" class=\"attachment-shop_catalog size-shop_catalog\" alt=\"Ventilador NOA ambiente dia\" srcset=\"https:\/\/arteconfort.com\/wp-content\/uploads\/2024\/06\/ventilador-NOA-foto-ambiente-dia.jpg 1024w, https:\/\/arteconfort.com\/wp-content\/uploads\/2024\/06\/ventilador-NOA-foto-ambiente-dia-768x768.jpg 768w, https:\/\/arteconfort.com\/wp-content\/uploads\/2024\/06\/ventilador-NOA-foto-ambiente-dia-340x340.jpg 340w, https:\/\/arteconfort.com\/wp-content\/uploads\/2024\/06\/ventilador-NOA-foto-ambiente-dia-640x640.jpg 640w, https:\/\/arteconfort.com\/wp-content\/uploads\/2024\/06\/ventilador-NOA-foto-ambiente-dia-960x960.jpg 960w, https:\/\/arteconfort.com\/wp-content\/uploads\/2024\/06\/ventilador-NOA-foto-ambiente-dia-133x133.jpg 133w, https:\/\/arteconfort.com\/wp-content\/uploads\/2024\/06\/ventilador-NOA-foto-ambiente-dia-300x300.jpg 300w, https:\/\/arteconfort.com\/wp-content\/uploads\/2024\/06\/ventilador-NOA-foto-ambiente-dia-600x600.jpg 600w, https:\/\/arteconfort.com\/wp-content\/uploads\/2024\/06\/ventilador-NOA-foto-ambiente-dia-100x100.jpg 100w\" sizes=\"auto, (max-width: 1024px) 100vw, 1024px\" \/><img loading=\"lazy\" decoding=\"async\" width=\"1024\" height=\"1024\" src=\"https:\/\/arteconfort.com\/wp-content\/uploads\/2024\/06\/ventilador-NOA-foto.jpg\" class=\"attachment-shop_catalog size-shop_catalog\" alt=\"Ventilador NOA perspectiva cerrado\" srcset=\"https:\/\/arteconfort.com\/wp-content\/uploads\/2024\/06\/ventilador-NOA-foto.jpg 1024w, https:\/\/arteconfort.com\/wp-content\/uploads\/2024\/06\/ventilador-NOA-foto-768x768.jpg 768w, https:\/\/arteconfort.com\/wp-content\/uploads\/2024\/06\/ventilador-NOA-foto-340x340.jpg 340w, https:\/\/arteconfort.com\/wp-content\/uploads\/2024\/06\/ventilador-NOA-foto-640x640.jpg 640w, https:\/\/arteconfort.com\/wp-content\/uploads\/2024\/06\/ventilador-NOA-foto-960x960.jpg 960w, https:\/\/arteconfort.com\/wp-content\/uploads\/2024\/06\/ventilador-NOA-foto-133x133.jpg 133w, https:\/\/arteconfort.com\/wp-content\/uploads\/2024\/06\/ventilador-NOA-foto-300x300.jpg 300w, https:\/\/arteconfort.com\/wp-content\/uploads\/2024\/06\/ventilador-NOA-foto-600x600.jpg 600w, https:\/\/arteconfort.com\/wp-content\/uploads\/2024\/06\/ventilador-NOA-foto-100x100.jpg 100w\" sizes=\"auto, (max-width: 1024px) 100vw, 1024px\" \/><img loading=\"lazy\" decoding=\"async\" width=\"1024\" height=\"1024\" src=\"https:\/\/arteconfort.com\/wp-content\/uploads\/2024\/06\/ventilador-NOA-foto-aspas-abiertas-luz-apagada.jpg\" class=\"attachment-shop_catalog size-shop_catalog\" alt=\"Ventilador NOA perspectiva\" srcset=\"https:\/\/arteconfort.com\/wp-content\/uploads\/2024\/06\/ventilador-NOA-foto-aspas-abiertas-luz-apagada.jpg 1024w, https:\/\/arteconfort.com\/wp-content\/uploads\/2024\/06\/ventilador-NOA-foto-aspas-abiertas-luz-apagada-768x768.jpg 768w, https:\/\/arteconfort.com\/wp-content\/uploads\/2024\/06\/ventilador-NOA-foto-aspas-abiertas-luz-apagada-340x340.jpg 340w, https:\/\/arteconfort.com\/wp-content\/uploads\/2024\/06\/ventilador-NOA-foto-aspas-abiertas-luz-apagada-640x640.jpg 640w, https:\/\/arteconfort.com\/wp-content\/uploads\/2024\/06\/ventilador-NOA-foto-aspas-abiertas-luz-apagada-960x960.jpg 960w, https:\/\/arteconfort.com\/wp-content\/uploads\/2024\/06\/ventilador-NOA-foto-aspas-abiertas-luz-apagada-133x133.jpg 133w, https:\/\/arteconfort.com\/wp-content\/uploads\/2024\/06\/ventilador-NOA-foto-aspas-abiertas-luz-apagada-300x300.jpg 300w, https:\/\/arteconfort.com\/wp-content\/uploads\/2024\/06\/ventilador-NOA-foto-aspas-abiertas-luz-apagada-600x600.jpg 600w, https:\/\/arteconfort.com\/wp-content\/uploads\/2024\/06\/ventilador-NOA-foto-aspas-abiertas-luz-apagada-100x100.jpg 100w\" sizes=\"auto, (max-width: 1024px) 100vw, 1024px\" \/><img loading=\"lazy\" decoding=\"async\" width=\"1024\" height=\"1024\" src=\"https:\/\/arteconfort.com\/wp-content\/uploads\/2024\/06\/ventilador-NOA-foto-aspas-abiertas-luz-encendida.jpg\" class=\"attachment-shop_catalog size-shop_catalog\" alt=\"ventilador-NOA-foto-aspas-abiertas-luz-encendida\" srcset=\"https:\/\/arteconfort.com\/wp-content\/uploads\/2024\/06\/ventilador-NOA-foto-aspas-abiertas-luz-encendida.jpg 1024w, https:\/\/arteconfort.com\/wp-content\/uploads\/2024\/06\/ventilador-NOA-foto-aspas-abiertas-luz-encendida-768x768.jpg 768w, https:\/\/arteconfort.com\/wp-content\/uploads\/2024\/06\/ventilador-NOA-foto-aspas-abiertas-luz-encendida-340x340.jpg 340w, https:\/\/arteconfort.com\/wp-content\/uploads\/2024\/06\/ventilador-NOA-foto-aspas-abiertas-luz-encendida-640x640.jpg 640w, https:\/\/arteconfort.com\/wp-content\/uploads\/2024\/06\/ventilador-NOA-foto-aspas-abiertas-luz-encendida-960x960.jpg 960w, https:\/\/arteconfort.com\/wp-content\/uploads\/2024\/06\/ventilador-NOA-foto-aspas-abiertas-luz-encendida-133x133.jpg 133w, https:\/\/arteconfort.com\/wp-content\/uploads\/2024\/06\/ventilador-NOA-foto-aspas-abiertas-luz-encendida-300x300.jpg 300w, https:\/\/arteconfort.com\/wp-content\/uploads\/2024\/06\/ventilador-NOA-foto-aspas-abiertas-luz-encendida-600x600.jpg 600w, https:\/\/arteconfort.com\/wp-content\/uploads\/2024\/06\/ventilador-NOA-foto-aspas-abiertas-luz-encendida-100x100.jpg 100w\" sizes=\"auto, (max-width: 1024px) 100vw, 1024px\" \/><img loading=\"lazy\" decoding=\"async\" width=\"1024\" height=\"1024\" src=\"https:\/\/arteconfort.com\/wp-content\/uploads\/2024\/06\/ventilador-NOA-foto-lateral.jpg\" class=\"attachment-shop_catalog size-shop_catalog\" alt=\"Ventilador NOA lateral cerrado\" srcset=\"https:\/\/arteconfort.com\/wp-content\/uploads\/2024\/06\/ventilador-NOA-foto-lateral.jpg 1024w, https:\/\/arteconfort.com\/wp-content\/uploads\/2024\/06\/ventilador-NOA-foto-lateral-768x768.jpg 768w, https:\/\/arteconfort.com\/wp-content\/uploads\/2024\/06\/ventilador-NOA-foto-lateral-340x340.jpg 340w, https:\/\/arteconfort.com\/wp-content\/uploads\/2024\/06\/ventilador-NOA-foto-lateral-640x640.jpg 640w, https:\/\/arteconfort.com\/wp-content\/uploads\/2024\/06\/ventilador-NOA-foto-lateral-960x960.jpg 960w, https:\/\/arteconfort.com\/wp-content\/uploads\/2024\/06\/ventilador-NOA-foto-lateral-133x133.jpg 133w, https:\/\/arteconfort.com\/wp-content\/uploads\/2024\/06\/ventilador-NOA-foto-lateral-300x300.jpg 300w, https:\/\/arteconfort.com\/wp-content\/uploads\/2024\/06\/ventilador-NOA-foto-lateral-600x600.jpg 600w, https:\/\/arteconfort.com\/wp-content\/uploads\/2024\/06\/ventilador-NOA-foto-lateral-100x100.jpg 100w\" sizes=\"auto, (max-width: 1024px) 100vw, 1024px\" \/><img loading=\"lazy\" decoding=\"async\" width=\"1024\" height=\"1024\" src=\"https:\/\/arteconfort.com\/wp-content\/uploads\/2024\/06\/ventilador-NOA-foto-lateral-aspas-abiertas.jpg\" class=\"attachment-shop_catalog size-shop_catalog\" alt=\"Ventilador NOA lateral\" srcset=\"https:\/\/arteconfort.com\/wp-content\/uploads\/2024\/06\/ventilador-NOA-foto-lateral-aspas-abiertas.jpg 1024w, https:\/\/arteconfort.com\/wp-content\/uploads\/2024\/06\/ventilador-NOA-foto-lateral-aspas-abiertas-768x768.jpg 768w, https:\/\/arteconfort.com\/wp-content\/uploads\/2024\/06\/ventilador-NOA-foto-lateral-aspas-abiertas-340x340.jpg 340w, https:\/\/arteconfort.com\/wp-content\/uploads\/2024\/06\/ventilador-NOA-foto-lateral-aspas-abiertas-640x640.jpg 640w, https:\/\/arteconfort.com\/wp-content\/uploads\/2024\/06\/ventilador-NOA-foto-lateral-aspas-abiertas-960x960.jpg 960w, https:\/\/arteconfort.com\/wp-content\/uploads\/2024\/06\/ventilador-NOA-foto-lateral-aspas-abiertas-133x133.jpg 133w, https:\/\/arteconfort.com\/wp-content\/uploads\/2024\/06\/ventilador-NOA-foto-lateral-aspas-abiertas-300x300.jpg 300w, https:\/\/arteconfort.com\/wp-content\/uploads\/2024\/06\/ventilador-NOA-foto-lateral-aspas-abiertas-600x600.jpg 600w, https:\/\/arteconfort.com\/wp-content\/uploads\/2024\/06\/ventilador-NOA-foto-lateral-aspas-abiertas-100x100.jpg 100w\" sizes=\"auto, (max-width: 1024px) 100vw, 1024px\" \/><img loading=\"lazy\" decoding=\"async\" width=\"1024\" height=\"1024\" src=\"https:\/\/arteconfort.com\/wp-content\/uploads\/2024\/06\/ventilador-NOA-foto-plafon-aspas.jpg\" class=\"attachment-shop_catalog size-shop_catalog\" alt=\"Ventilador NOA foto planta abierto\" srcset=\"https:\/\/arteconfort.com\/wp-content\/uploads\/2024\/06\/ventilador-NOA-foto-plafon-aspas.jpg 1024w, https:\/\/arteconfort.com\/wp-content\/uploads\/2024\/06\/ventilador-NOA-foto-plafon-aspas-768x768.jpg 768w, https:\/\/arteconfort.com\/wp-content\/uploads\/2024\/06\/ventilador-NOA-foto-plafon-aspas-340x340.jpg 340w, https:\/\/arteconfort.com\/wp-content\/uploads\/2024\/06\/ventilador-NOA-foto-plafon-aspas-640x640.jpg 640w, https:\/\/arteconfort.com\/wp-content\/uploads\/2024\/06\/ventilador-NOA-foto-plafon-aspas-960x960.jpg 960w, https:\/\/arteconfort.com\/wp-content\/uploads\/2024\/06\/ventilador-NOA-foto-plafon-aspas-133x133.jpg 133w, https:\/\/arteconfort.com\/wp-content\/uploads\/2024\/06\/ventilador-NOA-foto-plafon-aspas-300x300.jpg 300w, https:\/\/arteconfort.com\/wp-content\/uploads\/2024\/06\/ventilador-NOA-foto-plafon-aspas-600x600.jpg 600w, https:\/\/arteconfort.com\/wp-content\/uploads\/2024\/06\/ventilador-NOA-foto-plafon-aspas-100x100.jpg 100w\" sizes=\"auto, (max-width: 1024px) 100vw, 1024px\" \/><img loading=\"lazy\" decoding=\"async\" width=\"1024\" height=\"1024\" src=\"https:\/\/arteconfort.com\/wp-content\/uploads\/2024\/06\/ventilador-NOA-foto-mando.jpg\" class=\"attachment-shop_catalog size-shop_catalog\" alt=\"Ventilador NOA mando\" srcset=\"https:\/\/arteconfort.com\/wp-content\/uploads\/2024\/06\/ventilador-NOA-foto-mando.jpg 1024w, https:\/\/arteconfort.com\/wp-content\/uploads\/2024\/06\/ventilador-NOA-foto-mando-768x768.jpg 768w, https:\/\/arteconfort.com\/wp-content\/uploads\/2024\/06\/ventilador-NOA-foto-mando-340x340.jpg 340w, https:\/\/arteconfort.com\/wp-content\/uploads\/2024\/06\/ventilador-NOA-foto-mando-640x640.jpg 640w, https:\/\/arteconfort.com\/wp-content\/uploads\/2024\/06\/ventilador-NOA-foto-mando-960x960.jpg 960w, https:\/\/arteconfort.com\/wp-content\/uploads\/2024\/06\/ventilador-NOA-foto-mando-133x133.jpg 133w, https:\/\/arteconfort.com\/wp-content\/uploads\/2024\/06\/ventilador-NOA-foto-mando-300x300.jpg 300w, https:\/\/arteconfort.com\/wp-content\/uploads\/2024\/06\/ventilador-NOA-foto-mando-600x600.jpg 600w, https:\/\/arteconfort.com\/wp-content\/uploads\/2024\/06\/ventilador-NOA-foto-mando-100x100.jpg 100w\" sizes=\"auto, (max-width: 1024px) 100vw, 1024px\" \/><img loading=\"lazy\" decoding=\"async\" width=\"1024\" height=\"1024\" src=\"https:\/\/arteconfort.com\/wp-content\/uploads\/2024\/06\/ventilador-NOA-foto-ambiente-calida.jpg\" class=\"attachment-shop_catalog size-shop_catalog\" alt=\"Ventilador NOA ambiente calido\" srcset=\"https:\/\/arteconfort.com\/wp-content\/uploads\/2024\/06\/ventilador-NOA-foto-ambiente-calida.jpg 1024w, https:\/\/arteconfort.com\/wp-content\/uploads\/2024\/06\/ventilador-NOA-foto-ambiente-calida-768x768.jpg 768w, https:\/\/arteconfort.com\/wp-content\/uploads\/2024\/06\/ventilador-NOA-foto-ambiente-calida-340x340.jpg 340w, https:\/\/arteconfort.com\/wp-content\/uploads\/2024\/06\/ventilador-NOA-foto-ambiente-calida-640x640.jpg 640w, https:\/\/arteconfort.com\/wp-content\/uploads\/2024\/06\/ventilador-NOA-foto-ambiente-calida-960x960.jpg 960w, https:\/\/arteconfort.com\/wp-content\/uploads\/2024\/06\/ventilador-NOA-foto-ambiente-calida-133x133.jpg 133w, https:\/\/arteconfort.com\/wp-content\/uploads\/2024\/06\/ventilador-NOA-foto-ambiente-calida-300x300.jpg 300w, https:\/\/arteconfort.com\/wp-content\/uploads\/2024\/06\/ventilador-NOA-foto-ambiente-calida-600x600.jpg 600w, https:\/\/arteconfort.com\/wp-content\/uploads\/2024\/06\/ventilador-NOA-foto-ambiente-calida-100x100.jpg 100w\" sizes=\"auto, (max-width: 1024px) 100vw, 1024px\" \/><img loading=\"lazy\" decoding=\"async\" width=\"1024\" height=\"1024\" src=\"https:\/\/arteconfort.com\/wp-content\/uploads\/2024\/06\/ventilador-NOA-foto-ambiente-neutra.jpg\" class=\"attachment-shop_catalog size-shop_catalog\" alt=\"Ventilador NOA ambiente neutro\" srcset=\"https:\/\/arteconfort.com\/wp-content\/uploads\/2024\/06\/ventilador-NOA-foto-ambiente-neutra.jpg 1024w, https:\/\/arteconfort.com\/wp-content\/uploads\/2024\/06\/ventilador-NOA-foto-ambiente-neutra-768x768.jpg 768w, https:\/\/arteconfort.com\/wp-content\/uploads\/2024\/06\/ventilador-NOA-foto-ambiente-neutra-340x340.jpg 340w, https:\/\/arteconfort.com\/wp-content\/uploads\/2024\/06\/ventilador-NOA-foto-ambiente-neutra-640x640.jpg 640w, https:\/\/arteconfort.com\/wp-content\/uploads\/2024\/06\/ventilador-NOA-foto-ambiente-neutra-960x960.jpg 960w, https:\/\/arteconfort.com\/wp-content\/uploads\/2024\/06\/ventilador-NOA-foto-ambiente-neutra-133x133.jpg 133w, https:\/\/arteconfort.com\/wp-content\/uploads\/2024\/06\/ventilador-NOA-foto-ambiente-neutra-300x300.jpg 300w, https:\/\/arteconfort.com\/wp-content\/uploads\/2024\/06\/ventilador-NOA-foto-ambiente-neutra-600x600.jpg 600w, https:\/\/arteconfort.com\/wp-content\/uploads\/2024\/06\/ventilador-NOA-foto-ambiente-neutra-100x100.jpg 100w\" sizes=\"auto, (max-width: 1024px) 100vw, 1024px\" \/><img loading=\"lazy\" decoding=\"async\" width=\"1024\" height=\"1024\" src=\"https:\/\/arteconfort.com\/wp-content\/uploads\/2024\/06\/ventilador-NOA-foto-ambiente-neutra-tenue.jpg\" class=\"attachment-shop_catalog size-shop_catalog\" alt=\"Ventilador NOA ambiente neutro tenue\" srcset=\"https:\/\/arteconfort.com\/wp-content\/uploads\/2024\/06\/ventilador-NOA-foto-ambiente-neutra-tenue.jpg 1024w, https:\/\/arteconfort.com\/wp-content\/uploads\/2024\/06\/ventilador-NOA-foto-ambiente-neutra-tenue-768x768.jpg 768w, https:\/\/arteconfort.com\/wp-content\/uploads\/2024\/06\/ventilador-NOA-foto-ambiente-neutra-tenue-340x340.jpg 340w, https:\/\/arteconfort.com\/wp-content\/uploads\/2024\/06\/ventilador-NOA-foto-ambiente-neutra-tenue-640x640.jpg 640w, https:\/\/arteconfort.com\/wp-content\/uploads\/2024\/06\/ventilador-NOA-foto-ambiente-neutra-tenue-960x960.jpg 960w, https:\/\/arteconfort.com\/wp-content\/uploads\/2024\/06\/ventilador-NOA-foto-ambiente-neutra-tenue-133x133.jpg 133w, https:\/\/arteconfort.com\/wp-content\/uploads\/2024\/06\/ventilador-NOA-foto-ambiente-neutra-tenue-300x300.jpg 300w, https:\/\/arteconfort.com\/wp-content\/uploads\/2024\/06\/ventilador-NOA-foto-ambiente-neutra-tenue-600x600.jpg 600w, https:\/\/arteconfort.com\/wp-content\/uploads\/2024\/06\/ventilador-NOA-foto-ambiente-neutra-tenue-100x100.jpg 100w\" sizes=\"auto, (max-width: 1024px) 100vw, 1024px\" \/><img loading=\"lazy\" decoding=\"async\" width=\"1024\" height=\"1024\" src=\"https:\/\/arteconfort.com\/wp-content\/uploads\/2024\/06\/ventilador-NOA-foto-ambiente-fria.jpg\" class=\"attachment-shop_catalog size-shop_catalog\" alt=\"Ventilador NOA ambiente frio\" srcset=\"https:\/\/arteconfort.com\/wp-content\/uploads\/2024\/06\/ventilador-NOA-foto-ambiente-fria.jpg 1024w, https:\/\/arteconfort.com\/wp-content\/uploads\/2024\/06\/ventilador-NOA-foto-ambiente-fria-768x768.jpg 768w, https:\/\/arteconfort.com\/wp-content\/uploads\/2024\/06\/ventilador-NOA-foto-ambiente-fria-340x340.jpg 340w, https:\/\/arteconfort.com\/wp-content\/uploads\/2024\/06\/ventilador-NOA-foto-ambiente-fria-640x640.jpg 640w, https:\/\/arteconfort.com\/wp-content\/uploads\/2024\/06\/ventilador-NOA-foto-ambiente-fria-960x960.jpg 960w, https:\/\/arteconfort.com\/wp-content\/uploads\/2024\/06\/ventilador-NOA-foto-ambiente-fria-133x133.jpg 133w, https:\/\/arteconfort.com\/wp-content\/uploads\/2024\/06\/ventilador-NOA-foto-ambiente-fria-300x300.jpg 300w, https:\/\/arteconfort.com\/wp-content\/uploads\/2024\/06\/ventilador-NOA-foto-ambiente-fria-600x600.jpg 600w, https:\/\/arteconfort.com\/wp-content\/uploads\/2024\/06\/ventilador-NOA-foto-ambiente-fria-100x100.jpg 100w\" sizes=\"auto, (max-width: 1024px) 100vw, 1024px\" \/>\t<\/a>\n\t<div class=\"w-product-status\"><\/div>\t<span id=\"woocommerce_loop_add_to_cart_link_describedby_42847\" class=\"screen-reader-text\">\n\t\t\t<\/span>\n<\/div><figcaption><h2 class=\"woocommerce-loop-product__title\">NOA S<\/h2><div class=\"woocommerce-product-details__short-description\">\n\t<p>The NOA S ceiling fan incorporates LED light and color temperature memory. It has a metal body, is<\/div>\n\n<\/figcaption><\/figure><\/li>\n<li class=\"product type-product post-45416 status-publish instock product_cat-climatizacion-en product_cat-ventiladores-de-techo-en has-post-thumbnail shipping-taxable product-type-simple w-item col-3\">\n\t<figure><div class=\"image-wrapper\">\t\t<a href=\"https:\/\/arteconfort.com\/en\/producto\/notus-l\/\" class=\"w-fadeslider\">\n\t<img loading=\"lazy\" decoding=\"async\" width=\"1024\" height=\"1024\" src=\"https:\/\/arteconfort.com\/wp-content\/uploads\/2025\/03\/NOTUS-L-mando-01.webp\" class=\"attachment-shop_catalog size-shop_catalog wp-post-image\" alt=\"\" srcset=\"https:\/\/arteconfort.com\/wp-content\/uploads\/2025\/03\/NOTUS-L-mando-01.webp 1024w, https:\/\/arteconfort.com\/wp-content\/uploads\/2025\/03\/NOTUS-L-mando-01-768x768.webp 768w, https:\/\/arteconfort.com\/wp-content\/uploads\/2025\/03\/NOTUS-L-mando-01-340x340.webp 340w, https:\/\/arteconfort.com\/wp-content\/uploads\/2025\/03\/NOTUS-L-mando-01-640x640.webp 640w, https:\/\/arteconfort.com\/wp-content\/uploads\/2025\/03\/NOTUS-L-mando-01-960x960.webp 960w, https:\/\/arteconfort.com\/wp-content\/uploads\/2025\/03\/NOTUS-L-mando-01-300x300.webp 300w, https:\/\/arteconfort.com\/wp-content\/uploads\/2025\/03\/NOTUS-L-mando-01-600x600.webp 600w, https:\/\/arteconfort.com\/wp-content\/uploads\/2025\/03\/NOTUS-L-mando-01-100x100.webp 100w\" sizes=\"auto, (max-width: 1024px) 100vw, 1024px\" \/>\t<img loading=\"lazy\" decoding=\"async\" width=\"1024\" height=\"1024\" src=\"https:\/\/arteconfort.com\/wp-content\/uploads\/2025\/03\/NOTUS-L-detalle-04.webp\" class=\"attachment-shop_catalog size-shop_catalog\" alt=\"\" srcset=\"https:\/\/arteconfort.com\/wp-content\/uploads\/2025\/03\/NOTUS-L-detalle-04.webp 1024w, https:\/\/arteconfort.com\/wp-content\/uploads\/2025\/03\/NOTUS-L-detalle-04-768x768.webp 768w, https:\/\/arteconfort.com\/wp-content\/uploads\/2025\/03\/NOTUS-L-detalle-04-340x340.webp 340w, https:\/\/arteconfort.com\/wp-content\/uploads\/2025\/03\/NOTUS-L-detalle-04-640x640.webp 640w, https:\/\/arteconfort.com\/wp-content\/uploads\/2025\/03\/NOTUS-L-detalle-04-960x960.webp 960w, https:\/\/arteconfort.com\/wp-content\/uploads\/2025\/03\/NOTUS-L-detalle-04-300x300.webp 300w, https:\/\/arteconfort.com\/wp-content\/uploads\/2025\/03\/NOTUS-L-detalle-04-600x600.webp 600w, https:\/\/arteconfort.com\/wp-content\/uploads\/2025\/03\/NOTUS-L-detalle-04-100x100.webp 100w\" sizes=\"auto, (max-width: 1024px) 100vw, 1024px\" \/><img loading=\"lazy\" decoding=\"async\" width=\"1024\" height=\"1024\" src=\"https:\/\/arteconfort.com\/wp-content\/uploads\/2025\/03\/94051355-tz-01.webp\" class=\"attachment-shop_catalog size-shop_catalog\" alt=\"\" srcset=\"https:\/\/arteconfort.com\/wp-content\/uploads\/2025\/03\/94051355-tz-01.webp 1024w, https:\/\/arteconfort.com\/wp-content\/uploads\/2025\/03\/94051355-tz-01-768x768.webp 768w, https:\/\/arteconfort.com\/wp-content\/uploads\/2025\/03\/94051355-tz-01-340x340.webp 340w, https:\/\/arteconfort.com\/wp-content\/uploads\/2025\/03\/94051355-tz-01-640x640.webp 640w, https:\/\/arteconfort.com\/wp-content\/uploads\/2025\/03\/94051355-tz-01-960x960.webp 960w, https:\/\/arteconfort.com\/wp-content\/uploads\/2025\/03\/94051355-tz-01-300x300.webp 300w, https:\/\/arteconfort.com\/wp-content\/uploads\/2025\/03\/94051355-tz-01-600x600.webp 600w, https:\/\/arteconfort.com\/wp-content\/uploads\/2025\/03\/94051355-tz-01-100x100.webp 100w\" sizes=\"auto, (max-width: 1024px) 100vw, 1024px\" \/><img loading=\"lazy\" decoding=\"async\" width=\"1024\" height=\"1024\" src=\"https:\/\/arteconfort.com\/wp-content\/uploads\/2025\/03\/NOTUS-L-grafico-05.webp\" class=\"attachment-shop_catalog size-shop_catalog\" alt=\"\" srcset=\"https:\/\/arteconfort.com\/wp-content\/uploads\/2025\/03\/NOTUS-L-grafico-05.webp 1024w, https:\/\/arteconfort.com\/wp-content\/uploads\/2025\/03\/NOTUS-L-grafico-05-768x768.webp 768w, https:\/\/arteconfort.com\/wp-content\/uploads\/2025\/03\/NOTUS-L-grafico-05-340x340.webp 340w, https:\/\/arteconfort.com\/wp-content\/uploads\/2025\/03\/NOTUS-L-grafico-05-640x640.webp 640w, https:\/\/arteconfort.com\/wp-content\/uploads\/2025\/03\/NOTUS-L-grafico-05-960x960.webp 960w, https:\/\/arteconfort.com\/wp-content\/uploads\/2025\/03\/NOTUS-L-grafico-05-300x300.webp 300w, https:\/\/arteconfort.com\/wp-content\/uploads\/2025\/03\/NOTUS-L-grafico-05-600x600.webp 600w, https:\/\/arteconfort.com\/wp-content\/uploads\/2025\/03\/NOTUS-L-grafico-05-100x100.webp 100w\" sizes=\"auto, (max-width: 1024px) 100vw, 1024px\" \/>\t<\/a>\n\t<div class=\"w-product-status\"><\/div>\t<span id=\"woocommerce_loop_add_to_cart_link_describedby_45416\" class=\"screen-reader-text\">\n\t\t\t<\/span>\n<\/div><figcaption><h2 class=\"woocommerce-loop-product__title\">NOTUS L<\/h2><div class=\"woocommerce-product-details__short-description\">\n\t<p>NOTUS L retractable fan with integrated LED light, high luminous flux and color temperature memory. It has a<\/div>\n\n<\/figcaption><\/figure><\/li>\n<li class=\"product type-product post-45477 status-publish last instock product_cat-climatizacion-en product_cat-ventiladores-de-techo-en has-post-thumbnail shipping-taxable product-type-simple w-item col-3\">\n\t<figure><div class=\"image-wrapper\">\t\t<a href=\"https:\/\/arteconfort.com\/en\/producto\/notus-m\/\" class=\"w-fadeslider\">\n\t<img loading=\"lazy\" decoding=\"async\" width=\"1024\" height=\"1024\" src=\"https:\/\/arteconfort.com\/wp-content\/uploads\/2025\/04\/NOTUS-M-mando-01.webp\" class=\"attachment-shop_catalog size-shop_catalog wp-post-image\" alt=\"\" srcset=\"https:\/\/arteconfort.com\/wp-content\/uploads\/2025\/04\/NOTUS-M-mando-01.webp 1024w, https:\/\/arteconfort.com\/wp-content\/uploads\/2025\/04\/NOTUS-M-mando-01-768x768.webp 768w, https:\/\/arteconfort.com\/wp-content\/uploads\/2025\/04\/NOTUS-M-mando-01-340x340.webp 340w, https:\/\/arteconfort.com\/wp-content\/uploads\/2025\/04\/NOTUS-M-mando-01-640x640.webp 640w, https:\/\/arteconfort.com\/wp-content\/uploads\/2025\/04\/NOTUS-M-mando-01-960x960.webp 960w, https:\/\/arteconfort.com\/wp-content\/uploads\/2025\/04\/NOTUS-M-mando-01-300x300.webp 300w, https:\/\/arteconfort.com\/wp-content\/uploads\/2025\/04\/NOTUS-M-mando-01-600x600.webp 600w, https:\/\/arteconfort.com\/wp-content\/uploads\/2025\/04\/NOTUS-M-mando-01-100x100.webp 100w\" sizes=\"auto, (max-width: 1024px) 100vw, 1024px\" \/>\t<img loading=\"lazy\" decoding=\"async\" width=\"1024\" height=\"1024\" src=\"https:\/\/arteconfort.com\/wp-content\/uploads\/2025\/04\/NOTUS-M-detalle-04.webp\" class=\"attachment-shop_catalog size-shop_catalog\" alt=\"\" srcset=\"https:\/\/arteconfort.com\/wp-content\/uploads\/2025\/04\/NOTUS-M-detalle-04.webp 1024w, https:\/\/arteconfort.com\/wp-content\/uploads\/2025\/04\/NOTUS-M-detalle-04-768x768.webp 768w, https:\/\/arteconfort.com\/wp-content\/uploads\/2025\/04\/NOTUS-M-detalle-04-340x340.webp 340w, https:\/\/arteconfort.com\/wp-content\/uploads\/2025\/04\/NOTUS-M-detalle-04-640x640.webp 640w, https:\/\/arteconfort.com\/wp-content\/uploads\/2025\/04\/NOTUS-M-detalle-04-960x960.webp 960w, https:\/\/arteconfort.com\/wp-content\/uploads\/2025\/04\/NOTUS-M-detalle-04-300x300.webp 300w, https:\/\/arteconfort.com\/wp-content\/uploads\/2025\/04\/NOTUS-M-detalle-04-600x600.webp 600w, https:\/\/arteconfort.com\/wp-content\/uploads\/2025\/04\/NOTUS-M-detalle-04-100x100.webp 100w\" sizes=\"auto, (max-width: 1024px) 100vw, 1024px\" \/><img loading=\"lazy\" decoding=\"async\" width=\"1024\" height=\"1024\" src=\"https:\/\/arteconfort.com\/wp-content\/uploads\/2025\/04\/94051354-tz-01.webp\" class=\"attachment-shop_catalog size-shop_catalog\" alt=\"\" srcset=\"https:\/\/arteconfort.com\/wp-content\/uploads\/2025\/04\/94051354-tz-01.webp 1024w, https:\/\/arteconfort.com\/wp-content\/uploads\/2025\/04\/94051354-tz-01-768x768.webp 768w, https:\/\/arteconfort.com\/wp-content\/uploads\/2025\/04\/94051354-tz-01-340x340.webp 340w, https:\/\/arteconfort.com\/wp-content\/uploads\/2025\/04\/94051354-tz-01-640x640.webp 640w, https:\/\/arteconfort.com\/wp-content\/uploads\/2025\/04\/94051354-tz-01-960x960.webp 960w, https:\/\/arteconfort.com\/wp-content\/uploads\/2025\/04\/94051354-tz-01-300x300.webp 300w, https:\/\/arteconfort.com\/wp-content\/uploads\/2025\/04\/94051354-tz-01-600x600.webp 600w, https:\/\/arteconfort.com\/wp-content\/uploads\/2025\/04\/94051354-tz-01-100x100.webp 100w\" sizes=\"auto, (max-width: 1024px) 100vw, 1024px\" \/><img loading=\"lazy\" decoding=\"async\" width=\"1024\" height=\"1024\" src=\"https:\/\/arteconfort.com\/wp-content\/uploads\/2025\/04\/NOTUS-M-grafico-05.webp\" class=\"attachment-shop_catalog size-shop_catalog\" alt=\"\" srcset=\"https:\/\/arteconfort.com\/wp-content\/uploads\/2025\/04\/NOTUS-M-grafico-05.webp 1024w, https:\/\/arteconfort.com\/wp-content\/uploads\/2025\/04\/NOTUS-M-grafico-05-768x768.webp 768w, https:\/\/arteconfort.com\/wp-content\/uploads\/2025\/04\/NOTUS-M-grafico-05-340x340.webp 340w, https:\/\/arteconfort.com\/wp-content\/uploads\/2025\/04\/NOTUS-M-grafico-05-640x640.webp 640w, https:\/\/arteconfort.com\/wp-content\/uploads\/2025\/04\/NOTUS-M-grafico-05-960x960.webp 960w, https:\/\/arteconfort.com\/wp-content\/uploads\/2025\/04\/NOTUS-M-grafico-05-300x300.webp 300w, https:\/\/arteconfort.com\/wp-content\/uploads\/2025\/04\/NOTUS-M-grafico-05-600x600.webp 600w, https:\/\/arteconfort.com\/wp-content\/uploads\/2025\/04\/NOTUS-M-grafico-05-100x100.webp 100w\" sizes=\"auto, (max-width: 1024px) 100vw, 1024px\" \/>\t<\/a>\n\t<div class=\"w-product-status\"><\/div>\t<span id=\"woocommerce_loop_add_to_cart_link_describedby_45477\" class=\"screen-reader-text\">\n\t\t\t<\/span>\n<\/div><figcaption><h2 class=\"woocommerce-loop-product__title\">NOTUS M<\/h2><div class=\"woocommerce-product-details__short-description\">\n\t<p>NOTUS M retractable fan with integrated LED light, high luminous flux and color temperature memory. It has a<\/div>\n\n<\/figcaption><\/figure><\/li>\n<li class=\"product type-product post-45518 status-publish first instock product_cat-climatizacion-en product_cat-ventiladores-de-techo-en has-post-thumbnail shipping-taxable product-type-simple w-item col-3\">\n\t<figure><div class=\"image-wrapper\">\t\t<a href=\"https:\/\/arteconfort.com\/en\/producto\/notus-s\/\" class=\"w-fadeslider\">\n\t<img loading=\"lazy\" decoding=\"async\" width=\"1024\" height=\"1024\" src=\"https:\/\/arteconfort.com\/wp-content\/uploads\/2025\/04\/NOTUS-S-mando-01.webp\" class=\"attachment-shop_catalog size-shop_catalog wp-post-image\" alt=\"\" srcset=\"https:\/\/arteconfort.com\/wp-content\/uploads\/2025\/04\/NOTUS-S-mando-01.webp 1024w, https:\/\/arteconfort.com\/wp-content\/uploads\/2025\/04\/NOTUS-S-mando-01-768x768.webp 768w, https:\/\/arteconfort.com\/wp-content\/uploads\/2025\/04\/NOTUS-S-mando-01-340x340.webp 340w, https:\/\/arteconfort.com\/wp-content\/uploads\/2025\/04\/NOTUS-S-mando-01-640x640.webp 640w, https:\/\/arteconfort.com\/wp-content\/uploads\/2025\/04\/NOTUS-S-mando-01-960x960.webp 960w, https:\/\/arteconfort.com\/wp-content\/uploads\/2025\/04\/NOTUS-S-mando-01-300x300.webp 300w, https:\/\/arteconfort.com\/wp-content\/uploads\/2025\/04\/NOTUS-S-mando-01-600x600.webp 600w, https:\/\/arteconfort.com\/wp-content\/uploads\/2025\/04\/NOTUS-S-mando-01-100x100.webp 100w\" sizes=\"auto, (max-width: 1024px) 100vw, 1024px\" \/>\t<img loading=\"lazy\" decoding=\"async\" width=\"1024\" height=\"1024\" src=\"https:\/\/arteconfort.com\/wp-content\/uploads\/2025\/04\/NOTUS-S-detalle-04.webp\" class=\"attachment-shop_catalog size-shop_catalog\" alt=\"\" srcset=\"https:\/\/arteconfort.com\/wp-content\/uploads\/2025\/04\/NOTUS-S-detalle-04.webp 1024w, https:\/\/arteconfort.com\/wp-content\/uploads\/2025\/04\/NOTUS-S-detalle-04-768x768.webp 768w, https:\/\/arteconfort.com\/wp-content\/uploads\/2025\/04\/NOTUS-S-detalle-04-340x340.webp 340w, https:\/\/arteconfort.com\/wp-content\/uploads\/2025\/04\/NOTUS-S-detalle-04-640x640.webp 640w, https:\/\/arteconfort.com\/wp-content\/uploads\/2025\/04\/NOTUS-S-detalle-04-960x960.webp 960w, https:\/\/arteconfort.com\/wp-content\/uploads\/2025\/04\/NOTUS-S-detalle-04-300x300.webp 300w, https:\/\/arteconfort.com\/wp-content\/uploads\/2025\/04\/NOTUS-S-detalle-04-600x600.webp 600w, https:\/\/arteconfort.com\/wp-content\/uploads\/2025\/04\/NOTUS-S-detalle-04-100x100.webp 100w\" sizes=\"auto, (max-width: 1024px) 100vw, 1024px\" \/><img loading=\"lazy\" decoding=\"async\" width=\"1024\" height=\"1024\" src=\"https:\/\/arteconfort.com\/wp-content\/uploads\/2025\/04\/94051352-tz-01.webp\" class=\"attachment-shop_catalog size-shop_catalog\" alt=\"\" srcset=\"https:\/\/arteconfort.com\/wp-content\/uploads\/2025\/04\/94051352-tz-01.webp 1024w, https:\/\/arteconfort.com\/wp-content\/uploads\/2025\/04\/94051352-tz-01-768x768.webp 768w, https:\/\/arteconfort.com\/wp-content\/uploads\/2025\/04\/94051352-tz-01-340x340.webp 340w, https:\/\/arteconfort.com\/wp-content\/uploads\/2025\/04\/94051352-tz-01-640x640.webp 640w, https:\/\/arteconfort.com\/wp-content\/uploads\/2025\/04\/94051352-tz-01-960x960.webp 960w, https:\/\/arteconfort.com\/wp-content\/uploads\/2025\/04\/94051352-tz-01-300x300.webp 300w, https:\/\/arteconfort.com\/wp-content\/uploads\/2025\/04\/94051352-tz-01-600x600.webp 600w, https:\/\/arteconfort.com\/wp-content\/uploads\/2025\/04\/94051352-tz-01-100x100.webp 100w\" sizes=\"auto, (max-width: 1024px) 100vw, 1024px\" \/><img loading=\"lazy\" decoding=\"async\" width=\"1024\" height=\"1024\" src=\"https:\/\/arteconfort.com\/wp-content\/uploads\/2025\/04\/NOTUS-S-grafico-05.webp\" class=\"attachment-shop_catalog size-shop_catalog\" alt=\"\" srcset=\"https:\/\/arteconfort.com\/wp-content\/uploads\/2025\/04\/NOTUS-S-grafico-05.webp 1024w, https:\/\/arteconfort.com\/wp-content\/uploads\/2025\/04\/NOTUS-S-grafico-05-768x768.webp 768w, https:\/\/arteconfort.com\/wp-content\/uploads\/2025\/04\/NOTUS-S-grafico-05-340x340.webp 340w, https:\/\/arteconfort.com\/wp-content\/uploads\/2025\/04\/NOTUS-S-grafico-05-640x640.webp 640w, https:\/\/arteconfort.com\/wp-content\/uploads\/2025\/04\/NOTUS-S-grafico-05-960x960.webp 960w, https:\/\/arteconfort.com\/wp-content\/uploads\/2025\/04\/NOTUS-S-grafico-05-300x300.webp 300w, https:\/\/arteconfort.com\/wp-content\/uploads\/2025\/04\/NOTUS-S-grafico-05-600x600.webp 600w, https:\/\/arteconfort.com\/wp-content\/uploads\/2025\/04\/NOTUS-S-grafico-05-100x100.webp 100w\" sizes=\"auto, (max-width: 1024px) 100vw, 1024px\" \/>\t<\/a>\n\t<div class=\"w-product-status\"><\/div>\t<span id=\"woocommerce_loop_add_to_cart_link_describedby_45518\" class=\"screen-reader-text\">\n\t\t\t<\/span>\n<\/div><figcaption><h2 class=\"woocommerce-loop-product__title\">NOTUS S<\/h2><div class=\"woocommerce-product-details__short-description\">\n\t<p>NOTUS S retractable fan with integrated LED light, high luminous flux and color temperature memory. Its body is<\/div>\n\n<\/figcaption><\/figure><\/li>\n<li class=\"product type-product post-25448 status-publish instock product_cat-climatizacion-en product_cat-collection-old-en product_cat-ventiladores-de-techo-en has-post-thumbnail shipping-taxable product-type-simple w-item col-3\">\n\t<figure><div class=\"image-wrapper\">\t\t<a href=\"https:\/\/arteconfort.com\/en\/producto\/nuria-360\/\" class=\"w-fadeslider\">\n\t<img loading=\"lazy\" decoding=\"async\" width=\"1024\" height=\"1024\" src=\"https:\/\/arteconfort.com\/wp-content\/uploads\/2023\/10\/NURIA-430-mando.webp\" class=\"attachment-shop_catalog size-shop_catalog wp-post-image\" alt=\"\" srcset=\"https:\/\/arteconfort.com\/wp-content\/uploads\/2023\/10\/NURIA-430-mando.webp 1024w, https:\/\/arteconfort.com\/wp-content\/uploads\/2023\/10\/NURIA-430-mando-768x768.webp 768w, https:\/\/arteconfort.com\/wp-content\/uploads\/2023\/10\/NURIA-430-mando-340x340.webp 340w, https:\/\/arteconfort.com\/wp-content\/uploads\/2023\/10\/NURIA-430-mando-640x640.webp 640w, https:\/\/arteconfort.com\/wp-content\/uploads\/2023\/10\/NURIA-430-mando-960x960.webp 960w, https:\/\/arteconfort.com\/wp-content\/uploads\/2023\/10\/NURIA-430-mando-300x300.webp 300w, https:\/\/arteconfort.com\/wp-content\/uploads\/2023\/10\/NURIA-430-mando-600x600.webp 600w, https:\/\/arteconfort.com\/wp-content\/uploads\/2023\/10\/NURIA-430-mando-100x100.webp 100w, https:\/\/arteconfort.com\/wp-content\/uploads\/2023\/10\/NURIA-430-mando-133x133.webp 133w\" sizes=\"auto, (max-width: 1024px) 100vw, 1024px\" \/>\t<img loading=\"lazy\" decoding=\"async\" width=\"1024\" height=\"1024\" src=\"https:\/\/arteconfort.com\/wp-content\/uploads\/2023\/10\/NURIA-360-ambiente.webp\" class=\"attachment-shop_catalog size-shop_catalog\" alt=\"\" srcset=\"https:\/\/arteconfort.com\/wp-content\/uploads\/2023\/10\/NURIA-360-ambiente.webp 1024w, https:\/\/arteconfort.com\/wp-content\/uploads\/2023\/10\/NURIA-360-ambiente-768x768.webp 768w, https:\/\/arteconfort.com\/wp-content\/uploads\/2023\/10\/NURIA-360-ambiente-340x340.webp 340w, https:\/\/arteconfort.com\/wp-content\/uploads\/2023\/10\/NURIA-360-ambiente-640x640.webp 640w, https:\/\/arteconfort.com\/wp-content\/uploads\/2023\/10\/NURIA-360-ambiente-960x960.webp 960w, https:\/\/arteconfort.com\/wp-content\/uploads\/2023\/10\/NURIA-360-ambiente-133x133.webp 133w, https:\/\/arteconfort.com\/wp-content\/uploads\/2023\/10\/NURIA-360-ambiente-300x300.webp 300w, https:\/\/arteconfort.com\/wp-content\/uploads\/2023\/10\/NURIA-360-ambiente-600x600.webp 600w, https:\/\/arteconfort.com\/wp-content\/uploads\/2023\/10\/NURIA-360-ambiente-100x100.webp 100w\" sizes=\"auto, (max-width: 1024px) 100vw, 1024px\" \/><img loading=\"lazy\" decoding=\"async\" width=\"1024\" height=\"1024\" src=\"https:\/\/arteconfort.com\/wp-content\/uploads\/2023\/10\/NURIA-360-grafico.webp\" class=\"attachment-shop_catalog size-shop_catalog\" alt=\"\" srcset=\"https:\/\/arteconfort.com\/wp-content\/uploads\/2023\/10\/NURIA-360-grafico.webp 1024w, https:\/\/arteconfort.com\/wp-content\/uploads\/2023\/10\/NURIA-360-grafico-768x768.webp 768w, https:\/\/arteconfort.com\/wp-content\/uploads\/2023\/10\/NURIA-360-grafico-340x340.webp 340w, https:\/\/arteconfort.com\/wp-content\/uploads\/2023\/10\/NURIA-360-grafico-640x640.webp 640w, https:\/\/arteconfort.com\/wp-content\/uploads\/2023\/10\/NURIA-360-grafico-960x960.webp 960w, https:\/\/arteconfort.com\/wp-content\/uploads\/2023\/10\/NURIA-360-grafico-133x133.webp 133w, https:\/\/arteconfort.com\/wp-content\/uploads\/2023\/10\/NURIA-360-grafico-300x300.webp 300w, https:\/\/arteconfort.com\/wp-content\/uploads\/2023\/10\/NURIA-360-grafico-600x600.webp 600w, https:\/\/arteconfort.com\/wp-content\/uploads\/2023\/10\/NURIA-360-grafico-100x100.webp 100w\" sizes=\"auto, (max-width: 1024px) 100vw, 1024px\" \/>\t<\/a>\n\t<div class=\"w-product-status\"><\/div>\t<span id=\"woocommerce_loop_add_to_cart_link_describedby_25448\" class=\"screen-reader-text\">\n\t\t\t<\/span>\n<\/div><div class=\"berocket_better_labels berocket_better_labels_image\"><div class=\"berocket_better_labels_position berocket_better_labels_position_right\"><div class=\"berocket_better_labels_line berocket_better_labels_line_1\"><div class=\"berocket_better_labels_inline berocket_better_labels_inline_1\"><div class=\"br_alabel br_alabel_type_text br_alabel_template_type_css berocket_alabel_id_22611  br_alabel_better_compatibility\" style=\"\"><span  style=\"\"><i style=\"background-color: #000000; border-color: #000000;\" class=\"template-span-before \"><\/i><i style=\"background-color: #000000; border-color: #000000;\" class=\"template-i \"><\/i><i style=\"background-color: #000000; border-color: #000000;\" class=\"template-i-before \"><\/i><i style=\"background-color: #000000; border-color: #000000;\" class=\"template-i-after \"><\/i><b style=\"position: relative;z-index: 100;text-align: center;color: inherit;\">Old collection<\/b><\/span><\/div><\/div><\/div><\/div><\/div><figcaption><h2 class=\"woocommerce-loop-product__title\">NURIA 360<\/h2><div class=\"woocommerce-product-details__short-description\">\n\t<p>The NURIA 360 ceiling and industrial fan has a metal body and 6 silver blades and requires installation<\/div>\n\n<\/figcaption><\/figure><\/li>\n<li class=\"product type-product post-25454 status-publish instock product_cat-climatizacion-en product_cat-collection-old-en product_cat-ventiladores-de-techo-en has-post-thumbnail shipping-taxable product-type-simple w-item col-3\">\n\t<figure><div class=\"image-wrapper\">\t\t<a href=\"https:\/\/arteconfort.com\/en\/producto\/nuria-430\/\" class=\"w-fadeslider\">\n\t<img loading=\"lazy\" decoding=\"async\" width=\"1024\" height=\"1024\" src=\"https:\/\/arteconfort.com\/wp-content\/uploads\/2023\/10\/NURIA-430-mando-1.webp\" class=\"attachment-shop_catalog size-shop_catalog wp-post-image\" alt=\"\" srcset=\"https:\/\/arteconfort.com\/wp-content\/uploads\/2023\/10\/NURIA-430-mando-1.webp 1024w, https:\/\/arteconfort.com\/wp-content\/uploads\/2023\/10\/NURIA-430-mando-1-768x768.webp 768w, https:\/\/arteconfort.com\/wp-content\/uploads\/2023\/10\/NURIA-430-mando-1-340x340.webp 340w, https:\/\/arteconfort.com\/wp-content\/uploads\/2023\/10\/NURIA-430-mando-1-640x640.webp 640w, https:\/\/arteconfort.com\/wp-content\/uploads\/2023\/10\/NURIA-430-mando-1-960x960.webp 960w, https:\/\/arteconfort.com\/wp-content\/uploads\/2023\/10\/NURIA-430-mando-1-300x300.webp 300w, https:\/\/arteconfort.com\/wp-content\/uploads\/2023\/10\/NURIA-430-mando-1-600x600.webp 600w, https:\/\/arteconfort.com\/wp-content\/uploads\/2023\/10\/NURIA-430-mando-1-100x100.webp 100w, https:\/\/arteconfort.com\/wp-content\/uploads\/2023\/10\/NURIA-430-mando-1-133x133.webp 133w\" sizes=\"auto, (max-width: 1024px) 100vw, 1024px\" \/>\t<img loading=\"lazy\" decoding=\"async\" width=\"1024\" height=\"1024\" src=\"https:\/\/arteconfort.com\/wp-content\/uploads\/2023\/10\/NURIA-430-ambiente-1.webp\" class=\"attachment-shop_catalog size-shop_catalog\" alt=\"\" srcset=\"https:\/\/arteconfort.com\/wp-content\/uploads\/2023\/10\/NURIA-430-ambiente-1.webp 1024w, https:\/\/arteconfort.com\/wp-content\/uploads\/2023\/10\/NURIA-430-ambiente-1-768x768.webp 768w, https:\/\/arteconfort.com\/wp-content\/uploads\/2023\/10\/NURIA-430-ambiente-1-340x340.webp 340w, https:\/\/arteconfort.com\/wp-content\/uploads\/2023\/10\/NURIA-430-ambiente-1-640x640.webp 640w, https:\/\/arteconfort.com\/wp-content\/uploads\/2023\/10\/NURIA-430-ambiente-1-960x960.webp 960w, https:\/\/arteconfort.com\/wp-content\/uploads\/2023\/10\/NURIA-430-ambiente-1-133x133.webp 133w, https:\/\/arteconfort.com\/wp-content\/uploads\/2023\/10\/NURIA-430-ambiente-1-300x300.webp 300w, https:\/\/arteconfort.com\/wp-content\/uploads\/2023\/10\/NURIA-430-ambiente-1-600x600.webp 600w, https:\/\/arteconfort.com\/wp-content\/uploads\/2023\/10\/NURIA-430-ambiente-1-100x100.webp 100w\" sizes=\"auto, (max-width: 1024px) 100vw, 1024px\" \/><img loading=\"lazy\" decoding=\"async\" width=\"1024\" height=\"1024\" src=\"https:\/\/arteconfort.com\/wp-content\/uploads\/2023\/10\/NURIA-430-grafico-1.webp\" class=\"attachment-shop_catalog size-shop_catalog\" alt=\"\" srcset=\"https:\/\/arteconfort.com\/wp-content\/uploads\/2023\/10\/NURIA-430-grafico-1.webp 1024w, https:\/\/arteconfort.com\/wp-content\/uploads\/2023\/10\/NURIA-430-grafico-1-768x768.webp 768w, https:\/\/arteconfort.com\/wp-content\/uploads\/2023\/10\/NURIA-430-grafico-1-340x340.webp 340w, https:\/\/arteconfort.com\/wp-content\/uploads\/2023\/10\/NURIA-430-grafico-1-640x640.webp 640w, https:\/\/arteconfort.com\/wp-content\/uploads\/2023\/10\/NURIA-430-grafico-1-960x960.webp 960w, https:\/\/arteconfort.com\/wp-content\/uploads\/2023\/10\/NURIA-430-grafico-1-133x133.webp 133w, https:\/\/arteconfort.com\/wp-content\/uploads\/2023\/10\/NURIA-430-grafico-1-300x300.webp 300w, https:\/\/arteconfort.com\/wp-content\/uploads\/2023\/10\/NURIA-430-grafico-1-600x600.webp 600w, https:\/\/arteconfort.com\/wp-content\/uploads\/2023\/10\/NURIA-430-grafico-1-100x100.webp 100w\" sizes=\"auto, (max-width: 1024px) 100vw, 1024px\" \/>\t<\/a>\n\t<div class=\"w-product-status\"><\/div>\t<span id=\"woocommerce_loop_add_to_cart_link_describedby_25454\" class=\"screen-reader-text\">\n\t\t\t<\/span>\n<\/div><div class=\"berocket_better_labels berocket_better_labels_image\"><div class=\"berocket_better_labels_position berocket_better_labels_position_right\"><div class=\"berocket_better_labels_line berocket_better_labels_line_1\"><div class=\"berocket_better_labels_inline berocket_better_labels_inline_1\"><div class=\"br_alabel br_alabel_type_text br_alabel_template_type_css berocket_alabel_id_22611  br_alabel_better_compatibility\" style=\"\"><span  style=\"\"><i style=\"background-color: #000000; border-color: #000000;\" class=\"template-span-before \"><\/i><i style=\"background-color: #000000; border-color: #000000;\" class=\"template-i \"><\/i><i style=\"background-color: #000000; border-color: #000000;\" class=\"template-i-before \"><\/i><i style=\"background-color: #000000; border-color: #000000;\" class=\"template-i-after \"><\/i><b style=\"position: relative;z-index: 100;text-align: center;color: inherit;\">Old collection<\/b><\/span><\/div><\/div><\/div><\/div><\/div><figcaption><h2 class=\"woocommerce-loop-product__title\">NURIA 430<\/h2><div class=\"woocommerce-product-details__short-description\">\n\t<p>The NURIA 430 ceiling and industrial fan has a metal body and 6 silver blades and requires professional<\/div>\n\n<\/figcaption><\/figure><\/li>\n<li class=\"product type-product post-47938 status-publish last instock product_cat-climatizacion-en product_cat-ventiladores-de-techo-en has-post-thumbnail shipping-taxable product-type-simple w-item col-3\">\n\t<figure><div class=\"image-wrapper\">\t\t<a href=\"https:\/\/arteconfort.com\/en\/producto\/ori-l\/\" class=\"w-fadeslider\">\n\t<img loading=\"lazy\" decoding=\"async\" width=\"1024\" height=\"1024\" src=\"https:\/\/arteconfort.com\/wp-content\/uploads\/2025\/06\/OriL_Blanco_Producto_Mando.webp\" class=\"attachment-shop_catalog size-shop_catalog wp-post-image\" alt=\"\" srcset=\"https:\/\/arteconfort.com\/wp-content\/uploads\/2025\/06\/OriL_Blanco_Producto_Mando.webp 1024w, https:\/\/arteconfort.com\/wp-content\/uploads\/2025\/06\/OriL_Blanco_Producto_Mando-768x768.webp 768w, https:\/\/arteconfort.com\/wp-content\/uploads\/2025\/06\/OriL_Blanco_Producto_Mando-340x340.webp 340w, https:\/\/arteconfort.com\/wp-content\/uploads\/2025\/06\/OriL_Blanco_Producto_Mando-640x640.webp 640w, https:\/\/arteconfort.com\/wp-content\/uploads\/2025\/06\/OriL_Blanco_Producto_Mando-960x960.webp 960w, https:\/\/arteconfort.com\/wp-content\/uploads\/2025\/06\/OriL_Blanco_Producto_Mando-300x300.webp 300w, https:\/\/arteconfort.com\/wp-content\/uploads\/2025\/06\/OriL_Blanco_Producto_Mando-600x600.webp 600w, https:\/\/arteconfort.com\/wp-content\/uploads\/2025\/06\/OriL_Blanco_Producto_Mando-100x100.webp 100w\" sizes=\"auto, (max-width: 1024px) 100vw, 1024px\" \/>\t<img loading=\"lazy\" decoding=\"async\" width=\"1024\" height=\"1024\" src=\"https:\/\/arteconfort.com\/wp-content\/uploads\/2025\/06\/OriL_Blanco_Abajo_Abierto.webp\" class=\"attachment-shop_catalog size-shop_catalog\" alt=\"\" srcset=\"https:\/\/arteconfort.com\/wp-content\/uploads\/2025\/06\/OriL_Blanco_Abajo_Abierto.webp 1024w, https:\/\/arteconfort.com\/wp-content\/uploads\/2025\/06\/OriL_Blanco_Abajo_Abierto-768x768.webp 768w, https:\/\/arteconfort.com\/wp-content\/uploads\/2025\/06\/OriL_Blanco_Abajo_Abierto-340x340.webp 340w, https:\/\/arteconfort.com\/wp-content\/uploads\/2025\/06\/OriL_Blanco_Abajo_Abierto-640x640.webp 640w, https:\/\/arteconfort.com\/wp-content\/uploads\/2025\/06\/OriL_Blanco_Abajo_Abierto-960x960.webp 960w, https:\/\/arteconfort.com\/wp-content\/uploads\/2025\/06\/OriL_Blanco_Abajo_Abierto-300x300.webp 300w, https:\/\/arteconfort.com\/wp-content\/uploads\/2025\/06\/OriL_Blanco_Abajo_Abierto-600x600.webp 600w, https:\/\/arteconfort.com\/wp-content\/uploads\/2025\/06\/OriL_Blanco_Abajo_Abierto-100x100.webp 100w\" sizes=\"auto, (max-width: 1024px) 100vw, 1024px\" \/><img loading=\"lazy\" decoding=\"async\" width=\"1024\" height=\"1024\" src=\"https:\/\/arteconfort.com\/wp-content\/uploads\/2025\/06\/OriL_Blanco_Abajo_Cerrado.webp\" class=\"attachment-shop_catalog size-shop_catalog\" alt=\"\" srcset=\"https:\/\/arteconfort.com\/wp-content\/uploads\/2025\/06\/OriL_Blanco_Abajo_Cerrado.webp 1024w, https:\/\/arteconfort.com\/wp-content\/uploads\/2025\/06\/OriL_Blanco_Abajo_Cerrado-768x768.webp 768w, https:\/\/arteconfort.com\/wp-content\/uploads\/2025\/06\/OriL_Blanco_Abajo_Cerrado-340x340.webp 340w, https:\/\/arteconfort.com\/wp-content\/uploads\/2025\/06\/OriL_Blanco_Abajo_Cerrado-640x640.webp 640w, https:\/\/arteconfort.com\/wp-content\/uploads\/2025\/06\/OriL_Blanco_Abajo_Cerrado-960x960.webp 960w, https:\/\/arteconfort.com\/wp-content\/uploads\/2025\/06\/OriL_Blanco_Abajo_Cerrado-300x300.webp 300w, https:\/\/arteconfort.com\/wp-content\/uploads\/2025\/06\/OriL_Blanco_Abajo_Cerrado-600x600.webp 600w, https:\/\/arteconfort.com\/wp-content\/uploads\/2025\/06\/OriL_Blanco_Abajo_Cerrado-100x100.webp 100w\" sizes=\"auto, (max-width: 1024px) 100vw, 1024px\" \/><img loading=\"lazy\" decoding=\"async\" width=\"1024\" height=\"1024\" src=\"https:\/\/arteconfort.com\/wp-content\/uploads\/2025\/06\/OriL_Blanco_Lateral_Abierto.webp\" class=\"attachment-shop_catalog size-shop_catalog\" alt=\"\" srcset=\"https:\/\/arteconfort.com\/wp-content\/uploads\/2025\/06\/OriL_Blanco_Lateral_Abierto.webp 1024w, https:\/\/arteconfort.com\/wp-content\/uploads\/2025\/06\/OriL_Blanco_Lateral_Abierto-768x768.webp 768w, https:\/\/arteconfort.com\/wp-content\/uploads\/2025\/06\/OriL_Blanco_Lateral_Abierto-340x340.webp 340w, https:\/\/arteconfort.com\/wp-content\/uploads\/2025\/06\/OriL_Blanco_Lateral_Abierto-640x640.webp 640w, https:\/\/arteconfort.com\/wp-content\/uploads\/2025\/06\/OriL_Blanco_Lateral_Abierto-960x960.webp 960w, https:\/\/arteconfort.com\/wp-content\/uploads\/2025\/06\/OriL_Blanco_Lateral_Abierto-300x300.webp 300w, https:\/\/arteconfort.com\/wp-content\/uploads\/2025\/06\/OriL_Blanco_Lateral_Abierto-600x600.webp 600w, https:\/\/arteconfort.com\/wp-content\/uploads\/2025\/06\/OriL_Blanco_Lateral_Abierto-100x100.webp 100w\" sizes=\"auto, (max-width: 1024px) 100vw, 1024px\" \/><img loading=\"lazy\" decoding=\"async\" width=\"1024\" height=\"1024\" src=\"https:\/\/arteconfort.com\/wp-content\/uploads\/2025\/06\/OriL_Blanco_Lateral_Cerrado.webp\" class=\"attachment-shop_catalog size-shop_catalog\" alt=\"\" srcset=\"https:\/\/arteconfort.com\/wp-content\/uploads\/2025\/06\/OriL_Blanco_Lateral_Cerrado.webp 1024w, https:\/\/arteconfort.com\/wp-content\/uploads\/2025\/06\/OriL_Blanco_Lateral_Cerrado-768x768.webp 768w, https:\/\/arteconfort.com\/wp-content\/uploads\/2025\/06\/OriL_Blanco_Lateral_Cerrado-340x340.webp 340w, https:\/\/arteconfort.com\/wp-content\/uploads\/2025\/06\/OriL_Blanco_Lateral_Cerrado-640x640.webp 640w, https:\/\/arteconfort.com\/wp-content\/uploads\/2025\/06\/OriL_Blanco_Lateral_Cerrado-960x960.webp 960w, https:\/\/arteconfort.com\/wp-content\/uploads\/2025\/06\/OriL_Blanco_Lateral_Cerrado-300x300.webp 300w, https:\/\/arteconfort.com\/wp-content\/uploads\/2025\/06\/OriL_Blanco_Lateral_Cerrado-600x600.webp 600w, https:\/\/arteconfort.com\/wp-content\/uploads\/2025\/06\/OriL_Blanco_Lateral_Cerrado-100x100.webp 100w\" sizes=\"auto, (max-width: 1024px) 100vw, 1024px\" \/><img loading=\"lazy\" decoding=\"async\" width=\"1024\" height=\"1024\" src=\"https:\/\/arteconfort.com\/wp-content\/uploads\/2025\/06\/OriL_Blanco_Producto_Abierto.webp\" class=\"attachment-shop_catalog size-shop_catalog\" alt=\"\" srcset=\"https:\/\/arteconfort.com\/wp-content\/uploads\/2025\/06\/OriL_Blanco_Producto_Abierto.webp 1024w, https:\/\/arteconfort.com\/wp-content\/uploads\/2025\/06\/OriL_Blanco_Producto_Abierto-768x768.webp 768w, https:\/\/arteconfort.com\/wp-content\/uploads\/2025\/06\/OriL_Blanco_Producto_Abierto-340x340.webp 340w, https:\/\/arteconfort.com\/wp-content\/uploads\/2025\/06\/OriL_Blanco_Producto_Abierto-640x640.webp 640w, https:\/\/arteconfort.com\/wp-content\/uploads\/2025\/06\/OriL_Blanco_Producto_Abierto-960x960.webp 960w, https:\/\/arteconfort.com\/wp-content\/uploads\/2025\/06\/OriL_Blanco_Producto_Abierto-300x300.webp 300w, https:\/\/arteconfort.com\/wp-content\/uploads\/2025\/06\/OriL_Blanco_Producto_Abierto-600x600.webp 600w, https:\/\/arteconfort.com\/wp-content\/uploads\/2025\/06\/OriL_Blanco_Producto_Abierto-100x100.webp 100w\" sizes=\"auto, (max-width: 1024px) 100vw, 1024px\" \/><img loading=\"lazy\" decoding=\"async\" width=\"1024\" height=\"1024\" src=\"https:\/\/arteconfort.com\/wp-content\/uploads\/2025\/06\/OriL_Blanco_Producto_Cerrado.webp\" class=\"attachment-shop_catalog size-shop_catalog\" alt=\"\" srcset=\"https:\/\/arteconfort.com\/wp-content\/uploads\/2025\/06\/OriL_Blanco_Producto_Cerrado.webp 1024w, https:\/\/arteconfort.com\/wp-content\/uploads\/2025\/06\/OriL_Blanco_Producto_Cerrado-768x768.webp 768w, https:\/\/arteconfort.com\/wp-content\/uploads\/2025\/06\/OriL_Blanco_Producto_Cerrado-340x340.webp 340w, https:\/\/arteconfort.com\/wp-content\/uploads\/2025\/06\/OriL_Blanco_Producto_Cerrado-640x640.webp 640w, https:\/\/arteconfort.com\/wp-content\/uploads\/2025\/06\/OriL_Blanco_Producto_Cerrado-960x960.webp 960w, https:\/\/arteconfort.com\/wp-content\/uploads\/2025\/06\/OriL_Blanco_Producto_Cerrado-300x300.webp 300w, https:\/\/arteconfort.com\/wp-content\/uploads\/2025\/06\/OriL_Blanco_Producto_Cerrado-600x600.webp 600w, https:\/\/arteconfort.com\/wp-content\/uploads\/2025\/06\/OriL_Blanco_Producto_Cerrado-100x100.webp 100w\" sizes=\"auto, (max-width: 1024px) 100vw, 1024px\" \/><img loading=\"lazy\" decoding=\"async\" width=\"1024\" height=\"1024\" src=\"https:\/\/arteconfort.com\/wp-content\/uploads\/2025\/06\/OriL_Temperatura.webp\" class=\"attachment-shop_catalog size-shop_catalog\" alt=\"\" srcset=\"https:\/\/arteconfort.com\/wp-content\/uploads\/2025\/06\/OriL_Temperatura.webp 1024w, https:\/\/arteconfort.com\/wp-content\/uploads\/2025\/06\/OriL_Temperatura-768x768.webp 768w, https:\/\/arteconfort.com\/wp-content\/uploads\/2025\/06\/OriL_Temperatura-340x340.webp 340w, https:\/\/arteconfort.com\/wp-content\/uploads\/2025\/06\/OriL_Temperatura-640x640.webp 640w, https:\/\/arteconfort.com\/wp-content\/uploads\/2025\/06\/OriL_Temperatura-960x960.webp 960w, https:\/\/arteconfort.com\/wp-content\/uploads\/2025\/06\/OriL_Temperatura-300x300.webp 300w, https:\/\/arteconfort.com\/wp-content\/uploads\/2025\/06\/OriL_Temperatura-600x600.webp 600w, https:\/\/arteconfort.com\/wp-content\/uploads\/2025\/06\/OriL_Temperatura-100x100.webp 100w\" sizes=\"auto, (max-width: 1024px) 100vw, 1024px\" \/><img loading=\"lazy\" decoding=\"async\" width=\"1024\" height=\"1024\" src=\"https:\/\/arteconfort.com\/wp-content\/uploads\/2025\/06\/ORI-L-Grafico.jpg\" class=\"attachment-shop_catalog size-shop_catalog\" alt=\"\" srcset=\"https:\/\/arteconfort.com\/wp-content\/uploads\/2025\/06\/ORI-L-Grafico.jpg 1024w, https:\/\/arteconfort.com\/wp-content\/uploads\/2025\/06\/ORI-L-Grafico-768x768.jpg 768w, https:\/\/arteconfort.com\/wp-content\/uploads\/2025\/06\/ORI-L-Grafico-340x340.jpg 340w, https:\/\/arteconfort.com\/wp-content\/uploads\/2025\/06\/ORI-L-Grafico-640x640.jpg 640w, https:\/\/arteconfort.com\/wp-content\/uploads\/2025\/06\/ORI-L-Grafico-960x960.jpg 960w, https:\/\/arteconfort.com\/wp-content\/uploads\/2025\/06\/ORI-L-Grafico-300x300.jpg 300w, https:\/\/arteconfort.com\/wp-content\/uploads\/2025\/06\/ORI-L-Grafico-600x600.jpg 600w, https:\/\/arteconfort.com\/wp-content\/uploads\/2025\/06\/ORI-L-Grafico-100x100.jpg 100w\" sizes=\"auto, (max-width: 1024px) 100vw, 1024px\" \/>\t<\/a>\n\t<div class=\"w-product-status\"><\/div>\t<span id=\"woocommerce_loop_add_to_cart_link_describedby_47938\" class=\"screen-reader-text\">\n\t\t\t<\/span>\n<\/div><figcaption><h2 class=\"woocommerce-loop-product__title\">ORI L<\/h2><div class=\"woocommerce-product-details__short-description\">\n\t<p>The ORI L concealed or retractable blades ceiling fan incorporates LED light and color temperature memory. With a<\/div>\n\n<\/figcaption><\/figure><\/li>\n<li class=\"product type-product post-47945 status-publish first instock product_cat-climatizacion-en product_cat-ventiladores-de-techo-en has-post-thumbnail shipping-taxable product-type-simple w-item col-3\">\n\t<figure><div class=\"image-wrapper\">\t\t<a href=\"https:\/\/arteconfort.com\/en\/producto\/ori-m\/\" class=\"w-fadeslider\">\n\t<img loading=\"lazy\" decoding=\"async\" width=\"1024\" height=\"1024\" src=\"https:\/\/arteconfort.com\/wp-content\/uploads\/2025\/06\/OriM_Blanco_Producto_Mando.webp\" class=\"attachment-shop_catalog size-shop_catalog wp-post-image\" alt=\"\" srcset=\"https:\/\/arteconfort.com\/wp-content\/uploads\/2025\/06\/OriM_Blanco_Producto_Mando.webp 1024w, https:\/\/arteconfort.com\/wp-content\/uploads\/2025\/06\/OriM_Blanco_Producto_Mando-768x768.webp 768w, https:\/\/arteconfort.com\/wp-content\/uploads\/2025\/06\/OriM_Blanco_Producto_Mando-340x340.webp 340w, https:\/\/arteconfort.com\/wp-content\/uploads\/2025\/06\/OriM_Blanco_Producto_Mando-640x640.webp 640w, https:\/\/arteconfort.com\/wp-content\/uploads\/2025\/06\/OriM_Blanco_Producto_Mando-960x960.webp 960w, https:\/\/arteconfort.com\/wp-content\/uploads\/2025\/06\/OriM_Blanco_Producto_Mando-300x300.webp 300w, https:\/\/arteconfort.com\/wp-content\/uploads\/2025\/06\/OriM_Blanco_Producto_Mando-600x600.webp 600w, https:\/\/arteconfort.com\/wp-content\/uploads\/2025\/06\/OriM_Blanco_Producto_Mando-100x100.webp 100w\" sizes=\"auto, (max-width: 1024px) 100vw, 1024px\" \/>\t<img loading=\"lazy\" decoding=\"async\" width=\"1024\" height=\"1024\" src=\"https:\/\/arteconfort.com\/wp-content\/uploads\/2025\/06\/OriM_Blanco_Abajo_Abierto.webp\" class=\"attachment-shop_catalog size-shop_catalog\" alt=\"\" srcset=\"https:\/\/arteconfort.com\/wp-content\/uploads\/2025\/06\/OriM_Blanco_Abajo_Abierto.webp 1024w, https:\/\/arteconfort.com\/wp-content\/uploads\/2025\/06\/OriM_Blanco_Abajo_Abierto-768x768.webp 768w, https:\/\/arteconfort.com\/wp-content\/uploads\/2025\/06\/OriM_Blanco_Abajo_Abierto-340x340.webp 340w, https:\/\/arteconfort.com\/wp-content\/uploads\/2025\/06\/OriM_Blanco_Abajo_Abierto-640x640.webp 640w, https:\/\/arteconfort.com\/wp-content\/uploads\/2025\/06\/OriM_Blanco_Abajo_Abierto-960x960.webp 960w, https:\/\/arteconfort.com\/wp-content\/uploads\/2025\/06\/OriM_Blanco_Abajo_Abierto-300x300.webp 300w, https:\/\/arteconfort.com\/wp-content\/uploads\/2025\/06\/OriM_Blanco_Abajo_Abierto-600x600.webp 600w, https:\/\/arteconfort.com\/wp-content\/uploads\/2025\/06\/OriM_Blanco_Abajo_Abierto-100x100.webp 100w\" sizes=\"auto, (max-width: 1024px) 100vw, 1024px\" \/><img loading=\"lazy\" decoding=\"async\" width=\"1024\" height=\"1024\" src=\"https:\/\/arteconfort.com\/wp-content\/uploads\/2025\/06\/OriM_Blanco_Abajo_Cerrado.webp\" class=\"attachment-shop_catalog size-shop_catalog\" alt=\"\" srcset=\"https:\/\/arteconfort.com\/wp-content\/uploads\/2025\/06\/OriM_Blanco_Abajo_Cerrado.webp 1024w, https:\/\/arteconfort.com\/wp-content\/uploads\/2025\/06\/OriM_Blanco_Abajo_Cerrado-768x768.webp 768w, https:\/\/arteconfort.com\/wp-content\/uploads\/2025\/06\/OriM_Blanco_Abajo_Cerrado-340x340.webp 340w, https:\/\/arteconfort.com\/wp-content\/uploads\/2025\/06\/OriM_Blanco_Abajo_Cerrado-640x640.webp 640w, https:\/\/arteconfort.com\/wp-content\/uploads\/2025\/06\/OriM_Blanco_Abajo_Cerrado-960x960.webp 960w, https:\/\/arteconfort.com\/wp-content\/uploads\/2025\/06\/OriM_Blanco_Abajo_Cerrado-300x300.webp 300w, https:\/\/arteconfort.com\/wp-content\/uploads\/2025\/06\/OriM_Blanco_Abajo_Cerrado-600x600.webp 600w, https:\/\/arteconfort.com\/wp-content\/uploads\/2025\/06\/OriM_Blanco_Abajo_Cerrado-100x100.webp 100w\" sizes=\"auto, (max-width: 1024px) 100vw, 1024px\" \/><img loading=\"lazy\" decoding=\"async\" width=\"1024\" height=\"1024\" src=\"https:\/\/arteconfort.com\/wp-content\/uploads\/2025\/06\/OriM_Blanco_Aspa.webp\" class=\"attachment-shop_catalog size-shop_catalog\" alt=\"\" srcset=\"https:\/\/arteconfort.com\/wp-content\/uploads\/2025\/06\/OriM_Blanco_Aspa.webp 1024w, https:\/\/arteconfort.com\/wp-content\/uploads\/2025\/06\/OriM_Blanco_Aspa-768x768.webp 768w, https:\/\/arteconfort.com\/wp-content\/uploads\/2025\/06\/OriM_Blanco_Aspa-340x340.webp 340w, https:\/\/arteconfort.com\/wp-content\/uploads\/2025\/06\/OriM_Blanco_Aspa-640x640.webp 640w, https:\/\/arteconfort.com\/wp-content\/uploads\/2025\/06\/OriM_Blanco_Aspa-960x960.webp 960w, https:\/\/arteconfort.com\/wp-content\/uploads\/2025\/06\/OriM_Blanco_Aspa-300x300.webp 300w, https:\/\/arteconfort.com\/wp-content\/uploads\/2025\/06\/OriM_Blanco_Aspa-600x600.webp 600w, https:\/\/arteconfort.com\/wp-content\/uploads\/2025\/06\/OriM_Blanco_Aspa-100x100.webp 100w\" sizes=\"auto, (max-width: 1024px) 100vw, 1024px\" \/><img loading=\"lazy\" decoding=\"async\" width=\"1024\" height=\"1024\" src=\"https:\/\/arteconfort.com\/wp-content\/uploads\/2025\/06\/OriM_Blanco_Lateral_Abierto.webp\" class=\"attachment-shop_catalog size-shop_catalog\" alt=\"\" srcset=\"https:\/\/arteconfort.com\/wp-content\/uploads\/2025\/06\/OriM_Blanco_Lateral_Abierto.webp 1024w, https:\/\/arteconfort.com\/wp-content\/uploads\/2025\/06\/OriM_Blanco_Lateral_Abierto-768x768.webp 768w, https:\/\/arteconfort.com\/wp-content\/uploads\/2025\/06\/OriM_Blanco_Lateral_Abierto-340x340.webp 340w, https:\/\/arteconfort.com\/wp-content\/uploads\/2025\/06\/OriM_Blanco_Lateral_Abierto-640x640.webp 640w, https:\/\/arteconfort.com\/wp-content\/uploads\/2025\/06\/OriM_Blanco_Lateral_Abierto-960x960.webp 960w, https:\/\/arteconfort.com\/wp-content\/uploads\/2025\/06\/OriM_Blanco_Lateral_Abierto-300x300.webp 300w, https:\/\/arteconfort.com\/wp-content\/uploads\/2025\/06\/OriM_Blanco_Lateral_Abierto-600x600.webp 600w, https:\/\/arteconfort.com\/wp-content\/uploads\/2025\/06\/OriM_Blanco_Lateral_Abierto-100x100.webp 100w\" sizes=\"auto, (max-width: 1024px) 100vw, 1024px\" \/><img loading=\"lazy\" decoding=\"async\" width=\"1024\" height=\"1024\" src=\"https:\/\/arteconfort.com\/wp-content\/uploads\/2025\/06\/OriM_Blanco_Lateral_Cerrado.webp\" class=\"attachment-shop_catalog size-shop_catalog\" alt=\"\" srcset=\"https:\/\/arteconfort.com\/wp-content\/uploads\/2025\/06\/OriM_Blanco_Lateral_Cerrado.webp 1024w, https:\/\/arteconfort.com\/wp-content\/uploads\/2025\/06\/OriM_Blanco_Lateral_Cerrado-768x768.webp 768w, https:\/\/arteconfort.com\/wp-content\/uploads\/2025\/06\/OriM_Blanco_Lateral_Cerrado-340x340.webp 340w, https:\/\/arteconfort.com\/wp-content\/uploads\/2025\/06\/OriM_Blanco_Lateral_Cerrado-640x640.webp 640w, https:\/\/arteconfort.com\/wp-content\/uploads\/2025\/06\/OriM_Blanco_Lateral_Cerrado-960x960.webp 960w, https:\/\/arteconfort.com\/wp-content\/uploads\/2025\/06\/OriM_Blanco_Lateral_Cerrado-300x300.webp 300w, https:\/\/arteconfort.com\/wp-content\/uploads\/2025\/06\/OriM_Blanco_Lateral_Cerrado-600x600.webp 600w, https:\/\/arteconfort.com\/wp-content\/uploads\/2025\/06\/OriM_Blanco_Lateral_Cerrado-100x100.webp 100w\" sizes=\"auto, (max-width: 1024px) 100vw, 1024px\" \/><img loading=\"lazy\" decoding=\"async\" width=\"1024\" height=\"1024\" src=\"https:\/\/arteconfort.com\/wp-content\/uploads\/2025\/06\/OriM_Blanco_Producto_Abierto.webp\" class=\"attachment-shop_catalog size-shop_catalog\" alt=\"\" srcset=\"https:\/\/arteconfort.com\/wp-content\/uploads\/2025\/06\/OriM_Blanco_Producto_Abierto.webp 1024w, https:\/\/arteconfort.com\/wp-content\/uploads\/2025\/06\/OriM_Blanco_Producto_Abierto-768x768.webp 768w, https:\/\/arteconfort.com\/wp-content\/uploads\/2025\/06\/OriM_Blanco_Producto_Abierto-340x340.webp 340w, https:\/\/arteconfort.com\/wp-content\/uploads\/2025\/06\/OriM_Blanco_Producto_Abierto-640x640.webp 640w, https:\/\/arteconfort.com\/wp-content\/uploads\/2025\/06\/OriM_Blanco_Producto_Abierto-960x960.webp 960w, https:\/\/arteconfort.com\/wp-content\/uploads\/2025\/06\/OriM_Blanco_Producto_Abierto-300x300.webp 300w, https:\/\/arteconfort.com\/wp-content\/uploads\/2025\/06\/OriM_Blanco_Producto_Abierto-600x600.webp 600w, https:\/\/arteconfort.com\/wp-content\/uploads\/2025\/06\/OriM_Blanco_Producto_Abierto-100x100.webp 100w\" sizes=\"auto, (max-width: 1024px) 100vw, 1024px\" \/><img loading=\"lazy\" decoding=\"async\" width=\"1024\" height=\"1024\" src=\"https:\/\/arteconfort.com\/wp-content\/uploads\/2025\/06\/OriM_Blanco_Producto_Cerrado.webp\" class=\"attachment-shop_catalog size-shop_catalog\" alt=\"\" srcset=\"https:\/\/arteconfort.com\/wp-content\/uploads\/2025\/06\/OriM_Blanco_Producto_Cerrado.webp 1024w, https:\/\/arteconfort.com\/wp-content\/uploads\/2025\/06\/OriM_Blanco_Producto_Cerrado-768x768.webp 768w, https:\/\/arteconfort.com\/wp-content\/uploads\/2025\/06\/OriM_Blanco_Producto_Cerrado-340x340.webp 340w, https:\/\/arteconfort.com\/wp-content\/uploads\/2025\/06\/OriM_Blanco_Producto_Cerrado-640x640.webp 640w, https:\/\/arteconfort.com\/wp-content\/uploads\/2025\/06\/OriM_Blanco_Producto_Cerrado-960x960.webp 960w, https:\/\/arteconfort.com\/wp-content\/uploads\/2025\/06\/OriM_Blanco_Producto_Cerrado-300x300.webp 300w, https:\/\/arteconfort.com\/wp-content\/uploads\/2025\/06\/OriM_Blanco_Producto_Cerrado-600x600.webp 600w, https:\/\/arteconfort.com\/wp-content\/uploads\/2025\/06\/OriM_Blanco_Producto_Cerrado-100x100.webp 100w\" sizes=\"auto, (max-width: 1024px) 100vw, 1024px\" \/><img loading=\"lazy\" decoding=\"async\" width=\"2000\" height=\"2000\" src=\"https:\/\/arteconfort.com\/wp-content\/uploads\/2025\/06\/OriM_Negro_Abajo_Abierto.webp\" class=\"attachment-shop_catalog size-shop_catalog\" alt=\"\" srcset=\"https:\/\/arteconfort.com\/wp-content\/uploads\/2025\/06\/OriM_Negro_Abajo_Abierto.webp 2000w, https:\/\/arteconfort.com\/wp-content\/uploads\/2025\/06\/OriM_Negro_Abajo_Abierto-768x768.webp 768w, https:\/\/arteconfort.com\/wp-content\/uploads\/2025\/06\/OriM_Negro_Abajo_Abierto-1536x1536.webp 1536w, https:\/\/arteconfort.com\/wp-content\/uploads\/2025\/06\/OriM_Negro_Abajo_Abierto-340x340.webp 340w, https:\/\/arteconfort.com\/wp-content\/uploads\/2025\/06\/OriM_Negro_Abajo_Abierto-640x640.webp 640w, https:\/\/arteconfort.com\/wp-content\/uploads\/2025\/06\/OriM_Negro_Abajo_Abierto-960x960.webp 960w, https:\/\/arteconfort.com\/wp-content\/uploads\/2025\/06\/OriM_Negro_Abajo_Abierto-1280x1280.webp 1280w, https:\/\/arteconfort.com\/wp-content\/uploads\/2025\/06\/OriM_Negro_Abajo_Abierto-300x300.webp 300w, https:\/\/arteconfort.com\/wp-content\/uploads\/2025\/06\/OriM_Negro_Abajo_Abierto-600x600.webp 600w, https:\/\/arteconfort.com\/wp-content\/uploads\/2025\/06\/OriM_Negro_Abajo_Abierto-100x100.webp 100w\" sizes=\"auto, (max-width: 2000px) 100vw, 2000px\" \/><img loading=\"lazy\" decoding=\"async\" width=\"2000\" height=\"2000\" src=\"https:\/\/arteconfort.com\/wp-content\/uploads\/2025\/06\/OriM_Negro_Abajo_Cerrado.webp\" class=\"attachment-shop_catalog size-shop_catalog\" alt=\"\" srcset=\"https:\/\/arteconfort.com\/wp-content\/uploads\/2025\/06\/OriM_Negro_Abajo_Cerrado.webp 2000w, https:\/\/arteconfort.com\/wp-content\/uploads\/2025\/06\/OriM_Negro_Abajo_Cerrado-768x768.webp 768w, https:\/\/arteconfort.com\/wp-content\/uploads\/2025\/06\/OriM_Negro_Abajo_Cerrado-1536x1536.webp 1536w, https:\/\/arteconfort.com\/wp-content\/uploads\/2025\/06\/OriM_Negro_Abajo_Cerrado-340x340.webp 340w, https:\/\/arteconfort.com\/wp-content\/uploads\/2025\/06\/OriM_Negro_Abajo_Cerrado-640x640.webp 640w, https:\/\/arteconfort.com\/wp-content\/uploads\/2025\/06\/OriM_Negro_Abajo_Cerrado-960x960.webp 960w, https:\/\/arteconfort.com\/wp-content\/uploads\/2025\/06\/OriM_Negro_Abajo_Cerrado-1280x1280.webp 1280w, https:\/\/arteconfort.com\/wp-content\/uploads\/2025\/06\/OriM_Negro_Abajo_Cerrado-300x300.webp 300w, https:\/\/arteconfort.com\/wp-content\/uploads\/2025\/06\/OriM_Negro_Abajo_Cerrado-600x600.webp 600w, https:\/\/arteconfort.com\/wp-content\/uploads\/2025\/06\/OriM_Negro_Abajo_Cerrado-100x100.webp 100w\" sizes=\"auto, (max-width: 2000px) 100vw, 2000px\" \/><img loading=\"lazy\" decoding=\"async\" width=\"2000\" height=\"2000\" src=\"https:\/\/arteconfort.com\/wp-content\/uploads\/2025\/06\/OriM_Negro_Aspa.webp\" class=\"attachment-shop_catalog size-shop_catalog\" alt=\"\" srcset=\"https:\/\/arteconfort.com\/wp-content\/uploads\/2025\/06\/OriM_Negro_Aspa.webp 2000w, https:\/\/arteconfort.com\/wp-content\/uploads\/2025\/06\/OriM_Negro_Aspa-768x768.webp 768w, https:\/\/arteconfort.com\/wp-content\/uploads\/2025\/06\/OriM_Negro_Aspa-1536x1536.webp 1536w, https:\/\/arteconfort.com\/wp-content\/uploads\/2025\/06\/OriM_Negro_Aspa-340x340.webp 340w, https:\/\/arteconfort.com\/wp-content\/uploads\/2025\/06\/OriM_Negro_Aspa-640x640.webp 640w, https:\/\/arteconfort.com\/wp-content\/uploads\/2025\/06\/OriM_Negro_Aspa-960x960.webp 960w, https:\/\/arteconfort.com\/wp-content\/uploads\/2025\/06\/OriM_Negro_Aspa-1280x1280.webp 1280w, https:\/\/arteconfort.com\/wp-content\/uploads\/2025\/06\/OriM_Negro_Aspa-300x300.webp 300w, https:\/\/arteconfort.com\/wp-content\/uploads\/2025\/06\/OriM_Negro_Aspa-600x600.webp 600w, https:\/\/arteconfort.com\/wp-content\/uploads\/2025\/06\/OriM_Negro_Aspa-100x100.webp 100w\" sizes=\"auto, (max-width: 2000px) 100vw, 2000px\" \/><img loading=\"lazy\" decoding=\"async\" width=\"2000\" height=\"2000\" src=\"https:\/\/arteconfort.com\/wp-content\/uploads\/2025\/06\/OriM_Negro_Embellecedor.webp\" class=\"attachment-shop_catalog size-shop_catalog\" alt=\"\" srcset=\"https:\/\/arteconfort.com\/wp-content\/uploads\/2025\/06\/OriM_Negro_Embellecedor.webp 2000w, https:\/\/arteconfort.com\/wp-content\/uploads\/2025\/06\/OriM_Negro_Embellecedor-768x768.webp 768w, https:\/\/arteconfort.com\/wp-content\/uploads\/2025\/06\/OriM_Negro_Embellecedor-1536x1536.webp 1536w, https:\/\/arteconfort.com\/wp-content\/uploads\/2025\/06\/OriM_Negro_Embellecedor-340x340.webp 340w, https:\/\/arteconfort.com\/wp-content\/uploads\/2025\/06\/OriM_Negro_Embellecedor-640x640.webp 640w, https:\/\/arteconfort.com\/wp-content\/uploads\/2025\/06\/OriM_Negro_Embellecedor-960x960.webp 960w, https:\/\/arteconfort.com\/wp-content\/uploads\/2025\/06\/OriM_Negro_Embellecedor-1280x1280.webp 1280w, https:\/\/arteconfort.com\/wp-content\/uploads\/2025\/06\/OriM_Negro_Embellecedor-300x300.webp 300w, https:\/\/arteconfort.com\/wp-content\/uploads\/2025\/06\/OriM_Negro_Embellecedor-600x600.webp 600w, https:\/\/arteconfort.com\/wp-content\/uploads\/2025\/06\/OriM_Negro_Embellecedor-100x100.webp 100w\" sizes=\"auto, (max-width: 2000px) 100vw, 2000px\" \/><img loading=\"lazy\" decoding=\"async\" width=\"2000\" height=\"2000\" src=\"https:\/\/arteconfort.com\/wp-content\/uploads\/2025\/06\/OriM_Negro_Lateral_Abierto.webp\" class=\"attachment-shop_catalog size-shop_catalog\" alt=\"\" srcset=\"https:\/\/arteconfort.com\/wp-content\/uploads\/2025\/06\/OriM_Negro_Lateral_Abierto.webp 2000w, https:\/\/arteconfort.com\/wp-content\/uploads\/2025\/06\/OriM_Negro_Lateral_Abierto-768x768.webp 768w, https:\/\/arteconfort.com\/wp-content\/uploads\/2025\/06\/OriM_Negro_Lateral_Abierto-1536x1536.webp 1536w, https:\/\/arteconfort.com\/wp-content\/uploads\/2025\/06\/OriM_Negro_Lateral_Abierto-340x340.webp 340w, https:\/\/arteconfort.com\/wp-content\/uploads\/2025\/06\/OriM_Negro_Lateral_Abierto-640x640.webp 640w, https:\/\/arteconfort.com\/wp-content\/uploads\/2025\/06\/OriM_Negro_Lateral_Abierto-960x960.webp 960w, https:\/\/arteconfort.com\/wp-content\/uploads\/2025\/06\/OriM_Negro_Lateral_Abierto-1280x1280.webp 1280w, https:\/\/arteconfort.com\/wp-content\/uploads\/2025\/06\/OriM_Negro_Lateral_Abierto-300x300.webp 300w, https:\/\/arteconfort.com\/wp-content\/uploads\/2025\/06\/OriM_Negro_Lateral_Abierto-600x600.webp 600w, https:\/\/arteconfort.com\/wp-content\/uploads\/2025\/06\/OriM_Negro_Lateral_Abierto-100x100.webp 100w\" sizes=\"auto, (max-width: 2000px) 100vw, 2000px\" \/><img loading=\"lazy\" decoding=\"async\" width=\"2000\" height=\"2000\" src=\"https:\/\/arteconfort.com\/wp-content\/uploads\/2025\/06\/OriM_Negro_Lateral_Cerrado.webp\" class=\"attachment-shop_catalog size-shop_catalog\" alt=\"\" srcset=\"https:\/\/arteconfort.com\/wp-content\/uploads\/2025\/06\/OriM_Negro_Lateral_Cerrado.webp 2000w, https:\/\/arteconfort.com\/wp-content\/uploads\/2025\/06\/OriM_Negro_Lateral_Cerrado-768x768.webp 768w, https:\/\/arteconfort.com\/wp-content\/uploads\/2025\/06\/OriM_Negro_Lateral_Cerrado-1536x1536.webp 1536w, https:\/\/arteconfort.com\/wp-content\/uploads\/2025\/06\/OriM_Negro_Lateral_Cerrado-340x340.webp 340w, https:\/\/arteconfort.com\/wp-content\/uploads\/2025\/06\/OriM_Negro_Lateral_Cerrado-640x640.webp 640w, https:\/\/arteconfort.com\/wp-content\/uploads\/2025\/06\/OriM_Negro_Lateral_Cerrado-960x960.webp 960w, https:\/\/arteconfort.com\/wp-content\/uploads\/2025\/06\/OriM_Negro_Lateral_Cerrado-1280x1280.webp 1280w, https:\/\/arteconfort.com\/wp-content\/uploads\/2025\/06\/OriM_Negro_Lateral_Cerrado-300x300.webp 300w, https:\/\/arteconfort.com\/wp-content\/uploads\/2025\/06\/OriM_Negro_Lateral_Cerrado-600x600.webp 600w, https:\/\/arteconfort.com\/wp-content\/uploads\/2025\/06\/OriM_Negro_Lateral_Cerrado-100x100.webp 100w\" sizes=\"auto, (max-width: 2000px) 100vw, 2000px\" \/><img loading=\"lazy\" decoding=\"async\" width=\"2000\" height=\"2000\" src=\"https:\/\/arteconfort.com\/wp-content\/uploads\/2025\/06\/OriM_Negro_Producto_Abierto.webp\" class=\"attachment-shop_catalog size-shop_catalog\" alt=\"\" srcset=\"https:\/\/arteconfort.com\/wp-content\/uploads\/2025\/06\/OriM_Negro_Producto_Abierto.webp 2000w, https:\/\/arteconfort.com\/wp-content\/uploads\/2025\/06\/OriM_Negro_Producto_Abierto-768x768.webp 768w, https:\/\/arteconfort.com\/wp-content\/uploads\/2025\/06\/OriM_Negro_Producto_Abierto-1536x1536.webp 1536w, https:\/\/arteconfort.com\/wp-content\/uploads\/2025\/06\/OriM_Negro_Producto_Abierto-340x340.webp 340w, https:\/\/arteconfort.com\/wp-content\/uploads\/2025\/06\/OriM_Negro_Producto_Abierto-640x640.webp 640w, https:\/\/arteconfort.com\/wp-content\/uploads\/2025\/06\/OriM_Negro_Producto_Abierto-960x960.webp 960w, https:\/\/arteconfort.com\/wp-content\/uploads\/2025\/06\/OriM_Negro_Producto_Abierto-1280x1280.webp 1280w, https:\/\/arteconfort.com\/wp-content\/uploads\/2025\/06\/OriM_Negro_Producto_Abierto-300x300.webp 300w, https:\/\/arteconfort.com\/wp-content\/uploads\/2025\/06\/OriM_Negro_Producto_Abierto-600x600.webp 600w, https:\/\/arteconfort.com\/wp-content\/uploads\/2025\/06\/OriM_Negro_Producto_Abierto-100x100.webp 100w\" sizes=\"auto, (max-width: 2000px) 100vw, 2000px\" \/><img loading=\"lazy\" decoding=\"async\" width=\"2000\" height=\"2000\" src=\"https:\/\/arteconfort.com\/wp-content\/uploads\/2025\/06\/OriM_Negro_Producto_Cerrado.webp\" class=\"attachment-shop_catalog size-shop_catalog\" alt=\"\" srcset=\"https:\/\/arteconfort.com\/wp-content\/uploads\/2025\/06\/OriM_Negro_Producto_Cerrado.webp 2000w, https:\/\/arteconfort.com\/wp-content\/uploads\/2025\/06\/OriM_Negro_Producto_Cerrado-768x768.webp 768w, https:\/\/arteconfort.com\/wp-content\/uploads\/2025\/06\/OriM_Negro_Producto_Cerrado-1536x1536.webp 1536w, https:\/\/arteconfort.com\/wp-content\/uploads\/2025\/06\/OriM_Negro_Producto_Cerrado-340x340.webp 340w, https:\/\/arteconfort.com\/wp-content\/uploads\/2025\/06\/OriM_Negro_Producto_Cerrado-640x640.webp 640w, https:\/\/arteconfort.com\/wp-content\/uploads\/2025\/06\/OriM_Negro_Producto_Cerrado-960x960.webp 960w, https:\/\/arteconfort.com\/wp-content\/uploads\/2025\/06\/OriM_Negro_Producto_Cerrado-1280x1280.webp 1280w, https:\/\/arteconfort.com\/wp-content\/uploads\/2025\/06\/OriM_Negro_Producto_Cerrado-300x300.webp 300w, https:\/\/arteconfort.com\/wp-content\/uploads\/2025\/06\/OriM_Negro_Producto_Cerrado-600x600.webp 600w, https:\/\/arteconfort.com\/wp-content\/uploads\/2025\/06\/OriM_Negro_Producto_Cerrado-100x100.webp 100w\" sizes=\"auto, (max-width: 2000px) 100vw, 2000px\" \/><img loading=\"lazy\" decoding=\"async\" width=\"1024\" height=\"1024\" src=\"https:\/\/arteconfort.com\/wp-content\/uploads\/2025\/06\/ORI-M-Blanco-Grafico.jpg\" class=\"attachment-shop_catalog size-shop_catalog\" alt=\"\" srcset=\"https:\/\/arteconfort.com\/wp-content\/uploads\/2025\/06\/ORI-M-Blanco-Grafico.jpg 1024w, https:\/\/arteconfort.com\/wp-content\/uploads\/2025\/06\/ORI-M-Blanco-Grafico-768x768.jpg 768w, https:\/\/arteconfort.com\/wp-content\/uploads\/2025\/06\/ORI-M-Blanco-Grafico-340x340.jpg 340w, https:\/\/arteconfort.com\/wp-content\/uploads\/2025\/06\/ORI-M-Blanco-Grafico-640x640.jpg 640w, https:\/\/arteconfort.com\/wp-content\/uploads\/2025\/06\/ORI-M-Blanco-Grafico-960x960.jpg 960w, https:\/\/arteconfort.com\/wp-content\/uploads\/2025\/06\/ORI-M-Blanco-Grafico-300x300.jpg 300w, https:\/\/arteconfort.com\/wp-content\/uploads\/2025\/06\/ORI-M-Blanco-Grafico-600x600.jpg 600w, https:\/\/arteconfort.com\/wp-content\/uploads\/2025\/06\/ORI-M-Blanco-Grafico-100x100.jpg 100w\" sizes=\"auto, (max-width: 1024px) 100vw, 1024px\" \/><img loading=\"lazy\" decoding=\"async\" width=\"2000\" height=\"2000\" src=\"https:\/\/arteconfort.com\/wp-content\/uploads\/2025\/06\/ORI-M-Negro-Temperatura-03.webp\" class=\"attachment-shop_catalog size-shop_catalog\" alt=\"\" srcset=\"https:\/\/arteconfort.com\/wp-content\/uploads\/2025\/06\/ORI-M-Negro-Temperatura-03.webp 2000w, https:\/\/arteconfort.com\/wp-content\/uploads\/2025\/06\/ORI-M-Negro-Temperatura-03-768x768.webp 768w, https:\/\/arteconfort.com\/wp-content\/uploads\/2025\/06\/ORI-M-Negro-Temperatura-03-1536x1536.webp 1536w, https:\/\/arteconfort.com\/wp-content\/uploads\/2025\/06\/ORI-M-Negro-Temperatura-03-340x340.webp 340w, https:\/\/arteconfort.com\/wp-content\/uploads\/2025\/06\/ORI-M-Negro-Temperatura-03-640x640.webp 640w, https:\/\/arteconfort.com\/wp-content\/uploads\/2025\/06\/ORI-M-Negro-Temperatura-03-960x960.webp 960w, https:\/\/arteconfort.com\/wp-content\/uploads\/2025\/06\/ORI-M-Negro-Temperatura-03-1280x1280.webp 1280w, https:\/\/arteconfort.com\/wp-content\/uploads\/2025\/06\/ORI-M-Negro-Temperatura-03-300x300.webp 300w, https:\/\/arteconfort.com\/wp-content\/uploads\/2025\/06\/ORI-M-Negro-Temperatura-03-600x600.webp 600w, https:\/\/arteconfort.com\/wp-content\/uploads\/2025\/06\/ORI-M-Negro-Temperatura-03-100x100.webp 100w\" sizes=\"auto, (max-width: 2000px) 100vw, 2000px\" \/>\t<\/a>\n\t<div class=\"w-product-status\"><\/div>\t<span id=\"woocommerce_loop_add_to_cart_link_describedby_47945\" class=\"screen-reader-text\">\n\t\t\t<\/span>\n<\/div><figcaption><h2 class=\"woocommerce-loop-product__title\">ORI M<\/h2><div class=\"woocommerce-product-details__short-description\">\n\t<p>The ORI M concealed or retractable blades ceiling fan incorporates LED light and color temperature memory. It has<\/div>\n\n<\/figcaption><\/figure><\/li>\n<li class=\"product type-product post-21823 status-publish instock product_cat-climatizacion-en product_cat-collection-old-en product_cat-ventiladores-de-techo-en has-post-thumbnail shipping-taxable product-type-external w-item col-3\">\n\t<figure><div class=\"image-wrapper\">\t\t<a href=\"https:\/\/arteconfort.com\/en\/producto\/paris\/\" class=\"w-fadeslider\">\n\t<img loading=\"lazy\" decoding=\"async\" width=\"1024\" height=\"1024\" src=\"https:\/\/arteconfort.com\/wp-content\/uploads\/2023\/10\/PARIS.webp\" class=\"attachment-shop_catalog size-shop_catalog wp-post-image\" alt=\"\" srcset=\"https:\/\/arteconfort.com\/wp-content\/uploads\/2023\/10\/PARIS.webp 1024w, https:\/\/arteconfort.com\/wp-content\/uploads\/2023\/10\/PARIS-768x768.webp 768w, https:\/\/arteconfort.com\/wp-content\/uploads\/2023\/10\/PARIS-340x340.webp 340w, https:\/\/arteconfort.com\/wp-content\/uploads\/2023\/10\/PARIS-640x640.webp 640w, https:\/\/arteconfort.com\/wp-content\/uploads\/2023\/10\/PARIS-960x960.webp 960w, https:\/\/arteconfort.com\/wp-content\/uploads\/2023\/10\/PARIS-300x300.webp 300w, https:\/\/arteconfort.com\/wp-content\/uploads\/2023\/10\/PARIS-600x600.webp 600w, https:\/\/arteconfort.com\/wp-content\/uploads\/2023\/10\/PARIS-100x100.webp 100w, https:\/\/arteconfort.com\/wp-content\/uploads\/2023\/10\/PARIS-133x133.webp 133w\" sizes=\"auto, (max-width: 1024px) 100vw, 1024px\" \/>\t<img loading=\"lazy\" decoding=\"async\" width=\"1024\" height=\"1024\" src=\"https:\/\/arteconfort.com\/wp-content\/uploads\/2023\/10\/ambiente-PARIS.webp\" class=\"attachment-shop_catalog size-shop_catalog\" alt=\"\" srcset=\"https:\/\/arteconfort.com\/wp-content\/uploads\/2023\/10\/ambiente-PARIS.webp 1024w, https:\/\/arteconfort.com\/wp-content\/uploads\/2023\/10\/ambiente-PARIS-768x768.webp 768w, https:\/\/arteconfort.com\/wp-content\/uploads\/2023\/10\/ambiente-PARIS-340x340.webp 340w, https:\/\/arteconfort.com\/wp-content\/uploads\/2023\/10\/ambiente-PARIS-640x640.webp 640w, https:\/\/arteconfort.com\/wp-content\/uploads\/2023\/10\/ambiente-PARIS-960x960.webp 960w, https:\/\/arteconfort.com\/wp-content\/uploads\/2023\/10\/ambiente-PARIS-133x133.webp 133w, https:\/\/arteconfort.com\/wp-content\/uploads\/2023\/10\/ambiente-PARIS-300x300.webp 300w, https:\/\/arteconfort.com\/wp-content\/uploads\/2023\/10\/ambiente-PARIS-600x600.webp 600w, https:\/\/arteconfort.com\/wp-content\/uploads\/2023\/10\/ambiente-PARIS-100x100.webp 100w\" sizes=\"auto, (max-width: 1024px) 100vw, 1024px\" \/><img loading=\"lazy\" decoding=\"async\" width=\"1024\" height=\"1024\" src=\"https:\/\/arteconfort.com\/wp-content\/uploads\/2023\/10\/mando-PARIS.webp\" class=\"attachment-shop_catalog size-shop_catalog\" alt=\"\" srcset=\"https:\/\/arteconfort.com\/wp-content\/uploads\/2023\/10\/mando-PARIS.webp 1024w, https:\/\/arteconfort.com\/wp-content\/uploads\/2023\/10\/mando-PARIS-768x768.webp 768w, https:\/\/arteconfort.com\/wp-content\/uploads\/2023\/10\/mando-PARIS-340x340.webp 340w, https:\/\/arteconfort.com\/wp-content\/uploads\/2023\/10\/mando-PARIS-640x640.webp 640w, https:\/\/arteconfort.com\/wp-content\/uploads\/2023\/10\/mando-PARIS-960x960.webp 960w, https:\/\/arteconfort.com\/wp-content\/uploads\/2023\/10\/mando-PARIS-133x133.webp 133w, https:\/\/arteconfort.com\/wp-content\/uploads\/2023\/10\/mando-PARIS-300x300.webp 300w, https:\/\/arteconfort.com\/wp-content\/uploads\/2023\/10\/mando-PARIS-600x600.webp 600w, https:\/\/arteconfort.com\/wp-content\/uploads\/2023\/10\/mando-PARIS-100x100.webp 100w\" sizes=\"auto, (max-width: 1024px) 100vw, 1024px\" \/>\t<\/a>\n\t<div class=\"w-product-status\"><\/div>\t<span id=\"woocommerce_loop_add_to_cart_link_describedby_21823\" class=\"screen-reader-text\">\n\t\t\t<\/span>\n<\/div><div class=\"berocket_better_labels berocket_better_labels_image\"><div class=\"berocket_better_labels_position berocket_better_labels_position_right\"><div class=\"berocket_better_labels_line berocket_better_labels_line_1\"><div class=\"berocket_better_labels_inline berocket_better_labels_inline_1\"><div class=\"br_alabel br_alabel_type_text br_alabel_template_type_css berocket_alabel_id_22611  br_alabel_better_compatibility\" style=\"\"><span  style=\"\"><i style=\"background-color: #000000; border-color: #000000;\" class=\"template-span-before \"><\/i><i style=\"background-color: #000000; border-color: #000000;\" class=\"template-i \"><\/i><i style=\"background-color: #000000; border-color: #000000;\" class=\"template-i-before \"><\/i><i style=\"background-color: #000000; border-color: #000000;\" class=\"template-i-after \"><\/i><b style=\"position: relative;z-index: 100;text-align: center;color: inherit;\">Old collection<\/b><\/span><\/div><\/div><\/div><\/div><\/div><figcaption><h2 class=\"woocommerce-loop-product__title\">PARIS<\/h2><div class=\"woocommerce-product-details__short-description\">\n\t<p>The Paris ceiling fan has an integrated LED light, metal body and 5 blades in matt white, it<\/div>\n\n<\/figcaption><\/figure><\/li>\n<li class=\"product type-product post-25552 status-publish instock product_cat-climatizacion-en product_cat-collection-old-en product_cat-ventiladores-de-techo-en has-post-thumbnail shipping-taxable product-type-simple w-item col-3\">\n\t<figure><div class=\"image-wrapper\">\t\t<a href=\"https:\/\/arteconfort.com\/en\/producto\/patri\/\">\n\t<img loading=\"lazy\" decoding=\"async\" width=\"1024\" height=\"1024\" src=\"https:\/\/arteconfort.com\/wp-content\/uploads\/2023\/10\/PATRI.webp\" class=\"attachment-shop_catalog size-shop_catalog wp-post-image\" alt=\"\" srcset=\"https:\/\/arteconfort.com\/wp-content\/uploads\/2023\/10\/PATRI.webp 1024w, https:\/\/arteconfort.com\/wp-content\/uploads\/2023\/10\/PATRI-768x768.webp 768w, https:\/\/arteconfort.com\/wp-content\/uploads\/2023\/10\/PATRI-340x340.webp 340w, https:\/\/arteconfort.com\/wp-content\/uploads\/2023\/10\/PATRI-640x640.webp 640w, https:\/\/arteconfort.com\/wp-content\/uploads\/2023\/10\/PATRI-960x960.webp 960w, https:\/\/arteconfort.com\/wp-content\/uploads\/2023\/10\/PATRI-300x300.webp 300w, https:\/\/arteconfort.com\/wp-content\/uploads\/2023\/10\/PATRI-600x600.webp 600w, https:\/\/arteconfort.com\/wp-content\/uploads\/2023\/10\/PATRI-100x100.webp 100w, https:\/\/arteconfort.com\/wp-content\/uploads\/2023\/10\/PATRI-133x133.webp 133w\" sizes=\"auto, (max-width: 1024px) 100vw, 1024px\" \/>\t\t<\/a>\n\t<div class=\"w-product-status\"><\/div>\t<span id=\"woocommerce_loop_add_to_cart_link_describedby_25552\" class=\"screen-reader-text\">\n\t\t\t<\/span>\n<\/div><div class=\"berocket_better_labels berocket_better_labels_image\"><div class=\"berocket_better_labels_position berocket_better_labels_position_right\"><div class=\"berocket_better_labels_line berocket_better_labels_line_1\"><div class=\"berocket_better_labels_inline berocket_better_labels_inline_1\"><div class=\"br_alabel br_alabel_type_text br_alabel_template_type_css berocket_alabel_id_22611  br_alabel_better_compatibility\" style=\"\"><span  style=\"\"><i style=\"background-color: #000000; border-color: #000000;\" class=\"template-span-before \"><\/i><i style=\"background-color: #000000; border-color: #000000;\" class=\"template-i \"><\/i><i style=\"background-color: #000000; border-color: #000000;\" class=\"template-i-before \"><\/i><i style=\"background-color: #000000; border-color: #000000;\" class=\"template-i-after \"><\/i><b style=\"position: relative;z-index: 100;text-align: center;color: inherit;\">Old collection<\/b><\/span><\/div><\/div><\/div><\/div><\/div><figcaption><h2 class=\"woocommerce-loop-product__title\">PATRI<\/h2><div class=\"woocommerce-product-details__short-description\">\n\t<p>PATRI outdoor fan with integrated LED light and colour temperature memory. With a white body and 5 wooden<\/div>\n\n<\/figcaption><\/figure><\/li>\n<li class=\"product type-product post-25210 status-publish last instock product_cat-climatizacion-en product_cat-collection-old-en product_cat-ventiladores-de-techo-en has-post-thumbnail shipping-taxable product-type-simple w-item col-3\">\n\t<figure><div class=\"image-wrapper\">\t\t<a href=\"https:\/\/arteconfort.com\/en\/producto\/paula\/\" class=\"w-fadeslider\">\n\t<img loading=\"lazy\" decoding=\"async\" width=\"1024\" height=\"1024\" src=\"https:\/\/arteconfort.com\/wp-content\/uploads\/2023\/10\/PAULA-mando.webp\" class=\"attachment-shop_catalog size-shop_catalog wp-post-image\" alt=\"\" srcset=\"https:\/\/arteconfort.com\/wp-content\/uploads\/2023\/10\/PAULA-mando.webp 1024w, https:\/\/arteconfort.com\/wp-content\/uploads\/2023\/10\/PAULA-mando-768x768.webp 768w, https:\/\/arteconfort.com\/wp-content\/uploads\/2023\/10\/PAULA-mando-340x340.webp 340w, https:\/\/arteconfort.com\/wp-content\/uploads\/2023\/10\/PAULA-mando-640x640.webp 640w, https:\/\/arteconfort.com\/wp-content\/uploads\/2023\/10\/PAULA-mando-960x960.webp 960w, https:\/\/arteconfort.com\/wp-content\/uploads\/2023\/10\/PAULA-mando-300x300.webp 300w, https:\/\/arteconfort.com\/wp-content\/uploads\/2023\/10\/PAULA-mando-600x600.webp 600w, https:\/\/arteconfort.com\/wp-content\/uploads\/2023\/10\/PAULA-mando-100x100.webp 100w, https:\/\/arteconfort.com\/wp-content\/uploads\/2023\/10\/PAULA-mando-133x133.webp 133w\" sizes=\"auto, (max-width: 1024px) 100vw, 1024px\" \/>\t<img loading=\"lazy\" decoding=\"async\" width=\"1024\" height=\"1024\" src=\"https:\/\/arteconfort.com\/wp-content\/uploads\/2023\/10\/PAULA-ambiente.webp\" class=\"attachment-shop_catalog size-shop_catalog\" alt=\"\" srcset=\"https:\/\/arteconfort.com\/wp-content\/uploads\/2023\/10\/PAULA-ambiente.webp 1024w, https:\/\/arteconfort.com\/wp-content\/uploads\/2023\/10\/PAULA-ambiente-768x768.webp 768w, https:\/\/arteconfort.com\/wp-content\/uploads\/2023\/10\/PAULA-ambiente-340x340.webp 340w, https:\/\/arteconfort.com\/wp-content\/uploads\/2023\/10\/PAULA-ambiente-640x640.webp 640w, https:\/\/arteconfort.com\/wp-content\/uploads\/2023\/10\/PAULA-ambiente-960x960.webp 960w, https:\/\/arteconfort.com\/wp-content\/uploads\/2023\/10\/PAULA-ambiente-133x133.webp 133w, https:\/\/arteconfort.com\/wp-content\/uploads\/2023\/10\/PAULA-ambiente-300x300.webp 300w, https:\/\/arteconfort.com\/wp-content\/uploads\/2023\/10\/PAULA-ambiente-600x600.webp 600w, https:\/\/arteconfort.com\/wp-content\/uploads\/2023\/10\/PAULA-ambiente-100x100.webp 100w\" sizes=\"auto, (max-width: 1024px) 100vw, 1024px\" \/><img loading=\"lazy\" decoding=\"async\" width=\"1024\" height=\"1024\" src=\"https:\/\/arteconfort.com\/wp-content\/uploads\/2023\/10\/PAULA-luces.webp\" class=\"attachment-shop_catalog size-shop_catalog\" alt=\"\" srcset=\"https:\/\/arteconfort.com\/wp-content\/uploads\/2023\/10\/PAULA-luces.webp 1024w, https:\/\/arteconfort.com\/wp-content\/uploads\/2023\/10\/PAULA-luces-768x768.webp 768w, https:\/\/arteconfort.com\/wp-content\/uploads\/2023\/10\/PAULA-luces-340x340.webp 340w, https:\/\/arteconfort.com\/wp-content\/uploads\/2023\/10\/PAULA-luces-640x640.webp 640w, https:\/\/arteconfort.com\/wp-content\/uploads\/2023\/10\/PAULA-luces-960x960.webp 960w, https:\/\/arteconfort.com\/wp-content\/uploads\/2023\/10\/PAULA-luces-133x133.webp 133w, https:\/\/arteconfort.com\/wp-content\/uploads\/2023\/10\/PAULA-luces-300x300.webp 300w, https:\/\/arteconfort.com\/wp-content\/uploads\/2023\/10\/PAULA-luces-600x600.webp 600w, https:\/\/arteconfort.com\/wp-content\/uploads\/2023\/10\/PAULA-luces-100x100.webp 100w\" sizes=\"auto, (max-width: 1024px) 100vw, 1024px\" \/><img loading=\"lazy\" decoding=\"async\" width=\"1024\" height=\"1024\" src=\"https:\/\/arteconfort.com\/wp-content\/uploads\/2023\/10\/PAULA-detalle-4.webp\" class=\"attachment-shop_catalog size-shop_catalog\" alt=\"\" srcset=\"https:\/\/arteconfort.com\/wp-content\/uploads\/2023\/10\/PAULA-detalle-4.webp 1024w, https:\/\/arteconfort.com\/wp-content\/uploads\/2023\/10\/PAULA-detalle-4-768x768.webp 768w, https:\/\/arteconfort.com\/wp-content\/uploads\/2023\/10\/PAULA-detalle-4-340x340.webp 340w, https:\/\/arteconfort.com\/wp-content\/uploads\/2023\/10\/PAULA-detalle-4-640x640.webp 640w, https:\/\/arteconfort.com\/wp-content\/uploads\/2023\/10\/PAULA-detalle-4-960x960.webp 960w, https:\/\/arteconfort.com\/wp-content\/uploads\/2023\/10\/PAULA-detalle-4-133x133.webp 133w, https:\/\/arteconfort.com\/wp-content\/uploads\/2023\/10\/PAULA-detalle-4-300x300.webp 300w, https:\/\/arteconfort.com\/wp-content\/uploads\/2023\/10\/PAULA-detalle-4-600x600.webp 600w, https:\/\/arteconfort.com\/wp-content\/uploads\/2023\/10\/PAULA-detalle-4-100x100.webp 100w\" sizes=\"auto, (max-width: 1024px) 100vw, 1024px\" \/><img loading=\"lazy\" decoding=\"async\" width=\"1024\" height=\"1024\" src=\"https:\/\/arteconfort.com\/wp-content\/uploads\/2023\/10\/PAULA-detalle-3.webp\" class=\"attachment-shop_catalog size-shop_catalog\" alt=\"\" srcset=\"https:\/\/arteconfort.com\/wp-content\/uploads\/2023\/10\/PAULA-detalle-3.webp 1024w, https:\/\/arteconfort.com\/wp-content\/uploads\/2023\/10\/PAULA-detalle-3-768x768.webp 768w, https:\/\/arteconfort.com\/wp-content\/uploads\/2023\/10\/PAULA-detalle-3-340x340.webp 340w, https:\/\/arteconfort.com\/wp-content\/uploads\/2023\/10\/PAULA-detalle-3-640x640.webp 640w, https:\/\/arteconfort.com\/wp-content\/uploads\/2023\/10\/PAULA-detalle-3-960x960.webp 960w, https:\/\/arteconfort.com\/wp-content\/uploads\/2023\/10\/PAULA-detalle-3-133x133.webp 133w, https:\/\/arteconfort.com\/wp-content\/uploads\/2023\/10\/PAULA-detalle-3-300x300.webp 300w, https:\/\/arteconfort.com\/wp-content\/uploads\/2023\/10\/PAULA-detalle-3-600x600.webp 600w, https:\/\/arteconfort.com\/wp-content\/uploads\/2023\/10\/PAULA-detalle-3-100x100.webp 100w\" sizes=\"auto, (max-width: 1024px) 100vw, 1024px\" \/><img loading=\"lazy\" decoding=\"async\" width=\"1024\" height=\"1024\" src=\"https:\/\/arteconfort.com\/wp-content\/uploads\/2023\/10\/PAULA-detalle-2.webp\" class=\"attachment-shop_catalog size-shop_catalog\" alt=\"\" srcset=\"https:\/\/arteconfort.com\/wp-content\/uploads\/2023\/10\/PAULA-detalle-2.webp 1024w, https:\/\/arteconfort.com\/wp-content\/uploads\/2023\/10\/PAULA-detalle-2-768x768.webp 768w, https:\/\/arteconfort.com\/wp-content\/uploads\/2023\/10\/PAULA-detalle-2-340x340.webp 340w, https:\/\/arteconfort.com\/wp-content\/uploads\/2023\/10\/PAULA-detalle-2-640x640.webp 640w, https:\/\/arteconfort.com\/wp-content\/uploads\/2023\/10\/PAULA-detalle-2-960x960.webp 960w, https:\/\/arteconfort.com\/wp-content\/uploads\/2023\/10\/PAULA-detalle-2-133x133.webp 133w, https:\/\/arteconfort.com\/wp-content\/uploads\/2023\/10\/PAULA-detalle-2-300x300.webp 300w, https:\/\/arteconfort.com\/wp-content\/uploads\/2023\/10\/PAULA-detalle-2-600x600.webp 600w, https:\/\/arteconfort.com\/wp-content\/uploads\/2023\/10\/PAULA-detalle-2-100x100.webp 100w\" sizes=\"auto, (max-width: 1024px) 100vw, 1024px\" \/><img loading=\"lazy\" decoding=\"async\" width=\"1024\" height=\"1024\" src=\"https:\/\/arteconfort.com\/wp-content\/uploads\/2023\/10\/PAULA-detalle.webp\" class=\"attachment-shop_catalog size-shop_catalog\" alt=\"\" srcset=\"https:\/\/arteconfort.com\/wp-content\/uploads\/2023\/10\/PAULA-detalle.webp 1024w, https:\/\/arteconfort.com\/wp-content\/uploads\/2023\/10\/PAULA-detalle-768x768.webp 768w, https:\/\/arteconfort.com\/wp-content\/uploads\/2023\/10\/PAULA-detalle-340x340.webp 340w, https:\/\/arteconfort.com\/wp-content\/uploads\/2023\/10\/PAULA-detalle-640x640.webp 640w, https:\/\/arteconfort.com\/wp-content\/uploads\/2023\/10\/PAULA-detalle-960x960.webp 960w, https:\/\/arteconfort.com\/wp-content\/uploads\/2023\/10\/PAULA-detalle-133x133.webp 133w, https:\/\/arteconfort.com\/wp-content\/uploads\/2023\/10\/PAULA-detalle-300x300.webp 300w, https:\/\/arteconfort.com\/wp-content\/uploads\/2023\/10\/PAULA-detalle-600x600.webp 600w, https:\/\/arteconfort.com\/wp-content\/uploads\/2023\/10\/PAULA-detalle-100x100.webp 100w\" sizes=\"auto, (max-width: 1024px) 100vw, 1024px\" \/><img loading=\"lazy\" decoding=\"async\" width=\"1024\" height=\"1024\" src=\"https:\/\/arteconfort.com\/wp-content\/uploads\/2023\/10\/PAULA-ambiente-3.webp\" class=\"attachment-shop_catalog size-shop_catalog\" alt=\"\" srcset=\"https:\/\/arteconfort.com\/wp-content\/uploads\/2023\/10\/PAULA-ambiente-3.webp 1024w, https:\/\/arteconfort.com\/wp-content\/uploads\/2023\/10\/PAULA-ambiente-3-768x768.webp 768w, https:\/\/arteconfort.com\/wp-content\/uploads\/2023\/10\/PAULA-ambiente-3-340x340.webp 340w, https:\/\/arteconfort.com\/wp-content\/uploads\/2023\/10\/PAULA-ambiente-3-640x640.webp 640w, https:\/\/arteconfort.com\/wp-content\/uploads\/2023\/10\/PAULA-ambiente-3-960x960.webp 960w, https:\/\/arteconfort.com\/wp-content\/uploads\/2023\/10\/PAULA-ambiente-3-133x133.webp 133w, https:\/\/arteconfort.com\/wp-content\/uploads\/2023\/10\/PAULA-ambiente-3-300x300.webp 300w, https:\/\/arteconfort.com\/wp-content\/uploads\/2023\/10\/PAULA-ambiente-3-600x600.webp 600w, https:\/\/arteconfort.com\/wp-content\/uploads\/2023\/10\/PAULA-ambiente-3-100x100.webp 100w\" sizes=\"auto, (max-width: 1024px) 100vw, 1024px\" \/><img loading=\"lazy\" decoding=\"async\" width=\"1024\" height=\"1024\" src=\"https:\/\/arteconfort.com\/wp-content\/uploads\/2023\/10\/PAULA-ambiente-2.webp\" class=\"attachment-shop_catalog size-shop_catalog\" alt=\"\" srcset=\"https:\/\/arteconfort.com\/wp-content\/uploads\/2023\/10\/PAULA-ambiente-2.webp 1024w, https:\/\/arteconfort.com\/wp-content\/uploads\/2023\/10\/PAULA-ambiente-2-768x768.webp 768w, https:\/\/arteconfort.com\/wp-content\/uploads\/2023\/10\/PAULA-ambiente-2-340x340.webp 340w, https:\/\/arteconfort.com\/wp-content\/uploads\/2023\/10\/PAULA-ambiente-2-640x640.webp 640w, https:\/\/arteconfort.com\/wp-content\/uploads\/2023\/10\/PAULA-ambiente-2-960x960.webp 960w, https:\/\/arteconfort.com\/wp-content\/uploads\/2023\/10\/PAULA-ambiente-2-133x133.webp 133w, https:\/\/arteconfort.com\/wp-content\/uploads\/2023\/10\/PAULA-ambiente-2-300x300.webp 300w, https:\/\/arteconfort.com\/wp-content\/uploads\/2023\/10\/PAULA-ambiente-2-600x600.webp 600w, https:\/\/arteconfort.com\/wp-content\/uploads\/2023\/10\/PAULA-ambiente-2-100x100.webp 100w\" sizes=\"auto, (max-width: 1024px) 100vw, 1024px\" \/><img loading=\"lazy\" decoding=\"async\" width=\"1024\" height=\"1024\" src=\"https:\/\/arteconfort.com\/wp-content\/uploads\/2023\/10\/PAULA-grafico.webp\" class=\"attachment-shop_catalog size-shop_catalog\" alt=\"\" srcset=\"https:\/\/arteconfort.com\/wp-content\/uploads\/2023\/10\/PAULA-grafico.webp 1024w, https:\/\/arteconfort.com\/wp-content\/uploads\/2023\/10\/PAULA-grafico-768x768.webp 768w, https:\/\/arteconfort.com\/wp-content\/uploads\/2023\/10\/PAULA-grafico-340x340.webp 340w, https:\/\/arteconfort.com\/wp-content\/uploads\/2023\/10\/PAULA-grafico-640x640.webp 640w, https:\/\/arteconfort.com\/wp-content\/uploads\/2023\/10\/PAULA-grafico-960x960.webp 960w, https:\/\/arteconfort.com\/wp-content\/uploads\/2023\/10\/PAULA-grafico-133x133.webp 133w, https:\/\/arteconfort.com\/wp-content\/uploads\/2023\/10\/PAULA-grafico-300x300.webp 300w, https:\/\/arteconfort.com\/wp-content\/uploads\/2023\/10\/PAULA-grafico-600x600.webp 600w, https:\/\/arteconfort.com\/wp-content\/uploads\/2023\/10\/PAULA-grafico-100x100.webp 100w\" sizes=\"auto, (max-width: 1024px) 100vw, 1024px\" \/>\t<\/a>\n\t<div class=\"w-product-status\"><\/div>\t<span id=\"woocommerce_loop_add_to_cart_link_describedby_25210\" class=\"screen-reader-text\">\n\t\t\t<\/span>\n<\/div><div class=\"berocket_better_labels berocket_better_labels_image\"><div class=\"berocket_better_labels_position berocket_better_labels_position_right\"><div class=\"berocket_better_labels_line berocket_better_labels_line_1\"><div class=\"berocket_better_labels_inline berocket_better_labels_inline_1\"><div class=\"br_alabel br_alabel_type_text br_alabel_template_type_css berocket_alabel_id_22611  br_alabel_better_compatibility\" style=\"\"><span  style=\"\"><i style=\"background-color: #000000; border-color: #000000;\" class=\"template-span-before \"><\/i><i style=\"background-color: #000000; border-color: #000000;\" class=\"template-i \"><\/i><i style=\"background-color: #000000; border-color: #000000;\" class=\"template-i-before \"><\/i><i style=\"background-color: #000000; border-color: #000000;\" class=\"template-i-after \"><\/i><b style=\"position: relative;z-index: 100;text-align: center;color: inherit;\">Old collection<\/b><\/span><\/div><\/div><\/div><\/div><\/div><figcaption><h2 class=\"woocommerce-loop-product__title\">PAULA<\/h2><div class=\"woocommerce-product-details__short-description\">\n\t<p>PAULA ceiling fan with integrated LED light and colour temperature memory. It has a white body and 3<\/div>\n\n<\/figcaption><\/figure><\/li>\n<li class=\"product type-product post-45560 status-publish first instock product_cat-climatizacion-en product_cat-ventiladores-de-techo-en has-post-thumbnail shipping-taxable product-type-simple w-item col-3\">\n\t<figure><div class=\"image-wrapper\">\t\t<a href=\"https:\/\/arteconfort.com\/en\/producto\/phoebe-m\/\" class=\"w-fadeslider\">\n\t<img loading=\"lazy\" decoding=\"async\" width=\"1024\" height=\"1024\" src=\"https:\/\/arteconfort.com\/wp-content\/uploads\/2025\/04\/PHOEBE-M-Blanco-mando.webp\" class=\"attachment-shop_catalog size-shop_catalog wp-post-image\" alt=\"\" srcset=\"https:\/\/arteconfort.com\/wp-content\/uploads\/2025\/04\/PHOEBE-M-Blanco-mando.webp 1024w, https:\/\/arteconfort.com\/wp-content\/uploads\/2025\/04\/PHOEBE-M-Blanco-mando-768x768.webp 768w, https:\/\/arteconfort.com\/wp-content\/uploads\/2025\/04\/PHOEBE-M-Blanco-mando-340x340.webp 340w, https:\/\/arteconfort.com\/wp-content\/uploads\/2025\/04\/PHOEBE-M-Blanco-mando-640x640.webp 640w, https:\/\/arteconfort.com\/wp-content\/uploads\/2025\/04\/PHOEBE-M-Blanco-mando-960x960.webp 960w, https:\/\/arteconfort.com\/wp-content\/uploads\/2025\/04\/PHOEBE-M-Blanco-mando-300x300.webp 300w, https:\/\/arteconfort.com\/wp-content\/uploads\/2025\/04\/PHOEBE-M-Blanco-mando-600x600.webp 600w, https:\/\/arteconfort.com\/wp-content\/uploads\/2025\/04\/PHOEBE-M-Blanco-mando-100x100.webp 100w\" sizes=\"auto, (max-width: 1024px) 100vw, 1024px\" \/>\t<img loading=\"lazy\" decoding=\"async\" width=\"1024\" height=\"1024\" src=\"https:\/\/arteconfort.com\/wp-content\/uploads\/2025\/04\/PHOEBE-M-Verde-mando.webp\" class=\"attachment-shop_catalog size-shop_catalog\" alt=\"\" srcset=\"https:\/\/arteconfort.com\/wp-content\/uploads\/2025\/04\/PHOEBE-M-Verde-mando.webp 1024w, https:\/\/arteconfort.com\/wp-content\/uploads\/2025\/04\/PHOEBE-M-Verde-mando-768x768.webp 768w, https:\/\/arteconfort.com\/wp-content\/uploads\/2025\/04\/PHOEBE-M-Verde-mando-340x340.webp 340w, https:\/\/arteconfort.com\/wp-content\/uploads\/2025\/04\/PHOEBE-M-Verde-mando-640x640.webp 640w, https:\/\/arteconfort.com\/wp-content\/uploads\/2025\/04\/PHOEBE-M-Verde-mando-960x960.webp 960w, https:\/\/arteconfort.com\/wp-content\/uploads\/2025\/04\/PHOEBE-M-Verde-mando-300x300.webp 300w, https:\/\/arteconfort.com\/wp-content\/uploads\/2025\/04\/PHOEBE-M-Verde-mando-600x600.webp 600w, https:\/\/arteconfort.com\/wp-content\/uploads\/2025\/04\/PHOEBE-M-Verde-mando-100x100.webp 100w\" sizes=\"auto, (max-width: 1024px) 100vw, 1024px\" \/><img loading=\"lazy\" decoding=\"async\" width=\"1024\" height=\"1024\" src=\"https:\/\/arteconfort.com\/wp-content\/uploads\/2025\/04\/94051386-tz-01-1.webp\" class=\"attachment-shop_catalog size-shop_catalog\" alt=\"\" srcset=\"https:\/\/arteconfort.com\/wp-content\/uploads\/2025\/04\/94051386-tz-01-1.webp 1024w, https:\/\/arteconfort.com\/wp-content\/uploads\/2025\/04\/94051386-tz-01-1-768x768.webp 768w, https:\/\/arteconfort.com\/wp-content\/uploads\/2025\/04\/94051386-tz-01-1-340x340.webp 340w, https:\/\/arteconfort.com\/wp-content\/uploads\/2025\/04\/94051386-tz-01-1-640x640.webp 640w, https:\/\/arteconfort.com\/wp-content\/uploads\/2025\/04\/94051386-tz-01-1-960x960.webp 960w, https:\/\/arteconfort.com\/wp-content\/uploads\/2025\/04\/94051386-tz-01-1-300x300.webp 300w, https:\/\/arteconfort.com\/wp-content\/uploads\/2025\/04\/94051386-tz-01-1-600x600.webp 600w, https:\/\/arteconfort.com\/wp-content\/uploads\/2025\/04\/94051386-tz-01-1-100x100.webp 100w\" sizes=\"auto, (max-width: 1024px) 100vw, 1024px\" \/><img loading=\"lazy\" decoding=\"async\" width=\"1024\" height=\"1024\" src=\"https:\/\/arteconfort.com\/wp-content\/uploads\/2025\/04\/94051387-tz-01.webp\" class=\"attachment-shop_catalog size-shop_catalog\" alt=\"\" srcset=\"https:\/\/arteconfort.com\/wp-content\/uploads\/2025\/04\/94051387-tz-01.webp 1024w, https:\/\/arteconfort.com\/wp-content\/uploads\/2025\/04\/94051387-tz-01-768x768.webp 768w, https:\/\/arteconfort.com\/wp-content\/uploads\/2025\/04\/94051387-tz-01-340x340.webp 340w, https:\/\/arteconfort.com\/wp-content\/uploads\/2025\/04\/94051387-tz-01-640x640.webp 640w, https:\/\/arteconfort.com\/wp-content\/uploads\/2025\/04\/94051387-tz-01-960x960.webp 960w, https:\/\/arteconfort.com\/wp-content\/uploads\/2025\/04\/94051387-tz-01-300x300.webp 300w, https:\/\/arteconfort.com\/wp-content\/uploads\/2025\/04\/94051387-tz-01-600x600.webp 600w, https:\/\/arteconfort.com\/wp-content\/uploads\/2025\/04\/94051387-tz-01-100x100.webp 100w\" sizes=\"auto, (max-width: 1024px) 100vw, 1024px\" \/><img loading=\"lazy\" decoding=\"async\" width=\"2000\" height=\"2000\" src=\"https:\/\/arteconfort.com\/wp-content\/uploads\/2025\/04\/PHOEBE-M-grafico.webp\" class=\"attachment-shop_catalog size-shop_catalog\" alt=\"\" srcset=\"https:\/\/arteconfort.com\/wp-content\/uploads\/2025\/04\/PHOEBE-M-grafico.webp 2000w, https:\/\/arteconfort.com\/wp-content\/uploads\/2025\/04\/PHOEBE-M-grafico-768x768.webp 768w, https:\/\/arteconfort.com\/wp-content\/uploads\/2025\/04\/PHOEBE-M-grafico-1536x1536.webp 1536w, https:\/\/arteconfort.com\/wp-content\/uploads\/2025\/04\/PHOEBE-M-grafico-340x340.webp 340w, https:\/\/arteconfort.com\/wp-content\/uploads\/2025\/04\/PHOEBE-M-grafico-640x640.webp 640w, https:\/\/arteconfort.com\/wp-content\/uploads\/2025\/04\/PHOEBE-M-grafico-960x960.webp 960w, https:\/\/arteconfort.com\/wp-content\/uploads\/2025\/04\/PHOEBE-M-grafico-1280x1280.webp 1280w, https:\/\/arteconfort.com\/wp-content\/uploads\/2025\/04\/PHOEBE-M-grafico-300x300.webp 300w, https:\/\/arteconfort.com\/wp-content\/uploads\/2025\/04\/PHOEBE-M-grafico-600x600.webp 600w, https:\/\/arteconfort.com\/wp-content\/uploads\/2025\/04\/PHOEBE-M-grafico-100x100.webp 100w\" sizes=\"auto, (max-width: 2000px) 100vw, 2000px\" \/>\t<\/a>\n\t<div class=\"w-product-status\"><\/div>\t<span id=\"woocommerce_loop_add_to_cart_link_describedby_45560\" class=\"screen-reader-text\">\n\t\t\t<\/span>\n<\/div><figcaption><h2 class=\"woocommerce-loop-product__title\">PHOEBE M<\/h2><div class=\"woocommerce-product-details__short-description\">\n\t<p>PHOEBE M traditional blades fan with integrated LED light, high luminous flux and color temperature memory. It has<\/div>\n\n<\/figcaption><\/figure><\/li>\n<li class=\"product type-product post-45618 status-publish instock product_cat-climatizacion-en product_cat-ventiladores-de-techo-en has-post-thumbnail shipping-taxable product-type-simple w-item col-3\">\n\t<figure><div class=\"image-wrapper\">\t\t<a href=\"https:\/\/arteconfort.com\/en\/producto\/phoebe-s\/\" class=\"w-fadeslider\">\n\t<img loading=\"lazy\" decoding=\"async\" width=\"1024\" height=\"1024\" src=\"https:\/\/arteconfort.com\/wp-content\/uploads\/2025\/04\/PHOEBE-S-Blanco-mando.webp\" class=\"attachment-shop_catalog size-shop_catalog wp-post-image\" alt=\"\" srcset=\"https:\/\/arteconfort.com\/wp-content\/uploads\/2025\/04\/PHOEBE-S-Blanco-mando.webp 1024w, https:\/\/arteconfort.com\/wp-content\/uploads\/2025\/04\/PHOEBE-S-Blanco-mando-768x768.webp 768w, https:\/\/arteconfort.com\/wp-content\/uploads\/2025\/04\/PHOEBE-S-Blanco-mando-340x340.webp 340w, https:\/\/arteconfort.com\/wp-content\/uploads\/2025\/04\/PHOEBE-S-Blanco-mando-640x640.webp 640w, https:\/\/arteconfort.com\/wp-content\/uploads\/2025\/04\/PHOEBE-S-Blanco-mando-960x960.webp 960w, https:\/\/arteconfort.com\/wp-content\/uploads\/2025\/04\/PHOEBE-S-Blanco-mando-300x300.webp 300w, https:\/\/arteconfort.com\/wp-content\/uploads\/2025\/04\/PHOEBE-S-Blanco-mando-600x600.webp 600w, https:\/\/arteconfort.com\/wp-content\/uploads\/2025\/04\/PHOEBE-S-Blanco-mando-100x100.webp 100w\" sizes=\"auto, (max-width: 1024px) 100vw, 1024px\" \/>\t<img loading=\"lazy\" decoding=\"async\" width=\"1024\" height=\"1024\" src=\"https:\/\/arteconfort.com\/wp-content\/uploads\/2025\/04\/PHOEBE-S-Verde-mando.webp\" class=\"attachment-shop_catalog size-shop_catalog\" alt=\"\" srcset=\"https:\/\/arteconfort.com\/wp-content\/uploads\/2025\/04\/PHOEBE-S-Verde-mando.webp 1024w, https:\/\/arteconfort.com\/wp-content\/uploads\/2025\/04\/PHOEBE-S-Verde-mando-768x768.webp 768w, https:\/\/arteconfort.com\/wp-content\/uploads\/2025\/04\/PHOEBE-S-Verde-mando-340x340.webp 340w, https:\/\/arteconfort.com\/wp-content\/uploads\/2025\/04\/PHOEBE-S-Verde-mando-640x640.webp 640w, https:\/\/arteconfort.com\/wp-content\/uploads\/2025\/04\/PHOEBE-S-Verde-mando-960x960.webp 960w, https:\/\/arteconfort.com\/wp-content\/uploads\/2025\/04\/PHOEBE-S-Verde-mando-300x300.webp 300w, https:\/\/arteconfort.com\/wp-content\/uploads\/2025\/04\/PHOEBE-S-Verde-mando-600x600.webp 600w, https:\/\/arteconfort.com\/wp-content\/uploads\/2025\/04\/PHOEBE-S-Verde-mando-100x100.webp 100w\" sizes=\"auto, (max-width: 1024px) 100vw, 1024px\" \/><img loading=\"lazy\" decoding=\"async\" width=\"1024\" height=\"1024\" src=\"https:\/\/arteconfort.com\/wp-content\/uploads\/2025\/04\/94051388-tz-01.webp\" class=\"attachment-shop_catalog size-shop_catalog\" alt=\"\" srcset=\"https:\/\/arteconfort.com\/wp-content\/uploads\/2025\/04\/94051388-tz-01.webp 1024w, https:\/\/arteconfort.com\/wp-content\/uploads\/2025\/04\/94051388-tz-01-768x768.webp 768w, https:\/\/arteconfort.com\/wp-content\/uploads\/2025\/04\/94051388-tz-01-340x340.webp 340w, https:\/\/arteconfort.com\/wp-content\/uploads\/2025\/04\/94051388-tz-01-640x640.webp 640w, https:\/\/arteconfort.com\/wp-content\/uploads\/2025\/04\/94051388-tz-01-960x960.webp 960w, https:\/\/arteconfort.com\/wp-content\/uploads\/2025\/04\/94051388-tz-01-300x300.webp 300w, https:\/\/arteconfort.com\/wp-content\/uploads\/2025\/04\/94051388-tz-01-600x600.webp 600w, https:\/\/arteconfort.com\/wp-content\/uploads\/2025\/04\/94051388-tz-01-100x100.webp 100w\" sizes=\"auto, (max-width: 1024px) 100vw, 1024px\" \/><img loading=\"lazy\" decoding=\"async\" width=\"1024\" height=\"1024\" src=\"https:\/\/arteconfort.com\/wp-content\/uploads\/2025\/04\/94051389-tz-01.webp\" class=\"attachment-shop_catalog size-shop_catalog\" alt=\"\" srcset=\"https:\/\/arteconfort.com\/wp-content\/uploads\/2025\/04\/94051389-tz-01.webp 1024w, https:\/\/arteconfort.com\/wp-content\/uploads\/2025\/04\/94051389-tz-01-768x768.webp 768w, https:\/\/arteconfort.com\/wp-content\/uploads\/2025\/04\/94051389-tz-01-340x340.webp 340w, https:\/\/arteconfort.com\/wp-content\/uploads\/2025\/04\/94051389-tz-01-640x640.webp 640w, https:\/\/arteconfort.com\/wp-content\/uploads\/2025\/04\/94051389-tz-01-960x960.webp 960w, https:\/\/arteconfort.com\/wp-content\/uploads\/2025\/04\/94051389-tz-01-300x300.webp 300w, https:\/\/arteconfort.com\/wp-content\/uploads\/2025\/04\/94051389-tz-01-600x600.webp 600w, https:\/\/arteconfort.com\/wp-content\/uploads\/2025\/04\/94051389-tz-01-100x100.webp 100w\" sizes=\"auto, (max-width: 1024px) 100vw, 1024px\" \/><img loading=\"lazy\" decoding=\"async\" width=\"2000\" height=\"2000\" src=\"https:\/\/arteconfort.com\/wp-content\/uploads\/2025\/04\/PHOEBE-S-grafico.webp\" class=\"attachment-shop_catalog size-shop_catalog\" alt=\"\" srcset=\"https:\/\/arteconfort.com\/wp-content\/uploads\/2025\/04\/PHOEBE-S-grafico.webp 2000w, https:\/\/arteconfort.com\/wp-content\/uploads\/2025\/04\/PHOEBE-S-grafico-768x768.webp 768w, https:\/\/arteconfort.com\/wp-content\/uploads\/2025\/04\/PHOEBE-S-grafico-1536x1536.webp 1536w, https:\/\/arteconfort.com\/wp-content\/uploads\/2025\/04\/PHOEBE-S-grafico-340x340.webp 340w, https:\/\/arteconfort.com\/wp-content\/uploads\/2025\/04\/PHOEBE-S-grafico-640x640.webp 640w, https:\/\/arteconfort.com\/wp-content\/uploads\/2025\/04\/PHOEBE-S-grafico-960x960.webp 960w, https:\/\/arteconfort.com\/wp-content\/uploads\/2025\/04\/PHOEBE-S-grafico-1280x1280.webp 1280w, https:\/\/arteconfort.com\/wp-content\/uploads\/2025\/04\/PHOEBE-S-grafico-300x300.webp 300w, https:\/\/arteconfort.com\/wp-content\/uploads\/2025\/04\/PHOEBE-S-grafico-600x600.webp 600w, https:\/\/arteconfort.com\/wp-content\/uploads\/2025\/04\/PHOEBE-S-grafico-100x100.webp 100w\" sizes=\"auto, (max-width: 2000px) 100vw, 2000px\" \/>\t<\/a>\n\t<div class=\"w-product-status\"><\/div>\t<span id=\"woocommerce_loop_add_to_cart_link_describedby_45618\" class=\"screen-reader-text\">\n\t\t\t<\/span>\n<\/div><figcaption><h2 class=\"woocommerce-loop-product__title\">PHOEBE S<\/h2><div class=\"woocommerce-product-details__short-description\">\n\t<p>PHOEBE S traditional blades fan with integrated LED light, high luminous flux and color temperature memory. It has<\/div>\n\n<\/figcaption><\/figure><\/li>\n<li class=\"product type-product post-42791 status-publish instock product_cat-climatizacion-en product_cat-collection-old-en product_cat-ventiladores-de-techo-en has-post-thumbnail shipping-taxable product-type-simple w-item col-3\">\n\t<figure><div class=\"image-wrapper\">\t\t<a href=\"https:\/\/arteconfort.com\/en\/producto\/pilar-s\/\" class=\"w-fadeslider\">\n\t<img loading=\"lazy\" decoding=\"async\" width=\"1024\" height=\"1024\" src=\"https:\/\/arteconfort.com\/wp-content\/uploads\/2024\/06\/ventilador-PILAR-S-foto-con-mando-a-distancia.webp\" class=\"attachment-shop_catalog size-shop_catalog wp-post-image\" alt=\"Ventilador PILAR S foto con mando a distancia\" srcset=\"https:\/\/arteconfort.com\/wp-content\/uploads\/2024\/06\/ventilador-PILAR-S-foto-con-mando-a-distancia.webp 1024w, https:\/\/arteconfort.com\/wp-content\/uploads\/2024\/06\/ventilador-PILAR-S-foto-con-mando-a-distancia-768x768.webp 768w, https:\/\/arteconfort.com\/wp-content\/uploads\/2024\/06\/ventilador-PILAR-S-foto-con-mando-a-distancia-340x340.webp 340w, https:\/\/arteconfort.com\/wp-content\/uploads\/2024\/06\/ventilador-PILAR-S-foto-con-mando-a-distancia-640x640.webp 640w, https:\/\/arteconfort.com\/wp-content\/uploads\/2024\/06\/ventilador-PILAR-S-foto-con-mando-a-distancia-960x960.webp 960w, https:\/\/arteconfort.com\/wp-content\/uploads\/2024\/06\/ventilador-PILAR-S-foto-con-mando-a-distancia-300x300.webp 300w, https:\/\/arteconfort.com\/wp-content\/uploads\/2024\/06\/ventilador-PILAR-S-foto-con-mando-a-distancia-600x600.webp 600w, https:\/\/arteconfort.com\/wp-content\/uploads\/2024\/06\/ventilador-PILAR-S-foto-con-mando-a-distancia-100x100.webp 100w, https:\/\/arteconfort.com\/wp-content\/uploads\/2024\/06\/ventilador-PILAR-S-foto-con-mando-a-distancia-133x133.webp 133w\" sizes=\"auto, (max-width: 1024px) 100vw, 1024px\" \/>\t<img loading=\"lazy\" decoding=\"async\" width=\"1024\" height=\"1024\" src=\"https:\/\/arteconfort.com\/wp-content\/uploads\/2024\/06\/ventilador-PILAR-S-foto-ambiente-dia.webp\" class=\"attachment-shop_catalog size-shop_catalog\" alt=\"Ventilador PILAR S foto ambiente dia\" srcset=\"https:\/\/arteconfort.com\/wp-content\/uploads\/2024\/06\/ventilador-PILAR-S-foto-ambiente-dia.webp 1024w, https:\/\/arteconfort.com\/wp-content\/uploads\/2024\/06\/ventilador-PILAR-S-foto-ambiente-dia-768x768.webp 768w, https:\/\/arteconfort.com\/wp-content\/uploads\/2024\/06\/ventilador-PILAR-S-foto-ambiente-dia-340x340.webp 340w, https:\/\/arteconfort.com\/wp-content\/uploads\/2024\/06\/ventilador-PILAR-S-foto-ambiente-dia-640x640.webp 640w, https:\/\/arteconfort.com\/wp-content\/uploads\/2024\/06\/ventilador-PILAR-S-foto-ambiente-dia-960x960.webp 960w, https:\/\/arteconfort.com\/wp-content\/uploads\/2024\/06\/ventilador-PILAR-S-foto-ambiente-dia-133x133.webp 133w, https:\/\/arteconfort.com\/wp-content\/uploads\/2024\/06\/ventilador-PILAR-S-foto-ambiente-dia-300x300.webp 300w, https:\/\/arteconfort.com\/wp-content\/uploads\/2024\/06\/ventilador-PILAR-S-foto-ambiente-dia-600x600.webp 600w, https:\/\/arteconfort.com\/wp-content\/uploads\/2024\/06\/ventilador-PILAR-S-foto-ambiente-dia-100x100.webp 100w\" sizes=\"auto, (max-width: 1024px) 100vw, 1024px\" \/><img loading=\"lazy\" decoding=\"async\" width=\"1024\" height=\"1024\" src=\"https:\/\/arteconfort.com\/wp-content\/uploads\/2024\/06\/ventilador-PILAR-S-foto-plafon.webp\" class=\"attachment-shop_catalog size-shop_catalog\" alt=\"Ventilador PILAR S foto plafon\" srcset=\"https:\/\/arteconfort.com\/wp-content\/uploads\/2024\/06\/ventilador-PILAR-S-foto-plafon.webp 1024w, https:\/\/arteconfort.com\/wp-content\/uploads\/2024\/06\/ventilador-PILAR-S-foto-plafon-768x768.webp 768w, https:\/\/arteconfort.com\/wp-content\/uploads\/2024\/06\/ventilador-PILAR-S-foto-plafon-340x340.webp 340w, https:\/\/arteconfort.com\/wp-content\/uploads\/2024\/06\/ventilador-PILAR-S-foto-plafon-640x640.webp 640w, https:\/\/arteconfort.com\/wp-content\/uploads\/2024\/06\/ventilador-PILAR-S-foto-plafon-960x960.webp 960w, https:\/\/arteconfort.com\/wp-content\/uploads\/2024\/06\/ventilador-PILAR-S-foto-plafon-133x133.webp 133w, https:\/\/arteconfort.com\/wp-content\/uploads\/2024\/06\/ventilador-PILAR-S-foto-plafon-300x300.webp 300w, https:\/\/arteconfort.com\/wp-content\/uploads\/2024\/06\/ventilador-PILAR-S-foto-plafon-600x600.webp 600w, https:\/\/arteconfort.com\/wp-content\/uploads\/2024\/06\/ventilador-PILAR-S-foto-plafon-100x100.webp 100w\" sizes=\"auto, (max-width: 1024px) 100vw, 1024px\" \/><img loading=\"lazy\" decoding=\"async\" width=\"1024\" height=\"1024\" src=\"https:\/\/arteconfort.com\/wp-content\/uploads\/2024\/06\/ventilador-PILAR-S-foto-vista-desde-abajo.webp\" class=\"attachment-shop_catalog size-shop_catalog\" alt=\"Ventilador PILAR S foto vista desde abajo\" srcset=\"https:\/\/arteconfort.com\/wp-content\/uploads\/2024\/06\/ventilador-PILAR-S-foto-vista-desde-abajo.webp 1024w, https:\/\/arteconfort.com\/wp-content\/uploads\/2024\/06\/ventilador-PILAR-S-foto-vista-desde-abajo-768x768.webp 768w, https:\/\/arteconfort.com\/wp-content\/uploads\/2024\/06\/ventilador-PILAR-S-foto-vista-desde-abajo-340x340.webp 340w, https:\/\/arteconfort.com\/wp-content\/uploads\/2024\/06\/ventilador-PILAR-S-foto-vista-desde-abajo-640x640.webp 640w, https:\/\/arteconfort.com\/wp-content\/uploads\/2024\/06\/ventilador-PILAR-S-foto-vista-desde-abajo-960x960.webp 960w, https:\/\/arteconfort.com\/wp-content\/uploads\/2024\/06\/ventilador-PILAR-S-foto-vista-desde-abajo-133x133.webp 133w, https:\/\/arteconfort.com\/wp-content\/uploads\/2024\/06\/ventilador-PILAR-S-foto-vista-desde-abajo-300x300.webp 300w, https:\/\/arteconfort.com\/wp-content\/uploads\/2024\/06\/ventilador-PILAR-S-foto-vista-desde-abajo-600x600.webp 600w, https:\/\/arteconfort.com\/wp-content\/uploads\/2024\/06\/ventilador-PILAR-S-foto-vista-desde-abajo-100x100.webp 100w\" sizes=\"auto, (max-width: 1024px) 100vw, 1024px\" \/><img loading=\"lazy\" decoding=\"async\" width=\"1024\" height=\"1024\" src=\"https:\/\/arteconfort.com\/wp-content\/uploads\/2024\/06\/ventilador-PILAR-S-foto-aspa-transparente.webp\" class=\"attachment-shop_catalog size-shop_catalog\" alt=\"Ventilador PILAR S foto aspa transparente\" srcset=\"https:\/\/arteconfort.com\/wp-content\/uploads\/2024\/06\/ventilador-PILAR-S-foto-aspa-transparente.webp 1024w, https:\/\/arteconfort.com\/wp-content\/uploads\/2024\/06\/ventilador-PILAR-S-foto-aspa-transparente-768x768.webp 768w, https:\/\/arteconfort.com\/wp-content\/uploads\/2024\/06\/ventilador-PILAR-S-foto-aspa-transparente-340x340.webp 340w, https:\/\/arteconfort.com\/wp-content\/uploads\/2024\/06\/ventilador-PILAR-S-foto-aspa-transparente-640x640.webp 640w, https:\/\/arteconfort.com\/wp-content\/uploads\/2024\/06\/ventilador-PILAR-S-foto-aspa-transparente-960x960.webp 960w, https:\/\/arteconfort.com\/wp-content\/uploads\/2024\/06\/ventilador-PILAR-S-foto-aspa-transparente-133x133.webp 133w, https:\/\/arteconfort.com\/wp-content\/uploads\/2024\/06\/ventilador-PILAR-S-foto-aspa-transparente-300x300.webp 300w, https:\/\/arteconfort.com\/wp-content\/uploads\/2024\/06\/ventilador-PILAR-S-foto-aspa-transparente-600x600.webp 600w, https:\/\/arteconfort.com\/wp-content\/uploads\/2024\/06\/ventilador-PILAR-S-foto-aspa-transparente-100x100.webp 100w\" sizes=\"auto, (max-width: 1024px) 100vw, 1024px\" \/><img loading=\"lazy\" decoding=\"async\" width=\"1024\" height=\"1024\" src=\"https:\/\/arteconfort.com\/wp-content\/uploads\/2024\/06\/ventilador-PILAR-S-foto-aspas-plegadas.webp\" class=\"attachment-shop_catalog size-shop_catalog\" alt=\"Ventilador PILAR S foto aspas plegadas\" srcset=\"https:\/\/arteconfort.com\/wp-content\/uploads\/2024\/06\/ventilador-PILAR-S-foto-aspas-plegadas.webp 1024w, https:\/\/arteconfort.com\/wp-content\/uploads\/2024\/06\/ventilador-PILAR-S-foto-aspas-plegadas-768x768.webp 768w, https:\/\/arteconfort.com\/wp-content\/uploads\/2024\/06\/ventilador-PILAR-S-foto-aspas-plegadas-340x340.webp 340w, https:\/\/arteconfort.com\/wp-content\/uploads\/2024\/06\/ventilador-PILAR-S-foto-aspas-plegadas-640x640.webp 640w, https:\/\/arteconfort.com\/wp-content\/uploads\/2024\/06\/ventilador-PILAR-S-foto-aspas-plegadas-960x960.webp 960w, https:\/\/arteconfort.com\/wp-content\/uploads\/2024\/06\/ventilador-PILAR-S-foto-aspas-plegadas-133x133.webp 133w, https:\/\/arteconfort.com\/wp-content\/uploads\/2024\/06\/ventilador-PILAR-S-foto-aspas-plegadas-300x300.webp 300w, https:\/\/arteconfort.com\/wp-content\/uploads\/2024\/06\/ventilador-PILAR-S-foto-aspas-plegadas-600x600.webp 600w, https:\/\/arteconfort.com\/wp-content\/uploads\/2024\/06\/ventilador-PILAR-S-foto-aspas-plegadas-100x100.webp 100w\" sizes=\"auto, (max-width: 1024px) 100vw, 1024px\" \/><img loading=\"lazy\" decoding=\"async\" width=\"1024\" height=\"1024\" src=\"https:\/\/arteconfort.com\/wp-content\/uploads\/2024\/06\/ventilador-PILAR-S-foto-aspas-desplegadas.webp\" class=\"attachment-shop_catalog size-shop_catalog\" alt=\"Ventilador PILAR S foto aspas desplegadas\" srcset=\"https:\/\/arteconfort.com\/wp-content\/uploads\/2024\/06\/ventilador-PILAR-S-foto-aspas-desplegadas.webp 1024w, https:\/\/arteconfort.com\/wp-content\/uploads\/2024\/06\/ventilador-PILAR-S-foto-aspas-desplegadas-768x768.webp 768w, https:\/\/arteconfort.com\/wp-content\/uploads\/2024\/06\/ventilador-PILAR-S-foto-aspas-desplegadas-340x340.webp 340w, https:\/\/arteconfort.com\/wp-content\/uploads\/2024\/06\/ventilador-PILAR-S-foto-aspas-desplegadas-640x640.webp 640w, https:\/\/arteconfort.com\/wp-content\/uploads\/2024\/06\/ventilador-PILAR-S-foto-aspas-desplegadas-960x960.webp 960w, https:\/\/arteconfort.com\/wp-content\/uploads\/2024\/06\/ventilador-PILAR-S-foto-aspas-desplegadas-133x133.webp 133w, https:\/\/arteconfort.com\/wp-content\/uploads\/2024\/06\/ventilador-PILAR-S-foto-aspas-desplegadas-300x300.webp 300w, https:\/\/arteconfort.com\/wp-content\/uploads\/2024\/06\/ventilador-PILAR-S-foto-aspas-desplegadas-600x600.webp 600w, https:\/\/arteconfort.com\/wp-content\/uploads\/2024\/06\/ventilador-PILAR-S-foto-aspas-desplegadas-100x100.webp 100w\" sizes=\"auto, (max-width: 1024px) 100vw, 1024px\" \/><img loading=\"lazy\" decoding=\"async\" width=\"1024\" height=\"1024\" src=\"https:\/\/arteconfort.com\/wp-content\/uploads\/2024\/06\/ventilador-PILAR-S-foto-mando-distancia.webp\" class=\"attachment-shop_catalog size-shop_catalog\" alt=\"Ventilador PILAR S foto mando distancia\" srcset=\"https:\/\/arteconfort.com\/wp-content\/uploads\/2024\/06\/ventilador-PILAR-S-foto-mando-distancia.webp 1024w, https:\/\/arteconfort.com\/wp-content\/uploads\/2024\/06\/ventilador-PILAR-S-foto-mando-distancia-768x768.webp 768w, https:\/\/arteconfort.com\/wp-content\/uploads\/2024\/06\/ventilador-PILAR-S-foto-mando-distancia-340x340.webp 340w, https:\/\/arteconfort.com\/wp-content\/uploads\/2024\/06\/ventilador-PILAR-S-foto-mando-distancia-640x640.webp 640w, https:\/\/arteconfort.com\/wp-content\/uploads\/2024\/06\/ventilador-PILAR-S-foto-mando-distancia-960x960.webp 960w, https:\/\/arteconfort.com\/wp-content\/uploads\/2024\/06\/ventilador-PILAR-S-foto-mando-distancia-133x133.webp 133w, https:\/\/arteconfort.com\/wp-content\/uploads\/2024\/06\/ventilador-PILAR-S-foto-mando-distancia-300x300.webp 300w, https:\/\/arteconfort.com\/wp-content\/uploads\/2024\/06\/ventilador-PILAR-S-foto-mando-distancia-600x600.webp 600w, https:\/\/arteconfort.com\/wp-content\/uploads\/2024\/06\/ventilador-PILAR-S-foto-mando-distancia-100x100.webp 100w\" sizes=\"auto, (max-width: 1024px) 100vw, 1024px\" \/><img loading=\"lazy\" decoding=\"async\" width=\"1024\" height=\"1024\" src=\"https:\/\/arteconfort.com\/wp-content\/uploads\/2024\/06\/ventilador-PILAR-S-foto-dimensiones.webp\" class=\"attachment-shop_catalog size-shop_catalog\" alt=\"Ventilador PILAR S foto dimensiones\" srcset=\"https:\/\/arteconfort.com\/wp-content\/uploads\/2024\/06\/ventilador-PILAR-S-foto-dimensiones.webp 1024w, https:\/\/arteconfort.com\/wp-content\/uploads\/2024\/06\/ventilador-PILAR-S-foto-dimensiones-768x768.webp 768w, https:\/\/arteconfort.com\/wp-content\/uploads\/2024\/06\/ventilador-PILAR-S-foto-dimensiones-340x340.webp 340w, https:\/\/arteconfort.com\/wp-content\/uploads\/2024\/06\/ventilador-PILAR-S-foto-dimensiones-640x640.webp 640w, https:\/\/arteconfort.com\/wp-content\/uploads\/2024\/06\/ventilador-PILAR-S-foto-dimensiones-960x960.webp 960w, https:\/\/arteconfort.com\/wp-content\/uploads\/2024\/06\/ventilador-PILAR-S-foto-dimensiones-133x133.webp 133w, https:\/\/arteconfort.com\/wp-content\/uploads\/2024\/06\/ventilador-PILAR-S-foto-dimensiones-300x300.webp 300w, https:\/\/arteconfort.com\/wp-content\/uploads\/2024\/06\/ventilador-PILAR-S-foto-dimensiones-600x600.webp 600w, https:\/\/arteconfort.com\/wp-content\/uploads\/2024\/06\/ventilador-PILAR-S-foto-dimensiones-100x100.webp 100w\" sizes=\"auto, (max-width: 1024px) 100vw, 1024px\" \/><img loading=\"lazy\" decoding=\"async\" width=\"1024\" height=\"1024\" src=\"https:\/\/arteconfort.com\/wp-content\/uploads\/2024\/06\/ventilador-PILAR-S-foto-temperaturas-de-color.webp\" class=\"attachment-shop_catalog size-shop_catalog\" alt=\"Ventilador PILAR S foto temperaturas de color\" srcset=\"https:\/\/arteconfort.com\/wp-content\/uploads\/2024\/06\/ventilador-PILAR-S-foto-temperaturas-de-color.webp 1024w, https:\/\/arteconfort.com\/wp-content\/uploads\/2024\/06\/ventilador-PILAR-S-foto-temperaturas-de-color-768x768.webp 768w, https:\/\/arteconfort.com\/wp-content\/uploads\/2024\/06\/ventilador-PILAR-S-foto-temperaturas-de-color-340x340.webp 340w, https:\/\/arteconfort.com\/wp-content\/uploads\/2024\/06\/ventilador-PILAR-S-foto-temperaturas-de-color-640x640.webp 640w, https:\/\/arteconfort.com\/wp-content\/uploads\/2024\/06\/ventilador-PILAR-S-foto-temperaturas-de-color-960x960.webp 960w, https:\/\/arteconfort.com\/wp-content\/uploads\/2024\/06\/ventilador-PILAR-S-foto-temperaturas-de-color-133x133.webp 133w, https:\/\/arteconfort.com\/wp-content\/uploads\/2024\/06\/ventilador-PILAR-S-foto-temperaturas-de-color-300x300.webp 300w, https:\/\/arteconfort.com\/wp-content\/uploads\/2024\/06\/ventilador-PILAR-S-foto-temperaturas-de-color-600x600.webp 600w, https:\/\/arteconfort.com\/wp-content\/uploads\/2024\/06\/ventilador-PILAR-S-foto-temperaturas-de-color-100x100.webp 100w\" sizes=\"auto, (max-width: 1024px) 100vw, 1024px\" \/><img loading=\"lazy\" decoding=\"async\" width=\"1024\" height=\"1024\" src=\"https:\/\/arteconfort.com\/wp-content\/uploads\/2024\/06\/ventilador-PILAR-S-foto-ambiente-luz-calida.webp\" class=\"attachment-shop_catalog size-shop_catalog\" alt=\"Ventilador PILAR S foto ambiente luz calida\" srcset=\"https:\/\/arteconfort.com\/wp-content\/uploads\/2024\/06\/ventilador-PILAR-S-foto-ambiente-luz-calida.webp 1024w, https:\/\/arteconfort.com\/wp-content\/uploads\/2024\/06\/ventilador-PILAR-S-foto-ambiente-luz-calida-768x768.webp 768w, https:\/\/arteconfort.com\/wp-content\/uploads\/2024\/06\/ventilador-PILAR-S-foto-ambiente-luz-calida-340x340.webp 340w, https:\/\/arteconfort.com\/wp-content\/uploads\/2024\/06\/ventilador-PILAR-S-foto-ambiente-luz-calida-640x640.webp 640w, https:\/\/arteconfort.com\/wp-content\/uploads\/2024\/06\/ventilador-PILAR-S-foto-ambiente-luz-calida-960x960.webp 960w, https:\/\/arteconfort.com\/wp-content\/uploads\/2024\/06\/ventilador-PILAR-S-foto-ambiente-luz-calida-133x133.webp 133w, https:\/\/arteconfort.com\/wp-content\/uploads\/2024\/06\/ventilador-PILAR-S-foto-ambiente-luz-calida-300x300.webp 300w, https:\/\/arteconfort.com\/wp-content\/uploads\/2024\/06\/ventilador-PILAR-S-foto-ambiente-luz-calida-600x600.webp 600w, https:\/\/arteconfort.com\/wp-content\/uploads\/2024\/06\/ventilador-PILAR-S-foto-ambiente-luz-calida-100x100.webp 100w\" sizes=\"auto, (max-width: 1024px) 100vw, 1024px\" \/><img loading=\"lazy\" decoding=\"async\" width=\"1024\" height=\"1024\" src=\"https:\/\/arteconfort.com\/wp-content\/uploads\/2024\/06\/ventilador-PILAR-S-foto-ambiente-luz-neutra.webp\" class=\"attachment-shop_catalog size-shop_catalog\" alt=\"Ventilador PILAR S foto ambiente luz neutra\" srcset=\"https:\/\/arteconfort.com\/wp-content\/uploads\/2024\/06\/ventilador-PILAR-S-foto-ambiente-luz-neutra.webp 1024w, https:\/\/arteconfort.com\/wp-content\/uploads\/2024\/06\/ventilador-PILAR-S-foto-ambiente-luz-neutra-768x768.webp 768w, https:\/\/arteconfort.com\/wp-content\/uploads\/2024\/06\/ventilador-PILAR-S-foto-ambiente-luz-neutra-340x340.webp 340w, https:\/\/arteconfort.com\/wp-content\/uploads\/2024\/06\/ventilador-PILAR-S-foto-ambiente-luz-neutra-640x640.webp 640w, https:\/\/arteconfort.com\/wp-content\/uploads\/2024\/06\/ventilador-PILAR-S-foto-ambiente-luz-neutra-960x960.webp 960w, https:\/\/arteconfort.com\/wp-content\/uploads\/2024\/06\/ventilador-PILAR-S-foto-ambiente-luz-neutra-133x133.webp 133w, https:\/\/arteconfort.com\/wp-content\/uploads\/2024\/06\/ventilador-PILAR-S-foto-ambiente-luz-neutra-300x300.webp 300w, https:\/\/arteconfort.com\/wp-content\/uploads\/2024\/06\/ventilador-PILAR-S-foto-ambiente-luz-neutra-600x600.webp 600w, https:\/\/arteconfort.com\/wp-content\/uploads\/2024\/06\/ventilador-PILAR-S-foto-ambiente-luz-neutra-100x100.webp 100w\" sizes=\"auto, (max-width: 1024px) 100vw, 1024px\" \/><img loading=\"lazy\" decoding=\"async\" width=\"1024\" height=\"1024\" src=\"https:\/\/arteconfort.com\/wp-content\/uploads\/2024\/06\/ventilador-PILAR-S-foto-ambiente-luz-neutra-tenue.webp\" class=\"attachment-shop_catalog size-shop_catalog\" alt=\"Ventilador PILAR S foto ambiente luz neutra tenue\" srcset=\"https:\/\/arteconfort.com\/wp-content\/uploads\/2024\/06\/ventilador-PILAR-S-foto-ambiente-luz-neutra-tenue.webp 1024w, https:\/\/arteconfort.com\/wp-content\/uploads\/2024\/06\/ventilador-PILAR-S-foto-ambiente-luz-neutra-tenue-768x768.webp 768w, https:\/\/arteconfort.com\/wp-content\/uploads\/2024\/06\/ventilador-PILAR-S-foto-ambiente-luz-neutra-tenue-340x340.webp 340w, https:\/\/arteconfort.com\/wp-content\/uploads\/2024\/06\/ventilador-PILAR-S-foto-ambiente-luz-neutra-tenue-640x640.webp 640w, https:\/\/arteconfort.com\/wp-content\/uploads\/2024\/06\/ventilador-PILAR-S-foto-ambiente-luz-neutra-tenue-960x960.webp 960w, https:\/\/arteconfort.com\/wp-content\/uploads\/2024\/06\/ventilador-PILAR-S-foto-ambiente-luz-neutra-tenue-133x133.webp 133w, https:\/\/arteconfort.com\/wp-content\/uploads\/2024\/06\/ventilador-PILAR-S-foto-ambiente-luz-neutra-tenue-300x300.webp 300w, https:\/\/arteconfort.com\/wp-content\/uploads\/2024\/06\/ventilador-PILAR-S-foto-ambiente-luz-neutra-tenue-600x600.webp 600w, https:\/\/arteconfort.com\/wp-content\/uploads\/2024\/06\/ventilador-PILAR-S-foto-ambiente-luz-neutra-tenue-100x100.webp 100w\" sizes=\"auto, (max-width: 1024px) 100vw, 1024px\" \/><img loading=\"lazy\" decoding=\"async\" width=\"1024\" height=\"1024\" src=\"https:\/\/arteconfort.com\/wp-content\/uploads\/2024\/06\/ventilador-PILAR-S-foto-ambiente-luz-fria.webp\" class=\"attachment-shop_catalog size-shop_catalog\" alt=\"Ventilador PILAR S foto ambiente luz fria\" srcset=\"https:\/\/arteconfort.com\/wp-content\/uploads\/2024\/06\/ventilador-PILAR-S-foto-ambiente-luz-fria.webp 1024w, https:\/\/arteconfort.com\/wp-content\/uploads\/2024\/06\/ventilador-PILAR-S-foto-ambiente-luz-fria-768x768.webp 768w, https:\/\/arteconfort.com\/wp-content\/uploads\/2024\/06\/ventilador-PILAR-S-foto-ambiente-luz-fria-340x340.webp 340w, https:\/\/arteconfort.com\/wp-content\/uploads\/2024\/06\/ventilador-PILAR-S-foto-ambiente-luz-fria-640x640.webp 640w, https:\/\/arteconfort.com\/wp-content\/uploads\/2024\/06\/ventilador-PILAR-S-foto-ambiente-luz-fria-960x960.webp 960w, https:\/\/arteconfort.com\/wp-content\/uploads\/2024\/06\/ventilador-PILAR-S-foto-ambiente-luz-fria-133x133.webp 133w, https:\/\/arteconfort.com\/wp-content\/uploads\/2024\/06\/ventilador-PILAR-S-foto-ambiente-luz-fria-300x300.webp 300w, https:\/\/arteconfort.com\/wp-content\/uploads\/2024\/06\/ventilador-PILAR-S-foto-ambiente-luz-fria-600x600.webp 600w, https:\/\/arteconfort.com\/wp-content\/uploads\/2024\/06\/ventilador-PILAR-S-foto-ambiente-luz-fria-100x100.webp 100w\" sizes=\"auto, (max-width: 1024px) 100vw, 1024px\" \/>\t<\/a>\n\t<div class=\"w-product-status\"><\/div>\t<span id=\"woocommerce_loop_add_to_cart_link_describedby_42791\" class=\"screen-reader-text\">\n\t\t\t<\/span>\n<\/div><div class=\"berocket_better_labels berocket_better_labels_image\"><div class=\"berocket_better_labels_position berocket_better_labels_position_right\"><div class=\"berocket_better_labels_line berocket_better_labels_line_1\"><div class=\"berocket_better_labels_inline berocket_better_labels_inline_1\"><div class=\"br_alabel br_alabel_type_text br_alabel_template_type_css berocket_alabel_id_22611  br_alabel_better_compatibility\" style=\"\"><span  style=\"\"><i style=\"background-color: #000000; border-color: #000000;\" class=\"template-span-before \"><\/i><i style=\"background-color: #000000; border-color: #000000;\" class=\"template-i \"><\/i><i style=\"background-color: #000000; border-color: #000000;\" class=\"template-i-before \"><\/i><i style=\"background-color: #000000; border-color: #000000;\" class=\"template-i-after \"><\/i><b style=\"position: relative;z-index: 100;text-align: center;color: inherit;\">Old collection<\/b><\/span><\/div><\/div><\/div><\/div><\/div><figcaption><h2 class=\"woocommerce-loop-product__title\">PILAR S<\/h2><div class=\"woocommerce-product-details__short-description\">\n\t<p>The PILAR S ceiling fan incorporates LED light and color temperature memory. It has a metal body and<\/div>\n\n<\/figcaption><\/figure><\/li>\n<li class=\"product type-product post-45707 status-publish last instock product_cat-climatizacion-en product_cat-ventiladores-de-techo-en has-post-thumbnail shipping-taxable product-type-simple w-item col-3\">\n\t<figure><div class=\"image-wrapper\">\t\t<a href=\"https:\/\/arteconfort.com\/en\/producto\/procy-l\/\" class=\"w-fadeslider\">\n\t<img loading=\"lazy\" decoding=\"async\" width=\"1024\" height=\"1024\" src=\"https:\/\/arteconfort.com\/wp-content\/uploads\/2025\/04\/PROCY-L-mando-01.webp\" class=\"attachment-shop_catalog size-shop_catalog wp-post-image\" alt=\"\" srcset=\"https:\/\/arteconfort.com\/wp-content\/uploads\/2025\/04\/PROCY-L-mando-01.webp 1024w, https:\/\/arteconfort.com\/wp-content\/uploads\/2025\/04\/PROCY-L-mando-01-768x768.webp 768w, https:\/\/arteconfort.com\/wp-content\/uploads\/2025\/04\/PROCY-L-mando-01-340x340.webp 340w, https:\/\/arteconfort.com\/wp-content\/uploads\/2025\/04\/PROCY-L-mando-01-640x640.webp 640w, https:\/\/arteconfort.com\/wp-content\/uploads\/2025\/04\/PROCY-L-mando-01-960x960.webp 960w, https:\/\/arteconfort.com\/wp-content\/uploads\/2025\/04\/PROCY-L-mando-01-300x300.webp 300w, https:\/\/arteconfort.com\/wp-content\/uploads\/2025\/04\/PROCY-L-mando-01-600x600.webp 600w, https:\/\/arteconfort.com\/wp-content\/uploads\/2025\/04\/PROCY-L-mando-01-100x100.webp 100w\" sizes=\"auto, (max-width: 1024px) 100vw, 1024px\" \/>\t<img loading=\"lazy\" decoding=\"async\" width=\"1024\" height=\"1024\" src=\"https:\/\/arteconfort.com\/wp-content\/uploads\/2025\/04\/94051370-tz-01.webp\" class=\"attachment-shop_catalog size-shop_catalog\" alt=\"\" srcset=\"https:\/\/arteconfort.com\/wp-content\/uploads\/2025\/04\/94051370-tz-01.webp 1024w, https:\/\/arteconfort.com\/wp-content\/uploads\/2025\/04\/94051370-tz-01-768x768.webp 768w, https:\/\/arteconfort.com\/wp-content\/uploads\/2025\/04\/94051370-tz-01-340x340.webp 340w, https:\/\/arteconfort.com\/wp-content\/uploads\/2025\/04\/94051370-tz-01-640x640.webp 640w, https:\/\/arteconfort.com\/wp-content\/uploads\/2025\/04\/94051370-tz-01-960x960.webp 960w, https:\/\/arteconfort.com\/wp-content\/uploads\/2025\/04\/94051370-tz-01-300x300.webp 300w, https:\/\/arteconfort.com\/wp-content\/uploads\/2025\/04\/94051370-tz-01-600x600.webp 600w, https:\/\/arteconfort.com\/wp-content\/uploads\/2025\/04\/94051370-tz-01-100x100.webp 100w\" sizes=\"auto, (max-width: 1024px) 100vw, 1024px\" \/><img loading=\"lazy\" decoding=\"async\" width=\"1024\" height=\"1024\" src=\"https:\/\/arteconfort.com\/wp-content\/uploads\/2025\/04\/PROCY-L-grafico-05.webp\" class=\"attachment-shop_catalog size-shop_catalog\" alt=\"\" srcset=\"https:\/\/arteconfort.com\/wp-content\/uploads\/2025\/04\/PROCY-L-grafico-05.webp 1024w, https:\/\/arteconfort.com\/wp-content\/uploads\/2025\/04\/PROCY-L-grafico-05-768x768.webp 768w, https:\/\/arteconfort.com\/wp-content\/uploads\/2025\/04\/PROCY-L-grafico-05-340x340.webp 340w, https:\/\/arteconfort.com\/wp-content\/uploads\/2025\/04\/PROCY-L-grafico-05-640x640.webp 640w, https:\/\/arteconfort.com\/wp-content\/uploads\/2025\/04\/PROCY-L-grafico-05-960x960.webp 960w, https:\/\/arteconfort.com\/wp-content\/uploads\/2025\/04\/PROCY-L-grafico-05-300x300.webp 300w, https:\/\/arteconfort.com\/wp-content\/uploads\/2025\/04\/PROCY-L-grafico-05-600x600.webp 600w, https:\/\/arteconfort.com\/wp-content\/uploads\/2025\/04\/PROCY-L-grafico-05-100x100.webp 100w\" sizes=\"auto, (max-width: 1024px) 100vw, 1024px\" \/>\t<\/a>\n\t<div class=\"w-product-status\"><\/div>\t<span id=\"woocommerce_loop_add_to_cart_link_describedby_45707\" class=\"screen-reader-text\">\n\t\t\t<\/span>\n<\/div><figcaption><h2 class=\"woocommerce-loop-product__title\">PROCY L<\/h2><div class=\"woocommerce-product-details__short-description\">\n\t<p>PROCY L retractable fan with integrated LED light, high luminous flux and color temperature memory. It has a<\/div>\n\n<\/figcaption><\/figure><\/li>\n<li class=\"product type-product post-45712 status-publish first instock product_cat-climatizacion-en product_cat-ventiladores-de-techo-en has-post-thumbnail shipping-taxable product-type-simple w-item col-3\">\n\t<figure><div class=\"image-wrapper\">\t\t<a href=\"https:\/\/arteconfort.com\/en\/producto\/procy-m\/\" class=\"w-fadeslider\">\n\t<img loading=\"lazy\" decoding=\"async\" width=\"1024\" height=\"1024\" src=\"https:\/\/arteconfort.com\/wp-content\/uploads\/2025\/04\/PROCY-M-mando-01.webp\" class=\"attachment-shop_catalog size-shop_catalog wp-post-image\" alt=\"\" srcset=\"https:\/\/arteconfort.com\/wp-content\/uploads\/2025\/04\/PROCY-M-mando-01.webp 1024w, https:\/\/arteconfort.com\/wp-content\/uploads\/2025\/04\/PROCY-M-mando-01-768x768.webp 768w, https:\/\/arteconfort.com\/wp-content\/uploads\/2025\/04\/PROCY-M-mando-01-340x340.webp 340w, https:\/\/arteconfort.com\/wp-content\/uploads\/2025\/04\/PROCY-M-mando-01-640x640.webp 640w, https:\/\/arteconfort.com\/wp-content\/uploads\/2025\/04\/PROCY-M-mando-01-960x960.webp 960w, https:\/\/arteconfort.com\/wp-content\/uploads\/2025\/04\/PROCY-M-mando-01-300x300.webp 300w, https:\/\/arteconfort.com\/wp-content\/uploads\/2025\/04\/PROCY-M-mando-01-600x600.webp 600w, https:\/\/arteconfort.com\/wp-content\/uploads\/2025\/04\/PROCY-M-mando-01-100x100.webp 100w\" sizes=\"auto, (max-width: 1024px) 100vw, 1024px\" \/>\t<img loading=\"lazy\" decoding=\"async\" width=\"1024\" height=\"1024\" src=\"https:\/\/arteconfort.com\/wp-content\/uploads\/2025\/04\/94051369-p-02.webp\" class=\"attachment-shop_catalog size-shop_catalog\" alt=\"\" srcset=\"https:\/\/arteconfort.com\/wp-content\/uploads\/2025\/04\/94051369-p-02.webp 1024w, https:\/\/arteconfort.com\/wp-content\/uploads\/2025\/04\/94051369-p-02-768x768.webp 768w, https:\/\/arteconfort.com\/wp-content\/uploads\/2025\/04\/94051369-p-02-340x340.webp 340w, https:\/\/arteconfort.com\/wp-content\/uploads\/2025\/04\/94051369-p-02-640x640.webp 640w, https:\/\/arteconfort.com\/wp-content\/uploads\/2025\/04\/94051369-p-02-960x960.webp 960w, https:\/\/arteconfort.com\/wp-content\/uploads\/2025\/04\/94051369-p-02-300x300.webp 300w, https:\/\/arteconfort.com\/wp-content\/uploads\/2025\/04\/94051369-p-02-600x600.webp 600w, https:\/\/arteconfort.com\/wp-content\/uploads\/2025\/04\/94051369-p-02-100x100.webp 100w\" sizes=\"auto, (max-width: 1024px) 100vw, 1024px\" \/><img loading=\"lazy\" decoding=\"async\" width=\"1024\" height=\"1024\" src=\"https:\/\/arteconfort.com\/wp-content\/uploads\/2025\/04\/94051369-tz-01.webp\" class=\"attachment-shop_catalog size-shop_catalog\" alt=\"\" srcset=\"https:\/\/arteconfort.com\/wp-content\/uploads\/2025\/04\/94051369-tz-01.webp 1024w, https:\/\/arteconfort.com\/wp-content\/uploads\/2025\/04\/94051369-tz-01-768x768.webp 768w, https:\/\/arteconfort.com\/wp-content\/uploads\/2025\/04\/94051369-tz-01-340x340.webp 340w, https:\/\/arteconfort.com\/wp-content\/uploads\/2025\/04\/94051369-tz-01-640x640.webp 640w, https:\/\/arteconfort.com\/wp-content\/uploads\/2025\/04\/94051369-tz-01-960x960.webp 960w, https:\/\/arteconfort.com\/wp-content\/uploads\/2025\/04\/94051369-tz-01-300x300.webp 300w, https:\/\/arteconfort.com\/wp-content\/uploads\/2025\/04\/94051369-tz-01-600x600.webp 600w, https:\/\/arteconfort.com\/wp-content\/uploads\/2025\/04\/94051369-tz-01-100x100.webp 100w\" sizes=\"auto, (max-width: 1024px) 100vw, 1024px\" \/><img loading=\"lazy\" decoding=\"async\" width=\"1024\" height=\"1024\" src=\"https:\/\/arteconfort.com\/wp-content\/uploads\/2025\/04\/PROCY-M-grafico-05.webp\" class=\"attachment-shop_catalog size-shop_catalog\" alt=\"\" srcset=\"https:\/\/arteconfort.com\/wp-content\/uploads\/2025\/04\/PROCY-M-grafico-05.webp 1024w, https:\/\/arteconfort.com\/wp-content\/uploads\/2025\/04\/PROCY-M-grafico-05-768x768.webp 768w, https:\/\/arteconfort.com\/wp-content\/uploads\/2025\/04\/PROCY-M-grafico-05-340x340.webp 340w, https:\/\/arteconfort.com\/wp-content\/uploads\/2025\/04\/PROCY-M-grafico-05-640x640.webp 640w, https:\/\/arteconfort.com\/wp-content\/uploads\/2025\/04\/PROCY-M-grafico-05-960x960.webp 960w, https:\/\/arteconfort.com\/wp-content\/uploads\/2025\/04\/PROCY-M-grafico-05-300x300.webp 300w, https:\/\/arteconfort.com\/wp-content\/uploads\/2025\/04\/PROCY-M-grafico-05-600x600.webp 600w, https:\/\/arteconfort.com\/wp-content\/uploads\/2025\/04\/PROCY-M-grafico-05-100x100.webp 100w\" sizes=\"auto, (max-width: 1024px) 100vw, 1024px\" \/>\t<\/a>\n\t<div class=\"w-product-status\"><\/div>\t<span id=\"woocommerce_loop_add_to_cart_link_describedby_45712\" class=\"screen-reader-text\">\n\t\t\t<\/span>\n<\/div><figcaption><h2 class=\"woocommerce-loop-product__title\">PROCY M<\/h2><div class=\"woocommerce-product-details__short-description\">\n\t<p>PROCY M retractable or hinged blade fan with integrated LED light, high luminous flux and color temperature memory.<\/div>\n\n<\/figcaption><\/figure><\/li>\n<li class=\"product type-product post-45753 status-publish instock product_cat-climatizacion-en product_cat-ventiladores-de-techo-en has-post-thumbnail shipping-taxable product-type-simple w-item col-3\">\n\t<figure><div class=\"image-wrapper\">\t\t<a href=\"https:\/\/arteconfort.com\/en\/producto\/procy-s\/\" class=\"w-fadeslider\">\n\t<img loading=\"lazy\" decoding=\"async\" width=\"1024\" height=\"1024\" src=\"https:\/\/arteconfort.com\/wp-content\/uploads\/2025\/04\/PROCY-S-mando-01.webp\" class=\"attachment-shop_catalog size-shop_catalog wp-post-image\" alt=\"\" srcset=\"https:\/\/arteconfort.com\/wp-content\/uploads\/2025\/04\/PROCY-S-mando-01.webp 1024w, https:\/\/arteconfort.com\/wp-content\/uploads\/2025\/04\/PROCY-S-mando-01-768x768.webp 768w, https:\/\/arteconfort.com\/wp-content\/uploads\/2025\/04\/PROCY-S-mando-01-340x340.webp 340w, https:\/\/arteconfort.com\/wp-content\/uploads\/2025\/04\/PROCY-S-mando-01-640x640.webp 640w, https:\/\/arteconfort.com\/wp-content\/uploads\/2025\/04\/PROCY-S-mando-01-960x960.webp 960w, https:\/\/arteconfort.com\/wp-content\/uploads\/2025\/04\/PROCY-S-mando-01-300x300.webp 300w, https:\/\/arteconfort.com\/wp-content\/uploads\/2025\/04\/PROCY-S-mando-01-600x600.webp 600w, https:\/\/arteconfort.com\/wp-content\/uploads\/2025\/04\/PROCY-S-mando-01-100x100.webp 100w\" sizes=\"auto, (max-width: 1024px) 100vw, 1024px\" \/>\t<img loading=\"lazy\" decoding=\"async\" width=\"1024\" height=\"1024\" src=\"https:\/\/arteconfort.com\/wp-content\/uploads\/2025\/04\/PROCY-S-detalle.webp\" class=\"attachment-shop_catalog size-shop_catalog\" alt=\"\" srcset=\"https:\/\/arteconfort.com\/wp-content\/uploads\/2025\/04\/PROCY-S-detalle.webp 1024w, https:\/\/arteconfort.com\/wp-content\/uploads\/2025\/04\/PROCY-S-detalle-768x768.webp 768w, https:\/\/arteconfort.com\/wp-content\/uploads\/2025\/04\/PROCY-S-detalle-340x340.webp 340w, https:\/\/arteconfort.com\/wp-content\/uploads\/2025\/04\/PROCY-S-detalle-640x640.webp 640w, https:\/\/arteconfort.com\/wp-content\/uploads\/2025\/04\/PROCY-S-detalle-960x960.webp 960w, https:\/\/arteconfort.com\/wp-content\/uploads\/2025\/04\/PROCY-S-detalle-300x300.webp 300w, https:\/\/arteconfort.com\/wp-content\/uploads\/2025\/04\/PROCY-S-detalle-600x600.webp 600w, https:\/\/arteconfort.com\/wp-content\/uploads\/2025\/04\/PROCY-S-detalle-100x100.webp 100w\" sizes=\"auto, (max-width: 1024px) 100vw, 1024px\" \/><img loading=\"lazy\" decoding=\"async\" width=\"1024\" height=\"1024\" src=\"https:\/\/arteconfort.com\/wp-content\/uploads\/2025\/04\/94051368-tz-01.webp\" class=\"attachment-shop_catalog size-shop_catalog\" alt=\"\" srcset=\"https:\/\/arteconfort.com\/wp-content\/uploads\/2025\/04\/94051368-tz-01.webp 1024w, https:\/\/arteconfort.com\/wp-content\/uploads\/2025\/04\/94051368-tz-01-768x768.webp 768w, https:\/\/arteconfort.com\/wp-content\/uploads\/2025\/04\/94051368-tz-01-340x340.webp 340w, https:\/\/arteconfort.com\/wp-content\/uploads\/2025\/04\/94051368-tz-01-640x640.webp 640w, https:\/\/arteconfort.com\/wp-content\/uploads\/2025\/04\/94051368-tz-01-960x960.webp 960w, https:\/\/arteconfort.com\/wp-content\/uploads\/2025\/04\/94051368-tz-01-300x300.webp 300w, https:\/\/arteconfort.com\/wp-content\/uploads\/2025\/04\/94051368-tz-01-600x600.webp 600w, https:\/\/arteconfort.com\/wp-content\/uploads\/2025\/04\/94051368-tz-01-100x100.webp 100w\" sizes=\"auto, (max-width: 1024px) 100vw, 1024px\" \/><img loading=\"lazy\" decoding=\"async\" width=\"1024\" height=\"1024\" src=\"https:\/\/arteconfort.com\/wp-content\/uploads\/2025\/04\/PROCY-S-grafico-05.webp\" class=\"attachment-shop_catalog size-shop_catalog\" alt=\"\" srcset=\"https:\/\/arteconfort.com\/wp-content\/uploads\/2025\/04\/PROCY-S-grafico-05.webp 1024w, https:\/\/arteconfort.com\/wp-content\/uploads\/2025\/04\/PROCY-S-grafico-05-768x768.webp 768w, https:\/\/arteconfort.com\/wp-content\/uploads\/2025\/04\/PROCY-S-grafico-05-340x340.webp 340w, https:\/\/arteconfort.com\/wp-content\/uploads\/2025\/04\/PROCY-S-grafico-05-640x640.webp 640w, https:\/\/arteconfort.com\/wp-content\/uploads\/2025\/04\/PROCY-S-grafico-05-960x960.webp 960w, https:\/\/arteconfort.com\/wp-content\/uploads\/2025\/04\/PROCY-S-grafico-05-300x300.webp 300w, https:\/\/arteconfort.com\/wp-content\/uploads\/2025\/04\/PROCY-S-grafico-05-600x600.webp 600w, https:\/\/arteconfort.com\/wp-content\/uploads\/2025\/04\/PROCY-S-grafico-05-100x100.webp 100w\" sizes=\"auto, (max-width: 1024px) 100vw, 1024px\" \/>\t<\/a>\n\t<div class=\"w-product-status\"><\/div>\t<span id=\"woocommerce_loop_add_to_cart_link_describedby_45753\" class=\"screen-reader-text\">\n\t\t\t<\/span>\n<\/div><figcaption><h2 class=\"woocommerce-loop-product__title\">PROCY S<\/h2><div class=\"woocommerce-product-details__short-description\">\n\t<p>PROCY S retractable fan with integrated LED light, high luminous flux and color temperature memory. Its body is<\/div>\n\n<\/figcaption><\/figure><\/li>\n<li class=\"product type-product post-42817 status-publish instock product_cat-climatizacion-en product_cat-ventiladores-de-techo-en has-post-thumbnail shipping-taxable product-type-simple w-item col-3\">\n\t<figure><div class=\"image-wrapper\">\t\t<a href=\"https:\/\/arteconfort.com\/en\/producto\/rebeca\/\" class=\"w-fadeslider\">\n\t<img loading=\"lazy\" decoding=\"async\" width=\"1024\" height=\"1024\" src=\"https:\/\/arteconfort.com\/wp-content\/uploads\/2024\/06\/ventilador-REBECA-foto-con-mando.webp\" class=\"attachment-shop_catalog size-shop_catalog wp-post-image\" alt=\"Ventilador REBECA foto con mando\" srcset=\"https:\/\/arteconfort.com\/wp-content\/uploads\/2024\/06\/ventilador-REBECA-foto-con-mando.webp 1024w, https:\/\/arteconfort.com\/wp-content\/uploads\/2024\/06\/ventilador-REBECA-foto-con-mando-768x768.webp 768w, https:\/\/arteconfort.com\/wp-content\/uploads\/2024\/06\/ventilador-REBECA-foto-con-mando-340x340.webp 340w, https:\/\/arteconfort.com\/wp-content\/uploads\/2024\/06\/ventilador-REBECA-foto-con-mando-640x640.webp 640w, https:\/\/arteconfort.com\/wp-content\/uploads\/2024\/06\/ventilador-REBECA-foto-con-mando-960x960.webp 960w, https:\/\/arteconfort.com\/wp-content\/uploads\/2024\/06\/ventilador-REBECA-foto-con-mando-300x300.webp 300w, https:\/\/arteconfort.com\/wp-content\/uploads\/2024\/06\/ventilador-REBECA-foto-con-mando-600x600.webp 600w, https:\/\/arteconfort.com\/wp-content\/uploads\/2024\/06\/ventilador-REBECA-foto-con-mando-100x100.webp 100w, https:\/\/arteconfort.com\/wp-content\/uploads\/2024\/06\/ventilador-REBECA-foto-con-mando-133x133.webp 133w\" sizes=\"auto, (max-width: 1024px) 100vw, 1024px\" \/>\t<img loading=\"lazy\" decoding=\"async\" width=\"1024\" height=\"1024\" src=\"https:\/\/arteconfort.com\/wp-content\/uploads\/2024\/06\/ventilador-REBECA-foto-ambiente-dia.webp\" class=\"attachment-shop_catalog size-shop_catalog\" alt=\"Ventilador REBECA foto ambiente dia\" srcset=\"https:\/\/arteconfort.com\/wp-content\/uploads\/2024\/06\/ventilador-REBECA-foto-ambiente-dia.webp 1024w, https:\/\/arteconfort.com\/wp-content\/uploads\/2024\/06\/ventilador-REBECA-foto-ambiente-dia-768x768.webp 768w, https:\/\/arteconfort.com\/wp-content\/uploads\/2024\/06\/ventilador-REBECA-foto-ambiente-dia-340x340.webp 340w, https:\/\/arteconfort.com\/wp-content\/uploads\/2024\/06\/ventilador-REBECA-foto-ambiente-dia-640x640.webp 640w, https:\/\/arteconfort.com\/wp-content\/uploads\/2024\/06\/ventilador-REBECA-foto-ambiente-dia-960x960.webp 960w, https:\/\/arteconfort.com\/wp-content\/uploads\/2024\/06\/ventilador-REBECA-foto-ambiente-dia-133x133.webp 133w, https:\/\/arteconfort.com\/wp-content\/uploads\/2024\/06\/ventilador-REBECA-foto-ambiente-dia-300x300.webp 300w, https:\/\/arteconfort.com\/wp-content\/uploads\/2024\/06\/ventilador-REBECA-foto-ambiente-dia-600x600.webp 600w, https:\/\/arteconfort.com\/wp-content\/uploads\/2024\/06\/ventilador-REBECA-foto-ambiente-dia-100x100.webp 100w\" sizes=\"auto, (max-width: 1024px) 100vw, 1024px\" \/><img loading=\"lazy\" decoding=\"async\" width=\"1024\" height=\"1024\" src=\"https:\/\/arteconfort.com\/wp-content\/uploads\/2024\/06\/ventilador-REBECA-foto-lateral.webp\" class=\"attachment-shop_catalog size-shop_catalog\" alt=\"Ventilador REBECA foto lateral\" srcset=\"https:\/\/arteconfort.com\/wp-content\/uploads\/2024\/06\/ventilador-REBECA-foto-lateral.webp 1024w, https:\/\/arteconfort.com\/wp-content\/uploads\/2024\/06\/ventilador-REBECA-foto-lateral-768x768.webp 768w, https:\/\/arteconfort.com\/wp-content\/uploads\/2024\/06\/ventilador-REBECA-foto-lateral-340x340.webp 340w, https:\/\/arteconfort.com\/wp-content\/uploads\/2024\/06\/ventilador-REBECA-foto-lateral-640x640.webp 640w, https:\/\/arteconfort.com\/wp-content\/uploads\/2024\/06\/ventilador-REBECA-foto-lateral-960x960.webp 960w, https:\/\/arteconfort.com\/wp-content\/uploads\/2024\/06\/ventilador-REBECA-foto-lateral-133x133.webp 133w, https:\/\/arteconfort.com\/wp-content\/uploads\/2024\/06\/ventilador-REBECA-foto-lateral-300x300.webp 300w, https:\/\/arteconfort.com\/wp-content\/uploads\/2024\/06\/ventilador-REBECA-foto-lateral-600x600.webp 600w, https:\/\/arteconfort.com\/wp-content\/uploads\/2024\/06\/ventilador-REBECA-foto-lateral-100x100.webp 100w\" sizes=\"auto, (max-width: 1024px) 100vw, 1024px\" \/><img loading=\"lazy\" decoding=\"async\" width=\"1024\" height=\"1024\" src=\"https:\/\/arteconfort.com\/wp-content\/uploads\/2024\/06\/ventilador-REBECA-foto.webp\" class=\"attachment-shop_catalog size-shop_catalog\" alt=\"Ventilador REBECA foto\" srcset=\"https:\/\/arteconfort.com\/wp-content\/uploads\/2024\/06\/ventilador-REBECA-foto.webp 1024w, https:\/\/arteconfort.com\/wp-content\/uploads\/2024\/06\/ventilador-REBECA-foto-768x768.webp 768w, https:\/\/arteconfort.com\/wp-content\/uploads\/2024\/06\/ventilador-REBECA-foto-340x340.webp 340w, https:\/\/arteconfort.com\/wp-content\/uploads\/2024\/06\/ventilador-REBECA-foto-640x640.webp 640w, https:\/\/arteconfort.com\/wp-content\/uploads\/2024\/06\/ventilador-REBECA-foto-960x960.webp 960w, https:\/\/arteconfort.com\/wp-content\/uploads\/2024\/06\/ventilador-REBECA-foto-133x133.webp 133w, https:\/\/arteconfort.com\/wp-content\/uploads\/2024\/06\/ventilador-REBECA-foto-300x300.webp 300w, https:\/\/arteconfort.com\/wp-content\/uploads\/2024\/06\/ventilador-REBECA-foto-600x600.webp 600w, https:\/\/arteconfort.com\/wp-content\/uploads\/2024\/06\/ventilador-REBECA-foto-100x100.webp 100w\" sizes=\"auto, (max-width: 1024px) 100vw, 1024px\" \/><img loading=\"lazy\" decoding=\"async\" width=\"1024\" height=\"1024\" src=\"https:\/\/arteconfort.com\/wp-content\/uploads\/2024\/06\/ventilador-REBECA-foto-aspas-madera-marron.webp\" class=\"attachment-shop_catalog size-shop_catalog\" alt=\"Ventilador REBECA foto aspas madera marron\" srcset=\"https:\/\/arteconfort.com\/wp-content\/uploads\/2024\/06\/ventilador-REBECA-foto-aspas-madera-marron.webp 1024w, https:\/\/arteconfort.com\/wp-content\/uploads\/2024\/06\/ventilador-REBECA-foto-aspas-madera-marron-768x768.webp 768w, https:\/\/arteconfort.com\/wp-content\/uploads\/2024\/06\/ventilador-REBECA-foto-aspas-madera-marron-340x340.webp 340w, https:\/\/arteconfort.com\/wp-content\/uploads\/2024\/06\/ventilador-REBECA-foto-aspas-madera-marron-640x640.webp 640w, https:\/\/arteconfort.com\/wp-content\/uploads\/2024\/06\/ventilador-REBECA-foto-aspas-madera-marron-960x960.webp 960w, https:\/\/arteconfort.com\/wp-content\/uploads\/2024\/06\/ventilador-REBECA-foto-aspas-madera-marron-133x133.webp 133w, https:\/\/arteconfort.com\/wp-content\/uploads\/2024\/06\/ventilador-REBECA-foto-aspas-madera-marron-300x300.webp 300w, https:\/\/arteconfort.com\/wp-content\/uploads\/2024\/06\/ventilador-REBECA-foto-aspas-madera-marron-600x600.webp 600w, https:\/\/arteconfort.com\/wp-content\/uploads\/2024\/06\/ventilador-REBECA-foto-aspas-madera-marron-100x100.webp 100w\" sizes=\"auto, (max-width: 1024px) 100vw, 1024px\" \/><img loading=\"lazy\" decoding=\"async\" width=\"1024\" height=\"1024\" src=\"https:\/\/arteconfort.com\/wp-content\/uploads\/2024\/06\/ventilador-REBECA-foto-aspa-madera.webp\" class=\"attachment-shop_catalog size-shop_catalog\" alt=\"Ventilador REBECA foto aspa madera\" srcset=\"https:\/\/arteconfort.com\/wp-content\/uploads\/2024\/06\/ventilador-REBECA-foto-aspa-madera.webp 1024w, https:\/\/arteconfort.com\/wp-content\/uploads\/2024\/06\/ventilador-REBECA-foto-aspa-madera-768x768.webp 768w, https:\/\/arteconfort.com\/wp-content\/uploads\/2024\/06\/ventilador-REBECA-foto-aspa-madera-340x340.webp 340w, https:\/\/arteconfort.com\/wp-content\/uploads\/2024\/06\/ventilador-REBECA-foto-aspa-madera-640x640.webp 640w, https:\/\/arteconfort.com\/wp-content\/uploads\/2024\/06\/ventilador-REBECA-foto-aspa-madera-960x960.webp 960w, https:\/\/arteconfort.com\/wp-content\/uploads\/2024\/06\/ventilador-REBECA-foto-aspa-madera-133x133.webp 133w, https:\/\/arteconfort.com\/wp-content\/uploads\/2024\/06\/ventilador-REBECA-foto-aspa-madera-300x300.webp 300w, https:\/\/arteconfort.com\/wp-content\/uploads\/2024\/06\/ventilador-REBECA-foto-aspa-madera-600x600.webp 600w, https:\/\/arteconfort.com\/wp-content\/uploads\/2024\/06\/ventilador-REBECA-foto-aspa-madera-100x100.webp 100w\" sizes=\"auto, (max-width: 1024px) 100vw, 1024px\" \/><img loading=\"lazy\" decoding=\"async\" width=\"1024\" height=\"1024\" src=\"https:\/\/arteconfort.com\/wp-content\/uploads\/2024\/06\/ventilador-REBECA-foto-floron-tija-embellecedor-cuerpo.webp\" class=\"attachment-shop_catalog size-shop_catalog\" alt=\"Ventilador REBECA foto floron tija embellecedor cuerpo\" srcset=\"https:\/\/arteconfort.com\/wp-content\/uploads\/2024\/06\/ventilador-REBECA-foto-floron-tija-embellecedor-cuerpo.webp 1024w, https:\/\/arteconfort.com\/wp-content\/uploads\/2024\/06\/ventilador-REBECA-foto-floron-tija-embellecedor-cuerpo-768x768.webp 768w, https:\/\/arteconfort.com\/wp-content\/uploads\/2024\/06\/ventilador-REBECA-foto-floron-tija-embellecedor-cuerpo-340x340.webp 340w, https:\/\/arteconfort.com\/wp-content\/uploads\/2024\/06\/ventilador-REBECA-foto-floron-tija-embellecedor-cuerpo-640x640.webp 640w, https:\/\/arteconfort.com\/wp-content\/uploads\/2024\/06\/ventilador-REBECA-foto-floron-tija-embellecedor-cuerpo-960x960.webp 960w, https:\/\/arteconfort.com\/wp-content\/uploads\/2024\/06\/ventilador-REBECA-foto-floron-tija-embellecedor-cuerpo-133x133.webp 133w, https:\/\/arteconfort.com\/wp-content\/uploads\/2024\/06\/ventilador-REBECA-foto-floron-tija-embellecedor-cuerpo-300x300.webp 300w, https:\/\/arteconfort.com\/wp-content\/uploads\/2024\/06\/ventilador-REBECA-foto-floron-tija-embellecedor-cuerpo-600x600.webp 600w, https:\/\/arteconfort.com\/wp-content\/uploads\/2024\/06\/ventilador-REBECA-foto-floron-tija-embellecedor-cuerpo-100x100.webp 100w\" sizes=\"auto, (max-width: 1024px) 100vw, 1024px\" \/><img loading=\"lazy\" decoding=\"async\" width=\"1024\" height=\"1024\" src=\"https:\/\/arteconfort.com\/wp-content\/uploads\/2024\/06\/ventilador-REBECA-foto-mando-a-distancia.webp\" class=\"attachment-shop_catalog size-shop_catalog\" alt=\"Ventilador REBECA foto mando a distancia\" srcset=\"https:\/\/arteconfort.com\/wp-content\/uploads\/2024\/06\/ventilador-REBECA-foto-mando-a-distancia.webp 1024w, https:\/\/arteconfort.com\/wp-content\/uploads\/2024\/06\/ventilador-REBECA-foto-mando-a-distancia-768x768.webp 768w, https:\/\/arteconfort.com\/wp-content\/uploads\/2024\/06\/ventilador-REBECA-foto-mando-a-distancia-340x340.webp 340w, https:\/\/arteconfort.com\/wp-content\/uploads\/2024\/06\/ventilador-REBECA-foto-mando-a-distancia-640x640.webp 640w, https:\/\/arteconfort.com\/wp-content\/uploads\/2024\/06\/ventilador-REBECA-foto-mando-a-distancia-960x960.webp 960w, https:\/\/arteconfort.com\/wp-content\/uploads\/2024\/06\/ventilador-REBECA-foto-mando-a-distancia-133x133.webp 133w, https:\/\/arteconfort.com\/wp-content\/uploads\/2024\/06\/ventilador-REBECA-foto-mando-a-distancia-300x300.webp 300w, https:\/\/arteconfort.com\/wp-content\/uploads\/2024\/06\/ventilador-REBECA-foto-mando-a-distancia-600x600.webp 600w, https:\/\/arteconfort.com\/wp-content\/uploads\/2024\/06\/ventilador-REBECA-foto-mando-a-distancia-100x100.webp 100w\" sizes=\"auto, (max-width: 1024px) 100vw, 1024px\" \/><img loading=\"lazy\" decoding=\"async\" width=\"1024\" height=\"1024\" src=\"https:\/\/arteconfort.com\/wp-content\/uploads\/2024\/06\/ventilador-REBECA-foto-acabado-madera.webp\" class=\"attachment-shop_catalog size-shop_catalog\" alt=\"Ventilador REBECA foto acabado madera\" srcset=\"https:\/\/arteconfort.com\/wp-content\/uploads\/2024\/06\/ventilador-REBECA-foto-acabado-madera.webp 1024w, https:\/\/arteconfort.com\/wp-content\/uploads\/2024\/06\/ventilador-REBECA-foto-acabado-madera-768x768.webp 768w, https:\/\/arteconfort.com\/wp-content\/uploads\/2024\/06\/ventilador-REBECA-foto-acabado-madera-340x340.webp 340w, https:\/\/arteconfort.com\/wp-content\/uploads\/2024\/06\/ventilador-REBECA-foto-acabado-madera-640x640.webp 640w, https:\/\/arteconfort.com\/wp-content\/uploads\/2024\/06\/ventilador-REBECA-foto-acabado-madera-960x960.webp 960w, https:\/\/arteconfort.com\/wp-content\/uploads\/2024\/06\/ventilador-REBECA-foto-acabado-madera-133x133.webp 133w, https:\/\/arteconfort.com\/wp-content\/uploads\/2024\/06\/ventilador-REBECA-foto-acabado-madera-300x300.webp 300w, https:\/\/arteconfort.com\/wp-content\/uploads\/2024\/06\/ventilador-REBECA-foto-acabado-madera-600x600.webp 600w, https:\/\/arteconfort.com\/wp-content\/uploads\/2024\/06\/ventilador-REBECA-foto-acabado-madera-100x100.webp 100w\" sizes=\"auto, (max-width: 1024px) 100vw, 1024px\" \/><img loading=\"lazy\" decoding=\"async\" width=\"1024\" height=\"1024\" src=\"https:\/\/arteconfort.com\/wp-content\/uploads\/2024\/06\/ventilador-REBECA-foto-dimensiones.webp\" class=\"attachment-shop_catalog size-shop_catalog\" alt=\"Ventilador REBECA foto dimensiones\" srcset=\"https:\/\/arteconfort.com\/wp-content\/uploads\/2024\/06\/ventilador-REBECA-foto-dimensiones.webp 1024w, https:\/\/arteconfort.com\/wp-content\/uploads\/2024\/06\/ventilador-REBECA-foto-dimensiones-768x768.webp 768w, https:\/\/arteconfort.com\/wp-content\/uploads\/2024\/06\/ventilador-REBECA-foto-dimensiones-340x340.webp 340w, https:\/\/arteconfort.com\/wp-content\/uploads\/2024\/06\/ventilador-REBECA-foto-dimensiones-640x640.webp 640w, https:\/\/arteconfort.com\/wp-content\/uploads\/2024\/06\/ventilador-REBECA-foto-dimensiones-960x960.webp 960w, https:\/\/arteconfort.com\/wp-content\/uploads\/2024\/06\/ventilador-REBECA-foto-dimensiones-133x133.webp 133w, https:\/\/arteconfort.com\/wp-content\/uploads\/2024\/06\/ventilador-REBECA-foto-dimensiones-300x300.webp 300w, https:\/\/arteconfort.com\/wp-content\/uploads\/2024\/06\/ventilador-REBECA-foto-dimensiones-600x600.webp 600w, https:\/\/arteconfort.com\/wp-content\/uploads\/2024\/06\/ventilador-REBECA-foto-dimensiones-100x100.webp 100w\" sizes=\"auto, (max-width: 1024px) 100vw, 1024px\" \/><img loading=\"lazy\" decoding=\"async\" width=\"1024\" height=\"1024\" src=\"https:\/\/arteconfort.com\/wp-content\/uploads\/2024\/06\/ventilador-REBECA-foto-luz-indirecta-ambiental.webp\" class=\"attachment-shop_catalog size-shop_catalog\" alt=\"Ventilador REBECA foto luz indirecta ambiental\" srcset=\"https:\/\/arteconfort.com\/wp-content\/uploads\/2024\/06\/ventilador-REBECA-foto-luz-indirecta-ambiental.webp 1024w, https:\/\/arteconfort.com\/wp-content\/uploads\/2024\/06\/ventilador-REBECA-foto-luz-indirecta-ambiental-768x768.webp 768w, https:\/\/arteconfort.com\/wp-content\/uploads\/2024\/06\/ventilador-REBECA-foto-luz-indirecta-ambiental-340x340.webp 340w, https:\/\/arteconfort.com\/wp-content\/uploads\/2024\/06\/ventilador-REBECA-foto-luz-indirecta-ambiental-640x640.webp 640w, https:\/\/arteconfort.com\/wp-content\/uploads\/2024\/06\/ventilador-REBECA-foto-luz-indirecta-ambiental-960x960.webp 960w, https:\/\/arteconfort.com\/wp-content\/uploads\/2024\/06\/ventilador-REBECA-foto-luz-indirecta-ambiental-133x133.webp 133w, https:\/\/arteconfort.com\/wp-content\/uploads\/2024\/06\/ventilador-REBECA-foto-luz-indirecta-ambiental-300x300.webp 300w, https:\/\/arteconfort.com\/wp-content\/uploads\/2024\/06\/ventilador-REBECA-foto-luz-indirecta-ambiental-600x600.webp 600w, https:\/\/arteconfort.com\/wp-content\/uploads\/2024\/06\/ventilador-REBECA-foto-luz-indirecta-ambiental-100x100.webp 100w\" sizes=\"auto, (max-width: 1024px) 100vw, 1024px\" \/><img loading=\"lazy\" decoding=\"async\" width=\"1024\" height=\"1024\" src=\"https:\/\/arteconfort.com\/wp-content\/uploads\/2024\/06\/ventilador-REBECA-foto-temperaturas-de-color.webp\" class=\"attachment-shop_catalog size-shop_catalog\" alt=\"Ventilador REBECA foto temperaturas de color\" srcset=\"https:\/\/arteconfort.com\/wp-content\/uploads\/2024\/06\/ventilador-REBECA-foto-temperaturas-de-color.webp 1024w, https:\/\/arteconfort.com\/wp-content\/uploads\/2024\/06\/ventilador-REBECA-foto-temperaturas-de-color-768x768.webp 768w, https:\/\/arteconfort.com\/wp-content\/uploads\/2024\/06\/ventilador-REBECA-foto-temperaturas-de-color-340x340.webp 340w, https:\/\/arteconfort.com\/wp-content\/uploads\/2024\/06\/ventilador-REBECA-foto-temperaturas-de-color-640x640.webp 640w, https:\/\/arteconfort.com\/wp-content\/uploads\/2024\/06\/ventilador-REBECA-foto-temperaturas-de-color-960x960.webp 960w, https:\/\/arteconfort.com\/wp-content\/uploads\/2024\/06\/ventilador-REBECA-foto-temperaturas-de-color-133x133.webp 133w, https:\/\/arteconfort.com\/wp-content\/uploads\/2024\/06\/ventilador-REBECA-foto-temperaturas-de-color-300x300.webp 300w, https:\/\/arteconfort.com\/wp-content\/uploads\/2024\/06\/ventilador-REBECA-foto-temperaturas-de-color-600x600.webp 600w, https:\/\/arteconfort.com\/wp-content\/uploads\/2024\/06\/ventilador-REBECA-foto-temperaturas-de-color-100x100.webp 100w\" sizes=\"auto, (max-width: 1024px) 100vw, 1024px\" \/><img loading=\"lazy\" decoding=\"async\" width=\"1024\" height=\"1024\" src=\"https:\/\/arteconfort.com\/wp-content\/uploads\/2024\/06\/ventilador-REBECA-foto-ambiente-luz-calida.webp\" class=\"attachment-shop_catalog size-shop_catalog\" alt=\"Ventilador REBECA foto ambiente luz calida\" srcset=\"https:\/\/arteconfort.com\/wp-content\/uploads\/2024\/06\/ventilador-REBECA-foto-ambiente-luz-calida.webp 1024w, https:\/\/arteconfort.com\/wp-content\/uploads\/2024\/06\/ventilador-REBECA-foto-ambiente-luz-calida-768x768.webp 768w, https:\/\/arteconfort.com\/wp-content\/uploads\/2024\/06\/ventilador-REBECA-foto-ambiente-luz-calida-340x340.webp 340w, https:\/\/arteconfort.com\/wp-content\/uploads\/2024\/06\/ventilador-REBECA-foto-ambiente-luz-calida-640x640.webp 640w, https:\/\/arteconfort.com\/wp-content\/uploads\/2024\/06\/ventilador-REBECA-foto-ambiente-luz-calida-960x960.webp 960w, https:\/\/arteconfort.com\/wp-content\/uploads\/2024\/06\/ventilador-REBECA-foto-ambiente-luz-calida-133x133.webp 133w, https:\/\/arteconfort.com\/wp-content\/uploads\/2024\/06\/ventilador-REBECA-foto-ambiente-luz-calida-300x300.webp 300w, https:\/\/arteconfort.com\/wp-content\/uploads\/2024\/06\/ventilador-REBECA-foto-ambiente-luz-calida-600x600.webp 600w, https:\/\/arteconfort.com\/wp-content\/uploads\/2024\/06\/ventilador-REBECA-foto-ambiente-luz-calida-100x100.webp 100w\" sizes=\"auto, (max-width: 1024px) 100vw, 1024px\" \/><img loading=\"lazy\" decoding=\"async\" width=\"1024\" height=\"1024\" src=\"https:\/\/arteconfort.com\/wp-content\/uploads\/2024\/06\/ventilador-REBECA-foto-ambiente-luz-neutra.webp\" class=\"attachment-shop_catalog size-shop_catalog\" alt=\"Ventilador REBECA foto ambiente luz neutra\" srcset=\"https:\/\/arteconfort.com\/wp-content\/uploads\/2024\/06\/ventilador-REBECA-foto-ambiente-luz-neutra.webp 1024w, https:\/\/arteconfort.com\/wp-content\/uploads\/2024\/06\/ventilador-REBECA-foto-ambiente-luz-neutra-768x768.webp 768w, https:\/\/arteconfort.com\/wp-content\/uploads\/2024\/06\/ventilador-REBECA-foto-ambiente-luz-neutra-340x340.webp 340w, https:\/\/arteconfort.com\/wp-content\/uploads\/2024\/06\/ventilador-REBECA-foto-ambiente-luz-neutra-640x640.webp 640w, https:\/\/arteconfort.com\/wp-content\/uploads\/2024\/06\/ventilador-REBECA-foto-ambiente-luz-neutra-960x960.webp 960w, https:\/\/arteconfort.com\/wp-content\/uploads\/2024\/06\/ventilador-REBECA-foto-ambiente-luz-neutra-133x133.webp 133w, https:\/\/arteconfort.com\/wp-content\/uploads\/2024\/06\/ventilador-REBECA-foto-ambiente-luz-neutra-300x300.webp 300w, https:\/\/arteconfort.com\/wp-content\/uploads\/2024\/06\/ventilador-REBECA-foto-ambiente-luz-neutra-600x600.webp 600w, https:\/\/arteconfort.com\/wp-content\/uploads\/2024\/06\/ventilador-REBECA-foto-ambiente-luz-neutra-100x100.webp 100w\" sizes=\"auto, (max-width: 1024px) 100vw, 1024px\" \/><img loading=\"lazy\" decoding=\"async\" width=\"1024\" height=\"1024\" src=\"https:\/\/arteconfort.com\/wp-content\/uploads\/2024\/06\/ventilador-REBECA-foto-ambiente-luz-neutra-tenue.webp\" class=\"attachment-shop_catalog size-shop_catalog\" alt=\"Ventilador REBECA foto ambiente luz neutra tenue\" srcset=\"https:\/\/arteconfort.com\/wp-content\/uploads\/2024\/06\/ventilador-REBECA-foto-ambiente-luz-neutra-tenue.webp 1024w, https:\/\/arteconfort.com\/wp-content\/uploads\/2024\/06\/ventilador-REBECA-foto-ambiente-luz-neutra-tenue-768x768.webp 768w, https:\/\/arteconfort.com\/wp-content\/uploads\/2024\/06\/ventilador-REBECA-foto-ambiente-luz-neutra-tenue-340x340.webp 340w, https:\/\/arteconfort.com\/wp-content\/uploads\/2024\/06\/ventilador-REBECA-foto-ambiente-luz-neutra-tenue-640x640.webp 640w, https:\/\/arteconfort.com\/wp-content\/uploads\/2024\/06\/ventilador-REBECA-foto-ambiente-luz-neutra-tenue-960x960.webp 960w, https:\/\/arteconfort.com\/wp-content\/uploads\/2024\/06\/ventilador-REBECA-foto-ambiente-luz-neutra-tenue-133x133.webp 133w, https:\/\/arteconfort.com\/wp-content\/uploads\/2024\/06\/ventilador-REBECA-foto-ambiente-luz-neutra-tenue-300x300.webp 300w, https:\/\/arteconfort.com\/wp-content\/uploads\/2024\/06\/ventilador-REBECA-foto-ambiente-luz-neutra-tenue-600x600.webp 600w, https:\/\/arteconfort.com\/wp-content\/uploads\/2024\/06\/ventilador-REBECA-foto-ambiente-luz-neutra-tenue-100x100.webp 100w\" sizes=\"auto, (max-width: 1024px) 100vw, 1024px\" \/><img loading=\"lazy\" decoding=\"async\" width=\"1024\" height=\"1024\" src=\"https:\/\/arteconfort.com\/wp-content\/uploads\/2024\/06\/ventilador-REBECA-foto-ambiente-luz-fria.webp\" class=\"attachment-shop_catalog size-shop_catalog\" alt=\"Ventilador REBECA foto ambiente luz fria\" srcset=\"https:\/\/arteconfort.com\/wp-content\/uploads\/2024\/06\/ventilador-REBECA-foto-ambiente-luz-fria.webp 1024w, https:\/\/arteconfort.com\/wp-content\/uploads\/2024\/06\/ventilador-REBECA-foto-ambiente-luz-fria-768x768.webp 768w, https:\/\/arteconfort.com\/wp-content\/uploads\/2024\/06\/ventilador-REBECA-foto-ambiente-luz-fria-340x340.webp 340w, https:\/\/arteconfort.com\/wp-content\/uploads\/2024\/06\/ventilador-REBECA-foto-ambiente-luz-fria-640x640.webp 640w, https:\/\/arteconfort.com\/wp-content\/uploads\/2024\/06\/ventilador-REBECA-foto-ambiente-luz-fria-960x960.webp 960w, https:\/\/arteconfort.com\/wp-content\/uploads\/2024\/06\/ventilador-REBECA-foto-ambiente-luz-fria-133x133.webp 133w, https:\/\/arteconfort.com\/wp-content\/uploads\/2024\/06\/ventilador-REBECA-foto-ambiente-luz-fria-300x300.webp 300w, https:\/\/arteconfort.com\/wp-content\/uploads\/2024\/06\/ventilador-REBECA-foto-ambiente-luz-fria-600x600.webp 600w, https:\/\/arteconfort.com\/wp-content\/uploads\/2024\/06\/ventilador-REBECA-foto-ambiente-luz-fria-100x100.webp 100w\" sizes=\"auto, (max-width: 1024px) 100vw, 1024px\" \/>\t<\/a>\n\t<div class=\"w-product-status\"><\/div>\t<span id=\"woocommerce_loop_add_to_cart_link_describedby_42817\" class=\"screen-reader-text\">\n\t\t\t<\/span>\n<\/div><figcaption><h2 class=\"woocommerce-loop-product__title\">REBECA<\/h2><div class=\"woocommerce-product-details__short-description\">\n\t<p>The REBECA ceiling fan incorporates double LED light and color temperature memory. Easy to install, adjustable to two<\/div>\n\n<\/figcaption><\/figure><\/li>\n<li class=\"product type-product post-42818 status-publish last instock product_cat-climatizacion-en product_cat-ventiladores-de-techo-en has-post-thumbnail shipping-taxable product-type-simple w-item col-3\">\n\t<figure><div class=\"image-wrapper\">\t\t<a href=\"https:\/\/arteconfort.com\/en\/producto\/regina\/\" class=\"w-fadeslider\">\n\t<img loading=\"lazy\" decoding=\"async\" width=\"1024\" height=\"1024\" src=\"https:\/\/arteconfort.com\/wp-content\/uploads\/2024\/06\/REGINA-mando.webp\" class=\"attachment-shop_catalog size-shop_catalog wp-post-image\" alt=\"Ventilador REGINA mando\" srcset=\"https:\/\/arteconfort.com\/wp-content\/uploads\/2024\/06\/REGINA-mando.webp 1024w, https:\/\/arteconfort.com\/wp-content\/uploads\/2024\/06\/REGINA-mando-768x768.webp 768w, https:\/\/arteconfort.com\/wp-content\/uploads\/2024\/06\/REGINA-mando-340x340.webp 340w, https:\/\/arteconfort.com\/wp-content\/uploads\/2024\/06\/REGINA-mando-640x640.webp 640w, https:\/\/arteconfort.com\/wp-content\/uploads\/2024\/06\/REGINA-mando-960x960.webp 960w, https:\/\/arteconfort.com\/wp-content\/uploads\/2024\/06\/REGINA-mando-300x300.webp 300w, https:\/\/arteconfort.com\/wp-content\/uploads\/2024\/06\/REGINA-mando-600x600.webp 600w, https:\/\/arteconfort.com\/wp-content\/uploads\/2024\/06\/REGINA-mando-100x100.webp 100w, https:\/\/arteconfort.com\/wp-content\/uploads\/2024\/06\/REGINA-mando-133x133.webp 133w\" sizes=\"auto, (max-width: 1024px) 100vw, 1024px\" \/>\t<img loading=\"lazy\" decoding=\"async\" width=\"1024\" height=\"1024\" src=\"https:\/\/arteconfort.com\/wp-content\/uploads\/2024\/06\/ventilador-REGINA-31526427-ambiente-1.webp\" class=\"attachment-shop_catalog size-shop_catalog\" alt=\"Ventilador REGINA ambiente dia\" srcset=\"https:\/\/arteconfort.com\/wp-content\/uploads\/2024\/06\/ventilador-REGINA-31526427-ambiente-1.webp 1024w, https:\/\/arteconfort.com\/wp-content\/uploads\/2024\/06\/ventilador-REGINA-31526427-ambiente-1-768x768.webp 768w, https:\/\/arteconfort.com\/wp-content\/uploads\/2024\/06\/ventilador-REGINA-31526427-ambiente-1-340x340.webp 340w, https:\/\/arteconfort.com\/wp-content\/uploads\/2024\/06\/ventilador-REGINA-31526427-ambiente-1-640x640.webp 640w, https:\/\/arteconfort.com\/wp-content\/uploads\/2024\/06\/ventilador-REGINA-31526427-ambiente-1-960x960.webp 960w, https:\/\/arteconfort.com\/wp-content\/uploads\/2024\/06\/ventilador-REGINA-31526427-ambiente-1-133x133.webp 133w, https:\/\/arteconfort.com\/wp-content\/uploads\/2024\/06\/ventilador-REGINA-31526427-ambiente-1-300x300.webp 300w, https:\/\/arteconfort.com\/wp-content\/uploads\/2024\/06\/ventilador-REGINA-31526427-ambiente-1-600x600.webp 600w, https:\/\/arteconfort.com\/wp-content\/uploads\/2024\/06\/ventilador-REGINA-31526427-ambiente-1-100x100.webp 100w\" sizes=\"auto, (max-width: 1024px) 100vw, 1024px\" \/><img loading=\"lazy\" decoding=\"async\" width=\"1024\" height=\"1024\" src=\"https:\/\/arteconfort.com\/wp-content\/uploads\/2024\/06\/ventilador-REGINA-lateral.webp\" class=\"attachment-shop_catalog size-shop_catalog\" alt=\"Ventilador REGINA lateral\" srcset=\"https:\/\/arteconfort.com\/wp-content\/uploads\/2024\/06\/ventilador-REGINA-lateral.webp 1024w, https:\/\/arteconfort.com\/wp-content\/uploads\/2024\/06\/ventilador-REGINA-lateral-768x768.webp 768w, https:\/\/arteconfort.com\/wp-content\/uploads\/2024\/06\/ventilador-REGINA-lateral-340x340.webp 340w, https:\/\/arteconfort.com\/wp-content\/uploads\/2024\/06\/ventilador-REGINA-lateral-640x640.webp 640w, https:\/\/arteconfort.com\/wp-content\/uploads\/2024\/06\/ventilador-REGINA-lateral-960x960.webp 960w, https:\/\/arteconfort.com\/wp-content\/uploads\/2024\/06\/ventilador-REGINA-lateral-133x133.webp 133w, https:\/\/arteconfort.com\/wp-content\/uploads\/2024\/06\/ventilador-REGINA-lateral-300x300.webp 300w, https:\/\/arteconfort.com\/wp-content\/uploads\/2024\/06\/ventilador-REGINA-lateral-600x600.webp 600w, https:\/\/arteconfort.com\/wp-content\/uploads\/2024\/06\/ventilador-REGINA-lateral-100x100.webp 100w\" sizes=\"auto, (max-width: 1024px) 100vw, 1024px\" \/><img loading=\"lazy\" decoding=\"async\" width=\"1024\" height=\"1024\" src=\"https:\/\/arteconfort.com\/wp-content\/uploads\/2024\/06\/ventilador-REGINA-31526427-2.webp\" class=\"attachment-shop_catalog size-shop_catalog\" alt=\"Ventilador REGINA perspectiva\" srcset=\"https:\/\/arteconfort.com\/wp-content\/uploads\/2024\/06\/ventilador-REGINA-31526427-2.webp 1024w, https:\/\/arteconfort.com\/wp-content\/uploads\/2024\/06\/ventilador-REGINA-31526427-2-768x768.webp 768w, https:\/\/arteconfort.com\/wp-content\/uploads\/2024\/06\/ventilador-REGINA-31526427-2-340x340.webp 340w, https:\/\/arteconfort.com\/wp-content\/uploads\/2024\/06\/ventilador-REGINA-31526427-2-640x640.webp 640w, https:\/\/arteconfort.com\/wp-content\/uploads\/2024\/06\/ventilador-REGINA-31526427-2-960x960.webp 960w, https:\/\/arteconfort.com\/wp-content\/uploads\/2024\/06\/ventilador-REGINA-31526427-2-133x133.webp 133w, https:\/\/arteconfort.com\/wp-content\/uploads\/2024\/06\/ventilador-REGINA-31526427-2-300x300.webp 300w, https:\/\/arteconfort.com\/wp-content\/uploads\/2024\/06\/ventilador-REGINA-31526427-2-600x600.webp 600w, https:\/\/arteconfort.com\/wp-content\/uploads\/2024\/06\/ventilador-REGINA-31526427-2-100x100.webp 100w\" sizes=\"auto, (max-width: 1024px) 100vw, 1024px\" \/><img loading=\"lazy\" decoding=\"async\" width=\"1024\" height=\"1063\" src=\"https:\/\/arteconfort.com\/wp-content\/uploads\/2024\/06\/REGINA-planta.webp\" class=\"attachment-shop_catalog size-shop_catalog\" alt=\"Ventilador REGINA planta\" srcset=\"https:\/\/arteconfort.com\/wp-content\/uploads\/2024\/06\/REGINA-planta.webp 1024w, https:\/\/arteconfort.com\/wp-content\/uploads\/2024\/06\/REGINA-planta-768x797.webp 768w, https:\/\/arteconfort.com\/wp-content\/uploads\/2024\/06\/REGINA-planta-640x664.webp 640w, https:\/\/arteconfort.com\/wp-content\/uploads\/2024\/06\/REGINA-planta-600x623.webp 600w\" sizes=\"auto, (max-width: 1024px) 100vw, 1024px\" \/><img loading=\"lazy\" decoding=\"async\" width=\"1024\" height=\"1024\" src=\"https:\/\/arteconfort.com\/wp-content\/uploads\/2024\/06\/ventilador-REGINA-31526427-detalle-2.webp\" class=\"attachment-shop_catalog size-shop_catalog\" alt=\"Ventilador REGINA aspa detalle\" srcset=\"https:\/\/arteconfort.com\/wp-content\/uploads\/2024\/06\/ventilador-REGINA-31526427-detalle-2.webp 1024w, https:\/\/arteconfort.com\/wp-content\/uploads\/2024\/06\/ventilador-REGINA-31526427-detalle-2-768x768.webp 768w, https:\/\/arteconfort.com\/wp-content\/uploads\/2024\/06\/ventilador-REGINA-31526427-detalle-2-340x340.webp 340w, https:\/\/arteconfort.com\/wp-content\/uploads\/2024\/06\/ventilador-REGINA-31526427-detalle-2-640x640.webp 640w, https:\/\/arteconfort.com\/wp-content\/uploads\/2024\/06\/ventilador-REGINA-31526427-detalle-2-960x960.webp 960w, https:\/\/arteconfort.com\/wp-content\/uploads\/2024\/06\/ventilador-REGINA-31526427-detalle-2-133x133.webp 133w, https:\/\/arteconfort.com\/wp-content\/uploads\/2024\/06\/ventilador-REGINA-31526427-detalle-2-300x300.webp 300w, https:\/\/arteconfort.com\/wp-content\/uploads\/2024\/06\/ventilador-REGINA-31526427-detalle-2-600x600.webp 600w, https:\/\/arteconfort.com\/wp-content\/uploads\/2024\/06\/ventilador-REGINA-31526427-detalle-2-100x100.webp 100w\" sizes=\"auto, (max-width: 1024px) 100vw, 1024px\" \/><img loading=\"lazy\" decoding=\"async\" width=\"1024\" height=\"1024\" src=\"https:\/\/arteconfort.com\/wp-content\/uploads\/2024\/06\/REGINA-embellecedor.webp\" class=\"attachment-shop_catalog size-shop_catalog\" alt=\"Ventilador REGINA embellecedor\" srcset=\"https:\/\/arteconfort.com\/wp-content\/uploads\/2024\/06\/REGINA-embellecedor.webp 1024w, https:\/\/arteconfort.com\/wp-content\/uploads\/2024\/06\/REGINA-embellecedor-768x768.webp 768w, https:\/\/arteconfort.com\/wp-content\/uploads\/2024\/06\/REGINA-embellecedor-340x340.webp 340w, https:\/\/arteconfort.com\/wp-content\/uploads\/2024\/06\/REGINA-embellecedor-640x640.webp 640w, https:\/\/arteconfort.com\/wp-content\/uploads\/2024\/06\/REGINA-embellecedor-960x960.webp 960w, https:\/\/arteconfort.com\/wp-content\/uploads\/2024\/06\/REGINA-embellecedor-133x133.webp 133w, https:\/\/arteconfort.com\/wp-content\/uploads\/2024\/06\/REGINA-embellecedor-300x300.webp 300w, https:\/\/arteconfort.com\/wp-content\/uploads\/2024\/06\/REGINA-embellecedor-600x600.webp 600w, https:\/\/arteconfort.com\/wp-content\/uploads\/2024\/06\/REGINA-embellecedor-100x100.webp 100w\" sizes=\"auto, (max-width: 1024px) 100vw, 1024px\" \/><img loading=\"lazy\" decoding=\"async\" width=\"1024\" height=\"1024\" src=\"https:\/\/arteconfort.com\/wp-content\/uploads\/2024\/06\/ventilador-REGINA-31526427-mando.webp\" class=\"attachment-shop_catalog size-shop_catalog\" alt=\"Ventilador REGINA mando\" srcset=\"https:\/\/arteconfort.com\/wp-content\/uploads\/2024\/06\/ventilador-REGINA-31526427-mando.webp 1024w, https:\/\/arteconfort.com\/wp-content\/uploads\/2024\/06\/ventilador-REGINA-31526427-mando-768x768.webp 768w, https:\/\/arteconfort.com\/wp-content\/uploads\/2024\/06\/ventilador-REGINA-31526427-mando-340x340.webp 340w, https:\/\/arteconfort.com\/wp-content\/uploads\/2024\/06\/ventilador-REGINA-31526427-mando-640x640.webp 640w, https:\/\/arteconfort.com\/wp-content\/uploads\/2024\/06\/ventilador-REGINA-31526427-mando-960x960.webp 960w, https:\/\/arteconfort.com\/wp-content\/uploads\/2024\/06\/ventilador-REGINA-31526427-mando-133x133.webp 133w, https:\/\/arteconfort.com\/wp-content\/uploads\/2024\/06\/ventilador-REGINA-31526427-mando-300x300.webp 300w, https:\/\/arteconfort.com\/wp-content\/uploads\/2024\/06\/ventilador-REGINA-31526427-mando-600x600.webp 600w, https:\/\/arteconfort.com\/wp-content\/uploads\/2024\/06\/ventilador-REGINA-31526427-mando-100x100.webp 100w\" sizes=\"auto, (max-width: 1024px) 100vw, 1024px\" \/><img loading=\"lazy\" decoding=\"async\" width=\"1024\" height=\"1024\" src=\"https:\/\/arteconfort.com\/wp-content\/uploads\/2024\/06\/ventilador-REGINA-31526427-grafico.webp\" class=\"attachment-shop_catalog size-shop_catalog\" alt=\"Ventilador REGINA grafico\" srcset=\"https:\/\/arteconfort.com\/wp-content\/uploads\/2024\/06\/ventilador-REGINA-31526427-grafico.webp 1024w, https:\/\/arteconfort.com\/wp-content\/uploads\/2024\/06\/ventilador-REGINA-31526427-grafico-768x768.webp 768w, https:\/\/arteconfort.com\/wp-content\/uploads\/2024\/06\/ventilador-REGINA-31526427-grafico-340x340.webp 340w, https:\/\/arteconfort.com\/wp-content\/uploads\/2024\/06\/ventilador-REGINA-31526427-grafico-640x640.webp 640w, https:\/\/arteconfort.com\/wp-content\/uploads\/2024\/06\/ventilador-REGINA-31526427-grafico-960x960.webp 960w, https:\/\/arteconfort.com\/wp-content\/uploads\/2024\/06\/ventilador-REGINA-31526427-grafico-133x133.webp 133w, https:\/\/arteconfort.com\/wp-content\/uploads\/2024\/06\/ventilador-REGINA-31526427-grafico-300x300.webp 300w, https:\/\/arteconfort.com\/wp-content\/uploads\/2024\/06\/ventilador-REGINA-31526427-grafico-600x600.webp 600w, https:\/\/arteconfort.com\/wp-content\/uploads\/2024\/06\/ventilador-REGINA-31526427-grafico-100x100.webp 100w\" sizes=\"auto, (max-width: 1024px) 100vw, 1024px\" \/><img loading=\"lazy\" decoding=\"async\" width=\"1024\" height=\"1024\" src=\"https:\/\/arteconfort.com\/wp-content\/uploads\/2024\/06\/REGINA-luces.webp\" class=\"attachment-shop_catalog size-shop_catalog\" alt=\"Ventilador REGINA luces\" srcset=\"https:\/\/arteconfort.com\/wp-content\/uploads\/2024\/06\/REGINA-luces.webp 1024w, https:\/\/arteconfort.com\/wp-content\/uploads\/2024\/06\/REGINA-luces-768x768.webp 768w, https:\/\/arteconfort.com\/wp-content\/uploads\/2024\/06\/REGINA-luces-340x340.webp 340w, https:\/\/arteconfort.com\/wp-content\/uploads\/2024\/06\/REGINA-luces-640x640.webp 640w, https:\/\/arteconfort.com\/wp-content\/uploads\/2024\/06\/REGINA-luces-960x960.webp 960w, https:\/\/arteconfort.com\/wp-content\/uploads\/2024\/06\/REGINA-luces-133x133.webp 133w, https:\/\/arteconfort.com\/wp-content\/uploads\/2024\/06\/REGINA-luces-300x300.webp 300w, https:\/\/arteconfort.com\/wp-content\/uploads\/2024\/06\/REGINA-luces-600x600.webp 600w, https:\/\/arteconfort.com\/wp-content\/uploads\/2024\/06\/REGINA-luces-100x100.webp 100w\" sizes=\"auto, (max-width: 1024px) 100vw, 1024px\" \/><img loading=\"lazy\" decoding=\"async\" width=\"1024\" height=\"1024\" src=\"https:\/\/arteconfort.com\/wp-content\/uploads\/2024\/06\/ventilador-REGINA-luz-neutra.webp\" class=\"attachment-shop_catalog size-shop_catalog\" alt=\"Ventilador REGINA luz neutra\" srcset=\"https:\/\/arteconfort.com\/wp-content\/uploads\/2024\/06\/ventilador-REGINA-luz-neutra.webp 1024w, https:\/\/arteconfort.com\/wp-content\/uploads\/2024\/06\/ventilador-REGINA-luz-neutra-768x768.webp 768w, https:\/\/arteconfort.com\/wp-content\/uploads\/2024\/06\/ventilador-REGINA-luz-neutra-340x340.webp 340w, https:\/\/arteconfort.com\/wp-content\/uploads\/2024\/06\/ventilador-REGINA-luz-neutra-640x640.webp 640w, https:\/\/arteconfort.com\/wp-content\/uploads\/2024\/06\/ventilador-REGINA-luz-neutra-960x960.webp 960w, https:\/\/arteconfort.com\/wp-content\/uploads\/2024\/06\/ventilador-REGINA-luz-neutra-133x133.webp 133w, https:\/\/arteconfort.com\/wp-content\/uploads\/2024\/06\/ventilador-REGINA-luz-neutra-300x300.webp 300w, https:\/\/arteconfort.com\/wp-content\/uploads\/2024\/06\/ventilador-REGINA-luz-neutra-600x600.webp 600w, https:\/\/arteconfort.com\/wp-content\/uploads\/2024\/06\/ventilador-REGINA-luz-neutra-100x100.webp 100w\" sizes=\"auto, (max-width: 1024px) 100vw, 1024px\" \/><img loading=\"lazy\" decoding=\"async\" width=\"1024\" height=\"1024\" src=\"https:\/\/arteconfort.com\/wp-content\/uploads\/2024\/06\/ventilador-REGINA-luz-fria.webp\" class=\"attachment-shop_catalog size-shop_catalog\" alt=\"Ventilador REGINA luz fria\" srcset=\"https:\/\/arteconfort.com\/wp-content\/uploads\/2024\/06\/ventilador-REGINA-luz-fria.webp 1024w, https:\/\/arteconfort.com\/wp-content\/uploads\/2024\/06\/ventilador-REGINA-luz-fria-768x768.webp 768w, https:\/\/arteconfort.com\/wp-content\/uploads\/2024\/06\/ventilador-REGINA-luz-fria-340x340.webp 340w, https:\/\/arteconfort.com\/wp-content\/uploads\/2024\/06\/ventilador-REGINA-luz-fria-640x640.webp 640w, https:\/\/arteconfort.com\/wp-content\/uploads\/2024\/06\/ventilador-REGINA-luz-fria-960x960.webp 960w, https:\/\/arteconfort.com\/wp-content\/uploads\/2024\/06\/ventilador-REGINA-luz-fria-133x133.webp 133w, https:\/\/arteconfort.com\/wp-content\/uploads\/2024\/06\/ventilador-REGINA-luz-fria-300x300.webp 300w, https:\/\/arteconfort.com\/wp-content\/uploads\/2024\/06\/ventilador-REGINA-luz-fria-600x600.webp 600w, https:\/\/arteconfort.com\/wp-content\/uploads\/2024\/06\/ventilador-REGINA-luz-fria-100x100.webp 100w\" sizes=\"auto, (max-width: 1024px) 100vw, 1024px\" \/><img loading=\"lazy\" decoding=\"async\" width=\"1024\" height=\"1024\" src=\"https:\/\/arteconfort.com\/wp-content\/uploads\/2024\/06\/ventilador-REGINA-luz-calida.webp\" class=\"attachment-shop_catalog size-shop_catalog\" alt=\"Ventilador REGINA luz calida\" srcset=\"https:\/\/arteconfort.com\/wp-content\/uploads\/2024\/06\/ventilador-REGINA-luz-calida.webp 1024w, https:\/\/arteconfort.com\/wp-content\/uploads\/2024\/06\/ventilador-REGINA-luz-calida-768x768.webp 768w, https:\/\/arteconfort.com\/wp-content\/uploads\/2024\/06\/ventilador-REGINA-luz-calida-340x340.webp 340w, https:\/\/arteconfort.com\/wp-content\/uploads\/2024\/06\/ventilador-REGINA-luz-calida-640x640.webp 640w, https:\/\/arteconfort.com\/wp-content\/uploads\/2024\/06\/ventilador-REGINA-luz-calida-960x960.webp 960w, https:\/\/arteconfort.com\/wp-content\/uploads\/2024\/06\/ventilador-REGINA-luz-calida-133x133.webp 133w, https:\/\/arteconfort.com\/wp-content\/uploads\/2024\/06\/ventilador-REGINA-luz-calida-300x300.webp 300w, https:\/\/arteconfort.com\/wp-content\/uploads\/2024\/06\/ventilador-REGINA-luz-calida-600x600.webp 600w, https:\/\/arteconfort.com\/wp-content\/uploads\/2024\/06\/ventilador-REGINA-luz-calida-100x100.webp 100w\" sizes=\"auto, (max-width: 1024px) 100vw, 1024px\" \/><img loading=\"lazy\" decoding=\"async\" width=\"1024\" height=\"1024\" src=\"https:\/\/arteconfort.com\/wp-content\/uploads\/2024\/06\/ventilador-REGINA-31526427-ambiente-5.webp\" class=\"attachment-shop_catalog size-shop_catalog\" alt=\"Ventilador REGINA ambiente frio\" srcset=\"https:\/\/arteconfort.com\/wp-content\/uploads\/2024\/06\/ventilador-REGINA-31526427-ambiente-5.webp 1024w, https:\/\/arteconfort.com\/wp-content\/uploads\/2024\/06\/ventilador-REGINA-31526427-ambiente-5-768x768.webp 768w, https:\/\/arteconfort.com\/wp-content\/uploads\/2024\/06\/ventilador-REGINA-31526427-ambiente-5-340x340.webp 340w, https:\/\/arteconfort.com\/wp-content\/uploads\/2024\/06\/ventilador-REGINA-31526427-ambiente-5-640x640.webp 640w, https:\/\/arteconfort.com\/wp-content\/uploads\/2024\/06\/ventilador-REGINA-31526427-ambiente-5-960x960.webp 960w, https:\/\/arteconfort.com\/wp-content\/uploads\/2024\/06\/ventilador-REGINA-31526427-ambiente-5-133x133.webp 133w, https:\/\/arteconfort.com\/wp-content\/uploads\/2024\/06\/ventilador-REGINA-31526427-ambiente-5-300x300.webp 300w, https:\/\/arteconfort.com\/wp-content\/uploads\/2024\/06\/ventilador-REGINA-31526427-ambiente-5-600x600.webp 600w, https:\/\/arteconfort.com\/wp-content\/uploads\/2024\/06\/ventilador-REGINA-31526427-ambiente-5-100x100.webp 100w\" sizes=\"auto, (max-width: 1024px) 100vw, 1024px\" \/><img loading=\"lazy\" decoding=\"async\" width=\"1024\" height=\"1024\" src=\"https:\/\/arteconfort.com\/wp-content\/uploads\/2024\/06\/ventilador-REGINA-31526427-ambiente-4.webp\" class=\"attachment-shop_catalog size-shop_catalog\" alt=\"Ventilador REGINA ambiente neutro\" srcset=\"https:\/\/arteconfort.com\/wp-content\/uploads\/2024\/06\/ventilador-REGINA-31526427-ambiente-4.webp 1024w, https:\/\/arteconfort.com\/wp-content\/uploads\/2024\/06\/ventilador-REGINA-31526427-ambiente-4-768x768.webp 768w, https:\/\/arteconfort.com\/wp-content\/uploads\/2024\/06\/ventilador-REGINA-31526427-ambiente-4-340x340.webp 340w, https:\/\/arteconfort.com\/wp-content\/uploads\/2024\/06\/ventilador-REGINA-31526427-ambiente-4-640x640.webp 640w, https:\/\/arteconfort.com\/wp-content\/uploads\/2024\/06\/ventilador-REGINA-31526427-ambiente-4-960x960.webp 960w, https:\/\/arteconfort.com\/wp-content\/uploads\/2024\/06\/ventilador-REGINA-31526427-ambiente-4-133x133.webp 133w, https:\/\/arteconfort.com\/wp-content\/uploads\/2024\/06\/ventilador-REGINA-31526427-ambiente-4-300x300.webp 300w, https:\/\/arteconfort.com\/wp-content\/uploads\/2024\/06\/ventilador-REGINA-31526427-ambiente-4-600x600.webp 600w, https:\/\/arteconfort.com\/wp-content\/uploads\/2024\/06\/ventilador-REGINA-31526427-ambiente-4-100x100.webp 100w\" sizes=\"auto, (max-width: 1024px) 100vw, 1024px\" \/><img loading=\"lazy\" decoding=\"async\" width=\"1024\" height=\"1024\" src=\"https:\/\/arteconfort.com\/wp-content\/uploads\/2024\/06\/ventilador-REGINA-31526427-ambiente-3.webp\" class=\"attachment-shop_catalog size-shop_catalog\" alt=\"Ventilador REGINA ambiente neutro tenue\" srcset=\"https:\/\/arteconfort.com\/wp-content\/uploads\/2024\/06\/ventilador-REGINA-31526427-ambiente-3.webp 1024w, https:\/\/arteconfort.com\/wp-content\/uploads\/2024\/06\/ventilador-REGINA-31526427-ambiente-3-768x768.webp 768w, https:\/\/arteconfort.com\/wp-content\/uploads\/2024\/06\/ventilador-REGINA-31526427-ambiente-3-340x340.webp 340w, https:\/\/arteconfort.com\/wp-content\/uploads\/2024\/06\/ventilador-REGINA-31526427-ambiente-3-640x640.webp 640w, https:\/\/arteconfort.com\/wp-content\/uploads\/2024\/06\/ventilador-REGINA-31526427-ambiente-3-960x960.webp 960w, https:\/\/arteconfort.com\/wp-content\/uploads\/2024\/06\/ventilador-REGINA-31526427-ambiente-3-133x133.webp 133w, https:\/\/arteconfort.com\/wp-content\/uploads\/2024\/06\/ventilador-REGINA-31526427-ambiente-3-300x300.webp 300w, https:\/\/arteconfort.com\/wp-content\/uploads\/2024\/06\/ventilador-REGINA-31526427-ambiente-3-600x600.webp 600w, https:\/\/arteconfort.com\/wp-content\/uploads\/2024\/06\/ventilador-REGINA-31526427-ambiente-3-100x100.webp 100w\" sizes=\"auto, (max-width: 1024px) 100vw, 1024px\" \/><img loading=\"lazy\" decoding=\"async\" width=\"1024\" height=\"1024\" src=\"https:\/\/arteconfort.com\/wp-content\/uploads\/2024\/06\/ventilador-REGINA-31526427-ambiente-2.webp\" class=\"attachment-shop_catalog size-shop_catalog\" alt=\"Ventilador REGINA ambiente calido\" srcset=\"https:\/\/arteconfort.com\/wp-content\/uploads\/2024\/06\/ventilador-REGINA-31526427-ambiente-2.webp 1024w, https:\/\/arteconfort.com\/wp-content\/uploads\/2024\/06\/ventilador-REGINA-31526427-ambiente-2-768x768.webp 768w, https:\/\/arteconfort.com\/wp-content\/uploads\/2024\/06\/ventilador-REGINA-31526427-ambiente-2-340x340.webp 340w, https:\/\/arteconfort.com\/wp-content\/uploads\/2024\/06\/ventilador-REGINA-31526427-ambiente-2-640x640.webp 640w, https:\/\/arteconfort.com\/wp-content\/uploads\/2024\/06\/ventilador-REGINA-31526427-ambiente-2-960x960.webp 960w, https:\/\/arteconfort.com\/wp-content\/uploads\/2024\/06\/ventilador-REGINA-31526427-ambiente-2-133x133.webp 133w, https:\/\/arteconfort.com\/wp-content\/uploads\/2024\/06\/ventilador-REGINA-31526427-ambiente-2-300x300.webp 300w, https:\/\/arteconfort.com\/wp-content\/uploads\/2024\/06\/ventilador-REGINA-31526427-ambiente-2-600x600.webp 600w, https:\/\/arteconfort.com\/wp-content\/uploads\/2024\/06\/ventilador-REGINA-31526427-ambiente-2-100x100.webp 100w\" sizes=\"auto, (max-width: 1024px) 100vw, 1024px\" \/>\t<\/a>\n\t<div class=\"w-product-status\"><\/div>\t<span id=\"woocommerce_loop_add_to_cart_link_describedby_42818\" class=\"screen-reader-text\">\n\t\t\t<\/span>\n<\/div><figcaption><h2 class=\"woocommerce-loop-product__title\">REGINA<\/h2><div class=\"woocommerce-product-details__short-description\">\n\t<p>The REGINA ceiling fan incorporates LED light and color temperature memory. It has a metal body, is easy<\/div>\n\n<\/figcaption><\/figure><\/li>\n<li class=\"product type-product post-47064 status-publish first instock product_cat-climatizacion-en product_cat-ventiladores-de-techo-en has-post-thumbnail shipping-taxable product-type-simple w-item col-3\">\n\t<figure><div class=\"image-wrapper\">\t\t<a href=\"https:\/\/arteconfort.com\/en\/producto\/rex-m\/\" class=\"w-fadeslider\">\n\t<img loading=\"lazy\" decoding=\"async\" width=\"1024\" height=\"1024\" src=\"https:\/\/arteconfort.com\/wp-content\/uploads\/2025\/04\/Rex-M-mando.webp\" class=\"attachment-shop_catalog size-shop_catalog wp-post-image\" alt=\"\" srcset=\"https:\/\/arteconfort.com\/wp-content\/uploads\/2025\/04\/Rex-M-mando.webp 1024w, https:\/\/arteconfort.com\/wp-content\/uploads\/2025\/04\/Rex-M-mando-768x768.webp 768w, https:\/\/arteconfort.com\/wp-content\/uploads\/2025\/04\/Rex-M-mando-340x340.webp 340w, https:\/\/arteconfort.com\/wp-content\/uploads\/2025\/04\/Rex-M-mando-640x640.webp 640w, https:\/\/arteconfort.com\/wp-content\/uploads\/2025\/04\/Rex-M-mando-960x960.webp 960w, https:\/\/arteconfort.com\/wp-content\/uploads\/2025\/04\/Rex-M-mando-300x300.webp 300w, https:\/\/arteconfort.com\/wp-content\/uploads\/2025\/04\/Rex-M-mando-600x600.webp 600w, https:\/\/arteconfort.com\/wp-content\/uploads\/2025\/04\/Rex-M-mando-100x100.webp 100w\" sizes=\"auto, (max-width: 1024px) 100vw, 1024px\" \/>\t<img loading=\"lazy\" decoding=\"async\" width=\"1024\" height=\"1024\" src=\"https:\/\/arteconfort.com\/wp-content\/uploads\/2025\/04\/Rex-M-cerrado.webp\" class=\"attachment-shop_catalog size-shop_catalog\" alt=\"\" srcset=\"https:\/\/arteconfort.com\/wp-content\/uploads\/2025\/04\/Rex-M-cerrado.webp 1024w, https:\/\/arteconfort.com\/wp-content\/uploads\/2025\/04\/Rex-M-cerrado-768x768.webp 768w, https:\/\/arteconfort.com\/wp-content\/uploads\/2025\/04\/Rex-M-cerrado-340x340.webp 340w, https:\/\/arteconfort.com\/wp-content\/uploads\/2025\/04\/Rex-M-cerrado-640x640.webp 640w, https:\/\/arteconfort.com\/wp-content\/uploads\/2025\/04\/Rex-M-cerrado-960x960.webp 960w, https:\/\/arteconfort.com\/wp-content\/uploads\/2025\/04\/Rex-M-cerrado-300x300.webp 300w, https:\/\/arteconfort.com\/wp-content\/uploads\/2025\/04\/Rex-M-cerrado-600x600.webp 600w, https:\/\/arteconfort.com\/wp-content\/uploads\/2025\/04\/Rex-M-cerrado-100x100.webp 100w\" sizes=\"auto, (max-width: 1024px) 100vw, 1024px\" \/><img loading=\"lazy\" decoding=\"async\" width=\"1024\" height=\"1024\" src=\"https:\/\/arteconfort.com\/wp-content\/uploads\/2025\/04\/REX-M-temperatura.webp\" class=\"attachment-shop_catalog size-shop_catalog\" alt=\"\" srcset=\"https:\/\/arteconfort.com\/wp-content\/uploads\/2025\/04\/REX-M-temperatura.webp 1024w, https:\/\/arteconfort.com\/wp-content\/uploads\/2025\/04\/REX-M-temperatura-768x768.webp 768w, https:\/\/arteconfort.com\/wp-content\/uploads\/2025\/04\/REX-M-temperatura-340x340.webp 340w, https:\/\/arteconfort.com\/wp-content\/uploads\/2025\/04\/REX-M-temperatura-640x640.webp 640w, https:\/\/arteconfort.com\/wp-content\/uploads\/2025\/04\/REX-M-temperatura-960x960.webp 960w, https:\/\/arteconfort.com\/wp-content\/uploads\/2025\/04\/REX-M-temperatura-300x300.webp 300w, https:\/\/arteconfort.com\/wp-content\/uploads\/2025\/04\/REX-M-temperatura-600x600.webp 600w, https:\/\/arteconfort.com\/wp-content\/uploads\/2025\/04\/REX-M-temperatura-100x100.webp 100w\" sizes=\"auto, (max-width: 1024px) 100vw, 1024px\" \/><img loading=\"lazy\" decoding=\"async\" width=\"2000\" height=\"2000\" src=\"https:\/\/arteconfort.com\/wp-content\/uploads\/2025\/04\/REX-M-grafico.webp\" class=\"attachment-shop_catalog size-shop_catalog\" alt=\"\" srcset=\"https:\/\/arteconfort.com\/wp-content\/uploads\/2025\/04\/REX-M-grafico.webp 2000w, https:\/\/arteconfort.com\/wp-content\/uploads\/2025\/04\/REX-M-grafico-768x768.webp 768w, https:\/\/arteconfort.com\/wp-content\/uploads\/2025\/04\/REX-M-grafico-1536x1536.webp 1536w, https:\/\/arteconfort.com\/wp-content\/uploads\/2025\/04\/REX-M-grafico-340x340.webp 340w, https:\/\/arteconfort.com\/wp-content\/uploads\/2025\/04\/REX-M-grafico-640x640.webp 640w, https:\/\/arteconfort.com\/wp-content\/uploads\/2025\/04\/REX-M-grafico-960x960.webp 960w, https:\/\/arteconfort.com\/wp-content\/uploads\/2025\/04\/REX-M-grafico-1280x1280.webp 1280w, https:\/\/arteconfort.com\/wp-content\/uploads\/2025\/04\/REX-M-grafico-300x300.webp 300w, https:\/\/arteconfort.com\/wp-content\/uploads\/2025\/04\/REX-M-grafico-600x600.webp 600w, https:\/\/arteconfort.com\/wp-content\/uploads\/2025\/04\/REX-M-grafico-100x100.webp 100w\" sizes=\"auto, (max-width: 2000px) 100vw, 2000px\" \/>\t<\/a>\n\t<div class=\"w-product-status\"><\/div>\t<span id=\"woocommerce_loop_add_to_cart_link_describedby_47064\" class=\"screen-reader-text\">\n\t\t\t<\/span>\n<\/div><figcaption><h2 class=\"woocommerce-loop-product__title\">REX M<\/h2><div class=\"woocommerce-product-details__short-description\">\n\t<p>The REX M ceiling fan with hidden or retractable blades incorporates LED light and color temperature memory. It<\/div>\n\n<\/figcaption><\/figure><\/li>\n<li class=\"product type-product post-20871 status-publish instock product_cat-climatizacion-en product_cat-ventiladores-de-techo-en has-post-thumbnail shipping-taxable product-type-external w-item col-3\">\n\t<figure><div class=\"image-wrapper\">\t\t<a href=\"https:\/\/arteconfort.com\/en\/producto\/rocio\/\" class=\"w-fadeslider\">\n\t<img loading=\"lazy\" decoding=\"async\" width=\"1024\" height=\"1024\" src=\"https:\/\/arteconfort.com\/wp-content\/uploads\/2024\/06\/ventilador-ROCIO-31548856-1.webp\" class=\"attachment-shop_catalog size-shop_catalog wp-post-image\" alt=\"Ventilador ROCIO blanco con mando\" srcset=\"https:\/\/arteconfort.com\/wp-content\/uploads\/2024\/06\/ventilador-ROCIO-31548856-1.webp 1024w, https:\/\/arteconfort.com\/wp-content\/uploads\/2024\/06\/ventilador-ROCIO-31548856-1-768x768.webp 768w, https:\/\/arteconfort.com\/wp-content\/uploads\/2024\/06\/ventilador-ROCIO-31548856-1-340x340.webp 340w, https:\/\/arteconfort.com\/wp-content\/uploads\/2024\/06\/ventilador-ROCIO-31548856-1-640x640.webp 640w, https:\/\/arteconfort.com\/wp-content\/uploads\/2024\/06\/ventilador-ROCIO-31548856-1-960x960.webp 960w, https:\/\/arteconfort.com\/wp-content\/uploads\/2024\/06\/ventilador-ROCIO-31548856-1-300x300.webp 300w, https:\/\/arteconfort.com\/wp-content\/uploads\/2024\/06\/ventilador-ROCIO-31548856-1-600x600.webp 600w, https:\/\/arteconfort.com\/wp-content\/uploads\/2024\/06\/ventilador-ROCIO-31548856-1-100x100.webp 100w, https:\/\/arteconfort.com\/wp-content\/uploads\/2024\/06\/ventilador-ROCIO-31548856-1-133x133.webp 133w\" sizes=\"auto, (max-width: 1024px) 100vw, 1024px\" \/>\t<img loading=\"lazy\" decoding=\"async\" width=\"1024\" height=\"1024\" src=\"https:\/\/arteconfort.com\/wp-content\/uploads\/2024\/06\/ventilador-ROCIO-31548856-ambiente-1.webp\" class=\"attachment-shop_catalog size-shop_catalog\" alt=\"Ventilador ROCIO blanco ambiente dia\" srcset=\"https:\/\/arteconfort.com\/wp-content\/uploads\/2024\/06\/ventilador-ROCIO-31548856-ambiente-1.webp 1024w, https:\/\/arteconfort.com\/wp-content\/uploads\/2024\/06\/ventilador-ROCIO-31548856-ambiente-1-768x768.webp 768w, https:\/\/arteconfort.com\/wp-content\/uploads\/2024\/06\/ventilador-ROCIO-31548856-ambiente-1-340x340.webp 340w, https:\/\/arteconfort.com\/wp-content\/uploads\/2024\/06\/ventilador-ROCIO-31548856-ambiente-1-640x640.webp 640w, https:\/\/arteconfort.com\/wp-content\/uploads\/2024\/06\/ventilador-ROCIO-31548856-ambiente-1-960x960.webp 960w, https:\/\/arteconfort.com\/wp-content\/uploads\/2024\/06\/ventilador-ROCIO-31548856-ambiente-1-133x133.webp 133w, https:\/\/arteconfort.com\/wp-content\/uploads\/2024\/06\/ventilador-ROCIO-31548856-ambiente-1-300x300.webp 300w, https:\/\/arteconfort.com\/wp-content\/uploads\/2024\/06\/ventilador-ROCIO-31548856-ambiente-1-600x600.webp 600w, https:\/\/arteconfort.com\/wp-content\/uploads\/2024\/06\/ventilador-ROCIO-31548856-ambiente-1-100x100.webp 100w\" sizes=\"auto, (max-width: 1024px) 100vw, 1024px\" \/><img loading=\"lazy\" decoding=\"async\" width=\"1024\" height=\"1024\" src=\"https:\/\/arteconfort.com\/wp-content\/uploads\/2023\/10\/ROCIO-AMBIENTE-1.webp\" class=\"attachment-shop_catalog size-shop_catalog\" alt=\"\" srcset=\"https:\/\/arteconfort.com\/wp-content\/uploads\/2023\/10\/ROCIO-AMBIENTE-1.webp 1024w, https:\/\/arteconfort.com\/wp-content\/uploads\/2023\/10\/ROCIO-AMBIENTE-1-768x768.webp 768w, https:\/\/arteconfort.com\/wp-content\/uploads\/2023\/10\/ROCIO-AMBIENTE-1-340x340.webp 340w, https:\/\/arteconfort.com\/wp-content\/uploads\/2023\/10\/ROCIO-AMBIENTE-1-640x640.webp 640w, https:\/\/arteconfort.com\/wp-content\/uploads\/2023\/10\/ROCIO-AMBIENTE-1-960x960.webp 960w, https:\/\/arteconfort.com\/wp-content\/uploads\/2023\/10\/ROCIO-AMBIENTE-1-133x133.webp 133w, https:\/\/arteconfort.com\/wp-content\/uploads\/2023\/10\/ROCIO-AMBIENTE-1-300x300.webp 300w, https:\/\/arteconfort.com\/wp-content\/uploads\/2023\/10\/ROCIO-AMBIENTE-1-600x600.webp 600w, https:\/\/arteconfort.com\/wp-content\/uploads\/2023\/10\/ROCIO-AMBIENTE-1-100x100.webp 100w\" sizes=\"auto, (max-width: 1024px) 100vw, 1024px\" \/><img loading=\"lazy\" decoding=\"async\" width=\"1024\" height=\"1024\" src=\"https:\/\/arteconfort.com\/wp-content\/uploads\/2024\/06\/ventilador-ROCIO-31548856-2.webp\" class=\"attachment-shop_catalog size-shop_catalog\" alt=\"Ventilador ROCIO blanco perspectiva\" srcset=\"https:\/\/arteconfort.com\/wp-content\/uploads\/2024\/06\/ventilador-ROCIO-31548856-2.webp 1024w, https:\/\/arteconfort.com\/wp-content\/uploads\/2024\/06\/ventilador-ROCIO-31548856-2-768x768.webp 768w, https:\/\/arteconfort.com\/wp-content\/uploads\/2024\/06\/ventilador-ROCIO-31548856-2-340x340.webp 340w, https:\/\/arteconfort.com\/wp-content\/uploads\/2024\/06\/ventilador-ROCIO-31548856-2-640x640.webp 640w, https:\/\/arteconfort.com\/wp-content\/uploads\/2024\/06\/ventilador-ROCIO-31548856-2-960x960.webp 960w, https:\/\/arteconfort.com\/wp-content\/uploads\/2024\/06\/ventilador-ROCIO-31548856-2-133x133.webp 133w, https:\/\/arteconfort.com\/wp-content\/uploads\/2024\/06\/ventilador-ROCIO-31548856-2-300x300.webp 300w, https:\/\/arteconfort.com\/wp-content\/uploads\/2024\/06\/ventilador-ROCIO-31548856-2-600x600.webp 600w, https:\/\/arteconfort.com\/wp-content\/uploads\/2024\/06\/ventilador-ROCIO-31548856-2-100x100.webp 100w\" sizes=\"auto, (max-width: 1024px) 100vw, 1024px\" \/><img loading=\"lazy\" decoding=\"async\" width=\"1024\" height=\"1024\" src=\"https:\/\/arteconfort.com\/wp-content\/uploads\/2024\/06\/ventilador-ROCIO-31548856-3.webp\" class=\"attachment-shop_catalog size-shop_catalog\" alt=\"Ventilador ROCIO blanco planta\" srcset=\"https:\/\/arteconfort.com\/wp-content\/uploads\/2024\/06\/ventilador-ROCIO-31548856-3.webp 1024w, https:\/\/arteconfort.com\/wp-content\/uploads\/2024\/06\/ventilador-ROCIO-31548856-3-768x768.webp 768w, https:\/\/arteconfort.com\/wp-content\/uploads\/2024\/06\/ventilador-ROCIO-31548856-3-340x340.webp 340w, https:\/\/arteconfort.com\/wp-content\/uploads\/2024\/06\/ventilador-ROCIO-31548856-3-640x640.webp 640w, https:\/\/arteconfort.com\/wp-content\/uploads\/2024\/06\/ventilador-ROCIO-31548856-3-960x960.webp 960w, https:\/\/arteconfort.com\/wp-content\/uploads\/2024\/06\/ventilador-ROCIO-31548856-3-133x133.webp 133w, https:\/\/arteconfort.com\/wp-content\/uploads\/2024\/06\/ventilador-ROCIO-31548856-3-300x300.webp 300w, https:\/\/arteconfort.com\/wp-content\/uploads\/2024\/06\/ventilador-ROCIO-31548856-3-600x600.webp 600w, https:\/\/arteconfort.com\/wp-content\/uploads\/2024\/06\/ventilador-ROCIO-31548856-3-100x100.webp 100w\" sizes=\"auto, (max-width: 1024px) 100vw, 1024px\" \/><img loading=\"lazy\" decoding=\"async\" width=\"1024\" height=\"1024\" src=\"https:\/\/arteconfort.com\/wp-content\/uploads\/2024\/06\/ventilador-ROCIO-31548856-4.webp\" class=\"attachment-shop_catalog size-shop_catalog\" alt=\"Ventilador ROCIO blanco lateral\" srcset=\"https:\/\/arteconfort.com\/wp-content\/uploads\/2024\/06\/ventilador-ROCIO-31548856-4.webp 1024w, https:\/\/arteconfort.com\/wp-content\/uploads\/2024\/06\/ventilador-ROCIO-31548856-4-768x768.webp 768w, https:\/\/arteconfort.com\/wp-content\/uploads\/2024\/06\/ventilador-ROCIO-31548856-4-340x340.webp 340w, https:\/\/arteconfort.com\/wp-content\/uploads\/2024\/06\/ventilador-ROCIO-31548856-4-640x640.webp 640w, https:\/\/arteconfort.com\/wp-content\/uploads\/2024\/06\/ventilador-ROCIO-31548856-4-960x960.webp 960w, https:\/\/arteconfort.com\/wp-content\/uploads\/2024\/06\/ventilador-ROCIO-31548856-4-133x133.webp 133w, https:\/\/arteconfort.com\/wp-content\/uploads\/2024\/06\/ventilador-ROCIO-31548856-4-300x300.webp 300w, https:\/\/arteconfort.com\/wp-content\/uploads\/2024\/06\/ventilador-ROCIO-31548856-4-600x600.webp 600w, https:\/\/arteconfort.com\/wp-content\/uploads\/2024\/06\/ventilador-ROCIO-31548856-4-100x100.webp 100w\" sizes=\"auto, (max-width: 1024px) 100vw, 1024px\" \/><img loading=\"lazy\" decoding=\"async\" width=\"1024\" height=\"1024\" src=\"https:\/\/arteconfort.com\/wp-content\/uploads\/2024\/06\/ventilador-ROCIO-31548856-mando.webp\" class=\"attachment-shop_catalog size-shop_catalog\" alt=\"Ventilador ROCIO mando\" srcset=\"https:\/\/arteconfort.com\/wp-content\/uploads\/2024\/06\/ventilador-ROCIO-31548856-mando.webp 1024w, https:\/\/arteconfort.com\/wp-content\/uploads\/2024\/06\/ventilador-ROCIO-31548856-mando-768x768.webp 768w, https:\/\/arteconfort.com\/wp-content\/uploads\/2024\/06\/ventilador-ROCIO-31548856-mando-340x340.webp 340w, https:\/\/arteconfort.com\/wp-content\/uploads\/2024\/06\/ventilador-ROCIO-31548856-mando-640x640.webp 640w, https:\/\/arteconfort.com\/wp-content\/uploads\/2024\/06\/ventilador-ROCIO-31548856-mando-960x960.webp 960w, https:\/\/arteconfort.com\/wp-content\/uploads\/2024\/06\/ventilador-ROCIO-31548856-mando-133x133.webp 133w, https:\/\/arteconfort.com\/wp-content\/uploads\/2024\/06\/ventilador-ROCIO-31548856-mando-300x300.webp 300w, https:\/\/arteconfort.com\/wp-content\/uploads\/2024\/06\/ventilador-ROCIO-31548856-mando-600x600.webp 600w, https:\/\/arteconfort.com\/wp-content\/uploads\/2024\/06\/ventilador-ROCIO-31548856-mando-100x100.webp 100w\" sizes=\"auto, (max-width: 1024px) 100vw, 1024px\" \/><img loading=\"lazy\" decoding=\"async\" width=\"1024\" height=\"1024\" src=\"https:\/\/arteconfort.com\/wp-content\/uploads\/2024\/06\/ventilador-ROCIO-31548856-grafico.webp\" class=\"attachment-shop_catalog size-shop_catalog\" alt=\"Ventilador ROCIO grafico\" srcset=\"https:\/\/arteconfort.com\/wp-content\/uploads\/2024\/06\/ventilador-ROCIO-31548856-grafico.webp 1024w, https:\/\/arteconfort.com\/wp-content\/uploads\/2024\/06\/ventilador-ROCIO-31548856-grafico-768x768.webp 768w, https:\/\/arteconfort.com\/wp-content\/uploads\/2024\/06\/ventilador-ROCIO-31548856-grafico-340x340.webp 340w, https:\/\/arteconfort.com\/wp-content\/uploads\/2024\/06\/ventilador-ROCIO-31548856-grafico-640x640.webp 640w, https:\/\/arteconfort.com\/wp-content\/uploads\/2024\/06\/ventilador-ROCIO-31548856-grafico-960x960.webp 960w, https:\/\/arteconfort.com\/wp-content\/uploads\/2024\/06\/ventilador-ROCIO-31548856-grafico-133x133.webp 133w, https:\/\/arteconfort.com\/wp-content\/uploads\/2024\/06\/ventilador-ROCIO-31548856-grafico-300x300.webp 300w, https:\/\/arteconfort.com\/wp-content\/uploads\/2024\/06\/ventilador-ROCIO-31548856-grafico-600x600.webp 600w, https:\/\/arteconfort.com\/wp-content\/uploads\/2024\/06\/ventilador-ROCIO-31548856-grafico-100x100.webp 100w\" sizes=\"auto, (max-width: 1024px) 100vw, 1024px\" \/><img loading=\"lazy\" decoding=\"async\" width=\"1024\" height=\"1024\" src=\"https:\/\/arteconfort.com\/wp-content\/uploads\/2024\/06\/ventilador-ROCIO-31548856-5.webp\" class=\"attachment-shop_catalog size-shop_catalog\" alt=\"Ventilador ROCIO blanco ambiente dia\" srcset=\"https:\/\/arteconfort.com\/wp-content\/uploads\/2024\/06\/ventilador-ROCIO-31548856-5.webp 1024w, https:\/\/arteconfort.com\/wp-content\/uploads\/2024\/06\/ventilador-ROCIO-31548856-5-768x768.webp 768w, https:\/\/arteconfort.com\/wp-content\/uploads\/2024\/06\/ventilador-ROCIO-31548856-5-340x340.webp 340w, https:\/\/arteconfort.com\/wp-content\/uploads\/2024\/06\/ventilador-ROCIO-31548856-5-640x640.webp 640w, https:\/\/arteconfort.com\/wp-content\/uploads\/2024\/06\/ventilador-ROCIO-31548856-5-960x960.webp 960w, https:\/\/arteconfort.com\/wp-content\/uploads\/2024\/06\/ventilador-ROCIO-31548856-5-133x133.webp 133w, https:\/\/arteconfort.com\/wp-content\/uploads\/2024\/06\/ventilador-ROCIO-31548856-5-300x300.webp 300w, https:\/\/arteconfort.com\/wp-content\/uploads\/2024\/06\/ventilador-ROCIO-31548856-5-600x600.webp 600w, https:\/\/arteconfort.com\/wp-content\/uploads\/2024\/06\/ventilador-ROCIO-31548856-5-100x100.webp 100w\" sizes=\"auto, (max-width: 1024px) 100vw, 1024px\" \/><img loading=\"lazy\" decoding=\"async\" width=\"1024\" height=\"1024\" src=\"https:\/\/arteconfort.com\/wp-content\/uploads\/2024\/06\/ventilador-ROCIO-31548856-ambiente-2.webp\" class=\"attachment-shop_catalog size-shop_catalog\" alt=\"Ventilador ROCIO blanco ambiente calido\" srcset=\"https:\/\/arteconfort.com\/wp-content\/uploads\/2024\/06\/ventilador-ROCIO-31548856-ambiente-2.webp 1024w, https:\/\/arteconfort.com\/wp-content\/uploads\/2024\/06\/ventilador-ROCIO-31548856-ambiente-2-768x768.webp 768w, https:\/\/arteconfort.com\/wp-content\/uploads\/2024\/06\/ventilador-ROCIO-31548856-ambiente-2-340x340.webp 340w, https:\/\/arteconfort.com\/wp-content\/uploads\/2024\/06\/ventilador-ROCIO-31548856-ambiente-2-640x640.webp 640w, https:\/\/arteconfort.com\/wp-content\/uploads\/2024\/06\/ventilador-ROCIO-31548856-ambiente-2-960x960.webp 960w, https:\/\/arteconfort.com\/wp-content\/uploads\/2024\/06\/ventilador-ROCIO-31548856-ambiente-2-133x133.webp 133w, https:\/\/arteconfort.com\/wp-content\/uploads\/2024\/06\/ventilador-ROCIO-31548856-ambiente-2-300x300.webp 300w, https:\/\/arteconfort.com\/wp-content\/uploads\/2024\/06\/ventilador-ROCIO-31548856-ambiente-2-600x600.webp 600w, https:\/\/arteconfort.com\/wp-content\/uploads\/2024\/06\/ventilador-ROCIO-31548856-ambiente-2-100x100.webp 100w\" sizes=\"auto, (max-width: 1024px) 100vw, 1024px\" \/><img loading=\"lazy\" decoding=\"async\" width=\"1024\" height=\"1024\" src=\"https:\/\/arteconfort.com\/wp-content\/uploads\/2024\/06\/ventilador-ROCIO-31548856-ambiente-4.webp\" class=\"attachment-shop_catalog size-shop_catalog\" alt=\"Ventilador ROCIO blanco ambiente neutro\" srcset=\"https:\/\/arteconfort.com\/wp-content\/uploads\/2024\/06\/ventilador-ROCIO-31548856-ambiente-4.webp 1024w, https:\/\/arteconfort.com\/wp-content\/uploads\/2024\/06\/ventilador-ROCIO-31548856-ambiente-4-768x768.webp 768w, https:\/\/arteconfort.com\/wp-content\/uploads\/2024\/06\/ventilador-ROCIO-31548856-ambiente-4-340x340.webp 340w, https:\/\/arteconfort.com\/wp-content\/uploads\/2024\/06\/ventilador-ROCIO-31548856-ambiente-4-640x640.webp 640w, https:\/\/arteconfort.com\/wp-content\/uploads\/2024\/06\/ventilador-ROCIO-31548856-ambiente-4-960x960.webp 960w, https:\/\/arteconfort.com\/wp-content\/uploads\/2024\/06\/ventilador-ROCIO-31548856-ambiente-4-133x133.webp 133w, https:\/\/arteconfort.com\/wp-content\/uploads\/2024\/06\/ventilador-ROCIO-31548856-ambiente-4-300x300.webp 300w, https:\/\/arteconfort.com\/wp-content\/uploads\/2024\/06\/ventilador-ROCIO-31548856-ambiente-4-600x600.webp 600w, https:\/\/arteconfort.com\/wp-content\/uploads\/2024\/06\/ventilador-ROCIO-31548856-ambiente-4-100x100.webp 100w\" sizes=\"auto, (max-width: 1024px) 100vw, 1024px\" \/><img loading=\"lazy\" decoding=\"async\" width=\"1024\" height=\"1024\" src=\"https:\/\/arteconfort.com\/wp-content\/uploads\/2024\/06\/ventilador-ROCIO-31548856-ambiente-3.webp\" class=\"attachment-shop_catalog size-shop_catalog\" alt=\"Ventilador ROCIO blanco ambiente neutro tenue\" srcset=\"https:\/\/arteconfort.com\/wp-content\/uploads\/2024\/06\/ventilador-ROCIO-31548856-ambiente-3.webp 1024w, https:\/\/arteconfort.com\/wp-content\/uploads\/2024\/06\/ventilador-ROCIO-31548856-ambiente-3-768x768.webp 768w, https:\/\/arteconfort.com\/wp-content\/uploads\/2024\/06\/ventilador-ROCIO-31548856-ambiente-3-340x340.webp 340w, https:\/\/arteconfort.com\/wp-content\/uploads\/2024\/06\/ventilador-ROCIO-31548856-ambiente-3-640x640.webp 640w, https:\/\/arteconfort.com\/wp-content\/uploads\/2024\/06\/ventilador-ROCIO-31548856-ambiente-3-960x960.webp 960w, https:\/\/arteconfort.com\/wp-content\/uploads\/2024\/06\/ventilador-ROCIO-31548856-ambiente-3-133x133.webp 133w, https:\/\/arteconfort.com\/wp-content\/uploads\/2024\/06\/ventilador-ROCIO-31548856-ambiente-3-300x300.webp 300w, https:\/\/arteconfort.com\/wp-content\/uploads\/2024\/06\/ventilador-ROCIO-31548856-ambiente-3-600x600.webp 600w, https:\/\/arteconfort.com\/wp-content\/uploads\/2024\/06\/ventilador-ROCIO-31548856-ambiente-3-100x100.webp 100w\" sizes=\"auto, (max-width: 1024px) 100vw, 1024px\" \/><img loading=\"lazy\" decoding=\"async\" width=\"1024\" height=\"1024\" src=\"https:\/\/arteconfort.com\/wp-content\/uploads\/2024\/06\/ventilador-ROCIO-31548856-ambiente-5.webp\" class=\"attachment-shop_catalog size-shop_catalog\" alt=\"Ventilador ROCIO blanco ambiente frio\" srcset=\"https:\/\/arteconfort.com\/wp-content\/uploads\/2024\/06\/ventilador-ROCIO-31548856-ambiente-5.webp 1024w, https:\/\/arteconfort.com\/wp-content\/uploads\/2024\/06\/ventilador-ROCIO-31548856-ambiente-5-768x768.webp 768w, https:\/\/arteconfort.com\/wp-content\/uploads\/2024\/06\/ventilador-ROCIO-31548856-ambiente-5-340x340.webp 340w, https:\/\/arteconfort.com\/wp-content\/uploads\/2024\/06\/ventilador-ROCIO-31548856-ambiente-5-640x640.webp 640w, https:\/\/arteconfort.com\/wp-content\/uploads\/2024\/06\/ventilador-ROCIO-31548856-ambiente-5-960x960.webp 960w, https:\/\/arteconfort.com\/wp-content\/uploads\/2024\/06\/ventilador-ROCIO-31548856-ambiente-5-133x133.webp 133w, https:\/\/arteconfort.com\/wp-content\/uploads\/2024\/06\/ventilador-ROCIO-31548856-ambiente-5-300x300.webp 300w, https:\/\/arteconfort.com\/wp-content\/uploads\/2024\/06\/ventilador-ROCIO-31548856-ambiente-5-600x600.webp 600w, https:\/\/arteconfort.com\/wp-content\/uploads\/2024\/06\/ventilador-ROCIO-31548856-ambiente-5-100x100.webp 100w\" sizes=\"auto, (max-width: 1024px) 100vw, 1024px\" \/>\t<\/a>\n\t<div class=\"w-product-status\"><\/div>\t<span id=\"woocommerce_loop_add_to_cart_link_describedby_20871\" class=\"screen-reader-text\">\n\t\t\t<\/span>\n<\/div><figcaption><h2 class=\"woocommerce-loop-product__title\">ROCIO<\/h2><div class=\"woocommerce-product-details__short-description\">\n\t<p>The Paris ceiling fan has an integrated LED light, metal body and 5 blades in matt white, it<\/div>\n\n<\/figcaption><\/figure><\/li>\n<li class=\"product type-product post-46352 status-publish instock product_cat-climatizacion-en product_cat-ventiladores-de-techo-en has-post-thumbnail shipping-taxable product-type-simple w-item col-3\">\n\t<figure><div class=\"image-wrapper\">\t\t<a href=\"https:\/\/arteconfort.com\/en\/producto\/roma\/\" class=\"w-fadeslider\">\n\t<img loading=\"lazy\" decoding=\"async\" width=\"1024\" height=\"1024\" src=\"https:\/\/arteconfort.com\/wp-content\/uploads\/2025\/04\/ROMA-BLANCO-mando.webp\" class=\"attachment-shop_catalog size-shop_catalog wp-post-image\" alt=\"\" srcset=\"https:\/\/arteconfort.com\/wp-content\/uploads\/2025\/04\/ROMA-BLANCO-mando.webp 1024w, https:\/\/arteconfort.com\/wp-content\/uploads\/2025\/04\/ROMA-BLANCO-mando-768x768.webp 768w, https:\/\/arteconfort.com\/wp-content\/uploads\/2025\/04\/ROMA-BLANCO-mando-340x340.webp 340w, https:\/\/arteconfort.com\/wp-content\/uploads\/2025\/04\/ROMA-BLANCO-mando-640x640.webp 640w, https:\/\/arteconfort.com\/wp-content\/uploads\/2025\/04\/ROMA-BLANCO-mando-960x960.webp 960w, https:\/\/arteconfort.com\/wp-content\/uploads\/2025\/04\/ROMA-BLANCO-mando-300x300.webp 300w, https:\/\/arteconfort.com\/wp-content\/uploads\/2025\/04\/ROMA-BLANCO-mando-600x600.webp 600w, https:\/\/arteconfort.com\/wp-content\/uploads\/2025\/04\/ROMA-BLANCO-mando-100x100.webp 100w\" sizes=\"auto, (max-width: 1024px) 100vw, 1024px\" \/>\t<img loading=\"lazy\" decoding=\"async\" width=\"1024\" height=\"1024\" src=\"https:\/\/arteconfort.com\/wp-content\/uploads\/2025\/04\/ROMA-MADERA-mando.webp\" class=\"attachment-shop_catalog size-shop_catalog\" alt=\"\" srcset=\"https:\/\/arteconfort.com\/wp-content\/uploads\/2025\/04\/ROMA-MADERA-mando.webp 1024w, https:\/\/arteconfort.com\/wp-content\/uploads\/2025\/04\/ROMA-MADERA-mando-768x768.webp 768w, https:\/\/arteconfort.com\/wp-content\/uploads\/2025\/04\/ROMA-MADERA-mando-340x340.webp 340w, https:\/\/arteconfort.com\/wp-content\/uploads\/2025\/04\/ROMA-MADERA-mando-640x640.webp 640w, https:\/\/arteconfort.com\/wp-content\/uploads\/2025\/04\/ROMA-MADERA-mando-960x960.webp 960w, https:\/\/arteconfort.com\/wp-content\/uploads\/2025\/04\/ROMA-MADERA-mando-300x300.webp 300w, https:\/\/arteconfort.com\/wp-content\/uploads\/2025\/04\/ROMA-MADERA-mando-600x600.webp 600w, https:\/\/arteconfort.com\/wp-content\/uploads\/2025\/04\/ROMA-MADERA-mando-100x100.webp 100w\" sizes=\"auto, (max-width: 1024px) 100vw, 1024px\" \/><img loading=\"lazy\" decoding=\"async\" width=\"1024\" height=\"1024\" src=\"https:\/\/arteconfort.com\/wp-content\/uploads\/2025\/04\/ROMA-BLANCO-aspa.webp\" class=\"attachment-shop_catalog size-shop_catalog\" alt=\"\" srcset=\"https:\/\/arteconfort.com\/wp-content\/uploads\/2025\/04\/ROMA-BLANCO-aspa.webp 1024w, https:\/\/arteconfort.com\/wp-content\/uploads\/2025\/04\/ROMA-BLANCO-aspa-768x768.webp 768w, https:\/\/arteconfort.com\/wp-content\/uploads\/2025\/04\/ROMA-BLANCO-aspa-340x340.webp 340w, https:\/\/arteconfort.com\/wp-content\/uploads\/2025\/04\/ROMA-BLANCO-aspa-640x640.webp 640w, https:\/\/arteconfort.com\/wp-content\/uploads\/2025\/04\/ROMA-BLANCO-aspa-960x960.webp 960w, https:\/\/arteconfort.com\/wp-content\/uploads\/2025\/04\/ROMA-BLANCO-aspa-300x300.webp 300w, https:\/\/arteconfort.com\/wp-content\/uploads\/2025\/04\/ROMA-BLANCO-aspa-600x600.webp 600w, https:\/\/arteconfort.com\/wp-content\/uploads\/2025\/04\/ROMA-BLANCO-aspa-100x100.webp 100w\" sizes=\"auto, (max-width: 1024px) 100vw, 1024px\" \/><img loading=\"lazy\" decoding=\"async\" width=\"1024\" height=\"1024\" src=\"https:\/\/arteconfort.com\/wp-content\/uploads\/2025\/04\/ROMA-MADERA-aspa.webp\" class=\"attachment-shop_catalog size-shop_catalog\" alt=\"\" srcset=\"https:\/\/arteconfort.com\/wp-content\/uploads\/2025\/04\/ROMA-MADERA-aspa.webp 1024w, https:\/\/arteconfort.com\/wp-content\/uploads\/2025\/04\/ROMA-MADERA-aspa-768x768.webp 768w, https:\/\/arteconfort.com\/wp-content\/uploads\/2025\/04\/ROMA-MADERA-aspa-340x340.webp 340w, https:\/\/arteconfort.com\/wp-content\/uploads\/2025\/04\/ROMA-MADERA-aspa-640x640.webp 640w, https:\/\/arteconfort.com\/wp-content\/uploads\/2025\/04\/ROMA-MADERA-aspa-960x960.webp 960w, https:\/\/arteconfort.com\/wp-content\/uploads\/2025\/04\/ROMA-MADERA-aspa-300x300.webp 300w, https:\/\/arteconfort.com\/wp-content\/uploads\/2025\/04\/ROMA-MADERA-aspa-600x600.webp 600w, https:\/\/arteconfort.com\/wp-content\/uploads\/2025\/04\/ROMA-MADERA-aspa-100x100.webp 100w\" sizes=\"auto, (max-width: 1024px) 100vw, 1024px\" \/><img loading=\"lazy\" decoding=\"async\" width=\"2000\" height=\"2000\" src=\"https:\/\/arteconfort.com\/wp-content\/uploads\/2025\/04\/ROMA-grafico.webp\" class=\"attachment-shop_catalog size-shop_catalog\" alt=\"\" srcset=\"https:\/\/arteconfort.com\/wp-content\/uploads\/2025\/04\/ROMA-grafico.webp 2000w, https:\/\/arteconfort.com\/wp-content\/uploads\/2025\/04\/ROMA-grafico-768x768.webp 768w, https:\/\/arteconfort.com\/wp-content\/uploads\/2025\/04\/ROMA-grafico-1536x1536.webp 1536w, https:\/\/arteconfort.com\/wp-content\/uploads\/2025\/04\/ROMA-grafico-340x340.webp 340w, https:\/\/arteconfort.com\/wp-content\/uploads\/2025\/04\/ROMA-grafico-640x640.webp 640w, https:\/\/arteconfort.com\/wp-content\/uploads\/2025\/04\/ROMA-grafico-960x960.webp 960w, https:\/\/arteconfort.com\/wp-content\/uploads\/2025\/04\/ROMA-grafico-1280x1280.webp 1280w, https:\/\/arteconfort.com\/wp-content\/uploads\/2025\/04\/ROMA-grafico-300x300.webp 300w, https:\/\/arteconfort.com\/wp-content\/uploads\/2025\/04\/ROMA-grafico-600x600.webp 600w, https:\/\/arteconfort.com\/wp-content\/uploads\/2025\/04\/ROMA-grafico-100x100.webp 100w\" sizes=\"auto, (max-width: 2000px) 100vw, 2000px\" \/><img loading=\"lazy\" decoding=\"async\" width=\"1024\" height=\"1024\" src=\"https:\/\/arteconfort.com\/wp-content\/uploads\/2025\/04\/ROMA-BLANCO-temperaturas-03.webp\" class=\"attachment-shop_catalog size-shop_catalog\" alt=\"\" srcset=\"https:\/\/arteconfort.com\/wp-content\/uploads\/2025\/04\/ROMA-BLANCO-temperaturas-03.webp 1024w, https:\/\/arteconfort.com\/wp-content\/uploads\/2025\/04\/ROMA-BLANCO-temperaturas-03-768x768.webp 768w, https:\/\/arteconfort.com\/wp-content\/uploads\/2025\/04\/ROMA-BLANCO-temperaturas-03-340x340.webp 340w, https:\/\/arteconfort.com\/wp-content\/uploads\/2025\/04\/ROMA-BLANCO-temperaturas-03-640x640.webp 640w, https:\/\/arteconfort.com\/wp-content\/uploads\/2025\/04\/ROMA-BLANCO-temperaturas-03-960x960.webp 960w, https:\/\/arteconfort.com\/wp-content\/uploads\/2025\/04\/ROMA-BLANCO-temperaturas-03-300x300.webp 300w, https:\/\/arteconfort.com\/wp-content\/uploads\/2025\/04\/ROMA-BLANCO-temperaturas-03-600x600.webp 600w, https:\/\/arteconfort.com\/wp-content\/uploads\/2025\/04\/ROMA-BLANCO-temperaturas-03-100x100.webp 100w\" sizes=\"auto, (max-width: 1024px) 100vw, 1024px\" \/><img loading=\"lazy\" decoding=\"async\" width=\"1024\" height=\"1024\" src=\"https:\/\/arteconfort.com\/wp-content\/uploads\/2025\/04\/ROMA-MADERA-temperaturas-03.webp\" class=\"attachment-shop_catalog size-shop_catalog\" alt=\"\" srcset=\"https:\/\/arteconfort.com\/wp-content\/uploads\/2025\/04\/ROMA-MADERA-temperaturas-03.webp 1024w, https:\/\/arteconfort.com\/wp-content\/uploads\/2025\/04\/ROMA-MADERA-temperaturas-03-768x768.webp 768w, https:\/\/arteconfort.com\/wp-content\/uploads\/2025\/04\/ROMA-MADERA-temperaturas-03-340x340.webp 340w, https:\/\/arteconfort.com\/wp-content\/uploads\/2025\/04\/ROMA-MADERA-temperaturas-03-640x640.webp 640w, https:\/\/arteconfort.com\/wp-content\/uploads\/2025\/04\/ROMA-MADERA-temperaturas-03-960x960.webp 960w, https:\/\/arteconfort.com\/wp-content\/uploads\/2025\/04\/ROMA-MADERA-temperaturas-03-300x300.webp 300w, https:\/\/arteconfort.com\/wp-content\/uploads\/2025\/04\/ROMA-MADERA-temperaturas-03-600x600.webp 600w, https:\/\/arteconfort.com\/wp-content\/uploads\/2025\/04\/ROMA-MADERA-temperaturas-03-100x100.webp 100w\" sizes=\"auto, (max-width: 1024px) 100vw, 1024px\" \/>\t<\/a>\n\t<div class=\"w-product-status\"><\/div>\t<span id=\"woocommerce_loop_add_to_cart_link_describedby_46352\" class=\"screen-reader-text\">\n\t\t\t<\/span>\n<\/div><figcaption><h2 class=\"woocommerce-loop-product__title\">ROMA<\/h2><div class=\"woocommerce-product-details__short-description\">\n\t<p>The ROMA ceiling fan incorporates LED light and color temperature memory. It has a metal body finished in<\/div>\n\n<\/figcaption><\/figure><\/li>\n<li class=\"product type-product post-44607 status-publish last instock product_cat-climatizacion-en product_cat-ventiladores-de-techo-en has-post-thumbnail shipping-taxable product-type-simple w-item col-3\">\n\t<figure><div class=\"image-wrapper\">\t\t<a href=\"https:\/\/arteconfort.com\/en\/producto\/selas-l\/\" class=\"w-fadeslider\">\n\t<img loading=\"lazy\" decoding=\"async\" width=\"1024\" height=\"1024\" src=\"https:\/\/arteconfort.com\/wp-content\/uploads\/2025\/03\/SELAS-L-mando-01.webp\" class=\"attachment-shop_catalog size-shop_catalog wp-post-image\" alt=\"\" srcset=\"https:\/\/arteconfort.com\/wp-content\/uploads\/2025\/03\/SELAS-L-mando-01.webp 1024w, https:\/\/arteconfort.com\/wp-content\/uploads\/2025\/03\/SELAS-L-mando-01-768x768.webp 768w, https:\/\/arteconfort.com\/wp-content\/uploads\/2025\/03\/SELAS-L-mando-01-340x340.webp 340w, https:\/\/arteconfort.com\/wp-content\/uploads\/2025\/03\/SELAS-L-mando-01-640x640.webp 640w, https:\/\/arteconfort.com\/wp-content\/uploads\/2025\/03\/SELAS-L-mando-01-960x960.webp 960w, https:\/\/arteconfort.com\/wp-content\/uploads\/2025\/03\/SELAS-L-mando-01-300x300.webp 300w, https:\/\/arteconfort.com\/wp-content\/uploads\/2025\/03\/SELAS-L-mando-01-600x600.webp 600w, https:\/\/arteconfort.com\/wp-content\/uploads\/2025\/03\/SELAS-L-mando-01-100x100.webp 100w\" sizes=\"auto, (max-width: 1024px) 100vw, 1024px\" \/>\t<img loading=\"lazy\" decoding=\"async\" width=\"1024\" height=\"1024\" src=\"https:\/\/arteconfort.com\/wp-content\/uploads\/2025\/03\/94051351-p-02.webp\" class=\"attachment-shop_catalog size-shop_catalog\" alt=\"\" srcset=\"https:\/\/arteconfort.com\/wp-content\/uploads\/2025\/03\/94051351-p-02.webp 1024w, https:\/\/arteconfort.com\/wp-content\/uploads\/2025\/03\/94051351-p-02-768x768.webp 768w, https:\/\/arteconfort.com\/wp-content\/uploads\/2025\/03\/94051351-p-02-340x340.webp 340w, https:\/\/arteconfort.com\/wp-content\/uploads\/2025\/03\/94051351-p-02-640x640.webp 640w, https:\/\/arteconfort.com\/wp-content\/uploads\/2025\/03\/94051351-p-02-960x960.webp 960w, https:\/\/arteconfort.com\/wp-content\/uploads\/2025\/03\/94051351-p-02-300x300.webp 300w, https:\/\/arteconfort.com\/wp-content\/uploads\/2025\/03\/94051351-p-02-600x600.webp 600w, https:\/\/arteconfort.com\/wp-content\/uploads\/2025\/03\/94051351-p-02-100x100.webp 100w\" sizes=\"auto, (max-width: 1024px) 100vw, 1024px\" \/><img loading=\"lazy\" decoding=\"async\" width=\"1024\" height=\"1024\" src=\"https:\/\/arteconfort.com\/wp-content\/uploads\/2025\/03\/94051356-tz-01.webp\" class=\"attachment-shop_catalog size-shop_catalog\" alt=\"\" srcset=\"https:\/\/arteconfort.com\/wp-content\/uploads\/2025\/03\/94051356-tz-01.webp 1024w, https:\/\/arteconfort.com\/wp-content\/uploads\/2025\/03\/94051356-tz-01-768x768.webp 768w, https:\/\/arteconfort.com\/wp-content\/uploads\/2025\/03\/94051356-tz-01-340x340.webp 340w, https:\/\/arteconfort.com\/wp-content\/uploads\/2025\/03\/94051356-tz-01-640x640.webp 640w, https:\/\/arteconfort.com\/wp-content\/uploads\/2025\/03\/94051356-tz-01-960x960.webp 960w, https:\/\/arteconfort.com\/wp-content\/uploads\/2025\/03\/94051356-tz-01-300x300.webp 300w, https:\/\/arteconfort.com\/wp-content\/uploads\/2025\/03\/94051356-tz-01-600x600.webp 600w, https:\/\/arteconfort.com\/wp-content\/uploads\/2025\/03\/94051356-tz-01-100x100.webp 100w\" sizes=\"auto, (max-width: 1024px) 100vw, 1024px\" \/><img loading=\"lazy\" decoding=\"async\" width=\"1024\" height=\"1024\" src=\"https:\/\/arteconfort.com\/wp-content\/uploads\/2025\/03\/SELAS-L-grafico-05.webp\" class=\"attachment-shop_catalog size-shop_catalog\" alt=\"\" srcset=\"https:\/\/arteconfort.com\/wp-content\/uploads\/2025\/03\/SELAS-L-grafico-05.webp 1024w, https:\/\/arteconfort.com\/wp-content\/uploads\/2025\/03\/SELAS-L-grafico-05-768x768.webp 768w, https:\/\/arteconfort.com\/wp-content\/uploads\/2025\/03\/SELAS-L-grafico-05-340x340.webp 340w, https:\/\/arteconfort.com\/wp-content\/uploads\/2025\/03\/SELAS-L-grafico-05-640x640.webp 640w, https:\/\/arteconfort.com\/wp-content\/uploads\/2025\/03\/SELAS-L-grafico-05-960x960.webp 960w, https:\/\/arteconfort.com\/wp-content\/uploads\/2025\/03\/SELAS-L-grafico-05-300x300.webp 300w, https:\/\/arteconfort.com\/wp-content\/uploads\/2025\/03\/SELAS-L-grafico-05-600x600.webp 600w, https:\/\/arteconfort.com\/wp-content\/uploads\/2025\/03\/SELAS-L-grafico-05-100x100.webp 100w\" sizes=\"auto, (max-width: 1024px) 100vw, 1024px\" \/>\t<\/a>\n\t<div class=\"w-product-status\"><\/div>\t<span id=\"woocommerce_loop_add_to_cart_link_describedby_44607\" class=\"screen-reader-text\">\n\t\t\t<\/span>\n<\/div><figcaption><h2 class=\"woocommerce-loop-product__title\">SELAS L<\/h2><div class=\"woocommerce-product-details__short-description\">\n\t<p>SELAS L retractable fan with integrated LED light, high luminous flux and color temperature memory. It has a<\/div>\n\n<\/figcaption><\/figure><\/li>\n<li class=\"product type-product post-44648 status-publish first instock product_cat-climatizacion-en product_cat-ventiladores-de-techo-en has-post-thumbnail shipping-taxable product-type-simple w-item col-3\">\n\t<figure><div class=\"image-wrapper\">\t\t<a href=\"https:\/\/arteconfort.com\/en\/producto\/selas-m\/\" class=\"w-fadeslider\">\n\t<img loading=\"lazy\" decoding=\"async\" width=\"1024\" height=\"1024\" src=\"https:\/\/arteconfort.com\/wp-content\/uploads\/2025\/03\/SELAS-M-mando-01.webp\" class=\"attachment-shop_catalog size-shop_catalog wp-post-image\" alt=\"\" srcset=\"https:\/\/arteconfort.com\/wp-content\/uploads\/2025\/03\/SELAS-M-mando-01.webp 1024w, https:\/\/arteconfort.com\/wp-content\/uploads\/2025\/03\/SELAS-M-mando-01-768x768.webp 768w, https:\/\/arteconfort.com\/wp-content\/uploads\/2025\/03\/SELAS-M-mando-01-340x340.webp 340w, https:\/\/arteconfort.com\/wp-content\/uploads\/2025\/03\/SELAS-M-mando-01-640x640.webp 640w, https:\/\/arteconfort.com\/wp-content\/uploads\/2025\/03\/SELAS-M-mando-01-960x960.webp 960w, https:\/\/arteconfort.com\/wp-content\/uploads\/2025\/03\/SELAS-M-mando-01-300x300.webp 300w, https:\/\/arteconfort.com\/wp-content\/uploads\/2025\/03\/SELAS-M-mando-01-600x600.webp 600w, https:\/\/arteconfort.com\/wp-content\/uploads\/2025\/03\/SELAS-M-mando-01-100x100.webp 100w\" sizes=\"auto, (max-width: 1024px) 100vw, 1024px\" \/>\t<img loading=\"lazy\" decoding=\"async\" width=\"1024\" height=\"1024\" src=\"https:\/\/arteconfort.com\/wp-content\/uploads\/2025\/03\/94051350-p-02.webp\" class=\"attachment-shop_catalog size-shop_catalog\" alt=\"\" srcset=\"https:\/\/arteconfort.com\/wp-content\/uploads\/2025\/03\/94051350-p-02.webp 1024w, https:\/\/arteconfort.com\/wp-content\/uploads\/2025\/03\/94051350-p-02-768x768.webp 768w, https:\/\/arteconfort.com\/wp-content\/uploads\/2025\/03\/94051350-p-02-340x340.webp 340w, https:\/\/arteconfort.com\/wp-content\/uploads\/2025\/03\/94051350-p-02-640x640.webp 640w, https:\/\/arteconfort.com\/wp-content\/uploads\/2025\/03\/94051350-p-02-960x960.webp 960w, https:\/\/arteconfort.com\/wp-content\/uploads\/2025\/03\/94051350-p-02-300x300.webp 300w, https:\/\/arteconfort.com\/wp-content\/uploads\/2025\/03\/94051350-p-02-600x600.webp 600w, https:\/\/arteconfort.com\/wp-content\/uploads\/2025\/03\/94051350-p-02-100x100.webp 100w\" sizes=\"auto, (max-width: 1024px) 100vw, 1024px\" \/><img loading=\"lazy\" decoding=\"async\" width=\"1024\" height=\"1024\" src=\"https:\/\/arteconfort.com\/wp-content\/uploads\/2025\/03\/94051350-tz-01.webp\" class=\"attachment-shop_catalog size-shop_catalog\" alt=\"\" srcset=\"https:\/\/arteconfort.com\/wp-content\/uploads\/2025\/03\/94051350-tz-01.webp 1024w, https:\/\/arteconfort.com\/wp-content\/uploads\/2025\/03\/94051350-tz-01-768x768.webp 768w, https:\/\/arteconfort.com\/wp-content\/uploads\/2025\/03\/94051350-tz-01-340x340.webp 340w, https:\/\/arteconfort.com\/wp-content\/uploads\/2025\/03\/94051350-tz-01-640x640.webp 640w, https:\/\/arteconfort.com\/wp-content\/uploads\/2025\/03\/94051350-tz-01-960x960.webp 960w, https:\/\/arteconfort.com\/wp-content\/uploads\/2025\/03\/94051350-tz-01-300x300.webp 300w, https:\/\/arteconfort.com\/wp-content\/uploads\/2025\/03\/94051350-tz-01-600x600.webp 600w, https:\/\/arteconfort.com\/wp-content\/uploads\/2025\/03\/94051350-tz-01-100x100.webp 100w\" sizes=\"auto, (max-width: 1024px) 100vw, 1024px\" \/><img loading=\"lazy\" decoding=\"async\" width=\"1024\" height=\"1024\" src=\"https:\/\/arteconfort.com\/wp-content\/uploads\/2025\/03\/SELAS-M-grafico-05.webp\" class=\"attachment-shop_catalog size-shop_catalog\" alt=\"\" srcset=\"https:\/\/arteconfort.com\/wp-content\/uploads\/2025\/03\/SELAS-M-grafico-05.webp 1024w, https:\/\/arteconfort.com\/wp-content\/uploads\/2025\/03\/SELAS-M-grafico-05-768x768.webp 768w, https:\/\/arteconfort.com\/wp-content\/uploads\/2025\/03\/SELAS-M-grafico-05-340x340.webp 340w, https:\/\/arteconfort.com\/wp-content\/uploads\/2025\/03\/SELAS-M-grafico-05-640x640.webp 640w, https:\/\/arteconfort.com\/wp-content\/uploads\/2025\/03\/SELAS-M-grafico-05-960x960.webp 960w, https:\/\/arteconfort.com\/wp-content\/uploads\/2025\/03\/SELAS-M-grafico-05-300x300.webp 300w, https:\/\/arteconfort.com\/wp-content\/uploads\/2025\/03\/SELAS-M-grafico-05-600x600.webp 600w, https:\/\/arteconfort.com\/wp-content\/uploads\/2025\/03\/SELAS-M-grafico-05-100x100.webp 100w\" sizes=\"auto, (max-width: 1024px) 100vw, 1024px\" \/>\t<\/a>\n\t<div class=\"w-product-status\"><\/div>\t<span id=\"woocommerce_loop_add_to_cart_link_describedby_44648\" class=\"screen-reader-text\">\n\t\t\t<\/span>\n<\/div><figcaption><h2 class=\"woocommerce-loop-product__title\">SELAS M<\/h2><div class=\"woocommerce-product-details__short-description\">\n\t<p>SELAS M retractable fan with integrated LED light, high luminous flux and color temperature memory. Its body is<\/div>\n\n<\/figcaption><\/figure><\/li>\n<li class=\"product type-product post-44690 status-publish instock product_cat-climatizacion-en product_cat-ventiladores-de-techo-en has-post-thumbnail shipping-taxable product-type-simple w-item col-3\">\n\t<figure><div class=\"image-wrapper\">\t\t<a href=\"https:\/\/arteconfort.com\/en\/producto\/selas-s\/\" class=\"w-fadeslider\">\n\t<img loading=\"lazy\" decoding=\"async\" width=\"1024\" height=\"1024\" src=\"https:\/\/arteconfort.com\/wp-content\/uploads\/2025\/03\/SELAS-S-mando-01.webp\" class=\"attachment-shop_catalog size-shop_catalog wp-post-image\" alt=\"\" srcset=\"https:\/\/arteconfort.com\/wp-content\/uploads\/2025\/03\/SELAS-S-mando-01.webp 1024w, https:\/\/arteconfort.com\/wp-content\/uploads\/2025\/03\/SELAS-S-mando-01-768x768.webp 768w, https:\/\/arteconfort.com\/wp-content\/uploads\/2025\/03\/SELAS-S-mando-01-340x340.webp 340w, https:\/\/arteconfort.com\/wp-content\/uploads\/2025\/03\/SELAS-S-mando-01-640x640.webp 640w, https:\/\/arteconfort.com\/wp-content\/uploads\/2025\/03\/SELAS-S-mando-01-960x960.webp 960w, https:\/\/arteconfort.com\/wp-content\/uploads\/2025\/03\/SELAS-S-mando-01-300x300.webp 300w, https:\/\/arteconfort.com\/wp-content\/uploads\/2025\/03\/SELAS-S-mando-01-600x600.webp 600w, https:\/\/arteconfort.com\/wp-content\/uploads\/2025\/03\/SELAS-S-mando-01-100x100.webp 100w\" sizes=\"auto, (max-width: 1024px) 100vw, 1024px\" \/>\t<img loading=\"lazy\" decoding=\"async\" width=\"1024\" height=\"1024\" src=\"https:\/\/arteconfort.com\/wp-content\/uploads\/2025\/03\/94051353-p-02.webp\" class=\"attachment-shop_catalog size-shop_catalog\" alt=\"\" srcset=\"https:\/\/arteconfort.com\/wp-content\/uploads\/2025\/03\/94051353-p-02.webp 1024w, https:\/\/arteconfort.com\/wp-content\/uploads\/2025\/03\/94051353-p-02-768x768.webp 768w, https:\/\/arteconfort.com\/wp-content\/uploads\/2025\/03\/94051353-p-02-340x340.webp 340w, https:\/\/arteconfort.com\/wp-content\/uploads\/2025\/03\/94051353-p-02-640x640.webp 640w, https:\/\/arteconfort.com\/wp-content\/uploads\/2025\/03\/94051353-p-02-960x960.webp 960w, https:\/\/arteconfort.com\/wp-content\/uploads\/2025\/03\/94051353-p-02-300x300.webp 300w, https:\/\/arteconfort.com\/wp-content\/uploads\/2025\/03\/94051353-p-02-600x600.webp 600w, https:\/\/arteconfort.com\/wp-content\/uploads\/2025\/03\/94051353-p-02-100x100.webp 100w\" sizes=\"auto, (max-width: 1024px) 100vw, 1024px\" \/><img loading=\"lazy\" decoding=\"async\" width=\"1024\" height=\"1024\" src=\"https:\/\/arteconfort.com\/wp-content\/uploads\/2025\/03\/94051353-tz-01.webp\" class=\"attachment-shop_catalog size-shop_catalog\" alt=\"\" srcset=\"https:\/\/arteconfort.com\/wp-content\/uploads\/2025\/03\/94051353-tz-01.webp 1024w, https:\/\/arteconfort.com\/wp-content\/uploads\/2025\/03\/94051353-tz-01-768x768.webp 768w, https:\/\/arteconfort.com\/wp-content\/uploads\/2025\/03\/94051353-tz-01-340x340.webp 340w, https:\/\/arteconfort.com\/wp-content\/uploads\/2025\/03\/94051353-tz-01-640x640.webp 640w, https:\/\/arteconfort.com\/wp-content\/uploads\/2025\/03\/94051353-tz-01-960x960.webp 960w, https:\/\/arteconfort.com\/wp-content\/uploads\/2025\/03\/94051353-tz-01-300x300.webp 300w, https:\/\/arteconfort.com\/wp-content\/uploads\/2025\/03\/94051353-tz-01-600x600.webp 600w, https:\/\/arteconfort.com\/wp-content\/uploads\/2025\/03\/94051353-tz-01-100x100.webp 100w\" sizes=\"auto, (max-width: 1024px) 100vw, 1024px\" \/><img loading=\"lazy\" decoding=\"async\" width=\"1024\" height=\"1024\" src=\"https:\/\/arteconfort.com\/wp-content\/uploads\/2025\/03\/SELAS-S-grafico-05.webp\" class=\"attachment-shop_catalog size-shop_catalog\" alt=\"\" srcset=\"https:\/\/arteconfort.com\/wp-content\/uploads\/2025\/03\/SELAS-S-grafico-05.webp 1024w, https:\/\/arteconfort.com\/wp-content\/uploads\/2025\/03\/SELAS-S-grafico-05-768x768.webp 768w, https:\/\/arteconfort.com\/wp-content\/uploads\/2025\/03\/SELAS-S-grafico-05-340x340.webp 340w, https:\/\/arteconfort.com\/wp-content\/uploads\/2025\/03\/SELAS-S-grafico-05-640x640.webp 640w, https:\/\/arteconfort.com\/wp-content\/uploads\/2025\/03\/SELAS-S-grafico-05-960x960.webp 960w, https:\/\/arteconfort.com\/wp-content\/uploads\/2025\/03\/SELAS-S-grafico-05-300x300.webp 300w, https:\/\/arteconfort.com\/wp-content\/uploads\/2025\/03\/SELAS-S-grafico-05-600x600.webp 600w, https:\/\/arteconfort.com\/wp-content\/uploads\/2025\/03\/SELAS-S-grafico-05-100x100.webp 100w\" sizes=\"auto, (max-width: 1024px) 100vw, 1024px\" \/>\t<\/a>\n\t<div class=\"w-product-status\"><\/div>\t<span id=\"woocommerce_loop_add_to_cart_link_describedby_44690\" class=\"screen-reader-text\">\n\t\t\t<\/span>\n<\/div><figcaption><h2 class=\"woocommerce-loop-product__title\">SELAS S<\/h2><div class=\"woocommerce-product-details__short-description\">\n\t<p>SELAS S retractable fan with integrated LED light, high luminous flux and color temperature memory. Its body is<\/div>\n\n<\/figcaption><\/figure><\/li>\n<li class=\"product type-product post-46416 status-publish instock product_cat-climatizacion-en product_cat-ventiladores-de-techo-en has-post-thumbnail shipping-taxable product-type-simple w-item col-3\">\n\t<figure><div class=\"image-wrapper\">\t\t<a href=\"https:\/\/arteconfort.com\/en\/producto\/siena\/\" class=\"w-fadeslider\">\n\t<img loading=\"lazy\" decoding=\"async\" width=\"1024\" height=\"1024\" src=\"https:\/\/arteconfort.com\/wp-content\/uploads\/2025\/04\/SIENA-mando.webp\" class=\"attachment-shop_catalog size-shop_catalog wp-post-image\" alt=\"\" srcset=\"https:\/\/arteconfort.com\/wp-content\/uploads\/2025\/04\/SIENA-mando.webp 1024w, https:\/\/arteconfort.com\/wp-content\/uploads\/2025\/04\/SIENA-mando-768x768.webp 768w, https:\/\/arteconfort.com\/wp-content\/uploads\/2025\/04\/SIENA-mando-340x340.webp 340w, https:\/\/arteconfort.com\/wp-content\/uploads\/2025\/04\/SIENA-mando-640x640.webp 640w, https:\/\/arteconfort.com\/wp-content\/uploads\/2025\/04\/SIENA-mando-960x960.webp 960w, https:\/\/arteconfort.com\/wp-content\/uploads\/2025\/04\/SIENA-mando-300x300.webp 300w, https:\/\/arteconfort.com\/wp-content\/uploads\/2025\/04\/SIENA-mando-600x600.webp 600w, https:\/\/arteconfort.com\/wp-content\/uploads\/2025\/04\/SIENA-mando-100x100.webp 100w\" sizes=\"auto, (max-width: 1024px) 100vw, 1024px\" \/>\t<img loading=\"lazy\" decoding=\"async\" width=\"2000\" height=\"2000\" src=\"https:\/\/arteconfort.com\/wp-content\/uploads\/2025\/04\/SIENA-grafico.webp\" class=\"attachment-shop_catalog size-shop_catalog\" alt=\"\" srcset=\"https:\/\/arteconfort.com\/wp-content\/uploads\/2025\/04\/SIENA-grafico.webp 2000w, https:\/\/arteconfort.com\/wp-content\/uploads\/2025\/04\/SIENA-grafico-768x768.webp 768w, https:\/\/arteconfort.com\/wp-content\/uploads\/2025\/04\/SIENA-grafico-1536x1536.webp 1536w, https:\/\/arteconfort.com\/wp-content\/uploads\/2025\/04\/SIENA-grafico-340x340.webp 340w, https:\/\/arteconfort.com\/wp-content\/uploads\/2025\/04\/SIENA-grafico-640x640.webp 640w, https:\/\/arteconfort.com\/wp-content\/uploads\/2025\/04\/SIENA-grafico-960x960.webp 960w, https:\/\/arteconfort.com\/wp-content\/uploads\/2025\/04\/SIENA-grafico-1280x1280.webp 1280w, https:\/\/arteconfort.com\/wp-content\/uploads\/2025\/04\/SIENA-grafico-300x300.webp 300w, https:\/\/arteconfort.com\/wp-content\/uploads\/2025\/04\/SIENA-grafico-600x600.webp 600w, https:\/\/arteconfort.com\/wp-content\/uploads\/2025\/04\/SIENA-grafico-100x100.webp 100w\" sizes=\"auto, (max-width: 2000px) 100vw, 2000px\" \/><img loading=\"lazy\" decoding=\"async\" width=\"1024\" height=\"1024\" src=\"https:\/\/arteconfort.com\/wp-content\/uploads\/2025\/04\/SIENA-mando.webp\" class=\"attachment-shop_catalog size-shop_catalog\" alt=\"\" srcset=\"https:\/\/arteconfort.com\/wp-content\/uploads\/2025\/04\/SIENA-mando.webp 1024w, https:\/\/arteconfort.com\/wp-content\/uploads\/2025\/04\/SIENA-mando-768x768.webp 768w, https:\/\/arteconfort.com\/wp-content\/uploads\/2025\/04\/SIENA-mando-340x340.webp 340w, https:\/\/arteconfort.com\/wp-content\/uploads\/2025\/04\/SIENA-mando-640x640.webp 640w, https:\/\/arteconfort.com\/wp-content\/uploads\/2025\/04\/SIENA-mando-960x960.webp 960w, https:\/\/arteconfort.com\/wp-content\/uploads\/2025\/04\/SIENA-mando-300x300.webp 300w, https:\/\/arteconfort.com\/wp-content\/uploads\/2025\/04\/SIENA-mando-600x600.webp 600w, https:\/\/arteconfort.com\/wp-content\/uploads\/2025\/04\/SIENA-mando-100x100.webp 100w\" sizes=\"auto, (max-width: 1024px) 100vw, 1024px\" \/><img loading=\"lazy\" decoding=\"async\" width=\"1024\" height=\"1024\" src=\"https:\/\/arteconfort.com\/wp-content\/uploads\/2025\/04\/SIENA-RGB.webp\" class=\"attachment-shop_catalog size-shop_catalog\" alt=\"\" srcset=\"https:\/\/arteconfort.com\/wp-content\/uploads\/2025\/04\/SIENA-RGB.webp 1024w, https:\/\/arteconfort.com\/wp-content\/uploads\/2025\/04\/SIENA-RGB-768x768.webp 768w, https:\/\/arteconfort.com\/wp-content\/uploads\/2025\/04\/SIENA-RGB-340x340.webp 340w, https:\/\/arteconfort.com\/wp-content\/uploads\/2025\/04\/SIENA-RGB-640x640.webp 640w, https:\/\/arteconfort.com\/wp-content\/uploads\/2025\/04\/SIENA-RGB-960x960.webp 960w, https:\/\/arteconfort.com\/wp-content\/uploads\/2025\/04\/SIENA-RGB-300x300.webp 300w, https:\/\/arteconfort.com\/wp-content\/uploads\/2025\/04\/SIENA-RGB-600x600.webp 600w, https:\/\/arteconfort.com\/wp-content\/uploads\/2025\/04\/SIENA-RGB-100x100.webp 100w\" sizes=\"auto, (max-width: 1024px) 100vw, 1024px\" \/><img loading=\"lazy\" decoding=\"async\" width=\"1024\" height=\"1024\" src=\"https:\/\/arteconfort.com\/wp-content\/uploads\/2025\/04\/SIENA-RGB-temperaturas.webp\" class=\"attachment-shop_catalog size-shop_catalog\" alt=\"\" srcset=\"https:\/\/arteconfort.com\/wp-content\/uploads\/2025\/04\/SIENA-RGB-temperaturas.webp 1024w, https:\/\/arteconfort.com\/wp-content\/uploads\/2025\/04\/SIENA-RGB-temperaturas-768x768.webp 768w, https:\/\/arteconfort.com\/wp-content\/uploads\/2025\/04\/SIENA-RGB-temperaturas-340x340.webp 340w, https:\/\/arteconfort.com\/wp-content\/uploads\/2025\/04\/SIENA-RGB-temperaturas-640x640.webp 640w, https:\/\/arteconfort.com\/wp-content\/uploads\/2025\/04\/SIENA-RGB-temperaturas-960x960.webp 960w, https:\/\/arteconfort.com\/wp-content\/uploads\/2025\/04\/SIENA-RGB-temperaturas-300x300.webp 300w, https:\/\/arteconfort.com\/wp-content\/uploads\/2025\/04\/SIENA-RGB-temperaturas-600x600.webp 600w, https:\/\/arteconfort.com\/wp-content\/uploads\/2025\/04\/SIENA-RGB-temperaturas-100x100.webp 100w\" sizes=\"auto, (max-width: 1024px) 100vw, 1024px\" \/><img loading=\"lazy\" decoding=\"async\" width=\"1024\" height=\"1024\" src=\"https:\/\/arteconfort.com\/wp-content\/uploads\/2025\/04\/SIENA-temperaturas-03.webp\" class=\"attachment-shop_catalog size-shop_catalog\" alt=\"\" srcset=\"https:\/\/arteconfort.com\/wp-content\/uploads\/2025\/04\/SIENA-temperaturas-03.webp 1024w, https:\/\/arteconfort.com\/wp-content\/uploads\/2025\/04\/SIENA-temperaturas-03-768x768.webp 768w, https:\/\/arteconfort.com\/wp-content\/uploads\/2025\/04\/SIENA-temperaturas-03-340x340.webp 340w, https:\/\/arteconfort.com\/wp-content\/uploads\/2025\/04\/SIENA-temperaturas-03-640x640.webp 640w, https:\/\/arteconfort.com\/wp-content\/uploads\/2025\/04\/SIENA-temperaturas-03-960x960.webp 960w, https:\/\/arteconfort.com\/wp-content\/uploads\/2025\/04\/SIENA-temperaturas-03-300x300.webp 300w, https:\/\/arteconfort.com\/wp-content\/uploads\/2025\/04\/SIENA-temperaturas-03-600x600.webp 600w, https:\/\/arteconfort.com\/wp-content\/uploads\/2025\/04\/SIENA-temperaturas-03-100x100.webp 100w\" sizes=\"auto, (max-width: 1024px) 100vw, 1024px\" \/>\t<\/a>\n\t<div class=\"w-product-status\"><\/div>\t<span id=\"woocommerce_loop_add_to_cart_link_describedby_46416\" class=\"screen-reader-text\">\n\t\t\t<\/span>\n<\/div><figcaption><h2 class=\"woocommerce-loop-product__title\">SIENA<\/h2><div class=\"woocommerce-product-details__short-description\">\n\t<p>The SIENA ceiling fan incorporates LED light that can be used with dimmable light in different temperatures or<\/div>\n\n<\/figcaption><\/figure><\/li>\n<li class=\"product type-product post-21194 status-publish last instock product_cat-climatizacion-en product_cat-collection-old-en product_cat-ventiladores-de-techo-en has-post-thumbnail shipping-taxable product-type-simple w-item col-3\">\n\t<figure><div class=\"image-wrapper\">\t\t<a href=\"https:\/\/arteconfort.com\/en\/producto\/sky\/\" class=\"w-fadeslider\">\n\t<img loading=\"lazy\" decoding=\"async\" width=\"1024\" height=\"1024\" src=\"https:\/\/arteconfort.com\/wp-content\/uploads\/2024\/06\/ventilador-SKY-90209446-p-01.webp\" class=\"attachment-shop_catalog size-shop_catalog wp-post-image\" alt=\"Ventilador SKY con mando\" srcset=\"https:\/\/arteconfort.com\/wp-content\/uploads\/2024\/06\/ventilador-SKY-90209446-p-01.webp 1024w, https:\/\/arteconfort.com\/wp-content\/uploads\/2024\/06\/ventilador-SKY-90209446-p-01-768x768.webp 768w, https:\/\/arteconfort.com\/wp-content\/uploads\/2024\/06\/ventilador-SKY-90209446-p-01-340x340.webp 340w, https:\/\/arteconfort.com\/wp-content\/uploads\/2024\/06\/ventilador-SKY-90209446-p-01-640x640.webp 640w, https:\/\/arteconfort.com\/wp-content\/uploads\/2024\/06\/ventilador-SKY-90209446-p-01-960x960.webp 960w, https:\/\/arteconfort.com\/wp-content\/uploads\/2024\/06\/ventilador-SKY-90209446-p-01-300x300.webp 300w, https:\/\/arteconfort.com\/wp-content\/uploads\/2024\/06\/ventilador-SKY-90209446-p-01-600x600.webp 600w, https:\/\/arteconfort.com\/wp-content\/uploads\/2024\/06\/ventilador-SKY-90209446-p-01-100x100.webp 100w, https:\/\/arteconfort.com\/wp-content\/uploads\/2024\/06\/ventilador-SKY-90209446-p-01-133x133.webp 133w\" sizes=\"auto, (max-width: 1024px) 100vw, 1024px\" \/>\t<img loading=\"lazy\" decoding=\"async\" width=\"1024\" height=\"1024\" src=\"https:\/\/arteconfort.com\/wp-content\/uploads\/2023\/10\/AMBIENTE-SKY-5.webp\" class=\"attachment-shop_catalog size-shop_catalog\" alt=\"\" srcset=\"https:\/\/arteconfort.com\/wp-content\/uploads\/2023\/10\/AMBIENTE-SKY-5.webp 1024w, https:\/\/arteconfort.com\/wp-content\/uploads\/2023\/10\/AMBIENTE-SKY-5-768x768.webp 768w, https:\/\/arteconfort.com\/wp-content\/uploads\/2023\/10\/AMBIENTE-SKY-5-340x340.webp 340w, https:\/\/arteconfort.com\/wp-content\/uploads\/2023\/10\/AMBIENTE-SKY-5-640x640.webp 640w, https:\/\/arteconfort.com\/wp-content\/uploads\/2023\/10\/AMBIENTE-SKY-5-960x960.webp 960w, https:\/\/arteconfort.com\/wp-content\/uploads\/2023\/10\/AMBIENTE-SKY-5-133x133.webp 133w, https:\/\/arteconfort.com\/wp-content\/uploads\/2023\/10\/AMBIENTE-SKY-5-300x300.webp 300w, https:\/\/arteconfort.com\/wp-content\/uploads\/2023\/10\/AMBIENTE-SKY-5-600x600.webp 600w, https:\/\/arteconfort.com\/wp-content\/uploads\/2023\/10\/AMBIENTE-SKY-5-100x100.webp 100w\" sizes=\"auto, (max-width: 1024px) 100vw, 1024px\" \/><img loading=\"lazy\" decoding=\"async\" width=\"1024\" height=\"1024\" src=\"https:\/\/arteconfort.com\/wp-content\/uploads\/2024\/06\/ventilador-SKY-90209446-p-02.webp\" class=\"attachment-shop_catalog size-shop_catalog\" alt=\"Ventilador SKY perspectiva\" srcset=\"https:\/\/arteconfort.com\/wp-content\/uploads\/2024\/06\/ventilador-SKY-90209446-p-02.webp 1024w, https:\/\/arteconfort.com\/wp-content\/uploads\/2024\/06\/ventilador-SKY-90209446-p-02-768x768.webp 768w, https:\/\/arteconfort.com\/wp-content\/uploads\/2024\/06\/ventilador-SKY-90209446-p-02-340x340.webp 340w, https:\/\/arteconfort.com\/wp-content\/uploads\/2024\/06\/ventilador-SKY-90209446-p-02-640x640.webp 640w, https:\/\/arteconfort.com\/wp-content\/uploads\/2024\/06\/ventilador-SKY-90209446-p-02-960x960.webp 960w, https:\/\/arteconfort.com\/wp-content\/uploads\/2024\/06\/ventilador-SKY-90209446-p-02-133x133.webp 133w, https:\/\/arteconfort.com\/wp-content\/uploads\/2024\/06\/ventilador-SKY-90209446-p-02-300x300.webp 300w, https:\/\/arteconfort.com\/wp-content\/uploads\/2024\/06\/ventilador-SKY-90209446-p-02-600x600.webp 600w, https:\/\/arteconfort.com\/wp-content\/uploads\/2024\/06\/ventilador-SKY-90209446-p-02-100x100.webp 100w\" sizes=\"auto, (max-width: 1024px) 100vw, 1024px\" \/><img loading=\"lazy\" decoding=\"async\" width=\"1024\" height=\"1024\" src=\"https:\/\/arteconfort.com\/wp-content\/uploads\/2024\/06\/ventilador-SKY-90209446-p-05.webp\" class=\"attachment-shop_catalog size-shop_catalog\" alt=\"Ventilador SKY planta\" srcset=\"https:\/\/arteconfort.com\/wp-content\/uploads\/2024\/06\/ventilador-SKY-90209446-p-05.webp 1024w, https:\/\/arteconfort.com\/wp-content\/uploads\/2024\/06\/ventilador-SKY-90209446-p-05-768x768.webp 768w, https:\/\/arteconfort.com\/wp-content\/uploads\/2024\/06\/ventilador-SKY-90209446-p-05-340x340.webp 340w, https:\/\/arteconfort.com\/wp-content\/uploads\/2024\/06\/ventilador-SKY-90209446-p-05-640x640.webp 640w, https:\/\/arteconfort.com\/wp-content\/uploads\/2024\/06\/ventilador-SKY-90209446-p-05-960x960.webp 960w, https:\/\/arteconfort.com\/wp-content\/uploads\/2024\/06\/ventilador-SKY-90209446-p-05-133x133.webp 133w, https:\/\/arteconfort.com\/wp-content\/uploads\/2024\/06\/ventilador-SKY-90209446-p-05-300x300.webp 300w, https:\/\/arteconfort.com\/wp-content\/uploads\/2024\/06\/ventilador-SKY-90209446-p-05-600x600.webp 600w, https:\/\/arteconfort.com\/wp-content\/uploads\/2024\/06\/ventilador-SKY-90209446-p-05-100x100.webp 100w\" sizes=\"auto, (max-width: 1024px) 100vw, 1024px\" \/><img loading=\"lazy\" decoding=\"async\" width=\"1024\" height=\"1024\" src=\"https:\/\/arteconfort.com\/wp-content\/uploads\/2024\/06\/ventilador-SKY-90209446-p-06.webp\" class=\"attachment-shop_catalog size-shop_catalog\" alt=\"Ventilador SKY lateral\" srcset=\"https:\/\/arteconfort.com\/wp-content\/uploads\/2024\/06\/ventilador-SKY-90209446-p-06.webp 1024w, https:\/\/arteconfort.com\/wp-content\/uploads\/2024\/06\/ventilador-SKY-90209446-p-06-768x768.webp 768w, https:\/\/arteconfort.com\/wp-content\/uploads\/2024\/06\/ventilador-SKY-90209446-p-06-340x340.webp 340w, https:\/\/arteconfort.com\/wp-content\/uploads\/2024\/06\/ventilador-SKY-90209446-p-06-640x640.webp 640w, https:\/\/arteconfort.com\/wp-content\/uploads\/2024\/06\/ventilador-SKY-90209446-p-06-960x960.webp 960w, https:\/\/arteconfort.com\/wp-content\/uploads\/2024\/06\/ventilador-SKY-90209446-p-06-133x133.webp 133w, https:\/\/arteconfort.com\/wp-content\/uploads\/2024\/06\/ventilador-SKY-90209446-p-06-300x300.webp 300w, https:\/\/arteconfort.com\/wp-content\/uploads\/2024\/06\/ventilador-SKY-90209446-p-06-600x600.webp 600w, https:\/\/arteconfort.com\/wp-content\/uploads\/2024\/06\/ventilador-SKY-90209446-p-06-100x100.webp 100w\" sizes=\"auto, (max-width: 1024px) 100vw, 1024px\" \/><img loading=\"lazy\" decoding=\"async\" width=\"1024\" height=\"1024\" src=\"https:\/\/arteconfort.com\/wp-content\/uploads\/2024\/06\/ventilador-SKY-90209446-tz-01.webp\" class=\"attachment-shop_catalog size-shop_catalog\" alt=\"Ventilador SKY detalle tulipa\" srcset=\"https:\/\/arteconfort.com\/wp-content\/uploads\/2024\/06\/ventilador-SKY-90209446-tz-01.webp 1024w, https:\/\/arteconfort.com\/wp-content\/uploads\/2024\/06\/ventilador-SKY-90209446-tz-01-768x768.webp 768w, https:\/\/arteconfort.com\/wp-content\/uploads\/2024\/06\/ventilador-SKY-90209446-tz-01-340x340.webp 340w, https:\/\/arteconfort.com\/wp-content\/uploads\/2024\/06\/ventilador-SKY-90209446-tz-01-640x640.webp 640w, https:\/\/arteconfort.com\/wp-content\/uploads\/2024\/06\/ventilador-SKY-90209446-tz-01-960x960.webp 960w, https:\/\/arteconfort.com\/wp-content\/uploads\/2024\/06\/ventilador-SKY-90209446-tz-01-133x133.webp 133w, https:\/\/arteconfort.com\/wp-content\/uploads\/2024\/06\/ventilador-SKY-90209446-tz-01-300x300.webp 300w, https:\/\/arteconfort.com\/wp-content\/uploads\/2024\/06\/ventilador-SKY-90209446-tz-01-600x600.webp 600w, https:\/\/arteconfort.com\/wp-content\/uploads\/2024\/06\/ventilador-SKY-90209446-tz-01-100x100.webp 100w\" sizes=\"auto, (max-width: 1024px) 100vw, 1024px\" \/><img loading=\"lazy\" decoding=\"async\" width=\"1024\" height=\"1024\" src=\"https:\/\/arteconfort.com\/wp-content\/uploads\/2024\/06\/ventilador-SKY-90209446-p-07.webp\" class=\"attachment-shop_catalog size-shop_catalog\" alt=\"Ventilador SKY picor\" srcset=\"https:\/\/arteconfort.com\/wp-content\/uploads\/2024\/06\/ventilador-SKY-90209446-p-07.webp 1024w, https:\/\/arteconfort.com\/wp-content\/uploads\/2024\/06\/ventilador-SKY-90209446-p-07-768x768.webp 768w, https:\/\/arteconfort.com\/wp-content\/uploads\/2024\/06\/ventilador-SKY-90209446-p-07-340x340.webp 340w, https:\/\/arteconfort.com\/wp-content\/uploads\/2024\/06\/ventilador-SKY-90209446-p-07-640x640.webp 640w, https:\/\/arteconfort.com\/wp-content\/uploads\/2024\/06\/ventilador-SKY-90209446-p-07-960x960.webp 960w, https:\/\/arteconfort.com\/wp-content\/uploads\/2024\/06\/ventilador-SKY-90209446-p-07-133x133.webp 133w, https:\/\/arteconfort.com\/wp-content\/uploads\/2024\/06\/ventilador-SKY-90209446-p-07-300x300.webp 300w, https:\/\/arteconfort.com\/wp-content\/uploads\/2024\/06\/ventilador-SKY-90209446-p-07-600x600.webp 600w, https:\/\/arteconfort.com\/wp-content\/uploads\/2024\/06\/ventilador-SKY-90209446-p-07-100x100.webp 100w\" sizes=\"auto, (max-width: 1024px) 100vw, 1024px\" \/><img loading=\"lazy\" decoding=\"async\" width=\"1024\" height=\"1024\" src=\"https:\/\/arteconfort.com\/wp-content\/uploads\/2024\/06\/ventilador-SKY-90209446-pat-01.webp\" class=\"attachment-shop_catalog size-shop_catalog\" alt=\"Ventilador SKY grafico\" srcset=\"https:\/\/arteconfort.com\/wp-content\/uploads\/2024\/06\/ventilador-SKY-90209446-pat-01.webp 1024w, https:\/\/arteconfort.com\/wp-content\/uploads\/2024\/06\/ventilador-SKY-90209446-pat-01-768x768.webp 768w, https:\/\/arteconfort.com\/wp-content\/uploads\/2024\/06\/ventilador-SKY-90209446-pat-01-340x340.webp 340w, https:\/\/arteconfort.com\/wp-content\/uploads\/2024\/06\/ventilador-SKY-90209446-pat-01-640x640.webp 640w, https:\/\/arteconfort.com\/wp-content\/uploads\/2024\/06\/ventilador-SKY-90209446-pat-01-960x960.webp 960w, https:\/\/arteconfort.com\/wp-content\/uploads\/2024\/06\/ventilador-SKY-90209446-pat-01-133x133.webp 133w, https:\/\/arteconfort.com\/wp-content\/uploads\/2024\/06\/ventilador-SKY-90209446-pat-01-300x300.webp 300w, https:\/\/arteconfort.com\/wp-content\/uploads\/2024\/06\/ventilador-SKY-90209446-pat-01-600x600.webp 600w, https:\/\/arteconfort.com\/wp-content\/uploads\/2024\/06\/ventilador-SKY-90209446-pat-01-100x100.webp 100w\" sizes=\"auto, (max-width: 1024px) 100vw, 1024px\" \/><img loading=\"lazy\" decoding=\"async\" width=\"1024\" height=\"1024\" src=\"https:\/\/arteconfort.com\/wp-content\/uploads\/2024\/06\/ventilador-SKY-90209446-p-03.webp\" class=\"attachment-shop_catalog size-shop_catalog\" alt=\"Ventilador SKY luz calida\" srcset=\"https:\/\/arteconfort.com\/wp-content\/uploads\/2024\/06\/ventilador-SKY-90209446-p-03.webp 1024w, https:\/\/arteconfort.com\/wp-content\/uploads\/2024\/06\/ventilador-SKY-90209446-p-03-768x768.webp 768w, https:\/\/arteconfort.com\/wp-content\/uploads\/2024\/06\/ventilador-SKY-90209446-p-03-340x340.webp 340w, https:\/\/arteconfort.com\/wp-content\/uploads\/2024\/06\/ventilador-SKY-90209446-p-03-640x640.webp 640w, https:\/\/arteconfort.com\/wp-content\/uploads\/2024\/06\/ventilador-SKY-90209446-p-03-960x960.webp 960w, https:\/\/arteconfort.com\/wp-content\/uploads\/2024\/06\/ventilador-SKY-90209446-p-03-133x133.webp 133w, https:\/\/arteconfort.com\/wp-content\/uploads\/2024\/06\/ventilador-SKY-90209446-p-03-300x300.webp 300w, https:\/\/arteconfort.com\/wp-content\/uploads\/2024\/06\/ventilador-SKY-90209446-p-03-600x600.webp 600w, https:\/\/arteconfort.com\/wp-content\/uploads\/2024\/06\/ventilador-SKY-90209446-p-03-100x100.webp 100w\" sizes=\"auto, (max-width: 1024px) 100vw, 1024px\" \/><img loading=\"lazy\" decoding=\"async\" width=\"1024\" height=\"1024\" src=\"https:\/\/arteconfort.com\/wp-content\/uploads\/2024\/06\/ventilador-SKY-90209446-p-04.webp\" class=\"attachment-shop_catalog size-shop_catalog\" alt=\"Ventilador SKY lu fria\" srcset=\"https:\/\/arteconfort.com\/wp-content\/uploads\/2024\/06\/ventilador-SKY-90209446-p-04.webp 1024w, https:\/\/arteconfort.com\/wp-content\/uploads\/2024\/06\/ventilador-SKY-90209446-p-04-768x768.webp 768w, https:\/\/arteconfort.com\/wp-content\/uploads\/2024\/06\/ventilador-SKY-90209446-p-04-340x340.webp 340w, https:\/\/arteconfort.com\/wp-content\/uploads\/2024\/06\/ventilador-SKY-90209446-p-04-640x640.webp 640w, https:\/\/arteconfort.com\/wp-content\/uploads\/2024\/06\/ventilador-SKY-90209446-p-04-960x960.webp 960w, https:\/\/arteconfort.com\/wp-content\/uploads\/2024\/06\/ventilador-SKY-90209446-p-04-133x133.webp 133w, https:\/\/arteconfort.com\/wp-content\/uploads\/2024\/06\/ventilador-SKY-90209446-p-04-300x300.webp 300w, https:\/\/arteconfort.com\/wp-content\/uploads\/2024\/06\/ventilador-SKY-90209446-p-04-600x600.webp 600w, https:\/\/arteconfort.com\/wp-content\/uploads\/2024\/06\/ventilador-SKY-90209446-p-04-100x100.webp 100w\" sizes=\"auto, (max-width: 1024px) 100vw, 1024px\" \/><img loading=\"lazy\" decoding=\"async\" width=\"1024\" height=\"1024\" src=\"https:\/\/arteconfort.com\/wp-content\/uploads\/2023\/10\/AMBIENTE-SKY-LUZNEUTRA.webp\" class=\"attachment-shop_catalog size-shop_catalog\" alt=\"\" srcset=\"https:\/\/arteconfort.com\/wp-content\/uploads\/2023\/10\/AMBIENTE-SKY-LUZNEUTRA.webp 1024w, https:\/\/arteconfort.com\/wp-content\/uploads\/2023\/10\/AMBIENTE-SKY-LUZNEUTRA-768x768.webp 768w, https:\/\/arteconfort.com\/wp-content\/uploads\/2023\/10\/AMBIENTE-SKY-LUZNEUTRA-340x340.webp 340w, https:\/\/arteconfort.com\/wp-content\/uploads\/2023\/10\/AMBIENTE-SKY-LUZNEUTRA-640x640.webp 640w, https:\/\/arteconfort.com\/wp-content\/uploads\/2023\/10\/AMBIENTE-SKY-LUZNEUTRA-960x960.webp 960w, https:\/\/arteconfort.com\/wp-content\/uploads\/2023\/10\/AMBIENTE-SKY-LUZNEUTRA-133x133.webp 133w, https:\/\/arteconfort.com\/wp-content\/uploads\/2023\/10\/AMBIENTE-SKY-LUZNEUTRA-300x300.webp 300w, https:\/\/arteconfort.com\/wp-content\/uploads\/2023\/10\/AMBIENTE-SKY-LUZNEUTRA-600x600.webp 600w, https:\/\/arteconfort.com\/wp-content\/uploads\/2023\/10\/AMBIENTE-SKY-LUZNEUTRA-100x100.webp 100w\" sizes=\"auto, (max-width: 1024px) 100vw, 1024px\" \/><img loading=\"lazy\" decoding=\"async\" width=\"1024\" height=\"1024\" src=\"https:\/\/arteconfort.com\/wp-content\/uploads\/2023\/10\/AMBIENTE-SKY-LUZCALIDA-2.webp\" class=\"attachment-shop_catalog size-shop_catalog\" alt=\"\" srcset=\"https:\/\/arteconfort.com\/wp-content\/uploads\/2023\/10\/AMBIENTE-SKY-LUZCALIDA-2.webp 1024w, https:\/\/arteconfort.com\/wp-content\/uploads\/2023\/10\/AMBIENTE-SKY-LUZCALIDA-2-768x768.webp 768w, https:\/\/arteconfort.com\/wp-content\/uploads\/2023\/10\/AMBIENTE-SKY-LUZCALIDA-2-340x340.webp 340w, https:\/\/arteconfort.com\/wp-content\/uploads\/2023\/10\/AMBIENTE-SKY-LUZCALIDA-2-640x640.webp 640w, https:\/\/arteconfort.com\/wp-content\/uploads\/2023\/10\/AMBIENTE-SKY-LUZCALIDA-2-960x960.webp 960w, https:\/\/arteconfort.com\/wp-content\/uploads\/2023\/10\/AMBIENTE-SKY-LUZCALIDA-2-133x133.webp 133w, https:\/\/arteconfort.com\/wp-content\/uploads\/2023\/10\/AMBIENTE-SKY-LUZCALIDA-2-300x300.webp 300w, https:\/\/arteconfort.com\/wp-content\/uploads\/2023\/10\/AMBIENTE-SKY-LUZCALIDA-2-600x600.webp 600w, https:\/\/arteconfort.com\/wp-content\/uploads\/2023\/10\/AMBIENTE-SKY-LUZCALIDA-2-100x100.webp 100w\" sizes=\"auto, (max-width: 1024px) 100vw, 1024px\" \/><img loading=\"lazy\" decoding=\"async\" width=\"1024\" height=\"1024\" src=\"https:\/\/arteconfort.com\/wp-content\/uploads\/2023\/10\/AMBIENTE-SKY-LUZCALIDA.webp\" class=\"attachment-shop_catalog size-shop_catalog\" alt=\"\" srcset=\"https:\/\/arteconfort.com\/wp-content\/uploads\/2023\/10\/AMBIENTE-SKY-LUZCALIDA.webp 1024w, https:\/\/arteconfort.com\/wp-content\/uploads\/2023\/10\/AMBIENTE-SKY-LUZCALIDA-768x768.webp 768w, https:\/\/arteconfort.com\/wp-content\/uploads\/2023\/10\/AMBIENTE-SKY-LUZCALIDA-340x340.webp 340w, https:\/\/arteconfort.com\/wp-content\/uploads\/2023\/10\/AMBIENTE-SKY-LUZCALIDA-640x640.webp 640w, https:\/\/arteconfort.com\/wp-content\/uploads\/2023\/10\/AMBIENTE-SKY-LUZCALIDA-960x960.webp 960w, https:\/\/arteconfort.com\/wp-content\/uploads\/2023\/10\/AMBIENTE-SKY-LUZCALIDA-133x133.webp 133w, https:\/\/arteconfort.com\/wp-content\/uploads\/2023\/10\/AMBIENTE-SKY-LUZCALIDA-300x300.webp 300w, https:\/\/arteconfort.com\/wp-content\/uploads\/2023\/10\/AMBIENTE-SKY-LUZCALIDA-600x600.webp 600w, https:\/\/arteconfort.com\/wp-content\/uploads\/2023\/10\/AMBIENTE-SKY-LUZCALIDA-100x100.webp 100w\" sizes=\"auto, (max-width: 1024px) 100vw, 1024px\" \/><img loading=\"lazy\" decoding=\"async\" width=\"1024\" height=\"1024\" src=\"https:\/\/arteconfort.com\/wp-content\/uploads\/2023\/10\/AMBIENTE-SKY-LUZ-FRIA.webp\" class=\"attachment-shop_catalog size-shop_catalog\" alt=\"\" srcset=\"https:\/\/arteconfort.com\/wp-content\/uploads\/2023\/10\/AMBIENTE-SKY-LUZ-FRIA.webp 1024w, https:\/\/arteconfort.com\/wp-content\/uploads\/2023\/10\/AMBIENTE-SKY-LUZ-FRIA-768x768.webp 768w, https:\/\/arteconfort.com\/wp-content\/uploads\/2023\/10\/AMBIENTE-SKY-LUZ-FRIA-340x340.webp 340w, https:\/\/arteconfort.com\/wp-content\/uploads\/2023\/10\/AMBIENTE-SKY-LUZ-FRIA-640x640.webp 640w, https:\/\/arteconfort.com\/wp-content\/uploads\/2023\/10\/AMBIENTE-SKY-LUZ-FRIA-960x960.webp 960w, https:\/\/arteconfort.com\/wp-content\/uploads\/2023\/10\/AMBIENTE-SKY-LUZ-FRIA-133x133.webp 133w, https:\/\/arteconfort.com\/wp-content\/uploads\/2023\/10\/AMBIENTE-SKY-LUZ-FRIA-300x300.webp 300w, https:\/\/arteconfort.com\/wp-content\/uploads\/2023\/10\/AMBIENTE-SKY-LUZ-FRIA-600x600.webp 600w, https:\/\/arteconfort.com\/wp-content\/uploads\/2023\/10\/AMBIENTE-SKY-LUZ-FRIA-100x100.webp 100w\" sizes=\"auto, (max-width: 1024px) 100vw, 1024px\" \/><img loading=\"lazy\" decoding=\"async\" width=\"1024\" height=\"1024\" src=\"https:\/\/arteconfort.com\/wp-content\/uploads\/2023\/10\/AMBIENTE-SKY-6.webp\" class=\"attachment-shop_catalog size-shop_catalog\" alt=\"\" srcset=\"https:\/\/arteconfort.com\/wp-content\/uploads\/2023\/10\/AMBIENTE-SKY-6.webp 1024w, https:\/\/arteconfort.com\/wp-content\/uploads\/2023\/10\/AMBIENTE-SKY-6-768x768.webp 768w, https:\/\/arteconfort.com\/wp-content\/uploads\/2023\/10\/AMBIENTE-SKY-6-340x340.webp 340w, https:\/\/arteconfort.com\/wp-content\/uploads\/2023\/10\/AMBIENTE-SKY-6-640x640.webp 640w, https:\/\/arteconfort.com\/wp-content\/uploads\/2023\/10\/AMBIENTE-SKY-6-960x960.webp 960w, https:\/\/arteconfort.com\/wp-content\/uploads\/2023\/10\/AMBIENTE-SKY-6-133x133.webp 133w, https:\/\/arteconfort.com\/wp-content\/uploads\/2023\/10\/AMBIENTE-SKY-6-300x300.webp 300w, https:\/\/arteconfort.com\/wp-content\/uploads\/2023\/10\/AMBIENTE-SKY-6-600x600.webp 600w, https:\/\/arteconfort.com\/wp-content\/uploads\/2023\/10\/AMBIENTE-SKY-6-100x100.webp 100w\" sizes=\"auto, (max-width: 1024px) 100vw, 1024px\" \/>\t<\/a>\n\t<div class=\"w-product-status\"><\/div>\t<span id=\"woocommerce_loop_add_to_cart_link_describedby_21194\" class=\"screen-reader-text\">\n\t\t\t<\/span>\n<\/div><div class=\"berocket_better_labels berocket_better_labels_image\"><div class=\"berocket_better_labels_position berocket_better_labels_position_right\"><div class=\"berocket_better_labels_line berocket_better_labels_line_1\"><div class=\"berocket_better_labels_inline berocket_better_labels_inline_1\"><div class=\"br_alabel br_alabel_type_text br_alabel_template_type_css berocket_alabel_id_22611  br_alabel_better_compatibility\" style=\"\"><span  style=\"\"><i style=\"background-color: #000000; border-color: #000000;\" class=\"template-span-before \"><\/i><i style=\"background-color: #000000; border-color: #000000;\" class=\"template-i \"><\/i><i style=\"background-color: #000000; border-color: #000000;\" class=\"template-i-before \"><\/i><i style=\"background-color: #000000; border-color: #000000;\" class=\"template-i-after \"><\/i><b style=\"position: relative;z-index: 100;text-align: center;color: inherit;\">Old collection<\/b><\/span><\/div><\/div><\/div><\/div><\/div><figcaption><h2 class=\"woocommerce-loop-product__title\">SKY<\/h2><div class=\"woocommerce-product-details__short-description\">\n\t<p>Sky ceiling fan with integrated LED light and colour temperature memory. It has a white ABS and metal<\/div>\n\n<\/figcaption><\/figure><\/li>\n<li class=\"product type-product post-10343 status-publish first instock product_cat-climatizacion-en product_cat-collection-old-en product_cat-ventiladores-de-techo-en has-post-thumbnail shipping-taxable product-type-external w-item col-3\">\n\t<figure><div class=\"image-wrapper\">\t\t<a href=\"https:\/\/arteconfort.com\/en\/producto\/tahiti\/\" class=\"w-fadeslider\">\n\t<img loading=\"lazy\" decoding=\"async\" width=\"1024\" height=\"1024\" src=\"https:\/\/arteconfort.com\/wp-content\/uploads\/2023\/10\/TAHITI-MADERA-OSCURA.webp\" class=\"attachment-shop_catalog size-shop_catalog wp-post-image\" alt=\"\" srcset=\"https:\/\/arteconfort.com\/wp-content\/uploads\/2023\/10\/TAHITI-MADERA-OSCURA.webp 1024w, https:\/\/arteconfort.com\/wp-content\/uploads\/2023\/10\/TAHITI-MADERA-OSCURA-768x768.webp 768w, https:\/\/arteconfort.com\/wp-content\/uploads\/2023\/10\/TAHITI-MADERA-OSCURA-340x340.webp 340w, https:\/\/arteconfort.com\/wp-content\/uploads\/2023\/10\/TAHITI-MADERA-OSCURA-640x640.webp 640w, https:\/\/arteconfort.com\/wp-content\/uploads\/2023\/10\/TAHITI-MADERA-OSCURA-960x960.webp 960w, https:\/\/arteconfort.com\/wp-content\/uploads\/2023\/10\/TAHITI-MADERA-OSCURA-300x300.webp 300w, https:\/\/arteconfort.com\/wp-content\/uploads\/2023\/10\/TAHITI-MADERA-OSCURA-600x600.webp 600w, https:\/\/arteconfort.com\/wp-content\/uploads\/2023\/10\/TAHITI-MADERA-OSCURA-100x100.webp 100w, https:\/\/arteconfort.com\/wp-content\/uploads\/2023\/10\/TAHITI-MADERA-OSCURA-133x133.webp 133w\" sizes=\"auto, (max-width: 1024px) 100vw, 1024px\" \/>\t<img loading=\"lazy\" decoding=\"async\" width=\"1024\" height=\"1024\" src=\"https:\/\/arteconfort.com\/wp-content\/uploads\/2023\/10\/TAHITI-AMBIENTE-2.webp\" class=\"attachment-shop_catalog size-shop_catalog\" alt=\"\" srcset=\"https:\/\/arteconfort.com\/wp-content\/uploads\/2023\/10\/TAHITI-AMBIENTE-2.webp 1024w, https:\/\/arteconfort.com\/wp-content\/uploads\/2023\/10\/TAHITI-AMBIENTE-2-768x768.webp 768w, https:\/\/arteconfort.com\/wp-content\/uploads\/2023\/10\/TAHITI-AMBIENTE-2-340x340.webp 340w, https:\/\/arteconfort.com\/wp-content\/uploads\/2023\/10\/TAHITI-AMBIENTE-2-640x640.webp 640w, https:\/\/arteconfort.com\/wp-content\/uploads\/2023\/10\/TAHITI-AMBIENTE-2-960x960.webp 960w, https:\/\/arteconfort.com\/wp-content\/uploads\/2023\/10\/TAHITI-AMBIENTE-2-133x133.webp 133w, https:\/\/arteconfort.com\/wp-content\/uploads\/2023\/10\/TAHITI-AMBIENTE-2-300x300.webp 300w, https:\/\/arteconfort.com\/wp-content\/uploads\/2023\/10\/TAHITI-AMBIENTE-2-600x600.webp 600w, https:\/\/arteconfort.com\/wp-content\/uploads\/2023\/10\/TAHITI-AMBIENTE-2-100x100.webp 100w\" sizes=\"auto, (max-width: 1024px) 100vw, 1024px\" \/><img loading=\"lazy\" decoding=\"async\" width=\"1024\" height=\"1024\" src=\"https:\/\/arteconfort.com\/wp-content\/uploads\/2023\/10\/TAHITI-MADERA-CLARA.webp\" class=\"attachment-shop_catalog size-shop_catalog\" alt=\"\" srcset=\"https:\/\/arteconfort.com\/wp-content\/uploads\/2023\/10\/TAHITI-MADERA-CLARA.webp 1024w, https:\/\/arteconfort.com\/wp-content\/uploads\/2023\/10\/TAHITI-MADERA-CLARA-768x768.webp 768w, https:\/\/arteconfort.com\/wp-content\/uploads\/2023\/10\/TAHITI-MADERA-CLARA-340x340.webp 340w, https:\/\/arteconfort.com\/wp-content\/uploads\/2023\/10\/TAHITI-MADERA-CLARA-640x640.webp 640w, https:\/\/arteconfort.com\/wp-content\/uploads\/2023\/10\/TAHITI-MADERA-CLARA-960x960.webp 960w, https:\/\/arteconfort.com\/wp-content\/uploads\/2023\/10\/TAHITI-MADERA-CLARA-133x133.webp 133w, https:\/\/arteconfort.com\/wp-content\/uploads\/2023\/10\/TAHITI-MADERA-CLARA-300x300.webp 300w, https:\/\/arteconfort.com\/wp-content\/uploads\/2023\/10\/TAHITI-MADERA-CLARA-600x600.webp 600w, https:\/\/arteconfort.com\/wp-content\/uploads\/2023\/10\/TAHITI-MADERA-CLARA-100x100.webp 100w\" sizes=\"auto, (max-width: 1024px) 100vw, 1024px\" \/><img loading=\"lazy\" decoding=\"async\" width=\"1024\" height=\"1024\" src=\"https:\/\/arteconfort.com\/wp-content\/uploads\/2023\/10\/TAHITI-PLATA.webp\" class=\"attachment-shop_catalog size-shop_catalog\" alt=\"\" srcset=\"https:\/\/arteconfort.com\/wp-content\/uploads\/2023\/10\/TAHITI-PLATA.webp 1024w, https:\/\/arteconfort.com\/wp-content\/uploads\/2023\/10\/TAHITI-PLATA-768x768.webp 768w, https:\/\/arteconfort.com\/wp-content\/uploads\/2023\/10\/TAHITI-PLATA-340x340.webp 340w, https:\/\/arteconfort.com\/wp-content\/uploads\/2023\/10\/TAHITI-PLATA-640x640.webp 640w, https:\/\/arteconfort.com\/wp-content\/uploads\/2023\/10\/TAHITI-PLATA-960x960.webp 960w, https:\/\/arteconfort.com\/wp-content\/uploads\/2023\/10\/TAHITI-PLATA-133x133.webp 133w, https:\/\/arteconfort.com\/wp-content\/uploads\/2023\/10\/TAHITI-PLATA-300x300.webp 300w, https:\/\/arteconfort.com\/wp-content\/uploads\/2023\/10\/TAHITI-PLATA-600x600.webp 600w, https:\/\/arteconfort.com\/wp-content\/uploads\/2023\/10\/TAHITI-PLATA-100x100.webp 100w\" sizes=\"auto, (max-width: 1024px) 100vw, 1024px\" \/><img loading=\"lazy\" decoding=\"async\" width=\"1024\" height=\"1024\" src=\"https:\/\/arteconfort.com\/wp-content\/uploads\/2023\/10\/TAHITI-OSCURO.webp\" class=\"attachment-shop_catalog size-shop_catalog\" alt=\"\" srcset=\"https:\/\/arteconfort.com\/wp-content\/uploads\/2023\/10\/TAHITI-OSCURO.webp 1024w, https:\/\/arteconfort.com\/wp-content\/uploads\/2023\/10\/TAHITI-OSCURO-768x768.webp 768w, https:\/\/arteconfort.com\/wp-content\/uploads\/2023\/10\/TAHITI-OSCURO-340x340.webp 340w, https:\/\/arteconfort.com\/wp-content\/uploads\/2023\/10\/TAHITI-OSCURO-640x640.webp 640w, https:\/\/arteconfort.com\/wp-content\/uploads\/2023\/10\/TAHITI-OSCURO-960x960.webp 960w, https:\/\/arteconfort.com\/wp-content\/uploads\/2023\/10\/TAHITI-OSCURO-133x133.webp 133w, https:\/\/arteconfort.com\/wp-content\/uploads\/2023\/10\/TAHITI-OSCURO-300x300.webp 300w, https:\/\/arteconfort.com\/wp-content\/uploads\/2023\/10\/TAHITI-OSCURO-600x600.webp 600w, https:\/\/arteconfort.com\/wp-content\/uploads\/2023\/10\/TAHITI-OSCURO-100x100.webp 100w\" sizes=\"auto, (max-width: 1024px) 100vw, 1024px\" \/><img loading=\"lazy\" decoding=\"async\" width=\"1024\" height=\"1024\" src=\"https:\/\/arteconfort.com\/wp-content\/uploads\/2023\/10\/TAHITI-mando.webp\" class=\"attachment-shop_catalog size-shop_catalog\" alt=\"\" srcset=\"https:\/\/arteconfort.com\/wp-content\/uploads\/2023\/10\/TAHITI-mando.webp 1024w, https:\/\/arteconfort.com\/wp-content\/uploads\/2023\/10\/TAHITI-mando-768x768.webp 768w, https:\/\/arteconfort.com\/wp-content\/uploads\/2023\/10\/TAHITI-mando-340x340.webp 340w, https:\/\/arteconfort.com\/wp-content\/uploads\/2023\/10\/TAHITI-mando-640x640.webp 640w, https:\/\/arteconfort.com\/wp-content\/uploads\/2023\/10\/TAHITI-mando-960x960.webp 960w, https:\/\/arteconfort.com\/wp-content\/uploads\/2023\/10\/TAHITI-mando-133x133.webp 133w, https:\/\/arteconfort.com\/wp-content\/uploads\/2023\/10\/TAHITI-mando-300x300.webp 300w, https:\/\/arteconfort.com\/wp-content\/uploads\/2023\/10\/TAHITI-mando-600x600.webp 600w, https:\/\/arteconfort.com\/wp-content\/uploads\/2023\/10\/TAHITI-mando-100x100.webp 100w\" sizes=\"auto, (max-width: 1024px) 100vw, 1024px\" \/>\t<\/a>\n\t<div class=\"w-product-status\"><\/div>\t<span id=\"woocommerce_loop_add_to_cart_link_describedby_10343\" class=\"screen-reader-text\">\n\t\t\t<\/span>\n<\/div><div class=\"berocket_better_labels berocket_better_labels_image\"><div class=\"berocket_better_labels_position berocket_better_labels_position_right\"><div class=\"berocket_better_labels_line berocket_better_labels_line_1\"><div class=\"berocket_better_labels_inline berocket_better_labels_inline_1\"><div class=\"br_alabel br_alabel_type_text br_alabel_template_type_css berocket_alabel_id_22611  br_alabel_better_compatibility\" style=\"\"><span  style=\"\"><i style=\"background-color: #000000; border-color: #000000;\" class=\"template-span-before \"><\/i><i style=\"background-color: #000000; border-color: #000000;\" class=\"template-i \"><\/i><i style=\"background-color: #000000; border-color: #000000;\" class=\"template-i-before \"><\/i><i style=\"background-color: #000000; border-color: #000000;\" class=\"template-i-after \"><\/i><b style=\"position: relative;z-index: 100;text-align: center;color: inherit;\">Old collection<\/b><\/span><\/div><\/div><\/div><\/div><\/div><figcaption><h2 class=\"woocommerce-loop-product__title\">TAHIT\u00cd<\/h2><div class=\"woocommerce-product-details__short-description\">\n\t<p>Relax in the breeze with the TAHIT\u00cd fan. Its elegant design will bring a touch of style to<\/div>\n\n<\/figcaption><\/figure><\/li>\n<li class=\"product type-product post-42829 status-publish instock product_cat-climatizacion-en product_cat-ventiladores-de-techo-en has-post-thumbnail shipping-taxable product-type-simple w-item col-3\">\n\t<figure><div class=\"image-wrapper\">\t\t<a href=\"https:\/\/arteconfort.com\/en\/producto\/tavira-plus-white\/\" class=\"w-fadeslider\">\n\t<img loading=\"lazy\" decoding=\"async\" width=\"1024\" height=\"1024\" src=\"https:\/\/arteconfort.com\/wp-content\/uploads\/2024\/06\/ventilador-TAVIRA-PLUS-blanco-mando.webp\" class=\"attachment-shop_catalog size-shop_catalog wp-post-image\" alt=\"Ventilador TAVIRA PLUS blanco mando\" srcset=\"https:\/\/arteconfort.com\/wp-content\/uploads\/2024\/06\/ventilador-TAVIRA-PLUS-blanco-mando.webp 1024w, https:\/\/arteconfort.com\/wp-content\/uploads\/2024\/06\/ventilador-TAVIRA-PLUS-blanco-mando-768x768.webp 768w, https:\/\/arteconfort.com\/wp-content\/uploads\/2024\/06\/ventilador-TAVIRA-PLUS-blanco-mando-340x340.webp 340w, https:\/\/arteconfort.com\/wp-content\/uploads\/2024\/06\/ventilador-TAVIRA-PLUS-blanco-mando-640x640.webp 640w, https:\/\/arteconfort.com\/wp-content\/uploads\/2024\/06\/ventilador-TAVIRA-PLUS-blanco-mando-960x960.webp 960w, https:\/\/arteconfort.com\/wp-content\/uploads\/2024\/06\/ventilador-TAVIRA-PLUS-blanco-mando-300x300.webp 300w, https:\/\/arteconfort.com\/wp-content\/uploads\/2024\/06\/ventilador-TAVIRA-PLUS-blanco-mando-600x600.webp 600w, https:\/\/arteconfort.com\/wp-content\/uploads\/2024\/06\/ventilador-TAVIRA-PLUS-blanco-mando-100x100.webp 100w, https:\/\/arteconfort.com\/wp-content\/uploads\/2024\/06\/ventilador-TAVIRA-PLUS-blanco-mando-133x133.webp 133w\" sizes=\"auto, (max-width: 1024px) 100vw, 1024px\" \/>\t<img loading=\"lazy\" decoding=\"async\" width=\"1024\" height=\"1024\" src=\"https:\/\/arteconfort.com\/wp-content\/uploads\/2024\/06\/ventilador-ambiente-TAVIRA-PLUS-blanco-foto-ambiente-dia.webp\" class=\"attachment-shop_catalog size-shop_catalog\" alt=\"Ventilador ambiente TAVIRA PLUS blanco foto ambiente dia\" srcset=\"https:\/\/arteconfort.com\/wp-content\/uploads\/2024\/06\/ventilador-ambiente-TAVIRA-PLUS-blanco-foto-ambiente-dia.webp 1024w, https:\/\/arteconfort.com\/wp-content\/uploads\/2024\/06\/ventilador-ambiente-TAVIRA-PLUS-blanco-foto-ambiente-dia-768x768.webp 768w, https:\/\/arteconfort.com\/wp-content\/uploads\/2024\/06\/ventilador-ambiente-TAVIRA-PLUS-blanco-foto-ambiente-dia-340x340.webp 340w, https:\/\/arteconfort.com\/wp-content\/uploads\/2024\/06\/ventilador-ambiente-TAVIRA-PLUS-blanco-foto-ambiente-dia-640x640.webp 640w, https:\/\/arteconfort.com\/wp-content\/uploads\/2024\/06\/ventilador-ambiente-TAVIRA-PLUS-blanco-foto-ambiente-dia-960x960.webp 960w, https:\/\/arteconfort.com\/wp-content\/uploads\/2024\/06\/ventilador-ambiente-TAVIRA-PLUS-blanco-foto-ambiente-dia-133x133.webp 133w, https:\/\/arteconfort.com\/wp-content\/uploads\/2024\/06\/ventilador-ambiente-TAVIRA-PLUS-blanco-foto-ambiente-dia-300x300.webp 300w, https:\/\/arteconfort.com\/wp-content\/uploads\/2024\/06\/ventilador-ambiente-TAVIRA-PLUS-blanco-foto-ambiente-dia-600x600.webp 600w, https:\/\/arteconfort.com\/wp-content\/uploads\/2024\/06\/ventilador-ambiente-TAVIRA-PLUS-blanco-foto-ambiente-dia-100x100.webp 100w\" sizes=\"auto, (max-width: 1024px) 100vw, 1024px\" \/><img loading=\"lazy\" decoding=\"async\" width=\"1024\" height=\"1024\" src=\"https:\/\/arteconfort.com\/wp-content\/uploads\/2024\/06\/ventilador-TAVIRA-PLUS-90209454-p-02.webp\" class=\"attachment-shop_catalog size-shop_catalog\" alt=\"Ventilador TAVIRA PLUS blanco perspectiva\" srcset=\"https:\/\/arteconfort.com\/wp-content\/uploads\/2024\/06\/ventilador-TAVIRA-PLUS-90209454-p-02.webp 1024w, https:\/\/arteconfort.com\/wp-content\/uploads\/2024\/06\/ventilador-TAVIRA-PLUS-90209454-p-02-768x768.webp 768w, https:\/\/arteconfort.com\/wp-content\/uploads\/2024\/06\/ventilador-TAVIRA-PLUS-90209454-p-02-340x340.webp 340w, https:\/\/arteconfort.com\/wp-content\/uploads\/2024\/06\/ventilador-TAVIRA-PLUS-90209454-p-02-640x640.webp 640w, https:\/\/arteconfort.com\/wp-content\/uploads\/2024\/06\/ventilador-TAVIRA-PLUS-90209454-p-02-960x960.webp 960w, https:\/\/arteconfort.com\/wp-content\/uploads\/2024\/06\/ventilador-TAVIRA-PLUS-90209454-p-02-133x133.webp 133w, https:\/\/arteconfort.com\/wp-content\/uploads\/2024\/06\/ventilador-TAVIRA-PLUS-90209454-p-02-300x300.webp 300w, https:\/\/arteconfort.com\/wp-content\/uploads\/2024\/06\/ventilador-TAVIRA-PLUS-90209454-p-02-600x600.webp 600w, https:\/\/arteconfort.com\/wp-content\/uploads\/2024\/06\/ventilador-TAVIRA-PLUS-90209454-p-02-100x100.webp 100w\" sizes=\"auto, (max-width: 1024px) 100vw, 1024px\" \/><img loading=\"lazy\" decoding=\"async\" width=\"1024\" height=\"1024\" src=\"https:\/\/arteconfort.com\/wp-content\/uploads\/2024\/06\/ventilador-TAVIRA-PLUS-blanco-lateral.webp\" class=\"attachment-shop_catalog size-shop_catalog\" alt=\"Ventilador TAVIRA PLUS blanco lateral\" srcset=\"https:\/\/arteconfort.com\/wp-content\/uploads\/2024\/06\/ventilador-TAVIRA-PLUS-blanco-lateral.webp 1024w, https:\/\/arteconfort.com\/wp-content\/uploads\/2024\/06\/ventilador-TAVIRA-PLUS-blanco-lateral-768x768.webp 768w, https:\/\/arteconfort.com\/wp-content\/uploads\/2024\/06\/ventilador-TAVIRA-PLUS-blanco-lateral-340x340.webp 340w, https:\/\/arteconfort.com\/wp-content\/uploads\/2024\/06\/ventilador-TAVIRA-PLUS-blanco-lateral-640x640.webp 640w, https:\/\/arteconfort.com\/wp-content\/uploads\/2024\/06\/ventilador-TAVIRA-PLUS-blanco-lateral-960x960.webp 960w, https:\/\/arteconfort.com\/wp-content\/uploads\/2024\/06\/ventilador-TAVIRA-PLUS-blanco-lateral-133x133.webp 133w, https:\/\/arteconfort.com\/wp-content\/uploads\/2024\/06\/ventilador-TAVIRA-PLUS-blanco-lateral-300x300.webp 300w, https:\/\/arteconfort.com\/wp-content\/uploads\/2024\/06\/ventilador-TAVIRA-PLUS-blanco-lateral-600x600.webp 600w, https:\/\/arteconfort.com\/wp-content\/uploads\/2024\/06\/ventilador-TAVIRA-PLUS-blanco-lateral-100x100.webp 100w\" sizes=\"auto, (max-width: 1024px) 100vw, 1024px\" \/><img loading=\"lazy\" decoding=\"async\" width=\"1024\" height=\"1024\" src=\"https:\/\/arteconfort.com\/wp-content\/uploads\/2024\/06\/ventilador-TAVIRA-PLUS-blanco-vista-abajo.webp\" class=\"attachment-shop_catalog size-shop_catalog\" alt=\"Ventilador TAVIRA PLUS blanco vista abajo\" srcset=\"https:\/\/arteconfort.com\/wp-content\/uploads\/2024\/06\/ventilador-TAVIRA-PLUS-blanco-vista-abajo.webp 1024w, https:\/\/arteconfort.com\/wp-content\/uploads\/2024\/06\/ventilador-TAVIRA-PLUS-blanco-vista-abajo-768x768.webp 768w, https:\/\/arteconfort.com\/wp-content\/uploads\/2024\/06\/ventilador-TAVIRA-PLUS-blanco-vista-abajo-340x340.webp 340w, https:\/\/arteconfort.com\/wp-content\/uploads\/2024\/06\/ventilador-TAVIRA-PLUS-blanco-vista-abajo-640x640.webp 640w, https:\/\/arteconfort.com\/wp-content\/uploads\/2024\/06\/ventilador-TAVIRA-PLUS-blanco-vista-abajo-960x960.webp 960w, https:\/\/arteconfort.com\/wp-content\/uploads\/2024\/06\/ventilador-TAVIRA-PLUS-blanco-vista-abajo-133x133.webp 133w, https:\/\/arteconfort.com\/wp-content\/uploads\/2024\/06\/ventilador-TAVIRA-PLUS-blanco-vista-abajo-300x300.webp 300w, https:\/\/arteconfort.com\/wp-content\/uploads\/2024\/06\/ventilador-TAVIRA-PLUS-blanco-vista-abajo-600x600.webp 600w, https:\/\/arteconfort.com\/wp-content\/uploads\/2024\/06\/ventilador-TAVIRA-PLUS-blanco-vista-abajo-100x100.webp 100w\" sizes=\"auto, (max-width: 1024px) 100vw, 1024px\" \/><img loading=\"lazy\" decoding=\"async\" width=\"1024\" height=\"1024\" src=\"https:\/\/arteconfort.com\/wp-content\/uploads\/2024\/06\/ventilador-TAVIRA-PLUS-90209454-tz-04.webp\" class=\"attachment-shop_catalog size-shop_catalog\" alt=\"Ventilador TAVIRA PLUS blanco detalle aspa\" srcset=\"https:\/\/arteconfort.com\/wp-content\/uploads\/2024\/06\/ventilador-TAVIRA-PLUS-90209454-tz-04.webp 1024w, https:\/\/arteconfort.com\/wp-content\/uploads\/2024\/06\/ventilador-TAVIRA-PLUS-90209454-tz-04-768x768.webp 768w, https:\/\/arteconfort.com\/wp-content\/uploads\/2024\/06\/ventilador-TAVIRA-PLUS-90209454-tz-04-340x340.webp 340w, https:\/\/arteconfort.com\/wp-content\/uploads\/2024\/06\/ventilador-TAVIRA-PLUS-90209454-tz-04-640x640.webp 640w, https:\/\/arteconfort.com\/wp-content\/uploads\/2024\/06\/ventilador-TAVIRA-PLUS-90209454-tz-04-960x960.webp 960w, https:\/\/arteconfort.com\/wp-content\/uploads\/2024\/06\/ventilador-TAVIRA-PLUS-90209454-tz-04-133x133.webp 133w, https:\/\/arteconfort.com\/wp-content\/uploads\/2024\/06\/ventilador-TAVIRA-PLUS-90209454-tz-04-300x300.webp 300w, https:\/\/arteconfort.com\/wp-content\/uploads\/2024\/06\/ventilador-TAVIRA-PLUS-90209454-tz-04-600x600.webp 600w, https:\/\/arteconfort.com\/wp-content\/uploads\/2024\/06\/ventilador-TAVIRA-PLUS-90209454-tz-04-100x100.webp 100w\" sizes=\"auto, (max-width: 1024px) 100vw, 1024px\" \/><img loading=\"lazy\" decoding=\"async\" width=\"1024\" height=\"1024\" src=\"https:\/\/arteconfort.com\/wp-content\/uploads\/2024\/06\/ventilador-TAVIRA-PLUS-90209454-tz-03.webp\" class=\"attachment-shop_catalog size-shop_catalog\" alt=\"Ventilador TAVIRA PLUS blanco detalle floron\" srcset=\"https:\/\/arteconfort.com\/wp-content\/uploads\/2024\/06\/ventilador-TAVIRA-PLUS-90209454-tz-03.webp 1024w, https:\/\/arteconfort.com\/wp-content\/uploads\/2024\/06\/ventilador-TAVIRA-PLUS-90209454-tz-03-768x768.webp 768w, https:\/\/arteconfort.com\/wp-content\/uploads\/2024\/06\/ventilador-TAVIRA-PLUS-90209454-tz-03-340x340.webp 340w, https:\/\/arteconfort.com\/wp-content\/uploads\/2024\/06\/ventilador-TAVIRA-PLUS-90209454-tz-03-640x640.webp 640w, https:\/\/arteconfort.com\/wp-content\/uploads\/2024\/06\/ventilador-TAVIRA-PLUS-90209454-tz-03-960x960.webp 960w, https:\/\/arteconfort.com\/wp-content\/uploads\/2024\/06\/ventilador-TAVIRA-PLUS-90209454-tz-03-133x133.webp 133w, https:\/\/arteconfort.com\/wp-content\/uploads\/2024\/06\/ventilador-TAVIRA-PLUS-90209454-tz-03-300x300.webp 300w, https:\/\/arteconfort.com\/wp-content\/uploads\/2024\/06\/ventilador-TAVIRA-PLUS-90209454-tz-03-600x600.webp 600w, https:\/\/arteconfort.com\/wp-content\/uploads\/2024\/06\/ventilador-TAVIRA-PLUS-90209454-tz-03-100x100.webp 100w\" sizes=\"auto, (max-width: 1024px) 100vw, 1024px\" \/><img loading=\"lazy\" decoding=\"async\" width=\"1024\" height=\"1024\" src=\"https:\/\/arteconfort.com\/wp-content\/uploads\/2024\/06\/ventilador-TAVIRA-PLUS-90209454-tz-05.webp\" class=\"attachment-shop_catalog size-shop_catalog\" alt=\"Ventilador TAVIRA PLUS blanco detalle cuerpo\" srcset=\"https:\/\/arteconfort.com\/wp-content\/uploads\/2024\/06\/ventilador-TAVIRA-PLUS-90209454-tz-05.webp 1024w, https:\/\/arteconfort.com\/wp-content\/uploads\/2024\/06\/ventilador-TAVIRA-PLUS-90209454-tz-05-768x768.webp 768w, https:\/\/arteconfort.com\/wp-content\/uploads\/2024\/06\/ventilador-TAVIRA-PLUS-90209454-tz-05-340x340.webp 340w, https:\/\/arteconfort.com\/wp-content\/uploads\/2024\/06\/ventilador-TAVIRA-PLUS-90209454-tz-05-640x640.webp 640w, https:\/\/arteconfort.com\/wp-content\/uploads\/2024\/06\/ventilador-TAVIRA-PLUS-90209454-tz-05-960x960.webp 960w, https:\/\/arteconfort.com\/wp-content\/uploads\/2024\/06\/ventilador-TAVIRA-PLUS-90209454-tz-05-133x133.webp 133w, https:\/\/arteconfort.com\/wp-content\/uploads\/2024\/06\/ventilador-TAVIRA-PLUS-90209454-tz-05-300x300.webp 300w, https:\/\/arteconfort.com\/wp-content\/uploads\/2024\/06\/ventilador-TAVIRA-PLUS-90209454-tz-05-600x600.webp 600w, https:\/\/arteconfort.com\/wp-content\/uploads\/2024\/06\/ventilador-TAVIRA-PLUS-90209454-tz-05-100x100.webp 100w\" sizes=\"auto, (max-width: 1024px) 100vw, 1024px\" \/><img loading=\"lazy\" decoding=\"async\" width=\"1024\" height=\"1024\" src=\"https:\/\/arteconfort.com\/wp-content\/uploads\/2024\/06\/ventilador-TAVIRA-PLUS-90209454-tz-02.webp\" class=\"attachment-shop_catalog size-shop_catalog\" alt=\"Ventilador TAVIRA PLUS blanco alto flujo\" srcset=\"https:\/\/arteconfort.com\/wp-content\/uploads\/2024\/06\/ventilador-TAVIRA-PLUS-90209454-tz-02.webp 1024w, https:\/\/arteconfort.com\/wp-content\/uploads\/2024\/06\/ventilador-TAVIRA-PLUS-90209454-tz-02-768x768.webp 768w, https:\/\/arteconfort.com\/wp-content\/uploads\/2024\/06\/ventilador-TAVIRA-PLUS-90209454-tz-02-340x340.webp 340w, https:\/\/arteconfort.com\/wp-content\/uploads\/2024\/06\/ventilador-TAVIRA-PLUS-90209454-tz-02-640x640.webp 640w, https:\/\/arteconfort.com\/wp-content\/uploads\/2024\/06\/ventilador-TAVIRA-PLUS-90209454-tz-02-960x960.webp 960w, https:\/\/arteconfort.com\/wp-content\/uploads\/2024\/06\/ventilador-TAVIRA-PLUS-90209454-tz-02-133x133.webp 133w, https:\/\/arteconfort.com\/wp-content\/uploads\/2024\/06\/ventilador-TAVIRA-PLUS-90209454-tz-02-300x300.webp 300w, https:\/\/arteconfort.com\/wp-content\/uploads\/2024\/06\/ventilador-TAVIRA-PLUS-90209454-tz-02-600x600.webp 600w, https:\/\/arteconfort.com\/wp-content\/uploads\/2024\/06\/ventilador-TAVIRA-PLUS-90209454-tz-02-100x100.webp 100w\" sizes=\"auto, (max-width: 1024px) 100vw, 1024px\" \/><img loading=\"lazy\" decoding=\"async\" width=\"2000\" height=\"2000\" src=\"https:\/\/arteconfort.com\/wp-content\/uploads\/2024\/06\/ventilador-TAVIRA-PLUS-mando-a-distancia.jpg\" class=\"attachment-shop_catalog size-shop_catalog\" alt=\"Ventilador TAVIRA PLUS mando a distancia\" srcset=\"https:\/\/arteconfort.com\/wp-content\/uploads\/2024\/06\/ventilador-TAVIRA-PLUS-mando-a-distancia.jpg 2000w, https:\/\/arteconfort.com\/wp-content\/uploads\/2024\/06\/ventilador-TAVIRA-PLUS-mando-a-distancia-768x768.jpg 768w, https:\/\/arteconfort.com\/wp-content\/uploads\/2024\/06\/ventilador-TAVIRA-PLUS-mando-a-distancia-1536x1536.jpg 1536w, https:\/\/arteconfort.com\/wp-content\/uploads\/2024\/06\/ventilador-TAVIRA-PLUS-mando-a-distancia-340x340.jpg 340w, https:\/\/arteconfort.com\/wp-content\/uploads\/2024\/06\/ventilador-TAVIRA-PLUS-mando-a-distancia-640x640.jpg 640w, https:\/\/arteconfort.com\/wp-content\/uploads\/2024\/06\/ventilador-TAVIRA-PLUS-mando-a-distancia-960x960.jpg 960w, https:\/\/arteconfort.com\/wp-content\/uploads\/2024\/06\/ventilador-TAVIRA-PLUS-mando-a-distancia-1280x1280.jpg 1280w, https:\/\/arteconfort.com\/wp-content\/uploads\/2024\/06\/ventilador-TAVIRA-PLUS-mando-a-distancia-133x133.jpg 133w, https:\/\/arteconfort.com\/wp-content\/uploads\/2024\/06\/ventilador-TAVIRA-PLUS-mando-a-distancia-300x300.jpg 300w, https:\/\/arteconfort.com\/wp-content\/uploads\/2024\/06\/ventilador-TAVIRA-PLUS-mando-a-distancia-600x600.jpg 600w, https:\/\/arteconfort.com\/wp-content\/uploads\/2024\/06\/ventilador-TAVIRA-PLUS-mando-a-distancia-100x100.jpg 100w\" sizes=\"auto, (max-width: 2000px) 100vw, 2000px\" \/><img loading=\"lazy\" decoding=\"async\" width=\"1024\" height=\"1024\" src=\"https:\/\/arteconfort.com\/wp-content\/uploads\/2024\/06\/ventilador-TAVIRA-PLUS-90209454-pat-01.webp\" class=\"attachment-shop_catalog size-shop_catalog\" alt=\"Ventilador TAVIRA PLUS grafico\" srcset=\"https:\/\/arteconfort.com\/wp-content\/uploads\/2024\/06\/ventilador-TAVIRA-PLUS-90209454-pat-01.webp 1024w, https:\/\/arteconfort.com\/wp-content\/uploads\/2024\/06\/ventilador-TAVIRA-PLUS-90209454-pat-01-768x768.webp 768w, https:\/\/arteconfort.com\/wp-content\/uploads\/2024\/06\/ventilador-TAVIRA-PLUS-90209454-pat-01-340x340.webp 340w, https:\/\/arteconfort.com\/wp-content\/uploads\/2024\/06\/ventilador-TAVIRA-PLUS-90209454-pat-01-640x640.webp 640w, https:\/\/arteconfort.com\/wp-content\/uploads\/2024\/06\/ventilador-TAVIRA-PLUS-90209454-pat-01-960x960.webp 960w, https:\/\/arteconfort.com\/wp-content\/uploads\/2024\/06\/ventilador-TAVIRA-PLUS-90209454-pat-01-133x133.webp 133w, https:\/\/arteconfort.com\/wp-content\/uploads\/2024\/06\/ventilador-TAVIRA-PLUS-90209454-pat-01-300x300.webp 300w, https:\/\/arteconfort.com\/wp-content\/uploads\/2024\/06\/ventilador-TAVIRA-PLUS-90209454-pat-01-600x600.webp 600w, https:\/\/arteconfort.com\/wp-content\/uploads\/2024\/06\/ventilador-TAVIRA-PLUS-90209454-pat-01-100x100.webp 100w\" sizes=\"auto, (max-width: 1024px) 100vw, 1024px\" \/><img loading=\"lazy\" decoding=\"async\" width=\"1024\" height=\"1024\" src=\"https:\/\/arteconfort.com\/wp-content\/uploads\/2024\/06\/ventilador-TAVIRA-PLUS-90209454-tz-01.webp\" class=\"attachment-shop_catalog size-shop_catalog\" alt=\"Ventilador TAVIRA PLUS blanco temperatura colores\" srcset=\"https:\/\/arteconfort.com\/wp-content\/uploads\/2024\/06\/ventilador-TAVIRA-PLUS-90209454-tz-01.webp 1024w, https:\/\/arteconfort.com\/wp-content\/uploads\/2024\/06\/ventilador-TAVIRA-PLUS-90209454-tz-01-768x768.webp 768w, https:\/\/arteconfort.com\/wp-content\/uploads\/2024\/06\/ventilador-TAVIRA-PLUS-90209454-tz-01-340x340.webp 340w, https:\/\/arteconfort.com\/wp-content\/uploads\/2024\/06\/ventilador-TAVIRA-PLUS-90209454-tz-01-640x640.webp 640w, https:\/\/arteconfort.com\/wp-content\/uploads\/2024\/06\/ventilador-TAVIRA-PLUS-90209454-tz-01-960x960.webp 960w, https:\/\/arteconfort.com\/wp-content\/uploads\/2024\/06\/ventilador-TAVIRA-PLUS-90209454-tz-01-133x133.webp 133w, https:\/\/arteconfort.com\/wp-content\/uploads\/2024\/06\/ventilador-TAVIRA-PLUS-90209454-tz-01-300x300.webp 300w, https:\/\/arteconfort.com\/wp-content\/uploads\/2024\/06\/ventilador-TAVIRA-PLUS-90209454-tz-01-600x600.webp 600w, https:\/\/arteconfort.com\/wp-content\/uploads\/2024\/06\/ventilador-TAVIRA-PLUS-90209454-tz-01-100x100.webp 100w\" sizes=\"auto, (max-width: 1024px) 100vw, 1024px\" \/><img loading=\"lazy\" decoding=\"async\" width=\"1024\" height=\"1024\" src=\"https:\/\/arteconfort.com\/wp-content\/uploads\/2024\/06\/ventilador-ambiente-TAVIRA-PLUS-blanco-foto-ambiente-luz-calida.webp\" class=\"attachment-shop_catalog size-shop_catalog\" alt=\"Ventilador ambiente TAVIRA PLUS blanco foto ambiente luz calida\" srcset=\"https:\/\/arteconfort.com\/wp-content\/uploads\/2024\/06\/ventilador-ambiente-TAVIRA-PLUS-blanco-foto-ambiente-luz-calida.webp 1024w, https:\/\/arteconfort.com\/wp-content\/uploads\/2024\/06\/ventilador-ambiente-TAVIRA-PLUS-blanco-foto-ambiente-luz-calida-768x768.webp 768w, https:\/\/arteconfort.com\/wp-content\/uploads\/2024\/06\/ventilador-ambiente-TAVIRA-PLUS-blanco-foto-ambiente-luz-calida-340x340.webp 340w, https:\/\/arteconfort.com\/wp-content\/uploads\/2024\/06\/ventilador-ambiente-TAVIRA-PLUS-blanco-foto-ambiente-luz-calida-640x640.webp 640w, https:\/\/arteconfort.com\/wp-content\/uploads\/2024\/06\/ventilador-ambiente-TAVIRA-PLUS-blanco-foto-ambiente-luz-calida-960x960.webp 960w, https:\/\/arteconfort.com\/wp-content\/uploads\/2024\/06\/ventilador-ambiente-TAVIRA-PLUS-blanco-foto-ambiente-luz-calida-133x133.webp 133w, https:\/\/arteconfort.com\/wp-content\/uploads\/2024\/06\/ventilador-ambiente-TAVIRA-PLUS-blanco-foto-ambiente-luz-calida-300x300.webp 300w, https:\/\/arteconfort.com\/wp-content\/uploads\/2024\/06\/ventilador-ambiente-TAVIRA-PLUS-blanco-foto-ambiente-luz-calida-600x600.webp 600w, https:\/\/arteconfort.com\/wp-content\/uploads\/2024\/06\/ventilador-ambiente-TAVIRA-PLUS-blanco-foto-ambiente-luz-calida-100x100.webp 100w\" sizes=\"auto, (max-width: 1024px) 100vw, 1024px\" \/><img loading=\"lazy\" decoding=\"async\" width=\"1024\" height=\"1024\" src=\"https:\/\/arteconfort.com\/wp-content\/uploads\/2024\/06\/ventilador-ambiente-TAVIRA-PLUS-blanco-foto-ambiente-luz-neutra.webp\" class=\"attachment-shop_catalog size-shop_catalog\" alt=\"Ventilador ambiente TAVIRA PLUS blanco foto ambiente luz neutra\" srcset=\"https:\/\/arteconfort.com\/wp-content\/uploads\/2024\/06\/ventilador-ambiente-TAVIRA-PLUS-blanco-foto-ambiente-luz-neutra.webp 1024w, https:\/\/arteconfort.com\/wp-content\/uploads\/2024\/06\/ventilador-ambiente-TAVIRA-PLUS-blanco-foto-ambiente-luz-neutra-768x768.webp 768w, https:\/\/arteconfort.com\/wp-content\/uploads\/2024\/06\/ventilador-ambiente-TAVIRA-PLUS-blanco-foto-ambiente-luz-neutra-340x340.webp 340w, https:\/\/arteconfort.com\/wp-content\/uploads\/2024\/06\/ventilador-ambiente-TAVIRA-PLUS-blanco-foto-ambiente-luz-neutra-640x640.webp 640w, https:\/\/arteconfort.com\/wp-content\/uploads\/2024\/06\/ventilador-ambiente-TAVIRA-PLUS-blanco-foto-ambiente-luz-neutra-960x960.webp 960w, https:\/\/arteconfort.com\/wp-content\/uploads\/2024\/06\/ventilador-ambiente-TAVIRA-PLUS-blanco-foto-ambiente-luz-neutra-133x133.webp 133w, https:\/\/arteconfort.com\/wp-content\/uploads\/2024\/06\/ventilador-ambiente-TAVIRA-PLUS-blanco-foto-ambiente-luz-neutra-300x300.webp 300w, https:\/\/arteconfort.com\/wp-content\/uploads\/2024\/06\/ventilador-ambiente-TAVIRA-PLUS-blanco-foto-ambiente-luz-neutra-600x600.webp 600w, https:\/\/arteconfort.com\/wp-content\/uploads\/2024\/06\/ventilador-ambiente-TAVIRA-PLUS-blanco-foto-ambiente-luz-neutra-100x100.webp 100w\" sizes=\"auto, (max-width: 1024px) 100vw, 1024px\" \/><img loading=\"lazy\" decoding=\"async\" width=\"1024\" height=\"1024\" src=\"https:\/\/arteconfort.com\/wp-content\/uploads\/2024\/06\/ventilador-ambiente-TAVIRA-PLUS-blanco-foto-ambiente-luz-neutra-tenue.webp\" class=\"attachment-shop_catalog size-shop_catalog\" alt=\"Ventilador ambiente TAVIRA PLUS blanco foto ambiente luz neutra tenue\" srcset=\"https:\/\/arteconfort.com\/wp-content\/uploads\/2024\/06\/ventilador-ambiente-TAVIRA-PLUS-blanco-foto-ambiente-luz-neutra-tenue.webp 1024w, https:\/\/arteconfort.com\/wp-content\/uploads\/2024\/06\/ventilador-ambiente-TAVIRA-PLUS-blanco-foto-ambiente-luz-neutra-tenue-768x768.webp 768w, https:\/\/arteconfort.com\/wp-content\/uploads\/2024\/06\/ventilador-ambiente-TAVIRA-PLUS-blanco-foto-ambiente-luz-neutra-tenue-340x340.webp 340w, https:\/\/arteconfort.com\/wp-content\/uploads\/2024\/06\/ventilador-ambiente-TAVIRA-PLUS-blanco-foto-ambiente-luz-neutra-tenue-640x640.webp 640w, https:\/\/arteconfort.com\/wp-content\/uploads\/2024\/06\/ventilador-ambiente-TAVIRA-PLUS-blanco-foto-ambiente-luz-neutra-tenue-960x960.webp 960w, https:\/\/arteconfort.com\/wp-content\/uploads\/2024\/06\/ventilador-ambiente-TAVIRA-PLUS-blanco-foto-ambiente-luz-neutra-tenue-133x133.webp 133w, https:\/\/arteconfort.com\/wp-content\/uploads\/2024\/06\/ventilador-ambiente-TAVIRA-PLUS-blanco-foto-ambiente-luz-neutra-tenue-300x300.webp 300w, https:\/\/arteconfort.com\/wp-content\/uploads\/2024\/06\/ventilador-ambiente-TAVIRA-PLUS-blanco-foto-ambiente-luz-neutra-tenue-600x600.webp 600w, https:\/\/arteconfort.com\/wp-content\/uploads\/2024\/06\/ventilador-ambiente-TAVIRA-PLUS-blanco-foto-ambiente-luz-neutra-tenue-100x100.webp 100w\" sizes=\"auto, (max-width: 1024px) 100vw, 1024px\" \/><img loading=\"lazy\" decoding=\"async\" width=\"1024\" height=\"1024\" src=\"https:\/\/arteconfort.com\/wp-content\/uploads\/2024\/06\/ventilador-ambiente-TAVIRA-PLUS-blanco-foto-ambiente-luz-fria.webp\" class=\"attachment-shop_catalog size-shop_catalog\" alt=\"Ventilador ambiente TAVIRA PLUS blanco foto ambiente luz fria\" srcset=\"https:\/\/arteconfort.com\/wp-content\/uploads\/2024\/06\/ventilador-ambiente-TAVIRA-PLUS-blanco-foto-ambiente-luz-fria.webp 1024w, https:\/\/arteconfort.com\/wp-content\/uploads\/2024\/06\/ventilador-ambiente-TAVIRA-PLUS-blanco-foto-ambiente-luz-fria-768x768.webp 768w, https:\/\/arteconfort.com\/wp-content\/uploads\/2024\/06\/ventilador-ambiente-TAVIRA-PLUS-blanco-foto-ambiente-luz-fria-340x340.webp 340w, https:\/\/arteconfort.com\/wp-content\/uploads\/2024\/06\/ventilador-ambiente-TAVIRA-PLUS-blanco-foto-ambiente-luz-fria-640x640.webp 640w, https:\/\/arteconfort.com\/wp-content\/uploads\/2024\/06\/ventilador-ambiente-TAVIRA-PLUS-blanco-foto-ambiente-luz-fria-960x960.webp 960w, https:\/\/arteconfort.com\/wp-content\/uploads\/2024\/06\/ventilador-ambiente-TAVIRA-PLUS-blanco-foto-ambiente-luz-fria-133x133.webp 133w, https:\/\/arteconfort.com\/wp-content\/uploads\/2024\/06\/ventilador-ambiente-TAVIRA-PLUS-blanco-foto-ambiente-luz-fria-300x300.webp 300w, https:\/\/arteconfort.com\/wp-content\/uploads\/2024\/06\/ventilador-ambiente-TAVIRA-PLUS-blanco-foto-ambiente-luz-fria-600x600.webp 600w, https:\/\/arteconfort.com\/wp-content\/uploads\/2024\/06\/ventilador-ambiente-TAVIRA-PLUS-blanco-foto-ambiente-luz-fria-100x100.webp 100w\" sizes=\"auto, (max-width: 1024px) 100vw, 1024px\" \/>\t<\/a>\n\t<div class=\"w-product-status\"><\/div>\t<span id=\"woocommerce_loop_add_to_cart_link_describedby_42829\" class=\"screen-reader-text\">\n\t\t\t<\/span>\n<\/div><figcaption><h2 class=\"woocommerce-loop-product__title\">TAVIRA PLUS WHITE<\/h2><div class=\"woocommerce-product-details__short-description\">\n\t<p>The TAVIRA PLUS WHITE ceiling fan incorporates LED light and color temperature memory. It has a metal body<\/div>\n\n<\/figcaption><\/figure><\/li>\n<li class=\"product type-product post-42830 status-publish instock product_cat-climatizacion-en product_cat-ventiladores-de-techo-en has-post-thumbnail shipping-taxable product-type-simple w-item col-3\">\n\t<figure><div class=\"image-wrapper\">\t\t<a href=\"https:\/\/arteconfort.com\/en\/producto\/tavira-plus-wood\/\" class=\"w-fadeslider\">\n\t<img loading=\"lazy\" decoding=\"async\" width=\"1024\" height=\"1024\" src=\"https:\/\/arteconfort.com\/wp-content\/uploads\/2024\/06\/ventilador-TAVIRA-PLUS-madera-mando.webp\" class=\"attachment-shop_catalog size-shop_catalog wp-post-image\" alt=\"Ventilador TAVIRA PLUS madera mando\" srcset=\"https:\/\/arteconfort.com\/wp-content\/uploads\/2024\/06\/ventilador-TAVIRA-PLUS-madera-mando.webp 1024w, https:\/\/arteconfort.com\/wp-content\/uploads\/2024\/06\/ventilador-TAVIRA-PLUS-madera-mando-768x768.webp 768w, https:\/\/arteconfort.com\/wp-content\/uploads\/2024\/06\/ventilador-TAVIRA-PLUS-madera-mando-340x340.webp 340w, https:\/\/arteconfort.com\/wp-content\/uploads\/2024\/06\/ventilador-TAVIRA-PLUS-madera-mando-640x640.webp 640w, https:\/\/arteconfort.com\/wp-content\/uploads\/2024\/06\/ventilador-TAVIRA-PLUS-madera-mando-960x960.webp 960w, https:\/\/arteconfort.com\/wp-content\/uploads\/2024\/06\/ventilador-TAVIRA-PLUS-madera-mando-300x300.webp 300w, https:\/\/arteconfort.com\/wp-content\/uploads\/2024\/06\/ventilador-TAVIRA-PLUS-madera-mando-600x600.webp 600w, https:\/\/arteconfort.com\/wp-content\/uploads\/2024\/06\/ventilador-TAVIRA-PLUS-madera-mando-100x100.webp 100w, https:\/\/arteconfort.com\/wp-content\/uploads\/2024\/06\/ventilador-TAVIRA-PLUS-madera-mando-133x133.webp 133w\" sizes=\"auto, (max-width: 1024px) 100vw, 1024px\" \/>\t<img loading=\"lazy\" decoding=\"async\" width=\"1024\" height=\"1024\" src=\"https:\/\/arteconfort.com\/wp-content\/uploads\/2024\/06\/ventilador-ambiente-TAVIRA-PLUS-madera-foto-ambiente-dia.webp\" class=\"attachment-shop_catalog size-shop_catalog\" alt=\"Ventilador ambiente TAVIRA PLUS madera foto ambiente dia\" srcset=\"https:\/\/arteconfort.com\/wp-content\/uploads\/2024\/06\/ventilador-ambiente-TAVIRA-PLUS-madera-foto-ambiente-dia.webp 1024w, https:\/\/arteconfort.com\/wp-content\/uploads\/2024\/06\/ventilador-ambiente-TAVIRA-PLUS-madera-foto-ambiente-dia-768x768.webp 768w, https:\/\/arteconfort.com\/wp-content\/uploads\/2024\/06\/ventilador-ambiente-TAVIRA-PLUS-madera-foto-ambiente-dia-340x340.webp 340w, https:\/\/arteconfort.com\/wp-content\/uploads\/2024\/06\/ventilador-ambiente-TAVIRA-PLUS-madera-foto-ambiente-dia-640x640.webp 640w, https:\/\/arteconfort.com\/wp-content\/uploads\/2024\/06\/ventilador-ambiente-TAVIRA-PLUS-madera-foto-ambiente-dia-960x960.webp 960w, https:\/\/arteconfort.com\/wp-content\/uploads\/2024\/06\/ventilador-ambiente-TAVIRA-PLUS-madera-foto-ambiente-dia-133x133.webp 133w, https:\/\/arteconfort.com\/wp-content\/uploads\/2024\/06\/ventilador-ambiente-TAVIRA-PLUS-madera-foto-ambiente-dia-300x300.webp 300w, https:\/\/arteconfort.com\/wp-content\/uploads\/2024\/06\/ventilador-ambiente-TAVIRA-PLUS-madera-foto-ambiente-dia-600x600.webp 600w, https:\/\/arteconfort.com\/wp-content\/uploads\/2024\/06\/ventilador-ambiente-TAVIRA-PLUS-madera-foto-ambiente-dia-100x100.webp 100w\" sizes=\"auto, (max-width: 1024px) 100vw, 1024px\" \/><img loading=\"lazy\" decoding=\"async\" width=\"1024\" height=\"1024\" src=\"https:\/\/arteconfort.com\/wp-content\/uploads\/2024\/06\/ventilador-TAVIRA-PLUS-madera-vista-abajo.webp\" class=\"attachment-shop_catalog size-shop_catalog\" alt=\"Ventilador TAVIRA PLUS madera vista abajo\" srcset=\"https:\/\/arteconfort.com\/wp-content\/uploads\/2024\/06\/ventilador-TAVIRA-PLUS-madera-vista-abajo.webp 1024w, https:\/\/arteconfort.com\/wp-content\/uploads\/2024\/06\/ventilador-TAVIRA-PLUS-madera-vista-abajo-768x768.webp 768w, https:\/\/arteconfort.com\/wp-content\/uploads\/2024\/06\/ventilador-TAVIRA-PLUS-madera-vista-abajo-340x340.webp 340w, https:\/\/arteconfort.com\/wp-content\/uploads\/2024\/06\/ventilador-TAVIRA-PLUS-madera-vista-abajo-640x640.webp 640w, https:\/\/arteconfort.com\/wp-content\/uploads\/2024\/06\/ventilador-TAVIRA-PLUS-madera-vista-abajo-960x960.webp 960w, https:\/\/arteconfort.com\/wp-content\/uploads\/2024\/06\/ventilador-TAVIRA-PLUS-madera-vista-abajo-133x133.webp 133w, https:\/\/arteconfort.com\/wp-content\/uploads\/2024\/06\/ventilador-TAVIRA-PLUS-madera-vista-abajo-300x300.webp 300w, https:\/\/arteconfort.com\/wp-content\/uploads\/2024\/06\/ventilador-TAVIRA-PLUS-madera-vista-abajo-600x600.webp 600w, https:\/\/arteconfort.com\/wp-content\/uploads\/2024\/06\/ventilador-TAVIRA-PLUS-madera-vista-abajo-100x100.webp 100w\" sizes=\"auto, (max-width: 1024px) 100vw, 1024px\" \/><img loading=\"lazy\" decoding=\"async\" width=\"1024\" height=\"1024\" src=\"https:\/\/arteconfort.com\/wp-content\/uploads\/2024\/06\/ventilador-TAVIRA-PLUS-madera-lateral.webp\" class=\"attachment-shop_catalog size-shop_catalog\" alt=\"Ventilador TAVIRA PLUS madera lateral\" srcset=\"https:\/\/arteconfort.com\/wp-content\/uploads\/2024\/06\/ventilador-TAVIRA-PLUS-madera-lateral.webp 1024w, https:\/\/arteconfort.com\/wp-content\/uploads\/2024\/06\/ventilador-TAVIRA-PLUS-madera-lateral-768x768.webp 768w, https:\/\/arteconfort.com\/wp-content\/uploads\/2024\/06\/ventilador-TAVIRA-PLUS-madera-lateral-340x340.webp 340w, https:\/\/arteconfort.com\/wp-content\/uploads\/2024\/06\/ventilador-TAVIRA-PLUS-madera-lateral-640x640.webp 640w, https:\/\/arteconfort.com\/wp-content\/uploads\/2024\/06\/ventilador-TAVIRA-PLUS-madera-lateral-960x960.webp 960w, https:\/\/arteconfort.com\/wp-content\/uploads\/2024\/06\/ventilador-TAVIRA-PLUS-madera-lateral-133x133.webp 133w, https:\/\/arteconfort.com\/wp-content\/uploads\/2024\/06\/ventilador-TAVIRA-PLUS-madera-lateral-300x300.webp 300w, https:\/\/arteconfort.com\/wp-content\/uploads\/2024\/06\/ventilador-TAVIRA-PLUS-madera-lateral-600x600.webp 600w, https:\/\/arteconfort.com\/wp-content\/uploads\/2024\/06\/ventilador-TAVIRA-PLUS-madera-lateral-100x100.webp 100w\" sizes=\"auto, (max-width: 1024px) 100vw, 1024px\" \/><img loading=\"lazy\" decoding=\"async\" width=\"1024\" height=\"1024\" src=\"https:\/\/arteconfort.com\/wp-content\/uploads\/2024\/06\/ventilador-TAVIRA-PLUS-90209462-p-02.webp\" class=\"attachment-shop_catalog size-shop_catalog\" alt=\"\" srcset=\"https:\/\/arteconfort.com\/wp-content\/uploads\/2024\/06\/ventilador-TAVIRA-PLUS-90209462-p-02.webp 1024w, https:\/\/arteconfort.com\/wp-content\/uploads\/2024\/06\/ventilador-TAVIRA-PLUS-90209462-p-02-768x768.webp 768w, https:\/\/arteconfort.com\/wp-content\/uploads\/2024\/06\/ventilador-TAVIRA-PLUS-90209462-p-02-340x340.webp 340w, https:\/\/arteconfort.com\/wp-content\/uploads\/2024\/06\/ventilador-TAVIRA-PLUS-90209462-p-02-640x640.webp 640w, https:\/\/arteconfort.com\/wp-content\/uploads\/2024\/06\/ventilador-TAVIRA-PLUS-90209462-p-02-960x960.webp 960w, https:\/\/arteconfort.com\/wp-content\/uploads\/2024\/06\/ventilador-TAVIRA-PLUS-90209462-p-02-133x133.webp 133w, https:\/\/arteconfort.com\/wp-content\/uploads\/2024\/06\/ventilador-TAVIRA-PLUS-90209462-p-02-300x300.webp 300w, https:\/\/arteconfort.com\/wp-content\/uploads\/2024\/06\/ventilador-TAVIRA-PLUS-90209462-p-02-600x600.webp 600w, https:\/\/arteconfort.com\/wp-content\/uploads\/2024\/06\/ventilador-TAVIRA-PLUS-90209462-p-02-100x100.webp 100w\" sizes=\"auto, (max-width: 1024px) 100vw, 1024px\" \/><img loading=\"lazy\" decoding=\"async\" width=\"1024\" height=\"1024\" src=\"https:\/\/arteconfort.com\/wp-content\/uploads\/2024\/06\/ventilador-TAVIRA-PLUS-90209462-tz-05.webp\" class=\"attachment-shop_catalog size-shop_catalog\" alt=\"Ventilador TAVIRA PLUS madera detalle cuerpo\" srcset=\"https:\/\/arteconfort.com\/wp-content\/uploads\/2024\/06\/ventilador-TAVIRA-PLUS-90209462-tz-05.webp 1024w, https:\/\/arteconfort.com\/wp-content\/uploads\/2024\/06\/ventilador-TAVIRA-PLUS-90209462-tz-05-768x768.webp 768w, https:\/\/arteconfort.com\/wp-content\/uploads\/2024\/06\/ventilador-TAVIRA-PLUS-90209462-tz-05-340x340.webp 340w, https:\/\/arteconfort.com\/wp-content\/uploads\/2024\/06\/ventilador-TAVIRA-PLUS-90209462-tz-05-640x640.webp 640w, https:\/\/arteconfort.com\/wp-content\/uploads\/2024\/06\/ventilador-TAVIRA-PLUS-90209462-tz-05-960x960.webp 960w, https:\/\/arteconfort.com\/wp-content\/uploads\/2024\/06\/ventilador-TAVIRA-PLUS-90209462-tz-05-133x133.webp 133w, https:\/\/arteconfort.com\/wp-content\/uploads\/2024\/06\/ventilador-TAVIRA-PLUS-90209462-tz-05-300x300.webp 300w, https:\/\/arteconfort.com\/wp-content\/uploads\/2024\/06\/ventilador-TAVIRA-PLUS-90209462-tz-05-600x600.webp 600w, https:\/\/arteconfort.com\/wp-content\/uploads\/2024\/06\/ventilador-TAVIRA-PLUS-90209462-tz-05-100x100.webp 100w\" sizes=\"auto, (max-width: 1024px) 100vw, 1024px\" \/><img loading=\"lazy\" decoding=\"async\" width=\"1024\" height=\"1024\" src=\"https:\/\/arteconfort.com\/wp-content\/uploads\/2024\/06\/ventilador-TAVIRA-PLUS-90209462-tz-02.webp\" class=\"attachment-shop_catalog size-shop_catalog\" alt=\"Ventilador TAVIRA PLUS madera alto flujo\" srcset=\"https:\/\/arteconfort.com\/wp-content\/uploads\/2024\/06\/ventilador-TAVIRA-PLUS-90209462-tz-02.webp 1024w, https:\/\/arteconfort.com\/wp-content\/uploads\/2024\/06\/ventilador-TAVIRA-PLUS-90209462-tz-02-768x768.webp 768w, https:\/\/arteconfort.com\/wp-content\/uploads\/2024\/06\/ventilador-TAVIRA-PLUS-90209462-tz-02-340x340.webp 340w, https:\/\/arteconfort.com\/wp-content\/uploads\/2024\/06\/ventilador-TAVIRA-PLUS-90209462-tz-02-640x640.webp 640w, https:\/\/arteconfort.com\/wp-content\/uploads\/2024\/06\/ventilador-TAVIRA-PLUS-90209462-tz-02-960x960.webp 960w, https:\/\/arteconfort.com\/wp-content\/uploads\/2024\/06\/ventilador-TAVIRA-PLUS-90209462-tz-02-133x133.webp 133w, https:\/\/arteconfort.com\/wp-content\/uploads\/2024\/06\/ventilador-TAVIRA-PLUS-90209462-tz-02-300x300.webp 300w, https:\/\/arteconfort.com\/wp-content\/uploads\/2024\/06\/ventilador-TAVIRA-PLUS-90209462-tz-02-600x600.webp 600w, https:\/\/arteconfort.com\/wp-content\/uploads\/2024\/06\/ventilador-TAVIRA-PLUS-90209462-tz-02-100x100.webp 100w\" sizes=\"auto, (max-width: 1024px) 100vw, 1024px\" \/><img loading=\"lazy\" decoding=\"async\" width=\"1024\" height=\"1024\" src=\"https:\/\/arteconfort.com\/wp-content\/uploads\/2024\/06\/ventilador-TAVIRA-PLUS-90209462-tz-04.webp\" class=\"attachment-shop_catalog size-shop_catalog\" alt=\"Ventilador TAVIRA PLUS madera detalle aspa\" srcset=\"https:\/\/arteconfort.com\/wp-content\/uploads\/2024\/06\/ventilador-TAVIRA-PLUS-90209462-tz-04.webp 1024w, https:\/\/arteconfort.com\/wp-content\/uploads\/2024\/06\/ventilador-TAVIRA-PLUS-90209462-tz-04-768x768.webp 768w, https:\/\/arteconfort.com\/wp-content\/uploads\/2024\/06\/ventilador-TAVIRA-PLUS-90209462-tz-04-340x340.webp 340w, https:\/\/arteconfort.com\/wp-content\/uploads\/2024\/06\/ventilador-TAVIRA-PLUS-90209462-tz-04-640x640.webp 640w, https:\/\/arteconfort.com\/wp-content\/uploads\/2024\/06\/ventilador-TAVIRA-PLUS-90209462-tz-04-960x960.webp 960w, https:\/\/arteconfort.com\/wp-content\/uploads\/2024\/06\/ventilador-TAVIRA-PLUS-90209462-tz-04-133x133.webp 133w, https:\/\/arteconfort.com\/wp-content\/uploads\/2024\/06\/ventilador-TAVIRA-PLUS-90209462-tz-04-300x300.webp 300w, https:\/\/arteconfort.com\/wp-content\/uploads\/2024\/06\/ventilador-TAVIRA-PLUS-90209462-tz-04-600x600.webp 600w, https:\/\/arteconfort.com\/wp-content\/uploads\/2024\/06\/ventilador-TAVIRA-PLUS-90209462-tz-04-100x100.webp 100w\" sizes=\"auto, (max-width: 1024px) 100vw, 1024px\" \/><img loading=\"lazy\" decoding=\"async\" width=\"1024\" height=\"1024\" src=\"https:\/\/arteconfort.com\/wp-content\/uploads\/2024\/06\/ventilador-TAVIRA-PLUS-90209462-mz-01.webp\" class=\"attachment-shop_catalog size-shop_catalog\" alt=\"Ventilador TAVIRA PLUS destalle madera\" srcset=\"https:\/\/arteconfort.com\/wp-content\/uploads\/2024\/06\/ventilador-TAVIRA-PLUS-90209462-mz-01.webp 1024w, https:\/\/arteconfort.com\/wp-content\/uploads\/2024\/06\/ventilador-TAVIRA-PLUS-90209462-mz-01-768x768.webp 768w, https:\/\/arteconfort.com\/wp-content\/uploads\/2024\/06\/ventilador-TAVIRA-PLUS-90209462-mz-01-340x340.webp 340w, https:\/\/arteconfort.com\/wp-content\/uploads\/2024\/06\/ventilador-TAVIRA-PLUS-90209462-mz-01-640x640.webp 640w, https:\/\/arteconfort.com\/wp-content\/uploads\/2024\/06\/ventilador-TAVIRA-PLUS-90209462-mz-01-960x960.webp 960w, https:\/\/arteconfort.com\/wp-content\/uploads\/2024\/06\/ventilador-TAVIRA-PLUS-90209462-mz-01-133x133.webp 133w, https:\/\/arteconfort.com\/wp-content\/uploads\/2024\/06\/ventilador-TAVIRA-PLUS-90209462-mz-01-300x300.webp 300w, https:\/\/arteconfort.com\/wp-content\/uploads\/2024\/06\/ventilador-TAVIRA-PLUS-90209462-mz-01-600x600.webp 600w, https:\/\/arteconfort.com\/wp-content\/uploads\/2024\/06\/ventilador-TAVIRA-PLUS-90209462-mz-01-100x100.webp 100w\" sizes=\"auto, (max-width: 1024px) 100vw, 1024px\" \/><img loading=\"lazy\" decoding=\"async\" width=\"2000\" height=\"2000\" src=\"https:\/\/arteconfort.com\/wp-content\/uploads\/2024\/06\/ventilador-TAVIRA-PLUS-mando-a-distancia-1.jpg\" class=\"attachment-shop_catalog size-shop_catalog\" alt=\"Ventilador TAVIRA PLUS mando a distancia\" srcset=\"https:\/\/arteconfort.com\/wp-content\/uploads\/2024\/06\/ventilador-TAVIRA-PLUS-mando-a-distancia-1.jpg 2000w, https:\/\/arteconfort.com\/wp-content\/uploads\/2024\/06\/ventilador-TAVIRA-PLUS-mando-a-distancia-1-768x768.jpg 768w, https:\/\/arteconfort.com\/wp-content\/uploads\/2024\/06\/ventilador-TAVIRA-PLUS-mando-a-distancia-1-1536x1536.jpg 1536w, https:\/\/arteconfort.com\/wp-content\/uploads\/2024\/06\/ventilador-TAVIRA-PLUS-mando-a-distancia-1-340x340.jpg 340w, https:\/\/arteconfort.com\/wp-content\/uploads\/2024\/06\/ventilador-TAVIRA-PLUS-mando-a-distancia-1-640x640.jpg 640w, https:\/\/arteconfort.com\/wp-content\/uploads\/2024\/06\/ventilador-TAVIRA-PLUS-mando-a-distancia-1-960x960.jpg 960w, https:\/\/arteconfort.com\/wp-content\/uploads\/2024\/06\/ventilador-TAVIRA-PLUS-mando-a-distancia-1-1280x1280.jpg 1280w, https:\/\/arteconfort.com\/wp-content\/uploads\/2024\/06\/ventilador-TAVIRA-PLUS-mando-a-distancia-1-133x133.jpg 133w, https:\/\/arteconfort.com\/wp-content\/uploads\/2024\/06\/ventilador-TAVIRA-PLUS-mando-a-distancia-1-300x300.jpg 300w, https:\/\/arteconfort.com\/wp-content\/uploads\/2024\/06\/ventilador-TAVIRA-PLUS-mando-a-distancia-1-600x600.jpg 600w, https:\/\/arteconfort.com\/wp-content\/uploads\/2024\/06\/ventilador-TAVIRA-PLUS-mando-a-distancia-1-100x100.jpg 100w\" sizes=\"auto, (max-width: 2000px) 100vw, 2000px\" \/><img loading=\"lazy\" decoding=\"async\" width=\"1024\" height=\"1024\" src=\"https:\/\/arteconfort.com\/wp-content\/uploads\/2024\/06\/ventilador-TAVIRA-PLUS-90209462-pat-01.webp\" class=\"attachment-shop_catalog size-shop_catalog\" alt=\"Ventilador TAVIRA PLUS grafico\" srcset=\"https:\/\/arteconfort.com\/wp-content\/uploads\/2024\/06\/ventilador-TAVIRA-PLUS-90209462-pat-01.webp 1024w, https:\/\/arteconfort.com\/wp-content\/uploads\/2024\/06\/ventilador-TAVIRA-PLUS-90209462-pat-01-768x768.webp 768w, https:\/\/arteconfort.com\/wp-content\/uploads\/2024\/06\/ventilador-TAVIRA-PLUS-90209462-pat-01-340x340.webp 340w, https:\/\/arteconfort.com\/wp-content\/uploads\/2024\/06\/ventilador-TAVIRA-PLUS-90209462-pat-01-640x640.webp 640w, https:\/\/arteconfort.com\/wp-content\/uploads\/2024\/06\/ventilador-TAVIRA-PLUS-90209462-pat-01-960x960.webp 960w, https:\/\/arteconfort.com\/wp-content\/uploads\/2024\/06\/ventilador-TAVIRA-PLUS-90209462-pat-01-133x133.webp 133w, https:\/\/arteconfort.com\/wp-content\/uploads\/2024\/06\/ventilador-TAVIRA-PLUS-90209462-pat-01-300x300.webp 300w, https:\/\/arteconfort.com\/wp-content\/uploads\/2024\/06\/ventilador-TAVIRA-PLUS-90209462-pat-01-600x600.webp 600w, https:\/\/arteconfort.com\/wp-content\/uploads\/2024\/06\/ventilador-TAVIRA-PLUS-90209462-pat-01-100x100.webp 100w\" sizes=\"auto, (max-width: 1024px) 100vw, 1024px\" \/><img loading=\"lazy\" decoding=\"async\" width=\"1024\" height=\"1024\" src=\"https:\/\/arteconfort.com\/wp-content\/uploads\/2024\/06\/ventilador-TAVIRA-PLUS-90209462-tz-01.webp\" class=\"attachment-shop_catalog size-shop_catalog\" alt=\"Ventilador TAVIRA PLUS madera temperatura luces\" srcset=\"https:\/\/arteconfort.com\/wp-content\/uploads\/2024\/06\/ventilador-TAVIRA-PLUS-90209462-tz-01.webp 1024w, https:\/\/arteconfort.com\/wp-content\/uploads\/2024\/06\/ventilador-TAVIRA-PLUS-90209462-tz-01-768x768.webp 768w, https:\/\/arteconfort.com\/wp-content\/uploads\/2024\/06\/ventilador-TAVIRA-PLUS-90209462-tz-01-340x340.webp 340w, https:\/\/arteconfort.com\/wp-content\/uploads\/2024\/06\/ventilador-TAVIRA-PLUS-90209462-tz-01-640x640.webp 640w, https:\/\/arteconfort.com\/wp-content\/uploads\/2024\/06\/ventilador-TAVIRA-PLUS-90209462-tz-01-960x960.webp 960w, https:\/\/arteconfort.com\/wp-content\/uploads\/2024\/06\/ventilador-TAVIRA-PLUS-90209462-tz-01-133x133.webp 133w, https:\/\/arteconfort.com\/wp-content\/uploads\/2024\/06\/ventilador-TAVIRA-PLUS-90209462-tz-01-300x300.webp 300w, https:\/\/arteconfort.com\/wp-content\/uploads\/2024\/06\/ventilador-TAVIRA-PLUS-90209462-tz-01-600x600.webp 600w, https:\/\/arteconfort.com\/wp-content\/uploads\/2024\/06\/ventilador-TAVIRA-PLUS-90209462-tz-01-100x100.webp 100w\" sizes=\"auto, (max-width: 1024px) 100vw, 1024px\" \/><img loading=\"lazy\" decoding=\"async\" width=\"1024\" height=\"1024\" src=\"https:\/\/arteconfort.com\/wp-content\/uploads\/2024\/06\/ventilador-ambiente-TAVIRA-PLUS-madera-foto-ambiente-luz-calida.webp\" class=\"attachment-shop_catalog size-shop_catalog\" alt=\"Ventilador ambiente TAVIRA PLUS madera foto ambiente luz calida\" srcset=\"https:\/\/arteconfort.com\/wp-content\/uploads\/2024\/06\/ventilador-ambiente-TAVIRA-PLUS-madera-foto-ambiente-luz-calida.webp 1024w, https:\/\/arteconfort.com\/wp-content\/uploads\/2024\/06\/ventilador-ambiente-TAVIRA-PLUS-madera-foto-ambiente-luz-calida-768x768.webp 768w, https:\/\/arteconfort.com\/wp-content\/uploads\/2024\/06\/ventilador-ambiente-TAVIRA-PLUS-madera-foto-ambiente-luz-calida-340x340.webp 340w, https:\/\/arteconfort.com\/wp-content\/uploads\/2024\/06\/ventilador-ambiente-TAVIRA-PLUS-madera-foto-ambiente-luz-calida-640x640.webp 640w, https:\/\/arteconfort.com\/wp-content\/uploads\/2024\/06\/ventilador-ambiente-TAVIRA-PLUS-madera-foto-ambiente-luz-calida-960x960.webp 960w, https:\/\/arteconfort.com\/wp-content\/uploads\/2024\/06\/ventilador-ambiente-TAVIRA-PLUS-madera-foto-ambiente-luz-calida-133x133.webp 133w, https:\/\/arteconfort.com\/wp-content\/uploads\/2024\/06\/ventilador-ambiente-TAVIRA-PLUS-madera-foto-ambiente-luz-calida-300x300.webp 300w, https:\/\/arteconfort.com\/wp-content\/uploads\/2024\/06\/ventilador-ambiente-TAVIRA-PLUS-madera-foto-ambiente-luz-calida-600x600.webp 600w, https:\/\/arteconfort.com\/wp-content\/uploads\/2024\/06\/ventilador-ambiente-TAVIRA-PLUS-madera-foto-ambiente-luz-calida-100x100.webp 100w\" sizes=\"auto, (max-width: 1024px) 100vw, 1024px\" \/><img loading=\"lazy\" decoding=\"async\" width=\"1024\" height=\"1024\" src=\"https:\/\/arteconfort.com\/wp-content\/uploads\/2024\/06\/ventilador-ambiente-TAVIRA-PLUS-madera-foto-ambiente-luz-neutra.webp\" class=\"attachment-shop_catalog size-shop_catalog\" alt=\"Ventilador ambiente TAVIRA PLUS madera foto ambiente luz neutra\" srcset=\"https:\/\/arteconfort.com\/wp-content\/uploads\/2024\/06\/ventilador-ambiente-TAVIRA-PLUS-madera-foto-ambiente-luz-neutra.webp 1024w, https:\/\/arteconfort.com\/wp-content\/uploads\/2024\/06\/ventilador-ambiente-TAVIRA-PLUS-madera-foto-ambiente-luz-neutra-768x768.webp 768w, https:\/\/arteconfort.com\/wp-content\/uploads\/2024\/06\/ventilador-ambiente-TAVIRA-PLUS-madera-foto-ambiente-luz-neutra-340x340.webp 340w, https:\/\/arteconfort.com\/wp-content\/uploads\/2024\/06\/ventilador-ambiente-TAVIRA-PLUS-madera-foto-ambiente-luz-neutra-640x640.webp 640w, https:\/\/arteconfort.com\/wp-content\/uploads\/2024\/06\/ventilador-ambiente-TAVIRA-PLUS-madera-foto-ambiente-luz-neutra-960x960.webp 960w, https:\/\/arteconfort.com\/wp-content\/uploads\/2024\/06\/ventilador-ambiente-TAVIRA-PLUS-madera-foto-ambiente-luz-neutra-133x133.webp 133w, https:\/\/arteconfort.com\/wp-content\/uploads\/2024\/06\/ventilador-ambiente-TAVIRA-PLUS-madera-foto-ambiente-luz-neutra-300x300.webp 300w, https:\/\/arteconfort.com\/wp-content\/uploads\/2024\/06\/ventilador-ambiente-TAVIRA-PLUS-madera-foto-ambiente-luz-neutra-600x600.webp 600w, https:\/\/arteconfort.com\/wp-content\/uploads\/2024\/06\/ventilador-ambiente-TAVIRA-PLUS-madera-foto-ambiente-luz-neutra-100x100.webp 100w\" sizes=\"auto, (max-width: 1024px) 100vw, 1024px\" \/><img loading=\"lazy\" decoding=\"async\" width=\"1024\" height=\"1024\" src=\"https:\/\/arteconfort.com\/wp-content\/uploads\/2024\/06\/ventilador-ambiente-TAVIRA-PLUS-madera-foto-ambiente-luz-neutra-tenue.webp\" class=\"attachment-shop_catalog size-shop_catalog\" alt=\"Ventilador ambiente TAVIRA PLUS madera foto ambiente luz neutra tenue\" srcset=\"https:\/\/arteconfort.com\/wp-content\/uploads\/2024\/06\/ventilador-ambiente-TAVIRA-PLUS-madera-foto-ambiente-luz-neutra-tenue.webp 1024w, https:\/\/arteconfort.com\/wp-content\/uploads\/2024\/06\/ventilador-ambiente-TAVIRA-PLUS-madera-foto-ambiente-luz-neutra-tenue-768x768.webp 768w, https:\/\/arteconfort.com\/wp-content\/uploads\/2024\/06\/ventilador-ambiente-TAVIRA-PLUS-madera-foto-ambiente-luz-neutra-tenue-340x340.webp 340w, https:\/\/arteconfort.com\/wp-content\/uploads\/2024\/06\/ventilador-ambiente-TAVIRA-PLUS-madera-foto-ambiente-luz-neutra-tenue-640x640.webp 640w, https:\/\/arteconfort.com\/wp-content\/uploads\/2024\/06\/ventilador-ambiente-TAVIRA-PLUS-madera-foto-ambiente-luz-neutra-tenue-960x960.webp 960w, https:\/\/arteconfort.com\/wp-content\/uploads\/2024\/06\/ventilador-ambiente-TAVIRA-PLUS-madera-foto-ambiente-luz-neutra-tenue-133x133.webp 133w, https:\/\/arteconfort.com\/wp-content\/uploads\/2024\/06\/ventilador-ambiente-TAVIRA-PLUS-madera-foto-ambiente-luz-neutra-tenue-300x300.webp 300w, https:\/\/arteconfort.com\/wp-content\/uploads\/2024\/06\/ventilador-ambiente-TAVIRA-PLUS-madera-foto-ambiente-luz-neutra-tenue-600x600.webp 600w, https:\/\/arteconfort.com\/wp-content\/uploads\/2024\/06\/ventilador-ambiente-TAVIRA-PLUS-madera-foto-ambiente-luz-neutra-tenue-100x100.webp 100w\" sizes=\"auto, (max-width: 1024px) 100vw, 1024px\" \/><img loading=\"lazy\" decoding=\"async\" width=\"1024\" height=\"1024\" src=\"https:\/\/arteconfort.com\/wp-content\/uploads\/2024\/06\/ventilador-ambiente-TAVIRA-PLUS-madera-foto-ambiente-luz-fria.webp\" class=\"attachment-shop_catalog size-shop_catalog\" alt=\"Ventilador ambiente TAVIRA PLUS madera foto ambiente luz fria\" srcset=\"https:\/\/arteconfort.com\/wp-content\/uploads\/2024\/06\/ventilador-ambiente-TAVIRA-PLUS-madera-foto-ambiente-luz-fria.webp 1024w, https:\/\/arteconfort.com\/wp-content\/uploads\/2024\/06\/ventilador-ambiente-TAVIRA-PLUS-madera-foto-ambiente-luz-fria-768x768.webp 768w, https:\/\/arteconfort.com\/wp-content\/uploads\/2024\/06\/ventilador-ambiente-TAVIRA-PLUS-madera-foto-ambiente-luz-fria-340x340.webp 340w, https:\/\/arteconfort.com\/wp-content\/uploads\/2024\/06\/ventilador-ambiente-TAVIRA-PLUS-madera-foto-ambiente-luz-fria-640x640.webp 640w, https:\/\/arteconfort.com\/wp-content\/uploads\/2024\/06\/ventilador-ambiente-TAVIRA-PLUS-madera-foto-ambiente-luz-fria-960x960.webp 960w, https:\/\/arteconfort.com\/wp-content\/uploads\/2024\/06\/ventilador-ambiente-TAVIRA-PLUS-madera-foto-ambiente-luz-fria-133x133.webp 133w, https:\/\/arteconfort.com\/wp-content\/uploads\/2024\/06\/ventilador-ambiente-TAVIRA-PLUS-madera-foto-ambiente-luz-fria-300x300.webp 300w, https:\/\/arteconfort.com\/wp-content\/uploads\/2024\/06\/ventilador-ambiente-TAVIRA-PLUS-madera-foto-ambiente-luz-fria-600x600.webp 600w, https:\/\/arteconfort.com\/wp-content\/uploads\/2024\/06\/ventilador-ambiente-TAVIRA-PLUS-madera-foto-ambiente-luz-fria-100x100.webp 100w\" sizes=\"auto, (max-width: 1024px) 100vw, 1024px\" \/>\t<\/a>\n\t<div class=\"w-product-status\"><\/div>\t<span id=\"woocommerce_loop_add_to_cart_link_describedby_42830\" class=\"screen-reader-text\">\n\t\t\t<\/span>\n<\/div><figcaption><h2 class=\"woocommerce-loop-product__title\">TAVIRA PLUS WOOD<\/h2><div class=\"woocommerce-product-details__short-description\">\n\t<p>The TAVIRA PLUS WOOD ceiling fan incorporates LED light and color temperature memory. It has a metal body<\/div>\n\n<\/figcaption><\/figure><\/li>\n<li class=\"product type-product post-42822 status-publish last instock product_cat-climatizacion-en product_cat-ventiladores-de-techo-en has-post-thumbnail shipping-taxable product-type-simple w-item col-3\">\n\t<figure><div class=\"image-wrapper\">\t\t<a href=\"https:\/\/arteconfort.com\/en\/producto\/tirana\/\" class=\"w-fadeslider\">\n\t<img loading=\"lazy\" decoding=\"async\" width=\"1024\" height=\"1024\" src=\"https:\/\/arteconfort.com\/wp-content\/uploads\/2024\/06\/TIRANA-mando.webp\" class=\"attachment-shop_catalog size-shop_catalog wp-post-image\" alt=\"Ventilador TIRANA mando\" srcset=\"https:\/\/arteconfort.com\/wp-content\/uploads\/2024\/06\/TIRANA-mando.webp 1024w, https:\/\/arteconfort.com\/wp-content\/uploads\/2024\/06\/TIRANA-mando-768x768.webp 768w, https:\/\/arteconfort.com\/wp-content\/uploads\/2024\/06\/TIRANA-mando-340x340.webp 340w, https:\/\/arteconfort.com\/wp-content\/uploads\/2024\/06\/TIRANA-mando-640x640.webp 640w, https:\/\/arteconfort.com\/wp-content\/uploads\/2024\/06\/TIRANA-mando-960x960.webp 960w, https:\/\/arteconfort.com\/wp-content\/uploads\/2024\/06\/TIRANA-mando-300x300.webp 300w, https:\/\/arteconfort.com\/wp-content\/uploads\/2024\/06\/TIRANA-mando-600x600.webp 600w, https:\/\/arteconfort.com\/wp-content\/uploads\/2024\/06\/TIRANA-mando-100x100.webp 100w, https:\/\/arteconfort.com\/wp-content\/uploads\/2024\/06\/TIRANA-mando-133x133.webp 133w\" sizes=\"auto, (max-width: 1024px) 100vw, 1024px\" \/>\t<img loading=\"lazy\" decoding=\"async\" width=\"1024\" height=\"1024\" src=\"https:\/\/arteconfort.com\/wp-content\/uploads\/2024\/06\/ventilador-TIRANA-31531069-ambiente-1.webp\" class=\"attachment-shop_catalog size-shop_catalog\" alt=\"Ventilador TIRANA ambiente dia\" srcset=\"https:\/\/arteconfort.com\/wp-content\/uploads\/2024\/06\/ventilador-TIRANA-31531069-ambiente-1.webp 1024w, https:\/\/arteconfort.com\/wp-content\/uploads\/2024\/06\/ventilador-TIRANA-31531069-ambiente-1-768x768.webp 768w, https:\/\/arteconfort.com\/wp-content\/uploads\/2024\/06\/ventilador-TIRANA-31531069-ambiente-1-340x340.webp 340w, https:\/\/arteconfort.com\/wp-content\/uploads\/2024\/06\/ventilador-TIRANA-31531069-ambiente-1-640x640.webp 640w, https:\/\/arteconfort.com\/wp-content\/uploads\/2024\/06\/ventilador-TIRANA-31531069-ambiente-1-960x960.webp 960w, https:\/\/arteconfort.com\/wp-content\/uploads\/2024\/06\/ventilador-TIRANA-31531069-ambiente-1-133x133.webp 133w, https:\/\/arteconfort.com\/wp-content\/uploads\/2024\/06\/ventilador-TIRANA-31531069-ambiente-1-300x300.webp 300w, https:\/\/arteconfort.com\/wp-content\/uploads\/2024\/06\/ventilador-TIRANA-31531069-ambiente-1-600x600.webp 600w, https:\/\/arteconfort.com\/wp-content\/uploads\/2024\/06\/ventilador-TIRANA-31531069-ambiente-1-100x100.webp 100w\" sizes=\"auto, (max-width: 1024px) 100vw, 1024px\" \/><img loading=\"lazy\" decoding=\"async\" width=\"1024\" height=\"1024\" src=\"https:\/\/arteconfort.com\/wp-content\/uploads\/2024\/06\/ventilador-TIRANA-31531069-4.webp\" class=\"attachment-shop_catalog size-shop_catalog\" alt=\"Ventilador TIRANA lateral\" srcset=\"https:\/\/arteconfort.com\/wp-content\/uploads\/2024\/06\/ventilador-TIRANA-31531069-4.webp 1024w, https:\/\/arteconfort.com\/wp-content\/uploads\/2024\/06\/ventilador-TIRANA-31531069-4-768x768.webp 768w, https:\/\/arteconfort.com\/wp-content\/uploads\/2024\/06\/ventilador-TIRANA-31531069-4-340x340.webp 340w, https:\/\/arteconfort.com\/wp-content\/uploads\/2024\/06\/ventilador-TIRANA-31531069-4-640x640.webp 640w, https:\/\/arteconfort.com\/wp-content\/uploads\/2024\/06\/ventilador-TIRANA-31531069-4-960x960.webp 960w, https:\/\/arteconfort.com\/wp-content\/uploads\/2024\/06\/ventilador-TIRANA-31531069-4-133x133.webp 133w, https:\/\/arteconfort.com\/wp-content\/uploads\/2024\/06\/ventilador-TIRANA-31531069-4-300x300.webp 300w, https:\/\/arteconfort.com\/wp-content\/uploads\/2024\/06\/ventilador-TIRANA-31531069-4-600x600.webp 600w, https:\/\/arteconfort.com\/wp-content\/uploads\/2024\/06\/ventilador-TIRANA-31531069-4-100x100.webp 100w\" sizes=\"auto, (max-width: 1024px) 100vw, 1024px\" \/><img loading=\"lazy\" decoding=\"async\" width=\"1024\" height=\"1024\" src=\"https:\/\/arteconfort.com\/wp-content\/uploads\/2024\/06\/ventilador-TIRANA-31531069-2.webp\" class=\"attachment-shop_catalog size-shop_catalog\" alt=\"Ventilador TIRANA perspectiva\" srcset=\"https:\/\/arteconfort.com\/wp-content\/uploads\/2024\/06\/ventilador-TIRANA-31531069-2.webp 1024w, https:\/\/arteconfort.com\/wp-content\/uploads\/2024\/06\/ventilador-TIRANA-31531069-2-768x768.webp 768w, https:\/\/arteconfort.com\/wp-content\/uploads\/2024\/06\/ventilador-TIRANA-31531069-2-340x340.webp 340w, https:\/\/arteconfort.com\/wp-content\/uploads\/2024\/06\/ventilador-TIRANA-31531069-2-640x640.webp 640w, https:\/\/arteconfort.com\/wp-content\/uploads\/2024\/06\/ventilador-TIRANA-31531069-2-960x960.webp 960w, https:\/\/arteconfort.com\/wp-content\/uploads\/2024\/06\/ventilador-TIRANA-31531069-2-133x133.webp 133w, https:\/\/arteconfort.com\/wp-content\/uploads\/2024\/06\/ventilador-TIRANA-31531069-2-300x300.webp 300w, https:\/\/arteconfort.com\/wp-content\/uploads\/2024\/06\/ventilador-TIRANA-31531069-2-600x600.webp 600w, https:\/\/arteconfort.com\/wp-content\/uploads\/2024\/06\/ventilador-TIRANA-31531069-2-100x100.webp 100w\" sizes=\"auto, (max-width: 1024px) 100vw, 1024px\" \/><img loading=\"lazy\" decoding=\"async\" width=\"1024\" height=\"1012\" src=\"https:\/\/arteconfort.com\/wp-content\/uploads\/2024\/06\/TIRANA-planta.webp\" class=\"attachment-shop_catalog size-shop_catalog\" alt=\"Ventilador TIRANA planta\" srcset=\"https:\/\/arteconfort.com\/wp-content\/uploads\/2024\/06\/TIRANA-planta.webp 1024w, https:\/\/arteconfort.com\/wp-content\/uploads\/2024\/06\/TIRANA-planta-768x759.webp 768w, https:\/\/arteconfort.com\/wp-content\/uploads\/2024\/06\/TIRANA-planta-640x633.webp 640w, https:\/\/arteconfort.com\/wp-content\/uploads\/2024\/06\/TIRANA-planta-600x593.webp 600w, https:\/\/arteconfort.com\/wp-content\/uploads\/2024\/06\/TIRANA-planta-100x100.webp 100w\" sizes=\"auto, (max-width: 1024px) 100vw, 1024px\" \/><img loading=\"lazy\" decoding=\"async\" width=\"1024\" height=\"1024\" src=\"https:\/\/arteconfort.com\/wp-content\/uploads\/2024\/06\/TIRANA-embellecedor.webp\" class=\"attachment-shop_catalog size-shop_catalog\" alt=\"Ventilador TIRANA embellecedor\" srcset=\"https:\/\/arteconfort.com\/wp-content\/uploads\/2024\/06\/TIRANA-embellecedor.webp 1024w, https:\/\/arteconfort.com\/wp-content\/uploads\/2024\/06\/TIRANA-embellecedor-768x768.webp 768w, https:\/\/arteconfort.com\/wp-content\/uploads\/2024\/06\/TIRANA-embellecedor-340x340.webp 340w, https:\/\/arteconfort.com\/wp-content\/uploads\/2024\/06\/TIRANA-embellecedor-640x640.webp 640w, https:\/\/arteconfort.com\/wp-content\/uploads\/2024\/06\/TIRANA-embellecedor-960x960.webp 960w, https:\/\/arteconfort.com\/wp-content\/uploads\/2024\/06\/TIRANA-embellecedor-133x133.webp 133w, https:\/\/arteconfort.com\/wp-content\/uploads\/2024\/06\/TIRANA-embellecedor-300x300.webp 300w, https:\/\/arteconfort.com\/wp-content\/uploads\/2024\/06\/TIRANA-embellecedor-600x600.webp 600w, https:\/\/arteconfort.com\/wp-content\/uploads\/2024\/06\/TIRANA-embellecedor-100x100.webp 100w\" sizes=\"auto, (max-width: 1024px) 100vw, 1024px\" \/><img loading=\"lazy\" decoding=\"async\" width=\"1024\" height=\"1024\" src=\"https:\/\/arteconfort.com\/wp-content\/uploads\/2024\/06\/TIRANA-aspa.webp\" class=\"attachment-shop_catalog size-shop_catalog\" alt=\"Ventilador TIRANA aspa\" srcset=\"https:\/\/arteconfort.com\/wp-content\/uploads\/2024\/06\/TIRANA-aspa.webp 1024w, https:\/\/arteconfort.com\/wp-content\/uploads\/2024\/06\/TIRANA-aspa-768x768.webp 768w, https:\/\/arteconfort.com\/wp-content\/uploads\/2024\/06\/TIRANA-aspa-340x340.webp 340w, https:\/\/arteconfort.com\/wp-content\/uploads\/2024\/06\/TIRANA-aspa-640x640.webp 640w, https:\/\/arteconfort.com\/wp-content\/uploads\/2024\/06\/TIRANA-aspa-960x960.webp 960w, https:\/\/arteconfort.com\/wp-content\/uploads\/2024\/06\/TIRANA-aspa-133x133.webp 133w, https:\/\/arteconfort.com\/wp-content\/uploads\/2024\/06\/TIRANA-aspa-300x300.webp 300w, https:\/\/arteconfort.com\/wp-content\/uploads\/2024\/06\/TIRANA-aspa-600x600.webp 600w, https:\/\/arteconfort.com\/wp-content\/uploads\/2024\/06\/TIRANA-aspa-100x100.webp 100w\" sizes=\"auto, (max-width: 1024px) 100vw, 1024px\" \/><img loading=\"lazy\" decoding=\"async\" width=\"1024\" height=\"1024\" src=\"https:\/\/arteconfort.com\/wp-content\/uploads\/2024\/06\/TIRANA-soporte.webp\" class=\"attachment-shop_catalog size-shop_catalog\" alt=\"Ventilador TIRANA soporte\" srcset=\"https:\/\/arteconfort.com\/wp-content\/uploads\/2024\/06\/TIRANA-soporte.webp 1024w, https:\/\/arteconfort.com\/wp-content\/uploads\/2024\/06\/TIRANA-soporte-768x768.webp 768w, https:\/\/arteconfort.com\/wp-content\/uploads\/2024\/06\/TIRANA-soporte-340x340.webp 340w, https:\/\/arteconfort.com\/wp-content\/uploads\/2024\/06\/TIRANA-soporte-640x640.webp 640w, https:\/\/arteconfort.com\/wp-content\/uploads\/2024\/06\/TIRANA-soporte-960x960.webp 960w, https:\/\/arteconfort.com\/wp-content\/uploads\/2024\/06\/TIRANA-soporte-133x133.webp 133w, https:\/\/arteconfort.com\/wp-content\/uploads\/2024\/06\/TIRANA-soporte-300x300.webp 300w, https:\/\/arteconfort.com\/wp-content\/uploads\/2024\/06\/TIRANA-soporte-600x600.webp 600w, https:\/\/arteconfort.com\/wp-content\/uploads\/2024\/06\/TIRANA-soporte-100x100.webp 100w\" sizes=\"auto, (max-width: 1024px) 100vw, 1024px\" \/><img loading=\"lazy\" decoding=\"async\" width=\"1024\" height=\"1024\" src=\"https:\/\/arteconfort.com\/wp-content\/uploads\/2024\/06\/ventilador-TIRANA-31531069-mando.webp\" class=\"attachment-shop_catalog size-shop_catalog\" alt=\"Saltar al contenido principal\nIr a la barra de herramientas\n\n    Acerca de WordPress\n    Arteconfort\n    00 comentarios en moderaci\u00f3n\n    A\u00f1adir\n    Ver producto\n    SEO\n    Introduce una frase clave objetivo para calcular la puntuaci\u00f3n SEO\n    Vaciar la cach\u00e9\n     Espa\u00f1ol \n\n    Hola, rauldd\n\nSalir\nEditar producto\nActividad de la tienda\nEditar producto A\u00f1adir nuevo\n\nWPBakery 7.7: Important Update Available\nThis update includes important security fixes, new features, and UI improvements. Ensure your site is secure and up-to-date by updating to the latest version now!\nNombre del producto\nEnlace permanente: https:\/\/arteconfort.com\/producto\/climatizacion\/ventiladores-de-techo\/tirana\/ \u200e\nDescripci\u00f3n del producto\nN\u00famero de palabras: 372\t\t  \u00daltima edici\u00f3n por rauldd el 12 de junio de 2024 a las 12:06\t\n\nIdioma de este producto\n\nConectar con traducciones\n\nPrioridad de traducci\u00f3n\neditar t\u00e9rminos\n\nTraducir este documento\nEditor de traducci\u00f3n de WPML\nEditor de WordPress\n  \tTraducir \tDuplicar\nIngl\u00e9s \t\t\nFranc\u00e9s \t\t\nPortugu\u00e9s, Brasil \t\t\nPortugu\u00e9s, Portugal \t\t\n\n\nArchivos multimedia adjuntos\n\n Duplicar los elementos multimedia cargados en las traducciones\n Duplicar la imagen destacada en las traducciones\nVista previa de los cambios (abre en una nueva pesta\u00f1a)\nEstado: Publicada Editar Editar estado\nVisibilidad: P\u00fablica Editar Editar visibilidad\nPublicado el: 12 Jun 2024 a las 11:40\tEditar Editar fecha y hora\nSEO: No disponible\nLegibilidad: Necesita mejorar\nVisibilidad cat\u00e1logo: En la tienda y en los resultados de b\u00fasqueda Editar\nCopiar a un nuevo borrador\nMover a la papelera\n\nVentilador TIRANA mando\n\nHaz clic en la imagen para editarla o actualizarla\n\nEliminar imagen del producto\n\n    Ventilador TIRANA planta\t\n    Ventilador TIRANA embellecedor\t\n    Ventilador TIRANA aspa\t\n    Ventilador TIRANA soporte\t\n    Ventilador TIRANA luces\t\n\nA\u00f1adir im\u00e1genes a la galer\u00eda del producto\n\n    Todas las categor\u00edas M\u00e1s utilizadas \n\n    Sin categorizar\n    Climatizaci\u00f3n \n\n    Chimeneas\n    Ventiladores de techo (Principal Categor\u00eda) Principal\n\nColecci\u00f3n antigua\nDescatalogados\nHogar\n\n    Cubos autom\u00e1ticos\n    Espejos\n    Muebles de interior\n    Muebles de jard\u00edn\n    Muebles decorativos\n    Relojes\n    Sillas de oficina\n\nIluminaci\u00f3n\n\n    Bombillas\n    Figuras luminosas\n    Flexos\n    Focos\n    L\u00e1mparas de techo\n    Pendel\n\nNovedades\n\n    Solar\n        Pared\n        Pie\n        Sobre mesa\n        Sobremuro\n        Suelo\n\n+ A\u00f1adir nueva categor\u00eda\nA\u00f1adir nueva etiqueta\n\nSeparar etiquetas con comas\n\nSEO\n\n    Legibilidad\n    Schema\n    Social\n\nFrase clave objetivoAyuda para elegir la frase clave objetivo perfecta(Se abre en una nueva pesta\u00f1a del navegador)\nObtener frases clave relacionadas(Se abre en una nueva pesta\u00f1a del navegador)\n\n\u00bfQuieres una vista previa de Google mejorada de c\u00f3mo se ver\u00e1n tus productos de WooCommerce en los resultados de b\u00fasqueda?\nDesbloquear con Yoast WooCommerce SEO\nDetermina c\u00f3mo deber\u00eda verse tu entrada en los resultados de b\u00fasqueda.\nPrevisualizar como:\nResultado m\u00f3vilResultado en escritorio\nVista previa de la URL:\nArteconfort\narteconfort.com \u203a producto \u203a climatizacion \u203a ventiladores-de-techo \u203a tirana\nVista previa del t\u00edtulo SEO:\n\u25b7 TIRANA - Ventiladores de techo, Climatizaci\u00f3n, Novedades - Arteconfort\nVista previa de la meta description:\nEl ventilador de techo TIRANA incorpora luz LED principal y secundaria o ambiental as\u00ed como memoria de temperatura de color. Es f\u00e1cil de instalar y apto ...\nT\u00edtulo SEO\n\u25b7 T\u00edtulo - Product_cat (custom taxonomy) - Arteconfort\nSlug\nMeta description\nExtracto \n\n    General\n    Inventario\n    Env\u00edo\n    Productos relacionados\n    Atributos\n    Avanzado\n    Advanced label\n\nPrecio normal (\u20ac)\n\nPrecio rebajado (\u20ac)\nProgramar\n \n\n\u25b7 TIRANA - Ventiladores de techo, Climatizaci\u00f3n, Novedades - Arteconfort\nCopied!\nA\u00f1adir im\u00e1genes a la galer\u00eda de productos\nAcciones\nFiltrar los medios\nFiltrar por tipo\nFiltrar por fecha\nBuscar\nLista de medios\n\nMostrando 19 de 19 elementos de medios\nDetalles del adjunto\nventilador-TIRANA-31531069-mando.webp\n26 de junio de 2024\n27 KB\n1024 por 1024 p\u00edxeles\nEditar la imagen\nTexto alternativo\n\nAprende c\u00f3mo describir el prop\u00f3sito de la imagen (abre en una nueva pesta\u00f1a). D\u00e9jalo vac\u00edo si la imagen es puramente decorativa.\nT\u00edtulo\nLeyenda\nDescripci\u00f3n\nURL del archivo:\n\nLos campos obligatorios est\u00e1n marcados con *\n\n\t\nComprimir la imagen\n\t\n\nLa compresi\u00f3n de este tipo de extensi\u00f3n de archivo no es compatible\nCarpeta\n\t\n  productos  ventiladores  TIRANA  \n\nAl mover este archivo adjunto, no se cambiar\u00e1 la ubicaci\u00f3n de la carpeta de los accesos directos asociados a este archivo adjunto.\n\n\t\nAcciones de los medios seleccionados\" srcset=\"https:\/\/arteconfort.com\/wp-content\/uploads\/2024\/06\/ventilador-TIRANA-31531069-mando.webp 1024w, https:\/\/arteconfort.com\/wp-content\/uploads\/2024\/06\/ventilador-TIRANA-31531069-mando-768x768.webp 768w, https:\/\/arteconfort.com\/wp-content\/uploads\/2024\/06\/ventilador-TIRANA-31531069-mando-340x340.webp 340w, https:\/\/arteconfort.com\/wp-content\/uploads\/2024\/06\/ventilador-TIRANA-31531069-mando-640x640.webp 640w, https:\/\/arteconfort.com\/wp-content\/uploads\/2024\/06\/ventilador-TIRANA-31531069-mando-960x960.webp 960w, https:\/\/arteconfort.com\/wp-content\/uploads\/2024\/06\/ventilador-TIRANA-31531069-mando-133x133.webp 133w, https:\/\/arteconfort.com\/wp-content\/uploads\/2024\/06\/ventilador-TIRANA-31531069-mando-300x300.webp 300w, https:\/\/arteconfort.com\/wp-content\/uploads\/2024\/06\/ventilador-TIRANA-31531069-mando-600x600.webp 600w, https:\/\/arteconfort.com\/wp-content\/uploads\/2024\/06\/ventilador-TIRANA-31531069-mando-100x100.webp 100w\" sizes=\"auto, (max-width: 1024px) 100vw, 1024px\" \/><img loading=\"lazy\" decoding=\"async\" width=\"1024\" height=\"1024\" src=\"https:\/\/arteconfort.com\/wp-content\/uploads\/2024\/06\/ventilador-TIRANA-31531069-grafico.webp\" class=\"attachment-shop_catalog size-shop_catalog\" alt=\"Ventilador TIRANA grafico\" srcset=\"https:\/\/arteconfort.com\/wp-content\/uploads\/2024\/06\/ventilador-TIRANA-31531069-grafico.webp 1024w, https:\/\/arteconfort.com\/wp-content\/uploads\/2024\/06\/ventilador-TIRANA-31531069-grafico-768x768.webp 768w, https:\/\/arteconfort.com\/wp-content\/uploads\/2024\/06\/ventilador-TIRANA-31531069-grafico-340x340.webp 340w, https:\/\/arteconfort.com\/wp-content\/uploads\/2024\/06\/ventilador-TIRANA-31531069-grafico-640x640.webp 640w, https:\/\/arteconfort.com\/wp-content\/uploads\/2024\/06\/ventilador-TIRANA-31531069-grafico-960x960.webp 960w, https:\/\/arteconfort.com\/wp-content\/uploads\/2024\/06\/ventilador-TIRANA-31531069-grafico-133x133.webp 133w, https:\/\/arteconfort.com\/wp-content\/uploads\/2024\/06\/ventilador-TIRANA-31531069-grafico-300x300.webp 300w, https:\/\/arteconfort.com\/wp-content\/uploads\/2024\/06\/ventilador-TIRANA-31531069-grafico-600x600.webp 600w, https:\/\/arteconfort.com\/wp-content\/uploads\/2024\/06\/ventilador-TIRANA-31531069-grafico-100x100.webp 100w\" sizes=\"auto, (max-width: 1024px) 100vw, 1024px\" \/><img loading=\"lazy\" decoding=\"async\" width=\"1024\" height=\"1024\" src=\"https:\/\/arteconfort.com\/wp-content\/uploads\/2024\/06\/TIRANA-luces.webp\" class=\"attachment-shop_catalog size-shop_catalog\" alt=\"Ventilador TIRANA luces\" srcset=\"https:\/\/arteconfort.com\/wp-content\/uploads\/2024\/06\/TIRANA-luces.webp 1024w, https:\/\/arteconfort.com\/wp-content\/uploads\/2024\/06\/TIRANA-luces-768x768.webp 768w, https:\/\/arteconfort.com\/wp-content\/uploads\/2024\/06\/TIRANA-luces-340x340.webp 340w, https:\/\/arteconfort.com\/wp-content\/uploads\/2024\/06\/TIRANA-luces-640x640.webp 640w, https:\/\/arteconfort.com\/wp-content\/uploads\/2024\/06\/TIRANA-luces-960x960.webp 960w, https:\/\/arteconfort.com\/wp-content\/uploads\/2024\/06\/TIRANA-luces-133x133.webp 133w, https:\/\/arteconfort.com\/wp-content\/uploads\/2024\/06\/TIRANA-luces-300x300.webp 300w, https:\/\/arteconfort.com\/wp-content\/uploads\/2024\/06\/TIRANA-luces-600x600.webp 600w, https:\/\/arteconfort.com\/wp-content\/uploads\/2024\/06\/TIRANA-luces-100x100.webp 100w\" sizes=\"auto, (max-width: 1024px) 100vw, 1024px\" \/><img loading=\"lazy\" decoding=\"async\" width=\"1024\" height=\"1024\" src=\"https:\/\/arteconfort.com\/wp-content\/uploads\/2024\/06\/ventilador-TIRANA-luz-neutra.webp\" class=\"attachment-shop_catalog size-shop_catalog\" alt=\"Ventilador TIRANA luz neutra\" srcset=\"https:\/\/arteconfort.com\/wp-content\/uploads\/2024\/06\/ventilador-TIRANA-luz-neutra.webp 1024w, https:\/\/arteconfort.com\/wp-content\/uploads\/2024\/06\/ventilador-TIRANA-luz-neutra-768x768.webp 768w, https:\/\/arteconfort.com\/wp-content\/uploads\/2024\/06\/ventilador-TIRANA-luz-neutra-340x340.webp 340w, https:\/\/arteconfort.com\/wp-content\/uploads\/2024\/06\/ventilador-TIRANA-luz-neutra-640x640.webp 640w, https:\/\/arteconfort.com\/wp-content\/uploads\/2024\/06\/ventilador-TIRANA-luz-neutra-960x960.webp 960w, https:\/\/arteconfort.com\/wp-content\/uploads\/2024\/06\/ventilador-TIRANA-luz-neutra-133x133.webp 133w, https:\/\/arteconfort.com\/wp-content\/uploads\/2024\/06\/ventilador-TIRANA-luz-neutra-300x300.webp 300w, https:\/\/arteconfort.com\/wp-content\/uploads\/2024\/06\/ventilador-TIRANA-luz-neutra-600x600.webp 600w, https:\/\/arteconfort.com\/wp-content\/uploads\/2024\/06\/ventilador-TIRANA-luz-neutra-100x100.webp 100w\" sizes=\"auto, (max-width: 1024px) 100vw, 1024px\" \/><img loading=\"lazy\" decoding=\"async\" width=\"1024\" height=\"1024\" src=\"https:\/\/arteconfort.com\/wp-content\/uploads\/2024\/06\/ventilador-TIRANA-luz-fria.webp\" class=\"attachment-shop_catalog size-shop_catalog\" alt=\"Ventilador TIRANA luz fria\" srcset=\"https:\/\/arteconfort.com\/wp-content\/uploads\/2024\/06\/ventilador-TIRANA-luz-fria.webp 1024w, https:\/\/arteconfort.com\/wp-content\/uploads\/2024\/06\/ventilador-TIRANA-luz-fria-768x768.webp 768w, https:\/\/arteconfort.com\/wp-content\/uploads\/2024\/06\/ventilador-TIRANA-luz-fria-340x340.webp 340w, https:\/\/arteconfort.com\/wp-content\/uploads\/2024\/06\/ventilador-TIRANA-luz-fria-640x640.webp 640w, https:\/\/arteconfort.com\/wp-content\/uploads\/2024\/06\/ventilador-TIRANA-luz-fria-960x960.webp 960w, https:\/\/arteconfort.com\/wp-content\/uploads\/2024\/06\/ventilador-TIRANA-luz-fria-133x133.webp 133w, https:\/\/arteconfort.com\/wp-content\/uploads\/2024\/06\/ventilador-TIRANA-luz-fria-300x300.webp 300w, https:\/\/arteconfort.com\/wp-content\/uploads\/2024\/06\/ventilador-TIRANA-luz-fria-600x600.webp 600w, https:\/\/arteconfort.com\/wp-content\/uploads\/2024\/06\/ventilador-TIRANA-luz-fria-100x100.webp 100w\" sizes=\"auto, (max-width: 1024px) 100vw, 1024px\" \/><img loading=\"lazy\" decoding=\"async\" width=\"1024\" height=\"1024\" src=\"https:\/\/arteconfort.com\/wp-content\/uploads\/2024\/06\/ventilador-TIRANA-luz-calida.webp\" class=\"attachment-shop_catalog size-shop_catalog\" alt=\"Ventilador TIRANA luz calida\" srcset=\"https:\/\/arteconfort.com\/wp-content\/uploads\/2024\/06\/ventilador-TIRANA-luz-calida.webp 1024w, https:\/\/arteconfort.com\/wp-content\/uploads\/2024\/06\/ventilador-TIRANA-luz-calida-768x768.webp 768w, https:\/\/arteconfort.com\/wp-content\/uploads\/2024\/06\/ventilador-TIRANA-luz-calida-340x340.webp 340w, https:\/\/arteconfort.com\/wp-content\/uploads\/2024\/06\/ventilador-TIRANA-luz-calida-640x640.webp 640w, https:\/\/arteconfort.com\/wp-content\/uploads\/2024\/06\/ventilador-TIRANA-luz-calida-960x960.webp 960w, https:\/\/arteconfort.com\/wp-content\/uploads\/2024\/06\/ventilador-TIRANA-luz-calida-133x133.webp 133w, https:\/\/arteconfort.com\/wp-content\/uploads\/2024\/06\/ventilador-TIRANA-luz-calida-300x300.webp 300w, https:\/\/arteconfort.com\/wp-content\/uploads\/2024\/06\/ventilador-TIRANA-luz-calida-600x600.webp 600w, https:\/\/arteconfort.com\/wp-content\/uploads\/2024\/06\/ventilador-TIRANA-luz-calida-100x100.webp 100w\" sizes=\"auto, (max-width: 1024px) 100vw, 1024px\" \/><img loading=\"lazy\" decoding=\"async\" width=\"1024\" height=\"1024\" src=\"https:\/\/arteconfort.com\/wp-content\/uploads\/2024\/06\/ventilador-TIRANA-31531069-ambiente-5.webp\" class=\"attachment-shop_catalog size-shop_catalog\" alt=\"Ventilador TIRANA ambiente frio\" srcset=\"https:\/\/arteconfort.com\/wp-content\/uploads\/2024\/06\/ventilador-TIRANA-31531069-ambiente-5.webp 1024w, https:\/\/arteconfort.com\/wp-content\/uploads\/2024\/06\/ventilador-TIRANA-31531069-ambiente-5-768x768.webp 768w, https:\/\/arteconfort.com\/wp-content\/uploads\/2024\/06\/ventilador-TIRANA-31531069-ambiente-5-340x340.webp 340w, https:\/\/arteconfort.com\/wp-content\/uploads\/2024\/06\/ventilador-TIRANA-31531069-ambiente-5-640x640.webp 640w, https:\/\/arteconfort.com\/wp-content\/uploads\/2024\/06\/ventilador-TIRANA-31531069-ambiente-5-960x960.webp 960w, https:\/\/arteconfort.com\/wp-content\/uploads\/2024\/06\/ventilador-TIRANA-31531069-ambiente-5-133x133.webp 133w, https:\/\/arteconfort.com\/wp-content\/uploads\/2024\/06\/ventilador-TIRANA-31531069-ambiente-5-300x300.webp 300w, https:\/\/arteconfort.com\/wp-content\/uploads\/2024\/06\/ventilador-TIRANA-31531069-ambiente-5-600x600.webp 600w, https:\/\/arteconfort.com\/wp-content\/uploads\/2024\/06\/ventilador-TIRANA-31531069-ambiente-5-100x100.webp 100w\" sizes=\"auto, (max-width: 1024px) 100vw, 1024px\" \/><img loading=\"lazy\" decoding=\"async\" width=\"1024\" height=\"1024\" src=\"https:\/\/arteconfort.com\/wp-content\/uploads\/2024\/06\/ventilador-TIRANA-31531069-ambiente-4.webp\" class=\"attachment-shop_catalog size-shop_catalog\" alt=\"Ventilador TIRANA ambiente neutro\" srcset=\"https:\/\/arteconfort.com\/wp-content\/uploads\/2024\/06\/ventilador-TIRANA-31531069-ambiente-4.webp 1024w, https:\/\/arteconfort.com\/wp-content\/uploads\/2024\/06\/ventilador-TIRANA-31531069-ambiente-4-768x768.webp 768w, https:\/\/arteconfort.com\/wp-content\/uploads\/2024\/06\/ventilador-TIRANA-31531069-ambiente-4-340x340.webp 340w, https:\/\/arteconfort.com\/wp-content\/uploads\/2024\/06\/ventilador-TIRANA-31531069-ambiente-4-640x640.webp 640w, https:\/\/arteconfort.com\/wp-content\/uploads\/2024\/06\/ventilador-TIRANA-31531069-ambiente-4-960x960.webp 960w, https:\/\/arteconfort.com\/wp-content\/uploads\/2024\/06\/ventilador-TIRANA-31531069-ambiente-4-133x133.webp 133w, https:\/\/arteconfort.com\/wp-content\/uploads\/2024\/06\/ventilador-TIRANA-31531069-ambiente-4-300x300.webp 300w, https:\/\/arteconfort.com\/wp-content\/uploads\/2024\/06\/ventilador-TIRANA-31531069-ambiente-4-600x600.webp 600w, https:\/\/arteconfort.com\/wp-content\/uploads\/2024\/06\/ventilador-TIRANA-31531069-ambiente-4-100x100.webp 100w\" sizes=\"auto, (max-width: 1024px) 100vw, 1024px\" \/><img loading=\"lazy\" decoding=\"async\" width=\"1024\" height=\"1024\" src=\"https:\/\/arteconfort.com\/wp-content\/uploads\/2024\/06\/ventilador-TIRANA-31531069-ambiente-3.webp\" class=\"attachment-shop_catalog size-shop_catalog\" alt=\"Ventilador TIRANA ambiente neutro tenue\" srcset=\"https:\/\/arteconfort.com\/wp-content\/uploads\/2024\/06\/ventilador-TIRANA-31531069-ambiente-3.webp 1024w, https:\/\/arteconfort.com\/wp-content\/uploads\/2024\/06\/ventilador-TIRANA-31531069-ambiente-3-768x768.webp 768w, https:\/\/arteconfort.com\/wp-content\/uploads\/2024\/06\/ventilador-TIRANA-31531069-ambiente-3-340x340.webp 340w, https:\/\/arteconfort.com\/wp-content\/uploads\/2024\/06\/ventilador-TIRANA-31531069-ambiente-3-640x640.webp 640w, https:\/\/arteconfort.com\/wp-content\/uploads\/2024\/06\/ventilador-TIRANA-31531069-ambiente-3-960x960.webp 960w, https:\/\/arteconfort.com\/wp-content\/uploads\/2024\/06\/ventilador-TIRANA-31531069-ambiente-3-133x133.webp 133w, https:\/\/arteconfort.com\/wp-content\/uploads\/2024\/06\/ventilador-TIRANA-31531069-ambiente-3-300x300.webp 300w, https:\/\/arteconfort.com\/wp-content\/uploads\/2024\/06\/ventilador-TIRANA-31531069-ambiente-3-600x600.webp 600w, https:\/\/arteconfort.com\/wp-content\/uploads\/2024\/06\/ventilador-TIRANA-31531069-ambiente-3-100x100.webp 100w\" sizes=\"auto, (max-width: 1024px) 100vw, 1024px\" \/><img loading=\"lazy\" decoding=\"async\" width=\"1024\" height=\"1024\" src=\"https:\/\/arteconfort.com\/wp-content\/uploads\/2024\/06\/ventilador-TIRANA-31531069-ambiente-2.webp\" class=\"attachment-shop_catalog size-shop_catalog\" alt=\"Ventilador TIRANA ambiente calido\" srcset=\"https:\/\/arteconfort.com\/wp-content\/uploads\/2024\/06\/ventilador-TIRANA-31531069-ambiente-2.webp 1024w, https:\/\/arteconfort.com\/wp-content\/uploads\/2024\/06\/ventilador-TIRANA-31531069-ambiente-2-768x768.webp 768w, https:\/\/arteconfort.com\/wp-content\/uploads\/2024\/06\/ventilador-TIRANA-31531069-ambiente-2-340x340.webp 340w, https:\/\/arteconfort.com\/wp-content\/uploads\/2024\/06\/ventilador-TIRANA-31531069-ambiente-2-640x640.webp 640w, https:\/\/arteconfort.com\/wp-content\/uploads\/2024\/06\/ventilador-TIRANA-31531069-ambiente-2-960x960.webp 960w, https:\/\/arteconfort.com\/wp-content\/uploads\/2024\/06\/ventilador-TIRANA-31531069-ambiente-2-133x133.webp 133w, https:\/\/arteconfort.com\/wp-content\/uploads\/2024\/06\/ventilador-TIRANA-31531069-ambiente-2-300x300.webp 300w, https:\/\/arteconfort.com\/wp-content\/uploads\/2024\/06\/ventilador-TIRANA-31531069-ambiente-2-600x600.webp 600w, https:\/\/arteconfort.com\/wp-content\/uploads\/2024\/06\/ventilador-TIRANA-31531069-ambiente-2-100x100.webp 100w\" sizes=\"auto, (max-width: 1024px) 100vw, 1024px\" \/>\t<\/a>\n\t<div class=\"w-product-status\"><\/div>\t<span id=\"woocommerce_loop_add_to_cart_link_describedby_42822\" class=\"screen-reader-text\">\n\t\t\t<\/span>\n<\/div><figcaption><h2 class=\"woocommerce-loop-product__title\">TIRANA<\/h2><div class=\"woocommerce-product-details__short-description\">\n\t<p>The TIRANA ceiling fan incorporates main and secondary or ambient LED light as well as color temperature memory.<\/div>\n\n<\/figcaption><\/figure><\/li>\n<li class=\"product type-product post-46461 status-publish first instock product_cat-climatizacion-en product_cat-ventiladores-de-techo-en has-post-thumbnail shipping-taxable product-type-simple w-item col-3\">\n\t<figure><div class=\"image-wrapper\">\t\t<a href=\"https:\/\/arteconfort.com\/en\/producto\/tunez\/\" class=\"w-fadeslider\">\n\t<img loading=\"lazy\" decoding=\"async\" width=\"1024\" height=\"1024\" src=\"https:\/\/arteconfort.com\/wp-content\/uploads\/2025\/04\/TUNEZ-mando.webp\" class=\"attachment-shop_catalog size-shop_catalog wp-post-image\" alt=\"\" srcset=\"https:\/\/arteconfort.com\/wp-content\/uploads\/2025\/04\/TUNEZ-mando.webp 1024w, https:\/\/arteconfort.com\/wp-content\/uploads\/2025\/04\/TUNEZ-mando-768x768.webp 768w, https:\/\/arteconfort.com\/wp-content\/uploads\/2025\/04\/TUNEZ-mando-340x340.webp 340w, https:\/\/arteconfort.com\/wp-content\/uploads\/2025\/04\/TUNEZ-mando-640x640.webp 640w, https:\/\/arteconfort.com\/wp-content\/uploads\/2025\/04\/TUNEZ-mando-960x960.webp 960w, https:\/\/arteconfort.com\/wp-content\/uploads\/2025\/04\/TUNEZ-mando-300x300.webp 300w, https:\/\/arteconfort.com\/wp-content\/uploads\/2025\/04\/TUNEZ-mando-600x600.webp 600w, https:\/\/arteconfort.com\/wp-content\/uploads\/2025\/04\/TUNEZ-mando-100x100.webp 100w\" sizes=\"auto, (max-width: 1024px) 100vw, 1024px\" \/>\t<img loading=\"lazy\" decoding=\"async\" width=\"1024\" height=\"1024\" src=\"https:\/\/arteconfort.com\/wp-content\/uploads\/2025\/04\/TUNEZ_Producto_Abierto.webp\" class=\"attachment-shop_catalog size-shop_catalog\" alt=\"\" srcset=\"https:\/\/arteconfort.com\/wp-content\/uploads\/2025\/04\/TUNEZ_Producto_Abierto.webp 1024w, https:\/\/arteconfort.com\/wp-content\/uploads\/2025\/04\/TUNEZ_Producto_Abierto-768x768.webp 768w, https:\/\/arteconfort.com\/wp-content\/uploads\/2025\/04\/TUNEZ_Producto_Abierto-340x340.webp 340w, https:\/\/arteconfort.com\/wp-content\/uploads\/2025\/04\/TUNEZ_Producto_Abierto-640x640.webp 640w, https:\/\/arteconfort.com\/wp-content\/uploads\/2025\/04\/TUNEZ_Producto_Abierto-960x960.webp 960w, https:\/\/arteconfort.com\/wp-content\/uploads\/2025\/04\/TUNEZ_Producto_Abierto-300x300.webp 300w, https:\/\/arteconfort.com\/wp-content\/uploads\/2025\/04\/TUNEZ_Producto_Abierto-600x600.webp 600w, https:\/\/arteconfort.com\/wp-content\/uploads\/2025\/04\/TUNEZ_Producto_Abierto-100x100.webp 100w\" sizes=\"auto, (max-width: 1024px) 100vw, 1024px\" \/><img loading=\"lazy\" decoding=\"async\" width=\"1024\" height=\"1024\" src=\"https:\/\/arteconfort.com\/wp-content\/uploads\/2025\/04\/TUNEZ_Blanco.webp\" class=\"attachment-shop_catalog size-shop_catalog\" alt=\"\" srcset=\"https:\/\/arteconfort.com\/wp-content\/uploads\/2025\/04\/TUNEZ_Blanco.webp 1024w, https:\/\/arteconfort.com\/wp-content\/uploads\/2025\/04\/TUNEZ_Blanco-768x768.webp 768w, https:\/\/arteconfort.com\/wp-content\/uploads\/2025\/04\/TUNEZ_Blanco-340x340.webp 340w, https:\/\/arteconfort.com\/wp-content\/uploads\/2025\/04\/TUNEZ_Blanco-640x640.webp 640w, https:\/\/arteconfort.com\/wp-content\/uploads\/2025\/04\/TUNEZ_Blanco-960x960.webp 960w, https:\/\/arteconfort.com\/wp-content\/uploads\/2025\/04\/TUNEZ_Blanco-300x300.webp 300w, https:\/\/arteconfort.com\/wp-content\/uploads\/2025\/04\/TUNEZ_Blanco-600x600.webp 600w, https:\/\/arteconfort.com\/wp-content\/uploads\/2025\/04\/TUNEZ_Blanco-100x100.webp 100w\" sizes=\"auto, (max-width: 1024px) 100vw, 1024px\" \/><img loading=\"lazy\" decoding=\"async\" width=\"1024\" height=\"1024\" src=\"https:\/\/arteconfort.com\/wp-content\/uploads\/2025\/04\/TUNEZ-Temperaturas.webp\" class=\"attachment-shop_catalog size-shop_catalog\" alt=\"\" srcset=\"https:\/\/arteconfort.com\/wp-content\/uploads\/2025\/04\/TUNEZ-Temperaturas.webp 1024w, https:\/\/arteconfort.com\/wp-content\/uploads\/2025\/04\/TUNEZ-Temperaturas-768x768.webp 768w, https:\/\/arteconfort.com\/wp-content\/uploads\/2025\/04\/TUNEZ-Temperaturas-340x340.webp 340w, https:\/\/arteconfort.com\/wp-content\/uploads\/2025\/04\/TUNEZ-Temperaturas-640x640.webp 640w, https:\/\/arteconfort.com\/wp-content\/uploads\/2025\/04\/TUNEZ-Temperaturas-960x960.webp 960w, https:\/\/arteconfort.com\/wp-content\/uploads\/2025\/04\/TUNEZ-Temperaturas-300x300.webp 300w, https:\/\/arteconfort.com\/wp-content\/uploads\/2025\/04\/TUNEZ-Temperaturas-600x600.webp 600w, https:\/\/arteconfort.com\/wp-content\/uploads\/2025\/04\/TUNEZ-Temperaturas-100x100.webp 100w\" sizes=\"auto, (max-width: 1024px) 100vw, 1024px\" \/><img loading=\"lazy\" decoding=\"async\" width=\"2000\" height=\"2000\" src=\"https:\/\/arteconfort.com\/wp-content\/uploads\/2025\/04\/TUNEZ-graficos.webp\" class=\"attachment-shop_catalog size-shop_catalog\" alt=\"\" srcset=\"https:\/\/arteconfort.com\/wp-content\/uploads\/2025\/04\/TUNEZ-graficos.webp 2000w, https:\/\/arteconfort.com\/wp-content\/uploads\/2025\/04\/TUNEZ-graficos-768x768.webp 768w, https:\/\/arteconfort.com\/wp-content\/uploads\/2025\/04\/TUNEZ-graficos-1536x1536.webp 1536w, https:\/\/arteconfort.com\/wp-content\/uploads\/2025\/04\/TUNEZ-graficos-340x340.webp 340w, https:\/\/arteconfort.com\/wp-content\/uploads\/2025\/04\/TUNEZ-graficos-640x640.webp 640w, https:\/\/arteconfort.com\/wp-content\/uploads\/2025\/04\/TUNEZ-graficos-960x960.webp 960w, https:\/\/arteconfort.com\/wp-content\/uploads\/2025\/04\/TUNEZ-graficos-1280x1280.webp 1280w, https:\/\/arteconfort.com\/wp-content\/uploads\/2025\/04\/TUNEZ-graficos-300x300.webp 300w, https:\/\/arteconfort.com\/wp-content\/uploads\/2025\/04\/TUNEZ-graficos-600x600.webp 600w, https:\/\/arteconfort.com\/wp-content\/uploads\/2025\/04\/TUNEZ-graficos-100x100.webp 100w\" sizes=\"auto, (max-width: 2000px) 100vw, 2000px\" \/>\t<\/a>\n\t<div class=\"w-product-status\"><\/div>\t<span id=\"woocommerce_loop_add_to_cart_link_describedby_46461\" class=\"screen-reader-text\">\n\t\t\t<\/span>\n<\/div><figcaption><h2 class=\"woocommerce-loop-product__title\">TUNEZ<\/h2><div class=\"woocommerce-product-details__short-description\">\n\t<p>The TUNEZ ceiling fan with hidden or retractable blades incorporates LED light and color temperature memory. It has<\/div>\n\n<\/figcaption><\/figure><\/li>\n<li class=\"product type-product post-46505 status-publish instock product_cat-climatizacion-en product_cat-ventiladores-de-techo-en has-post-thumbnail shipping-taxable product-type-simple w-item col-3\">\n\t<figure><div class=\"image-wrapper\">\t\t<a href=\"https:\/\/arteconfort.com\/en\/producto\/varadero\/\" class=\"w-fadeslider\">\n\t<img loading=\"lazy\" decoding=\"async\" width=\"1024\" height=\"1024\" src=\"https:\/\/arteconfort.com\/wp-content\/uploads\/2025\/04\/VARADERO-mando.webp\" class=\"attachment-shop_catalog size-shop_catalog wp-post-image\" alt=\"\" srcset=\"https:\/\/arteconfort.com\/wp-content\/uploads\/2025\/04\/VARADERO-mando.webp 1024w, https:\/\/arteconfort.com\/wp-content\/uploads\/2025\/04\/VARADERO-mando-768x768.webp 768w, https:\/\/arteconfort.com\/wp-content\/uploads\/2025\/04\/VARADERO-mando-340x340.webp 340w, https:\/\/arteconfort.com\/wp-content\/uploads\/2025\/04\/VARADERO-mando-640x640.webp 640w, https:\/\/arteconfort.com\/wp-content\/uploads\/2025\/04\/VARADERO-mando-960x960.webp 960w, https:\/\/arteconfort.com\/wp-content\/uploads\/2025\/04\/VARADERO-mando-300x300.webp 300w, https:\/\/arteconfort.com\/wp-content\/uploads\/2025\/04\/VARADERO-mando-600x600.webp 600w, https:\/\/arteconfort.com\/wp-content\/uploads\/2025\/04\/VARADERO-mando-100x100.webp 100w\" sizes=\"auto, (max-width: 1024px) 100vw, 1024px\" \/>\t<img loading=\"lazy\" decoding=\"async\" width=\"1024\" height=\"1024\" src=\"https:\/\/arteconfort.com\/wp-content\/uploads\/2025\/04\/VARADERO-cerrado.webp\" class=\"attachment-shop_catalog size-shop_catalog\" alt=\"\" srcset=\"https:\/\/arteconfort.com\/wp-content\/uploads\/2025\/04\/VARADERO-cerrado.webp 1024w, https:\/\/arteconfort.com\/wp-content\/uploads\/2025\/04\/VARADERO-cerrado-768x768.webp 768w, https:\/\/arteconfort.com\/wp-content\/uploads\/2025\/04\/VARADERO-cerrado-340x340.webp 340w, https:\/\/arteconfort.com\/wp-content\/uploads\/2025\/04\/VARADERO-cerrado-640x640.webp 640w, https:\/\/arteconfort.com\/wp-content\/uploads\/2025\/04\/VARADERO-cerrado-960x960.webp 960w, https:\/\/arteconfort.com\/wp-content\/uploads\/2025\/04\/VARADERO-cerrado-300x300.webp 300w, https:\/\/arteconfort.com\/wp-content\/uploads\/2025\/04\/VARADERO-cerrado-600x600.webp 600w, https:\/\/arteconfort.com\/wp-content\/uploads\/2025\/04\/VARADERO-cerrado-100x100.webp 100w\" sizes=\"auto, (max-width: 1024px) 100vw, 1024px\" \/><img loading=\"lazy\" decoding=\"async\" width=\"1024\" height=\"1024\" src=\"https:\/\/arteconfort.com\/wp-content\/uploads\/2025\/04\/VARADERO-temperaturas.webp\" class=\"attachment-shop_catalog size-shop_catalog\" alt=\"\" srcset=\"https:\/\/arteconfort.com\/wp-content\/uploads\/2025\/04\/VARADERO-temperaturas.webp 1024w, https:\/\/arteconfort.com\/wp-content\/uploads\/2025\/04\/VARADERO-temperaturas-768x768.webp 768w, https:\/\/arteconfort.com\/wp-content\/uploads\/2025\/04\/VARADERO-temperaturas-340x340.webp 340w, https:\/\/arteconfort.com\/wp-content\/uploads\/2025\/04\/VARADERO-temperaturas-640x640.webp 640w, https:\/\/arteconfort.com\/wp-content\/uploads\/2025\/04\/VARADERO-temperaturas-960x960.webp 960w, https:\/\/arteconfort.com\/wp-content\/uploads\/2025\/04\/VARADERO-temperaturas-300x300.webp 300w, https:\/\/arteconfort.com\/wp-content\/uploads\/2025\/04\/VARADERO-temperaturas-600x600.webp 600w, https:\/\/arteconfort.com\/wp-content\/uploads\/2025\/04\/VARADERO-temperaturas-100x100.webp 100w\" sizes=\"auto, (max-width: 1024px) 100vw, 1024px\" \/><img loading=\"lazy\" decoding=\"async\" width=\"2000\" height=\"2000\" src=\"https:\/\/arteconfort.com\/wp-content\/uploads\/2025\/04\/VARADERO-grafico.webp\" class=\"attachment-shop_catalog size-shop_catalog\" alt=\"\" srcset=\"https:\/\/arteconfort.com\/wp-content\/uploads\/2025\/04\/VARADERO-grafico.webp 2000w, https:\/\/arteconfort.com\/wp-content\/uploads\/2025\/04\/VARADERO-grafico-768x768.webp 768w, https:\/\/arteconfort.com\/wp-content\/uploads\/2025\/04\/VARADERO-grafico-1536x1536.webp 1536w, https:\/\/arteconfort.com\/wp-content\/uploads\/2025\/04\/VARADERO-grafico-340x340.webp 340w, https:\/\/arteconfort.com\/wp-content\/uploads\/2025\/04\/VARADERO-grafico-640x640.webp 640w, https:\/\/arteconfort.com\/wp-content\/uploads\/2025\/04\/VARADERO-grafico-960x960.webp 960w, https:\/\/arteconfort.com\/wp-content\/uploads\/2025\/04\/VARADERO-grafico-1280x1280.webp 1280w, https:\/\/arteconfort.com\/wp-content\/uploads\/2025\/04\/VARADERO-grafico-300x300.webp 300w, https:\/\/arteconfort.com\/wp-content\/uploads\/2025\/04\/VARADERO-grafico-600x600.webp 600w, https:\/\/arteconfort.com\/wp-content\/uploads\/2025\/04\/VARADERO-grafico-100x100.webp 100w\" sizes=\"auto, (max-width: 2000px) 100vw, 2000px\" \/>\t<\/a>\n\t<div class=\"w-product-status\"><\/div>\t<span id=\"woocommerce_loop_add_to_cart_link_describedby_46505\" class=\"screen-reader-text\">\n\t\t\t<\/span>\n<\/div><figcaption><h2 class=\"woocommerce-loop-product__title\">VARADERO<\/h2><div class=\"woocommerce-product-details__short-description\">\n\t<p>The VARADERO ceiling fan with hidden or retractable blades incorporates LED light and color temperature memory. It has<\/div>\n\n<\/figcaption><\/figure><\/li>\n<li class=\"product type-product post-21781 status-publish instock product_cat-climatizacion-en product_cat-ventiladores-de-techo-en has-post-thumbnail shipping-taxable product-type-external w-item col-3\">\n\t<figure><div class=\"image-wrapper\">\t\t<a href=\"https:\/\/arteconfort.com\/en\/producto\/velez\/\" class=\"w-fadeslider\">\n\t<img loading=\"lazy\" decoding=\"async\" width=\"1024\" height=\"1024\" src=\"https:\/\/arteconfort.com\/wp-content\/uploads\/2026\/03\/Velez_Blanco_Mando.webp\" class=\"attachment-shop_catalog size-shop_catalog wp-post-image\" alt=\"\" srcset=\"https:\/\/arteconfort.com\/wp-content\/uploads\/2026\/03\/Velez_Blanco_Mando.webp 1024w, https:\/\/arteconfort.com\/wp-content\/uploads\/2026\/03\/Velez_Blanco_Mando-768x768.webp 768w, https:\/\/arteconfort.com\/wp-content\/uploads\/2026\/03\/Velez_Blanco_Mando-340x340.webp 340w, https:\/\/arteconfort.com\/wp-content\/uploads\/2026\/03\/Velez_Blanco_Mando-640x640.webp 640w, https:\/\/arteconfort.com\/wp-content\/uploads\/2026\/03\/Velez_Blanco_Mando-960x960.webp 960w, https:\/\/arteconfort.com\/wp-content\/uploads\/2026\/03\/Velez_Blanco_Mando-300x300.webp 300w, https:\/\/arteconfort.com\/wp-content\/uploads\/2026\/03\/Velez_Blanco_Mando-600x600.webp 600w, https:\/\/arteconfort.com\/wp-content\/uploads\/2026\/03\/Velez_Blanco_Mando-100x100.webp 100w\" sizes=\"auto, (max-width: 1024px) 100vw, 1024px\" \/>\t<img loading=\"lazy\" decoding=\"async\" width=\"1024\" height=\"1024\" src=\"https:\/\/arteconfort.com\/wp-content\/uploads\/2026\/03\/Velez_Blanco_Blanco.webp\" class=\"attachment-shop_catalog size-shop_catalog\" alt=\"\" srcset=\"https:\/\/arteconfort.com\/wp-content\/uploads\/2026\/03\/Velez_Blanco_Blanco.webp 1024w, https:\/\/arteconfort.com\/wp-content\/uploads\/2026\/03\/Velez_Blanco_Blanco-768x768.webp 768w, https:\/\/arteconfort.com\/wp-content\/uploads\/2026\/03\/Velez_Blanco_Blanco-340x340.webp 340w, https:\/\/arteconfort.com\/wp-content\/uploads\/2026\/03\/Velez_Blanco_Blanco-640x640.webp 640w, https:\/\/arteconfort.com\/wp-content\/uploads\/2026\/03\/Velez_Blanco_Blanco-960x960.webp 960w, https:\/\/arteconfort.com\/wp-content\/uploads\/2026\/03\/Velez_Blanco_Blanco-300x300.webp 300w, https:\/\/arteconfort.com\/wp-content\/uploads\/2026\/03\/Velez_Blanco_Blanco-600x600.webp 600w, https:\/\/arteconfort.com\/wp-content\/uploads\/2026\/03\/Velez_Blanco_Blanco-100x100.webp 100w\" sizes=\"auto, (max-width: 1024px) 100vw, 1024px\" \/><img loading=\"lazy\" decoding=\"async\" width=\"1024\" height=\"1024\" src=\"https:\/\/arteconfort.com\/wp-content\/uploads\/2026\/03\/Velez_Blanco_Lateral.webp\" class=\"attachment-shop_catalog size-shop_catalog\" alt=\"\" srcset=\"https:\/\/arteconfort.com\/wp-content\/uploads\/2026\/03\/Velez_Blanco_Lateral.webp 1024w, https:\/\/arteconfort.com\/wp-content\/uploads\/2026\/03\/Velez_Blanco_Lateral-768x768.webp 768w, https:\/\/arteconfort.com\/wp-content\/uploads\/2026\/03\/Velez_Blanco_Lateral-340x340.webp 340w, https:\/\/arteconfort.com\/wp-content\/uploads\/2026\/03\/Velez_Blanco_Lateral-640x640.webp 640w, https:\/\/arteconfort.com\/wp-content\/uploads\/2026\/03\/Velez_Blanco_Lateral-960x960.webp 960w, https:\/\/arteconfort.com\/wp-content\/uploads\/2026\/03\/Velez_Blanco_Lateral-300x300.webp 300w, https:\/\/arteconfort.com\/wp-content\/uploads\/2026\/03\/Velez_Blanco_Lateral-600x600.webp 600w, https:\/\/arteconfort.com\/wp-content\/uploads\/2026\/03\/Velez_Blanco_Lateral-100x100.webp 100w\" sizes=\"auto, (max-width: 1024px) 100vw, 1024px\" \/><img loading=\"lazy\" decoding=\"async\" width=\"1024\" height=\"1024\" src=\"https:\/\/arteconfort.com\/wp-content\/uploads\/2026\/03\/Velez_Blanco_Embellecedor.webp\" class=\"attachment-shop_catalog size-shop_catalog\" alt=\"\" srcset=\"https:\/\/arteconfort.com\/wp-content\/uploads\/2026\/03\/Velez_Blanco_Embellecedor.webp 1024w, https:\/\/arteconfort.com\/wp-content\/uploads\/2026\/03\/Velez_Blanco_Embellecedor-768x768.webp 768w, https:\/\/arteconfort.com\/wp-content\/uploads\/2026\/03\/Velez_Blanco_Embellecedor-340x340.webp 340w, https:\/\/arteconfort.com\/wp-content\/uploads\/2026\/03\/Velez_Blanco_Embellecedor-640x640.webp 640w, https:\/\/arteconfort.com\/wp-content\/uploads\/2026\/03\/Velez_Blanco_Embellecedor-960x960.webp 960w, https:\/\/arteconfort.com\/wp-content\/uploads\/2026\/03\/Velez_Blanco_Embellecedor-300x300.webp 300w, https:\/\/arteconfort.com\/wp-content\/uploads\/2026\/03\/Velez_Blanco_Embellecedor-600x600.webp 600w, https:\/\/arteconfort.com\/wp-content\/uploads\/2026\/03\/Velez_Blanco_Embellecedor-100x100.webp 100w\" sizes=\"auto, (max-width: 1024px) 100vw, 1024px\" \/><img loading=\"lazy\" decoding=\"async\" width=\"1024\" height=\"1024\" src=\"https:\/\/arteconfort.com\/wp-content\/uploads\/2026\/03\/Velez_Blanco_Aspa.webp\" class=\"attachment-shop_catalog size-shop_catalog\" alt=\"\" srcset=\"https:\/\/arteconfort.com\/wp-content\/uploads\/2026\/03\/Velez_Blanco_Aspa.webp 1024w, https:\/\/arteconfort.com\/wp-content\/uploads\/2026\/03\/Velez_Blanco_Aspa-768x768.webp 768w, https:\/\/arteconfort.com\/wp-content\/uploads\/2026\/03\/Velez_Blanco_Aspa-340x340.webp 340w, https:\/\/arteconfort.com\/wp-content\/uploads\/2026\/03\/Velez_Blanco_Aspa-640x640.webp 640w, https:\/\/arteconfort.com\/wp-content\/uploads\/2026\/03\/Velez_Blanco_Aspa-960x960.webp 960w, https:\/\/arteconfort.com\/wp-content\/uploads\/2026\/03\/Velez_Blanco_Aspa-300x300.webp 300w, https:\/\/arteconfort.com\/wp-content\/uploads\/2026\/03\/Velez_Blanco_Aspa-600x600.webp 600w, https:\/\/arteconfort.com\/wp-content\/uploads\/2026\/03\/Velez_Blanco_Aspa-100x100.webp 100w\" sizes=\"auto, (max-width: 1024px) 100vw, 1024px\" \/><img loading=\"lazy\" decoding=\"async\" width=\"1024\" height=\"1024\" src=\"https:\/\/arteconfort.com\/wp-content\/uploads\/2026\/03\/Velez_Blanco_Abajo.webp\" class=\"attachment-shop_catalog size-shop_catalog\" alt=\"\" srcset=\"https:\/\/arteconfort.com\/wp-content\/uploads\/2026\/03\/Velez_Blanco_Abajo.webp 1024w, https:\/\/arteconfort.com\/wp-content\/uploads\/2026\/03\/Velez_Blanco_Abajo-768x768.webp 768w, https:\/\/arteconfort.com\/wp-content\/uploads\/2026\/03\/Velez_Blanco_Abajo-340x340.webp 340w, https:\/\/arteconfort.com\/wp-content\/uploads\/2026\/03\/Velez_Blanco_Abajo-640x640.webp 640w, https:\/\/arteconfort.com\/wp-content\/uploads\/2026\/03\/Velez_Blanco_Abajo-960x960.webp 960w, https:\/\/arteconfort.com\/wp-content\/uploads\/2026\/03\/Velez_Blanco_Abajo-300x300.webp 300w, https:\/\/arteconfort.com\/wp-content\/uploads\/2026\/03\/Velez_Blanco_Abajo-600x600.webp 600w, https:\/\/arteconfort.com\/wp-content\/uploads\/2026\/03\/Velez_Blanco_Abajo-100x100.webp 100w\" sizes=\"auto, (max-width: 1024px) 100vw, 1024px\" \/><img loading=\"lazy\" decoding=\"async\" width=\"1024\" height=\"1024\" src=\"https:\/\/arteconfort.com\/wp-content\/uploads\/2026\/03\/Velez_Negro_Mando.webp\" class=\"attachment-shop_catalog size-shop_catalog\" alt=\"\" srcset=\"https:\/\/arteconfort.com\/wp-content\/uploads\/2026\/03\/Velez_Negro_Mando.webp 1024w, https:\/\/arteconfort.com\/wp-content\/uploads\/2026\/03\/Velez_Negro_Mando-768x768.webp 768w, https:\/\/arteconfort.com\/wp-content\/uploads\/2026\/03\/Velez_Negro_Mando-340x340.webp 340w, https:\/\/arteconfort.com\/wp-content\/uploads\/2026\/03\/Velez_Negro_Mando-640x640.webp 640w, https:\/\/arteconfort.com\/wp-content\/uploads\/2026\/03\/Velez_Negro_Mando-960x960.webp 960w, https:\/\/arteconfort.com\/wp-content\/uploads\/2026\/03\/Velez_Negro_Mando-300x300.webp 300w, https:\/\/arteconfort.com\/wp-content\/uploads\/2026\/03\/Velez_Negro_Mando-600x600.webp 600w, https:\/\/arteconfort.com\/wp-content\/uploads\/2026\/03\/Velez_Negro_Mando-100x100.webp 100w\" sizes=\"auto, (max-width: 1024px) 100vw, 1024px\" \/><img loading=\"lazy\" decoding=\"async\" width=\"1024\" height=\"1024\" src=\"https:\/\/arteconfort.com\/wp-content\/uploads\/2026\/03\/Velez_Negro_Blanco.webp\" class=\"attachment-shop_catalog size-shop_catalog\" alt=\"\" srcset=\"https:\/\/arteconfort.com\/wp-content\/uploads\/2026\/03\/Velez_Negro_Blanco.webp 1024w, https:\/\/arteconfort.com\/wp-content\/uploads\/2026\/03\/Velez_Negro_Blanco-768x768.webp 768w, https:\/\/arteconfort.com\/wp-content\/uploads\/2026\/03\/Velez_Negro_Blanco-340x340.webp 340w, https:\/\/arteconfort.com\/wp-content\/uploads\/2026\/03\/Velez_Negro_Blanco-640x640.webp 640w, https:\/\/arteconfort.com\/wp-content\/uploads\/2026\/03\/Velez_Negro_Blanco-960x960.webp 960w, https:\/\/arteconfort.com\/wp-content\/uploads\/2026\/03\/Velez_Negro_Blanco-300x300.webp 300w, https:\/\/arteconfort.com\/wp-content\/uploads\/2026\/03\/Velez_Negro_Blanco-600x600.webp 600w, https:\/\/arteconfort.com\/wp-content\/uploads\/2026\/03\/Velez_Negro_Blanco-100x100.webp 100w\" sizes=\"auto, (max-width: 1024px) 100vw, 1024px\" \/><img loading=\"lazy\" decoding=\"async\" width=\"1024\" height=\"1024\" src=\"https:\/\/arteconfort.com\/wp-content\/uploads\/2026\/03\/Velez_Negro_Lateral.webp\" class=\"attachment-shop_catalog size-shop_catalog\" alt=\"\" srcset=\"https:\/\/arteconfort.com\/wp-content\/uploads\/2026\/03\/Velez_Negro_Lateral.webp 1024w, https:\/\/arteconfort.com\/wp-content\/uploads\/2026\/03\/Velez_Negro_Lateral-768x768.webp 768w, https:\/\/arteconfort.com\/wp-content\/uploads\/2026\/03\/Velez_Negro_Lateral-340x340.webp 340w, https:\/\/arteconfort.com\/wp-content\/uploads\/2026\/03\/Velez_Negro_Lateral-640x640.webp 640w, https:\/\/arteconfort.com\/wp-content\/uploads\/2026\/03\/Velez_Negro_Lateral-960x960.webp 960w, https:\/\/arteconfort.com\/wp-content\/uploads\/2026\/03\/Velez_Negro_Lateral-300x300.webp 300w, https:\/\/arteconfort.com\/wp-content\/uploads\/2026\/03\/Velez_Negro_Lateral-600x600.webp 600w, https:\/\/arteconfort.com\/wp-content\/uploads\/2026\/03\/Velez_Negro_Lateral-100x100.webp 100w\" sizes=\"auto, (max-width: 1024px) 100vw, 1024px\" \/><img loading=\"lazy\" decoding=\"async\" width=\"1024\" height=\"1024\" src=\"https:\/\/arteconfort.com\/wp-content\/uploads\/2026\/03\/Velez_Negro_Embellecedor.webp\" class=\"attachment-shop_catalog size-shop_catalog\" alt=\"\" srcset=\"https:\/\/arteconfort.com\/wp-content\/uploads\/2026\/03\/Velez_Negro_Embellecedor.webp 1024w, https:\/\/arteconfort.com\/wp-content\/uploads\/2026\/03\/Velez_Negro_Embellecedor-768x768.webp 768w, https:\/\/arteconfort.com\/wp-content\/uploads\/2026\/03\/Velez_Negro_Embellecedor-340x340.webp 340w, https:\/\/arteconfort.com\/wp-content\/uploads\/2026\/03\/Velez_Negro_Embellecedor-640x640.webp 640w, https:\/\/arteconfort.com\/wp-content\/uploads\/2026\/03\/Velez_Negro_Embellecedor-960x960.webp 960w, https:\/\/arteconfort.com\/wp-content\/uploads\/2026\/03\/Velez_Negro_Embellecedor-300x300.webp 300w, https:\/\/arteconfort.com\/wp-content\/uploads\/2026\/03\/Velez_Negro_Embellecedor-600x600.webp 600w, https:\/\/arteconfort.com\/wp-content\/uploads\/2026\/03\/Velez_Negro_Embellecedor-100x100.webp 100w\" sizes=\"auto, (max-width: 1024px) 100vw, 1024px\" \/><img loading=\"lazy\" decoding=\"async\" width=\"1024\" height=\"1024\" src=\"https:\/\/arteconfort.com\/wp-content\/uploads\/2026\/03\/Velez_Negro_Aspa.webp\" class=\"attachment-shop_catalog size-shop_catalog\" alt=\"\" srcset=\"https:\/\/arteconfort.com\/wp-content\/uploads\/2026\/03\/Velez_Negro_Aspa.webp 1024w, https:\/\/arteconfort.com\/wp-content\/uploads\/2026\/03\/Velez_Negro_Aspa-768x768.webp 768w, https:\/\/arteconfort.com\/wp-content\/uploads\/2026\/03\/Velez_Negro_Aspa-340x340.webp 340w, https:\/\/arteconfort.com\/wp-content\/uploads\/2026\/03\/Velez_Negro_Aspa-640x640.webp 640w, https:\/\/arteconfort.com\/wp-content\/uploads\/2026\/03\/Velez_Negro_Aspa-960x960.webp 960w, https:\/\/arteconfort.com\/wp-content\/uploads\/2026\/03\/Velez_Negro_Aspa-300x300.webp 300w, https:\/\/arteconfort.com\/wp-content\/uploads\/2026\/03\/Velez_Negro_Aspa-600x600.webp 600w, https:\/\/arteconfort.com\/wp-content\/uploads\/2026\/03\/Velez_Negro_Aspa-100x100.webp 100w\" sizes=\"auto, (max-width: 1024px) 100vw, 1024px\" \/><img loading=\"lazy\" decoding=\"async\" width=\"1024\" height=\"1024\" src=\"https:\/\/arteconfort.com\/wp-content\/uploads\/2026\/03\/Velez_Negro_Abajo.webp\" class=\"attachment-shop_catalog size-shop_catalog\" alt=\"\" srcset=\"https:\/\/arteconfort.com\/wp-content\/uploads\/2026\/03\/Velez_Negro_Abajo.webp 1024w, https:\/\/arteconfort.com\/wp-content\/uploads\/2026\/03\/Velez_Negro_Abajo-768x768.webp 768w, https:\/\/arteconfort.com\/wp-content\/uploads\/2026\/03\/Velez_Negro_Abajo-340x340.webp 340w, https:\/\/arteconfort.com\/wp-content\/uploads\/2026\/03\/Velez_Negro_Abajo-640x640.webp 640w, https:\/\/arteconfort.com\/wp-content\/uploads\/2026\/03\/Velez_Negro_Abajo-960x960.webp 960w, https:\/\/arteconfort.com\/wp-content\/uploads\/2026\/03\/Velez_Negro_Abajo-300x300.webp 300w, https:\/\/arteconfort.com\/wp-content\/uploads\/2026\/03\/Velez_Negro_Abajo-600x600.webp 600w, https:\/\/arteconfort.com\/wp-content\/uploads\/2026\/03\/Velez_Negro_Abajo-100x100.webp 100w\" sizes=\"auto, (max-width: 1024px) 100vw, 1024px\" \/><img loading=\"lazy\" decoding=\"async\" width=\"1024\" height=\"1024\" src=\"https:\/\/arteconfort.com\/wp-content\/uploads\/2026\/03\/Velez_Negro_grafico.webp\" class=\"attachment-shop_catalog size-shop_catalog\" alt=\"\" srcset=\"https:\/\/arteconfort.com\/wp-content\/uploads\/2026\/03\/Velez_Negro_grafico.webp 1024w, https:\/\/arteconfort.com\/wp-content\/uploads\/2026\/03\/Velez_Negro_grafico-768x768.webp 768w, https:\/\/arteconfort.com\/wp-content\/uploads\/2026\/03\/Velez_Negro_grafico-340x340.webp 340w, https:\/\/arteconfort.com\/wp-content\/uploads\/2026\/03\/Velez_Negro_grafico-640x640.webp 640w, https:\/\/arteconfort.com\/wp-content\/uploads\/2026\/03\/Velez_Negro_grafico-960x960.webp 960w, https:\/\/arteconfort.com\/wp-content\/uploads\/2026\/03\/Velez_Negro_grafico-300x300.webp 300w, https:\/\/arteconfort.com\/wp-content\/uploads\/2026\/03\/Velez_Negro_grafico-600x600.webp 600w, https:\/\/arteconfort.com\/wp-content\/uploads\/2026\/03\/Velez_Negro_grafico-100x100.webp 100w\" sizes=\"auto, (max-width: 1024px) 100vw, 1024px\" \/><img loading=\"lazy\" decoding=\"async\" width=\"1024\" height=\"1024\" src=\"https:\/\/arteconfort.com\/wp-content\/uploads\/2026\/03\/Velez_Blanco_Temperatura.webp\" class=\"attachment-shop_catalog size-shop_catalog\" alt=\"\" srcset=\"https:\/\/arteconfort.com\/wp-content\/uploads\/2026\/03\/Velez_Blanco_Temperatura.webp 1024w, https:\/\/arteconfort.com\/wp-content\/uploads\/2026\/03\/Velez_Blanco_Temperatura-768x768.webp 768w, https:\/\/arteconfort.com\/wp-content\/uploads\/2026\/03\/Velez_Blanco_Temperatura-340x340.webp 340w, https:\/\/arteconfort.com\/wp-content\/uploads\/2026\/03\/Velez_Blanco_Temperatura-640x640.webp 640w, https:\/\/arteconfort.com\/wp-content\/uploads\/2026\/03\/Velez_Blanco_Temperatura-960x960.webp 960w, https:\/\/arteconfort.com\/wp-content\/uploads\/2026\/03\/Velez_Blanco_Temperatura-300x300.webp 300w, https:\/\/arteconfort.com\/wp-content\/uploads\/2026\/03\/Velez_Blanco_Temperatura-600x600.webp 600w, https:\/\/arteconfort.com\/wp-content\/uploads\/2026\/03\/Velez_Blanco_Temperatura-100x100.webp 100w\" sizes=\"auto, (max-width: 1024px) 100vw, 1024px\" \/><img loading=\"lazy\" decoding=\"async\" width=\"1024\" height=\"1024\" src=\"https:\/\/arteconfort.com\/wp-content\/uploads\/2026\/03\/Velez_Negro_Temperatura.webp\" class=\"attachment-shop_catalog size-shop_catalog\" alt=\"\" srcset=\"https:\/\/arteconfort.com\/wp-content\/uploads\/2026\/03\/Velez_Negro_Temperatura.webp 1024w, https:\/\/arteconfort.com\/wp-content\/uploads\/2026\/03\/Velez_Negro_Temperatura-768x768.webp 768w, https:\/\/arteconfort.com\/wp-content\/uploads\/2026\/03\/Velez_Negro_Temperatura-340x340.webp 340w, https:\/\/arteconfort.com\/wp-content\/uploads\/2026\/03\/Velez_Negro_Temperatura-640x640.webp 640w, https:\/\/arteconfort.com\/wp-content\/uploads\/2026\/03\/Velez_Negro_Temperatura-960x960.webp 960w, https:\/\/arteconfort.com\/wp-content\/uploads\/2026\/03\/Velez_Negro_Temperatura-300x300.webp 300w, https:\/\/arteconfort.com\/wp-content\/uploads\/2026\/03\/Velez_Negro_Temperatura-600x600.webp 600w, https:\/\/arteconfort.com\/wp-content\/uploads\/2026\/03\/Velez_Negro_Temperatura-100x100.webp 100w\" sizes=\"auto, (max-width: 1024px) 100vw, 1024px\" \/><img loading=\"lazy\" decoding=\"async\" width=\"1024\" height=\"1024\" src=\"https:\/\/arteconfort.com\/wp-content\/uploads\/2023\/10\/VELEZ-AMBIENTE.webp\" class=\"attachment-shop_catalog size-shop_catalog\" alt=\"\" srcset=\"https:\/\/arteconfort.com\/wp-content\/uploads\/2023\/10\/VELEZ-AMBIENTE.webp 1024w, https:\/\/arteconfort.com\/wp-content\/uploads\/2023\/10\/VELEZ-AMBIENTE-768x768.webp 768w, https:\/\/arteconfort.com\/wp-content\/uploads\/2023\/10\/VELEZ-AMBIENTE-340x340.webp 340w, https:\/\/arteconfort.com\/wp-content\/uploads\/2023\/10\/VELEZ-AMBIENTE-640x640.webp 640w, https:\/\/arteconfort.com\/wp-content\/uploads\/2023\/10\/VELEZ-AMBIENTE-960x960.webp 960w, https:\/\/arteconfort.com\/wp-content\/uploads\/2023\/10\/VELEZ-AMBIENTE-133x133.webp 133w, https:\/\/arteconfort.com\/wp-content\/uploads\/2023\/10\/VELEZ-AMBIENTE-300x300.webp 300w, https:\/\/arteconfort.com\/wp-content\/uploads\/2023\/10\/VELEZ-AMBIENTE-600x600.webp 600w, https:\/\/arteconfort.com\/wp-content\/uploads\/2023\/10\/VELEZ-AMBIENTE-100x100.webp 100w\" sizes=\"auto, (max-width: 1024px) 100vw, 1024px\" \/>\t<\/a>\n\t<div class=\"w-product-status\"><\/div>\t<span id=\"woocommerce_loop_add_to_cart_link_describedby_21781\" class=\"screen-reader-text\">\n\t\t\t<\/span>\n<\/div><figcaption><h2 class=\"woocommerce-loop-product__title\">VELEZ<\/h2><div class=\"woocommerce-product-details__short-description\">\n\t<p>The Velez ceiling fan has an integrated LED light, metal body and 3 blades in matt white, it<\/div>\n\n<\/figcaption><\/figure><\/li>\n<li class=\"product type-product post-45794 status-publish last instock product_cat-climatizacion-en product_cat-ventiladores-de-techo-en has-post-thumbnail shipping-taxable product-type-simple w-item col-3\">\n\t<figure><div class=\"image-wrapper\">\t\t<a href=\"https:\/\/arteconfort.com\/en\/producto\/velix-l\/\" class=\"w-fadeslider\">\n\t<img loading=\"lazy\" decoding=\"async\" width=\"1024\" height=\"1024\" src=\"https:\/\/arteconfort.com\/wp-content\/uploads\/2025\/04\/VELIX-L-mando-01.webp\" class=\"attachment-shop_catalog size-shop_catalog wp-post-image\" alt=\"\" srcset=\"https:\/\/arteconfort.com\/wp-content\/uploads\/2025\/04\/VELIX-L-mando-01.webp 1024w, https:\/\/arteconfort.com\/wp-content\/uploads\/2025\/04\/VELIX-L-mando-01-768x768.webp 768w, https:\/\/arteconfort.com\/wp-content\/uploads\/2025\/04\/VELIX-L-mando-01-340x340.webp 340w, https:\/\/arteconfort.com\/wp-content\/uploads\/2025\/04\/VELIX-L-mando-01-640x640.webp 640w, https:\/\/arteconfort.com\/wp-content\/uploads\/2025\/04\/VELIX-L-mando-01-960x960.webp 960w, https:\/\/arteconfort.com\/wp-content\/uploads\/2025\/04\/VELIX-L-mando-01-300x300.webp 300w, https:\/\/arteconfort.com\/wp-content\/uploads\/2025\/04\/VELIX-L-mando-01-600x600.webp 600w, https:\/\/arteconfort.com\/wp-content\/uploads\/2025\/04\/VELIX-L-mando-01-100x100.webp 100w\" sizes=\"auto, (max-width: 1024px) 100vw, 1024px\" \/>\t<img loading=\"lazy\" decoding=\"async\" width=\"1024\" height=\"1024\" src=\"https:\/\/arteconfort.com\/wp-content\/uploads\/2025\/04\/94051361-p-02.webp\" class=\"attachment-shop_catalog size-shop_catalog\" alt=\"\" srcset=\"https:\/\/arteconfort.com\/wp-content\/uploads\/2025\/04\/94051361-p-02.webp 1024w, https:\/\/arteconfort.com\/wp-content\/uploads\/2025\/04\/94051361-p-02-768x768.webp 768w, https:\/\/arteconfort.com\/wp-content\/uploads\/2025\/04\/94051361-p-02-340x340.webp 340w, https:\/\/arteconfort.com\/wp-content\/uploads\/2025\/04\/94051361-p-02-640x640.webp 640w, https:\/\/arteconfort.com\/wp-content\/uploads\/2025\/04\/94051361-p-02-960x960.webp 960w, https:\/\/arteconfort.com\/wp-content\/uploads\/2025\/04\/94051361-p-02-300x300.webp 300w, https:\/\/arteconfort.com\/wp-content\/uploads\/2025\/04\/94051361-p-02-600x600.webp 600w, https:\/\/arteconfort.com\/wp-content\/uploads\/2025\/04\/94051361-p-02-100x100.webp 100w\" sizes=\"auto, (max-width: 1024px) 100vw, 1024px\" \/><img loading=\"lazy\" decoding=\"async\" width=\"1024\" height=\"1024\" src=\"https:\/\/arteconfort.com\/wp-content\/uploads\/2025\/04\/94051361-tz-01.webp\" class=\"attachment-shop_catalog size-shop_catalog\" alt=\"\" srcset=\"https:\/\/arteconfort.com\/wp-content\/uploads\/2025\/04\/94051361-tz-01.webp 1024w, https:\/\/arteconfort.com\/wp-content\/uploads\/2025\/04\/94051361-tz-01-768x768.webp 768w, https:\/\/arteconfort.com\/wp-content\/uploads\/2025\/04\/94051361-tz-01-340x340.webp 340w, https:\/\/arteconfort.com\/wp-content\/uploads\/2025\/04\/94051361-tz-01-640x640.webp 640w, https:\/\/arteconfort.com\/wp-content\/uploads\/2025\/04\/94051361-tz-01-960x960.webp 960w, https:\/\/arteconfort.com\/wp-content\/uploads\/2025\/04\/94051361-tz-01-300x300.webp 300w, https:\/\/arteconfort.com\/wp-content\/uploads\/2025\/04\/94051361-tz-01-600x600.webp 600w, https:\/\/arteconfort.com\/wp-content\/uploads\/2025\/04\/94051361-tz-01-100x100.webp 100w\" sizes=\"auto, (max-width: 1024px) 100vw, 1024px\" \/><img loading=\"lazy\" decoding=\"async\" width=\"1024\" height=\"1024\" src=\"https:\/\/arteconfort.com\/wp-content\/uploads\/2025\/04\/VELIX-L-grafico-05.webp\" class=\"attachment-shop_catalog size-shop_catalog\" alt=\"\" srcset=\"https:\/\/arteconfort.com\/wp-content\/uploads\/2025\/04\/VELIX-L-grafico-05.webp 1024w, https:\/\/arteconfort.com\/wp-content\/uploads\/2025\/04\/VELIX-L-grafico-05-768x768.webp 768w, https:\/\/arteconfort.com\/wp-content\/uploads\/2025\/04\/VELIX-L-grafico-05-340x340.webp 340w, https:\/\/arteconfort.com\/wp-content\/uploads\/2025\/04\/VELIX-L-grafico-05-640x640.webp 640w, https:\/\/arteconfort.com\/wp-content\/uploads\/2025\/04\/VELIX-L-grafico-05-960x960.webp 960w, https:\/\/arteconfort.com\/wp-content\/uploads\/2025\/04\/VELIX-L-grafico-05-300x300.webp 300w, https:\/\/arteconfort.com\/wp-content\/uploads\/2025\/04\/VELIX-L-grafico-05-600x600.webp 600w, https:\/\/arteconfort.com\/wp-content\/uploads\/2025\/04\/VELIX-L-grafico-05-100x100.webp 100w\" sizes=\"auto, (max-width: 1024px) 100vw, 1024px\" \/>\t<\/a>\n\t<div class=\"w-product-status\"><\/div>\t<span id=\"woocommerce_loop_add_to_cart_link_describedby_45794\" class=\"screen-reader-text\">\n\t\t\t<\/span>\n<\/div><figcaption><h2 class=\"woocommerce-loop-product__title\">VELIX L<\/h2><div class=\"woocommerce-product-details__short-description\">\n\t<p>VELIX L retractable fan with integrated LED light, high luminous flux and color temperature memory. It has a<\/div>\n\n<\/figcaption><\/figure><\/li>\n<li class=\"product type-product post-45835 status-publish first instock product_cat-climatizacion-en product_cat-ventiladores-de-techo-en has-post-thumbnail shipping-taxable product-type-simple w-item col-3\">\n\t<figure><div class=\"image-wrapper\">\t\t<a href=\"https:\/\/arteconfort.com\/en\/producto\/velix-m\/\" class=\"w-fadeslider\">\n\t<img loading=\"lazy\" decoding=\"async\" width=\"1024\" height=\"1024\" src=\"https:\/\/arteconfort.com\/wp-content\/uploads\/2025\/04\/VELIX-M-mando-01.webp\" class=\"attachment-shop_catalog size-shop_catalog wp-post-image\" alt=\"\" srcset=\"https:\/\/arteconfort.com\/wp-content\/uploads\/2025\/04\/VELIX-M-mando-01.webp 1024w, https:\/\/arteconfort.com\/wp-content\/uploads\/2025\/04\/VELIX-M-mando-01-768x768.webp 768w, https:\/\/arteconfort.com\/wp-content\/uploads\/2025\/04\/VELIX-M-mando-01-340x340.webp 340w, https:\/\/arteconfort.com\/wp-content\/uploads\/2025\/04\/VELIX-M-mando-01-640x640.webp 640w, https:\/\/arteconfort.com\/wp-content\/uploads\/2025\/04\/VELIX-M-mando-01-960x960.webp 960w, https:\/\/arteconfort.com\/wp-content\/uploads\/2025\/04\/VELIX-M-mando-01-300x300.webp 300w, https:\/\/arteconfort.com\/wp-content\/uploads\/2025\/04\/VELIX-M-mando-01-600x600.webp 600w, https:\/\/arteconfort.com\/wp-content\/uploads\/2025\/04\/VELIX-M-mando-01-100x100.webp 100w\" sizes=\"auto, (max-width: 1024px) 100vw, 1024px\" \/>\t<img loading=\"lazy\" decoding=\"async\" width=\"1024\" height=\"1024\" src=\"https:\/\/arteconfort.com\/wp-content\/uploads\/2025\/04\/94051360-p-02.webp\" class=\"attachment-shop_catalog size-shop_catalog\" alt=\"\" srcset=\"https:\/\/arteconfort.com\/wp-content\/uploads\/2025\/04\/94051360-p-02.webp 1024w, https:\/\/arteconfort.com\/wp-content\/uploads\/2025\/04\/94051360-p-02-768x768.webp 768w, https:\/\/arteconfort.com\/wp-content\/uploads\/2025\/04\/94051360-p-02-340x340.webp 340w, https:\/\/arteconfort.com\/wp-content\/uploads\/2025\/04\/94051360-p-02-640x640.webp 640w, https:\/\/arteconfort.com\/wp-content\/uploads\/2025\/04\/94051360-p-02-960x960.webp 960w, https:\/\/arteconfort.com\/wp-content\/uploads\/2025\/04\/94051360-p-02-300x300.webp 300w, https:\/\/arteconfort.com\/wp-content\/uploads\/2025\/04\/94051360-p-02-600x600.webp 600w, https:\/\/arteconfort.com\/wp-content\/uploads\/2025\/04\/94051360-p-02-100x100.webp 100w\" sizes=\"auto, (max-width: 1024px) 100vw, 1024px\" \/><img loading=\"lazy\" decoding=\"async\" width=\"1024\" height=\"1024\" src=\"https:\/\/arteconfort.com\/wp-content\/uploads\/2025\/04\/94051360-tz-01.webp\" class=\"attachment-shop_catalog size-shop_catalog\" alt=\"\" srcset=\"https:\/\/arteconfort.com\/wp-content\/uploads\/2025\/04\/94051360-tz-01.webp 1024w, https:\/\/arteconfort.com\/wp-content\/uploads\/2025\/04\/94051360-tz-01-768x768.webp 768w, https:\/\/arteconfort.com\/wp-content\/uploads\/2025\/04\/94051360-tz-01-340x340.webp 340w, https:\/\/arteconfort.com\/wp-content\/uploads\/2025\/04\/94051360-tz-01-640x640.webp 640w, https:\/\/arteconfort.com\/wp-content\/uploads\/2025\/04\/94051360-tz-01-960x960.webp 960w, https:\/\/arteconfort.com\/wp-content\/uploads\/2025\/04\/94051360-tz-01-300x300.webp 300w, https:\/\/arteconfort.com\/wp-content\/uploads\/2025\/04\/94051360-tz-01-600x600.webp 600w, https:\/\/arteconfort.com\/wp-content\/uploads\/2025\/04\/94051360-tz-01-100x100.webp 100w\" sizes=\"auto, (max-width: 1024px) 100vw, 1024px\" \/><img loading=\"lazy\" decoding=\"async\" width=\"1024\" height=\"1024\" src=\"https:\/\/arteconfort.com\/wp-content\/uploads\/2025\/04\/VELIX-M-grafico-05.webp\" class=\"attachment-shop_catalog size-shop_catalog\" alt=\"\" srcset=\"https:\/\/arteconfort.com\/wp-content\/uploads\/2025\/04\/VELIX-M-grafico-05.webp 1024w, https:\/\/arteconfort.com\/wp-content\/uploads\/2025\/04\/VELIX-M-grafico-05-768x768.webp 768w, https:\/\/arteconfort.com\/wp-content\/uploads\/2025\/04\/VELIX-M-grafico-05-340x340.webp 340w, https:\/\/arteconfort.com\/wp-content\/uploads\/2025\/04\/VELIX-M-grafico-05-640x640.webp 640w, https:\/\/arteconfort.com\/wp-content\/uploads\/2025\/04\/VELIX-M-grafico-05-960x960.webp 960w, https:\/\/arteconfort.com\/wp-content\/uploads\/2025\/04\/VELIX-M-grafico-05-300x300.webp 300w, https:\/\/arteconfort.com\/wp-content\/uploads\/2025\/04\/VELIX-M-grafico-05-600x600.webp 600w, https:\/\/arteconfort.com\/wp-content\/uploads\/2025\/04\/VELIX-M-grafico-05-100x100.webp 100w\" sizes=\"auto, (max-width: 1024px) 100vw, 1024px\" \/>\t<\/a>\n\t<div class=\"w-product-status\"><\/div>\t<span id=\"woocommerce_loop_add_to_cart_link_describedby_45835\" class=\"screen-reader-text\">\n\t\t\t<\/span>\n<\/div><figcaption><h2 class=\"woocommerce-loop-product__title\">VELIX M<\/h2><div class=\"woocommerce-product-details__short-description\">\n\t<p>VELIX M retractable fan with integrated LED light, high luminous flux and color temperature memory. It has a<\/div>\n\n<\/figcaption><\/figure><\/li>\n<li class=\"product type-product post-45877 status-publish instock product_cat-climatizacion-en product_cat-ventiladores-de-techo-en has-post-thumbnail shipping-taxable product-type-simple w-item col-3\">\n\t<figure><div class=\"image-wrapper\">\t\t<a href=\"https:\/\/arteconfort.com\/en\/producto\/velix-s\/\" class=\"w-fadeslider\">\n\t<img loading=\"lazy\" decoding=\"async\" width=\"1024\" height=\"1024\" src=\"https:\/\/arteconfort.com\/wp-content\/uploads\/2025\/04\/VELIX-S-mando-01.webp\" class=\"attachment-shop_catalog size-shop_catalog wp-post-image\" alt=\"\" srcset=\"https:\/\/arteconfort.com\/wp-content\/uploads\/2025\/04\/VELIX-S-mando-01.webp 1024w, https:\/\/arteconfort.com\/wp-content\/uploads\/2025\/04\/VELIX-S-mando-01-768x768.webp 768w, https:\/\/arteconfort.com\/wp-content\/uploads\/2025\/04\/VELIX-S-mando-01-340x340.webp 340w, https:\/\/arteconfort.com\/wp-content\/uploads\/2025\/04\/VELIX-S-mando-01-640x640.webp 640w, https:\/\/arteconfort.com\/wp-content\/uploads\/2025\/04\/VELIX-S-mando-01-960x960.webp 960w, https:\/\/arteconfort.com\/wp-content\/uploads\/2025\/04\/VELIX-S-mando-01-300x300.webp 300w, https:\/\/arteconfort.com\/wp-content\/uploads\/2025\/04\/VELIX-S-mando-01-600x600.webp 600w, https:\/\/arteconfort.com\/wp-content\/uploads\/2025\/04\/VELIX-S-mando-01-100x100.webp 100w\" sizes=\"auto, (max-width: 1024px) 100vw, 1024px\" \/>\t<img loading=\"lazy\" decoding=\"async\" width=\"1024\" height=\"1024\" src=\"https:\/\/arteconfort.com\/wp-content\/uploads\/2025\/04\/94051359-p-02.webp\" class=\"attachment-shop_catalog size-shop_catalog\" alt=\"\" srcset=\"https:\/\/arteconfort.com\/wp-content\/uploads\/2025\/04\/94051359-p-02.webp 1024w, https:\/\/arteconfort.com\/wp-content\/uploads\/2025\/04\/94051359-p-02-768x768.webp 768w, https:\/\/arteconfort.com\/wp-content\/uploads\/2025\/04\/94051359-p-02-340x340.webp 340w, https:\/\/arteconfort.com\/wp-content\/uploads\/2025\/04\/94051359-p-02-640x640.webp 640w, https:\/\/arteconfort.com\/wp-content\/uploads\/2025\/04\/94051359-p-02-960x960.webp 960w, https:\/\/arteconfort.com\/wp-content\/uploads\/2025\/04\/94051359-p-02-300x300.webp 300w, https:\/\/arteconfort.com\/wp-content\/uploads\/2025\/04\/94051359-p-02-600x600.webp 600w, https:\/\/arteconfort.com\/wp-content\/uploads\/2025\/04\/94051359-p-02-100x100.webp 100w\" sizes=\"auto, (max-width: 1024px) 100vw, 1024px\" \/><img loading=\"lazy\" decoding=\"async\" width=\"1024\" height=\"1024\" src=\"https:\/\/arteconfort.com\/wp-content\/uploads\/2025\/04\/94051359-tz-01.webp\" class=\"attachment-shop_catalog size-shop_catalog\" alt=\"\" srcset=\"https:\/\/arteconfort.com\/wp-content\/uploads\/2025\/04\/94051359-tz-01.webp 1024w, https:\/\/arteconfort.com\/wp-content\/uploads\/2025\/04\/94051359-tz-01-768x768.webp 768w, https:\/\/arteconfort.com\/wp-content\/uploads\/2025\/04\/94051359-tz-01-340x340.webp 340w, https:\/\/arteconfort.com\/wp-content\/uploads\/2025\/04\/94051359-tz-01-640x640.webp 640w, https:\/\/arteconfort.com\/wp-content\/uploads\/2025\/04\/94051359-tz-01-960x960.webp 960w, https:\/\/arteconfort.com\/wp-content\/uploads\/2025\/04\/94051359-tz-01-300x300.webp 300w, https:\/\/arteconfort.com\/wp-content\/uploads\/2025\/04\/94051359-tz-01-600x600.webp 600w, https:\/\/arteconfort.com\/wp-content\/uploads\/2025\/04\/94051359-tz-01-100x100.webp 100w\" sizes=\"auto, (max-width: 1024px) 100vw, 1024px\" \/><img loading=\"lazy\" decoding=\"async\" width=\"1024\" height=\"1024\" src=\"https:\/\/arteconfort.com\/wp-content\/uploads\/2025\/04\/VELIX-S-grafico-05.webp\" class=\"attachment-shop_catalog size-shop_catalog\" alt=\"\" srcset=\"https:\/\/arteconfort.com\/wp-content\/uploads\/2025\/04\/VELIX-S-grafico-05.webp 1024w, https:\/\/arteconfort.com\/wp-content\/uploads\/2025\/04\/VELIX-S-grafico-05-768x768.webp 768w, https:\/\/arteconfort.com\/wp-content\/uploads\/2025\/04\/VELIX-S-grafico-05-340x340.webp 340w, https:\/\/arteconfort.com\/wp-content\/uploads\/2025\/04\/VELIX-S-grafico-05-640x640.webp 640w, https:\/\/arteconfort.com\/wp-content\/uploads\/2025\/04\/VELIX-S-grafico-05-960x960.webp 960w, https:\/\/arteconfort.com\/wp-content\/uploads\/2025\/04\/VELIX-S-grafico-05-300x300.webp 300w, https:\/\/arteconfort.com\/wp-content\/uploads\/2025\/04\/VELIX-S-grafico-05-600x600.webp 600w, https:\/\/arteconfort.com\/wp-content\/uploads\/2025\/04\/VELIX-S-grafico-05-100x100.webp 100w\" sizes=\"auto, (max-width: 1024px) 100vw, 1024px\" \/>\t<\/a>\n\t<div class=\"w-product-status\"><\/div>\t<span id=\"woocommerce_loop_add_to_cart_link_describedby_45877\" class=\"screen-reader-text\">\n\t\t\t<\/span>\n<\/div><figcaption><h2 class=\"woocommerce-loop-product__title\">VELIX S<\/h2><div class=\"woocommerce-product-details__short-description\">\n\t<p>VELIX S retractable fan with integrated LED light, high luminous flux and color temperature memory. It has a<\/div>\n\n<\/figcaption><\/figure><\/li>\n<li class=\"product type-product post-46626 status-publish instock product_cat-climatizacion-en product_cat-ventiladores-de-techo-en has-post-thumbnail shipping-taxable product-type-simple w-item col-3\">\n\t<figure><div class=\"image-wrapper\">\t\t<a href=\"https:\/\/arteconfort.com\/en\/producto\/verona-l\/\" class=\"w-fadeslider\">\n\t<img loading=\"lazy\" decoding=\"async\" width=\"1024\" height=\"1024\" src=\"https:\/\/arteconfort.com\/wp-content\/uploads\/2025\/04\/VeronaL_Blanco_Mando.webp\" class=\"attachment-shop_catalog size-shop_catalog wp-post-image\" alt=\"\" srcset=\"https:\/\/arteconfort.com\/wp-content\/uploads\/2025\/04\/VeronaL_Blanco_Mando.webp 1024w, https:\/\/arteconfort.com\/wp-content\/uploads\/2025\/04\/VeronaL_Blanco_Mando-768x768.webp 768w, https:\/\/arteconfort.com\/wp-content\/uploads\/2025\/04\/VeronaL_Blanco_Mando-340x340.webp 340w, https:\/\/arteconfort.com\/wp-content\/uploads\/2025\/04\/VeronaL_Blanco_Mando-640x640.webp 640w, https:\/\/arteconfort.com\/wp-content\/uploads\/2025\/04\/VeronaL_Blanco_Mando-960x960.webp 960w, https:\/\/arteconfort.com\/wp-content\/uploads\/2025\/04\/VeronaL_Blanco_Mando-300x300.webp 300w, https:\/\/arteconfort.com\/wp-content\/uploads\/2025\/04\/VeronaL_Blanco_Mando-600x600.webp 600w, https:\/\/arteconfort.com\/wp-content\/uploads\/2025\/04\/VeronaL_Blanco_Mando-100x100.webp 100w\" sizes=\"auto, (max-width: 1024px) 100vw, 1024px\" \/>\t<img loading=\"lazy\" decoding=\"async\" width=\"1024\" height=\"1024\" src=\"https:\/\/arteconfort.com\/wp-content\/uploads\/2025\/04\/VeronaL_Negro_Mando.webp\" class=\"attachment-shop_catalog size-shop_catalog\" alt=\"\" srcset=\"https:\/\/arteconfort.com\/wp-content\/uploads\/2025\/04\/VeronaL_Negro_Mando.webp 1024w, https:\/\/arteconfort.com\/wp-content\/uploads\/2025\/04\/VeronaL_Negro_Mando-768x768.webp 768w, https:\/\/arteconfort.com\/wp-content\/uploads\/2025\/04\/VeronaL_Negro_Mando-340x340.webp 340w, https:\/\/arteconfort.com\/wp-content\/uploads\/2025\/04\/VeronaL_Negro_Mando-640x640.webp 640w, https:\/\/arteconfort.com\/wp-content\/uploads\/2025\/04\/VeronaL_Negro_Mando-960x960.webp 960w, https:\/\/arteconfort.com\/wp-content\/uploads\/2025\/04\/VeronaL_Negro_Mando-300x300.webp 300w, https:\/\/arteconfort.com\/wp-content\/uploads\/2025\/04\/VeronaL_Negro_Mando-600x600.webp 600w, https:\/\/arteconfort.com\/wp-content\/uploads\/2025\/04\/VeronaL_Negro_Mando-100x100.webp 100w\" sizes=\"auto, (max-width: 1024px) 100vw, 1024px\" \/><img loading=\"lazy\" decoding=\"async\" width=\"1024\" height=\"1024\" src=\"https:\/\/arteconfort.com\/wp-content\/uploads\/2025\/04\/VERONA-L-Blanco-Detalle.webp\" class=\"attachment-shop_catalog size-shop_catalog\" alt=\"\" srcset=\"https:\/\/arteconfort.com\/wp-content\/uploads\/2025\/04\/VERONA-L-Blanco-Detalle.webp 1024w, https:\/\/arteconfort.com\/wp-content\/uploads\/2025\/04\/VERONA-L-Blanco-Detalle-768x768.webp 768w, https:\/\/arteconfort.com\/wp-content\/uploads\/2025\/04\/VERONA-L-Blanco-Detalle-340x340.webp 340w, https:\/\/arteconfort.com\/wp-content\/uploads\/2025\/04\/VERONA-L-Blanco-Detalle-640x640.webp 640w, https:\/\/arteconfort.com\/wp-content\/uploads\/2025\/04\/VERONA-L-Blanco-Detalle-960x960.webp 960w, https:\/\/arteconfort.com\/wp-content\/uploads\/2025\/04\/VERONA-L-Blanco-Detalle-300x300.webp 300w, https:\/\/arteconfort.com\/wp-content\/uploads\/2025\/04\/VERONA-L-Blanco-Detalle-600x600.webp 600w, https:\/\/arteconfort.com\/wp-content\/uploads\/2025\/04\/VERONA-L-Blanco-Detalle-100x100.webp 100w\" sizes=\"auto, (max-width: 1024px) 100vw, 1024px\" \/><img loading=\"lazy\" decoding=\"async\" width=\"1024\" height=\"1024\" src=\"https:\/\/arteconfort.com\/wp-content\/uploads\/2025\/04\/VeronaL_Negro_Producto_Cerrado.webp\" class=\"attachment-shop_catalog size-shop_catalog\" alt=\"\" srcset=\"https:\/\/arteconfort.com\/wp-content\/uploads\/2025\/04\/VeronaL_Negro_Producto_Cerrado.webp 1024w, https:\/\/arteconfort.com\/wp-content\/uploads\/2025\/04\/VeronaL_Negro_Producto_Cerrado-768x768.webp 768w, https:\/\/arteconfort.com\/wp-content\/uploads\/2025\/04\/VeronaL_Negro_Producto_Cerrado-340x340.webp 340w, https:\/\/arteconfort.com\/wp-content\/uploads\/2025\/04\/VeronaL_Negro_Producto_Cerrado-640x640.webp 640w, https:\/\/arteconfort.com\/wp-content\/uploads\/2025\/04\/VeronaL_Negro_Producto_Cerrado-960x960.webp 960w, https:\/\/arteconfort.com\/wp-content\/uploads\/2025\/04\/VeronaL_Negro_Producto_Cerrado-300x300.webp 300w, https:\/\/arteconfort.com\/wp-content\/uploads\/2025\/04\/VeronaL_Negro_Producto_Cerrado-600x600.webp 600w, https:\/\/arteconfort.com\/wp-content\/uploads\/2025\/04\/VeronaL_Negro_Producto_Cerrado-100x100.webp 100w\" sizes=\"auto, (max-width: 1024px) 100vw, 1024px\" \/><img loading=\"lazy\" decoding=\"async\" width=\"1024\" height=\"1024\" src=\"https:\/\/arteconfort.com\/wp-content\/uploads\/2025\/04\/VeronaL_Blanco_Temperatura.webp\" class=\"attachment-shop_catalog size-shop_catalog\" alt=\"\" srcset=\"https:\/\/arteconfort.com\/wp-content\/uploads\/2025\/04\/VeronaL_Blanco_Temperatura.webp 1024w, https:\/\/arteconfort.com\/wp-content\/uploads\/2025\/04\/VeronaL_Blanco_Temperatura-768x768.webp 768w, https:\/\/arteconfort.com\/wp-content\/uploads\/2025\/04\/VeronaL_Blanco_Temperatura-340x340.webp 340w, https:\/\/arteconfort.com\/wp-content\/uploads\/2025\/04\/VeronaL_Blanco_Temperatura-640x640.webp 640w, https:\/\/arteconfort.com\/wp-content\/uploads\/2025\/04\/VeronaL_Blanco_Temperatura-960x960.webp 960w, https:\/\/arteconfort.com\/wp-content\/uploads\/2025\/04\/VeronaL_Blanco_Temperatura-300x300.webp 300w, https:\/\/arteconfort.com\/wp-content\/uploads\/2025\/04\/VeronaL_Blanco_Temperatura-600x600.webp 600w, https:\/\/arteconfort.com\/wp-content\/uploads\/2025\/04\/VeronaL_Blanco_Temperatura-100x100.webp 100w\" sizes=\"auto, (max-width: 1024px) 100vw, 1024px\" \/><img loading=\"lazy\" decoding=\"async\" width=\"1024\" height=\"1024\" src=\"https:\/\/arteconfort.com\/wp-content\/uploads\/2025\/04\/VeronaL_Negro_Temperatura.webp\" class=\"attachment-shop_catalog size-shop_catalog\" alt=\"\" srcset=\"https:\/\/arteconfort.com\/wp-content\/uploads\/2025\/04\/VeronaL_Negro_Temperatura.webp 1024w, https:\/\/arteconfort.com\/wp-content\/uploads\/2025\/04\/VeronaL_Negro_Temperatura-768x768.webp 768w, https:\/\/arteconfort.com\/wp-content\/uploads\/2025\/04\/VeronaL_Negro_Temperatura-340x340.webp 340w, https:\/\/arteconfort.com\/wp-content\/uploads\/2025\/04\/VeronaL_Negro_Temperatura-640x640.webp 640w, https:\/\/arteconfort.com\/wp-content\/uploads\/2025\/04\/VeronaL_Negro_Temperatura-960x960.webp 960w, https:\/\/arteconfort.com\/wp-content\/uploads\/2025\/04\/VeronaL_Negro_Temperatura-300x300.webp 300w, https:\/\/arteconfort.com\/wp-content\/uploads\/2025\/04\/VeronaL_Negro_Temperatura-600x600.webp 600w, https:\/\/arteconfort.com\/wp-content\/uploads\/2025\/04\/VeronaL_Negro_Temperatura-100x100.webp 100w\" sizes=\"auto, (max-width: 1024px) 100vw, 1024px\" \/><img loading=\"lazy\" decoding=\"async\" width=\"1024\" height=\"1024\" src=\"https:\/\/arteconfort.com\/wp-content\/uploads\/2025\/04\/Verona-L-Blanco-Grafico.webp\" class=\"attachment-shop_catalog size-shop_catalog\" alt=\"\" srcset=\"https:\/\/arteconfort.com\/wp-content\/uploads\/2025\/04\/Verona-L-Blanco-Grafico.webp 1024w, https:\/\/arteconfort.com\/wp-content\/uploads\/2025\/04\/Verona-L-Blanco-Grafico-768x768.webp 768w, https:\/\/arteconfort.com\/wp-content\/uploads\/2025\/04\/Verona-L-Blanco-Grafico-340x340.webp 340w, https:\/\/arteconfort.com\/wp-content\/uploads\/2025\/04\/Verona-L-Blanco-Grafico-640x640.webp 640w, https:\/\/arteconfort.com\/wp-content\/uploads\/2025\/04\/Verona-L-Blanco-Grafico-960x960.webp 960w, https:\/\/arteconfort.com\/wp-content\/uploads\/2025\/04\/Verona-L-Blanco-Grafico-300x300.webp 300w, https:\/\/arteconfort.com\/wp-content\/uploads\/2025\/04\/Verona-L-Blanco-Grafico-600x600.webp 600w, https:\/\/arteconfort.com\/wp-content\/uploads\/2025\/04\/Verona-L-Blanco-Grafico-100x100.webp 100w\" sizes=\"auto, (max-width: 1024px) 100vw, 1024px\" \/>\t<\/a>\n\t<div class=\"w-product-status\"><\/div>\t<span id=\"woocommerce_loop_add_to_cart_link_describedby_46626\" class=\"screen-reader-text\">\n\t\t\t<\/span>\n<\/div><figcaption><h2 class=\"woocommerce-loop-product__title\">VERONA L<\/h2><div class=\"woocommerce-product-details__short-description\">\n\t<p>The VERONA L ceiling fan with retractable or concealed blades incorporates LED light and color temperature memory. It<\/div>\n\n<\/figcaption><\/figure><\/li>\n<li class=\"product type-product post-46697 status-publish last instock product_cat-climatizacion-en product_cat-ventiladores-de-techo-en has-post-thumbnail shipping-taxable product-type-simple w-item col-3\">\n\t<figure><div class=\"image-wrapper\">\t\t<a href=\"https:\/\/arteconfort.com\/en\/producto\/verona-m\/\" class=\"w-fadeslider\">\n\t<img loading=\"lazy\" decoding=\"async\" width=\"1024\" height=\"1024\" src=\"https:\/\/arteconfort.com\/wp-content\/uploads\/2025\/04\/VeronaM_Blanco_Mando.webp\" class=\"attachment-shop_catalog size-shop_catalog wp-post-image\" alt=\"\" srcset=\"https:\/\/arteconfort.com\/wp-content\/uploads\/2025\/04\/VeronaM_Blanco_Mando.webp 1024w, https:\/\/arteconfort.com\/wp-content\/uploads\/2025\/04\/VeronaM_Blanco_Mando-768x768.webp 768w, https:\/\/arteconfort.com\/wp-content\/uploads\/2025\/04\/VeronaM_Blanco_Mando-340x340.webp 340w, https:\/\/arteconfort.com\/wp-content\/uploads\/2025\/04\/VeronaM_Blanco_Mando-640x640.webp 640w, https:\/\/arteconfort.com\/wp-content\/uploads\/2025\/04\/VeronaM_Blanco_Mando-960x960.webp 960w, https:\/\/arteconfort.com\/wp-content\/uploads\/2025\/04\/VeronaM_Blanco_Mando-300x300.webp 300w, https:\/\/arteconfort.com\/wp-content\/uploads\/2025\/04\/VeronaM_Blanco_Mando-600x600.webp 600w, https:\/\/arteconfort.com\/wp-content\/uploads\/2025\/04\/VeronaM_Blanco_Mando-100x100.webp 100w\" sizes=\"auto, (max-width: 1024px) 100vw, 1024px\" \/>\t<img loading=\"lazy\" decoding=\"async\" width=\"1024\" height=\"1024\" src=\"https:\/\/arteconfort.com\/wp-content\/uploads\/2025\/04\/VeronaM_Blanco_Producto_Cerrado.webp\" class=\"attachment-shop_catalog size-shop_catalog\" alt=\"\" srcset=\"https:\/\/arteconfort.com\/wp-content\/uploads\/2025\/04\/VeronaM_Blanco_Producto_Cerrado.webp 1024w, https:\/\/arteconfort.com\/wp-content\/uploads\/2025\/04\/VeronaM_Blanco_Producto_Cerrado-768x768.webp 768w, https:\/\/arteconfort.com\/wp-content\/uploads\/2025\/04\/VeronaM_Blanco_Producto_Cerrado-340x340.webp 340w, https:\/\/arteconfort.com\/wp-content\/uploads\/2025\/04\/VeronaM_Blanco_Producto_Cerrado-640x640.webp 640w, https:\/\/arteconfort.com\/wp-content\/uploads\/2025\/04\/VeronaM_Blanco_Producto_Cerrado-960x960.webp 960w, https:\/\/arteconfort.com\/wp-content\/uploads\/2025\/04\/VeronaM_Blanco_Producto_Cerrado-300x300.webp 300w, https:\/\/arteconfort.com\/wp-content\/uploads\/2025\/04\/VeronaM_Blanco_Producto_Cerrado-600x600.webp 600w, https:\/\/arteconfort.com\/wp-content\/uploads\/2025\/04\/VeronaM_Blanco_Producto_Cerrado-100x100.webp 100w\" sizes=\"auto, (max-width: 1024px) 100vw, 1024px\" \/><img loading=\"lazy\" decoding=\"async\" width=\"1024\" height=\"1024\" src=\"https:\/\/arteconfort.com\/wp-content\/uploads\/2025\/04\/VeronaM_Blanco_Temperatura.webp\" class=\"attachment-shop_catalog size-shop_catalog\" alt=\"\" srcset=\"https:\/\/arteconfort.com\/wp-content\/uploads\/2025\/04\/VeronaM_Blanco_Temperatura.webp 1024w, https:\/\/arteconfort.com\/wp-content\/uploads\/2025\/04\/VeronaM_Blanco_Temperatura-768x768.webp 768w, https:\/\/arteconfort.com\/wp-content\/uploads\/2025\/04\/VeronaM_Blanco_Temperatura-340x340.webp 340w, https:\/\/arteconfort.com\/wp-content\/uploads\/2025\/04\/VeronaM_Blanco_Temperatura-640x640.webp 640w, https:\/\/arteconfort.com\/wp-content\/uploads\/2025\/04\/VeronaM_Blanco_Temperatura-960x960.webp 960w, https:\/\/arteconfort.com\/wp-content\/uploads\/2025\/04\/VeronaM_Blanco_Temperatura-300x300.webp 300w, https:\/\/arteconfort.com\/wp-content\/uploads\/2025\/04\/VeronaM_Blanco_Temperatura-600x600.webp 600w, https:\/\/arteconfort.com\/wp-content\/uploads\/2025\/04\/VeronaM_Blanco_Temperatura-100x100.webp 100w\" sizes=\"auto, (max-width: 1024px) 100vw, 1024px\" \/><img loading=\"lazy\" decoding=\"async\" width=\"1024\" height=\"1024\" src=\"https:\/\/arteconfort.com\/wp-content\/uploads\/2025\/04\/Verona-M-Blanco-Grafico.webp\" class=\"attachment-shop_catalog size-shop_catalog\" alt=\"\" srcset=\"https:\/\/arteconfort.com\/wp-content\/uploads\/2025\/04\/Verona-M-Blanco-Grafico.webp 1024w, https:\/\/arteconfort.com\/wp-content\/uploads\/2025\/04\/Verona-M-Blanco-Grafico-768x768.webp 768w, https:\/\/arteconfort.com\/wp-content\/uploads\/2025\/04\/Verona-M-Blanco-Grafico-340x340.webp 340w, https:\/\/arteconfort.com\/wp-content\/uploads\/2025\/04\/Verona-M-Blanco-Grafico-640x640.webp 640w, https:\/\/arteconfort.com\/wp-content\/uploads\/2025\/04\/Verona-M-Blanco-Grafico-960x960.webp 960w, https:\/\/arteconfort.com\/wp-content\/uploads\/2025\/04\/Verona-M-Blanco-Grafico-300x300.webp 300w, https:\/\/arteconfort.com\/wp-content\/uploads\/2025\/04\/Verona-M-Blanco-Grafico-600x600.webp 600w, https:\/\/arteconfort.com\/wp-content\/uploads\/2025\/04\/Verona-M-Blanco-Grafico-100x100.webp 100w\" sizes=\"auto, (max-width: 1024px) 100vw, 1024px\" \/>\t<\/a>\n\t<div class=\"w-product-status\"><\/div>\t<span id=\"woocommerce_loop_add_to_cart_link_describedby_46697\" class=\"screen-reader-text\">\n\t\t\t<\/span>\n<\/div><figcaption><h2 class=\"woocommerce-loop-product__title\">VERONA M<\/h2><div class=\"woocommerce-product-details__short-description\">\n\t<p>The VERONA M concealed or retractable blades ceiling fan incorporates LED light and color temperature memory. It has<\/div>\n\n<\/figcaption><\/figure><\/li>\n<li class=\"product type-product post-46735 status-publish first instock product_cat-climatizacion-en product_cat-ventiladores-de-techo-en has-post-thumbnail shipping-taxable product-type-simple w-item col-3\">\n\t<figure><div class=\"image-wrapper\">\t\t<a href=\"https:\/\/arteconfort.com\/en\/producto\/verona-s\/\" class=\"w-fadeslider\">\n\t<img loading=\"lazy\" decoding=\"async\" width=\"1024\" height=\"1024\" src=\"https:\/\/arteconfort.com\/wp-content\/uploads\/2025\/04\/VeronaS_Blanco_Mando.webp\" class=\"attachment-shop_catalog size-shop_catalog wp-post-image\" alt=\"\" srcset=\"https:\/\/arteconfort.com\/wp-content\/uploads\/2025\/04\/VeronaS_Blanco_Mando.webp 1024w, https:\/\/arteconfort.com\/wp-content\/uploads\/2025\/04\/VeronaS_Blanco_Mando-768x768.webp 768w, https:\/\/arteconfort.com\/wp-content\/uploads\/2025\/04\/VeronaS_Blanco_Mando-340x340.webp 340w, https:\/\/arteconfort.com\/wp-content\/uploads\/2025\/04\/VeronaS_Blanco_Mando-640x640.webp 640w, https:\/\/arteconfort.com\/wp-content\/uploads\/2025\/04\/VeronaS_Blanco_Mando-960x960.webp 960w, https:\/\/arteconfort.com\/wp-content\/uploads\/2025\/04\/VeronaS_Blanco_Mando-300x300.webp 300w, https:\/\/arteconfort.com\/wp-content\/uploads\/2025\/04\/VeronaS_Blanco_Mando-600x600.webp 600w, https:\/\/arteconfort.com\/wp-content\/uploads\/2025\/04\/VeronaS_Blanco_Mando-100x100.webp 100w\" sizes=\"auto, (max-width: 1024px) 100vw, 1024px\" \/>\t<img loading=\"lazy\" decoding=\"async\" width=\"1024\" height=\"1024\" src=\"https:\/\/arteconfort.com\/wp-content\/uploads\/2025\/04\/VeronaS_Producto_Cerrado.webp\" class=\"attachment-shop_catalog size-shop_catalog\" alt=\"\" srcset=\"https:\/\/arteconfort.com\/wp-content\/uploads\/2025\/04\/VeronaS_Producto_Cerrado.webp 1024w, https:\/\/arteconfort.com\/wp-content\/uploads\/2025\/04\/VeronaS_Producto_Cerrado-768x768.webp 768w, https:\/\/arteconfort.com\/wp-content\/uploads\/2025\/04\/VeronaS_Producto_Cerrado-340x340.webp 340w, https:\/\/arteconfort.com\/wp-content\/uploads\/2025\/04\/VeronaS_Producto_Cerrado-640x640.webp 640w, https:\/\/arteconfort.com\/wp-content\/uploads\/2025\/04\/VeronaS_Producto_Cerrado-960x960.webp 960w, https:\/\/arteconfort.com\/wp-content\/uploads\/2025\/04\/VeronaS_Producto_Cerrado-300x300.webp 300w, https:\/\/arteconfort.com\/wp-content\/uploads\/2025\/04\/VeronaS_Producto_Cerrado-600x600.webp 600w, https:\/\/arteconfort.com\/wp-content\/uploads\/2025\/04\/VeronaS_Producto_Cerrado-100x100.webp 100w\" sizes=\"auto, (max-width: 1024px) 100vw, 1024px\" \/><img loading=\"lazy\" decoding=\"async\" width=\"1024\" height=\"1024\" src=\"https:\/\/arteconfort.com\/wp-content\/uploads\/2025\/04\/VeronaS_Blanco_Temperatura.webp\" class=\"attachment-shop_catalog size-shop_catalog\" alt=\"\" srcset=\"https:\/\/arteconfort.com\/wp-content\/uploads\/2025\/04\/VeronaS_Blanco_Temperatura.webp 1024w, https:\/\/arteconfort.com\/wp-content\/uploads\/2025\/04\/VeronaS_Blanco_Temperatura-768x768.webp 768w, https:\/\/arteconfort.com\/wp-content\/uploads\/2025\/04\/VeronaS_Blanco_Temperatura-340x340.webp 340w, https:\/\/arteconfort.com\/wp-content\/uploads\/2025\/04\/VeronaS_Blanco_Temperatura-640x640.webp 640w, https:\/\/arteconfort.com\/wp-content\/uploads\/2025\/04\/VeronaS_Blanco_Temperatura-960x960.webp 960w, https:\/\/arteconfort.com\/wp-content\/uploads\/2025\/04\/VeronaS_Blanco_Temperatura-300x300.webp 300w, https:\/\/arteconfort.com\/wp-content\/uploads\/2025\/04\/VeronaS_Blanco_Temperatura-600x600.webp 600w, https:\/\/arteconfort.com\/wp-content\/uploads\/2025\/04\/VeronaS_Blanco_Temperatura-100x100.webp 100w\" sizes=\"auto, (max-width: 1024px) 100vw, 1024px\" \/><img loading=\"lazy\" decoding=\"async\" width=\"1024\" height=\"1024\" src=\"https:\/\/arteconfort.com\/wp-content\/uploads\/2025\/04\/Verona-S-Blanco-Grafico.webp\" class=\"attachment-shop_catalog size-shop_catalog\" alt=\"\" srcset=\"https:\/\/arteconfort.com\/wp-content\/uploads\/2025\/04\/Verona-S-Blanco-Grafico.webp 1024w, https:\/\/arteconfort.com\/wp-content\/uploads\/2025\/04\/Verona-S-Blanco-Grafico-768x768.webp 768w, https:\/\/arteconfort.com\/wp-content\/uploads\/2025\/04\/Verona-S-Blanco-Grafico-340x340.webp 340w, https:\/\/arteconfort.com\/wp-content\/uploads\/2025\/04\/Verona-S-Blanco-Grafico-640x640.webp 640w, https:\/\/arteconfort.com\/wp-content\/uploads\/2025\/04\/Verona-S-Blanco-Grafico-960x960.webp 960w, https:\/\/arteconfort.com\/wp-content\/uploads\/2025\/04\/Verona-S-Blanco-Grafico-300x300.webp 300w, https:\/\/arteconfort.com\/wp-content\/uploads\/2025\/04\/Verona-S-Blanco-Grafico-600x600.webp 600w, https:\/\/arteconfort.com\/wp-content\/uploads\/2025\/04\/Verona-S-Blanco-Grafico-100x100.webp 100w\" sizes=\"auto, (max-width: 1024px) 100vw, 1024px\" \/>\t<\/a>\n\t<div class=\"w-product-status\"><\/div>\t<span id=\"woocommerce_loop_add_to_cart_link_describedby_46735\" class=\"screen-reader-text\">\n\t\t\t<\/span>\n<\/div><figcaption><h2 class=\"woocommerce-loop-product__title\">VERONA S<\/h2><div class=\"woocommerce-product-details__short-description\">\n\t<p>The VERONA S concealed or retractable blades ceiling fan incorporates LED light and color temperature memory. It has<\/div>\n\n<\/figcaption><\/figure><\/li>\n<li class=\"product type-product post-25329 status-publish instock product_cat-climatizacion-en product_cat-collection-old-en product_cat-ventiladores-de-techo-en has-post-thumbnail shipping-taxable product-type-simple w-item col-3\">\n\t<figure><div class=\"image-wrapper\">\t\t<a href=\"https:\/\/arteconfort.com\/en\/producto\/violeta\/\" class=\"w-fadeslider\">\n\t<img loading=\"lazy\" decoding=\"async\" width=\"1024\" height=\"1024\" src=\"https:\/\/arteconfort.com\/wp-content\/uploads\/2024\/06\/ventilador-VIOLETA-86536488-p-01.webp\" class=\"attachment-shop_catalog size-shop_catalog wp-post-image\" alt=\"Ventilador VIOLETA con mando\" srcset=\"https:\/\/arteconfort.com\/wp-content\/uploads\/2024\/06\/ventilador-VIOLETA-86536488-p-01.webp 1024w, https:\/\/arteconfort.com\/wp-content\/uploads\/2024\/06\/ventilador-VIOLETA-86536488-p-01-768x768.webp 768w, https:\/\/arteconfort.com\/wp-content\/uploads\/2024\/06\/ventilador-VIOLETA-86536488-p-01-340x340.webp 340w, https:\/\/arteconfort.com\/wp-content\/uploads\/2024\/06\/ventilador-VIOLETA-86536488-p-01-640x640.webp 640w, https:\/\/arteconfort.com\/wp-content\/uploads\/2024\/06\/ventilador-VIOLETA-86536488-p-01-960x960.webp 960w, https:\/\/arteconfort.com\/wp-content\/uploads\/2024\/06\/ventilador-VIOLETA-86536488-p-01-300x300.webp 300w, https:\/\/arteconfort.com\/wp-content\/uploads\/2024\/06\/ventilador-VIOLETA-86536488-p-01-600x600.webp 600w, https:\/\/arteconfort.com\/wp-content\/uploads\/2024\/06\/ventilador-VIOLETA-86536488-p-01-100x100.webp 100w, https:\/\/arteconfort.com\/wp-content\/uploads\/2024\/06\/ventilador-VIOLETA-86536488-p-01-133x133.webp 133w\" sizes=\"auto, (max-width: 1024px) 100vw, 1024px\" \/>\t<img loading=\"lazy\" decoding=\"async\" width=\"1024\" height=\"1024\" src=\"https:\/\/arteconfort.com\/wp-content\/uploads\/2024\/06\/ventilador-VIOLETA-86536488-a-01.webp\" class=\"attachment-shop_catalog size-shop_catalog\" alt=\"Ventilador VIOLETA ambiente dia 1\" srcset=\"https:\/\/arteconfort.com\/wp-content\/uploads\/2024\/06\/ventilador-VIOLETA-86536488-a-01.webp 1024w, https:\/\/arteconfort.com\/wp-content\/uploads\/2024\/06\/ventilador-VIOLETA-86536488-a-01-768x768.webp 768w, https:\/\/arteconfort.com\/wp-content\/uploads\/2024\/06\/ventilador-VIOLETA-86536488-a-01-340x340.webp 340w, https:\/\/arteconfort.com\/wp-content\/uploads\/2024\/06\/ventilador-VIOLETA-86536488-a-01-640x640.webp 640w, https:\/\/arteconfort.com\/wp-content\/uploads\/2024\/06\/ventilador-VIOLETA-86536488-a-01-960x960.webp 960w, https:\/\/arteconfort.com\/wp-content\/uploads\/2024\/06\/ventilador-VIOLETA-86536488-a-01-133x133.webp 133w, https:\/\/arteconfort.com\/wp-content\/uploads\/2024\/06\/ventilador-VIOLETA-86536488-a-01-300x300.webp 300w, https:\/\/arteconfort.com\/wp-content\/uploads\/2024\/06\/ventilador-VIOLETA-86536488-a-01-600x600.webp 600w, https:\/\/arteconfort.com\/wp-content\/uploads\/2024\/06\/ventilador-VIOLETA-86536488-a-01-100x100.webp 100w\" sizes=\"auto, (max-width: 1024px) 100vw, 1024px\" \/><img loading=\"lazy\" decoding=\"async\" width=\"1024\" height=\"1024\" src=\"https:\/\/arteconfort.com\/wp-content\/uploads\/2024\/06\/ventilador-VIOLETA-86536488-p-02.webp\" class=\"attachment-shop_catalog size-shop_catalog\" alt=\"Ventilador VIOLETA lateral\" srcset=\"https:\/\/arteconfort.com\/wp-content\/uploads\/2024\/06\/ventilador-VIOLETA-86536488-p-02.webp 1024w, https:\/\/arteconfort.com\/wp-content\/uploads\/2024\/06\/ventilador-VIOLETA-86536488-p-02-768x768.webp 768w, https:\/\/arteconfort.com\/wp-content\/uploads\/2024\/06\/ventilador-VIOLETA-86536488-p-02-340x340.webp 340w, https:\/\/arteconfort.com\/wp-content\/uploads\/2024\/06\/ventilador-VIOLETA-86536488-p-02-640x640.webp 640w, https:\/\/arteconfort.com\/wp-content\/uploads\/2024\/06\/ventilador-VIOLETA-86536488-p-02-960x960.webp 960w, https:\/\/arteconfort.com\/wp-content\/uploads\/2024\/06\/ventilador-VIOLETA-86536488-p-02-133x133.webp 133w, https:\/\/arteconfort.com\/wp-content\/uploads\/2024\/06\/ventilador-VIOLETA-86536488-p-02-300x300.webp 300w, https:\/\/arteconfort.com\/wp-content\/uploads\/2024\/06\/ventilador-VIOLETA-86536488-p-02-600x600.webp 600w, https:\/\/arteconfort.com\/wp-content\/uploads\/2024\/06\/ventilador-VIOLETA-86536488-p-02-100x100.webp 100w\" sizes=\"auto, (max-width: 1024px) 100vw, 1024px\" \/><img loading=\"lazy\" decoding=\"async\" width=\"1024\" height=\"1024\" src=\"https:\/\/arteconfort.com\/wp-content\/uploads\/2024\/06\/ventilador-VIOLETA-86536488-pat-01.webp\" class=\"attachment-shop_catalog size-shop_catalog\" alt=\"Ventilador VIOLETA grafico\" srcset=\"https:\/\/arteconfort.com\/wp-content\/uploads\/2024\/06\/ventilador-VIOLETA-86536488-pat-01.webp 1024w, https:\/\/arteconfort.com\/wp-content\/uploads\/2024\/06\/ventilador-VIOLETA-86536488-pat-01-768x768.webp 768w, https:\/\/arteconfort.com\/wp-content\/uploads\/2024\/06\/ventilador-VIOLETA-86536488-pat-01-340x340.webp 340w, https:\/\/arteconfort.com\/wp-content\/uploads\/2024\/06\/ventilador-VIOLETA-86536488-pat-01-640x640.webp 640w, https:\/\/arteconfort.com\/wp-content\/uploads\/2024\/06\/ventilador-VIOLETA-86536488-pat-01-960x960.webp 960w, https:\/\/arteconfort.com\/wp-content\/uploads\/2024\/06\/ventilador-VIOLETA-86536488-pat-01-133x133.webp 133w, https:\/\/arteconfort.com\/wp-content\/uploads\/2024\/06\/ventilador-VIOLETA-86536488-pat-01-300x300.webp 300w, https:\/\/arteconfort.com\/wp-content\/uploads\/2024\/06\/ventilador-VIOLETA-86536488-pat-01-600x600.webp 600w, https:\/\/arteconfort.com\/wp-content\/uploads\/2024\/06\/ventilador-VIOLETA-86536488-pat-01-100x100.webp 100w\" sizes=\"auto, (max-width: 1024px) 100vw, 1024px\" \/><img loading=\"lazy\" decoding=\"async\" width=\"1024\" height=\"1024\" src=\"https:\/\/arteconfort.com\/wp-content\/uploads\/2024\/06\/ventilador-VIOLETA-86536488-tz-01.webp\" class=\"attachment-shop_catalog size-shop_catalog\" alt=\"Ventilador VIOLETA temperatura luces\" srcset=\"https:\/\/arteconfort.com\/wp-content\/uploads\/2024\/06\/ventilador-VIOLETA-86536488-tz-01.webp 1024w, https:\/\/arteconfort.com\/wp-content\/uploads\/2024\/06\/ventilador-VIOLETA-86536488-tz-01-768x768.webp 768w, https:\/\/arteconfort.com\/wp-content\/uploads\/2024\/06\/ventilador-VIOLETA-86536488-tz-01-340x340.webp 340w, https:\/\/arteconfort.com\/wp-content\/uploads\/2024\/06\/ventilador-VIOLETA-86536488-tz-01-640x640.webp 640w, https:\/\/arteconfort.com\/wp-content\/uploads\/2024\/06\/ventilador-VIOLETA-86536488-tz-01-960x960.webp 960w, https:\/\/arteconfort.com\/wp-content\/uploads\/2024\/06\/ventilador-VIOLETA-86536488-tz-01-133x133.webp 133w, https:\/\/arteconfort.com\/wp-content\/uploads\/2024\/06\/ventilador-VIOLETA-86536488-tz-01-300x300.webp 300w, https:\/\/arteconfort.com\/wp-content\/uploads\/2024\/06\/ventilador-VIOLETA-86536488-tz-01-600x600.webp 600w, https:\/\/arteconfort.com\/wp-content\/uploads\/2024\/06\/ventilador-VIOLETA-86536488-tz-01-100x100.webp 100w\" sizes=\"auto, (max-width: 1024px) 100vw, 1024px\" \/><img loading=\"lazy\" decoding=\"async\" width=\"1024\" height=\"1024\" src=\"https:\/\/arteconfort.com\/wp-content\/uploads\/2024\/06\/ventilador-VIOLETA-86536488-a-02.webp\" class=\"attachment-shop_catalog size-shop_catalog\" alt=\"Ventilador VIOLETA ambiente luz calida\" srcset=\"https:\/\/arteconfort.com\/wp-content\/uploads\/2024\/06\/ventilador-VIOLETA-86536488-a-02.webp 1024w, https:\/\/arteconfort.com\/wp-content\/uploads\/2024\/06\/ventilador-VIOLETA-86536488-a-02-768x768.webp 768w, https:\/\/arteconfort.com\/wp-content\/uploads\/2024\/06\/ventilador-VIOLETA-86536488-a-02-340x340.webp 340w, https:\/\/arteconfort.com\/wp-content\/uploads\/2024\/06\/ventilador-VIOLETA-86536488-a-02-640x640.webp 640w, https:\/\/arteconfort.com\/wp-content\/uploads\/2024\/06\/ventilador-VIOLETA-86536488-a-02-960x960.webp 960w, https:\/\/arteconfort.com\/wp-content\/uploads\/2024\/06\/ventilador-VIOLETA-86536488-a-02-133x133.webp 133w, https:\/\/arteconfort.com\/wp-content\/uploads\/2024\/06\/ventilador-VIOLETA-86536488-a-02-300x300.webp 300w, https:\/\/arteconfort.com\/wp-content\/uploads\/2024\/06\/ventilador-VIOLETA-86536488-a-02-600x600.webp 600w, https:\/\/arteconfort.com\/wp-content\/uploads\/2024\/06\/ventilador-VIOLETA-86536488-a-02-100x100.webp 100w\" sizes=\"auto, (max-width: 1024px) 100vw, 1024px\" \/><img loading=\"lazy\" decoding=\"async\" width=\"1024\" height=\"1024\" src=\"https:\/\/arteconfort.com\/wp-content\/uploads\/2024\/06\/ventilador-VIOLETA-86536488-a-03.webp\" class=\"attachment-shop_catalog size-shop_catalog\" alt=\"Ventilador VIOLETA ambiente luz neutra\" srcset=\"https:\/\/arteconfort.com\/wp-content\/uploads\/2024\/06\/ventilador-VIOLETA-86536488-a-03.webp 1024w, https:\/\/arteconfort.com\/wp-content\/uploads\/2024\/06\/ventilador-VIOLETA-86536488-a-03-768x768.webp 768w, https:\/\/arteconfort.com\/wp-content\/uploads\/2024\/06\/ventilador-VIOLETA-86536488-a-03-340x340.webp 340w, https:\/\/arteconfort.com\/wp-content\/uploads\/2024\/06\/ventilador-VIOLETA-86536488-a-03-640x640.webp 640w, https:\/\/arteconfort.com\/wp-content\/uploads\/2024\/06\/ventilador-VIOLETA-86536488-a-03-960x960.webp 960w, https:\/\/arteconfort.com\/wp-content\/uploads\/2024\/06\/ventilador-VIOLETA-86536488-a-03-133x133.webp 133w, https:\/\/arteconfort.com\/wp-content\/uploads\/2024\/06\/ventilador-VIOLETA-86536488-a-03-300x300.webp 300w, https:\/\/arteconfort.com\/wp-content\/uploads\/2024\/06\/ventilador-VIOLETA-86536488-a-03-600x600.webp 600w, https:\/\/arteconfort.com\/wp-content\/uploads\/2024\/06\/ventilador-VIOLETA-86536488-a-03-100x100.webp 100w\" sizes=\"auto, (max-width: 1024px) 100vw, 1024px\" \/><img loading=\"lazy\" decoding=\"async\" width=\"1024\" height=\"1024\" src=\"https:\/\/arteconfort.com\/wp-content\/uploads\/2024\/06\/ventilador-VIOLETA-86536488-a-04.webp\" class=\"attachment-shop_catalog size-shop_catalog\" alt=\"Ventilador VIOLETA ambiente luz fria\" srcset=\"https:\/\/arteconfort.com\/wp-content\/uploads\/2024\/06\/ventilador-VIOLETA-86536488-a-04.webp 1024w, https:\/\/arteconfort.com\/wp-content\/uploads\/2024\/06\/ventilador-VIOLETA-86536488-a-04-768x768.webp 768w, https:\/\/arteconfort.com\/wp-content\/uploads\/2024\/06\/ventilador-VIOLETA-86536488-a-04-340x340.webp 340w, https:\/\/arteconfort.com\/wp-content\/uploads\/2024\/06\/ventilador-VIOLETA-86536488-a-04-640x640.webp 640w, https:\/\/arteconfort.com\/wp-content\/uploads\/2024\/06\/ventilador-VIOLETA-86536488-a-04-960x960.webp 960w, https:\/\/arteconfort.com\/wp-content\/uploads\/2024\/06\/ventilador-VIOLETA-86536488-a-04-133x133.webp 133w, https:\/\/arteconfort.com\/wp-content\/uploads\/2024\/06\/ventilador-VIOLETA-86536488-a-04-300x300.webp 300w, https:\/\/arteconfort.com\/wp-content\/uploads\/2024\/06\/ventilador-VIOLETA-86536488-a-04-600x600.webp 600w, https:\/\/arteconfort.com\/wp-content\/uploads\/2024\/06\/ventilador-VIOLETA-86536488-a-04-100x100.webp 100w\" sizes=\"auto, (max-width: 1024px) 100vw, 1024px\" \/><img loading=\"lazy\" decoding=\"async\" width=\"1024\" height=\"1024\" src=\"https:\/\/arteconfort.com\/wp-content\/uploads\/2024\/06\/ventilador-VIOLETA-86536488-a-05.webp\" class=\"attachment-shop_catalog size-shop_catalog\" alt=\"Ventilador VIOLETA ambiente dia 2\" srcset=\"https:\/\/arteconfort.com\/wp-content\/uploads\/2024\/06\/ventilador-VIOLETA-86536488-a-05.webp 1024w, https:\/\/arteconfort.com\/wp-content\/uploads\/2024\/06\/ventilador-VIOLETA-86536488-a-05-768x768.webp 768w, https:\/\/arteconfort.com\/wp-content\/uploads\/2024\/06\/ventilador-VIOLETA-86536488-a-05-340x340.webp 340w, https:\/\/arteconfort.com\/wp-content\/uploads\/2024\/06\/ventilador-VIOLETA-86536488-a-05-640x640.webp 640w, https:\/\/arteconfort.com\/wp-content\/uploads\/2024\/06\/ventilador-VIOLETA-86536488-a-05-960x960.webp 960w, https:\/\/arteconfort.com\/wp-content\/uploads\/2024\/06\/ventilador-VIOLETA-86536488-a-05-133x133.webp 133w, https:\/\/arteconfort.com\/wp-content\/uploads\/2024\/06\/ventilador-VIOLETA-86536488-a-05-300x300.webp 300w, https:\/\/arteconfort.com\/wp-content\/uploads\/2024\/06\/ventilador-VIOLETA-86536488-a-05-600x600.webp 600w, https:\/\/arteconfort.com\/wp-content\/uploads\/2024\/06\/ventilador-VIOLETA-86536488-a-05-100x100.webp 100w\" sizes=\"auto, (max-width: 1024px) 100vw, 1024px\" \/><img loading=\"lazy\" decoding=\"async\" width=\"1024\" height=\"1024\" src=\"https:\/\/arteconfort.com\/wp-content\/uploads\/2024\/06\/ventilador-VIOLETA-86536488-a-06.webp\" class=\"attachment-shop_catalog size-shop_catalog\" alt=\"Ventilador VIOLETA ambiente dia 3\" srcset=\"https:\/\/arteconfort.com\/wp-content\/uploads\/2024\/06\/ventilador-VIOLETA-86536488-a-06.webp 1024w, https:\/\/arteconfort.com\/wp-content\/uploads\/2024\/06\/ventilador-VIOLETA-86536488-a-06-768x768.webp 768w, https:\/\/arteconfort.com\/wp-content\/uploads\/2024\/06\/ventilador-VIOLETA-86536488-a-06-340x340.webp 340w, https:\/\/arteconfort.com\/wp-content\/uploads\/2024\/06\/ventilador-VIOLETA-86536488-a-06-640x640.webp 640w, https:\/\/arteconfort.com\/wp-content\/uploads\/2024\/06\/ventilador-VIOLETA-86536488-a-06-960x960.webp 960w, https:\/\/arteconfort.com\/wp-content\/uploads\/2024\/06\/ventilador-VIOLETA-86536488-a-06-133x133.webp 133w, https:\/\/arteconfort.com\/wp-content\/uploads\/2024\/06\/ventilador-VIOLETA-86536488-a-06-300x300.webp 300w, https:\/\/arteconfort.com\/wp-content\/uploads\/2024\/06\/ventilador-VIOLETA-86536488-a-06-600x600.webp 600w, https:\/\/arteconfort.com\/wp-content\/uploads\/2024\/06\/ventilador-VIOLETA-86536488-a-06-100x100.webp 100w\" sizes=\"auto, (max-width: 1024px) 100vw, 1024px\" \/>\t<\/a>\n\t<div class=\"w-product-status\"><\/div>\t<span id=\"woocommerce_loop_add_to_cart_link_describedby_25329\" class=\"screen-reader-text\">\n\t\t\t<\/span>\n<\/div><div class=\"berocket_better_labels berocket_better_labels_image\"><div class=\"berocket_better_labels_position berocket_better_labels_position_right\"><div class=\"berocket_better_labels_line berocket_better_labels_line_1\"><div class=\"berocket_better_labels_inline berocket_better_labels_inline_1\"><div class=\"br_alabel br_alabel_type_text br_alabel_template_type_css berocket_alabel_id_22611  br_alabel_better_compatibility\" style=\"\"><span  style=\"\"><i style=\"background-color: #000000; border-color: #000000;\" class=\"template-span-before \"><\/i><i style=\"background-color: #000000; border-color: #000000;\" class=\"template-i \"><\/i><i style=\"background-color: #000000; border-color: #000000;\" class=\"template-i-before \"><\/i><i style=\"background-color: #000000; border-color: #000000;\" class=\"template-i-after \"><\/i><b style=\"position: relative;z-index: 100;text-align: center;color: inherit;\">Old collection<\/b><\/span><\/div><\/div><\/div><\/div><\/div><figcaption><h2 class=\"woocommerce-loop-product__title\">VIOLETA<\/h2><div class=\"woocommerce-product-details__short-description\">\n\t<p>VIOLETA ceiling fan with integrated LED light and colour temperature memory. With a white body and 5 wooden<\/div>\n\n<\/figcaption><\/figure><\/li>\n<li class=\"product type-product post-45918 status-publish instock product_cat-climatizacion-en product_cat-ventiladores-de-techo-en has-post-thumbnail shipping-taxable product-type-simple w-item col-3\">\n\t<figure><div class=\"image-wrapper\">\t\t<a href=\"https:\/\/arteconfort.com\/en\/producto\/whira-l\/\" class=\"w-fadeslider\">\n\t<img loading=\"lazy\" decoding=\"async\" width=\"1024\" height=\"1024\" src=\"https:\/\/arteconfort.com\/wp-content\/uploads\/2025\/04\/WHIRA-L-mando-01.webp\" class=\"attachment-shop_catalog size-shop_catalog wp-post-image\" alt=\"\" srcset=\"https:\/\/arteconfort.com\/wp-content\/uploads\/2025\/04\/WHIRA-L-mando-01.webp 1024w, https:\/\/arteconfort.com\/wp-content\/uploads\/2025\/04\/WHIRA-L-mando-01-768x768.webp 768w, https:\/\/arteconfort.com\/wp-content\/uploads\/2025\/04\/WHIRA-L-mando-01-340x340.webp 340w, https:\/\/arteconfort.com\/wp-content\/uploads\/2025\/04\/WHIRA-L-mando-01-640x640.webp 640w, https:\/\/arteconfort.com\/wp-content\/uploads\/2025\/04\/WHIRA-L-mando-01-960x960.webp 960w, https:\/\/arteconfort.com\/wp-content\/uploads\/2025\/04\/WHIRA-L-mando-01-300x300.webp 300w, https:\/\/arteconfort.com\/wp-content\/uploads\/2025\/04\/WHIRA-L-mando-01-600x600.webp 600w, https:\/\/arteconfort.com\/wp-content\/uploads\/2025\/04\/WHIRA-L-mando-01-100x100.webp 100w\" sizes=\"auto, (max-width: 1024px) 100vw, 1024px\" \/>\t<img loading=\"lazy\" decoding=\"async\" width=\"1024\" height=\"1024\" src=\"https:\/\/arteconfort.com\/wp-content\/uploads\/2025\/04\/94051373-p-02.webp\" class=\"attachment-shop_catalog size-shop_catalog\" alt=\"\" srcset=\"https:\/\/arteconfort.com\/wp-content\/uploads\/2025\/04\/94051373-p-02.webp 1024w, https:\/\/arteconfort.com\/wp-content\/uploads\/2025\/04\/94051373-p-02-768x768.webp 768w, https:\/\/arteconfort.com\/wp-content\/uploads\/2025\/04\/94051373-p-02-340x340.webp 340w, https:\/\/arteconfort.com\/wp-content\/uploads\/2025\/04\/94051373-p-02-640x640.webp 640w, https:\/\/arteconfort.com\/wp-content\/uploads\/2025\/04\/94051373-p-02-960x960.webp 960w, https:\/\/arteconfort.com\/wp-content\/uploads\/2025\/04\/94051373-p-02-300x300.webp 300w, https:\/\/arteconfort.com\/wp-content\/uploads\/2025\/04\/94051373-p-02-600x600.webp 600w, https:\/\/arteconfort.com\/wp-content\/uploads\/2025\/04\/94051373-p-02-100x100.webp 100w\" sizes=\"auto, (max-width: 1024px) 100vw, 1024px\" \/><img loading=\"lazy\" decoding=\"async\" width=\"1024\" height=\"1024\" src=\"https:\/\/arteconfort.com\/wp-content\/uploads\/2025\/04\/WHIRA-L-temperatura.webp\" class=\"attachment-shop_catalog size-shop_catalog\" alt=\"\" srcset=\"https:\/\/arteconfort.com\/wp-content\/uploads\/2025\/04\/WHIRA-L-temperatura.webp 1024w, https:\/\/arteconfort.com\/wp-content\/uploads\/2025\/04\/WHIRA-L-temperatura-768x768.webp 768w, https:\/\/arteconfort.com\/wp-content\/uploads\/2025\/04\/WHIRA-L-temperatura-340x340.webp 340w, https:\/\/arteconfort.com\/wp-content\/uploads\/2025\/04\/WHIRA-L-temperatura-640x640.webp 640w, https:\/\/arteconfort.com\/wp-content\/uploads\/2025\/04\/WHIRA-L-temperatura-960x960.webp 960w, https:\/\/arteconfort.com\/wp-content\/uploads\/2025\/04\/WHIRA-L-temperatura-300x300.webp 300w, https:\/\/arteconfort.com\/wp-content\/uploads\/2025\/04\/WHIRA-L-temperatura-600x600.webp 600w, https:\/\/arteconfort.com\/wp-content\/uploads\/2025\/04\/WHIRA-L-temperatura-100x100.webp 100w\" sizes=\"auto, (max-width: 1024px) 100vw, 1024px\" \/><img loading=\"lazy\" decoding=\"async\" width=\"1024\" height=\"1024\" src=\"https:\/\/arteconfort.com\/wp-content\/uploads\/2025\/04\/WHIRA-L-grafico-05.webp\" class=\"attachment-shop_catalog size-shop_catalog\" alt=\"\" srcset=\"https:\/\/arteconfort.com\/wp-content\/uploads\/2025\/04\/WHIRA-L-grafico-05.webp 1024w, https:\/\/arteconfort.com\/wp-content\/uploads\/2025\/04\/WHIRA-L-grafico-05-768x768.webp 768w, https:\/\/arteconfort.com\/wp-content\/uploads\/2025\/04\/WHIRA-L-grafico-05-340x340.webp 340w, https:\/\/arteconfort.com\/wp-content\/uploads\/2025\/04\/WHIRA-L-grafico-05-640x640.webp 640w, https:\/\/arteconfort.com\/wp-content\/uploads\/2025\/04\/WHIRA-L-grafico-05-960x960.webp 960w, https:\/\/arteconfort.com\/wp-content\/uploads\/2025\/04\/WHIRA-L-grafico-05-300x300.webp 300w, https:\/\/arteconfort.com\/wp-content\/uploads\/2025\/04\/WHIRA-L-grafico-05-600x600.webp 600w, https:\/\/arteconfort.com\/wp-content\/uploads\/2025\/04\/WHIRA-L-grafico-05-100x100.webp 100w\" sizes=\"auto, (max-width: 1024px) 100vw, 1024px\" \/>\t<\/a>\n\t<div class=\"w-product-status\"><\/div>\t<span id=\"woocommerce_loop_add_to_cart_link_describedby_45918\" class=\"screen-reader-text\">\n\t\t\t<\/span>\n<\/div><figcaption><h2 class=\"woocommerce-loop-product__title\">WHIRA L<\/h2><div class=\"woocommerce-product-details__short-description\">\n\t<p>WHIRA L retractable fan with integrated LED light, high luminous flux and color temperature memory. It has a<\/div>\n\n<\/figcaption><\/figure><\/li>\n<li class=\"product type-product post-45963 status-publish last instock product_cat-climatizacion-en product_cat-ventiladores-de-techo-en has-post-thumbnail shipping-taxable product-type-simple w-item col-3\">\n\t<figure><div class=\"image-wrapper\">\t\t<a href=\"https:\/\/arteconfort.com\/en\/producto\/whira-m\/\" class=\"w-fadeslider\">\n\t<img loading=\"lazy\" decoding=\"async\" width=\"1024\" height=\"1024\" src=\"https:\/\/arteconfort.com\/wp-content\/uploads\/2025\/04\/WHIRA-M-mando-01.webp\" class=\"attachment-shop_catalog size-shop_catalog wp-post-image\" alt=\"\" srcset=\"https:\/\/arteconfort.com\/wp-content\/uploads\/2025\/04\/WHIRA-M-mando-01.webp 1024w, https:\/\/arteconfort.com\/wp-content\/uploads\/2025\/04\/WHIRA-M-mando-01-768x768.webp 768w, https:\/\/arteconfort.com\/wp-content\/uploads\/2025\/04\/WHIRA-M-mando-01-340x340.webp 340w, https:\/\/arteconfort.com\/wp-content\/uploads\/2025\/04\/WHIRA-M-mando-01-640x640.webp 640w, https:\/\/arteconfort.com\/wp-content\/uploads\/2025\/04\/WHIRA-M-mando-01-960x960.webp 960w, https:\/\/arteconfort.com\/wp-content\/uploads\/2025\/04\/WHIRA-M-mando-01-300x300.webp 300w, https:\/\/arteconfort.com\/wp-content\/uploads\/2025\/04\/WHIRA-M-mando-01-600x600.webp 600w, https:\/\/arteconfort.com\/wp-content\/uploads\/2025\/04\/WHIRA-M-mando-01-100x100.webp 100w\" sizes=\"auto, (max-width: 1024px) 100vw, 1024px\" \/>\t<img loading=\"lazy\" decoding=\"async\" width=\"1024\" height=\"1024\" src=\"https:\/\/arteconfort.com\/wp-content\/uploads\/2025\/04\/94051372-p-02.webp\" class=\"attachment-shop_catalog size-shop_catalog\" alt=\"\" srcset=\"https:\/\/arteconfort.com\/wp-content\/uploads\/2025\/04\/94051372-p-02.webp 1024w, https:\/\/arteconfort.com\/wp-content\/uploads\/2025\/04\/94051372-p-02-768x768.webp 768w, https:\/\/arteconfort.com\/wp-content\/uploads\/2025\/04\/94051372-p-02-340x340.webp 340w, https:\/\/arteconfort.com\/wp-content\/uploads\/2025\/04\/94051372-p-02-640x640.webp 640w, https:\/\/arteconfort.com\/wp-content\/uploads\/2025\/04\/94051372-p-02-960x960.webp 960w, https:\/\/arteconfort.com\/wp-content\/uploads\/2025\/04\/94051372-p-02-300x300.webp 300w, https:\/\/arteconfort.com\/wp-content\/uploads\/2025\/04\/94051372-p-02-600x600.webp 600w, https:\/\/arteconfort.com\/wp-content\/uploads\/2025\/04\/94051372-p-02-100x100.webp 100w\" sizes=\"auto, (max-width: 1024px) 100vw, 1024px\" \/><img loading=\"lazy\" decoding=\"async\" width=\"1024\" height=\"1024\" src=\"https:\/\/arteconfort.com\/wp-content\/uploads\/2025\/04\/94051372-tz-01.webp\" class=\"attachment-shop_catalog size-shop_catalog\" alt=\"\" srcset=\"https:\/\/arteconfort.com\/wp-content\/uploads\/2025\/04\/94051372-tz-01.webp 1024w, https:\/\/arteconfort.com\/wp-content\/uploads\/2025\/04\/94051372-tz-01-768x768.webp 768w, https:\/\/arteconfort.com\/wp-content\/uploads\/2025\/04\/94051372-tz-01-340x340.webp 340w, https:\/\/arteconfort.com\/wp-content\/uploads\/2025\/04\/94051372-tz-01-640x640.webp 640w, https:\/\/arteconfort.com\/wp-content\/uploads\/2025\/04\/94051372-tz-01-960x960.webp 960w, https:\/\/arteconfort.com\/wp-content\/uploads\/2025\/04\/94051372-tz-01-300x300.webp 300w, https:\/\/arteconfort.com\/wp-content\/uploads\/2025\/04\/94051372-tz-01-600x600.webp 600w, https:\/\/arteconfort.com\/wp-content\/uploads\/2025\/04\/94051372-tz-01-100x100.webp 100w\" sizes=\"auto, (max-width: 1024px) 100vw, 1024px\" \/><img loading=\"lazy\" decoding=\"async\" width=\"1024\" height=\"1024\" src=\"https:\/\/arteconfort.com\/wp-content\/uploads\/2025\/04\/WHIRA-M-grafico-05.webp\" class=\"attachment-shop_catalog size-shop_catalog\" alt=\"\" srcset=\"https:\/\/arteconfort.com\/wp-content\/uploads\/2025\/04\/WHIRA-M-grafico-05.webp 1024w, https:\/\/arteconfort.com\/wp-content\/uploads\/2025\/04\/WHIRA-M-grafico-05-768x768.webp 768w, https:\/\/arteconfort.com\/wp-content\/uploads\/2025\/04\/WHIRA-M-grafico-05-340x340.webp 340w, https:\/\/arteconfort.com\/wp-content\/uploads\/2025\/04\/WHIRA-M-grafico-05-640x640.webp 640w, https:\/\/arteconfort.com\/wp-content\/uploads\/2025\/04\/WHIRA-M-grafico-05-960x960.webp 960w, https:\/\/arteconfort.com\/wp-content\/uploads\/2025\/04\/WHIRA-M-grafico-05-300x300.webp 300w, https:\/\/arteconfort.com\/wp-content\/uploads\/2025\/04\/WHIRA-M-grafico-05-600x600.webp 600w, https:\/\/arteconfort.com\/wp-content\/uploads\/2025\/04\/WHIRA-M-grafico-05-100x100.webp 100w\" sizes=\"auto, (max-width: 1024px) 100vw, 1024px\" \/>\t<\/a>\n\t<div class=\"w-product-status\"><\/div>\t<span id=\"woocommerce_loop_add_to_cart_link_describedby_45963\" class=\"screen-reader-text\">\n\t\t\t<\/span>\n<\/div><figcaption><h2 class=\"woocommerce-loop-product__title\">WHIRA M<\/h2><div class=\"woocommerce-product-details__short-description\">\n\t<p>WHIRA M retractable fan with integrated LED light, high luminous flux and color temperature memory. It has a<\/div>\n\n<\/figcaption><\/figure><\/li>\n<li class=\"product type-product post-46004 status-publish first instock product_cat-climatizacion-en product_cat-ventiladores-de-techo-en has-post-thumbnail shipping-taxable product-type-simple w-item col-3\">\n\t<figure><div class=\"image-wrapper\">\t\t<a href=\"https:\/\/arteconfort.com\/en\/producto\/whira-s\/\" class=\"w-fadeslider\">\n\t<img loading=\"lazy\" decoding=\"async\" width=\"1024\" height=\"1024\" src=\"https:\/\/arteconfort.com\/wp-content\/uploads\/2025\/04\/WHIRA-S-mando-01.webp\" class=\"attachment-shop_catalog size-shop_catalog wp-post-image\" alt=\"\" srcset=\"https:\/\/arteconfort.com\/wp-content\/uploads\/2025\/04\/WHIRA-S-mando-01.webp 1024w, https:\/\/arteconfort.com\/wp-content\/uploads\/2025\/04\/WHIRA-S-mando-01-768x768.webp 768w, https:\/\/arteconfort.com\/wp-content\/uploads\/2025\/04\/WHIRA-S-mando-01-340x340.webp 340w, https:\/\/arteconfort.com\/wp-content\/uploads\/2025\/04\/WHIRA-S-mando-01-640x640.webp 640w, https:\/\/arteconfort.com\/wp-content\/uploads\/2025\/04\/WHIRA-S-mando-01-960x960.webp 960w, https:\/\/arteconfort.com\/wp-content\/uploads\/2025\/04\/WHIRA-S-mando-01-300x300.webp 300w, https:\/\/arteconfort.com\/wp-content\/uploads\/2025\/04\/WHIRA-S-mando-01-600x600.webp 600w, https:\/\/arteconfort.com\/wp-content\/uploads\/2025\/04\/WHIRA-S-mando-01-100x100.webp 100w\" sizes=\"auto, (max-width: 1024px) 100vw, 1024px\" \/>\t<img loading=\"lazy\" decoding=\"async\" width=\"1024\" height=\"1024\" src=\"https:\/\/arteconfort.com\/wp-content\/uploads\/2025\/04\/94051371-p-02.webp\" class=\"attachment-shop_catalog size-shop_catalog\" alt=\"\" srcset=\"https:\/\/arteconfort.com\/wp-content\/uploads\/2025\/04\/94051371-p-02.webp 1024w, https:\/\/arteconfort.com\/wp-content\/uploads\/2025\/04\/94051371-p-02-768x768.webp 768w, https:\/\/arteconfort.com\/wp-content\/uploads\/2025\/04\/94051371-p-02-340x340.webp 340w, https:\/\/arteconfort.com\/wp-content\/uploads\/2025\/04\/94051371-p-02-640x640.webp 640w, https:\/\/arteconfort.com\/wp-content\/uploads\/2025\/04\/94051371-p-02-960x960.webp 960w, https:\/\/arteconfort.com\/wp-content\/uploads\/2025\/04\/94051371-p-02-300x300.webp 300w, https:\/\/arteconfort.com\/wp-content\/uploads\/2025\/04\/94051371-p-02-600x600.webp 600w, https:\/\/arteconfort.com\/wp-content\/uploads\/2025\/04\/94051371-p-02-100x100.webp 100w\" sizes=\"auto, (max-width: 1024px) 100vw, 1024px\" \/><img loading=\"lazy\" decoding=\"async\" width=\"1024\" height=\"1024\" src=\"https:\/\/arteconfort.com\/wp-content\/uploads\/2025\/04\/94051371-tz-01.webp\" class=\"attachment-shop_catalog size-shop_catalog\" alt=\"\" srcset=\"https:\/\/arteconfort.com\/wp-content\/uploads\/2025\/04\/94051371-tz-01.webp 1024w, https:\/\/arteconfort.com\/wp-content\/uploads\/2025\/04\/94051371-tz-01-768x768.webp 768w, https:\/\/arteconfort.com\/wp-content\/uploads\/2025\/04\/94051371-tz-01-340x340.webp 340w, https:\/\/arteconfort.com\/wp-content\/uploads\/2025\/04\/94051371-tz-01-640x640.webp 640w, https:\/\/arteconfort.com\/wp-content\/uploads\/2025\/04\/94051371-tz-01-960x960.webp 960w, https:\/\/arteconfort.com\/wp-content\/uploads\/2025\/04\/94051371-tz-01-300x300.webp 300w, https:\/\/arteconfort.com\/wp-content\/uploads\/2025\/04\/94051371-tz-01-600x600.webp 600w, https:\/\/arteconfort.com\/wp-content\/uploads\/2025\/04\/94051371-tz-01-100x100.webp 100w\" sizes=\"auto, (max-width: 1024px) 100vw, 1024px\" \/><img loading=\"lazy\" decoding=\"async\" width=\"1024\" height=\"1024\" src=\"https:\/\/arteconfort.com\/wp-content\/uploads\/2025\/04\/WHIRA-S-grafico-05.webp\" class=\"attachment-shop_catalog size-shop_catalog\" alt=\"\" srcset=\"https:\/\/arteconfort.com\/wp-content\/uploads\/2025\/04\/WHIRA-S-grafico-05.webp 1024w, https:\/\/arteconfort.com\/wp-content\/uploads\/2025\/04\/WHIRA-S-grafico-05-768x768.webp 768w, https:\/\/arteconfort.com\/wp-content\/uploads\/2025\/04\/WHIRA-S-grafico-05-340x340.webp 340w, https:\/\/arteconfort.com\/wp-content\/uploads\/2025\/04\/WHIRA-S-grafico-05-640x640.webp 640w, https:\/\/arteconfort.com\/wp-content\/uploads\/2025\/04\/WHIRA-S-grafico-05-960x960.webp 960w, https:\/\/arteconfort.com\/wp-content\/uploads\/2025\/04\/WHIRA-S-grafico-05-300x300.webp 300w, https:\/\/arteconfort.com\/wp-content\/uploads\/2025\/04\/WHIRA-S-grafico-05-600x600.webp 600w, https:\/\/arteconfort.com\/wp-content\/uploads\/2025\/04\/WHIRA-S-grafico-05-100x100.webp 100w\" sizes=\"auto, (max-width: 1024px) 100vw, 1024px\" \/>\t<\/a>\n\t<div class=\"w-product-status\"><\/div>\t<span id=\"woocommerce_loop_add_to_cart_link_describedby_46004\" class=\"screen-reader-text\">\n\t\t\t<\/span>\n<\/div><figcaption><h2 class=\"woocommerce-loop-product__title\">WHIRA S<\/h2><div class=\"woocommerce-product-details__short-description\">\n\t<p>WHIRA S retractable fan with integrated LED light, high luminous flux and color temperature memory. It has a<\/div>\n\n<\/figcaption><\/figure><\/li>\n<li class=\"product type-product post-21156 status-publish instock product_cat-climatizacion-en product_cat-collection-old-en product_cat-ventiladores-de-techo-en has-post-thumbnail shipping-taxable product-type-simple w-item col-3\">\n\t<figure><div class=\"image-wrapper\">\t\t<a href=\"https:\/\/arteconfort.com\/en\/producto\/winglet\/\" class=\"w-fadeslider\">\n\t<img loading=\"lazy\" decoding=\"async\" width=\"1024\" height=\"1024\" src=\"https:\/\/arteconfort.com\/wp-content\/uploads\/2024\/06\/ventilador-WINGLET-foto-mando-a-distancia.webp\" class=\"attachment-shop_catalog size-shop_catalog wp-post-image\" alt=\"Ventilador-WINGLET-foto-mando-a-distancia\" srcset=\"https:\/\/arteconfort.com\/wp-content\/uploads\/2024\/06\/ventilador-WINGLET-foto-mando-a-distancia.webp 1024w, https:\/\/arteconfort.com\/wp-content\/uploads\/2024\/06\/ventilador-WINGLET-foto-mando-a-distancia-768x768.webp 768w, https:\/\/arteconfort.com\/wp-content\/uploads\/2024\/06\/ventilador-WINGLET-foto-mando-a-distancia-340x340.webp 340w, https:\/\/arteconfort.com\/wp-content\/uploads\/2024\/06\/ventilador-WINGLET-foto-mando-a-distancia-640x640.webp 640w, https:\/\/arteconfort.com\/wp-content\/uploads\/2024\/06\/ventilador-WINGLET-foto-mando-a-distancia-960x960.webp 960w, https:\/\/arteconfort.com\/wp-content\/uploads\/2024\/06\/ventilador-WINGLET-foto-mando-a-distancia-300x300.webp 300w, https:\/\/arteconfort.com\/wp-content\/uploads\/2024\/06\/ventilador-WINGLET-foto-mando-a-distancia-600x600.webp 600w, https:\/\/arteconfort.com\/wp-content\/uploads\/2024\/06\/ventilador-WINGLET-foto-mando-a-distancia-100x100.webp 100w, https:\/\/arteconfort.com\/wp-content\/uploads\/2024\/06\/ventilador-WINGLET-foto-mando-a-distancia-133x133.webp 133w\" sizes=\"auto, (max-width: 1024px) 100vw, 1024px\" \/>\t<img loading=\"lazy\" decoding=\"async\" width=\"1024\" height=\"1024\" src=\"https:\/\/arteconfort.com\/wp-content\/uploads\/2024\/06\/ventilador-WINGLET-83738647-0100.webp\" class=\"attachment-shop_catalog size-shop_catalog\" alt=\"Ventilador WINGLET perspectiva\" srcset=\"https:\/\/arteconfort.com\/wp-content\/uploads\/2024\/06\/ventilador-WINGLET-83738647-0100.webp 1024w, https:\/\/arteconfort.com\/wp-content\/uploads\/2024\/06\/ventilador-WINGLET-83738647-0100-768x768.webp 768w, https:\/\/arteconfort.com\/wp-content\/uploads\/2024\/06\/ventilador-WINGLET-83738647-0100-340x340.webp 340w, https:\/\/arteconfort.com\/wp-content\/uploads\/2024\/06\/ventilador-WINGLET-83738647-0100-640x640.webp 640w, https:\/\/arteconfort.com\/wp-content\/uploads\/2024\/06\/ventilador-WINGLET-83738647-0100-960x960.webp 960w, https:\/\/arteconfort.com\/wp-content\/uploads\/2024\/06\/ventilador-WINGLET-83738647-0100-133x133.webp 133w, https:\/\/arteconfort.com\/wp-content\/uploads\/2024\/06\/ventilador-WINGLET-83738647-0100-300x300.webp 300w, https:\/\/arteconfort.com\/wp-content\/uploads\/2024\/06\/ventilador-WINGLET-83738647-0100-600x600.webp 600w, https:\/\/arteconfort.com\/wp-content\/uploads\/2024\/06\/ventilador-WINGLET-83738647-0100-100x100.webp 100w\" sizes=\"auto, (max-width: 1024px) 100vw, 1024px\" \/><img loading=\"lazy\" decoding=\"async\" width=\"1024\" height=\"1024\" src=\"https:\/\/arteconfort.com\/wp-content\/uploads\/2024\/06\/ventilador-WINGLET-83738647-0600.webp\" class=\"attachment-shop_catalog size-shop_catalog\" alt=\"Ventilador WINGLET grafico\" srcset=\"https:\/\/arteconfort.com\/wp-content\/uploads\/2024\/06\/ventilador-WINGLET-83738647-0600.webp 1024w, https:\/\/arteconfort.com\/wp-content\/uploads\/2024\/06\/ventilador-WINGLET-83738647-0600-768x768.webp 768w, https:\/\/arteconfort.com\/wp-content\/uploads\/2024\/06\/ventilador-WINGLET-83738647-0600-340x340.webp 340w, https:\/\/arteconfort.com\/wp-content\/uploads\/2024\/06\/ventilador-WINGLET-83738647-0600-640x640.webp 640w, https:\/\/arteconfort.com\/wp-content\/uploads\/2024\/06\/ventilador-WINGLET-83738647-0600-960x960.webp 960w, https:\/\/arteconfort.com\/wp-content\/uploads\/2024\/06\/ventilador-WINGLET-83738647-0600-133x133.webp 133w, https:\/\/arteconfort.com\/wp-content\/uploads\/2024\/06\/ventilador-WINGLET-83738647-0600-300x300.webp 300w, https:\/\/arteconfort.com\/wp-content\/uploads\/2024\/06\/ventilador-WINGLET-83738647-0600-600x600.webp 600w, https:\/\/arteconfort.com\/wp-content\/uploads\/2024\/06\/ventilador-WINGLET-83738647-0600-100x100.webp 100w\" sizes=\"auto, (max-width: 1024px) 100vw, 1024px\" \/><img loading=\"lazy\" decoding=\"async\" width=\"1024\" height=\"1024\" src=\"https:\/\/arteconfort.com\/wp-content\/uploads\/2024\/06\/ventilador-WINGLET-83738647-0200.webp\" class=\"attachment-shop_catalog size-shop_catalog\" alt=\"Ventilador WINGLET mando\" srcset=\"https:\/\/arteconfort.com\/wp-content\/uploads\/2024\/06\/ventilador-WINGLET-83738647-0200.webp 1024w, https:\/\/arteconfort.com\/wp-content\/uploads\/2024\/06\/ventilador-WINGLET-83738647-0200-768x768.webp 768w, https:\/\/arteconfort.com\/wp-content\/uploads\/2024\/06\/ventilador-WINGLET-83738647-0200-340x340.webp 340w, https:\/\/arteconfort.com\/wp-content\/uploads\/2024\/06\/ventilador-WINGLET-83738647-0200-640x640.webp 640w, https:\/\/arteconfort.com\/wp-content\/uploads\/2024\/06\/ventilador-WINGLET-83738647-0200-960x960.webp 960w, https:\/\/arteconfort.com\/wp-content\/uploads\/2024\/06\/ventilador-WINGLET-83738647-0200-133x133.webp 133w, https:\/\/arteconfort.com\/wp-content\/uploads\/2024\/06\/ventilador-WINGLET-83738647-0200-300x300.webp 300w, https:\/\/arteconfort.com\/wp-content\/uploads\/2024\/06\/ventilador-WINGLET-83738647-0200-600x600.webp 600w, https:\/\/arteconfort.com\/wp-content\/uploads\/2024\/06\/ventilador-WINGLET-83738647-0200-100x100.webp 100w\" sizes=\"auto, (max-width: 1024px) 100vw, 1024px\" \/><img loading=\"lazy\" decoding=\"async\" width=\"1024\" height=\"1024\" src=\"https:\/\/arteconfort.com\/wp-content\/uploads\/2024\/06\/ventilador-WINGLET-83738647-0104.webp\" class=\"attachment-shop_catalog size-shop_catalog\" alt=\"Ventilador WINGLET planta\" srcset=\"https:\/\/arteconfort.com\/wp-content\/uploads\/2024\/06\/ventilador-WINGLET-83738647-0104.webp 1024w, https:\/\/arteconfort.com\/wp-content\/uploads\/2024\/06\/ventilador-WINGLET-83738647-0104-768x768.webp 768w, https:\/\/arteconfort.com\/wp-content\/uploads\/2024\/06\/ventilador-WINGLET-83738647-0104-340x340.webp 340w, https:\/\/arteconfort.com\/wp-content\/uploads\/2024\/06\/ventilador-WINGLET-83738647-0104-640x640.webp 640w, https:\/\/arteconfort.com\/wp-content\/uploads\/2024\/06\/ventilador-WINGLET-83738647-0104-960x960.webp 960w, https:\/\/arteconfort.com\/wp-content\/uploads\/2024\/06\/ventilador-WINGLET-83738647-0104-133x133.webp 133w, https:\/\/arteconfort.com\/wp-content\/uploads\/2024\/06\/ventilador-WINGLET-83738647-0104-300x300.webp 300w, https:\/\/arteconfort.com\/wp-content\/uploads\/2024\/06\/ventilador-WINGLET-83738647-0104-600x600.webp 600w, https:\/\/arteconfort.com\/wp-content\/uploads\/2024\/06\/ventilador-WINGLET-83738647-0104-100x100.webp 100w\" sizes=\"auto, (max-width: 1024px) 100vw, 1024px\" \/><img loading=\"lazy\" decoding=\"async\" width=\"1024\" height=\"1024\" src=\"https:\/\/arteconfort.com\/wp-content\/uploads\/2024\/06\/ventilador-WINGLET-83738647-0103.webp\" class=\"attachment-shop_catalog size-shop_catalog\" alt=\"Ventilador WINGLET lateral\" srcset=\"https:\/\/arteconfort.com\/wp-content\/uploads\/2024\/06\/ventilador-WINGLET-83738647-0103.webp 1024w, https:\/\/arteconfort.com\/wp-content\/uploads\/2024\/06\/ventilador-WINGLET-83738647-0103-768x768.webp 768w, https:\/\/arteconfort.com\/wp-content\/uploads\/2024\/06\/ventilador-WINGLET-83738647-0103-340x340.webp 340w, https:\/\/arteconfort.com\/wp-content\/uploads\/2024\/06\/ventilador-WINGLET-83738647-0103-640x640.webp 640w, https:\/\/arteconfort.com\/wp-content\/uploads\/2024\/06\/ventilador-WINGLET-83738647-0103-960x960.webp 960w, https:\/\/arteconfort.com\/wp-content\/uploads\/2024\/06\/ventilador-WINGLET-83738647-0103-133x133.webp 133w, https:\/\/arteconfort.com\/wp-content\/uploads\/2024\/06\/ventilador-WINGLET-83738647-0103-300x300.webp 300w, https:\/\/arteconfort.com\/wp-content\/uploads\/2024\/06\/ventilador-WINGLET-83738647-0103-600x600.webp 600w, https:\/\/arteconfort.com\/wp-content\/uploads\/2024\/06\/ventilador-WINGLET-83738647-0103-100x100.webp 100w\" sizes=\"auto, (max-width: 1024px) 100vw, 1024px\" \/><img loading=\"lazy\" decoding=\"async\" width=\"1024\" height=\"1024\" src=\"https:\/\/arteconfort.com\/wp-content\/uploads\/2024\/06\/ventilador-WINGLET-83738647-0102.webp\" class=\"attachment-shop_catalog size-shop_catalog\" alt=\"Ventilador WINGLET luz fria\" srcset=\"https:\/\/arteconfort.com\/wp-content\/uploads\/2024\/06\/ventilador-WINGLET-83738647-0102.webp 1024w, https:\/\/arteconfort.com\/wp-content\/uploads\/2024\/06\/ventilador-WINGLET-83738647-0102-768x768.webp 768w, https:\/\/arteconfort.com\/wp-content\/uploads\/2024\/06\/ventilador-WINGLET-83738647-0102-340x340.webp 340w, https:\/\/arteconfort.com\/wp-content\/uploads\/2024\/06\/ventilador-WINGLET-83738647-0102-640x640.webp 640w, https:\/\/arteconfort.com\/wp-content\/uploads\/2024\/06\/ventilador-WINGLET-83738647-0102-960x960.webp 960w, https:\/\/arteconfort.com\/wp-content\/uploads\/2024\/06\/ventilador-WINGLET-83738647-0102-133x133.webp 133w, https:\/\/arteconfort.com\/wp-content\/uploads\/2024\/06\/ventilador-WINGLET-83738647-0102-300x300.webp 300w, https:\/\/arteconfort.com\/wp-content\/uploads\/2024\/06\/ventilador-WINGLET-83738647-0102-600x600.webp 600w, https:\/\/arteconfort.com\/wp-content\/uploads\/2024\/06\/ventilador-WINGLET-83738647-0102-100x100.webp 100w\" sizes=\"auto, (max-width: 1024px) 100vw, 1024px\" \/><img loading=\"lazy\" decoding=\"async\" width=\"1024\" height=\"1024\" src=\"https:\/\/arteconfort.com\/wp-content\/uploads\/2024\/06\/ventilador-WINGLET-83738647-0101.webp\" class=\"attachment-shop_catalog size-shop_catalog\" alt=\"Ventilador WINGLET luz neutra\" srcset=\"https:\/\/arteconfort.com\/wp-content\/uploads\/2024\/06\/ventilador-WINGLET-83738647-0101.webp 1024w, https:\/\/arteconfort.com\/wp-content\/uploads\/2024\/06\/ventilador-WINGLET-83738647-0101-768x768.webp 768w, https:\/\/arteconfort.com\/wp-content\/uploads\/2024\/06\/ventilador-WINGLET-83738647-0101-340x340.webp 340w, https:\/\/arteconfort.com\/wp-content\/uploads\/2024\/06\/ventilador-WINGLET-83738647-0101-640x640.webp 640w, https:\/\/arteconfort.com\/wp-content\/uploads\/2024\/06\/ventilador-WINGLET-83738647-0101-960x960.webp 960w, https:\/\/arteconfort.com\/wp-content\/uploads\/2024\/06\/ventilador-WINGLET-83738647-0101-133x133.webp 133w, https:\/\/arteconfort.com\/wp-content\/uploads\/2024\/06\/ventilador-WINGLET-83738647-0101-300x300.webp 300w, https:\/\/arteconfort.com\/wp-content\/uploads\/2024\/06\/ventilador-WINGLET-83738647-0101-600x600.webp 600w, https:\/\/arteconfort.com\/wp-content\/uploads\/2024\/06\/ventilador-WINGLET-83738647-0101-100x100.webp 100w\" sizes=\"auto, (max-width: 1024px) 100vw, 1024px\" \/>\t<\/a>\n\t<div class=\"w-product-status\"><\/div>\t<span id=\"woocommerce_loop_add_to_cart_link_describedby_21156\" class=\"screen-reader-text\">\n\t\t\t<\/span>\n<\/div><div class=\"berocket_better_labels berocket_better_labels_image\"><div class=\"berocket_better_labels_position berocket_better_labels_position_right\"><div class=\"berocket_better_labels_line berocket_better_labels_line_1\"><div class=\"berocket_better_labels_inline berocket_better_labels_inline_1\"><div class=\"br_alabel br_alabel_type_text br_alabel_template_type_css berocket_alabel_id_22611  br_alabel_better_compatibility\" style=\"\"><span  style=\"\"><i style=\"background-color: #000000; border-color: #000000;\" class=\"template-span-before \"><\/i><i style=\"background-color: #000000; border-color: #000000;\" class=\"template-i \"><\/i><i style=\"background-color: #000000; border-color: #000000;\" class=\"template-i-before \"><\/i><i style=\"background-color: #000000; border-color: #000000;\" class=\"template-i-after \"><\/i><b style=\"position: relative;z-index: 100;text-align: center;color: inherit;\">Old collection<\/b><\/span><\/div><\/div><\/div><\/div><\/div><figcaption><h2 class=\"woocommerce-loop-product__title\">WINGLET<\/h2><div class=\"woocommerce-product-details__short-description\">\n\t<p>Winglet ceiling fan with integrated LED light and colour temperature memory. It has an ABS metal body and<\/div>\n\n<\/figcaption><\/figure><\/li>\n<li class=\"product type-product post-25228 status-publish instock product_cat-climatizacion-en product_cat-ventiladores-de-techo-en has-post-thumbnail shipping-taxable product-type-simple w-item col-3\">\n\t<figure><div class=\"image-wrapper\">\t\t<a href=\"https:\/\/arteconfort.com\/en\/producto\/zoe\/\" class=\"w-fadeslider\">\n\t<img loading=\"lazy\" decoding=\"async\" width=\"1024\" height=\"1024\" src=\"https:\/\/arteconfort.com\/wp-content\/uploads\/2023\/10\/ZOE-mando.webp\" class=\"attachment-shop_catalog size-shop_catalog wp-post-image\" alt=\"\" srcset=\"https:\/\/arteconfort.com\/wp-content\/uploads\/2023\/10\/ZOE-mando.webp 1024w, https:\/\/arteconfort.com\/wp-content\/uploads\/2023\/10\/ZOE-mando-768x768.webp 768w, https:\/\/arteconfort.com\/wp-content\/uploads\/2023\/10\/ZOE-mando-340x340.webp 340w, https:\/\/arteconfort.com\/wp-content\/uploads\/2023\/10\/ZOE-mando-640x640.webp 640w, https:\/\/arteconfort.com\/wp-content\/uploads\/2023\/10\/ZOE-mando-960x960.webp 960w, https:\/\/arteconfort.com\/wp-content\/uploads\/2023\/10\/ZOE-mando-300x300.webp 300w, https:\/\/arteconfort.com\/wp-content\/uploads\/2023\/10\/ZOE-mando-600x600.webp 600w, https:\/\/arteconfort.com\/wp-content\/uploads\/2023\/10\/ZOE-mando-100x100.webp 100w, https:\/\/arteconfort.com\/wp-content\/uploads\/2023\/10\/ZOE-mando-133x133.webp 133w\" sizes=\"auto, (max-width: 1024px) 100vw, 1024px\" \/>\t<img loading=\"lazy\" decoding=\"async\" width=\"1024\" height=\"1024\" src=\"https:\/\/arteconfort.com\/wp-content\/uploads\/2023\/10\/ZOE-ambiente.webp\" class=\"attachment-shop_catalog size-shop_catalog\" alt=\"\" srcset=\"https:\/\/arteconfort.com\/wp-content\/uploads\/2023\/10\/ZOE-ambiente.webp 1024w, https:\/\/arteconfort.com\/wp-content\/uploads\/2023\/10\/ZOE-ambiente-768x768.webp 768w, https:\/\/arteconfort.com\/wp-content\/uploads\/2023\/10\/ZOE-ambiente-340x340.webp 340w, https:\/\/arteconfort.com\/wp-content\/uploads\/2023\/10\/ZOE-ambiente-640x640.webp 640w, https:\/\/arteconfort.com\/wp-content\/uploads\/2023\/10\/ZOE-ambiente-960x960.webp 960w, https:\/\/arteconfort.com\/wp-content\/uploads\/2023\/10\/ZOE-ambiente-133x133.webp 133w, https:\/\/arteconfort.com\/wp-content\/uploads\/2023\/10\/ZOE-ambiente-300x300.webp 300w, https:\/\/arteconfort.com\/wp-content\/uploads\/2023\/10\/ZOE-ambiente-600x600.webp 600w, https:\/\/arteconfort.com\/wp-content\/uploads\/2023\/10\/ZOE-ambiente-100x100.webp 100w\" sizes=\"auto, (max-width: 1024px) 100vw, 1024px\" \/><img loading=\"lazy\" decoding=\"async\" width=\"1024\" height=\"1024\" src=\"https:\/\/arteconfort.com\/wp-content\/uploads\/2023\/10\/ZOE-luces.webp\" class=\"attachment-shop_catalog size-shop_catalog\" alt=\"\" srcset=\"https:\/\/arteconfort.com\/wp-content\/uploads\/2023\/10\/ZOE-luces.webp 1024w, https:\/\/arteconfort.com\/wp-content\/uploads\/2023\/10\/ZOE-luces-768x768.webp 768w, https:\/\/arteconfort.com\/wp-content\/uploads\/2023\/10\/ZOE-luces-340x340.webp 340w, https:\/\/arteconfort.com\/wp-content\/uploads\/2023\/10\/ZOE-luces-640x640.webp 640w, https:\/\/arteconfort.com\/wp-content\/uploads\/2023\/10\/ZOE-luces-960x960.webp 960w, https:\/\/arteconfort.com\/wp-content\/uploads\/2023\/10\/ZOE-luces-133x133.webp 133w, https:\/\/arteconfort.com\/wp-content\/uploads\/2023\/10\/ZOE-luces-300x300.webp 300w, https:\/\/arteconfort.com\/wp-content\/uploads\/2023\/10\/ZOE-luces-600x600.webp 600w, https:\/\/arteconfort.com\/wp-content\/uploads\/2023\/10\/ZOE-luces-100x100.webp 100w\" sizes=\"auto, (max-width: 1024px) 100vw, 1024px\" \/><img loading=\"lazy\" decoding=\"async\" width=\"1024\" height=\"1024\" src=\"https:\/\/arteconfort.com\/wp-content\/uploads\/2023\/10\/ZOE-detalle-4.webp\" class=\"attachment-shop_catalog size-shop_catalog\" alt=\"\" srcset=\"https:\/\/arteconfort.com\/wp-content\/uploads\/2023\/10\/ZOE-detalle-4.webp 1024w, https:\/\/arteconfort.com\/wp-content\/uploads\/2023\/10\/ZOE-detalle-4-768x768.webp 768w, https:\/\/arteconfort.com\/wp-content\/uploads\/2023\/10\/ZOE-detalle-4-340x340.webp 340w, https:\/\/arteconfort.com\/wp-content\/uploads\/2023\/10\/ZOE-detalle-4-640x640.webp 640w, https:\/\/arteconfort.com\/wp-content\/uploads\/2023\/10\/ZOE-detalle-4-960x960.webp 960w, https:\/\/arteconfort.com\/wp-content\/uploads\/2023\/10\/ZOE-detalle-4-133x133.webp 133w, https:\/\/arteconfort.com\/wp-content\/uploads\/2023\/10\/ZOE-detalle-4-300x300.webp 300w, https:\/\/arteconfort.com\/wp-content\/uploads\/2023\/10\/ZOE-detalle-4-600x600.webp 600w, https:\/\/arteconfort.com\/wp-content\/uploads\/2023\/10\/ZOE-detalle-4-100x100.webp 100w\" sizes=\"auto, (max-width: 1024px) 100vw, 1024px\" \/><img loading=\"lazy\" decoding=\"async\" width=\"1024\" height=\"1024\" src=\"https:\/\/arteconfort.com\/wp-content\/uploads\/2023\/10\/ZOE-detalle-3.webp\" class=\"attachment-shop_catalog size-shop_catalog\" alt=\"\" srcset=\"https:\/\/arteconfort.com\/wp-content\/uploads\/2023\/10\/ZOE-detalle-3.webp 1024w, https:\/\/arteconfort.com\/wp-content\/uploads\/2023\/10\/ZOE-detalle-3-768x768.webp 768w, https:\/\/arteconfort.com\/wp-content\/uploads\/2023\/10\/ZOE-detalle-3-340x340.webp 340w, https:\/\/arteconfort.com\/wp-content\/uploads\/2023\/10\/ZOE-detalle-3-640x640.webp 640w, https:\/\/arteconfort.com\/wp-content\/uploads\/2023\/10\/ZOE-detalle-3-960x960.webp 960w, https:\/\/arteconfort.com\/wp-content\/uploads\/2023\/10\/ZOE-detalle-3-133x133.webp 133w, https:\/\/arteconfort.com\/wp-content\/uploads\/2023\/10\/ZOE-detalle-3-300x300.webp 300w, https:\/\/arteconfort.com\/wp-content\/uploads\/2023\/10\/ZOE-detalle-3-600x600.webp 600w, https:\/\/arteconfort.com\/wp-content\/uploads\/2023\/10\/ZOE-detalle-3-100x100.webp 100w\" sizes=\"auto, (max-width: 1024px) 100vw, 1024px\" \/><img loading=\"lazy\" decoding=\"async\" width=\"1024\" height=\"1024\" src=\"https:\/\/arteconfort.com\/wp-content\/uploads\/2023\/10\/ZOE-detalle-2.webp\" class=\"attachment-shop_catalog size-shop_catalog\" alt=\"\" srcset=\"https:\/\/arteconfort.com\/wp-content\/uploads\/2023\/10\/ZOE-detalle-2.webp 1024w, https:\/\/arteconfort.com\/wp-content\/uploads\/2023\/10\/ZOE-detalle-2-768x768.webp 768w, https:\/\/arteconfort.com\/wp-content\/uploads\/2023\/10\/ZOE-detalle-2-340x340.webp 340w, https:\/\/arteconfort.com\/wp-content\/uploads\/2023\/10\/ZOE-detalle-2-640x640.webp 640w, https:\/\/arteconfort.com\/wp-content\/uploads\/2023\/10\/ZOE-detalle-2-960x960.webp 960w, https:\/\/arteconfort.com\/wp-content\/uploads\/2023\/10\/ZOE-detalle-2-133x133.webp 133w, https:\/\/arteconfort.com\/wp-content\/uploads\/2023\/10\/ZOE-detalle-2-300x300.webp 300w, https:\/\/arteconfort.com\/wp-content\/uploads\/2023\/10\/ZOE-detalle-2-600x600.webp 600w, https:\/\/arteconfort.com\/wp-content\/uploads\/2023\/10\/ZOE-detalle-2-100x100.webp 100w\" sizes=\"auto, (max-width: 1024px) 100vw, 1024px\" \/><img loading=\"lazy\" decoding=\"async\" width=\"1024\" height=\"1024\" src=\"https:\/\/arteconfort.com\/wp-content\/uploads\/2023\/10\/ZOE-detalle.webp\" class=\"attachment-shop_catalog size-shop_catalog\" alt=\"\" srcset=\"https:\/\/arteconfort.com\/wp-content\/uploads\/2023\/10\/ZOE-detalle.webp 1024w, https:\/\/arteconfort.com\/wp-content\/uploads\/2023\/10\/ZOE-detalle-768x768.webp 768w, https:\/\/arteconfort.com\/wp-content\/uploads\/2023\/10\/ZOE-detalle-340x340.webp 340w, https:\/\/arteconfort.com\/wp-content\/uploads\/2023\/10\/ZOE-detalle-640x640.webp 640w, https:\/\/arteconfort.com\/wp-content\/uploads\/2023\/10\/ZOE-detalle-960x960.webp 960w, https:\/\/arteconfort.com\/wp-content\/uploads\/2023\/10\/ZOE-detalle-133x133.webp 133w, https:\/\/arteconfort.com\/wp-content\/uploads\/2023\/10\/ZOE-detalle-300x300.webp 300w, https:\/\/arteconfort.com\/wp-content\/uploads\/2023\/10\/ZOE-detalle-600x600.webp 600w, https:\/\/arteconfort.com\/wp-content\/uploads\/2023\/10\/ZOE-detalle-100x100.webp 100w\" sizes=\"auto, (max-width: 1024px) 100vw, 1024px\" \/><img loading=\"lazy\" decoding=\"async\" width=\"1024\" height=\"1024\" src=\"https:\/\/arteconfort.com\/wp-content\/uploads\/2023\/10\/ZOE-grafico-1.webp\" class=\"attachment-shop_catalog size-shop_catalog\" alt=\"\" srcset=\"https:\/\/arteconfort.com\/wp-content\/uploads\/2023\/10\/ZOE-grafico-1.webp 1024w, https:\/\/arteconfort.com\/wp-content\/uploads\/2023\/10\/ZOE-grafico-1-768x768.webp 768w, https:\/\/arteconfort.com\/wp-content\/uploads\/2023\/10\/ZOE-grafico-1-340x340.webp 340w, https:\/\/arteconfort.com\/wp-content\/uploads\/2023\/10\/ZOE-grafico-1-640x640.webp 640w, https:\/\/arteconfort.com\/wp-content\/uploads\/2023\/10\/ZOE-grafico-1-960x960.webp 960w, https:\/\/arteconfort.com\/wp-content\/uploads\/2023\/10\/ZOE-grafico-1-133x133.webp 133w, https:\/\/arteconfort.com\/wp-content\/uploads\/2023\/10\/ZOE-grafico-1-300x300.webp 300w, https:\/\/arteconfort.com\/wp-content\/uploads\/2023\/10\/ZOE-grafico-1-600x600.webp 600w, https:\/\/arteconfort.com\/wp-content\/uploads\/2023\/10\/ZOE-grafico-1-100x100.webp 100w\" sizes=\"auto, (max-width: 1024px) 100vw, 1024px\" \/>\t<\/a>\n\t<div class=\"w-product-status\"><\/div>\t<span id=\"woocommerce_loop_add_to_cart_link_describedby_25228\" class=\"screen-reader-text\">\n\t\t\t<\/span>\n<\/div><figcaption><h2 class=\"woocommerce-loop-product__title\">ZOE<\/h2><div class=\"woocommerce-product-details__short-description\">\n\t<p>ZOE ceiling fan with integrated LED light and colour temperature memory. With a white body and 3 white<\/div>\n\n<\/figcaption><\/figure><\/li>\n<\/ul>\n<\/div>[\/vc_column_text][vc_empty_space height=&#8221;120px&#8221;][\/vc_column][\/vc_row][vc_row row_style=&#8221;full-width&#8221; padding_size=&#8221;no-padding&#8221;][vc_column background_color=&#8221;#f5f5f5&#8243;][vc_row_inner][vc_column_inner width=&#8221;1\/6&#8243;][\/vc_column_inner][vc_column_inner width=&#8221;2\/3&#8243;][vc_empty_space height=&#8221;60px&#8221;][wyde_heading style=&#8221;2&#8243; subheading_tag=&#8221;p&#8221; text_align=&#8221;center&#8221; title=&#8221;How a ceiling fan cools&#8221;][vc_empty_space height=&#8221;20px&#8221;][vc_column_text]A designer ceiling fan cools us when we are inside the airflow it generates. In other words, when our skin is at a higher temperature than the ambient air, it acts by reducing the mass of air that settles on it. The fan intervenes by moving the ambient air, replacing it with a lower temperature.<\/p>\n<p>In conclusion, the moving air produced by the fan <strong>facilitates the passage of heat from the surface of the skin to the air more quickly and efficiently<\/strong>.[\/vc_column_text][vc_empty_space height=&#8221;60px&#8221;][wyde_heading style=&#8221;2&#8243; subheading_tag=&#8221;p&#8221; text_align=&#8221;center&#8221; title=&#8221;Advantages compared to other air-conditioning systems&#8221;][vc_empty_space height=&#8221;20px&#8221;][vc_column_text]The main reasons for using a ceiling fan are:<\/p>\n<ul>\n<li><strong>Lower consumption<\/strong>: a ceiling fan can save up to 98% in electricity consumption.<\/li>\n<li><strong>Easy installation<\/strong>: installation is relatively simple and inexpensive. It only requires adequate space and a power socket.<\/li>\n<li><strong>Economical<\/strong>: The price is much cheaper.<\/li>\n<li><strong>Better for health<\/strong>: Fans do not have any negative impact on health. Air conditioners, on the other hand, can dry out the air, causing sore throats and colds.<\/li>\n<li><strong>Quieter<\/strong>: thanks to ceiling fans with DC motors, you won&#8217;t even notice that they are running.<\/li>\n<li><strong>Breaks up air stratification<\/strong>: the fan mixes the layers of air, which contributes to achieving greater homogeneity between the different spaces and levels of the environment. Accompanied by air conditioning, it will contribute to a more balanced dispersion of cold air.<\/li>\n<li><strong>Light and circadian cycles<\/strong>: a ceiling fan does not make noise and can also be used for lighting. Many of our fans allow the intensity and colour temperature to be adjusted to match the natural light in the room and our vision.<br \/>\n<strong>Ecological<\/strong>: it has a very low impact on the environment.<\/li>\n<li><strong>Versatile<\/strong>: it adapts to all types of spaces: living room, kitchen, bathrooms, etc.<\/li>\n<li><strong>Low maintenance<\/strong>: Many opinions about ceiling fans state that they are very easy and convenient to maintain.<\/li>\n<\/ul>\n<p>[\/vc_column_text][vc_empty_space height=&#8221;100px&#8221;][\/vc_column_inner][vc_column_inner width=&#8221;1\/6&#8243;][\/vc_column_inner][\/vc_row_inner][\/vc_column][\/vc_row][vc_row padding_size=&#8221;no-padding&#8221; disable_element=&#8221;yes&#8221;][vc_column text_style=&#8221;light&#8221;][vc_empty_space height=&#8221;80px&#8221;][wyde_heading style=&#8221;7&#8243; subheading_tag=&#8221;span&#8221; text_align=&#8221;center&#8221; title=&#8221;If you are interested in ceiling fans&#8221; heading_color=&#8221;#61b4e4&#8243; subheading=&#8221;Maybe you will also be interested in&#8221; subheading_color=&#8221;#cccccc&#8221;][vc_empty_space height=&#8221;20px&#8221;][vc_row_inner][vc_column_inner width=&#8221;1\/6&#8243; el_class=&#8221;banner-home&#8221; offset=&#8221;vc_col-xs-6&#8243;][wyde_banner title_tag=&#8221;h4&#8243; subheading_tag=&#8221;p&#8221; banner_style=&#8221;2&#8243; title=&#8221;Lighting&#8221; image=&#8221;834&#8243; link=&#8221;url:http%3A%2F%2Farteconfort.com%2Filuminacion%2F|||&#8221;][\/vc_column_inner][vc_column_inner width=&#8221;1\/6&#8243; el_class=&#8221;banner-home&#8221; offset=&#8221;vc_col-xs-6&#8243;][wyde_banner title_tag=&#8221;h4&#8243; subheading_tag=&#8221;p&#8221; banner_style=&#8221;2&#8243; title=&#8221;Ceiling lamps&#8221; image=&#8221;836&#8243; link=&#8221;url:http%3A%2F%2Farteconfort.com%2Filuminacion%2Flamparas%2F|||&#8221;][\/vc_column_inner][vc_column_inner width=&#8221;1\/6&#8243; el_class=&#8221;banner-home&#8221; offset=&#8221;vc_col-xs-6&#8243;][wyde_banner title_tag=&#8221;h4&#8243; subheading_tag=&#8221;p&#8221; banner_style=&#8221;2&#8243; title=&#8221;Climate control&#8221; image=&#8221;1240&#8243; link=&#8221;url:http%3A%2F%2Farteconfort.com%2Fclimatizacion%2F|||&#8221;][\/vc_column_inner][vc_column_inner width=&#8221;1\/6&#8243; el_class=&#8221;banner-home&#8221; offset=&#8221;vc_col-xs-6&#8243;][wyde_banner title_tag=&#8221;h4&#8243; subheading_tag=&#8221;p&#8221; banner_style=&#8221;2&#8243; title=&#8221;Solar outdoor lighting&#8221; image=&#8221;355&#8243; link=&#8221;url:https%3A%2F%2Farteconfort.com%2Fsolar%2Filuminacion-solar%2F|||&#8221;][\/vc_column_inner][vc_column_inner width=&#8221;1\/6&#8243; el_class=&#8221;banner-home&#8221; offset=&#8221;vc_col-xs-6&#8243;][wyde_banner subheading_tag=&#8221;p&#8221; banner_style=&#8221;2&#8243; title=&#8221;Home&#8221; image=&#8221;773&#8243; link=&#8221;url:http%3A%2F%2Farteconfort.com%2Fhogar%2F|||&#8221;][\/vc_column_inner][vc_column_inner width=&#8221;1\/6&#8243; el_class=&#8221;banner-home&#8221; offset=&#8221;vc_col-xs-6&#8243;][wyde_banner subheading_tag=&#8221;p&#8221; banner_style=&#8221;2&#8243; title=&#8221;Waste bins with automatic lid&#8221; image=&#8221;1822&#8243; link=&#8221;url:http%3A%2F%2Farteconfort.com%2Fhogar%2Fcubos-automaticos%2F|||&#8221;][\/vc_column_inner][\/vc_row_inner][vc_empty_space height=&#8221;10px&#8221;][vc_row_inner][vc_column_inner width=&#8221;1\/6&#8243; el_class=&#8221;banner-home&#8221; offset=&#8221;vc_col-xs-6&#8243;][wyde_banner subheading_tag=&#8221;p&#8221; banner_style=&#8221;2&#8243; title=&#8221;Mirrors&#8221; image=&#8221;846&#8243; link=&#8221;url:http%3A%2F%2Farteconfort.com%2Fhogar%2Fespejos%2F|||&#8221;][\/vc_column_inner][vc_column_inner width=&#8221;1\/6&#8243; el_class=&#8221;banner-home&#8221; offset=&#8221;vc_col-xs-6&#8243;][wyde_banner subheading_tag=&#8221;p&#8221; banner_style=&#8221;2&#8243; title=&#8221;Indoor furniture&#8221; image=&#8221;2617&#8243; link=&#8221;url:http%3A%2F%2Farteconfort.com%2Fhogar%2Fmuebles-de-interior%2F|||&#8221;][\/vc_column_inner][vc_column_inner width=&#8221;1\/6&#8243; el_class=&#8221;banner-home&#8221; offset=&#8221;vc_col-xs-6&#8243;][\/vc_column_inner][vc_column_inner width=&#8221;1\/6&#8243; el_class=&#8221;banner-home&#8221; offset=&#8221;vc_col-xs-6&#8243;][\/vc_column_inner][vc_column_inner width=&#8221;1\/6&#8243; el_class=&#8221;banner-home&#8221; offset=&#8221;vc_col-xs-6&#8243;][\/vc_column_inner][vc_column_inner width=&#8221;1\/6&#8243; el_class=&#8221;banner-home&#8221; offset=&#8221;vc_col-xs-6&#8243;][\/vc_column_inner][\/vc_row_inner][vc_empty_space][\/vc_column][\/vc_row][vc_row][vc_column][wyde_heading style=&#8221;2&#8243; subheading_tag=&#8221;p&#8221; text_align=&#8221;center&#8221; title=&#8221;We help you to get to know your ceiling fan better&#8221; subheading=&#8221;Learn how to get the most out of your ceiling fan&#8221;][vc_empty_space][wyde_blog_posts view=&#8221;masonry&#8221; columns=&#8221;3&#8243; count=&#8221;4&#8243; excerpt_length=&#8221;30&#8243; excerpt_more=&#8221;1&#8243; pagination=&#8221;hide&#8221; posts_query=&#8221;order_by:date|order:DESC|by_id:10730,9923,10759,13776,13315&#8243;][vc_empty_space height=&#8221;20px&#8221;][vc_row_inner][vc_column_inner text_align=&#8221;center&#8221;][wyde_link_button style=&#8221;outline round&#8221; title=&#8221;More information&#8221; link=&#8221;url:https%3A%2F%2Farteconfort.com%2Fguias-y-consejos%2F|||&#8221; color=&#8221;#222222&#8243; hover_color=&#8221;#ffffff&#8221;][\/vc_column_inner][\/vc_row_inner][\/vc_column][\/vc_row]<\/p>\n<\/div>","protected":false},"excerpt":{"rendered":"<p>[vc_row padding_size=&#8221;no-padding&#8221;][vc_column][vc_empty_space height=&#8221;20px&#8221;][wyde_heading title=&#8221;The most wanted ceiling fans&#8221;][vc_empty_space height=&#8221;20px&#8221;][vc_empty_space height=&#8221;20px&#8221;][vc_row_inner][vc_column_inner text_align=&#8221;center&#8221;][vc_raw_html]JTNDYSUyMGhyZWYlM0QlMjIlMjN0b2Rvcy12ZW50aWxhZG9yZXMlMjIlM0VDb250aW51ZXMlMjB0byUyMHNlZSUyMGFsbCUyMGNlaWxpbmclMjBmYW5zJTNDJTJGYSUzRQ==[\/vc_raw_html][vc_empty_space height=&#8221;20px&#8221;][\/vc_column_inner][\/vc_row_inner][\/vc_column][\/vc_row][vc_row vertical_align=&#8221;middle&#8221; padding_size=&#8221;m-padding&#8221; background_mode=&#8221;color&#8221; background_color=&#8221;#f5f5f5&#8243;][vc_column][vc_row_inner][vc_column_inner width=&#8221;1\/3&#8243; offset=&#8221;vc_col-xs-12&#8243; el_class=&#8221;banner-home&#8221;][wyde_heading style=&#8221;3&#8243; title_tag=&#8221;h3&#8243; subheading_tag=&#8221;span&#8221; title=&#8221;Room size&#8221; subheading=&#8221;Choose your ceiling fan according to room size&#8221;][\/vc_column_inner][vc_column_inner width=&#8221;1\/6&#8243; el_class=&#8221;banner-home&#8221; offset=&#8221;vc_col-xs-6&#8243;][wyde_banner title_tag=&#8221;h5&#8243; banner_style=&#8221;2&#8243; title=&#8221;Ceiling fans for SMALL ROOMS&#8221; image=&#8221;28350&#8243; link=&#8221;url:https%3A%2F%2Farteconfort.com%2Fen%2Fclimatizacion%2Fventiladores-de-techo%2Fventiladores-de-techo-para-habitaciones-pequenas%2F|title:Pol%C3%ADtica%20de%20sostenibilidad||&#8221; heading_color=&#8221;#ffffff&#8221;][\/vc_column_inner][vc_column_inner width=&#8221;1\/6&#8243; el_class=&#8221;banner-home&#8221; offset=&#8221;vc_col-xs-6&#8243;][wyde_banner title_tag=&#8221;h5&#8243; banner_style=&#8221;2&#8243; title=&#8221;Ceiling fans for MEDIUM SIZED [&hellip;]<\/p>\n","protected":false},"author":1,"featured_media":0,"parent":10156,"menu_order":0,"comment_status":"closed","ping_status":"closed","template":"","meta":{"footnotes":""},"class_list":["post-9932","page","type-page","status-publish","hentry"],"yoast_head":"<!-- This site is optimized with the Yoast SEO plugin v26.5 - https:\/\/yoast.com\/wordpress\/plugins\/seo\/ -->\n<title>Ceiling fans Arteconfort<\/title>\n<meta name=\"description\" content=\"Ceiling fans are a perfect alternative for cooling down in the warmer months of the year, economically without increasing the electricity bill \u2705\" \/>\n<meta name=\"robots\" content=\"index, follow, max-snippet:-1, max-image-preview:large, max-video-preview:-1\" \/>\n<link rel=\"canonical\" href=\"https:\/\/arteconfort.com\/en\/climatizacion\/ventiladores-de-techo\/\" \/>\n<meta property=\"og:locale\" content=\"en_US\" \/>\n<meta property=\"og:type\" content=\"article\" \/>\n<meta property=\"og:title\" content=\"Ceiling fans Arteconfort\" \/>\n<meta property=\"og:description\" content=\"Ceiling fans are a perfect alternative for cooling down in the warmer months of the year, economically without increasing the electricity bill \u2705\" \/>\n<meta property=\"og:url\" content=\"https:\/\/arteconfort.com\/en\/climatizacion\/ventiladores-de-techo\/\" \/>\n<meta property=\"og:site_name\" content=\"Arteconfort\" \/>\n<meta property=\"article:modified_time\" content=\"2025-07-03T07:19:29+00:00\" \/>\n<meta name=\"twitter:card\" content=\"summary_large_image\" \/>\n<meta name=\"twitter:label1\" content=\"Est. reading time\" \/>\n\t<meta name=\"twitter:data1\" content=\"7 minutes\" \/>\n<!-- \/ Yoast SEO plugin. -->","yoast_head_json":{"title":"Ceiling fans Arteconfort","description":"Ceiling fans are a perfect alternative for cooling down in the warmer months of the year, economically without increasing the electricity bill \u2705","robots":{"index":"index","follow":"follow","max-snippet":"max-snippet:-1","max-image-preview":"max-image-preview:large","max-video-preview":"max-video-preview:-1"},"canonical":"https:\/\/arteconfort.com\/en\/climatizacion\/ventiladores-de-techo\/","og_locale":"en_US","og_type":"article","og_title":"Ceiling fans Arteconfort","og_description":"Ceiling fans are a perfect alternative for cooling down in the warmer months of the year, economically without increasing the electricity bill \u2705","og_url":"https:\/\/arteconfort.com\/en\/climatizacion\/ventiladores-de-techo\/","og_site_name":"Arteconfort","article_modified_time":"2025-07-03T07:19:29+00:00","twitter_card":"summary_large_image","twitter_misc":{"Est. reading time":"7 minutes"},"schema":{"@context":"https:\/\/schema.org","@graph":[{"@type":"WebPage","@id":"https:\/\/arteconfort.com\/en\/climatizacion\/ventiladores-de-techo\/","url":"https:\/\/arteconfort.com\/en\/climatizacion\/ventiladores-de-techo\/","name":"Ceiling fans Arteconfort","isPartOf":{"@id":"https:\/\/arteconfort.com\/en\/#website"},"datePublished":"2019-08-06T11:58:40+00:00","dateModified":"2025-07-03T07:19:29+00:00","description":"Ceiling fans are a perfect alternative for cooling down in the warmer months of the year, economically without increasing the electricity bill \u2705","breadcrumb":{"@id":"https:\/\/arteconfort.com\/en\/climatizacion\/ventiladores-de-techo\/#breadcrumb"},"inLanguage":"en-US","potentialAction":[{"@type":"ReadAction","target":["https:\/\/arteconfort.com\/en\/climatizacion\/ventiladores-de-techo\/"]}]},{"@type":"BreadcrumbList","@id":"https:\/\/arteconfort.com\/en\/climatizacion\/ventiladores-de-techo\/#breadcrumb","itemListElement":[{"@type":"ListItem","position":1,"name":"Inicio","item":"https:\/\/arteconfort.com\/en\/"},{"@type":"ListItem","position":2,"name":"Climate control","item":"https:\/\/arteconfort.com\/en\/climatizacion\/"},{"@type":"ListItem","position":3,"name":"Ceiling fans"}]},{"@type":"WebSite","@id":"https:\/\/arteconfort.com\/en\/#website","url":"https:\/\/arteconfort.com\/en\/","name":"Arteconfort","description":"Especialistas en productos del hogar","publisher":{"@id":"https:\/\/arteconfort.com\/en\/#organization"},"potentialAction":[{"@type":"SearchAction","target":{"@type":"EntryPoint","urlTemplate":"https:\/\/arteconfort.com\/en\/?s={search_term_string}"},"query-input":{"@type":"PropertyValueSpecification","valueRequired":true,"valueName":"search_term_string"}}],"inLanguage":"en-US"},{"@type":"Organization","@id":"https:\/\/arteconfort.com\/en\/#organization","name":"Arteconfort","url":"https:\/\/arteconfort.com\/en\/","logo":{"@type":"ImageObject","inLanguage":"en-US","@id":"https:\/\/arteconfort.com\/en\/#\/schema\/logo\/image\/","url":"https:\/\/arteconfort.com\/wp-content\/uploads\/2019\/07\/logo-arteconfort.png","contentUrl":"https:\/\/arteconfort.com\/wp-content\/uploads\/2019\/07\/logo-arteconfort.png","width":230,"height":88,"caption":"Arteconfort"},"image":{"@id":"https:\/\/arteconfort.com\/en\/#\/schema\/logo\/image\/"}}]}},"_links":{"self":[{"href":"https:\/\/arteconfort.com\/en\/wp-json\/wp\/v2\/pages\/9932","targetHints":{"allow":["GET"]}}],"collection":[{"href":"https:\/\/arteconfort.com\/en\/wp-json\/wp\/v2\/pages"}],"about":[{"href":"https:\/\/arteconfort.com\/en\/wp-json\/wp\/v2\/types\/page"}],"author":[{"embeddable":true,"href":"https:\/\/arteconfort.com\/en\/wp-json\/wp\/v2\/users\/1"}],"replies":[{"embeddable":true,"href":"https:\/\/arteconfort.com\/en\/wp-json\/wp\/v2\/comments?post=9932"}],"version-history":[{"count":0,"href":"https:\/\/arteconfort.com\/en\/wp-json\/wp\/v2\/pages\/9932\/revisions"}],"up":[{"embeddable":true,"href":"https:\/\/arteconfort.com\/en\/wp-json\/wp\/v2\/pages\/10156"}],"wp:attachment":[{"href":"https:\/\/arteconfort.com\/en\/wp-json\/wp\/v2\/media?parent=9932"}],"curies":[{"name":"wp","href":"https:\/\/api.w.org\/{rel}","templated":true}]}}