{"version":"1.0","provider_name":"Arteconfort","provider_url":"https:\/\/arteconfort.com\/fr\/","author_name":"admin","author_url":"https:\/\/arteconfort.com\/fr\/author\/admin\/","title":"BORA PRO - Descatalogados - Arteconfort","type":"rich","width":600,"height":338,"html":"<blockquote class=\"wp-embedded-content\" data-secret=\"29MVvEoDpE\"><a href=\"https:\/\/arteconfort.com\/fr\/producto\/bora-pro\/\">BORA PRO<\/a><\/blockquote><iframe sandbox=\"allow-scripts\" security=\"restricted\" src=\"https:\/\/arteconfort.com\/fr\/producto\/bora-pro\/embed\/#?secret=29MVvEoDpE\" width=\"600\" height=\"338\" title=\"\u00ab\u00a0BORA PRO\u00a0\u00bb &#8212; Arteconfort\" data-secret=\"29MVvEoDpE\" frameborder=\"0\" marginwidth=\"0\" marginheight=\"0\" scrolling=\"no\" class=\"wp-embedded-content\"><\/iframe><script type=\"text\/javascript\">\n\/* <![CDATA[ *\/\n\/*! This file is auto-generated *\/\n!function(d,l){\"use strict\";l.querySelector&&d.addEventListener&&\"undefined\"!=typeof URL&&(d.wp=d.wp||{},d.wp.receiveEmbedMessage||(d.wp.receiveEmbedMessage=function(e){var t=e.data;if((t||t.secret||t.message||t.value)&&!\/[^a-zA-Z0-9]\/.test(t.secret)){for(var s,r,n,a=l.querySelectorAll('iframe[data-secret=\"'+t.secret+'\"]'),o=l.querySelectorAll('blockquote[data-secret=\"'+t.secret+'\"]'),c=new RegExp(\"^https?:$\",\"i\"),i=0;i<o.length;i++)o[i].style.display=\"none\";for(i=0;i<a.length;i++)s=a[i],e.source===s.contentWindow&&(s.removeAttribute(\"style\"),\"height\"===t.message?(1e3<(r=parseInt(t.value,10))?r=1e3:~~r<200&&(r=200),s.height=r):\"link\"===t.message&&(r=new URL(s.getAttribute(\"src\")),n=new URL(t.value),c.test(n.protocol))&&n.host===r.host&&l.activeElement===s&&(d.top.location.href=t.value))}},d.addEventListener(\"message\",d.wp.receiveEmbedMessage,!1),l.addEventListener(\"DOMContentLoaded\",function(){for(var e,t,s=l.querySelectorAll(\"iframe.wp-embedded-content\"),r=0;r<s.length;r++)(t=(e=s[r]).getAttribute(\"data-secret\"))||(t=Math.random().toString(36).substring(2,12),e.src+=\"#?secret=\"+t,e.setAttribute(\"data-secret\",t)),e.contentWindow.postMessage({message:\"ready\",secret:t},\"*\")},!1)))}(window,document);\n\/* ]]> *\/\n<\/script>\n","thumbnail_url":"https:\/\/arteconfort.com\/wp-content\/uploads\/2023\/10\/VENTILADOR-DE-TECHO-BORA-PRO-ASPAS-MADERA-1.webp","thumbnail_width":1024,"thumbnail_height":1024,"description":"Ventilateur de plafond Bora Pro avec \u00e9clairage LED int\u00e9gr\u00e9 et m\u00e9moire de temp\u00e9rature de couleur. Il a un corps en m\u00e9tal et 4 lames en couleur argent et bois (r\u00e9versible), il est facile \u00e0 installer et convient aux plafonds inclin\u00e9s (jusqu'\u00e0 15\u00ba). Il est dot\u00e9 d'un moteur \u00e0 courant continu (CC) tr\u00e8s efficace qui r\u00e9duit la consommation d'\u00e9nergie tout en g\u00e9n\u00e9rant une atmosph\u00e8re agr\u00e9able gr\u00e2ce \u00e0 son fonctionnement silencieux. Comprend une t\u00e9l\u00e9commande permettant de contr\u00f4ler et de modifier les modes de programmation (jusqu'\u00e0 9 heures), la temp\u00e9rature des couleurs (3000K-4000K-5500K), les vitesses (6), l'intensit\u00e9 lumineuse (jusqu'\u00e0 8 niveaux), le mode brise (sensation cr\u00e9\u00e9e par le changement constant de vitesse) et le mode hiver-\u00e9t\u00e9. Ce mod\u00e8le \u00e9l\u00e9gant peut \u00eatre utilis\u00e9 dans des pi\u00e8ces allant jusqu'\u00e0 40m2. Ref. BORAPRONL21   Ventilateur pour les grandes pi\u00e8ces  Grand d\u00e9bit d'air  \u00c9clairage LED avec m\u00e9moire de temp\u00e9rature de couleur"}