{"version":"1.0","provider_name":"Arteconfort","provider_url":"https:\/\/arteconfort.com\/fr\/","author_name":"rauldd","author_url":"https:\/\/arteconfort.com\/fr\/author\/rauldd\/","title":"ECHO - Climatizaci\u00f3n, colecci\u00f3n antigua, Ventiladores de techo - Arteconfort","type":"rich","width":600,"height":338,"html":"<blockquote class=\"wp-embedded-content\" data-secret=\"8dlgGKic9Z\"><a href=\"https:\/\/arteconfort.com\/fr\/producto\/echo\/\">ECHO<\/a><\/blockquote><iframe sandbox=\"allow-scripts\" security=\"restricted\" src=\"https:\/\/arteconfort.com\/fr\/producto\/echo\/embed\/#?secret=8dlgGKic9Z\" width=\"600\" height=\"338\" title=\"\u00ab\u00a0ECHO\u00a0\u00bb &#8212; Arteconfort\" data-secret=\"8dlgGKic9Z\" frameborder=\"0\" marginwidth=\"0\" marginheight=\"0\" scrolling=\"no\" class=\"wp-embedded-content\"><\/iframe><script type=\"text\/javascript\">\n\/* <![CDATA[ *\/\n\/*! This file is auto-generated *\/\n!function(d,l){\"use strict\";l.querySelector&&d.addEventListener&&\"undefined\"!=typeof URL&&(d.wp=d.wp||{},d.wp.receiveEmbedMessage||(d.wp.receiveEmbedMessage=function(e){var t=e.data;if((t||t.secret||t.message||t.value)&&!\/[^a-zA-Z0-9]\/.test(t.secret)){for(var s,r,n,a=l.querySelectorAll('iframe[data-secret=\"'+t.secret+'\"]'),o=l.querySelectorAll('blockquote[data-secret=\"'+t.secret+'\"]'),c=new RegExp(\"^https?:$\",\"i\"),i=0;i<o.length;i++)o[i].style.display=\"none\";for(i=0;i<a.length;i++)s=a[i],e.source===s.contentWindow&&(s.removeAttribute(\"style\"),\"height\"===t.message?(1e3<(r=parseInt(t.value,10))?r=1e3:~~r<200&&(r=200),s.height=r):\"link\"===t.message&&(r=new URL(s.getAttribute(\"src\")),n=new URL(t.value),c.test(n.protocol))&&n.host===r.host&&l.activeElement===s&&(d.top.location.href=t.value))}},d.addEventListener(\"message\",d.wp.receiveEmbedMessage,!1),l.addEventListener(\"DOMContentLoaded\",function(){for(var e,t,s=l.querySelectorAll(\"iframe.wp-embedded-content\"),r=0;r<s.length;r++)(t=(e=s[r]).getAttribute(\"data-secret\"))||(t=Math.random().toString(36).substring(2,12),e.src+=\"#?secret=\"+t,e.setAttribute(\"data-secret\",t)),e.contentWindow.postMessage({message:\"ready\",secret:t},\"*\")},!1)))}(window,document);\n\/* ]]> *\/\n<\/script>\n","thumbnail_url":"https:\/\/arteconfort.com\/wp-content\/uploads\/2025\/04\/ECHO-BlancoMaderaClara-mando.webp","thumbnail_width":1024,"thumbnail_height":1024,"description":"Le ventilateur de plafond ECHO est dot\u00e9 d'une lumi\u00e8re LED et d'une m\u00e9moire de temp\u00e9rature de couleur. Il est facile \u00e0 installer et convient aux plafonds et aux surfaces ayant une inclinaison allant jusqu'\u00e0 15\u00ba. Il est \u00e9quip\u00e9 d'une t\u00e9l\u00e9commande et d'un moteur \u00e0 courant continu tr\u00e8s efficace et silencieux. Ses lames, en bois v\u00e9ritable, sont r\u00e9glables sur 6 niveaux et son \u00e9clairage LED de diff\u00e9rentes intensit\u00e9s se gradue en trois temp\u00e9ratures diff\u00e9rentes : 3 000 K (lumi\u00e8re chaude), 4 000 K (lumi\u00e8re neutre) et 6 500 K (lumi\u00e8re froide). Ref.: ECHOBLMD21, ECHONGMD21   Ventilateur traditionnel avec pales en bois v\u00e9ritable  D\u00e9bit d'air important  6 vitesses et intensit\u00e9 lumineuse graduelle en 3 temp\u00e9ratures  Retrouvez ce ventilateur en vente exclusivement chez BAUHAUSRetrouvez ce ventilateur en vente exclusivement chez BAUHAUS"}