{"id":11251,"date":"2020-12-22T10:30:39","date_gmt":"2020-12-22T09:30:39","guid":{"rendered":"https:\/\/arteconfort.com\/producto\/non%20class\u00e9\/conil\/"},"modified":"2025-06-06T11:23:29","modified_gmt":"2025-06-06T09:23:29","slug":"conil","status":"publish","type":"product","link":"https:\/\/arteconfort.com\/fr\/producto\/conil\/","title":{"rendered":"CONIL"},"content":{"rendered":"<div class=\"wpb-content-wrapper\"><p>[vc_row][vc_column][vc_empty_space height=&#8221;60px&#8221;][vc_row_inner][vc_column_inner width=&#8221;1\/3&#8243;][wyde_info_box icon_set=&#8221;simple_line&#8221; icon_simple_line=&#8221;sl-energy&#8221; icon_position=&#8221;left&#8221; title=&#8221;CARACTER\u00cdSTICAS F\u00cdSICAS Y EL\u00c9CTRICAS&#8221;][\/wyde_info_box][vc_empty_space height=&#8221;10px&#8221;][vc_column_text]Hauteur: <strong>22cm<\/strong><br \/>\nDiam\u00e8tre: <strong>122 cm<\/strong><br \/>\nPoids: <strong>6,6 kg<\/strong><br \/>\nMat\u00e9riau du corps: <strong>M\u00e9tal<\/strong><br \/>\nMat\u00e9riau de la lame: <strong>ABS<\/strong><br \/>\nFinition du corps: <strong>Blanc mat<\/strong><br \/>\nFinition des lames: <strong>Bois<\/strong><br \/>\nNombre de lames: <strong>3<\/strong><br \/>\nLames r\u00e9versibles: <strong>Non<\/strong><br \/>\nMoteur: <strong>DC<\/strong><br \/>\nVoltage: <strong>230Vac<\/strong><br \/>\nPuissance de vitesse: <strong>5W-7W-11W-15W-20W-28W<\/strong><br \/>\nRPM des vitesses: <strong>90-118-146-175-203-230<\/strong><br \/>\nBruit \u00e9mis par les vitesses: <strong>&#8211;<\/strong><br \/>\nD\u00e9bit d&#8217;air des vitesses: <strong>&#8211;<\/strong><br \/>\nSurface maximale recommand\u00e9e: <strong>&lt;40m<sup>2<\/sup><\/strong><br \/>\nIP: <strong>20<\/strong><br \/>\nInclinaison maximale du plafond:<strong> Non adapt\u00e9<\/strong><br \/>\nDistance de s\u00e9curit\u00e9: <strong>2,5m<\/strong><br \/>\nIsolation \u00e9lectrique: <strong>Classe I<\/strong><br \/>\nAccessoires: <strong>Stabilisateur<\/strong><br \/>\nGarantie: <strong>Moteur 5 ans &#8211; Autres composants 2 ans<\/strong>[\/vc_column_text][\/vc_column_inner][vc_column_inner width=&#8221;1\/3&#8243;][wyde_info_box icon_set=&#8221;simple_line&#8221; icon_simple_line=&#8221;sl-mouse&#8221; icon_position=&#8221;left&#8221; title=&#8221;CONTR\u00d4LE ET FONCTIONS&#8221;][\/wyde_info_box][vc_empty_space height=&#8221;10px&#8221;][vc_column_text]Contr\u00f4le: <strong>Oui<\/strong><br \/>\nPiles: <strong>2xAAA (non incluses)<\/strong><br \/>\nNombre de vitesses:<strong> 6<\/strong><br \/>\nProgrammation: <strong>Jusqu&#8217;\u00e0 9h<\/strong><br \/>\nMode brise: <strong>Oui<\/strong><br \/>\nMode \u00e9t\u00e9\/hiver: <strong>Oui<\/strong><br \/>\nThermostat: <strong>Non<\/strong><br \/>\nM\u00e9moire \u00e0 la mise sous tension: <strong>Oui<\/strong><br \/>\nConnexion Wi-Fi: <strong>Non<\/strong><br \/>\nConnexion Bluetooth: <strong>Non<\/strong>[\/vc_column_text][\/vc_column_inner][vc_column_inner width=&#8221;1\/3&#8243;][wyde_info_box icon_set=&#8221;stroke_gap&#8221; icon_stroke_gap=&#8221;sg-Bulb&#8221; icon_position=&#8221;left&#8221; title=&#8221;\u00c9CLAIRAGE&#8221;][\/wyde_info_box][vc_empty_space height=&#8221;10px&#8221;][vc_column_text]Flux lumineux: <strong>2.400lm<\/strong><br \/>\nPuissance des LED: <strong>18W OSRAM LED<\/strong><br \/>\nTemp\u00e9rature de couleur: <strong>Oui<\/strong><br \/>\nChangement de temp\u00e9rature de couleur: <strong>3000K-4000K-5500K<\/strong><br \/>\nGradation: <strong>Jusqu&#8217;\u00e0 8 niveaux<\/strong><br \/>\nAngle d&#8217;ouverture:<strong> 160\u00ba<\/strong><br \/>\nDur\u00e9e de vie moyenne: <strong>30.000h<\/strong><br \/>\nNombre d&#8217;allumages: <strong>20.000<\/strong><br \/>\nM\u00e9moire de temp\u00e9rature de couleur: <strong>Oui<\/strong><br \/>\nLabel d&#8217;efficacit\u00e9 \u00e9nerg\u00e9tique: <strong>&#8211;<\/strong>[\/vc_column_text][\/vc_column_inner][\/vc_row_inner][vc_empty_space height=&#8221;60px&#8221;][\/vc_column][\/vc_row][vc_row vertical_align=&#8221;middle&#8221; padding_size=&#8221;no-padding&#8221; background_mode=&#8221;color&#8221; background_color=&#8221;#f5f5f5&#8243;][vc_column text_align=&#8221;center&#8221; padding_size=&#8221;no-padding&#8221;][vc_row_inner vertical_align=&#8221;middle&#8221; padding_size=&#8221;no-padding&#8221; css=&#8221;.vc_custom_1664367242377{padding-top: 30px !important;padding-right: 60px !important;padding-bottom: 30px !important;padding-left: 60px !important;}&#8221;][vc_column_inner padding_size=&#8221;no-padding&#8221; width=&#8221;2\/3&#8243;][wyde_heading style=&#8221;2&#8243; title_tag=&#8221;h3&#8243; title=&#8221;Pi\u00e8ces de rechange disponibles pour le ventilateur CONIL&#8221; heading_color=&#8221;#000000&#8243;][vc_column_text]Vous pouvez acheter la pi\u00e8ce de rechange pour votre ventilateur dans le m\u00eame magasin o\u00f9 vous avez achet\u00e9 votre ventilateur ou dans un autre magasin de la m\u00eame cha\u00eene.[\/vc_column_text][vc_empty_space][wyde_info_box icon=&#8221;fa fa-check&#8221; icon_position=&#8221;left&#8221; title=&#8221;AMPOULE D&#8217;\u00c9CLAIRAGE&#8221;][\/wyde_info_box][wyde_info_box icon=&#8221;fa fa-check&#8221; icon_position=&#8221;left&#8221; title=&#8221;AFFICHAGE LED&#8221;][\/wyde_info_box][wyde_info_box icon=&#8221;fa fa-check&#8221; icon_position=&#8221;left&#8221; title=&#8221;T\u00c9L\u00c9COMMANDE ET CONTROLLER&#8221;][\/wyde_info_box][vc_empty_space height=&#8221;20px&#8221;][\/vc_column_inner][vc_column_inner text_align=&#8221;center&#8221; width=&#8221;1\/3&#8243; background_color=&#8221;#ffffff&#8221;][vc_empty_space height=&#8221;20px&#8221;][vc_column_text]<em>Si vous avez des questions, vous pouvez nous contacter via le formulaire de contact:<\/em>[\/vc_column_text][vc_empty_space height=&#8221;20px&#8221;][wyde_link_button icon_set=&#8221;simple_line&#8221; icon_simple_line=&#8221;sl-bubbles&#8221; style=&#8221;outline round&#8221; title=&#8221;Consultez&#8221; link=&#8221;url:https%3A%2F%2Farteconfort.com%2Fcontacto%2F|||&#8221; color=&#8221;#61b4e4&#8243; hover_color=&#8221;#ffffff&#8221;][vc_empty_space height=&#8221;40px&#8221;][vc_single_image alignment=&#8221;center&#8221; image=&#8221;24269&#8243;][\/vc_column_inner][\/vc_row_inner][\/vc_column][\/vc_row][vc_row padding_size=&#8221;no-padding&#8221;][vc_column padding_size=&#8221;no-padding&#8221;][vc_empty_space height=&#8221;80px&#8221;][wyde_heading style=&#8221;2&#8243; subheading_tag=&#8221;h5&#8243; text_align=&#8221;center&#8221; title=&#8221;Ce que les gens disent de l&#8217;\u00e9ventail CONIL&#8221; subheading=&#8221;(Source d&#8217;opinions leroymerlin.es)&#8221; heading_color=&#8221;#000000&#8243; subheading_color=&#8221;#bbbbbb&#8221;][\/vc_column][\/vc_row][vc_row padding_size=&#8221;no-padding&#8221;][vc_column padding_size=&#8221;m-padding&#8221; width=&#8221;1\/3&#8243; el_class=&#8221;comentarios-producto&#8221;][vc_row_inner][vc_column_inner text_align=&#8221;center&#8221; padding_size=&#8221;s-padding&#8221; css=&#8221;.vc_custom_1664188928661{border: 1px solid #cccccc !important;}&#8221;][vc_column_text]\u2605\u2605\u2605\u2605\u2605<\/p>\n<p>\u201cMuy silencioso, facil de usar y muy bonito. Estamos muy, muy contentos con la compra\u201d[\/vc_column_text][vc_column_text]<\/p>\n<p style=\"text-align: center;\"><strong>Crone<\/strong><\/p>\n<p>[\/vc_column_text][\/vc_column_inner][\/vc_row_inner][\/vc_column][vc_column padding_size=&#8221;m-padding&#8221; width=&#8221;1\/3&#8243; el_class=&#8221;comentarios-producto&#8221;][vc_row_inner][vc_column_inner text_align=&#8221;center&#8221; padding_size=&#8221;s-padding&#8221; css=&#8221;.vc_custom_1664188994351{border: 1px solid #cccccc !important;}&#8221;][vc_column_text]\u2605\u2605\u2605\u2605\u2605<\/p>\n<p><em>\u201cNo tengo nada que no me guste de este aparato, tiene un dise\u00f1o muy acorde a mi casa, es silencioso y efectivo! muy buena compra\u201d<\/em>[\/vc_column_text][vc_column_text]<\/p>\n<p style=\"text-align: center;\"><strong>PGP.<\/strong><\/p>\n<p>[\/vc_column_text][\/vc_column_inner][\/vc_row_inner][\/vc_column][vc_column padding_size=&#8221;m-padding&#8221; width=&#8221;1\/3&#8243; el_class=&#8221;comentarios-producto&#8221;][vc_row_inner][vc_column_inner text_align=&#8221;center&#8221; padding_size=&#8221;s-padding&#8221; css=&#8221;.vc_custom_1664188963265{border: 1px solid #cccccc !important;}&#8221;][vc_column_text]\u2605\u2605\u2605\u2605\u2605<\/p>\n<p>\u201cDise\u00f1o minimalista y n\u00f3rdico. Muy buen producto. Tiene 3 tipos de luz (fr\u00eda, c\u00e1lida y neutra) con 6 intensidades. Mueve muy bien el aire. Recomendable 100%\u201d[\/vc_column_text][vc_column_text]<\/p>\n<p style=\"text-align: center;\"><strong>Raquel M.<\/strong><\/p>\n<p>[\/vc_column_text][\/vc_column_inner][\/vc_row_inner][\/vc_column][\/vc_row][vc_row][vc_column][vc_empty_space height=&#8221;80px&#8221;][\/vc_column][\/vc_row][vc_row vertical_align=&#8221;middle&#8221; padding_size=&#8221;no-padding&#8221; background_mode=&#8221;color&#8221; background_color=&#8221;#f5f5f5&#8243;][vc_column text_align=&#8221;center&#8221; offset=&#8221;vc_hidden-md vc_hidden-sm vc_hidden-xs&#8221;][vc_row_inner vertical_align=&#8221;middle&#8221; padding_size=&#8221;no-padding&#8221;][vc_column_inner text_align=&#8221;center&#8221; width=&#8221;1\/3&#8243;][vc_single_image alignment=&#8221;center&#8221; image=&#8221;24167&#8243;][\/vc_column_inner][vc_column_inner width=&#8221;1\/3&#8243;][vc_column_text]Vous trouverez ce ventilateur de plafond en vente exclusivement chez <strong>LEROY MERLIN<\/strong>[\/vc_column_text][\/vc_column_inner][vc_column_inner width=&#8221;1\/3&#8243;][wyde_link_button icon_set=&#8221;simple_line&#8221; icon_simple_line=&#8221;sl-login&#8221; style=&#8221;outline round&#8221; title=&#8221;Acc\u00e8s \u00e0 Leroy Merlin&#8221; link=&#8221;url:https%3A%2F%2Fwww.leroymerlin.es%2Ffp%2F83860101%2Fventilador-de-techo-con-luz-led-conil-blanco-122-cm-dc||target:%20_blank|rel:nofollow&#8221; color=&#8221;#61b4e4&#8243; hover_color=&#8221;#ffffff&#8221;][\/vc_column_inner][\/vc_row_inner][\/vc_column][\/vc_row][vc_row vertical_align=&#8221;middle&#8221; padding_size=&#8221;no-padding&#8221; background_mode=&#8221;color&#8221; background_color=&#8221;#f5f5f5&#8243;][vc_column text_align=&#8221;center&#8221; padding_size=&#8221;no-padding&#8221; offset=&#8221;vc_hidden-lg&#8221;][vc_row_inner vertical_align=&#8221;middle&#8221; padding_size=&#8221;no-padding&#8221; css=&#8221;.vc_custom_1664367242377{padding-top: 30px !important;padding-right: 60px !important;padding-bottom: 30px !important;padding-left: 60px !important;}&#8221;][vc_column_inner padding_size=&#8221;no-padding&#8221; width=&#8221;1\/2&#8243;][vc_single_image alignment=&#8221;center&#8221; image=&#8221;24167&#8243;][\/vc_column_inner][vc_column_inner text_align=&#8221;center&#8221; width=&#8221;1\/2&#8243;][vc_column_text]Vous trouverez ce ventilateur de plafond en vente exclusivement chez <strong>LEROY MERLIN<\/strong>[\/vc_column_text][vc_empty_space height=&#8221;10px&#8221;][wyde_link_button icon_set=&#8221;simple_line&#8221; icon_simple_line=&#8221;sl-login&#8221; style=&#8221;outline round&#8221; title=&#8221;Acc\u00e8s \u00e0 Leroy Merlin&#8221; link=&#8221;url:https%3A%2F%2Fwww.leroymerlin.es%2Ffp%2F83860101%2Fventilador-de-techo-con-luz-led-conil-blanco-122-cm-dc||target:%20_blank|rel:nofollow&#8221; color=&#8221;#61b4e4&#8243; hover_color=&#8221;#ffffff&#8221;][\/vc_column_inner][\/vc_row_inner][\/vc_column][\/vc_row]<\/p>\n<\/div>","protected":false},"excerpt":{"rendered":"<p>Ventilateur de plafond Conil avec \u00e9clairage LED int\u00e9gr\u00e9 et m\u00e9moire de temp\u00e9rature de couleur. Il poss\u00e8de un corps en m\u00e9tal, 3 lames en bois et est facile \u00e0 installer. Il est dot\u00e9 d&#8217;un moteur \u00e0 courant continu (CC) tr\u00e8s efficace qui r\u00e9duit la consommation d&#8217;\u00e9nergie tout en cr\u00e9ant une atmosph\u00e8re agr\u00e9able gr\u00e2ce \u00e0 son fonctionnement silencieux. Il comprend une t\u00e9l\u00e9commande permettant de contr\u00f4ler et de modifier les modes de programmation (jusqu&#8217;\u00e0 9h), la temp\u00e9rature des couleurs (3000K-4000K-5500K), les vitesses (6), l&#8217;intensit\u00e9 lumineuse (jusqu&#8217;\u00e0 8 niveaux), le mode brise (sensation cr\u00e9\u00e9e par le changement constant des vitesses) et le mode hiver-\u00e9t\u00e9. Ce mod\u00e8le \u00e9l\u00e9gant peut \u00eatre utilis\u00e9 dans des pi\u00e8ces de moins de 40m<sup>2<\/sup>.<br \/>\n<strong>Ref: CONILBLMAD21<\/strong><\/p>\n<ul style=\"list-style-type: circle; padding-left: 80px;\">\n<li>Ventilateur pour les grandes pi\u00e8ces<\/li>\n<li>Grand d\u00e9bit d&#8217;air<\/li>\n<li>\u00c9clairage LED avec m\u00e9moire de temp\u00e9rature de couleur<\/li>\n<\/ul>\n<p>[vc_row vertical_align=&#8221;middle&#8221; padding_size=&#8221;no-padding&#8221; background_mode=&#8221;color&#8221; background_color=&#8221;#f5f5f5&#8243;][vc_column text_align=&#8221;center&#8221; offset=&#8221;vc_hidden-md vc_hidden-sm vc_hidden-xs&#8221;][vc_row_inner vertical_align=&#8221;middle&#8221; padding_size=&#8221;no-padding&#8221; css=&#8221;.vc_custom_1664435191461{padding-top: 30px !important;padding-right: 60px !important;padding-bottom: 30px !important;padding-left: 60px !important;}&#8221;][vc_column_inner width=&#8221;1\/2&#8243;][vc_single_image image=&#8221;24179&#8243;][\/vc_column_inner][vc_column_inner width=&#8221;1\/2&#8243;][vc_column_text]Vous trouverez ce ventilateur de plafond en vente exclusivement chez <strong>LEROY MERLIN<\/strong>[\/vc_column_text][vc_empty_space height=&#8221;10px&#8221;][wyde_link_button icon_set=&#8221;simple_line&#8221; icon_simple_line=&#8221;sl-login&#8221; style=&#8221;outline round&#8221; title=&#8221;Acc\u00e8s \u00e0 Leroy Merlin&#8221; link=&#8221;url:https%3A%2F%2Fwww.leroymerlin.es%2Ffp%2F83860101%2Fventilador-de-techo-con-luz-led-conil-blanco-122-cm-dc||target:%20_blank|rel:nofollow&#8221; color=&#8221;#61b4e4&#8243; hover_color=&#8221;#ffffff&#8221;][\/vc_column_inner][\/vc_row_inner][\/vc_column][\/vc_row][vc_row vertical_align=&#8221;middle&#8221; padding_size=&#8221;no-padding&#8221; background_mode=&#8221;color&#8221; background_color=&#8221;#f5f5f5&#8243;][vc_column text_align=&#8221;center&#8221; padding_size=&#8221;no-padding&#8221; offset=&#8221;vc_hidden-lg&#8221;][vc_row_inner vertical_align=&#8221;middle&#8221; padding_size=&#8221;no-padding&#8221; css=&#8221;.vc_custom_1664367242377{padding-top: 30px !important;padding-right: 60px !important;padding-bottom: 30px !important;padding-left: 60px !important;}&#8221;][vc_column_inner padding_size=&#8221;no-padding&#8221; width=&#8221;1\/2&#8243;][vc_single_image alignment=&#8221;center&#8221; image=&#8221;24165&#8243;][\/vc_column_inner][vc_column_inner text_align=&#8221;center&#8221; width=&#8221;1\/2&#8243;][vc_column_text]Vous trouverez ce ventilateur de plafond en vente exclusivement chez <strong>LEROY MERLIN<\/strong>[\/vc_column_text][vc_empty_space height=&#8221;10px&#8221;][wyde_link_button icon_set=&#8221;simple_line&#8221; icon_simple_line=&#8221;sl-login&#8221; style=&#8221;outline round&#8221; title=&#8221;Acc\u00e8s \u00e0 Leroy Merlin&#8221; link=&#8221;url:https%3A%2F%2Fwww.leroymerlin.es%2Ffp%2F83860101%2Fventilador-de-techo-con-luz-led-conil-blanco-122-cm-dc||target:%20_blank|rel:nofollow&#8221; color=&#8221;#61b4e4&#8243; hover_color=&#8221;#ffffff&#8221;][\/vc_column_inner][\/vc_row_inner][\/vc_column][\/vc_row][vc_row][vc_column offset=&#8221;vc_hidden-xs&#8221;][vc_empty_space height=&#8221;60px&#8221;][\/vc_column][\/vc_row][vc_row][vc_column width=&#8221;1\/3&#8243;][wyde_link_button icon_set=&#8221;simple_line&#8221; icon_simple_line=&#8221;sl-settings&#8221; style=&#8221;round&#8221; title=&#8221;Instructions&#8221; link=&#8221;url:https%3A%2F%2Farteconfort.com%2Fwp-content%2Fuploads%2F2024%2F06%2Fim-CONIL-v4.pdf||target:%20_blank|rel:nofollow&#8221; color=&#8221;#ffffff&#8221; bg_color=&#8221;#222222&#8243;][\/vc_column][\/vc_row]<\/p>\n","protected":false},"featured_media":38877,"template":"","meta":[],"product_brand":[],"product_cat":[354,1047,355],"product_tag":[],"class_list":{"0":"post-11251","1":"product","2":"type-product","3":"status-publish","4":"has-post-thumbnail","6":"product_cat-climatizacion-fr","7":"product_cat-coleccion-antigua-fr","8":"product_cat-ventiladores-de-techo-fr","10":"first","11":"instock","12":"shipping-taxable","13":"product-type-external"},"yoast_head":"<!-- This site is optimized with the Yoast SEO plugin v26.5 - https:\/\/yoast.com\/wordpress\/plugins\/seo\/ -->\n<title>CONIL - Climatizaci\u00f3n, colecci\u00f3n antigua, Ventiladores de techo - Arteconfort<\/title>\n<meta name=\"description\" content=\"Ventilateur de plafond Conil avec \u00e9clairage LED int\u00e9gr\u00e9 et m\u00e9moire de temp\u00e9rature de couleur. Il poss\u00e8de un corps en m\u00e9tal, 3 lames en bois et est facile \u00e0 installer. Il est dot\u00e9 d&#039;un moteur \u00e0 courant continu (CC) tr\u00e8s efficace qui r\u00e9duit la consommation d&#039;\u00e9nergie tout en cr\u00e9ant une atmosph\u00e8re agr\u00e9able gr\u00e2ce \u00e0 son fonctionnement silencieux. Il comprend une t\u00e9l\u00e9commande permettant de contr\u00f4ler et de modifier les modes de programmation (jusqu&#039;\u00e0 9h), la temp\u00e9rature des couleurs (3000K-4000K-5500K), les vitesses (6), l&#039;intensit\u00e9 lumineuse (jusqu&#039;\u00e0 8 niveaux), le mode brise (sensation cr\u00e9\u00e9e par le changement constant des vitesses) et le mode hiver-\u00e9t\u00e9. Ce mod\u00e8le \u00e9l\u00e9gant peut \u00eatre utilis\u00e9 dans des pi\u00e8ces de moins de 40m2. Ref: CONILBLMAD21   Ventilateur pour les grandes pi\u00e8ces  Grand d\u00e9bit d&#039;air  \u00c9clairage LED avec m\u00e9moire de temp\u00e9rature de couleur  Vous trouverez ce ventilateur de plafond en vente exclusivement chez LEROY MERLINVous trouverez ce ventilateur de plafond en vente exclusivement chez LEROY MERLIN\" \/>\n<meta name=\"robots\" content=\"index, follow, max-snippet:-1, max-image-preview:large, max-video-preview:-1\" \/>\n<link rel=\"canonical\" href=\"https:\/\/arteconfort.com\/fr\/producto\/conil\/\" \/>\n<meta property=\"og:locale\" content=\"fr_FR\" \/>\n<meta property=\"og:type\" content=\"article\" \/>\n<meta property=\"og:title\" content=\"CONIL - Climatizaci\u00f3n, colecci\u00f3n antigua, Ventiladores de techo - Arteconfort\" \/>\n<meta property=\"og:description\" content=\"Ventilateur de plafond Conil avec \u00e9clairage LED int\u00e9gr\u00e9 et m\u00e9moire de temp\u00e9rature de couleur. Il poss\u00e8de un corps en m\u00e9tal, 3 lames en bois et est facile \u00e0 installer. Il est dot\u00e9 d&#039;un moteur \u00e0 courant continu (CC) tr\u00e8s efficace qui r\u00e9duit la consommation d&#039;\u00e9nergie tout en cr\u00e9ant une atmosph\u00e8re agr\u00e9able gr\u00e2ce \u00e0 son fonctionnement silencieux. Il comprend une t\u00e9l\u00e9commande permettant de contr\u00f4ler et de modifier les modes de programmation (jusqu&#039;\u00e0 9h), la temp\u00e9rature des couleurs (3000K-4000K-5500K), les vitesses (6), l&#039;intensit\u00e9 lumineuse (jusqu&#039;\u00e0 8 niveaux), le mode brise (sensation cr\u00e9\u00e9e par le changement constant des vitesses) et le mode hiver-\u00e9t\u00e9. Ce mod\u00e8le \u00e9l\u00e9gant peut \u00eatre utilis\u00e9 dans des pi\u00e8ces de moins de 40m2. Ref: CONILBLMAD21   Ventilateur pour les grandes pi\u00e8ces  Grand d\u00e9bit d&#039;air  \u00c9clairage LED avec m\u00e9moire de temp\u00e9rature de couleur  Vous trouverez ce ventilateur de plafond en vente exclusivement chez LEROY MERLINVous trouverez ce ventilateur de plafond en vente exclusivement chez LEROY MERLIN\" \/>\n<meta property=\"og:url\" content=\"https:\/\/arteconfort.com\/fr\/producto\/conil\/\" \/>\n<meta property=\"og:site_name\" content=\"Arteconfort\" \/>\n<meta property=\"article:modified_time\" content=\"2025-06-06T09:23:29+00:00\" \/>\n<meta property=\"og:image\" content=\"https:\/\/arteconfort.com\/wp-content\/uploads\/2024\/06\/ventilador-CONIL-foto-con-mando.webp\" \/>\n\t<meta property=\"og:image:width\" content=\"1024\" \/>\n\t<meta property=\"og:image:height\" content=\"1024\" \/>\n\t<meta property=\"og:image:type\" content=\"image\/webp\" \/>\n<meta name=\"twitter:card\" content=\"summary_large_image\" \/>\n<meta name=\"twitter:label1\" content=\"Dur\u00e9e de lecture estim\u00e9e\" \/>\n\t<meta name=\"twitter:data1\" content=\"3 minutes\" \/>\n<!-- \/ Yoast SEO plugin. -->","yoast_head_json":{"title":"CONIL - Climatizaci\u00f3n, colecci\u00f3n antigua, Ventiladores de techo - Arteconfort","description":"Ventilateur de plafond Conil avec \u00e9clairage LED int\u00e9gr\u00e9 et m\u00e9moire de temp\u00e9rature de couleur. Il poss\u00e8de un corps en m\u00e9tal, 3 lames en bois et est facile \u00e0 installer. Il est dot\u00e9 d'un moteur \u00e0 courant continu (CC) tr\u00e8s efficace qui r\u00e9duit la consommation d'\u00e9nergie tout en cr\u00e9ant une atmosph\u00e8re agr\u00e9able gr\u00e2ce \u00e0 son fonctionnement silencieux. Il comprend une t\u00e9l\u00e9commande permettant de contr\u00f4ler et de modifier les modes de programmation (jusqu'\u00e0 9h), la temp\u00e9rature des couleurs (3000K-4000K-5500K), les vitesses (6), l'intensit\u00e9 lumineuse (jusqu'\u00e0 8 niveaux), le mode brise (sensation cr\u00e9\u00e9e par le changement constant des vitesses) et le mode hiver-\u00e9t\u00e9. Ce mod\u00e8le \u00e9l\u00e9gant peut \u00eatre utilis\u00e9 dans des pi\u00e8ces de moins de 40m2. Ref: CONILBLMAD21   Ventilateur pour les grandes pi\u00e8ces  Grand d\u00e9bit d'air  \u00c9clairage LED avec m\u00e9moire de temp\u00e9rature de couleur  Vous trouverez ce ventilateur de plafond en vente exclusivement chez LEROY MERLINVous trouverez ce ventilateur de plafond en vente exclusivement chez LEROY MERLIN","robots":{"index":"index","follow":"follow","max-snippet":"max-snippet:-1","max-image-preview":"max-image-preview:large","max-video-preview":"max-video-preview:-1"},"canonical":"https:\/\/arteconfort.com\/fr\/producto\/conil\/","og_locale":"fr_FR","og_type":"article","og_title":"CONIL - Climatizaci\u00f3n, colecci\u00f3n antigua, Ventiladores de techo - Arteconfort","og_description":"Ventilateur de plafond Conil avec \u00e9clairage LED int\u00e9gr\u00e9 et m\u00e9moire de temp\u00e9rature de couleur. Il poss\u00e8de un corps en m\u00e9tal, 3 lames en bois et est facile \u00e0 installer. Il est dot\u00e9 d'un moteur \u00e0 courant continu (CC) tr\u00e8s efficace qui r\u00e9duit la consommation d'\u00e9nergie tout en cr\u00e9ant une atmosph\u00e8re agr\u00e9able gr\u00e2ce \u00e0 son fonctionnement silencieux. Il comprend une t\u00e9l\u00e9commande permettant de contr\u00f4ler et de modifier les modes de programmation (jusqu'\u00e0 9h), la temp\u00e9rature des couleurs (3000K-4000K-5500K), les vitesses (6), l'intensit\u00e9 lumineuse (jusqu'\u00e0 8 niveaux), le mode brise (sensation cr\u00e9\u00e9e par le changement constant des vitesses) et le mode hiver-\u00e9t\u00e9. Ce mod\u00e8le \u00e9l\u00e9gant peut \u00eatre utilis\u00e9 dans des pi\u00e8ces de moins de 40m2. Ref: CONILBLMAD21   Ventilateur pour les grandes pi\u00e8ces  Grand d\u00e9bit d'air  \u00c9clairage LED avec m\u00e9moire de temp\u00e9rature de couleur  Vous trouverez ce ventilateur de plafond en vente exclusivement chez LEROY MERLINVous trouverez ce ventilateur de plafond en vente exclusivement chez LEROY MERLIN","og_url":"https:\/\/arteconfort.com\/fr\/producto\/conil\/","og_site_name":"Arteconfort","article_modified_time":"2025-06-06T09:23:29+00:00","og_image":[{"width":1024,"height":1024,"url":"https:\/\/arteconfort.com\/wp-content\/uploads\/2024\/06\/ventilador-CONIL-foto-con-mando.webp","type":"image\/webp"}],"twitter_card":"summary_large_image","twitter_misc":{"Dur\u00e9e de lecture estim\u00e9e":"3 minutes"},"schema":{"@context":"https:\/\/schema.org","@graph":[{"@type":"WebPage","@id":"https:\/\/arteconfort.com\/fr\/producto\/conil\/","url":"https:\/\/arteconfort.com\/fr\/producto\/conil\/","name":"CONIL - Climatizaci\u00f3n, colecci\u00f3n antigua, Ventiladores de techo - Arteconfort","isPartOf":{"@id":"https:\/\/arteconfort.com\/fr\/#website"},"primaryImageOfPage":{"@id":"https:\/\/arteconfort.com\/fr\/producto\/conil\/#primaryimage"},"image":{"@id":"https:\/\/arteconfort.com\/fr\/producto\/conil\/#primaryimage"},"thumbnailUrl":"https:\/\/arteconfort.com\/wp-content\/uploads\/2024\/06\/ventilador-CONIL-foto-con-mando.webp","datePublished":"2020-12-22T09:30:39+00:00","dateModified":"2025-06-06T09:23:29+00:00","description":"Ventilateur de plafond Conil avec \u00e9clairage LED int\u00e9gr\u00e9 et m\u00e9moire de temp\u00e9rature de couleur. Il poss\u00e8de un corps en m\u00e9tal, 3 lames en bois et est facile \u00e0 installer. Il est dot\u00e9 d'un moteur \u00e0 courant continu (CC) tr\u00e8s efficace qui r\u00e9duit la consommation d'\u00e9nergie tout en cr\u00e9ant une atmosph\u00e8re agr\u00e9able gr\u00e2ce \u00e0 son fonctionnement silencieux. Il comprend une t\u00e9l\u00e9commande permettant de contr\u00f4ler et de modifier les modes de programmation (jusqu'\u00e0 9h), la temp\u00e9rature des couleurs (3000K-4000K-5500K), les vitesses (6), l'intensit\u00e9 lumineuse (jusqu'\u00e0 8 niveaux), le mode brise (sensation cr\u00e9\u00e9e par le changement constant des vitesses) et le mode hiver-\u00e9t\u00e9. Ce mod\u00e8le \u00e9l\u00e9gant peut \u00eatre utilis\u00e9 dans des pi\u00e8ces de moins de 40m2. Ref: CONILBLMAD21 Ventilateur pour les grandes pi\u00e8ces Grand d\u00e9bit d'air \u00c9clairage LED avec m\u00e9moire de temp\u00e9rature de couleur Vous trouverez ce ventilateur de plafond en vente exclusivement chez LEROY MERLINVous trouverez ce ventilateur de plafond en vente exclusivement chez LEROY MERLIN","breadcrumb":{"@id":"https:\/\/arteconfort.com\/fr\/producto\/conil\/#breadcrumb"},"inLanguage":"fr-FR","potentialAction":[{"@type":"ReadAction","target":["https:\/\/arteconfort.com\/fr\/producto\/conil\/"]}]},{"@type":"ImageObject","inLanguage":"fr-FR","@id":"https:\/\/arteconfort.com\/fr\/producto\/conil\/#primaryimage","url":"https:\/\/arteconfort.com\/wp-content\/uploads\/2024\/06\/ventilador-CONIL-foto-con-mando.webp","contentUrl":"https:\/\/arteconfort.com\/wp-content\/uploads\/2024\/06\/ventilador-CONIL-foto-con-mando.webp","width":1024,"height":1024,"caption":"Ventilador CONIL foto con mando"},{"@type":"BreadcrumbList","@id":"https:\/\/arteconfort.com\/fr\/producto\/conil\/#breadcrumb","itemListElement":[{"@type":"ListItem","position":1,"name":"Inicio","item":"https:\/\/arteconfort.com\/fr\/"},{"@type":"ListItem","position":2,"name":"Boutique","item":"https:\/\/arteconfort.com\/fr\/boutique\/"},{"@type":"ListItem","position":3,"name":"CONIL"}]},{"@type":"WebSite","@id":"https:\/\/arteconfort.com\/fr\/#website","url":"https:\/\/arteconfort.com\/fr\/","name":"Arteconfort","description":"Especialistas en productos del hogar","publisher":{"@id":"https:\/\/arteconfort.com\/fr\/#organization"},"potentialAction":[{"@type":"SearchAction","target":{"@type":"EntryPoint","urlTemplate":"https:\/\/arteconfort.com\/fr\/?s={search_term_string}"},"query-input":{"@type":"PropertyValueSpecification","valueRequired":true,"valueName":"search_term_string"}}],"inLanguage":"fr-FR"},{"@type":"Organization","@id":"https:\/\/arteconfort.com\/fr\/#organization","name":"Arteconfort","url":"https:\/\/arteconfort.com\/fr\/","logo":{"@type":"ImageObject","inLanguage":"fr-FR","@id":"https:\/\/arteconfort.com\/fr\/#\/schema\/logo\/image\/","url":"https:\/\/arteconfort.com\/wp-content\/uploads\/2019\/07\/logo-arteconfort.png","contentUrl":"https:\/\/arteconfort.com\/wp-content\/uploads\/2019\/07\/logo-arteconfort.png","width":230,"height":88,"caption":"Arteconfort"},"image":{"@id":"https:\/\/arteconfort.com\/fr\/#\/schema\/logo\/image\/"}}]}},"_links":{"self":[{"href":"https:\/\/arteconfort.com\/fr\/wp-json\/wp\/v2\/product\/11251","targetHints":{"allow":["GET"]}}],"collection":[{"href":"https:\/\/arteconfort.com\/fr\/wp-json\/wp\/v2\/product"}],"about":[{"href":"https:\/\/arteconfort.com\/fr\/wp-json\/wp\/v2\/types\/product"}],"wp:featuredmedia":[{"embeddable":true,"href":"https:\/\/arteconfort.com\/fr\/wp-json\/wp\/v2\/media\/38877"}],"wp:attachment":[{"href":"https:\/\/arteconfort.com\/fr\/wp-json\/wp\/v2\/media?parent=11251"}],"wp:term":[{"taxonomy":"product_brand","embeddable":true,"href":"https:\/\/arteconfort.com\/fr\/wp-json\/wp\/v2\/product_brand?post=11251"},{"taxonomy":"product_cat","embeddable":true,"href":"https:\/\/arteconfort.com\/fr\/wp-json\/wp\/v2\/product_cat?post=11251"},{"taxonomy":"product_tag","embeddable":true,"href":"https:\/\/arteconfort.com\/fr\/wp-json\/wp\/v2\/product_tag?post=11251"}],"curies":[{"name":"wp","href":"https:\/\/api.w.org\/{rel}","templated":true}]}}