{"id":11699,"date":"2019-09-30T13:51:15","date_gmt":"2019-09-30T11:51:15","guid":{"rendered":"https:\/\/arteconfort.com\/solar\/iluminacion-solar\/"},"modified":"2022-04-20T11:57:00","modified_gmt":"2022-04-20T09:57:00","slug":"iluminacion-solar","status":"publish","type":"page","link":"https:\/\/arteconfort.com\/pt-pt\/iluminacion-solar\/","title":{"rendered":"Ilumina\u00e7\u00e3o solar"},"content":{"rendered":"<div class=\"wpb-content-wrapper\"><p>[vc_row padding_size=&#8221;no-padding&#8221;][vc_column][vc_empty_space height=&#8221;20px&#8221;][wyde_heading title=&#8221;As l\u00e2mpadas solares mais procuradas&#8221;][vc_empty_space height=&#8221;20px&#8221;]<div class=\"woocommerce columns-5 \"><ul class=\"products w-grid-space clear columns-5\">\r\n<li class=\"product type-product post-11114 status-publish first instock product_cat-solar-pt-pt product_cat-iluminacion-solar-de-suelo-pt-pt has-post-thumbnail shipping-taxable product-type-external w-item five-cols\">\n\t<figure><div class=\"image-wrapper\">\t\t<a href=\"https:\/\/arteconfort.com\/pt-pt\/producto\/draco\/\" class=\"w-fadeslider\">\n\t<img loading=\"lazy\" decoding=\"async\" width=\"1024\" height=\"1024\" src=\"https:\/\/arteconfort.com\/wp-content\/uploads\/2023\/10\/DRACO.webp\" class=\"attachment-shop_catalog size-shop_catalog wp-post-image\" alt=\"Baliza solar DRACO\" srcset=\"https:\/\/arteconfort.com\/wp-content\/uploads\/2023\/10\/DRACO.webp 1024w, https:\/\/arteconfort.com\/wp-content\/uploads\/2023\/10\/DRACO-768x768.webp 768w, https:\/\/arteconfort.com\/wp-content\/uploads\/2023\/10\/DRACO-340x340.webp 340w, https:\/\/arteconfort.com\/wp-content\/uploads\/2023\/10\/DRACO-640x640.webp 640w, https:\/\/arteconfort.com\/wp-content\/uploads\/2023\/10\/DRACO-960x960.webp 960w, https:\/\/arteconfort.com\/wp-content\/uploads\/2023\/10\/DRACO-300x300.webp 300w, https:\/\/arteconfort.com\/wp-content\/uploads\/2023\/10\/DRACO-600x600.webp 600w, https:\/\/arteconfort.com\/wp-content\/uploads\/2023\/10\/DRACO-100x100.webp 100w, https:\/\/arteconfort.com\/wp-content\/uploads\/2023\/10\/DRACO-133x133.webp 133w\" sizes=\"auto, (max-width: 1024px) 100vw, 1024px\" \/>\t<img loading=\"lazy\" decoding=\"async\" width=\"1024\" height=\"1024\" src=\"https:\/\/arteconfort.com\/wp-content\/uploads\/2023\/10\/DRACO-AMBIENTE.webp\" class=\"attachment-shop_catalog size-shop_catalog\" alt=\"\" srcset=\"https:\/\/arteconfort.com\/wp-content\/uploads\/2023\/10\/DRACO-AMBIENTE.webp 1024w, https:\/\/arteconfort.com\/wp-content\/uploads\/2023\/10\/DRACO-AMBIENTE-768x768.webp 768w, https:\/\/arteconfort.com\/wp-content\/uploads\/2023\/10\/DRACO-AMBIENTE-340x340.webp 340w, https:\/\/arteconfort.com\/wp-content\/uploads\/2023\/10\/DRACO-AMBIENTE-640x640.webp 640w, https:\/\/arteconfort.com\/wp-content\/uploads\/2023\/10\/DRACO-AMBIENTE-960x960.webp 960w, https:\/\/arteconfort.com\/wp-content\/uploads\/2023\/10\/DRACO-AMBIENTE-133x133.webp 133w, https:\/\/arteconfort.com\/wp-content\/uploads\/2023\/10\/DRACO-AMBIENTE-300x300.webp 300w, https:\/\/arteconfort.com\/wp-content\/uploads\/2023\/10\/DRACO-AMBIENTE-600x600.webp 600w, https:\/\/arteconfort.com\/wp-content\/uploads\/2023\/10\/DRACO-AMBIENTE-100x100.webp 100w\" sizes=\"auto, (max-width: 1024px) 100vw, 1024px\" \/><img loading=\"lazy\" decoding=\"async\" width=\"1024\" height=\"1024\" src=\"https:\/\/arteconfort.com\/wp-content\/uploads\/2023\/10\/DRACO-DETALLE.webp\" class=\"attachment-shop_catalog size-shop_catalog\" alt=\"Baliza solar DRACO\" srcset=\"https:\/\/arteconfort.com\/wp-content\/uploads\/2023\/10\/DRACO-DETALLE.webp 1024w, https:\/\/arteconfort.com\/wp-content\/uploads\/2023\/10\/DRACO-DETALLE-768x768.webp 768w, https:\/\/arteconfort.com\/wp-content\/uploads\/2023\/10\/DRACO-DETALLE-340x340.webp 340w, https:\/\/arteconfort.com\/wp-content\/uploads\/2023\/10\/DRACO-DETALLE-640x640.webp 640w, https:\/\/arteconfort.com\/wp-content\/uploads\/2023\/10\/DRACO-DETALLE-960x960.webp 960w, https:\/\/arteconfort.com\/wp-content\/uploads\/2023\/10\/DRACO-DETALLE-133x133.webp 133w, https:\/\/arteconfort.com\/wp-content\/uploads\/2023\/10\/DRACO-DETALLE-300x300.webp 300w, https:\/\/arteconfort.com\/wp-content\/uploads\/2023\/10\/DRACO-DETALLE-600x600.webp 600w, https:\/\/arteconfort.com\/wp-content\/uploads\/2023\/10\/DRACO-DETALLE-100x100.webp 100w\" sizes=\"auto, (max-width: 1024px) 100vw, 1024px\" \/><img loading=\"lazy\" decoding=\"async\" width=\"1024\" height=\"1024\" src=\"https:\/\/arteconfort.com\/wp-content\/uploads\/2023\/10\/DRACO-ILUMINACION.webp\" class=\"attachment-shop_catalog size-shop_catalog\" alt=\"Baliza solar DRACO encendido\" srcset=\"https:\/\/arteconfort.com\/wp-content\/uploads\/2023\/10\/DRACO-ILUMINACION.webp 1024w, https:\/\/arteconfort.com\/wp-content\/uploads\/2023\/10\/DRACO-ILUMINACION-768x768.webp 768w, https:\/\/arteconfort.com\/wp-content\/uploads\/2023\/10\/DRACO-ILUMINACION-340x340.webp 340w, https:\/\/arteconfort.com\/wp-content\/uploads\/2023\/10\/DRACO-ILUMINACION-640x640.webp 640w, https:\/\/arteconfort.com\/wp-content\/uploads\/2023\/10\/DRACO-ILUMINACION-960x960.webp 960w, https:\/\/arteconfort.com\/wp-content\/uploads\/2023\/10\/DRACO-ILUMINACION-133x133.webp 133w, https:\/\/arteconfort.com\/wp-content\/uploads\/2023\/10\/DRACO-ILUMINACION-300x300.webp 300w, https:\/\/arteconfort.com\/wp-content\/uploads\/2023\/10\/DRACO-ILUMINACION-600x600.webp 600w, https:\/\/arteconfort.com\/wp-content\/uploads\/2023\/10\/DRACO-ILUMINACION-100x100.webp 100w\" sizes=\"auto, (max-width: 1024px) 100vw, 1024px\" \/><img loading=\"lazy\" decoding=\"async\" width=\"1024\" height=\"1024\" src=\"https:\/\/arteconfort.com\/wp-content\/uploads\/2023\/10\/DRACO-PACK4.webp\" class=\"attachment-shop_catalog size-shop_catalog\" alt=\"Baliza solar DRACO\" srcset=\"https:\/\/arteconfort.com\/wp-content\/uploads\/2023\/10\/DRACO-PACK4.webp 1024w, https:\/\/arteconfort.com\/wp-content\/uploads\/2023\/10\/DRACO-PACK4-768x768.webp 768w, https:\/\/arteconfort.com\/wp-content\/uploads\/2023\/10\/DRACO-PACK4-340x340.webp 340w, https:\/\/arteconfort.com\/wp-content\/uploads\/2023\/10\/DRACO-PACK4-640x640.webp 640w, https:\/\/arteconfort.com\/wp-content\/uploads\/2023\/10\/DRACO-PACK4-960x960.webp 960w, https:\/\/arteconfort.com\/wp-content\/uploads\/2023\/10\/DRACO-PACK4-133x133.webp 133w, https:\/\/arteconfort.com\/wp-content\/uploads\/2023\/10\/DRACO-PACK4-300x300.webp 300w, https:\/\/arteconfort.com\/wp-content\/uploads\/2023\/10\/DRACO-PACK4-600x600.webp 600w, https:\/\/arteconfort.com\/wp-content\/uploads\/2023\/10\/DRACO-PACK4-100x100.webp 100w\" sizes=\"auto, (max-width: 1024px) 100vw, 1024px\" \/><img loading=\"lazy\" decoding=\"async\" width=\"1024\" height=\"1024\" src=\"https:\/\/arteconfort.com\/wp-content\/uploads\/2023\/10\/DRACO-BALIZA.webp\" class=\"attachment-shop_catalog size-shop_catalog\" alt=\"Baliza solar DRACO entero\" srcset=\"https:\/\/arteconfort.com\/wp-content\/uploads\/2023\/10\/DRACO-BALIZA.webp 1024w, https:\/\/arteconfort.com\/wp-content\/uploads\/2023\/10\/DRACO-BALIZA-768x768.webp 768w, https:\/\/arteconfort.com\/wp-content\/uploads\/2023\/10\/DRACO-BALIZA-340x340.webp 340w, https:\/\/arteconfort.com\/wp-content\/uploads\/2023\/10\/DRACO-BALIZA-640x640.webp 640w, https:\/\/arteconfort.com\/wp-content\/uploads\/2023\/10\/DRACO-BALIZA-960x960.webp 960w, https:\/\/arteconfort.com\/wp-content\/uploads\/2023\/10\/DRACO-BALIZA-133x133.webp 133w, https:\/\/arteconfort.com\/wp-content\/uploads\/2023\/10\/DRACO-BALIZA-300x300.webp 300w, https:\/\/arteconfort.com\/wp-content\/uploads\/2023\/10\/DRACO-BALIZA-600x600.webp 600w, https:\/\/arteconfort.com\/wp-content\/uploads\/2023\/10\/DRACO-BALIZA-100x100.webp 100w\" sizes=\"auto, (max-width: 1024px) 100vw, 1024px\" \/><img loading=\"lazy\" decoding=\"async\" width=\"1024\" height=\"1024\" src=\"https:\/\/arteconfort.com\/wp-content\/uploads\/2023\/10\/DRACO-ON-OF.webp\" class=\"attachment-shop_catalog size-shop_catalog\" alt=\"Baliza solar DRACO por detr\u00e1s apagado-encendido\" srcset=\"https:\/\/arteconfort.com\/wp-content\/uploads\/2023\/10\/DRACO-ON-OF.webp 1024w, https:\/\/arteconfort.com\/wp-content\/uploads\/2023\/10\/DRACO-ON-OF-768x768.webp 768w, https:\/\/arteconfort.com\/wp-content\/uploads\/2023\/10\/DRACO-ON-OF-340x340.webp 340w, https:\/\/arteconfort.com\/wp-content\/uploads\/2023\/10\/DRACO-ON-OF-640x640.webp 640w, https:\/\/arteconfort.com\/wp-content\/uploads\/2023\/10\/DRACO-ON-OF-960x960.webp 960w, https:\/\/arteconfort.com\/wp-content\/uploads\/2023\/10\/DRACO-ON-OF-133x133.webp 133w, https:\/\/arteconfort.com\/wp-content\/uploads\/2023\/10\/DRACO-ON-OF-300x300.webp 300w, https:\/\/arteconfort.com\/wp-content\/uploads\/2023\/10\/DRACO-ON-OF-600x600.webp 600w, https:\/\/arteconfort.com\/wp-content\/uploads\/2023\/10\/DRACO-ON-OF-100x100.webp 100w\" sizes=\"auto, (max-width: 1024px) 100vw, 1024px\" \/><img loading=\"lazy\" decoding=\"async\" width=\"1024\" height=\"1024\" src=\"https:\/\/arteconfort.com\/wp-content\/uploads\/2023\/10\/DRACO-MONTAJE.webp\" class=\"attachment-shop_catalog size-shop_catalog\" alt=\"\" srcset=\"https:\/\/arteconfort.com\/wp-content\/uploads\/2023\/10\/DRACO-MONTAJE.webp 1024w, https:\/\/arteconfort.com\/wp-content\/uploads\/2023\/10\/DRACO-MONTAJE-768x768.webp 768w, https:\/\/arteconfort.com\/wp-content\/uploads\/2023\/10\/DRACO-MONTAJE-340x340.webp 340w, https:\/\/arteconfort.com\/wp-content\/uploads\/2023\/10\/DRACO-MONTAJE-640x640.webp 640w, https:\/\/arteconfort.com\/wp-content\/uploads\/2023\/10\/DRACO-MONTAJE-960x960.webp 960w, https:\/\/arteconfort.com\/wp-content\/uploads\/2023\/10\/DRACO-MONTAJE-133x133.webp 133w, https:\/\/arteconfort.com\/wp-content\/uploads\/2023\/10\/DRACO-MONTAJE-300x300.webp 300w, https:\/\/arteconfort.com\/wp-content\/uploads\/2023\/10\/DRACO-MONTAJE-600x600.webp 600w, https:\/\/arteconfort.com\/wp-content\/uploads\/2023\/10\/DRACO-MONTAJE-100x100.webp 100w\" sizes=\"auto, (max-width: 1024px) 100vw, 1024px\" \/><img loading=\"lazy\" decoding=\"async\" width=\"1024\" height=\"1024\" src=\"https:\/\/arteconfort.com\/wp-content\/uploads\/2023\/10\/DRACO-PIE.webp\" class=\"attachment-shop_catalog size-shop_catalog\" alt=\"Baliza solar de pie DRACO\" srcset=\"https:\/\/arteconfort.com\/wp-content\/uploads\/2023\/10\/DRACO-PIE.webp 1024w, https:\/\/arteconfort.com\/wp-content\/uploads\/2023\/10\/DRACO-PIE-768x768.webp 768w, https:\/\/arteconfort.com\/wp-content\/uploads\/2023\/10\/DRACO-PIE-340x340.webp 340w, https:\/\/arteconfort.com\/wp-content\/uploads\/2023\/10\/DRACO-PIE-640x640.webp 640w, https:\/\/arteconfort.com\/wp-content\/uploads\/2023\/10\/DRACO-PIE-960x960.webp 960w, https:\/\/arteconfort.com\/wp-content\/uploads\/2023\/10\/DRACO-PIE-133x133.webp 133w, https:\/\/arteconfort.com\/wp-content\/uploads\/2023\/10\/DRACO-PIE-300x300.webp 300w, https:\/\/arteconfort.com\/wp-content\/uploads\/2023\/10\/DRACO-PIE-600x600.webp 600w, https:\/\/arteconfort.com\/wp-content\/uploads\/2023\/10\/DRACO-PIE-100x100.webp 100w\" sizes=\"auto, (max-width: 1024px) 100vw, 1024px\" \/>\t<\/a>\n\t<div class=\"w-product-status\"><\/div>\t<span id=\"woocommerce_loop_add_to_cart_link_describedby_11114\" class=\"screen-reader-text\">\n\t\t\t<\/span>\n<\/div><figcaption><h2 class=\"woocommerce-loop-product__title\">DRACO<\/h2><div class=\"woocommerce-product-details__short-description\">\n\t<p>O farol solar DRACO tem um design original e inovador que far\u00e1 sobressair o seu jardim ou terra\u00e7o<\/div>\n\n<\/figcaption><\/figure><\/li>\n<li class=\"product type-product post-11099 status-publish instock product_cat-descatalogados-pt-pt has-post-thumbnail shipping-taxable product-type-simple w-item five-cols\">\n\t<figure><div class=\"image-wrapper\">\t\t<a href=\"https:\/\/arteconfort.com\/pt-pt\/producto\/borealis\/\" class=\"w-fadeslider\">\n\t<img loading=\"lazy\" decoding=\"async\" width=\"1024\" height=\"1024\" src=\"https:\/\/arteconfort.com\/wp-content\/uploads\/2023\/10\/BOREALIS-ambientes.webp\" class=\"attachment-shop_catalog size-shop_catalog wp-post-image\" alt=\"BOREALIS ambiente\" srcset=\"https:\/\/arteconfort.com\/wp-content\/uploads\/2023\/10\/BOREALIS-ambientes.webp 1024w, https:\/\/arteconfort.com\/wp-content\/uploads\/2023\/10\/BOREALIS-ambientes-768x768.webp 768w, https:\/\/arteconfort.com\/wp-content\/uploads\/2023\/10\/BOREALIS-ambientes-340x340.webp 340w, https:\/\/arteconfort.com\/wp-content\/uploads\/2023\/10\/BOREALIS-ambientes-640x640.webp 640w, https:\/\/arteconfort.com\/wp-content\/uploads\/2023\/10\/BOREALIS-ambientes-960x960.webp 960w, https:\/\/arteconfort.com\/wp-content\/uploads\/2023\/10\/BOREALIS-ambientes-133x133.webp 133w, https:\/\/arteconfort.com\/wp-content\/uploads\/2023\/10\/BOREALIS-ambientes-300x300.webp 300w, https:\/\/arteconfort.com\/wp-content\/uploads\/2023\/10\/BOREALIS-ambientes-600x600.webp 600w, https:\/\/arteconfort.com\/wp-content\/uploads\/2023\/10\/BOREALIS-ambientes-100x100.webp 100w\" sizes=\"auto, (max-width: 1024px) 100vw, 1024px\" \/>\t<img loading=\"lazy\" decoding=\"async\" width=\"1024\" height=\"1024\" src=\"https:\/\/arteconfort.com\/wp-content\/uploads\/2023\/10\/BOREALIS.webp\" class=\"attachment-shop_catalog size-shop_catalog\" alt=\"Aplique solar BOREALIS\" srcset=\"https:\/\/arteconfort.com\/wp-content\/uploads\/2023\/10\/BOREALIS.webp 1024w, https:\/\/arteconfort.com\/wp-content\/uploads\/2023\/10\/BOREALIS-768x768.webp 768w, https:\/\/arteconfort.com\/wp-content\/uploads\/2023\/10\/BOREALIS-340x340.webp 340w, https:\/\/arteconfort.com\/wp-content\/uploads\/2023\/10\/BOREALIS-640x640.webp 640w, https:\/\/arteconfort.com\/wp-content\/uploads\/2023\/10\/BOREALIS-960x960.webp 960w, https:\/\/arteconfort.com\/wp-content\/uploads\/2023\/10\/BOREALIS-300x300.webp 300w, https:\/\/arteconfort.com\/wp-content\/uploads\/2023\/10\/BOREALIS-600x600.webp 600w, https:\/\/arteconfort.com\/wp-content\/uploads\/2023\/10\/BOREALIS-100x100.webp 100w, https:\/\/arteconfort.com\/wp-content\/uploads\/2023\/10\/BOREALIS-133x133.webp 133w\" sizes=\"auto, (max-width: 1024px) 100vw, 1024px\" \/><img loading=\"lazy\" decoding=\"async\" width=\"1024\" height=\"1024\" src=\"https:\/\/arteconfort.com\/wp-content\/uploads\/2023\/10\/BOREALIS-25-GUIRNALDA.webp\" class=\"attachment-shop_catalog size-shop_catalog\" alt=\"Aplique solar BOREALIS guirnalda\" srcset=\"https:\/\/arteconfort.com\/wp-content\/uploads\/2023\/10\/BOREALIS-25-GUIRNALDA.webp 1024w, https:\/\/arteconfort.com\/wp-content\/uploads\/2023\/10\/BOREALIS-25-GUIRNALDA-768x768.webp 768w, https:\/\/arteconfort.com\/wp-content\/uploads\/2023\/10\/BOREALIS-25-GUIRNALDA-340x340.webp 340w, https:\/\/arteconfort.com\/wp-content\/uploads\/2023\/10\/BOREALIS-25-GUIRNALDA-640x640.webp 640w, https:\/\/arteconfort.com\/wp-content\/uploads\/2023\/10\/BOREALIS-25-GUIRNALDA-960x960.webp 960w, https:\/\/arteconfort.com\/wp-content\/uploads\/2023\/10\/BOREALIS-25-GUIRNALDA-133x133.webp 133w, https:\/\/arteconfort.com\/wp-content\/uploads\/2023\/10\/BOREALIS-25-GUIRNALDA-300x300.webp 300w, https:\/\/arteconfort.com\/wp-content\/uploads\/2023\/10\/BOREALIS-25-GUIRNALDA-600x600.webp 600w, https:\/\/arteconfort.com\/wp-content\/uploads\/2023\/10\/BOREALIS-25-GUIRNALDA-100x100.webp 100w\" sizes=\"auto, (max-width: 1024px) 100vw, 1024px\" \/><img loading=\"lazy\" decoding=\"async\" width=\"1024\" height=\"1024\" src=\"https:\/\/arteconfort.com\/wp-content\/uploads\/2023\/10\/BOREALIS-25-BOMBILLLA.webp\" class=\"attachment-shop_catalog size-shop_catalog\" alt=\"BOREALIS bombilla\" srcset=\"https:\/\/arteconfort.com\/wp-content\/uploads\/2023\/10\/BOREALIS-25-BOMBILLLA.webp 1024w, https:\/\/arteconfort.com\/wp-content\/uploads\/2023\/10\/BOREALIS-25-BOMBILLLA-768x768.webp 768w, https:\/\/arteconfort.com\/wp-content\/uploads\/2023\/10\/BOREALIS-25-BOMBILLLA-340x340.webp 340w, https:\/\/arteconfort.com\/wp-content\/uploads\/2023\/10\/BOREALIS-25-BOMBILLLA-640x640.webp 640w, https:\/\/arteconfort.com\/wp-content\/uploads\/2023\/10\/BOREALIS-25-BOMBILLLA-960x960.webp 960w, https:\/\/arteconfort.com\/wp-content\/uploads\/2023\/10\/BOREALIS-25-BOMBILLLA-133x133.webp 133w, https:\/\/arteconfort.com\/wp-content\/uploads\/2023\/10\/BOREALIS-25-BOMBILLLA-300x300.webp 300w, https:\/\/arteconfort.com\/wp-content\/uploads\/2023\/10\/BOREALIS-25-BOMBILLLA-600x600.webp 600w, https:\/\/arteconfort.com\/wp-content\/uploads\/2023\/10\/BOREALIS-25-BOMBILLLA-100x100.webp 100w\" sizes=\"auto, (max-width: 1024px) 100vw, 1024px\" \/>\t<\/a>\n\t<div class=\"w-product-status\"><\/div>\t<span id=\"woocommerce_loop_add_to_cart_link_describedby_11099\" class=\"screen-reader-text\">\n\t\t\t<\/span>\n<\/div><figcaption><h2 class=\"woocommerce-loop-product__title\">BOREALIS<\/h2><div class=\"woocommerce-product-details__short-description\">\n\t<p>A grinalda solar BOREALIS tem um desenho composto por 10 l\u00e2mpadas cristalinas. Crie o seu pr\u00f3prio ambiente colocando-os<\/div>\n\n<\/figcaption><\/figure><\/li>\n<li class=\"product type-product post-11102 status-publish instock product_cat-descatalogados-pt-pt has-post-thumbnail shipping-taxable product-type-simple w-item five-cols\">\n\t<figure><div class=\"image-wrapper\">\t\t<a href=\"https:\/\/arteconfort.com\/pt-pt\/producto\/borealis-l\/\" class=\"w-fadeslider\">\n\t<img loading=\"lazy\" decoding=\"async\" width=\"1024\" height=\"1024\" src=\"https:\/\/arteconfort.com\/wp-content\/uploads\/2023\/10\/BOREALIS-25.webp\" class=\"attachment-shop_catalog size-shop_catalog wp-post-image\" alt=\"Aplique solar BOREALIS L frontal\" srcset=\"https:\/\/arteconfort.com\/wp-content\/uploads\/2023\/10\/BOREALIS-25.webp 1024w, https:\/\/arteconfort.com\/wp-content\/uploads\/2023\/10\/BOREALIS-25-768x768.webp 768w, https:\/\/arteconfort.com\/wp-content\/uploads\/2023\/10\/BOREALIS-25-340x340.webp 340w, https:\/\/arteconfort.com\/wp-content\/uploads\/2023\/10\/BOREALIS-25-640x640.webp 640w, https:\/\/arteconfort.com\/wp-content\/uploads\/2023\/10\/BOREALIS-25-960x960.webp 960w, https:\/\/arteconfort.com\/wp-content\/uploads\/2023\/10\/BOREALIS-25-300x300.webp 300w, https:\/\/arteconfort.com\/wp-content\/uploads\/2023\/10\/BOREALIS-25-600x600.webp 600w, https:\/\/arteconfort.com\/wp-content\/uploads\/2023\/10\/BOREALIS-25-100x100.webp 100w, https:\/\/arteconfort.com\/wp-content\/uploads\/2023\/10\/BOREALIS-25-133x133.webp 133w\" sizes=\"auto, (max-width: 1024px) 100vw, 1024px\" \/>\t<img loading=\"lazy\" decoding=\"async\" width=\"1024\" height=\"1024\" src=\"https:\/\/arteconfort.com\/wp-content\/uploads\/2023\/10\/BOREALIS-ambientes-1.webp\" class=\"attachment-shop_catalog size-shop_catalog\" alt=\"BOREALIS L ambiente\" srcset=\"https:\/\/arteconfort.com\/wp-content\/uploads\/2023\/10\/BOREALIS-ambientes-1.webp 1024w, https:\/\/arteconfort.com\/wp-content\/uploads\/2023\/10\/BOREALIS-ambientes-1-768x768.webp 768w, https:\/\/arteconfort.com\/wp-content\/uploads\/2023\/10\/BOREALIS-ambientes-1-340x340.webp 340w, https:\/\/arteconfort.com\/wp-content\/uploads\/2023\/10\/BOREALIS-ambientes-1-640x640.webp 640w, https:\/\/arteconfort.com\/wp-content\/uploads\/2023\/10\/BOREALIS-ambientes-1-960x960.webp 960w, https:\/\/arteconfort.com\/wp-content\/uploads\/2023\/10\/BOREALIS-ambientes-1-133x133.webp 133w, https:\/\/arteconfort.com\/wp-content\/uploads\/2023\/10\/BOREALIS-ambientes-1-300x300.webp 300w, https:\/\/arteconfort.com\/wp-content\/uploads\/2023\/10\/BOREALIS-ambientes-1-600x600.webp 600w, https:\/\/arteconfort.com\/wp-content\/uploads\/2023\/10\/BOREALIS-ambientes-1-100x100.webp 100w\" sizes=\"auto, (max-width: 1024px) 100vw, 1024px\" \/><img loading=\"lazy\" decoding=\"async\" width=\"1024\" height=\"1024\" src=\"https:\/\/arteconfort.com\/wp-content\/uploads\/2023\/10\/BOREALIS-25-BOMBILLLA-1.webp\" class=\"attachment-shop_catalog size-shop_catalog\" alt=\"BOREALIS L 25 bombilla\" srcset=\"https:\/\/arteconfort.com\/wp-content\/uploads\/2023\/10\/BOREALIS-25-BOMBILLLA-1.webp 1024w, https:\/\/arteconfort.com\/wp-content\/uploads\/2023\/10\/BOREALIS-25-BOMBILLLA-1-768x768.webp 768w, https:\/\/arteconfort.com\/wp-content\/uploads\/2023\/10\/BOREALIS-25-BOMBILLLA-1-340x340.webp 340w, https:\/\/arteconfort.com\/wp-content\/uploads\/2023\/10\/BOREALIS-25-BOMBILLLA-1-640x640.webp 640w, https:\/\/arteconfort.com\/wp-content\/uploads\/2023\/10\/BOREALIS-25-BOMBILLLA-1-960x960.webp 960w, https:\/\/arteconfort.com\/wp-content\/uploads\/2023\/10\/BOREALIS-25-BOMBILLLA-1-133x133.webp 133w, https:\/\/arteconfort.com\/wp-content\/uploads\/2023\/10\/BOREALIS-25-BOMBILLLA-1-300x300.webp 300w, https:\/\/arteconfort.com\/wp-content\/uploads\/2023\/10\/BOREALIS-25-BOMBILLLA-1-600x600.webp 600w, https:\/\/arteconfort.com\/wp-content\/uploads\/2023\/10\/BOREALIS-25-BOMBILLLA-1-100x100.webp 100w\" sizes=\"auto, (max-width: 1024px) 100vw, 1024px\" \/><img loading=\"lazy\" decoding=\"async\" width=\"1024\" height=\"1024\" src=\"https:\/\/arteconfort.com\/wp-content\/uploads\/2023\/10\/BOREALIS-PANEL.webp\" class=\"attachment-shop_catalog size-shop_catalog\" alt=\"BOREALIS L panel\" srcset=\"https:\/\/arteconfort.com\/wp-content\/uploads\/2023\/10\/BOREALIS-PANEL.webp 1024w, https:\/\/arteconfort.com\/wp-content\/uploads\/2023\/10\/BOREALIS-PANEL-768x768.webp 768w, https:\/\/arteconfort.com\/wp-content\/uploads\/2023\/10\/BOREALIS-PANEL-340x340.webp 340w, https:\/\/arteconfort.com\/wp-content\/uploads\/2023\/10\/BOREALIS-PANEL-640x640.webp 640w, https:\/\/arteconfort.com\/wp-content\/uploads\/2023\/10\/BOREALIS-PANEL-960x960.webp 960w, https:\/\/arteconfort.com\/wp-content\/uploads\/2023\/10\/BOREALIS-PANEL-133x133.webp 133w, https:\/\/arteconfort.com\/wp-content\/uploads\/2023\/10\/BOREALIS-PANEL-300x300.webp 300w, https:\/\/arteconfort.com\/wp-content\/uploads\/2023\/10\/BOREALIS-PANEL-600x600.webp 600w, https:\/\/arteconfort.com\/wp-content\/uploads\/2023\/10\/BOREALIS-PANEL-100x100.webp 100w\" sizes=\"auto, (max-width: 1024px) 100vw, 1024px\" \/><img loading=\"lazy\" decoding=\"async\" width=\"1024\" height=\"1024\" src=\"https:\/\/arteconfort.com\/wp-content\/uploads\/2023\/10\/BOREALIS-25-USB-ABIERTO.webp\" class=\"attachment-shop_catalog size-shop_catalog\" alt=\"BOREALIS L panel detr\u00e1s\" srcset=\"https:\/\/arteconfort.com\/wp-content\/uploads\/2023\/10\/BOREALIS-25-USB-ABIERTO.webp 1024w, https:\/\/arteconfort.com\/wp-content\/uploads\/2023\/10\/BOREALIS-25-USB-ABIERTO-768x768.webp 768w, https:\/\/arteconfort.com\/wp-content\/uploads\/2023\/10\/BOREALIS-25-USB-ABIERTO-340x340.webp 340w, https:\/\/arteconfort.com\/wp-content\/uploads\/2023\/10\/BOREALIS-25-USB-ABIERTO-640x640.webp 640w, https:\/\/arteconfort.com\/wp-content\/uploads\/2023\/10\/BOREALIS-25-USB-ABIERTO-960x960.webp 960w, https:\/\/arteconfort.com\/wp-content\/uploads\/2023\/10\/BOREALIS-25-USB-ABIERTO-133x133.webp 133w, https:\/\/arteconfort.com\/wp-content\/uploads\/2023\/10\/BOREALIS-25-USB-ABIERTO-300x300.webp 300w, https:\/\/arteconfort.com\/wp-content\/uploads\/2023\/10\/BOREALIS-25-USB-ABIERTO-600x600.webp 600w, https:\/\/arteconfort.com\/wp-content\/uploads\/2023\/10\/BOREALIS-25-USB-ABIERTO-100x100.webp 100w\" sizes=\"auto, (max-width: 1024px) 100vw, 1024px\" \/><img loading=\"lazy\" decoding=\"async\" width=\"1024\" height=\"1024\" src=\"https:\/\/arteconfort.com\/wp-content\/uploads\/2023\/10\/BOREALIS-TRASERA.webp\" class=\"attachment-shop_catalog size-shop_catalog\" alt=\"BOREALIS L panel con pincho trasera\" srcset=\"https:\/\/arteconfort.com\/wp-content\/uploads\/2023\/10\/BOREALIS-TRASERA.webp 1024w, https:\/\/arteconfort.com\/wp-content\/uploads\/2023\/10\/BOREALIS-TRASERA-768x768.webp 768w, https:\/\/arteconfort.com\/wp-content\/uploads\/2023\/10\/BOREALIS-TRASERA-340x340.webp 340w, https:\/\/arteconfort.com\/wp-content\/uploads\/2023\/10\/BOREALIS-TRASERA-640x640.webp 640w, https:\/\/arteconfort.com\/wp-content\/uploads\/2023\/10\/BOREALIS-TRASERA-960x960.webp 960w, https:\/\/arteconfort.com\/wp-content\/uploads\/2023\/10\/BOREALIS-TRASERA-133x133.webp 133w, https:\/\/arteconfort.com\/wp-content\/uploads\/2023\/10\/BOREALIS-TRASERA-300x300.webp 300w, https:\/\/arteconfort.com\/wp-content\/uploads\/2023\/10\/BOREALIS-TRASERA-600x600.webp 600w, https:\/\/arteconfort.com\/wp-content\/uploads\/2023\/10\/BOREALIS-TRASERA-100x100.webp 100w\" sizes=\"auto, (max-width: 1024px) 100vw, 1024px\" \/><img loading=\"lazy\" decoding=\"async\" width=\"1024\" height=\"1024\" src=\"https:\/\/arteconfort.com\/wp-content\/uploads\/2023\/10\/BOREALIS-PANELPINCHO.webp\" class=\"attachment-shop_catalog size-shop_catalog\" alt=\"BOREALIS L panel con pincho\" srcset=\"https:\/\/arteconfort.com\/wp-content\/uploads\/2023\/10\/BOREALIS-PANELPINCHO.webp 1024w, https:\/\/arteconfort.com\/wp-content\/uploads\/2023\/10\/BOREALIS-PANELPINCHO-768x768.webp 768w, https:\/\/arteconfort.com\/wp-content\/uploads\/2023\/10\/BOREALIS-PANELPINCHO-340x340.webp 340w, https:\/\/arteconfort.com\/wp-content\/uploads\/2023\/10\/BOREALIS-PANELPINCHO-640x640.webp 640w, https:\/\/arteconfort.com\/wp-content\/uploads\/2023\/10\/BOREALIS-PANELPINCHO-960x960.webp 960w, https:\/\/arteconfort.com\/wp-content\/uploads\/2023\/10\/BOREALIS-PANELPINCHO-133x133.webp 133w, https:\/\/arteconfort.com\/wp-content\/uploads\/2023\/10\/BOREALIS-PANELPINCHO-300x300.webp 300w, https:\/\/arteconfort.com\/wp-content\/uploads\/2023\/10\/BOREALIS-PANELPINCHO-600x600.webp 600w, https:\/\/arteconfort.com\/wp-content\/uploads\/2023\/10\/BOREALIS-PANELPINCHO-100x100.webp 100w\" sizes=\"auto, (max-width: 1024px) 100vw, 1024px\" \/><img loading=\"lazy\" decoding=\"async\" width=\"1024\" height=\"1024\" src=\"https:\/\/arteconfort.com\/wp-content\/uploads\/2023\/10\/BOREALIS-PINCHO.webp\" class=\"attachment-shop_catalog size-shop_catalog\" alt=\"BOREALIS L pincho\" srcset=\"https:\/\/arteconfort.com\/wp-content\/uploads\/2023\/10\/BOREALIS-PINCHO.webp 1024w, https:\/\/arteconfort.com\/wp-content\/uploads\/2023\/10\/BOREALIS-PINCHO-768x768.webp 768w, https:\/\/arteconfort.com\/wp-content\/uploads\/2023\/10\/BOREALIS-PINCHO-340x340.webp 340w, https:\/\/arteconfort.com\/wp-content\/uploads\/2023\/10\/BOREALIS-PINCHO-640x640.webp 640w, https:\/\/arteconfort.com\/wp-content\/uploads\/2023\/10\/BOREALIS-PINCHO-960x960.webp 960w, https:\/\/arteconfort.com\/wp-content\/uploads\/2023\/10\/BOREALIS-PINCHO-133x133.webp 133w, https:\/\/arteconfort.com\/wp-content\/uploads\/2023\/10\/BOREALIS-PINCHO-300x300.webp 300w, https:\/\/arteconfort.com\/wp-content\/uploads\/2023\/10\/BOREALIS-PINCHO-600x600.webp 600w, https:\/\/arteconfort.com\/wp-content\/uploads\/2023\/10\/BOREALIS-PINCHO-100x100.webp 100w\" sizes=\"auto, (max-width: 1024px) 100vw, 1024px\" \/>\t<\/a>\n\t<div class=\"w-product-status\"><\/div>\t<span id=\"woocommerce_loop_add_to_cart_link_describedby_11102\" class=\"screen-reader-text\">\n\t\t\t<\/span>\n<\/div><figcaption><h2 class=\"woocommerce-loop-product__title\">BOREALIS L<\/h2><div class=\"woocommerce-product-details__short-description\">\n\t<p>Obtenha um belo efeito decorativo no seu terra\u00e7o ou sala de estar com esta grinalda de luz solar<\/div>\n\n<\/figcaption><\/figure><\/li>\n<li class=\"product type-product post-11133 status-publish instock product_cat-descatalogados-pt-pt has-post-thumbnail shipping-taxable product-type-simple w-item five-cols\">\n\t<figure><div class=\"image-wrapper\">\t\t<a href=\"https:\/\/arteconfort.com\/pt-pt\/producto\/jano\/\" class=\"w-fadeslider\">\n\t<img loading=\"lazy\" decoding=\"async\" width=\"1024\" height=\"1024\" src=\"https:\/\/arteconfort.com\/wp-content\/uploads\/2023\/10\/JANO.webp\" class=\"attachment-shop_catalog size-shop_catalog wp-post-image\" alt=\"Aplique de pared solar JANO panel\" srcset=\"https:\/\/arteconfort.com\/wp-content\/uploads\/2023\/10\/JANO.webp 1024w, https:\/\/arteconfort.com\/wp-content\/uploads\/2023\/10\/JANO-768x768.webp 768w, https:\/\/arteconfort.com\/wp-content\/uploads\/2023\/10\/JANO-340x340.webp 340w, https:\/\/arteconfort.com\/wp-content\/uploads\/2023\/10\/JANO-640x640.webp 640w, https:\/\/arteconfort.com\/wp-content\/uploads\/2023\/10\/JANO-960x960.webp 960w, https:\/\/arteconfort.com\/wp-content\/uploads\/2023\/10\/JANO-300x300.webp 300w, https:\/\/arteconfort.com\/wp-content\/uploads\/2023\/10\/JANO-600x600.webp 600w, https:\/\/arteconfort.com\/wp-content\/uploads\/2023\/10\/JANO-100x100.webp 100w, https:\/\/arteconfort.com\/wp-content\/uploads\/2023\/10\/JANO-133x133.webp 133w\" sizes=\"auto, (max-width: 1024px) 100vw, 1024px\" \/>\t<img loading=\"lazy\" decoding=\"async\" width=\"1024\" height=\"1024\" src=\"https:\/\/arteconfort.com\/wp-content\/uploads\/2023\/10\/JANO-pared-ambiente.webp\" class=\"attachment-shop_catalog size-shop_catalog\" alt=\"Foco solar JANO\" srcset=\"https:\/\/arteconfort.com\/wp-content\/uploads\/2023\/10\/JANO-pared-ambiente.webp 1024w, https:\/\/arteconfort.com\/wp-content\/uploads\/2023\/10\/JANO-pared-ambiente-768x768.webp 768w, https:\/\/arteconfort.com\/wp-content\/uploads\/2023\/10\/JANO-pared-ambiente-340x340.webp 340w, https:\/\/arteconfort.com\/wp-content\/uploads\/2023\/10\/JANO-pared-ambiente-640x640.webp 640w, https:\/\/arteconfort.com\/wp-content\/uploads\/2023\/10\/JANO-pared-ambiente-960x960.webp 960w, https:\/\/arteconfort.com\/wp-content\/uploads\/2023\/10\/JANO-pared-ambiente-133x133.webp 133w, https:\/\/arteconfort.com\/wp-content\/uploads\/2023\/10\/JANO-pared-ambiente-300x300.webp 300w, https:\/\/arteconfort.com\/wp-content\/uploads\/2023\/10\/JANO-pared-ambiente-600x600.webp 600w, https:\/\/arteconfort.com\/wp-content\/uploads\/2023\/10\/JANO-pared-ambiente-100x100.webp 100w\" sizes=\"auto, (max-width: 1024px) 100vw, 1024px\" \/><img loading=\"lazy\" decoding=\"async\" width=\"1024\" height=\"1024\" src=\"https:\/\/arteconfort.com\/wp-content\/uploads\/2023\/10\/JANO-VISTA-LATERAL-INFERIOR.webp\" class=\"attachment-shop_catalog size-shop_catalog\" alt=\"Aplique de pared solar JANO lateral\" srcset=\"https:\/\/arteconfort.com\/wp-content\/uploads\/2023\/10\/JANO-VISTA-LATERAL-INFERIOR.webp 1024w, https:\/\/arteconfort.com\/wp-content\/uploads\/2023\/10\/JANO-VISTA-LATERAL-INFERIOR-768x768.webp 768w, https:\/\/arteconfort.com\/wp-content\/uploads\/2023\/10\/JANO-VISTA-LATERAL-INFERIOR-340x340.webp 340w, https:\/\/arteconfort.com\/wp-content\/uploads\/2023\/10\/JANO-VISTA-LATERAL-INFERIOR-640x640.webp 640w, https:\/\/arteconfort.com\/wp-content\/uploads\/2023\/10\/JANO-VISTA-LATERAL-INFERIOR-960x960.webp 960w, https:\/\/arteconfort.com\/wp-content\/uploads\/2023\/10\/JANO-VISTA-LATERAL-INFERIOR-133x133.webp 133w, https:\/\/arteconfort.com\/wp-content\/uploads\/2023\/10\/JANO-VISTA-LATERAL-INFERIOR-300x300.webp 300w, https:\/\/arteconfort.com\/wp-content\/uploads\/2023\/10\/JANO-VISTA-LATERAL-INFERIOR-600x600.webp 600w, https:\/\/arteconfort.com\/wp-content\/uploads\/2023\/10\/JANO-VISTA-LATERAL-INFERIOR-100x100.webp 100w\" sizes=\"auto, (max-width: 1024px) 100vw, 1024px\" \/><img loading=\"lazy\" decoding=\"async\" width=\"1024\" height=\"1024\" src=\"https:\/\/arteconfort.com\/wp-content\/uploads\/2023\/10\/JANO-VISTA-LATERAL.webp\" class=\"attachment-shop_catalog size-shop_catalog\" alt=\"Aplique de pared solar JANO vista lateral\" srcset=\"https:\/\/arteconfort.com\/wp-content\/uploads\/2023\/10\/JANO-VISTA-LATERAL.webp 1024w, https:\/\/arteconfort.com\/wp-content\/uploads\/2023\/10\/JANO-VISTA-LATERAL-768x768.webp 768w, https:\/\/arteconfort.com\/wp-content\/uploads\/2023\/10\/JANO-VISTA-LATERAL-340x340.webp 340w, https:\/\/arteconfort.com\/wp-content\/uploads\/2023\/10\/JANO-VISTA-LATERAL-640x640.webp 640w, https:\/\/arteconfort.com\/wp-content\/uploads\/2023\/10\/JANO-VISTA-LATERAL-960x960.webp 960w, https:\/\/arteconfort.com\/wp-content\/uploads\/2023\/10\/JANO-VISTA-LATERAL-133x133.webp 133w, https:\/\/arteconfort.com\/wp-content\/uploads\/2023\/10\/JANO-VISTA-LATERAL-300x300.webp 300w, https:\/\/arteconfort.com\/wp-content\/uploads\/2023\/10\/JANO-VISTA-LATERAL-600x600.webp 600w, https:\/\/arteconfort.com\/wp-content\/uploads\/2023\/10\/JANO-VISTA-LATERAL-100x100.webp 100w\" sizes=\"auto, (max-width: 1024px) 100vw, 1024px\" \/><img loading=\"lazy\" decoding=\"async\" width=\"1024\" height=\"1024\" src=\"https:\/\/arteconfort.com\/wp-content\/uploads\/2023\/10\/JANO-VISTA-TRASERA.webp\" class=\"attachment-shop_catalog size-shop_catalog\" alt=\"Aplique de pared solar JANO vista trasera\" srcset=\"https:\/\/arteconfort.com\/wp-content\/uploads\/2023\/10\/JANO-VISTA-TRASERA.webp 1024w, https:\/\/arteconfort.com\/wp-content\/uploads\/2023\/10\/JANO-VISTA-TRASERA-768x768.webp 768w, https:\/\/arteconfort.com\/wp-content\/uploads\/2023\/10\/JANO-VISTA-TRASERA-340x340.webp 340w, https:\/\/arteconfort.com\/wp-content\/uploads\/2023\/10\/JANO-VISTA-TRASERA-640x640.webp 640w, https:\/\/arteconfort.com\/wp-content\/uploads\/2023\/10\/JANO-VISTA-TRASERA-960x960.webp 960w, https:\/\/arteconfort.com\/wp-content\/uploads\/2023\/10\/JANO-VISTA-TRASERA-133x133.webp 133w, https:\/\/arteconfort.com\/wp-content\/uploads\/2023\/10\/JANO-VISTA-TRASERA-300x300.webp 300w, https:\/\/arteconfort.com\/wp-content\/uploads\/2023\/10\/JANO-VISTA-TRASERA-600x600.webp 600w, https:\/\/arteconfort.com\/wp-content\/uploads\/2023\/10\/JANO-VISTA-TRASERA-100x100.webp 100w\" sizes=\"auto, (max-width: 1024px) 100vw, 1024px\" \/><img loading=\"lazy\" decoding=\"async\" width=\"1024\" height=\"1024\" src=\"https:\/\/arteconfort.com\/wp-content\/uploads\/2023\/10\/JANO-ENCENDIDO.webp\" class=\"attachment-shop_catalog size-shop_catalog\" alt=\"Aplique de pared solar JANO luz\" srcset=\"https:\/\/arteconfort.com\/wp-content\/uploads\/2023\/10\/JANO-ENCENDIDO.webp 1024w, https:\/\/arteconfort.com\/wp-content\/uploads\/2023\/10\/JANO-ENCENDIDO-768x768.webp 768w, https:\/\/arteconfort.com\/wp-content\/uploads\/2023\/10\/JANO-ENCENDIDO-340x340.webp 340w, https:\/\/arteconfort.com\/wp-content\/uploads\/2023\/10\/JANO-ENCENDIDO-640x640.webp 640w, https:\/\/arteconfort.com\/wp-content\/uploads\/2023\/10\/JANO-ENCENDIDO-960x960.webp 960w, https:\/\/arteconfort.com\/wp-content\/uploads\/2023\/10\/JANO-ENCENDIDO-133x133.webp 133w, https:\/\/arteconfort.com\/wp-content\/uploads\/2023\/10\/JANO-ENCENDIDO-300x300.webp 300w, https:\/\/arteconfort.com\/wp-content\/uploads\/2023\/10\/JANO-ENCENDIDO-600x600.webp 600w, https:\/\/arteconfort.com\/wp-content\/uploads\/2023\/10\/JANO-ENCENDIDO-100x100.webp 100w\" sizes=\"auto, (max-width: 1024px) 100vw, 1024px\" \/>\t<\/a>\n\t<div class=\"w-product-status\"><\/div>\t<span id=\"woocommerce_loop_add_to_cart_link_describedby_11133\" class=\"screen-reader-text\">\n\t\t\t<\/span>\n<\/div><figcaption><h2 class=\"woocommerce-loop-product__title\">JANO<\/h2><div class=\"woocommerce-product-details__short-description\">\n\t<p>Luz de parede solar discreta e elegante, \u00e9 o complemento ideal para iluminar qualquer fachada ou exterior. Incorpora<\/div>\n\n<\/figcaption><\/figure><\/li>\n<li class=\"product type-product post-18592 status-publish last instock product_cat-descatalogados-pt-pt has-post-thumbnail shipping-taxable product-type-simple w-item five-cols\">\n\t<figure><div class=\"image-wrapper\">\t\t<a href=\"https:\/\/arteconfort.com\/pt-pt\/producto\/iris-pared\/\" class=\"w-fadeslider\">\n\t<img loading=\"lazy\" decoding=\"async\" width=\"1024\" height=\"1024\" src=\"https:\/\/arteconfort.com\/wp-content\/uploads\/2023\/10\/IRIS-PARED.webp\" class=\"attachment-shop_catalog size-shop_catalog wp-post-image\" alt=\"Aplique de pared solar IRIS\" srcset=\"https:\/\/arteconfort.com\/wp-content\/uploads\/2023\/10\/IRIS-PARED.webp 1024w, https:\/\/arteconfort.com\/wp-content\/uploads\/2023\/10\/IRIS-PARED-768x768.webp 768w, https:\/\/arteconfort.com\/wp-content\/uploads\/2023\/10\/IRIS-PARED-340x340.webp 340w, https:\/\/arteconfort.com\/wp-content\/uploads\/2023\/10\/IRIS-PARED-640x640.webp 640w, https:\/\/arteconfort.com\/wp-content\/uploads\/2023\/10\/IRIS-PARED-960x960.webp 960w, https:\/\/arteconfort.com\/wp-content\/uploads\/2023\/10\/IRIS-PARED-300x300.webp 300w, https:\/\/arteconfort.com\/wp-content\/uploads\/2023\/10\/IRIS-PARED-600x600.webp 600w, https:\/\/arteconfort.com\/wp-content\/uploads\/2023\/10\/IRIS-PARED-100x100.webp 100w, https:\/\/arteconfort.com\/wp-content\/uploads\/2023\/10\/IRIS-PARED-133x133.webp 133w\" sizes=\"auto, (max-width: 1024px) 100vw, 1024px\" \/>\t<img loading=\"lazy\" decoding=\"async\" width=\"1024\" height=\"1024\" src=\"https:\/\/arteconfort.com\/wp-content\/uploads\/2023\/10\/IRIS-PARED-ambiente.webp\" class=\"attachment-shop_catalog size-shop_catalog\" alt=\"Aplique solar de pared IRIS en exterior de noche\" srcset=\"https:\/\/arteconfort.com\/wp-content\/uploads\/2023\/10\/IRIS-PARED-ambiente.webp 1024w, https:\/\/arteconfort.com\/wp-content\/uploads\/2023\/10\/IRIS-PARED-ambiente-768x768.webp 768w, https:\/\/arteconfort.com\/wp-content\/uploads\/2023\/10\/IRIS-PARED-ambiente-340x340.webp 340w, https:\/\/arteconfort.com\/wp-content\/uploads\/2023\/10\/IRIS-PARED-ambiente-640x640.webp 640w, https:\/\/arteconfort.com\/wp-content\/uploads\/2023\/10\/IRIS-PARED-ambiente-960x960.webp 960w, https:\/\/arteconfort.com\/wp-content\/uploads\/2023\/10\/IRIS-PARED-ambiente-133x133.webp 133w, https:\/\/arteconfort.com\/wp-content\/uploads\/2023\/10\/IRIS-PARED-ambiente-300x300.webp 300w, https:\/\/arteconfort.com\/wp-content\/uploads\/2023\/10\/IRIS-PARED-ambiente-600x600.webp 600w, https:\/\/arteconfort.com\/wp-content\/uploads\/2023\/10\/IRIS-PARED-ambiente-100x100.webp 100w\" sizes=\"auto, (max-width: 1024px) 100vw, 1024px\" \/><img loading=\"lazy\" decoding=\"async\" width=\"1024\" height=\"1024\" src=\"https:\/\/arteconfort.com\/wp-content\/uploads\/2023\/10\/IRIS-PARED-2.webp\" class=\"attachment-shop_catalog size-shop_catalog\" alt=\"Aplique de pared solar IRIS desde arriba\" srcset=\"https:\/\/arteconfort.com\/wp-content\/uploads\/2023\/10\/IRIS-PARED-2.webp 1024w, https:\/\/arteconfort.com\/wp-content\/uploads\/2023\/10\/IRIS-PARED-2-768x768.webp 768w, https:\/\/arteconfort.com\/wp-content\/uploads\/2023\/10\/IRIS-PARED-2-340x340.webp 340w, https:\/\/arteconfort.com\/wp-content\/uploads\/2023\/10\/IRIS-PARED-2-640x640.webp 640w, https:\/\/arteconfort.com\/wp-content\/uploads\/2023\/10\/IRIS-PARED-2-960x960.webp 960w, https:\/\/arteconfort.com\/wp-content\/uploads\/2023\/10\/IRIS-PARED-2-133x133.webp 133w, https:\/\/arteconfort.com\/wp-content\/uploads\/2023\/10\/IRIS-PARED-2-300x300.webp 300w, https:\/\/arteconfort.com\/wp-content\/uploads\/2023\/10\/IRIS-PARED-2-600x600.webp 600w, https:\/\/arteconfort.com\/wp-content\/uploads\/2023\/10\/IRIS-PARED-2-100x100.webp 100w\" sizes=\"auto, (max-width: 1024px) 100vw, 1024px\" \/><img loading=\"lazy\" decoding=\"async\" width=\"1024\" height=\"1024\" src=\"https:\/\/arteconfort.com\/wp-content\/uploads\/2023\/10\/IRIS-PARED-4.webp\" class=\"attachment-shop_catalog size-shop_catalog\" alt=\"Aplique de pared solar IRIS de perfil\" srcset=\"https:\/\/arteconfort.com\/wp-content\/uploads\/2023\/10\/IRIS-PARED-4.webp 1024w, https:\/\/arteconfort.com\/wp-content\/uploads\/2023\/10\/IRIS-PARED-4-768x768.webp 768w, https:\/\/arteconfort.com\/wp-content\/uploads\/2023\/10\/IRIS-PARED-4-340x340.webp 340w, https:\/\/arteconfort.com\/wp-content\/uploads\/2023\/10\/IRIS-PARED-4-640x640.webp 640w, https:\/\/arteconfort.com\/wp-content\/uploads\/2023\/10\/IRIS-PARED-4-960x960.webp 960w, https:\/\/arteconfort.com\/wp-content\/uploads\/2023\/10\/IRIS-PARED-4-133x133.webp 133w, https:\/\/arteconfort.com\/wp-content\/uploads\/2023\/10\/IRIS-PARED-4-300x300.webp 300w, https:\/\/arteconfort.com\/wp-content\/uploads\/2023\/10\/IRIS-PARED-4-600x600.webp 600w, https:\/\/arteconfort.com\/wp-content\/uploads\/2023\/10\/IRIS-PARED-4-100x100.webp 100w\" sizes=\"auto, (max-width: 1024px) 100vw, 1024px\" \/><img loading=\"lazy\" decoding=\"async\" width=\"1024\" height=\"1024\" src=\"https:\/\/arteconfort.com\/wp-content\/uploads\/2023\/10\/IRIS-PARED-3.webp\" class=\"attachment-shop_catalog size-shop_catalog\" alt=\"Aplique de pared solar IRIS de frente\" srcset=\"https:\/\/arteconfort.com\/wp-content\/uploads\/2023\/10\/IRIS-PARED-3.webp 1024w, https:\/\/arteconfort.com\/wp-content\/uploads\/2023\/10\/IRIS-PARED-3-768x768.webp 768w, https:\/\/arteconfort.com\/wp-content\/uploads\/2023\/10\/IRIS-PARED-3-340x340.webp 340w, https:\/\/arteconfort.com\/wp-content\/uploads\/2023\/10\/IRIS-PARED-3-640x640.webp 640w, https:\/\/arteconfort.com\/wp-content\/uploads\/2023\/10\/IRIS-PARED-3-960x960.webp 960w, https:\/\/arteconfort.com\/wp-content\/uploads\/2023\/10\/IRIS-PARED-3-133x133.webp 133w, https:\/\/arteconfort.com\/wp-content\/uploads\/2023\/10\/IRIS-PARED-3-300x300.webp 300w, https:\/\/arteconfort.com\/wp-content\/uploads\/2023\/10\/IRIS-PARED-3-600x600.webp 600w, https:\/\/arteconfort.com\/wp-content\/uploads\/2023\/10\/IRIS-PARED-3-100x100.webp 100w\" sizes=\"auto, (max-width: 1024px) 100vw, 1024px\" \/>\t<\/a>\n\t<div class=\"w-product-status\"><\/div>\t<span id=\"woocommerce_loop_add_to_cart_link_describedby_18592\" class=\"screen-reader-text\">\n\t\t\t<\/span>\n<\/div><figcaption><h2 class=\"woocommerce-loop-product__title\">IRIS PARED<\/h2><div class=\"woocommerce-product-details__short-description\">\n\t<p>A luz solar IRIS PARED \u00e9 caracterizada por um design discreto e elegante, tornando-a o complemento ideal para<\/div>\n\n<\/figcaption><\/figure><\/li>\n<\/ul>\n<\/div>[\/vc_column][\/vc_row][vc_row vertical_align=&#8221;middle&#8221; padding_size=&#8221;m-padding&#8221; background_mode=&#8221;color&#8221; background_color=&#8221;#f5f5f5&#8243;][vc_column][vc_row_inner][vc_column_inner width=&#8221;1\/3&#8243; offset=&#8221;vc_col-xs-12&#8243; el_class=&#8221;banner-home&#8221;][wyde_heading style=&#8221;3&#8243; title_tag=&#8221;h3&#8243; subheading_tag=&#8221;span&#8221; title=&#8221;Tipo de ilumina\u00e7\u00e3o&#8221; subheading=&#8221;Ilumina\u00e7\u00e3o solar para alto brilho ou para criar atmosferas relaxantes&#8221;][\/vc_column_inner][vc_column_inner width=&#8221;1\/6&#8243; el_class=&#8221;banner-home&#8221; offset=&#8221;vc_col-xs-6&#8243;][wyde_banner title_tag=&#8221;h5&#8243; banner_style=&#8221;2&#8243; title=&#8221;Ilumina\u00e7\u00e3o solar <strong>FUNCIONAL<\/strong>&#8221; image=&#8221;4450&#8243; link=&#8221;url:https%3A%2F%2Farteconfort.com%2Fpt-pt%2Fsolar%2Filuminacion-solar%2Filuminacion-solar-exterior-funcional%2F|title:Iluminaci%C3%B3n%20solar%20funcional||&#8221; heading_color=&#8221;#ffffff&#8221;][\/vc_column_inner][vc_column_inner width=&#8221;1\/6&#8243; el_class=&#8221;banner-home&#8221; offset=&#8221;vc_col-xs-6&#8243;][wyde_banner title_tag=&#8221;h5&#8243; banner_style=&#8221;2&#8243; title=&#8221;Ilumina\u00e7\u00e3o solar <strong>DECORATIVA<\/strong>&#8221; image=&#8221;4449&#8243; link=&#8221;url:https%3A%2F%2Farteconfort.com%2Fpt-pt%2Fsolar%2Filuminacion-solar%2Filuminacion-solar-exterior-decorativa%2F|title:Solar%20decorativa||&#8221; heading_color=&#8221;#ffffff&#8221;][\/vc_column_inner][vc_column_inner width=&#8221;1\/6&#8243; offset=&#8221;vc_col-xs-6&#8243; el_class=&#8221;banner-home&#8221;][\/vc_column_inner][vc_column_inner width=&#8221;1\/6&#8243; offset=&#8221;vc_col-xs-6&#8243; el_class=&#8221;banner-home&#8221;][\/vc_column_inner][\/vc_row_inner][vc_empty_space height=&#8221;40px&#8221;][vc_row_inner][vc_column_inner width=&#8221;1\/3&#8243; offset=&#8221;vc_col-xs-12&#8243; el_class=&#8221;banner-home&#8221;][wyde_heading style=&#8221;3&#8243; title_tag=&#8221;h3&#8243; subheading_tag=&#8221;span&#8221; title=&#8221;\u00c1rea de ilumina\u00e7\u00e3o&#8221; subheading=&#8221;Escolha a sua l\u00e2mpada solar de acordo com o tamanho da \u00e1rea a ser iluminada.&#8221;][\/vc_column_inner][vc_column_inner width=&#8221;1\/6&#8243; el_class=&#8221;banner-home&#8221; offset=&#8221;vc_col-xs-6&#8243;][wyde_banner title_tag=&#8221;h5&#8243; banner_style=&#8221;2&#8243; title=&#8221;Ilumina\u00e7\u00e3o solar ao ar livre para <strong>PEQUENAS \u00c1REAS<\/strong>&#8221; image=&#8221;4443&#8243; link=&#8221;url:https%3A%2F%2Farteconfort.com%2Fpt-pt%2Fsolar%2Filuminacion-solar%2Filuminacion-solar-exterior-para-zonas-pequenas%2F|title:Iluminaci%C3%B3n%20sola%20para%20habitaciones%20peque%C3%B1as||&#8221; heading_color=&#8221;#ffffff&#8221;][\/vc_column_inner][vc_column_inner width=&#8221;1\/6&#8243; el_class=&#8221;banner-home&#8221; offset=&#8221;vc_col-xs-6&#8243;][wyde_banner title_tag=&#8221;h5&#8243; banner_style=&#8221;2&#8243; title=&#8221;Ilumina\u00e7\u00e3o solar ao ar livre para <strong>\u00c1REAS DE M\u00c9DIA DIMENS\u00c3O<\/strong>&#8221; image=&#8221;4445&#8243; link=&#8221;url:https%3A%2F%2Farteconfort.com%2Fpt-pt%2Fsolar%2Filuminacion-solar%2Filuminacion-solar-exterior-para-zonas-medianas%2F|title:Ventiladores%20de%20techo%20para%20habitaciones%20medianas||&#8221; heading_color=&#8221;#ffffff&#8221;][\/vc_column_inner][vc_column_inner width=&#8221;1\/6&#8243; offset=&#8221;vc_col-xs-6&#8243; el_class=&#8221;banner-home&#8221;][wyde_banner title_tag=&#8221;h5&#8243; banner_style=&#8221;2&#8243; title=&#8221;Ilumina\u00e7\u00e3o solar ao ar livre para <strong>GRANDES \u00c1REAS<\/strong>&#8221; image=&#8221;4447&#8243; link=&#8221;url:https%3A%2F%2Farteconfort.com%2Fpt-pt%2Fsolar%2Filuminacion-solar%2Filuminacion-solar-exterior-para-zonas-grandes%2F|title:Ventiladores%20de%20techo%20para%20habitaciones%20grandes||&#8221; heading_color=&#8221;#ffffff&#8221;][\/vc_column_inner][vc_column_inner width=&#8221;1\/6&#8243; offset=&#8221;vc_col-xs-6&#8243; el_class=&#8221;banner-home&#8221;][\/vc_column_inner][\/vc_row_inner][vc_empty_space height=&#8221;40px&#8221;][vc_row_inner][vc_column_inner width=&#8221;1\/3&#8243; offset=&#8221;vc_col-xs-12&#8243; el_class=&#8221;banner-home&#8221;][wyde_heading style=&#8221;3&#8243; title_tag=&#8221;h3&#8243; subheading_tag=&#8221;span&#8221; title=&#8221;Tipo de utiliza\u00e7\u00e3o&#8221; subheading=&#8221;A l\u00e2mpada solar perfeita para cada \u00e1rea&#8221;][\/vc_column_inner][vc_column_inner width=&#8221;1\/6&#8243; el_class=&#8221;banner-home&#8221; offset=&#8221;vc_col-xs-6&#8243;][wyde_banner title_tag=&#8221;h5&#8243; banner_style=&#8221;2&#8243; title=&#8221;Luzes solares de <strong>PAREDE<\/strong>&#8221; image=&#8221;4439&#8243; link=&#8221;url:https%3A%2F%2Farteconfort.com%2Fpt-pt%2Fsolar%2Filuminacion-solar%2Fapliques-solares-de-exterior-de-pared%2F|title:Luces%20solares%20de%20pared||&#8221; heading_color=&#8221;#ffffff&#8221;][\/vc_column_inner][vc_column_inner width=&#8221;1\/6&#8243; el_class=&#8221;banner-home&#8221; offset=&#8221;vc_col-xs-6&#8243;][wyde_banner title_tag=&#8221;h5&#8243; banner_style=&#8221;2&#8243; title=&#8221;<strong>GRINALDA<\/strong> solares&#8221; image=&#8221;4435&#8243; link=&#8221;url:https%3A%2F%2Farteconfort.com%2Fpt-pt%2Fsolar%2Filuminacion-solar%2Fguirnaldas-solares-de-exterior%2F|title:Ventiladores%20de%20techo%20con%20cadena||&#8221; heading_color=&#8221;#ffffff&#8221;][\/vc_column_inner][vc_column_inner width=&#8221;1\/6&#8243; offset=&#8221;vc_col-xs-6&#8243; el_class=&#8221;banner-home&#8221;][wyde_banner title_tag=&#8221;h5&#8243; banner_style=&#8221;2&#8243; title=&#8221;L\u00e2mpadas solares de <strong>TABELA<\/strong>&#8221; image=&#8221;4436&#8243; link=&#8221;url:https%3A%2F%2Farteconfort.com%2Fpt-pt%2Fsolar%2Filuminacion-solar%2Flamparas-solares-de-exterior-de-mesa%2F|title:L%C3%A1mparas%20solares%20de%20mesa||&#8221; heading_color=&#8221;#ffffff&#8221;][\/vc_column_inner][vc_column_inner width=&#8221;1\/6&#8243; offset=&#8221;vc_col-xs-6&#8243; el_class=&#8221;banner-home&#8221;][wyde_banner title_tag=&#8221;h5&#8243; banner_style=&#8221;2&#8243; title=&#8221;L\u00e2mpadas solares sobre <strong>MURO<\/strong>&#8221; image=&#8221;4437&#8243; link=&#8221;url:https%3A%2F%2Farteconfort.com%2Fpt-pt%2Fsolar%2Filuminacion-solar%2Flamparas-solares-de-exterior-sobre-muro%2F|title:Ventiladores%20de%20techo%20sobre%20muro||&#8221; heading_color=&#8221;#ffffff&#8221;][\/vc_column_inner][\/vc_row_inner][vc_empty_space height=&#8221;10px&#8221;][vc_row_inner][vc_column_inner width=&#8221;1\/3&#8243; offset=&#8221;vc_hidden-sm vc_col-xs-12 vc_hidden-xs&#8221; el_class=&#8221;banner-home&#8221;][\/vc_column_inner][vc_column_inner width=&#8221;1\/6&#8243; el_class=&#8221;banner-home&#8221; offset=&#8221;vc_col-xs-6&#8243;][wyde_banner title_tag=&#8221;h5&#8243; banner_style=&#8221;2&#8243; title=&#8221;<strong>CANDEEIROS DE RUA<\/strong> solares&#8221; image=&#8221;4440&#8243; link=&#8221;url:https%3A%2F%2Farteconfort.com%2Fpt-pt%2Fsolar%2Filuminacion-solar%2Ffarolas-solares-de-exterior%2F|title:Ventiladores%20de%20techo%20con%20cadena||&#8221; heading_color=&#8221;#ffffff&#8221;][\/vc_column_inner][vc_column_inner width=&#8221;1\/6&#8243; el_class=&#8221;banner-home&#8221; offset=&#8221;vc_col-xs-6&#8243;][wyde_banner title_tag=&#8221;h5&#8243; banner_style=&#8221;2&#8243; title=&#8221;L\u00e2mpadas solares de <strong>PISO<\/strong>&#8221; image=&#8221;4442&#8243; link=&#8221;url:https%3A%2F%2Farteconfort.com%2Fpt-pt%2Fsolar%2Filuminacion-solar%2Flamparas-solares-de-exterior-de-suelo%2F|title:L%C3%A1mparas%20solares%20de%20suelo||&#8221; heading_color=&#8221;#ffffff&#8221;][\/vc_column_inner][vc_column_inner width=&#8221;1\/6&#8243; offset=&#8221;vc_col-xs-6&#8243; el_class=&#8221;banner-home&#8221;][\/vc_column_inner][vc_column_inner width=&#8221;1\/6&#8243; offset=&#8221;vc_col-xs-6&#8243; el_class=&#8221;banner-home&#8221;][\/vc_column_inner][\/vc_row_inner][vc_empty_space height=&#8221;40px&#8221;][vc_row_inner][vc_column_inner width=&#8221;1\/3&#8243; offset=&#8221;vc_col-xs-12&#8243; el_class=&#8221;banner-home&#8221;][wyde_heading style=&#8221;3&#8243; title_tag=&#8221;h3&#8243; subheading_tag=&#8221;span&#8221; title=&#8221;Caracter\u00edsticas especiais&#8221; subheading=&#8221;Uma vantagem extra para o seu jardim&#8221;][\/vc_column_inner][vc_column_inner width=&#8221;1\/6&#8243; el_class=&#8221;banner-home&#8221; offset=&#8221;vc_col-xs-6&#8243;][wyde_banner title_tag=&#8221;h5&#8243; banner_style=&#8221;2&#8243; title=&#8221;L\u00e2mpadas solares com <strong>SENSOR DE PRESEN\u00c7A<\/strong>&#8221; image=&#8221;4452&#8243; link=&#8221;url:https%3A%2F%2Farteconfort.com%2Fpt-pt%2Fsolar%2Filuminacion-solar%2Flamparas-solares-de-exterior-con-sensor-de-presencia%2F|title:L%C3%A1mparas%20solares%20con%20sensor%20de%20presencia||&#8221; heading_color=&#8221;#ffffff&#8221;][\/vc_column_inner][vc_column_inner width=&#8221;1\/6&#8243; el_class=&#8221;banner-home&#8221; offset=&#8221;vc_col-xs-6&#8243;][wyde_banner title_tag=&#8221;h5&#8243; banner_style=&#8221;2&#8243; title=&#8221;L\u00e2mpadas solares com <strong>CONTROLO REMOTO<\/strong>&#8221; image=&#8221;4453&#8243; link=&#8221;url:https%3A%2F%2Farteconfort.com%2Fpt-pt%2Fsolar%2Filuminacion-solar%2Flamparas-solares-de-exterior-con-mando-a-distancia%2F|title:Ventiladores%20de%20techo%20con%20aspas%20reversibles||&#8221; heading_color=&#8221;#ffffff&#8221;][\/vc_column_inner][vc_column_inner width=&#8221;1\/6&#8243; offset=&#8221;vc_col-xs-6&#8243; el_class=&#8221;banner-home&#8221;][wyde_banner title_tag=&#8221;h5&#8243; banner_style=&#8221;2&#8243; title=&#8221;L\u00e2mpadas solares com luz <strong>RGB<\/strong>&#8221; image=&#8221;4433&#8243; link=&#8221;url:https%3A%2F%2Farteconfort.com%2Fpt-pt%2Fsolar%2Filuminacion-solar%2Flamparas-solares-de-exterior-con-luz-rgb%2F|title:L%C3%A1mparas%20solares%20con%20RGB||&#8221; heading_color=&#8221;#ffffff&#8221;][\/vc_column_inner][vc_column_inner width=&#8221;1\/6&#8243; offset=&#8221;vc_col-xs-6&#8243; el_class=&#8221;banner-home&#8221;][\/vc_column_inner][\/vc_row_inner][\/vc_column][\/vc_row][vc_row padding_size=&#8221;no-padding&#8221;][vc_column][vc_empty_space height=&#8221;60px&#8221;][vc_column_text]A lumin\u00e1ria solar exterior torna poss\u00edvel <strong>aproveitar a energia do sol<\/strong> (luz captada pelo painel solar) para fornecer uma ilumina\u00e7\u00e3o de alto desempenho que \u00e9 amiga do ambiente e prov\u00e9m de energias renov\u00e1veis.<\/p>\n<p>Estas lanternas de jardim t\u00eam baterias solares de l\u00edtio, conseguindo um tipo de <strong>ilumina\u00e7\u00e3o econ\u00f3mica e aut\u00f3noma<\/strong> que tem uma grande variedade de desenhos e aplica\u00e7\u00f5es que se encaixam perfeitamente em qualquer ambiente.<\/p>\n<p>No nosso extenso cat\u00e1logo pode encontrar diferentes modelos de l\u00e2mpadas que s\u00e3o carregadas pelo sol, dependendo do tipo de ilumina\u00e7\u00e3o, \u00e1rea, utiliza\u00e7\u00e3o e caracter\u00edsticas especiais que procura.[\/vc_column_text][vc_empty_space height=&#8221;60px&#8221;][wyde_heading style=&#8221;2&#8243; text_align=&#8221;center&#8221; title=&#8221;Figuras solares: uma aposta segura para decorar o seu jardim&#8221;][vc_empty_space][vc_column_text]O aumento dos pre\u00e7os da electricidade e os <strong>avan\u00e7os tecnol\u00f3gicos na ilumina\u00e7\u00e3o solar LED exterior<\/strong> levaram a um forte aumento na utiliza\u00e7\u00e3o de luzes solares para decorar o jardim.<\/p>\n<p>A lanterna solar LED ou lanterna tornou-se a <strong>solu\u00e7\u00e3o perfeita para problemas de ilumina\u00e7\u00e3o<\/strong>, com uma escolha de lumin\u00e1rias de parede, de espig\u00e3o ou montadas na parede.<\/p>\n<p>Cada l\u00e2mpada solar de jardim desenvolvida pela Arteconfort foi concebida para resistir a quaisquer condi\u00e7\u00f5es atmosf\u00e9ricas exteriores, tais como chuva, poeira ou temperaturas elevadas.<\/p>\n<p>Al\u00e9m disso, tamb\u00e9m pode decorar os seus quartos em momentos especiais, como o Natal. As guirlandas dar\u00e3o vida e cor \u00e0s janelas, aos corrim\u00f5es e aos bordos dos terra\u00e7os gra\u00e7as \u00e0s suas <strong>l\u00e2mpadas solares<\/strong>.<\/p>\n<p style=\"text-align: center;\"><strong>Mude agora para ilumina\u00e7\u00e3o solar!<\/strong><\/p>\n<p>[\/vc_column_text][vc_empty_space height=&#8221;60px&#8221;][\/vc_column][\/vc_row][vc_row padding_size=&#8221;no-padding&#8221;][vc_column][vc_column_text]<div class=\"woocommerce columns-4 \"><ul class=\"products w-grid-space clear columns-4\">\r\n<li class=\"product type-product post-16895 status-publish first instock product_cat-coleccion-antigua-pt product_cat-iluminacion-solar-de-pared-pt-pt product_cat-solar-pt-pt has-post-thumbnail shipping-taxable product-type-simple w-item col-3\">\n\t<figure><div class=\"image-wrapper\">\t\t<a href=\"https:\/\/arteconfort.com\/pt-pt\/producto\/alfa\/\" class=\"w-fadeslider\">\n\t<img loading=\"lazy\" decoding=\"async\" width=\"1024\" height=\"1024\" src=\"https:\/\/arteconfort.com\/wp-content\/uploads\/2023\/10\/ALFA.webp\" class=\"attachment-shop_catalog size-shop_catalog wp-post-image\" alt=\"Aplique de pared solar ALFA\" srcset=\"https:\/\/arteconfort.com\/wp-content\/uploads\/2023\/10\/ALFA.webp 1024w, https:\/\/arteconfort.com\/wp-content\/uploads\/2023\/10\/ALFA-768x768.webp 768w, https:\/\/arteconfort.com\/wp-content\/uploads\/2023\/10\/ALFA-340x340.webp 340w, https:\/\/arteconfort.com\/wp-content\/uploads\/2023\/10\/ALFA-640x640.webp 640w, https:\/\/arteconfort.com\/wp-content\/uploads\/2023\/10\/ALFA-960x960.webp 960w, https:\/\/arteconfort.com\/wp-content\/uploads\/2023\/10\/ALFA-300x300.webp 300w, https:\/\/arteconfort.com\/wp-content\/uploads\/2023\/10\/ALFA-600x600.webp 600w, https:\/\/arteconfort.com\/wp-content\/uploads\/2023\/10\/ALFA-100x100.webp 100w, https:\/\/arteconfort.com\/wp-content\/uploads\/2023\/10\/ALFA-133x133.webp 133w\" sizes=\"auto, (max-width: 1024px) 100vw, 1024px\" \/>\t<img loading=\"lazy\" decoding=\"async\" width=\"1024\" height=\"1024\" src=\"https:\/\/arteconfort.com\/wp-content\/uploads\/2023\/10\/ALFA-ambiente.webp\" class=\"attachment-shop_catalog size-shop_catalog\" alt=\"Aplique solar ALFA en exterior\" srcset=\"https:\/\/arteconfort.com\/wp-content\/uploads\/2023\/10\/ALFA-ambiente.webp 1024w, https:\/\/arteconfort.com\/wp-content\/uploads\/2023\/10\/ALFA-ambiente-768x768.webp 768w, https:\/\/arteconfort.com\/wp-content\/uploads\/2023\/10\/ALFA-ambiente-340x340.webp 340w, https:\/\/arteconfort.com\/wp-content\/uploads\/2023\/10\/ALFA-ambiente-640x640.webp 640w, https:\/\/arteconfort.com\/wp-content\/uploads\/2023\/10\/ALFA-ambiente-960x960.webp 960w, https:\/\/arteconfort.com\/wp-content\/uploads\/2023\/10\/ALFA-ambiente-133x133.webp 133w, https:\/\/arteconfort.com\/wp-content\/uploads\/2023\/10\/ALFA-ambiente-300x300.webp 300w, https:\/\/arteconfort.com\/wp-content\/uploads\/2023\/10\/ALFA-ambiente-600x600.webp 600w, https:\/\/arteconfort.com\/wp-content\/uploads\/2023\/10\/ALFA-ambiente-100x100.webp 100w\" sizes=\"auto, (max-width: 1024px) 100vw, 1024px\" \/><img loading=\"lazy\" decoding=\"async\" width=\"1024\" height=\"1024\" src=\"https:\/\/arteconfort.com\/wp-content\/uploads\/2023\/10\/ALFA-2.webp\" class=\"attachment-shop_catalog size-shop_catalog\" alt=\"Aplique de pared solar ALFA desde detr\u00e1s\" srcset=\"https:\/\/arteconfort.com\/wp-content\/uploads\/2023\/10\/ALFA-2.webp 1024w, https:\/\/arteconfort.com\/wp-content\/uploads\/2023\/10\/ALFA-2-768x768.webp 768w, https:\/\/arteconfort.com\/wp-content\/uploads\/2023\/10\/ALFA-2-340x340.webp 340w, https:\/\/arteconfort.com\/wp-content\/uploads\/2023\/10\/ALFA-2-640x640.webp 640w, https:\/\/arteconfort.com\/wp-content\/uploads\/2023\/10\/ALFA-2-960x960.webp 960w, https:\/\/arteconfort.com\/wp-content\/uploads\/2023\/10\/ALFA-2-133x133.webp 133w, https:\/\/arteconfort.com\/wp-content\/uploads\/2023\/10\/ALFA-2-300x300.webp 300w, https:\/\/arteconfort.com\/wp-content\/uploads\/2023\/10\/ALFA-2-600x600.webp 600w, https:\/\/arteconfort.com\/wp-content\/uploads\/2023\/10\/ALFA-2-100x100.webp 100w\" sizes=\"auto, (max-width: 1024px) 100vw, 1024px\" \/><img loading=\"lazy\" decoding=\"async\" width=\"1024\" height=\"1024\" src=\"https:\/\/arteconfort.com\/wp-content\/uploads\/2023\/10\/ALFA-3.webp\" class=\"attachment-shop_catalog size-shop_catalog\" alt=\"Aplique de pared solar ALFA desde abajo\" srcset=\"https:\/\/arteconfort.com\/wp-content\/uploads\/2023\/10\/ALFA-3.webp 1024w, https:\/\/arteconfort.com\/wp-content\/uploads\/2023\/10\/ALFA-3-768x768.webp 768w, https:\/\/arteconfort.com\/wp-content\/uploads\/2023\/10\/ALFA-3-340x340.webp 340w, https:\/\/arteconfort.com\/wp-content\/uploads\/2023\/10\/ALFA-3-640x640.webp 640w, https:\/\/arteconfort.com\/wp-content\/uploads\/2023\/10\/ALFA-3-960x960.webp 960w, https:\/\/arteconfort.com\/wp-content\/uploads\/2023\/10\/ALFA-3-133x133.webp 133w, https:\/\/arteconfort.com\/wp-content\/uploads\/2023\/10\/ALFA-3-300x300.webp 300w, https:\/\/arteconfort.com\/wp-content\/uploads\/2023\/10\/ALFA-3-600x600.webp 600w, https:\/\/arteconfort.com\/wp-content\/uploads\/2023\/10\/ALFA-3-100x100.webp 100w\" sizes=\"auto, (max-width: 1024px) 100vw, 1024px\" \/><img loading=\"lazy\" decoding=\"async\" width=\"1024\" height=\"1024\" src=\"https:\/\/arteconfort.com\/wp-content\/uploads\/2023\/10\/ALFA-4.webp\" class=\"attachment-shop_catalog size-shop_catalog\" alt=\"Aplique de pared solar ALFA de perfil\" srcset=\"https:\/\/arteconfort.com\/wp-content\/uploads\/2023\/10\/ALFA-4.webp 1024w, https:\/\/arteconfort.com\/wp-content\/uploads\/2023\/10\/ALFA-4-768x768.webp 768w, https:\/\/arteconfort.com\/wp-content\/uploads\/2023\/10\/ALFA-4-340x340.webp 340w, https:\/\/arteconfort.com\/wp-content\/uploads\/2023\/10\/ALFA-4-640x640.webp 640w, https:\/\/arteconfort.com\/wp-content\/uploads\/2023\/10\/ALFA-4-960x960.webp 960w, https:\/\/arteconfort.com\/wp-content\/uploads\/2023\/10\/ALFA-4-133x133.webp 133w, https:\/\/arteconfort.com\/wp-content\/uploads\/2023\/10\/ALFA-4-300x300.webp 300w, https:\/\/arteconfort.com\/wp-content\/uploads\/2023\/10\/ALFA-4-600x600.webp 600w, https:\/\/arteconfort.com\/wp-content\/uploads\/2023\/10\/ALFA-4-100x100.webp 100w\" sizes=\"auto, (max-width: 1024px) 100vw, 1024px\" \/><img loading=\"lazy\" decoding=\"async\" width=\"1024\" height=\"1024\" src=\"https:\/\/arteconfort.com\/wp-content\/uploads\/2023\/10\/ALFA-5.webp\" class=\"attachment-shop_catalog size-shop_catalog\" alt=\"Aplique de pared solar ALFA desde arriba\" srcset=\"https:\/\/arteconfort.com\/wp-content\/uploads\/2023\/10\/ALFA-5.webp 1024w, https:\/\/arteconfort.com\/wp-content\/uploads\/2023\/10\/ALFA-5-768x768.webp 768w, https:\/\/arteconfort.com\/wp-content\/uploads\/2023\/10\/ALFA-5-340x340.webp 340w, https:\/\/arteconfort.com\/wp-content\/uploads\/2023\/10\/ALFA-5-640x640.webp 640w, https:\/\/arteconfort.com\/wp-content\/uploads\/2023\/10\/ALFA-5-960x960.webp 960w, https:\/\/arteconfort.com\/wp-content\/uploads\/2023\/10\/ALFA-5-133x133.webp 133w, https:\/\/arteconfort.com\/wp-content\/uploads\/2023\/10\/ALFA-5-300x300.webp 300w, https:\/\/arteconfort.com\/wp-content\/uploads\/2023\/10\/ALFA-5-600x600.webp 600w, https:\/\/arteconfort.com\/wp-content\/uploads\/2023\/10\/ALFA-5-100x100.webp 100w\" sizes=\"auto, (max-width: 1024px) 100vw, 1024px\" \/>\t<\/a>\n\t<div class=\"w-product-status\"><\/div>\t<span id=\"woocommerce_loop_add_to_cart_link_describedby_16895\" class=\"screen-reader-text\">\n\t\t\t<\/span>\n<\/div><div class=\"berocket_better_labels berocket_better_labels_image\"><div class=\"berocket_better_labels_position berocket_better_labels_position_right\"><div class=\"berocket_better_labels_line berocket_better_labels_line_1\"><div class=\"berocket_better_labels_inline berocket_better_labels_inline_1\"><div class=\"br_alabel br_alabel_type_text br_alabel_template_type_css berocket_alabel_id_22613  br_alabel_better_compatibility\" style=\"\"><span  style=\"\"><i style=\"background-color: #000000; border-color: #000000;\" class=\"template-span-before \"><\/i><i style=\"background-color: #000000; border-color: #000000;\" class=\"template-i \"><\/i><i style=\"background-color: #000000; border-color: #000000;\" class=\"template-i-before \"><\/i><i style=\"background-color: #000000; border-color: #000000;\" class=\"template-i-after \"><\/i><b style=\"position: relative;z-index: 100;text-align: center;color: inherit;\">Antiga colec\u00e7\u00e3o<\/b><\/span><\/div><\/div><\/div><\/div><\/div><figcaption><h2 class=\"woocommerce-loop-product__title\">ALFA<\/h2><div class=\"woocommerce-product-details__short-description\">\n\t<p>A luz da parede solar ALFA caracteriza-se por um design discreto e elegante, tornando-a o complemento ideal para<\/div>\n\n<\/figcaption><\/figure><\/li>\n<li class=\"product type-product post-43922 status-publish instock product_cat-novedades-pt-pt product_cat-solar-pt-pt product_cat-iluminacion-solar-de-suelo-pt-pt has-post-thumbnail shipping-taxable product-type-simple w-item col-3\">\n\t<figure><div class=\"image-wrapper\">\t\t<a href=\"https:\/\/arteconfort.com\/pt-pt\/producto\/alnita\/\" class=\"w-fadeslider\">\n\t<img loading=\"lazy\" decoding=\"async\" width=\"1024\" height=\"1024\" src=\"https:\/\/arteconfort.com\/wp-content\/uploads\/2025\/03\/ALNITA-ambiente.webp\" class=\"attachment-shop_catalog size-shop_catalog wp-post-image\" alt=\"\" srcset=\"https:\/\/arteconfort.com\/wp-content\/uploads\/2025\/03\/ALNITA-ambiente.webp 1024w, https:\/\/arteconfort.com\/wp-content\/uploads\/2025\/03\/ALNITA-ambiente-768x768.webp 768w, https:\/\/arteconfort.com\/wp-content\/uploads\/2025\/03\/ALNITA-ambiente-340x340.webp 340w, https:\/\/arteconfort.com\/wp-content\/uploads\/2025\/03\/ALNITA-ambiente-640x640.webp 640w, https:\/\/arteconfort.com\/wp-content\/uploads\/2025\/03\/ALNITA-ambiente-960x960.webp 960w, https:\/\/arteconfort.com\/wp-content\/uploads\/2025\/03\/ALNITA-ambiente-300x300.webp 300w, https:\/\/arteconfort.com\/wp-content\/uploads\/2025\/03\/ALNITA-ambiente-600x600.webp 600w, https:\/\/arteconfort.com\/wp-content\/uploads\/2025\/03\/ALNITA-ambiente-100x100.webp 100w\" sizes=\"auto, (max-width: 1024px) 100vw, 1024px\" \/>\t<img loading=\"lazy\" decoding=\"async\" width=\"1024\" height=\"1024\" src=\"https:\/\/arteconfort.com\/wp-content\/uploads\/2025\/02\/ALNITA-1.webp\" class=\"attachment-shop_catalog size-shop_catalog\" alt=\"\" srcset=\"https:\/\/arteconfort.com\/wp-content\/uploads\/2025\/02\/ALNITA-1.webp 1024w, https:\/\/arteconfort.com\/wp-content\/uploads\/2025\/02\/ALNITA-1-768x768.webp 768w, https:\/\/arteconfort.com\/wp-content\/uploads\/2025\/02\/ALNITA-1-340x340.webp 340w, https:\/\/arteconfort.com\/wp-content\/uploads\/2025\/02\/ALNITA-1-640x640.webp 640w, https:\/\/arteconfort.com\/wp-content\/uploads\/2025\/02\/ALNITA-1-960x960.webp 960w, https:\/\/arteconfort.com\/wp-content\/uploads\/2025\/02\/ALNITA-1-300x300.webp 300w, https:\/\/arteconfort.com\/wp-content\/uploads\/2025\/02\/ALNITA-1-600x600.webp 600w, https:\/\/arteconfort.com\/wp-content\/uploads\/2025\/02\/ALNITA-1-100x100.webp 100w, https:\/\/arteconfort.com\/wp-content\/uploads\/2025\/02\/ALNITA-1-133x133.webp 133w\" sizes=\"auto, (max-width: 1024px) 100vw, 1024px\" \/><img loading=\"lazy\" decoding=\"async\" width=\"1024\" height=\"1024\" src=\"https:\/\/arteconfort.com\/wp-content\/uploads\/2025\/02\/ALNITA-detalle-lampara.webp\" class=\"attachment-shop_catalog size-shop_catalog\" alt=\"\" srcset=\"https:\/\/arteconfort.com\/wp-content\/uploads\/2025\/02\/ALNITA-detalle-lampara.webp 1024w, https:\/\/arteconfort.com\/wp-content\/uploads\/2025\/02\/ALNITA-detalle-lampara-768x768.webp 768w, https:\/\/arteconfort.com\/wp-content\/uploads\/2025\/02\/ALNITA-detalle-lampara-340x340.webp 340w, https:\/\/arteconfort.com\/wp-content\/uploads\/2025\/02\/ALNITA-detalle-lampara-640x640.webp 640w, https:\/\/arteconfort.com\/wp-content\/uploads\/2025\/02\/ALNITA-detalle-lampara-960x960.webp 960w, https:\/\/arteconfort.com\/wp-content\/uploads\/2025\/02\/ALNITA-detalle-lampara-133x133.webp 133w, https:\/\/arteconfort.com\/wp-content\/uploads\/2025\/02\/ALNITA-detalle-lampara-300x300.webp 300w, https:\/\/arteconfort.com\/wp-content\/uploads\/2025\/02\/ALNITA-detalle-lampara-600x600.webp 600w, https:\/\/arteconfort.com\/wp-content\/uploads\/2025\/02\/ALNITA-detalle-lampara-100x100.webp 100w\" sizes=\"auto, (max-width: 1024px) 100vw, 1024px\" \/><img loading=\"lazy\" decoding=\"async\" width=\"1024\" height=\"1024\" src=\"https:\/\/arteconfort.com\/wp-content\/uploads\/2025\/02\/ALNITA-panel.webp\" class=\"attachment-shop_catalog size-shop_catalog\" alt=\"\" srcset=\"https:\/\/arteconfort.com\/wp-content\/uploads\/2025\/02\/ALNITA-panel.webp 1024w, https:\/\/arteconfort.com\/wp-content\/uploads\/2025\/02\/ALNITA-panel-768x768.webp 768w, https:\/\/arteconfort.com\/wp-content\/uploads\/2025\/02\/ALNITA-panel-340x340.webp 340w, https:\/\/arteconfort.com\/wp-content\/uploads\/2025\/02\/ALNITA-panel-640x640.webp 640w, https:\/\/arteconfort.com\/wp-content\/uploads\/2025\/02\/ALNITA-panel-960x960.webp 960w, https:\/\/arteconfort.com\/wp-content\/uploads\/2025\/02\/ALNITA-panel-133x133.webp 133w, https:\/\/arteconfort.com\/wp-content\/uploads\/2025\/02\/ALNITA-panel-300x300.webp 300w, https:\/\/arteconfort.com\/wp-content\/uploads\/2025\/02\/ALNITA-panel-600x600.webp 600w, https:\/\/arteconfort.com\/wp-content\/uploads\/2025\/02\/ALNITA-panel-100x100.webp 100w\" sizes=\"auto, (max-width: 1024px) 100vw, 1024px\" \/><img loading=\"lazy\" decoding=\"async\" width=\"1024\" height=\"1024\" src=\"https:\/\/arteconfort.com\/wp-content\/uploads\/2025\/02\/ALNITA-panel-trasero-botones.webp\" class=\"attachment-shop_catalog size-shop_catalog\" alt=\"\" srcset=\"https:\/\/arteconfort.com\/wp-content\/uploads\/2025\/02\/ALNITA-panel-trasero-botones.webp 1024w, https:\/\/arteconfort.com\/wp-content\/uploads\/2025\/02\/ALNITA-panel-trasero-botones-768x768.webp 768w, https:\/\/arteconfort.com\/wp-content\/uploads\/2025\/02\/ALNITA-panel-trasero-botones-340x340.webp 340w, https:\/\/arteconfort.com\/wp-content\/uploads\/2025\/02\/ALNITA-panel-trasero-botones-640x640.webp 640w, https:\/\/arteconfort.com\/wp-content\/uploads\/2025\/02\/ALNITA-panel-trasero-botones-960x960.webp 960w, https:\/\/arteconfort.com\/wp-content\/uploads\/2025\/02\/ALNITA-panel-trasero-botones-133x133.webp 133w, https:\/\/arteconfort.com\/wp-content\/uploads\/2025\/02\/ALNITA-panel-trasero-botones-300x300.webp 300w, https:\/\/arteconfort.com\/wp-content\/uploads\/2025\/02\/ALNITA-panel-trasero-botones-600x600.webp 600w, https:\/\/arteconfort.com\/wp-content\/uploads\/2025\/02\/ALNITA-panel-trasero-botones-100x100.webp 100w\" sizes=\"auto, (max-width: 1024px) 100vw, 1024px\" \/>\t<\/a>\n\t<div class=\"w-product-status\"><\/div>\t<span id=\"woocommerce_loop_add_to_cart_link_describedby_43922\" class=\"screen-reader-text\">\n\t\t\t<\/span>\n<\/div><div class=\"berocket_better_labels berocket_better_labels_image\"><div class=\"berocket_better_labels_position berocket_better_labels_position_left\"><div class=\"berocket_better_labels_line berocket_better_labels_line_1\"><div class=\"berocket_better_labels_inline berocket_better_labels_inline_1\"><div class=\"br_alabel br_alabel_type_text br_alabel_template_type_css berocket_alabel_id_21233  br_alabel_better_compatibility\" style=\"\"><span  style=\"\"><i style=\"background-color: #61b4e4; border-color: #61b4e4;\" class=\"template-span-before \"><\/i><i style=\"background-color: #61b4e4; border-color: #61b4e4;\" class=\"template-i \"><\/i><i style=\"background-color: #61b4e4; border-color: #61b4e4;\" class=\"template-i-before \"><\/i><i style=\"background-color: #61b4e4; border-color: #61b4e4;\" class=\"template-i-after \"><\/i><b style=\"position: relative;z-index: 100;text-align: center;color: inherit;\">Novo<\/b><\/span><\/div><\/div><\/div><\/div><\/div><figcaption><h2 class=\"woocommerce-loop-product__title\">ALNITA<\/h2><div class=\"woocommerce-product-details__short-description\">\n\t<p>A grinalda solar ALNITA proporciona uma ilumina\u00e7\u00e3o ambiente em tons quentes. \u00c9 muito f\u00e1cil de instalar gra\u00e7as ao<\/div>\n\n<\/figcaption><\/figure><\/li>\n<li class=\"product type-product post-43630 status-publish instock product_cat-solar-pt-pt product_cat-iluminacion-solar-de-suelo-pt-pt has-post-thumbnail shipping-taxable product-type-simple w-item col-3\">\n\t<figure><div class=\"image-wrapper\">\t\t<a href=\"https:\/\/arteconfort.com\/pt-pt\/producto\/altair\/\" class=\"w-fadeslider\">\n\t<img loading=\"lazy\" decoding=\"async\" width=\"1024\" height=\"1024\" src=\"https:\/\/arteconfort.com\/wp-content\/uploads\/2025\/01\/ALTAIR.webp\" class=\"attachment-shop_catalog size-shop_catalog wp-post-image\" alt=\"\" srcset=\"https:\/\/arteconfort.com\/wp-content\/uploads\/2025\/01\/ALTAIR.webp 1024w, https:\/\/arteconfort.com\/wp-content\/uploads\/2025\/01\/ALTAIR-768x768.webp 768w, https:\/\/arteconfort.com\/wp-content\/uploads\/2025\/01\/ALTAIR-340x340.webp 340w, https:\/\/arteconfort.com\/wp-content\/uploads\/2025\/01\/ALTAIR-640x640.webp 640w, https:\/\/arteconfort.com\/wp-content\/uploads\/2025\/01\/ALTAIR-960x960.webp 960w, https:\/\/arteconfort.com\/wp-content\/uploads\/2025\/01\/ALTAIR-300x300.webp 300w, https:\/\/arteconfort.com\/wp-content\/uploads\/2025\/01\/ALTAIR-600x600.webp 600w, https:\/\/arteconfort.com\/wp-content\/uploads\/2025\/01\/ALTAIR-100x100.webp 100w, https:\/\/arteconfort.com\/wp-content\/uploads\/2025\/01\/ALTAIR-133x133.webp 133w\" sizes=\"auto, (max-width: 1024px) 100vw, 1024px\" \/>\t<img loading=\"lazy\" decoding=\"async\" width=\"1024\" height=\"1024\" src=\"https:\/\/arteconfort.com\/wp-content\/uploads\/2025\/03\/ALTAIR-ambiente.webp\" class=\"attachment-shop_catalog size-shop_catalog\" alt=\"\" srcset=\"https:\/\/arteconfort.com\/wp-content\/uploads\/2025\/03\/ALTAIR-ambiente.webp 1024w, https:\/\/arteconfort.com\/wp-content\/uploads\/2025\/03\/ALTAIR-ambiente-768x768.webp 768w, https:\/\/arteconfort.com\/wp-content\/uploads\/2025\/03\/ALTAIR-ambiente-340x340.webp 340w, https:\/\/arteconfort.com\/wp-content\/uploads\/2025\/03\/ALTAIR-ambiente-640x640.webp 640w, https:\/\/arteconfort.com\/wp-content\/uploads\/2025\/03\/ALTAIR-ambiente-960x960.webp 960w, https:\/\/arteconfort.com\/wp-content\/uploads\/2025\/03\/ALTAIR-ambiente-300x300.webp 300w, https:\/\/arteconfort.com\/wp-content\/uploads\/2025\/03\/ALTAIR-ambiente-600x600.webp 600w, https:\/\/arteconfort.com\/wp-content\/uploads\/2025\/03\/ALTAIR-ambiente-100x100.webp 100w\" sizes=\"auto, (max-width: 1024px) 100vw, 1024px\" \/><img loading=\"lazy\" decoding=\"async\" width=\"1024\" height=\"1024\" src=\"https:\/\/arteconfort.com\/wp-content\/uploads\/2025\/01\/ALTAIR-panel.webp\" class=\"attachment-shop_catalog size-shop_catalog\" alt=\"\" srcset=\"https:\/\/arteconfort.com\/wp-content\/uploads\/2025\/01\/ALTAIR-panel.webp 1024w, https:\/\/arteconfort.com\/wp-content\/uploads\/2025\/01\/ALTAIR-panel-768x768.webp 768w, https:\/\/arteconfort.com\/wp-content\/uploads\/2025\/01\/ALTAIR-panel-340x340.webp 340w, https:\/\/arteconfort.com\/wp-content\/uploads\/2025\/01\/ALTAIR-panel-640x640.webp 640w, https:\/\/arteconfort.com\/wp-content\/uploads\/2025\/01\/ALTAIR-panel-960x960.webp 960w, https:\/\/arteconfort.com\/wp-content\/uploads\/2025\/01\/ALTAIR-panel-133x133.webp 133w, https:\/\/arteconfort.com\/wp-content\/uploads\/2025\/01\/ALTAIR-panel-300x300.webp 300w, https:\/\/arteconfort.com\/wp-content\/uploads\/2025\/01\/ALTAIR-panel-600x600.webp 600w, https:\/\/arteconfort.com\/wp-content\/uploads\/2025\/01\/ALTAIR-panel-100x100.webp 100w\" sizes=\"auto, (max-width: 1024px) 100vw, 1024px\" \/><img loading=\"lazy\" decoding=\"async\" width=\"1024\" height=\"1024\" src=\"https:\/\/arteconfort.com\/wp-content\/uploads\/2025\/01\/ALTAIR-luz.webp\" class=\"attachment-shop_catalog size-shop_catalog\" alt=\"\" srcset=\"https:\/\/arteconfort.com\/wp-content\/uploads\/2025\/01\/ALTAIR-luz.webp 1024w, https:\/\/arteconfort.com\/wp-content\/uploads\/2025\/01\/ALTAIR-luz-768x768.webp 768w, https:\/\/arteconfort.com\/wp-content\/uploads\/2025\/01\/ALTAIR-luz-340x340.webp 340w, https:\/\/arteconfort.com\/wp-content\/uploads\/2025\/01\/ALTAIR-luz-640x640.webp 640w, https:\/\/arteconfort.com\/wp-content\/uploads\/2025\/01\/ALTAIR-luz-960x960.webp 960w, https:\/\/arteconfort.com\/wp-content\/uploads\/2025\/01\/ALTAIR-luz-133x133.webp 133w, https:\/\/arteconfort.com\/wp-content\/uploads\/2025\/01\/ALTAIR-luz-300x300.webp 300w, https:\/\/arteconfort.com\/wp-content\/uploads\/2025\/01\/ALTAIR-luz-600x600.webp 600w, https:\/\/arteconfort.com\/wp-content\/uploads\/2025\/01\/ALTAIR-luz-100x100.webp 100w\" sizes=\"auto, (max-width: 1024px) 100vw, 1024px\" \/><img loading=\"lazy\" decoding=\"async\" width=\"1024\" height=\"1024\" src=\"https:\/\/arteconfort.com\/wp-content\/uploads\/2025\/03\/ALTAIR-detalle-boton.webp\" class=\"attachment-shop_catalog size-shop_catalog\" alt=\"\" srcset=\"https:\/\/arteconfort.com\/wp-content\/uploads\/2025\/03\/ALTAIR-detalle-boton.webp 1024w, https:\/\/arteconfort.com\/wp-content\/uploads\/2025\/03\/ALTAIR-detalle-boton-768x768.webp 768w, https:\/\/arteconfort.com\/wp-content\/uploads\/2025\/03\/ALTAIR-detalle-boton-340x340.webp 340w, https:\/\/arteconfort.com\/wp-content\/uploads\/2025\/03\/ALTAIR-detalle-boton-640x640.webp 640w, https:\/\/arteconfort.com\/wp-content\/uploads\/2025\/03\/ALTAIR-detalle-boton-960x960.webp 960w, https:\/\/arteconfort.com\/wp-content\/uploads\/2025\/03\/ALTAIR-detalle-boton-300x300.webp 300w, https:\/\/arteconfort.com\/wp-content\/uploads\/2025\/03\/ALTAIR-detalle-boton-600x600.webp 600w, https:\/\/arteconfort.com\/wp-content\/uploads\/2025\/03\/ALTAIR-detalle-boton-100x100.webp 100w\" sizes=\"auto, (max-width: 1024px) 100vw, 1024px\" \/>\t<\/a>\n\t<div class=\"w-product-status\"><\/div>\t<span id=\"woocommerce_loop_add_to_cart_link_describedby_43630\" class=\"screen-reader-text\">\n\t\t\t<\/span>\n<\/div><figcaption><h2 class=\"woocommerce-loop-product__title\">ALTAIR<\/h2><div class=\"woocommerce-product-details__short-description\">\n\t<p>A baliza solar ALTAIR fornece uma ilumina\u00e7\u00e3o de tom frio com dois modos de funcionamento fixos. \u00c9 muito<\/div>\n\n<\/figcaption><\/figure><\/li>\n<li class=\"product type-product post-43931 status-publish last instock product_cat-novedades-pt-pt product_cat-solar-pt-pt product_cat-iluminacion-solar-de-suelo-pt-pt has-post-thumbnail shipping-taxable product-type-simple w-item col-3\">\n\t<figure><div class=\"image-wrapper\">\t\t<a href=\"https:\/\/arteconfort.com\/pt-pt\/producto\/astris\/\" class=\"w-fadeslider\">\n\t<img loading=\"lazy\" decoding=\"async\" width=\"1024\" height=\"1024\" src=\"https:\/\/arteconfort.com\/wp-content\/uploads\/2025\/02\/ASTRIS-ambiente.webp\" class=\"attachment-shop_catalog size-shop_catalog wp-post-image\" alt=\"\" srcset=\"https:\/\/arteconfort.com\/wp-content\/uploads\/2025\/02\/ASTRIS-ambiente.webp 1024w, https:\/\/arteconfort.com\/wp-content\/uploads\/2025\/02\/ASTRIS-ambiente-768x768.webp 768w, https:\/\/arteconfort.com\/wp-content\/uploads\/2025\/02\/ASTRIS-ambiente-340x340.webp 340w, https:\/\/arteconfort.com\/wp-content\/uploads\/2025\/02\/ASTRIS-ambiente-640x640.webp 640w, https:\/\/arteconfort.com\/wp-content\/uploads\/2025\/02\/ASTRIS-ambiente-960x960.webp 960w, https:\/\/arteconfort.com\/wp-content\/uploads\/2025\/02\/ASTRIS-ambiente-133x133.webp 133w, https:\/\/arteconfort.com\/wp-content\/uploads\/2025\/02\/ASTRIS-ambiente-300x300.webp 300w, https:\/\/arteconfort.com\/wp-content\/uploads\/2025\/02\/ASTRIS-ambiente-600x600.webp 600w, https:\/\/arteconfort.com\/wp-content\/uploads\/2025\/02\/ASTRIS-ambiente-100x100.webp 100w\" sizes=\"auto, (max-width: 1024px) 100vw, 1024px\" \/>\t<img loading=\"lazy\" decoding=\"async\" width=\"1024\" height=\"1024\" src=\"https:\/\/arteconfort.com\/wp-content\/uploads\/2025\/02\/ASTRIS.webp\" class=\"attachment-shop_catalog size-shop_catalog\" alt=\"\" srcset=\"https:\/\/arteconfort.com\/wp-content\/uploads\/2025\/02\/ASTRIS.webp 1024w, https:\/\/arteconfort.com\/wp-content\/uploads\/2025\/02\/ASTRIS-768x768.webp 768w, https:\/\/arteconfort.com\/wp-content\/uploads\/2025\/02\/ASTRIS-340x340.webp 340w, https:\/\/arteconfort.com\/wp-content\/uploads\/2025\/02\/ASTRIS-640x640.webp 640w, https:\/\/arteconfort.com\/wp-content\/uploads\/2025\/02\/ASTRIS-960x960.webp 960w, https:\/\/arteconfort.com\/wp-content\/uploads\/2025\/02\/ASTRIS-300x300.webp 300w, https:\/\/arteconfort.com\/wp-content\/uploads\/2025\/02\/ASTRIS-600x600.webp 600w, https:\/\/arteconfort.com\/wp-content\/uploads\/2025\/02\/ASTRIS-100x100.webp 100w, https:\/\/arteconfort.com\/wp-content\/uploads\/2025\/02\/ASTRIS-133x133.webp 133w\" sizes=\"auto, (max-width: 1024px) 100vw, 1024px\" \/><img loading=\"lazy\" decoding=\"async\" width=\"1024\" height=\"1024\" src=\"https:\/\/arteconfort.com\/wp-content\/uploads\/2025\/02\/ASTRIS-detalle-lampara-estrella.webp\" class=\"attachment-shop_catalog size-shop_catalog\" alt=\"\" srcset=\"https:\/\/arteconfort.com\/wp-content\/uploads\/2025\/02\/ASTRIS-detalle-lampara-estrella.webp 1024w, https:\/\/arteconfort.com\/wp-content\/uploads\/2025\/02\/ASTRIS-detalle-lampara-estrella-768x768.webp 768w, https:\/\/arteconfort.com\/wp-content\/uploads\/2025\/02\/ASTRIS-detalle-lampara-estrella-340x340.webp 340w, https:\/\/arteconfort.com\/wp-content\/uploads\/2025\/02\/ASTRIS-detalle-lampara-estrella-640x640.webp 640w, https:\/\/arteconfort.com\/wp-content\/uploads\/2025\/02\/ASTRIS-detalle-lampara-estrella-960x960.webp 960w, https:\/\/arteconfort.com\/wp-content\/uploads\/2025\/02\/ASTRIS-detalle-lampara-estrella-133x133.webp 133w, https:\/\/arteconfort.com\/wp-content\/uploads\/2025\/02\/ASTRIS-detalle-lampara-estrella-300x300.webp 300w, https:\/\/arteconfort.com\/wp-content\/uploads\/2025\/02\/ASTRIS-detalle-lampara-estrella-600x600.webp 600w, https:\/\/arteconfort.com\/wp-content\/uploads\/2025\/02\/ASTRIS-detalle-lampara-estrella-100x100.webp 100w\" sizes=\"auto, (max-width: 1024px) 100vw, 1024px\" \/><img loading=\"lazy\" decoding=\"async\" width=\"1024\" height=\"1024\" src=\"https:\/\/arteconfort.com\/wp-content\/uploads\/2025\/02\/ASTRIS-panel.webp\" class=\"attachment-shop_catalog size-shop_catalog\" alt=\"\" srcset=\"https:\/\/arteconfort.com\/wp-content\/uploads\/2025\/02\/ASTRIS-panel.webp 1024w, https:\/\/arteconfort.com\/wp-content\/uploads\/2025\/02\/ASTRIS-panel-768x768.webp 768w, https:\/\/arteconfort.com\/wp-content\/uploads\/2025\/02\/ASTRIS-panel-340x340.webp 340w, https:\/\/arteconfort.com\/wp-content\/uploads\/2025\/02\/ASTRIS-panel-640x640.webp 640w, https:\/\/arteconfort.com\/wp-content\/uploads\/2025\/02\/ASTRIS-panel-960x960.webp 960w, https:\/\/arteconfort.com\/wp-content\/uploads\/2025\/02\/ASTRIS-panel-133x133.webp 133w, https:\/\/arteconfort.com\/wp-content\/uploads\/2025\/02\/ASTRIS-panel-300x300.webp 300w, https:\/\/arteconfort.com\/wp-content\/uploads\/2025\/02\/ASTRIS-panel-600x600.webp 600w, https:\/\/arteconfort.com\/wp-content\/uploads\/2025\/02\/ASTRIS-panel-100x100.webp 100w\" sizes=\"auto, (max-width: 1024px) 100vw, 1024px\" \/><img loading=\"lazy\" decoding=\"async\" width=\"1024\" height=\"1024\" src=\"https:\/\/arteconfort.com\/wp-content\/uploads\/2025\/02\/ASTRIS-panel-trasero-botones.webp\" class=\"attachment-shop_catalog size-shop_catalog\" alt=\"\" srcset=\"https:\/\/arteconfort.com\/wp-content\/uploads\/2025\/02\/ASTRIS-panel-trasero-botones.webp 1024w, https:\/\/arteconfort.com\/wp-content\/uploads\/2025\/02\/ASTRIS-panel-trasero-botones-768x768.webp 768w, https:\/\/arteconfort.com\/wp-content\/uploads\/2025\/02\/ASTRIS-panel-trasero-botones-340x340.webp 340w, https:\/\/arteconfort.com\/wp-content\/uploads\/2025\/02\/ASTRIS-panel-trasero-botones-640x640.webp 640w, https:\/\/arteconfort.com\/wp-content\/uploads\/2025\/02\/ASTRIS-panel-trasero-botones-960x960.webp 960w, https:\/\/arteconfort.com\/wp-content\/uploads\/2025\/02\/ASTRIS-panel-trasero-botones-133x133.webp 133w, https:\/\/arteconfort.com\/wp-content\/uploads\/2025\/02\/ASTRIS-panel-trasero-botones-300x300.webp 300w, https:\/\/arteconfort.com\/wp-content\/uploads\/2025\/02\/ASTRIS-panel-trasero-botones-600x600.webp 600w, https:\/\/arteconfort.com\/wp-content\/uploads\/2025\/02\/ASTRIS-panel-trasero-botones-100x100.webp 100w\" sizes=\"auto, (max-width: 1024px) 100vw, 1024px\" \/>\t<\/a>\n\t<div class=\"w-product-status\"><\/div>\t<span id=\"woocommerce_loop_add_to_cart_link_describedby_43931\" class=\"screen-reader-text\">\n\t\t\t<\/span>\n<\/div><div class=\"berocket_better_labels berocket_better_labels_image\"><div class=\"berocket_better_labels_position berocket_better_labels_position_left\"><div class=\"berocket_better_labels_line berocket_better_labels_line_1\"><div class=\"berocket_better_labels_inline berocket_better_labels_inline_1\"><div class=\"br_alabel br_alabel_type_text br_alabel_template_type_css berocket_alabel_id_21233  br_alabel_better_compatibility\" style=\"\"><span  style=\"\"><i style=\"background-color: #61b4e4; border-color: #61b4e4;\" class=\"template-span-before \"><\/i><i style=\"background-color: #61b4e4; border-color: #61b4e4;\" class=\"template-i \"><\/i><i style=\"background-color: #61b4e4; border-color: #61b4e4;\" class=\"template-i-before \"><\/i><i style=\"background-color: #61b4e4; border-color: #61b4e4;\" class=\"template-i-after \"><\/i><b style=\"position: relative;z-index: 100;text-align: center;color: inherit;\">Novo<\/b><\/span><\/div><\/div><\/div><\/div><\/div><figcaption><h2 class=\"woocommerce-loop-product__title\">ASTRIS<\/h2><div class=\"woocommerce-product-details__short-description\">\n\t<p>A grinalda solar ASTRIS proporciona uma ilumina\u00e7\u00e3o ambiente em tons quentes. \u00c9 muito f\u00e1cil de instalar gra\u00e7as ao<\/div>\n\n<\/figcaption><\/figure><\/li>\n<li class=\"product type-product post-25523 status-publish first instock product_cat-coleccion-antigua-pt product_cat-iluminacion-solar-de-pared-pt-pt product_cat-solar-pt-pt has-post-thumbnail shipping-taxable product-type-simple w-item col-3\">\n\t<figure><div class=\"image-wrapper\">\t\t<a href=\"https:\/\/arteconfort.com\/pt-pt\/producto\/athos-aplique\/\" class=\"w-fadeslider\">\n\t<img loading=\"lazy\" decoding=\"async\" width=\"1024\" height=\"1024\" src=\"https:\/\/arteconfort.com\/wp-content\/uploads\/2023\/10\/ATHOS-aplique-2.webp\" class=\"attachment-shop_catalog size-shop_catalog wp-post-image\" alt=\"Aplique solar ATHOS\" srcset=\"https:\/\/arteconfort.com\/wp-content\/uploads\/2023\/10\/ATHOS-aplique-2.webp 1024w, https:\/\/arteconfort.com\/wp-content\/uploads\/2023\/10\/ATHOS-aplique-2-768x768.webp 768w, https:\/\/arteconfort.com\/wp-content\/uploads\/2023\/10\/ATHOS-aplique-2-340x340.webp 340w, https:\/\/arteconfort.com\/wp-content\/uploads\/2023\/10\/ATHOS-aplique-2-640x640.webp 640w, https:\/\/arteconfort.com\/wp-content\/uploads\/2023\/10\/ATHOS-aplique-2-960x960.webp 960w, https:\/\/arteconfort.com\/wp-content\/uploads\/2023\/10\/ATHOS-aplique-2-300x300.webp 300w, https:\/\/arteconfort.com\/wp-content\/uploads\/2023\/10\/ATHOS-aplique-2-600x600.webp 600w, https:\/\/arteconfort.com\/wp-content\/uploads\/2023\/10\/ATHOS-aplique-2-100x100.webp 100w, https:\/\/arteconfort.com\/wp-content\/uploads\/2023\/10\/ATHOS-aplique-2-133x133.webp 133w\" sizes=\"auto, (max-width: 1024px) 100vw, 1024px\" \/>\t<img loading=\"lazy\" decoding=\"async\" width=\"1024\" height=\"1024\" src=\"https:\/\/arteconfort.com\/wp-content\/uploads\/2023\/10\/ATHOS-ambiente-3.webp\" class=\"attachment-shop_catalog size-shop_catalog\" alt=\"ATHOS ambiente\" srcset=\"https:\/\/arteconfort.com\/wp-content\/uploads\/2023\/10\/ATHOS-ambiente-3.webp 1024w, https:\/\/arteconfort.com\/wp-content\/uploads\/2023\/10\/ATHOS-ambiente-3-768x768.webp 768w, https:\/\/arteconfort.com\/wp-content\/uploads\/2023\/10\/ATHOS-ambiente-3-340x340.webp 340w, https:\/\/arteconfort.com\/wp-content\/uploads\/2023\/10\/ATHOS-ambiente-3-640x640.webp 640w, https:\/\/arteconfort.com\/wp-content\/uploads\/2023\/10\/ATHOS-ambiente-3-960x960.webp 960w, https:\/\/arteconfort.com\/wp-content\/uploads\/2023\/10\/ATHOS-ambiente-3-133x133.webp 133w, https:\/\/arteconfort.com\/wp-content\/uploads\/2023\/10\/ATHOS-ambiente-3-300x300.webp 300w, https:\/\/arteconfort.com\/wp-content\/uploads\/2023\/10\/ATHOS-ambiente-3-600x600.webp 600w, https:\/\/arteconfort.com\/wp-content\/uploads\/2023\/10\/ATHOS-ambiente-3-100x100.webp 100w\" sizes=\"auto, (max-width: 1024px) 100vw, 1024px\" \/><img loading=\"lazy\" decoding=\"async\" width=\"1024\" height=\"1024\" src=\"https:\/\/arteconfort.com\/wp-content\/uploads\/2023\/10\/ATHOS-ambiente-2.webp\" class=\"attachment-shop_catalog size-shop_catalog\" alt=\"ATHOS ambiente\" srcset=\"https:\/\/arteconfort.com\/wp-content\/uploads\/2023\/10\/ATHOS-ambiente-2.webp 1024w, https:\/\/arteconfort.com\/wp-content\/uploads\/2023\/10\/ATHOS-ambiente-2-768x768.webp 768w, https:\/\/arteconfort.com\/wp-content\/uploads\/2023\/10\/ATHOS-ambiente-2-340x340.webp 340w, https:\/\/arteconfort.com\/wp-content\/uploads\/2023\/10\/ATHOS-ambiente-2-640x640.webp 640w, https:\/\/arteconfort.com\/wp-content\/uploads\/2023\/10\/ATHOS-ambiente-2-960x960.webp 960w, https:\/\/arteconfort.com\/wp-content\/uploads\/2023\/10\/ATHOS-ambiente-2-133x133.webp 133w, https:\/\/arteconfort.com\/wp-content\/uploads\/2023\/10\/ATHOS-ambiente-2-300x300.webp 300w, https:\/\/arteconfort.com\/wp-content\/uploads\/2023\/10\/ATHOS-ambiente-2-600x600.webp 600w, https:\/\/arteconfort.com\/wp-content\/uploads\/2023\/10\/ATHOS-ambiente-2-100x100.webp 100w\" sizes=\"auto, (max-width: 1024px) 100vw, 1024px\" \/><img loading=\"lazy\" decoding=\"async\" width=\"1024\" height=\"1024\" src=\"https:\/\/arteconfort.com\/wp-content\/uploads\/2023\/10\/ATHOS-ambiente.webp\" class=\"attachment-shop_catalog size-shop_catalog\" alt=\"ATHOS ambiente\" srcset=\"https:\/\/arteconfort.com\/wp-content\/uploads\/2023\/10\/ATHOS-ambiente.webp 1024w, https:\/\/arteconfort.com\/wp-content\/uploads\/2023\/10\/ATHOS-ambiente-768x768.webp 768w, https:\/\/arteconfort.com\/wp-content\/uploads\/2023\/10\/ATHOS-ambiente-340x340.webp 340w, https:\/\/arteconfort.com\/wp-content\/uploads\/2023\/10\/ATHOS-ambiente-640x640.webp 640w, https:\/\/arteconfort.com\/wp-content\/uploads\/2023\/10\/ATHOS-ambiente-960x960.webp 960w, https:\/\/arteconfort.com\/wp-content\/uploads\/2023\/10\/ATHOS-ambiente-133x133.webp 133w, https:\/\/arteconfort.com\/wp-content\/uploads\/2023\/10\/ATHOS-ambiente-300x300.webp 300w, https:\/\/arteconfort.com\/wp-content\/uploads\/2023\/10\/ATHOS-ambiente-600x600.webp 600w, https:\/\/arteconfort.com\/wp-content\/uploads\/2023\/10\/ATHOS-ambiente-100x100.webp 100w\" sizes=\"auto, (max-width: 1024px) 100vw, 1024px\" \/><img loading=\"lazy\" decoding=\"async\" width=\"1024\" height=\"1024\" src=\"https:\/\/arteconfort.com\/wp-content\/uploads\/2023\/10\/ATHOS-grafico.webp\" class=\"attachment-shop_catalog size-shop_catalog\" alt=\"ATHOS dimensiones\" srcset=\"https:\/\/arteconfort.com\/wp-content\/uploads\/2023\/10\/ATHOS-grafico.webp 1024w, https:\/\/arteconfort.com\/wp-content\/uploads\/2023\/10\/ATHOS-grafico-768x768.webp 768w, https:\/\/arteconfort.com\/wp-content\/uploads\/2023\/10\/ATHOS-grafico-340x340.webp 340w, https:\/\/arteconfort.com\/wp-content\/uploads\/2023\/10\/ATHOS-grafico-640x640.webp 640w, https:\/\/arteconfort.com\/wp-content\/uploads\/2023\/10\/ATHOS-grafico-960x960.webp 960w, https:\/\/arteconfort.com\/wp-content\/uploads\/2023\/10\/ATHOS-grafico-133x133.webp 133w, https:\/\/arteconfort.com\/wp-content\/uploads\/2023\/10\/ATHOS-grafico-300x300.webp 300w, https:\/\/arteconfort.com\/wp-content\/uploads\/2023\/10\/ATHOS-grafico-600x600.webp 600w, https:\/\/arteconfort.com\/wp-content\/uploads\/2023\/10\/ATHOS-grafico-100x100.webp 100w\" sizes=\"auto, (max-width: 1024px) 100vw, 1024px\" \/>\t<\/a>\n\t<div class=\"w-product-status\"><\/div>\t<span id=\"woocommerce_loop_add_to_cart_link_describedby_25523\" class=\"screen-reader-text\">\n\t\t\t<\/span>\n<\/div><div class=\"berocket_better_labels berocket_better_labels_image\"><div class=\"berocket_better_labels_position berocket_better_labels_position_right\"><div class=\"berocket_better_labels_line berocket_better_labels_line_1\"><div class=\"berocket_better_labels_inline berocket_better_labels_inline_1\"><div class=\"br_alabel br_alabel_type_text br_alabel_template_type_css berocket_alabel_id_22613  br_alabel_better_compatibility\" style=\"\"><span  style=\"\"><i style=\"background-color: #000000; border-color: #000000;\" class=\"template-span-before \"><\/i><i style=\"background-color: #000000; border-color: #000000;\" class=\"template-i \"><\/i><i style=\"background-color: #000000; border-color: #000000;\" class=\"template-i-before \"><\/i><i style=\"background-color: #000000; border-color: #000000;\" class=\"template-i-after \"><\/i><b style=\"position: relative;z-index: 100;text-align: center;color: inherit;\">Antiga colec\u00e7\u00e3o<\/b><\/span><\/div><\/div><\/div><\/div><\/div><figcaption><h2 class=\"woocommerce-loop-product__title\">ATHOS APLIQUE<\/h2><div class=\"woocommerce-product-details__short-description\">\n\t<p>A luz da parede solar ATHOS caracteriza-se por um design discreto e moderno, bem como por uma luz<\/div>\n\n<\/figcaption><\/figure><\/li>\n<li class=\"product type-product post-25517 status-publish instock product_cat-coleccion-antigua-pt product_cat-iluminacion-solar-de-pie-pt-pt product_cat-solar-pt-pt has-post-thumbnail shipping-taxable product-type-simple w-item col-3\">\n\t<figure><div class=\"image-wrapper\">\t\t<a href=\"https:\/\/arteconfort.com\/pt-pt\/producto\/athos-baliza\/\" class=\"w-fadeslider\">\n\t<img loading=\"lazy\" decoding=\"async\" width=\"1024\" height=\"1024\" src=\"https:\/\/arteconfort.com\/wp-content\/uploads\/2023\/10\/ATHOS-baliza-2.webp\" class=\"attachment-shop_catalog size-shop_catalog wp-post-image\" alt=\"Baliza solar ATHOS\" srcset=\"https:\/\/arteconfort.com\/wp-content\/uploads\/2023\/10\/ATHOS-baliza-2.webp 1024w, https:\/\/arteconfort.com\/wp-content\/uploads\/2023\/10\/ATHOS-baliza-2-768x768.webp 768w, https:\/\/arteconfort.com\/wp-content\/uploads\/2023\/10\/ATHOS-baliza-2-340x340.webp 340w, https:\/\/arteconfort.com\/wp-content\/uploads\/2023\/10\/ATHOS-baliza-2-640x640.webp 640w, https:\/\/arteconfort.com\/wp-content\/uploads\/2023\/10\/ATHOS-baliza-2-960x960.webp 960w, https:\/\/arteconfort.com\/wp-content\/uploads\/2023\/10\/ATHOS-baliza-2-300x300.webp 300w, https:\/\/arteconfort.com\/wp-content\/uploads\/2023\/10\/ATHOS-baliza-2-600x600.webp 600w, https:\/\/arteconfort.com\/wp-content\/uploads\/2023\/10\/ATHOS-baliza-2-100x100.webp 100w, https:\/\/arteconfort.com\/wp-content\/uploads\/2023\/10\/ATHOS-baliza-2-133x133.webp 133w\" sizes=\"auto, (max-width: 1024px) 100vw, 1024px\" \/>\t<img loading=\"lazy\" decoding=\"async\" width=\"1024\" height=\"1024\" src=\"https:\/\/arteconfort.com\/wp-content\/uploads\/2023\/10\/ATHOS-baliza-ambiente-3.webp\" class=\"attachment-shop_catalog size-shop_catalog\" alt=\"ATHOS baliza ambiente\" srcset=\"https:\/\/arteconfort.com\/wp-content\/uploads\/2023\/10\/ATHOS-baliza-ambiente-3.webp 1024w, https:\/\/arteconfort.com\/wp-content\/uploads\/2023\/10\/ATHOS-baliza-ambiente-3-768x768.webp 768w, https:\/\/arteconfort.com\/wp-content\/uploads\/2023\/10\/ATHOS-baliza-ambiente-3-340x340.webp 340w, https:\/\/arteconfort.com\/wp-content\/uploads\/2023\/10\/ATHOS-baliza-ambiente-3-640x640.webp 640w, https:\/\/arteconfort.com\/wp-content\/uploads\/2023\/10\/ATHOS-baliza-ambiente-3-960x960.webp 960w, https:\/\/arteconfort.com\/wp-content\/uploads\/2023\/10\/ATHOS-baliza-ambiente-3-133x133.webp 133w, https:\/\/arteconfort.com\/wp-content\/uploads\/2023\/10\/ATHOS-baliza-ambiente-3-300x300.webp 300w, https:\/\/arteconfort.com\/wp-content\/uploads\/2023\/10\/ATHOS-baliza-ambiente-3-600x600.webp 600w, https:\/\/arteconfort.com\/wp-content\/uploads\/2023\/10\/ATHOS-baliza-ambiente-3-100x100.webp 100w\" sizes=\"auto, (max-width: 1024px) 100vw, 1024px\" \/><img loading=\"lazy\" decoding=\"async\" width=\"1024\" height=\"1024\" src=\"https:\/\/arteconfort.com\/wp-content\/uploads\/2023\/10\/ATHOS-baliza-ambiente-2.webp\" class=\"attachment-shop_catalog size-shop_catalog\" alt=\"ATHOS baliza ambiente\" srcset=\"https:\/\/arteconfort.com\/wp-content\/uploads\/2023\/10\/ATHOS-baliza-ambiente-2.webp 1024w, https:\/\/arteconfort.com\/wp-content\/uploads\/2023\/10\/ATHOS-baliza-ambiente-2-768x768.webp 768w, https:\/\/arteconfort.com\/wp-content\/uploads\/2023\/10\/ATHOS-baliza-ambiente-2-340x340.webp 340w, https:\/\/arteconfort.com\/wp-content\/uploads\/2023\/10\/ATHOS-baliza-ambiente-2-640x640.webp 640w, https:\/\/arteconfort.com\/wp-content\/uploads\/2023\/10\/ATHOS-baliza-ambiente-2-960x960.webp 960w, https:\/\/arteconfort.com\/wp-content\/uploads\/2023\/10\/ATHOS-baliza-ambiente-2-133x133.webp 133w, https:\/\/arteconfort.com\/wp-content\/uploads\/2023\/10\/ATHOS-baliza-ambiente-2-300x300.webp 300w, https:\/\/arteconfort.com\/wp-content\/uploads\/2023\/10\/ATHOS-baliza-ambiente-2-600x600.webp 600w, https:\/\/arteconfort.com\/wp-content\/uploads\/2023\/10\/ATHOS-baliza-ambiente-2-100x100.webp 100w\" sizes=\"auto, (max-width: 1024px) 100vw, 1024px\" \/><img loading=\"lazy\" decoding=\"async\" width=\"1024\" height=\"1024\" src=\"https:\/\/arteconfort.com\/wp-content\/uploads\/2023\/10\/ATHOS-baliza-ambiente.webp\" class=\"attachment-shop_catalog size-shop_catalog\" alt=\"ATHOS baliza ambiente\" srcset=\"https:\/\/arteconfort.com\/wp-content\/uploads\/2023\/10\/ATHOS-baliza-ambiente.webp 1024w, https:\/\/arteconfort.com\/wp-content\/uploads\/2023\/10\/ATHOS-baliza-ambiente-768x768.webp 768w, https:\/\/arteconfort.com\/wp-content\/uploads\/2023\/10\/ATHOS-baliza-ambiente-340x340.webp 340w, https:\/\/arteconfort.com\/wp-content\/uploads\/2023\/10\/ATHOS-baliza-ambiente-640x640.webp 640w, https:\/\/arteconfort.com\/wp-content\/uploads\/2023\/10\/ATHOS-baliza-ambiente-960x960.webp 960w, https:\/\/arteconfort.com\/wp-content\/uploads\/2023\/10\/ATHOS-baliza-ambiente-133x133.webp 133w, https:\/\/arteconfort.com\/wp-content\/uploads\/2023\/10\/ATHOS-baliza-ambiente-300x300.webp 300w, https:\/\/arteconfort.com\/wp-content\/uploads\/2023\/10\/ATHOS-baliza-ambiente-600x600.webp 600w, https:\/\/arteconfort.com\/wp-content\/uploads\/2023\/10\/ATHOS-baliza-ambiente-100x100.webp 100w\" sizes=\"auto, (max-width: 1024px) 100vw, 1024px\" \/><img loading=\"lazy\" decoding=\"async\" width=\"1024\" height=\"1024\" src=\"https:\/\/arteconfort.com\/wp-content\/uploads\/2023\/10\/ATHOS-baliza-grafico.webp\" class=\"attachment-shop_catalog size-shop_catalog\" alt=\"ATHOS baliza dimensiones\" srcset=\"https:\/\/arteconfort.com\/wp-content\/uploads\/2023\/10\/ATHOS-baliza-grafico.webp 1024w, https:\/\/arteconfort.com\/wp-content\/uploads\/2023\/10\/ATHOS-baliza-grafico-768x768.webp 768w, https:\/\/arteconfort.com\/wp-content\/uploads\/2023\/10\/ATHOS-baliza-grafico-340x340.webp 340w, https:\/\/arteconfort.com\/wp-content\/uploads\/2023\/10\/ATHOS-baliza-grafico-640x640.webp 640w, https:\/\/arteconfort.com\/wp-content\/uploads\/2023\/10\/ATHOS-baliza-grafico-960x960.webp 960w, https:\/\/arteconfort.com\/wp-content\/uploads\/2023\/10\/ATHOS-baliza-grafico-133x133.webp 133w, https:\/\/arteconfort.com\/wp-content\/uploads\/2023\/10\/ATHOS-baliza-grafico-300x300.webp 300w, https:\/\/arteconfort.com\/wp-content\/uploads\/2023\/10\/ATHOS-baliza-grafico-600x600.webp 600w, https:\/\/arteconfort.com\/wp-content\/uploads\/2023\/10\/ATHOS-baliza-grafico-100x100.webp 100w\" sizes=\"auto, (max-width: 1024px) 100vw, 1024px\" \/>\t<\/a>\n\t<div class=\"w-product-status\"><\/div>\t<span id=\"woocommerce_loop_add_to_cart_link_describedby_25517\" class=\"screen-reader-text\">\n\t\t\t<\/span>\n<\/div><div class=\"berocket_better_labels berocket_better_labels_image\"><div class=\"berocket_better_labels_position berocket_better_labels_position_right\"><div class=\"berocket_better_labels_line berocket_better_labels_line_1\"><div class=\"berocket_better_labels_inline berocket_better_labels_inline_1\"><div class=\"br_alabel br_alabel_type_text br_alabel_template_type_css berocket_alabel_id_22613  br_alabel_better_compatibility\" style=\"\"><span  style=\"\"><i style=\"background-color: #000000; border-color: #000000;\" class=\"template-span-before \"><\/i><i style=\"background-color: #000000; border-color: #000000;\" class=\"template-i \"><\/i><i style=\"background-color: #000000; border-color: #000000;\" class=\"template-i-before \"><\/i><i style=\"background-color: #000000; border-color: #000000;\" class=\"template-i-after \"><\/i><b style=\"position: relative;z-index: 100;text-align: center;color: inherit;\">Antiga colec\u00e7\u00e3o<\/b><\/span><\/div><\/div><\/div><\/div><\/div><figcaption><h2 class=\"woocommerce-loop-product__title\">ATHOS BALIZA<\/h2><div class=\"woocommerce-product-details__short-description\">\n\t<p>O farol solar ATHOS caracteriza-se por um design discreto e moderno, bem como por uma luz indirecta e<\/div>\n\n<\/figcaption><\/figure><\/li>\n<li class=\"product type-product post-43669 status-publish instock product_cat-iluminacion-solar-sobre-mesa-pt-pt product_cat-iluminacion-solar-de-sobremuro-pt-pt product_cat-solar-pt-pt product_cat-iluminacion-solar-de-suelo-pt-pt has-post-thumbnail shipping-taxable product-type-simple w-item col-3\">\n\t<figure><div class=\"image-wrapper\">\t\t<a href=\"https:\/\/arteconfort.com\/pt-pt\/producto\/aura-2\/\" class=\"w-fadeslider\">\n\t<img loading=\"lazy\" decoding=\"async\" width=\"1024\" height=\"1024\" src=\"https:\/\/arteconfort.com\/wp-content\/uploads\/2025\/03\/AURA-1.webp\" class=\"attachment-shop_catalog size-shop_catalog wp-post-image\" alt=\"\" srcset=\"https:\/\/arteconfort.com\/wp-content\/uploads\/2025\/03\/AURA-1.webp 1024w, https:\/\/arteconfort.com\/wp-content\/uploads\/2025\/03\/AURA-1-768x768.webp 768w, https:\/\/arteconfort.com\/wp-content\/uploads\/2025\/03\/AURA-1-340x340.webp 340w, https:\/\/arteconfort.com\/wp-content\/uploads\/2025\/03\/AURA-1-640x640.webp 640w, https:\/\/arteconfort.com\/wp-content\/uploads\/2025\/03\/AURA-1-960x960.webp 960w, https:\/\/arteconfort.com\/wp-content\/uploads\/2025\/03\/AURA-1-300x300.webp 300w, https:\/\/arteconfort.com\/wp-content\/uploads\/2025\/03\/AURA-1-600x600.webp 600w, https:\/\/arteconfort.com\/wp-content\/uploads\/2025\/03\/AURA-1-100x100.webp 100w\" sizes=\"auto, (max-width: 1024px) 100vw, 1024px\" \/>\t<img loading=\"lazy\" decoding=\"async\" width=\"1024\" height=\"1023\" src=\"https:\/\/arteconfort.com\/wp-content\/uploads\/2025\/03\/AURA-2.webp\" class=\"attachment-shop_catalog size-shop_catalog\" alt=\"\" srcset=\"https:\/\/arteconfort.com\/wp-content\/uploads\/2025\/03\/AURA-2.webp 1024w, https:\/\/arteconfort.com\/wp-content\/uploads\/2025\/03\/AURA-2-768x767.webp 768w, https:\/\/arteconfort.com\/wp-content\/uploads\/2025\/03\/AURA-2-340x340.webp 340w, https:\/\/arteconfort.com\/wp-content\/uploads\/2025\/03\/AURA-2-640x639.webp 640w, https:\/\/arteconfort.com\/wp-content\/uploads\/2025\/03\/AURA-2-960x960.webp 960w, https:\/\/arteconfort.com\/wp-content\/uploads\/2025\/03\/AURA-2-300x300.webp 300w, https:\/\/arteconfort.com\/wp-content\/uploads\/2025\/03\/AURA-2-600x599.webp 600w, https:\/\/arteconfort.com\/wp-content\/uploads\/2025\/03\/AURA-2-100x100.webp 100w\" sizes=\"auto, (max-width: 1024px) 100vw, 1024px\" \/><img loading=\"lazy\" decoding=\"async\" width=\"1024\" height=\"1024\" src=\"https:\/\/arteconfort.com\/wp-content\/uploads\/2025\/03\/ambiente-AURA-9-1.webp\" class=\"attachment-shop_catalog size-shop_catalog\" alt=\"\" srcset=\"https:\/\/arteconfort.com\/wp-content\/uploads\/2025\/03\/ambiente-AURA-9-1.webp 1024w, https:\/\/arteconfort.com\/wp-content\/uploads\/2025\/03\/ambiente-AURA-9-1-768x768.webp 768w, https:\/\/arteconfort.com\/wp-content\/uploads\/2025\/03\/ambiente-AURA-9-1-340x340.webp 340w, https:\/\/arteconfort.com\/wp-content\/uploads\/2025\/03\/ambiente-AURA-9-1-640x640.webp 640w, https:\/\/arteconfort.com\/wp-content\/uploads\/2025\/03\/ambiente-AURA-9-1-960x960.webp 960w, https:\/\/arteconfort.com\/wp-content\/uploads\/2025\/03\/ambiente-AURA-9-1-300x300.webp 300w, https:\/\/arteconfort.com\/wp-content\/uploads\/2025\/03\/ambiente-AURA-9-1-600x600.webp 600w, https:\/\/arteconfort.com\/wp-content\/uploads\/2025\/03\/ambiente-AURA-9-1-100x100.webp 100w\" sizes=\"auto, (max-width: 1024px) 100vw, 1024px\" \/><img loading=\"lazy\" decoding=\"async\" width=\"1024\" height=\"1024\" src=\"https:\/\/arteconfort.com\/wp-content\/uploads\/2025\/01\/AURA-baliza-ambiente.webp\" class=\"attachment-shop_catalog size-shop_catalog\" alt=\"\" srcset=\"https:\/\/arteconfort.com\/wp-content\/uploads\/2025\/01\/AURA-baliza-ambiente.webp 1024w, https:\/\/arteconfort.com\/wp-content\/uploads\/2025\/01\/AURA-baliza-ambiente-768x768.webp 768w, https:\/\/arteconfort.com\/wp-content\/uploads\/2025\/01\/AURA-baliza-ambiente-340x340.webp 340w, https:\/\/arteconfort.com\/wp-content\/uploads\/2025\/01\/AURA-baliza-ambiente-640x640.webp 640w, https:\/\/arteconfort.com\/wp-content\/uploads\/2025\/01\/AURA-baliza-ambiente-960x960.webp 960w, https:\/\/arteconfort.com\/wp-content\/uploads\/2025\/01\/AURA-baliza-ambiente-133x133.webp 133w, https:\/\/arteconfort.com\/wp-content\/uploads\/2025\/01\/AURA-baliza-ambiente-300x300.webp 300w, https:\/\/arteconfort.com\/wp-content\/uploads\/2025\/01\/AURA-baliza-ambiente-600x600.webp 600w, https:\/\/arteconfort.com\/wp-content\/uploads\/2025\/01\/AURA-baliza-ambiente-100x100.webp 100w\" sizes=\"auto, (max-width: 1024px) 100vw, 1024px\" \/><img loading=\"lazy\" decoding=\"async\" width=\"1024\" height=\"1024\" src=\"https:\/\/arteconfort.com\/wp-content\/uploads\/2025\/03\/ambiente-AURA-7-packaging.webp\" class=\"attachment-shop_catalog size-shop_catalog\" alt=\"\" srcset=\"https:\/\/arteconfort.com\/wp-content\/uploads\/2025\/03\/ambiente-AURA-7-packaging.webp 1024w, https:\/\/arteconfort.com\/wp-content\/uploads\/2025\/03\/ambiente-AURA-7-packaging-768x768.webp 768w, https:\/\/arteconfort.com\/wp-content\/uploads\/2025\/03\/ambiente-AURA-7-packaging-340x340.webp 340w, https:\/\/arteconfort.com\/wp-content\/uploads\/2025\/03\/ambiente-AURA-7-packaging-640x640.webp 640w, https:\/\/arteconfort.com\/wp-content\/uploads\/2025\/03\/ambiente-AURA-7-packaging-960x960.webp 960w, https:\/\/arteconfort.com\/wp-content\/uploads\/2025\/03\/ambiente-AURA-7-packaging-300x300.webp 300w, https:\/\/arteconfort.com\/wp-content\/uploads\/2025\/03\/ambiente-AURA-7-packaging-600x600.webp 600w, https:\/\/arteconfort.com\/wp-content\/uploads\/2025\/03\/ambiente-AURA-7-packaging-100x100.webp 100w\" sizes=\"auto, (max-width: 1024px) 100vw, 1024px\" \/><img loading=\"lazy\" decoding=\"async\" width=\"1024\" height=\"1024\" src=\"https:\/\/arteconfort.com\/wp-content\/uploads\/2025\/01\/AURA-pinza-ambiente.webp\" class=\"attachment-shop_catalog size-shop_catalog\" alt=\"\" srcset=\"https:\/\/arteconfort.com\/wp-content\/uploads\/2025\/01\/AURA-pinza-ambiente.webp 1024w, https:\/\/arteconfort.com\/wp-content\/uploads\/2025\/01\/AURA-pinza-ambiente-768x768.webp 768w, https:\/\/arteconfort.com\/wp-content\/uploads\/2025\/01\/AURA-pinza-ambiente-340x340.webp 340w, https:\/\/arteconfort.com\/wp-content\/uploads\/2025\/01\/AURA-pinza-ambiente-640x640.webp 640w, https:\/\/arteconfort.com\/wp-content\/uploads\/2025\/01\/AURA-pinza-ambiente-960x960.webp 960w, https:\/\/arteconfort.com\/wp-content\/uploads\/2025\/01\/AURA-pinza-ambiente-133x133.webp 133w, https:\/\/arteconfort.com\/wp-content\/uploads\/2025\/01\/AURA-pinza-ambiente-300x300.webp 300w, https:\/\/arteconfort.com\/wp-content\/uploads\/2025\/01\/AURA-pinza-ambiente-600x600.webp 600w, https:\/\/arteconfort.com\/wp-content\/uploads\/2025\/01\/AURA-pinza-ambiente-100x100.webp 100w\" sizes=\"auto, (max-width: 1024px) 100vw, 1024px\" \/><img loading=\"lazy\" decoding=\"async\" width=\"1024\" height=\"1024\" src=\"https:\/\/arteconfort.com\/wp-content\/uploads\/2025\/03\/ambiente-AURA-5.webp\" class=\"attachment-shop_catalog size-shop_catalog\" alt=\"\" srcset=\"https:\/\/arteconfort.com\/wp-content\/uploads\/2025\/03\/ambiente-AURA-5.webp 1024w, https:\/\/arteconfort.com\/wp-content\/uploads\/2025\/03\/ambiente-AURA-5-768x768.webp 768w, https:\/\/arteconfort.com\/wp-content\/uploads\/2025\/03\/ambiente-AURA-5-340x340.webp 340w, https:\/\/arteconfort.com\/wp-content\/uploads\/2025\/03\/ambiente-AURA-5-640x640.webp 640w, https:\/\/arteconfort.com\/wp-content\/uploads\/2025\/03\/ambiente-AURA-5-960x960.webp 960w, https:\/\/arteconfort.com\/wp-content\/uploads\/2025\/03\/ambiente-AURA-5-300x300.webp 300w, https:\/\/arteconfort.com\/wp-content\/uploads\/2025\/03\/ambiente-AURA-5-600x600.webp 600w, https:\/\/arteconfort.com\/wp-content\/uploads\/2025\/03\/ambiente-AURA-5-100x100.webp 100w\" sizes=\"auto, (max-width: 1024px) 100vw, 1024px\" \/><img loading=\"lazy\" decoding=\"async\" width=\"1024\" height=\"1024\" src=\"https:\/\/arteconfort.com\/wp-content\/uploads\/2025\/01\/AURA-grafico.webp\" class=\"attachment-shop_catalog size-shop_catalog\" alt=\"\" srcset=\"https:\/\/arteconfort.com\/wp-content\/uploads\/2025\/01\/AURA-grafico.webp 1024w, https:\/\/arteconfort.com\/wp-content\/uploads\/2025\/01\/AURA-grafico-768x768.webp 768w, https:\/\/arteconfort.com\/wp-content\/uploads\/2025\/01\/AURA-grafico-340x340.webp 340w, https:\/\/arteconfort.com\/wp-content\/uploads\/2025\/01\/AURA-grafico-640x640.webp 640w, https:\/\/arteconfort.com\/wp-content\/uploads\/2025\/01\/AURA-grafico-960x960.webp 960w, https:\/\/arteconfort.com\/wp-content\/uploads\/2025\/01\/AURA-grafico-133x133.webp 133w, https:\/\/arteconfort.com\/wp-content\/uploads\/2025\/01\/AURA-grafico-300x300.webp 300w, https:\/\/arteconfort.com\/wp-content\/uploads\/2025\/01\/AURA-grafico-600x600.webp 600w, https:\/\/arteconfort.com\/wp-content\/uploads\/2025\/01\/AURA-grafico-100x100.webp 100w\" sizes=\"auto, (max-width: 1024px) 100vw, 1024px\" \/>\t<\/a>\n\t<div class=\"w-product-status\"><\/div>\t<span id=\"woocommerce_loop_add_to_cart_link_describedby_43669\" class=\"screen-reader-text\">\n\t\t\t<\/span>\n<\/div><figcaption><h2 class=\"woocommerce-loop-product__title\">AURA<\/h2><div class=\"woocommerce-product-details__short-description\">\n\t<p>A baliza solar AURA proporciona uma ilumina\u00e7\u00e3o ambiente quente com dois modos de funcionamento. \u00c9 muito f\u00e1cil de<\/div>\n\n<\/figcaption><\/figure><\/li>\n<li class=\"product type-product post-25173 status-publish last instock product_cat-iluminacion-solar-de-pared-pt-pt product_cat-iluminacion-solar-de-pie-pt-pt product_cat-iluminacion-solar-sobre-mesa-pt-pt product_cat-iluminacion-solar-de-sobremuro-pt-pt product_cat-solar-pt-pt product_cat-iluminacion-solar-de-suelo-pt-pt has-post-thumbnail shipping-taxable product-type-simple w-item col-3\">\n\t<figure><div class=\"image-wrapper\">\t\t<a href=\"https:\/\/arteconfort.com\/pt-pt\/producto\/aura\/\" class=\"w-fadeslider\">\n\t<img loading=\"lazy\" decoding=\"async\" width=\"1024\" height=\"1024\" src=\"https:\/\/arteconfort.com\/wp-content\/uploads\/2023\/10\/AURA-pinza.webp\" class=\"attachment-shop_catalog size-shop_catalog wp-post-image\" alt=\"Solar decorativo AURA\" srcset=\"https:\/\/arteconfort.com\/wp-content\/uploads\/2023\/10\/AURA-pinza.webp 1024w, https:\/\/arteconfort.com\/wp-content\/uploads\/2023\/10\/AURA-pinza-768x768.webp 768w, https:\/\/arteconfort.com\/wp-content\/uploads\/2023\/10\/AURA-pinza-340x340.webp 340w, https:\/\/arteconfort.com\/wp-content\/uploads\/2023\/10\/AURA-pinza-640x640.webp 640w, https:\/\/arteconfort.com\/wp-content\/uploads\/2023\/10\/AURA-pinza-960x960.webp 960w, https:\/\/arteconfort.com\/wp-content\/uploads\/2023\/10\/AURA-pinza-300x300.webp 300w, https:\/\/arteconfort.com\/wp-content\/uploads\/2023\/10\/AURA-pinza-600x600.webp 600w, https:\/\/arteconfort.com\/wp-content\/uploads\/2023\/10\/AURA-pinza-100x100.webp 100w, https:\/\/arteconfort.com\/wp-content\/uploads\/2023\/10\/AURA-pinza-133x133.webp 133w\" sizes=\"auto, (max-width: 1024px) 100vw, 1024px\" \/>\t<img loading=\"lazy\" decoding=\"async\" width=\"1024\" height=\"1024\" src=\"https:\/\/arteconfort.com\/wp-content\/uploads\/2023\/10\/AURA-pinza-ambiente.webp\" class=\"attachment-shop_catalog size-shop_catalog\" alt=\"Solar baliza decorativo AURA ambiente\" srcset=\"https:\/\/arteconfort.com\/wp-content\/uploads\/2023\/10\/AURA-pinza-ambiente.webp 1024w, https:\/\/arteconfort.com\/wp-content\/uploads\/2023\/10\/AURA-pinza-ambiente-768x768.webp 768w, https:\/\/arteconfort.com\/wp-content\/uploads\/2023\/10\/AURA-pinza-ambiente-340x340.webp 340w, https:\/\/arteconfort.com\/wp-content\/uploads\/2023\/10\/AURA-pinza-ambiente-640x640.webp 640w, https:\/\/arteconfort.com\/wp-content\/uploads\/2023\/10\/AURA-pinza-ambiente-960x960.webp 960w, https:\/\/arteconfort.com\/wp-content\/uploads\/2023\/10\/AURA-pinza-ambiente-133x133.webp 133w, https:\/\/arteconfort.com\/wp-content\/uploads\/2023\/10\/AURA-pinza-ambiente-300x300.webp 300w, https:\/\/arteconfort.com\/wp-content\/uploads\/2023\/10\/AURA-pinza-ambiente-600x600.webp 600w, https:\/\/arteconfort.com\/wp-content\/uploads\/2023\/10\/AURA-pinza-ambiente-100x100.webp 100w\" sizes=\"auto, (max-width: 1024px) 100vw, 1024px\" \/><img loading=\"lazy\" decoding=\"async\" width=\"1024\" height=\"1024\" src=\"https:\/\/arteconfort.com\/wp-content\/uploads\/2023\/10\/AURA-baliza.webp\" class=\"attachment-shop_catalog size-shop_catalog\" alt=\"Solar baliza decorativo AURA\" srcset=\"https:\/\/arteconfort.com\/wp-content\/uploads\/2023\/10\/AURA-baliza.webp 1024w, https:\/\/arteconfort.com\/wp-content\/uploads\/2023\/10\/AURA-baliza-768x768.webp 768w, https:\/\/arteconfort.com\/wp-content\/uploads\/2023\/10\/AURA-baliza-340x340.webp 340w, https:\/\/arteconfort.com\/wp-content\/uploads\/2023\/10\/AURA-baliza-640x640.webp 640w, https:\/\/arteconfort.com\/wp-content\/uploads\/2023\/10\/AURA-baliza-960x960.webp 960w, https:\/\/arteconfort.com\/wp-content\/uploads\/2023\/10\/AURA-baliza-133x133.webp 133w, https:\/\/arteconfort.com\/wp-content\/uploads\/2023\/10\/AURA-baliza-300x300.webp 300w, https:\/\/arteconfort.com\/wp-content\/uploads\/2023\/10\/AURA-baliza-600x600.webp 600w, https:\/\/arteconfort.com\/wp-content\/uploads\/2023\/10\/AURA-baliza-100x100.webp 100w\" sizes=\"auto, (max-width: 1024px) 100vw, 1024px\" \/><img loading=\"lazy\" decoding=\"async\" width=\"1024\" height=\"1024\" src=\"https:\/\/arteconfort.com\/wp-content\/uploads\/2023\/10\/AURA-baliza-ambiente.webp\" class=\"attachment-shop_catalog size-shop_catalog\" alt=\"Solar baliza decorativo AURA ambiente\" srcset=\"https:\/\/arteconfort.com\/wp-content\/uploads\/2023\/10\/AURA-baliza-ambiente.webp 1024w, https:\/\/arteconfort.com\/wp-content\/uploads\/2023\/10\/AURA-baliza-ambiente-768x768.webp 768w, https:\/\/arteconfort.com\/wp-content\/uploads\/2023\/10\/AURA-baliza-ambiente-340x340.webp 340w, https:\/\/arteconfort.com\/wp-content\/uploads\/2023\/10\/AURA-baliza-ambiente-640x640.webp 640w, https:\/\/arteconfort.com\/wp-content\/uploads\/2023\/10\/AURA-baliza-ambiente-960x960.webp 960w, https:\/\/arteconfort.com\/wp-content\/uploads\/2023\/10\/AURA-baliza-ambiente-133x133.webp 133w, https:\/\/arteconfort.com\/wp-content\/uploads\/2023\/10\/AURA-baliza-ambiente-300x300.webp 300w, https:\/\/arteconfort.com\/wp-content\/uploads\/2023\/10\/AURA-baliza-ambiente-600x600.webp 600w, https:\/\/arteconfort.com\/wp-content\/uploads\/2023\/10\/AURA-baliza-ambiente-100x100.webp 100w\" sizes=\"auto, (max-width: 1024px) 100vw, 1024px\" \/><img loading=\"lazy\" decoding=\"async\" width=\"1024\" height=\"1024\" src=\"https:\/\/arteconfort.com\/wp-content\/uploads\/2023\/10\/AURA-grafico.webp\" class=\"attachment-shop_catalog size-shop_catalog\" alt=\"Solar baliza decorativo AURA dimensiones\" srcset=\"https:\/\/arteconfort.com\/wp-content\/uploads\/2023\/10\/AURA-grafico.webp 1024w, https:\/\/arteconfort.com\/wp-content\/uploads\/2023\/10\/AURA-grafico-768x768.webp 768w, https:\/\/arteconfort.com\/wp-content\/uploads\/2023\/10\/AURA-grafico-340x340.webp 340w, https:\/\/arteconfort.com\/wp-content\/uploads\/2023\/10\/AURA-grafico-640x640.webp 640w, https:\/\/arteconfort.com\/wp-content\/uploads\/2023\/10\/AURA-grafico-960x960.webp 960w, https:\/\/arteconfort.com\/wp-content\/uploads\/2023\/10\/AURA-grafico-133x133.webp 133w, https:\/\/arteconfort.com\/wp-content\/uploads\/2023\/10\/AURA-grafico-300x300.webp 300w, https:\/\/arteconfort.com\/wp-content\/uploads\/2023\/10\/AURA-grafico-600x600.webp 600w, https:\/\/arteconfort.com\/wp-content\/uploads\/2023\/10\/AURA-grafico-100x100.webp 100w\" sizes=\"auto, (max-width: 1024px) 100vw, 1024px\" \/>\t<\/a>\n\t<div class=\"w-product-status\"><\/div>\t<span id=\"woocommerce_loop_add_to_cart_link_describedby_25173\" class=\"screen-reader-text\">\n\t\t\t<\/span>\n<\/div><figcaption><h2 class=\"woocommerce-loop-product__title\">AURA<\/h2><div class=\"woocommerce-product-details__short-description\">\n\t<p>A decora\u00e7\u00e3o solar exterior AURA caracteriza-se por um design discreto e moderno e luz indirecta e tem uma<\/div>\n\n<\/figcaption><\/figure><\/li>\n<li class=\"product type-product post-25167 status-publish first instock product_cat-coleccion-antigua-pt product_cat-iluminacion-solar-de-pared-pt-pt product_cat-solar-pt-pt product_cat-iluminacion-solar-de-suelo-pt-pt has-post-thumbnail shipping-taxable product-type-simple w-item col-3\">\n\t<figure><div class=\"image-wrapper\">\t\t<a href=\"https:\/\/arteconfort.com\/pt-pt\/producto\/chloe\/\" class=\"w-fadeslider\">\n\t<img loading=\"lazy\" decoding=\"async\" width=\"1024\" height=\"1024\" src=\"https:\/\/arteconfort.com\/wp-content\/uploads\/2023\/10\/CHLOE-1.webp\" class=\"attachment-shop_catalog size-shop_catalog wp-post-image\" alt=\"\" srcset=\"https:\/\/arteconfort.com\/wp-content\/uploads\/2023\/10\/CHLOE-1.webp 1024w, https:\/\/arteconfort.com\/wp-content\/uploads\/2023\/10\/CHLOE-1-768x768.webp 768w, https:\/\/arteconfort.com\/wp-content\/uploads\/2023\/10\/CHLOE-1-340x340.webp 340w, https:\/\/arteconfort.com\/wp-content\/uploads\/2023\/10\/CHLOE-1-640x640.webp 640w, https:\/\/arteconfort.com\/wp-content\/uploads\/2023\/10\/CHLOE-1-960x960.webp 960w, https:\/\/arteconfort.com\/wp-content\/uploads\/2023\/10\/CHLOE-1-300x300.webp 300w, https:\/\/arteconfort.com\/wp-content\/uploads\/2023\/10\/CHLOE-1-600x600.webp 600w, https:\/\/arteconfort.com\/wp-content\/uploads\/2023\/10\/CHLOE-1-100x100.webp 100w, https:\/\/arteconfort.com\/wp-content\/uploads\/2023\/10\/CHLOE-1-133x133.webp 133w\" sizes=\"auto, (max-width: 1024px) 100vw, 1024px\" \/>\t<img loading=\"lazy\" decoding=\"async\" width=\"1024\" height=\"1024\" src=\"https:\/\/arteconfort.com\/wp-content\/uploads\/2023\/10\/CHLOE-ambiente-1.webp\" class=\"attachment-shop_catalog size-shop_catalog\" alt=\"\" srcset=\"https:\/\/arteconfort.com\/wp-content\/uploads\/2023\/10\/CHLOE-ambiente-1.webp 1024w, https:\/\/arteconfort.com\/wp-content\/uploads\/2023\/10\/CHLOE-ambiente-1-768x768.webp 768w, https:\/\/arteconfort.com\/wp-content\/uploads\/2023\/10\/CHLOE-ambiente-1-340x340.webp 340w, https:\/\/arteconfort.com\/wp-content\/uploads\/2023\/10\/CHLOE-ambiente-1-640x640.webp 640w, https:\/\/arteconfort.com\/wp-content\/uploads\/2023\/10\/CHLOE-ambiente-1-960x960.webp 960w, https:\/\/arteconfort.com\/wp-content\/uploads\/2023\/10\/CHLOE-ambiente-1-133x133.webp 133w, https:\/\/arteconfort.com\/wp-content\/uploads\/2023\/10\/CHLOE-ambiente-1-300x300.webp 300w, https:\/\/arteconfort.com\/wp-content\/uploads\/2023\/10\/CHLOE-ambiente-1-600x600.webp 600w, https:\/\/arteconfort.com\/wp-content\/uploads\/2023\/10\/CHLOE-ambiente-1-100x100.webp 100w\" sizes=\"auto, (max-width: 1024px) 100vw, 1024px\" \/><img loading=\"lazy\" decoding=\"async\" width=\"1024\" height=\"1024\" src=\"https:\/\/arteconfort.com\/wp-content\/uploads\/2023\/10\/CHLOE-2-1.webp\" class=\"attachment-shop_catalog size-shop_catalog\" alt=\"\" srcset=\"https:\/\/arteconfort.com\/wp-content\/uploads\/2023\/10\/CHLOE-2-1.webp 1024w, https:\/\/arteconfort.com\/wp-content\/uploads\/2023\/10\/CHLOE-2-1-768x768.webp 768w, https:\/\/arteconfort.com\/wp-content\/uploads\/2023\/10\/CHLOE-2-1-340x340.webp 340w, https:\/\/arteconfort.com\/wp-content\/uploads\/2023\/10\/CHLOE-2-1-640x640.webp 640w, https:\/\/arteconfort.com\/wp-content\/uploads\/2023\/10\/CHLOE-2-1-960x960.webp 960w, https:\/\/arteconfort.com\/wp-content\/uploads\/2023\/10\/CHLOE-2-1-133x133.webp 133w, https:\/\/arteconfort.com\/wp-content\/uploads\/2023\/10\/CHLOE-2-1-300x300.webp 300w, https:\/\/arteconfort.com\/wp-content\/uploads\/2023\/10\/CHLOE-2-1-600x600.webp 600w, https:\/\/arteconfort.com\/wp-content\/uploads\/2023\/10\/CHLOE-2-1-100x100.webp 100w\" sizes=\"auto, (max-width: 1024px) 100vw, 1024px\" \/><img loading=\"lazy\" decoding=\"async\" width=\"1024\" height=\"1024\" src=\"https:\/\/arteconfort.com\/wp-content\/uploads\/2023\/10\/CHLOE-grafico-1.webp\" class=\"attachment-shop_catalog size-shop_catalog\" alt=\"\" srcset=\"https:\/\/arteconfort.com\/wp-content\/uploads\/2023\/10\/CHLOE-grafico-1.webp 1024w, https:\/\/arteconfort.com\/wp-content\/uploads\/2023\/10\/CHLOE-grafico-1-768x768.webp 768w, https:\/\/arteconfort.com\/wp-content\/uploads\/2023\/10\/CHLOE-grafico-1-340x340.webp 340w, https:\/\/arteconfort.com\/wp-content\/uploads\/2023\/10\/CHLOE-grafico-1-640x640.webp 640w, https:\/\/arteconfort.com\/wp-content\/uploads\/2023\/10\/CHLOE-grafico-1-960x960.webp 960w, https:\/\/arteconfort.com\/wp-content\/uploads\/2023\/10\/CHLOE-grafico-1-133x133.webp 133w, https:\/\/arteconfort.com\/wp-content\/uploads\/2023\/10\/CHLOE-grafico-1-300x300.webp 300w, https:\/\/arteconfort.com\/wp-content\/uploads\/2023\/10\/CHLOE-grafico-1-600x600.webp 600w, https:\/\/arteconfort.com\/wp-content\/uploads\/2023\/10\/CHLOE-grafico-1-100x100.webp 100w\" sizes=\"auto, (max-width: 1024px) 100vw, 1024px\" \/>\t<\/a>\n\t<div class=\"w-product-status\"><\/div>\t<span id=\"woocommerce_loop_add_to_cart_link_describedby_25167\" class=\"screen-reader-text\">\n\t\t\t<\/span>\n<\/div><div class=\"berocket_better_labels berocket_better_labels_image\"><div class=\"berocket_better_labels_position berocket_better_labels_position_right\"><div class=\"berocket_better_labels_line berocket_better_labels_line_1\"><div class=\"berocket_better_labels_inline berocket_better_labels_inline_1\"><div class=\"br_alabel br_alabel_type_text br_alabel_template_type_css berocket_alabel_id_22613  br_alabel_better_compatibility\" style=\"\"><span  style=\"\"><i style=\"background-color: #000000; border-color: #000000;\" class=\"template-span-before \"><\/i><i style=\"background-color: #000000; border-color: #000000;\" class=\"template-i \"><\/i><i style=\"background-color: #000000; border-color: #000000;\" class=\"template-i-before \"><\/i><i style=\"background-color: #000000; border-color: #000000;\" class=\"template-i-after \"><\/i><b style=\"position: relative;z-index: 100;text-align: center;color: inherit;\">Antiga colec\u00e7\u00e3o<\/b><\/span><\/div><\/div><\/div><\/div><\/div><figcaption><h2 class=\"woocommerce-loop-product__title\">CHLOE<\/h2><div class=\"woocommerce-product-details__short-description\">\n\t<p>A l\u00e2mpada solar decorativa de ch\u00e3o exterior CHLOE caracteriza-se por um design discreto e moderno, bem como por<\/div>\n\n<\/figcaption><\/figure><\/li>\n<li class=\"product type-product post-43592 status-publish instock product_cat-iluminacion-solar-de-pared-pt-pt product_cat-solar-pt-pt has-post-thumbnail shipping-taxable product-type-simple w-item col-3\">\n\t<figure><div class=\"image-wrapper\">\t\t<a href=\"https:\/\/arteconfort.com\/pt-pt\/producto\/clario\/\" class=\"w-fadeslider\">\n\t<img loading=\"lazy\" decoding=\"async\" width=\"1024\" height=\"1024\" src=\"https:\/\/arteconfort.com\/wp-content\/uploads\/2025\/03\/CLARIO.webp\" class=\"attachment-shop_catalog size-shop_catalog wp-post-image\" alt=\"\" srcset=\"https:\/\/arteconfort.com\/wp-content\/uploads\/2025\/03\/CLARIO.webp 1024w, https:\/\/arteconfort.com\/wp-content\/uploads\/2025\/03\/CLARIO-768x768.webp 768w, https:\/\/arteconfort.com\/wp-content\/uploads\/2025\/03\/CLARIO-340x340.webp 340w, https:\/\/arteconfort.com\/wp-content\/uploads\/2025\/03\/CLARIO-640x640.webp 640w, https:\/\/arteconfort.com\/wp-content\/uploads\/2025\/03\/CLARIO-960x960.webp 960w, https:\/\/arteconfort.com\/wp-content\/uploads\/2025\/03\/CLARIO-300x300.webp 300w, https:\/\/arteconfort.com\/wp-content\/uploads\/2025\/03\/CLARIO-600x600.webp 600w, https:\/\/arteconfort.com\/wp-content\/uploads\/2025\/03\/CLARIO-100x100.webp 100w\" sizes=\"auto, (max-width: 1024px) 100vw, 1024px\" \/>\t<img loading=\"lazy\" decoding=\"async\" width=\"1024\" height=\"1024\" src=\"https:\/\/arteconfort.com\/wp-content\/uploads\/2025\/03\/ambiente-CLARIO.webp\" class=\"attachment-shop_catalog size-shop_catalog\" alt=\"\" srcset=\"https:\/\/arteconfort.com\/wp-content\/uploads\/2025\/03\/ambiente-CLARIO.webp 1024w, https:\/\/arteconfort.com\/wp-content\/uploads\/2025\/03\/ambiente-CLARIO-768x768.webp 768w, https:\/\/arteconfort.com\/wp-content\/uploads\/2025\/03\/ambiente-CLARIO-340x340.webp 340w, https:\/\/arteconfort.com\/wp-content\/uploads\/2025\/03\/ambiente-CLARIO-640x640.webp 640w, https:\/\/arteconfort.com\/wp-content\/uploads\/2025\/03\/ambiente-CLARIO-960x960.webp 960w, https:\/\/arteconfort.com\/wp-content\/uploads\/2025\/03\/ambiente-CLARIO-300x300.webp 300w, https:\/\/arteconfort.com\/wp-content\/uploads\/2025\/03\/ambiente-CLARIO-600x600.webp 600w, https:\/\/arteconfort.com\/wp-content\/uploads\/2025\/03\/ambiente-CLARIO-100x100.webp 100w\" sizes=\"auto, (max-width: 1024px) 100vw, 1024px\" \/><img loading=\"lazy\" decoding=\"async\" width=\"1024\" height=\"1024\" src=\"https:\/\/arteconfort.com\/wp-content\/uploads\/2025\/03\/32143926-05.webp\" class=\"attachment-shop_catalog size-shop_catalog\" alt=\"\" srcset=\"https:\/\/arteconfort.com\/wp-content\/uploads\/2025\/03\/32143926-05.webp 1024w, https:\/\/arteconfort.com\/wp-content\/uploads\/2025\/03\/32143926-05-768x768.webp 768w, https:\/\/arteconfort.com\/wp-content\/uploads\/2025\/03\/32143926-05-340x340.webp 340w, https:\/\/arteconfort.com\/wp-content\/uploads\/2025\/03\/32143926-05-640x640.webp 640w, https:\/\/arteconfort.com\/wp-content\/uploads\/2025\/03\/32143926-05-960x960.webp 960w, https:\/\/arteconfort.com\/wp-content\/uploads\/2025\/03\/32143926-05-300x300.webp 300w, https:\/\/arteconfort.com\/wp-content\/uploads\/2025\/03\/32143926-05-600x600.webp 600w, https:\/\/arteconfort.com\/wp-content\/uploads\/2025\/03\/32143926-05-100x100.webp 100w\" sizes=\"auto, (max-width: 1024px) 100vw, 1024px\" \/><img loading=\"lazy\" decoding=\"async\" width=\"1024\" height=\"1024\" src=\"https:\/\/arteconfort.com\/wp-content\/uploads\/2025\/01\/CLARIO-panel.webp\" class=\"attachment-shop_catalog size-shop_catalog\" alt=\"\" srcset=\"https:\/\/arteconfort.com\/wp-content\/uploads\/2025\/01\/CLARIO-panel.webp 1024w, https:\/\/arteconfort.com\/wp-content\/uploads\/2025\/01\/CLARIO-panel-768x768.webp 768w, https:\/\/arteconfort.com\/wp-content\/uploads\/2025\/01\/CLARIO-panel-340x340.webp 340w, https:\/\/arteconfort.com\/wp-content\/uploads\/2025\/01\/CLARIO-panel-640x640.webp 640w, https:\/\/arteconfort.com\/wp-content\/uploads\/2025\/01\/CLARIO-panel-960x960.webp 960w, https:\/\/arteconfort.com\/wp-content\/uploads\/2025\/01\/CLARIO-panel-133x133.webp 133w, https:\/\/arteconfort.com\/wp-content\/uploads\/2025\/01\/CLARIO-panel-300x300.webp 300w, https:\/\/arteconfort.com\/wp-content\/uploads\/2025\/01\/CLARIO-panel-600x600.webp 600w, https:\/\/arteconfort.com\/wp-content\/uploads\/2025\/01\/CLARIO-panel-100x100.webp 100w\" sizes=\"auto, (max-width: 1024px) 100vw, 1024px\" \/><img loading=\"lazy\" decoding=\"async\" width=\"1024\" height=\"1024\" src=\"https:\/\/arteconfort.com\/wp-content\/uploads\/2025\/01\/CLARIO-boton.webp\" class=\"attachment-shop_catalog size-shop_catalog\" alt=\"\" srcset=\"https:\/\/arteconfort.com\/wp-content\/uploads\/2025\/01\/CLARIO-boton.webp 1024w, https:\/\/arteconfort.com\/wp-content\/uploads\/2025\/01\/CLARIO-boton-768x768.webp 768w, https:\/\/arteconfort.com\/wp-content\/uploads\/2025\/01\/CLARIO-boton-340x340.webp 340w, https:\/\/arteconfort.com\/wp-content\/uploads\/2025\/01\/CLARIO-boton-640x640.webp 640w, https:\/\/arteconfort.com\/wp-content\/uploads\/2025\/01\/CLARIO-boton-960x960.webp 960w, https:\/\/arteconfort.com\/wp-content\/uploads\/2025\/01\/CLARIO-boton-133x133.webp 133w, https:\/\/arteconfort.com\/wp-content\/uploads\/2025\/01\/CLARIO-boton-300x300.webp 300w, https:\/\/arteconfort.com\/wp-content\/uploads\/2025\/01\/CLARIO-boton-600x600.webp 600w, https:\/\/arteconfort.com\/wp-content\/uploads\/2025\/01\/CLARIO-boton-100x100.webp 100w\" sizes=\"auto, (max-width: 1024px) 100vw, 1024px\" \/>\t<\/a>\n\t<div class=\"w-product-status\"><\/div>\t<span id=\"woocommerce_loop_add_to_cart_link_describedby_43592\" class=\"screen-reader-text\">\n\t\t\t<\/span>\n<\/div><figcaption><h2 class=\"woocommerce-loop-product__title\">CLARIO<\/h2><div class=\"woocommerce-product-details__short-description\">\n\t<p>O candeeiro de parede solar CLARIO proporciona uma ilumina\u00e7\u00e3o branca neutra intensa com quatro modos de funcionamento, dois<\/div>\n\n<\/figcaption><\/figure><\/li>\n<li class=\"product type-product post-11108 status-publish instock product_cat-solar-pt-pt product_cat-iluminacion-solar-de-suelo-pt-pt has-post-thumbnail shipping-taxable product-type-external w-item col-3\">\n\t<figure><div class=\"image-wrapper\">\t\t<a href=\"https:\/\/arteconfort.com\/pt-pt\/producto\/corvus\/\" class=\"w-fadeslider\">\n\t<img loading=\"lazy\" decoding=\"async\" width=\"1024\" height=\"1024\" src=\"https:\/\/arteconfort.com\/wp-content\/uploads\/2024\/06\/solar-CORVUS-115613.webp\" class=\"attachment-shop_catalog size-shop_catalog wp-post-image\" alt=\"Baliza solar CORVUS principal\" srcset=\"https:\/\/arteconfort.com\/wp-content\/uploads\/2024\/06\/solar-CORVUS-115613.webp 1024w, https:\/\/arteconfort.com\/wp-content\/uploads\/2024\/06\/solar-CORVUS-115613-768x768.webp 768w, https:\/\/arteconfort.com\/wp-content\/uploads\/2024\/06\/solar-CORVUS-115613-340x340.webp 340w, https:\/\/arteconfort.com\/wp-content\/uploads\/2024\/06\/solar-CORVUS-115613-640x640.webp 640w, https:\/\/arteconfort.com\/wp-content\/uploads\/2024\/06\/solar-CORVUS-115613-960x960.webp 960w, https:\/\/arteconfort.com\/wp-content\/uploads\/2024\/06\/solar-CORVUS-115613-300x300.webp 300w, https:\/\/arteconfort.com\/wp-content\/uploads\/2024\/06\/solar-CORVUS-115613-600x600.webp 600w, https:\/\/arteconfort.com\/wp-content\/uploads\/2024\/06\/solar-CORVUS-115613-100x100.webp 100w, https:\/\/arteconfort.com\/wp-content\/uploads\/2024\/06\/solar-CORVUS-115613-133x133.webp 133w\" sizes=\"auto, (max-width: 1024px) 100vw, 1024px\" \/>\t<img loading=\"lazy\" decoding=\"async\" width=\"1024\" height=\"1024\" src=\"https:\/\/arteconfort.com\/wp-content\/uploads\/2023\/10\/ambiente-CORVUS.webp\" class=\"attachment-shop_catalog size-shop_catalog\" alt=\"ambiente CORVUS\" srcset=\"https:\/\/arteconfort.com\/wp-content\/uploads\/2023\/10\/ambiente-CORVUS.webp 1024w, https:\/\/arteconfort.com\/wp-content\/uploads\/2023\/10\/ambiente-CORVUS-768x768.webp 768w, https:\/\/arteconfort.com\/wp-content\/uploads\/2023\/10\/ambiente-CORVUS-340x340.webp 340w, https:\/\/arteconfort.com\/wp-content\/uploads\/2023\/10\/ambiente-CORVUS-640x640.webp 640w, https:\/\/arteconfort.com\/wp-content\/uploads\/2023\/10\/ambiente-CORVUS-960x960.webp 960w, https:\/\/arteconfort.com\/wp-content\/uploads\/2023\/10\/ambiente-CORVUS-133x133.webp 133w, https:\/\/arteconfort.com\/wp-content\/uploads\/2023\/10\/ambiente-CORVUS-300x300.webp 300w, https:\/\/arteconfort.com\/wp-content\/uploads\/2023\/10\/ambiente-CORVUS-600x600.webp 600w, https:\/\/arteconfort.com\/wp-content\/uploads\/2023\/10\/ambiente-CORVUS-100x100.webp 100w\" sizes=\"auto, (max-width: 1024px) 100vw, 1024px\" \/><img loading=\"lazy\" decoding=\"async\" width=\"1024\" height=\"1024\" src=\"https:\/\/arteconfort.com\/wp-content\/uploads\/2023\/10\/CORVUS-DETALLE.webp\" class=\"attachment-shop_catalog size-shop_catalog\" alt=\"Baliza solar CORVUS detalle\" srcset=\"https:\/\/arteconfort.com\/wp-content\/uploads\/2023\/10\/CORVUS-DETALLE.webp 1024w, https:\/\/arteconfort.com\/wp-content\/uploads\/2023\/10\/CORVUS-DETALLE-768x768.webp 768w, https:\/\/arteconfort.com\/wp-content\/uploads\/2023\/10\/CORVUS-DETALLE-340x340.webp 340w, https:\/\/arteconfort.com\/wp-content\/uploads\/2023\/10\/CORVUS-DETALLE-640x640.webp 640w, https:\/\/arteconfort.com\/wp-content\/uploads\/2023\/10\/CORVUS-DETALLE-960x960.webp 960w, https:\/\/arteconfort.com\/wp-content\/uploads\/2023\/10\/CORVUS-DETALLE-133x133.webp 133w, https:\/\/arteconfort.com\/wp-content\/uploads\/2023\/10\/CORVUS-DETALLE-300x300.webp 300w, https:\/\/arteconfort.com\/wp-content\/uploads\/2023\/10\/CORVUS-DETALLE-600x600.webp 600w, https:\/\/arteconfort.com\/wp-content\/uploads\/2023\/10\/CORVUS-DETALLE-100x100.webp 100w\" sizes=\"auto, (max-width: 1024px) 100vw, 1024px\" \/><img loading=\"lazy\" decoding=\"async\" width=\"1024\" height=\"1024\" src=\"https:\/\/arteconfort.com\/wp-content\/uploads\/2024\/06\/solar-CORVUS-115613-grafico.webp\" class=\"attachment-shop_catalog size-shop_catalog\" alt=\"Baliza solar CORVUS grafico\" srcset=\"https:\/\/arteconfort.com\/wp-content\/uploads\/2024\/06\/solar-CORVUS-115613-grafico.webp 1024w, https:\/\/arteconfort.com\/wp-content\/uploads\/2024\/06\/solar-CORVUS-115613-grafico-768x768.webp 768w, https:\/\/arteconfort.com\/wp-content\/uploads\/2024\/06\/solar-CORVUS-115613-grafico-340x340.webp 340w, https:\/\/arteconfort.com\/wp-content\/uploads\/2024\/06\/solar-CORVUS-115613-grafico-640x640.webp 640w, https:\/\/arteconfort.com\/wp-content\/uploads\/2024\/06\/solar-CORVUS-115613-grafico-960x960.webp 960w, https:\/\/arteconfort.com\/wp-content\/uploads\/2024\/06\/solar-CORVUS-115613-grafico-133x133.webp 133w, https:\/\/arteconfort.com\/wp-content\/uploads\/2024\/06\/solar-CORVUS-115613-grafico-300x300.webp 300w, https:\/\/arteconfort.com\/wp-content\/uploads\/2024\/06\/solar-CORVUS-115613-grafico-600x600.webp 600w, https:\/\/arteconfort.com\/wp-content\/uploads\/2024\/06\/solar-CORVUS-115613-grafico-100x100.webp 100w\" sizes=\"auto, (max-width: 1024px) 100vw, 1024px\" \/>\t<\/a>\n\t<div class=\"w-product-status\"><\/div>\t<span id=\"woocommerce_loop_add_to_cart_link_describedby_11108\" class=\"screen-reader-text\">\n\t\t\t<\/span>\n<\/div><figcaption><h2 class=\"woocommerce-loop-product__title\">CORVUS<\/h2><div class=\"woocommerce-product-details__short-description\">\n\t<p>Ilumine o seu jardim com este farol solar LED, discreto e pr\u00e1tico, \u00e9 ideal para usar como ilumina\u00e7\u00e3o<\/div>\n\n<\/figcaption><\/figure><\/li>\n<li class=\"product type-product post-43752 status-publish last instock product_cat-solar-pt-pt product_cat-iluminacion-solar-de-suelo-pt-pt has-post-thumbnail shipping-taxable product-type-simple w-item col-3\">\n\t<figure><div class=\"image-wrapper\">\t\t<a href=\"https:\/\/arteconfort.com\/pt-pt\/producto\/cosmi\/\" class=\"w-fadeslider\">\n\t<img loading=\"lazy\" decoding=\"async\" width=\"1024\" height=\"1024\" src=\"https:\/\/arteconfort.com\/wp-content\/uploads\/2025\/01\/COSMI.webp\" class=\"attachment-shop_catalog size-shop_catalog wp-post-image\" alt=\"\" srcset=\"https:\/\/arteconfort.com\/wp-content\/uploads\/2025\/01\/COSMI.webp 1024w, https:\/\/arteconfort.com\/wp-content\/uploads\/2025\/01\/COSMI-768x768.webp 768w, https:\/\/arteconfort.com\/wp-content\/uploads\/2025\/01\/COSMI-340x340.webp 340w, https:\/\/arteconfort.com\/wp-content\/uploads\/2025\/01\/COSMI-640x640.webp 640w, https:\/\/arteconfort.com\/wp-content\/uploads\/2025\/01\/COSMI-960x960.webp 960w, https:\/\/arteconfort.com\/wp-content\/uploads\/2025\/01\/COSMI-300x300.webp 300w, https:\/\/arteconfort.com\/wp-content\/uploads\/2025\/01\/COSMI-600x600.webp 600w, https:\/\/arteconfort.com\/wp-content\/uploads\/2025\/01\/COSMI-100x100.webp 100w, https:\/\/arteconfort.com\/wp-content\/uploads\/2025\/01\/COSMI-133x133.webp 133w\" sizes=\"auto, (max-width: 1024px) 100vw, 1024px\" \/>\t<img loading=\"lazy\" decoding=\"async\" width=\"1024\" height=\"1024\" src=\"https:\/\/arteconfort.com\/wp-content\/uploads\/2025\/03\/ambiente-COSMI-calido.webp\" class=\"attachment-shop_catalog size-shop_catalog\" alt=\"\" srcset=\"https:\/\/arteconfort.com\/wp-content\/uploads\/2025\/03\/ambiente-COSMI-calido.webp 1024w, https:\/\/arteconfort.com\/wp-content\/uploads\/2025\/03\/ambiente-COSMI-calido-768x768.webp 768w, https:\/\/arteconfort.com\/wp-content\/uploads\/2025\/03\/ambiente-COSMI-calido-340x340.webp 340w, https:\/\/arteconfort.com\/wp-content\/uploads\/2025\/03\/ambiente-COSMI-calido-640x640.webp 640w, https:\/\/arteconfort.com\/wp-content\/uploads\/2025\/03\/ambiente-COSMI-calido-960x960.webp 960w, https:\/\/arteconfort.com\/wp-content\/uploads\/2025\/03\/ambiente-COSMI-calido-300x300.webp 300w, https:\/\/arteconfort.com\/wp-content\/uploads\/2025\/03\/ambiente-COSMI-calido-600x600.webp 600w, https:\/\/arteconfort.com\/wp-content\/uploads\/2025\/03\/ambiente-COSMI-calido-100x100.webp 100w\" sizes=\"auto, (max-width: 1024px) 100vw, 1024px\" \/><img loading=\"lazy\" decoding=\"async\" width=\"1024\" height=\"1024\" src=\"https:\/\/arteconfort.com\/wp-content\/uploads\/2025\/03\/ambiente-COSMI-frio.webp\" class=\"attachment-shop_catalog size-shop_catalog\" alt=\"\" srcset=\"https:\/\/arteconfort.com\/wp-content\/uploads\/2025\/03\/ambiente-COSMI-frio.webp 1024w, https:\/\/arteconfort.com\/wp-content\/uploads\/2025\/03\/ambiente-COSMI-frio-768x768.webp 768w, https:\/\/arteconfort.com\/wp-content\/uploads\/2025\/03\/ambiente-COSMI-frio-340x340.webp 340w, https:\/\/arteconfort.com\/wp-content\/uploads\/2025\/03\/ambiente-COSMI-frio-640x640.webp 640w, https:\/\/arteconfort.com\/wp-content\/uploads\/2025\/03\/ambiente-COSMI-frio-960x960.webp 960w, https:\/\/arteconfort.com\/wp-content\/uploads\/2025\/03\/ambiente-COSMI-frio-300x300.webp 300w, https:\/\/arteconfort.com\/wp-content\/uploads\/2025\/03\/ambiente-COSMI-frio-600x600.webp 600w, https:\/\/arteconfort.com\/wp-content\/uploads\/2025\/03\/ambiente-COSMI-frio-100x100.webp 100w\" sizes=\"auto, (max-width: 1024px) 100vw, 1024px\" \/><img loading=\"lazy\" decoding=\"async\" width=\"1024\" height=\"1024\" src=\"https:\/\/arteconfort.com\/wp-content\/uploads\/2025\/01\/COSMI-boton.webp\" class=\"attachment-shop_catalog size-shop_catalog\" alt=\"\" srcset=\"https:\/\/arteconfort.com\/wp-content\/uploads\/2025\/01\/COSMI-boton.webp 1024w, https:\/\/arteconfort.com\/wp-content\/uploads\/2025\/01\/COSMI-boton-768x768.webp 768w, https:\/\/arteconfort.com\/wp-content\/uploads\/2025\/01\/COSMI-boton-340x340.webp 340w, https:\/\/arteconfort.com\/wp-content\/uploads\/2025\/01\/COSMI-boton-640x640.webp 640w, https:\/\/arteconfort.com\/wp-content\/uploads\/2025\/01\/COSMI-boton-960x960.webp 960w, https:\/\/arteconfort.com\/wp-content\/uploads\/2025\/01\/COSMI-boton-133x133.webp 133w, https:\/\/arteconfort.com\/wp-content\/uploads\/2025\/01\/COSMI-boton-300x300.webp 300w, https:\/\/arteconfort.com\/wp-content\/uploads\/2025\/01\/COSMI-boton-600x600.webp 600w, https:\/\/arteconfort.com\/wp-content\/uploads\/2025\/01\/COSMI-boton-100x100.webp 100w\" sizes=\"auto, (max-width: 1024px) 100vw, 1024px\" \/><img loading=\"lazy\" decoding=\"async\" width=\"1024\" height=\"1024\" src=\"https:\/\/arteconfort.com\/wp-content\/uploads\/2025\/01\/COSMI-panel.webp\" class=\"attachment-shop_catalog size-shop_catalog\" alt=\"\" srcset=\"https:\/\/arteconfort.com\/wp-content\/uploads\/2025\/01\/COSMI-panel.webp 1024w, https:\/\/arteconfort.com\/wp-content\/uploads\/2025\/01\/COSMI-panel-768x768.webp 768w, https:\/\/arteconfort.com\/wp-content\/uploads\/2025\/01\/COSMI-panel-340x340.webp 340w, https:\/\/arteconfort.com\/wp-content\/uploads\/2025\/01\/COSMI-panel-640x640.webp 640w, https:\/\/arteconfort.com\/wp-content\/uploads\/2025\/01\/COSMI-panel-960x960.webp 960w, https:\/\/arteconfort.com\/wp-content\/uploads\/2025\/01\/COSMI-panel-133x133.webp 133w, https:\/\/arteconfort.com\/wp-content\/uploads\/2025\/01\/COSMI-panel-300x300.webp 300w, https:\/\/arteconfort.com\/wp-content\/uploads\/2025\/01\/COSMI-panel-600x600.webp 600w, https:\/\/arteconfort.com\/wp-content\/uploads\/2025\/01\/COSMI-panel-100x100.webp 100w\" sizes=\"auto, (max-width: 1024px) 100vw, 1024px\" \/><img loading=\"lazy\" decoding=\"async\" width=\"2000\" height=\"2000\" src=\"https:\/\/arteconfort.com\/wp-content\/uploads\/2025\/01\/32126486-06.webp\" class=\"attachment-shop_catalog size-shop_catalog\" alt=\"\" srcset=\"https:\/\/arteconfort.com\/wp-content\/uploads\/2025\/01\/32126486-06.webp 2000w, https:\/\/arteconfort.com\/wp-content\/uploads\/2025\/01\/32126486-06-768x768.webp 768w, https:\/\/arteconfort.com\/wp-content\/uploads\/2025\/01\/32126486-06-1536x1536.webp 1536w, https:\/\/arteconfort.com\/wp-content\/uploads\/2025\/01\/32126486-06-340x340.webp 340w, https:\/\/arteconfort.com\/wp-content\/uploads\/2025\/01\/32126486-06-640x640.webp 640w, https:\/\/arteconfort.com\/wp-content\/uploads\/2025\/01\/32126486-06-960x960.webp 960w, https:\/\/arteconfort.com\/wp-content\/uploads\/2025\/01\/32126486-06-1280x1280.webp 1280w, https:\/\/arteconfort.com\/wp-content\/uploads\/2025\/01\/32126486-06-133x133.webp 133w, https:\/\/arteconfort.com\/wp-content\/uploads\/2025\/01\/32126486-06-300x300.webp 300w, https:\/\/arteconfort.com\/wp-content\/uploads\/2025\/01\/32126486-06-600x600.webp 600w, https:\/\/arteconfort.com\/wp-content\/uploads\/2025\/01\/32126486-06-100x100.webp 100w\" sizes=\"auto, (max-width: 2000px) 100vw, 2000px\" \/>\t<\/a>\n\t<div class=\"w-product-status\"><\/div>\t<span id=\"woocommerce_loop_add_to_cart_link_describedby_43752\" class=\"screen-reader-text\">\n\t\t\t<\/span>\n<\/div><figcaption><h2 class=\"woocommerce-loop-product__title\">COSMI<\/h2><div class=\"woocommerce-product-details__short-description\">\n\t<p>A baliza solar COSMI proporciona uma ilumina\u00e7\u00e3o ambiente em tons quentes ou frios. \u00c9 muito f\u00e1cil de instalar<\/div>\n\n<\/figcaption><\/figure><\/li>\n<li class=\"product type-product post-25478 status-publish first instock product_cat-coleccion-antigua-pt product_cat-solar-pt-pt product_cat-iluminacion-solar-de-suelo-pt-pt has-post-thumbnail shipping-taxable product-type-simple w-item col-3\">\n\t<figure><div class=\"image-wrapper\">\t\t<a href=\"https:\/\/arteconfort.com\/pt-pt\/producto\/dalia\/\" class=\"w-fadeslider\">\n\t<img loading=\"lazy\" decoding=\"async\" width=\"1024\" height=\"1024\" src=\"https:\/\/arteconfort.com\/wp-content\/uploads\/2023\/10\/DALIA.webp\" class=\"attachment-shop_catalog size-shop_catalog wp-post-image\" alt=\"Tira LED solar DALIA\" srcset=\"https:\/\/arteconfort.com\/wp-content\/uploads\/2023\/10\/DALIA.webp 1024w, https:\/\/arteconfort.com\/wp-content\/uploads\/2023\/10\/DALIA-768x768.webp 768w, https:\/\/arteconfort.com\/wp-content\/uploads\/2023\/10\/DALIA-340x340.webp 340w, https:\/\/arteconfort.com\/wp-content\/uploads\/2023\/10\/DALIA-640x640.webp 640w, https:\/\/arteconfort.com\/wp-content\/uploads\/2023\/10\/DALIA-960x960.webp 960w, https:\/\/arteconfort.com\/wp-content\/uploads\/2023\/10\/DALIA-300x300.webp 300w, https:\/\/arteconfort.com\/wp-content\/uploads\/2023\/10\/DALIA-600x600.webp 600w, https:\/\/arteconfort.com\/wp-content\/uploads\/2023\/10\/DALIA-100x100.webp 100w, https:\/\/arteconfort.com\/wp-content\/uploads\/2023\/10\/DALIA-133x133.webp 133w\" sizes=\"auto, (max-width: 1024px) 100vw, 1024px\" \/>\t<img loading=\"lazy\" decoding=\"async\" width=\"1024\" height=\"1024\" src=\"https:\/\/arteconfort.com\/wp-content\/uploads\/2023\/10\/DALIA-ambiente.webp\" class=\"attachment-shop_catalog size-shop_catalog\" alt=\"Tira LED solar DALIA ambiente\" srcset=\"https:\/\/arteconfort.com\/wp-content\/uploads\/2023\/10\/DALIA-ambiente.webp 1024w, https:\/\/arteconfort.com\/wp-content\/uploads\/2023\/10\/DALIA-ambiente-768x768.webp 768w, https:\/\/arteconfort.com\/wp-content\/uploads\/2023\/10\/DALIA-ambiente-340x340.webp 340w, https:\/\/arteconfort.com\/wp-content\/uploads\/2023\/10\/DALIA-ambiente-640x640.webp 640w, https:\/\/arteconfort.com\/wp-content\/uploads\/2023\/10\/DALIA-ambiente-960x960.webp 960w, https:\/\/arteconfort.com\/wp-content\/uploads\/2023\/10\/DALIA-ambiente-133x133.webp 133w, https:\/\/arteconfort.com\/wp-content\/uploads\/2023\/10\/DALIA-ambiente-300x300.webp 300w, https:\/\/arteconfort.com\/wp-content\/uploads\/2023\/10\/DALIA-ambiente-600x600.webp 600w, https:\/\/arteconfort.com\/wp-content\/uploads\/2023\/10\/DALIA-ambiente-100x100.webp 100w\" sizes=\"auto, (max-width: 1024px) 100vw, 1024px\" \/><img loading=\"lazy\" decoding=\"async\" width=\"1024\" height=\"1024\" src=\"https:\/\/arteconfort.com\/wp-content\/uploads\/2023\/10\/DALIA-3.webp\" class=\"attachment-shop_catalog size-shop_catalog\" alt=\"Tira LED solar DALIA\" srcset=\"https:\/\/arteconfort.com\/wp-content\/uploads\/2023\/10\/DALIA-3.webp 1024w, https:\/\/arteconfort.com\/wp-content\/uploads\/2023\/10\/DALIA-3-768x768.webp 768w, https:\/\/arteconfort.com\/wp-content\/uploads\/2023\/10\/DALIA-3-340x340.webp 340w, https:\/\/arteconfort.com\/wp-content\/uploads\/2023\/10\/DALIA-3-640x640.webp 640w, https:\/\/arteconfort.com\/wp-content\/uploads\/2023\/10\/DALIA-3-960x960.webp 960w, https:\/\/arteconfort.com\/wp-content\/uploads\/2023\/10\/DALIA-3-133x133.webp 133w, https:\/\/arteconfort.com\/wp-content\/uploads\/2023\/10\/DALIA-3-300x300.webp 300w, https:\/\/arteconfort.com\/wp-content\/uploads\/2023\/10\/DALIA-3-600x600.webp 600w, https:\/\/arteconfort.com\/wp-content\/uploads\/2023\/10\/DALIA-3-100x100.webp 100w\" sizes=\"auto, (max-width: 1024px) 100vw, 1024px\" \/><img loading=\"lazy\" decoding=\"async\" width=\"1024\" height=\"1024\" src=\"https:\/\/arteconfort.com\/wp-content\/uploads\/2023\/10\/DALIA-2.webp\" class=\"attachment-shop_catalog size-shop_catalog\" alt=\"Tira LED solar DALIA\" srcset=\"https:\/\/arteconfort.com\/wp-content\/uploads\/2023\/10\/DALIA-2.webp 1024w, https:\/\/arteconfort.com\/wp-content\/uploads\/2023\/10\/DALIA-2-768x768.webp 768w, https:\/\/arteconfort.com\/wp-content\/uploads\/2023\/10\/DALIA-2-340x340.webp 340w, https:\/\/arteconfort.com\/wp-content\/uploads\/2023\/10\/DALIA-2-640x640.webp 640w, https:\/\/arteconfort.com\/wp-content\/uploads\/2023\/10\/DALIA-2-960x960.webp 960w, https:\/\/arteconfort.com\/wp-content\/uploads\/2023\/10\/DALIA-2-133x133.webp 133w, https:\/\/arteconfort.com\/wp-content\/uploads\/2023\/10\/DALIA-2-300x300.webp 300w, https:\/\/arteconfort.com\/wp-content\/uploads\/2023\/10\/DALIA-2-600x600.webp 600w, https:\/\/arteconfort.com\/wp-content\/uploads\/2023\/10\/DALIA-2-100x100.webp 100w\" sizes=\"auto, (max-width: 1024px) 100vw, 1024px\" \/><img loading=\"lazy\" decoding=\"async\" width=\"1024\" height=\"1024\" src=\"https:\/\/arteconfort.com\/wp-content\/uploads\/2023\/10\/DALIA-detalle-2.webp\" class=\"attachment-shop_catalog size-shop_catalog\" alt=\"Tira LED solar DALIA detalle\" srcset=\"https:\/\/arteconfort.com\/wp-content\/uploads\/2023\/10\/DALIA-detalle-2.webp 1024w, https:\/\/arteconfort.com\/wp-content\/uploads\/2023\/10\/DALIA-detalle-2-768x768.webp 768w, https:\/\/arteconfort.com\/wp-content\/uploads\/2023\/10\/DALIA-detalle-2-340x340.webp 340w, https:\/\/arteconfort.com\/wp-content\/uploads\/2023\/10\/DALIA-detalle-2-640x640.webp 640w, https:\/\/arteconfort.com\/wp-content\/uploads\/2023\/10\/DALIA-detalle-2-960x960.webp 960w, https:\/\/arteconfort.com\/wp-content\/uploads\/2023\/10\/DALIA-detalle-2-133x133.webp 133w, https:\/\/arteconfort.com\/wp-content\/uploads\/2023\/10\/DALIA-detalle-2-300x300.webp 300w, https:\/\/arteconfort.com\/wp-content\/uploads\/2023\/10\/DALIA-detalle-2-600x600.webp 600w, https:\/\/arteconfort.com\/wp-content\/uploads\/2023\/10\/DALIA-detalle-2-100x100.webp 100w\" sizes=\"auto, (max-width: 1024px) 100vw, 1024px\" \/><img loading=\"lazy\" decoding=\"async\" width=\"1024\" height=\"1024\" src=\"https:\/\/arteconfort.com\/wp-content\/uploads\/2023\/10\/DALIA-detalle.webp\" class=\"attachment-shop_catalog size-shop_catalog\" alt=\"Tira LED solar DALIA detalle\" srcset=\"https:\/\/arteconfort.com\/wp-content\/uploads\/2023\/10\/DALIA-detalle.webp 1024w, https:\/\/arteconfort.com\/wp-content\/uploads\/2023\/10\/DALIA-detalle-768x768.webp 768w, https:\/\/arteconfort.com\/wp-content\/uploads\/2023\/10\/DALIA-detalle-340x340.webp 340w, https:\/\/arteconfort.com\/wp-content\/uploads\/2023\/10\/DALIA-detalle-640x640.webp 640w, https:\/\/arteconfort.com\/wp-content\/uploads\/2023\/10\/DALIA-detalle-960x960.webp 960w, https:\/\/arteconfort.com\/wp-content\/uploads\/2023\/10\/DALIA-detalle-133x133.webp 133w, https:\/\/arteconfort.com\/wp-content\/uploads\/2023\/10\/DALIA-detalle-300x300.webp 300w, https:\/\/arteconfort.com\/wp-content\/uploads\/2023\/10\/DALIA-detalle-600x600.webp 600w, https:\/\/arteconfort.com\/wp-content\/uploads\/2023\/10\/DALIA-detalle-100x100.webp 100w\" sizes=\"auto, (max-width: 1024px) 100vw, 1024px\" \/><img loading=\"lazy\" decoding=\"async\" width=\"1024\" height=\"1024\" src=\"https:\/\/arteconfort.com\/wp-content\/uploads\/2023\/10\/DALIA-grafico.webp\" class=\"attachment-shop_catalog size-shop_catalog\" alt=\"Tira LED solar DALIA dimensiones\" srcset=\"https:\/\/arteconfort.com\/wp-content\/uploads\/2023\/10\/DALIA-grafico.webp 1024w, https:\/\/arteconfort.com\/wp-content\/uploads\/2023\/10\/DALIA-grafico-768x768.webp 768w, https:\/\/arteconfort.com\/wp-content\/uploads\/2023\/10\/DALIA-grafico-340x340.webp 340w, https:\/\/arteconfort.com\/wp-content\/uploads\/2023\/10\/DALIA-grafico-640x640.webp 640w, https:\/\/arteconfort.com\/wp-content\/uploads\/2023\/10\/DALIA-grafico-960x960.webp 960w, https:\/\/arteconfort.com\/wp-content\/uploads\/2023\/10\/DALIA-grafico-133x133.webp 133w, https:\/\/arteconfort.com\/wp-content\/uploads\/2023\/10\/DALIA-grafico-300x300.webp 300w, https:\/\/arteconfort.com\/wp-content\/uploads\/2023\/10\/DALIA-grafico-600x600.webp 600w, https:\/\/arteconfort.com\/wp-content\/uploads\/2023\/10\/DALIA-grafico-100x100.webp 100w\" sizes=\"auto, (max-width: 1024px) 100vw, 1024px\" \/>\t<\/a>\n\t<div class=\"w-product-status\"><\/div>\t<span id=\"woocommerce_loop_add_to_cart_link_describedby_25478\" class=\"screen-reader-text\">\n\t\t\t<\/span>\n<\/div><div class=\"berocket_better_labels berocket_better_labels_image\"><div class=\"berocket_better_labels_position berocket_better_labels_position_right\"><div class=\"berocket_better_labels_line berocket_better_labels_line_1\"><div class=\"berocket_better_labels_inline berocket_better_labels_inline_1\"><div class=\"br_alabel br_alabel_type_text br_alabel_template_type_css berocket_alabel_id_22613  br_alabel_better_compatibility\" style=\"\"><span  style=\"\"><i style=\"background-color: #000000; border-color: #000000;\" class=\"template-span-before \"><\/i><i style=\"background-color: #000000; border-color: #000000;\" class=\"template-i \"><\/i><i style=\"background-color: #000000; border-color: #000000;\" class=\"template-i-before \"><\/i><i style=\"background-color: #000000; border-color: #000000;\" class=\"template-i-after \"><\/i><b style=\"position: relative;z-index: 100;text-align: center;color: inherit;\">Antiga colec\u00e7\u00e3o<\/b><\/span><\/div><\/div><\/div><\/div><\/div><figcaption><h2 class=\"woocommerce-loop-product__title\">DALIA<\/h2><div class=\"woocommerce-product-details__short-description\">\n\t<p>A faixa DALIA LED caracteriza-se por um design discreto e moderno, bem como por uma luz indirecta e<\/div>\n\n<\/figcaption><\/figure><\/li>\n<li class=\"product type-product post-16898 status-publish instock product_cat-coleccion-antigua-pt product_cat-iluminacion-solar-de-pared-pt-pt product_cat-solar-pt-pt has-post-thumbnail shipping-taxable product-type-simple w-item col-3\">\n\t<figure><div class=\"image-wrapper\">\t\t<a href=\"https:\/\/arteconfort.com\/pt-pt\/producto\/delta\/\" class=\"w-fadeslider\">\n\t<img loading=\"lazy\" decoding=\"async\" width=\"1024\" height=\"1024\" src=\"https:\/\/arteconfort.com\/wp-content\/uploads\/2023\/10\/DELTA.webp\" class=\"attachment-shop_catalog size-shop_catalog wp-post-image\" alt=\"Aplique de pared solar DELTA\" srcset=\"https:\/\/arteconfort.com\/wp-content\/uploads\/2023\/10\/DELTA.webp 1024w, https:\/\/arteconfort.com\/wp-content\/uploads\/2023\/10\/DELTA-768x768.webp 768w, https:\/\/arteconfort.com\/wp-content\/uploads\/2023\/10\/DELTA-340x340.webp 340w, https:\/\/arteconfort.com\/wp-content\/uploads\/2023\/10\/DELTA-640x640.webp 640w, https:\/\/arteconfort.com\/wp-content\/uploads\/2023\/10\/DELTA-960x960.webp 960w, https:\/\/arteconfort.com\/wp-content\/uploads\/2023\/10\/DELTA-300x300.webp 300w, https:\/\/arteconfort.com\/wp-content\/uploads\/2023\/10\/DELTA-600x600.webp 600w, https:\/\/arteconfort.com\/wp-content\/uploads\/2023\/10\/DELTA-100x100.webp 100w, https:\/\/arteconfort.com\/wp-content\/uploads\/2023\/10\/DELTA-133x133.webp 133w\" sizes=\"auto, (max-width: 1024px) 100vw, 1024px\" \/>\t<img loading=\"lazy\" decoding=\"async\" width=\"1024\" height=\"1024\" src=\"https:\/\/arteconfort.com\/wp-content\/uploads\/2023\/10\/DELTA-ambiente.webp\" class=\"attachment-shop_catalog size-shop_catalog\" alt=\"Aplique solar DELTA en exterior de noche\" srcset=\"https:\/\/arteconfort.com\/wp-content\/uploads\/2023\/10\/DELTA-ambiente.webp 1024w, https:\/\/arteconfort.com\/wp-content\/uploads\/2023\/10\/DELTA-ambiente-768x768.webp 768w, https:\/\/arteconfort.com\/wp-content\/uploads\/2023\/10\/DELTA-ambiente-340x340.webp 340w, https:\/\/arteconfort.com\/wp-content\/uploads\/2023\/10\/DELTA-ambiente-640x640.webp 640w, https:\/\/arteconfort.com\/wp-content\/uploads\/2023\/10\/DELTA-ambiente-960x960.webp 960w, https:\/\/arteconfort.com\/wp-content\/uploads\/2023\/10\/DELTA-ambiente-133x133.webp 133w, https:\/\/arteconfort.com\/wp-content\/uploads\/2023\/10\/DELTA-ambiente-300x300.webp 300w, https:\/\/arteconfort.com\/wp-content\/uploads\/2023\/10\/DELTA-ambiente-600x600.webp 600w, https:\/\/arteconfort.com\/wp-content\/uploads\/2023\/10\/DELTA-ambiente-100x100.webp 100w\" sizes=\"auto, (max-width: 1024px) 100vw, 1024px\" \/><img loading=\"lazy\" decoding=\"async\" width=\"1024\" height=\"1024\" src=\"https:\/\/arteconfort.com\/wp-content\/uploads\/2023\/10\/DELTA-ambiente-2.webp\" class=\"attachment-shop_catalog size-shop_catalog\" alt=\"Aplique solar DELTA en exterior de d\u00eda\" srcset=\"https:\/\/arteconfort.com\/wp-content\/uploads\/2023\/10\/DELTA-ambiente-2.webp 1024w, https:\/\/arteconfort.com\/wp-content\/uploads\/2023\/10\/DELTA-ambiente-2-768x768.webp 768w, https:\/\/arteconfort.com\/wp-content\/uploads\/2023\/10\/DELTA-ambiente-2-340x340.webp 340w, https:\/\/arteconfort.com\/wp-content\/uploads\/2023\/10\/DELTA-ambiente-2-640x640.webp 640w, https:\/\/arteconfort.com\/wp-content\/uploads\/2023\/10\/DELTA-ambiente-2-960x960.webp 960w, https:\/\/arteconfort.com\/wp-content\/uploads\/2023\/10\/DELTA-ambiente-2-133x133.webp 133w, https:\/\/arteconfort.com\/wp-content\/uploads\/2023\/10\/DELTA-ambiente-2-300x300.webp 300w, https:\/\/arteconfort.com\/wp-content\/uploads\/2023\/10\/DELTA-ambiente-2-600x600.webp 600w, https:\/\/arteconfort.com\/wp-content\/uploads\/2023\/10\/DELTA-ambiente-2-100x100.webp 100w\" sizes=\"auto, (max-width: 1024px) 100vw, 1024px\" \/><img loading=\"lazy\" decoding=\"async\" width=\"1024\" height=\"1024\" src=\"https:\/\/arteconfort.com\/wp-content\/uploads\/2023\/10\/DELTA-ambiente-4.webp\" class=\"attachment-shop_catalog size-shop_catalog\" alt=\"Aplique solar DELTA en exterior por arriba\" srcset=\"https:\/\/arteconfort.com\/wp-content\/uploads\/2023\/10\/DELTA-ambiente-4.webp 1024w, https:\/\/arteconfort.com\/wp-content\/uploads\/2023\/10\/DELTA-ambiente-4-768x768.webp 768w, https:\/\/arteconfort.com\/wp-content\/uploads\/2023\/10\/DELTA-ambiente-4-340x340.webp 340w, https:\/\/arteconfort.com\/wp-content\/uploads\/2023\/10\/DELTA-ambiente-4-640x640.webp 640w, https:\/\/arteconfort.com\/wp-content\/uploads\/2023\/10\/DELTA-ambiente-4-960x960.webp 960w, https:\/\/arteconfort.com\/wp-content\/uploads\/2023\/10\/DELTA-ambiente-4-133x133.webp 133w, https:\/\/arteconfort.com\/wp-content\/uploads\/2023\/10\/DELTA-ambiente-4-300x300.webp 300w, https:\/\/arteconfort.com\/wp-content\/uploads\/2023\/10\/DELTA-ambiente-4-600x600.webp 600w, https:\/\/arteconfort.com\/wp-content\/uploads\/2023\/10\/DELTA-ambiente-4-100x100.webp 100w\" sizes=\"auto, (max-width: 1024px) 100vw, 1024px\" \/><img loading=\"lazy\" decoding=\"async\" width=\"1024\" height=\"1024\" src=\"https:\/\/arteconfort.com\/wp-content\/uploads\/2023\/10\/DELTA-2.webp\" class=\"attachment-shop_catalog size-shop_catalog\" alt=\"Aplique de pared solar DELTA desde abajo\" srcset=\"https:\/\/arteconfort.com\/wp-content\/uploads\/2023\/10\/DELTA-2.webp 1024w, https:\/\/arteconfort.com\/wp-content\/uploads\/2023\/10\/DELTA-2-768x768.webp 768w, https:\/\/arteconfort.com\/wp-content\/uploads\/2023\/10\/DELTA-2-340x340.webp 340w, https:\/\/arteconfort.com\/wp-content\/uploads\/2023\/10\/DELTA-2-640x640.webp 640w, https:\/\/arteconfort.com\/wp-content\/uploads\/2023\/10\/DELTA-2-960x960.webp 960w, https:\/\/arteconfort.com\/wp-content\/uploads\/2023\/10\/DELTA-2-133x133.webp 133w, https:\/\/arteconfort.com\/wp-content\/uploads\/2023\/10\/DELTA-2-300x300.webp 300w, https:\/\/arteconfort.com\/wp-content\/uploads\/2023\/10\/DELTA-2-600x600.webp 600w, https:\/\/arteconfort.com\/wp-content\/uploads\/2023\/10\/DELTA-2-100x100.webp 100w\" sizes=\"auto, (max-width: 1024px) 100vw, 1024px\" \/><img loading=\"lazy\" decoding=\"async\" width=\"1024\" height=\"1024\" src=\"https:\/\/arteconfort.com\/wp-content\/uploads\/2023\/10\/DELTA-3.webp\" class=\"attachment-shop_catalog size-shop_catalog\" alt=\"Aplique de pared solar DELTA perfil\" srcset=\"https:\/\/arteconfort.com\/wp-content\/uploads\/2023\/10\/DELTA-3.webp 1024w, https:\/\/arteconfort.com\/wp-content\/uploads\/2023\/10\/DELTA-3-768x768.webp 768w, https:\/\/arteconfort.com\/wp-content\/uploads\/2023\/10\/DELTA-3-340x340.webp 340w, https:\/\/arteconfort.com\/wp-content\/uploads\/2023\/10\/DELTA-3-640x640.webp 640w, https:\/\/arteconfort.com\/wp-content\/uploads\/2023\/10\/DELTA-3-960x960.webp 960w, https:\/\/arteconfort.com\/wp-content\/uploads\/2023\/10\/DELTA-3-133x133.webp 133w, https:\/\/arteconfort.com\/wp-content\/uploads\/2023\/10\/DELTA-3-300x300.webp 300w, https:\/\/arteconfort.com\/wp-content\/uploads\/2023\/10\/DELTA-3-600x600.webp 600w, https:\/\/arteconfort.com\/wp-content\/uploads\/2023\/10\/DELTA-3-100x100.webp 100w\" sizes=\"auto, (max-width: 1024px) 100vw, 1024px\" \/><img loading=\"lazy\" decoding=\"async\" width=\"1024\" height=\"1024\" src=\"https:\/\/arteconfort.com\/wp-content\/uploads\/2023\/10\/DELTA-4.webp\" class=\"attachment-shop_catalog size-shop_catalog\" alt=\"Aplique de pared solar DELTA perfil izquierdo\" srcset=\"https:\/\/arteconfort.com\/wp-content\/uploads\/2023\/10\/DELTA-4.webp 1024w, https:\/\/arteconfort.com\/wp-content\/uploads\/2023\/10\/DELTA-4-768x768.webp 768w, https:\/\/arteconfort.com\/wp-content\/uploads\/2023\/10\/DELTA-4-340x340.webp 340w, https:\/\/arteconfort.com\/wp-content\/uploads\/2023\/10\/DELTA-4-640x640.webp 640w, https:\/\/arteconfort.com\/wp-content\/uploads\/2023\/10\/DELTA-4-960x960.webp 960w, https:\/\/arteconfort.com\/wp-content\/uploads\/2023\/10\/DELTA-4-133x133.webp 133w, https:\/\/arteconfort.com\/wp-content\/uploads\/2023\/10\/DELTA-4-300x300.webp 300w, https:\/\/arteconfort.com\/wp-content\/uploads\/2023\/10\/DELTA-4-600x600.webp 600w, https:\/\/arteconfort.com\/wp-content\/uploads\/2023\/10\/DELTA-4-100x100.webp 100w\" sizes=\"auto, (max-width: 1024px) 100vw, 1024px\" \/><img loading=\"lazy\" decoding=\"async\" width=\"1024\" height=\"1024\" src=\"https:\/\/arteconfort.com\/wp-content\/uploads\/2023\/10\/DELTA-5.webp\" class=\"attachment-shop_catalog size-shop_catalog\" alt=\"Aplique de pared solar DELTA desde arriba\" srcset=\"https:\/\/arteconfort.com\/wp-content\/uploads\/2023\/10\/DELTA-5.webp 1024w, https:\/\/arteconfort.com\/wp-content\/uploads\/2023\/10\/DELTA-5-768x768.webp 768w, https:\/\/arteconfort.com\/wp-content\/uploads\/2023\/10\/DELTA-5-340x340.webp 340w, https:\/\/arteconfort.com\/wp-content\/uploads\/2023\/10\/DELTA-5-640x640.webp 640w, https:\/\/arteconfort.com\/wp-content\/uploads\/2023\/10\/DELTA-5-960x960.webp 960w, https:\/\/arteconfort.com\/wp-content\/uploads\/2023\/10\/DELTA-5-133x133.webp 133w, https:\/\/arteconfort.com\/wp-content\/uploads\/2023\/10\/DELTA-5-300x300.webp 300w, https:\/\/arteconfort.com\/wp-content\/uploads\/2023\/10\/DELTA-5-600x600.webp 600w, https:\/\/arteconfort.com\/wp-content\/uploads\/2023\/10\/DELTA-5-100x100.webp 100w\" sizes=\"auto, (max-width: 1024px) 100vw, 1024px\" \/>\t<\/a>\n\t<div class=\"w-product-status\"><\/div>\t<span id=\"woocommerce_loop_add_to_cart_link_describedby_16898\" class=\"screen-reader-text\">\n\t\t\t<\/span>\n<\/div><div class=\"berocket_better_labels berocket_better_labels_image\"><div class=\"berocket_better_labels_position berocket_better_labels_position_right\"><div class=\"berocket_better_labels_line berocket_better_labels_line_1\"><div class=\"berocket_better_labels_inline berocket_better_labels_inline_1\"><div class=\"br_alabel br_alabel_type_text br_alabel_template_type_css berocket_alabel_id_22613  br_alabel_better_compatibility\" style=\"\"><span  style=\"\"><i style=\"background-color: #000000; border-color: #000000;\" class=\"template-span-before \"><\/i><i style=\"background-color: #000000; border-color: #000000;\" class=\"template-i \"><\/i><i style=\"background-color: #000000; border-color: #000000;\" class=\"template-i-before \"><\/i><i style=\"background-color: #000000; border-color: #000000;\" class=\"template-i-after \"><\/i><b style=\"position: relative;z-index: 100;text-align: center;color: inherit;\">Antiga colec\u00e7\u00e3o<\/b><\/span><\/div><\/div><\/div><\/div><\/div><figcaption><h2 class=\"woocommerce-loop-product__title\">DELTA<\/h2><div class=\"woocommerce-product-details__short-description\">\n\t<p>A luz da parede solar DELTA caracteriza-se por um design discreto e elegante, tornando-a o complemento ideal para<\/div>\n\n<\/figcaption><\/figure><\/li>\n<li class=\"product type-product post-22382 status-publish instock product_cat-coleccion-antigua-pt product_cat-iluminacion-solar-de-pared-pt-pt product_cat-solar-pt-pt has-post-thumbnail shipping-taxable product-type-simple w-item col-3\">\n\t<figure><div class=\"image-wrapper\">\t\t<a href=\"https:\/\/arteconfort.com\/pt-pt\/producto\/delta-smart-xl\/\" class=\"w-fadeslider\">\n\t<img loading=\"lazy\" decoding=\"async\" width=\"1024\" height=\"1024\" src=\"https:\/\/arteconfort.com\/wp-content\/uploads\/2023\/10\/DELTA-SMART-XL.webp\" class=\"attachment-shop_catalog size-shop_catalog wp-post-image\" alt=\"Aplique de pared solar DELTA SMART XL\" srcset=\"https:\/\/arteconfort.com\/wp-content\/uploads\/2023\/10\/DELTA-SMART-XL.webp 1024w, https:\/\/arteconfort.com\/wp-content\/uploads\/2023\/10\/DELTA-SMART-XL-768x768.webp 768w, https:\/\/arteconfort.com\/wp-content\/uploads\/2023\/10\/DELTA-SMART-XL-340x340.webp 340w, https:\/\/arteconfort.com\/wp-content\/uploads\/2023\/10\/DELTA-SMART-XL-640x640.webp 640w, https:\/\/arteconfort.com\/wp-content\/uploads\/2023\/10\/DELTA-SMART-XL-960x960.webp 960w, https:\/\/arteconfort.com\/wp-content\/uploads\/2023\/10\/DELTA-SMART-XL-300x300.webp 300w, https:\/\/arteconfort.com\/wp-content\/uploads\/2023\/10\/DELTA-SMART-XL-600x600.webp 600w, https:\/\/arteconfort.com\/wp-content\/uploads\/2023\/10\/DELTA-SMART-XL-100x100.webp 100w, https:\/\/arteconfort.com\/wp-content\/uploads\/2023\/10\/DELTA-SMART-XL-133x133.webp 133w\" sizes=\"auto, (max-width: 1024px) 100vw, 1024px\" \/>\t<img loading=\"lazy\" decoding=\"async\" width=\"1024\" height=\"1024\" src=\"https:\/\/arteconfort.com\/wp-content\/uploads\/2023\/10\/DELTA-SMART-XL-ambiente-3.webp\" class=\"attachment-shop_catalog size-shop_catalog\" alt=\"DELTA SMART XL ambiente\" srcset=\"https:\/\/arteconfort.com\/wp-content\/uploads\/2023\/10\/DELTA-SMART-XL-ambiente-3.webp 1024w, https:\/\/arteconfort.com\/wp-content\/uploads\/2023\/10\/DELTA-SMART-XL-ambiente-3-768x768.webp 768w, https:\/\/arteconfort.com\/wp-content\/uploads\/2023\/10\/DELTA-SMART-XL-ambiente-3-340x340.webp 340w, https:\/\/arteconfort.com\/wp-content\/uploads\/2023\/10\/DELTA-SMART-XL-ambiente-3-640x640.webp 640w, https:\/\/arteconfort.com\/wp-content\/uploads\/2023\/10\/DELTA-SMART-XL-ambiente-3-960x960.webp 960w, https:\/\/arteconfort.com\/wp-content\/uploads\/2023\/10\/DELTA-SMART-XL-ambiente-3-133x133.webp 133w, https:\/\/arteconfort.com\/wp-content\/uploads\/2023\/10\/DELTA-SMART-XL-ambiente-3-300x300.webp 300w, https:\/\/arteconfort.com\/wp-content\/uploads\/2023\/10\/DELTA-SMART-XL-ambiente-3-600x600.webp 600w, https:\/\/arteconfort.com\/wp-content\/uploads\/2023\/10\/DELTA-SMART-XL-ambiente-3-100x100.webp 100w\" sizes=\"auto, (max-width: 1024px) 100vw, 1024px\" \/><img loading=\"lazy\" decoding=\"async\" width=\"1024\" height=\"1024\" src=\"https:\/\/arteconfort.com\/wp-content\/uploads\/2023\/10\/DELTA-SMART-XL-2.webp\" class=\"attachment-shop_catalog size-shop_catalog\" alt=\"Aplique de pared solar DELTA SMART XL desde abajo\" srcset=\"https:\/\/arteconfort.com\/wp-content\/uploads\/2023\/10\/DELTA-SMART-XL-2.webp 1024w, https:\/\/arteconfort.com\/wp-content\/uploads\/2023\/10\/DELTA-SMART-XL-2-768x768.webp 768w, https:\/\/arteconfort.com\/wp-content\/uploads\/2023\/10\/DELTA-SMART-XL-2-340x340.webp 340w, https:\/\/arteconfort.com\/wp-content\/uploads\/2023\/10\/DELTA-SMART-XL-2-640x640.webp 640w, https:\/\/arteconfort.com\/wp-content\/uploads\/2023\/10\/DELTA-SMART-XL-2-960x960.webp 960w, https:\/\/arteconfort.com\/wp-content\/uploads\/2023\/10\/DELTA-SMART-XL-2-133x133.webp 133w, https:\/\/arteconfort.com\/wp-content\/uploads\/2023\/10\/DELTA-SMART-XL-2-300x300.webp 300w, https:\/\/arteconfort.com\/wp-content\/uploads\/2023\/10\/DELTA-SMART-XL-2-600x600.webp 600w, https:\/\/arteconfort.com\/wp-content\/uploads\/2023\/10\/DELTA-SMART-XL-2-100x100.webp 100w\" sizes=\"auto, (max-width: 1024px) 100vw, 1024px\" \/><img loading=\"lazy\" decoding=\"async\" width=\"1024\" height=\"1024\" src=\"https:\/\/arteconfort.com\/wp-content\/uploads\/2023\/10\/DELTA-SMART-XL-5.webp\" class=\"attachment-shop_catalog size-shop_catalog\" alt=\"Aplique de pared solar DELTA SMART XL desde abajo\" srcset=\"https:\/\/arteconfort.com\/wp-content\/uploads\/2023\/10\/DELTA-SMART-XL-5.webp 1024w, https:\/\/arteconfort.com\/wp-content\/uploads\/2023\/10\/DELTA-SMART-XL-5-768x768.webp 768w, https:\/\/arteconfort.com\/wp-content\/uploads\/2023\/10\/DELTA-SMART-XL-5-340x340.webp 340w, https:\/\/arteconfort.com\/wp-content\/uploads\/2023\/10\/DELTA-SMART-XL-5-640x640.webp 640w, https:\/\/arteconfort.com\/wp-content\/uploads\/2023\/10\/DELTA-SMART-XL-5-960x960.webp 960w, https:\/\/arteconfort.com\/wp-content\/uploads\/2023\/10\/DELTA-SMART-XL-5-133x133.webp 133w, https:\/\/arteconfort.com\/wp-content\/uploads\/2023\/10\/DELTA-SMART-XL-5-300x300.webp 300w, https:\/\/arteconfort.com\/wp-content\/uploads\/2023\/10\/DELTA-SMART-XL-5-600x600.webp 600w, https:\/\/arteconfort.com\/wp-content\/uploads\/2023\/10\/DELTA-SMART-XL-5-100x100.webp 100w\" sizes=\"auto, (max-width: 1024px) 100vw, 1024px\" \/><img loading=\"lazy\" decoding=\"async\" width=\"1024\" height=\"1024\" src=\"https:\/\/arteconfort.com\/wp-content\/uploads\/2023\/10\/DELTA-SMART-XL-4.webp\" class=\"attachment-shop_catalog size-shop_catalog\" alt=\"Aplique de pared solar DELTA SMART XL perfil\" srcset=\"https:\/\/arteconfort.com\/wp-content\/uploads\/2023\/10\/DELTA-SMART-XL-4.webp 1024w, https:\/\/arteconfort.com\/wp-content\/uploads\/2023\/10\/DELTA-SMART-XL-4-768x768.webp 768w, https:\/\/arteconfort.com\/wp-content\/uploads\/2023\/10\/DELTA-SMART-XL-4-340x340.webp 340w, https:\/\/arteconfort.com\/wp-content\/uploads\/2023\/10\/DELTA-SMART-XL-4-640x640.webp 640w, https:\/\/arteconfort.com\/wp-content\/uploads\/2023\/10\/DELTA-SMART-XL-4-960x960.webp 960w, https:\/\/arteconfort.com\/wp-content\/uploads\/2023\/10\/DELTA-SMART-XL-4-133x133.webp 133w, https:\/\/arteconfort.com\/wp-content\/uploads\/2023\/10\/DELTA-SMART-XL-4-300x300.webp 300w, https:\/\/arteconfort.com\/wp-content\/uploads\/2023\/10\/DELTA-SMART-XL-4-600x600.webp 600w, https:\/\/arteconfort.com\/wp-content\/uploads\/2023\/10\/DELTA-SMART-XL-4-100x100.webp 100w\" sizes=\"auto, (max-width: 1024px) 100vw, 1024px\" \/><img loading=\"lazy\" decoding=\"async\" width=\"1024\" height=\"1024\" src=\"https:\/\/arteconfort.com\/wp-content\/uploads\/2023\/10\/DELTA-SMART-XL-3.webp\" class=\"attachment-shop_catalog size-shop_catalog\" alt=\"Aplique de pared solar DELTA SMART XL desde arriba\" srcset=\"https:\/\/arteconfort.com\/wp-content\/uploads\/2023\/10\/DELTA-SMART-XL-3.webp 1024w, https:\/\/arteconfort.com\/wp-content\/uploads\/2023\/10\/DELTA-SMART-XL-3-768x768.webp 768w, https:\/\/arteconfort.com\/wp-content\/uploads\/2023\/10\/DELTA-SMART-XL-3-340x340.webp 340w, https:\/\/arteconfort.com\/wp-content\/uploads\/2023\/10\/DELTA-SMART-XL-3-640x640.webp 640w, https:\/\/arteconfort.com\/wp-content\/uploads\/2023\/10\/DELTA-SMART-XL-3-960x960.webp 960w, https:\/\/arteconfort.com\/wp-content\/uploads\/2023\/10\/DELTA-SMART-XL-3-133x133.webp 133w, https:\/\/arteconfort.com\/wp-content\/uploads\/2023\/10\/DELTA-SMART-XL-3-300x300.webp 300w, https:\/\/arteconfort.com\/wp-content\/uploads\/2023\/10\/DELTA-SMART-XL-3-600x600.webp 600w, https:\/\/arteconfort.com\/wp-content\/uploads\/2023\/10\/DELTA-SMART-XL-3-100x100.webp 100w\" sizes=\"auto, (max-width: 1024px) 100vw, 1024px\" \/><img loading=\"lazy\" decoding=\"async\" width=\"1024\" height=\"1024\" src=\"https:\/\/arteconfort.com\/wp-content\/uploads\/2023\/10\/DELTA-SMART-XL-MANDO.webp\" class=\"attachment-shop_catalog size-shop_catalog\" alt=\"DELTA SMART XL MANDO\" srcset=\"https:\/\/arteconfort.com\/wp-content\/uploads\/2023\/10\/DELTA-SMART-XL-MANDO.webp 1024w, https:\/\/arteconfort.com\/wp-content\/uploads\/2023\/10\/DELTA-SMART-XL-MANDO-768x768.webp 768w, https:\/\/arteconfort.com\/wp-content\/uploads\/2023\/10\/DELTA-SMART-XL-MANDO-340x340.webp 340w, https:\/\/arteconfort.com\/wp-content\/uploads\/2023\/10\/DELTA-SMART-XL-MANDO-640x640.webp 640w, https:\/\/arteconfort.com\/wp-content\/uploads\/2023\/10\/DELTA-SMART-XL-MANDO-960x960.webp 960w, https:\/\/arteconfort.com\/wp-content\/uploads\/2023\/10\/DELTA-SMART-XL-MANDO-133x133.webp 133w, https:\/\/arteconfort.com\/wp-content\/uploads\/2023\/10\/DELTA-SMART-XL-MANDO-300x300.webp 300w, https:\/\/arteconfort.com\/wp-content\/uploads\/2023\/10\/DELTA-SMART-XL-MANDO-600x600.webp 600w, https:\/\/arteconfort.com\/wp-content\/uploads\/2023\/10\/DELTA-SMART-XL-MANDO-100x100.webp 100w\" sizes=\"auto, (max-width: 1024px) 100vw, 1024px\" \/><img loading=\"lazy\" decoding=\"async\" width=\"1024\" height=\"1024\" src=\"https:\/\/arteconfort.com\/wp-content\/uploads\/2023\/10\/DELTA-SMART-XL-ambiente-2.webp\" class=\"attachment-shop_catalog size-shop_catalog\" alt=\"DELTA SMART XL ambiente\" srcset=\"https:\/\/arteconfort.com\/wp-content\/uploads\/2023\/10\/DELTA-SMART-XL-ambiente-2.webp 1024w, https:\/\/arteconfort.com\/wp-content\/uploads\/2023\/10\/DELTA-SMART-XL-ambiente-2-768x768.webp 768w, https:\/\/arteconfort.com\/wp-content\/uploads\/2023\/10\/DELTA-SMART-XL-ambiente-2-340x340.webp 340w, https:\/\/arteconfort.com\/wp-content\/uploads\/2023\/10\/DELTA-SMART-XL-ambiente-2-640x640.webp 640w, https:\/\/arteconfort.com\/wp-content\/uploads\/2023\/10\/DELTA-SMART-XL-ambiente-2-960x960.webp 960w, https:\/\/arteconfort.com\/wp-content\/uploads\/2023\/10\/DELTA-SMART-XL-ambiente-2-133x133.webp 133w, https:\/\/arteconfort.com\/wp-content\/uploads\/2023\/10\/DELTA-SMART-XL-ambiente-2-300x300.webp 300w, https:\/\/arteconfort.com\/wp-content\/uploads\/2023\/10\/DELTA-SMART-XL-ambiente-2-600x600.webp 600w, https:\/\/arteconfort.com\/wp-content\/uploads\/2023\/10\/DELTA-SMART-XL-ambiente-2-100x100.webp 100w\" sizes=\"auto, (max-width: 1024px) 100vw, 1024px\" \/>\t<\/a>\n\t<div class=\"w-product-status\"><\/div>\t<span id=\"woocommerce_loop_add_to_cart_link_describedby_22382\" class=\"screen-reader-text\">\n\t\t\t<\/span>\n<\/div><div class=\"berocket_better_labels berocket_better_labels_image\"><div class=\"berocket_better_labels_position berocket_better_labels_position_right\"><div class=\"berocket_better_labels_line berocket_better_labels_line_1\"><div class=\"berocket_better_labels_inline berocket_better_labels_inline_1\"><div class=\"br_alabel br_alabel_type_text br_alabel_template_type_css berocket_alabel_id_22613  br_alabel_better_compatibility\" style=\"\"><span  style=\"\"><i style=\"background-color: #000000; border-color: #000000;\" class=\"template-span-before \"><\/i><i style=\"background-color: #000000; border-color: #000000;\" class=\"template-i \"><\/i><i style=\"background-color: #000000; border-color: #000000;\" class=\"template-i-before \"><\/i><i style=\"background-color: #000000; border-color: #000000;\" class=\"template-i-after \"><\/i><b style=\"position: relative;z-index: 100;text-align: center;color: inherit;\">Antiga colec\u00e7\u00e3o<\/b><\/span><\/div><\/div><\/div><\/div><\/div><figcaption><h2 class=\"woocommerce-loop-product__title\">DELTA SMART XL<\/h2><div class=\"woocommerce-product-details__short-description\">\n\t<p>A luz solar DELTA SMART XL caracteriza-se por um design discreto e elegante, tornando-a o complemento ideal para<\/div>\n\n<\/figcaption><\/figure><\/li>\n<li class=\"product type-product post-11114 status-publish last instock product_cat-solar-pt-pt product_cat-iluminacion-solar-de-suelo-pt-pt has-post-thumbnail shipping-taxable product-type-external w-item col-3\">\n\t<figure><div class=\"image-wrapper\">\t\t<a href=\"https:\/\/arteconfort.com\/pt-pt\/producto\/draco\/\" class=\"w-fadeslider\">\n\t<img loading=\"lazy\" decoding=\"async\" width=\"1024\" height=\"1024\" src=\"https:\/\/arteconfort.com\/wp-content\/uploads\/2023\/10\/DRACO.webp\" class=\"attachment-shop_catalog size-shop_catalog wp-post-image\" alt=\"Baliza solar DRACO\" srcset=\"https:\/\/arteconfort.com\/wp-content\/uploads\/2023\/10\/DRACO.webp 1024w, https:\/\/arteconfort.com\/wp-content\/uploads\/2023\/10\/DRACO-768x768.webp 768w, https:\/\/arteconfort.com\/wp-content\/uploads\/2023\/10\/DRACO-340x340.webp 340w, https:\/\/arteconfort.com\/wp-content\/uploads\/2023\/10\/DRACO-640x640.webp 640w, https:\/\/arteconfort.com\/wp-content\/uploads\/2023\/10\/DRACO-960x960.webp 960w, https:\/\/arteconfort.com\/wp-content\/uploads\/2023\/10\/DRACO-300x300.webp 300w, https:\/\/arteconfort.com\/wp-content\/uploads\/2023\/10\/DRACO-600x600.webp 600w, https:\/\/arteconfort.com\/wp-content\/uploads\/2023\/10\/DRACO-100x100.webp 100w, https:\/\/arteconfort.com\/wp-content\/uploads\/2023\/10\/DRACO-133x133.webp 133w\" sizes=\"auto, (max-width: 1024px) 100vw, 1024px\" \/>\t<img loading=\"lazy\" decoding=\"async\" width=\"1024\" height=\"1024\" src=\"https:\/\/arteconfort.com\/wp-content\/uploads\/2023\/10\/DRACO-AMBIENTE.webp\" class=\"attachment-shop_catalog size-shop_catalog\" alt=\"\" srcset=\"https:\/\/arteconfort.com\/wp-content\/uploads\/2023\/10\/DRACO-AMBIENTE.webp 1024w, https:\/\/arteconfort.com\/wp-content\/uploads\/2023\/10\/DRACO-AMBIENTE-768x768.webp 768w, https:\/\/arteconfort.com\/wp-content\/uploads\/2023\/10\/DRACO-AMBIENTE-340x340.webp 340w, https:\/\/arteconfort.com\/wp-content\/uploads\/2023\/10\/DRACO-AMBIENTE-640x640.webp 640w, https:\/\/arteconfort.com\/wp-content\/uploads\/2023\/10\/DRACO-AMBIENTE-960x960.webp 960w, https:\/\/arteconfort.com\/wp-content\/uploads\/2023\/10\/DRACO-AMBIENTE-133x133.webp 133w, https:\/\/arteconfort.com\/wp-content\/uploads\/2023\/10\/DRACO-AMBIENTE-300x300.webp 300w, https:\/\/arteconfort.com\/wp-content\/uploads\/2023\/10\/DRACO-AMBIENTE-600x600.webp 600w, https:\/\/arteconfort.com\/wp-content\/uploads\/2023\/10\/DRACO-AMBIENTE-100x100.webp 100w\" sizes=\"auto, (max-width: 1024px) 100vw, 1024px\" \/><img loading=\"lazy\" decoding=\"async\" width=\"1024\" height=\"1024\" src=\"https:\/\/arteconfort.com\/wp-content\/uploads\/2023\/10\/DRACO-DETALLE.webp\" class=\"attachment-shop_catalog size-shop_catalog\" alt=\"Baliza solar DRACO\" srcset=\"https:\/\/arteconfort.com\/wp-content\/uploads\/2023\/10\/DRACO-DETALLE.webp 1024w, https:\/\/arteconfort.com\/wp-content\/uploads\/2023\/10\/DRACO-DETALLE-768x768.webp 768w, https:\/\/arteconfort.com\/wp-content\/uploads\/2023\/10\/DRACO-DETALLE-340x340.webp 340w, https:\/\/arteconfort.com\/wp-content\/uploads\/2023\/10\/DRACO-DETALLE-640x640.webp 640w, https:\/\/arteconfort.com\/wp-content\/uploads\/2023\/10\/DRACO-DETALLE-960x960.webp 960w, https:\/\/arteconfort.com\/wp-content\/uploads\/2023\/10\/DRACO-DETALLE-133x133.webp 133w, https:\/\/arteconfort.com\/wp-content\/uploads\/2023\/10\/DRACO-DETALLE-300x300.webp 300w, https:\/\/arteconfort.com\/wp-content\/uploads\/2023\/10\/DRACO-DETALLE-600x600.webp 600w, https:\/\/arteconfort.com\/wp-content\/uploads\/2023\/10\/DRACO-DETALLE-100x100.webp 100w\" sizes=\"auto, (max-width: 1024px) 100vw, 1024px\" \/><img loading=\"lazy\" decoding=\"async\" width=\"1024\" height=\"1024\" src=\"https:\/\/arteconfort.com\/wp-content\/uploads\/2023\/10\/DRACO-ILUMINACION.webp\" class=\"attachment-shop_catalog size-shop_catalog\" alt=\"Baliza solar DRACO encendido\" srcset=\"https:\/\/arteconfort.com\/wp-content\/uploads\/2023\/10\/DRACO-ILUMINACION.webp 1024w, https:\/\/arteconfort.com\/wp-content\/uploads\/2023\/10\/DRACO-ILUMINACION-768x768.webp 768w, https:\/\/arteconfort.com\/wp-content\/uploads\/2023\/10\/DRACO-ILUMINACION-340x340.webp 340w, https:\/\/arteconfort.com\/wp-content\/uploads\/2023\/10\/DRACO-ILUMINACION-640x640.webp 640w, https:\/\/arteconfort.com\/wp-content\/uploads\/2023\/10\/DRACO-ILUMINACION-960x960.webp 960w, https:\/\/arteconfort.com\/wp-content\/uploads\/2023\/10\/DRACO-ILUMINACION-133x133.webp 133w, https:\/\/arteconfort.com\/wp-content\/uploads\/2023\/10\/DRACO-ILUMINACION-300x300.webp 300w, https:\/\/arteconfort.com\/wp-content\/uploads\/2023\/10\/DRACO-ILUMINACION-600x600.webp 600w, https:\/\/arteconfort.com\/wp-content\/uploads\/2023\/10\/DRACO-ILUMINACION-100x100.webp 100w\" sizes=\"auto, (max-width: 1024px) 100vw, 1024px\" \/><img loading=\"lazy\" decoding=\"async\" width=\"1024\" height=\"1024\" src=\"https:\/\/arteconfort.com\/wp-content\/uploads\/2023\/10\/DRACO-PACK4.webp\" class=\"attachment-shop_catalog size-shop_catalog\" alt=\"Baliza solar DRACO\" srcset=\"https:\/\/arteconfort.com\/wp-content\/uploads\/2023\/10\/DRACO-PACK4.webp 1024w, https:\/\/arteconfort.com\/wp-content\/uploads\/2023\/10\/DRACO-PACK4-768x768.webp 768w, https:\/\/arteconfort.com\/wp-content\/uploads\/2023\/10\/DRACO-PACK4-340x340.webp 340w, https:\/\/arteconfort.com\/wp-content\/uploads\/2023\/10\/DRACO-PACK4-640x640.webp 640w, https:\/\/arteconfort.com\/wp-content\/uploads\/2023\/10\/DRACO-PACK4-960x960.webp 960w, https:\/\/arteconfort.com\/wp-content\/uploads\/2023\/10\/DRACO-PACK4-133x133.webp 133w, https:\/\/arteconfort.com\/wp-content\/uploads\/2023\/10\/DRACO-PACK4-300x300.webp 300w, https:\/\/arteconfort.com\/wp-content\/uploads\/2023\/10\/DRACO-PACK4-600x600.webp 600w, https:\/\/arteconfort.com\/wp-content\/uploads\/2023\/10\/DRACO-PACK4-100x100.webp 100w\" sizes=\"auto, (max-width: 1024px) 100vw, 1024px\" \/><img loading=\"lazy\" decoding=\"async\" width=\"1024\" height=\"1024\" src=\"https:\/\/arteconfort.com\/wp-content\/uploads\/2023\/10\/DRACO-BALIZA.webp\" class=\"attachment-shop_catalog size-shop_catalog\" alt=\"Baliza solar DRACO entero\" srcset=\"https:\/\/arteconfort.com\/wp-content\/uploads\/2023\/10\/DRACO-BALIZA.webp 1024w, https:\/\/arteconfort.com\/wp-content\/uploads\/2023\/10\/DRACO-BALIZA-768x768.webp 768w, https:\/\/arteconfort.com\/wp-content\/uploads\/2023\/10\/DRACO-BALIZA-340x340.webp 340w, https:\/\/arteconfort.com\/wp-content\/uploads\/2023\/10\/DRACO-BALIZA-640x640.webp 640w, https:\/\/arteconfort.com\/wp-content\/uploads\/2023\/10\/DRACO-BALIZA-960x960.webp 960w, https:\/\/arteconfort.com\/wp-content\/uploads\/2023\/10\/DRACO-BALIZA-133x133.webp 133w, https:\/\/arteconfort.com\/wp-content\/uploads\/2023\/10\/DRACO-BALIZA-300x300.webp 300w, https:\/\/arteconfort.com\/wp-content\/uploads\/2023\/10\/DRACO-BALIZA-600x600.webp 600w, https:\/\/arteconfort.com\/wp-content\/uploads\/2023\/10\/DRACO-BALIZA-100x100.webp 100w\" sizes=\"auto, (max-width: 1024px) 100vw, 1024px\" \/><img loading=\"lazy\" decoding=\"async\" width=\"1024\" height=\"1024\" src=\"https:\/\/arteconfort.com\/wp-content\/uploads\/2023\/10\/DRACO-ON-OF.webp\" class=\"attachment-shop_catalog size-shop_catalog\" alt=\"Baliza solar DRACO por detr\u00e1s apagado-encendido\" srcset=\"https:\/\/arteconfort.com\/wp-content\/uploads\/2023\/10\/DRACO-ON-OF.webp 1024w, https:\/\/arteconfort.com\/wp-content\/uploads\/2023\/10\/DRACO-ON-OF-768x768.webp 768w, https:\/\/arteconfort.com\/wp-content\/uploads\/2023\/10\/DRACO-ON-OF-340x340.webp 340w, https:\/\/arteconfort.com\/wp-content\/uploads\/2023\/10\/DRACO-ON-OF-640x640.webp 640w, https:\/\/arteconfort.com\/wp-content\/uploads\/2023\/10\/DRACO-ON-OF-960x960.webp 960w, https:\/\/arteconfort.com\/wp-content\/uploads\/2023\/10\/DRACO-ON-OF-133x133.webp 133w, https:\/\/arteconfort.com\/wp-content\/uploads\/2023\/10\/DRACO-ON-OF-300x300.webp 300w, https:\/\/arteconfort.com\/wp-content\/uploads\/2023\/10\/DRACO-ON-OF-600x600.webp 600w, https:\/\/arteconfort.com\/wp-content\/uploads\/2023\/10\/DRACO-ON-OF-100x100.webp 100w\" sizes=\"auto, (max-width: 1024px) 100vw, 1024px\" \/><img loading=\"lazy\" decoding=\"async\" width=\"1024\" height=\"1024\" src=\"https:\/\/arteconfort.com\/wp-content\/uploads\/2023\/10\/DRACO-MONTAJE.webp\" class=\"attachment-shop_catalog size-shop_catalog\" alt=\"\" srcset=\"https:\/\/arteconfort.com\/wp-content\/uploads\/2023\/10\/DRACO-MONTAJE.webp 1024w, https:\/\/arteconfort.com\/wp-content\/uploads\/2023\/10\/DRACO-MONTAJE-768x768.webp 768w, https:\/\/arteconfort.com\/wp-content\/uploads\/2023\/10\/DRACO-MONTAJE-340x340.webp 340w, https:\/\/arteconfort.com\/wp-content\/uploads\/2023\/10\/DRACO-MONTAJE-640x640.webp 640w, https:\/\/arteconfort.com\/wp-content\/uploads\/2023\/10\/DRACO-MONTAJE-960x960.webp 960w, https:\/\/arteconfort.com\/wp-content\/uploads\/2023\/10\/DRACO-MONTAJE-133x133.webp 133w, https:\/\/arteconfort.com\/wp-content\/uploads\/2023\/10\/DRACO-MONTAJE-300x300.webp 300w, https:\/\/arteconfort.com\/wp-content\/uploads\/2023\/10\/DRACO-MONTAJE-600x600.webp 600w, https:\/\/arteconfort.com\/wp-content\/uploads\/2023\/10\/DRACO-MONTAJE-100x100.webp 100w\" sizes=\"auto, (max-width: 1024px) 100vw, 1024px\" \/><img loading=\"lazy\" decoding=\"async\" width=\"1024\" height=\"1024\" src=\"https:\/\/arteconfort.com\/wp-content\/uploads\/2023\/10\/DRACO-PIE.webp\" class=\"attachment-shop_catalog size-shop_catalog\" alt=\"Baliza solar de pie DRACO\" srcset=\"https:\/\/arteconfort.com\/wp-content\/uploads\/2023\/10\/DRACO-PIE.webp 1024w, https:\/\/arteconfort.com\/wp-content\/uploads\/2023\/10\/DRACO-PIE-768x768.webp 768w, https:\/\/arteconfort.com\/wp-content\/uploads\/2023\/10\/DRACO-PIE-340x340.webp 340w, https:\/\/arteconfort.com\/wp-content\/uploads\/2023\/10\/DRACO-PIE-640x640.webp 640w, https:\/\/arteconfort.com\/wp-content\/uploads\/2023\/10\/DRACO-PIE-960x960.webp 960w, https:\/\/arteconfort.com\/wp-content\/uploads\/2023\/10\/DRACO-PIE-133x133.webp 133w, https:\/\/arteconfort.com\/wp-content\/uploads\/2023\/10\/DRACO-PIE-300x300.webp 300w, https:\/\/arteconfort.com\/wp-content\/uploads\/2023\/10\/DRACO-PIE-600x600.webp 600w, https:\/\/arteconfort.com\/wp-content\/uploads\/2023\/10\/DRACO-PIE-100x100.webp 100w\" sizes=\"auto, (max-width: 1024px) 100vw, 1024px\" \/>\t<\/a>\n\t<div class=\"w-product-status\"><\/div>\t<span id=\"woocommerce_loop_add_to_cart_link_describedby_11114\" class=\"screen-reader-text\">\n\t\t\t<\/span>\n<\/div><figcaption><h2 class=\"woocommerce-loop-product__title\">DRACO<\/h2><div class=\"woocommerce-product-details__short-description\">\n\t<p>O farol solar DRACO tem um design original e inovador que far\u00e1 sobressair o seu jardim ou terra\u00e7o<\/div>\n\n<\/figcaption><\/figure><\/li>\n<li class=\"product type-product post-13547 status-publish first instock product_cat-iluminacion-solar-de-pared-pt-pt product_cat-solar-pt-pt has-post-thumbnail shipping-taxable product-type-external w-item col-3\">\n\t<figure><div class=\"image-wrapper\">\t\t<a href=\"https:\/\/arteconfort.com\/pt-pt\/producto\/enif-warm\/\" class=\"w-fadeslider\">\n\t<img loading=\"lazy\" decoding=\"async\" width=\"1024\" height=\"1024\" src=\"https:\/\/arteconfort.com\/wp-content\/uploads\/2025\/10\/ambiente-ENIF-WARM-7.webp\" class=\"attachment-shop_catalog size-shop_catalog wp-post-image\" alt=\"\" srcset=\"https:\/\/arteconfort.com\/wp-content\/uploads\/2025\/10\/ambiente-ENIF-WARM-7.webp 1024w, https:\/\/arteconfort.com\/wp-content\/uploads\/2025\/10\/ambiente-ENIF-WARM-7-768x768.webp 768w, https:\/\/arteconfort.com\/wp-content\/uploads\/2025\/10\/ambiente-ENIF-WARM-7-340x340.webp 340w, https:\/\/arteconfort.com\/wp-content\/uploads\/2025\/10\/ambiente-ENIF-WARM-7-640x640.webp 640w, https:\/\/arteconfort.com\/wp-content\/uploads\/2025\/10\/ambiente-ENIF-WARM-7-960x960.webp 960w, https:\/\/arteconfort.com\/wp-content\/uploads\/2025\/10\/ambiente-ENIF-WARM-7-300x300.webp 300w, https:\/\/arteconfort.com\/wp-content\/uploads\/2025\/10\/ambiente-ENIF-WARM-7-600x600.webp 600w, https:\/\/arteconfort.com\/wp-content\/uploads\/2025\/10\/ambiente-ENIF-WARM-7-100x100.webp 100w\" sizes=\"auto, (max-width: 1024px) 100vw, 1024px\" \/>\t<img loading=\"lazy\" decoding=\"async\" width=\"1024\" height=\"1024\" src=\"https:\/\/arteconfort.com\/wp-content\/uploads\/2025\/10\/ambiente-ENIF-WARM-1.webp\" class=\"attachment-shop_catalog size-shop_catalog\" alt=\"\" srcset=\"https:\/\/arteconfort.com\/wp-content\/uploads\/2025\/10\/ambiente-ENIF-WARM-1.webp 1024w, https:\/\/arteconfort.com\/wp-content\/uploads\/2025\/10\/ambiente-ENIF-WARM-1-768x768.webp 768w, https:\/\/arteconfort.com\/wp-content\/uploads\/2025\/10\/ambiente-ENIF-WARM-1-340x340.webp 340w, https:\/\/arteconfort.com\/wp-content\/uploads\/2025\/10\/ambiente-ENIF-WARM-1-640x640.webp 640w, https:\/\/arteconfort.com\/wp-content\/uploads\/2025\/10\/ambiente-ENIF-WARM-1-960x960.webp 960w, https:\/\/arteconfort.com\/wp-content\/uploads\/2025\/10\/ambiente-ENIF-WARM-1-300x300.webp 300w, https:\/\/arteconfort.com\/wp-content\/uploads\/2025\/10\/ambiente-ENIF-WARM-1-600x600.webp 600w, https:\/\/arteconfort.com\/wp-content\/uploads\/2025\/10\/ambiente-ENIF-WARM-1-100x100.webp 100w\" sizes=\"auto, (max-width: 1024px) 100vw, 1024px\" \/><img loading=\"lazy\" decoding=\"async\" width=\"1024\" height=\"1024\" src=\"https:\/\/arteconfort.com\/wp-content\/uploads\/2023\/10\/ENIF-WARM-pack.webp\" class=\"attachment-shop_catalog size-shop_catalog\" alt=\"ENIF WARM pack con panel solar, aplique y bombillas\" srcset=\"https:\/\/arteconfort.com\/wp-content\/uploads\/2023\/10\/ENIF-WARM-pack.webp 1024w, https:\/\/arteconfort.com\/wp-content\/uploads\/2023\/10\/ENIF-WARM-pack-768x768.webp 768w, https:\/\/arteconfort.com\/wp-content\/uploads\/2023\/10\/ENIF-WARM-pack-340x340.webp 340w, https:\/\/arteconfort.com\/wp-content\/uploads\/2023\/10\/ENIF-WARM-pack-640x640.webp 640w, https:\/\/arteconfort.com\/wp-content\/uploads\/2023\/10\/ENIF-WARM-pack-960x960.webp 960w, https:\/\/arteconfort.com\/wp-content\/uploads\/2023\/10\/ENIF-WARM-pack-300x300.webp 300w, https:\/\/arteconfort.com\/wp-content\/uploads\/2023\/10\/ENIF-WARM-pack-600x600.webp 600w, https:\/\/arteconfort.com\/wp-content\/uploads\/2023\/10\/ENIF-WARM-pack-100x100.webp 100w, https:\/\/arteconfort.com\/wp-content\/uploads\/2023\/10\/ENIF-WARM-pack-133x133.webp 133w\" sizes=\"auto, (max-width: 1024px) 100vw, 1024px\" \/><img loading=\"lazy\" decoding=\"async\" width=\"1024\" height=\"1024\" src=\"https:\/\/arteconfort.com\/wp-content\/uploads\/2023\/10\/ENIF-WARM-fila-APAGADA.webp\" class=\"attachment-shop_catalog size-shop_catalog\" alt=\"\" srcset=\"https:\/\/arteconfort.com\/wp-content\/uploads\/2023\/10\/ENIF-WARM-fila-APAGADA.webp 1024w, https:\/\/arteconfort.com\/wp-content\/uploads\/2023\/10\/ENIF-WARM-fila-APAGADA-768x768.webp 768w, https:\/\/arteconfort.com\/wp-content\/uploads\/2023\/10\/ENIF-WARM-fila-APAGADA-340x340.webp 340w, https:\/\/arteconfort.com\/wp-content\/uploads\/2023\/10\/ENIF-WARM-fila-APAGADA-640x640.webp 640w, https:\/\/arteconfort.com\/wp-content\/uploads\/2023\/10\/ENIF-WARM-fila-APAGADA-960x960.webp 960w, https:\/\/arteconfort.com\/wp-content\/uploads\/2023\/10\/ENIF-WARM-fila-APAGADA-133x133.webp 133w, https:\/\/arteconfort.com\/wp-content\/uploads\/2023\/10\/ENIF-WARM-fila-APAGADA-300x300.webp 300w, https:\/\/arteconfort.com\/wp-content\/uploads\/2023\/10\/ENIF-WARM-fila-APAGADA-600x600.webp 600w, https:\/\/arteconfort.com\/wp-content\/uploads\/2023\/10\/ENIF-WARM-fila-APAGADA-100x100.webp 100w\" sizes=\"auto, (max-width: 1024px) 100vw, 1024px\" \/><img loading=\"lazy\" decoding=\"async\" width=\"1024\" height=\"1024\" src=\"https:\/\/arteconfort.com\/wp-content\/uploads\/2023\/10\/ENIF-WARM-detalle-bombilla.webp\" class=\"attachment-shop_catalog size-shop_catalog\" alt=\"ENIF WARM detalle bombilla apagada\" srcset=\"https:\/\/arteconfort.com\/wp-content\/uploads\/2023\/10\/ENIF-WARM-detalle-bombilla.webp 1024w, https:\/\/arteconfort.com\/wp-content\/uploads\/2023\/10\/ENIF-WARM-detalle-bombilla-768x768.webp 768w, https:\/\/arteconfort.com\/wp-content\/uploads\/2023\/10\/ENIF-WARM-detalle-bombilla-340x340.webp 340w, https:\/\/arteconfort.com\/wp-content\/uploads\/2023\/10\/ENIF-WARM-detalle-bombilla-640x640.webp 640w, https:\/\/arteconfort.com\/wp-content\/uploads\/2023\/10\/ENIF-WARM-detalle-bombilla-960x960.webp 960w, https:\/\/arteconfort.com\/wp-content\/uploads\/2023\/10\/ENIF-WARM-detalle-bombilla-133x133.webp 133w, https:\/\/arteconfort.com\/wp-content\/uploads\/2023\/10\/ENIF-WARM-detalle-bombilla-300x300.webp 300w, https:\/\/arteconfort.com\/wp-content\/uploads\/2023\/10\/ENIF-WARM-detalle-bombilla-600x600.webp 600w, https:\/\/arteconfort.com\/wp-content\/uploads\/2023\/10\/ENIF-WARM-detalle-bombilla-100x100.webp 100w\" sizes=\"auto, (max-width: 1024px) 100vw, 1024px\" \/><img loading=\"lazy\" decoding=\"async\" width=\"1024\" height=\"1024\" src=\"https:\/\/arteconfort.com\/wp-content\/uploads\/2023\/10\/ENIF-WARM-fila.webp\" class=\"attachment-shop_catalog size-shop_catalog\" alt=\"ENIF WARM encendida en fila\" srcset=\"https:\/\/arteconfort.com\/wp-content\/uploads\/2023\/10\/ENIF-WARM-fila.webp 1024w, https:\/\/arteconfort.com\/wp-content\/uploads\/2023\/10\/ENIF-WARM-fila-768x768.webp 768w, https:\/\/arteconfort.com\/wp-content\/uploads\/2023\/10\/ENIF-WARM-fila-340x340.webp 340w, https:\/\/arteconfort.com\/wp-content\/uploads\/2023\/10\/ENIF-WARM-fila-640x640.webp 640w, https:\/\/arteconfort.com\/wp-content\/uploads\/2023\/10\/ENIF-WARM-fila-960x960.webp 960w, https:\/\/arteconfort.com\/wp-content\/uploads\/2023\/10\/ENIF-WARM-fila-133x133.webp 133w, https:\/\/arteconfort.com\/wp-content\/uploads\/2023\/10\/ENIF-WARM-fila-300x300.webp 300w, https:\/\/arteconfort.com\/wp-content\/uploads\/2023\/10\/ENIF-WARM-fila-600x600.webp 600w, https:\/\/arteconfort.com\/wp-content\/uploads\/2023\/10\/ENIF-WARM-fila-100x100.webp 100w\" sizes=\"auto, (max-width: 1024px) 100vw, 1024px\" \/>\t<\/a>\n\t<div class=\"w-product-status\"><\/div>\t<span id=\"woocommerce_loop_add_to_cart_link_describedby_13547\" class=\"screen-reader-text\">\n\t\t\t<\/span>\n<\/div><figcaption><h2 class=\"woocommerce-loop-product__title\">ENIF WARM<\/h2><div class=\"woocommerce-product-details__short-description\">\n\t<p>Crie os seus pr\u00f3prios ambientes no seu jardim ou terra\u00e7o com a grinalda solar exterior ENIF WARM e<\/div>\n\n<\/figcaption><\/figure><\/li>\n<li class=\"product type-product post-16907 status-publish instock product_cat-iluminacion-solar-de-pared-pt-pt product_cat-solar-pt-pt has-post-thumbnail shipping-taxable product-type-simple w-item col-3\">\n\t<figure><div class=\"image-wrapper\">\t\t<a href=\"https:\/\/arteconfort.com\/pt-pt\/producto\/era-l\/\" class=\"w-fadeslider\">\n\t<img loading=\"lazy\" decoding=\"async\" width=\"1024\" height=\"1024\" src=\"https:\/\/arteconfort.com\/wp-content\/uploads\/2023\/10\/ERA-L.webp\" class=\"attachment-shop_catalog size-shop_catalog wp-post-image\" alt=\"Aplique de pared ERA L\" srcset=\"https:\/\/arteconfort.com\/wp-content\/uploads\/2023\/10\/ERA-L.webp 1024w, https:\/\/arteconfort.com\/wp-content\/uploads\/2023\/10\/ERA-L-768x768.webp 768w, https:\/\/arteconfort.com\/wp-content\/uploads\/2023\/10\/ERA-L-340x340.webp 340w, https:\/\/arteconfort.com\/wp-content\/uploads\/2023\/10\/ERA-L-640x640.webp 640w, https:\/\/arteconfort.com\/wp-content\/uploads\/2023\/10\/ERA-L-960x960.webp 960w, https:\/\/arteconfort.com\/wp-content\/uploads\/2023\/10\/ERA-L-300x300.webp 300w, https:\/\/arteconfort.com\/wp-content\/uploads\/2023\/10\/ERA-L-600x600.webp 600w, https:\/\/arteconfort.com\/wp-content\/uploads\/2023\/10\/ERA-L-100x100.webp 100w, https:\/\/arteconfort.com\/wp-content\/uploads\/2023\/10\/ERA-L-133x133.webp 133w\" sizes=\"auto, (max-width: 1024px) 100vw, 1024px\" \/>\t<img loading=\"lazy\" decoding=\"async\" width=\"1024\" height=\"1024\" src=\"https:\/\/arteconfort.com\/wp-content\/uploads\/2023\/10\/ambiente-ERA-L-1.webp\" class=\"attachment-shop_catalog size-shop_catalog\" alt=\"Aplique ERA L en se\u00f1alizando escaleras de noche\" srcset=\"https:\/\/arteconfort.com\/wp-content\/uploads\/2023\/10\/ambiente-ERA-L-1.webp 1024w, https:\/\/arteconfort.com\/wp-content\/uploads\/2023\/10\/ambiente-ERA-L-1-768x768.webp 768w, https:\/\/arteconfort.com\/wp-content\/uploads\/2023\/10\/ambiente-ERA-L-1-340x340.webp 340w, https:\/\/arteconfort.com\/wp-content\/uploads\/2023\/10\/ambiente-ERA-L-1-640x640.webp 640w, https:\/\/arteconfort.com\/wp-content\/uploads\/2023\/10\/ambiente-ERA-L-1-960x960.webp 960w, https:\/\/arteconfort.com\/wp-content\/uploads\/2023\/10\/ambiente-ERA-L-1-133x133.webp 133w, https:\/\/arteconfort.com\/wp-content\/uploads\/2023\/10\/ambiente-ERA-L-1-300x300.webp 300w, https:\/\/arteconfort.com\/wp-content\/uploads\/2023\/10\/ambiente-ERA-L-1-600x600.webp 600w, https:\/\/arteconfort.com\/wp-content\/uploads\/2023\/10\/ambiente-ERA-L-1-100x100.webp 100w\" sizes=\"auto, (max-width: 1024px) 100vw, 1024px\" \/><img loading=\"lazy\" decoding=\"async\" width=\"1024\" height=\"1024\" src=\"https:\/\/arteconfort.com\/wp-content\/uploads\/2023\/10\/ERA-L-2.webp\" class=\"attachment-shop_catalog size-shop_catalog\" alt=\"Aplique de pared ERA L por detr\u00e1s\" srcset=\"https:\/\/arteconfort.com\/wp-content\/uploads\/2023\/10\/ERA-L-2.webp 1024w, https:\/\/arteconfort.com\/wp-content\/uploads\/2023\/10\/ERA-L-2-768x768.webp 768w, https:\/\/arteconfort.com\/wp-content\/uploads\/2023\/10\/ERA-L-2-340x340.webp 340w, https:\/\/arteconfort.com\/wp-content\/uploads\/2023\/10\/ERA-L-2-640x640.webp 640w, https:\/\/arteconfort.com\/wp-content\/uploads\/2023\/10\/ERA-L-2-960x960.webp 960w, https:\/\/arteconfort.com\/wp-content\/uploads\/2023\/10\/ERA-L-2-133x133.webp 133w, https:\/\/arteconfort.com\/wp-content\/uploads\/2023\/10\/ERA-L-2-300x300.webp 300w, https:\/\/arteconfort.com\/wp-content\/uploads\/2023\/10\/ERA-L-2-600x600.webp 600w, https:\/\/arteconfort.com\/wp-content\/uploads\/2023\/10\/ERA-L-2-100x100.webp 100w\" sizes=\"auto, (max-width: 1024px) 100vw, 1024px\" \/>\t<\/a>\n\t<div class=\"w-product-status\"><\/div>\t<span id=\"woocommerce_loop_add_to_cart_link_describedby_16907\" class=\"screen-reader-text\">\n\t\t\t<\/span>\n<\/div><figcaption><h2 class=\"woocommerce-loop-product__title\">ERA L<\/h2><div class=\"woocommerce-product-details__short-description\">\n\t<p>A luz solar de parede ERA L \u00e9 perfeita como ilumina\u00e7\u00e3o de escadas para o seu jardim ou<\/div>\n\n<\/figcaption><\/figure><\/li>\n<li class=\"product type-product post-43975 status-publish instock product_cat-novedades-pt-pt product_cat-iluminacion-solar-de-pared-pt-pt product_cat-solar-pt-pt has-post-thumbnail shipping-taxable product-type-simple w-item col-3\">\n\t<figure><div class=\"image-wrapper\">\t\t<a href=\"https:\/\/arteconfort.com\/pt-pt\/producto\/glimia\/\" class=\"w-fadeslider\">\n\t<img loading=\"lazy\" decoding=\"async\" width=\"1024\" height=\"1024\" src=\"https:\/\/arteconfort.com\/wp-content\/uploads\/2025\/03\/ambiente-guirnalda-GLIMIA.webp\" class=\"attachment-shop_catalog size-shop_catalog wp-post-image\" alt=\"\" srcset=\"https:\/\/arteconfort.com\/wp-content\/uploads\/2025\/03\/ambiente-guirnalda-GLIMIA.webp 1024w, https:\/\/arteconfort.com\/wp-content\/uploads\/2025\/03\/ambiente-guirnalda-GLIMIA-768x768.webp 768w, https:\/\/arteconfort.com\/wp-content\/uploads\/2025\/03\/ambiente-guirnalda-GLIMIA-340x340.webp 340w, https:\/\/arteconfort.com\/wp-content\/uploads\/2025\/03\/ambiente-guirnalda-GLIMIA-640x640.webp 640w, https:\/\/arteconfort.com\/wp-content\/uploads\/2025\/03\/ambiente-guirnalda-GLIMIA-960x960.webp 960w, https:\/\/arteconfort.com\/wp-content\/uploads\/2025\/03\/ambiente-guirnalda-GLIMIA-300x300.webp 300w, https:\/\/arteconfort.com\/wp-content\/uploads\/2025\/03\/ambiente-guirnalda-GLIMIA-600x600.webp 600w, https:\/\/arteconfort.com\/wp-content\/uploads\/2025\/03\/ambiente-guirnalda-GLIMIA-100x100.webp 100w\" sizes=\"auto, (max-width: 1024px) 100vw, 1024px\" \/>\t<img loading=\"lazy\" decoding=\"async\" width=\"1024\" height=\"1024\" src=\"https:\/\/arteconfort.com\/wp-content\/uploads\/2025\/02\/GLIMIA.webp\" class=\"attachment-shop_catalog size-shop_catalog\" alt=\"\" srcset=\"https:\/\/arteconfort.com\/wp-content\/uploads\/2025\/02\/GLIMIA.webp 1024w, https:\/\/arteconfort.com\/wp-content\/uploads\/2025\/02\/GLIMIA-768x768.webp 768w, https:\/\/arteconfort.com\/wp-content\/uploads\/2025\/02\/GLIMIA-340x340.webp 340w, https:\/\/arteconfort.com\/wp-content\/uploads\/2025\/02\/GLIMIA-640x640.webp 640w, https:\/\/arteconfort.com\/wp-content\/uploads\/2025\/02\/GLIMIA-960x960.webp 960w, https:\/\/arteconfort.com\/wp-content\/uploads\/2025\/02\/GLIMIA-300x300.webp 300w, https:\/\/arteconfort.com\/wp-content\/uploads\/2025\/02\/GLIMIA-600x600.webp 600w, https:\/\/arteconfort.com\/wp-content\/uploads\/2025\/02\/GLIMIA-100x100.webp 100w, https:\/\/arteconfort.com\/wp-content\/uploads\/2025\/02\/GLIMIA-133x133.webp 133w\" sizes=\"auto, (max-width: 1024px) 100vw, 1024px\" \/><img loading=\"lazy\" decoding=\"async\" width=\"1024\" height=\"1024\" src=\"https:\/\/arteconfort.com\/wp-content\/uploads\/2025\/03\/GLIMIA-panel.webp\" class=\"attachment-shop_catalog size-shop_catalog\" alt=\"\" srcset=\"https:\/\/arteconfort.com\/wp-content\/uploads\/2025\/03\/GLIMIA-panel.webp 1024w, https:\/\/arteconfort.com\/wp-content\/uploads\/2025\/03\/GLIMIA-panel-768x768.webp 768w, https:\/\/arteconfort.com\/wp-content\/uploads\/2025\/03\/GLIMIA-panel-340x340.webp 340w, https:\/\/arteconfort.com\/wp-content\/uploads\/2025\/03\/GLIMIA-panel-640x640.webp 640w, https:\/\/arteconfort.com\/wp-content\/uploads\/2025\/03\/GLIMIA-panel-960x960.webp 960w, https:\/\/arteconfort.com\/wp-content\/uploads\/2025\/03\/GLIMIA-panel-300x300.webp 300w, https:\/\/arteconfort.com\/wp-content\/uploads\/2025\/03\/GLIMIA-panel-600x600.webp 600w, https:\/\/arteconfort.com\/wp-content\/uploads\/2025\/03\/GLIMIA-panel-100x100.webp 100w\" sizes=\"auto, (max-width: 1024px) 100vw, 1024px\" \/><img loading=\"lazy\" decoding=\"async\" width=\"1024\" height=\"1024\" src=\"https:\/\/arteconfort.com\/wp-content\/uploads\/2025\/03\/GLIMIA-panel-trasero.webp\" class=\"attachment-shop_catalog size-shop_catalog\" alt=\"\" srcset=\"https:\/\/arteconfort.com\/wp-content\/uploads\/2025\/03\/GLIMIA-panel-trasero.webp 1024w, https:\/\/arteconfort.com\/wp-content\/uploads\/2025\/03\/GLIMIA-panel-trasero-768x768.webp 768w, https:\/\/arteconfort.com\/wp-content\/uploads\/2025\/03\/GLIMIA-panel-trasero-340x340.webp 340w, https:\/\/arteconfort.com\/wp-content\/uploads\/2025\/03\/GLIMIA-panel-trasero-640x640.webp 640w, https:\/\/arteconfort.com\/wp-content\/uploads\/2025\/03\/GLIMIA-panel-trasero-960x960.webp 960w, https:\/\/arteconfort.com\/wp-content\/uploads\/2025\/03\/GLIMIA-panel-trasero-300x300.webp 300w, https:\/\/arteconfort.com\/wp-content\/uploads\/2025\/03\/GLIMIA-panel-trasero-600x600.webp 600w, https:\/\/arteconfort.com\/wp-content\/uploads\/2025\/03\/GLIMIA-panel-trasero-100x100.webp 100w\" sizes=\"auto, (max-width: 1024px) 100vw, 1024px\" \/><img loading=\"lazy\" decoding=\"async\" width=\"1024\" height=\"1024\" src=\"https:\/\/arteconfort.com\/wp-content\/uploads\/2025\/03\/GLIMIA-usb.webp\" class=\"attachment-shop_catalog size-shop_catalog\" alt=\"\" srcset=\"https:\/\/arteconfort.com\/wp-content\/uploads\/2025\/03\/GLIMIA-usb.webp 1024w, https:\/\/arteconfort.com\/wp-content\/uploads\/2025\/03\/GLIMIA-usb-768x768.webp 768w, https:\/\/arteconfort.com\/wp-content\/uploads\/2025\/03\/GLIMIA-usb-340x340.webp 340w, https:\/\/arteconfort.com\/wp-content\/uploads\/2025\/03\/GLIMIA-usb-640x640.webp 640w, https:\/\/arteconfort.com\/wp-content\/uploads\/2025\/03\/GLIMIA-usb-960x960.webp 960w, https:\/\/arteconfort.com\/wp-content\/uploads\/2025\/03\/GLIMIA-usb-300x300.webp 300w, https:\/\/arteconfort.com\/wp-content\/uploads\/2025\/03\/GLIMIA-usb-600x600.webp 600w, https:\/\/arteconfort.com\/wp-content\/uploads\/2025\/03\/GLIMIA-usb-100x100.webp 100w\" sizes=\"auto, (max-width: 1024px) 100vw, 1024px\" \/><img loading=\"lazy\" decoding=\"async\" width=\"2000\" height=\"2000\" src=\"https:\/\/arteconfort.com\/wp-content\/uploads\/2025\/02\/GLIMIA-grafico.webp\" class=\"attachment-shop_catalog size-shop_catalog\" alt=\"\" srcset=\"https:\/\/arteconfort.com\/wp-content\/uploads\/2025\/02\/GLIMIA-grafico.webp 2000w, https:\/\/arteconfort.com\/wp-content\/uploads\/2025\/02\/GLIMIA-grafico-768x768.webp 768w, https:\/\/arteconfort.com\/wp-content\/uploads\/2025\/02\/GLIMIA-grafico-1536x1536.webp 1536w, https:\/\/arteconfort.com\/wp-content\/uploads\/2025\/02\/GLIMIA-grafico-340x340.webp 340w, https:\/\/arteconfort.com\/wp-content\/uploads\/2025\/02\/GLIMIA-grafico-640x640.webp 640w, https:\/\/arteconfort.com\/wp-content\/uploads\/2025\/02\/GLIMIA-grafico-960x960.webp 960w, https:\/\/arteconfort.com\/wp-content\/uploads\/2025\/02\/GLIMIA-grafico-1280x1280.webp 1280w, https:\/\/arteconfort.com\/wp-content\/uploads\/2025\/02\/GLIMIA-grafico-133x133.webp 133w, https:\/\/arteconfort.com\/wp-content\/uploads\/2025\/02\/GLIMIA-grafico-300x300.webp 300w, https:\/\/arteconfort.com\/wp-content\/uploads\/2025\/02\/GLIMIA-grafico-600x600.webp 600w, https:\/\/arteconfort.com\/wp-content\/uploads\/2025\/02\/GLIMIA-grafico-100x100.webp 100w\" sizes=\"auto, (max-width: 2000px) 100vw, 2000px\" \/>\t<\/a>\n\t<div class=\"w-product-status\"><\/div>\t<span id=\"woocommerce_loop_add_to_cart_link_describedby_43975\" class=\"screen-reader-text\">\n\t\t\t<\/span>\n<\/div><div class=\"berocket_better_labels berocket_better_labels_image\"><div class=\"berocket_better_labels_position berocket_better_labels_position_left\"><div class=\"berocket_better_labels_line berocket_better_labels_line_1\"><div class=\"berocket_better_labels_inline berocket_better_labels_inline_1\"><div class=\"br_alabel br_alabel_type_text br_alabel_template_type_css berocket_alabel_id_21233  br_alabel_better_compatibility\" style=\"\"><span  style=\"\"><i style=\"background-color: #61b4e4; border-color: #61b4e4;\" class=\"template-span-before \"><\/i><i style=\"background-color: #61b4e4; border-color: #61b4e4;\" class=\"template-i \"><\/i><i style=\"background-color: #61b4e4; border-color: #61b4e4;\" class=\"template-i-before \"><\/i><i style=\"background-color: #61b4e4; border-color: #61b4e4;\" class=\"template-i-after \"><\/i><b style=\"position: relative;z-index: 100;text-align: center;color: inherit;\">Novo<\/b><\/span><\/div><\/div><\/div><\/div><\/div><figcaption><h2 class=\"woocommerce-loop-product__title\">GLIMIA<\/h2><div class=\"woocommerce-product-details__short-description\">\n\t<p>A grinalda solar GLIMIA proporciona uma ilumina\u00e7\u00e3o ambiente em tons quentes. \u00c9 muito f\u00e1cil de instalar gra\u00e7as ao<\/div>\n\n<\/figcaption><\/figure><\/li>\n<li class=\"product type-product post-18589 status-publish last instock product_cat-coleccion-antigua-pt product_cat-iluminacion-solar-de-pie-pt-pt product_cat-solar-pt-pt has-post-thumbnail shipping-taxable product-type-simple w-item col-3\">\n\t<figure><div class=\"image-wrapper\">\t\t<a href=\"https:\/\/arteconfort.com\/pt-pt\/producto\/horus\/\" class=\"w-fadeslider\">\n\t<img loading=\"lazy\" decoding=\"async\" width=\"1024\" height=\"1024\" src=\"https:\/\/arteconfort.com\/wp-content\/uploads\/2023\/10\/HORUS.webp\" class=\"attachment-shop_catalog size-shop_catalog wp-post-image\" alt=\"Aplique de pie solar HORUS\" srcset=\"https:\/\/arteconfort.com\/wp-content\/uploads\/2023\/10\/HORUS.webp 1024w, https:\/\/arteconfort.com\/wp-content\/uploads\/2023\/10\/HORUS-768x768.webp 768w, https:\/\/arteconfort.com\/wp-content\/uploads\/2023\/10\/HORUS-340x340.webp 340w, https:\/\/arteconfort.com\/wp-content\/uploads\/2023\/10\/HORUS-640x640.webp 640w, https:\/\/arteconfort.com\/wp-content\/uploads\/2023\/10\/HORUS-960x960.webp 960w, https:\/\/arteconfort.com\/wp-content\/uploads\/2023\/10\/HORUS-300x300.webp 300w, https:\/\/arteconfort.com\/wp-content\/uploads\/2023\/10\/HORUS-600x600.webp 600w, https:\/\/arteconfort.com\/wp-content\/uploads\/2023\/10\/HORUS-100x100.webp 100w, https:\/\/arteconfort.com\/wp-content\/uploads\/2023\/10\/HORUS-133x133.webp 133w\" sizes=\"auto, (max-width: 1024px) 100vw, 1024px\" \/>\t<img loading=\"lazy\" decoding=\"async\" width=\"1024\" height=\"1024\" src=\"https:\/\/arteconfort.com\/wp-content\/uploads\/2023\/10\/HORUS-ambiente.webp\" class=\"attachment-shop_catalog size-shop_catalog\" alt=\"HORUS ambiente\" srcset=\"https:\/\/arteconfort.com\/wp-content\/uploads\/2023\/10\/HORUS-ambiente.webp 1024w, https:\/\/arteconfort.com\/wp-content\/uploads\/2023\/10\/HORUS-ambiente-768x768.webp 768w, https:\/\/arteconfort.com\/wp-content\/uploads\/2023\/10\/HORUS-ambiente-340x340.webp 340w, https:\/\/arteconfort.com\/wp-content\/uploads\/2023\/10\/HORUS-ambiente-640x640.webp 640w, https:\/\/arteconfort.com\/wp-content\/uploads\/2023\/10\/HORUS-ambiente-960x960.webp 960w, https:\/\/arteconfort.com\/wp-content\/uploads\/2023\/10\/HORUS-ambiente-133x133.webp 133w, https:\/\/arteconfort.com\/wp-content\/uploads\/2023\/10\/HORUS-ambiente-300x300.webp 300w, https:\/\/arteconfort.com\/wp-content\/uploads\/2023\/10\/HORUS-ambiente-600x600.webp 600w, https:\/\/arteconfort.com\/wp-content\/uploads\/2023\/10\/HORUS-ambiente-100x100.webp 100w\" sizes=\"auto, (max-width: 1024px) 100vw, 1024px\" \/><img loading=\"lazy\" decoding=\"async\" width=\"1024\" height=\"1024\" src=\"https:\/\/arteconfort.com\/wp-content\/uploads\/2023\/10\/HORUS-2.webp\" class=\"attachment-shop_catalog size-shop_catalog\" alt=\"Componentes de aplique de pie solar HORUS\" srcset=\"https:\/\/arteconfort.com\/wp-content\/uploads\/2023\/10\/HORUS-2.webp 1024w, https:\/\/arteconfort.com\/wp-content\/uploads\/2023\/10\/HORUS-2-768x768.webp 768w, https:\/\/arteconfort.com\/wp-content\/uploads\/2023\/10\/HORUS-2-340x340.webp 340w, https:\/\/arteconfort.com\/wp-content\/uploads\/2023\/10\/HORUS-2-640x640.webp 640w, https:\/\/arteconfort.com\/wp-content\/uploads\/2023\/10\/HORUS-2-960x960.webp 960w, https:\/\/arteconfort.com\/wp-content\/uploads\/2023\/10\/HORUS-2-133x133.webp 133w, https:\/\/arteconfort.com\/wp-content\/uploads\/2023\/10\/HORUS-2-300x300.webp 300w, https:\/\/arteconfort.com\/wp-content\/uploads\/2023\/10\/HORUS-2-600x600.webp 600w, https:\/\/arteconfort.com\/wp-content\/uploads\/2023\/10\/HORUS-2-100x100.webp 100w\" sizes=\"auto, (max-width: 1024px) 100vw, 1024px\" \/><img loading=\"lazy\" decoding=\"async\" width=\"1024\" height=\"1024\" src=\"https:\/\/arteconfort.com\/wp-content\/uploads\/2023\/10\/HORUS-MANDO.webp\" class=\"attachment-shop_catalog size-shop_catalog\" alt=\"Mando de aplique de pie solar HORUS\" srcset=\"https:\/\/arteconfort.com\/wp-content\/uploads\/2023\/10\/HORUS-MANDO.webp 1024w, https:\/\/arteconfort.com\/wp-content\/uploads\/2023\/10\/HORUS-MANDO-768x768.webp 768w, https:\/\/arteconfort.com\/wp-content\/uploads\/2023\/10\/HORUS-MANDO-340x340.webp 340w, https:\/\/arteconfort.com\/wp-content\/uploads\/2023\/10\/HORUS-MANDO-640x640.webp 640w, https:\/\/arteconfort.com\/wp-content\/uploads\/2023\/10\/HORUS-MANDO-960x960.webp 960w, https:\/\/arteconfort.com\/wp-content\/uploads\/2023\/10\/HORUS-MANDO-133x133.webp 133w, https:\/\/arteconfort.com\/wp-content\/uploads\/2023\/10\/HORUS-MANDO-300x300.webp 300w, https:\/\/arteconfort.com\/wp-content\/uploads\/2023\/10\/HORUS-MANDO-600x600.webp 600w, https:\/\/arteconfort.com\/wp-content\/uploads\/2023\/10\/HORUS-MANDO-100x100.webp 100w\" sizes=\"auto, (max-width: 1024px) 100vw, 1024px\" \/><img loading=\"lazy\" decoding=\"async\" width=\"1024\" height=\"1024\" src=\"https:\/\/arteconfort.com\/wp-content\/uploads\/2023\/10\/HORUS-3.webp\" class=\"attachment-shop_catalog size-shop_catalog\" alt=\"Aplique de pie solar HORUS por abajo\" srcset=\"https:\/\/arteconfort.com\/wp-content\/uploads\/2023\/10\/HORUS-3.webp 1024w, https:\/\/arteconfort.com\/wp-content\/uploads\/2023\/10\/HORUS-3-768x768.webp 768w, https:\/\/arteconfort.com\/wp-content\/uploads\/2023\/10\/HORUS-3-340x340.webp 340w, https:\/\/arteconfort.com\/wp-content\/uploads\/2023\/10\/HORUS-3-640x640.webp 640w, https:\/\/arteconfort.com\/wp-content\/uploads\/2023\/10\/HORUS-3-960x960.webp 960w, https:\/\/arteconfort.com\/wp-content\/uploads\/2023\/10\/HORUS-3-133x133.webp 133w, https:\/\/arteconfort.com\/wp-content\/uploads\/2023\/10\/HORUS-3-300x300.webp 300w, https:\/\/arteconfort.com\/wp-content\/uploads\/2023\/10\/HORUS-3-600x600.webp 600w, https:\/\/arteconfort.com\/wp-content\/uploads\/2023\/10\/HORUS-3-100x100.webp 100w\" sizes=\"auto, (max-width: 1024px) 100vw, 1024px\" \/><img loading=\"lazy\" decoding=\"async\" width=\"1024\" height=\"1024\" src=\"https:\/\/arteconfort.com\/wp-content\/uploads\/2023\/10\/HORUS-4.webp\" class=\"attachment-shop_catalog size-shop_catalog\" alt=\"Aplique de pie solar HORUS por arriba\" srcset=\"https:\/\/arteconfort.com\/wp-content\/uploads\/2023\/10\/HORUS-4.webp 1024w, https:\/\/arteconfort.com\/wp-content\/uploads\/2023\/10\/HORUS-4-768x768.webp 768w, https:\/\/arteconfort.com\/wp-content\/uploads\/2023\/10\/HORUS-4-340x340.webp 340w, https:\/\/arteconfort.com\/wp-content\/uploads\/2023\/10\/HORUS-4-640x640.webp 640w, https:\/\/arteconfort.com\/wp-content\/uploads\/2023\/10\/HORUS-4-960x960.webp 960w, https:\/\/arteconfort.com\/wp-content\/uploads\/2023\/10\/HORUS-4-133x133.webp 133w, https:\/\/arteconfort.com\/wp-content\/uploads\/2023\/10\/HORUS-4-300x300.webp 300w, https:\/\/arteconfort.com\/wp-content\/uploads\/2023\/10\/HORUS-4-600x600.webp 600w, https:\/\/arteconfort.com\/wp-content\/uploads\/2023\/10\/HORUS-4-100x100.webp 100w\" sizes=\"auto, (max-width: 1024px) 100vw, 1024px\" \/><img loading=\"lazy\" decoding=\"async\" width=\"1024\" height=\"1024\" src=\"https:\/\/arteconfort.com\/wp-content\/uploads\/2023\/10\/HORUS-5.webp\" class=\"attachment-shop_catalog size-shop_catalog\" alt=\"Aplique de pie solar HORUS abierto\" srcset=\"https:\/\/arteconfort.com\/wp-content\/uploads\/2023\/10\/HORUS-5.webp 1024w, https:\/\/arteconfort.com\/wp-content\/uploads\/2023\/10\/HORUS-5-768x768.webp 768w, https:\/\/arteconfort.com\/wp-content\/uploads\/2023\/10\/HORUS-5-340x340.webp 340w, https:\/\/arteconfort.com\/wp-content\/uploads\/2023\/10\/HORUS-5-640x640.webp 640w, https:\/\/arteconfort.com\/wp-content\/uploads\/2023\/10\/HORUS-5-960x960.webp 960w, https:\/\/arteconfort.com\/wp-content\/uploads\/2023\/10\/HORUS-5-133x133.webp 133w, https:\/\/arteconfort.com\/wp-content\/uploads\/2023\/10\/HORUS-5-300x300.webp 300w, https:\/\/arteconfort.com\/wp-content\/uploads\/2023\/10\/HORUS-5-600x600.webp 600w, https:\/\/arteconfort.com\/wp-content\/uploads\/2023\/10\/HORUS-5-100x100.webp 100w\" sizes=\"auto, (max-width: 1024px) 100vw, 1024px\" \/>\t<\/a>\n\t<div class=\"w-product-status\"><\/div>\t<span id=\"woocommerce_loop_add_to_cart_link_describedby_18589\" class=\"screen-reader-text\">\n\t\t\t<\/span>\n<\/div><div class=\"berocket_better_labels berocket_better_labels_image\"><div class=\"berocket_better_labels_position berocket_better_labels_position_right\"><div class=\"berocket_better_labels_line berocket_better_labels_line_1\"><div class=\"berocket_better_labels_inline berocket_better_labels_inline_1\"><div class=\"br_alabel br_alabel_type_text br_alabel_template_type_css berocket_alabel_id_22613  br_alabel_better_compatibility\" style=\"\"><span  style=\"\"><i style=\"background-color: #000000; border-color: #000000;\" class=\"template-span-before \"><\/i><i style=\"background-color: #000000; border-color: #000000;\" class=\"template-i \"><\/i><i style=\"background-color: #000000; border-color: #000000;\" class=\"template-i-before \"><\/i><i style=\"background-color: #000000; border-color: #000000;\" class=\"template-i-after \"><\/i><b style=\"position: relative;z-index: 100;text-align: center;color: inherit;\">Antiga colec\u00e7\u00e3o<\/b><\/span><\/div><\/div><\/div><\/div><\/div><figcaption><h2 class=\"woocommerce-loop-product__title\">HORUS<\/h2><div class=\"woocommerce-product-details__short-description\">\n\t<p>A luz solar HORUS \u00e9 caracterizada por um design discreto e elegante, tornando-a o complemento ideal para iluminar<\/div>\n\n<\/figcaption><\/figure><\/li>\n<li class=\"product type-product post-25481 status-publish first instock product_cat-coleccion-antigua-pt product_cat-iluminacion-solar-de-pared-pt-pt product_cat-solar-pt-pt has-post-thumbnail shipping-taxable product-type-simple w-item col-3\">\n\t<figure><div class=\"image-wrapper\">\t\t<a href=\"https:\/\/arteconfort.com\/pt-pt\/producto\/ion\/\" class=\"w-fadeslider\">\n\t<img loading=\"lazy\" decoding=\"async\" width=\"1024\" height=\"1024\" src=\"https:\/\/arteconfort.com\/wp-content\/uploads\/2023\/10\/ION.webp\" class=\"attachment-shop_catalog size-shop_catalog wp-post-image\" alt=\"L\u00e1mpara solar ION\" srcset=\"https:\/\/arteconfort.com\/wp-content\/uploads\/2023\/10\/ION.webp 1024w, https:\/\/arteconfort.com\/wp-content\/uploads\/2023\/10\/ION-768x768.webp 768w, https:\/\/arteconfort.com\/wp-content\/uploads\/2023\/10\/ION-340x340.webp 340w, https:\/\/arteconfort.com\/wp-content\/uploads\/2023\/10\/ION-640x640.webp 640w, https:\/\/arteconfort.com\/wp-content\/uploads\/2023\/10\/ION-960x960.webp 960w, https:\/\/arteconfort.com\/wp-content\/uploads\/2023\/10\/ION-300x300.webp 300w, https:\/\/arteconfort.com\/wp-content\/uploads\/2023\/10\/ION-600x600.webp 600w, https:\/\/arteconfort.com\/wp-content\/uploads\/2023\/10\/ION-100x100.webp 100w, https:\/\/arteconfort.com\/wp-content\/uploads\/2023\/10\/ION-133x133.webp 133w\" sizes=\"auto, (max-width: 1024px) 100vw, 1024px\" \/>\t<img loading=\"lazy\" decoding=\"async\" width=\"1024\" height=\"1024\" src=\"https:\/\/arteconfort.com\/wp-content\/uploads\/2023\/10\/ION-ambiente.webp\" class=\"attachment-shop_catalog size-shop_catalog\" alt=\"L\u00e1mpara solar ION ambiente\" srcset=\"https:\/\/arteconfort.com\/wp-content\/uploads\/2023\/10\/ION-ambiente.webp 1024w, https:\/\/arteconfort.com\/wp-content\/uploads\/2023\/10\/ION-ambiente-768x768.webp 768w, https:\/\/arteconfort.com\/wp-content\/uploads\/2023\/10\/ION-ambiente-340x340.webp 340w, https:\/\/arteconfort.com\/wp-content\/uploads\/2023\/10\/ION-ambiente-640x640.webp 640w, https:\/\/arteconfort.com\/wp-content\/uploads\/2023\/10\/ION-ambiente-960x960.webp 960w, https:\/\/arteconfort.com\/wp-content\/uploads\/2023\/10\/ION-ambiente-133x133.webp 133w, https:\/\/arteconfort.com\/wp-content\/uploads\/2023\/10\/ION-ambiente-300x300.webp 300w, https:\/\/arteconfort.com\/wp-content\/uploads\/2023\/10\/ION-ambiente-600x600.webp 600w, https:\/\/arteconfort.com\/wp-content\/uploads\/2023\/10\/ION-ambiente-100x100.webp 100w\" sizes=\"auto, (max-width: 1024px) 100vw, 1024px\" \/><img loading=\"lazy\" decoding=\"async\" width=\"1024\" height=\"1024\" src=\"https:\/\/arteconfort.com\/wp-content\/uploads\/2023\/10\/ION-3.webp\" class=\"attachment-shop_catalog size-shop_catalog\" alt=\"L\u00e1mpara solar ION perfil\" srcset=\"https:\/\/arteconfort.com\/wp-content\/uploads\/2023\/10\/ION-3.webp 1024w, https:\/\/arteconfort.com\/wp-content\/uploads\/2023\/10\/ION-3-768x768.webp 768w, https:\/\/arteconfort.com\/wp-content\/uploads\/2023\/10\/ION-3-340x340.webp 340w, https:\/\/arteconfort.com\/wp-content\/uploads\/2023\/10\/ION-3-640x640.webp 640w, https:\/\/arteconfort.com\/wp-content\/uploads\/2023\/10\/ION-3-960x960.webp 960w, https:\/\/arteconfort.com\/wp-content\/uploads\/2023\/10\/ION-3-133x133.webp 133w, https:\/\/arteconfort.com\/wp-content\/uploads\/2023\/10\/ION-3-300x300.webp 300w, https:\/\/arteconfort.com\/wp-content\/uploads\/2023\/10\/ION-3-600x600.webp 600w, https:\/\/arteconfort.com\/wp-content\/uploads\/2023\/10\/ION-3-100x100.webp 100w\" sizes=\"auto, (max-width: 1024px) 100vw, 1024px\" \/><img loading=\"lazy\" decoding=\"async\" width=\"1024\" height=\"1024\" src=\"https:\/\/arteconfort.com\/wp-content\/uploads\/2023\/10\/ION-detalle-2.webp\" class=\"attachment-shop_catalog size-shop_catalog\" alt=\"L\u00e1mpara solar ION detalle\" srcset=\"https:\/\/arteconfort.com\/wp-content\/uploads\/2023\/10\/ION-detalle-2.webp 1024w, https:\/\/arteconfort.com\/wp-content\/uploads\/2023\/10\/ION-detalle-2-768x768.webp 768w, https:\/\/arteconfort.com\/wp-content\/uploads\/2023\/10\/ION-detalle-2-340x340.webp 340w, https:\/\/arteconfort.com\/wp-content\/uploads\/2023\/10\/ION-detalle-2-640x640.webp 640w, https:\/\/arteconfort.com\/wp-content\/uploads\/2023\/10\/ION-detalle-2-960x960.webp 960w, https:\/\/arteconfort.com\/wp-content\/uploads\/2023\/10\/ION-detalle-2-133x133.webp 133w, https:\/\/arteconfort.com\/wp-content\/uploads\/2023\/10\/ION-detalle-2-300x300.webp 300w, https:\/\/arteconfort.com\/wp-content\/uploads\/2023\/10\/ION-detalle-2-600x600.webp 600w, https:\/\/arteconfort.com\/wp-content\/uploads\/2023\/10\/ION-detalle-2-100x100.webp 100w\" sizes=\"auto, (max-width: 1024px) 100vw, 1024px\" \/><img loading=\"lazy\" decoding=\"async\" width=\"1024\" height=\"1024\" src=\"https:\/\/arteconfort.com\/wp-content\/uploads\/2023\/10\/ION-detalle.webp\" class=\"attachment-shop_catalog size-shop_catalog\" alt=\"L\u00e1mpara solar ION detalle\" srcset=\"https:\/\/arteconfort.com\/wp-content\/uploads\/2023\/10\/ION-detalle.webp 1024w, https:\/\/arteconfort.com\/wp-content\/uploads\/2023\/10\/ION-detalle-768x768.webp 768w, https:\/\/arteconfort.com\/wp-content\/uploads\/2023\/10\/ION-detalle-340x340.webp 340w, https:\/\/arteconfort.com\/wp-content\/uploads\/2023\/10\/ION-detalle-640x640.webp 640w, https:\/\/arteconfort.com\/wp-content\/uploads\/2023\/10\/ION-detalle-960x960.webp 960w, https:\/\/arteconfort.com\/wp-content\/uploads\/2023\/10\/ION-detalle-133x133.webp 133w, https:\/\/arteconfort.com\/wp-content\/uploads\/2023\/10\/ION-detalle-300x300.webp 300w, https:\/\/arteconfort.com\/wp-content\/uploads\/2023\/10\/ION-detalle-600x600.webp 600w, https:\/\/arteconfort.com\/wp-content\/uploads\/2023\/10\/ION-detalle-100x100.webp 100w\" sizes=\"auto, (max-width: 1024px) 100vw, 1024px\" \/><img loading=\"lazy\" decoding=\"async\" width=\"1024\" height=\"1024\" src=\"https:\/\/arteconfort.com\/wp-content\/uploads\/2023\/10\/ION-8.webp\" class=\"attachment-shop_catalog size-shop_catalog\" alt=\"L\u00e1mpara solar ION\" srcset=\"https:\/\/arteconfort.com\/wp-content\/uploads\/2023\/10\/ION-8.webp 1024w, https:\/\/arteconfort.com\/wp-content\/uploads\/2023\/10\/ION-8-768x768.webp 768w, https:\/\/arteconfort.com\/wp-content\/uploads\/2023\/10\/ION-8-340x340.webp 340w, https:\/\/arteconfort.com\/wp-content\/uploads\/2023\/10\/ION-8-640x640.webp 640w, https:\/\/arteconfort.com\/wp-content\/uploads\/2023\/10\/ION-8-960x960.webp 960w, https:\/\/arteconfort.com\/wp-content\/uploads\/2023\/10\/ION-8-133x133.webp 133w, https:\/\/arteconfort.com\/wp-content\/uploads\/2023\/10\/ION-8-300x300.webp 300w, https:\/\/arteconfort.com\/wp-content\/uploads\/2023\/10\/ION-8-600x600.webp 600w, https:\/\/arteconfort.com\/wp-content\/uploads\/2023\/10\/ION-8-100x100.webp 100w\" sizes=\"auto, (max-width: 1024px) 100vw, 1024px\" \/><img loading=\"lazy\" decoding=\"async\" width=\"1024\" height=\"1024\" src=\"https:\/\/arteconfort.com\/wp-content\/uploads\/2023\/10\/ION-7.webp\" class=\"attachment-shop_catalog size-shop_catalog\" alt=\"L\u00e1mpara solar ION perfil\" srcset=\"https:\/\/arteconfort.com\/wp-content\/uploads\/2023\/10\/ION-7.webp 1024w, https:\/\/arteconfort.com\/wp-content\/uploads\/2023\/10\/ION-7-768x768.webp 768w, https:\/\/arteconfort.com\/wp-content\/uploads\/2023\/10\/ION-7-340x340.webp 340w, https:\/\/arteconfort.com\/wp-content\/uploads\/2023\/10\/ION-7-640x640.webp 640w, https:\/\/arteconfort.com\/wp-content\/uploads\/2023\/10\/ION-7-960x960.webp 960w, https:\/\/arteconfort.com\/wp-content\/uploads\/2023\/10\/ION-7-133x133.webp 133w, https:\/\/arteconfort.com\/wp-content\/uploads\/2023\/10\/ION-7-300x300.webp 300w, https:\/\/arteconfort.com\/wp-content\/uploads\/2023\/10\/ION-7-600x600.webp 600w, https:\/\/arteconfort.com\/wp-content\/uploads\/2023\/10\/ION-7-100x100.webp 100w\" sizes=\"auto, (max-width: 1024px) 100vw, 1024px\" \/><img loading=\"lazy\" decoding=\"async\" width=\"1024\" height=\"1024\" src=\"https:\/\/arteconfort.com\/wp-content\/uploads\/2023\/10\/ION-6.webp\" class=\"attachment-shop_catalog size-shop_catalog\" alt=\"L\u00e1mpara solar ION perfil\" srcset=\"https:\/\/arteconfort.com\/wp-content\/uploads\/2023\/10\/ION-6.webp 1024w, https:\/\/arteconfort.com\/wp-content\/uploads\/2023\/10\/ION-6-768x768.webp 768w, https:\/\/arteconfort.com\/wp-content\/uploads\/2023\/10\/ION-6-340x340.webp 340w, https:\/\/arteconfort.com\/wp-content\/uploads\/2023\/10\/ION-6-640x640.webp 640w, https:\/\/arteconfort.com\/wp-content\/uploads\/2023\/10\/ION-6-960x960.webp 960w, https:\/\/arteconfort.com\/wp-content\/uploads\/2023\/10\/ION-6-133x133.webp 133w, https:\/\/arteconfort.com\/wp-content\/uploads\/2023\/10\/ION-6-300x300.webp 300w, https:\/\/arteconfort.com\/wp-content\/uploads\/2023\/10\/ION-6-600x600.webp 600w, https:\/\/arteconfort.com\/wp-content\/uploads\/2023\/10\/ION-6-100x100.webp 100w\" sizes=\"auto, (max-width: 1024px) 100vw, 1024px\" \/><img loading=\"lazy\" decoding=\"async\" width=\"1024\" height=\"1024\" src=\"https:\/\/arteconfort.com\/wp-content\/uploads\/2023\/10\/ION-5.webp\" class=\"attachment-shop_catalog size-shop_catalog\" alt=\"L\u00e1mpara solar ION desde abajo\" srcset=\"https:\/\/arteconfort.com\/wp-content\/uploads\/2023\/10\/ION-5.webp 1024w, https:\/\/arteconfort.com\/wp-content\/uploads\/2023\/10\/ION-5-768x768.webp 768w, https:\/\/arteconfort.com\/wp-content\/uploads\/2023\/10\/ION-5-340x340.webp 340w, https:\/\/arteconfort.com\/wp-content\/uploads\/2023\/10\/ION-5-640x640.webp 640w, https:\/\/arteconfort.com\/wp-content\/uploads\/2023\/10\/ION-5-960x960.webp 960w, https:\/\/arteconfort.com\/wp-content\/uploads\/2023\/10\/ION-5-133x133.webp 133w, https:\/\/arteconfort.com\/wp-content\/uploads\/2023\/10\/ION-5-300x300.webp 300w, https:\/\/arteconfort.com\/wp-content\/uploads\/2023\/10\/ION-5-600x600.webp 600w, https:\/\/arteconfort.com\/wp-content\/uploads\/2023\/10\/ION-5-100x100.webp 100w\" sizes=\"auto, (max-width: 1024px) 100vw, 1024px\" \/><img loading=\"lazy\" decoding=\"async\" width=\"1024\" height=\"1024\" src=\"https:\/\/arteconfort.com\/wp-content\/uploads\/2023\/10\/ION-grafico.webp\" class=\"attachment-shop_catalog size-shop_catalog\" alt=\"L\u00e1mpara solar ION dimensiones\" srcset=\"https:\/\/arteconfort.com\/wp-content\/uploads\/2023\/10\/ION-grafico.webp 1024w, https:\/\/arteconfort.com\/wp-content\/uploads\/2023\/10\/ION-grafico-768x768.webp 768w, https:\/\/arteconfort.com\/wp-content\/uploads\/2023\/10\/ION-grafico-340x340.webp 340w, https:\/\/arteconfort.com\/wp-content\/uploads\/2023\/10\/ION-grafico-640x640.webp 640w, https:\/\/arteconfort.com\/wp-content\/uploads\/2023\/10\/ION-grafico-960x960.webp 960w, https:\/\/arteconfort.com\/wp-content\/uploads\/2023\/10\/ION-grafico-133x133.webp 133w, https:\/\/arteconfort.com\/wp-content\/uploads\/2023\/10\/ION-grafico-300x300.webp 300w, https:\/\/arteconfort.com\/wp-content\/uploads\/2023\/10\/ION-grafico-600x600.webp 600w, https:\/\/arteconfort.com\/wp-content\/uploads\/2023\/10\/ION-grafico-100x100.webp 100w\" sizes=\"auto, (max-width: 1024px) 100vw, 1024px\" \/>\t<\/a>\n\t<div class=\"w-product-status\"><\/div>\t<span id=\"woocommerce_loop_add_to_cart_link_describedby_25481\" class=\"screen-reader-text\">\n\t\t\t<\/span>\n<\/div><div class=\"berocket_better_labels berocket_better_labels_image\"><div class=\"berocket_better_labels_position berocket_better_labels_position_right\"><div class=\"berocket_better_labels_line berocket_better_labels_line_1\"><div class=\"berocket_better_labels_inline berocket_better_labels_inline_1\"><div class=\"br_alabel br_alabel_type_text br_alabel_template_type_css berocket_alabel_id_22613  br_alabel_better_compatibility\" style=\"\"><span  style=\"\"><i style=\"background-color: #000000; border-color: #000000;\" class=\"template-span-before \"><\/i><i style=\"background-color: #000000; border-color: #000000;\" class=\"template-i \"><\/i><i style=\"background-color: #000000; border-color: #000000;\" class=\"template-i-before \"><\/i><i style=\"background-color: #000000; border-color: #000000;\" class=\"template-i-after \"><\/i><b style=\"position: relative;z-index: 100;text-align: center;color: inherit;\">Antiga colec\u00e7\u00e3o<\/b><\/span><\/div><\/div><\/div><\/div><\/div><figcaption><h2 class=\"woocommerce-loop-product__title\">ION<\/h2><div class=\"woocommerce-product-details__short-description\">\n\t<p>A l\u00e2mpada de tecto solar ION caracteriza-se por um design discreto e moderno, bem como por uma luz<\/div>\n\n<\/figcaption><\/figure><\/li>\n<li class=\"product type-product post-25159 status-publish instock product_cat-iluminacion-solar-de-pared-pt-pt product_cat-solar-pt-pt has-post-thumbnail shipping-taxable product-type-simple w-item col-3\">\n\t<figure><div class=\"image-wrapper\">\t\t<a href=\"https:\/\/arteconfort.com\/pt-pt\/producto\/ivy\/\" class=\"w-fadeslider\">\n\t<img loading=\"lazy\" decoding=\"async\" width=\"1024\" height=\"1024\" src=\"https:\/\/arteconfort.com\/wp-content\/uploads\/2023\/10\/IVY-ambiente.webp\" class=\"attachment-shop_catalog size-shop_catalog wp-post-image\" alt=\"Guirnalda solar de fibra IVY ambiente\" srcset=\"https:\/\/arteconfort.com\/wp-content\/uploads\/2023\/10\/IVY-ambiente.webp 1024w, https:\/\/arteconfort.com\/wp-content\/uploads\/2023\/10\/IVY-ambiente-768x768.webp 768w, https:\/\/arteconfort.com\/wp-content\/uploads\/2023\/10\/IVY-ambiente-340x340.webp 340w, https:\/\/arteconfort.com\/wp-content\/uploads\/2023\/10\/IVY-ambiente-640x640.webp 640w, https:\/\/arteconfort.com\/wp-content\/uploads\/2023\/10\/IVY-ambiente-960x960.webp 960w, https:\/\/arteconfort.com\/wp-content\/uploads\/2023\/10\/IVY-ambiente-133x133.webp 133w, https:\/\/arteconfort.com\/wp-content\/uploads\/2023\/10\/IVY-ambiente-300x300.webp 300w, https:\/\/arteconfort.com\/wp-content\/uploads\/2023\/10\/IVY-ambiente-600x600.webp 600w, https:\/\/arteconfort.com\/wp-content\/uploads\/2023\/10\/IVY-ambiente-100x100.webp 100w\" sizes=\"auto, (max-width: 1024px) 100vw, 1024px\" \/>\t<img loading=\"lazy\" decoding=\"async\" width=\"1024\" height=\"1024\" src=\"https:\/\/arteconfort.com\/wp-content\/uploads\/2024\/06\/solar-IVY-30484391-1.webp\" class=\"attachment-shop_catalog size-shop_catalog\" alt=\"Guirnalda solar IVY principal\" srcset=\"https:\/\/arteconfort.com\/wp-content\/uploads\/2024\/06\/solar-IVY-30484391-1.webp 1024w, https:\/\/arteconfort.com\/wp-content\/uploads\/2024\/06\/solar-IVY-30484391-1-768x768.webp 768w, https:\/\/arteconfort.com\/wp-content\/uploads\/2024\/06\/solar-IVY-30484391-1-340x340.webp 340w, https:\/\/arteconfort.com\/wp-content\/uploads\/2024\/06\/solar-IVY-30484391-1-640x640.webp 640w, https:\/\/arteconfort.com\/wp-content\/uploads\/2024\/06\/solar-IVY-30484391-1-960x960.webp 960w, https:\/\/arteconfort.com\/wp-content\/uploads\/2024\/06\/solar-IVY-30484391-1-300x300.webp 300w, https:\/\/arteconfort.com\/wp-content\/uploads\/2024\/06\/solar-IVY-30484391-1-600x600.webp 600w, https:\/\/arteconfort.com\/wp-content\/uploads\/2024\/06\/solar-IVY-30484391-1-100x100.webp 100w, https:\/\/arteconfort.com\/wp-content\/uploads\/2024\/06\/solar-IVY-30484391-1-133x133.webp 133w\" sizes=\"auto, (max-width: 1024px) 100vw, 1024px\" \/><img loading=\"lazy\" decoding=\"async\" width=\"1024\" height=\"1024\" src=\"https:\/\/arteconfort.com\/wp-content\/uploads\/2023\/10\/IVY-grafico.webp\" class=\"attachment-shop_catalog size-shop_catalog\" alt=\"Guirnalda solar de fibra IVY dimensiones\" srcset=\"https:\/\/arteconfort.com\/wp-content\/uploads\/2023\/10\/IVY-grafico.webp 1024w, https:\/\/arteconfort.com\/wp-content\/uploads\/2023\/10\/IVY-grafico-768x768.webp 768w, https:\/\/arteconfort.com\/wp-content\/uploads\/2023\/10\/IVY-grafico-340x340.webp 340w, https:\/\/arteconfort.com\/wp-content\/uploads\/2023\/10\/IVY-grafico-640x640.webp 640w, https:\/\/arteconfort.com\/wp-content\/uploads\/2023\/10\/IVY-grafico-960x960.webp 960w, https:\/\/arteconfort.com\/wp-content\/uploads\/2023\/10\/IVY-grafico-133x133.webp 133w, https:\/\/arteconfort.com\/wp-content\/uploads\/2023\/10\/IVY-grafico-300x300.webp 300w, https:\/\/arteconfort.com\/wp-content\/uploads\/2023\/10\/IVY-grafico-600x600.webp 600w, https:\/\/arteconfort.com\/wp-content\/uploads\/2023\/10\/IVY-grafico-100x100.webp 100w\" sizes=\"auto, (max-width: 1024px) 100vw, 1024px\" \/>\t<\/a>\n\t<div class=\"w-product-status\"><\/div>\t<span id=\"woocommerce_loop_add_to_cart_link_describedby_25159\" class=\"screen-reader-text\">\n\t\t\t<\/span>\n<\/div><figcaption><h2 class=\"woocommerce-loop-product__title\">IVY<\/h2><div class=\"woocommerce-product-details__short-description\">\n\t<p>A grinalda solar IVY caracteriza-se por um design moderno, de fibra de luz, bem como por uma luz<\/div>\n\n<\/figcaption><\/figure><\/li>\n<li class=\"product type-product post-17594 status-publish instock product_cat-coleccion-antigua-pt product_cat-iluminacion-solar-de-sobremuro-pt-pt product_cat-solar-pt-pt has-post-thumbnail shipping-taxable product-type-simple w-item col-3\">\n\t<figure><div class=\"image-wrapper\">\t\t<a href=\"https:\/\/arteconfort.com\/pt-pt\/producto\/jano-sobremuro\/\" class=\"w-fadeslider\">\n\t<img loading=\"lazy\" decoding=\"async\" width=\"300\" height=\"300\" src=\"https:\/\/arteconfort.com\/wp-content\/uploads\/2021\/10\/JANO-SOBREMURO-300x300.jpg\" class=\"attachment-shop_catalog size-shop_catalog wp-post-image\" alt=\"Luz de parede JANO wallwashing\" srcset=\"https:\/\/arteconfort.com\/wp-content\/uploads\/2021\/10\/JANO-SOBREMURO-300x300.jpg 300w, https:\/\/arteconfort.com\/wp-content\/uploads\/2021\/10\/JANO-SOBREMURO-768x768.jpg 768w, https:\/\/arteconfort.com\/wp-content\/uploads\/2021\/10\/JANO-SOBREMURO-340x340.jpg 340w, https:\/\/arteconfort.com\/wp-content\/uploads\/2021\/10\/JANO-SOBREMURO-640x640.jpg 640w, https:\/\/arteconfort.com\/wp-content\/uploads\/2021\/10\/JANO-SOBREMURO-960x960.jpg 960w, https:\/\/arteconfort.com\/wp-content\/uploads\/2021\/10\/JANO-SOBREMURO-600x600.jpg 600w, https:\/\/arteconfort.com\/wp-content\/uploads\/2021\/10\/JANO-SOBREMURO-100x100.jpg 100w, https:\/\/arteconfort.com\/wp-content\/uploads\/2021\/10\/JANO-SOBREMURO-133x133.jpg 133w, https:\/\/arteconfort.com\/wp-content\/uploads\/2021\/10\/JANO-SOBREMURO.jpg 1024w\" sizes=\"auto, (max-width: 300px) 100vw, 300px\" \/>\t<img loading=\"lazy\" decoding=\"async\" width=\"300\" height=\"300\" src=\"https:\/\/arteconfort.com\/wp-content\/uploads\/2021\/10\/JANO-SOBREMURO-ambiente-300x300.jpg\" class=\"attachment-shop_catalog size-shop_catalog\" alt=\"JANO luz solar para lavagem das paredes ao ar livre durante a noite\" srcset=\"https:\/\/arteconfort.com\/wp-content\/uploads\/2021\/10\/JANO-SOBREMURO-ambiente-300x300.jpg 300w, https:\/\/arteconfort.com\/wp-content\/uploads\/2021\/10\/JANO-SOBREMURO-ambiente-768x768.jpg 768w, https:\/\/arteconfort.com\/wp-content\/uploads\/2021\/10\/JANO-SOBREMURO-ambiente-340x340.jpg 340w, https:\/\/arteconfort.com\/wp-content\/uploads\/2021\/10\/JANO-SOBREMURO-ambiente-640x640.jpg 640w, https:\/\/arteconfort.com\/wp-content\/uploads\/2021\/10\/JANO-SOBREMURO-ambiente-960x960.jpg 960w, https:\/\/arteconfort.com\/wp-content\/uploads\/2021\/10\/JANO-SOBREMURO-ambiente-133x133.jpg 133w, https:\/\/arteconfort.com\/wp-content\/uploads\/2021\/10\/JANO-SOBREMURO-ambiente-600x600.jpg 600w, https:\/\/arteconfort.com\/wp-content\/uploads\/2021\/10\/JANO-SOBREMURO-ambiente-100x100.jpg 100w, https:\/\/arteconfort.com\/wp-content\/uploads\/2021\/10\/JANO-SOBREMURO-ambiente.jpg 1024w\" sizes=\"auto, (max-width: 300px) 100vw, 300px\" \/><img loading=\"lazy\" decoding=\"async\" width=\"300\" height=\"300\" src=\"https:\/\/arteconfort.com\/wp-content\/uploads\/2021\/10\/JANO-SOBREMURO-ambiente-3-300x300.jpg\" class=\"attachment-shop_catalog size-shop_catalog\" alt=\"Wallwasher solar exterior JANO Daylight 2\" srcset=\"https:\/\/arteconfort.com\/wp-content\/uploads\/2021\/10\/JANO-SOBREMURO-ambiente-3-300x300.jpg 300w, https:\/\/arteconfort.com\/wp-content\/uploads\/2021\/10\/JANO-SOBREMURO-ambiente-3-768x768.jpg 768w, https:\/\/arteconfort.com\/wp-content\/uploads\/2021\/10\/JANO-SOBREMURO-ambiente-3-340x340.jpg 340w, https:\/\/arteconfort.com\/wp-content\/uploads\/2021\/10\/JANO-SOBREMURO-ambiente-3-640x640.jpg 640w, https:\/\/arteconfort.com\/wp-content\/uploads\/2021\/10\/JANO-SOBREMURO-ambiente-3-960x960.jpg 960w, https:\/\/arteconfort.com\/wp-content\/uploads\/2021\/10\/JANO-SOBREMURO-ambiente-3-133x133.jpg 133w, https:\/\/arteconfort.com\/wp-content\/uploads\/2021\/10\/JANO-SOBREMURO-ambiente-3-600x600.jpg 600w, https:\/\/arteconfort.com\/wp-content\/uploads\/2021\/10\/JANO-SOBREMURO-ambiente-3-100x100.jpg 100w, https:\/\/arteconfort.com\/wp-content\/uploads\/2021\/10\/JANO-SOBREMURO-ambiente-3.jpg 1024w\" sizes=\"auto, (max-width: 300px) 100vw, 300px\" \/><img loading=\"lazy\" decoding=\"async\" width=\"300\" height=\"300\" src=\"https:\/\/arteconfort.com\/wp-content\/uploads\/2021\/10\/JANO-SOBREMURO-2-300x300.jpg\" class=\"attachment-shop_catalog size-shop_catalog\" alt=\"Luz de parede de perfil JANO\" srcset=\"https:\/\/arteconfort.com\/wp-content\/uploads\/2021\/10\/JANO-SOBREMURO-2-300x300.jpg 300w, https:\/\/arteconfort.com\/wp-content\/uploads\/2021\/10\/JANO-SOBREMURO-2-768x768.jpg 768w, https:\/\/arteconfort.com\/wp-content\/uploads\/2021\/10\/JANO-SOBREMURO-2-340x340.jpg 340w, https:\/\/arteconfort.com\/wp-content\/uploads\/2021\/10\/JANO-SOBREMURO-2-640x640.jpg 640w, https:\/\/arteconfort.com\/wp-content\/uploads\/2021\/10\/JANO-SOBREMURO-2-960x960.jpg 960w, https:\/\/arteconfort.com\/wp-content\/uploads\/2021\/10\/JANO-SOBREMURO-2-133x133.jpg 133w, https:\/\/arteconfort.com\/wp-content\/uploads\/2021\/10\/JANO-SOBREMURO-2-600x600.jpg 600w, https:\/\/arteconfort.com\/wp-content\/uploads\/2021\/10\/JANO-SOBREMURO-2-100x100.jpg 100w, https:\/\/arteconfort.com\/wp-content\/uploads\/2021\/10\/JANO-SOBREMURO-2.jpg 1024w\" sizes=\"auto, (max-width: 300px) 100vw, 300px\" \/><img loading=\"lazy\" decoding=\"async\" width=\"300\" height=\"300\" src=\"https:\/\/arteconfort.com\/wp-content\/uploads\/2021\/10\/JANO-SOBREMURO-3-300x300.jpg\" class=\"attachment-shop_catalog size-shop_catalog\" alt=\"JANO luz de fundo para lavagem de paredes\" srcset=\"https:\/\/arteconfort.com\/wp-content\/uploads\/2021\/10\/JANO-SOBREMURO-3-300x300.jpg 300w, https:\/\/arteconfort.com\/wp-content\/uploads\/2021\/10\/JANO-SOBREMURO-3-768x768.jpg 768w, https:\/\/arteconfort.com\/wp-content\/uploads\/2021\/10\/JANO-SOBREMURO-3-340x340.jpg 340w, https:\/\/arteconfort.com\/wp-content\/uploads\/2021\/10\/JANO-SOBREMURO-3-640x640.jpg 640w, https:\/\/arteconfort.com\/wp-content\/uploads\/2021\/10\/JANO-SOBREMURO-3-960x960.jpg 960w, https:\/\/arteconfort.com\/wp-content\/uploads\/2021\/10\/JANO-SOBREMURO-3-133x133.jpg 133w, https:\/\/arteconfort.com\/wp-content\/uploads\/2021\/10\/JANO-SOBREMURO-3-600x600.jpg 600w, https:\/\/arteconfort.com\/wp-content\/uploads\/2021\/10\/JANO-SOBREMURO-3-100x100.jpg 100w, https:\/\/arteconfort.com\/wp-content\/uploads\/2021\/10\/JANO-SOBREMURO-3.jpg 1024w\" sizes=\"auto, (max-width: 300px) 100vw, 300px\" \/><img loading=\"lazy\" decoding=\"async\" width=\"300\" height=\"300\" src=\"https:\/\/arteconfort.com\/wp-content\/uploads\/2021\/10\/JANO-SOBREMURO-4-300x300.jpg\" class=\"attachment-shop_catalog size-shop_catalog\" alt=\"JANO sensor de luz solar para lavagem de paredes\" srcset=\"https:\/\/arteconfort.com\/wp-content\/uploads\/2021\/10\/JANO-SOBREMURO-4-300x300.jpg 300w, https:\/\/arteconfort.com\/wp-content\/uploads\/2021\/10\/JANO-SOBREMURO-4-768x768.jpg 768w, https:\/\/arteconfort.com\/wp-content\/uploads\/2021\/10\/JANO-SOBREMURO-4-340x340.jpg 340w, https:\/\/arteconfort.com\/wp-content\/uploads\/2021\/10\/JANO-SOBREMURO-4-640x640.jpg 640w, https:\/\/arteconfort.com\/wp-content\/uploads\/2021\/10\/JANO-SOBREMURO-4-960x960.jpg 960w, https:\/\/arteconfort.com\/wp-content\/uploads\/2021\/10\/JANO-SOBREMURO-4-133x133.jpg 133w, https:\/\/arteconfort.com\/wp-content\/uploads\/2021\/10\/JANO-SOBREMURO-4-600x600.jpg 600w, https:\/\/arteconfort.com\/wp-content\/uploads\/2021\/10\/JANO-SOBREMURO-4-100x100.jpg 100w, https:\/\/arteconfort.com\/wp-content\/uploads\/2021\/10\/JANO-SOBREMURO-4.jpg 1024w\" sizes=\"auto, (max-width: 300px) 100vw, 300px\" \/>\t<\/a>\n\t<div class=\"w-product-status\"><\/div>\t<span id=\"woocommerce_loop_add_to_cart_link_describedby_17594\" class=\"screen-reader-text\">\n\t\t\t<\/span>\n<\/div><div class=\"berocket_better_labels berocket_better_labels_image\"><div class=\"berocket_better_labels_position berocket_better_labels_position_right\"><div class=\"berocket_better_labels_line berocket_better_labels_line_1\"><div class=\"berocket_better_labels_inline berocket_better_labels_inline_1\"><div class=\"br_alabel br_alabel_type_text br_alabel_template_type_css berocket_alabel_id_22613  br_alabel_better_compatibility\" style=\"\"><span  style=\"\"><i style=\"background-color: #000000; border-color: #000000;\" class=\"template-span-before \"><\/i><i style=\"background-color: #000000; border-color: #000000;\" class=\"template-i \"><\/i><i style=\"background-color: #000000; border-color: #000000;\" class=\"template-i-before \"><\/i><i style=\"background-color: #000000; border-color: #000000;\" class=\"template-i-after \"><\/i><b style=\"position: relative;z-index: 100;text-align: center;color: inherit;\">Antiga colec\u00e7\u00e3o<\/b><\/span><\/div><\/div><\/div><\/div><\/div><figcaption><h2 class=\"woocommerce-loop-product__title\">JANO SOBREMURO<\/h2><div class=\"woocommerce-product-details__short-description\">\n\t<p>A luz solar JANO \u00e9 caracterizada por um design elegante, ideal para iluminar qualquer \u00e1rea do seu terra\u00e7o<\/div>\n\n<\/figcaption><\/figure><\/li>\n<li class=\"product type-product post-25475 status-publish last instock product_cat-coleccion-antigua-pt product_cat-solar-pt-pt product_cat-iluminacion-solar-de-suelo-pt-pt has-post-thumbnail shipping-taxable product-type-simple w-item col-3\">\n\t<figure><div class=\"image-wrapper\">\t\t<a href=\"https:\/\/arteconfort.com\/pt-pt\/producto\/liceo-trio\/\" class=\"w-fadeslider\">\n\t<img loading=\"lazy\" decoding=\"async\" width=\"1024\" height=\"1024\" src=\"https:\/\/arteconfort.com\/wp-content\/uploads\/2023\/10\/LICEO-TRIO.webp\" class=\"attachment-shop_catalog size-shop_catalog wp-post-image\" alt=\"Focos solares sumergibles LICEO TRIO\" srcset=\"https:\/\/arteconfort.com\/wp-content\/uploads\/2023\/10\/LICEO-TRIO.webp 1024w, https:\/\/arteconfort.com\/wp-content\/uploads\/2023\/10\/LICEO-TRIO-768x768.webp 768w, https:\/\/arteconfort.com\/wp-content\/uploads\/2023\/10\/LICEO-TRIO-340x340.webp 340w, https:\/\/arteconfort.com\/wp-content\/uploads\/2023\/10\/LICEO-TRIO-640x640.webp 640w, https:\/\/arteconfort.com\/wp-content\/uploads\/2023\/10\/LICEO-TRIO-960x960.webp 960w, https:\/\/arteconfort.com\/wp-content\/uploads\/2023\/10\/LICEO-TRIO-300x300.webp 300w, https:\/\/arteconfort.com\/wp-content\/uploads\/2023\/10\/LICEO-TRIO-600x600.webp 600w, https:\/\/arteconfort.com\/wp-content\/uploads\/2023\/10\/LICEO-TRIO-100x100.webp 100w, https:\/\/arteconfort.com\/wp-content\/uploads\/2023\/10\/LICEO-TRIO-133x133.webp 133w\" sizes=\"auto, (max-width: 1024px) 100vw, 1024px\" \/>\t<img loading=\"lazy\" decoding=\"async\" width=\"1024\" height=\"1024\" src=\"https:\/\/arteconfort.com\/wp-content\/uploads\/2023\/10\/LICEO-TRIO-ambiente.webp\" class=\"attachment-shop_catalog size-shop_catalog\" alt=\"Focos solares sumergibles LICEO TRIO ambiente\" srcset=\"https:\/\/arteconfort.com\/wp-content\/uploads\/2023\/10\/LICEO-TRIO-ambiente.webp 1024w, https:\/\/arteconfort.com\/wp-content\/uploads\/2023\/10\/LICEO-TRIO-ambiente-768x768.webp 768w, https:\/\/arteconfort.com\/wp-content\/uploads\/2023\/10\/LICEO-TRIO-ambiente-340x340.webp 340w, https:\/\/arteconfort.com\/wp-content\/uploads\/2023\/10\/LICEO-TRIO-ambiente-640x640.webp 640w, https:\/\/arteconfort.com\/wp-content\/uploads\/2023\/10\/LICEO-TRIO-ambiente-960x960.webp 960w, https:\/\/arteconfort.com\/wp-content\/uploads\/2023\/10\/LICEO-TRIO-ambiente-133x133.webp 133w, https:\/\/arteconfort.com\/wp-content\/uploads\/2023\/10\/LICEO-TRIO-ambiente-300x300.webp 300w, https:\/\/arteconfort.com\/wp-content\/uploads\/2023\/10\/LICEO-TRIO-ambiente-600x600.webp 600w, https:\/\/arteconfort.com\/wp-content\/uploads\/2023\/10\/LICEO-TRIO-ambiente-100x100.webp 100w\" sizes=\"auto, (max-width: 1024px) 100vw, 1024px\" \/><img loading=\"lazy\" decoding=\"async\" width=\"1024\" height=\"1024\" src=\"https:\/\/arteconfort.com\/wp-content\/uploads\/2023\/10\/LICEO-TRIO-detalle.webp\" class=\"attachment-shop_catalog size-shop_catalog\" alt=\"Focos solares sumergibles LICEO TRIO\" srcset=\"https:\/\/arteconfort.com\/wp-content\/uploads\/2023\/10\/LICEO-TRIO-detalle.webp 1024w, https:\/\/arteconfort.com\/wp-content\/uploads\/2023\/10\/LICEO-TRIO-detalle-768x768.webp 768w, https:\/\/arteconfort.com\/wp-content\/uploads\/2023\/10\/LICEO-TRIO-detalle-340x340.webp 340w, https:\/\/arteconfort.com\/wp-content\/uploads\/2023\/10\/LICEO-TRIO-detalle-640x640.webp 640w, https:\/\/arteconfort.com\/wp-content\/uploads\/2023\/10\/LICEO-TRIO-detalle-960x960.webp 960w, https:\/\/arteconfort.com\/wp-content\/uploads\/2023\/10\/LICEO-TRIO-detalle-133x133.webp 133w, https:\/\/arteconfort.com\/wp-content\/uploads\/2023\/10\/LICEO-TRIO-detalle-300x300.webp 300w, https:\/\/arteconfort.com\/wp-content\/uploads\/2023\/10\/LICEO-TRIO-detalle-600x600.webp 600w, https:\/\/arteconfort.com\/wp-content\/uploads\/2023\/10\/LICEO-TRIO-detalle-100x100.webp 100w\" sizes=\"auto, (max-width: 1024px) 100vw, 1024px\" \/><img loading=\"lazy\" decoding=\"async\" width=\"1024\" height=\"1024\" src=\"https:\/\/arteconfort.com\/wp-content\/uploads\/2023\/10\/LICEO-TRIO-2.webp\" class=\"attachment-shop_catalog size-shop_catalog\" alt=\"Focos solares sumergibles LICEO TRIO\" srcset=\"https:\/\/arteconfort.com\/wp-content\/uploads\/2023\/10\/LICEO-TRIO-2.webp 1024w, https:\/\/arteconfort.com\/wp-content\/uploads\/2023\/10\/LICEO-TRIO-2-768x768.webp 768w, https:\/\/arteconfort.com\/wp-content\/uploads\/2023\/10\/LICEO-TRIO-2-340x340.webp 340w, https:\/\/arteconfort.com\/wp-content\/uploads\/2023\/10\/LICEO-TRIO-2-640x640.webp 640w, https:\/\/arteconfort.com\/wp-content\/uploads\/2023\/10\/LICEO-TRIO-2-960x960.webp 960w, https:\/\/arteconfort.com\/wp-content\/uploads\/2023\/10\/LICEO-TRIO-2-133x133.webp 133w, https:\/\/arteconfort.com\/wp-content\/uploads\/2023\/10\/LICEO-TRIO-2-300x300.webp 300w, https:\/\/arteconfort.com\/wp-content\/uploads\/2023\/10\/LICEO-TRIO-2-600x600.webp 600w, https:\/\/arteconfort.com\/wp-content\/uploads\/2023\/10\/LICEO-TRIO-2-100x100.webp 100w\" sizes=\"auto, (max-width: 1024px) 100vw, 1024px\" \/><img loading=\"lazy\" decoding=\"async\" width=\"1024\" height=\"1024\" src=\"https:\/\/arteconfort.com\/wp-content\/uploads\/2023\/10\/LICEO-TRIO-grafico.webp\" class=\"attachment-shop_catalog size-shop_catalog\" alt=\"Focos solares sumergibles LICEO TRIO dimensiones\" srcset=\"https:\/\/arteconfort.com\/wp-content\/uploads\/2023\/10\/LICEO-TRIO-grafico.webp 1024w, https:\/\/arteconfort.com\/wp-content\/uploads\/2023\/10\/LICEO-TRIO-grafico-768x768.webp 768w, https:\/\/arteconfort.com\/wp-content\/uploads\/2023\/10\/LICEO-TRIO-grafico-340x340.webp 340w, https:\/\/arteconfort.com\/wp-content\/uploads\/2023\/10\/LICEO-TRIO-grafico-640x640.webp 640w, https:\/\/arteconfort.com\/wp-content\/uploads\/2023\/10\/LICEO-TRIO-grafico-960x960.webp 960w, https:\/\/arteconfort.com\/wp-content\/uploads\/2023\/10\/LICEO-TRIO-grafico-133x133.webp 133w, https:\/\/arteconfort.com\/wp-content\/uploads\/2023\/10\/LICEO-TRIO-grafico-300x300.webp 300w, https:\/\/arteconfort.com\/wp-content\/uploads\/2023\/10\/LICEO-TRIO-grafico-600x600.webp 600w, https:\/\/arteconfort.com\/wp-content\/uploads\/2023\/10\/LICEO-TRIO-grafico-100x100.webp 100w\" sizes=\"auto, (max-width: 1024px) 100vw, 1024px\" \/>\t<\/a>\n\t<div class=\"w-product-status\"><\/div>\t<span id=\"woocommerce_loop_add_to_cart_link_describedby_25475\" class=\"screen-reader-text\">\n\t\t\t<\/span>\n<\/div><div class=\"berocket_better_labels berocket_better_labels_image\"><div class=\"berocket_better_labels_position berocket_better_labels_position_right\"><div class=\"berocket_better_labels_line berocket_better_labels_line_1\"><div class=\"berocket_better_labels_inline berocket_better_labels_inline_1\"><div class=\"br_alabel br_alabel_type_text br_alabel_template_type_css berocket_alabel_id_22613  br_alabel_better_compatibility\" style=\"\"><span  style=\"\"><i style=\"background-color: #000000; border-color: #000000;\" class=\"template-span-before \"><\/i><i style=\"background-color: #000000; border-color: #000000;\" class=\"template-i \"><\/i><i style=\"background-color: #000000; border-color: #000000;\" class=\"template-i-before \"><\/i><i style=\"background-color: #000000; border-color: #000000;\" class=\"template-i-after \"><\/i><b style=\"position: relative;z-index: 100;text-align: center;color: inherit;\">Antiga colec\u00e7\u00e3o<\/b><\/span><\/div><\/div><\/div><\/div><\/div><figcaption><h2 class=\"woocommerce-loop-product__title\">LICEO TRIO<\/h2><div class=\"woocommerce-product-details__short-description\">\n\t<p>Estes projectores solares submers\u00edveis LICEO TRIO s\u00e3o caracterizados por um design criado para que possam ser submers\u00edveis, elegantes,<\/div>\n\n<\/figcaption><\/figure><\/li>\n<li class=\"product type-product post-11145 status-publish first instock product_cat-iluminacion-solar-de-pared-pt-pt product_cat-solar-pt-pt has-post-thumbnail shipping-taxable product-type-external w-item col-3\">\n\t<figure><div class=\"image-wrapper\">\t\t<a href=\"https:\/\/arteconfort.com\/pt-pt\/producto\/lira\/\" class=\"w-fadeslider\">\n\t<img loading=\"lazy\" decoding=\"async\" width=\"1024\" height=\"1024\" src=\"https:\/\/arteconfort.com\/wp-content\/uploads\/2023\/10\/LIRA-ambiente-principal.webp\" class=\"attachment-shop_catalog size-shop_catalog wp-post-image\" alt=\"Guirnalda LIRA en forma curva iluminada\" srcset=\"https:\/\/arteconfort.com\/wp-content\/uploads\/2023\/10\/LIRA-ambiente-principal.webp 1024w, https:\/\/arteconfort.com\/wp-content\/uploads\/2023\/10\/LIRA-ambiente-principal-768x768.webp 768w, https:\/\/arteconfort.com\/wp-content\/uploads\/2023\/10\/LIRA-ambiente-principal-340x340.webp 340w, https:\/\/arteconfort.com\/wp-content\/uploads\/2023\/10\/LIRA-ambiente-principal-640x640.webp 640w, https:\/\/arteconfort.com\/wp-content\/uploads\/2023\/10\/LIRA-ambiente-principal-960x960.webp 960w, https:\/\/arteconfort.com\/wp-content\/uploads\/2023\/10\/LIRA-ambiente-principal-133x133.webp 133w, https:\/\/arteconfort.com\/wp-content\/uploads\/2023\/10\/LIRA-ambiente-principal-300x300.webp 300w, https:\/\/arteconfort.com\/wp-content\/uploads\/2023\/10\/LIRA-ambiente-principal-600x600.webp 600w, https:\/\/arteconfort.com\/wp-content\/uploads\/2023\/10\/LIRA-ambiente-principal-100x100.webp 100w\" sizes=\"auto, (max-width: 1024px) 100vw, 1024px\" \/>\t<img loading=\"lazy\" decoding=\"async\" width=\"1024\" height=\"1024\" src=\"https:\/\/arteconfort.com\/wp-content\/uploads\/2023\/10\/LIRA-pare-ambiente.webp\" class=\"attachment-shop_catalog size-shop_catalog\" alt=\"Guirnalda solar LIRA en pared\" srcset=\"https:\/\/arteconfort.com\/wp-content\/uploads\/2023\/10\/LIRA-pare-ambiente.webp 1024w, https:\/\/arteconfort.com\/wp-content\/uploads\/2023\/10\/LIRA-pare-ambiente-768x768.webp 768w, https:\/\/arteconfort.com\/wp-content\/uploads\/2023\/10\/LIRA-pare-ambiente-340x340.webp 340w, https:\/\/arteconfort.com\/wp-content\/uploads\/2023\/10\/LIRA-pare-ambiente-640x640.webp 640w, https:\/\/arteconfort.com\/wp-content\/uploads\/2023\/10\/LIRA-pare-ambiente-960x960.webp 960w, https:\/\/arteconfort.com\/wp-content\/uploads\/2023\/10\/LIRA-pare-ambiente-133x133.webp 133w, https:\/\/arteconfort.com\/wp-content\/uploads\/2023\/10\/LIRA-pare-ambiente-300x300.webp 300w, https:\/\/arteconfort.com\/wp-content\/uploads\/2023\/10\/LIRA-pare-ambiente-600x600.webp 600w, https:\/\/arteconfort.com\/wp-content\/uploads\/2023\/10\/LIRA-pare-ambiente-100x100.webp 100w\" sizes=\"auto, (max-width: 1024px) 100vw, 1024px\" \/><img loading=\"lazy\" decoding=\"async\" width=\"1024\" height=\"1024\" src=\"https:\/\/arteconfort.com\/wp-content\/uploads\/2023\/10\/LIRA-ambiente-galeria.webp\" class=\"attachment-shop_catalog size-shop_catalog\" alt=\"Guirnalda LIRA en fila iluminada\" srcset=\"https:\/\/arteconfort.com\/wp-content\/uploads\/2023\/10\/LIRA-ambiente-galeria.webp 1024w, https:\/\/arteconfort.com\/wp-content\/uploads\/2023\/10\/LIRA-ambiente-galeria-768x768.webp 768w, https:\/\/arteconfort.com\/wp-content\/uploads\/2023\/10\/LIRA-ambiente-galeria-340x340.webp 340w, https:\/\/arteconfort.com\/wp-content\/uploads\/2023\/10\/LIRA-ambiente-galeria-640x640.webp 640w, https:\/\/arteconfort.com\/wp-content\/uploads\/2023\/10\/LIRA-ambiente-galeria-960x960.webp 960w, https:\/\/arteconfort.com\/wp-content\/uploads\/2023\/10\/LIRA-ambiente-galeria-133x133.webp 133w, https:\/\/arteconfort.com\/wp-content\/uploads\/2023\/10\/LIRA-ambiente-galeria-300x300.webp 300w, https:\/\/arteconfort.com\/wp-content\/uploads\/2023\/10\/LIRA-ambiente-galeria-600x600.webp 600w, https:\/\/arteconfort.com\/wp-content\/uploads\/2023\/10\/LIRA-ambiente-galeria-100x100.webp 100w\" sizes=\"auto, (max-width: 1024px) 100vw, 1024px\" \/><img loading=\"lazy\" decoding=\"async\" width=\"1024\" height=\"1024\" src=\"https:\/\/arteconfort.com\/wp-content\/uploads\/2020\/12\/APLIQUE-SOLAR-LIRA.webp\" class=\"attachment-shop_catalog size-shop_catalog\" alt=\"\" srcset=\"https:\/\/arteconfort.com\/wp-content\/uploads\/2020\/12\/APLIQUE-SOLAR-LIRA.webp 1024w, https:\/\/arteconfort.com\/wp-content\/uploads\/2020\/12\/APLIQUE-SOLAR-LIRA-768x768.webp 768w, https:\/\/arteconfort.com\/wp-content\/uploads\/2020\/12\/APLIQUE-SOLAR-LIRA-340x340.webp 340w, https:\/\/arteconfort.com\/wp-content\/uploads\/2020\/12\/APLIQUE-SOLAR-LIRA-640x640.webp 640w, https:\/\/arteconfort.com\/wp-content\/uploads\/2020\/12\/APLIQUE-SOLAR-LIRA-960x960.webp 960w, https:\/\/arteconfort.com\/wp-content\/uploads\/2020\/12\/APLIQUE-SOLAR-LIRA-300x300.webp 300w, https:\/\/arteconfort.com\/wp-content\/uploads\/2020\/12\/APLIQUE-SOLAR-LIRA-600x600.webp 600w, https:\/\/arteconfort.com\/wp-content\/uploads\/2020\/12\/APLIQUE-SOLAR-LIRA-100x100.webp 100w, https:\/\/arteconfort.com\/wp-content\/uploads\/2020\/12\/APLIQUE-SOLAR-LIRA-133x133.webp 133w\" sizes=\"auto, (max-width: 1024px) 100vw, 1024px\" \/><img loading=\"lazy\" decoding=\"async\" width=\"1024\" height=\"1024\" src=\"https:\/\/arteconfort.com\/wp-content\/uploads\/2023\/10\/LIRA-detalle-bombilla-SOMBRA.webp\" class=\"attachment-shop_catalog size-shop_catalog\" alt=\"Guirnalda solar LIRA detalle bombilla\" srcset=\"https:\/\/arteconfort.com\/wp-content\/uploads\/2023\/10\/LIRA-detalle-bombilla-SOMBRA.webp 1024w, https:\/\/arteconfort.com\/wp-content\/uploads\/2023\/10\/LIRA-detalle-bombilla-SOMBRA-768x768.webp 768w, https:\/\/arteconfort.com\/wp-content\/uploads\/2023\/10\/LIRA-detalle-bombilla-SOMBRA-340x340.webp 340w, https:\/\/arteconfort.com\/wp-content\/uploads\/2023\/10\/LIRA-detalle-bombilla-SOMBRA-640x640.webp 640w, https:\/\/arteconfort.com\/wp-content\/uploads\/2023\/10\/LIRA-detalle-bombilla-SOMBRA-960x960.webp 960w, https:\/\/arteconfort.com\/wp-content\/uploads\/2023\/10\/LIRA-detalle-bombilla-SOMBRA-133x133.webp 133w, https:\/\/arteconfort.com\/wp-content\/uploads\/2023\/10\/LIRA-detalle-bombilla-SOMBRA-300x300.webp 300w, https:\/\/arteconfort.com\/wp-content\/uploads\/2023\/10\/LIRA-detalle-bombilla-SOMBRA-600x600.webp 600w, https:\/\/arteconfort.com\/wp-content\/uploads\/2023\/10\/LIRA-detalle-bombilla-SOMBRA-100x100.webp 100w\" sizes=\"auto, (max-width: 1024px) 100vw, 1024px\" \/><img loading=\"lazy\" decoding=\"async\" width=\"1024\" height=\"1024\" src=\"https:\/\/arteconfort.com\/wp-content\/uploads\/2020\/12\/APLIQUE-SOLAR-LIRA-LUCES-Y-PANEL.webp\" class=\"attachment-shop_catalog size-shop_catalog\" alt=\"\" srcset=\"https:\/\/arteconfort.com\/wp-content\/uploads\/2020\/12\/APLIQUE-SOLAR-LIRA-LUCES-Y-PANEL.webp 1024w, https:\/\/arteconfort.com\/wp-content\/uploads\/2020\/12\/APLIQUE-SOLAR-LIRA-LUCES-Y-PANEL-768x768.webp 768w, https:\/\/arteconfort.com\/wp-content\/uploads\/2020\/12\/APLIQUE-SOLAR-LIRA-LUCES-Y-PANEL-340x340.webp 340w, https:\/\/arteconfort.com\/wp-content\/uploads\/2020\/12\/APLIQUE-SOLAR-LIRA-LUCES-Y-PANEL-640x640.webp 640w, https:\/\/arteconfort.com\/wp-content\/uploads\/2020\/12\/APLIQUE-SOLAR-LIRA-LUCES-Y-PANEL-960x960.webp 960w, https:\/\/arteconfort.com\/wp-content\/uploads\/2020\/12\/APLIQUE-SOLAR-LIRA-LUCES-Y-PANEL-133x133.webp 133w, https:\/\/arteconfort.com\/wp-content\/uploads\/2020\/12\/APLIQUE-SOLAR-LIRA-LUCES-Y-PANEL-300x300.webp 300w, https:\/\/arteconfort.com\/wp-content\/uploads\/2020\/12\/APLIQUE-SOLAR-LIRA-LUCES-Y-PANEL-600x600.webp 600w, https:\/\/arteconfort.com\/wp-content\/uploads\/2020\/12\/APLIQUE-SOLAR-LIRA-LUCES-Y-PANEL-100x100.webp 100w\" sizes=\"auto, (max-width: 1024px) 100vw, 1024px\" \/><img loading=\"lazy\" decoding=\"async\" width=\"1024\" height=\"1024\" src=\"https:\/\/arteconfort.com\/wp-content\/uploads\/2023\/10\/LIRA-panel-solar-2.webp\" class=\"attachment-shop_catalog size-shop_catalog\" alt=\"Guirnalda solar LIRA detalle panel solar frontal\" srcset=\"https:\/\/arteconfort.com\/wp-content\/uploads\/2023\/10\/LIRA-panel-solar-2.webp 1024w, https:\/\/arteconfort.com\/wp-content\/uploads\/2023\/10\/LIRA-panel-solar-2-768x768.webp 768w, https:\/\/arteconfort.com\/wp-content\/uploads\/2023\/10\/LIRA-panel-solar-2-340x340.webp 340w, https:\/\/arteconfort.com\/wp-content\/uploads\/2023\/10\/LIRA-panel-solar-2-640x640.webp 640w, https:\/\/arteconfort.com\/wp-content\/uploads\/2023\/10\/LIRA-panel-solar-2-960x960.webp 960w, https:\/\/arteconfort.com\/wp-content\/uploads\/2023\/10\/LIRA-panel-solar-2-133x133.webp 133w, https:\/\/arteconfort.com\/wp-content\/uploads\/2023\/10\/LIRA-panel-solar-2-300x300.webp 300w, https:\/\/arteconfort.com\/wp-content\/uploads\/2023\/10\/LIRA-panel-solar-2-600x600.webp 600w, https:\/\/arteconfort.com\/wp-content\/uploads\/2023\/10\/LIRA-panel-solar-2-100x100.webp 100w\" sizes=\"auto, (max-width: 1024px) 100vw, 1024px\" \/><img loading=\"lazy\" decoding=\"async\" width=\"1024\" height=\"1024\" src=\"https:\/\/arteconfort.com\/wp-content\/uploads\/2023\/10\/LIRA-panel-solar-1.webp\" class=\"attachment-shop_catalog size-shop_catalog\" alt=\"Guirnalda solar LIRA detalle panel solar trasero\" srcset=\"https:\/\/arteconfort.com\/wp-content\/uploads\/2023\/10\/LIRA-panel-solar-1.webp 1024w, https:\/\/arteconfort.com\/wp-content\/uploads\/2023\/10\/LIRA-panel-solar-1-768x768.webp 768w, https:\/\/arteconfort.com\/wp-content\/uploads\/2023\/10\/LIRA-panel-solar-1-340x340.webp 340w, https:\/\/arteconfort.com\/wp-content\/uploads\/2023\/10\/LIRA-panel-solar-1-640x640.webp 640w, https:\/\/arteconfort.com\/wp-content\/uploads\/2023\/10\/LIRA-panel-solar-1-960x960.webp 960w, https:\/\/arteconfort.com\/wp-content\/uploads\/2023\/10\/LIRA-panel-solar-1-133x133.webp 133w, https:\/\/arteconfort.com\/wp-content\/uploads\/2023\/10\/LIRA-panel-solar-1-300x300.webp 300w, https:\/\/arteconfort.com\/wp-content\/uploads\/2023\/10\/LIRA-panel-solar-1-600x600.webp 600w, https:\/\/arteconfort.com\/wp-content\/uploads\/2023\/10\/LIRA-panel-solar-1-100x100.webp 100w\" sizes=\"auto, (max-width: 1024px) 100vw, 1024px\" \/><img loading=\"lazy\" decoding=\"async\" width=\"1920\" height=\"2560\" src=\"https:\/\/arteconfort.com\/wp-content\/uploads\/2026\/04\/IMG_20210812_225433-scaled.jpg\" class=\"attachment-shop_catalog size-shop_catalog\" alt=\"\" srcset=\"https:\/\/arteconfort.com\/wp-content\/uploads\/2026\/04\/IMG_20210812_225433-scaled.jpg 1920w, https:\/\/arteconfort.com\/wp-content\/uploads\/2026\/04\/IMG_20210812_225433-768x1024.jpg 768w, https:\/\/arteconfort.com\/wp-content\/uploads\/2026\/04\/IMG_20210812_225433-1152x1536.jpg 1152w, https:\/\/arteconfort.com\/wp-content\/uploads\/2026\/04\/IMG_20210812_225433-1536x2048.jpg 1536w, https:\/\/arteconfort.com\/wp-content\/uploads\/2026\/04\/IMG_20210812_225433-600x800.jpg 600w, https:\/\/arteconfort.com\/wp-content\/uploads\/2026\/04\/IMG_20210812_225433-640x853.jpg 640w, https:\/\/arteconfort.com\/wp-content\/uploads\/2026\/04\/IMG_20210812_225433-1280x1707.jpg 1280w\" sizes=\"auto, (max-width: 1920px) 100vw, 1920px\" \/><img loading=\"lazy\" decoding=\"async\" width=\"1920\" height=\"2560\" src=\"https:\/\/arteconfort.com\/wp-content\/uploads\/2026\/04\/IMG_20210812_224620-scaled.jpg\" class=\"attachment-shop_catalog size-shop_catalog\" alt=\"\" srcset=\"https:\/\/arteconfort.com\/wp-content\/uploads\/2026\/04\/IMG_20210812_224620-scaled.jpg 1920w, https:\/\/arteconfort.com\/wp-content\/uploads\/2026\/04\/IMG_20210812_224620-768x1024.jpg 768w, https:\/\/arteconfort.com\/wp-content\/uploads\/2026\/04\/IMG_20210812_224620-1152x1536.jpg 1152w, https:\/\/arteconfort.com\/wp-content\/uploads\/2026\/04\/IMG_20210812_224620-1536x2048.jpg 1536w, https:\/\/arteconfort.com\/wp-content\/uploads\/2026\/04\/IMG_20210812_224620-600x800.jpg 600w, https:\/\/arteconfort.com\/wp-content\/uploads\/2026\/04\/IMG_20210812_224620-640x853.jpg 640w, https:\/\/arteconfort.com\/wp-content\/uploads\/2026\/04\/IMG_20210812_224620-1280x1707.jpg 1280w\" sizes=\"auto, (max-width: 1920px) 100vw, 1920px\" \/><img loading=\"lazy\" decoding=\"async\" width=\"1920\" height=\"2560\" src=\"https:\/\/arteconfort.com\/wp-content\/uploads\/2026\/04\/IMG_20210812_224522-scaled.jpg\" class=\"attachment-shop_catalog size-shop_catalog\" alt=\"\" srcset=\"https:\/\/arteconfort.com\/wp-content\/uploads\/2026\/04\/IMG_20210812_224522-scaled.jpg 1920w, https:\/\/arteconfort.com\/wp-content\/uploads\/2026\/04\/IMG_20210812_224522-768x1024.jpg 768w, https:\/\/arteconfort.com\/wp-content\/uploads\/2026\/04\/IMG_20210812_224522-1152x1536.jpg 1152w, https:\/\/arteconfort.com\/wp-content\/uploads\/2026\/04\/IMG_20210812_224522-1536x2048.jpg 1536w, https:\/\/arteconfort.com\/wp-content\/uploads\/2026\/04\/IMG_20210812_224522-600x800.jpg 600w, https:\/\/arteconfort.com\/wp-content\/uploads\/2026\/04\/IMG_20210812_224522-640x853.jpg 640w, https:\/\/arteconfort.com\/wp-content\/uploads\/2026\/04\/IMG_20210812_224522-1280x1707.jpg 1280w\" sizes=\"auto, (max-width: 1920px) 100vw, 1920px\" \/><img loading=\"lazy\" decoding=\"async\" width=\"1920\" height=\"2560\" src=\"https:\/\/arteconfort.com\/wp-content\/uploads\/2026\/04\/IMG_20210812_223332-scaled.jpg\" class=\"attachment-shop_catalog size-shop_catalog\" alt=\"\" srcset=\"https:\/\/arteconfort.com\/wp-content\/uploads\/2026\/04\/IMG_20210812_223332-scaled.jpg 1920w, https:\/\/arteconfort.com\/wp-content\/uploads\/2026\/04\/IMG_20210812_223332-768x1024.jpg 768w, https:\/\/arteconfort.com\/wp-content\/uploads\/2026\/04\/IMG_20210812_223332-1152x1536.jpg 1152w, https:\/\/arteconfort.com\/wp-content\/uploads\/2026\/04\/IMG_20210812_223332-1536x2048.jpg 1536w, https:\/\/arteconfort.com\/wp-content\/uploads\/2026\/04\/IMG_20210812_223332-600x800.jpg 600w, https:\/\/arteconfort.com\/wp-content\/uploads\/2026\/04\/IMG_20210812_223332-640x853.jpg 640w, https:\/\/arteconfort.com\/wp-content\/uploads\/2026\/04\/IMG_20210812_223332-1280x1707.jpg 1280w\" sizes=\"auto, (max-width: 1920px) 100vw, 1920px\" \/><img loading=\"lazy\" decoding=\"async\" width=\"1920\" height=\"2560\" src=\"https:\/\/arteconfort.com\/wp-content\/uploads\/2026\/04\/IMG_20210812_222412-scaled.jpg\" class=\"attachment-shop_catalog size-shop_catalog\" alt=\"\" srcset=\"https:\/\/arteconfort.com\/wp-content\/uploads\/2026\/04\/IMG_20210812_222412-scaled.jpg 1920w, https:\/\/arteconfort.com\/wp-content\/uploads\/2026\/04\/IMG_20210812_222412-768x1024.jpg 768w, https:\/\/arteconfort.com\/wp-content\/uploads\/2026\/04\/IMG_20210812_222412-1152x1536.jpg 1152w, https:\/\/arteconfort.com\/wp-content\/uploads\/2026\/04\/IMG_20210812_222412-1536x2048.jpg 1536w, https:\/\/arteconfort.com\/wp-content\/uploads\/2026\/04\/IMG_20210812_222412-600x800.jpg 600w, https:\/\/arteconfort.com\/wp-content\/uploads\/2026\/04\/IMG_20210812_222412-640x853.jpg 640w, https:\/\/arteconfort.com\/wp-content\/uploads\/2026\/04\/IMG_20210812_222412-1280x1707.jpg 1280w\" sizes=\"auto, (max-width: 1920px) 100vw, 1920px\" \/><img loading=\"lazy\" decoding=\"async\" width=\"1920\" height=\"2560\" src=\"https:\/\/arteconfort.com\/wp-content\/uploads\/2026\/04\/IMG_20210812_221836-scaled.jpg\" class=\"attachment-shop_catalog size-shop_catalog\" alt=\"\" srcset=\"https:\/\/arteconfort.com\/wp-content\/uploads\/2026\/04\/IMG_20210812_221836-scaled.jpg 1920w, https:\/\/arteconfort.com\/wp-content\/uploads\/2026\/04\/IMG_20210812_221836-768x1024.jpg 768w, https:\/\/arteconfort.com\/wp-content\/uploads\/2026\/04\/IMG_20210812_221836-1152x1536.jpg 1152w, https:\/\/arteconfort.com\/wp-content\/uploads\/2026\/04\/IMG_20210812_221836-1536x2048.jpg 1536w, https:\/\/arteconfort.com\/wp-content\/uploads\/2026\/04\/IMG_20210812_221836-600x800.jpg 600w, https:\/\/arteconfort.com\/wp-content\/uploads\/2026\/04\/IMG_20210812_221836-640x853.jpg 640w, https:\/\/arteconfort.com\/wp-content\/uploads\/2026\/04\/IMG_20210812_221836-1280x1707.jpg 1280w\" sizes=\"auto, (max-width: 1920px) 100vw, 1920px\" \/>\t<\/a>\n\t<div class=\"w-product-status\"><\/div>\t<span id=\"woocommerce_loop_add_to_cart_link_describedby_11145\" class=\"screen-reader-text\">\n\t\t\t<\/span>\n<\/div><figcaption><h2 class=\"woocommerce-loop-product__title\">LIRA<\/h2><div class=\"woocommerce-product-details__short-description\">\n\t<p>Decore o seu jardim, alpendre ou terra\u00e7o com esta grinalda solar com 200 luzes LED. Com 16m de<\/div>\n\n<\/figcaption><\/figure><\/li>\n<li class=\"product type-product post-14623 status-publish instock product_cat-coleccion-antigua-pt product_cat-iluminacion-solar-de-pared-pt-pt product_cat-solar-pt-pt has-post-thumbnail shipping-taxable product-type-external w-item col-3\">\n\t<figure><div class=\"image-wrapper\">\t\t<a href=\"https:\/\/arteconfort.com\/pt-pt\/producto\/lirida\/\" class=\"w-fadeslider\">\n\t<img loading=\"lazy\" decoding=\"async\" width=\"1024\" height=\"1024\" src=\"https:\/\/arteconfort.com\/wp-content\/uploads\/2025\/10\/ambiente-LIRIDA-1.webp\" class=\"attachment-shop_catalog size-shop_catalog wp-post-image\" alt=\"\" srcset=\"https:\/\/arteconfort.com\/wp-content\/uploads\/2025\/10\/ambiente-LIRIDA-1.webp 1024w, https:\/\/arteconfort.com\/wp-content\/uploads\/2025\/10\/ambiente-LIRIDA-1-768x768.webp 768w, https:\/\/arteconfort.com\/wp-content\/uploads\/2025\/10\/ambiente-LIRIDA-1-340x340.webp 340w, https:\/\/arteconfort.com\/wp-content\/uploads\/2025\/10\/ambiente-LIRIDA-1-640x640.webp 640w, https:\/\/arteconfort.com\/wp-content\/uploads\/2025\/10\/ambiente-LIRIDA-1-960x960.webp 960w, https:\/\/arteconfort.com\/wp-content\/uploads\/2025\/10\/ambiente-LIRIDA-1-300x300.webp 300w, https:\/\/arteconfort.com\/wp-content\/uploads\/2025\/10\/ambiente-LIRIDA-1-600x600.webp 600w, https:\/\/arteconfort.com\/wp-content\/uploads\/2025\/10\/ambiente-LIRIDA-1-100x100.webp 100w\" sizes=\"auto, (max-width: 1024px) 100vw, 1024px\" \/>\t<img loading=\"lazy\" decoding=\"async\" width=\"1024\" height=\"1024\" src=\"https:\/\/arteconfort.com\/wp-content\/uploads\/2023\/10\/LIRIDA-pack.webp\" class=\"attachment-shop_catalog size-shop_catalog\" alt=\"Guirnalda solar L\u00cdRIDA pack con panel solar\" srcset=\"https:\/\/arteconfort.com\/wp-content\/uploads\/2023\/10\/LIRIDA-pack.webp 1024w, https:\/\/arteconfort.com\/wp-content\/uploads\/2023\/10\/LIRIDA-pack-768x768.webp 768w, https:\/\/arteconfort.com\/wp-content\/uploads\/2023\/10\/LIRIDA-pack-340x340.webp 340w, https:\/\/arteconfort.com\/wp-content\/uploads\/2023\/10\/LIRIDA-pack-640x640.webp 640w, https:\/\/arteconfort.com\/wp-content\/uploads\/2023\/10\/LIRIDA-pack-960x960.webp 960w, https:\/\/arteconfort.com\/wp-content\/uploads\/2023\/10\/LIRIDA-pack-300x300.webp 300w, https:\/\/arteconfort.com\/wp-content\/uploads\/2023\/10\/LIRIDA-pack-600x600.webp 600w, https:\/\/arteconfort.com\/wp-content\/uploads\/2023\/10\/LIRIDA-pack-100x100.webp 100w, https:\/\/arteconfort.com\/wp-content\/uploads\/2023\/10\/LIRIDA-pack-133x133.webp 133w\" sizes=\"auto, (max-width: 1024px) 100vw, 1024px\" \/><img loading=\"lazy\" decoding=\"async\" width=\"1024\" height=\"1024\" src=\"https:\/\/arteconfort.com\/wp-content\/uploads\/2023\/10\/LIRIDA-detalle-red.webp\" class=\"attachment-shop_catalog size-shop_catalog\" alt=\"Detalle guirnalda solar L\u00cdRIDA red\" srcset=\"https:\/\/arteconfort.com\/wp-content\/uploads\/2023\/10\/LIRIDA-detalle-red.webp 1024w, https:\/\/arteconfort.com\/wp-content\/uploads\/2023\/10\/LIRIDA-detalle-red-768x768.webp 768w, https:\/\/arteconfort.com\/wp-content\/uploads\/2023\/10\/LIRIDA-detalle-red-340x340.webp 340w, https:\/\/arteconfort.com\/wp-content\/uploads\/2023\/10\/LIRIDA-detalle-red-640x640.webp 640w, https:\/\/arteconfort.com\/wp-content\/uploads\/2023\/10\/LIRIDA-detalle-red-960x960.webp 960w, https:\/\/arteconfort.com\/wp-content\/uploads\/2023\/10\/LIRIDA-detalle-red-133x133.webp 133w, https:\/\/arteconfort.com\/wp-content\/uploads\/2023\/10\/LIRIDA-detalle-red-300x300.webp 300w, https:\/\/arteconfort.com\/wp-content\/uploads\/2023\/10\/LIRIDA-detalle-red-600x600.webp 600w, https:\/\/arteconfort.com\/wp-content\/uploads\/2023\/10\/LIRIDA-detalle-red-100x100.webp 100w\" sizes=\"auto, (max-width: 1024px) 100vw, 1024px\" \/><img loading=\"lazy\" decoding=\"async\" width=\"1024\" height=\"1024\" src=\"https:\/\/arteconfort.com\/wp-content\/uploads\/2023\/10\/LIRIDA-detalle-bombilla.webp\" class=\"attachment-shop_catalog size-shop_catalog\" alt=\"Detalle bombilla L\u00cdRIDA\" srcset=\"https:\/\/arteconfort.com\/wp-content\/uploads\/2023\/10\/LIRIDA-detalle-bombilla.webp 1024w, https:\/\/arteconfort.com\/wp-content\/uploads\/2023\/10\/LIRIDA-detalle-bombilla-768x768.webp 768w, https:\/\/arteconfort.com\/wp-content\/uploads\/2023\/10\/LIRIDA-detalle-bombilla-340x340.webp 340w, https:\/\/arteconfort.com\/wp-content\/uploads\/2023\/10\/LIRIDA-detalle-bombilla-640x640.webp 640w, https:\/\/arteconfort.com\/wp-content\/uploads\/2023\/10\/LIRIDA-detalle-bombilla-960x960.webp 960w, https:\/\/arteconfort.com\/wp-content\/uploads\/2023\/10\/LIRIDA-detalle-bombilla-133x133.webp 133w, https:\/\/arteconfort.com\/wp-content\/uploads\/2023\/10\/LIRIDA-detalle-bombilla-300x300.webp 300w, https:\/\/arteconfort.com\/wp-content\/uploads\/2023\/10\/LIRIDA-detalle-bombilla-600x600.webp 600w, https:\/\/arteconfort.com\/wp-content\/uploads\/2023\/10\/LIRIDA-detalle-bombilla-100x100.webp 100w\" sizes=\"auto, (max-width: 1024px) 100vw, 1024px\" \/>\t<\/a>\n\t<div class=\"w-product-status\"><\/div>\t<span id=\"woocommerce_loop_add_to_cart_link_describedby_14623\" class=\"screen-reader-text\">\n\t\t\t<\/span>\n<\/div><div class=\"berocket_better_labels berocket_better_labels_image\"><div class=\"berocket_better_labels_position berocket_better_labels_position_right\"><div class=\"berocket_better_labels_line berocket_better_labels_line_1\"><div class=\"berocket_better_labels_inline berocket_better_labels_inline_1\"><div class=\"br_alabel br_alabel_type_text br_alabel_template_type_css berocket_alabel_id_22613  br_alabel_better_compatibility\" style=\"\"><span  style=\"\"><i style=\"background-color: #000000; border-color: #000000;\" class=\"template-span-before \"><\/i><i style=\"background-color: #000000; border-color: #000000;\" class=\"template-i \"><\/i><i style=\"background-color: #000000; border-color: #000000;\" class=\"template-i-before \"><\/i><i style=\"background-color: #000000; border-color: #000000;\" class=\"template-i-after \"><\/i><b style=\"position: relative;z-index: 100;text-align: center;color: inherit;\">Antiga colec\u00e7\u00e3o<\/b><\/span><\/div><\/div><\/div><\/div><\/div><figcaption><h2 class=\"woocommerce-loop-product__title\">L\u00cdRIDA<\/h2><div class=\"woocommerce-product-details__short-description\">\n\t<p>D\u00ea vida aos seus espa\u00e7os exteriores com a grinalda solar L\u00cdRIDA, com 204 luzes LED, ideal para destacar<\/div>\n\n<\/figcaption><\/figure><\/li>\n<li class=\"product type-product post-43796 status-publish instock product_cat-solar-pt-pt product_cat-iluminacion-solar-de-suelo-pt-pt has-post-thumbnail shipping-taxable product-type-simple w-item col-3\">\n\t<figure><div class=\"image-wrapper\">\t\t<a href=\"https:\/\/arteconfort.com\/pt-pt\/producto\/lumeon\/\" class=\"w-fadeslider\">\n\t<img loading=\"lazy\" decoding=\"async\" width=\"1024\" height=\"1024\" src=\"https:\/\/arteconfort.com\/wp-content\/uploads\/2025\/01\/LUMEON.webp\" class=\"attachment-shop_catalog size-shop_catalog wp-post-image\" alt=\"\" srcset=\"https:\/\/arteconfort.com\/wp-content\/uploads\/2025\/01\/LUMEON.webp 1024w, https:\/\/arteconfort.com\/wp-content\/uploads\/2025\/01\/LUMEON-768x768.webp 768w, https:\/\/arteconfort.com\/wp-content\/uploads\/2025\/01\/LUMEON-340x340.webp 340w, https:\/\/arteconfort.com\/wp-content\/uploads\/2025\/01\/LUMEON-640x640.webp 640w, https:\/\/arteconfort.com\/wp-content\/uploads\/2025\/01\/LUMEON-960x960.webp 960w, https:\/\/arteconfort.com\/wp-content\/uploads\/2025\/01\/LUMEON-300x300.webp 300w, https:\/\/arteconfort.com\/wp-content\/uploads\/2025\/01\/LUMEON-600x600.webp 600w, https:\/\/arteconfort.com\/wp-content\/uploads\/2025\/01\/LUMEON-100x100.webp 100w, https:\/\/arteconfort.com\/wp-content\/uploads\/2025\/01\/LUMEON-133x133.webp 133w\" sizes=\"auto, (max-width: 1024px) 100vw, 1024px\" \/>\t<img loading=\"lazy\" decoding=\"async\" width=\"1024\" height=\"1024\" src=\"https:\/\/arteconfort.com\/wp-content\/uploads\/2025\/03\/ambiente-LUMEON.webp\" class=\"attachment-shop_catalog size-shop_catalog\" alt=\"\" srcset=\"https:\/\/arteconfort.com\/wp-content\/uploads\/2025\/03\/ambiente-LUMEON.webp 1024w, https:\/\/arteconfort.com\/wp-content\/uploads\/2025\/03\/ambiente-LUMEON-768x768.webp 768w, https:\/\/arteconfort.com\/wp-content\/uploads\/2025\/03\/ambiente-LUMEON-340x340.webp 340w, https:\/\/arteconfort.com\/wp-content\/uploads\/2025\/03\/ambiente-LUMEON-640x640.webp 640w, https:\/\/arteconfort.com\/wp-content\/uploads\/2025\/03\/ambiente-LUMEON-960x960.webp 960w, https:\/\/arteconfort.com\/wp-content\/uploads\/2025\/03\/ambiente-LUMEON-300x300.webp 300w, https:\/\/arteconfort.com\/wp-content\/uploads\/2025\/03\/ambiente-LUMEON-600x600.webp 600w, https:\/\/arteconfort.com\/wp-content\/uploads\/2025\/03\/ambiente-LUMEON-100x100.webp 100w\" sizes=\"auto, (max-width: 1024px) 100vw, 1024px\" \/><img loading=\"lazy\" decoding=\"async\" width=\"1024\" height=\"1024\" src=\"https:\/\/arteconfort.com\/wp-content\/uploads\/2025\/01\/LUMEON-alturas.webp\" class=\"attachment-shop_catalog size-shop_catalog\" alt=\"\" srcset=\"https:\/\/arteconfort.com\/wp-content\/uploads\/2025\/01\/LUMEON-alturas.webp 1024w, https:\/\/arteconfort.com\/wp-content\/uploads\/2025\/01\/LUMEON-alturas-768x768.webp 768w, https:\/\/arteconfort.com\/wp-content\/uploads\/2025\/01\/LUMEON-alturas-340x340.webp 340w, https:\/\/arteconfort.com\/wp-content\/uploads\/2025\/01\/LUMEON-alturas-640x640.webp 640w, https:\/\/arteconfort.com\/wp-content\/uploads\/2025\/01\/LUMEON-alturas-960x960.webp 960w, https:\/\/arteconfort.com\/wp-content\/uploads\/2025\/01\/LUMEON-alturas-133x133.webp 133w, https:\/\/arteconfort.com\/wp-content\/uploads\/2025\/01\/LUMEON-alturas-300x300.webp 300w, https:\/\/arteconfort.com\/wp-content\/uploads\/2025\/01\/LUMEON-alturas-600x600.webp 600w, https:\/\/arteconfort.com\/wp-content\/uploads\/2025\/01\/LUMEON-alturas-100x100.webp 100w\" sizes=\"auto, (max-width: 1024px) 100vw, 1024px\" \/><img loading=\"lazy\" decoding=\"async\" width=\"1024\" height=\"1024\" src=\"https:\/\/arteconfort.com\/wp-content\/uploads\/2025\/01\/LUMEON-panel.webp\" class=\"attachment-shop_catalog size-shop_catalog\" alt=\"\" srcset=\"https:\/\/arteconfort.com\/wp-content\/uploads\/2025\/01\/LUMEON-panel.webp 1024w, https:\/\/arteconfort.com\/wp-content\/uploads\/2025\/01\/LUMEON-panel-768x768.webp 768w, https:\/\/arteconfort.com\/wp-content\/uploads\/2025\/01\/LUMEON-panel-340x340.webp 340w, https:\/\/arteconfort.com\/wp-content\/uploads\/2025\/01\/LUMEON-panel-640x640.webp 640w, https:\/\/arteconfort.com\/wp-content\/uploads\/2025\/01\/LUMEON-panel-960x960.webp 960w, https:\/\/arteconfort.com\/wp-content\/uploads\/2025\/01\/LUMEON-panel-133x133.webp 133w, https:\/\/arteconfort.com\/wp-content\/uploads\/2025\/01\/LUMEON-panel-300x300.webp 300w, https:\/\/arteconfort.com\/wp-content\/uploads\/2025\/01\/LUMEON-panel-600x600.webp 600w, https:\/\/arteconfort.com\/wp-content\/uploads\/2025\/01\/LUMEON-panel-100x100.webp 100w\" sizes=\"auto, (max-width: 1024px) 100vw, 1024px\" \/><img loading=\"lazy\" decoding=\"async\" width=\"1024\" height=\"1024\" src=\"https:\/\/arteconfort.com\/wp-content\/uploads\/2025\/01\/LUMEON-boton.webp\" class=\"attachment-shop_catalog size-shop_catalog\" alt=\"\" srcset=\"https:\/\/arteconfort.com\/wp-content\/uploads\/2025\/01\/LUMEON-boton.webp 1024w, https:\/\/arteconfort.com\/wp-content\/uploads\/2025\/01\/LUMEON-boton-768x768.webp 768w, https:\/\/arteconfort.com\/wp-content\/uploads\/2025\/01\/LUMEON-boton-340x340.webp 340w, https:\/\/arteconfort.com\/wp-content\/uploads\/2025\/01\/LUMEON-boton-640x640.webp 640w, https:\/\/arteconfort.com\/wp-content\/uploads\/2025\/01\/LUMEON-boton-960x960.webp 960w, https:\/\/arteconfort.com\/wp-content\/uploads\/2025\/01\/LUMEON-boton-133x133.webp 133w, https:\/\/arteconfort.com\/wp-content\/uploads\/2025\/01\/LUMEON-boton-300x300.webp 300w, https:\/\/arteconfort.com\/wp-content\/uploads\/2025\/01\/LUMEON-boton-600x600.webp 600w, https:\/\/arteconfort.com\/wp-content\/uploads\/2025\/01\/LUMEON-boton-100x100.webp 100w\" sizes=\"auto, (max-width: 1024px) 100vw, 1024px\" \/><img loading=\"lazy\" decoding=\"async\" width=\"2000\" height=\"2000\" src=\"https:\/\/arteconfort.com\/wp-content\/uploads\/2025\/01\/LUMEON-grafico.webp\" class=\"attachment-shop_catalog size-shop_catalog\" alt=\"\" srcset=\"https:\/\/arteconfort.com\/wp-content\/uploads\/2025\/01\/LUMEON-grafico.webp 2000w, https:\/\/arteconfort.com\/wp-content\/uploads\/2025\/01\/LUMEON-grafico-768x768.webp 768w, https:\/\/arteconfort.com\/wp-content\/uploads\/2025\/01\/LUMEON-grafico-1536x1536.webp 1536w, https:\/\/arteconfort.com\/wp-content\/uploads\/2025\/01\/LUMEON-grafico-340x340.webp 340w, https:\/\/arteconfort.com\/wp-content\/uploads\/2025\/01\/LUMEON-grafico-640x640.webp 640w, https:\/\/arteconfort.com\/wp-content\/uploads\/2025\/01\/LUMEON-grafico-960x960.webp 960w, https:\/\/arteconfort.com\/wp-content\/uploads\/2025\/01\/LUMEON-grafico-1280x1280.webp 1280w, https:\/\/arteconfort.com\/wp-content\/uploads\/2025\/01\/LUMEON-grafico-133x133.webp 133w, https:\/\/arteconfort.com\/wp-content\/uploads\/2025\/01\/LUMEON-grafico-300x300.webp 300w, https:\/\/arteconfort.com\/wp-content\/uploads\/2025\/01\/LUMEON-grafico-600x600.webp 600w, https:\/\/arteconfort.com\/wp-content\/uploads\/2025\/01\/LUMEON-grafico-100x100.webp 100w\" sizes=\"auto, (max-width: 2000px) 100vw, 2000px\" \/>\t<\/a>\n\t<div class=\"w-product-status\"><\/div>\t<span id=\"woocommerce_loop_add_to_cart_link_describedby_43796\" class=\"screen-reader-text\">\n\t\t\t<\/span>\n<\/div><figcaption><h2 class=\"woocommerce-loop-product__title\">LUMEON<\/h2><div class=\"woocommerce-product-details__short-description\">\n\t<p>O farol solar LUMEON proporciona uma ilumina\u00e7\u00e3o direta em tr\u00eas tons: quente, neutro e frio. A sua estrutura<\/div>\n\n<\/figcaption><\/figure><\/li>\n<li class=\"product type-product post-25467 status-publish last instock product_cat-coleccion-antigua-pt product_cat-iluminacion-solar-sobre-mesa-pt-pt product_cat-solar-pt-pt has-post-thumbnail shipping-taxable product-type-simple w-item col-3\">\n\t<figure><div class=\"image-wrapper\">\t\t<a href=\"https:\/\/arteconfort.com\/pt-pt\/producto\/mara\/\" class=\"w-fadeslider\">\n\t<img loading=\"lazy\" decoding=\"async\" width=\"1024\" height=\"1024\" src=\"https:\/\/arteconfort.com\/wp-content\/uploads\/2023\/10\/MARA.webp\" class=\"attachment-shop_catalog size-shop_catalog wp-post-image\" alt=\"L\u00e1mpara solar de sobremesa MARA\" srcset=\"https:\/\/arteconfort.com\/wp-content\/uploads\/2023\/10\/MARA.webp 1024w, https:\/\/arteconfort.com\/wp-content\/uploads\/2023\/10\/MARA-768x768.webp 768w, https:\/\/arteconfort.com\/wp-content\/uploads\/2023\/10\/MARA-340x340.webp 340w, https:\/\/arteconfort.com\/wp-content\/uploads\/2023\/10\/MARA-640x640.webp 640w, https:\/\/arteconfort.com\/wp-content\/uploads\/2023\/10\/MARA-960x960.webp 960w, https:\/\/arteconfort.com\/wp-content\/uploads\/2023\/10\/MARA-300x300.webp 300w, https:\/\/arteconfort.com\/wp-content\/uploads\/2023\/10\/MARA-600x600.webp 600w, https:\/\/arteconfort.com\/wp-content\/uploads\/2023\/10\/MARA-100x100.webp 100w, https:\/\/arteconfort.com\/wp-content\/uploads\/2023\/10\/MARA-133x133.webp 133w\" sizes=\"auto, (max-width: 1024px) 100vw, 1024px\" \/>\t<img loading=\"lazy\" decoding=\"async\" width=\"1024\" height=\"1024\" src=\"https:\/\/arteconfort.com\/wp-content\/uploads\/2023\/10\/MARA-ambiente.webp\" class=\"attachment-shop_catalog size-shop_catalog\" alt=\"L\u00e1mpara solar de sobremesa MARA ambiente\" srcset=\"https:\/\/arteconfort.com\/wp-content\/uploads\/2023\/10\/MARA-ambiente.webp 1024w, https:\/\/arteconfort.com\/wp-content\/uploads\/2023\/10\/MARA-ambiente-768x768.webp 768w, https:\/\/arteconfort.com\/wp-content\/uploads\/2023\/10\/MARA-ambiente-340x340.webp 340w, https:\/\/arteconfort.com\/wp-content\/uploads\/2023\/10\/MARA-ambiente-640x640.webp 640w, https:\/\/arteconfort.com\/wp-content\/uploads\/2023\/10\/MARA-ambiente-960x960.webp 960w, https:\/\/arteconfort.com\/wp-content\/uploads\/2023\/10\/MARA-ambiente-133x133.webp 133w, https:\/\/arteconfort.com\/wp-content\/uploads\/2023\/10\/MARA-ambiente-300x300.webp 300w, https:\/\/arteconfort.com\/wp-content\/uploads\/2023\/10\/MARA-ambiente-600x600.webp 600w, https:\/\/arteconfort.com\/wp-content\/uploads\/2023\/10\/MARA-ambiente-100x100.webp 100w\" sizes=\"auto, (max-width: 1024px) 100vw, 1024px\" \/><img loading=\"lazy\" decoding=\"async\" width=\"1024\" height=\"1024\" src=\"https:\/\/arteconfort.com\/wp-content\/uploads\/2023\/10\/MARA-detalle-2.webp\" class=\"attachment-shop_catalog size-shop_catalog\" alt=\"L\u00e1mpara solar de sobremesa MARA dimensiones\" srcset=\"https:\/\/arteconfort.com\/wp-content\/uploads\/2023\/10\/MARA-detalle-2.webp 1024w, https:\/\/arteconfort.com\/wp-content\/uploads\/2023\/10\/MARA-detalle-2-768x768.webp 768w, https:\/\/arteconfort.com\/wp-content\/uploads\/2023\/10\/MARA-detalle-2-340x340.webp 340w, https:\/\/arteconfort.com\/wp-content\/uploads\/2023\/10\/MARA-detalle-2-640x640.webp 640w, https:\/\/arteconfort.com\/wp-content\/uploads\/2023\/10\/MARA-detalle-2-960x960.webp 960w, https:\/\/arteconfort.com\/wp-content\/uploads\/2023\/10\/MARA-detalle-2-133x133.webp 133w, https:\/\/arteconfort.com\/wp-content\/uploads\/2023\/10\/MARA-detalle-2-300x300.webp 300w, https:\/\/arteconfort.com\/wp-content\/uploads\/2023\/10\/MARA-detalle-2-600x600.webp 600w, https:\/\/arteconfort.com\/wp-content\/uploads\/2023\/10\/MARA-detalle-2-100x100.webp 100w\" sizes=\"auto, (max-width: 1024px) 100vw, 1024px\" \/><img loading=\"lazy\" decoding=\"async\" width=\"1024\" height=\"1024\" src=\"https:\/\/arteconfort.com\/wp-content\/uploads\/2023\/10\/MARA-detalle.webp\" class=\"attachment-shop_catalog size-shop_catalog\" alt=\"L\u00e1mpara solar de sobremesa MARA detalle\" srcset=\"https:\/\/arteconfort.com\/wp-content\/uploads\/2023\/10\/MARA-detalle.webp 1024w, https:\/\/arteconfort.com\/wp-content\/uploads\/2023\/10\/MARA-detalle-768x768.webp 768w, https:\/\/arteconfort.com\/wp-content\/uploads\/2023\/10\/MARA-detalle-340x340.webp 340w, https:\/\/arteconfort.com\/wp-content\/uploads\/2023\/10\/MARA-detalle-640x640.webp 640w, https:\/\/arteconfort.com\/wp-content\/uploads\/2023\/10\/MARA-detalle-960x960.webp 960w, https:\/\/arteconfort.com\/wp-content\/uploads\/2023\/10\/MARA-detalle-133x133.webp 133w, https:\/\/arteconfort.com\/wp-content\/uploads\/2023\/10\/MARA-detalle-300x300.webp 300w, https:\/\/arteconfort.com\/wp-content\/uploads\/2023\/10\/MARA-detalle-600x600.webp 600w, https:\/\/arteconfort.com\/wp-content\/uploads\/2023\/10\/MARA-detalle-100x100.webp 100w\" sizes=\"auto, (max-width: 1024px) 100vw, 1024px\" \/><img loading=\"lazy\" decoding=\"async\" width=\"1024\" height=\"1024\" src=\"https:\/\/arteconfort.com\/wp-content\/uploads\/2023\/10\/MARA-5.webp\" class=\"attachment-shop_catalog size-shop_catalog\" alt=\"L\u00e1mpara solar de sobremesa MARA\" srcset=\"https:\/\/arteconfort.com\/wp-content\/uploads\/2023\/10\/MARA-5.webp 1024w, https:\/\/arteconfort.com\/wp-content\/uploads\/2023\/10\/MARA-5-768x768.webp 768w, https:\/\/arteconfort.com\/wp-content\/uploads\/2023\/10\/MARA-5-340x340.webp 340w, https:\/\/arteconfort.com\/wp-content\/uploads\/2023\/10\/MARA-5-640x640.webp 640w, https:\/\/arteconfort.com\/wp-content\/uploads\/2023\/10\/MARA-5-960x960.webp 960w, https:\/\/arteconfort.com\/wp-content\/uploads\/2023\/10\/MARA-5-133x133.webp 133w, https:\/\/arteconfort.com\/wp-content\/uploads\/2023\/10\/MARA-5-300x300.webp 300w, https:\/\/arteconfort.com\/wp-content\/uploads\/2023\/10\/MARA-5-600x600.webp 600w, https:\/\/arteconfort.com\/wp-content\/uploads\/2023\/10\/MARA-5-100x100.webp 100w\" sizes=\"auto, (max-width: 1024px) 100vw, 1024px\" \/><img loading=\"lazy\" decoding=\"async\" width=\"1024\" height=\"1024\" src=\"https:\/\/arteconfort.com\/wp-content\/uploads\/2023\/10\/MARA-4.webp\" class=\"attachment-shop_catalog size-shop_catalog\" alt=\"L\u00e1mpara solar de sobremesa MARA\" srcset=\"https:\/\/arteconfort.com\/wp-content\/uploads\/2023\/10\/MARA-4.webp 1024w, https:\/\/arteconfort.com\/wp-content\/uploads\/2023\/10\/MARA-4-768x768.webp 768w, https:\/\/arteconfort.com\/wp-content\/uploads\/2023\/10\/MARA-4-340x340.webp 340w, https:\/\/arteconfort.com\/wp-content\/uploads\/2023\/10\/MARA-4-640x640.webp 640w, https:\/\/arteconfort.com\/wp-content\/uploads\/2023\/10\/MARA-4-960x960.webp 960w, https:\/\/arteconfort.com\/wp-content\/uploads\/2023\/10\/MARA-4-133x133.webp 133w, https:\/\/arteconfort.com\/wp-content\/uploads\/2023\/10\/MARA-4-300x300.webp 300w, https:\/\/arteconfort.com\/wp-content\/uploads\/2023\/10\/MARA-4-600x600.webp 600w, https:\/\/arteconfort.com\/wp-content\/uploads\/2023\/10\/MARA-4-100x100.webp 100w\" sizes=\"auto, (max-width: 1024px) 100vw, 1024px\" \/><img loading=\"lazy\" decoding=\"async\" width=\"1024\" height=\"1024\" src=\"https:\/\/arteconfort.com\/wp-content\/uploads\/2023\/10\/MARA-3.webp\" class=\"attachment-shop_catalog size-shop_catalog\" alt=\"L\u00e1mpara solar de sobremesa MARA\" srcset=\"https:\/\/arteconfort.com\/wp-content\/uploads\/2023\/10\/MARA-3.webp 1024w, https:\/\/arteconfort.com\/wp-content\/uploads\/2023\/10\/MARA-3-768x768.webp 768w, https:\/\/arteconfort.com\/wp-content\/uploads\/2023\/10\/MARA-3-340x340.webp 340w, https:\/\/arteconfort.com\/wp-content\/uploads\/2023\/10\/MARA-3-640x640.webp 640w, https:\/\/arteconfort.com\/wp-content\/uploads\/2023\/10\/MARA-3-960x960.webp 960w, https:\/\/arteconfort.com\/wp-content\/uploads\/2023\/10\/MARA-3-133x133.webp 133w, https:\/\/arteconfort.com\/wp-content\/uploads\/2023\/10\/MARA-3-300x300.webp 300w, https:\/\/arteconfort.com\/wp-content\/uploads\/2023\/10\/MARA-3-600x600.webp 600w, https:\/\/arteconfort.com\/wp-content\/uploads\/2023\/10\/MARA-3-100x100.webp 100w\" sizes=\"auto, (max-width: 1024px) 100vw, 1024px\" \/><img loading=\"lazy\" decoding=\"async\" width=\"1024\" height=\"1024\" src=\"https:\/\/arteconfort.com\/wp-content\/uploads\/2023\/10\/MARA-2.webp\" class=\"attachment-shop_catalog size-shop_catalog\" alt=\"L\u00e1mpara solar de sobremesa MARA\" srcset=\"https:\/\/arteconfort.com\/wp-content\/uploads\/2023\/10\/MARA-2.webp 1024w, https:\/\/arteconfort.com\/wp-content\/uploads\/2023\/10\/MARA-2-768x768.webp 768w, https:\/\/arteconfort.com\/wp-content\/uploads\/2023\/10\/MARA-2-340x340.webp 340w, https:\/\/arteconfort.com\/wp-content\/uploads\/2023\/10\/MARA-2-640x640.webp 640w, https:\/\/arteconfort.com\/wp-content\/uploads\/2023\/10\/MARA-2-960x960.webp 960w, https:\/\/arteconfort.com\/wp-content\/uploads\/2023\/10\/MARA-2-133x133.webp 133w, https:\/\/arteconfort.com\/wp-content\/uploads\/2023\/10\/MARA-2-300x300.webp 300w, https:\/\/arteconfort.com\/wp-content\/uploads\/2023\/10\/MARA-2-600x600.webp 600w, https:\/\/arteconfort.com\/wp-content\/uploads\/2023\/10\/MARA-2-100x100.webp 100w\" sizes=\"auto, (max-width: 1024px) 100vw, 1024px\" \/><img loading=\"lazy\" decoding=\"async\" width=\"1024\" height=\"1024\" src=\"https:\/\/arteconfort.com\/wp-content\/uploads\/2023\/10\/MARA-grafico.webp\" class=\"attachment-shop_catalog size-shop_catalog\" alt=\"L\u00e1mpara solar de sobremesa MARA dimensiones\" srcset=\"https:\/\/arteconfort.com\/wp-content\/uploads\/2023\/10\/MARA-grafico.webp 1024w, https:\/\/arteconfort.com\/wp-content\/uploads\/2023\/10\/MARA-grafico-768x768.webp 768w, https:\/\/arteconfort.com\/wp-content\/uploads\/2023\/10\/MARA-grafico-340x340.webp 340w, https:\/\/arteconfort.com\/wp-content\/uploads\/2023\/10\/MARA-grafico-640x640.webp 640w, https:\/\/arteconfort.com\/wp-content\/uploads\/2023\/10\/MARA-grafico-960x960.webp 960w, https:\/\/arteconfort.com\/wp-content\/uploads\/2023\/10\/MARA-grafico-133x133.webp 133w, https:\/\/arteconfort.com\/wp-content\/uploads\/2023\/10\/MARA-grafico-300x300.webp 300w, https:\/\/arteconfort.com\/wp-content\/uploads\/2023\/10\/MARA-grafico-600x600.webp 600w, https:\/\/arteconfort.com\/wp-content\/uploads\/2023\/10\/MARA-grafico-100x100.webp 100w\" sizes=\"auto, (max-width: 1024px) 100vw, 1024px\" \/>\t<\/a>\n\t<div class=\"w-product-status\"><\/div>\t<span id=\"woocommerce_loop_add_to_cart_link_describedby_25467\" class=\"screen-reader-text\">\n\t\t\t<\/span>\n<\/div><div class=\"berocket_better_labels berocket_better_labels_image\"><div class=\"berocket_better_labels_position berocket_better_labels_position_right\"><div class=\"berocket_better_labels_line berocket_better_labels_line_1\"><div class=\"berocket_better_labels_inline berocket_better_labels_inline_1\"><div class=\"br_alabel br_alabel_type_text br_alabel_template_type_css berocket_alabel_id_22613  br_alabel_better_compatibility\" style=\"\"><span  style=\"\"><i style=\"background-color: #000000; border-color: #000000;\" class=\"template-span-before \"><\/i><i style=\"background-color: #000000; border-color: #000000;\" class=\"template-i \"><\/i><i style=\"background-color: #000000; border-color: #000000;\" class=\"template-i-before \"><\/i><i style=\"background-color: #000000; border-color: #000000;\" class=\"template-i-after \"><\/i><b style=\"position: relative;z-index: 100;text-align: center;color: inherit;\">Antiga colec\u00e7\u00e3o<\/b><\/span><\/div><\/div><\/div><\/div><\/div><figcaption><h2 class=\"woocommerce-loop-product__title\">MARA<\/h2><div class=\"woocommerce-product-details__short-description\">\n\t<p>A l\u00e2mpada solar exterior MARA caracteriza-se por um design discreto e moderno, bem como por uma luz indirecta<\/div>\n\n<\/figcaption><\/figure><\/li>\n<li class=\"product type-product post-11148 status-publish first instock product_cat-coleccion-antigua-pt product_cat-iluminacion-solar-de-pared-pt-pt product_cat-solar-pt-pt has-post-thumbnail shipping-taxable product-type-external w-item col-3\">\n\t<figure><div class=\"image-wrapper\">\t\t<a href=\"https:\/\/arteconfort.com\/pt-pt\/producto\/merope\/\" class=\"w-fadeslider\">\n\t<img loading=\"lazy\" decoding=\"async\" width=\"1024\" height=\"1024\" src=\"https:\/\/arteconfort.com\/wp-content\/uploads\/2024\/06\/solar-MEROPE-26633873-1.webp\" class=\"attachment-shop_catalog size-shop_catalog wp-post-image\" alt=\"Aplique solar MEROPE blanco\" srcset=\"https:\/\/arteconfort.com\/wp-content\/uploads\/2024\/06\/solar-MEROPE-26633873-1.webp 1024w, https:\/\/arteconfort.com\/wp-content\/uploads\/2024\/06\/solar-MEROPE-26633873-1-768x768.webp 768w, https:\/\/arteconfort.com\/wp-content\/uploads\/2024\/06\/solar-MEROPE-26633873-1-340x340.webp 340w, https:\/\/arteconfort.com\/wp-content\/uploads\/2024\/06\/solar-MEROPE-26633873-1-640x640.webp 640w, https:\/\/arteconfort.com\/wp-content\/uploads\/2024\/06\/solar-MEROPE-26633873-1-960x960.webp 960w, https:\/\/arteconfort.com\/wp-content\/uploads\/2024\/06\/solar-MEROPE-26633873-1-300x300.webp 300w, https:\/\/arteconfort.com\/wp-content\/uploads\/2024\/06\/solar-MEROPE-26633873-1-600x600.webp 600w, https:\/\/arteconfort.com\/wp-content\/uploads\/2024\/06\/solar-MEROPE-26633873-1-100x100.webp 100w, https:\/\/arteconfort.com\/wp-content\/uploads\/2024\/06\/solar-MEROPE-26633873-1-133x133.webp 133w\" sizes=\"auto, (max-width: 1024px) 100vw, 1024px\" \/>\t<img loading=\"lazy\" decoding=\"async\" width=\"1024\" height=\"1024\" src=\"https:\/\/arteconfort.com\/wp-content\/uploads\/2024\/06\/solar-MEROPE-NEGRO.webp\" class=\"attachment-shop_catalog size-shop_catalog\" alt=\"Aplique solar MEROPE negro\" srcset=\"https:\/\/arteconfort.com\/wp-content\/uploads\/2024\/06\/solar-MEROPE-NEGRO.webp 1024w, https:\/\/arteconfort.com\/wp-content\/uploads\/2024\/06\/solar-MEROPE-NEGRO-768x768.webp 768w, https:\/\/arteconfort.com\/wp-content\/uploads\/2024\/06\/solar-MEROPE-NEGRO-340x340.webp 340w, https:\/\/arteconfort.com\/wp-content\/uploads\/2024\/06\/solar-MEROPE-NEGRO-640x640.webp 640w, https:\/\/arteconfort.com\/wp-content\/uploads\/2024\/06\/solar-MEROPE-NEGRO-960x960.webp 960w, https:\/\/arteconfort.com\/wp-content\/uploads\/2024\/06\/solar-MEROPE-NEGRO-133x133.webp 133w, https:\/\/arteconfort.com\/wp-content\/uploads\/2024\/06\/solar-MEROPE-NEGRO-300x300.webp 300w, https:\/\/arteconfort.com\/wp-content\/uploads\/2024\/06\/solar-MEROPE-NEGRO-600x600.webp 600w, https:\/\/arteconfort.com\/wp-content\/uploads\/2024\/06\/solar-MEROPE-NEGRO-100x100.webp 100w\" sizes=\"auto, (max-width: 1024px) 100vw, 1024px\" \/><img loading=\"lazy\" decoding=\"async\" width=\"1024\" height=\"1024\" src=\"https:\/\/arteconfort.com\/wp-content\/uploads\/2024\/06\/solar-MEROPE-26633873-grafico.webp\" class=\"attachment-shop_catalog size-shop_catalog\" alt=\"Aplique solar MEROPE grafico\" srcset=\"https:\/\/arteconfort.com\/wp-content\/uploads\/2024\/06\/solar-MEROPE-26633873-grafico.webp 1024w, https:\/\/arteconfort.com\/wp-content\/uploads\/2024\/06\/solar-MEROPE-26633873-grafico-768x768.webp 768w, https:\/\/arteconfort.com\/wp-content\/uploads\/2024\/06\/solar-MEROPE-26633873-grafico-340x340.webp 340w, https:\/\/arteconfort.com\/wp-content\/uploads\/2024\/06\/solar-MEROPE-26633873-grafico-640x640.webp 640w, https:\/\/arteconfort.com\/wp-content\/uploads\/2024\/06\/solar-MEROPE-26633873-grafico-960x960.webp 960w, https:\/\/arteconfort.com\/wp-content\/uploads\/2024\/06\/solar-MEROPE-26633873-grafico-133x133.webp 133w, https:\/\/arteconfort.com\/wp-content\/uploads\/2024\/06\/solar-MEROPE-26633873-grafico-300x300.webp 300w, https:\/\/arteconfort.com\/wp-content\/uploads\/2024\/06\/solar-MEROPE-26633873-grafico-600x600.webp 600w, https:\/\/arteconfort.com\/wp-content\/uploads\/2024\/06\/solar-MEROPE-26633873-grafico-100x100.webp 100w\" sizes=\"auto, (max-width: 1024px) 100vw, 1024px\" \/><img loading=\"lazy\" decoding=\"async\" width=\"1024\" height=\"1024\" src=\"https:\/\/arteconfort.com\/wp-content\/uploads\/2024\/06\/solar-MEROPE-26633873-2.webp\" class=\"attachment-shop_catalog size-shop_catalog\" alt=\"Aplique solar MEROPE ambiente\" srcset=\"https:\/\/arteconfort.com\/wp-content\/uploads\/2024\/06\/solar-MEROPE-26633873-2.webp 1024w, https:\/\/arteconfort.com\/wp-content\/uploads\/2024\/06\/solar-MEROPE-26633873-2-768x768.webp 768w, https:\/\/arteconfort.com\/wp-content\/uploads\/2024\/06\/solar-MEROPE-26633873-2-340x340.webp 340w, https:\/\/arteconfort.com\/wp-content\/uploads\/2024\/06\/solar-MEROPE-26633873-2-640x640.webp 640w, https:\/\/arteconfort.com\/wp-content\/uploads\/2024\/06\/solar-MEROPE-26633873-2-960x960.webp 960w, https:\/\/arteconfort.com\/wp-content\/uploads\/2024\/06\/solar-MEROPE-26633873-2-133x133.webp 133w, https:\/\/arteconfort.com\/wp-content\/uploads\/2024\/06\/solar-MEROPE-26633873-2-300x300.webp 300w, https:\/\/arteconfort.com\/wp-content\/uploads\/2024\/06\/solar-MEROPE-26633873-2-600x600.webp 600w, https:\/\/arteconfort.com\/wp-content\/uploads\/2024\/06\/solar-MEROPE-26633873-2-100x100.webp 100w\" sizes=\"auto, (max-width: 1024px) 100vw, 1024px\" \/>\t<\/a>\n\t<div class=\"w-product-status\"><\/div>\t<span id=\"woocommerce_loop_add_to_cart_link_describedby_11148\" class=\"screen-reader-text\">\n\t\t\t<\/span>\n<\/div><div class=\"berocket_better_labels berocket_better_labels_image\"><div class=\"berocket_better_labels_position berocket_better_labels_position_right\"><div class=\"berocket_better_labels_line berocket_better_labels_line_1\"><div class=\"berocket_better_labels_inline berocket_better_labels_inline_1\"><div class=\"br_alabel br_alabel_type_text br_alabel_template_type_css berocket_alabel_id_22613  br_alabel_better_compatibility\" style=\"\"><span  style=\"\"><i style=\"background-color: #000000; border-color: #000000;\" class=\"template-span-before \"><\/i><i style=\"background-color: #000000; border-color: #000000;\" class=\"template-i \"><\/i><i style=\"background-color: #000000; border-color: #000000;\" class=\"template-i-before \"><\/i><i style=\"background-color: #000000; border-color: #000000;\" class=\"template-i-after \"><\/i><b style=\"position: relative;z-index: 100;text-align: center;color: inherit;\">Antiga colec\u00e7\u00e3o<\/b><\/span><\/div><\/div><\/div><\/div><\/div><figcaption><h2 class=\"woocommerce-loop-product__title\">MEROPE<\/h2><div class=\"woocommerce-product-details__short-description\">\n\t<p>Tire o m\u00e1ximo partido da sua ilumina\u00e7\u00e3o exterior com esta luz de parede solar ajust\u00e1vel. Feito de materiais<\/div>\n\n<\/figcaption><\/figure><\/li>\n<li class=\"product type-product post-11155 status-publish instock product_cat-iluminacion-solar-de-pared-pt-pt product_cat-solar-pt-pt has-post-thumbnail shipping-taxable product-type-external w-item col-3\">\n\t<figure><div class=\"image-wrapper\">\t\t<a href=\"https:\/\/arteconfort.com\/pt-pt\/producto\/metis\/\" class=\"w-fadeslider\">\n\t<img loading=\"lazy\" decoding=\"async\" width=\"1024\" height=\"1024\" src=\"https:\/\/arteconfort.com\/wp-content\/uploads\/2023\/10\/SOLAR-METIS-AMBIENTE.webp\" class=\"attachment-shop_catalog size-shop_catalog wp-post-image\" alt=\"Guirnalda solar METIS ambiente\" srcset=\"https:\/\/arteconfort.com\/wp-content\/uploads\/2023\/10\/SOLAR-METIS-AMBIENTE.webp 1024w, https:\/\/arteconfort.com\/wp-content\/uploads\/2023\/10\/SOLAR-METIS-AMBIENTE-768x768.webp 768w, https:\/\/arteconfort.com\/wp-content\/uploads\/2023\/10\/SOLAR-METIS-AMBIENTE-340x340.webp 340w, https:\/\/arteconfort.com\/wp-content\/uploads\/2023\/10\/SOLAR-METIS-AMBIENTE-640x640.webp 640w, https:\/\/arteconfort.com\/wp-content\/uploads\/2023\/10\/SOLAR-METIS-AMBIENTE-960x960.webp 960w, https:\/\/arteconfort.com\/wp-content\/uploads\/2023\/10\/SOLAR-METIS-AMBIENTE-133x133.webp 133w, https:\/\/arteconfort.com\/wp-content\/uploads\/2023\/10\/SOLAR-METIS-AMBIENTE-300x300.webp 300w, https:\/\/arteconfort.com\/wp-content\/uploads\/2023\/10\/SOLAR-METIS-AMBIENTE-600x600.webp 600w, https:\/\/arteconfort.com\/wp-content\/uploads\/2023\/10\/SOLAR-METIS-AMBIENTE-100x100.webp 100w\" sizes=\"auto, (max-width: 1024px) 100vw, 1024px\" \/>\t<img loading=\"lazy\" decoding=\"async\" width=\"1024\" height=\"1024\" src=\"https:\/\/arteconfort.com\/wp-content\/uploads\/2024\/06\/solar-METIS-28308344-encendido.webp\" class=\"attachment-shop_catalog size-shop_catalog\" alt=\"Guirnalda solar METIS principal\" srcset=\"https:\/\/arteconfort.com\/wp-content\/uploads\/2024\/06\/solar-METIS-28308344-encendido.webp 1024w, https:\/\/arteconfort.com\/wp-content\/uploads\/2024\/06\/solar-METIS-28308344-encendido-768x768.webp 768w, https:\/\/arteconfort.com\/wp-content\/uploads\/2024\/06\/solar-METIS-28308344-encendido-340x340.webp 340w, https:\/\/arteconfort.com\/wp-content\/uploads\/2024\/06\/solar-METIS-28308344-encendido-640x640.webp 640w, https:\/\/arteconfort.com\/wp-content\/uploads\/2024\/06\/solar-METIS-28308344-encendido-960x960.webp 960w, https:\/\/arteconfort.com\/wp-content\/uploads\/2024\/06\/solar-METIS-28308344-encendido-300x300.webp 300w, https:\/\/arteconfort.com\/wp-content\/uploads\/2024\/06\/solar-METIS-28308344-encendido-600x600.webp 600w, https:\/\/arteconfort.com\/wp-content\/uploads\/2024\/06\/solar-METIS-28308344-encendido-100x100.webp 100w, https:\/\/arteconfort.com\/wp-content\/uploads\/2024\/06\/solar-METIS-28308344-encendido-133x133.webp 133w\" sizes=\"auto, (max-width: 1024px) 100vw, 1024px\" \/><img loading=\"lazy\" decoding=\"async\" width=\"1024\" height=\"1024\" src=\"https:\/\/arteconfort.com\/wp-content\/uploads\/2024\/06\/solar-METIS-28308344-2.webp\" class=\"attachment-shop_catalog size-shop_catalog\" alt=\"Solar METIS panel\" srcset=\"https:\/\/arteconfort.com\/wp-content\/uploads\/2024\/06\/solar-METIS-28308344-2.webp 1024w, https:\/\/arteconfort.com\/wp-content\/uploads\/2024\/06\/solar-METIS-28308344-2-768x768.webp 768w, https:\/\/arteconfort.com\/wp-content\/uploads\/2024\/06\/solar-METIS-28308344-2-340x340.webp 340w, https:\/\/arteconfort.com\/wp-content\/uploads\/2024\/06\/solar-METIS-28308344-2-640x640.webp 640w, https:\/\/arteconfort.com\/wp-content\/uploads\/2024\/06\/solar-METIS-28308344-2-960x960.webp 960w, https:\/\/arteconfort.com\/wp-content\/uploads\/2024\/06\/solar-METIS-28308344-2-133x133.webp 133w, https:\/\/arteconfort.com\/wp-content\/uploads\/2024\/06\/solar-METIS-28308344-2-300x300.webp 300w, https:\/\/arteconfort.com\/wp-content\/uploads\/2024\/06\/solar-METIS-28308344-2-600x600.webp 600w, https:\/\/arteconfort.com\/wp-content\/uploads\/2024\/06\/solar-METIS-28308344-2-100x100.webp 100w\" sizes=\"auto, (max-width: 1024px) 100vw, 1024px\" \/><img loading=\"lazy\" decoding=\"async\" width=\"1024\" height=\"1024\" src=\"https:\/\/arteconfort.com\/wp-content\/uploads\/2024\/06\/solar-METIS-28308344.webp\" class=\"attachment-shop_catalog size-shop_catalog\" alt=\"Guirnalda solar METIS panel y aplique\" srcset=\"https:\/\/arteconfort.com\/wp-content\/uploads\/2024\/06\/solar-METIS-28308344.webp 1024w, https:\/\/arteconfort.com\/wp-content\/uploads\/2024\/06\/solar-METIS-28308344-768x768.webp 768w, https:\/\/arteconfort.com\/wp-content\/uploads\/2024\/06\/solar-METIS-28308344-340x340.webp 340w, https:\/\/arteconfort.com\/wp-content\/uploads\/2024\/06\/solar-METIS-28308344-640x640.webp 640w, https:\/\/arteconfort.com\/wp-content\/uploads\/2024\/06\/solar-METIS-28308344-960x960.webp 960w, https:\/\/arteconfort.com\/wp-content\/uploads\/2024\/06\/solar-METIS-28308344-133x133.webp 133w, https:\/\/arteconfort.com\/wp-content\/uploads\/2024\/06\/solar-METIS-28308344-300x300.webp 300w, https:\/\/arteconfort.com\/wp-content\/uploads\/2024\/06\/solar-METIS-28308344-600x600.webp 600w, https:\/\/arteconfort.com\/wp-content\/uploads\/2024\/06\/solar-METIS-28308344-100x100.webp 100w\" sizes=\"auto, (max-width: 1024px) 100vw, 1024px\" \/><img loading=\"lazy\" decoding=\"async\" width=\"1024\" height=\"1024\" src=\"https:\/\/arteconfort.com\/wp-content\/uploads\/2024\/06\/solar-METIS-28308344-grafico.webp\" class=\"attachment-shop_catalog size-shop_catalog\" alt=\"Solar METIS grafico\" srcset=\"https:\/\/arteconfort.com\/wp-content\/uploads\/2024\/06\/solar-METIS-28308344-grafico.webp 1024w, https:\/\/arteconfort.com\/wp-content\/uploads\/2024\/06\/solar-METIS-28308344-grafico-768x768.webp 768w, https:\/\/arteconfort.com\/wp-content\/uploads\/2024\/06\/solar-METIS-28308344-grafico-340x340.webp 340w, https:\/\/arteconfort.com\/wp-content\/uploads\/2024\/06\/solar-METIS-28308344-grafico-640x640.webp 640w, https:\/\/arteconfort.com\/wp-content\/uploads\/2024\/06\/solar-METIS-28308344-grafico-960x960.webp 960w, https:\/\/arteconfort.com\/wp-content\/uploads\/2024\/06\/solar-METIS-28308344-grafico-133x133.webp 133w, https:\/\/arteconfort.com\/wp-content\/uploads\/2024\/06\/solar-METIS-28308344-grafico-300x300.webp 300w, https:\/\/arteconfort.com\/wp-content\/uploads\/2024\/06\/solar-METIS-28308344-grafico-600x600.webp 600w, https:\/\/arteconfort.com\/wp-content\/uploads\/2024\/06\/solar-METIS-28308344-grafico-100x100.webp 100w\" sizes=\"auto, (max-width: 1024px) 100vw, 1024px\" \/>\t<\/a>\n\t<div class=\"w-product-status\"><\/div>\t<span id=\"woocommerce_loop_add_to_cart_link_describedby_11155\" class=\"screen-reader-text\">\n\t\t\t<\/span>\n<\/div><figcaption><h2 class=\"woocommerce-loop-product__title\">METIS<\/h2><div class=\"woocommerce-product-details__short-description\">\n\t<p>A grinalda solar METIS \u00e9 simples e elegante ao mesmo tempo, e permite-lhe completar a decora\u00e7\u00e3o do seu<\/div>\n\n<\/figcaption><\/figure><\/li>\n<li class=\"product type-product post-25179 status-publish instock product_cat-iluminacion-solar-de-pared-pt-pt product_cat-solar-pt-pt has-post-thumbnail shipping-taxable product-type-simple w-item col-3\">\n\t<figure><div class=\"image-wrapper\">\t\t<a href=\"https:\/\/arteconfort.com\/pt-pt\/producto\/neus-l\/\" class=\"w-fadeslider\">\n\t<img loading=\"lazy\" decoding=\"async\" width=\"1024\" height=\"1024\" src=\"https:\/\/arteconfort.com\/wp-content\/uploads\/2023\/10\/NEUS-L.webp\" class=\"attachment-shop_catalog size-shop_catalog wp-post-image\" alt=\"\" srcset=\"https:\/\/arteconfort.com\/wp-content\/uploads\/2023\/10\/NEUS-L.webp 1024w, https:\/\/arteconfort.com\/wp-content\/uploads\/2023\/10\/NEUS-L-768x768.webp 768w, https:\/\/arteconfort.com\/wp-content\/uploads\/2023\/10\/NEUS-L-340x340.webp 340w, https:\/\/arteconfort.com\/wp-content\/uploads\/2023\/10\/NEUS-L-640x640.webp 640w, https:\/\/arteconfort.com\/wp-content\/uploads\/2023\/10\/NEUS-L-960x960.webp 960w, https:\/\/arteconfort.com\/wp-content\/uploads\/2023\/10\/NEUS-L-300x300.webp 300w, https:\/\/arteconfort.com\/wp-content\/uploads\/2023\/10\/NEUS-L-600x600.webp 600w, https:\/\/arteconfort.com\/wp-content\/uploads\/2023\/10\/NEUS-L-100x100.webp 100w, https:\/\/arteconfort.com\/wp-content\/uploads\/2023\/10\/NEUS-L-133x133.webp 133w\" sizes=\"auto, (max-width: 1024px) 100vw, 1024px\" \/>\t<img loading=\"lazy\" decoding=\"async\" width=\"1024\" height=\"1024\" src=\"https:\/\/arteconfort.com\/wp-content\/uploads\/2023\/10\/NEUS-L-ambiente.webp\" class=\"attachment-shop_catalog size-shop_catalog\" alt=\"\" srcset=\"https:\/\/arteconfort.com\/wp-content\/uploads\/2023\/10\/NEUS-L-ambiente.webp 1024w, https:\/\/arteconfort.com\/wp-content\/uploads\/2023\/10\/NEUS-L-ambiente-768x768.webp 768w, https:\/\/arteconfort.com\/wp-content\/uploads\/2023\/10\/NEUS-L-ambiente-340x340.webp 340w, https:\/\/arteconfort.com\/wp-content\/uploads\/2023\/10\/NEUS-L-ambiente-640x640.webp 640w, https:\/\/arteconfort.com\/wp-content\/uploads\/2023\/10\/NEUS-L-ambiente-960x960.webp 960w, https:\/\/arteconfort.com\/wp-content\/uploads\/2023\/10\/NEUS-L-ambiente-133x133.webp 133w, https:\/\/arteconfort.com\/wp-content\/uploads\/2023\/10\/NEUS-L-ambiente-300x300.webp 300w, https:\/\/arteconfort.com\/wp-content\/uploads\/2023\/10\/NEUS-L-ambiente-600x600.webp 600w, https:\/\/arteconfort.com\/wp-content\/uploads\/2023\/10\/NEUS-L-ambiente-100x100.webp 100w\" sizes=\"auto, (max-width: 1024px) 100vw, 1024px\" \/><img loading=\"lazy\" decoding=\"async\" width=\"1024\" height=\"1024\" src=\"https:\/\/arteconfort.com\/wp-content\/uploads\/2023\/10\/NEUS-L-grafico.webp\" class=\"attachment-shop_catalog size-shop_catalog\" alt=\"\" srcset=\"https:\/\/arteconfort.com\/wp-content\/uploads\/2023\/10\/NEUS-L-grafico.webp 1024w, https:\/\/arteconfort.com\/wp-content\/uploads\/2023\/10\/NEUS-L-grafico-768x768.webp 768w, https:\/\/arteconfort.com\/wp-content\/uploads\/2023\/10\/NEUS-L-grafico-340x340.webp 340w, https:\/\/arteconfort.com\/wp-content\/uploads\/2023\/10\/NEUS-L-grafico-640x640.webp 640w, https:\/\/arteconfort.com\/wp-content\/uploads\/2023\/10\/NEUS-L-grafico-960x960.webp 960w, https:\/\/arteconfort.com\/wp-content\/uploads\/2023\/10\/NEUS-L-grafico-133x133.webp 133w, https:\/\/arteconfort.com\/wp-content\/uploads\/2023\/10\/NEUS-L-grafico-300x300.webp 300w, https:\/\/arteconfort.com\/wp-content\/uploads\/2023\/10\/NEUS-L-grafico-600x600.webp 600w, https:\/\/arteconfort.com\/wp-content\/uploads\/2023\/10\/NEUS-L-grafico-100x100.webp 100w\" sizes=\"auto, (max-width: 1024px) 100vw, 1024px\" \/>\t<\/a>\n\t<div class=\"w-product-status\"><\/div>\t<span id=\"woocommerce_loop_add_to_cart_link_describedby_25179\" class=\"screen-reader-text\">\n\t\t\t<\/span>\n<\/div><figcaption><h2 class=\"woocommerce-loop-product__title\">NEUS L<\/h2><div class=\"woocommerce-product-details__short-description\">\n\t<p>A luz solar exterior NEUS L caracteriza-se por um design discreto e moderno, bem como por uma luz<\/div>\n\n<\/figcaption><\/figure><\/li>\n<li class=\"product type-product post-25185 status-publish last instock product_cat-iluminacion-solar-de-pared-pt-pt product_cat-solar-pt-pt has-post-thumbnail shipping-taxable product-type-simple w-item col-3\">\n\t<figure><div class=\"image-wrapper\">\t\t<a href=\"https:\/\/arteconfort.com\/pt-pt\/producto\/neus-m\/\" class=\"w-fadeslider\">\n\t<img loading=\"lazy\" decoding=\"async\" width=\"1024\" height=\"1024\" src=\"https:\/\/arteconfort.com\/wp-content\/uploads\/2023\/10\/NEUS-M.webp\" class=\"attachment-shop_catalog size-shop_catalog wp-post-image\" alt=\"\" srcset=\"https:\/\/arteconfort.com\/wp-content\/uploads\/2023\/10\/NEUS-M.webp 1024w, https:\/\/arteconfort.com\/wp-content\/uploads\/2023\/10\/NEUS-M-768x768.webp 768w, https:\/\/arteconfort.com\/wp-content\/uploads\/2023\/10\/NEUS-M-340x340.webp 340w, https:\/\/arteconfort.com\/wp-content\/uploads\/2023\/10\/NEUS-M-640x640.webp 640w, https:\/\/arteconfort.com\/wp-content\/uploads\/2023\/10\/NEUS-M-960x960.webp 960w, https:\/\/arteconfort.com\/wp-content\/uploads\/2023\/10\/NEUS-M-300x300.webp 300w, https:\/\/arteconfort.com\/wp-content\/uploads\/2023\/10\/NEUS-M-600x600.webp 600w, https:\/\/arteconfort.com\/wp-content\/uploads\/2023\/10\/NEUS-M-100x100.webp 100w, https:\/\/arteconfort.com\/wp-content\/uploads\/2023\/10\/NEUS-M-133x133.webp 133w\" sizes=\"auto, (max-width: 1024px) 100vw, 1024px\" \/>\t<img loading=\"lazy\" decoding=\"async\" width=\"1024\" height=\"1024\" src=\"https:\/\/arteconfort.com\/wp-content\/uploads\/2023\/10\/NEUS-M-ambiente.webp\" class=\"attachment-shop_catalog size-shop_catalog\" alt=\"\" srcset=\"https:\/\/arteconfort.com\/wp-content\/uploads\/2023\/10\/NEUS-M-ambiente.webp 1024w, https:\/\/arteconfort.com\/wp-content\/uploads\/2023\/10\/NEUS-M-ambiente-768x768.webp 768w, https:\/\/arteconfort.com\/wp-content\/uploads\/2023\/10\/NEUS-M-ambiente-340x340.webp 340w, https:\/\/arteconfort.com\/wp-content\/uploads\/2023\/10\/NEUS-M-ambiente-640x640.webp 640w, https:\/\/arteconfort.com\/wp-content\/uploads\/2023\/10\/NEUS-M-ambiente-960x960.webp 960w, https:\/\/arteconfort.com\/wp-content\/uploads\/2023\/10\/NEUS-M-ambiente-133x133.webp 133w, https:\/\/arteconfort.com\/wp-content\/uploads\/2023\/10\/NEUS-M-ambiente-300x300.webp 300w, https:\/\/arteconfort.com\/wp-content\/uploads\/2023\/10\/NEUS-M-ambiente-600x600.webp 600w, https:\/\/arteconfort.com\/wp-content\/uploads\/2023\/10\/NEUS-M-ambiente-100x100.webp 100w\" sizes=\"auto, (max-width: 1024px) 100vw, 1024px\" \/><img loading=\"lazy\" decoding=\"async\" width=\"1024\" height=\"1024\" src=\"https:\/\/arteconfort.com\/wp-content\/uploads\/2023\/10\/NEUS-M-grafico.webp\" class=\"attachment-shop_catalog size-shop_catalog\" alt=\"\" srcset=\"https:\/\/arteconfort.com\/wp-content\/uploads\/2023\/10\/NEUS-M-grafico.webp 1024w, https:\/\/arteconfort.com\/wp-content\/uploads\/2023\/10\/NEUS-M-grafico-768x768.webp 768w, https:\/\/arteconfort.com\/wp-content\/uploads\/2023\/10\/NEUS-M-grafico-340x340.webp 340w, https:\/\/arteconfort.com\/wp-content\/uploads\/2023\/10\/NEUS-M-grafico-640x640.webp 640w, https:\/\/arteconfort.com\/wp-content\/uploads\/2023\/10\/NEUS-M-grafico-960x960.webp 960w, https:\/\/arteconfort.com\/wp-content\/uploads\/2023\/10\/NEUS-M-grafico-133x133.webp 133w, https:\/\/arteconfort.com\/wp-content\/uploads\/2023\/10\/NEUS-M-grafico-300x300.webp 300w, https:\/\/arteconfort.com\/wp-content\/uploads\/2023\/10\/NEUS-M-grafico-600x600.webp 600w, https:\/\/arteconfort.com\/wp-content\/uploads\/2023\/10\/NEUS-M-grafico-100x100.webp 100w\" sizes=\"auto, (max-width: 1024px) 100vw, 1024px\" \/>\t<\/a>\n\t<div class=\"w-product-status\"><\/div>\t<span id=\"woocommerce_loop_add_to_cart_link_describedby_25185\" class=\"screen-reader-text\">\n\t\t\t<\/span>\n<\/div><figcaption><h2 class=\"woocommerce-loop-product__title\">NEUS M<\/h2><div class=\"woocommerce-product-details__short-description\">\n\t<p>A luz solar exterior NEUS M caracteriza-se por um design discreto e moderno, bem como por uma luz<\/div>\n\n<\/figcaption><\/figure><\/li>\n<li class=\"product type-product post-25191 status-publish first instock product_cat-iluminacion-solar-de-pared-pt-pt product_cat-solar-pt-pt has-post-thumbnail shipping-taxable product-type-simple w-item col-3\">\n\t<figure><div class=\"image-wrapper\">\t\t<a href=\"https:\/\/arteconfort.com\/pt-pt\/producto\/neus-s\/\" class=\"w-fadeslider\">\n\t<img loading=\"lazy\" decoding=\"async\" width=\"1024\" height=\"1024\" src=\"https:\/\/arteconfort.com\/wp-content\/uploads\/2023\/10\/NEUS-S.webp\" class=\"attachment-shop_catalog size-shop_catalog wp-post-image\" alt=\"\" srcset=\"https:\/\/arteconfort.com\/wp-content\/uploads\/2023\/10\/NEUS-S.webp 1024w, https:\/\/arteconfort.com\/wp-content\/uploads\/2023\/10\/NEUS-S-768x768.webp 768w, https:\/\/arteconfort.com\/wp-content\/uploads\/2023\/10\/NEUS-S-340x340.webp 340w, https:\/\/arteconfort.com\/wp-content\/uploads\/2023\/10\/NEUS-S-640x640.webp 640w, https:\/\/arteconfort.com\/wp-content\/uploads\/2023\/10\/NEUS-S-960x960.webp 960w, https:\/\/arteconfort.com\/wp-content\/uploads\/2023\/10\/NEUS-S-300x300.webp 300w, https:\/\/arteconfort.com\/wp-content\/uploads\/2023\/10\/NEUS-S-600x600.webp 600w, https:\/\/arteconfort.com\/wp-content\/uploads\/2023\/10\/NEUS-S-100x100.webp 100w, https:\/\/arteconfort.com\/wp-content\/uploads\/2023\/10\/NEUS-S-133x133.webp 133w\" sizes=\"auto, (max-width: 1024px) 100vw, 1024px\" \/>\t<img loading=\"lazy\" decoding=\"async\" width=\"1024\" height=\"1024\" src=\"https:\/\/arteconfort.com\/wp-content\/uploads\/2023\/10\/NEUS-S-ambiente.webp\" class=\"attachment-shop_catalog size-shop_catalog\" alt=\"\" srcset=\"https:\/\/arteconfort.com\/wp-content\/uploads\/2023\/10\/NEUS-S-ambiente.webp 1024w, https:\/\/arteconfort.com\/wp-content\/uploads\/2023\/10\/NEUS-S-ambiente-768x768.webp 768w, https:\/\/arteconfort.com\/wp-content\/uploads\/2023\/10\/NEUS-S-ambiente-340x340.webp 340w, https:\/\/arteconfort.com\/wp-content\/uploads\/2023\/10\/NEUS-S-ambiente-640x640.webp 640w, https:\/\/arteconfort.com\/wp-content\/uploads\/2023\/10\/NEUS-S-ambiente-960x960.webp 960w, https:\/\/arteconfort.com\/wp-content\/uploads\/2023\/10\/NEUS-S-ambiente-133x133.webp 133w, https:\/\/arteconfort.com\/wp-content\/uploads\/2023\/10\/NEUS-S-ambiente-300x300.webp 300w, https:\/\/arteconfort.com\/wp-content\/uploads\/2023\/10\/NEUS-S-ambiente-600x600.webp 600w, https:\/\/arteconfort.com\/wp-content\/uploads\/2023\/10\/NEUS-S-ambiente-100x100.webp 100w\" sizes=\"auto, (max-width: 1024px) 100vw, 1024px\" \/><img loading=\"lazy\" decoding=\"async\" width=\"1024\" height=\"1024\" src=\"https:\/\/arteconfort.com\/wp-content\/uploads\/2023\/10\/NEUS-S-grafico.webp\" class=\"attachment-shop_catalog size-shop_catalog\" alt=\"\" srcset=\"https:\/\/arteconfort.com\/wp-content\/uploads\/2023\/10\/NEUS-S-grafico.webp 1024w, https:\/\/arteconfort.com\/wp-content\/uploads\/2023\/10\/NEUS-S-grafico-768x768.webp 768w, https:\/\/arteconfort.com\/wp-content\/uploads\/2023\/10\/NEUS-S-grafico-340x340.webp 340w, https:\/\/arteconfort.com\/wp-content\/uploads\/2023\/10\/NEUS-S-grafico-640x640.webp 640w, https:\/\/arteconfort.com\/wp-content\/uploads\/2023\/10\/NEUS-S-grafico-960x960.webp 960w, https:\/\/arteconfort.com\/wp-content\/uploads\/2023\/10\/NEUS-S-grafico-133x133.webp 133w, https:\/\/arteconfort.com\/wp-content\/uploads\/2023\/10\/NEUS-S-grafico-300x300.webp 300w, https:\/\/arteconfort.com\/wp-content\/uploads\/2023\/10\/NEUS-S-grafico-600x600.webp 600w, https:\/\/arteconfort.com\/wp-content\/uploads\/2023\/10\/NEUS-S-grafico-100x100.webp 100w\" sizes=\"auto, (max-width: 1024px) 100vw, 1024px\" \/>\t<\/a>\n\t<div class=\"w-product-status\"><\/div>\t<span id=\"woocommerce_loop_add_to_cart_link_describedby_25191\" class=\"screen-reader-text\">\n\t\t\t<\/span>\n<\/div><figcaption><h2 class=\"woocommerce-loop-product__title\">NEUS S<\/h2><div class=\"woocommerce-product-details__short-description\">\n\t<p>A luz solar exterior NEUS S \u00e9 caracterizada por um design discreto e moderno, bem como por uma<\/div>\n\n<\/figcaption><\/figure><\/li>\n<li class=\"product type-product post-16889 status-publish instock product_cat-coleccion-antigua-pt product_cat-solar-pt-pt product_cat-iluminacion-solar-de-suelo-pt-pt has-post-thumbnail shipping-taxable product-type-simple w-item col-3\">\n\t<figure><div class=\"image-wrapper\">\t\t<a href=\"https:\/\/arteconfort.com\/pt-pt\/producto\/orbis-doble\/\" class=\"w-fadeslider\">\n\t<img loading=\"lazy\" decoding=\"async\" width=\"1024\" height=\"1024\" src=\"https:\/\/arteconfort.com\/wp-content\/uploads\/2023\/10\/ORBIS-DOBLE.webp\" class=\"attachment-shop_catalog size-shop_catalog wp-post-image\" alt=\"Baliza solar ORBIS DOBLE con panel solar\" srcset=\"https:\/\/arteconfort.com\/wp-content\/uploads\/2023\/10\/ORBIS-DOBLE.webp 1024w, https:\/\/arteconfort.com\/wp-content\/uploads\/2023\/10\/ORBIS-DOBLE-768x768.webp 768w, https:\/\/arteconfort.com\/wp-content\/uploads\/2023\/10\/ORBIS-DOBLE-340x340.webp 340w, https:\/\/arteconfort.com\/wp-content\/uploads\/2023\/10\/ORBIS-DOBLE-640x640.webp 640w, https:\/\/arteconfort.com\/wp-content\/uploads\/2023\/10\/ORBIS-DOBLE-960x960.webp 960w, https:\/\/arteconfort.com\/wp-content\/uploads\/2023\/10\/ORBIS-DOBLE-300x300.webp 300w, https:\/\/arteconfort.com\/wp-content\/uploads\/2023\/10\/ORBIS-DOBLE-600x600.webp 600w, https:\/\/arteconfort.com\/wp-content\/uploads\/2023\/10\/ORBIS-DOBLE-100x100.webp 100w, https:\/\/arteconfort.com\/wp-content\/uploads\/2023\/10\/ORBIS-DOBLE-133x133.webp 133w\" sizes=\"auto, (max-width: 1024px) 100vw, 1024px\" \/>\t<img loading=\"lazy\" decoding=\"async\" width=\"2560\" height=\"2560\" src=\"https:\/\/arteconfort.com\/wp-content\/uploads\/2023\/10\/ambiente-ORBIS-DOBLE-3-scaled.webp\" class=\"attachment-shop_catalog size-shop_catalog\" alt=\"ambiente ORBIS DOBLE\" srcset=\"https:\/\/arteconfort.com\/wp-content\/uploads\/2023\/10\/ambiente-ORBIS-DOBLE-3-scaled.webp 2560w, https:\/\/arteconfort.com\/wp-content\/uploads\/2023\/10\/ambiente-ORBIS-DOBLE-3-768x768.webp 768w, https:\/\/arteconfort.com\/wp-content\/uploads\/2023\/10\/ambiente-ORBIS-DOBLE-3-1536x1536.webp 1536w, https:\/\/arteconfort.com\/wp-content\/uploads\/2023\/10\/ambiente-ORBIS-DOBLE-3-2048x2048.webp 2048w, https:\/\/arteconfort.com\/wp-content\/uploads\/2023\/10\/ambiente-ORBIS-DOBLE-3-340x340.webp 340w, https:\/\/arteconfort.com\/wp-content\/uploads\/2023\/10\/ambiente-ORBIS-DOBLE-3-640x640.webp 640w, https:\/\/arteconfort.com\/wp-content\/uploads\/2023\/10\/ambiente-ORBIS-DOBLE-3-960x960.webp 960w, https:\/\/arteconfort.com\/wp-content\/uploads\/2023\/10\/ambiente-ORBIS-DOBLE-3-1280x1280.webp 1280w, https:\/\/arteconfort.com\/wp-content\/uploads\/2023\/10\/ambiente-ORBIS-DOBLE-3-133x133.webp 133w, https:\/\/arteconfort.com\/wp-content\/uploads\/2023\/10\/ambiente-ORBIS-DOBLE-3-300x300.webp 300w, https:\/\/arteconfort.com\/wp-content\/uploads\/2023\/10\/ambiente-ORBIS-DOBLE-3-600x600.webp 600w, https:\/\/arteconfort.com\/wp-content\/uploads\/2023\/10\/ambiente-ORBIS-DOBLE-3-100x100.webp 100w\" sizes=\"auto, (max-width: 2560px) 100vw, 2560px\" \/><img loading=\"lazy\" decoding=\"async\" width=\"1024\" height=\"1024\" src=\"https:\/\/arteconfort.com\/wp-content\/uploads\/2023\/10\/ORBIS-DOBLE-2.webp\" class=\"attachment-shop_catalog size-shop_catalog\" alt=\"Baliza solar ORBIS DOBLE con panel solar en fila\" srcset=\"https:\/\/arteconfort.com\/wp-content\/uploads\/2023\/10\/ORBIS-DOBLE-2.webp 1024w, https:\/\/arteconfort.com\/wp-content\/uploads\/2023\/10\/ORBIS-DOBLE-2-768x768.webp 768w, https:\/\/arteconfort.com\/wp-content\/uploads\/2023\/10\/ORBIS-DOBLE-2-340x340.webp 340w, https:\/\/arteconfort.com\/wp-content\/uploads\/2023\/10\/ORBIS-DOBLE-2-640x640.webp 640w, https:\/\/arteconfort.com\/wp-content\/uploads\/2023\/10\/ORBIS-DOBLE-2-960x960.webp 960w, https:\/\/arteconfort.com\/wp-content\/uploads\/2023\/10\/ORBIS-DOBLE-2-133x133.webp 133w, https:\/\/arteconfort.com\/wp-content\/uploads\/2023\/10\/ORBIS-DOBLE-2-300x300.webp 300w, https:\/\/arteconfort.com\/wp-content\/uploads\/2023\/10\/ORBIS-DOBLE-2-600x600.webp 600w, https:\/\/arteconfort.com\/wp-content\/uploads\/2023\/10\/ORBIS-DOBLE-2-100x100.webp 100w\" sizes=\"auto, (max-width: 1024px) 100vw, 1024px\" \/><img loading=\"lazy\" decoding=\"async\" width=\"1024\" height=\"1024\" src=\"https:\/\/arteconfort.com\/wp-content\/uploads\/2023\/10\/ORBIS-DOBLE-3.webp\" class=\"attachment-shop_catalog size-shop_catalog\" alt=\"Baliza solar ORBIS DOBLE con panel solar conectado en fila\" srcset=\"https:\/\/arteconfort.com\/wp-content\/uploads\/2023\/10\/ORBIS-DOBLE-3.webp 1024w, https:\/\/arteconfort.com\/wp-content\/uploads\/2023\/10\/ORBIS-DOBLE-3-768x768.webp 768w, https:\/\/arteconfort.com\/wp-content\/uploads\/2023\/10\/ORBIS-DOBLE-3-340x340.webp 340w, https:\/\/arteconfort.com\/wp-content\/uploads\/2023\/10\/ORBIS-DOBLE-3-640x640.webp 640w, https:\/\/arteconfort.com\/wp-content\/uploads\/2023\/10\/ORBIS-DOBLE-3-960x960.webp 960w, https:\/\/arteconfort.com\/wp-content\/uploads\/2023\/10\/ORBIS-DOBLE-3-133x133.webp 133w, https:\/\/arteconfort.com\/wp-content\/uploads\/2023\/10\/ORBIS-DOBLE-3-300x300.webp 300w, https:\/\/arteconfort.com\/wp-content\/uploads\/2023\/10\/ORBIS-DOBLE-3-600x600.webp 600w, https:\/\/arteconfort.com\/wp-content\/uploads\/2023\/10\/ORBIS-DOBLE-3-100x100.webp 100w\" sizes=\"auto, (max-width: 1024px) 100vw, 1024px\" \/>\t<\/a>\n\t<div class=\"w-product-status\"><\/div>\t<span id=\"woocommerce_loop_add_to_cart_link_describedby_16889\" class=\"screen-reader-text\">\n\t\t\t<\/span>\n<\/div><div class=\"berocket_better_labels berocket_better_labels_image\"><div class=\"berocket_better_labels_position berocket_better_labels_position_right\"><div class=\"berocket_better_labels_line berocket_better_labels_line_1\"><div class=\"berocket_better_labels_inline berocket_better_labels_inline_1\"><div class=\"br_alabel br_alabel_type_text br_alabel_template_type_css berocket_alabel_id_22613  br_alabel_better_compatibility\" style=\"\"><span  style=\"\"><i style=\"background-color: #000000; border-color: #000000;\" class=\"template-span-before \"><\/i><i style=\"background-color: #000000; border-color: #000000;\" class=\"template-i \"><\/i><i style=\"background-color: #000000; border-color: #000000;\" class=\"template-i-before \"><\/i><i style=\"background-color: #000000; border-color: #000000;\" class=\"template-i-after \"><\/i><b style=\"position: relative;z-index: 100;text-align: center;color: inherit;\">Antiga colec\u00e7\u00e3o<\/b><\/span><\/div><\/div><\/div><\/div><\/div><figcaption><h2 class=\"woocommerce-loop-product__title\">ORBIS DOBLE<\/h2><div class=\"woocommerce-product-details__short-description\">\n\t<p>O farol solar ORBIS DOUBLE caracteriza-se pela sua alta resist\u00eancia e a possibilidade de colocar os holofotes \u00e0<\/div>\n\n<\/figcaption><\/figure><\/li>\n<li class=\"product type-product post-16823 status-publish instock product_cat-coleccion-antigua-pt product_cat-iluminacion-solar-de-pared-pt-pt product_cat-solar-pt-pt has-post-thumbnail shipping-taxable product-type-external w-item col-3\">\n\t<figure><div class=\"image-wrapper\">\t\t<a href=\"https:\/\/arteconfort.com\/pt-pt\/producto\/osiris\/\" class=\"w-fadeslider\">\n\t<img loading=\"lazy\" decoding=\"async\" width=\"1024\" height=\"1024\" src=\"https:\/\/arteconfort.com\/wp-content\/uploads\/2024\/06\/solar-OSIRIS-103516.webp\" class=\"attachment-shop_catalog size-shop_catalog wp-post-image\" alt=\"Aplique de pared OSIRIS principal\" srcset=\"https:\/\/arteconfort.com\/wp-content\/uploads\/2024\/06\/solar-OSIRIS-103516.webp 1024w, https:\/\/arteconfort.com\/wp-content\/uploads\/2024\/06\/solar-OSIRIS-103516-768x768.webp 768w, https:\/\/arteconfort.com\/wp-content\/uploads\/2024\/06\/solar-OSIRIS-103516-340x340.webp 340w, https:\/\/arteconfort.com\/wp-content\/uploads\/2024\/06\/solar-OSIRIS-103516-640x640.webp 640w, https:\/\/arteconfort.com\/wp-content\/uploads\/2024\/06\/solar-OSIRIS-103516-960x960.webp 960w, https:\/\/arteconfort.com\/wp-content\/uploads\/2024\/06\/solar-OSIRIS-103516-300x300.webp 300w, https:\/\/arteconfort.com\/wp-content\/uploads\/2024\/06\/solar-OSIRIS-103516-600x600.webp 600w, https:\/\/arteconfort.com\/wp-content\/uploads\/2024\/06\/solar-OSIRIS-103516-100x100.webp 100w, https:\/\/arteconfort.com\/wp-content\/uploads\/2024\/06\/solar-OSIRIS-103516-133x133.webp 133w\" sizes=\"auto, (max-width: 1024px) 100vw, 1024px\" \/>\t<img loading=\"lazy\" decoding=\"async\" width=\"1024\" height=\"1024\" src=\"https:\/\/arteconfort.com\/wp-content\/uploads\/2024\/06\/solar-OSIRIS-103516-ambiente.webp\" class=\"attachment-shop_catalog size-shop_catalog\" alt=\"Aplique de pared OSIRIS ambiente noche\" srcset=\"https:\/\/arteconfort.com\/wp-content\/uploads\/2024\/06\/solar-OSIRIS-103516-ambiente.webp 1024w, https:\/\/arteconfort.com\/wp-content\/uploads\/2024\/06\/solar-OSIRIS-103516-ambiente-768x768.webp 768w, https:\/\/arteconfort.com\/wp-content\/uploads\/2024\/06\/solar-OSIRIS-103516-ambiente-340x340.webp 340w, https:\/\/arteconfort.com\/wp-content\/uploads\/2024\/06\/solar-OSIRIS-103516-ambiente-640x640.webp 640w, https:\/\/arteconfort.com\/wp-content\/uploads\/2024\/06\/solar-OSIRIS-103516-ambiente-960x960.webp 960w, https:\/\/arteconfort.com\/wp-content\/uploads\/2024\/06\/solar-OSIRIS-103516-ambiente-133x133.webp 133w, https:\/\/arteconfort.com\/wp-content\/uploads\/2024\/06\/solar-OSIRIS-103516-ambiente-300x300.webp 300w, https:\/\/arteconfort.com\/wp-content\/uploads\/2024\/06\/solar-OSIRIS-103516-ambiente-600x600.webp 600w, https:\/\/arteconfort.com\/wp-content\/uploads\/2024\/06\/solar-OSIRIS-103516-ambiente-100x100.webp 100w\" sizes=\"auto, (max-width: 1024px) 100vw, 1024px\" \/><img loading=\"lazy\" decoding=\"async\" width=\"1024\" height=\"1024\" src=\"https:\/\/arteconfort.com\/wp-content\/uploads\/2024\/06\/solar-OSIRIS-103516-grafico.webp\" class=\"attachment-shop_catalog size-shop_catalog\" alt=\"Aplique de pared OSIRIS grafico\" srcset=\"https:\/\/arteconfort.com\/wp-content\/uploads\/2024\/06\/solar-OSIRIS-103516-grafico.webp 1024w, https:\/\/arteconfort.com\/wp-content\/uploads\/2024\/06\/solar-OSIRIS-103516-grafico-768x768.webp 768w, https:\/\/arteconfort.com\/wp-content\/uploads\/2024\/06\/solar-OSIRIS-103516-grafico-340x340.webp 340w, https:\/\/arteconfort.com\/wp-content\/uploads\/2024\/06\/solar-OSIRIS-103516-grafico-640x640.webp 640w, https:\/\/arteconfort.com\/wp-content\/uploads\/2024\/06\/solar-OSIRIS-103516-grafico-960x960.webp 960w, https:\/\/arteconfort.com\/wp-content\/uploads\/2024\/06\/solar-OSIRIS-103516-grafico-133x133.webp 133w, https:\/\/arteconfort.com\/wp-content\/uploads\/2024\/06\/solar-OSIRIS-103516-grafico-300x300.webp 300w, https:\/\/arteconfort.com\/wp-content\/uploads\/2024\/06\/solar-OSIRIS-103516-grafico-600x600.webp 600w, https:\/\/arteconfort.com\/wp-content\/uploads\/2024\/06\/solar-OSIRIS-103516-grafico-100x100.webp 100w\" sizes=\"auto, (max-width: 1024px) 100vw, 1024px\" \/>\t<\/a>\n\t<div class=\"w-product-status\"><\/div>\t<span id=\"woocommerce_loop_add_to_cart_link_describedby_16823\" class=\"screen-reader-text\">\n\t\t\t<\/span>\n<\/div><div class=\"berocket_better_labels berocket_better_labels_image\"><div class=\"berocket_better_labels_position berocket_better_labels_position_right\"><div class=\"berocket_better_labels_line berocket_better_labels_line_1\"><div class=\"berocket_better_labels_inline berocket_better_labels_inline_1\"><div class=\"br_alabel br_alabel_type_text br_alabel_template_type_css berocket_alabel_id_22613  br_alabel_better_compatibility\" style=\"\"><span  style=\"\"><i style=\"background-color: #000000; border-color: #000000;\" class=\"template-span-before \"><\/i><i style=\"background-color: #000000; border-color: #000000;\" class=\"template-i \"><\/i><i style=\"background-color: #000000; border-color: #000000;\" class=\"template-i-before \"><\/i><i style=\"background-color: #000000; border-color: #000000;\" class=\"template-i-after \"><\/i><b style=\"position: relative;z-index: 100;text-align: center;color: inherit;\">Antiga colec\u00e7\u00e3o<\/b><\/span><\/div><\/div><\/div><\/div><\/div><figcaption><h2 class=\"woocommerce-loop-product__title\">OSIRIS<\/h2><div class=\"woocommerce-product-details__short-description\">\n\t<p>A luz da parede solar OSIRIS \u00e9 caracterizada por um design branco discreto e moderno, proporcionando um elevado<\/div>\n\n<\/figcaption><\/figure><\/li>\n<li class=\"product type-product post-11198 status-publish last instock product_cat-coleccion-antigua-pt product_cat-solar-pt-pt product_cat-iluminacion-solar-de-suelo-pt-pt has-post-thumbnail shipping-taxable product-type-simple w-item col-3\">\n\t<figure><div class=\"image-wrapper\">\t\t<a href=\"https:\/\/arteconfort.com\/pt-pt\/producto\/polaris\/\" class=\"w-fadeslider\">\n\t<img loading=\"lazy\" decoding=\"async\" width=\"1024\" height=\"1024\" src=\"https:\/\/arteconfort.com\/wp-content\/uploads\/2023\/10\/POLARIS-ENCENDIDO.webp\" class=\"attachment-shop_catalog size-shop_catalog wp-post-image\" alt=\"POLARIS encendido\" srcset=\"https:\/\/arteconfort.com\/wp-content\/uploads\/2023\/10\/POLARIS-ENCENDIDO.webp 1024w, https:\/\/arteconfort.com\/wp-content\/uploads\/2023\/10\/POLARIS-ENCENDIDO-768x768.webp 768w, https:\/\/arteconfort.com\/wp-content\/uploads\/2023\/10\/POLARIS-ENCENDIDO-340x340.webp 340w, https:\/\/arteconfort.com\/wp-content\/uploads\/2023\/10\/POLARIS-ENCENDIDO-640x640.webp 640w, https:\/\/arteconfort.com\/wp-content\/uploads\/2023\/10\/POLARIS-ENCENDIDO-960x960.webp 960w, https:\/\/arteconfort.com\/wp-content\/uploads\/2023\/10\/POLARIS-ENCENDIDO-300x300.webp 300w, https:\/\/arteconfort.com\/wp-content\/uploads\/2023\/10\/POLARIS-ENCENDIDO-600x600.webp 600w, https:\/\/arteconfort.com\/wp-content\/uploads\/2023\/10\/POLARIS-ENCENDIDO-100x100.webp 100w, https:\/\/arteconfort.com\/wp-content\/uploads\/2023\/10\/POLARIS-ENCENDIDO-133x133.webp 133w\" sizes=\"auto, (max-width: 1024px) 100vw, 1024px\" \/>\t<img loading=\"lazy\" decoding=\"async\" width=\"1024\" height=\"1024\" src=\"https:\/\/arteconfort.com\/wp-content\/uploads\/2023\/10\/POLARIS-ambiente-1.webp\" class=\"attachment-shop_catalog size-shop_catalog\" alt=\"Foco solar POLARIS en jard\u00edn\" srcset=\"https:\/\/arteconfort.com\/wp-content\/uploads\/2023\/10\/POLARIS-ambiente-1.webp 1024w, https:\/\/arteconfort.com\/wp-content\/uploads\/2023\/10\/POLARIS-ambiente-1-768x768.webp 768w, https:\/\/arteconfort.com\/wp-content\/uploads\/2023\/10\/POLARIS-ambiente-1-340x340.webp 340w, https:\/\/arteconfort.com\/wp-content\/uploads\/2023\/10\/POLARIS-ambiente-1-640x640.webp 640w, https:\/\/arteconfort.com\/wp-content\/uploads\/2023\/10\/POLARIS-ambiente-1-960x960.webp 960w, https:\/\/arteconfort.com\/wp-content\/uploads\/2023\/10\/POLARIS-ambiente-1-133x133.webp 133w, https:\/\/arteconfort.com\/wp-content\/uploads\/2023\/10\/POLARIS-ambiente-1-300x300.webp 300w, https:\/\/arteconfort.com\/wp-content\/uploads\/2023\/10\/POLARIS-ambiente-1-600x600.webp 600w, https:\/\/arteconfort.com\/wp-content\/uploads\/2023\/10\/POLARIS-ambiente-1-100x100.webp 100w\" sizes=\"auto, (max-width: 1024px) 100vw, 1024px\" \/><img loading=\"lazy\" decoding=\"async\" width=\"1024\" height=\"1024\" src=\"https:\/\/arteconfort.com\/wp-content\/uploads\/2023\/10\/POLARIS.webp\" class=\"attachment-shop_catalog size-shop_catalog\" alt=\"POLARIS apagado\" srcset=\"https:\/\/arteconfort.com\/wp-content\/uploads\/2023\/10\/POLARIS.webp 1024w, https:\/\/arteconfort.com\/wp-content\/uploads\/2023\/10\/POLARIS-768x768.webp 768w, https:\/\/arteconfort.com\/wp-content\/uploads\/2023\/10\/POLARIS-340x340.webp 340w, https:\/\/arteconfort.com\/wp-content\/uploads\/2023\/10\/POLARIS-640x640.webp 640w, https:\/\/arteconfort.com\/wp-content\/uploads\/2023\/10\/POLARIS-960x960.webp 960w, https:\/\/arteconfort.com\/wp-content\/uploads\/2023\/10\/POLARIS-133x133.webp 133w, https:\/\/arteconfort.com\/wp-content\/uploads\/2023\/10\/POLARIS-300x300.webp 300w, https:\/\/arteconfort.com\/wp-content\/uploads\/2023\/10\/POLARIS-600x600.webp 600w, https:\/\/arteconfort.com\/wp-content\/uploads\/2023\/10\/POLARIS-100x100.webp 100w\" sizes=\"auto, (max-width: 1024px) 100vw, 1024px\" \/><img loading=\"lazy\" decoding=\"async\" width=\"1024\" height=\"1024\" src=\"https:\/\/arteconfort.com\/wp-content\/uploads\/2023\/10\/POLARIS-panel.webp\" class=\"attachment-shop_catalog size-shop_catalog\" alt=\"POLARIS frontal\" srcset=\"https:\/\/arteconfort.com\/wp-content\/uploads\/2023\/10\/POLARIS-panel.webp 1024w, https:\/\/arteconfort.com\/wp-content\/uploads\/2023\/10\/POLARIS-panel-768x768.webp 768w, https:\/\/arteconfort.com\/wp-content\/uploads\/2023\/10\/POLARIS-panel-340x340.webp 340w, https:\/\/arteconfort.com\/wp-content\/uploads\/2023\/10\/POLARIS-panel-640x640.webp 640w, https:\/\/arteconfort.com\/wp-content\/uploads\/2023\/10\/POLARIS-panel-960x960.webp 960w, https:\/\/arteconfort.com\/wp-content\/uploads\/2023\/10\/POLARIS-panel-133x133.webp 133w, https:\/\/arteconfort.com\/wp-content\/uploads\/2023\/10\/POLARIS-panel-300x300.webp 300w, https:\/\/arteconfort.com\/wp-content\/uploads\/2023\/10\/POLARIS-panel-600x600.webp 600w, https:\/\/arteconfort.com\/wp-content\/uploads\/2023\/10\/POLARIS-panel-100x100.webp 100w\" sizes=\"auto, (max-width: 1024px) 100vw, 1024px\" \/><img loading=\"lazy\" decoding=\"async\" width=\"1024\" height=\"1024\" src=\"https:\/\/arteconfort.com\/wp-content\/uploads\/2023\/10\/POLARIS-trasera-detalle.webp\" class=\"attachment-shop_catalog size-shop_catalog\" alt=\"POLARIS trasera detalle\" srcset=\"https:\/\/arteconfort.com\/wp-content\/uploads\/2023\/10\/POLARIS-trasera-detalle.webp 1024w, https:\/\/arteconfort.com\/wp-content\/uploads\/2023\/10\/POLARIS-trasera-detalle-768x768.webp 768w, https:\/\/arteconfort.com\/wp-content\/uploads\/2023\/10\/POLARIS-trasera-detalle-340x340.webp 340w, https:\/\/arteconfort.com\/wp-content\/uploads\/2023\/10\/POLARIS-trasera-detalle-640x640.webp 640w, https:\/\/arteconfort.com\/wp-content\/uploads\/2023\/10\/POLARIS-trasera-detalle-960x960.webp 960w, https:\/\/arteconfort.com\/wp-content\/uploads\/2023\/10\/POLARIS-trasera-detalle-133x133.webp 133w, https:\/\/arteconfort.com\/wp-content\/uploads\/2023\/10\/POLARIS-trasera-detalle-300x300.webp 300w, https:\/\/arteconfort.com\/wp-content\/uploads\/2023\/10\/POLARIS-trasera-detalle-600x600.webp 600w, https:\/\/arteconfort.com\/wp-content\/uploads\/2023\/10\/POLARIS-trasera-detalle-100x100.webp 100w\" sizes=\"auto, (max-width: 1024px) 100vw, 1024px\" \/><img loading=\"lazy\" decoding=\"async\" width=\"1024\" height=\"1024\" src=\"https:\/\/arteconfort.com\/wp-content\/uploads\/2023\/10\/POLARIS-trasera.webp\" class=\"attachment-shop_catalog size-shop_catalog\" alt=\"POLARIS trasera\" srcset=\"https:\/\/arteconfort.com\/wp-content\/uploads\/2023\/10\/POLARIS-trasera.webp 1024w, https:\/\/arteconfort.com\/wp-content\/uploads\/2023\/10\/POLARIS-trasera-768x768.webp 768w, https:\/\/arteconfort.com\/wp-content\/uploads\/2023\/10\/POLARIS-trasera-340x340.webp 340w, https:\/\/arteconfort.com\/wp-content\/uploads\/2023\/10\/POLARIS-trasera-640x640.webp 640w, https:\/\/arteconfort.com\/wp-content\/uploads\/2023\/10\/POLARIS-trasera-960x960.webp 960w, https:\/\/arteconfort.com\/wp-content\/uploads\/2023\/10\/POLARIS-trasera-133x133.webp 133w, https:\/\/arteconfort.com\/wp-content\/uploads\/2023\/10\/POLARIS-trasera-300x300.webp 300w, https:\/\/arteconfort.com\/wp-content\/uploads\/2023\/10\/POLARIS-trasera-600x600.webp 600w, https:\/\/arteconfort.com\/wp-content\/uploads\/2023\/10\/POLARIS-trasera-100x100.webp 100w\" sizes=\"auto, (max-width: 1024px) 100vw, 1024px\" \/><img loading=\"lazy\" decoding=\"async\" width=\"1024\" height=\"1024\" src=\"https:\/\/arteconfort.com\/wp-content\/uploads\/2023\/10\/POLARIS-detalle-panel.webp\" class=\"attachment-shop_catalog size-shop_catalog\" alt=\"POLARIS detalle panel\" srcset=\"https:\/\/arteconfort.com\/wp-content\/uploads\/2023\/10\/POLARIS-detalle-panel.webp 1024w, https:\/\/arteconfort.com\/wp-content\/uploads\/2023\/10\/POLARIS-detalle-panel-768x768.webp 768w, https:\/\/arteconfort.com\/wp-content\/uploads\/2023\/10\/POLARIS-detalle-panel-340x340.webp 340w, https:\/\/arteconfort.com\/wp-content\/uploads\/2023\/10\/POLARIS-detalle-panel-640x640.webp 640w, https:\/\/arteconfort.com\/wp-content\/uploads\/2023\/10\/POLARIS-detalle-panel-960x960.webp 960w, https:\/\/arteconfort.com\/wp-content\/uploads\/2023\/10\/POLARIS-detalle-panel-133x133.webp 133w, https:\/\/arteconfort.com\/wp-content\/uploads\/2023\/10\/POLARIS-detalle-panel-300x300.webp 300w, https:\/\/arteconfort.com\/wp-content\/uploads\/2023\/10\/POLARIS-detalle-panel-600x600.webp 600w, https:\/\/arteconfort.com\/wp-content\/uploads\/2023\/10\/POLARIS-detalle-panel-100x100.webp 100w\" sizes=\"auto, (max-width: 1024px) 100vw, 1024px\" \/><img loading=\"lazy\" decoding=\"async\" width=\"1024\" height=\"1024\" src=\"https:\/\/arteconfort.com\/wp-content\/uploads\/2023\/10\/POLARIS-ambiente-4.webp\" class=\"attachment-shop_catalog size-shop_catalog\" alt=\"Ambiente POLARIS cerca\" srcset=\"https:\/\/arteconfort.com\/wp-content\/uploads\/2023\/10\/POLARIS-ambiente-4.webp 1024w, https:\/\/arteconfort.com\/wp-content\/uploads\/2023\/10\/POLARIS-ambiente-4-768x768.webp 768w, https:\/\/arteconfort.com\/wp-content\/uploads\/2023\/10\/POLARIS-ambiente-4-340x340.webp 340w, https:\/\/arteconfort.com\/wp-content\/uploads\/2023\/10\/POLARIS-ambiente-4-640x640.webp 640w, https:\/\/arteconfort.com\/wp-content\/uploads\/2023\/10\/POLARIS-ambiente-4-960x960.webp 960w, https:\/\/arteconfort.com\/wp-content\/uploads\/2023\/10\/POLARIS-ambiente-4-133x133.webp 133w, https:\/\/arteconfort.com\/wp-content\/uploads\/2023\/10\/POLARIS-ambiente-4-300x300.webp 300w, https:\/\/arteconfort.com\/wp-content\/uploads\/2023\/10\/POLARIS-ambiente-4-600x600.webp 600w, https:\/\/arteconfort.com\/wp-content\/uploads\/2023\/10\/POLARIS-ambiente-4-100x100.webp 100w\" sizes=\"auto, (max-width: 1024px) 100vw, 1024px\" \/>\t<\/a>\n\t<div class=\"w-product-status\"><\/div>\t<span id=\"woocommerce_loop_add_to_cart_link_describedby_11198\" class=\"screen-reader-text\">\n\t\t\t<\/span>\n<\/div><div class=\"berocket_better_labels berocket_better_labels_image\"><div class=\"berocket_better_labels_position berocket_better_labels_position_right\"><div class=\"berocket_better_labels_line berocket_better_labels_line_1\"><div class=\"berocket_better_labels_inline berocket_better_labels_inline_1\"><div class=\"br_alabel br_alabel_type_text br_alabel_template_type_css berocket_alabel_id_22613  br_alabel_better_compatibility\" style=\"\"><span  style=\"\"><i style=\"background-color: #000000; border-color: #000000;\" class=\"template-span-before \"><\/i><i style=\"background-color: #000000; border-color: #000000;\" class=\"template-i \"><\/i><i style=\"background-color: #000000; border-color: #000000;\" class=\"template-i-before \"><\/i><i style=\"background-color: #000000; border-color: #000000;\" class=\"template-i-after \"><\/i><b style=\"position: relative;z-index: 100;text-align: center;color: inherit;\">Antiga colec\u00e7\u00e3o<\/b><\/span><\/div><\/div><\/div><\/div><\/div><figcaption><h2 class=\"woocommerce-loop-product__title\">POLARIS<\/h2><div class=\"woocommerce-product-details__short-description\">\n\t<p>Projector solar LED de encastrar no solo perfeito para a sinaliza\u00e7\u00e3o de qualquer espa\u00e7o. N\u00e3o requer instala\u00e7\u00e3o el\u00e9ctrica<\/div>\n\n<\/figcaption><\/figure><\/li>\n<li class=\"product type-product post-44095 status-publish first instock product_cat-iluminacion-solar-de-pared-pt-pt product_cat-solar-pt-pt has-post-thumbnail shipping-taxable product-type-simple w-item col-3\">\n\t<figure><div class=\"image-wrapper\">\t\t<a href=\"https:\/\/arteconfort.com\/pt-pt\/producto\/rigel\/\" class=\"w-fadeslider\">\n\t<img loading=\"lazy\" decoding=\"async\" width=\"1024\" height=\"1025\" src=\"https:\/\/arteconfort.com\/wp-content\/uploads\/2025\/01\/RIGEL.webp\" class=\"attachment-shop_catalog size-shop_catalog wp-post-image\" alt=\"\" srcset=\"https:\/\/arteconfort.com\/wp-content\/uploads\/2025\/01\/RIGEL.webp 1024w, https:\/\/arteconfort.com\/wp-content\/uploads\/2025\/01\/RIGEL-768x769.webp 768w, https:\/\/arteconfort.com\/wp-content\/uploads\/2025\/01\/RIGEL-340x340.webp 340w, https:\/\/arteconfort.com\/wp-content\/uploads\/2025\/01\/RIGEL-640x641.webp 640w, https:\/\/arteconfort.com\/wp-content\/uploads\/2025\/01\/RIGEL-960x960.webp 960w, https:\/\/arteconfort.com\/wp-content\/uploads\/2025\/01\/RIGEL-300x300.webp 300w, https:\/\/arteconfort.com\/wp-content\/uploads\/2025\/01\/RIGEL-600x601.webp 600w, https:\/\/arteconfort.com\/wp-content\/uploads\/2025\/01\/RIGEL-100x100.webp 100w, https:\/\/arteconfort.com\/wp-content\/uploads\/2025\/01\/RIGEL-133x133.webp 133w\" sizes=\"auto, (max-width: 1024px) 100vw, 1024px\" \/>\t<img loading=\"lazy\" decoding=\"async\" width=\"1024\" height=\"1024\" src=\"https:\/\/arteconfort.com\/wp-content\/uploads\/2025\/03\/RIGEL-ambiente.webp\" class=\"attachment-shop_catalog size-shop_catalog\" alt=\"\" srcset=\"https:\/\/arteconfort.com\/wp-content\/uploads\/2025\/03\/RIGEL-ambiente.webp 1024w, https:\/\/arteconfort.com\/wp-content\/uploads\/2025\/03\/RIGEL-ambiente-768x768.webp 768w, https:\/\/arteconfort.com\/wp-content\/uploads\/2025\/03\/RIGEL-ambiente-340x340.webp 340w, https:\/\/arteconfort.com\/wp-content\/uploads\/2025\/03\/RIGEL-ambiente-640x640.webp 640w, https:\/\/arteconfort.com\/wp-content\/uploads\/2025\/03\/RIGEL-ambiente-960x960.webp 960w, https:\/\/arteconfort.com\/wp-content\/uploads\/2025\/03\/RIGEL-ambiente-300x300.webp 300w, https:\/\/arteconfort.com\/wp-content\/uploads\/2025\/03\/RIGEL-ambiente-600x600.webp 600w, https:\/\/arteconfort.com\/wp-content\/uploads\/2025\/03\/RIGEL-ambiente-100x100.webp 100w\" sizes=\"auto, (max-width: 1024px) 100vw, 1024px\" \/><img loading=\"lazy\" decoding=\"async\" width=\"1024\" height=\"1024\" src=\"https:\/\/arteconfort.com\/wp-content\/uploads\/2025\/01\/RIGEL-trasero.webp\" class=\"attachment-shop_catalog size-shop_catalog\" alt=\"\" srcset=\"https:\/\/arteconfort.com\/wp-content\/uploads\/2025\/01\/RIGEL-trasero.webp 1024w, https:\/\/arteconfort.com\/wp-content\/uploads\/2025\/01\/RIGEL-trasero-768x768.webp 768w, https:\/\/arteconfort.com\/wp-content\/uploads\/2025\/01\/RIGEL-trasero-340x340.webp 340w, https:\/\/arteconfort.com\/wp-content\/uploads\/2025\/01\/RIGEL-trasero-640x640.webp 640w, https:\/\/arteconfort.com\/wp-content\/uploads\/2025\/01\/RIGEL-trasero-960x960.webp 960w, https:\/\/arteconfort.com\/wp-content\/uploads\/2025\/01\/RIGEL-trasero-133x133.webp 133w, https:\/\/arteconfort.com\/wp-content\/uploads\/2025\/01\/RIGEL-trasero-300x300.webp 300w, https:\/\/arteconfort.com\/wp-content\/uploads\/2025\/01\/RIGEL-trasero-600x600.webp 600w, https:\/\/arteconfort.com\/wp-content\/uploads\/2025\/01\/RIGEL-trasero-100x100.webp 100w\" sizes=\"auto, (max-width: 1024px) 100vw, 1024px\" \/><img loading=\"lazy\" decoding=\"async\" width=\"1024\" height=\"1024\" src=\"https:\/\/arteconfort.com\/wp-content\/uploads\/2025\/01\/RIGEL-panel-lateral.webp\" class=\"attachment-shop_catalog size-shop_catalog\" alt=\"\" srcset=\"https:\/\/arteconfort.com\/wp-content\/uploads\/2025\/01\/RIGEL-panel-lateral.webp 1024w, https:\/\/arteconfort.com\/wp-content\/uploads\/2025\/01\/RIGEL-panel-lateral-768x768.webp 768w, https:\/\/arteconfort.com\/wp-content\/uploads\/2025\/01\/RIGEL-panel-lateral-340x340.webp 340w, https:\/\/arteconfort.com\/wp-content\/uploads\/2025\/01\/RIGEL-panel-lateral-640x640.webp 640w, https:\/\/arteconfort.com\/wp-content\/uploads\/2025\/01\/RIGEL-panel-lateral-960x960.webp 960w, https:\/\/arteconfort.com\/wp-content\/uploads\/2025\/01\/RIGEL-panel-lateral-133x133.webp 133w, https:\/\/arteconfort.com\/wp-content\/uploads\/2025\/01\/RIGEL-panel-lateral-300x300.webp 300w, https:\/\/arteconfort.com\/wp-content\/uploads\/2025\/01\/RIGEL-panel-lateral-600x600.webp 600w, https:\/\/arteconfort.com\/wp-content\/uploads\/2025\/01\/RIGEL-panel-lateral-100x100.webp 100w\" sizes=\"auto, (max-width: 1024px) 100vw, 1024px\" \/><img loading=\"lazy\" decoding=\"async\" width=\"1024\" height=\"1024\" src=\"https:\/\/arteconfort.com\/wp-content\/uploads\/2025\/03\/RIGEL-boton.webp\" class=\"attachment-shop_catalog size-shop_catalog\" alt=\"\" srcset=\"https:\/\/arteconfort.com\/wp-content\/uploads\/2025\/03\/RIGEL-boton.webp 1024w, https:\/\/arteconfort.com\/wp-content\/uploads\/2025\/03\/RIGEL-boton-768x768.webp 768w, https:\/\/arteconfort.com\/wp-content\/uploads\/2025\/03\/RIGEL-boton-340x340.webp 340w, https:\/\/arteconfort.com\/wp-content\/uploads\/2025\/03\/RIGEL-boton-640x640.webp 640w, https:\/\/arteconfort.com\/wp-content\/uploads\/2025\/03\/RIGEL-boton-960x960.webp 960w, https:\/\/arteconfort.com\/wp-content\/uploads\/2025\/03\/RIGEL-boton-300x300.webp 300w, https:\/\/arteconfort.com\/wp-content\/uploads\/2025\/03\/RIGEL-boton-600x600.webp 600w, https:\/\/arteconfort.com\/wp-content\/uploads\/2025\/03\/RIGEL-boton-100x100.webp 100w\" sizes=\"auto, (max-width: 1024px) 100vw, 1024px\" \/><img loading=\"lazy\" decoding=\"async\" width=\"2000\" height=\"2000\" src=\"https:\/\/arteconfort.com\/wp-content\/uploads\/2025\/01\/RIGEL-grafico.webp\" class=\"attachment-shop_catalog size-shop_catalog\" alt=\"\" srcset=\"https:\/\/arteconfort.com\/wp-content\/uploads\/2025\/01\/RIGEL-grafico.webp 2000w, https:\/\/arteconfort.com\/wp-content\/uploads\/2025\/01\/RIGEL-grafico-768x768.webp 768w, https:\/\/arteconfort.com\/wp-content\/uploads\/2025\/01\/RIGEL-grafico-1536x1536.webp 1536w, https:\/\/arteconfort.com\/wp-content\/uploads\/2025\/01\/RIGEL-grafico-340x340.webp 340w, https:\/\/arteconfort.com\/wp-content\/uploads\/2025\/01\/RIGEL-grafico-640x640.webp 640w, https:\/\/arteconfort.com\/wp-content\/uploads\/2025\/01\/RIGEL-grafico-960x960.webp 960w, https:\/\/arteconfort.com\/wp-content\/uploads\/2025\/01\/RIGEL-grafico-1280x1280.webp 1280w, https:\/\/arteconfort.com\/wp-content\/uploads\/2025\/01\/RIGEL-grafico-133x133.webp 133w, https:\/\/arteconfort.com\/wp-content\/uploads\/2025\/01\/RIGEL-grafico-300x300.webp 300w, https:\/\/arteconfort.com\/wp-content\/uploads\/2025\/01\/RIGEL-grafico-600x600.webp 600w, https:\/\/arteconfort.com\/wp-content\/uploads\/2025\/01\/RIGEL-grafico-100x100.webp 100w\" sizes=\"auto, (max-width: 2000px) 100vw, 2000px\" \/>\t<\/a>\n\t<div class=\"w-product-status\"><\/div>\t<span id=\"woocommerce_loop_add_to_cart_link_describedby_44095\" class=\"screen-reader-text\">\n\t\t\t<\/span>\n<\/div><figcaption><h2 class=\"woocommerce-loop-product__title\">RIGEL<\/h2><div class=\"woocommerce-product-details__short-description\">\n\t<p>O candeeiro de parede solar RIGEL \u00e9 composto por 3 projectores LED. \u00c9 muito f\u00e1cil de instalar gra\u00e7as<\/div>\n\n<\/figcaption><\/figure><\/li>\n<li class=\"product type-product post-44048 status-publish instock product_cat-novedades-pt-pt product_cat-iluminacion-solar-de-pared-pt-pt product_cat-solar-pt-pt has-post-thumbnail shipping-taxable product-type-simple w-item col-3\">\n\t<figure><div class=\"image-wrapper\">\t\t<a href=\"https:\/\/arteconfort.com\/pt-pt\/producto\/saula\/\" class=\"w-fadeslider\">\n\t<img loading=\"lazy\" decoding=\"async\" width=\"1024\" height=\"1024\" src=\"https:\/\/arteconfort.com\/wp-content\/uploads\/2025\/03\/ambiente-SAULA-2.webp\" class=\"attachment-shop_catalog size-shop_catalog wp-post-image\" alt=\"\" srcset=\"https:\/\/arteconfort.com\/wp-content\/uploads\/2025\/03\/ambiente-SAULA-2.webp 1024w, https:\/\/arteconfort.com\/wp-content\/uploads\/2025\/03\/ambiente-SAULA-2-768x768.webp 768w, https:\/\/arteconfort.com\/wp-content\/uploads\/2025\/03\/ambiente-SAULA-2-340x340.webp 340w, https:\/\/arteconfort.com\/wp-content\/uploads\/2025\/03\/ambiente-SAULA-2-640x640.webp 640w, https:\/\/arteconfort.com\/wp-content\/uploads\/2025\/03\/ambiente-SAULA-2-960x960.webp 960w, https:\/\/arteconfort.com\/wp-content\/uploads\/2025\/03\/ambiente-SAULA-2-300x300.webp 300w, https:\/\/arteconfort.com\/wp-content\/uploads\/2025\/03\/ambiente-SAULA-2-600x600.webp 600w, https:\/\/arteconfort.com\/wp-content\/uploads\/2025\/03\/ambiente-SAULA-2-100x100.webp 100w\" sizes=\"auto, (max-width: 1024px) 100vw, 1024px\" \/>\t<img loading=\"lazy\" decoding=\"async\" width=\"1024\" height=\"1024\" src=\"https:\/\/arteconfort.com\/wp-content\/uploads\/2025\/02\/SAULA-1.webp\" class=\"attachment-shop_catalog size-shop_catalog\" alt=\"\" srcset=\"https:\/\/arteconfort.com\/wp-content\/uploads\/2025\/02\/SAULA-1.webp 1024w, https:\/\/arteconfort.com\/wp-content\/uploads\/2025\/02\/SAULA-1-768x768.webp 768w, https:\/\/arteconfort.com\/wp-content\/uploads\/2025\/02\/SAULA-1-340x340.webp 340w, https:\/\/arteconfort.com\/wp-content\/uploads\/2025\/02\/SAULA-1-640x640.webp 640w, https:\/\/arteconfort.com\/wp-content\/uploads\/2025\/02\/SAULA-1-960x960.webp 960w, https:\/\/arteconfort.com\/wp-content\/uploads\/2025\/02\/SAULA-1-300x300.webp 300w, https:\/\/arteconfort.com\/wp-content\/uploads\/2025\/02\/SAULA-1-600x600.webp 600w, https:\/\/arteconfort.com\/wp-content\/uploads\/2025\/02\/SAULA-1-100x100.webp 100w, https:\/\/arteconfort.com\/wp-content\/uploads\/2025\/02\/SAULA-1-133x133.webp 133w\" sizes=\"auto, (max-width: 1024px) 100vw, 1024px\" \/><img loading=\"lazy\" decoding=\"async\" width=\"1024\" height=\"1024\" src=\"https:\/\/arteconfort.com\/wp-content\/uploads\/2025\/02\/SAULA-detalle-lampara-bola.webp\" class=\"attachment-shop_catalog size-shop_catalog\" alt=\"\" srcset=\"https:\/\/arteconfort.com\/wp-content\/uploads\/2025\/02\/SAULA-detalle-lampara-bola.webp 1024w, https:\/\/arteconfort.com\/wp-content\/uploads\/2025\/02\/SAULA-detalle-lampara-bola-768x768.webp 768w, https:\/\/arteconfort.com\/wp-content\/uploads\/2025\/02\/SAULA-detalle-lampara-bola-340x340.webp 340w, https:\/\/arteconfort.com\/wp-content\/uploads\/2025\/02\/SAULA-detalle-lampara-bola-640x640.webp 640w, https:\/\/arteconfort.com\/wp-content\/uploads\/2025\/02\/SAULA-detalle-lampara-bola-960x960.webp 960w, https:\/\/arteconfort.com\/wp-content\/uploads\/2025\/02\/SAULA-detalle-lampara-bola-133x133.webp 133w, https:\/\/arteconfort.com\/wp-content\/uploads\/2025\/02\/SAULA-detalle-lampara-bola-300x300.webp 300w, https:\/\/arteconfort.com\/wp-content\/uploads\/2025\/02\/SAULA-detalle-lampara-bola-600x600.webp 600w, https:\/\/arteconfort.com\/wp-content\/uploads\/2025\/02\/SAULA-detalle-lampara-bola-100x100.webp 100w\" sizes=\"auto, (max-width: 1024px) 100vw, 1024px\" \/><img loading=\"lazy\" decoding=\"async\" width=\"1024\" height=\"1024\" src=\"https:\/\/arteconfort.com\/wp-content\/uploads\/2025\/02\/SAULA-panel.webp\" class=\"attachment-shop_catalog size-shop_catalog\" alt=\"\" srcset=\"https:\/\/arteconfort.com\/wp-content\/uploads\/2025\/02\/SAULA-panel.webp 1024w, https:\/\/arteconfort.com\/wp-content\/uploads\/2025\/02\/SAULA-panel-768x768.webp 768w, https:\/\/arteconfort.com\/wp-content\/uploads\/2025\/02\/SAULA-panel-340x340.webp 340w, https:\/\/arteconfort.com\/wp-content\/uploads\/2025\/02\/SAULA-panel-640x640.webp 640w, https:\/\/arteconfort.com\/wp-content\/uploads\/2025\/02\/SAULA-panel-960x960.webp 960w, https:\/\/arteconfort.com\/wp-content\/uploads\/2025\/02\/SAULA-panel-133x133.webp 133w, https:\/\/arteconfort.com\/wp-content\/uploads\/2025\/02\/SAULA-panel-300x300.webp 300w, https:\/\/arteconfort.com\/wp-content\/uploads\/2025\/02\/SAULA-panel-600x600.webp 600w, https:\/\/arteconfort.com\/wp-content\/uploads\/2025\/02\/SAULA-panel-100x100.webp 100w\" sizes=\"auto, (max-width: 1024px) 100vw, 1024px\" \/><img loading=\"lazy\" decoding=\"async\" width=\"1024\" height=\"1024\" src=\"https:\/\/arteconfort.com\/wp-content\/uploads\/2025\/02\/SAULA-panel-trasero-botones.webp\" class=\"attachment-shop_catalog size-shop_catalog\" alt=\"\" srcset=\"https:\/\/arteconfort.com\/wp-content\/uploads\/2025\/02\/SAULA-panel-trasero-botones.webp 1024w, https:\/\/arteconfort.com\/wp-content\/uploads\/2025\/02\/SAULA-panel-trasero-botones-768x768.webp 768w, https:\/\/arteconfort.com\/wp-content\/uploads\/2025\/02\/SAULA-panel-trasero-botones-340x340.webp 340w, https:\/\/arteconfort.com\/wp-content\/uploads\/2025\/02\/SAULA-panel-trasero-botones-640x640.webp 640w, https:\/\/arteconfort.com\/wp-content\/uploads\/2025\/02\/SAULA-panel-trasero-botones-960x960.webp 960w, https:\/\/arteconfort.com\/wp-content\/uploads\/2025\/02\/SAULA-panel-trasero-botones-133x133.webp 133w, https:\/\/arteconfort.com\/wp-content\/uploads\/2025\/02\/SAULA-panel-trasero-botones-300x300.webp 300w, https:\/\/arteconfort.com\/wp-content\/uploads\/2025\/02\/SAULA-panel-trasero-botones-600x600.webp 600w, https:\/\/arteconfort.com\/wp-content\/uploads\/2025\/02\/SAULA-panel-trasero-botones-100x100.webp 100w\" sizes=\"auto, (max-width: 1024px) 100vw, 1024px\" \/><img loading=\"lazy\" decoding=\"async\" width=\"2000\" height=\"2000\" src=\"https:\/\/arteconfort.com\/wp-content\/uploads\/2025\/02\/SAULA-grafico.webp\" class=\"attachment-shop_catalog size-shop_catalog\" alt=\"\" srcset=\"https:\/\/arteconfort.com\/wp-content\/uploads\/2025\/02\/SAULA-grafico.webp 2000w, https:\/\/arteconfort.com\/wp-content\/uploads\/2025\/02\/SAULA-grafico-768x768.webp 768w, https:\/\/arteconfort.com\/wp-content\/uploads\/2025\/02\/SAULA-grafico-1536x1536.webp 1536w, https:\/\/arteconfort.com\/wp-content\/uploads\/2025\/02\/SAULA-grafico-340x340.webp 340w, https:\/\/arteconfort.com\/wp-content\/uploads\/2025\/02\/SAULA-grafico-640x640.webp 640w, https:\/\/arteconfort.com\/wp-content\/uploads\/2025\/02\/SAULA-grafico-960x960.webp 960w, https:\/\/arteconfort.com\/wp-content\/uploads\/2025\/02\/SAULA-grafico-1280x1280.webp 1280w, https:\/\/arteconfort.com\/wp-content\/uploads\/2025\/02\/SAULA-grafico-133x133.webp 133w, https:\/\/arteconfort.com\/wp-content\/uploads\/2025\/02\/SAULA-grafico-300x300.webp 300w, https:\/\/arteconfort.com\/wp-content\/uploads\/2025\/02\/SAULA-grafico-600x600.webp 600w, https:\/\/arteconfort.com\/wp-content\/uploads\/2025\/02\/SAULA-grafico-100x100.webp 100w\" sizes=\"auto, (max-width: 2000px) 100vw, 2000px\" \/>\t<\/a>\n\t<div class=\"w-product-status\"><\/div>\t<span id=\"woocommerce_loop_add_to_cart_link_describedby_44048\" class=\"screen-reader-text\">\n\t\t\t<\/span>\n<\/div><div class=\"berocket_better_labels berocket_better_labels_image\"><div class=\"berocket_better_labels_position berocket_better_labels_position_left\"><div class=\"berocket_better_labels_line berocket_better_labels_line_1\"><div class=\"berocket_better_labels_inline berocket_better_labels_inline_1\"><div class=\"br_alabel br_alabel_type_text br_alabel_template_type_css berocket_alabel_id_21233  br_alabel_better_compatibility\" style=\"\"><span  style=\"\"><i style=\"background-color: #61b4e4; border-color: #61b4e4;\" class=\"template-span-before \"><\/i><i style=\"background-color: #61b4e4; border-color: #61b4e4;\" class=\"template-i \"><\/i><i style=\"background-color: #61b4e4; border-color: #61b4e4;\" class=\"template-i-before \"><\/i><i style=\"background-color: #61b4e4; border-color: #61b4e4;\" class=\"template-i-after \"><\/i><b style=\"position: relative;z-index: 100;text-align: center;color: inherit;\">Novo<\/b><\/span><\/div><\/div><\/div><\/div><\/div><figcaption><h2 class=\"woocommerce-loop-product__title\">SAULA<\/h2><div class=\"woocommerce-product-details__short-description\">\n\t<p>A grinalda solar SAULA proporciona uma ilumina\u00e7\u00e3o ambiente em tons quentes. \u00c9 muito f\u00e1cil de instalar gra\u00e7as ao<\/div>\n\n<\/figcaption><\/figure><\/li>\n<li class=\"product type-product post-11204 status-publish instock product_cat-iluminacion-solar-de-pared-pt-pt product_cat-solar-pt-pt has-post-thumbnail shipping-taxable product-type-external w-item col-3\">\n\t<figure><div class=\"image-wrapper\">\t\t<a href=\"https:\/\/arteconfort.com\/pt-pt\/producto\/set-hidra\/\" class=\"w-fadeslider\">\n\t<img loading=\"lazy\" decoding=\"async\" width=\"1024\" height=\"1024\" src=\"https:\/\/arteconfort.com\/wp-content\/uploads\/2023\/10\/HIDRA-SET.webp\" class=\"attachment-shop_catalog size-shop_catalog wp-post-image\" alt=\"HIDRA SET\" srcset=\"https:\/\/arteconfort.com\/wp-content\/uploads\/2023\/10\/HIDRA-SET.webp 1024w, https:\/\/arteconfort.com\/wp-content\/uploads\/2023\/10\/HIDRA-SET-768x768.webp 768w, https:\/\/arteconfort.com\/wp-content\/uploads\/2023\/10\/HIDRA-SET-340x340.webp 340w, https:\/\/arteconfort.com\/wp-content\/uploads\/2023\/10\/HIDRA-SET-640x640.webp 640w, https:\/\/arteconfort.com\/wp-content\/uploads\/2023\/10\/HIDRA-SET-960x960.webp 960w, https:\/\/arteconfort.com\/wp-content\/uploads\/2023\/10\/HIDRA-SET-300x300.webp 300w, https:\/\/arteconfort.com\/wp-content\/uploads\/2023\/10\/HIDRA-SET-600x600.webp 600w, https:\/\/arteconfort.com\/wp-content\/uploads\/2023\/10\/HIDRA-SET-100x100.webp 100w, https:\/\/arteconfort.com\/wp-content\/uploads\/2023\/10\/HIDRA-SET-133x133.webp 133w\" sizes=\"auto, (max-width: 1024px) 100vw, 1024px\" \/>\t<img loading=\"lazy\" decoding=\"async\" width=\"1024\" height=\"1024\" src=\"https:\/\/arteconfort.com\/wp-content\/uploads\/2023\/10\/ambiente-HIDRA-2.webp\" class=\"attachment-shop_catalog size-shop_catalog\" alt=\"Ambiente HIDRA 2\" srcset=\"https:\/\/arteconfort.com\/wp-content\/uploads\/2023\/10\/ambiente-HIDRA-2.webp 1024w, https:\/\/arteconfort.com\/wp-content\/uploads\/2023\/10\/ambiente-HIDRA-2-768x768.webp 768w, https:\/\/arteconfort.com\/wp-content\/uploads\/2023\/10\/ambiente-HIDRA-2-340x340.webp 340w, https:\/\/arteconfort.com\/wp-content\/uploads\/2023\/10\/ambiente-HIDRA-2-640x640.webp 640w, https:\/\/arteconfort.com\/wp-content\/uploads\/2023\/10\/ambiente-HIDRA-2-960x960.webp 960w, https:\/\/arteconfort.com\/wp-content\/uploads\/2023\/10\/ambiente-HIDRA-2-133x133.webp 133w, https:\/\/arteconfort.com\/wp-content\/uploads\/2023\/10\/ambiente-HIDRA-2-300x300.webp 300w, https:\/\/arteconfort.com\/wp-content\/uploads\/2023\/10\/ambiente-HIDRA-2-600x600.webp 600w, https:\/\/arteconfort.com\/wp-content\/uploads\/2023\/10\/ambiente-HIDRA-2-100x100.webp 100w\" sizes=\"auto, (max-width: 1024px) 100vw, 1024px\" \/><img loading=\"lazy\" decoding=\"async\" width=\"1024\" height=\"1024\" src=\"https:\/\/arteconfort.com\/wp-content\/uploads\/2023\/10\/HIDRA.webp\" class=\"attachment-shop_catalog size-shop_catalog\" alt=\"HIDRA BOMBILLA\" srcset=\"https:\/\/arteconfort.com\/wp-content\/uploads\/2023\/10\/HIDRA.webp 1024w, https:\/\/arteconfort.com\/wp-content\/uploads\/2023\/10\/HIDRA-768x768.webp 768w, https:\/\/arteconfort.com\/wp-content\/uploads\/2023\/10\/HIDRA-340x340.webp 340w, https:\/\/arteconfort.com\/wp-content\/uploads\/2023\/10\/HIDRA-640x640.webp 640w, https:\/\/arteconfort.com\/wp-content\/uploads\/2023\/10\/HIDRA-960x960.webp 960w, https:\/\/arteconfort.com\/wp-content\/uploads\/2023\/10\/HIDRA-133x133.webp 133w, https:\/\/arteconfort.com\/wp-content\/uploads\/2023\/10\/HIDRA-300x300.webp 300w, https:\/\/arteconfort.com\/wp-content\/uploads\/2023\/10\/HIDRA-600x600.webp 600w, https:\/\/arteconfort.com\/wp-content\/uploads\/2023\/10\/HIDRA-100x100.webp 100w\" sizes=\"auto, (max-width: 1024px) 100vw, 1024px\" \/>\t<\/a>\n\t<div class=\"w-product-status\"><\/div>\t<span id=\"woocommerce_loop_add_to_cart_link_describedby_11204\" class=\"screen-reader-text\">\n\t\t\t<\/span>\n<\/div><figcaption><h2 class=\"woocommerce-loop-product__title\">SET HIDRA<\/h2><div class=\"woocommerce-product-details__short-description\">\n\t<p>Kit solar com l\u00e2mpadas e bateria. A bateria tem v\u00e1rias portas, uma para ilumina\u00e7\u00e3o, bem como uma para<\/div>\n\n<\/figcaption><\/figure><\/li>\n<li class=\"product type-product post-16835 status-publish last instock product_cat-solar-pt-pt product_cat-iluminacion-solar-de-suelo-pt-pt has-post-thumbnail shipping-taxable product-type-external w-item col-3\">\n\t<figure><div class=\"image-wrapper\">\t\t<a href=\"https:\/\/arteconfort.com\/pt-pt\/producto\/seth-duo\/\" class=\"w-fadeslider\">\n\t<img loading=\"lazy\" decoding=\"async\" width=\"1024\" height=\"1024\" src=\"https:\/\/arteconfort.com\/wp-content\/uploads\/2024\/06\/solar-SETH-DUO-115614.webp\" class=\"attachment-shop_catalog size-shop_catalog wp-post-image\" alt=\"Aplique solar SETH DUO principal\" srcset=\"https:\/\/arteconfort.com\/wp-content\/uploads\/2024\/06\/solar-SETH-DUO-115614.webp 1024w, https:\/\/arteconfort.com\/wp-content\/uploads\/2024\/06\/solar-SETH-DUO-115614-768x768.webp 768w, https:\/\/arteconfort.com\/wp-content\/uploads\/2024\/06\/solar-SETH-DUO-115614-340x340.webp 340w, https:\/\/arteconfort.com\/wp-content\/uploads\/2024\/06\/solar-SETH-DUO-115614-640x640.webp 640w, https:\/\/arteconfort.com\/wp-content\/uploads\/2024\/06\/solar-SETH-DUO-115614-960x960.webp 960w, https:\/\/arteconfort.com\/wp-content\/uploads\/2024\/06\/solar-SETH-DUO-115614-300x300.webp 300w, https:\/\/arteconfort.com\/wp-content\/uploads\/2024\/06\/solar-SETH-DUO-115614-600x600.webp 600w, https:\/\/arteconfort.com\/wp-content\/uploads\/2024\/06\/solar-SETH-DUO-115614-100x100.webp 100w, https:\/\/arteconfort.com\/wp-content\/uploads\/2024\/06\/solar-SETH-DUO-115614-133x133.webp 133w\" sizes=\"auto, (max-width: 1024px) 100vw, 1024px\" \/>\t<img loading=\"lazy\" decoding=\"async\" width=\"1024\" height=\"1024\" src=\"https:\/\/arteconfort.com\/wp-content\/uploads\/2023\/10\/SETH-DUO-ambiente.webp\" class=\"attachment-shop_catalog size-shop_catalog\" alt=\"Aplique solar SETH DUO en exterior\" srcset=\"https:\/\/arteconfort.com\/wp-content\/uploads\/2023\/10\/SETH-DUO-ambiente.webp 1024w, https:\/\/arteconfort.com\/wp-content\/uploads\/2023\/10\/SETH-DUO-ambiente-768x768.webp 768w, https:\/\/arteconfort.com\/wp-content\/uploads\/2023\/10\/SETH-DUO-ambiente-340x340.webp 340w, https:\/\/arteconfort.com\/wp-content\/uploads\/2023\/10\/SETH-DUO-ambiente-640x640.webp 640w, https:\/\/arteconfort.com\/wp-content\/uploads\/2023\/10\/SETH-DUO-ambiente-960x960.webp 960w, https:\/\/arteconfort.com\/wp-content\/uploads\/2023\/10\/SETH-DUO-ambiente-133x133.webp 133w, https:\/\/arteconfort.com\/wp-content\/uploads\/2023\/10\/SETH-DUO-ambiente-300x300.webp 300w, https:\/\/arteconfort.com\/wp-content\/uploads\/2023\/10\/SETH-DUO-ambiente-600x600.webp 600w, https:\/\/arteconfort.com\/wp-content\/uploads\/2023\/10\/SETH-DUO-ambiente-100x100.webp 100w\" sizes=\"auto, (max-width: 1024px) 100vw, 1024px\" \/><img loading=\"lazy\" decoding=\"async\" width=\"1024\" height=\"1024\" src=\"https:\/\/arteconfort.com\/wp-content\/uploads\/2024\/06\/solar-SETH-DUO-115614-grafico.webp\" class=\"attachment-shop_catalog size-shop_catalog\" alt=\"Aplique solar SETH DUO grafico\" srcset=\"https:\/\/arteconfort.com\/wp-content\/uploads\/2024\/06\/solar-SETH-DUO-115614-grafico.webp 1024w, https:\/\/arteconfort.com\/wp-content\/uploads\/2024\/06\/solar-SETH-DUO-115614-grafico-768x768.webp 768w, https:\/\/arteconfort.com\/wp-content\/uploads\/2024\/06\/solar-SETH-DUO-115614-grafico-340x340.webp 340w, https:\/\/arteconfort.com\/wp-content\/uploads\/2024\/06\/solar-SETH-DUO-115614-grafico-640x640.webp 640w, https:\/\/arteconfort.com\/wp-content\/uploads\/2024\/06\/solar-SETH-DUO-115614-grafico-960x960.webp 960w, https:\/\/arteconfort.com\/wp-content\/uploads\/2024\/06\/solar-SETH-DUO-115614-grafico-133x133.webp 133w, https:\/\/arteconfort.com\/wp-content\/uploads\/2024\/06\/solar-SETH-DUO-115614-grafico-300x300.webp 300w, https:\/\/arteconfort.com\/wp-content\/uploads\/2024\/06\/solar-SETH-DUO-115614-grafico-600x600.webp 600w, https:\/\/arteconfort.com\/wp-content\/uploads\/2024\/06\/solar-SETH-DUO-115614-grafico-100x100.webp 100w\" sizes=\"auto, (max-width: 1024px) 100vw, 1024px\" \/><img loading=\"lazy\" decoding=\"async\" width=\"1024\" height=\"1024\" src=\"https:\/\/arteconfort.com\/wp-content\/uploads\/2024\/06\/solar-SETH-DUO-115614-5.webp\" class=\"attachment-shop_catalog size-shop_catalog\" alt=\"Aplique solar SETH DUO lateral\" srcset=\"https:\/\/arteconfort.com\/wp-content\/uploads\/2024\/06\/solar-SETH-DUO-115614-5.webp 1024w, https:\/\/arteconfort.com\/wp-content\/uploads\/2024\/06\/solar-SETH-DUO-115614-5-768x768.webp 768w, https:\/\/arteconfort.com\/wp-content\/uploads\/2024\/06\/solar-SETH-DUO-115614-5-340x340.webp 340w, https:\/\/arteconfort.com\/wp-content\/uploads\/2024\/06\/solar-SETH-DUO-115614-5-640x640.webp 640w, https:\/\/arteconfort.com\/wp-content\/uploads\/2024\/06\/solar-SETH-DUO-115614-5-960x960.webp 960w, https:\/\/arteconfort.com\/wp-content\/uploads\/2024\/06\/solar-SETH-DUO-115614-5-133x133.webp 133w, https:\/\/arteconfort.com\/wp-content\/uploads\/2024\/06\/solar-SETH-DUO-115614-5-300x300.webp 300w, https:\/\/arteconfort.com\/wp-content\/uploads\/2024\/06\/solar-SETH-DUO-115614-5-600x600.webp 600w, https:\/\/arteconfort.com\/wp-content\/uploads\/2024\/06\/solar-SETH-DUO-115614-5-100x100.webp 100w\" sizes=\"auto, (max-width: 1024px) 100vw, 1024px\" \/><img loading=\"lazy\" decoding=\"async\" width=\"1024\" height=\"1024\" src=\"https:\/\/arteconfort.com\/wp-content\/uploads\/2024\/06\/solar-SETH-DUO-115614-4.webp\" class=\"attachment-shop_catalog size-shop_catalog\" alt=\"Aplique solar SETH DUO frontal\" srcset=\"https:\/\/arteconfort.com\/wp-content\/uploads\/2024\/06\/solar-SETH-DUO-115614-4.webp 1024w, https:\/\/arteconfort.com\/wp-content\/uploads\/2024\/06\/solar-SETH-DUO-115614-4-768x768.webp 768w, https:\/\/arteconfort.com\/wp-content\/uploads\/2024\/06\/solar-SETH-DUO-115614-4-340x340.webp 340w, https:\/\/arteconfort.com\/wp-content\/uploads\/2024\/06\/solar-SETH-DUO-115614-4-640x640.webp 640w, https:\/\/arteconfort.com\/wp-content\/uploads\/2024\/06\/solar-SETH-DUO-115614-4-960x960.webp 960w, https:\/\/arteconfort.com\/wp-content\/uploads\/2024\/06\/solar-SETH-DUO-115614-4-133x133.webp 133w, https:\/\/arteconfort.com\/wp-content\/uploads\/2024\/06\/solar-SETH-DUO-115614-4-300x300.webp 300w, https:\/\/arteconfort.com\/wp-content\/uploads\/2024\/06\/solar-SETH-DUO-115614-4-600x600.webp 600w, https:\/\/arteconfort.com\/wp-content\/uploads\/2024\/06\/solar-SETH-DUO-115614-4-100x100.webp 100w\" sizes=\"auto, (max-width: 1024px) 100vw, 1024px\" \/><img loading=\"lazy\" decoding=\"async\" width=\"1024\" height=\"1024\" src=\"https:\/\/arteconfort.com\/wp-content\/uploads\/2024\/06\/solar-SETH-DUO-115614-3.webp\" class=\"attachment-shop_catalog size-shop_catalog\" alt=\"Aplique solar SETH DUO perspectiva\" srcset=\"https:\/\/arteconfort.com\/wp-content\/uploads\/2024\/06\/solar-SETH-DUO-115614-3.webp 1024w, https:\/\/arteconfort.com\/wp-content\/uploads\/2024\/06\/solar-SETH-DUO-115614-3-768x768.webp 768w, https:\/\/arteconfort.com\/wp-content\/uploads\/2024\/06\/solar-SETH-DUO-115614-3-340x340.webp 340w, https:\/\/arteconfort.com\/wp-content\/uploads\/2024\/06\/solar-SETH-DUO-115614-3-640x640.webp 640w, https:\/\/arteconfort.com\/wp-content\/uploads\/2024\/06\/solar-SETH-DUO-115614-3-960x960.webp 960w, https:\/\/arteconfort.com\/wp-content\/uploads\/2024\/06\/solar-SETH-DUO-115614-3-133x133.webp 133w, https:\/\/arteconfort.com\/wp-content\/uploads\/2024\/06\/solar-SETH-DUO-115614-3-300x300.webp 300w, https:\/\/arteconfort.com\/wp-content\/uploads\/2024\/06\/solar-SETH-DUO-115614-3-600x600.webp 600w, https:\/\/arteconfort.com\/wp-content\/uploads\/2024\/06\/solar-SETH-DUO-115614-3-100x100.webp 100w\" sizes=\"auto, (max-width: 1024px) 100vw, 1024px\" \/><img loading=\"lazy\" decoding=\"async\" width=\"1024\" height=\"1024\" src=\"https:\/\/arteconfort.com\/wp-content\/uploads\/2024\/06\/solar-SETH-DUO-115614-2.webp\" class=\"attachment-shop_catalog size-shop_catalog\" alt=\"Aplique solar SETH DUO frontal con pincho\" srcset=\"https:\/\/arteconfort.com\/wp-content\/uploads\/2024\/06\/solar-SETH-DUO-115614-2.webp 1024w, https:\/\/arteconfort.com\/wp-content\/uploads\/2024\/06\/solar-SETH-DUO-115614-2-768x768.webp 768w, https:\/\/arteconfort.com\/wp-content\/uploads\/2024\/06\/solar-SETH-DUO-115614-2-340x340.webp 340w, https:\/\/arteconfort.com\/wp-content\/uploads\/2024\/06\/solar-SETH-DUO-115614-2-640x640.webp 640w, https:\/\/arteconfort.com\/wp-content\/uploads\/2024\/06\/solar-SETH-DUO-115614-2-960x960.webp 960w, https:\/\/arteconfort.com\/wp-content\/uploads\/2024\/06\/solar-SETH-DUO-115614-2-133x133.webp 133w, https:\/\/arteconfort.com\/wp-content\/uploads\/2024\/06\/solar-SETH-DUO-115614-2-300x300.webp 300w, https:\/\/arteconfort.com\/wp-content\/uploads\/2024\/06\/solar-SETH-DUO-115614-2-600x600.webp 600w, https:\/\/arteconfort.com\/wp-content\/uploads\/2024\/06\/solar-SETH-DUO-115614-2-100x100.webp 100w\" sizes=\"auto, (max-width: 1024px) 100vw, 1024px\" \/><img loading=\"lazy\" decoding=\"async\" width=\"1024\" height=\"1024\" src=\"https:\/\/arteconfort.com\/wp-content\/uploads\/2024\/06\/solar-SETH-DUO-115614.webp\" class=\"attachment-shop_catalog size-shop_catalog\" alt=\"Aplique solar SETH DUO principal\" srcset=\"https:\/\/arteconfort.com\/wp-content\/uploads\/2024\/06\/solar-SETH-DUO-115614.webp 1024w, https:\/\/arteconfort.com\/wp-content\/uploads\/2024\/06\/solar-SETH-DUO-115614-768x768.webp 768w, https:\/\/arteconfort.com\/wp-content\/uploads\/2024\/06\/solar-SETH-DUO-115614-340x340.webp 340w, https:\/\/arteconfort.com\/wp-content\/uploads\/2024\/06\/solar-SETH-DUO-115614-640x640.webp 640w, https:\/\/arteconfort.com\/wp-content\/uploads\/2024\/06\/solar-SETH-DUO-115614-960x960.webp 960w, https:\/\/arteconfort.com\/wp-content\/uploads\/2024\/06\/solar-SETH-DUO-115614-300x300.webp 300w, https:\/\/arteconfort.com\/wp-content\/uploads\/2024\/06\/solar-SETH-DUO-115614-600x600.webp 600w, https:\/\/arteconfort.com\/wp-content\/uploads\/2024\/06\/solar-SETH-DUO-115614-100x100.webp 100w, https:\/\/arteconfort.com\/wp-content\/uploads\/2024\/06\/solar-SETH-DUO-115614-133x133.webp 133w\" sizes=\"auto, (max-width: 1024px) 100vw, 1024px\" \/>\t<\/a>\n\t<div class=\"w-product-status\"><\/div>\t<span id=\"woocommerce_loop_add_to_cart_link_describedby_16835\" class=\"screen-reader-text\">\n\t\t\t<\/span>\n<\/div><figcaption><h2 class=\"woocommerce-loop-product__title\">SETH DUO<\/h2><div class=\"woocommerce-product-details__short-description\">\n\t<p>O farol solar SETH DUO \u00e9 caracterizado por um design moderno e discreto que oferece um elevado fluxo<\/div>\n\n<\/figcaption><\/figure><\/li>\n<li class=\"product type-product post-44112 status-publish first instock product_cat-iluminacion-solar-de-pared-pt-pt product_cat-solar-pt-pt has-post-thumbnail shipping-taxable product-type-simple w-item col-3\">\n\t<figure><div class=\"image-wrapper\">\t\t<a href=\"https:\/\/arteconfort.com\/pt-pt\/producto\/solara\/\" class=\"w-fadeslider\">\n\t<img loading=\"lazy\" decoding=\"async\" width=\"1024\" height=\"1024\" src=\"https:\/\/arteconfort.com\/wp-content\/uploads\/2025\/02\/SOLARA.webp\" class=\"attachment-shop_catalog size-shop_catalog wp-post-image\" alt=\"\" srcset=\"https:\/\/arteconfort.com\/wp-content\/uploads\/2025\/02\/SOLARA.webp 1024w, https:\/\/arteconfort.com\/wp-content\/uploads\/2025\/02\/SOLARA-768x768.webp 768w, https:\/\/arteconfort.com\/wp-content\/uploads\/2025\/02\/SOLARA-340x340.webp 340w, https:\/\/arteconfort.com\/wp-content\/uploads\/2025\/02\/SOLARA-640x640.webp 640w, https:\/\/arteconfort.com\/wp-content\/uploads\/2025\/02\/SOLARA-960x960.webp 960w, https:\/\/arteconfort.com\/wp-content\/uploads\/2025\/02\/SOLARA-300x300.webp 300w, https:\/\/arteconfort.com\/wp-content\/uploads\/2025\/02\/SOLARA-600x600.webp 600w, https:\/\/arteconfort.com\/wp-content\/uploads\/2025\/02\/SOLARA-100x100.webp 100w, https:\/\/arteconfort.com\/wp-content\/uploads\/2025\/02\/SOLARA-133x133.webp 133w\" sizes=\"auto, (max-width: 1024px) 100vw, 1024px\" \/>\t<img loading=\"lazy\" decoding=\"async\" width=\"1024\" height=\"1024\" src=\"https:\/\/arteconfort.com\/wp-content\/uploads\/2025\/03\/ambiente-Modo4-100-SOLARA.webp\" class=\"attachment-shop_catalog size-shop_catalog\" alt=\"\" srcset=\"https:\/\/arteconfort.com\/wp-content\/uploads\/2025\/03\/ambiente-Modo4-100-SOLARA.webp 1024w, https:\/\/arteconfort.com\/wp-content\/uploads\/2025\/03\/ambiente-Modo4-100-SOLARA-768x768.webp 768w, https:\/\/arteconfort.com\/wp-content\/uploads\/2025\/03\/ambiente-Modo4-100-SOLARA-340x340.webp 340w, https:\/\/arteconfort.com\/wp-content\/uploads\/2025\/03\/ambiente-Modo4-100-SOLARA-640x640.webp 640w, https:\/\/arteconfort.com\/wp-content\/uploads\/2025\/03\/ambiente-Modo4-100-SOLARA-960x960.webp 960w, https:\/\/arteconfort.com\/wp-content\/uploads\/2025\/03\/ambiente-Modo4-100-SOLARA-300x300.webp 300w, https:\/\/arteconfort.com\/wp-content\/uploads\/2025\/03\/ambiente-Modo4-100-SOLARA-600x600.webp 600w, https:\/\/arteconfort.com\/wp-content\/uploads\/2025\/03\/ambiente-Modo4-100-SOLARA-100x100.webp 100w\" sizes=\"auto, (max-width: 1024px) 100vw, 1024px\" \/><img loading=\"lazy\" decoding=\"async\" width=\"1024\" height=\"1024\" src=\"https:\/\/arteconfort.com\/wp-content\/uploads\/2025\/01\/SOLARA-panel.webp\" class=\"attachment-shop_catalog size-shop_catalog\" alt=\"\" srcset=\"https:\/\/arteconfort.com\/wp-content\/uploads\/2025\/01\/SOLARA-panel.webp 1024w, https:\/\/arteconfort.com\/wp-content\/uploads\/2025\/01\/SOLARA-panel-768x768.webp 768w, https:\/\/arteconfort.com\/wp-content\/uploads\/2025\/01\/SOLARA-panel-340x340.webp 340w, https:\/\/arteconfort.com\/wp-content\/uploads\/2025\/01\/SOLARA-panel-640x640.webp 640w, https:\/\/arteconfort.com\/wp-content\/uploads\/2025\/01\/SOLARA-panel-960x960.webp 960w, https:\/\/arteconfort.com\/wp-content\/uploads\/2025\/01\/SOLARA-panel-133x133.webp 133w, https:\/\/arteconfort.com\/wp-content\/uploads\/2025\/01\/SOLARA-panel-300x300.webp 300w, https:\/\/arteconfort.com\/wp-content\/uploads\/2025\/01\/SOLARA-panel-600x600.webp 600w, https:\/\/arteconfort.com\/wp-content\/uploads\/2025\/01\/SOLARA-panel-100x100.webp 100w\" sizes=\"auto, (max-width: 1024px) 100vw, 1024px\" \/><img loading=\"lazy\" decoding=\"async\" width=\"1024\" height=\"1024\" src=\"https:\/\/arteconfort.com\/wp-content\/uploads\/2025\/01\/SOLARA-boton.webp\" class=\"attachment-shop_catalog size-shop_catalog\" alt=\"\" srcset=\"https:\/\/arteconfort.com\/wp-content\/uploads\/2025\/01\/SOLARA-boton.webp 1024w, https:\/\/arteconfort.com\/wp-content\/uploads\/2025\/01\/SOLARA-boton-768x768.webp 768w, https:\/\/arteconfort.com\/wp-content\/uploads\/2025\/01\/SOLARA-boton-340x340.webp 340w, https:\/\/arteconfort.com\/wp-content\/uploads\/2025\/01\/SOLARA-boton-640x640.webp 640w, https:\/\/arteconfort.com\/wp-content\/uploads\/2025\/01\/SOLARA-boton-960x960.webp 960w, https:\/\/arteconfort.com\/wp-content\/uploads\/2025\/01\/SOLARA-boton-133x133.webp 133w, https:\/\/arteconfort.com\/wp-content\/uploads\/2025\/01\/SOLARA-boton-300x300.webp 300w, https:\/\/arteconfort.com\/wp-content\/uploads\/2025\/01\/SOLARA-boton-600x600.webp 600w, https:\/\/arteconfort.com\/wp-content\/uploads\/2025\/01\/SOLARA-boton-100x100.webp 100w\" sizes=\"auto, (max-width: 1024px) 100vw, 1024px\" \/><img loading=\"lazy\" decoding=\"async\" width=\"2000\" height=\"2000\" src=\"https:\/\/arteconfort.com\/wp-content\/uploads\/2025\/01\/SOLARA-grafico.webp\" class=\"attachment-shop_catalog size-shop_catalog\" alt=\"\" srcset=\"https:\/\/arteconfort.com\/wp-content\/uploads\/2025\/01\/SOLARA-grafico.webp 2000w, https:\/\/arteconfort.com\/wp-content\/uploads\/2025\/01\/SOLARA-grafico-768x768.webp 768w, https:\/\/arteconfort.com\/wp-content\/uploads\/2025\/01\/SOLARA-grafico-1536x1536.webp 1536w, https:\/\/arteconfort.com\/wp-content\/uploads\/2025\/01\/SOLARA-grafico-340x340.webp 340w, https:\/\/arteconfort.com\/wp-content\/uploads\/2025\/01\/SOLARA-grafico-640x640.webp 640w, https:\/\/arteconfort.com\/wp-content\/uploads\/2025\/01\/SOLARA-grafico-960x960.webp 960w, https:\/\/arteconfort.com\/wp-content\/uploads\/2025\/01\/SOLARA-grafico-1280x1280.webp 1280w, https:\/\/arteconfort.com\/wp-content\/uploads\/2025\/01\/SOLARA-grafico-133x133.webp 133w, https:\/\/arteconfort.com\/wp-content\/uploads\/2025\/01\/SOLARA-grafico-300x300.webp 300w, https:\/\/arteconfort.com\/wp-content\/uploads\/2025\/01\/SOLARA-grafico-600x600.webp 600w, https:\/\/arteconfort.com\/wp-content\/uploads\/2025\/01\/SOLARA-grafico-100x100.webp 100w\" sizes=\"auto, (max-width: 2000px) 100vw, 2000px\" \/>\t<\/a>\n\t<div class=\"w-product-status\"><\/div>\t<span id=\"woocommerce_loop_add_to_cart_link_describedby_44112\" class=\"screen-reader-text\">\n\t\t\t<\/span>\n<\/div><figcaption><h2 class=\"woocommerce-loop-product__title\">SOLARA<\/h2><div class=\"woocommerce-product-details__short-description\">\n\t<p>O candeeiro de parede solar SOLARA proporciona uma ilumina\u00e7\u00e3o branca neutra com quatro modos de funcionamento, dois dos<\/div>\n\n<\/figcaption><\/figure><\/li>\n<li class=\"product type-product post-11207 status-publish instock product_cat-iluminacion-solar-de-pared-pt-pt product_cat-solar-pt-pt has-post-thumbnail shipping-taxable product-type-external w-item col-3\">\n\t<figure><div class=\"image-wrapper\">\t\t<a href=\"https:\/\/arteconfort.com\/pt-pt\/producto\/stella\/\" class=\"w-fadeslider\">\n\t<img loading=\"lazy\" decoding=\"async\" width=\"1024\" height=\"1024\" src=\"https:\/\/arteconfort.com\/wp-content\/uploads\/2020\/12\/STELLA-AMBIENTE.webp\" class=\"attachment-shop_catalog size-shop_catalog wp-post-image\" alt=\"Guirnalda solar STELLA luz ambiente\" srcset=\"https:\/\/arteconfort.com\/wp-content\/uploads\/2020\/12\/STELLA-AMBIENTE.webp 1024w, https:\/\/arteconfort.com\/wp-content\/uploads\/2020\/12\/STELLA-AMBIENTE-768x768.webp 768w, https:\/\/arteconfort.com\/wp-content\/uploads\/2020\/12\/STELLA-AMBIENTE-340x340.webp 340w, https:\/\/arteconfort.com\/wp-content\/uploads\/2020\/12\/STELLA-AMBIENTE-640x640.webp 640w, https:\/\/arteconfort.com\/wp-content\/uploads\/2020\/12\/STELLA-AMBIENTE-960x960.webp 960w, https:\/\/arteconfort.com\/wp-content\/uploads\/2020\/12\/STELLA-AMBIENTE-133x133.webp 133w, https:\/\/arteconfort.com\/wp-content\/uploads\/2020\/12\/STELLA-AMBIENTE-300x300.webp 300w, https:\/\/arteconfort.com\/wp-content\/uploads\/2020\/12\/STELLA-AMBIENTE-600x600.webp 600w, https:\/\/arteconfort.com\/wp-content\/uploads\/2020\/12\/STELLA-AMBIENTE-100x100.webp 100w\" sizes=\"auto, (max-width: 1024px) 100vw, 1024px\" \/>\t<img loading=\"lazy\" decoding=\"async\" width=\"1024\" height=\"1024\" src=\"https:\/\/arteconfort.com\/wp-content\/uploads\/2020\/12\/STELLA-LUZ-AMBIENTE.webp\" class=\"attachment-shop_catalog size-shop_catalog\" alt=\"Guirnalda solar STELLA luz ambiente\" srcset=\"https:\/\/arteconfort.com\/wp-content\/uploads\/2020\/12\/STELLA-LUZ-AMBIENTE.webp 1024w, https:\/\/arteconfort.com\/wp-content\/uploads\/2020\/12\/STELLA-LUZ-AMBIENTE-768x768.webp 768w, https:\/\/arteconfort.com\/wp-content\/uploads\/2020\/12\/STELLA-LUZ-AMBIENTE-340x340.webp 340w, https:\/\/arteconfort.com\/wp-content\/uploads\/2020\/12\/STELLA-LUZ-AMBIENTE-640x640.webp 640w, https:\/\/arteconfort.com\/wp-content\/uploads\/2020\/12\/STELLA-LUZ-AMBIENTE-960x960.webp 960w, https:\/\/arteconfort.com\/wp-content\/uploads\/2020\/12\/STELLA-LUZ-AMBIENTE-133x133.webp 133w, https:\/\/arteconfort.com\/wp-content\/uploads\/2020\/12\/STELLA-LUZ-AMBIENTE-300x300.webp 300w, https:\/\/arteconfort.com\/wp-content\/uploads\/2020\/12\/STELLA-LUZ-AMBIENTE-600x600.webp 600w, https:\/\/arteconfort.com\/wp-content\/uploads\/2020\/12\/STELLA-LUZ-AMBIENTE-100x100.webp 100w\" sizes=\"auto, (max-width: 1024px) 100vw, 1024px\" \/><img loading=\"lazy\" decoding=\"async\" width=\"1024\" height=\"1024\" src=\"https:\/\/arteconfort.com\/wp-content\/uploads\/2020\/12\/STELLA.webp\" class=\"attachment-shop_catalog size-shop_catalog\" alt=\"Guirnalda solar STELLA con panel\" srcset=\"https:\/\/arteconfort.com\/wp-content\/uploads\/2020\/12\/STELLA.webp 1024w, https:\/\/arteconfort.com\/wp-content\/uploads\/2020\/12\/STELLA-768x768.webp 768w, https:\/\/arteconfort.com\/wp-content\/uploads\/2020\/12\/STELLA-340x340.webp 340w, https:\/\/arteconfort.com\/wp-content\/uploads\/2020\/12\/STELLA-640x640.webp 640w, https:\/\/arteconfort.com\/wp-content\/uploads\/2020\/12\/STELLA-960x960.webp 960w, https:\/\/arteconfort.com\/wp-content\/uploads\/2020\/12\/STELLA-300x300.webp 300w, https:\/\/arteconfort.com\/wp-content\/uploads\/2020\/12\/STELLA-600x600.webp 600w, https:\/\/arteconfort.com\/wp-content\/uploads\/2020\/12\/STELLA-100x100.webp 100w, https:\/\/arteconfort.com\/wp-content\/uploads\/2020\/12\/STELLA-133x133.webp 133w\" sizes=\"auto, (max-width: 1024px) 100vw, 1024px\" \/>\t<\/a>\n\t<div class=\"w-product-status\"><\/div>\t<span id=\"woocommerce_loop_add_to_cart_link_describedby_11207\" class=\"screen-reader-text\">\n\t\t\t<\/span>\n<\/div><figcaption><h2 class=\"woocommerce-loop-product__title\">STELLA<\/h2><div class=\"woocommerce-product-details__short-description\">\n\t<p>A grinalda solar STELLA \u00e9 perfeita para criar uma atmosfera especial, quente e divertida no seu terra\u00e7o, jardim<\/div>\n\n<\/figcaption><\/figure><\/li>\n<li class=\"product type-product post-25203 status-publish instock product_cat-coleccion-antigua-pt product_cat-iluminacion-solar-de-pared-pt-pt product_cat-solar-pt-pt has-post-thumbnail shipping-taxable product-type-simple w-item col-3\">\n\t<figure><div class=\"image-wrapper\">\t\t<a href=\"https:\/\/arteconfort.com\/pt-pt\/producto\/temis\/\" class=\"w-fadeslider\">\n\t<img loading=\"lazy\" decoding=\"async\" width=\"1024\" height=\"1024\" src=\"https:\/\/arteconfort.com\/wp-content\/uploads\/2023\/10\/TEMIS.webp\" class=\"attachment-shop_catalog size-shop_catalog wp-post-image\" alt=\"Aplique solar TEMIS luz directa e indirecta\" srcset=\"https:\/\/arteconfort.com\/wp-content\/uploads\/2023\/10\/TEMIS.webp 1024w, https:\/\/arteconfort.com\/wp-content\/uploads\/2023\/10\/TEMIS-768x768.webp 768w, https:\/\/arteconfort.com\/wp-content\/uploads\/2023\/10\/TEMIS-340x340.webp 340w, https:\/\/arteconfort.com\/wp-content\/uploads\/2023\/10\/TEMIS-640x640.webp 640w, https:\/\/arteconfort.com\/wp-content\/uploads\/2023\/10\/TEMIS-960x960.webp 960w, https:\/\/arteconfort.com\/wp-content\/uploads\/2023\/10\/TEMIS-300x300.webp 300w, https:\/\/arteconfort.com\/wp-content\/uploads\/2023\/10\/TEMIS-600x600.webp 600w, https:\/\/arteconfort.com\/wp-content\/uploads\/2023\/10\/TEMIS-100x100.webp 100w, https:\/\/arteconfort.com\/wp-content\/uploads\/2023\/10\/TEMIS-133x133.webp 133w\" sizes=\"auto, (max-width: 1024px) 100vw, 1024px\" \/>\t<img loading=\"lazy\" decoding=\"async\" width=\"1024\" height=\"1024\" src=\"https:\/\/arteconfort.com\/wp-content\/uploads\/2023\/10\/TEMIS-ambiente-3.webp\" class=\"attachment-shop_catalog size-shop_catalog\" alt=\"TEMIS ambiente\" srcset=\"https:\/\/arteconfort.com\/wp-content\/uploads\/2023\/10\/TEMIS-ambiente-3.webp 1024w, https:\/\/arteconfort.com\/wp-content\/uploads\/2023\/10\/TEMIS-ambiente-3-768x768.webp 768w, https:\/\/arteconfort.com\/wp-content\/uploads\/2023\/10\/TEMIS-ambiente-3-340x340.webp 340w, https:\/\/arteconfort.com\/wp-content\/uploads\/2023\/10\/TEMIS-ambiente-3-640x640.webp 640w, https:\/\/arteconfort.com\/wp-content\/uploads\/2023\/10\/TEMIS-ambiente-3-960x960.webp 960w, https:\/\/arteconfort.com\/wp-content\/uploads\/2023\/10\/TEMIS-ambiente-3-133x133.webp 133w, https:\/\/arteconfort.com\/wp-content\/uploads\/2023\/10\/TEMIS-ambiente-3-300x300.webp 300w, https:\/\/arteconfort.com\/wp-content\/uploads\/2023\/10\/TEMIS-ambiente-3-600x600.webp 600w, https:\/\/arteconfort.com\/wp-content\/uploads\/2023\/10\/TEMIS-ambiente-3-100x100.webp 100w\" sizes=\"auto, (max-width: 1024px) 100vw, 1024px\" \/><img loading=\"lazy\" decoding=\"async\" width=\"1024\" height=\"1024\" src=\"https:\/\/arteconfort.com\/wp-content\/uploads\/2023\/10\/TEMIS-ambiente-2.webp\" class=\"attachment-shop_catalog size-shop_catalog\" alt=\"TEMIS ambiente\" srcset=\"https:\/\/arteconfort.com\/wp-content\/uploads\/2023\/10\/TEMIS-ambiente-2.webp 1024w, https:\/\/arteconfort.com\/wp-content\/uploads\/2023\/10\/TEMIS-ambiente-2-768x768.webp 768w, https:\/\/arteconfort.com\/wp-content\/uploads\/2023\/10\/TEMIS-ambiente-2-340x340.webp 340w, https:\/\/arteconfort.com\/wp-content\/uploads\/2023\/10\/TEMIS-ambiente-2-640x640.webp 640w, https:\/\/arteconfort.com\/wp-content\/uploads\/2023\/10\/TEMIS-ambiente-2-960x960.webp 960w, https:\/\/arteconfort.com\/wp-content\/uploads\/2023\/10\/TEMIS-ambiente-2-133x133.webp 133w, https:\/\/arteconfort.com\/wp-content\/uploads\/2023\/10\/TEMIS-ambiente-2-300x300.webp 300w, https:\/\/arteconfort.com\/wp-content\/uploads\/2023\/10\/TEMIS-ambiente-2-600x600.webp 600w, https:\/\/arteconfort.com\/wp-content\/uploads\/2023\/10\/TEMIS-ambiente-2-100x100.webp 100w\" sizes=\"auto, (max-width: 1024px) 100vw, 1024px\" \/><img loading=\"lazy\" decoding=\"async\" width=\"1024\" height=\"1024\" src=\"https:\/\/arteconfort.com\/wp-content\/uploads\/2023\/10\/TEMIS-ambiente.webp\" class=\"attachment-shop_catalog size-shop_catalog\" alt=\"TEMIS ambiente\" srcset=\"https:\/\/arteconfort.com\/wp-content\/uploads\/2023\/10\/TEMIS-ambiente.webp 1024w, https:\/\/arteconfort.com\/wp-content\/uploads\/2023\/10\/TEMIS-ambiente-768x768.webp 768w, https:\/\/arteconfort.com\/wp-content\/uploads\/2023\/10\/TEMIS-ambiente-340x340.webp 340w, https:\/\/arteconfort.com\/wp-content\/uploads\/2023\/10\/TEMIS-ambiente-640x640.webp 640w, https:\/\/arteconfort.com\/wp-content\/uploads\/2023\/10\/TEMIS-ambiente-960x960.webp 960w, https:\/\/arteconfort.com\/wp-content\/uploads\/2023\/10\/TEMIS-ambiente-133x133.webp 133w, https:\/\/arteconfort.com\/wp-content\/uploads\/2023\/10\/TEMIS-ambiente-300x300.webp 300w, https:\/\/arteconfort.com\/wp-content\/uploads\/2023\/10\/TEMIS-ambiente-600x600.webp 600w, https:\/\/arteconfort.com\/wp-content\/uploads\/2023\/10\/TEMIS-ambiente-100x100.webp 100w\" sizes=\"auto, (max-width: 1024px) 100vw, 1024px\" \/><img loading=\"lazy\" decoding=\"async\" width=\"1024\" height=\"1024\" src=\"https:\/\/arteconfort.com\/wp-content\/uploads\/2023\/10\/TEMIS-grafico.webp\" class=\"attachment-shop_catalog size-shop_catalog\" alt=\"TEMIS dimensiones\" srcset=\"https:\/\/arteconfort.com\/wp-content\/uploads\/2023\/10\/TEMIS-grafico.webp 1024w, https:\/\/arteconfort.com\/wp-content\/uploads\/2023\/10\/TEMIS-grafico-768x768.webp 768w, https:\/\/arteconfort.com\/wp-content\/uploads\/2023\/10\/TEMIS-grafico-340x340.webp 340w, https:\/\/arteconfort.com\/wp-content\/uploads\/2023\/10\/TEMIS-grafico-640x640.webp 640w, https:\/\/arteconfort.com\/wp-content\/uploads\/2023\/10\/TEMIS-grafico-960x960.webp 960w, https:\/\/arteconfort.com\/wp-content\/uploads\/2023\/10\/TEMIS-grafico-133x133.webp 133w, https:\/\/arteconfort.com\/wp-content\/uploads\/2023\/10\/TEMIS-grafico-300x300.webp 300w, https:\/\/arteconfort.com\/wp-content\/uploads\/2023\/10\/TEMIS-grafico-600x600.webp 600w, https:\/\/arteconfort.com\/wp-content\/uploads\/2023\/10\/TEMIS-grafico-100x100.webp 100w\" sizes=\"auto, (max-width: 1024px) 100vw, 1024px\" \/>\t<\/a>\n\t<div class=\"w-product-status\"><\/div>\t<span id=\"woocommerce_loop_add_to_cart_link_describedby_25203\" class=\"screen-reader-text\">\n\t\t\t<\/span>\n<\/div><div class=\"berocket_better_labels berocket_better_labels_image\"><div class=\"berocket_better_labels_position berocket_better_labels_position_right\"><div class=\"berocket_better_labels_line berocket_better_labels_line_1\"><div class=\"berocket_better_labels_inline berocket_better_labels_inline_1\"><div class=\"br_alabel br_alabel_type_text br_alabel_template_type_css berocket_alabel_id_22613  br_alabel_better_compatibility\" style=\"\"><span  style=\"\"><i style=\"background-color: #000000; border-color: #000000;\" class=\"template-span-before \"><\/i><i style=\"background-color: #000000; border-color: #000000;\" class=\"template-i \"><\/i><i style=\"background-color: #000000; border-color: #000000;\" class=\"template-i-before \"><\/i><i style=\"background-color: #000000; border-color: #000000;\" class=\"template-i-after \"><\/i><b style=\"position: relative;z-index: 100;text-align: center;color: inherit;\">Antiga colec\u00e7\u00e3o<\/b><\/span><\/div><\/div><\/div><\/div><\/div><figcaption><h2 class=\"woocommerce-loop-product__title\">TEMIS<\/h2><div class=\"woocommerce-product-details__short-description\">\n\t<p>A luz solar TEMIS \u00e9 caracterizada por um design discreto e moderno, bem como por luz directa e<\/div>\n\n<\/figcaption><\/figure><\/li>\n<li class=\"product type-product post-11210 status-publish last instock product_cat-coleccion-antigua-pt product_cat-iluminacion-solar-de-pie-pt-pt product_cat-solar-pt-pt has-post-thumbnail shipping-taxable product-type-simple w-item col-3\">\n\t<figure><div class=\"image-wrapper\">\t\t<a href=\"https:\/\/arteconfort.com\/pt-pt\/producto\/tempel-mini\/\" class=\"w-fadeslider\">\n\t<img loading=\"lazy\" decoding=\"async\" width=\"1024\" height=\"1024\" src=\"https:\/\/arteconfort.com\/wp-content\/uploads\/2023\/10\/TEMPLE-MINI.webp\" class=\"attachment-shop_catalog size-shop_catalog wp-post-image\" alt=\"\" srcset=\"https:\/\/arteconfort.com\/wp-content\/uploads\/2023\/10\/TEMPLE-MINI.webp 1024w, https:\/\/arteconfort.com\/wp-content\/uploads\/2023\/10\/TEMPLE-MINI-768x768.webp 768w, https:\/\/arteconfort.com\/wp-content\/uploads\/2023\/10\/TEMPLE-MINI-340x340.webp 340w, https:\/\/arteconfort.com\/wp-content\/uploads\/2023\/10\/TEMPLE-MINI-640x640.webp 640w, https:\/\/arteconfort.com\/wp-content\/uploads\/2023\/10\/TEMPLE-MINI-960x960.webp 960w, https:\/\/arteconfort.com\/wp-content\/uploads\/2023\/10\/TEMPLE-MINI-300x300.webp 300w, https:\/\/arteconfort.com\/wp-content\/uploads\/2023\/10\/TEMPLE-MINI-600x600.webp 600w, https:\/\/arteconfort.com\/wp-content\/uploads\/2023\/10\/TEMPLE-MINI-100x100.webp 100w, https:\/\/arteconfort.com\/wp-content\/uploads\/2023\/10\/TEMPLE-MINI-133x133.webp 133w\" sizes=\"auto, (max-width: 1024px) 100vw, 1024px\" \/>\t<img loading=\"lazy\" decoding=\"async\" width=\"1024\" height=\"1024\" src=\"https:\/\/arteconfort.com\/wp-content\/uploads\/2023\/10\/TEMPLE-detalle-pie2.webp\" class=\"attachment-shop_catalog size-shop_catalog\" alt=\"\" srcset=\"https:\/\/arteconfort.com\/wp-content\/uploads\/2023\/10\/TEMPLE-detalle-pie2.webp 1024w, https:\/\/arteconfort.com\/wp-content\/uploads\/2023\/10\/TEMPLE-detalle-pie2-768x768.webp 768w, https:\/\/arteconfort.com\/wp-content\/uploads\/2023\/10\/TEMPLE-detalle-pie2-340x340.webp 340w, https:\/\/arteconfort.com\/wp-content\/uploads\/2023\/10\/TEMPLE-detalle-pie2-640x640.webp 640w, https:\/\/arteconfort.com\/wp-content\/uploads\/2023\/10\/TEMPLE-detalle-pie2-960x960.webp 960w, https:\/\/arteconfort.com\/wp-content\/uploads\/2023\/10\/TEMPLE-detalle-pie2-133x133.webp 133w, https:\/\/arteconfort.com\/wp-content\/uploads\/2023\/10\/TEMPLE-detalle-pie2-300x300.webp 300w, https:\/\/arteconfort.com\/wp-content\/uploads\/2023\/10\/TEMPLE-detalle-pie2-600x600.webp 600w, https:\/\/arteconfort.com\/wp-content\/uploads\/2023\/10\/TEMPLE-detalle-pie2-100x100.webp 100w\" sizes=\"auto, (max-width: 1024px) 100vw, 1024px\" \/><img loading=\"lazy\" decoding=\"async\" width=\"1024\" height=\"1024\" src=\"https:\/\/arteconfort.com\/wp-content\/uploads\/2023\/10\/ambiente-TEMPEL-MINI.webp\" class=\"attachment-shop_catalog size-shop_catalog\" alt=\"\" srcset=\"https:\/\/arteconfort.com\/wp-content\/uploads\/2023\/10\/ambiente-TEMPEL-MINI.webp 1024w, https:\/\/arteconfort.com\/wp-content\/uploads\/2023\/10\/ambiente-TEMPEL-MINI-768x768.webp 768w, https:\/\/arteconfort.com\/wp-content\/uploads\/2023\/10\/ambiente-TEMPEL-MINI-340x340.webp 340w, https:\/\/arteconfort.com\/wp-content\/uploads\/2023\/10\/ambiente-TEMPEL-MINI-640x640.webp 640w, https:\/\/arteconfort.com\/wp-content\/uploads\/2023\/10\/ambiente-TEMPEL-MINI-960x960.webp 960w, https:\/\/arteconfort.com\/wp-content\/uploads\/2023\/10\/ambiente-TEMPEL-MINI-133x133.webp 133w, https:\/\/arteconfort.com\/wp-content\/uploads\/2023\/10\/ambiente-TEMPEL-MINI-300x300.webp 300w, https:\/\/arteconfort.com\/wp-content\/uploads\/2023\/10\/ambiente-TEMPEL-MINI-600x600.webp 600w, https:\/\/arteconfort.com\/wp-content\/uploads\/2023\/10\/ambiente-TEMPEL-MINI-100x100.webp 100w\" sizes=\"auto, (max-width: 1024px) 100vw, 1024px\" \/>\t<\/a>\n\t<div class=\"w-product-status\"><\/div>\t<span id=\"woocommerce_loop_add_to_cart_link_describedby_11210\" class=\"screen-reader-text\">\n\t\t\t<\/span>\n<\/div><div class=\"berocket_better_labels berocket_better_labels_image\"><div class=\"berocket_better_labels_position berocket_better_labels_position_right\"><div class=\"berocket_better_labels_line berocket_better_labels_line_1\"><div class=\"berocket_better_labels_inline berocket_better_labels_inline_1\"><div class=\"br_alabel br_alabel_type_text br_alabel_template_type_css berocket_alabel_id_22613  br_alabel_better_compatibility\" style=\"\"><span  style=\"\"><i style=\"background-color: #000000; border-color: #000000;\" class=\"template-span-before \"><\/i><i style=\"background-color: #000000; border-color: #000000;\" class=\"template-i \"><\/i><i style=\"background-color: #000000; border-color: #000000;\" class=\"template-i-before \"><\/i><i style=\"background-color: #000000; border-color: #000000;\" class=\"template-i-after \"><\/i><b style=\"position: relative;z-index: 100;text-align: center;color: inherit;\">Antiga colec\u00e7\u00e3o<\/b><\/span><\/div><\/div><\/div><\/div><\/div><figcaption><h2 class=\"woocommerce-loop-product__title\">TEMPEL MINI<\/h2><div class=\"woocommerce-product-details__short-description\">\n\t<p>Desfrute do desenho tempor\u00e1rio desta lanterna de jardim. Fabricado com materiais de primeira qualidade: alum\u00ednio e vidro fosco.<\/div>\n\n<\/figcaption><\/figure><\/li>\n<li class=\"product type-product post-11213 status-publish first instock product_cat-coleccion-antigua-pt product_cat-iluminacion-solar-de-pared-pt-pt product_cat-solar-pt-pt has-post-thumbnail shipping-taxable product-type-simple w-item col-3\">\n\t<figure><div class=\"image-wrapper\">\t\t<a href=\"https:\/\/arteconfort.com\/pt-pt\/producto\/tempel-pared\/\" class=\"w-fadeslider\">\n\t<img loading=\"lazy\" decoding=\"async\" width=\"1024\" height=\"1024\" src=\"https:\/\/arteconfort.com\/wp-content\/uploads\/2023\/10\/TEMPLE-APLIQUE.webp\" class=\"attachment-shop_catalog size-shop_catalog wp-post-image\" alt=\"TEMPEL aplique\" srcset=\"https:\/\/arteconfort.com\/wp-content\/uploads\/2023\/10\/TEMPLE-APLIQUE.webp 1024w, https:\/\/arteconfort.com\/wp-content\/uploads\/2023\/10\/TEMPLE-APLIQUE-768x768.webp 768w, https:\/\/arteconfort.com\/wp-content\/uploads\/2023\/10\/TEMPLE-APLIQUE-340x340.webp 340w, https:\/\/arteconfort.com\/wp-content\/uploads\/2023\/10\/TEMPLE-APLIQUE-640x640.webp 640w, https:\/\/arteconfort.com\/wp-content\/uploads\/2023\/10\/TEMPLE-APLIQUE-960x960.webp 960w, https:\/\/arteconfort.com\/wp-content\/uploads\/2023\/10\/TEMPLE-APLIQUE-300x300.webp 300w, https:\/\/arteconfort.com\/wp-content\/uploads\/2023\/10\/TEMPLE-APLIQUE-600x600.webp 600w, https:\/\/arteconfort.com\/wp-content\/uploads\/2023\/10\/TEMPLE-APLIQUE-100x100.webp 100w, https:\/\/arteconfort.com\/wp-content\/uploads\/2023\/10\/TEMPLE-APLIQUE-133x133.webp 133w\" sizes=\"auto, (max-width: 1024px) 100vw, 1024px\" \/>\t<img loading=\"lazy\" decoding=\"async\" width=\"1024\" height=\"1024\" src=\"https:\/\/arteconfort.com\/wp-content\/uploads\/2023\/10\/TEMPEL-PARED.webp\" class=\"attachment-shop_catalog size-shop_catalog\" alt=\"Foco solar TEMPEL PARED en jard\u00edn\" srcset=\"https:\/\/arteconfort.com\/wp-content\/uploads\/2023\/10\/TEMPEL-PARED.webp 1024w, https:\/\/arteconfort.com\/wp-content\/uploads\/2023\/10\/TEMPEL-PARED-768x768.webp 768w, https:\/\/arteconfort.com\/wp-content\/uploads\/2023\/10\/TEMPEL-PARED-340x340.webp 340w, https:\/\/arteconfort.com\/wp-content\/uploads\/2023\/10\/TEMPEL-PARED-640x640.webp 640w, https:\/\/arteconfort.com\/wp-content\/uploads\/2023\/10\/TEMPEL-PARED-960x960.webp 960w, https:\/\/arteconfort.com\/wp-content\/uploads\/2023\/10\/TEMPEL-PARED-133x133.webp 133w, https:\/\/arteconfort.com\/wp-content\/uploads\/2023\/10\/TEMPEL-PARED-300x300.webp 300w, https:\/\/arteconfort.com\/wp-content\/uploads\/2023\/10\/TEMPEL-PARED-600x600.webp 600w, https:\/\/arteconfort.com\/wp-content\/uploads\/2023\/10\/TEMPEL-PARED-100x100.webp 100w\" sizes=\"auto, (max-width: 1024px) 100vw, 1024px\" \/><img loading=\"lazy\" decoding=\"async\" width=\"1024\" height=\"1024\" src=\"https:\/\/arteconfort.com\/wp-content\/uploads\/2023\/10\/TEMPLE-detalle-2-3.webp\" class=\"attachment-shop_catalog size-shop_catalog\" alt=\"TEMPEL detalle superior sensor\" srcset=\"https:\/\/arteconfort.com\/wp-content\/uploads\/2023\/10\/TEMPLE-detalle-2-3.webp 1024w, https:\/\/arteconfort.com\/wp-content\/uploads\/2023\/10\/TEMPLE-detalle-2-3-768x768.webp 768w, https:\/\/arteconfort.com\/wp-content\/uploads\/2023\/10\/TEMPLE-detalle-2-3-340x340.webp 340w, https:\/\/arteconfort.com\/wp-content\/uploads\/2023\/10\/TEMPLE-detalle-2-3-640x640.webp 640w, https:\/\/arteconfort.com\/wp-content\/uploads\/2023\/10\/TEMPLE-detalle-2-3-960x960.webp 960w, https:\/\/arteconfort.com\/wp-content\/uploads\/2023\/10\/TEMPLE-detalle-2-3-133x133.webp 133w, https:\/\/arteconfort.com\/wp-content\/uploads\/2023\/10\/TEMPLE-detalle-2-3-300x300.webp 300w, https:\/\/arteconfort.com\/wp-content\/uploads\/2023\/10\/TEMPLE-detalle-2-3-600x600.webp 600w, https:\/\/arteconfort.com\/wp-content\/uploads\/2023\/10\/TEMPLE-detalle-2-3-100x100.webp 100w\" sizes=\"auto, (max-width: 1024px) 100vw, 1024px\" \/><img loading=\"lazy\" decoding=\"async\" width=\"1024\" height=\"1024\" src=\"https:\/\/arteconfort.com\/wp-content\/uploads\/2023\/10\/TEMPLE-detalle.webp\" class=\"attachment-shop_catalog size-shop_catalog\" alt=\"TEMPEL detalle sensor\" srcset=\"https:\/\/arteconfort.com\/wp-content\/uploads\/2023\/10\/TEMPLE-detalle.webp 1024w, https:\/\/arteconfort.com\/wp-content\/uploads\/2023\/10\/TEMPLE-detalle-768x768.webp 768w, https:\/\/arteconfort.com\/wp-content\/uploads\/2023\/10\/TEMPLE-detalle-340x340.webp 340w, https:\/\/arteconfort.com\/wp-content\/uploads\/2023\/10\/TEMPLE-detalle-640x640.webp 640w, https:\/\/arteconfort.com\/wp-content\/uploads\/2023\/10\/TEMPLE-detalle-960x960.webp 960w, https:\/\/arteconfort.com\/wp-content\/uploads\/2023\/10\/TEMPLE-detalle-133x133.webp 133w, https:\/\/arteconfort.com\/wp-content\/uploads\/2023\/10\/TEMPLE-detalle-300x300.webp 300w, https:\/\/arteconfort.com\/wp-content\/uploads\/2023\/10\/TEMPLE-detalle-600x600.webp 600w, https:\/\/arteconfort.com\/wp-content\/uploads\/2023\/10\/TEMPLE-detalle-100x100.webp 100w\" sizes=\"auto, (max-width: 1024px) 100vw, 1024px\" \/><img loading=\"lazy\" decoding=\"async\" width=\"1024\" height=\"1024\" src=\"https:\/\/arteconfort.com\/wp-content\/uploads\/2023\/10\/TEMPLE-detalle-interruptor3.webp\" class=\"attachment-shop_catalog size-shop_catalog\" alt=\"TEMPEL detalle interruptor\" srcset=\"https:\/\/arteconfort.com\/wp-content\/uploads\/2023\/10\/TEMPLE-detalle-interruptor3.webp 1024w, https:\/\/arteconfort.com\/wp-content\/uploads\/2023\/10\/TEMPLE-detalle-interruptor3-768x768.webp 768w, https:\/\/arteconfort.com\/wp-content\/uploads\/2023\/10\/TEMPLE-detalle-interruptor3-340x340.webp 340w, https:\/\/arteconfort.com\/wp-content\/uploads\/2023\/10\/TEMPLE-detalle-interruptor3-640x640.webp 640w, https:\/\/arteconfort.com\/wp-content\/uploads\/2023\/10\/TEMPLE-detalle-interruptor3-960x960.webp 960w, https:\/\/arteconfort.com\/wp-content\/uploads\/2023\/10\/TEMPLE-detalle-interruptor3-133x133.webp 133w, https:\/\/arteconfort.com\/wp-content\/uploads\/2023\/10\/TEMPLE-detalle-interruptor3-300x300.webp 300w, https:\/\/arteconfort.com\/wp-content\/uploads\/2023\/10\/TEMPLE-detalle-interruptor3-600x600.webp 600w, https:\/\/arteconfort.com\/wp-content\/uploads\/2023\/10\/TEMPLE-detalle-interruptor3-100x100.webp 100w\" sizes=\"auto, (max-width: 1024px) 100vw, 1024px\" \/><img loading=\"lazy\" decoding=\"async\" width=\"1024\" height=\"1024\" src=\"https:\/\/arteconfort.com\/wp-content\/uploads\/2023\/10\/TEMPLE-detalle-panel-3.webp\" class=\"attachment-shop_catalog size-shop_catalog\" alt=\"TEMPEL panel\" srcset=\"https:\/\/arteconfort.com\/wp-content\/uploads\/2023\/10\/TEMPLE-detalle-panel-3.webp 1024w, https:\/\/arteconfort.com\/wp-content\/uploads\/2023\/10\/TEMPLE-detalle-panel-3-768x768.webp 768w, https:\/\/arteconfort.com\/wp-content\/uploads\/2023\/10\/TEMPLE-detalle-panel-3-340x340.webp 340w, https:\/\/arteconfort.com\/wp-content\/uploads\/2023\/10\/TEMPLE-detalle-panel-3-640x640.webp 640w, https:\/\/arteconfort.com\/wp-content\/uploads\/2023\/10\/TEMPLE-detalle-panel-3-960x960.webp 960w, https:\/\/arteconfort.com\/wp-content\/uploads\/2023\/10\/TEMPLE-detalle-panel-3-133x133.webp 133w, https:\/\/arteconfort.com\/wp-content\/uploads\/2023\/10\/TEMPLE-detalle-panel-3-300x300.webp 300w, https:\/\/arteconfort.com\/wp-content\/uploads\/2023\/10\/TEMPLE-detalle-panel-3-600x600.webp 600w, https:\/\/arteconfort.com\/wp-content\/uploads\/2023\/10\/TEMPLE-detalle-panel-3-100x100.webp 100w\" sizes=\"auto, (max-width: 1024px) 100vw, 1024px\" \/>\t<\/a>\n\t<div class=\"w-product-status\"><\/div>\t<span id=\"woocommerce_loop_add_to_cart_link_describedby_11213\" class=\"screen-reader-text\">\n\t\t\t<\/span>\n<\/div><div class=\"berocket_better_labels berocket_better_labels_image\"><div class=\"berocket_better_labels_position berocket_better_labels_position_right\"><div class=\"berocket_better_labels_line berocket_better_labels_line_1\"><div class=\"berocket_better_labels_inline berocket_better_labels_inline_1\"><div class=\"br_alabel br_alabel_type_text br_alabel_template_type_css berocket_alabel_id_22613  br_alabel_better_compatibility\" style=\"\"><span  style=\"\"><i style=\"background-color: #000000; border-color: #000000;\" class=\"template-span-before \"><\/i><i style=\"background-color: #000000; border-color: #000000;\" class=\"template-i \"><\/i><i style=\"background-color: #000000; border-color: #000000;\" class=\"template-i-before \"><\/i><i style=\"background-color: #000000; border-color: #000000;\" class=\"template-i-after \"><\/i><b style=\"position: relative;z-index: 100;text-align: center;color: inherit;\">Antiga colec\u00e7\u00e3o<\/b><\/span><\/div><\/div><\/div><\/div><\/div><figcaption><h2 class=\"woocommerce-loop-product__title\">TEMPEL PARED<\/h2><div class=\"woocommerce-product-details__short-description\">\n\t<p>Ilumine o seu jardim com estilo com a lanterna solar TEMPLE led, com um design elegante feito de<\/div>\n\n<\/figcaption><\/figure><\/li>\n<li class=\"product type-product post-11216 status-publish instock product_cat-coleccion-antigua-pt product_cat-iluminacion-solar-de-sobremuro-pt-pt product_cat-solar-pt-pt has-post-thumbnail shipping-taxable product-type-simple w-item col-3\">\n\t<figure><div class=\"image-wrapper\">\t\t<a href=\"https:\/\/arteconfort.com\/pt-pt\/producto\/tempel-sobremuro\/\" class=\"w-fadeslider\">\n\t<img loading=\"lazy\" decoding=\"async\" width=\"1024\" height=\"1024\" src=\"https:\/\/arteconfort.com\/wp-content\/uploads\/2020\/01\/TEMPLE-SOBREMURO.webp\" class=\"attachment-shop_catalog size-shop_catalog wp-post-image\" alt=\"\" srcset=\"https:\/\/arteconfort.com\/wp-content\/uploads\/2020\/01\/TEMPLE-SOBREMURO.webp 1024w, https:\/\/arteconfort.com\/wp-content\/uploads\/2020\/01\/TEMPLE-SOBREMURO-768x768.webp 768w, https:\/\/arteconfort.com\/wp-content\/uploads\/2020\/01\/TEMPLE-SOBREMURO-340x340.webp 340w, https:\/\/arteconfort.com\/wp-content\/uploads\/2020\/01\/TEMPLE-SOBREMURO-640x640.webp 640w, https:\/\/arteconfort.com\/wp-content\/uploads\/2020\/01\/TEMPLE-SOBREMURO-960x960.webp 960w, https:\/\/arteconfort.com\/wp-content\/uploads\/2020\/01\/TEMPLE-SOBREMURO-300x300.webp 300w, https:\/\/arteconfort.com\/wp-content\/uploads\/2020\/01\/TEMPLE-SOBREMURO-600x600.webp 600w, https:\/\/arteconfort.com\/wp-content\/uploads\/2020\/01\/TEMPLE-SOBREMURO-100x100.webp 100w, https:\/\/arteconfort.com\/wp-content\/uploads\/2020\/01\/TEMPLE-SOBREMURO-133x133.webp 133w\" sizes=\"auto, (max-width: 1024px) 100vw, 1024px\" \/>\t<img loading=\"lazy\" decoding=\"async\" width=\"1024\" height=\"1024\" src=\"https:\/\/arteconfort.com\/wp-content\/uploads\/2020\/01\/TEMPLE-SOBREMURO-ambiente-2.webp\" class=\"attachment-shop_catalog size-shop_catalog\" alt=\"\" srcset=\"https:\/\/arteconfort.com\/wp-content\/uploads\/2020\/01\/TEMPLE-SOBREMURO-ambiente-2.webp 1024w, https:\/\/arteconfort.com\/wp-content\/uploads\/2020\/01\/TEMPLE-SOBREMURO-ambiente-2-768x768.webp 768w, https:\/\/arteconfort.com\/wp-content\/uploads\/2020\/01\/TEMPLE-SOBREMURO-ambiente-2-340x340.webp 340w, https:\/\/arteconfort.com\/wp-content\/uploads\/2020\/01\/TEMPLE-SOBREMURO-ambiente-2-640x640.webp 640w, https:\/\/arteconfort.com\/wp-content\/uploads\/2020\/01\/TEMPLE-SOBREMURO-ambiente-2-960x960.webp 960w, https:\/\/arteconfort.com\/wp-content\/uploads\/2020\/01\/TEMPLE-SOBREMURO-ambiente-2-133x133.webp 133w, https:\/\/arteconfort.com\/wp-content\/uploads\/2020\/01\/TEMPLE-SOBREMURO-ambiente-2-300x300.webp 300w, https:\/\/arteconfort.com\/wp-content\/uploads\/2020\/01\/TEMPLE-SOBREMURO-ambiente-2-600x600.webp 600w, https:\/\/arteconfort.com\/wp-content\/uploads\/2020\/01\/TEMPLE-SOBREMURO-ambiente-2-100x100.webp 100w\" sizes=\"auto, (max-width: 1024px) 100vw, 1024px\" \/><img loading=\"lazy\" decoding=\"async\" width=\"1024\" height=\"1024\" src=\"https:\/\/arteconfort.com\/wp-content\/uploads\/2020\/01\/TEMPLE-SOBREMURO-ambiente.webp\" class=\"attachment-shop_catalog size-shop_catalog\" alt=\"\" srcset=\"https:\/\/arteconfort.com\/wp-content\/uploads\/2020\/01\/TEMPLE-SOBREMURO-ambiente.webp 1024w, https:\/\/arteconfort.com\/wp-content\/uploads\/2020\/01\/TEMPLE-SOBREMURO-ambiente-768x768.webp 768w, https:\/\/arteconfort.com\/wp-content\/uploads\/2020\/01\/TEMPLE-SOBREMURO-ambiente-340x340.webp 340w, https:\/\/arteconfort.com\/wp-content\/uploads\/2020\/01\/TEMPLE-SOBREMURO-ambiente-640x640.webp 640w, https:\/\/arteconfort.com\/wp-content\/uploads\/2020\/01\/TEMPLE-SOBREMURO-ambiente-960x960.webp 960w, https:\/\/arteconfort.com\/wp-content\/uploads\/2020\/01\/TEMPLE-SOBREMURO-ambiente-133x133.webp 133w, https:\/\/arteconfort.com\/wp-content\/uploads\/2020\/01\/TEMPLE-SOBREMURO-ambiente-300x300.webp 300w, https:\/\/arteconfort.com\/wp-content\/uploads\/2020\/01\/TEMPLE-SOBREMURO-ambiente-600x600.webp 600w, https:\/\/arteconfort.com\/wp-content\/uploads\/2020\/01\/TEMPLE-SOBREMURO-ambiente-100x100.webp 100w\" sizes=\"auto, (max-width: 1024px) 100vw, 1024px\" \/>\t<\/a>\n\t<div class=\"w-product-status\"><\/div>\t<span id=\"woocommerce_loop_add_to_cart_link_describedby_11216\" class=\"screen-reader-text\">\n\t\t\t<\/span>\n<\/div><div class=\"berocket_better_labels berocket_better_labels_image\"><div class=\"berocket_better_labels_position berocket_better_labels_position_right\"><div class=\"berocket_better_labels_line berocket_better_labels_line_1\"><div class=\"berocket_better_labels_inline berocket_better_labels_inline_1\"><div class=\"br_alabel br_alabel_type_text br_alabel_template_type_css berocket_alabel_id_22613  br_alabel_better_compatibility\" style=\"\"><span  style=\"\"><i style=\"background-color: #000000; border-color: #000000;\" class=\"template-span-before \"><\/i><i style=\"background-color: #000000; border-color: #000000;\" class=\"template-i \"><\/i><i style=\"background-color: #000000; border-color: #000000;\" class=\"template-i-before \"><\/i><i style=\"background-color: #000000; border-color: #000000;\" class=\"template-i-after \"><\/i><b style=\"position: relative;z-index: 100;text-align: center;color: inherit;\">Antiga colec\u00e7\u00e3o<\/b><\/span><\/div><\/div><\/div><\/div><\/div><figcaption><h2 class=\"woocommerce-loop-product__title\">TEMPEL SOBREMURO<\/h2><div class=\"woocommerce-product-details__short-description\">\n\t<p>Lanterna de parede LED f\u00e1cil de instalar. Tem um desenho intemporal feito de alum\u00ednio e vidro fosco. Tem<\/div>\n\n<\/figcaption><\/figure><\/li>\n<li class=\"product type-product post-25197 status-publish instock product_cat-coleccion-antigua-pt product_cat-iluminacion-solar-de-pared-pt-pt product_cat-solar-pt-pt has-post-thumbnail shipping-taxable product-type-simple w-item col-3\">\n\t<figure><div class=\"image-wrapper\">\t\t<a href=\"https:\/\/arteconfort.com\/pt-pt\/producto\/thea\/\" class=\"w-fadeslider\">\n\t<img loading=\"lazy\" decoding=\"async\" width=\"1024\" height=\"1024\" src=\"https:\/\/arteconfort.com\/wp-content\/uploads\/2023\/10\/THEA.webp\" class=\"attachment-shop_catalog size-shop_catalog wp-post-image\" alt=\"THEA\" srcset=\"https:\/\/arteconfort.com\/wp-content\/uploads\/2023\/10\/THEA.webp 1024w, https:\/\/arteconfort.com\/wp-content\/uploads\/2023\/10\/THEA-768x768.webp 768w, https:\/\/arteconfort.com\/wp-content\/uploads\/2023\/10\/THEA-340x340.webp 340w, https:\/\/arteconfort.com\/wp-content\/uploads\/2023\/10\/THEA-640x640.webp 640w, https:\/\/arteconfort.com\/wp-content\/uploads\/2023\/10\/THEA-960x960.webp 960w, https:\/\/arteconfort.com\/wp-content\/uploads\/2023\/10\/THEA-300x300.webp 300w, https:\/\/arteconfort.com\/wp-content\/uploads\/2023\/10\/THEA-600x600.webp 600w, https:\/\/arteconfort.com\/wp-content\/uploads\/2023\/10\/THEA-100x100.webp 100w, https:\/\/arteconfort.com\/wp-content\/uploads\/2023\/10\/THEA-133x133.webp 133w\" sizes=\"auto, (max-width: 1024px) 100vw, 1024px\" \/>\t<img loading=\"lazy\" decoding=\"async\" width=\"1024\" height=\"1024\" src=\"https:\/\/arteconfort.com\/wp-content\/uploads\/2023\/10\/THEA-ambiente.webp\" class=\"attachment-shop_catalog size-shop_catalog\" alt=\"THEA ambiente\" srcset=\"https:\/\/arteconfort.com\/wp-content\/uploads\/2023\/10\/THEA-ambiente.webp 1024w, https:\/\/arteconfort.com\/wp-content\/uploads\/2023\/10\/THEA-ambiente-768x768.webp 768w, https:\/\/arteconfort.com\/wp-content\/uploads\/2023\/10\/THEA-ambiente-340x340.webp 340w, https:\/\/arteconfort.com\/wp-content\/uploads\/2023\/10\/THEA-ambiente-640x640.webp 640w, https:\/\/arteconfort.com\/wp-content\/uploads\/2023\/10\/THEA-ambiente-960x960.webp 960w, https:\/\/arteconfort.com\/wp-content\/uploads\/2023\/10\/THEA-ambiente-133x133.webp 133w, https:\/\/arteconfort.com\/wp-content\/uploads\/2023\/10\/THEA-ambiente-300x300.webp 300w, https:\/\/arteconfort.com\/wp-content\/uploads\/2023\/10\/THEA-ambiente-600x600.webp 600w, https:\/\/arteconfort.com\/wp-content\/uploads\/2023\/10\/THEA-ambiente-100x100.webp 100w\" sizes=\"auto, (max-width: 1024px) 100vw, 1024px\" \/><img loading=\"lazy\" decoding=\"async\" width=\"1024\" height=\"1024\" src=\"https:\/\/arteconfort.com\/wp-content\/uploads\/2023\/10\/THEA-2.webp\" class=\"attachment-shop_catalog size-shop_catalog\" alt=\"THEA\" srcset=\"https:\/\/arteconfort.com\/wp-content\/uploads\/2023\/10\/THEA-2.webp 1024w, https:\/\/arteconfort.com\/wp-content\/uploads\/2023\/10\/THEA-2-768x768.webp 768w, https:\/\/arteconfort.com\/wp-content\/uploads\/2023\/10\/THEA-2-340x340.webp 340w, https:\/\/arteconfort.com\/wp-content\/uploads\/2023\/10\/THEA-2-640x640.webp 640w, https:\/\/arteconfort.com\/wp-content\/uploads\/2023\/10\/THEA-2-960x960.webp 960w, https:\/\/arteconfort.com\/wp-content\/uploads\/2023\/10\/THEA-2-133x133.webp 133w, https:\/\/arteconfort.com\/wp-content\/uploads\/2023\/10\/THEA-2-300x300.webp 300w, https:\/\/arteconfort.com\/wp-content\/uploads\/2023\/10\/THEA-2-600x600.webp 600w, https:\/\/arteconfort.com\/wp-content\/uploads\/2023\/10\/THEA-2-100x100.webp 100w\" sizes=\"auto, (max-width: 1024px) 100vw, 1024px\" \/><img loading=\"lazy\" decoding=\"async\" width=\"1024\" height=\"1024\" src=\"https:\/\/arteconfort.com\/wp-content\/uploads\/2023\/10\/THEA-orientable.webp\" class=\"attachment-shop_catalog size-shop_catalog\" alt=\"THEA orientable\" srcset=\"https:\/\/arteconfort.com\/wp-content\/uploads\/2023\/10\/THEA-orientable.webp 1024w, https:\/\/arteconfort.com\/wp-content\/uploads\/2023\/10\/THEA-orientable-768x768.webp 768w, https:\/\/arteconfort.com\/wp-content\/uploads\/2023\/10\/THEA-orientable-340x340.webp 340w, https:\/\/arteconfort.com\/wp-content\/uploads\/2023\/10\/THEA-orientable-640x640.webp 640w, https:\/\/arteconfort.com\/wp-content\/uploads\/2023\/10\/THEA-orientable-960x960.webp 960w, https:\/\/arteconfort.com\/wp-content\/uploads\/2023\/10\/THEA-orientable-133x133.webp 133w, https:\/\/arteconfort.com\/wp-content\/uploads\/2023\/10\/THEA-orientable-300x300.webp 300w, https:\/\/arteconfort.com\/wp-content\/uploads\/2023\/10\/THEA-orientable-600x600.webp 600w, https:\/\/arteconfort.com\/wp-content\/uploads\/2023\/10\/THEA-orientable-100x100.webp 100w\" sizes=\"auto, (max-width: 1024px) 100vw, 1024px\" \/><img loading=\"lazy\" decoding=\"async\" width=\"1024\" height=\"1024\" src=\"https:\/\/arteconfort.com\/wp-content\/uploads\/2023\/10\/THEA-detalle.webp\" class=\"attachment-shop_catalog size-shop_catalog\" alt=\"THEA detalle\" srcset=\"https:\/\/arteconfort.com\/wp-content\/uploads\/2023\/10\/THEA-detalle.webp 1024w, https:\/\/arteconfort.com\/wp-content\/uploads\/2023\/10\/THEA-detalle-768x768.webp 768w, https:\/\/arteconfort.com\/wp-content\/uploads\/2023\/10\/THEA-detalle-340x340.webp 340w, https:\/\/arteconfort.com\/wp-content\/uploads\/2023\/10\/THEA-detalle-640x640.webp 640w, https:\/\/arteconfort.com\/wp-content\/uploads\/2023\/10\/THEA-detalle-960x960.webp 960w, https:\/\/arteconfort.com\/wp-content\/uploads\/2023\/10\/THEA-detalle-133x133.webp 133w, https:\/\/arteconfort.com\/wp-content\/uploads\/2023\/10\/THEA-detalle-300x300.webp 300w, https:\/\/arteconfort.com\/wp-content\/uploads\/2023\/10\/THEA-detalle-600x600.webp 600w, https:\/\/arteconfort.com\/wp-content\/uploads\/2023\/10\/THEA-detalle-100x100.webp 100w\" sizes=\"auto, (max-width: 1024px) 100vw, 1024px\" \/><img loading=\"lazy\" decoding=\"async\" width=\"1024\" height=\"1024\" src=\"https:\/\/arteconfort.com\/wp-content\/uploads\/2023\/10\/THEA-9.webp\" class=\"attachment-shop_catalog size-shop_catalog\" alt=\"THEA de frente\" srcset=\"https:\/\/arteconfort.com\/wp-content\/uploads\/2023\/10\/THEA-9.webp 1024w, https:\/\/arteconfort.com\/wp-content\/uploads\/2023\/10\/THEA-9-768x768.webp 768w, https:\/\/arteconfort.com\/wp-content\/uploads\/2023\/10\/THEA-9-340x340.webp 340w, https:\/\/arteconfort.com\/wp-content\/uploads\/2023\/10\/THEA-9-640x640.webp 640w, https:\/\/arteconfort.com\/wp-content\/uploads\/2023\/10\/THEA-9-960x960.webp 960w, https:\/\/arteconfort.com\/wp-content\/uploads\/2023\/10\/THEA-9-133x133.webp 133w, https:\/\/arteconfort.com\/wp-content\/uploads\/2023\/10\/THEA-9-300x300.webp 300w, https:\/\/arteconfort.com\/wp-content\/uploads\/2023\/10\/THEA-9-600x600.webp 600w, https:\/\/arteconfort.com\/wp-content\/uploads\/2023\/10\/THEA-9-100x100.webp 100w\" sizes=\"auto, (max-width: 1024px) 100vw, 1024px\" \/><img loading=\"lazy\" decoding=\"async\" width=\"1024\" height=\"1024\" src=\"https:\/\/arteconfort.com\/wp-content\/uploads\/2023\/10\/THEA-8.webp\" class=\"attachment-shop_catalog size-shop_catalog\" alt=\"THEA perfil\" srcset=\"https:\/\/arteconfort.com\/wp-content\/uploads\/2023\/10\/THEA-8.webp 1024w, https:\/\/arteconfort.com\/wp-content\/uploads\/2023\/10\/THEA-8-768x768.webp 768w, https:\/\/arteconfort.com\/wp-content\/uploads\/2023\/10\/THEA-8-340x340.webp 340w, https:\/\/arteconfort.com\/wp-content\/uploads\/2023\/10\/THEA-8-640x640.webp 640w, https:\/\/arteconfort.com\/wp-content\/uploads\/2023\/10\/THEA-8-960x960.webp 960w, https:\/\/arteconfort.com\/wp-content\/uploads\/2023\/10\/THEA-8-133x133.webp 133w, https:\/\/arteconfort.com\/wp-content\/uploads\/2023\/10\/THEA-8-300x300.webp 300w, https:\/\/arteconfort.com\/wp-content\/uploads\/2023\/10\/THEA-8-600x600.webp 600w, https:\/\/arteconfort.com\/wp-content\/uploads\/2023\/10\/THEA-8-100x100.webp 100w\" sizes=\"auto, (max-width: 1024px) 100vw, 1024px\" \/><img loading=\"lazy\" decoding=\"async\" width=\"1024\" height=\"1024\" src=\"https:\/\/arteconfort.com\/wp-content\/uploads\/2023\/10\/THEA-7.webp\" class=\"attachment-shop_catalog size-shop_catalog\" alt=\"THEA\" srcset=\"https:\/\/arteconfort.com\/wp-content\/uploads\/2023\/10\/THEA-7.webp 1024w, https:\/\/arteconfort.com\/wp-content\/uploads\/2023\/10\/THEA-7-768x768.webp 768w, https:\/\/arteconfort.com\/wp-content\/uploads\/2023\/10\/THEA-7-340x340.webp 340w, https:\/\/arteconfort.com\/wp-content\/uploads\/2023\/10\/THEA-7-640x640.webp 640w, https:\/\/arteconfort.com\/wp-content\/uploads\/2023\/10\/THEA-7-960x960.webp 960w, https:\/\/arteconfort.com\/wp-content\/uploads\/2023\/10\/THEA-7-133x133.webp 133w, https:\/\/arteconfort.com\/wp-content\/uploads\/2023\/10\/THEA-7-300x300.webp 300w, https:\/\/arteconfort.com\/wp-content\/uploads\/2023\/10\/THEA-7-600x600.webp 600w, https:\/\/arteconfort.com\/wp-content\/uploads\/2023\/10\/THEA-7-100x100.webp 100w\" sizes=\"auto, (max-width: 1024px) 100vw, 1024px\" \/><img loading=\"lazy\" decoding=\"async\" width=\"1024\" height=\"1024\" src=\"https:\/\/arteconfort.com\/wp-content\/uploads\/2023\/10\/THEA-4.webp\" class=\"attachment-shop_catalog size-shop_catalog\" alt=\"THEA\" srcset=\"https:\/\/arteconfort.com\/wp-content\/uploads\/2023\/10\/THEA-4.webp 1024w, https:\/\/arteconfort.com\/wp-content\/uploads\/2023\/10\/THEA-4-768x768.webp 768w, https:\/\/arteconfort.com\/wp-content\/uploads\/2023\/10\/THEA-4-340x340.webp 340w, https:\/\/arteconfort.com\/wp-content\/uploads\/2023\/10\/THEA-4-640x640.webp 640w, https:\/\/arteconfort.com\/wp-content\/uploads\/2023\/10\/THEA-4-960x960.webp 960w, https:\/\/arteconfort.com\/wp-content\/uploads\/2023\/10\/THEA-4-133x133.webp 133w, https:\/\/arteconfort.com\/wp-content\/uploads\/2023\/10\/THEA-4-300x300.webp 300w, https:\/\/arteconfort.com\/wp-content\/uploads\/2023\/10\/THEA-4-600x600.webp 600w, https:\/\/arteconfort.com\/wp-content\/uploads\/2023\/10\/THEA-4-100x100.webp 100w\" sizes=\"auto, (max-width: 1024px) 100vw, 1024px\" \/><img loading=\"lazy\" decoding=\"async\" width=\"1024\" height=\"1024\" src=\"https:\/\/arteconfort.com\/wp-content\/uploads\/2023\/10\/THEA-5.webp\" class=\"attachment-shop_catalog size-shop_catalog\" alt=\"THEA\" srcset=\"https:\/\/arteconfort.com\/wp-content\/uploads\/2023\/10\/THEA-5.webp 1024w, https:\/\/arteconfort.com\/wp-content\/uploads\/2023\/10\/THEA-5-768x768.webp 768w, https:\/\/arteconfort.com\/wp-content\/uploads\/2023\/10\/THEA-5-340x340.webp 340w, https:\/\/arteconfort.com\/wp-content\/uploads\/2023\/10\/THEA-5-640x640.webp 640w, https:\/\/arteconfort.com\/wp-content\/uploads\/2023\/10\/THEA-5-960x960.webp 960w, https:\/\/arteconfort.com\/wp-content\/uploads\/2023\/10\/THEA-5-133x133.webp 133w, https:\/\/arteconfort.com\/wp-content\/uploads\/2023\/10\/THEA-5-300x300.webp 300w, https:\/\/arteconfort.com\/wp-content\/uploads\/2023\/10\/THEA-5-600x600.webp 600w, https:\/\/arteconfort.com\/wp-content\/uploads\/2023\/10\/THEA-5-100x100.webp 100w\" sizes=\"auto, (max-width: 1024px) 100vw, 1024px\" \/><img loading=\"lazy\" decoding=\"async\" width=\"1024\" height=\"1024\" src=\"https:\/\/arteconfort.com\/wp-content\/uploads\/2023\/10\/THEA-ambiente-2.webp\" class=\"attachment-shop_catalog size-shop_catalog\" alt=\"THEA ambiente\" srcset=\"https:\/\/arteconfort.com\/wp-content\/uploads\/2023\/10\/THEA-ambiente-2.webp 1024w, https:\/\/arteconfort.com\/wp-content\/uploads\/2023\/10\/THEA-ambiente-2-768x768.webp 768w, https:\/\/arteconfort.com\/wp-content\/uploads\/2023\/10\/THEA-ambiente-2-340x340.webp 340w, https:\/\/arteconfort.com\/wp-content\/uploads\/2023\/10\/THEA-ambiente-2-640x640.webp 640w, https:\/\/arteconfort.com\/wp-content\/uploads\/2023\/10\/THEA-ambiente-2-960x960.webp 960w, https:\/\/arteconfort.com\/wp-content\/uploads\/2023\/10\/THEA-ambiente-2-133x133.webp 133w, https:\/\/arteconfort.com\/wp-content\/uploads\/2023\/10\/THEA-ambiente-2-300x300.webp 300w, https:\/\/arteconfort.com\/wp-content\/uploads\/2023\/10\/THEA-ambiente-2-600x600.webp 600w, https:\/\/arteconfort.com\/wp-content\/uploads\/2023\/10\/THEA-ambiente-2-100x100.webp 100w\" sizes=\"auto, (max-width: 1024px) 100vw, 1024px\" \/><img loading=\"lazy\" decoding=\"async\" width=\"1024\" height=\"1024\" src=\"https:\/\/arteconfort.com\/wp-content\/uploads\/2023\/10\/THEA-ambiente-3.webp\" class=\"attachment-shop_catalog size-shop_catalog\" alt=\"THEA ambiente\" srcset=\"https:\/\/arteconfort.com\/wp-content\/uploads\/2023\/10\/THEA-ambiente-3.webp 1024w, https:\/\/arteconfort.com\/wp-content\/uploads\/2023\/10\/THEA-ambiente-3-768x768.webp 768w, https:\/\/arteconfort.com\/wp-content\/uploads\/2023\/10\/THEA-ambiente-3-340x340.webp 340w, https:\/\/arteconfort.com\/wp-content\/uploads\/2023\/10\/THEA-ambiente-3-640x640.webp 640w, https:\/\/arteconfort.com\/wp-content\/uploads\/2023\/10\/THEA-ambiente-3-960x960.webp 960w, https:\/\/arteconfort.com\/wp-content\/uploads\/2023\/10\/THEA-ambiente-3-133x133.webp 133w, https:\/\/arteconfort.com\/wp-content\/uploads\/2023\/10\/THEA-ambiente-3-300x300.webp 300w, https:\/\/arteconfort.com\/wp-content\/uploads\/2023\/10\/THEA-ambiente-3-600x600.webp 600w, https:\/\/arteconfort.com\/wp-content\/uploads\/2023\/10\/THEA-ambiente-3-100x100.webp 100w\" sizes=\"auto, (max-width: 1024px) 100vw, 1024px\" \/><img loading=\"lazy\" decoding=\"async\" width=\"1024\" height=\"1024\" src=\"https:\/\/arteconfort.com\/wp-content\/uploads\/2023\/10\/THEA-grafico.webp\" class=\"attachment-shop_catalog size-shop_catalog\" alt=\"THEA dimensiones\" srcset=\"https:\/\/arteconfort.com\/wp-content\/uploads\/2023\/10\/THEA-grafico.webp 1024w, https:\/\/arteconfort.com\/wp-content\/uploads\/2023\/10\/THEA-grafico-768x768.webp 768w, https:\/\/arteconfort.com\/wp-content\/uploads\/2023\/10\/THEA-grafico-340x340.webp 340w, https:\/\/arteconfort.com\/wp-content\/uploads\/2023\/10\/THEA-grafico-640x640.webp 640w, https:\/\/arteconfort.com\/wp-content\/uploads\/2023\/10\/THEA-grafico-960x960.webp 960w, https:\/\/arteconfort.com\/wp-content\/uploads\/2023\/10\/THEA-grafico-133x133.webp 133w, https:\/\/arteconfort.com\/wp-content\/uploads\/2023\/10\/THEA-grafico-300x300.webp 300w, https:\/\/arteconfort.com\/wp-content\/uploads\/2023\/10\/THEA-grafico-600x600.webp 600w, https:\/\/arteconfort.com\/wp-content\/uploads\/2023\/10\/THEA-grafico-100x100.webp 100w\" sizes=\"auto, (max-width: 1024px) 100vw, 1024px\" \/>\t<\/a>\n\t<div class=\"w-product-status\"><\/div>\t<span id=\"woocommerce_loop_add_to_cart_link_describedby_25197\" class=\"screen-reader-text\">\n\t\t\t<\/span>\n<\/div><div class=\"berocket_better_labels berocket_better_labels_image\"><div class=\"berocket_better_labels_position berocket_better_labels_position_right\"><div class=\"berocket_better_labels_line berocket_better_labels_line_1\"><div class=\"berocket_better_labels_inline berocket_better_labels_inline_1\"><div class=\"br_alabel br_alabel_type_text br_alabel_template_type_css berocket_alabel_id_22613  br_alabel_better_compatibility\" style=\"\"><span  style=\"\"><i style=\"background-color: #000000; border-color: #000000;\" class=\"template-span-before \"><\/i><i style=\"background-color: #000000; border-color: #000000;\" class=\"template-i \"><\/i><i style=\"background-color: #000000; border-color: #000000;\" class=\"template-i-before \"><\/i><i style=\"background-color: #000000; border-color: #000000;\" class=\"template-i-after \"><\/i><b style=\"position: relative;z-index: 100;text-align: center;color: inherit;\">Antiga colec\u00e7\u00e3o<\/b><\/span><\/div><\/div><\/div><\/div><\/div><figcaption><h2 class=\"woocommerce-loop-product__title\">THEA<\/h2><div class=\"woocommerce-product-details__short-description\">\n\t<p>A l\u00e2mpada de parede solar THEA caracteriza-se por um design discreto e moderno, bem como por uma luz<\/div>\n\n<\/figcaption><\/figure><\/li>\n<li class=\"product type-product post-22379 status-publish last instock product_cat-coleccion-antigua-pt product_cat-iluminacion-solar-de-pared-pt-pt product_cat-solar-pt-pt has-post-thumbnail shipping-taxable product-type-simple w-item col-3\">\n\t<figure><div class=\"image-wrapper\">\t\t<a href=\"https:\/\/arteconfort.com\/pt-pt\/producto\/titan-m\/\" class=\"w-fadeslider\">\n\t<img loading=\"lazy\" decoding=\"async\" width=\"1024\" height=\"1024\" src=\"https:\/\/arteconfort.com\/wp-content\/uploads\/2023\/10\/TITAN-M.webp\" class=\"attachment-shop_catalog size-shop_catalog wp-post-image\" alt=\"Detalles del panel solar de techo TITAN M\" srcset=\"https:\/\/arteconfort.com\/wp-content\/uploads\/2023\/10\/TITAN-M.webp 1024w, https:\/\/arteconfort.com\/wp-content\/uploads\/2023\/10\/TITAN-M-768x768.webp 768w, https:\/\/arteconfort.com\/wp-content\/uploads\/2023\/10\/TITAN-M-340x340.webp 340w, https:\/\/arteconfort.com\/wp-content\/uploads\/2023\/10\/TITAN-M-640x640.webp 640w, https:\/\/arteconfort.com\/wp-content\/uploads\/2023\/10\/TITAN-M-960x960.webp 960w, https:\/\/arteconfort.com\/wp-content\/uploads\/2023\/10\/TITAN-M-300x300.webp 300w, https:\/\/arteconfort.com\/wp-content\/uploads\/2023\/10\/TITAN-M-600x600.webp 600w, https:\/\/arteconfort.com\/wp-content\/uploads\/2023\/10\/TITAN-M-100x100.webp 100w, https:\/\/arteconfort.com\/wp-content\/uploads\/2023\/10\/TITAN-M-133x133.webp 133w\" sizes=\"auto, (max-width: 1024px) 100vw, 1024px\" \/>\t<img loading=\"lazy\" decoding=\"async\" width=\"1024\" height=\"1024\" src=\"https:\/\/arteconfort.com\/wp-content\/uploads\/2023\/10\/TITAN-M-ambiente-2.webp\" class=\"attachment-shop_catalog size-shop_catalog\" alt=\"Aplique de pared solar TITAN M en exterior de d\u00eda\" srcset=\"https:\/\/arteconfort.com\/wp-content\/uploads\/2023\/10\/TITAN-M-ambiente-2.webp 1024w, https:\/\/arteconfort.com\/wp-content\/uploads\/2023\/10\/TITAN-M-ambiente-2-768x768.webp 768w, https:\/\/arteconfort.com\/wp-content\/uploads\/2023\/10\/TITAN-M-ambiente-2-340x340.webp 340w, https:\/\/arteconfort.com\/wp-content\/uploads\/2023\/10\/TITAN-M-ambiente-2-640x640.webp 640w, https:\/\/arteconfort.com\/wp-content\/uploads\/2023\/10\/TITAN-M-ambiente-2-960x960.webp 960w, https:\/\/arteconfort.com\/wp-content\/uploads\/2023\/10\/TITAN-M-ambiente-2-133x133.webp 133w, https:\/\/arteconfort.com\/wp-content\/uploads\/2023\/10\/TITAN-M-ambiente-2-300x300.webp 300w, https:\/\/arteconfort.com\/wp-content\/uploads\/2023\/10\/TITAN-M-ambiente-2-600x600.webp 600w, https:\/\/arteconfort.com\/wp-content\/uploads\/2023\/10\/TITAN-M-ambiente-2-100x100.webp 100w\" sizes=\"auto, (max-width: 1024px) 100vw, 1024px\" \/><img loading=\"lazy\" decoding=\"async\" width=\"1024\" height=\"1024\" src=\"https:\/\/arteconfort.com\/wp-content\/uploads\/2023\/10\/TITAN-M-2.webp\" class=\"attachment-shop_catalog size-shop_catalog\" alt=\"Detalles del panel solar de techo TITAN M\" srcset=\"https:\/\/arteconfort.com\/wp-content\/uploads\/2023\/10\/TITAN-M-2.webp 1024w, https:\/\/arteconfort.com\/wp-content\/uploads\/2023\/10\/TITAN-M-2-768x768.webp 768w, https:\/\/arteconfort.com\/wp-content\/uploads\/2023\/10\/TITAN-M-2-340x340.webp 340w, https:\/\/arteconfort.com\/wp-content\/uploads\/2023\/10\/TITAN-M-2-640x640.webp 640w, https:\/\/arteconfort.com\/wp-content\/uploads\/2023\/10\/TITAN-M-2-960x960.webp 960w, https:\/\/arteconfort.com\/wp-content\/uploads\/2023\/10\/TITAN-M-2-133x133.webp 133w, https:\/\/arteconfort.com\/wp-content\/uploads\/2023\/10\/TITAN-M-2-300x300.webp 300w, https:\/\/arteconfort.com\/wp-content\/uploads\/2023\/10\/TITAN-M-2-600x600.webp 600w, https:\/\/arteconfort.com\/wp-content\/uploads\/2023\/10\/TITAN-M-2-100x100.webp 100w\" sizes=\"auto, (max-width: 1024px) 100vw, 1024px\" \/><img loading=\"lazy\" decoding=\"async\" width=\"1024\" height=\"1024\" src=\"https:\/\/arteconfort.com\/wp-content\/uploads\/2023\/10\/TITAN-M-SEPARADO.webp\" class=\"attachment-shop_catalog size-shop_catalog\" alt=\"TITAN M separado\" srcset=\"https:\/\/arteconfort.com\/wp-content\/uploads\/2023\/10\/TITAN-M-SEPARADO.webp 1024w, https:\/\/arteconfort.com\/wp-content\/uploads\/2023\/10\/TITAN-M-SEPARADO-768x768.webp 768w, https:\/\/arteconfort.com\/wp-content\/uploads\/2023\/10\/TITAN-M-SEPARADO-340x340.webp 340w, https:\/\/arteconfort.com\/wp-content\/uploads\/2023\/10\/TITAN-M-SEPARADO-640x640.webp 640w, https:\/\/arteconfort.com\/wp-content\/uploads\/2023\/10\/TITAN-M-SEPARADO-960x960.webp 960w, https:\/\/arteconfort.com\/wp-content\/uploads\/2023\/10\/TITAN-M-SEPARADO-133x133.webp 133w, https:\/\/arteconfort.com\/wp-content\/uploads\/2023\/10\/TITAN-M-SEPARADO-300x300.webp 300w, https:\/\/arteconfort.com\/wp-content\/uploads\/2023\/10\/TITAN-M-SEPARADO-600x600.webp 600w, https:\/\/arteconfort.com\/wp-content\/uploads\/2023\/10\/TITAN-M-SEPARADO-100x100.webp 100w\" sizes=\"auto, (max-width: 1024px) 100vw, 1024px\" \/><img loading=\"lazy\" decoding=\"async\" width=\"1024\" height=\"1024\" src=\"https:\/\/arteconfort.com\/wp-content\/uploads\/2023\/10\/TITAN-M-10.webp\" class=\"attachment-shop_catalog size-shop_catalog\" alt=\"Detalles del panel solar de techo TITAN M\" srcset=\"https:\/\/arteconfort.com\/wp-content\/uploads\/2023\/10\/TITAN-M-10.webp 1024w, https:\/\/arteconfort.com\/wp-content\/uploads\/2023\/10\/TITAN-M-10-768x768.webp 768w, https:\/\/arteconfort.com\/wp-content\/uploads\/2023\/10\/TITAN-M-10-340x340.webp 340w, https:\/\/arteconfort.com\/wp-content\/uploads\/2023\/10\/TITAN-M-10-640x640.webp 640w, https:\/\/arteconfort.com\/wp-content\/uploads\/2023\/10\/TITAN-M-10-960x960.webp 960w, https:\/\/arteconfort.com\/wp-content\/uploads\/2023\/10\/TITAN-M-10-133x133.webp 133w, https:\/\/arteconfort.com\/wp-content\/uploads\/2023\/10\/TITAN-M-10-300x300.webp 300w, https:\/\/arteconfort.com\/wp-content\/uploads\/2023\/10\/TITAN-M-10-600x600.webp 600w, https:\/\/arteconfort.com\/wp-content\/uploads\/2023\/10\/TITAN-M-10-100x100.webp 100w\" sizes=\"auto, (max-width: 1024px) 100vw, 1024px\" \/><img loading=\"lazy\" decoding=\"async\" width=\"1024\" height=\"1024\" src=\"https:\/\/arteconfort.com\/wp-content\/uploads\/2023\/10\/TITAN-M-11.webp\" class=\"attachment-shop_catalog size-shop_catalog\" alt=\"Detalles del panel solar de techo TITAN M\" srcset=\"https:\/\/arteconfort.com\/wp-content\/uploads\/2023\/10\/TITAN-M-11.webp 1024w, https:\/\/arteconfort.com\/wp-content\/uploads\/2023\/10\/TITAN-M-11-768x768.webp 768w, https:\/\/arteconfort.com\/wp-content\/uploads\/2023\/10\/TITAN-M-11-340x340.webp 340w, https:\/\/arteconfort.com\/wp-content\/uploads\/2023\/10\/TITAN-M-11-640x640.webp 640w, https:\/\/arteconfort.com\/wp-content\/uploads\/2023\/10\/TITAN-M-11-960x960.webp 960w, https:\/\/arteconfort.com\/wp-content\/uploads\/2023\/10\/TITAN-M-11-133x133.webp 133w, https:\/\/arteconfort.com\/wp-content\/uploads\/2023\/10\/TITAN-M-11-300x300.webp 300w, https:\/\/arteconfort.com\/wp-content\/uploads\/2023\/10\/TITAN-M-11-600x600.webp 600w, https:\/\/arteconfort.com\/wp-content\/uploads\/2023\/10\/TITAN-M-11-100x100.webp 100w\" sizes=\"auto, (max-width: 1024px) 100vw, 1024px\" \/><img loading=\"lazy\" decoding=\"async\" width=\"1024\" height=\"1024\" src=\"https:\/\/arteconfort.com\/wp-content\/uploads\/2023\/10\/TITAN-M-3.webp\" class=\"attachment-shop_catalog size-shop_catalog\" alt=\"Detalles del panel solar de techo TITAN M\" srcset=\"https:\/\/arteconfort.com\/wp-content\/uploads\/2023\/10\/TITAN-M-3.webp 1024w, https:\/\/arteconfort.com\/wp-content\/uploads\/2023\/10\/TITAN-M-3-768x768.webp 768w, https:\/\/arteconfort.com\/wp-content\/uploads\/2023\/10\/TITAN-M-3-340x340.webp 340w, https:\/\/arteconfort.com\/wp-content\/uploads\/2023\/10\/TITAN-M-3-640x640.webp 640w, https:\/\/arteconfort.com\/wp-content\/uploads\/2023\/10\/TITAN-M-3-960x960.webp 960w, https:\/\/arteconfort.com\/wp-content\/uploads\/2023\/10\/TITAN-M-3-133x133.webp 133w, https:\/\/arteconfort.com\/wp-content\/uploads\/2023\/10\/TITAN-M-3-300x300.webp 300w, https:\/\/arteconfort.com\/wp-content\/uploads\/2023\/10\/TITAN-M-3-600x600.webp 600w, https:\/\/arteconfort.com\/wp-content\/uploads\/2023\/10\/TITAN-M-3-100x100.webp 100w\" sizes=\"auto, (max-width: 1024px) 100vw, 1024px\" \/><img loading=\"lazy\" decoding=\"async\" width=\"1024\" height=\"1024\" src=\"https:\/\/arteconfort.com\/wp-content\/uploads\/2023\/10\/TITAN-M-4.webp\" class=\"attachment-shop_catalog size-shop_catalog\" alt=\"Detalles del panel solar de techo TITAN M\" srcset=\"https:\/\/arteconfort.com\/wp-content\/uploads\/2023\/10\/TITAN-M-4.webp 1024w, https:\/\/arteconfort.com\/wp-content\/uploads\/2023\/10\/TITAN-M-4-768x768.webp 768w, https:\/\/arteconfort.com\/wp-content\/uploads\/2023\/10\/TITAN-M-4-340x340.webp 340w, https:\/\/arteconfort.com\/wp-content\/uploads\/2023\/10\/TITAN-M-4-640x640.webp 640w, https:\/\/arteconfort.com\/wp-content\/uploads\/2023\/10\/TITAN-M-4-960x960.webp 960w, https:\/\/arteconfort.com\/wp-content\/uploads\/2023\/10\/TITAN-M-4-133x133.webp 133w, https:\/\/arteconfort.com\/wp-content\/uploads\/2023\/10\/TITAN-M-4-300x300.webp 300w, https:\/\/arteconfort.com\/wp-content\/uploads\/2023\/10\/TITAN-M-4-600x600.webp 600w, https:\/\/arteconfort.com\/wp-content\/uploads\/2023\/10\/TITAN-M-4-100x100.webp 100w\" sizes=\"auto, (max-width: 1024px) 100vw, 1024px\" \/><img loading=\"lazy\" decoding=\"async\" width=\"1024\" height=\"1024\" src=\"https:\/\/arteconfort.com\/wp-content\/uploads\/2023\/10\/TITAN-M-5.webp\" class=\"attachment-shop_catalog size-shop_catalog\" alt=\"Detalles del panel solar de techo TITAN M\" srcset=\"https:\/\/arteconfort.com\/wp-content\/uploads\/2023\/10\/TITAN-M-5.webp 1024w, https:\/\/arteconfort.com\/wp-content\/uploads\/2023\/10\/TITAN-M-5-768x768.webp 768w, https:\/\/arteconfort.com\/wp-content\/uploads\/2023\/10\/TITAN-M-5-340x340.webp 340w, https:\/\/arteconfort.com\/wp-content\/uploads\/2023\/10\/TITAN-M-5-640x640.webp 640w, https:\/\/arteconfort.com\/wp-content\/uploads\/2023\/10\/TITAN-M-5-960x960.webp 960w, https:\/\/arteconfort.com\/wp-content\/uploads\/2023\/10\/TITAN-M-5-133x133.webp 133w, https:\/\/arteconfort.com\/wp-content\/uploads\/2023\/10\/TITAN-M-5-300x300.webp 300w, https:\/\/arteconfort.com\/wp-content\/uploads\/2023\/10\/TITAN-M-5-600x600.webp 600w, https:\/\/arteconfort.com\/wp-content\/uploads\/2023\/10\/TITAN-M-5-100x100.webp 100w\" sizes=\"auto, (max-width: 1024px) 100vw, 1024px\" \/><img loading=\"lazy\" decoding=\"async\" width=\"1024\" height=\"1024\" src=\"https:\/\/arteconfort.com\/wp-content\/uploads\/2023\/10\/TITAN-M-9.webp\" class=\"attachment-shop_catalog size-shop_catalog\" alt=\"Detalles del panel solar de techo TITAN M\" srcset=\"https:\/\/arteconfort.com\/wp-content\/uploads\/2023\/10\/TITAN-M-9.webp 1024w, https:\/\/arteconfort.com\/wp-content\/uploads\/2023\/10\/TITAN-M-9-768x768.webp 768w, https:\/\/arteconfort.com\/wp-content\/uploads\/2023\/10\/TITAN-M-9-340x340.webp 340w, https:\/\/arteconfort.com\/wp-content\/uploads\/2023\/10\/TITAN-M-9-640x640.webp 640w, https:\/\/arteconfort.com\/wp-content\/uploads\/2023\/10\/TITAN-M-9-960x960.webp 960w, https:\/\/arteconfort.com\/wp-content\/uploads\/2023\/10\/TITAN-M-9-133x133.webp 133w, https:\/\/arteconfort.com\/wp-content\/uploads\/2023\/10\/TITAN-M-9-300x300.webp 300w, https:\/\/arteconfort.com\/wp-content\/uploads\/2023\/10\/TITAN-M-9-600x600.webp 600w, https:\/\/arteconfort.com\/wp-content\/uploads\/2023\/10\/TITAN-M-9-100x100.webp 100w\" sizes=\"auto, (max-width: 1024px) 100vw, 1024px\" \/><img loading=\"lazy\" decoding=\"async\" width=\"1024\" height=\"1024\" src=\"https:\/\/arteconfort.com\/wp-content\/uploads\/2023\/10\/TITAN-M-6.webp\" class=\"attachment-shop_catalog size-shop_catalog\" alt=\"Detalles del panel solar de techo TITAN M\" srcset=\"https:\/\/arteconfort.com\/wp-content\/uploads\/2023\/10\/TITAN-M-6.webp 1024w, https:\/\/arteconfort.com\/wp-content\/uploads\/2023\/10\/TITAN-M-6-768x768.webp 768w, https:\/\/arteconfort.com\/wp-content\/uploads\/2023\/10\/TITAN-M-6-340x340.webp 340w, https:\/\/arteconfort.com\/wp-content\/uploads\/2023\/10\/TITAN-M-6-640x640.webp 640w, https:\/\/arteconfort.com\/wp-content\/uploads\/2023\/10\/TITAN-M-6-960x960.webp 960w, https:\/\/arteconfort.com\/wp-content\/uploads\/2023\/10\/TITAN-M-6-133x133.webp 133w, https:\/\/arteconfort.com\/wp-content\/uploads\/2023\/10\/TITAN-M-6-300x300.webp 300w, https:\/\/arteconfort.com\/wp-content\/uploads\/2023\/10\/TITAN-M-6-600x600.webp 600w, https:\/\/arteconfort.com\/wp-content\/uploads\/2023\/10\/TITAN-M-6-100x100.webp 100w\" sizes=\"auto, (max-width: 1024px) 100vw, 1024px\" \/><img loading=\"lazy\" decoding=\"async\" width=\"1024\" height=\"1024\" src=\"https:\/\/arteconfort.com\/wp-content\/uploads\/2023\/10\/TITAN-M-7.webp\" class=\"attachment-shop_catalog size-shop_catalog\" alt=\"Detalles del panel solar de techo TITAN M\" srcset=\"https:\/\/arteconfort.com\/wp-content\/uploads\/2023\/10\/TITAN-M-7.webp 1024w, https:\/\/arteconfort.com\/wp-content\/uploads\/2023\/10\/TITAN-M-7-768x768.webp 768w, https:\/\/arteconfort.com\/wp-content\/uploads\/2023\/10\/TITAN-M-7-340x340.webp 340w, https:\/\/arteconfort.com\/wp-content\/uploads\/2023\/10\/TITAN-M-7-640x640.webp 640w, https:\/\/arteconfort.com\/wp-content\/uploads\/2023\/10\/TITAN-M-7-960x960.webp 960w, https:\/\/arteconfort.com\/wp-content\/uploads\/2023\/10\/TITAN-M-7-133x133.webp 133w, https:\/\/arteconfort.com\/wp-content\/uploads\/2023\/10\/TITAN-M-7-300x300.webp 300w, https:\/\/arteconfort.com\/wp-content\/uploads\/2023\/10\/TITAN-M-7-600x600.webp 600w, https:\/\/arteconfort.com\/wp-content\/uploads\/2023\/10\/TITAN-M-7-100x100.webp 100w\" sizes=\"auto, (max-width: 1024px) 100vw, 1024px\" \/><img loading=\"lazy\" decoding=\"async\" width=\"1024\" height=\"1024\" src=\"https:\/\/arteconfort.com\/wp-content\/uploads\/2023\/10\/TITAN-M-8.webp\" class=\"attachment-shop_catalog size-shop_catalog\" alt=\"Detalles del panel solar de techo TITAN M\" srcset=\"https:\/\/arteconfort.com\/wp-content\/uploads\/2023\/10\/TITAN-M-8.webp 1024w, https:\/\/arteconfort.com\/wp-content\/uploads\/2023\/10\/TITAN-M-8-768x768.webp 768w, https:\/\/arteconfort.com\/wp-content\/uploads\/2023\/10\/TITAN-M-8-340x340.webp 340w, https:\/\/arteconfort.com\/wp-content\/uploads\/2023\/10\/TITAN-M-8-640x640.webp 640w, https:\/\/arteconfort.com\/wp-content\/uploads\/2023\/10\/TITAN-M-8-960x960.webp 960w, https:\/\/arteconfort.com\/wp-content\/uploads\/2023\/10\/TITAN-M-8-133x133.webp 133w, https:\/\/arteconfort.com\/wp-content\/uploads\/2023\/10\/TITAN-M-8-300x300.webp 300w, https:\/\/arteconfort.com\/wp-content\/uploads\/2023\/10\/TITAN-M-8-600x600.webp 600w, https:\/\/arteconfort.com\/wp-content\/uploads\/2023\/10\/TITAN-M-8-100x100.webp 100w\" sizes=\"auto, (max-width: 1024px) 100vw, 1024px\" \/><img loading=\"lazy\" decoding=\"async\" width=\"1024\" height=\"1024\" src=\"https:\/\/arteconfort.com\/wp-content\/uploads\/2023\/10\/TITAN-M-SEPARADO-2.webp\" class=\"attachment-shop_catalog size-shop_catalog\" alt=\"Soportes del TITAN M separado\" srcset=\"https:\/\/arteconfort.com\/wp-content\/uploads\/2023\/10\/TITAN-M-SEPARADO-2.webp 1024w, https:\/\/arteconfort.com\/wp-content\/uploads\/2023\/10\/TITAN-M-SEPARADO-2-768x768.webp 768w, https:\/\/arteconfort.com\/wp-content\/uploads\/2023\/10\/TITAN-M-SEPARADO-2-340x340.webp 340w, https:\/\/arteconfort.com\/wp-content\/uploads\/2023\/10\/TITAN-M-SEPARADO-2-640x640.webp 640w, https:\/\/arteconfort.com\/wp-content\/uploads\/2023\/10\/TITAN-M-SEPARADO-2-960x960.webp 960w, https:\/\/arteconfort.com\/wp-content\/uploads\/2023\/10\/TITAN-M-SEPARADO-2-133x133.webp 133w, https:\/\/arteconfort.com\/wp-content\/uploads\/2023\/10\/TITAN-M-SEPARADO-2-300x300.webp 300w, https:\/\/arteconfort.com\/wp-content\/uploads\/2023\/10\/TITAN-M-SEPARADO-2-600x600.webp 600w, https:\/\/arteconfort.com\/wp-content\/uploads\/2023\/10\/TITAN-M-SEPARADO-2-100x100.webp 100w\" sizes=\"auto, (max-width: 1024px) 100vw, 1024px\" \/><img loading=\"lazy\" decoding=\"async\" width=\"1024\" height=\"1024\" src=\"https:\/\/arteconfort.com\/wp-content\/uploads\/2023\/10\/TITAN-M-ambiente-4.webp\" class=\"attachment-shop_catalog size-shop_catalog\" alt=\"Aplique de pared solar TITAN M ambiente\" srcset=\"https:\/\/arteconfort.com\/wp-content\/uploads\/2023\/10\/TITAN-M-ambiente-4.webp 1024w, https:\/\/arteconfort.com\/wp-content\/uploads\/2023\/10\/TITAN-M-ambiente-4-768x768.webp 768w, https:\/\/arteconfort.com\/wp-content\/uploads\/2023\/10\/TITAN-M-ambiente-4-340x340.webp 340w, https:\/\/arteconfort.com\/wp-content\/uploads\/2023\/10\/TITAN-M-ambiente-4-640x640.webp 640w, https:\/\/arteconfort.com\/wp-content\/uploads\/2023\/10\/TITAN-M-ambiente-4-960x960.webp 960w, https:\/\/arteconfort.com\/wp-content\/uploads\/2023\/10\/TITAN-M-ambiente-4-133x133.webp 133w, https:\/\/arteconfort.com\/wp-content\/uploads\/2023\/10\/TITAN-M-ambiente-4-300x300.webp 300w, https:\/\/arteconfort.com\/wp-content\/uploads\/2023\/10\/TITAN-M-ambiente-4-600x600.webp 600w, https:\/\/arteconfort.com\/wp-content\/uploads\/2023\/10\/TITAN-M-ambiente-4-100x100.webp 100w\" sizes=\"auto, (max-width: 1024px) 100vw, 1024px\" \/><img loading=\"lazy\" decoding=\"async\" width=\"1024\" height=\"1024\" src=\"https:\/\/arteconfort.com\/wp-content\/uploads\/2023\/10\/TITAN-M-ambiente-3.webp\" class=\"attachment-shop_catalog size-shop_catalog\" alt=\"Aplique de pared solar TITAN M en terraza\" srcset=\"https:\/\/arteconfort.com\/wp-content\/uploads\/2023\/10\/TITAN-M-ambiente-3.webp 1024w, https:\/\/arteconfort.com\/wp-content\/uploads\/2023\/10\/TITAN-M-ambiente-3-768x768.webp 768w, https:\/\/arteconfort.com\/wp-content\/uploads\/2023\/10\/TITAN-M-ambiente-3-340x340.webp 340w, https:\/\/arteconfort.com\/wp-content\/uploads\/2023\/10\/TITAN-M-ambiente-3-640x640.webp 640w, https:\/\/arteconfort.com\/wp-content\/uploads\/2023\/10\/TITAN-M-ambiente-3-960x960.webp 960w, https:\/\/arteconfort.com\/wp-content\/uploads\/2023\/10\/TITAN-M-ambiente-3-133x133.webp 133w, https:\/\/arteconfort.com\/wp-content\/uploads\/2023\/10\/TITAN-M-ambiente-3-300x300.webp 300w, https:\/\/arteconfort.com\/wp-content\/uploads\/2023\/10\/TITAN-M-ambiente-3-600x600.webp 600w, https:\/\/arteconfort.com\/wp-content\/uploads\/2023\/10\/TITAN-M-ambiente-3-100x100.webp 100w\" sizes=\"auto, (max-width: 1024px) 100vw, 1024px\" \/>\t<\/a>\n\t<div class=\"w-product-status\"><\/div>\t<span id=\"woocommerce_loop_add_to_cart_link_describedby_22379\" class=\"screen-reader-text\">\n\t\t\t<\/span>\n<\/div><div class=\"berocket_better_labels berocket_better_labels_image\"><div class=\"berocket_better_labels_position berocket_better_labels_position_right\"><div class=\"berocket_better_labels_line berocket_better_labels_line_1\"><div class=\"berocket_better_labels_inline berocket_better_labels_inline_1\"><div class=\"br_alabel br_alabel_type_text br_alabel_template_type_css berocket_alabel_id_22613  br_alabel_better_compatibility\" style=\"\"><span  style=\"\"><i style=\"background-color: #000000; border-color: #000000;\" class=\"template-span-before \"><\/i><i style=\"background-color: #000000; border-color: #000000;\" class=\"template-i \"><\/i><i style=\"background-color: #000000; border-color: #000000;\" class=\"template-i-before \"><\/i><i style=\"background-color: #000000; border-color: #000000;\" class=\"template-i-after \"><\/i><b style=\"position: relative;z-index: 100;text-align: center;color: inherit;\">Antiga colec\u00e7\u00e3o<\/b><\/span><\/div><\/div><\/div><\/div><\/div><figcaption><h2 class=\"woocommerce-loop-product__title\">TITAN M<\/h2><div class=\"woocommerce-product-details__short-description\">\n\t<p>A luz da parede solar TITAN M \u00e9 caracterizada por um design discreto e elegante, tornando-a o complemento<\/div>\n\n<\/figcaption><\/figure><\/li>\n<li class=\"product type-product post-22364 status-publish first instock product_cat-coleccion-antigua-pt product_cat-iluminacion-solar-de-pared-pt-pt product_cat-solar-pt-pt has-post-thumbnail shipping-taxable product-type-simple w-item col-3\">\n\t<figure><div class=\"image-wrapper\">\t\t<a href=\"https:\/\/arteconfort.com\/pt-pt\/producto\/titan-s\/\" class=\"w-fadeslider\">\n\t<img loading=\"lazy\" decoding=\"async\" width=\"1024\" height=\"1024\" src=\"https:\/\/arteconfort.com\/wp-content\/uploads\/2023\/10\/TITAN-S.webp\" class=\"attachment-shop_catalog size-shop_catalog wp-post-image\" alt=\"Aplique de pared TITAN S\" srcset=\"https:\/\/arteconfort.com\/wp-content\/uploads\/2023\/10\/TITAN-S.webp 1024w, https:\/\/arteconfort.com\/wp-content\/uploads\/2023\/10\/TITAN-S-768x768.webp 768w, https:\/\/arteconfort.com\/wp-content\/uploads\/2023\/10\/TITAN-S-340x340.webp 340w, https:\/\/arteconfort.com\/wp-content\/uploads\/2023\/10\/TITAN-S-640x640.webp 640w, https:\/\/arteconfort.com\/wp-content\/uploads\/2023\/10\/TITAN-S-960x960.webp 960w, https:\/\/arteconfort.com\/wp-content\/uploads\/2023\/10\/TITAN-S-300x300.webp 300w, https:\/\/arteconfort.com\/wp-content\/uploads\/2023\/10\/TITAN-S-600x600.webp 600w, https:\/\/arteconfort.com\/wp-content\/uploads\/2023\/10\/TITAN-S-100x100.webp 100w, https:\/\/arteconfort.com\/wp-content\/uploads\/2023\/10\/TITAN-S-133x133.webp 133w\" sizes=\"auto, (max-width: 1024px) 100vw, 1024px\" \/>\t<img loading=\"lazy\" decoding=\"async\" width=\"1024\" height=\"1024\" src=\"https:\/\/arteconfort.com\/wp-content\/uploads\/2023\/10\/TITAN-S-ambiente.webp\" class=\"attachment-shop_catalog size-shop_catalog\" alt=\"Aplique de pared solar TITAN S de noche\" srcset=\"https:\/\/arteconfort.com\/wp-content\/uploads\/2023\/10\/TITAN-S-ambiente.webp 1024w, https:\/\/arteconfort.com\/wp-content\/uploads\/2023\/10\/TITAN-S-ambiente-768x768.webp 768w, https:\/\/arteconfort.com\/wp-content\/uploads\/2023\/10\/TITAN-S-ambiente-340x340.webp 340w, https:\/\/arteconfort.com\/wp-content\/uploads\/2023\/10\/TITAN-S-ambiente-640x640.webp 640w, https:\/\/arteconfort.com\/wp-content\/uploads\/2023\/10\/TITAN-S-ambiente-960x960.webp 960w, https:\/\/arteconfort.com\/wp-content\/uploads\/2023\/10\/TITAN-S-ambiente-133x133.webp 133w, https:\/\/arteconfort.com\/wp-content\/uploads\/2023\/10\/TITAN-S-ambiente-300x300.webp 300w, https:\/\/arteconfort.com\/wp-content\/uploads\/2023\/10\/TITAN-S-ambiente-600x600.webp 600w, https:\/\/arteconfort.com\/wp-content\/uploads\/2023\/10\/TITAN-S-ambiente-100x100.webp 100w\" sizes=\"auto, (max-width: 1024px) 100vw, 1024px\" \/><img loading=\"lazy\" decoding=\"async\" width=\"1024\" height=\"1024\" src=\"https:\/\/arteconfort.com\/wp-content\/uploads\/2023\/10\/TITAN-S-2.webp\" class=\"attachment-shop_catalog size-shop_catalog\" alt=\"Panel solar de pared TITAN S por debajo\" srcset=\"https:\/\/arteconfort.com\/wp-content\/uploads\/2023\/10\/TITAN-S-2.webp 1024w, https:\/\/arteconfort.com\/wp-content\/uploads\/2023\/10\/TITAN-S-2-768x768.webp 768w, https:\/\/arteconfort.com\/wp-content\/uploads\/2023\/10\/TITAN-S-2-340x340.webp 340w, https:\/\/arteconfort.com\/wp-content\/uploads\/2023\/10\/TITAN-S-2-640x640.webp 640w, https:\/\/arteconfort.com\/wp-content\/uploads\/2023\/10\/TITAN-S-2-960x960.webp 960w, https:\/\/arteconfort.com\/wp-content\/uploads\/2023\/10\/TITAN-S-2-133x133.webp 133w, https:\/\/arteconfort.com\/wp-content\/uploads\/2023\/10\/TITAN-S-2-300x300.webp 300w, https:\/\/arteconfort.com\/wp-content\/uploads\/2023\/10\/TITAN-S-2-600x600.webp 600w, https:\/\/arteconfort.com\/wp-content\/uploads\/2023\/10\/TITAN-S-2-100x100.webp 100w\" sizes=\"auto, (max-width: 1024px) 100vw, 1024px\" \/><img loading=\"lazy\" decoding=\"async\" width=\"1024\" height=\"1024\" src=\"https:\/\/arteconfort.com\/wp-content\/uploads\/2023\/10\/TITAN-SEPARADO.webp\" class=\"attachment-shop_catalog size-shop_catalog\" alt=\"TITAN S separado\" srcset=\"https:\/\/arteconfort.com\/wp-content\/uploads\/2023\/10\/TITAN-SEPARADO.webp 1024w, https:\/\/arteconfort.com\/wp-content\/uploads\/2023\/10\/TITAN-SEPARADO-768x768.webp 768w, https:\/\/arteconfort.com\/wp-content\/uploads\/2023\/10\/TITAN-SEPARADO-340x340.webp 340w, https:\/\/arteconfort.com\/wp-content\/uploads\/2023\/10\/TITAN-SEPARADO-640x640.webp 640w, https:\/\/arteconfort.com\/wp-content\/uploads\/2023\/10\/TITAN-SEPARADO-960x960.webp 960w, https:\/\/arteconfort.com\/wp-content\/uploads\/2023\/10\/TITAN-SEPARADO-133x133.webp 133w, https:\/\/arteconfort.com\/wp-content\/uploads\/2023\/10\/TITAN-SEPARADO-300x300.webp 300w, https:\/\/arteconfort.com\/wp-content\/uploads\/2023\/10\/TITAN-SEPARADO-600x600.webp 600w, https:\/\/arteconfort.com\/wp-content\/uploads\/2023\/10\/TITAN-SEPARADO-100x100.webp 100w\" sizes=\"auto, (max-width: 1024px) 100vw, 1024px\" \/><img loading=\"lazy\" decoding=\"async\" width=\"1024\" height=\"1024\" src=\"https:\/\/arteconfort.com\/wp-content\/uploads\/2023\/10\/TITAN-S-7.webp\" class=\"attachment-shop_catalog size-shop_catalog\" alt=\"Detalles del panel solar de techo TITAN S 5\" srcset=\"https:\/\/arteconfort.com\/wp-content\/uploads\/2023\/10\/TITAN-S-7.webp 1024w, https:\/\/arteconfort.com\/wp-content\/uploads\/2023\/10\/TITAN-S-7-768x768.webp 768w, https:\/\/arteconfort.com\/wp-content\/uploads\/2023\/10\/TITAN-S-7-340x340.webp 340w, https:\/\/arteconfort.com\/wp-content\/uploads\/2023\/10\/TITAN-S-7-640x640.webp 640w, https:\/\/arteconfort.com\/wp-content\/uploads\/2023\/10\/TITAN-S-7-960x960.webp 960w, https:\/\/arteconfort.com\/wp-content\/uploads\/2023\/10\/TITAN-S-7-133x133.webp 133w, https:\/\/arteconfort.com\/wp-content\/uploads\/2023\/10\/TITAN-S-7-300x300.webp 300w, https:\/\/arteconfort.com\/wp-content\/uploads\/2023\/10\/TITAN-S-7-600x600.webp 600w, https:\/\/arteconfort.com\/wp-content\/uploads\/2023\/10\/TITAN-S-7-100x100.webp 100w\" sizes=\"auto, (max-width: 1024px) 100vw, 1024px\" \/><img loading=\"lazy\" decoding=\"async\" width=\"1024\" height=\"1024\" src=\"https:\/\/arteconfort.com\/wp-content\/uploads\/2023\/10\/TITAN-S-6.webp\" class=\"attachment-shop_catalog size-shop_catalog\" alt=\"Detalles del panel solar de techo TITAN S 4\" srcset=\"https:\/\/arteconfort.com\/wp-content\/uploads\/2023\/10\/TITAN-S-6.webp 1024w, https:\/\/arteconfort.com\/wp-content\/uploads\/2023\/10\/TITAN-S-6-768x768.webp 768w, https:\/\/arteconfort.com\/wp-content\/uploads\/2023\/10\/TITAN-S-6-340x340.webp 340w, https:\/\/arteconfort.com\/wp-content\/uploads\/2023\/10\/TITAN-S-6-640x640.webp 640w, https:\/\/arteconfort.com\/wp-content\/uploads\/2023\/10\/TITAN-S-6-960x960.webp 960w, https:\/\/arteconfort.com\/wp-content\/uploads\/2023\/10\/TITAN-S-6-133x133.webp 133w, https:\/\/arteconfort.com\/wp-content\/uploads\/2023\/10\/TITAN-S-6-300x300.webp 300w, https:\/\/arteconfort.com\/wp-content\/uploads\/2023\/10\/TITAN-S-6-600x600.webp 600w, https:\/\/arteconfort.com\/wp-content\/uploads\/2023\/10\/TITAN-S-6-100x100.webp 100w\" sizes=\"auto, (max-width: 1024px) 100vw, 1024px\" \/><img loading=\"lazy\" decoding=\"async\" width=\"1024\" height=\"1024\" src=\"https:\/\/arteconfort.com\/wp-content\/uploads\/2023\/10\/TITAN-S-5.webp\" class=\"attachment-shop_catalog size-shop_catalog\" alt=\"Detalles del panel solar de techo TITAN S 3\" srcset=\"https:\/\/arteconfort.com\/wp-content\/uploads\/2023\/10\/TITAN-S-5.webp 1024w, https:\/\/arteconfort.com\/wp-content\/uploads\/2023\/10\/TITAN-S-5-768x768.webp 768w, https:\/\/arteconfort.com\/wp-content\/uploads\/2023\/10\/TITAN-S-5-340x340.webp 340w, https:\/\/arteconfort.com\/wp-content\/uploads\/2023\/10\/TITAN-S-5-640x640.webp 640w, https:\/\/arteconfort.com\/wp-content\/uploads\/2023\/10\/TITAN-S-5-960x960.webp 960w, https:\/\/arteconfort.com\/wp-content\/uploads\/2023\/10\/TITAN-S-5-133x133.webp 133w, https:\/\/arteconfort.com\/wp-content\/uploads\/2023\/10\/TITAN-S-5-300x300.webp 300w, https:\/\/arteconfort.com\/wp-content\/uploads\/2023\/10\/TITAN-S-5-600x600.webp 600w, https:\/\/arteconfort.com\/wp-content\/uploads\/2023\/10\/TITAN-S-5-100x100.webp 100w\" sizes=\"auto, (max-width: 1024px) 100vw, 1024px\" \/><img loading=\"lazy\" decoding=\"async\" width=\"1024\" height=\"1024\" src=\"https:\/\/arteconfort.com\/wp-content\/uploads\/2023\/10\/TITAN-S-4.webp\" class=\"attachment-shop_catalog size-shop_catalog\" alt=\"Detalles del panel solar de techo TITAN S 2\" srcset=\"https:\/\/arteconfort.com\/wp-content\/uploads\/2023\/10\/TITAN-S-4.webp 1024w, https:\/\/arteconfort.com\/wp-content\/uploads\/2023\/10\/TITAN-S-4-768x768.webp 768w, https:\/\/arteconfort.com\/wp-content\/uploads\/2023\/10\/TITAN-S-4-340x340.webp 340w, https:\/\/arteconfort.com\/wp-content\/uploads\/2023\/10\/TITAN-S-4-640x640.webp 640w, https:\/\/arteconfort.com\/wp-content\/uploads\/2023\/10\/TITAN-S-4-960x960.webp 960w, https:\/\/arteconfort.com\/wp-content\/uploads\/2023\/10\/TITAN-S-4-133x133.webp 133w, https:\/\/arteconfort.com\/wp-content\/uploads\/2023\/10\/TITAN-S-4-300x300.webp 300w, https:\/\/arteconfort.com\/wp-content\/uploads\/2023\/10\/TITAN-S-4-600x600.webp 600w, https:\/\/arteconfort.com\/wp-content\/uploads\/2023\/10\/TITAN-S-4-100x100.webp 100w\" sizes=\"auto, (max-width: 1024px) 100vw, 1024px\" \/><img loading=\"lazy\" decoding=\"async\" width=\"1024\" height=\"1024\" src=\"https:\/\/arteconfort.com\/wp-content\/uploads\/2023\/10\/TITAN-S-3.webp\" class=\"attachment-shop_catalog size-shop_catalog\" alt=\"Detalles del panel solar de techo TITAN S\" srcset=\"https:\/\/arteconfort.com\/wp-content\/uploads\/2023\/10\/TITAN-S-3.webp 1024w, https:\/\/arteconfort.com\/wp-content\/uploads\/2023\/10\/TITAN-S-3-768x768.webp 768w, https:\/\/arteconfort.com\/wp-content\/uploads\/2023\/10\/TITAN-S-3-340x340.webp 340w, https:\/\/arteconfort.com\/wp-content\/uploads\/2023\/10\/TITAN-S-3-640x640.webp 640w, https:\/\/arteconfort.com\/wp-content\/uploads\/2023\/10\/TITAN-S-3-960x960.webp 960w, https:\/\/arteconfort.com\/wp-content\/uploads\/2023\/10\/TITAN-S-3-133x133.webp 133w, https:\/\/arteconfort.com\/wp-content\/uploads\/2023\/10\/TITAN-S-3-300x300.webp 300w, https:\/\/arteconfort.com\/wp-content\/uploads\/2023\/10\/TITAN-S-3-600x600.webp 600w, https:\/\/arteconfort.com\/wp-content\/uploads\/2023\/10\/TITAN-S-3-100x100.webp 100w\" sizes=\"auto, (max-width: 1024px) 100vw, 1024px\" \/><img loading=\"lazy\" decoding=\"async\" width=\"1024\" height=\"1024\" src=\"https:\/\/arteconfort.com\/wp-content\/uploads\/2023\/10\/TITAN-SEPARADO-2.webp\" class=\"attachment-shop_catalog size-shop_catalog\" alt=\"Soportes del TITAN S separado\" srcset=\"https:\/\/arteconfort.com\/wp-content\/uploads\/2023\/10\/TITAN-SEPARADO-2.webp 1024w, https:\/\/arteconfort.com\/wp-content\/uploads\/2023\/10\/TITAN-SEPARADO-2-768x768.webp 768w, https:\/\/arteconfort.com\/wp-content\/uploads\/2023\/10\/TITAN-SEPARADO-2-340x340.webp 340w, https:\/\/arteconfort.com\/wp-content\/uploads\/2023\/10\/TITAN-SEPARADO-2-640x640.webp 640w, https:\/\/arteconfort.com\/wp-content\/uploads\/2023\/10\/TITAN-SEPARADO-2-960x960.webp 960w, https:\/\/arteconfort.com\/wp-content\/uploads\/2023\/10\/TITAN-SEPARADO-2-133x133.webp 133w, https:\/\/arteconfort.com\/wp-content\/uploads\/2023\/10\/TITAN-SEPARADO-2-300x300.webp 300w, https:\/\/arteconfort.com\/wp-content\/uploads\/2023\/10\/TITAN-SEPARADO-2-600x600.webp 600w, https:\/\/arteconfort.com\/wp-content\/uploads\/2023\/10\/TITAN-SEPARADO-2-100x100.webp 100w\" sizes=\"auto, (max-width: 1024px) 100vw, 1024px\" \/><img loading=\"lazy\" decoding=\"async\" width=\"1024\" height=\"1024\" src=\"https:\/\/arteconfort.com\/wp-content\/uploads\/2023\/10\/TITAN-S-ambiente-4.webp\" class=\"attachment-shop_catalog size-shop_catalog\" alt=\"Aplique de pared solar TITAN S de d\u00eda\" srcset=\"https:\/\/arteconfort.com\/wp-content\/uploads\/2023\/10\/TITAN-S-ambiente-4.webp 1024w, https:\/\/arteconfort.com\/wp-content\/uploads\/2023\/10\/TITAN-S-ambiente-4-768x768.webp 768w, https:\/\/arteconfort.com\/wp-content\/uploads\/2023\/10\/TITAN-S-ambiente-4-340x340.webp 340w, https:\/\/arteconfort.com\/wp-content\/uploads\/2023\/10\/TITAN-S-ambiente-4-640x640.webp 640w, https:\/\/arteconfort.com\/wp-content\/uploads\/2023\/10\/TITAN-S-ambiente-4-960x960.webp 960w, https:\/\/arteconfort.com\/wp-content\/uploads\/2023\/10\/TITAN-S-ambiente-4-133x133.webp 133w, https:\/\/arteconfort.com\/wp-content\/uploads\/2023\/10\/TITAN-S-ambiente-4-300x300.webp 300w, https:\/\/arteconfort.com\/wp-content\/uploads\/2023\/10\/TITAN-S-ambiente-4-600x600.webp 600w, https:\/\/arteconfort.com\/wp-content\/uploads\/2023\/10\/TITAN-S-ambiente-4-100x100.webp 100w\" sizes=\"auto, (max-width: 1024px) 100vw, 1024px\" \/><img loading=\"lazy\" decoding=\"async\" width=\"1024\" height=\"1024\" src=\"https:\/\/arteconfort.com\/wp-content\/uploads\/2023\/10\/TITAN-S-ambiente-3.webp\" class=\"attachment-shop_catalog size-shop_catalog\" alt=\"Aplique de pared solar TITAN S ambiente\" srcset=\"https:\/\/arteconfort.com\/wp-content\/uploads\/2023\/10\/TITAN-S-ambiente-3.webp 1024w, https:\/\/arteconfort.com\/wp-content\/uploads\/2023\/10\/TITAN-S-ambiente-3-768x768.webp 768w, https:\/\/arteconfort.com\/wp-content\/uploads\/2023\/10\/TITAN-S-ambiente-3-340x340.webp 340w, https:\/\/arteconfort.com\/wp-content\/uploads\/2023\/10\/TITAN-S-ambiente-3-640x640.webp 640w, https:\/\/arteconfort.com\/wp-content\/uploads\/2023\/10\/TITAN-S-ambiente-3-960x960.webp 960w, https:\/\/arteconfort.com\/wp-content\/uploads\/2023\/10\/TITAN-S-ambiente-3-133x133.webp 133w, https:\/\/arteconfort.com\/wp-content\/uploads\/2023\/10\/TITAN-S-ambiente-3-300x300.webp 300w, https:\/\/arteconfort.com\/wp-content\/uploads\/2023\/10\/TITAN-S-ambiente-3-600x600.webp 600w, https:\/\/arteconfort.com\/wp-content\/uploads\/2023\/10\/TITAN-S-ambiente-3-100x100.webp 100w\" sizes=\"auto, (max-width: 1024px) 100vw, 1024px\" \/>\t<\/a>\n\t<div class=\"w-product-status\"><\/div>\t<span id=\"woocommerce_loop_add_to_cart_link_describedby_22364\" class=\"screen-reader-text\">\n\t\t\t<\/span>\n<\/div><div class=\"berocket_better_labels berocket_better_labels_image\"><div class=\"berocket_better_labels_position berocket_better_labels_position_right\"><div class=\"berocket_better_labels_line berocket_better_labels_line_1\"><div class=\"berocket_better_labels_inline berocket_better_labels_inline_1\"><div class=\"br_alabel br_alabel_type_text br_alabel_template_type_css berocket_alabel_id_22613  br_alabel_better_compatibility\" style=\"\"><span  style=\"\"><i style=\"background-color: #000000; border-color: #000000;\" class=\"template-span-before \"><\/i><i style=\"background-color: #000000; border-color: #000000;\" class=\"template-i \"><\/i><i style=\"background-color: #000000; border-color: #000000;\" class=\"template-i-before \"><\/i><i style=\"background-color: #000000; border-color: #000000;\" class=\"template-i-after \"><\/i><b style=\"position: relative;z-index: 100;text-align: center;color: inherit;\">Antiga colec\u00e7\u00e3o<\/b><\/span><\/div><\/div><\/div><\/div><\/div><figcaption><h2 class=\"woocommerce-loop-product__title\">TITAN S<\/h2><div class=\"woocommerce-product-details__short-description\">\n\t<p>A luz solar TITAN S \u00e9 o irm\u00e3o mais novo do TITAN M. Caracteriza-se por um design discreto<\/div>\n\n<\/figcaption><\/figure><\/li>\n<li class=\"product type-product post-25484 status-publish instock product_cat-iluminacion-solar-de-pared-pt-pt product_cat-iluminacion-solar-de-sobremuro-pt-pt product_cat-solar-pt-pt has-post-thumbnail shipping-taxable product-type-simple w-item col-3\">\n\t<figure><div class=\"image-wrapper\">\t\t<a href=\"https:\/\/arteconfort.com\/pt-pt\/producto\/zoe-2\/\" class=\"w-fadeslider\">\n\t<img loading=\"lazy\" decoding=\"async\" width=\"1024\" height=\"1024\" src=\"https:\/\/arteconfort.com\/wp-content\/uploads\/2023\/10\/ZOE.webp\" class=\"attachment-shop_catalog size-shop_catalog wp-post-image\" alt=\"Aplique y sobremuro solar ZOE\" srcset=\"https:\/\/arteconfort.com\/wp-content\/uploads\/2023\/10\/ZOE.webp 1024w, https:\/\/arteconfort.com\/wp-content\/uploads\/2023\/10\/ZOE-768x768.webp 768w, https:\/\/arteconfort.com\/wp-content\/uploads\/2023\/10\/ZOE-340x340.webp 340w, https:\/\/arteconfort.com\/wp-content\/uploads\/2023\/10\/ZOE-640x640.webp 640w, https:\/\/arteconfort.com\/wp-content\/uploads\/2023\/10\/ZOE-960x960.webp 960w, https:\/\/arteconfort.com\/wp-content\/uploads\/2023\/10\/ZOE-300x300.webp 300w, https:\/\/arteconfort.com\/wp-content\/uploads\/2023\/10\/ZOE-600x600.webp 600w, https:\/\/arteconfort.com\/wp-content\/uploads\/2023\/10\/ZOE-100x100.webp 100w, https:\/\/arteconfort.com\/wp-content\/uploads\/2023\/10\/ZOE-133x133.webp 133w\" sizes=\"auto, (max-width: 1024px) 100vw, 1024px\" \/>\t<img loading=\"lazy\" decoding=\"async\" width=\"1024\" height=\"1024\" src=\"https:\/\/arteconfort.com\/wp-content\/uploads\/2023\/10\/ZOE-ambiente-2.webp\" class=\"attachment-shop_catalog size-shop_catalog\" alt=\"Aplique y sobremuro solar ZOE ambiente\" srcset=\"https:\/\/arteconfort.com\/wp-content\/uploads\/2023\/10\/ZOE-ambiente-2.webp 1024w, https:\/\/arteconfort.com\/wp-content\/uploads\/2023\/10\/ZOE-ambiente-2-768x768.webp 768w, https:\/\/arteconfort.com\/wp-content\/uploads\/2023\/10\/ZOE-ambiente-2-340x340.webp 340w, https:\/\/arteconfort.com\/wp-content\/uploads\/2023\/10\/ZOE-ambiente-2-640x640.webp 640w, https:\/\/arteconfort.com\/wp-content\/uploads\/2023\/10\/ZOE-ambiente-2-960x960.webp 960w, https:\/\/arteconfort.com\/wp-content\/uploads\/2023\/10\/ZOE-ambiente-2-133x133.webp 133w, https:\/\/arteconfort.com\/wp-content\/uploads\/2023\/10\/ZOE-ambiente-2-300x300.webp 300w, https:\/\/arteconfort.com\/wp-content\/uploads\/2023\/10\/ZOE-ambiente-2-600x600.webp 600w, https:\/\/arteconfort.com\/wp-content\/uploads\/2023\/10\/ZOE-ambiente-2-100x100.webp 100w\" sizes=\"auto, (max-width: 1024px) 100vw, 1024px\" \/><img loading=\"lazy\" decoding=\"async\" width=\"1024\" height=\"1024\" src=\"https:\/\/arteconfort.com\/wp-content\/uploads\/2023\/10\/ZOE-detalle-3-1.webp\" class=\"attachment-shop_catalog size-shop_catalog\" alt=\"Aplique y sobremuro solar ZOE detalle panel\" srcset=\"https:\/\/arteconfort.com\/wp-content\/uploads\/2023\/10\/ZOE-detalle-3-1.webp 1024w, https:\/\/arteconfort.com\/wp-content\/uploads\/2023\/10\/ZOE-detalle-3-1-768x768.webp 768w, https:\/\/arteconfort.com\/wp-content\/uploads\/2023\/10\/ZOE-detalle-3-1-340x340.webp 340w, https:\/\/arteconfort.com\/wp-content\/uploads\/2023\/10\/ZOE-detalle-3-1-640x640.webp 640w, https:\/\/arteconfort.com\/wp-content\/uploads\/2023\/10\/ZOE-detalle-3-1-960x960.webp 960w, https:\/\/arteconfort.com\/wp-content\/uploads\/2023\/10\/ZOE-detalle-3-1-133x133.webp 133w, https:\/\/arteconfort.com\/wp-content\/uploads\/2023\/10\/ZOE-detalle-3-1-300x300.webp 300w, https:\/\/arteconfort.com\/wp-content\/uploads\/2023\/10\/ZOE-detalle-3-1-600x600.webp 600w, https:\/\/arteconfort.com\/wp-content\/uploads\/2023\/10\/ZOE-detalle-3-1-100x100.webp 100w\" sizes=\"auto, (max-width: 1024px) 100vw, 1024px\" \/><img loading=\"lazy\" decoding=\"async\" width=\"1024\" height=\"1024\" src=\"https:\/\/arteconfort.com\/wp-content\/uploads\/2023\/10\/ZOE-4.webp\" class=\"attachment-shop_catalog size-shop_catalog\" alt=\"Aplique y sobremuro solar ZOE\" srcset=\"https:\/\/arteconfort.com\/wp-content\/uploads\/2023\/10\/ZOE-4.webp 1024w, https:\/\/arteconfort.com\/wp-content\/uploads\/2023\/10\/ZOE-4-768x768.webp 768w, https:\/\/arteconfort.com\/wp-content\/uploads\/2023\/10\/ZOE-4-340x340.webp 340w, https:\/\/arteconfort.com\/wp-content\/uploads\/2023\/10\/ZOE-4-640x640.webp 640w, https:\/\/arteconfort.com\/wp-content\/uploads\/2023\/10\/ZOE-4-960x960.webp 960w, https:\/\/arteconfort.com\/wp-content\/uploads\/2023\/10\/ZOE-4-133x133.webp 133w, https:\/\/arteconfort.com\/wp-content\/uploads\/2023\/10\/ZOE-4-300x300.webp 300w, https:\/\/arteconfort.com\/wp-content\/uploads\/2023\/10\/ZOE-4-600x600.webp 600w, https:\/\/arteconfort.com\/wp-content\/uploads\/2023\/10\/ZOE-4-100x100.webp 100w\" sizes=\"auto, (max-width: 1024px) 100vw, 1024px\" \/><img loading=\"lazy\" decoding=\"async\" width=\"1024\" height=\"1024\" src=\"https:\/\/arteconfort.com\/wp-content\/uploads\/2023\/10\/ZOE-3.webp\" class=\"attachment-shop_catalog size-shop_catalog\" alt=\"Aplique y sobremuro solar ZOE\" srcset=\"https:\/\/arteconfort.com\/wp-content\/uploads\/2023\/10\/ZOE-3.webp 1024w, https:\/\/arteconfort.com\/wp-content\/uploads\/2023\/10\/ZOE-3-768x768.webp 768w, https:\/\/arteconfort.com\/wp-content\/uploads\/2023\/10\/ZOE-3-340x340.webp 340w, https:\/\/arteconfort.com\/wp-content\/uploads\/2023\/10\/ZOE-3-640x640.webp 640w, https:\/\/arteconfort.com\/wp-content\/uploads\/2023\/10\/ZOE-3-960x960.webp 960w, https:\/\/arteconfort.com\/wp-content\/uploads\/2023\/10\/ZOE-3-133x133.webp 133w, https:\/\/arteconfort.com\/wp-content\/uploads\/2023\/10\/ZOE-3-300x300.webp 300w, https:\/\/arteconfort.com\/wp-content\/uploads\/2023\/10\/ZOE-3-600x600.webp 600w, https:\/\/arteconfort.com\/wp-content\/uploads\/2023\/10\/ZOE-3-100x100.webp 100w\" sizes=\"auto, (max-width: 1024px) 100vw, 1024px\" \/><img loading=\"lazy\" decoding=\"async\" width=\"1024\" height=\"1024\" src=\"https:\/\/arteconfort.com\/wp-content\/uploads\/2023\/10\/ZOE-2.webp\" class=\"attachment-shop_catalog size-shop_catalog\" alt=\"Aplique y sobremuro solar ZOE\" srcset=\"https:\/\/arteconfort.com\/wp-content\/uploads\/2023\/10\/ZOE-2.webp 1024w, https:\/\/arteconfort.com\/wp-content\/uploads\/2023\/10\/ZOE-2-768x768.webp 768w, https:\/\/arteconfort.com\/wp-content\/uploads\/2023\/10\/ZOE-2-340x340.webp 340w, https:\/\/arteconfort.com\/wp-content\/uploads\/2023\/10\/ZOE-2-640x640.webp 640w, https:\/\/arteconfort.com\/wp-content\/uploads\/2023\/10\/ZOE-2-960x960.webp 960w, https:\/\/arteconfort.com\/wp-content\/uploads\/2023\/10\/ZOE-2-133x133.webp 133w, https:\/\/arteconfort.com\/wp-content\/uploads\/2023\/10\/ZOE-2-300x300.webp 300w, https:\/\/arteconfort.com\/wp-content\/uploads\/2023\/10\/ZOE-2-600x600.webp 600w, https:\/\/arteconfort.com\/wp-content\/uploads\/2023\/10\/ZOE-2-100x100.webp 100w\" sizes=\"auto, (max-width: 1024px) 100vw, 1024px\" \/><img loading=\"lazy\" decoding=\"async\" width=\"1024\" height=\"1024\" src=\"https:\/\/arteconfort.com\/wp-content\/uploads\/2023\/10\/ZOE-detalle-2-1.webp\" class=\"attachment-shop_catalog size-shop_catalog\" alt=\"Aplique y sobremuro solar ZOE detalle panel\" srcset=\"https:\/\/arteconfort.com\/wp-content\/uploads\/2023\/10\/ZOE-detalle-2-1.webp 1024w, https:\/\/arteconfort.com\/wp-content\/uploads\/2023\/10\/ZOE-detalle-2-1-768x768.webp 768w, https:\/\/arteconfort.com\/wp-content\/uploads\/2023\/10\/ZOE-detalle-2-1-340x340.webp 340w, https:\/\/arteconfort.com\/wp-content\/uploads\/2023\/10\/ZOE-detalle-2-1-640x640.webp 640w, https:\/\/arteconfort.com\/wp-content\/uploads\/2023\/10\/ZOE-detalle-2-1-960x960.webp 960w, https:\/\/arteconfort.com\/wp-content\/uploads\/2023\/10\/ZOE-detalle-2-1-133x133.webp 133w, https:\/\/arteconfort.com\/wp-content\/uploads\/2023\/10\/ZOE-detalle-2-1-300x300.webp 300w, https:\/\/arteconfort.com\/wp-content\/uploads\/2023\/10\/ZOE-detalle-2-1-600x600.webp 600w, https:\/\/arteconfort.com\/wp-content\/uploads\/2023\/10\/ZOE-detalle-2-1-100x100.webp 100w\" sizes=\"auto, (max-width: 1024px) 100vw, 1024px\" \/><img loading=\"lazy\" decoding=\"async\" width=\"1024\" height=\"1024\" src=\"https:\/\/arteconfort.com\/wp-content\/uploads\/2023\/10\/ZOE-detalle-1.webp\" class=\"attachment-shop_catalog size-shop_catalog\" alt=\"Aplique y sobremuro solar ZOE detalle\" srcset=\"https:\/\/arteconfort.com\/wp-content\/uploads\/2023\/10\/ZOE-detalle-1.webp 1024w, https:\/\/arteconfort.com\/wp-content\/uploads\/2023\/10\/ZOE-detalle-1-768x768.webp 768w, https:\/\/arteconfort.com\/wp-content\/uploads\/2023\/10\/ZOE-detalle-1-340x340.webp 340w, https:\/\/arteconfort.com\/wp-content\/uploads\/2023\/10\/ZOE-detalle-1-640x640.webp 640w, https:\/\/arteconfort.com\/wp-content\/uploads\/2023\/10\/ZOE-detalle-1-960x960.webp 960w, https:\/\/arteconfort.com\/wp-content\/uploads\/2023\/10\/ZOE-detalle-1-133x133.webp 133w, https:\/\/arteconfort.com\/wp-content\/uploads\/2023\/10\/ZOE-detalle-1-300x300.webp 300w, https:\/\/arteconfort.com\/wp-content\/uploads\/2023\/10\/ZOE-detalle-1-600x600.webp 600w, https:\/\/arteconfort.com\/wp-content\/uploads\/2023\/10\/ZOE-detalle-1-100x100.webp 100w\" sizes=\"auto, (max-width: 1024px) 100vw, 1024px\" \/><img loading=\"lazy\" decoding=\"async\" width=\"1024\" height=\"1024\" src=\"https:\/\/arteconfort.com\/wp-content\/uploads\/2023\/10\/ZOE-ambiente-1.webp\" class=\"attachment-shop_catalog size-shop_catalog\" alt=\"Aplique y sobremuro solar ZOE ambiente\" srcset=\"https:\/\/arteconfort.com\/wp-content\/uploads\/2023\/10\/ZOE-ambiente-1.webp 1024w, https:\/\/arteconfort.com\/wp-content\/uploads\/2023\/10\/ZOE-ambiente-1-768x768.webp 768w, https:\/\/arteconfort.com\/wp-content\/uploads\/2023\/10\/ZOE-ambiente-1-340x340.webp 340w, https:\/\/arteconfort.com\/wp-content\/uploads\/2023\/10\/ZOE-ambiente-1-640x640.webp 640w, https:\/\/arteconfort.com\/wp-content\/uploads\/2023\/10\/ZOE-ambiente-1-960x960.webp 960w, https:\/\/arteconfort.com\/wp-content\/uploads\/2023\/10\/ZOE-ambiente-1-133x133.webp 133w, https:\/\/arteconfort.com\/wp-content\/uploads\/2023\/10\/ZOE-ambiente-1-300x300.webp 300w, https:\/\/arteconfort.com\/wp-content\/uploads\/2023\/10\/ZOE-ambiente-1-600x600.webp 600w, https:\/\/arteconfort.com\/wp-content\/uploads\/2023\/10\/ZOE-ambiente-1-100x100.webp 100w\" sizes=\"auto, (max-width: 1024px) 100vw, 1024px\" \/><img loading=\"lazy\" decoding=\"async\" width=\"1024\" height=\"1024\" src=\"https:\/\/arteconfort.com\/wp-content\/uploads\/2023\/10\/ZOE-grafico.webp\" class=\"attachment-shop_catalog size-shop_catalog\" alt=\"Aplique y sobremuro solar ZOE dimensiones\" srcset=\"https:\/\/arteconfort.com\/wp-content\/uploads\/2023\/10\/ZOE-grafico.webp 1024w, https:\/\/arteconfort.com\/wp-content\/uploads\/2023\/10\/ZOE-grafico-768x768.webp 768w, https:\/\/arteconfort.com\/wp-content\/uploads\/2023\/10\/ZOE-grafico-340x340.webp 340w, https:\/\/arteconfort.com\/wp-content\/uploads\/2023\/10\/ZOE-grafico-640x640.webp 640w, https:\/\/arteconfort.com\/wp-content\/uploads\/2023\/10\/ZOE-grafico-960x960.webp 960w, https:\/\/arteconfort.com\/wp-content\/uploads\/2023\/10\/ZOE-grafico-133x133.webp 133w, https:\/\/arteconfort.com\/wp-content\/uploads\/2023\/10\/ZOE-grafico-300x300.webp 300w, https:\/\/arteconfort.com\/wp-content\/uploads\/2023\/10\/ZOE-grafico-600x600.webp 600w, https:\/\/arteconfort.com\/wp-content\/uploads\/2023\/10\/ZOE-grafico-100x100.webp 100w\" sizes=\"auto, (max-width: 1024px) 100vw, 1024px\" \/>\t<\/a>\n\t<div class=\"w-product-status\"><\/div>\t<span id=\"woocommerce_loop_add_to_cart_link_describedby_25484\" class=\"screen-reader-text\">\n\t\t\t<\/span>\n<\/div><figcaption><h2 class=\"woocommerce-loop-product__title\">ZOE APLIQUE<\/h2><div class=\"woocommerce-product-details__short-description\">\n\t<p>A parede solar ZOE e a luz da parede \u00e9 caracterizada por um design discreto e moderno, bem<\/div>\n\n<\/figcaption><\/figure><\/li>\n<\/ul>\n<\/div>[\/vc_column_text][vc_empty_space height=&#8221;120px&#8221;][\/vc_column][\/vc_row][vc_row padding_size=&#8221;no-padding&#8221; disable_element=&#8221;yes&#8221;][vc_column][vc_empty_space height=&#8221;60px&#8221;][wyde_heading style=&#8221;7&#8243; subheading_tag=&#8221;span&#8221; text_align=&#8221;center&#8221; title=&#8221;Se estiver interessado em ilumina\u00e7\u00e3o solar&#8221; heading_color=&#8221;#61b4e4&#8243; subheading=&#8221;pode tamb\u00e9m estar interessado em&#8221; subheading_color=&#8221;#cccccc&#8221;][vc_empty_space height=&#8221;20px&#8221;][vc_row_inner text_style=&#8221;light&#8221;][vc_column_inner width=&#8221;1\/6&#8243; el_class=&#8221;banner-home&#8221;][wyde_banner title_tag=&#8221;h4&#8243; subheading_tag=&#8221;p&#8221; banner_style=&#8221;2&#8243; title=&#8221;Ilumina\u00e7\u00e3o&#8221; image=&#8221;834&#8243; link=&#8221;url:http%3A%2F%2Farteconfort.com%2Filuminacion%2F|||&#8221;][\/vc_column_inner][vc_column_inner width=&#8221;1\/6&#8243; el_class=&#8221;banner-home&#8221;][wyde_banner title_tag=&#8221;h4&#8243; subheading_tag=&#8221;p&#8221; banner_style=&#8221;2&#8243; title=&#8221;Candeeiros de mesa&#8221; image=&#8221;641&#8243; link=&#8221;url:http%3A%2F%2Farteconfort.com%2Filuminacion%2Fflexos%2F|||&#8221;][\/vc_column_inner][vc_column_inner width=&#8221;1\/6&#8243; el_class=&#8221;banner-home&#8221;][wyde_banner title_tag=&#8221;h4&#8243; subheading_tag=&#8221;p&#8221; banner_style=&#8221;2&#8243; title=&#8221;Pendel&#8221; image=&#8221;1141&#8243; link=&#8221;url:http%3A%2F%2Farteconfort.com%2Filuminacion%2Fpendel%2F|||&#8221;][\/vc_column_inner][vc_column_inner width=&#8221;1\/6&#8243; el_class=&#8221;banner-home&#8221;][wyde_banner title_tag=&#8221;h4&#8243; subheading_tag=&#8221;p&#8221; banner_style=&#8221;2&#8243; title=&#8221;Climatiza\u00e7\u00e3o&#8221; image=&#8221;649&#8243; link=&#8221;url:http%3A%2F%2Farteconfort.com%2Fclimatizacion%2F|||&#8221;][\/vc_column_inner][vc_column_inner width=&#8221;1\/6&#8243; el_class=&#8221;banner-home&#8221;][wyde_banner title_tag=&#8221;h4&#8243; subheading_tag=&#8221;p&#8221; banner_style=&#8221;2&#8243; title=&#8221;Decora\u00e7\u00e3o do lar&#8221; image=&#8221;2616&#8243; link=&#8221;url:http%3A%2F%2Farteconfort.com%2Fhogar%2F|||&#8221;][\/vc_column_inner][vc_column_inner width=&#8221;1\/6&#8243; el_class=&#8221;banner-home&#8221;][wyde_banner title_tag=&#8221;h4&#8243; subheading_tag=&#8221;p&#8221; banner_style=&#8221;2&#8243; title=&#8221;Espelhos&#8221; image=&#8221;849&#8243; link=&#8221;url:http%3A%2F%2Farteconfort.com%2Fhogar%2Fespejos%2F|||&#8221;][\/vc_column_inner][\/vc_row_inner][vc_empty_space height=&#8221;10px&#8221;][vc_row_inner text_style=&#8221;light&#8221;][vc_column_inner width=&#8221;1\/6&#8243; el_class=&#8221;banner-home&#8221;][wyde_banner title_tag=&#8221;h4&#8243; subheading_tag=&#8221;p&#8221; banner_style=&#8221;2&#8243; title=&#8221;Mobili\u00e1rio decorativo&#8221; image=&#8221;773&#8243; link=&#8221;url:http%3A%2F%2Farteconfort.com%2Fhogar%2Fmuebles-decorativos%2F|||&#8221;][\/vc_column_inner][vc_column_inner width=&#8221;1\/6&#8243; el_class=&#8221;banner-home&#8221;][\/vc_column_inner][vc_column_inner width=&#8221;1\/6&#8243; el_class=&#8221;banner-home&#8221;][\/vc_column_inner][vc_column_inner width=&#8221;1\/6&#8243; el_class=&#8221;banner-home&#8221;][\/vc_column_inner][vc_column_inner width=&#8221;1\/6&#8243; el_class=&#8221;banner-home&#8221;][\/vc_column_inner][vc_column_inner width=&#8221;1\/6&#8243; el_class=&#8221;banner-home&#8221;][\/vc_column_inner][\/vc_row_inner][vc_empty_space height=&#8221;60px&#8221;][\/vc_column][\/vc_row][vc_row][vc_column][wyde_heading style=&#8221;2&#8243; subheading_tag=&#8221;p&#8221; text_align=&#8221;center&#8221; title=&#8221;Inspira\u00e7\u00e3o e ideias para iluminar o seu jardim&#8221; subheading=&#8221;Fa\u00e7a do seu jardim a inveja de todos&#8221;][vc_empty_space][wyde_blog_posts view=&#8221;masonry&#8221; columns=&#8221;3&#8243; count=&#8221;2&#8243; excerpt_length=&#8221;30&#8243; excerpt_more=&#8221;1&#8243; pagination=&#8221;hide&#8221; posts_query=&#8221;order_by:date|order:DESC|by_id:11370,11988&#8243;][vc_empty_space height=&#8221;20px&#8221;][vc_row_inner][vc_column_inner text_align=&#8221;center&#8221;][wyde_link_button style=&#8221;outline round&#8221; title=&#8221;Saiba mais&#8221; link=&#8221;url:https%3A%2F%2Farteconfort.com%2Fpt-pt%2Fguias-y-consejos%2F|||&#8221; color=&#8221;#222222&#8243; hover_color=&#8221;#ffffff&#8221;][\/vc_column_inner][\/vc_row_inner][\/vc_column][\/vc_row]<\/p>\n<\/div>","protected":false},"excerpt":{"rendered":"<p>[vc_row padding_size=&#8221;no-padding&#8221;][vc_column][vc_empty_space height=&#8221;20px&#8221;][wyde_heading title=&#8221;As l\u00e2mpadas solares mais procuradas&#8221;][vc_empty_space height=&#8221;20px&#8221;][\/vc_column][\/vc_row][vc_row vertical_align=&#8221;middle&#8221; padding_size=&#8221;m-padding&#8221; background_mode=&#8221;color&#8221; background_color=&#8221;#f5f5f5&#8243;][vc_column][vc_row_inner][vc_column_inner width=&#8221;1\/3&#8243; offset=&#8221;vc_col-xs-12&#8243; el_class=&#8221;banner-home&#8221;][wyde_heading style=&#8221;3&#8243; title_tag=&#8221;h3&#8243; subheading_tag=&#8221;span&#8221; title=&#8221;Tipo de ilumina\u00e7\u00e3o&#8221; subheading=&#8221;Ilumina\u00e7\u00e3o solar para alto brilho ou para criar atmosferas relaxantes&#8221;][\/vc_column_inner][vc_column_inner width=&#8221;1\/6&#8243; el_class=&#8221;banner-home&#8221; offset=&#8221;vc_col-xs-6&#8243;][wyde_banner title_tag=&#8221;h5&#8243; banner_style=&#8221;2&#8243; title=&#8221;Ilumina\u00e7\u00e3o solar FUNCIONAL&#8221; image=&#8221;4450&#8243; link=&#8221;url:https%3A%2F%2Farteconfort.com%2Fpt-pt%2Fsolar%2Filuminacion-solar%2Filuminacion-solar-exterior-funcional%2F|title:Iluminaci%C3%B3n%20solar%20funcional||&#8221; heading_color=&#8221;#ffffff&#8221;][\/vc_column_inner][vc_column_inner width=&#8221;1\/6&#8243; el_class=&#8221;banner-home&#8221; offset=&#8221;vc_col-xs-6&#8243;][wyde_banner title_tag=&#8221;h5&#8243; banner_style=&#8221;2&#8243; title=&#8221;Ilumina\u00e7\u00e3o solar DECORATIVA&#8221; image=&#8221;4449&#8243; link=&#8221;url:https%3A%2F%2Farteconfort.com%2Fpt-pt%2Fsolar%2Filuminacion-solar%2Filuminacion-solar-exterior-decorativa%2F|title:Solar%20decorativa||&#8221; heading_color=&#8221;#ffffff&#8221;][\/vc_column_inner][vc_column_inner width=&#8221;1\/6&#8243; [&hellip;]<\/p>\n","protected":false},"author":1,"featured_media":0,"parent":0,"menu_order":0,"comment_status":"closed","ping_status":"closed","template":"","meta":{"footnotes":""},"class_list":["post-11699","page","type-page","status-publish","hentry"],"yoast_head":"<!-- This site is optimized with the Yoast SEO plugin v26.5 - https:\/\/yoast.com\/wordpress\/plugins\/seo\/ -->\n<title>\u2600\ufe0f Ilumina\u00e7\u00e3o solar - Arteconfort<\/title>\n<meta name=\"description\" content=\"Descubra a nossa vasta gama de produtos para iluminar o seu jardim, p\u00e1tio ou terra\u00e7o e escolha o design e estilo que melhor se adapta \u00e0s suas necessidades.\" \/>\n<meta name=\"robots\" content=\"index, follow, max-snippet:-1, max-image-preview:large, max-video-preview:-1\" \/>\n<link rel=\"canonical\" href=\"https:\/\/arteconfort.com\/pt-pt\/iluminacion-solar\/\" \/>\n<meta property=\"og:locale\" content=\"pt_PT\" \/>\n<meta property=\"og:type\" content=\"article\" \/>\n<meta property=\"og:title\" content=\"\u2600\ufe0f Ilumina\u00e7\u00e3o solar - Arteconfort\" \/>\n<meta property=\"og:description\" content=\"Descubra a nossa vasta gama de produtos para iluminar o seu jardim, p\u00e1tio ou terra\u00e7o e escolha o design e estilo que melhor se adapta \u00e0s suas necessidades.\" \/>\n<meta property=\"og:url\" content=\"https:\/\/arteconfort.com\/pt-pt\/iluminacion-solar\/\" \/>\n<meta property=\"og:site_name\" content=\"Arteconfort\" \/>\n<meta property=\"article:modified_time\" content=\"2022-04-20T09:57:00+00:00\" \/>\n<meta name=\"twitter:card\" content=\"summary_large_image\" \/>\n<meta name=\"twitter:label1\" content=\"Tempo estimado de leitura\" \/>\n\t<meta name=\"twitter:data1\" content=\"9 minutos\" \/>\n<!-- \/ Yoast SEO plugin. -->","yoast_head_json":{"title":"\u2600\ufe0f Ilumina\u00e7\u00e3o solar - Arteconfort","description":"Descubra a nossa vasta gama de produtos para iluminar o seu jardim, p\u00e1tio ou terra\u00e7o e escolha o design e estilo que melhor se adapta \u00e0s suas necessidades.","robots":{"index":"index","follow":"follow","max-snippet":"max-snippet:-1","max-image-preview":"max-image-preview:large","max-video-preview":"max-video-preview:-1"},"canonical":"https:\/\/arteconfort.com\/pt-pt\/iluminacion-solar\/","og_locale":"pt_PT","og_type":"article","og_title":"\u2600\ufe0f Ilumina\u00e7\u00e3o solar - Arteconfort","og_description":"Descubra a nossa vasta gama de produtos para iluminar o seu jardim, p\u00e1tio ou terra\u00e7o e escolha o design e estilo que melhor se adapta \u00e0s suas necessidades.","og_url":"https:\/\/arteconfort.com\/pt-pt\/iluminacion-solar\/","og_site_name":"Arteconfort","article_modified_time":"2022-04-20T09:57:00+00:00","twitter_card":"summary_large_image","twitter_misc":{"Tempo estimado de leitura":"9 minutos"},"schema":{"@context":"https:\/\/schema.org","@graph":[{"@type":"WebPage","@id":"https:\/\/arteconfort.com\/pt-pt\/iluminacion-solar\/","url":"https:\/\/arteconfort.com\/pt-pt\/iluminacion-solar\/","name":"\u2600\ufe0f Ilumina\u00e7\u00e3o solar - Arteconfort","isPartOf":{"@id":"https:\/\/arteconfort.com\/pt-pt\/#website"},"datePublished":"2019-09-30T11:51:15+00:00","dateModified":"2022-04-20T09:57:00+00:00","description":"Descubra a nossa vasta gama de produtos para iluminar o seu jardim, p\u00e1tio ou terra\u00e7o e escolha o design e estilo que melhor se adapta \u00e0s suas necessidades.","breadcrumb":{"@id":"https:\/\/arteconfort.com\/pt-pt\/iluminacion-solar\/#breadcrumb"},"inLanguage":"pt-PT","potentialAction":[{"@type":"ReadAction","target":["https:\/\/arteconfort.com\/pt-pt\/iluminacion-solar\/"]}]},{"@type":"BreadcrumbList","@id":"https:\/\/arteconfort.com\/pt-pt\/iluminacion-solar\/#breadcrumb","itemListElement":[{"@type":"ListItem","position":1,"name":"Inicio","item":"https:\/\/arteconfort.com\/pt-pt\/"},{"@type":"ListItem","position":2,"name":"Privado: Solar","item":"https:\/\/arteconfort.com\/pt-pt\/?page_id=11004"},{"@type":"ListItem","position":3,"name":"Ilumina\u00e7\u00e3o solar"}]},{"@type":"WebSite","@id":"https:\/\/arteconfort.com\/pt-pt\/#website","url":"https:\/\/arteconfort.com\/pt-pt\/","name":"Arteconfort","description":"Especialistas en productos del hogar","publisher":{"@id":"https:\/\/arteconfort.com\/pt-pt\/#organization"},"potentialAction":[{"@type":"SearchAction","target":{"@type":"EntryPoint","urlTemplate":"https:\/\/arteconfort.com\/pt-pt\/?s={search_term_string}"},"query-input":{"@type":"PropertyValueSpecification","valueRequired":true,"valueName":"search_term_string"}}],"inLanguage":"pt-PT"},{"@type":"Organization","@id":"https:\/\/arteconfort.com\/pt-pt\/#organization","name":"Arteconfort","url":"https:\/\/arteconfort.com\/pt-pt\/","logo":{"@type":"ImageObject","inLanguage":"pt-PT","@id":"https:\/\/arteconfort.com\/pt-pt\/#\/schema\/logo\/image\/","url":"https:\/\/arteconfort.com\/wp-content\/uploads\/2019\/07\/logo-arteconfort.png","contentUrl":"https:\/\/arteconfort.com\/wp-content\/uploads\/2019\/07\/logo-arteconfort.png","width":230,"height":88,"caption":"Arteconfort"},"image":{"@id":"https:\/\/arteconfort.com\/pt-pt\/#\/schema\/logo\/image\/"}}]}},"_links":{"self":[{"href":"https:\/\/arteconfort.com\/pt-pt\/wp-json\/wp\/v2\/pages\/11699","targetHints":{"allow":["GET"]}}],"collection":[{"href":"https:\/\/arteconfort.com\/pt-pt\/wp-json\/wp\/v2\/pages"}],"about":[{"href":"https:\/\/arteconfort.com\/pt-pt\/wp-json\/wp\/v2\/types\/page"}],"author":[{"embeddable":true,"href":"https:\/\/arteconfort.com\/pt-pt\/wp-json\/wp\/v2\/users\/1"}],"replies":[{"embeddable":true,"href":"https:\/\/arteconfort.com\/pt-pt\/wp-json\/wp\/v2\/comments?post=11699"}],"version-history":[{"count":0,"href":"https:\/\/arteconfort.com\/pt-pt\/wp-json\/wp\/v2\/pages\/11699\/revisions"}],"wp:attachment":[{"href":"https:\/\/arteconfort.com\/pt-pt\/wp-json\/wp\/v2\/media?parent=11699"}],"curies":[{"name":"wp","href":"https:\/\/api.w.org\/{rel}","templated":true}]}}