{"id":11936,"date":"2020-09-08T11:43:25","date_gmt":"2020-09-08T09:43:25","guid":{"rendered":"https:\/\/arteconfort.com\/preguntas-frecuentes\/"},"modified":"2021-08-02T09:36:53","modified_gmt":"2021-08-02T07:36:53","slug":"preguntas-frecuentes","status":"publish","type":"page","link":"https:\/\/arteconfort.com\/pt-pt\/preguntas-frecuentes\/","title":{"rendered":"Perguntas mais freq\u00fcentes"},"content":{"rendered":"<div class=\"wpb-content-wrapper\"><p>[vc_row padding_size=&#8221;no-padding&#8221;][vc_column][vc_empty_space height=&#8221;60px&#8221;][wyde_tabs][wyde_tab icon_set=&#8221;simple_line&#8221; icon_simple_line=&#8221;sl-info&#8221; title=&#8221;Informa\u00e7\u00e3o geral&#8221; tab_id=&#8221;1599131858190-6&#8243;][vc_empty_space][vc_row_inner][vc_column_inner][wyde_toggle title=&#8221;SERVI\u00c7O AO CLIENTE&#8221;][wyde_heading style=&#8221;5&#8243; title_tag=&#8221;h4&#8243; title=&#8221;Como posso contact\u00e1-lo?&#8221; subheading=&#8221;01 &#8220;]<\/p>\n<p>Procuramos melhorar a qualidade de vida e o conforto das pessoas nas suas casas e valorizamos a sua satisfa\u00e7\u00e3o. Por este motivo, temos dois canais de comunica\u00e7\u00e3o directa atrav\u00e9s dos quais pode contactar-nos:<\/p>\n<p>&nbsp;<\/p>\n<ul>\n<li><strong>E-mail<\/strong>: utilizando o <a href=\"https:\/\/arteconfort.com\/pt-pt\/contacto\/\" target=\"_blank\" rel=\"noopener noreferrer\">formul\u00e1rio de contacto<\/a> no nosso s\u00edtio web.<\/li>\n<li><strong>Telefone<\/strong>: atrav\u00e9s do n\u00famero 91 801 25 76.<\/li>\n<\/ul>\n<p>&nbsp;<\/p>\n<p>[wyde_heading style=&#8221;5&#8243; title_tag=&#8221;h4&#8243; title=&#8221;Tem servi\u00e7o t\u00e9cnico no local?&#8221; subheading=&#8221;02 &#8220;]<\/p>\n<p>Como empresa fabricante, vendemos os nossos produtos atrav\u00e9s de grandes supermercados, e \u00e9 por isso que n\u00e3o temos um servi\u00e7o t\u00e9cnico em casa.[\/wyde_toggle][wyde_toggle title=&#8221;COMPRAR&#8221;][wyde_heading style=&#8221;5&#8243; title_tag=&#8221;h4&#8243; title=&#8221;Como posso comprar produtos Arteconfort?&#8221; subheading=&#8221;01 &#8220;]<\/p>\n<p>Pode adquirir os nossos produtos de uma forma \u00fanica e exclusiva nas lojas LEROY MERLIN, BAUHAUS ou CONFORAMA.[\/wyde_toggle][\/vc_column_inner][\/vc_row_inner][\/wyde_tab][wyde_tab icon_set=&#8221;simple_line&#8221; icon_simple_line=&#8221;sl-bulb&#8221; title=&#8221;Iluminaci\u00f3n LED&#8221; tab_id=&#8221;1599133323358-3-3&#8243;][vc_empty_space][vc_row_inner][vc_column_inner][wyde_toggle title=&#8221;CARACTER\u00cdSTICAS&#8221;][wyde_heading style=&#8221;5&#8243; title_tag=&#8221;h4&#8243; title=&#8221;O que \u00e9 ilumina\u00e7\u00e3o LED?&#8221; subheading=&#8221;01 &#8220;]<\/p>\n<p>Uma fonte de luz LED \u00e9 um <strong>d\u00edodo emissor de luz (LED)<\/strong> constitu\u00eddo por um material semicondutor capaz de gerar luz quando lhe \u00e9 aplicada uma corrente el\u00e9ctrica. Os primeiros LED emitiram uma luz fraca e foram utilizados em componentes electr\u00f3nicos como indicadores. A evolu\u00e7\u00e3o e desenvolvimento desta tecnologia melhorou a qualidade da luz emitida, tornando-a no sistema de ilumina\u00e7\u00e3o predominante utilizado numa variedade de aplica\u00e7\u00f5es.<\/p>\n<p>&nbsp;<\/p>\n<p>A ilumina\u00e7\u00e3o LED destaca-se pela sua <strong>efici\u00eancia<\/strong> com menor consumo de energia e maior dura\u00e7\u00e3o em compara\u00e7\u00e3o com fontes de luz convencionais, bem como por ser menos poluente e gerar menos calor. Isto permitiu que os LEDs empurrassem outras tecnologias obsoletas para fora do mercado.<\/p>\n<p>&nbsp;<\/p>\n<p>Gra\u00e7as aos LEDs, termos como temperatura de cor, fluxo luminoso, <strong>restitui\u00e7\u00e3o de cor e l\u00famenes tornaram-se generalizados e bem conhecidos<\/strong>. Isto permite a todos fazer melhor uso da ilumina\u00e7\u00e3o nas suas casas.<\/p>\n<p>&nbsp;<\/p>\n<p>[wyde_heading style=&#8221;5&#8243; title_tag=&#8221;h4&#8243; title=&#8221;Quais s\u00e3o as vantagens dos LED em rela\u00e7\u00e3o a outros sistemas de ilumina\u00e7\u00e3o?&#8221; subheading=&#8221;02 &#8220;]<\/p>\n<ul>\n<li>Maior poupan\u00e7a de energia, emitem mais luz com menor consumo de energia.<\/li>\n<li>Vida \u00fatil mais longa.<\/li>\n<li>Renderiza\u00e7\u00e3o de cor elevada.<\/li>\n<li>Baixa manuten\u00e7\u00e3o.<\/li>\n<li>Vibra\u00e7\u00e3o, choque e resist\u00eancia ao impacto.<\/li>\n<li>Per\u00edodo de garantia mais longo.<\/li>\n<li>Igni\u00e7\u00e3o imediata e sem cintila\u00e7\u00e3o.<\/li>\n<li>Tem sido economizada nos \u00faltimos anos.<\/li>\n<li>N\u00e3o gera ru\u00eddo.<\/li>\n<li>Funcionamento \u00f3ptimo a baixas temperaturas.<\/li>\n<li>N\u00e3o emitem calor.<\/li>\n<li>Permite criar ilumina\u00e7\u00f5es diferentes que n\u00e3o poderiam ser conseguidas com outros sistemas.<\/li>\n<li>Mais amigos do ambiente, uma vez que n\u00e3o cont\u00eam subst\u00e2ncias t\u00f3xicas ou poluentes.<\/li>\n<\/ul>\n<p>&nbsp;<\/p>\n<p>[wyde_heading style=&#8221;5&#8243; title_tag=&#8221;h4&#8243; title=&#8221;O que \u00e9 a temperatura da cor e como afecta o meu humor?&#8221; subheading=&#8221;03 &#8220;]<\/p>\n<p>A temperatura da cor \u00e9 definida como a tonalidade da luz emitida e \u00e9 expressa em Kelvin como uma unidade de medida. Pode ser agrupado em tr\u00eas gamas de temperatura:<\/p>\n<ul>\n<li>Luz quente: at\u00e9 3500K<\/li>\n<li>Luz neutra: entre 4000K e 5000K<\/li>\n<li>Luz fria: mais de 5500K<\/li>\n<\/ul>\n<p>Os ritmos circadianos s\u00e3o altera\u00e7\u00f5es biol\u00f3gicas que afectam o nosso corpo regularmente, tanto f\u00edsica como emocionalmente, e respondem principalmente \u00e0 luz e \u00e0 escurid\u00e3o que percebemos. Por outras palavras, a luz que percebemos em diferentes alturas do dia, bem como a escurid\u00e3o \u00e0 noite, estabelecem uma s\u00e9rie de padr\u00f5es no nosso corpo. Portanto, a temperatura da cor da luz que percebemos afecta os ritmos circadianos do nosso corpo, quer se trate de luz natural ou artificial.<\/p>\n<p>Assim, a altera\u00e7\u00e3o dos ciclos circadianos do nosso corpo afecta negativamente a nossa sa\u00fade.<\/p>\n<p>&nbsp;<\/p>\n<p>[wyde_heading style=&#8221;5&#8243; title_tag=&#8221;h4&#8243; title=&#8221;O que \u00e9 fluxo luminoso e o que s\u00e3o l\u00famenes?&#8221; subheading=&#8221;04&#8243;]<\/p>\n<p>O fluxo luminoso \u00e9 a quantidade de luz vis\u00edvel emitida por uma fonte de luz em todas as direc\u00e7\u00f5es, e a unidade de medida \u00e9 o l\u00famen (lm).<\/p>\n<p>&nbsp;<\/p>\n<p>[wyde_heading style=&#8221;5&#8243; title_tag=&#8221;h4&#8243; title=&#8221;Qual \u00e9 o \u00e2ngulo de abertura da luz?&#8221; subheading=&#8221;04&#8243;]<\/p>\n<p>O \u00e2ngulo de abertura da luz diz-nos qual \u00e9 o \u00e2ngulo do feixe de luz, o que nos permite saber o tamanho da \u00e1rea que iluminar\u00e1. Assim, um \u00e2ngulo menor criar\u00e1 uma luz focada enquanto um \u00e2ngulo maior permitir\u00e1 uma ilumina\u00e7\u00e3o geral.[\/wyde_toggle][\/vc_column_inner][\/vc_row_inner][\/wyde_tab][wyde_tab icon_set=&#8221;bigmug_line&#8221; icon_bigmug_line=&#8221;bigmug-line-winds&#8221; title=&#8221;Ventiladores&#8221; tab_id=&#8221;1599131858214-7&#8243;][vc_empty_space][vc_row_inner][vc_column_inner][wyde_toggle title=&#8221;INSTALA\u00c7\u00c3O&#8221;][wyde_heading style=&#8221;5&#8243; title_tag=&#8221;h4&#8243; title=&#8221;A que altura devo instalar o meu ventilador de tecto?&#8221; subheading=&#8221;01 &#8220;]<\/p>\n<p>A <strong>dist\u00e2ncia m\u00ednima<\/strong> entre as l\u00e2minas de um ventilador de tecto e o ch\u00e3o \u00e9 de <strong>2,3 m<\/strong> por raz\u00f5es de seguran\u00e7a. Alguns dos nossos modelos t\u00eam um eixo adicional. Para verificar se este est\u00e1 dispon\u00edvel, v\u00e1 por favor \u00e0 sec\u00e7\u00e3o Produtos &gt; Ar condicionado &gt; Ventiladores de tecto, escolhendo o modelo desejado na sec\u00e7\u00e3o &#8220;Caracter\u00edsticas mec\u00e2nicas&#8221; &gt; &#8220;Acess\u00f3rios&#8221;.<\/p>\n<p>&nbsp;<\/p>\n<p>[wyde_heading style=&#8221;5&#8243; title_tag=&#8221;h4&#8243; title=&#8221;Posso instalar um ventilador num telhado inclinado?&#8221; subheading=&#8221;02 &#8220;]<\/p>\n<p>Na maioria dos nossos modelos, se for poss\u00edvel, pode verific\u00e1-lo clicando num modelo espec\u00edfico, na sua descri\u00e7\u00e3o.<strong> Inclina\u00e7\u00e3o m\u00e1xima do telhado 20\u00ba<\/strong>.<\/p>\n<p>&nbsp;<\/p>\n<p>[wyde_heading style=&#8221;5&#8243; title_tag=&#8221;h4&#8243; title=&#8221;Posso instalar um ventilador num tecto de gesso cartonado ou num tecto falso?&#8221; subheading=&#8221;03 &#8220;]<\/p>\n<p>Se poss\u00edvel, contudo, deve verificar a sua for\u00e7a para ver se consegue suportar o peso do ventilador. No caso das placas de gesso cartonado, existe uma ficha especial que espalharia o peso sobre a superf\u00edcie.<\/p>\n<p>No entanto, o ideal seria que estivesse ligado ao tecto real.[\/wyde_toggle][wyde_toggle title=&#8221;PE\u00c7AS E PE\u00c7AS DE REPOSI\u00c7\u00c3O&#8221;][wyde_heading style=&#8221;5&#8243; title_tag=&#8221;h4&#8243; title=&#8221;\u00c9 poss\u00edvel comprar pe\u00e7as sobressalentes para o meu ventilador?&#8221; subheading=&#8221;01 &#8220;]<\/p>\n<p>Pode solicitar pe\u00e7as sobressalentes indo \u00e0 loja onde as comprou ou a outra loja da mesma cadeia. Se o ventilador estiver sob garantia, apresentar o recibo de compra ou factura.<\/p>\n<p>&nbsp;<\/p>\n<p>[wyde_heading style=&#8221;5&#8243; title_tag=&#8221;h4&#8243; title=&#8221;Estou a instalar o meu ventilador e faltam-me pe\u00e7as, o que \u00e9 que eu fa\u00e7o?&#8221; subheading=&#8221;02 &#8220;]<\/p>\n<p>Deve comunicar o incidente \u00e0 loja onde o comprou, para que eles lhe possam fornecer uma solu\u00e7\u00e3o.[\/wyde_toggle][wyde_toggle title=&#8221;CONTROLO REMOTO&#8221;][wyde_heading style=&#8221;5&#8243; title_tag=&#8221;h4&#8243; title=&#8221;Tem um controlo remoto?&#8221; subheading=&#8221;01 &#8220;]<\/p>\n<p>Todos os nossos ventiladores de tecto s\u00e3o operados por controlo remoto, excepto os modelos HAWAII e FIJI.<\/p>\n<p>&nbsp;<\/p>\n<p>[wyde_heading style=&#8221;5&#8243; title_tag=&#8221;h4&#8243; title=&#8221;Com que frequ\u00eancia \u00e9 que os controlos funcionam?&#8221; subheading=&#8221;02 &#8220;]<\/p>\n<p>A maioria dos modelos de <strong>433 Mhz<\/strong>, excepto os modelos FAST FAN que funcionam a<strong> 2.4Ghz<\/strong>.<\/p>\n<p>&nbsp;<\/p>\n<p>[wyde_heading style=&#8221;5&#8243; title_tag=&#8221;h4&#8243; title=&#8221;Podem v\u00e1rios ventiladores ser operados com um \u00fanico controlo?&#8221; subheading=&#8221;03 &#8220;]<\/p>\n<p><strong>Sim<\/strong>, seria poss\u00edvel, desde que os ventiladores partilhem as mesmas caracter\u00edsticas de controlo. Deve ter em conta que, se estivessem em inst\u00e2ncias diferentes ao ligar, todos eles receberiam o comando de ligar e\/ou desligar.<\/p>\n<p>&nbsp;<\/p>\n<p>[wyde_heading style=&#8221;5&#8243; title_tag=&#8221;h4&#8243; title=&#8221;\u00c9 poss\u00edvel controlar um ventilador com dois controladores?&#8221; subheading=&#8221;04 &#8220;]<\/p>\n<p><strong>N\u00e3o<\/strong>, n\u00e3o \u00e9 poss\u00edvel, o receptor recebe ordens de um \u00fanico comando.<\/p>\n<p>&nbsp;<\/p>\n<p>[wyde_heading style=&#8221;5&#8243; title_tag=&#8221;h4&#8243; title=&#8221;N\u00e3o consigo que a minha l\u00e2mpada do ventilador se acenda a partir do interruptor de parede.&#8221; subheading=&#8221;05 &#8220;]<\/p>\n<p>A maioria dos nossos ventiladores tem uma caracter\u00edstica de &#8220;<strong>Prefer\u00eancia de Comando<\/strong>&#8220;, o que significa que o comando que deu com o controlo remoto \u00e9 aquele de que o ventilador se lembra. Primeiro, verificar se o interruptor de parede est\u00e1 premido e permite a passagem de energia, depois acender a luz com o telecomando. Poder\u00e1 ent\u00e3o controlar a luz do ventilador atrav\u00e9s do interruptor de parede.<\/p>\n<p>&nbsp;<\/p>\n<p>Se a luz ainda n\u00e3o acender, continuar a ler a sec\u00e7\u00e3o &#8220;Mau funcionamento&#8221;.[\/wyde_toggle][wyde_toggle title=&#8221;OPERA\u00c7\u00c3O AN\u00d3MALA&#8221;][wyde_heading style=&#8221;5&#8243; title_tag=&#8221;h4&#8243; title=&#8221;A minha luz de ventilador n\u00e3o funciona, o que tem de errado?&#8221; subheading=&#8221;01 &#8220;]<\/p>\n<ul>\n<li><strong>O ventilador funciona mas a luz n\u00e3o funciona<\/strong>: o problema est\u00e1 na placa LED, para se poder comprar um substituto \u00e9 necess\u00e1rio ir \u00e0 loja onde o comprou.<\/li>\n<li><strong>A luz funciona com o interruptor de parede mas n\u00e3o com o controlo remoto<\/strong>: \u00e9 importante que a bateria do controlo remoto tenha uma carga \u00f3ptima, caso contr\u00e1rio, pode ter ocorrido uma dessincroniza\u00e7\u00e3o entre o controlo remoto e o controlador. Para a re-sincronizar, \u00e9 necess\u00e1rio seguir as instru\u00e7\u00f5es de sincroniza\u00e7\u00e3o do seu manual de instru\u00e7\u00f5es.<\/li>\n<\/ul>\n<p>&nbsp;<\/p>\n<p>[wyde_heading style=&#8221;5&#8243; title_tag=&#8221;h4&#8243; title=&#8221;\u00c9 normal que o ventilador se mova?&#8221; subheading=&#8221;02 &#8220;]<\/p>\n<p><strong>N\u00e3o<\/strong>, n\u00e3o \u00e9 normal. O movimento \u00e9 normalmente causado por uma instala\u00e7\u00e3o deficiente. Recomendamos que verifique o aperto dos parafusos.[\/wyde_toggle][wyde_toggle title=&#8221;FUN\u00c7\u00d5ES E CARACTER\u00cdSTICAS&#8221;][wyde_heading style=&#8221;5&#8243; title_tag=&#8221;h4&#8243; title=&#8221;\u00bfC\u00f3mo puedo activar la funci\u00f3n antimosquitos?&#8221; subheading=&#8221;01 &#8220;]<\/p>\n<p>No es una funci\u00f3n como tal, es una caracter\u00edstica propia de los ventiladores de techo. La corriente de aire producido por el ventilador aparte de entorpecer el vuelo de los mosquitos, ayuda a mover el CO2 que expulsamos al respirar y el \u00e1cido l\u00e1ctico al transpirar. Evitando en cierto modo las picaduras de mosquito ya que no son capaces de encontrar al usuario para picarle.<\/p>\n<p>&nbsp;<\/p>\n<p>[wyde_heading style=&#8221;5&#8243; title_tag=&#8221;h4&#8243; title=&#8221;\u00bfQu\u00e9 es el modo invierno-verano?&#8221; subheading=&#8221;02 &#8220;]<\/p>\n<p>El modo <strong>verano<\/strong> permite que el ventilador gire en sentido contrario a las agujas de reloj, para que as\u00ed genere una brisa hacia abajo.<\/p>\n<p>El modo<strong> invierno<\/strong> sentido de giro ser\u00e1 contrario y el ventilador expulsar\u00e1 el aire hacia arriba, de este modo percibiremos el aire caliente.<\/p>\n<p>&nbsp;<\/p>\n<p>[wyde_heading style=&#8221;5&#8243; title_tag=&#8221;h4&#8243; title=&#8221;\u00bfC\u00f3mo cambio el modo invierno-verano?&#8221; subheading=&#8221;03 &#8220;]<\/p>\n<p>Dependiendo del modelo de ventilador, <a href=\"https:\/\/arteconfort.com\/ventilador-de-techo\/como-funciona-el-modo-invierno-de-un-ventilador-de-techo\/\" target=\"_blank\" rel=\"noopener noreferrer\">pincha aqu\u00ed para ver cada uno de ellos<\/a>.<\/p>\n<p>&nbsp;<\/p>\n<p>[wyde_heading style=&#8221;5&#8243; title_tag=&#8221;h4&#8243; title=&#8221;\u00bfPuedo programar mi ventilador de techo para que se apague solo?&#8221; subheading=&#8221;04 &#8220;]<\/p>\n<p>Depende del modelo, puede comprobar si el ventilador tiene dicha caracter\u00edstica o no, en la secci\u00f3n Productos &gt; Climatizaci\u00f3n &gt; Ventiladores de techo, eligiendo el modelo que desea, en el apartado \u201cMando\u201d &gt; \u201cTiempo programable\u201d. Si no encuentra esta opci\u00f3n, significa que el modelo no dispone de esta caracter\u00edstica.<\/p>\n<p>&nbsp;<\/p>\n<p>[wyde_heading style=&#8221;5&#8243; title_tag=&#8221;h4&#8243; title=&#8221;Qual \u00e9 o grau de protec\u00e7\u00e3o da PI?&#8221; subheading=&#8221;05 &#8220;]<\/p>\n<p>O grau de protec\u00e7\u00e3o IP indica o n\u00edvel de protec\u00e7\u00e3o do dispositivo contra agentes externos, quer sejam objectos s\u00f3lidos ou \u00e1gua. \u00c9 representado por dois d\u00edgitos, onde o primeiro d\u00edgito indica o grau de protec\u00e7\u00e3o contra objectos s\u00f3lidos e o segundo d\u00edgito indica a protec\u00e7\u00e3o contra a \u00e1gua. Quanto mais alto for cada d\u00edgito, maior \u00e9 a protec\u00e7\u00e3o contra cada elemento.[\/wyde_toggle][\/vc_column_inner][\/vc_row_inner][\/wyde_tab][wyde_tab icon_set=&#8221;bigmug_line&#8221; icon_bigmug_line=&#8221;bigmug-line-sun&#8221; title=&#8221;Iluminaci\u00f3n solar&#8221; tab_id=&#8221;1599133274904-2-0&#8243;][vc_empty_space][vc_row_inner][vc_column_inner][wyde_toggle title=&#8221;CARACTER\u00cdSTICAS&#8221;][wyde_heading style=&#8221;5&#8243; title_tag=&#8221;h4&#8243; title=&#8221;Qual \u00e9 a diferen\u00e7a entre os pain\u00e9is monocristalinos e policristalinos?&#8221; subheading=&#8221;01 &#8220;]<\/p>\n<p>A principal diferen\u00e7a entre um painel monocristalino e um policristalino \u00e9 a efici\u00eancia na convers\u00e3o da luz solar em electricidade. Um painel solar monocristalino \u00e9 mais eficiente do que um painel policristalino, mas esta diferen\u00e7a reflecte-se tamb\u00e9m no custo de fabrico, sendo o painel monocristalino mais caro.<\/p>\n<p>Fisicamente, s\u00e3o f\u00e1ceis de distinguir: os pain\u00e9is monocristalinos t\u00eam cantos biselados e uma cor escura, quase preta. Os pain\u00e9is policristalinos t\u00eam cantos em \u00e2ngulo recto e s\u00e3o de cor mais azul.<\/p>\n<p>&nbsp;<\/p>\n<p>[wyde_heading style=&#8221;5&#8243; title_tag=&#8221;h4&#8243; title=&#8221;Que tipo de bateria utilizam as nossas l\u00e2mpadas solares?&#8221; subheading=&#8221;02 &#8220;]<\/p>\n<p>Equipamos as nossas lumin\u00e1rias solares com baterias de alta capacidade que garantem a mais alta fiabilidade e seguran\u00e7a na utiliza\u00e7\u00e3o. Entre elas pode encontrar baterias Ni-MH, Lithium-ion ou Lithium-Iron.<\/p>\n<p>&nbsp;<\/p>\n<p>[wyde_heading style=&#8221;5&#8243; title_tag=&#8221;h4&#8243; title=&#8221;Qual \u00e9 o grau de protec\u00e7\u00e3o da PI?&#8221; subheading=&#8221;03 &#8220;]<\/p>\n<p>O grau de protec\u00e7\u00e3o IP indica o n\u00edvel de protec\u00e7\u00e3o do dispositivo contra agentes externos, quer sejam objectos s\u00f3lidos ou \u00e1gua. \u00c9 representado por dois d\u00edgitos, onde o primeiro d\u00edgito indica o grau de protec\u00e7\u00e3o contra objectos s\u00f3lidos e o segundo d\u00edgito indica a protec\u00e7\u00e3o contra a \u00e1gua. Quanto mais alto for cada d\u00edgito, maior \u00e9 a protec\u00e7\u00e3o contra cada elemento.[\/wyde_toggle][wyde_toggle title=&#8221;MODOS DE IGNITION&#8221;][wyde_heading style=&#8221;5&#8243; title_tag=&#8221;h4&#8243; title=&#8221;Como posso mudar o modo de comuta\u00e7\u00e3o da minha l\u00e2mpada solar?&#8221; subheading=&#8221;01 &#8220;]<\/p>\n<p>Pode alterar o modo de alimenta\u00e7\u00e3o pressionando o bot\u00e3o &#8220;ON\/OFF&#8221;. Se tiver mais do que um bot\u00e3o, prima o bot\u00e3o &#8220;MODE&#8221;.[\/wyde_toggle][\/vc_column_inner][\/vc_row_inner][\/wyde_tab][\/wyde_tabs][\/vc_column][\/vc_row][vc_row row_style=&#8221;full-width&#8221; padding_size=&#8221;no-padding&#8221;][vc_column padding_size=&#8221;no-padding&#8221;][vc_single_image alignment=&#8221;right&#8221; image=&#8221;8264&#8243;][\/vc_column][\/vc_row]<\/p>\n<\/div>","protected":false},"excerpt":{"rendered":"<p>[vc_row padding_size=&#8221;no-padding&#8221;][vc_column][vc_empty_space height=&#8221;60px&#8221;][wyde_tabs][wyde_tab icon_set=&#8221;simple_line&#8221; icon_simple_line=&#8221;sl-info&#8221; title=&#8221;Informa\u00e7\u00e3o geral&#8221; tab_id=&#8221;1599131858190-6&#8243;][vc_empty_space][vc_row_inner][vc_column_inner][wyde_toggle title=&#8221;SERVI\u00c7O AO CLIENTE&#8221;][wyde_heading style=&#8221;5&#8243; title_tag=&#8221;h4&#8243; title=&#8221;Como posso contact\u00e1-lo?&#8221; subheading=&#8221;01 &#8220;] Procuramos melhorar a qualidade de vida e o conforto das pessoas nas suas casas e valorizamos a sua satisfa\u00e7\u00e3o. Por este motivo, temos dois canais de comunica\u00e7\u00e3o directa atrav\u00e9s dos quais pode contactar-nos: &nbsp; E-mail: utilizando o [&hellip;]<\/p>\n","protected":false},"author":1,"featured_media":0,"parent":0,"menu_order":0,"comment_status":"closed","ping_status":"closed","template":"","meta":{"footnotes":""},"class_list":["post-11936","page","type-page","status-publish","hentry"],"yoast_head":"<!-- This site is optimized with the Yoast SEO plugin v26.5 - https:\/\/yoast.com\/wordpress\/plugins\/seo\/ -->\n<title>Perguntas mais freq\u00fcentes - Arteconfort<\/title>\n<meta name=\"description\" content=\"Procuramos melhorar a qualidade de vida e o conforto das pessoas nas suas casas e valorizamos a sua satisfa\u00e7\u00e3o. Por este motivo, temos dois canais de\" \/>\n<meta name=\"robots\" content=\"index, follow, max-snippet:-1, max-image-preview:large, max-video-preview:-1\" \/>\n<link rel=\"canonical\" href=\"https:\/\/arteconfort.com\/pt-pt\/preguntas-frecuentes\/\" \/>\n<meta property=\"og:locale\" content=\"pt_PT\" \/>\n<meta property=\"og:type\" content=\"article\" \/>\n<meta property=\"og:title\" content=\"Perguntas mais freq\u00fcentes - Arteconfort\" \/>\n<meta property=\"og:description\" content=\"Procuramos melhorar a qualidade de vida e o conforto das pessoas nas suas casas e valorizamos a sua satisfa\u00e7\u00e3o. Por este motivo, temos dois canais de\" \/>\n<meta property=\"og:url\" content=\"https:\/\/arteconfort.com\/pt-pt\/preguntas-frecuentes\/\" \/>\n<meta property=\"og:site_name\" content=\"Arteconfort\" \/>\n<meta property=\"article:modified_time\" content=\"2021-08-02T07:36:53+00:00\" \/>\n<meta name=\"twitter:card\" content=\"summary_large_image\" \/>\n<meta name=\"twitter:label1\" content=\"Tempo estimado de leitura\" \/>\n\t<meta name=\"twitter:data1\" content=\"11 minutos\" \/>\n<!-- \/ Yoast SEO plugin. -->","yoast_head_json":{"title":"Perguntas mais freq\u00fcentes - Arteconfort","description":"Procuramos melhorar a qualidade de vida e o conforto das pessoas nas suas casas e valorizamos a sua satisfa\u00e7\u00e3o. Por este motivo, temos dois canais de","robots":{"index":"index","follow":"follow","max-snippet":"max-snippet:-1","max-image-preview":"max-image-preview:large","max-video-preview":"max-video-preview:-1"},"canonical":"https:\/\/arteconfort.com\/pt-pt\/preguntas-frecuentes\/","og_locale":"pt_PT","og_type":"article","og_title":"Perguntas mais freq\u00fcentes - Arteconfort","og_description":"Procuramos melhorar a qualidade de vida e o conforto das pessoas nas suas casas e valorizamos a sua satisfa\u00e7\u00e3o. Por este motivo, temos dois canais de","og_url":"https:\/\/arteconfort.com\/pt-pt\/preguntas-frecuentes\/","og_site_name":"Arteconfort","article_modified_time":"2021-08-02T07:36:53+00:00","twitter_card":"summary_large_image","twitter_misc":{"Tempo estimado de leitura":"11 minutos"},"schema":{"@context":"https:\/\/schema.org","@graph":[{"@type":"WebPage","@id":"https:\/\/arteconfort.com\/pt-pt\/preguntas-frecuentes\/","url":"https:\/\/arteconfort.com\/pt-pt\/preguntas-frecuentes\/","name":"Perguntas mais freq\u00fcentes - Arteconfort","isPartOf":{"@id":"https:\/\/arteconfort.com\/pt-pt\/#website"},"datePublished":"2020-09-08T09:43:25+00:00","dateModified":"2021-08-02T07:36:53+00:00","description":"Procuramos melhorar a qualidade de vida e o conforto das pessoas nas suas casas e valorizamos a sua satisfa\u00e7\u00e3o. Por este motivo, temos dois canais de","breadcrumb":{"@id":"https:\/\/arteconfort.com\/pt-pt\/preguntas-frecuentes\/#breadcrumb"},"inLanguage":"pt-PT","potentialAction":[{"@type":"ReadAction","target":["https:\/\/arteconfort.com\/pt-pt\/preguntas-frecuentes\/"]}]},{"@type":"BreadcrumbList","@id":"https:\/\/arteconfort.com\/pt-pt\/preguntas-frecuentes\/#breadcrumb","itemListElement":[{"@type":"ListItem","position":1,"name":"Inicio","item":"https:\/\/arteconfort.com\/pt-pt\/"},{"@type":"ListItem","position":2,"name":"Perguntas mais freq\u00fcentes"}]},{"@type":"WebSite","@id":"https:\/\/arteconfort.com\/pt-pt\/#website","url":"https:\/\/arteconfort.com\/pt-pt\/","name":"Arteconfort","description":"Especialistas en productos del hogar","publisher":{"@id":"https:\/\/arteconfort.com\/pt-pt\/#organization"},"potentialAction":[{"@type":"SearchAction","target":{"@type":"EntryPoint","urlTemplate":"https:\/\/arteconfort.com\/pt-pt\/?s={search_term_string}"},"query-input":{"@type":"PropertyValueSpecification","valueRequired":true,"valueName":"search_term_string"}}],"inLanguage":"pt-PT"},{"@type":"Organization","@id":"https:\/\/arteconfort.com\/pt-pt\/#organization","name":"Arteconfort","url":"https:\/\/arteconfort.com\/pt-pt\/","logo":{"@type":"ImageObject","inLanguage":"pt-PT","@id":"https:\/\/arteconfort.com\/pt-pt\/#\/schema\/logo\/image\/","url":"https:\/\/arteconfort.com\/wp-content\/uploads\/2019\/07\/logo-arteconfort.png","contentUrl":"https:\/\/arteconfort.com\/wp-content\/uploads\/2019\/07\/logo-arteconfort.png","width":230,"height":88,"caption":"Arteconfort"},"image":{"@id":"https:\/\/arteconfort.com\/pt-pt\/#\/schema\/logo\/image\/"}}]}},"_links":{"self":[{"href":"https:\/\/arteconfort.com\/pt-pt\/wp-json\/wp\/v2\/pages\/11936","targetHints":{"allow":["GET"]}}],"collection":[{"href":"https:\/\/arteconfort.com\/pt-pt\/wp-json\/wp\/v2\/pages"}],"about":[{"href":"https:\/\/arteconfort.com\/pt-pt\/wp-json\/wp\/v2\/types\/page"}],"author":[{"embeddable":true,"href":"https:\/\/arteconfort.com\/pt-pt\/wp-json\/wp\/v2\/users\/1"}],"replies":[{"embeddable":true,"href":"https:\/\/arteconfort.com\/pt-pt\/wp-json\/wp\/v2\/comments?post=11936"}],"version-history":[{"count":0,"href":"https:\/\/arteconfort.com\/pt-pt\/wp-json\/wp\/v2\/pages\/11936\/revisions"}],"wp:attachment":[{"href":"https:\/\/arteconfort.com\/pt-pt\/wp-json\/wp\/v2\/media?parent=11936"}],"curies":[{"name":"wp","href":"https:\/\/api.w.org\/{rel}","templated":true}]}}