{"id":16927,"date":"2022-03-01T09:50:42","date_gmt":"2022-03-01T08:50:42","guid":{"rendered":"https:\/\/arteconfort.com\/novos-produtos\/"},"modified":"2023-04-19T09:18:46","modified_gmt":"2023-04-19T07:18:46","slug":"novos-produtos","status":"publish","type":"page","link":"https:\/\/arteconfort.com\/pt-pt\/novos-produtos\/","title":{"rendered":"Novos produtos"},"content":{"rendered":"<div class=\"wpb-content-wrapper\"><p>[vc_row][vc_column][vc_empty_space height=&#8221;60px&#8221;][\/vc_column][\/vc_row][vc_row][vc_column][vc_column_text]<div class=\"woocommerce columns-4 \"><ul class=\"products w-grid-space clear columns-4\">\r\n<li class=\"product type-product post-43922 status-publish first instock product_cat-novedades-pt-pt product_cat-solar-pt-pt product_cat-iluminacion-solar-de-suelo-pt-pt has-post-thumbnail shipping-taxable product-type-simple w-item col-3\">\n\t<figure><div class=\"image-wrapper\">\t\t<a href=\"https:\/\/arteconfort.com\/pt-pt\/producto\/alnita\/\" class=\"w-fadeslider\">\n\t<img loading=\"lazy\" decoding=\"async\" width=\"1024\" height=\"1024\" src=\"https:\/\/arteconfort.com\/wp-content\/uploads\/2025\/03\/ALNITA-ambiente.webp\" class=\"attachment-shop_catalog size-shop_catalog wp-post-image\" alt=\"\" srcset=\"https:\/\/arteconfort.com\/wp-content\/uploads\/2025\/03\/ALNITA-ambiente.webp 1024w, https:\/\/arteconfort.com\/wp-content\/uploads\/2025\/03\/ALNITA-ambiente-768x768.webp 768w, https:\/\/arteconfort.com\/wp-content\/uploads\/2025\/03\/ALNITA-ambiente-340x340.webp 340w, https:\/\/arteconfort.com\/wp-content\/uploads\/2025\/03\/ALNITA-ambiente-640x640.webp 640w, https:\/\/arteconfort.com\/wp-content\/uploads\/2025\/03\/ALNITA-ambiente-960x960.webp 960w, https:\/\/arteconfort.com\/wp-content\/uploads\/2025\/03\/ALNITA-ambiente-300x300.webp 300w, https:\/\/arteconfort.com\/wp-content\/uploads\/2025\/03\/ALNITA-ambiente-600x600.webp 600w, https:\/\/arteconfort.com\/wp-content\/uploads\/2025\/03\/ALNITA-ambiente-100x100.webp 100w\" sizes=\"auto, (max-width: 1024px) 100vw, 1024px\" \/>\t<img loading=\"lazy\" decoding=\"async\" width=\"1024\" height=\"1024\" src=\"https:\/\/arteconfort.com\/wp-content\/uploads\/2025\/02\/ALNITA-1.webp\" class=\"attachment-shop_catalog size-shop_catalog\" alt=\"\" srcset=\"https:\/\/arteconfort.com\/wp-content\/uploads\/2025\/02\/ALNITA-1.webp 1024w, https:\/\/arteconfort.com\/wp-content\/uploads\/2025\/02\/ALNITA-1-768x768.webp 768w, https:\/\/arteconfort.com\/wp-content\/uploads\/2025\/02\/ALNITA-1-340x340.webp 340w, https:\/\/arteconfort.com\/wp-content\/uploads\/2025\/02\/ALNITA-1-640x640.webp 640w, https:\/\/arteconfort.com\/wp-content\/uploads\/2025\/02\/ALNITA-1-960x960.webp 960w, https:\/\/arteconfort.com\/wp-content\/uploads\/2025\/02\/ALNITA-1-300x300.webp 300w, https:\/\/arteconfort.com\/wp-content\/uploads\/2025\/02\/ALNITA-1-600x600.webp 600w, https:\/\/arteconfort.com\/wp-content\/uploads\/2025\/02\/ALNITA-1-100x100.webp 100w, https:\/\/arteconfort.com\/wp-content\/uploads\/2025\/02\/ALNITA-1-133x133.webp 133w\" sizes=\"auto, (max-width: 1024px) 100vw, 1024px\" \/><img loading=\"lazy\" decoding=\"async\" width=\"1024\" height=\"1024\" src=\"https:\/\/arteconfort.com\/wp-content\/uploads\/2025\/02\/ALNITA-detalle-lampara.webp\" class=\"attachment-shop_catalog size-shop_catalog\" alt=\"\" srcset=\"https:\/\/arteconfort.com\/wp-content\/uploads\/2025\/02\/ALNITA-detalle-lampara.webp 1024w, https:\/\/arteconfort.com\/wp-content\/uploads\/2025\/02\/ALNITA-detalle-lampara-768x768.webp 768w, https:\/\/arteconfort.com\/wp-content\/uploads\/2025\/02\/ALNITA-detalle-lampara-340x340.webp 340w, https:\/\/arteconfort.com\/wp-content\/uploads\/2025\/02\/ALNITA-detalle-lampara-640x640.webp 640w, https:\/\/arteconfort.com\/wp-content\/uploads\/2025\/02\/ALNITA-detalle-lampara-960x960.webp 960w, https:\/\/arteconfort.com\/wp-content\/uploads\/2025\/02\/ALNITA-detalle-lampara-133x133.webp 133w, https:\/\/arteconfort.com\/wp-content\/uploads\/2025\/02\/ALNITA-detalle-lampara-300x300.webp 300w, https:\/\/arteconfort.com\/wp-content\/uploads\/2025\/02\/ALNITA-detalle-lampara-600x600.webp 600w, https:\/\/arteconfort.com\/wp-content\/uploads\/2025\/02\/ALNITA-detalle-lampara-100x100.webp 100w\" sizes=\"auto, (max-width: 1024px) 100vw, 1024px\" \/><img loading=\"lazy\" decoding=\"async\" width=\"1024\" height=\"1024\" src=\"https:\/\/arteconfort.com\/wp-content\/uploads\/2025\/02\/ALNITA-panel.webp\" class=\"attachment-shop_catalog size-shop_catalog\" alt=\"\" srcset=\"https:\/\/arteconfort.com\/wp-content\/uploads\/2025\/02\/ALNITA-panel.webp 1024w, https:\/\/arteconfort.com\/wp-content\/uploads\/2025\/02\/ALNITA-panel-768x768.webp 768w, https:\/\/arteconfort.com\/wp-content\/uploads\/2025\/02\/ALNITA-panel-340x340.webp 340w, https:\/\/arteconfort.com\/wp-content\/uploads\/2025\/02\/ALNITA-panel-640x640.webp 640w, https:\/\/arteconfort.com\/wp-content\/uploads\/2025\/02\/ALNITA-panel-960x960.webp 960w, https:\/\/arteconfort.com\/wp-content\/uploads\/2025\/02\/ALNITA-panel-133x133.webp 133w, https:\/\/arteconfort.com\/wp-content\/uploads\/2025\/02\/ALNITA-panel-300x300.webp 300w, https:\/\/arteconfort.com\/wp-content\/uploads\/2025\/02\/ALNITA-panel-600x600.webp 600w, https:\/\/arteconfort.com\/wp-content\/uploads\/2025\/02\/ALNITA-panel-100x100.webp 100w\" sizes=\"auto, (max-width: 1024px) 100vw, 1024px\" \/><img loading=\"lazy\" decoding=\"async\" width=\"1024\" height=\"1024\" src=\"https:\/\/arteconfort.com\/wp-content\/uploads\/2025\/02\/ALNITA-panel-trasero-botones.webp\" class=\"attachment-shop_catalog size-shop_catalog\" alt=\"\" srcset=\"https:\/\/arteconfort.com\/wp-content\/uploads\/2025\/02\/ALNITA-panel-trasero-botones.webp 1024w, https:\/\/arteconfort.com\/wp-content\/uploads\/2025\/02\/ALNITA-panel-trasero-botones-768x768.webp 768w, https:\/\/arteconfort.com\/wp-content\/uploads\/2025\/02\/ALNITA-panel-trasero-botones-340x340.webp 340w, https:\/\/arteconfort.com\/wp-content\/uploads\/2025\/02\/ALNITA-panel-trasero-botones-640x640.webp 640w, https:\/\/arteconfort.com\/wp-content\/uploads\/2025\/02\/ALNITA-panel-trasero-botones-960x960.webp 960w, https:\/\/arteconfort.com\/wp-content\/uploads\/2025\/02\/ALNITA-panel-trasero-botones-133x133.webp 133w, https:\/\/arteconfort.com\/wp-content\/uploads\/2025\/02\/ALNITA-panel-trasero-botones-300x300.webp 300w, https:\/\/arteconfort.com\/wp-content\/uploads\/2025\/02\/ALNITA-panel-trasero-botones-600x600.webp 600w, https:\/\/arteconfort.com\/wp-content\/uploads\/2025\/02\/ALNITA-panel-trasero-botones-100x100.webp 100w\" sizes=\"auto, (max-width: 1024px) 100vw, 1024px\" \/>\t<\/a>\n\t<div class=\"w-product-status\"><\/div>\t<span id=\"woocommerce_loop_add_to_cart_link_describedby_43922\" class=\"screen-reader-text\">\n\t\t\t<\/span>\n<\/div><div class=\"berocket_better_labels berocket_better_labels_image\"><div class=\"berocket_better_labels_position berocket_better_labels_position_left\"><div class=\"berocket_better_labels_line berocket_better_labels_line_1\"><div class=\"berocket_better_labels_inline berocket_better_labels_inline_1\"><div class=\"br_alabel br_alabel_type_text br_alabel_template_type_css berocket_alabel_id_21233  br_alabel_better_compatibility\" style=\"\"><span  style=\"\"><i style=\"background-color: #61b4e4; border-color: #61b4e4;\" class=\"template-span-before \"><\/i><i style=\"background-color: #61b4e4; border-color: #61b4e4;\" class=\"template-i \"><\/i><i style=\"background-color: #61b4e4; border-color: #61b4e4;\" class=\"template-i-before \"><\/i><i style=\"background-color: #61b4e4; border-color: #61b4e4;\" class=\"template-i-after \"><\/i><b style=\"position: relative;z-index: 100;text-align: center;color: inherit;\">Novo<\/b><\/span><\/div><\/div><\/div><\/div><\/div><figcaption><h2 class=\"woocommerce-loop-product__title\">ALNITA<\/h2><div class=\"woocommerce-product-details__short-description\">\n\t<p>A grinalda solar ALNITA proporciona uma ilumina\u00e7\u00e3o ambiente em tons quentes. \u00c9 muito f\u00e1cil de instalar gra\u00e7as ao<\/div>\n\n<\/figcaption><\/figure><\/li>\n<li class=\"product type-product post-43931 status-publish instock product_cat-novedades-pt-pt product_cat-solar-pt-pt product_cat-iluminacion-solar-de-suelo-pt-pt has-post-thumbnail shipping-taxable product-type-simple w-item col-3\">\n\t<figure><div class=\"image-wrapper\">\t\t<a href=\"https:\/\/arteconfort.com\/pt-pt\/producto\/astris\/\" class=\"w-fadeslider\">\n\t<img loading=\"lazy\" decoding=\"async\" width=\"1024\" height=\"1024\" src=\"https:\/\/arteconfort.com\/wp-content\/uploads\/2025\/02\/ASTRIS-ambiente.webp\" class=\"attachment-shop_catalog size-shop_catalog wp-post-image\" alt=\"\" srcset=\"https:\/\/arteconfort.com\/wp-content\/uploads\/2025\/02\/ASTRIS-ambiente.webp 1024w, https:\/\/arteconfort.com\/wp-content\/uploads\/2025\/02\/ASTRIS-ambiente-768x768.webp 768w, https:\/\/arteconfort.com\/wp-content\/uploads\/2025\/02\/ASTRIS-ambiente-340x340.webp 340w, https:\/\/arteconfort.com\/wp-content\/uploads\/2025\/02\/ASTRIS-ambiente-640x640.webp 640w, https:\/\/arteconfort.com\/wp-content\/uploads\/2025\/02\/ASTRIS-ambiente-960x960.webp 960w, https:\/\/arteconfort.com\/wp-content\/uploads\/2025\/02\/ASTRIS-ambiente-133x133.webp 133w, https:\/\/arteconfort.com\/wp-content\/uploads\/2025\/02\/ASTRIS-ambiente-300x300.webp 300w, https:\/\/arteconfort.com\/wp-content\/uploads\/2025\/02\/ASTRIS-ambiente-600x600.webp 600w, https:\/\/arteconfort.com\/wp-content\/uploads\/2025\/02\/ASTRIS-ambiente-100x100.webp 100w\" sizes=\"auto, (max-width: 1024px) 100vw, 1024px\" \/>\t<img loading=\"lazy\" decoding=\"async\" width=\"1024\" height=\"1024\" src=\"https:\/\/arteconfort.com\/wp-content\/uploads\/2025\/02\/ASTRIS.webp\" class=\"attachment-shop_catalog size-shop_catalog\" alt=\"\" srcset=\"https:\/\/arteconfort.com\/wp-content\/uploads\/2025\/02\/ASTRIS.webp 1024w, https:\/\/arteconfort.com\/wp-content\/uploads\/2025\/02\/ASTRIS-768x768.webp 768w, https:\/\/arteconfort.com\/wp-content\/uploads\/2025\/02\/ASTRIS-340x340.webp 340w, https:\/\/arteconfort.com\/wp-content\/uploads\/2025\/02\/ASTRIS-640x640.webp 640w, https:\/\/arteconfort.com\/wp-content\/uploads\/2025\/02\/ASTRIS-960x960.webp 960w, https:\/\/arteconfort.com\/wp-content\/uploads\/2025\/02\/ASTRIS-300x300.webp 300w, https:\/\/arteconfort.com\/wp-content\/uploads\/2025\/02\/ASTRIS-600x600.webp 600w, https:\/\/arteconfort.com\/wp-content\/uploads\/2025\/02\/ASTRIS-100x100.webp 100w, https:\/\/arteconfort.com\/wp-content\/uploads\/2025\/02\/ASTRIS-133x133.webp 133w\" sizes=\"auto, (max-width: 1024px) 100vw, 1024px\" \/><img loading=\"lazy\" decoding=\"async\" width=\"1024\" height=\"1024\" src=\"https:\/\/arteconfort.com\/wp-content\/uploads\/2025\/02\/ASTRIS-detalle-lampara-estrella.webp\" class=\"attachment-shop_catalog size-shop_catalog\" alt=\"\" srcset=\"https:\/\/arteconfort.com\/wp-content\/uploads\/2025\/02\/ASTRIS-detalle-lampara-estrella.webp 1024w, https:\/\/arteconfort.com\/wp-content\/uploads\/2025\/02\/ASTRIS-detalle-lampara-estrella-768x768.webp 768w, https:\/\/arteconfort.com\/wp-content\/uploads\/2025\/02\/ASTRIS-detalle-lampara-estrella-340x340.webp 340w, https:\/\/arteconfort.com\/wp-content\/uploads\/2025\/02\/ASTRIS-detalle-lampara-estrella-640x640.webp 640w, https:\/\/arteconfort.com\/wp-content\/uploads\/2025\/02\/ASTRIS-detalle-lampara-estrella-960x960.webp 960w, https:\/\/arteconfort.com\/wp-content\/uploads\/2025\/02\/ASTRIS-detalle-lampara-estrella-133x133.webp 133w, https:\/\/arteconfort.com\/wp-content\/uploads\/2025\/02\/ASTRIS-detalle-lampara-estrella-300x300.webp 300w, https:\/\/arteconfort.com\/wp-content\/uploads\/2025\/02\/ASTRIS-detalle-lampara-estrella-600x600.webp 600w, https:\/\/arteconfort.com\/wp-content\/uploads\/2025\/02\/ASTRIS-detalle-lampara-estrella-100x100.webp 100w\" sizes=\"auto, (max-width: 1024px) 100vw, 1024px\" \/><img loading=\"lazy\" decoding=\"async\" width=\"1024\" height=\"1024\" src=\"https:\/\/arteconfort.com\/wp-content\/uploads\/2025\/02\/ASTRIS-panel.webp\" class=\"attachment-shop_catalog size-shop_catalog\" alt=\"\" srcset=\"https:\/\/arteconfort.com\/wp-content\/uploads\/2025\/02\/ASTRIS-panel.webp 1024w, https:\/\/arteconfort.com\/wp-content\/uploads\/2025\/02\/ASTRIS-panel-768x768.webp 768w, https:\/\/arteconfort.com\/wp-content\/uploads\/2025\/02\/ASTRIS-panel-340x340.webp 340w, https:\/\/arteconfort.com\/wp-content\/uploads\/2025\/02\/ASTRIS-panel-640x640.webp 640w, https:\/\/arteconfort.com\/wp-content\/uploads\/2025\/02\/ASTRIS-panel-960x960.webp 960w, https:\/\/arteconfort.com\/wp-content\/uploads\/2025\/02\/ASTRIS-panel-133x133.webp 133w, https:\/\/arteconfort.com\/wp-content\/uploads\/2025\/02\/ASTRIS-panel-300x300.webp 300w, https:\/\/arteconfort.com\/wp-content\/uploads\/2025\/02\/ASTRIS-panel-600x600.webp 600w, https:\/\/arteconfort.com\/wp-content\/uploads\/2025\/02\/ASTRIS-panel-100x100.webp 100w\" sizes=\"auto, (max-width: 1024px) 100vw, 1024px\" \/><img loading=\"lazy\" decoding=\"async\" width=\"1024\" height=\"1024\" src=\"https:\/\/arteconfort.com\/wp-content\/uploads\/2025\/02\/ASTRIS-panel-trasero-botones.webp\" class=\"attachment-shop_catalog size-shop_catalog\" alt=\"\" srcset=\"https:\/\/arteconfort.com\/wp-content\/uploads\/2025\/02\/ASTRIS-panel-trasero-botones.webp 1024w, https:\/\/arteconfort.com\/wp-content\/uploads\/2025\/02\/ASTRIS-panel-trasero-botones-768x768.webp 768w, https:\/\/arteconfort.com\/wp-content\/uploads\/2025\/02\/ASTRIS-panel-trasero-botones-340x340.webp 340w, https:\/\/arteconfort.com\/wp-content\/uploads\/2025\/02\/ASTRIS-panel-trasero-botones-640x640.webp 640w, https:\/\/arteconfort.com\/wp-content\/uploads\/2025\/02\/ASTRIS-panel-trasero-botones-960x960.webp 960w, https:\/\/arteconfort.com\/wp-content\/uploads\/2025\/02\/ASTRIS-panel-trasero-botones-133x133.webp 133w, https:\/\/arteconfort.com\/wp-content\/uploads\/2025\/02\/ASTRIS-panel-trasero-botones-300x300.webp 300w, https:\/\/arteconfort.com\/wp-content\/uploads\/2025\/02\/ASTRIS-panel-trasero-botones-600x600.webp 600w, https:\/\/arteconfort.com\/wp-content\/uploads\/2025\/02\/ASTRIS-panel-trasero-botones-100x100.webp 100w\" sizes=\"auto, (max-width: 1024px) 100vw, 1024px\" \/>\t<\/a>\n\t<div class=\"w-product-status\"><\/div>\t<span id=\"woocommerce_loop_add_to_cart_link_describedby_43931\" class=\"screen-reader-text\">\n\t\t\t<\/span>\n<\/div><div class=\"berocket_better_labels berocket_better_labels_image\"><div class=\"berocket_better_labels_position berocket_better_labels_position_left\"><div class=\"berocket_better_labels_line berocket_better_labels_line_1\"><div class=\"berocket_better_labels_inline berocket_better_labels_inline_1\"><div class=\"br_alabel br_alabel_type_text br_alabel_template_type_css berocket_alabel_id_21233  br_alabel_better_compatibility\" style=\"\"><span  style=\"\"><i style=\"background-color: #61b4e4; border-color: #61b4e4;\" class=\"template-span-before \"><\/i><i style=\"background-color: #61b4e4; border-color: #61b4e4;\" class=\"template-i \"><\/i><i style=\"background-color: #61b4e4; border-color: #61b4e4;\" class=\"template-i-before \"><\/i><i style=\"background-color: #61b4e4; border-color: #61b4e4;\" class=\"template-i-after \"><\/i><b style=\"position: relative;z-index: 100;text-align: center;color: inherit;\">Novo<\/b><\/span><\/div><\/div><\/div><\/div><\/div><figcaption><h2 class=\"woocommerce-loop-product__title\">ASTRIS<\/h2><div class=\"woocommerce-product-details__short-description\">\n\t<p>A grinalda solar ASTRIS proporciona uma ilumina\u00e7\u00e3o ambiente em tons quentes. \u00c9 muito f\u00e1cil de instalar gra\u00e7as ao<\/div>\n\n<\/figcaption><\/figure><\/li>\n<li class=\"product type-product post-43975 status-publish instock product_cat-novedades-pt-pt product_cat-iluminacion-solar-de-pared-pt-pt product_cat-solar-pt-pt has-post-thumbnail shipping-taxable product-type-simple w-item col-3\">\n\t<figure><div class=\"image-wrapper\">\t\t<a href=\"https:\/\/arteconfort.com\/pt-pt\/producto\/glimia\/\" class=\"w-fadeslider\">\n\t<img loading=\"lazy\" decoding=\"async\" width=\"1024\" height=\"1024\" src=\"https:\/\/arteconfort.com\/wp-content\/uploads\/2025\/03\/ambiente-guirnalda-GLIMIA.webp\" class=\"attachment-shop_catalog size-shop_catalog wp-post-image\" alt=\"\" srcset=\"https:\/\/arteconfort.com\/wp-content\/uploads\/2025\/03\/ambiente-guirnalda-GLIMIA.webp 1024w, https:\/\/arteconfort.com\/wp-content\/uploads\/2025\/03\/ambiente-guirnalda-GLIMIA-768x768.webp 768w, https:\/\/arteconfort.com\/wp-content\/uploads\/2025\/03\/ambiente-guirnalda-GLIMIA-340x340.webp 340w, https:\/\/arteconfort.com\/wp-content\/uploads\/2025\/03\/ambiente-guirnalda-GLIMIA-640x640.webp 640w, https:\/\/arteconfort.com\/wp-content\/uploads\/2025\/03\/ambiente-guirnalda-GLIMIA-960x960.webp 960w, https:\/\/arteconfort.com\/wp-content\/uploads\/2025\/03\/ambiente-guirnalda-GLIMIA-300x300.webp 300w, https:\/\/arteconfort.com\/wp-content\/uploads\/2025\/03\/ambiente-guirnalda-GLIMIA-600x600.webp 600w, https:\/\/arteconfort.com\/wp-content\/uploads\/2025\/03\/ambiente-guirnalda-GLIMIA-100x100.webp 100w\" sizes=\"auto, (max-width: 1024px) 100vw, 1024px\" \/>\t<img loading=\"lazy\" decoding=\"async\" width=\"1024\" height=\"1024\" src=\"https:\/\/arteconfort.com\/wp-content\/uploads\/2025\/02\/GLIMIA.webp\" class=\"attachment-shop_catalog size-shop_catalog\" alt=\"\" srcset=\"https:\/\/arteconfort.com\/wp-content\/uploads\/2025\/02\/GLIMIA.webp 1024w, https:\/\/arteconfort.com\/wp-content\/uploads\/2025\/02\/GLIMIA-768x768.webp 768w, https:\/\/arteconfort.com\/wp-content\/uploads\/2025\/02\/GLIMIA-340x340.webp 340w, https:\/\/arteconfort.com\/wp-content\/uploads\/2025\/02\/GLIMIA-640x640.webp 640w, https:\/\/arteconfort.com\/wp-content\/uploads\/2025\/02\/GLIMIA-960x960.webp 960w, https:\/\/arteconfort.com\/wp-content\/uploads\/2025\/02\/GLIMIA-300x300.webp 300w, https:\/\/arteconfort.com\/wp-content\/uploads\/2025\/02\/GLIMIA-600x600.webp 600w, https:\/\/arteconfort.com\/wp-content\/uploads\/2025\/02\/GLIMIA-100x100.webp 100w, https:\/\/arteconfort.com\/wp-content\/uploads\/2025\/02\/GLIMIA-133x133.webp 133w\" sizes=\"auto, (max-width: 1024px) 100vw, 1024px\" \/><img loading=\"lazy\" decoding=\"async\" width=\"1024\" height=\"1024\" src=\"https:\/\/arteconfort.com\/wp-content\/uploads\/2025\/03\/GLIMIA-panel.webp\" class=\"attachment-shop_catalog size-shop_catalog\" alt=\"\" srcset=\"https:\/\/arteconfort.com\/wp-content\/uploads\/2025\/03\/GLIMIA-panel.webp 1024w, https:\/\/arteconfort.com\/wp-content\/uploads\/2025\/03\/GLIMIA-panel-768x768.webp 768w, https:\/\/arteconfort.com\/wp-content\/uploads\/2025\/03\/GLIMIA-panel-340x340.webp 340w, https:\/\/arteconfort.com\/wp-content\/uploads\/2025\/03\/GLIMIA-panel-640x640.webp 640w, https:\/\/arteconfort.com\/wp-content\/uploads\/2025\/03\/GLIMIA-panel-960x960.webp 960w, https:\/\/arteconfort.com\/wp-content\/uploads\/2025\/03\/GLIMIA-panel-300x300.webp 300w, https:\/\/arteconfort.com\/wp-content\/uploads\/2025\/03\/GLIMIA-panel-600x600.webp 600w, https:\/\/arteconfort.com\/wp-content\/uploads\/2025\/03\/GLIMIA-panel-100x100.webp 100w\" sizes=\"auto, (max-width: 1024px) 100vw, 1024px\" \/><img loading=\"lazy\" decoding=\"async\" width=\"1024\" height=\"1024\" src=\"https:\/\/arteconfort.com\/wp-content\/uploads\/2025\/03\/GLIMIA-panel-trasero.webp\" class=\"attachment-shop_catalog size-shop_catalog\" alt=\"\" srcset=\"https:\/\/arteconfort.com\/wp-content\/uploads\/2025\/03\/GLIMIA-panel-trasero.webp 1024w, https:\/\/arteconfort.com\/wp-content\/uploads\/2025\/03\/GLIMIA-panel-trasero-768x768.webp 768w, https:\/\/arteconfort.com\/wp-content\/uploads\/2025\/03\/GLIMIA-panel-trasero-340x340.webp 340w, https:\/\/arteconfort.com\/wp-content\/uploads\/2025\/03\/GLIMIA-panel-trasero-640x640.webp 640w, https:\/\/arteconfort.com\/wp-content\/uploads\/2025\/03\/GLIMIA-panel-trasero-960x960.webp 960w, https:\/\/arteconfort.com\/wp-content\/uploads\/2025\/03\/GLIMIA-panel-trasero-300x300.webp 300w, https:\/\/arteconfort.com\/wp-content\/uploads\/2025\/03\/GLIMIA-panel-trasero-600x600.webp 600w, https:\/\/arteconfort.com\/wp-content\/uploads\/2025\/03\/GLIMIA-panel-trasero-100x100.webp 100w\" sizes=\"auto, (max-width: 1024px) 100vw, 1024px\" \/><img loading=\"lazy\" decoding=\"async\" width=\"1024\" height=\"1024\" src=\"https:\/\/arteconfort.com\/wp-content\/uploads\/2025\/03\/GLIMIA-usb.webp\" class=\"attachment-shop_catalog size-shop_catalog\" alt=\"\" srcset=\"https:\/\/arteconfort.com\/wp-content\/uploads\/2025\/03\/GLIMIA-usb.webp 1024w, https:\/\/arteconfort.com\/wp-content\/uploads\/2025\/03\/GLIMIA-usb-768x768.webp 768w, https:\/\/arteconfort.com\/wp-content\/uploads\/2025\/03\/GLIMIA-usb-340x340.webp 340w, https:\/\/arteconfort.com\/wp-content\/uploads\/2025\/03\/GLIMIA-usb-640x640.webp 640w, https:\/\/arteconfort.com\/wp-content\/uploads\/2025\/03\/GLIMIA-usb-960x960.webp 960w, https:\/\/arteconfort.com\/wp-content\/uploads\/2025\/03\/GLIMIA-usb-300x300.webp 300w, https:\/\/arteconfort.com\/wp-content\/uploads\/2025\/03\/GLIMIA-usb-600x600.webp 600w, https:\/\/arteconfort.com\/wp-content\/uploads\/2025\/03\/GLIMIA-usb-100x100.webp 100w\" sizes=\"auto, (max-width: 1024px) 100vw, 1024px\" \/><img loading=\"lazy\" decoding=\"async\" width=\"2000\" height=\"2000\" src=\"https:\/\/arteconfort.com\/wp-content\/uploads\/2025\/02\/GLIMIA-grafico.webp\" class=\"attachment-shop_catalog size-shop_catalog\" alt=\"\" srcset=\"https:\/\/arteconfort.com\/wp-content\/uploads\/2025\/02\/GLIMIA-grafico.webp 2000w, https:\/\/arteconfort.com\/wp-content\/uploads\/2025\/02\/GLIMIA-grafico-768x768.webp 768w, https:\/\/arteconfort.com\/wp-content\/uploads\/2025\/02\/GLIMIA-grafico-1536x1536.webp 1536w, https:\/\/arteconfort.com\/wp-content\/uploads\/2025\/02\/GLIMIA-grafico-340x340.webp 340w, https:\/\/arteconfort.com\/wp-content\/uploads\/2025\/02\/GLIMIA-grafico-640x640.webp 640w, https:\/\/arteconfort.com\/wp-content\/uploads\/2025\/02\/GLIMIA-grafico-960x960.webp 960w, https:\/\/arteconfort.com\/wp-content\/uploads\/2025\/02\/GLIMIA-grafico-1280x1280.webp 1280w, https:\/\/arteconfort.com\/wp-content\/uploads\/2025\/02\/GLIMIA-grafico-133x133.webp 133w, https:\/\/arteconfort.com\/wp-content\/uploads\/2025\/02\/GLIMIA-grafico-300x300.webp 300w, https:\/\/arteconfort.com\/wp-content\/uploads\/2025\/02\/GLIMIA-grafico-600x600.webp 600w, https:\/\/arteconfort.com\/wp-content\/uploads\/2025\/02\/GLIMIA-grafico-100x100.webp 100w\" sizes=\"auto, (max-width: 2000px) 100vw, 2000px\" \/>\t<\/a>\n\t<div class=\"w-product-status\"><\/div>\t<span id=\"woocommerce_loop_add_to_cart_link_describedby_43975\" class=\"screen-reader-text\">\n\t\t\t<\/span>\n<\/div><div class=\"berocket_better_labels berocket_better_labels_image\"><div class=\"berocket_better_labels_position berocket_better_labels_position_left\"><div class=\"berocket_better_labels_line berocket_better_labels_line_1\"><div class=\"berocket_better_labels_inline berocket_better_labels_inline_1\"><div class=\"br_alabel br_alabel_type_text br_alabel_template_type_css berocket_alabel_id_21233  br_alabel_better_compatibility\" style=\"\"><span  style=\"\"><i style=\"background-color: #61b4e4; border-color: #61b4e4;\" class=\"template-span-before \"><\/i><i style=\"background-color: #61b4e4; border-color: #61b4e4;\" class=\"template-i \"><\/i><i style=\"background-color: #61b4e4; border-color: #61b4e4;\" class=\"template-i-before \"><\/i><i style=\"background-color: #61b4e4; border-color: #61b4e4;\" class=\"template-i-after \"><\/i><b style=\"position: relative;z-index: 100;text-align: center;color: inherit;\">Novo<\/b><\/span><\/div><\/div><\/div><\/div><\/div><figcaption><h2 class=\"woocommerce-loop-product__title\">GLIMIA<\/h2><div class=\"woocommerce-product-details__short-description\">\n\t<p>A grinalda solar GLIMIA proporciona uma ilumina\u00e7\u00e3o ambiente em tons quentes. \u00c9 muito f\u00e1cil de instalar gra\u00e7as ao<\/div>\n\n<\/figcaption><\/figure><\/li>\n<li class=\"product type-product post-44048 status-publish last instock product_cat-novedades-pt-pt product_cat-iluminacion-solar-de-pared-pt-pt product_cat-solar-pt-pt has-post-thumbnail shipping-taxable product-type-simple w-item col-3\">\n\t<figure><div class=\"image-wrapper\">\t\t<a href=\"https:\/\/arteconfort.com\/pt-pt\/producto\/saula\/\" class=\"w-fadeslider\">\n\t<img loading=\"lazy\" decoding=\"async\" width=\"1024\" height=\"1024\" src=\"https:\/\/arteconfort.com\/wp-content\/uploads\/2025\/03\/ambiente-SAULA-2.webp\" class=\"attachment-shop_catalog size-shop_catalog wp-post-image\" alt=\"\" srcset=\"https:\/\/arteconfort.com\/wp-content\/uploads\/2025\/03\/ambiente-SAULA-2.webp 1024w, https:\/\/arteconfort.com\/wp-content\/uploads\/2025\/03\/ambiente-SAULA-2-768x768.webp 768w, https:\/\/arteconfort.com\/wp-content\/uploads\/2025\/03\/ambiente-SAULA-2-340x340.webp 340w, https:\/\/arteconfort.com\/wp-content\/uploads\/2025\/03\/ambiente-SAULA-2-640x640.webp 640w, https:\/\/arteconfort.com\/wp-content\/uploads\/2025\/03\/ambiente-SAULA-2-960x960.webp 960w, https:\/\/arteconfort.com\/wp-content\/uploads\/2025\/03\/ambiente-SAULA-2-300x300.webp 300w, https:\/\/arteconfort.com\/wp-content\/uploads\/2025\/03\/ambiente-SAULA-2-600x600.webp 600w, https:\/\/arteconfort.com\/wp-content\/uploads\/2025\/03\/ambiente-SAULA-2-100x100.webp 100w\" sizes=\"auto, (max-width: 1024px) 100vw, 1024px\" \/>\t<img loading=\"lazy\" decoding=\"async\" width=\"1024\" height=\"1024\" src=\"https:\/\/arteconfort.com\/wp-content\/uploads\/2025\/02\/SAULA-1.webp\" class=\"attachment-shop_catalog size-shop_catalog\" alt=\"\" srcset=\"https:\/\/arteconfort.com\/wp-content\/uploads\/2025\/02\/SAULA-1.webp 1024w, https:\/\/arteconfort.com\/wp-content\/uploads\/2025\/02\/SAULA-1-768x768.webp 768w, https:\/\/arteconfort.com\/wp-content\/uploads\/2025\/02\/SAULA-1-340x340.webp 340w, https:\/\/arteconfort.com\/wp-content\/uploads\/2025\/02\/SAULA-1-640x640.webp 640w, https:\/\/arteconfort.com\/wp-content\/uploads\/2025\/02\/SAULA-1-960x960.webp 960w, https:\/\/arteconfort.com\/wp-content\/uploads\/2025\/02\/SAULA-1-300x300.webp 300w, https:\/\/arteconfort.com\/wp-content\/uploads\/2025\/02\/SAULA-1-600x600.webp 600w, https:\/\/arteconfort.com\/wp-content\/uploads\/2025\/02\/SAULA-1-100x100.webp 100w, https:\/\/arteconfort.com\/wp-content\/uploads\/2025\/02\/SAULA-1-133x133.webp 133w\" sizes=\"auto, (max-width: 1024px) 100vw, 1024px\" \/><img loading=\"lazy\" decoding=\"async\" width=\"1024\" height=\"1024\" src=\"https:\/\/arteconfort.com\/wp-content\/uploads\/2025\/02\/SAULA-detalle-lampara-bola.webp\" class=\"attachment-shop_catalog size-shop_catalog\" alt=\"\" srcset=\"https:\/\/arteconfort.com\/wp-content\/uploads\/2025\/02\/SAULA-detalle-lampara-bola.webp 1024w, https:\/\/arteconfort.com\/wp-content\/uploads\/2025\/02\/SAULA-detalle-lampara-bola-768x768.webp 768w, https:\/\/arteconfort.com\/wp-content\/uploads\/2025\/02\/SAULA-detalle-lampara-bola-340x340.webp 340w, https:\/\/arteconfort.com\/wp-content\/uploads\/2025\/02\/SAULA-detalle-lampara-bola-640x640.webp 640w, https:\/\/arteconfort.com\/wp-content\/uploads\/2025\/02\/SAULA-detalle-lampara-bola-960x960.webp 960w, https:\/\/arteconfort.com\/wp-content\/uploads\/2025\/02\/SAULA-detalle-lampara-bola-133x133.webp 133w, https:\/\/arteconfort.com\/wp-content\/uploads\/2025\/02\/SAULA-detalle-lampara-bola-300x300.webp 300w, https:\/\/arteconfort.com\/wp-content\/uploads\/2025\/02\/SAULA-detalle-lampara-bola-600x600.webp 600w, https:\/\/arteconfort.com\/wp-content\/uploads\/2025\/02\/SAULA-detalle-lampara-bola-100x100.webp 100w\" sizes=\"auto, (max-width: 1024px) 100vw, 1024px\" \/><img loading=\"lazy\" decoding=\"async\" width=\"1024\" height=\"1024\" src=\"https:\/\/arteconfort.com\/wp-content\/uploads\/2025\/02\/SAULA-panel.webp\" class=\"attachment-shop_catalog size-shop_catalog\" alt=\"\" srcset=\"https:\/\/arteconfort.com\/wp-content\/uploads\/2025\/02\/SAULA-panel.webp 1024w, https:\/\/arteconfort.com\/wp-content\/uploads\/2025\/02\/SAULA-panel-768x768.webp 768w, https:\/\/arteconfort.com\/wp-content\/uploads\/2025\/02\/SAULA-panel-340x340.webp 340w, https:\/\/arteconfort.com\/wp-content\/uploads\/2025\/02\/SAULA-panel-640x640.webp 640w, https:\/\/arteconfort.com\/wp-content\/uploads\/2025\/02\/SAULA-panel-960x960.webp 960w, https:\/\/arteconfort.com\/wp-content\/uploads\/2025\/02\/SAULA-panel-133x133.webp 133w, https:\/\/arteconfort.com\/wp-content\/uploads\/2025\/02\/SAULA-panel-300x300.webp 300w, https:\/\/arteconfort.com\/wp-content\/uploads\/2025\/02\/SAULA-panel-600x600.webp 600w, https:\/\/arteconfort.com\/wp-content\/uploads\/2025\/02\/SAULA-panel-100x100.webp 100w\" sizes=\"auto, (max-width: 1024px) 100vw, 1024px\" \/><img loading=\"lazy\" decoding=\"async\" width=\"1024\" height=\"1024\" src=\"https:\/\/arteconfort.com\/wp-content\/uploads\/2025\/02\/SAULA-panel-trasero-botones.webp\" class=\"attachment-shop_catalog size-shop_catalog\" alt=\"\" srcset=\"https:\/\/arteconfort.com\/wp-content\/uploads\/2025\/02\/SAULA-panel-trasero-botones.webp 1024w, https:\/\/arteconfort.com\/wp-content\/uploads\/2025\/02\/SAULA-panel-trasero-botones-768x768.webp 768w, https:\/\/arteconfort.com\/wp-content\/uploads\/2025\/02\/SAULA-panel-trasero-botones-340x340.webp 340w, https:\/\/arteconfort.com\/wp-content\/uploads\/2025\/02\/SAULA-panel-trasero-botones-640x640.webp 640w, https:\/\/arteconfort.com\/wp-content\/uploads\/2025\/02\/SAULA-panel-trasero-botones-960x960.webp 960w, https:\/\/arteconfort.com\/wp-content\/uploads\/2025\/02\/SAULA-panel-trasero-botones-133x133.webp 133w, https:\/\/arteconfort.com\/wp-content\/uploads\/2025\/02\/SAULA-panel-trasero-botones-300x300.webp 300w, https:\/\/arteconfort.com\/wp-content\/uploads\/2025\/02\/SAULA-panel-trasero-botones-600x600.webp 600w, https:\/\/arteconfort.com\/wp-content\/uploads\/2025\/02\/SAULA-panel-trasero-botones-100x100.webp 100w\" sizes=\"auto, (max-width: 1024px) 100vw, 1024px\" \/><img loading=\"lazy\" decoding=\"async\" width=\"2000\" height=\"2000\" src=\"https:\/\/arteconfort.com\/wp-content\/uploads\/2025\/02\/SAULA-grafico.webp\" class=\"attachment-shop_catalog size-shop_catalog\" alt=\"\" srcset=\"https:\/\/arteconfort.com\/wp-content\/uploads\/2025\/02\/SAULA-grafico.webp 2000w, https:\/\/arteconfort.com\/wp-content\/uploads\/2025\/02\/SAULA-grafico-768x768.webp 768w, https:\/\/arteconfort.com\/wp-content\/uploads\/2025\/02\/SAULA-grafico-1536x1536.webp 1536w, https:\/\/arteconfort.com\/wp-content\/uploads\/2025\/02\/SAULA-grafico-340x340.webp 340w, https:\/\/arteconfort.com\/wp-content\/uploads\/2025\/02\/SAULA-grafico-640x640.webp 640w, https:\/\/arteconfort.com\/wp-content\/uploads\/2025\/02\/SAULA-grafico-960x960.webp 960w, https:\/\/arteconfort.com\/wp-content\/uploads\/2025\/02\/SAULA-grafico-1280x1280.webp 1280w, https:\/\/arteconfort.com\/wp-content\/uploads\/2025\/02\/SAULA-grafico-133x133.webp 133w, https:\/\/arteconfort.com\/wp-content\/uploads\/2025\/02\/SAULA-grafico-300x300.webp 300w, https:\/\/arteconfort.com\/wp-content\/uploads\/2025\/02\/SAULA-grafico-600x600.webp 600w, https:\/\/arteconfort.com\/wp-content\/uploads\/2025\/02\/SAULA-grafico-100x100.webp 100w\" sizes=\"auto, (max-width: 2000px) 100vw, 2000px\" \/>\t<\/a>\n\t<div class=\"w-product-status\"><\/div>\t<span id=\"woocommerce_loop_add_to_cart_link_describedby_44048\" class=\"screen-reader-text\">\n\t\t\t<\/span>\n<\/div><div class=\"berocket_better_labels berocket_better_labels_image\"><div class=\"berocket_better_labels_position berocket_better_labels_position_left\"><div class=\"berocket_better_labels_line berocket_better_labels_line_1\"><div class=\"berocket_better_labels_inline berocket_better_labels_inline_1\"><div class=\"br_alabel br_alabel_type_text br_alabel_template_type_css berocket_alabel_id_21233  br_alabel_better_compatibility\" style=\"\"><span  style=\"\"><i style=\"background-color: #61b4e4; border-color: #61b4e4;\" class=\"template-span-before \"><\/i><i style=\"background-color: #61b4e4; border-color: #61b4e4;\" class=\"template-i \"><\/i><i style=\"background-color: #61b4e4; border-color: #61b4e4;\" class=\"template-i-before \"><\/i><i style=\"background-color: #61b4e4; border-color: #61b4e4;\" class=\"template-i-after \"><\/i><b style=\"position: relative;z-index: 100;text-align: center;color: inherit;\">Novo<\/b><\/span><\/div><\/div><\/div><\/div><\/div><figcaption><h2 class=\"woocommerce-loop-product__title\">SAULA<\/h2><div class=\"woocommerce-product-details__short-description\">\n\t<p>A grinalda solar SAULA proporciona uma ilumina\u00e7\u00e3o ambiente em tons quentes. \u00c9 muito f\u00e1cil de instalar gra\u00e7as ao<\/div>\n\n<\/figcaption><\/figure><\/li>\n<\/ul>\n<\/div>[\/vc_column_text][\/vc_column][\/vc_row]<\/p>\n<\/div>","protected":false},"excerpt":{"rendered":"<p>[vc_row][vc_column][vc_empty_space height=&#8221;60px&#8221;][\/vc_column][\/vc_row][vc_row][vc_column][vc_column_text][\/vc_column_text][\/vc_column][\/vc_row]<\/p>\n","protected":false},"author":1,"featured_media":0,"parent":0,"menu_order":0,"comment_status":"closed","ping_status":"closed","template":"","meta":{"footnotes":""},"class_list":["post-16927","page","type-page","status-publish","hentry"],"yoast_head":"<!-- This site is optimized with the Yoast SEO plugin v26.5 - https:\/\/yoast.com\/wordpress\/plugins\/seo\/ -->\n<title>Novos produtos - Arteconfort<\/title>\n<meta name=\"description\" content=\"Informe-se sobre todos os novos produtos desta esta\u00e7\u00e3o para decorar a sua casa e as \u00faltimas inova\u00e7\u00f5es em ilumina\u00e7\u00e3o e ventila\u00e7\u00e3o solar.\" \/>\n<meta name=\"robots\" content=\"index, follow, max-snippet:-1, max-image-preview:large, max-video-preview:-1\" \/>\n<link rel=\"canonical\" href=\"https:\/\/arteconfort.com\/pt-pt\/novos-produtos\/\" \/>\n<meta property=\"og:locale\" content=\"pt_PT\" \/>\n<meta property=\"og:type\" content=\"article\" \/>\n<meta property=\"og:title\" content=\"Novos produtos - Arteconfort\" \/>\n<meta property=\"og:description\" content=\"Informe-se sobre todos os novos produtos desta esta\u00e7\u00e3o para decorar a sua casa e as \u00faltimas inova\u00e7\u00f5es em ilumina\u00e7\u00e3o e ventila\u00e7\u00e3o solar.\" \/>\n<meta property=\"og:url\" content=\"https:\/\/arteconfort.com\/pt-pt\/novos-produtos\/\" \/>\n<meta property=\"og:site_name\" content=\"Arteconfort\" \/>\n<meta property=\"article:modified_time\" content=\"2023-04-19T07:18:46+00:00\" \/>\n<meta name=\"twitter:card\" content=\"summary_large_image\" \/>\n<!-- \/ Yoast SEO plugin. -->","yoast_head_json":{"title":"Novos produtos - Arteconfort","description":"Informe-se sobre todos os novos produtos desta esta\u00e7\u00e3o para decorar a sua casa e as \u00faltimas inova\u00e7\u00f5es em ilumina\u00e7\u00e3o e ventila\u00e7\u00e3o solar.","robots":{"index":"index","follow":"follow","max-snippet":"max-snippet:-1","max-image-preview":"max-image-preview:large","max-video-preview":"max-video-preview:-1"},"canonical":"https:\/\/arteconfort.com\/pt-pt\/novos-produtos\/","og_locale":"pt_PT","og_type":"article","og_title":"Novos produtos - Arteconfort","og_description":"Informe-se sobre todos os novos produtos desta esta\u00e7\u00e3o para decorar a sua casa e as \u00faltimas inova\u00e7\u00f5es em ilumina\u00e7\u00e3o e ventila\u00e7\u00e3o solar.","og_url":"https:\/\/arteconfort.com\/pt-pt\/novos-produtos\/","og_site_name":"Arteconfort","article_modified_time":"2023-04-19T07:18:46+00:00","twitter_card":"summary_large_image","schema":{"@context":"https:\/\/schema.org","@graph":[{"@type":"WebPage","@id":"https:\/\/arteconfort.com\/pt-pt\/novos-produtos\/","url":"https:\/\/arteconfort.com\/pt-pt\/novos-produtos\/","name":"Novos produtos - Arteconfort","isPartOf":{"@id":"https:\/\/arteconfort.com\/pt-pt\/#website"},"datePublished":"2022-03-01T08:50:42+00:00","dateModified":"2023-04-19T07:18:46+00:00","description":"Informe-se sobre todos os novos produtos desta esta\u00e7\u00e3o para decorar a sua casa e as \u00faltimas inova\u00e7\u00f5es em ilumina\u00e7\u00e3o e ventila\u00e7\u00e3o solar.","breadcrumb":{"@id":"https:\/\/arteconfort.com\/pt-pt\/novos-produtos\/#breadcrumb"},"inLanguage":"pt-PT","potentialAction":[{"@type":"ReadAction","target":["https:\/\/arteconfort.com\/pt-pt\/novos-produtos\/"]}]},{"@type":"BreadcrumbList","@id":"https:\/\/arteconfort.com\/pt-pt\/novos-produtos\/#breadcrumb","itemListElement":[{"@type":"ListItem","position":1,"name":"Inicio","item":"https:\/\/arteconfort.com\/pt-pt\/"},{"@type":"ListItem","position":2,"name":"Novos produtos"}]},{"@type":"WebSite","@id":"https:\/\/arteconfort.com\/pt-pt\/#website","url":"https:\/\/arteconfort.com\/pt-pt\/","name":"Arteconfort","description":"Especialistas en productos del hogar","publisher":{"@id":"https:\/\/arteconfort.com\/pt-pt\/#organization"},"potentialAction":[{"@type":"SearchAction","target":{"@type":"EntryPoint","urlTemplate":"https:\/\/arteconfort.com\/pt-pt\/?s={search_term_string}"},"query-input":{"@type":"PropertyValueSpecification","valueRequired":true,"valueName":"search_term_string"}}],"inLanguage":"pt-PT"},{"@type":"Organization","@id":"https:\/\/arteconfort.com\/pt-pt\/#organization","name":"Arteconfort","url":"https:\/\/arteconfort.com\/pt-pt\/","logo":{"@type":"ImageObject","inLanguage":"pt-PT","@id":"https:\/\/arteconfort.com\/pt-pt\/#\/schema\/logo\/image\/","url":"https:\/\/arteconfort.com\/wp-content\/uploads\/2019\/07\/logo-arteconfort.png","contentUrl":"https:\/\/arteconfort.com\/wp-content\/uploads\/2019\/07\/logo-arteconfort.png","width":230,"height":88,"caption":"Arteconfort"},"image":{"@id":"https:\/\/arteconfort.com\/pt-pt\/#\/schema\/logo\/image\/"}}]}},"_links":{"self":[{"href":"https:\/\/arteconfort.com\/pt-pt\/wp-json\/wp\/v2\/pages\/16927","targetHints":{"allow":["GET"]}}],"collection":[{"href":"https:\/\/arteconfort.com\/pt-pt\/wp-json\/wp\/v2\/pages"}],"about":[{"href":"https:\/\/arteconfort.com\/pt-pt\/wp-json\/wp\/v2\/types\/page"}],"author":[{"embeddable":true,"href":"https:\/\/arteconfort.com\/pt-pt\/wp-json\/wp\/v2\/users\/1"}],"replies":[{"embeddable":true,"href":"https:\/\/arteconfort.com\/pt-pt\/wp-json\/wp\/v2\/comments?post=16927"}],"version-history":[{"count":0,"href":"https:\/\/arteconfort.com\/pt-pt\/wp-json\/wp\/v2\/pages\/16927\/revisions"}],"wp:attachment":[{"href":"https:\/\/arteconfort.com\/pt-pt\/wp-json\/wp\/v2\/media?parent=16927"}],"curies":[{"name":"wp","href":"https:\/\/api.w.org\/{rel}","templated":true}]}}